{"id":8287,"date":"2023-03-29T11:26:00","date_gmt":"2023-03-29T09:26:00","guid":{"rendered":"https:\/\/foto.praha-19.ys-beta.cz\/?page_id=8287"},"modified":"2023-04-05T11:31:36","modified_gmt":"2023-04-05T09:31:36","slug":"vernisaz-4-rocniku-souteze-amaterskych-fotografu","status":"publish","type":"page","link":"https:\/\/foto.praha-19.ys-beta.cz\/index.php\/rok-2023\/vernisaz-4-rocniku-souteze-amaterskych-fotografu\/","title":{"rendered":"Vernis\u00e1\u017e 4. ro\u010dn\u00edku sout\u011b\u017ee amat\u00e9rsk\u00fdch fotograf\u016f"},"content":{"rendered":"\n<p>St\u0159ede\u010dn\u00ed podve\u010der 29.b\u0159ezna 2023 pat\u0159il v kbelsk\u00e9 knihovn\u011b \u00fa\u010dastn\u00edk\u016fm ji\u017e 4. ro\u010dn\u00edku sout\u011b\u017ee amat\u00e9rsk\u00fdch fotograf\u016f. Slavnostn\u00ed program vernis\u00e1\u017ee doplnilo ocen\u011bn\u00ed nejlep\u0161\u00edch fotografi\u00ed, kter\u00e9 usp\u011bly ve dvou sout\u011b\u017en\u00edch kategori\u00edch. Porota m\u011bla op\u011bt velmi t\u011b\u017ekou pr\u00e1ci s rozhodov\u00e1n\u00edm, nebo\u0165 p\u011bkn\u00fdch a p\u016fsobiv\u00fdch fotografi\u00ed dorazila cel\u00e1 \u0159ada. V\u00fdherci byli vyhl\u00e1\u0161eni nakonec v tomto po\u0159ad\u00ed:<\/p>\n\n\n\n<p>T\u00e9ma Voln\u00e9<\/p>\n\n\n\n<p>1. m\u00edsto Vrbov\u00e1 Alena<\/p>\n\n\n\n<p>2. <a><\/a>m\u00edsto Hou\u0161ka Lubor, Cihl\u00e1\u0159ov\u00e1 Veronika, Cac\u00e1k Jakub, Vrbov\u00e1 Alena<\/p>\n\n\n\n<p>3. m\u00edsto Hou\u0161kov\u00e1 Jaroslava, Cihl\u00e1\u0159ov\u00e1 Veronika<\/p>\n\n\n\n<p>T\u00e9ma Kontrasty<\/p>\n\n\n\n<p>1. m\u00edsto Hou\u0161ka Lubor<\/p>\n\n\n\n<p>2. m\u00edsto Kratochv\u00edl Jarom\u00edr<\/p>\n\n\n\n<p>3. m\u00edsto Z\u00e1myslick\u00e1 Ivana, Vrbov\u00e1 Alena<\/p>\n\n\n\n<p>V\u0161ech 42 vybran\u00fdch sn\u00edmk\u016f, kter\u00e9 jsou k zhl\u00e9dnut\u00ed v knihovn\u011b a\u017e do konce \u010dervna 2023, obdr\u017e\u00ed jejich auto\u0159i, po skon\u010den\u00ed v\u00fdstavy, zdarma jako d\u00e1rek od M\u010c Praha 19.<\/p>\n\n\n\n<p>Foto <a href=\"https:\/\/www.facebook.com\/michal.marel.5?__cft__[0]=AZVGh4hEbXzJIV9srIPBJYLbqykYp4He4CuzKfW9PRr556exHLw3_cplcRbA6JDJFTH0EGFCi_1tQUEIrV60EtczuCQyQsbFyYHjG-6meS6ZWsaoSOE3S96nUWRD42FH7RAuh0YSHgBS3yKcYpzjh60v8a8nMv6f6_UdJIthRE_M4iV6lGBQ5lNlE0eJAx5H-68&amp;__tn__=-]K-R\">Michal Marel<\/a><\/p>\n\n\n<div class='pinhole-gallery pinhole-masonry pinhole-popup items-hidden  clearfix row'><div class='pinhole-item col-xs-12 col-lg-4 col-md-4 col-sm-6  '><a class=\"item-link\" href=\"https:\/\/foto.praha-19.ys-beta.cz\/app\/uploads\/2023\/04\/2023_03_29_Kbely_7.jpg\" data-caption=\"[]\" data-meta=\"[]\"  data-size=\"{&quot;width&quot;:1920,&quot;height&quot;:1280}\" data-download=\"[]\" data-filename=\"{&quot;name&quot;:&quot;&quot;}\"><img loading=\"lazy\" decoding=\"async\" width=\"378\" height=\"252\" src=\"https:\/\/foto.praha-19.ys-beta.cz\/app\/uploads\/2023\/04\/2023_03_29_Kbely_7-378x252.jpg\" class=\"attachment-pinhole-col-3 size-pinhole-col-3\" alt=\"\" srcset=\"https:\/\/foto.praha-19.ys-beta.cz\/app\/uploads\/2023\/04\/2023_03_29_Kbely_7-378x252.jpg 378w, https:\/\/foto.praha-19.ys-beta.cz\/app\/uploads\/2023\/04\/2023_03_29_Kbely_7-300x200.jpg 300w, https:\/\/foto.praha-19.ys-beta.cz\/app\/uploads\/2023\/04\/2023_03_29_Kbely_7-1024x683.jpg 1024w, https:\/\/foto.praha-19.ys-beta.cz\/app\/uploads\/2023\/04\/2023_03_29_Kbely_7-768x512.jpg 768w, https:\/\/foto.praha-19.ys-beta.cz\/app\/uploads\/2023\/04\/2023_03_29_Kbely_7-1536x1024.jpg 1536w, https:\/\/foto.praha-19.ys-beta.cz\/app\/uploads\/2023\/04\/2023_03_29_Kbely_7-1194x796.jpg 1194w, https:\/\/foto.praha-19.ys-beta.cz\/app\/uploads\/2023\/04\/2023_03_29_Kbely_7-582x388.jpg 582w, https:\/\/foto.praha-19.ys-beta.cz\/app\/uploads\/2023\/04\/2023_03_29_Kbely_7-276x184.jpg 276w, https:\/\/foto.praha-19.ys-beta.cz\/app\/uploads\/2023\/04\/2023_03_29_Kbely_7-675x450.jpg 675w, https:\/\/foto.praha-19.ys-beta.cz\/app\/uploads\/2023\/04\/2023_03_29_Kbely_7.jpg 1920w\" sizes=\"auto, (max-width: 378px) 100vw, 378px\" \/><\/a><\/div><div class='pinhole-item col-xs-12 col-lg-4 col-md-4 col-sm-6  '><a class=\"item-link\" href=\"https:\/\/foto.praha-19.ys-beta.cz\/app\/uploads\/2023\/04\/2023_03_29_Kbely_2.jpg\" data-caption=\"[]\" data-meta=\"[]\"  data-size=\"{&quot;width&quot;:1920,&quot;height&quot;:1280}\" data-download=\"[]\" data-filename=\"{&quot;name&quot;:&quot;&quot;}\"><img loading=\"lazy\" decoding=\"async\" width=\"378\" height=\"252\" src=\"https:\/\/foto.praha-19.ys-beta.cz\/app\/uploads\/2023\/04\/2023_03_29_Kbely_2-378x252.jpg\" class=\"attachment-pinhole-col-3 size-pinhole-col-3\" alt=\"\" srcset=\"https:\/\/foto.praha-19.ys-beta.cz\/app\/uploads\/2023\/04\/2023_03_29_Kbely_2-378x252.jpg 378w, https:\/\/foto.praha-19.ys-beta.cz\/app\/uploads\/2023\/04\/2023_03_29_Kbely_2-300x200.jpg 300w, https:\/\/foto.praha-19.ys-beta.cz\/app\/uploads\/2023\/04\/2023_03_29_Kbely_2-1024x683.jpg 1024w, https:\/\/foto.praha-19.ys-beta.cz\/app\/uploads\/2023\/04\/2023_03_29_Kbely_2-768x512.jpg 768w, https:\/\/foto.praha-19.ys-beta.cz\/app\/uploads\/2023\/04\/2023_03_29_Kbely_2-1536x1024.jpg 1536w, https:\/\/foto.praha-19.ys-beta.cz\/app\/uploads\/2023\/04\/2023_03_29_Kbely_2-1194x796.jpg 1194w, https:\/\/foto.praha-19.ys-beta.cz\/app\/uploads\/2023\/04\/2023_03_29_Kbely_2-582x388.jpg 582w, https:\/\/foto.praha-19.ys-beta.cz\/app\/uploads\/2023\/04\/2023_03_29_Kbely_2-276x184.jpg 276w, https:\/\/foto.praha-19.ys-beta.cz\/app\/uploads\/2023\/04\/2023_03_29_Kbely_2-675x450.jpg 675w, https:\/\/foto.praha-19.ys-beta.cz\/app\/uploads\/2023\/04\/2023_03_29_Kbely_2.jpg 1920w\" sizes=\"auto, (max-width: 378px) 100vw, 378px\" \/><\/a><\/div><div class='pinhole-item col-xs-12 col-lg-4 col-md-4 col-sm-6  '><a class=\"item-link\" href=\"https:\/\/foto.praha-19.ys-beta.cz\/app\/uploads\/2023\/04\/2023_03_29_Kbely_3.jpg\" data-caption=\"[]\" data-meta=\"[]\"  data-size=\"{&quot;width&quot;:1920,&quot;height&quot;:1280}\" data-download=\"[]\" data-filename=\"{&quot;name&quot;:&quot;&quot;}\"><img loading=\"lazy\" decoding=\"async\" width=\"378\" height=\"252\" src=\"https:\/\/foto.praha-19.ys-beta.cz\/app\/uploads\/2023\/04\/2023_03_29_Kbely_3-378x252.jpg\" class=\"attachment-pinhole-col-3 size-pinhole-col-3\" alt=\"\" srcset=\"https:\/\/foto.praha-19.ys-beta.cz\/app\/uploads\/2023\/04\/2023_03_29_Kbely_3-378x252.jpg 378w, https:\/\/foto.praha-19.ys-beta.cz\/app\/uploads\/2023\/04\/2023_03_29_Kbely_3-300x200.jpg 300w, https:\/\/foto.praha-19.ys-beta.cz\/app\/uploads\/2023\/04\/2023_03_29_Kbely_3-1024x683.jpg 1024w, https:\/\/foto.praha-19.ys-beta.cz\/app\/uploads\/2023\/04\/2023_03_29_Kbely_3-768x512.jpg 768w, https:\/\/foto.praha-19.ys-beta.cz\/app\/uploads\/2023\/04\/2023_03_29_Kbely_3-1536x1024.jpg 1536w, https:\/\/foto.praha-19.ys-beta.cz\/app\/uploads\/2023\/04\/2023_03_29_Kbely_3-1194x796.jpg 1194w, https:\/\/foto.praha-19.ys-beta.cz\/app\/uploads\/2023\/04\/2023_03_29_Kbely_3-582x388.jpg 582w, https:\/\/foto.praha-19.ys-beta.cz\/app\/uploads\/2023\/04\/2023_03_29_Kbely_3-276x184.jpg 276w, https:\/\/foto.praha-19.ys-beta.cz\/app\/uploads\/2023\/04\/2023_03_29_Kbely_3-675x450.jpg 675w, https:\/\/foto.praha-19.ys-beta.cz\/app\/uploads\/2023\/04\/2023_03_29_Kbely_3.jpg 1920w\" sizes=\"auto, (max-width: 378px) 100vw, 378px\" \/><\/a><\/div><div class='pinhole-item col-xs-12 col-lg-4 col-md-4 col-sm-6  '><a class=\"item-link\" href=\"https:\/\/foto.praha-19.ys-beta.cz\/app\/uploads\/2023\/04\/2023_03_29_Kbely_4.jpg\" data-caption=\"[]\" data-meta=\"[]\"  data-size=\"{&quot;width&quot;:1920,&quot;height&quot;:1280}\" data-download=\"[]\" data-filename=\"{&quot;name&quot;:&quot;&quot;}\"><img loading=\"lazy\" decoding=\"async\" width=\"378\" height=\"252\" src=\"https:\/\/foto.praha-19.ys-beta.cz\/app\/uploads\/2023\/04\/2023_03_29_Kbely_4-378x252.jpg\" class=\"attachment-pinhole-col-3 size-pinhole-col-3\" alt=\"\" srcset=\"https:\/\/foto.praha-19.ys-beta.cz\/app\/uploads\/2023\/04\/2023_03_29_Kbely_4-378x252.jpg 378w, https:\/\/foto.praha-19.ys-beta.cz\/app\/uploads\/2023\/04\/2023_03_29_Kbely_4-300x200.jpg 300w, https:\/\/foto.praha-19.ys-beta.cz\/app\/uploads\/2023\/04\/2023_03_29_Kbely_4-1024x683.jpg 1024w, https:\/\/foto.praha-19.ys-beta.cz\/app\/uploads\/2023\/04\/2023_03_29_Kbely_4-768x512.jpg 768w, https:\/\/foto.praha-19.ys-beta.cz\/app\/uploads\/2023\/04\/2023_03_29_Kbely_4-1536x1024.jpg 1536w, https:\/\/foto.praha-19.ys-beta.cz\/app\/uploads\/2023\/04\/2023_03_29_Kbely_4-1194x796.jpg 1194w, https:\/\/foto.praha-19.ys-beta.cz\/app\/uploads\/2023\/04\/2023_03_29_Kbely_4-582x388.jpg 582w, https:\/\/foto.praha-19.ys-beta.cz\/app\/uploads\/2023\/04\/2023_03_29_Kbely_4-276x184.jpg 276w, https:\/\/foto.praha-19.ys-beta.cz\/app\/uploads\/2023\/04\/2023_03_29_Kbely_4-675x450.jpg 675w, https:\/\/foto.praha-19.ys-beta.cz\/app\/uploads\/2023\/04\/2023_03_29_Kbely_4.jpg 1920w\" sizes=\"auto, (max-width: 378px) 100vw, 378px\" \/><\/a><\/div><div class='pinhole-item col-xs-12 col-lg-4 col-md-4 col-sm-6  '><a class=\"item-link\" href=\"https:\/\/foto.praha-19.ys-beta.cz\/app\/uploads\/2023\/04\/2023_03_29_Kbely_8.jpg\" data-caption=\"[]\" data-meta=\"[]\"  data-size=\"{&quot;width&quot;:1920,&quot;height&quot;:1280}\" data-download=\"[]\" data-filename=\"{&quot;name&quot;:&quot;&quot;}\"><img loading=\"lazy\" decoding=\"async\" width=\"378\" height=\"252\" src=\"https:\/\/foto.praha-19.ys-beta.cz\/app\/uploads\/2023\/04\/2023_03_29_Kbely_8-378x252.jpg\" class=\"attachment-pinhole-col-3 size-pinhole-col-3\" alt=\"\" srcset=\"https:\/\/foto.praha-19.ys-beta.cz\/app\/uploads\/2023\/04\/2023_03_29_Kbely_8-378x252.jpg 378w, https:\/\/foto.praha-19.ys-beta.cz\/app\/uploads\/2023\/04\/2023_03_29_Kbely_8-300x200.jpg 300w, https:\/\/foto.praha-19.ys-beta.cz\/app\/uploads\/2023\/04\/2023_03_29_Kbely_8-1024x683.jpg 1024w, https:\/\/foto.praha-19.ys-beta.cz\/app\/uploads\/2023\/04\/2023_03_29_Kbely_8-768x512.jpg 768w, https:\/\/foto.praha-19.ys-beta.cz\/app\/uploads\/2023\/04\/2023_03_29_Kbely_8-1536x1024.jpg 1536w, https:\/\/foto.praha-19.ys-beta.cz\/app\/uploads\/2023\/04\/2023_03_29_Kbely_8-1194x796.jpg 1194w, https:\/\/foto.praha-19.ys-beta.cz\/app\/uploads\/2023\/04\/2023_03_29_Kbely_8-582x388.jpg 582w, https:\/\/foto.praha-19.ys-beta.cz\/app\/uploads\/2023\/04\/2023_03_29_Kbely_8-276x184.jpg 276w, https:\/\/foto.praha-19.ys-beta.cz\/app\/uploads\/2023\/04\/2023_03_29_Kbely_8-675x450.jpg 675w, https:\/\/foto.praha-19.ys-beta.cz\/app\/uploads\/2023\/04\/2023_03_29_Kbely_8.jpg 1920w\" sizes=\"auto, (max-width: 378px) 100vw, 378px\" \/><\/a><\/div><div class='pinhole-item col-xs-12 col-lg-4 col-md-4 col-sm-6  '><a class=\"item-link\" href=\"https:\/\/foto.praha-19.ys-beta.cz\/app\/uploads\/2023\/04\/2023_03_29_Kbely_10.jpg\" data-caption=\"[]\" data-meta=\"[]\"  data-size=\"{&quot;width&quot;:1920,&quot;height&quot;:1280}\" data-download=\"[]\" data-filename=\"{&quot;name&quot;:&quot;&quot;}\"><img loading=\"lazy\" decoding=\"async\" width=\"378\" height=\"252\" src=\"https:\/\/foto.praha-19.ys-beta.cz\/app\/uploads\/2023\/04\/2023_03_29_Kbely_10-378x252.jpg\" class=\"attachment-pinhole-col-3 size-pinhole-col-3\" alt=\"\" srcset=\"https:\/\/foto.praha-19.ys-beta.cz\/app\/uploads\/2023\/04\/2023_03_29_Kbely_10-378x252.jpg 378w, https:\/\/foto.praha-19.ys-beta.cz\/app\/uploads\/2023\/04\/2023_03_29_Kbely_10-300x200.jpg 300w, https:\/\/foto.praha-19.ys-beta.cz\/app\/uploads\/2023\/04\/2023_03_29_Kbely_10-1024x683.jpg 1024w, https:\/\/foto.praha-19.ys-beta.cz\/app\/uploads\/2023\/04\/2023_03_29_Kbely_10-768x512.jpg 768w, https:\/\/foto.praha-19.ys-beta.cz\/app\/uploads\/2023\/04\/2023_03_29_Kbely_10-1536x1024.jpg 1536w, https:\/\/foto.praha-19.ys-beta.cz\/app\/uploads\/2023\/04\/2023_03_29_Kbely_10-1194x796.jpg 1194w, https:\/\/foto.praha-19.ys-beta.cz\/app\/uploads\/2023\/04\/2023_03_29_Kbely_10-582x388.jpg 582w, https:\/\/foto.praha-19.ys-beta.cz\/app\/uploads\/2023\/04\/2023_03_29_Kbely_10-276x184.jpg 276w, https:\/\/foto.praha-19.ys-beta.cz\/app\/uploads\/2023\/04\/2023_03_29_Kbely_10-675x450.jpg 675w, https:\/\/foto.praha-19.ys-beta.cz\/app\/uploads\/2023\/04\/2023_03_29_Kbely_10.jpg 1920w\" sizes=\"auto, (max-width: 378px) 100vw, 378px\" \/><\/a><\/div><div class='pinhole-item col-xs-12 col-lg-4 col-md-4 col-sm-6  '><a class=\"item-link\" href=\"https:\/\/foto.praha-19.ys-beta.cz\/app\/uploads\/2023\/04\/2023_03_29_Kbely_15.jpg\" data-caption=\"[]\" data-meta=\"[]\"  data-size=\"{&quot;width&quot;:1920,&quot;height&quot;:1280}\" data-download=\"[]\" data-filename=\"{&quot;name&quot;:&quot;&quot;}\"><img loading=\"lazy\" decoding=\"async\" width=\"378\" height=\"252\" src=\"https:\/\/foto.praha-19.ys-beta.cz\/app\/uploads\/2023\/04\/2023_03_29_Kbely_15-378x252.jpg\" class=\"attachment-pinhole-col-3 size-pinhole-col-3\" alt=\"\" srcset=\"https:\/\/foto.praha-19.ys-beta.cz\/app\/uploads\/2023\/04\/2023_03_29_Kbely_15-378x252.jpg 378w, https:\/\/foto.praha-19.ys-beta.cz\/app\/uploads\/2023\/04\/2023_03_29_Kbely_15-300x200.jpg 300w, https:\/\/foto.praha-19.ys-beta.cz\/app\/uploads\/2023\/04\/2023_03_29_Kbely_15-1024x683.jpg 1024w, https:\/\/foto.praha-19.ys-beta.cz\/app\/uploads\/2023\/04\/2023_03_29_Kbely_15-768x512.jpg 768w, https:\/\/foto.praha-19.ys-beta.cz\/app\/uploads\/2023\/04\/2023_03_29_Kbely_15-1536x1024.jpg 1536w, https:\/\/foto.praha-19.ys-beta.cz\/app\/uploads\/2023\/04\/2023_03_29_Kbely_15-1194x796.jpg 1194w, https:\/\/foto.praha-19.ys-beta.cz\/app\/uploads\/2023\/04\/2023_03_29_Kbely_15-582x388.jpg 582w, https:\/\/foto.praha-19.ys-beta.cz\/app\/uploads\/2023\/04\/2023_03_29_Kbely_15-276x184.jpg 276w, https:\/\/foto.praha-19.ys-beta.cz\/app\/uploads\/2023\/04\/2023_03_29_Kbely_15-675x450.jpg 675w, https:\/\/foto.praha-19.ys-beta.cz\/app\/uploads\/2023\/04\/2023_03_29_Kbely_15.jpg 1920w\" sizes=\"auto, (max-width: 378px) 100vw, 378px\" \/><\/a><\/div><div class='pinhole-item col-xs-12 col-lg-4 col-md-4 col-sm-6  '><a class=\"item-link\" href=\"https:\/\/foto.praha-19.ys-beta.cz\/app\/uploads\/2023\/04\/2023_03_29_Kbely_16.jpg\" data-caption=\"[]\" data-meta=\"[]\"  data-size=\"{&quot;width&quot;:1920,&quot;height&quot;:1280}\" data-download=\"[]\" data-filename=\"{&quot;name&quot;:&quot;&quot;}\"><img loading=\"lazy\" decoding=\"async\" width=\"378\" height=\"252\" src=\"https:\/\/foto.praha-19.ys-beta.cz\/app\/uploads\/2023\/04\/2023_03_29_Kbely_16-378x252.jpg\" class=\"attachment-pinhole-col-3 size-pinhole-col-3\" alt=\"\" srcset=\"https:\/\/foto.praha-19.ys-beta.cz\/app\/uploads\/2023\/04\/2023_03_29_Kbely_16-378x252.jpg 378w, https:\/\/foto.praha-19.ys-beta.cz\/app\/uploads\/2023\/04\/2023_03_29_Kbely_16-300x200.jpg 300w, https:\/\/foto.praha-19.ys-beta.cz\/app\/uploads\/2023\/04\/2023_03_29_Kbely_16-1024x683.jpg 1024w, https:\/\/foto.praha-19.ys-beta.cz\/app\/uploads\/2023\/04\/2023_03_29_Kbely_16-768x512.jpg 768w, https:\/\/foto.praha-19.ys-beta.cz\/app\/uploads\/2023\/04\/2023_03_29_Kbely_16-1536x1024.jpg 1536w, https:\/\/foto.praha-19.ys-beta.cz\/app\/uploads\/2023\/04\/2023_03_29_Kbely_16-1194x796.jpg 1194w, https:\/\/foto.praha-19.ys-beta.cz\/app\/uploads\/2023\/04\/2023_03_29_Kbely_16-582x388.jpg 582w, https:\/\/foto.praha-19.ys-beta.cz\/app\/uploads\/2023\/04\/2023_03_29_Kbely_16-276x184.jpg 276w, https:\/\/foto.praha-19.ys-beta.cz\/app\/uploads\/2023\/04\/2023_03_29_Kbely_16-675x450.jpg 675w, https:\/\/foto.praha-19.ys-beta.cz\/app\/uploads\/2023\/04\/2023_03_29_Kbely_16.jpg 1920w\" sizes=\"auto, (max-width: 378px) 100vw, 378px\" \/><\/a><\/div><div class='pinhole-item col-xs-12 col-lg-4 col-md-4 col-sm-6  '><a class=\"item-link\" href=\"https:\/\/foto.praha-19.ys-beta.cz\/app\/uploads\/2023\/04\/2023_03_29_Kbely_21.jpg\" data-caption=\"[]\" data-meta=\"[]\"  data-size=\"{&quot;width&quot;:1920,&quot;height&quot;:1280}\" data-download=\"[]\" data-filename=\"{&quot;name&quot;:&quot;&quot;}\"><img loading=\"lazy\" decoding=\"async\" width=\"378\" height=\"252\" src=\"https:\/\/foto.praha-19.ys-beta.cz\/app\/uploads\/2023\/04\/2023_03_29_Kbely_21-378x252.jpg\" class=\"attachment-pinhole-col-3 size-pinhole-col-3\" alt=\"\" srcset=\"https:\/\/foto.praha-19.ys-beta.cz\/app\/uploads\/2023\/04\/2023_03_29_Kbely_21-378x252.jpg 378w, https:\/\/foto.praha-19.ys-beta.cz\/app\/uploads\/2023\/04\/2023_03_29_Kbely_21-300x200.jpg 300w, https:\/\/foto.praha-19.ys-beta.cz\/app\/uploads\/2023\/04\/2023_03_29_Kbely_21-1024x683.jpg 1024w, https:\/\/foto.praha-19.ys-beta.cz\/app\/uploads\/2023\/04\/2023_03_29_Kbely_21-768x512.jpg 768w, https:\/\/foto.praha-19.ys-beta.cz\/app\/uploads\/2023\/04\/2023_03_29_Kbely_21-1536x1024.jpg 1536w, https:\/\/foto.praha-19.ys-beta.cz\/app\/uploads\/2023\/04\/2023_03_29_Kbely_21-1194x796.jpg 1194w, https:\/\/foto.praha-19.ys-beta.cz\/app\/uploads\/2023\/04\/2023_03_29_Kbely_21-582x388.jpg 582w, https:\/\/foto.praha-19.ys-beta.cz\/app\/uploads\/2023\/04\/2023_03_29_Kbely_21-276x184.jpg 276w, https:\/\/foto.praha-19.ys-beta.cz\/app\/uploads\/2023\/04\/2023_03_29_Kbely_21-675x450.jpg 675w, https:\/\/foto.praha-19.ys-beta.cz\/app\/uploads\/2023\/04\/2023_03_29_Kbely_21.jpg 1920w\" sizes=\"auto, (max-width: 378px) 100vw, 378px\" \/><\/a><\/div><div class='pinhole-item col-xs-12 col-lg-4 col-md-4 col-sm-6  '><a class=\"item-link\" href=\"https:\/\/foto.praha-19.ys-beta.cz\/app\/uploads\/2023\/04\/2023_03_29_Kbely_22.jpg\" data-caption=\"[]\" data-meta=\"[]\"  data-size=\"{&quot;width&quot;:1920,&quot;height&quot;:1280}\" data-download=\"[]\" data-filename=\"{&quot;name&quot;:&quot;&quot;}\"><img loading=\"lazy\" decoding=\"async\" width=\"378\" height=\"252\" src=\"https:\/\/foto.praha-19.ys-beta.cz\/app\/uploads\/2023\/04\/2023_03_29_Kbely_22-378x252.jpg\" class=\"attachment-pinhole-col-3 size-pinhole-col-3\" alt=\"\" srcset=\"https:\/\/foto.praha-19.ys-beta.cz\/app\/uploads\/2023\/04\/2023_03_29_Kbely_22-378x252.jpg 378w, https:\/\/foto.praha-19.ys-beta.cz\/app\/uploads\/2023\/04\/2023_03_29_Kbely_22-300x200.jpg 300w, https:\/\/foto.praha-19.ys-beta.cz\/app\/uploads\/2023\/04\/2023_03_29_Kbely_22-1024x683.jpg 1024w, https:\/\/foto.praha-19.ys-beta.cz\/app\/uploads\/2023\/04\/2023_03_29_Kbely_22-768x512.jpg 768w, https:\/\/foto.praha-19.ys-beta.cz\/app\/uploads\/2023\/04\/2023_03_29_Kbely_22-1536x1024.jpg 1536w, https:\/\/foto.praha-19.ys-beta.cz\/app\/uploads\/2023\/04\/2023_03_29_Kbely_22-1194x796.jpg 1194w, https:\/\/foto.praha-19.ys-beta.cz\/app\/uploads\/2023\/04\/2023_03_29_Kbely_22-582x388.jpg 582w, https:\/\/foto.praha-19.ys-beta.cz\/app\/uploads\/2023\/04\/2023_03_29_Kbely_22-276x184.jpg 276w, https:\/\/foto.praha-19.ys-beta.cz\/app\/uploads\/2023\/04\/2023_03_29_Kbely_22-675x450.jpg 675w, https:\/\/foto.praha-19.ys-beta.cz\/app\/uploads\/2023\/04\/2023_03_29_Kbely_22.jpg 1920w\" sizes=\"auto, (max-width: 378px) 100vw, 378px\" \/><\/a><\/div><div class='pinhole-item col-xs-12 col-lg-4 col-md-4 col-sm-6  '><a class=\"item-link\" href=\"https:\/\/foto.praha-19.ys-beta.cz\/app\/uploads\/2023\/04\/2023_03_29_Kbely_25.jpg\" data-caption=\"[]\" data-meta=\"[]\"  data-size=\"{&quot;width&quot;:1920,&quot;height&quot;:1280}\" data-download=\"[]\" data-filename=\"{&quot;name&quot;:&quot;&quot;}\"><img loading=\"lazy\" decoding=\"async\" width=\"378\" height=\"252\" src=\"https:\/\/foto.praha-19.ys-beta.cz\/app\/uploads\/2023\/04\/2023_03_29_Kbely_25-378x252.jpg\" class=\"attachment-pinhole-col-3 size-pinhole-col-3\" alt=\"\" srcset=\"https:\/\/foto.praha-19.ys-beta.cz\/app\/uploads\/2023\/04\/2023_03_29_Kbely_25-378x252.jpg 378w, https:\/\/foto.praha-19.ys-beta.cz\/app\/uploads\/2023\/04\/2023_03_29_Kbely_25-300x200.jpg 300w, https:\/\/foto.praha-19.ys-beta.cz\/app\/uploads\/2023\/04\/2023_03_29_Kbely_25-1024x683.jpg 1024w, https:\/\/foto.praha-19.ys-beta.cz\/app\/uploads\/2023\/04\/2023_03_29_Kbely_25-768x512.jpg 768w, https:\/\/foto.praha-19.ys-beta.cz\/app\/uploads\/2023\/04\/2023_03_29_Kbely_25-1536x1024.jpg 1536w, https:\/\/foto.praha-19.ys-beta.cz\/app\/uploads\/2023\/04\/2023_03_29_Kbely_25-1194x796.jpg 1194w, https:\/\/foto.praha-19.ys-beta.cz\/app\/uploads\/2023\/04\/2023_03_29_Kbely_25-582x388.jpg 582w, https:\/\/foto.praha-19.ys-beta.cz\/app\/uploads\/2023\/04\/2023_03_29_Kbely_25-276x184.jpg 276w, https:\/\/foto.praha-19.ys-beta.cz\/app\/uploads\/2023\/04\/2023_03_29_Kbely_25-675x450.jpg 675w, https:\/\/foto.praha-19.ys-beta.cz\/app\/uploads\/2023\/04\/2023_03_29_Kbely_25.jpg 1920w\" sizes=\"auto, (max-width: 378px) 100vw, 378px\" \/><\/a><\/div><div class='pinhole-item col-xs-12 col-lg-4 col-md-4 col-sm-6  '><a class=\"item-link\" href=\"https:\/\/foto.praha-19.ys-beta.cz\/app\/uploads\/2023\/04\/2023_03_29_Kbely_27.jpg\" data-caption=\"[]\" data-meta=\"[]\"  data-size=\"{&quot;width&quot;:1920,&quot;height&quot;:1280}\" data-download=\"[]\" data-filename=\"{&quot;name&quot;:&quot;&quot;}\"><img loading=\"lazy\" decoding=\"async\" width=\"378\" height=\"252\" src=\"https:\/\/foto.praha-19.ys-beta.cz\/app\/uploads\/2023\/04\/2023_03_29_Kbely_27-378x252.jpg\" class=\"attachment-pinhole-col-3 size-pinhole-col-3\" alt=\"\" srcset=\"https:\/\/foto.praha-19.ys-beta.cz\/app\/uploads\/2023\/04\/2023_03_29_Kbely_27-378x252.jpg 378w, https:\/\/foto.praha-19.ys-beta.cz\/app\/uploads\/2023\/04\/2023_03_29_Kbely_27-300x200.jpg 300w, https:\/\/foto.praha-19.ys-beta.cz\/app\/uploads\/2023\/04\/2023_03_29_Kbely_27-1024x683.jpg 1024w, https:\/\/foto.praha-19.ys-beta.cz\/app\/uploads\/2023\/04\/2023_03_29_Kbely_27-768x512.jpg 768w, https:\/\/foto.praha-19.ys-beta.cz\/app\/uploads\/2023\/04\/2023_03_29_Kbely_27-1536x1024.jpg 1536w, https:\/\/foto.praha-19.ys-beta.cz\/app\/uploads\/2023\/04\/2023_03_29_Kbely_27-1194x796.jpg 1194w, https:\/\/foto.praha-19.ys-beta.cz\/app\/uploads\/2023\/04\/2023_03_29_Kbely_27-582x388.jpg 582w, https:\/\/foto.praha-19.ys-beta.cz\/app\/uploads\/2023\/04\/2023_03_29_Kbely_27-276x184.jpg 276w, https:\/\/foto.praha-19.ys-beta.cz\/app\/uploads\/2023\/04\/2023_03_29_Kbely_27-675x450.jpg 675w, https:\/\/foto.praha-19.ys-beta.cz\/app\/uploads\/2023\/04\/2023_03_29_Kbely_27.jpg 1920w\" sizes=\"auto, (max-width: 378px) 100vw, 378px\" \/><\/a><\/div><div class='pinhole-item col-xs-12 col-lg-4 col-md-4 col-sm-6  '><a class=\"item-link\" href=\"https:\/\/foto.praha-19.ys-beta.cz\/app\/uploads\/2023\/04\/2023_03_29_Kbely_29.jpg\" data-caption=\"[]\" data-meta=\"[]\"  data-size=\"{&quot;width&quot;:1920,&quot;height&quot;:1280}\" data-download=\"[]\" data-filename=\"{&quot;name&quot;:&quot;&quot;}\"><img loading=\"lazy\" decoding=\"async\" width=\"378\" height=\"252\" src=\"https:\/\/foto.praha-19.ys-beta.cz\/app\/uploads\/2023\/04\/2023_03_29_Kbely_29-378x252.jpg\" class=\"attachment-pinhole-col-3 size-pinhole-col-3\" alt=\"\" srcset=\"https:\/\/foto.praha-19.ys-beta.cz\/app\/uploads\/2023\/04\/2023_03_29_Kbely_29-378x252.jpg 378w, https:\/\/foto.praha-19.ys-beta.cz\/app\/uploads\/2023\/04\/2023_03_29_Kbely_29-300x200.jpg 300w, https:\/\/foto.praha-19.ys-beta.cz\/app\/uploads\/2023\/04\/2023_03_29_Kbely_29-1024x683.jpg 1024w, https:\/\/foto.praha-19.ys-beta.cz\/app\/uploads\/2023\/04\/2023_03_29_Kbely_29-768x512.jpg 768w, https:\/\/foto.praha-19.ys-beta.cz\/app\/uploads\/2023\/04\/2023_03_29_Kbely_29-1536x1024.jpg 1536w, https:\/\/foto.praha-19.ys-beta.cz\/app\/uploads\/2023\/04\/2023_03_29_Kbely_29-1194x796.jpg 1194w, https:\/\/foto.praha-19.ys-beta.cz\/app\/uploads\/2023\/04\/2023_03_29_Kbely_29-582x388.jpg 582w, https:\/\/foto.praha-19.ys-beta.cz\/app\/uploads\/2023\/04\/2023_03_29_Kbely_29-276x184.jpg 276w, https:\/\/foto.praha-19.ys-beta.cz\/app\/uploads\/2023\/04\/2023_03_29_Kbely_29-675x450.jpg 675w, https:\/\/foto.praha-19.ys-beta.cz\/app\/uploads\/2023\/04\/2023_03_29_Kbely_29.jpg 1920w\" sizes=\"auto, (max-width: 378px) 100vw, 378px\" \/><\/a><\/div><div class='pinhole-item col-xs-12 col-lg-4 col-md-4 col-sm-6  '><a class=\"item-link\" href=\"https:\/\/foto.praha-19.ys-beta.cz\/app\/uploads\/2023\/04\/2023_03_29_Kbely_31.jpg\" data-caption=\"[]\" data-meta=\"[]\"  data-size=\"{&quot;width&quot;:1920,&quot;height&quot;:1280}\" data-download=\"[]\" data-filename=\"{&quot;name&quot;:&quot;&quot;}\"><img loading=\"lazy\" decoding=\"async\" width=\"378\" height=\"252\" src=\"https:\/\/foto.praha-19.ys-beta.cz\/app\/uploads\/2023\/04\/2023_03_29_Kbely_31-378x252.jpg\" class=\"attachment-pinhole-col-3 size-pinhole-col-3\" alt=\"\" srcset=\"https:\/\/foto.praha-19.ys-beta.cz\/app\/uploads\/2023\/04\/2023_03_29_Kbely_31-378x252.jpg 378w, https:\/\/foto.praha-19.ys-beta.cz\/app\/uploads\/2023\/04\/2023_03_29_Kbely_31-300x200.jpg 300w, https:\/\/foto.praha-19.ys-beta.cz\/app\/uploads\/2023\/04\/2023_03_29_Kbely_31-1024x683.jpg 1024w, https:\/\/foto.praha-19.ys-beta.cz\/app\/uploads\/2023\/04\/2023_03_29_Kbely_31-768x512.jpg 768w, https:\/\/foto.praha-19.ys-beta.cz\/app\/uploads\/2023\/04\/2023_03_29_Kbely_31-1536x1024.jpg 1536w, https:\/\/foto.praha-19.ys-beta.cz\/app\/uploads\/2023\/04\/2023_03_29_Kbely_31-1194x796.jpg 1194w, https:\/\/foto.praha-19.ys-beta.cz\/app\/uploads\/2023\/04\/2023_03_29_Kbely_31-582x388.jpg 582w, https:\/\/foto.praha-19.ys-beta.cz\/app\/uploads\/2023\/04\/2023_03_29_Kbely_31-276x184.jpg 276w, https:\/\/foto.praha-19.ys-beta.cz\/app\/uploads\/2023\/04\/2023_03_29_Kbely_31-675x450.jpg 675w, https:\/\/foto.praha-19.ys-beta.cz\/app\/uploads\/2023\/04\/2023_03_29_Kbely_31.jpg 1920w\" sizes=\"auto, (max-width: 378px) 100vw, 378px\" \/><\/a><\/div><div class='pinhole-item col-xs-12 col-lg-4 col-md-4 col-sm-6  '><a class=\"item-link\" href=\"https:\/\/foto.praha-19.ys-beta.cz\/app\/uploads\/2023\/04\/2023_03_29_Kbely_33.jpg\" data-caption=\"[]\" data-meta=\"[]\"  data-size=\"{&quot;width&quot;:1920,&quot;height&quot;:1280}\" data-download=\"[]\" data-filename=\"{&quot;name&quot;:&quot;&quot;}\"><img loading=\"lazy\" decoding=\"async\" width=\"378\" height=\"252\" src=\"https:\/\/foto.praha-19.ys-beta.cz\/app\/uploads\/2023\/04\/2023_03_29_Kbely_33-378x252.jpg\" class=\"attachment-pinhole-col-3 size-pinhole-col-3\" alt=\"\" srcset=\"https:\/\/foto.praha-19.ys-beta.cz\/app\/uploads\/2023\/04\/2023_03_29_Kbely_33-378x252.jpg 378w, https:\/\/foto.praha-19.ys-beta.cz\/app\/uploads\/2023\/04\/2023_03_29_Kbely_33-300x200.jpg 300w, https:\/\/foto.praha-19.ys-beta.cz\/app\/uploads\/2023\/04\/2023_03_29_Kbely_33-1024x683.jpg 1024w, https:\/\/foto.praha-19.ys-beta.cz\/app\/uploads\/2023\/04\/2023_03_29_Kbely_33-768x512.jpg 768w, https:\/\/foto.praha-19.ys-beta.cz\/app\/uploads\/2023\/04\/2023_03_29_Kbely_33-1536x1024.jpg 1536w, https:\/\/foto.praha-19.ys-beta.cz\/app\/uploads\/2023\/04\/2023_03_29_Kbely_33-1194x796.jpg 1194w, https:\/\/foto.praha-19.ys-beta.cz\/app\/uploads\/2023\/04\/2023_03_29_Kbely_33-582x388.jpg 582w, https:\/\/foto.praha-19.ys-beta.cz\/app\/uploads\/2023\/04\/2023_03_29_Kbely_33-276x184.jpg 276w, https:\/\/foto.praha-19.ys-beta.cz\/app\/uploads\/2023\/04\/2023_03_29_Kbely_33-675x450.jpg 675w, https:\/\/foto.praha-19.ys-beta.cz\/app\/uploads\/2023\/04\/2023_03_29_Kbely_33.jpg 1920w\" sizes=\"auto, (max-width: 378px) 100vw, 378px\" \/><\/a><\/div><div class='pinhole-item col-xs-12 col-lg-4 col-md-4 col-sm-6  '><a class=\"item-link\" href=\"https:\/\/foto.praha-19.ys-beta.cz\/app\/uploads\/2023\/04\/2023_03_29_Kbely_38.jpg\" data-caption=\"[]\" data-meta=\"[]\"  data-size=\"{&quot;width&quot;:1920,&quot;height&quot;:1280}\" data-download=\"[]\" data-filename=\"{&quot;name&quot;:&quot;&quot;}\"><img loading=\"lazy\" decoding=\"async\" width=\"378\" height=\"252\" src=\"https:\/\/foto.praha-19.ys-beta.cz\/app\/uploads\/2023\/04\/2023_03_29_Kbely_38-378x252.jpg\" class=\"attachment-pinhole-col-3 size-pinhole-col-3\" alt=\"\" srcset=\"https:\/\/foto.praha-19.ys-beta.cz\/app\/uploads\/2023\/04\/2023_03_29_Kbely_38-378x252.jpg 378w, https:\/\/foto.praha-19.ys-beta.cz\/app\/uploads\/2023\/04\/2023_03_29_Kbely_38-300x200.jpg 300w, https:\/\/foto.praha-19.ys-beta.cz\/app\/uploads\/2023\/04\/2023_03_29_Kbely_38-1024x683.jpg 1024w, https:\/\/foto.praha-19.ys-beta.cz\/app\/uploads\/2023\/04\/2023_03_29_Kbely_38-768x512.jpg 768w, https:\/\/foto.praha-19.ys-beta.cz\/app\/uploads\/2023\/04\/2023_03_29_Kbely_38-1536x1024.jpg 1536w, https:\/\/foto.praha-19.ys-beta.cz\/app\/uploads\/2023\/04\/2023_03_29_Kbely_38-1194x796.jpg 1194w, https:\/\/foto.praha-19.ys-beta.cz\/app\/uploads\/2023\/04\/2023_03_29_Kbely_38-582x388.jpg 582w, https:\/\/foto.praha-19.ys-beta.cz\/app\/uploads\/2023\/04\/2023_03_29_Kbely_38-276x184.jpg 276w, https:\/\/foto.praha-19.ys-beta.cz\/app\/uploads\/2023\/04\/2023_03_29_Kbely_38-675x450.jpg 675w, https:\/\/foto.praha-19.ys-beta.cz\/app\/uploads\/2023\/04\/2023_03_29_Kbely_38.jpg 1920w\" sizes=\"auto, (max-width: 378px) 100vw, 378px\" \/><\/a><\/div><div class='pinhole-item col-xs-12 col-lg-4 col-md-4 col-sm-6  '><a class=\"item-link\" href=\"https:\/\/foto.praha-19.ys-beta.cz\/app\/uploads\/2023\/04\/2023_03_29_Kbely_40.jpg\" data-caption=\"[]\" data-meta=\"[]\"  data-size=\"{&quot;width&quot;:1920,&quot;height&quot;:1280}\" data-download=\"[]\" data-filename=\"{&quot;name&quot;:&quot;&quot;}\"><img loading=\"lazy\" decoding=\"async\" width=\"378\" height=\"252\" src=\"https:\/\/foto.praha-19.ys-beta.cz\/app\/uploads\/2023\/04\/2023_03_29_Kbely_40-378x252.jpg\" class=\"attachment-pinhole-col-3 size-pinhole-col-3\" alt=\"\" srcset=\"https:\/\/foto.praha-19.ys-beta.cz\/app\/uploads\/2023\/04\/2023_03_29_Kbely_40-378x252.jpg 378w, https:\/\/foto.praha-19.ys-beta.cz\/app\/uploads\/2023\/04\/2023_03_29_Kbely_40-300x200.jpg 300w, https:\/\/foto.praha-19.ys-beta.cz\/app\/uploads\/2023\/04\/2023_03_29_Kbely_40-1024x683.jpg 1024w, https:\/\/foto.praha-19.ys-beta.cz\/app\/uploads\/2023\/04\/2023_03_29_Kbely_40-768x512.jpg 768w, https:\/\/foto.praha-19.ys-beta.cz\/app\/uploads\/2023\/04\/2023_03_29_Kbely_40-1536x1024.jpg 1536w, https:\/\/foto.praha-19.ys-beta.cz\/app\/uploads\/2023\/04\/2023_03_29_Kbely_40-1194x796.jpg 1194w, https:\/\/foto.praha-19.ys-beta.cz\/app\/uploads\/2023\/04\/2023_03_29_Kbely_40-582x388.jpg 582w, https:\/\/foto.praha-19.ys-beta.cz\/app\/uploads\/2023\/04\/2023_03_29_Kbely_40-276x184.jpg 276w, https:\/\/foto.praha-19.ys-beta.cz\/app\/uploads\/2023\/04\/2023_03_29_Kbely_40-675x450.jpg 675w, https:\/\/foto.praha-19.ys-beta.cz\/app\/uploads\/2023\/04\/2023_03_29_Kbely_40.jpg 1920w\" sizes=\"auto, (max-width: 378px) 100vw, 378px\" \/><\/a><\/div><div class='pinhole-item col-xs-12 col-lg-4 col-md-4 col-sm-6  '><a class=\"item-link\" href=\"https:\/\/foto.praha-19.ys-beta.cz\/app\/uploads\/2023\/04\/2023_03_29_Kbely_41.jpg\" data-caption=\"[]\" data-meta=\"[]\"  data-size=\"{&quot;width&quot;:1920,&quot;height&quot;:1280}\" data-download=\"[]\" data-filename=\"{&quot;name&quot;:&quot;&quot;}\"><img loading=\"lazy\" decoding=\"async\" width=\"378\" height=\"252\" src=\"https:\/\/foto.praha-19.ys-beta.cz\/app\/uploads\/2023\/04\/2023_03_29_Kbely_41-378x252.jpg\" class=\"attachment-pinhole-col-3 size-pinhole-col-3\" alt=\"\" srcset=\"https:\/\/foto.praha-19.ys-beta.cz\/app\/uploads\/2023\/04\/2023_03_29_Kbely_41-378x252.jpg 378w, https:\/\/foto.praha-19.ys-beta.cz\/app\/uploads\/2023\/04\/2023_03_29_Kbely_41-300x200.jpg 300w, https:\/\/foto.praha-19.ys-beta.cz\/app\/uploads\/2023\/04\/2023_03_29_Kbely_41-1024x683.jpg 1024w, https:\/\/foto.praha-19.ys-beta.cz\/app\/uploads\/2023\/04\/2023_03_29_Kbely_41-768x512.jpg 768w, https:\/\/foto.praha-19.ys-beta.cz\/app\/uploads\/2023\/04\/2023_03_29_Kbely_41-1536x1024.jpg 1536w, https:\/\/foto.praha-19.ys-beta.cz\/app\/uploads\/2023\/04\/2023_03_29_Kbely_41-1194x796.jpg 1194w, https:\/\/foto.praha-19.ys-beta.cz\/app\/uploads\/2023\/04\/2023_03_29_Kbely_41-582x388.jpg 582w, https:\/\/foto.praha-19.ys-beta.cz\/app\/uploads\/2023\/04\/2023_03_29_Kbely_41-276x184.jpg 276w, https:\/\/foto.praha-19.ys-beta.cz\/app\/uploads\/2023\/04\/2023_03_29_Kbely_41-675x450.jpg 675w, https:\/\/foto.praha-19.ys-beta.cz\/app\/uploads\/2023\/04\/2023_03_29_Kbely_41.jpg 1920w\" sizes=\"auto, (max-width: 378px) 100vw, 378px\" \/><\/a><\/div><div class='pinhole-item col-xs-12 col-lg-4 col-md-4 col-sm-6  '><a class=\"item-link\" href=\"https:\/\/foto.praha-19.ys-beta.cz\/app\/uploads\/2023\/04\/2023_03_29_Kbely_44.jpg\" data-caption=\"[]\" data-meta=\"[]\"  data-size=\"{&quot;width&quot;:1920,&quot;height&quot;:1280}\" data-download=\"[]\" data-filename=\"{&quot;name&quot;:&quot;&quot;}\"><img loading=\"lazy\" decoding=\"async\" width=\"378\" height=\"252\" src=\"https:\/\/foto.praha-19.ys-beta.cz\/app\/uploads\/2023\/04\/2023_03_29_Kbely_44-378x252.jpg\" class=\"attachment-pinhole-col-3 size-pinhole-col-3\" alt=\"\" srcset=\"https:\/\/foto.praha-19.ys-beta.cz\/app\/uploads\/2023\/04\/2023_03_29_Kbely_44-378x252.jpg 378w, https:\/\/foto.praha-19.ys-beta.cz\/app\/uploads\/2023\/04\/2023_03_29_Kbely_44-300x200.jpg 300w, https:\/\/foto.praha-19.ys-beta.cz\/app\/uploads\/2023\/04\/2023_03_29_Kbely_44-1024x683.jpg 1024w, https:\/\/foto.praha-19.ys-beta.cz\/app\/uploads\/2023\/04\/2023_03_29_Kbely_44-768x512.jpg 768w, https:\/\/foto.praha-19.ys-beta.cz\/app\/uploads\/2023\/04\/2023_03_29_Kbely_44-1536x1024.jpg 1536w, https:\/\/foto.praha-19.ys-beta.cz\/app\/uploads\/2023\/04\/2023_03_29_Kbely_44-1194x796.jpg 1194w, https:\/\/foto.praha-19.ys-beta.cz\/app\/uploads\/2023\/04\/2023_03_29_Kbely_44-582x388.jpg 582w, https:\/\/foto.praha-19.ys-beta.cz\/app\/uploads\/2023\/04\/2023_03_29_Kbely_44-276x184.jpg 276w, https:\/\/foto.praha-19.ys-beta.cz\/app\/uploads\/2023\/04\/2023_03_29_Kbely_44-675x450.jpg 675w, https:\/\/foto.praha-19.ys-beta.cz\/app\/uploads\/2023\/04\/2023_03_29_Kbely_44.jpg 1920w\" sizes=\"auto, (max-width: 378px) 100vw, 378px\" \/><\/a><\/div><div class='pinhole-item col-xs-12 col-lg-4 col-md-4 col-sm-6  '><a class=\"item-link\" href=\"https:\/\/foto.praha-19.ys-beta.cz\/app\/uploads\/2023\/04\/2023_03_29_Kbely_47.jpg\" data-caption=\"[]\" data-meta=\"[]\"  data-size=\"{&quot;width&quot;:1920,&quot;height&quot;:1280}\" data-download=\"[]\" data-filename=\"{&quot;name&quot;:&quot;&quot;}\"><img loading=\"lazy\" decoding=\"async\" width=\"378\" height=\"252\" src=\"https:\/\/foto.praha-19.ys-beta.cz\/app\/uploads\/2023\/04\/2023_03_29_Kbely_47-378x252.jpg\" class=\"attachment-pinhole-col-3 size-pinhole-col-3\" alt=\"\" srcset=\"https:\/\/foto.praha-19.ys-beta.cz\/app\/uploads\/2023\/04\/2023_03_29_Kbely_47-378x252.jpg 378w, https:\/\/foto.praha-19.ys-beta.cz\/app\/uploads\/2023\/04\/2023_03_29_Kbely_47-300x200.jpg 300w, https:\/\/foto.praha-19.ys-beta.cz\/app\/uploads\/2023\/04\/2023_03_29_Kbely_47-1024x683.jpg 1024w, https:\/\/foto.praha-19.ys-beta.cz\/app\/uploads\/2023\/04\/2023_03_29_Kbely_47-768x512.jpg 768w, https:\/\/foto.praha-19.ys-beta.cz\/app\/uploads\/2023\/04\/2023_03_29_Kbely_47-1536x1024.jpg 1536w, https:\/\/foto.praha-19.ys-beta.cz\/app\/uploads\/2023\/04\/2023_03_29_Kbely_47-1194x796.jpg 1194w, https:\/\/foto.praha-19.ys-beta.cz\/app\/uploads\/2023\/04\/2023_03_29_Kbely_47-582x388.jpg 582w, https:\/\/foto.praha-19.ys-beta.cz\/app\/uploads\/2023\/04\/2023_03_29_Kbely_47-276x184.jpg 276w, https:\/\/foto.praha-19.ys-beta.cz\/app\/uploads\/2023\/04\/2023_03_29_Kbely_47-675x450.jpg 675w, https:\/\/foto.praha-19.ys-beta.cz\/app\/uploads\/2023\/04\/2023_03_29_Kbely_47.jpg 1920w\" sizes=\"auto, (max-width: 378px) 100vw, 378px\" \/><\/a><\/div><div class='pinhole-item col-xs-12 col-lg-4 col-md-4 col-sm-6  '><a class=\"item-link\" href=\"https:\/\/foto.praha-19.ys-beta.cz\/app\/uploads\/2023\/04\/2023_03_29_Kbely_48.jpg\" data-caption=\"[]\" data-meta=\"[]\"  data-size=\"{&quot;width&quot;:1920,&quot;height&quot;:1280}\" data-download=\"[]\" data-filename=\"{&quot;name&quot;:&quot;&quot;}\"><img loading=\"lazy\" decoding=\"async\" width=\"378\" height=\"252\" src=\"https:\/\/foto.praha-19.ys-beta.cz\/app\/uploads\/2023\/04\/2023_03_29_Kbely_48-378x252.jpg\" class=\"attachment-pinhole-col-3 size-pinhole-col-3\" alt=\"\" srcset=\"https:\/\/foto.praha-19.ys-beta.cz\/app\/uploads\/2023\/04\/2023_03_29_Kbely_48-378x252.jpg 378w, https:\/\/foto.praha-19.ys-beta.cz\/app\/uploads\/2023\/04\/2023_03_29_Kbely_48-300x200.jpg 300w, https:\/\/foto.praha-19.ys-beta.cz\/app\/uploads\/2023\/04\/2023_03_29_Kbely_48-1024x683.jpg 1024w, https:\/\/foto.praha-19.ys-beta.cz\/app\/uploads\/2023\/04\/2023_03_29_Kbely_48-768x512.jpg 768w, https:\/\/foto.praha-19.ys-beta.cz\/app\/uploads\/2023\/04\/2023_03_29_Kbely_48-1536x1024.jpg 1536w, https:\/\/foto.praha-19.ys-beta.cz\/app\/uploads\/2023\/04\/2023_03_29_Kbely_48-1194x796.jpg 1194w, https:\/\/foto.praha-19.ys-beta.cz\/app\/uploads\/2023\/04\/2023_03_29_Kbely_48-582x388.jpg 582w, https:\/\/foto.praha-19.ys-beta.cz\/app\/uploads\/2023\/04\/2023_03_29_Kbely_48-276x184.jpg 276w, https:\/\/foto.praha-19.ys-beta.cz\/app\/uploads\/2023\/04\/2023_03_29_Kbely_48-675x450.jpg 675w, https:\/\/foto.praha-19.ys-beta.cz\/app\/uploads\/2023\/04\/2023_03_29_Kbely_48.jpg 1920w\" sizes=\"auto, (max-width: 378px) 100vw, 378px\" \/><\/a><\/div><div class='pinhole-item col-xs-12 col-lg-4 col-md-4 col-sm-6  '><a class=\"item-link\" href=\"https:\/\/foto.praha-19.ys-beta.cz\/app\/uploads\/2023\/04\/2023_03_29_Kbely_50.jpg\" data-caption=\"[]\" data-meta=\"[]\"  data-size=\"{&quot;width&quot;:1920,&quot;height&quot;:1280}\" data-download=\"[]\" data-filename=\"{&quot;name&quot;:&quot;&quot;}\"><img loading=\"lazy\" decoding=\"async\" width=\"378\" height=\"252\" src=\"https:\/\/foto.praha-19.ys-beta.cz\/app\/uploads\/2023\/04\/2023_03_29_Kbely_50-378x252.jpg\" class=\"attachment-pinhole-col-3 size-pinhole-col-3\" alt=\"\" srcset=\"https:\/\/foto.praha-19.ys-beta.cz\/app\/uploads\/2023\/04\/2023_03_29_Kbely_50-378x252.jpg 378w, https:\/\/foto.praha-19.ys-beta.cz\/app\/uploads\/2023\/04\/2023_03_29_Kbely_50-300x200.jpg 300w, https:\/\/foto.praha-19.ys-beta.cz\/app\/uploads\/2023\/04\/2023_03_29_Kbely_50-1024x683.jpg 1024w, https:\/\/foto.praha-19.ys-beta.cz\/app\/uploads\/2023\/04\/2023_03_29_Kbely_50-768x512.jpg 768w, https:\/\/foto.praha-19.ys-beta.cz\/app\/uploads\/2023\/04\/2023_03_29_Kbely_50-1536x1024.jpg 1536w, https:\/\/foto.praha-19.ys-beta.cz\/app\/uploads\/2023\/04\/2023_03_29_Kbely_50-1194x796.jpg 1194w, https:\/\/foto.praha-19.ys-beta.cz\/app\/uploads\/2023\/04\/2023_03_29_Kbely_50-582x388.jpg 582w, https:\/\/foto.praha-19.ys-beta.cz\/app\/uploads\/2023\/04\/2023_03_29_Kbely_50-276x184.jpg 276w, https:\/\/foto.praha-19.ys-beta.cz\/app\/uploads\/2023\/04\/2023_03_29_Kbely_50-675x450.jpg 675w, https:\/\/foto.praha-19.ys-beta.cz\/app\/uploads\/2023\/04\/2023_03_29_Kbely_50.jpg 1920w\" sizes=\"auto, (max-width: 378px) 100vw, 378px\" \/><\/a><\/div><div class='pinhole-item col-xs-12 col-lg-4 col-md-4 col-sm-6  '><a class=\"item-link\" href=\"https:\/\/foto.praha-19.ys-beta.cz\/app\/uploads\/2023\/04\/2023_03_29_Kbely_51.jpg\" data-caption=\"[]\" data-meta=\"[]\"  data-size=\"{&quot;width&quot;:1920,&quot;height&quot;:1280}\" data-download=\"[]\" data-filename=\"{&quot;name&quot;:&quot;&quot;}\"><img loading=\"lazy\" decoding=\"async\" width=\"378\" height=\"252\" src=\"https:\/\/foto.praha-19.ys-beta.cz\/app\/uploads\/2023\/04\/2023_03_29_Kbely_51-378x252.jpg\" class=\"attachment-pinhole-col-3 size-pinhole-col-3\" alt=\"\" srcset=\"https:\/\/foto.praha-19.ys-beta.cz\/app\/uploads\/2023\/04\/2023_03_29_Kbely_51-378x252.jpg 378w, https:\/\/foto.praha-19.ys-beta.cz\/app\/uploads\/2023\/04\/2023_03_29_Kbely_51-300x200.jpg 300w, https:\/\/foto.praha-19.ys-beta.cz\/app\/uploads\/2023\/04\/2023_03_29_Kbely_51-1024x683.jpg 1024w, https:\/\/foto.praha-19.ys-beta.cz\/app\/uploads\/2023\/04\/2023_03_29_Kbely_51-768x512.jpg 768w, https:\/\/foto.praha-19.ys-beta.cz\/app\/uploads\/2023\/04\/2023_03_29_Kbely_51-1536x1024.jpg 1536w, https:\/\/foto.praha-19.ys-beta.cz\/app\/uploads\/2023\/04\/2023_03_29_Kbely_51-1194x796.jpg 1194w, https:\/\/foto.praha-19.ys-beta.cz\/app\/uploads\/2023\/04\/2023_03_29_Kbely_51-582x388.jpg 582w, https:\/\/foto.praha-19.ys-beta.cz\/app\/uploads\/2023\/04\/2023_03_29_Kbely_51-276x184.jpg 276w, https:\/\/foto.praha-19.ys-beta.cz\/app\/uploads\/2023\/04\/2023_03_29_Kbely_51-675x450.jpg 675w, https:\/\/foto.praha-19.ys-beta.cz\/app\/uploads\/2023\/04\/2023_03_29_Kbely_51.jpg 1920w\" sizes=\"auto, (max-width: 378px) 100vw, 378px\" \/><\/a><\/div>\n\t\t<\/div>\n","protected":false},"excerpt":{"rendered":"<p>St\u0159ede\u010dn\u00ed podve\u010der 29.b\u0159ezna 2023 pat\u0159il v kbelsk\u00e9 knihovn\u011b \u00fa\u010dastn\u00edk\u016fm ji\u017e 4. ro\u010dn\u00edku sout\u011b\u017ee amat\u00e9rsk\u00fdch fotograf\u016f. Slavnostn\u00ed program vernis\u00e1\u017ee doplnilo ocen\u011bn\u00ed nejlep\u0161\u00edch fotografi\u00ed, kter\u00e9 usp\u011bly ve dvou sout\u011b\u017en\u00edch kategori\u00edch. Porota m\u011bla op\u011bt velmi t\u011b\u017ekou pr\u00e1ci s rozhodov\u00e1n\u00edm, nebo\u0165 p\u011bkn\u00fdch a p\u016fsobiv\u00fdch fotografi\u00ed dorazila cel\u00e1 \u0159ada. V\u00fdherci byli vyhl\u00e1\u0161eni nakonec v tomto po\u0159ad\u00ed: T\u00e9ma Voln\u00e9 1. m\u00edsto [&hellip;]<\/p>\n","protected":false},"author":7,"featured_media":8312,"parent":7798,"menu_order":65,"comment_status":"closed","ping_status":"closed","template":"template-galleries.php","meta":{"footnotes":""},"class_list":["post-8287","page","type-page","status-publish","has-post-thumbnail","hentry"],"yoast_head":"<!-- This site is optimized with the Yoast SEO plugin v27.2 - https:\/\/yoast.com\/product\/yoast-seo-wordpress\/ -->\n<title>Vernis\u00e1\u017e 4. ro\u010dn\u00edku sout\u011b\u017ee amat\u00e9rsk\u00fdch fotograf\u016f - Fotogalerie - Praha 19<\/title>\n<meta name=\"robots\" content=\"noindex, follow, max-snippet:-1, max-image-preview:large, max-video-preview:-1\" \/>\n<meta property=\"og:locale\" content=\"cs_CZ\" \/>\n<meta property=\"og:type\" content=\"article\" \/>\n<meta property=\"og:title\" content=\"Vernis\u00e1\u017e 4. ro\u010dn\u00edku sout\u011b\u017ee amat\u00e9rsk\u00fdch fotograf\u016f - Fotogalerie - Praha 19\" \/>\n<meta property=\"og:description\" content=\"St\u0159ede\u010dn\u00ed podve\u010der 29.b\u0159ezna 2023 pat\u0159il v kbelsk\u00e9 knihovn\u011b \u00fa\u010dastn\u00edk\u016fm ji\u017e 4. ro\u010dn\u00edku sout\u011b\u017ee amat\u00e9rsk\u00fdch fotograf\u016f. Slavnostn\u00ed program vernis\u00e1\u017ee doplnilo ocen\u011bn\u00ed nejlep\u0161\u00edch fotografi\u00ed, kter\u00e9 usp\u011bly ve dvou sout\u011b\u017en\u00edch kategori\u00edch. Porota m\u011bla op\u011bt velmi t\u011b\u017ekou pr\u00e1ci s rozhodov\u00e1n\u00edm, nebo\u0165 p\u011bkn\u00fdch a p\u016fsobiv\u00fdch fotografi\u00ed dorazila cel\u00e1 \u0159ada. V\u00fdherci byli vyhl\u00e1\u0161eni nakonec v tomto po\u0159ad\u00ed: T\u00e9ma Voln\u00e9 1. m\u00edsto [&hellip;]\" \/>\n<meta property=\"og:url\" content=\"https:\/\/foto.praha-19.ys-beta.cz\/index.php\/rok-2023\/vernisaz-4-rocniku-souteze-amaterskych-fotografu\/\" \/>\n<meta property=\"og:site_name\" content=\"Fotogalerie - Praha 19\" \/>\n<meta property=\"article:modified_time\" content=\"2023-04-05T09:31:36+00:00\" \/>\n<meta property=\"og:image\" content=\"https:\/\/foto.praha-19.ys-beta.cz\/app\/uploads\/2023\/04\/2023_03_29_Kbely_7-2.jpg\" \/>\n\t<meta property=\"og:image:width\" content=\"1920\" \/>\n\t<meta property=\"og:image:height\" content=\"1280\" \/>\n\t<meta property=\"og:image:type\" content=\"image\/jpeg\" \/>\n<meta name=\"twitter:card\" content=\"summary_large_image\" \/>\n<meta name=\"twitter:label1\" content=\"Est. reading time\" \/>\n\t<meta name=\"twitter:data1\" content=\"6 minut\" \/>\n<script type=\"application\/ld+json\" class=\"yoast-schema-graph\">{\"@context\":\"https:\/\/schema.org\",\"@graph\":[{\"@type\":\"WebPage\",\"@id\":\"https:\/\/foto.praha-19.ys-beta.cz\/index.php\/rok-2023\/vernisaz-4-rocniku-souteze-amaterskych-fotografu\/\",\"url\":\"https:\/\/foto.praha-19.ys-beta.cz\/index.php\/rok-2023\/vernisaz-4-rocniku-souteze-amaterskych-fotografu\/\",\"name\":\"Vernis\u00e1\u017e 4. ro\u010dn\u00edku sout\u011b\u017ee amat\u00e9rsk\u00fdch fotograf\u016f - Fotogalerie - Praha 19\",\"isPartOf\":{\"@id\":\"https:\/\/foto.praha-19.ys-beta.cz\/#website\"},\"primaryImageOfPage\":{\"@id\":\"https:\/\/foto.praha-19.ys-beta.cz\/index.php\/rok-2023\/vernisaz-4-rocniku-souteze-amaterskych-fotografu\/#primaryimage\"},\"image\":{\"@id\":\"https:\/\/foto.praha-19.ys-beta.cz\/index.php\/rok-2023\/vernisaz-4-rocniku-souteze-amaterskych-fotografu\/#primaryimage\"},\"thumbnailUrl\":\"https:\/\/foto.praha-19.ys-beta.cz\/app\/uploads\/2023\/04\/2023_03_29_Kbely_7-2.jpg\",\"datePublished\":\"2023-03-29T09:26:00+00:00\",\"dateModified\":\"2023-04-05T09:31:36+00:00\",\"breadcrumb\":{\"@id\":\"https:\/\/foto.praha-19.ys-beta.cz\/index.php\/rok-2023\/vernisaz-4-rocniku-souteze-amaterskych-fotografu\/#breadcrumb\"},\"inLanguage\":\"cs\",\"potentialAction\":[{\"@type\":\"ReadAction\",\"target\":[\"https:\/\/foto.praha-19.ys-beta.cz\/index.php\/rok-2023\/vernisaz-4-rocniku-souteze-amaterskych-fotografu\/\"]}]},{\"@type\":\"ImageObject\",\"inLanguage\":\"cs\",\"@id\":\"https:\/\/foto.praha-19.ys-beta.cz\/index.php\/rok-2023\/vernisaz-4-rocniku-souteze-amaterskych-fotografu\/#primaryimage\",\"url\":\"https:\/\/foto.praha-19.ys-beta.cz\/app\/uploads\/2023\/04\/2023_03_29_Kbely_7-2.jpg\",\"contentUrl\":\"https:\/\/foto.praha-19.ys-beta.cz\/app\/uploads\/2023\/04\/2023_03_29_Kbely_7-2.jpg\",\"width\":1920,\"height\":1280},{\"@type\":\"BreadcrumbList\",\"@id\":\"https:\/\/foto.praha-19.ys-beta.cz\/index.php\/rok-2023\/vernisaz-4-rocniku-souteze-amaterskych-fotografu\/#breadcrumb\",\"itemListElement\":[{\"@type\":\"ListItem\",\"position\":1,\"name\":\"Home\",\"item\":\"https:\/\/foto.praha-19.ys-beta.cz\/\"},{\"@type\":\"ListItem\",\"position\":2,\"name\":\"Rok 2023\",\"item\":\"https:\/\/foto.praha-19.ys-beta.cz\/index.php\/rok-2023\/\"},{\"@type\":\"ListItem\",\"position\":3,\"name\":\"Vernis\u00e1\u017e 4. ro\u010dn\u00edku sout\u011b\u017ee amat\u00e9rsk\u00fdch fotograf\u016f\"}]},{\"@type\":\"WebSite\",\"@id\":\"https:\/\/foto.praha-19.ys-beta.cz\/#website\",\"url\":\"https:\/\/foto.praha-19.ys-beta.cz\/\",\"name\":\"Fotogalerie - Praha 19\",\"description\":\"Fotogalerie m\u011bstsk\u00e9 \u010d\u00e1sti Praha 19\",\"potentialAction\":[{\"@type\":\"SearchAction\",\"target\":{\"@type\":\"EntryPoint\",\"urlTemplate\":\"https:\/\/foto.praha-19.ys-beta.cz\/?s={search_term_string}\"},\"query-input\":{\"@type\":\"PropertyValueSpecification\",\"valueRequired\":true,\"valueName\":\"search_term_string\"}}],\"inLanguage\":\"cs\"}]}<\/script>\n<!-- \/ Yoast SEO plugin. -->","yoast_head_json":{"title":"Vernis\u00e1\u017e 4. ro\u010dn\u00edku sout\u011b\u017ee amat\u00e9rsk\u00fdch fotograf\u016f - Fotogalerie - Praha 19","robots":{"index":"noindex","follow":"follow","max-snippet":"max-snippet:-1","max-image-preview":"max-image-preview:large","max-video-preview":"max-video-preview:-1"},"og_locale":"cs_CZ","og_type":"article","og_title":"Vernis\u00e1\u017e 4. ro\u010dn\u00edku sout\u011b\u017ee amat\u00e9rsk\u00fdch fotograf\u016f - Fotogalerie - Praha 19","og_description":"St\u0159ede\u010dn\u00ed podve\u010der 29.b\u0159ezna 2023 pat\u0159il v kbelsk\u00e9 knihovn\u011b \u00fa\u010dastn\u00edk\u016fm ji\u017e 4. ro\u010dn\u00edku sout\u011b\u017ee amat\u00e9rsk\u00fdch fotograf\u016f. Slavnostn\u00ed program vernis\u00e1\u017ee doplnilo ocen\u011bn\u00ed nejlep\u0161\u00edch fotografi\u00ed, kter\u00e9 usp\u011bly ve dvou sout\u011b\u017en\u00edch kategori\u00edch. Porota m\u011bla op\u011bt velmi t\u011b\u017ekou pr\u00e1ci s rozhodov\u00e1n\u00edm, nebo\u0165 p\u011bkn\u00fdch a p\u016fsobiv\u00fdch fotografi\u00ed dorazila cel\u00e1 \u0159ada. V\u00fdherci byli vyhl\u00e1\u0161eni nakonec v tomto po\u0159ad\u00ed: T\u00e9ma Voln\u00e9 1. m\u00edsto [&hellip;]","og_url":"https:\/\/foto.praha-19.ys-beta.cz\/index.php\/rok-2023\/vernisaz-4-rocniku-souteze-amaterskych-fotografu\/","og_site_name":"Fotogalerie - Praha 19","article_modified_time":"2023-04-05T09:31:36+00:00","og_image":[{"width":1920,"height":1280,"url":"https:\/\/foto.praha-19.ys-beta.cz\/app\/uploads\/2023\/04\/2023_03_29_Kbely_7-2.jpg","type":"image\/jpeg"}],"twitter_card":"summary_large_image","twitter_misc":{"Est. reading time":"6 minut"},"schema":{"@context":"https:\/\/schema.org","@graph":[{"@type":"WebPage","@id":"https:\/\/foto.praha-19.ys-beta.cz\/index.php\/rok-2023\/vernisaz-4-rocniku-souteze-amaterskych-fotografu\/","url":"https:\/\/foto.praha-19.ys-beta.cz\/index.php\/rok-2023\/vernisaz-4-rocniku-souteze-amaterskych-fotografu\/","name":"Vernis\u00e1\u017e 4. ro\u010dn\u00edku sout\u011b\u017ee amat\u00e9rsk\u00fdch fotograf\u016f - Fotogalerie - Praha 19","isPartOf":{"@id":"https:\/\/foto.praha-19.ys-beta.cz\/#website"},"primaryImageOfPage":{"@id":"https:\/\/foto.praha-19.ys-beta.cz\/index.php\/rok-2023\/vernisaz-4-rocniku-souteze-amaterskych-fotografu\/#primaryimage"},"image":{"@id":"https:\/\/foto.praha-19.ys-beta.cz\/index.php\/rok-2023\/vernisaz-4-rocniku-souteze-amaterskych-fotografu\/#primaryimage"},"thumbnailUrl":"https:\/\/foto.praha-19.ys-beta.cz\/app\/uploads\/2023\/04\/2023_03_29_Kbely_7-2.jpg","datePublished":"2023-03-29T09:26:00+00:00","dateModified":"2023-04-05T09:31:36+00:00","breadcrumb":{"@id":"https:\/\/foto.praha-19.ys-beta.cz\/index.php\/rok-2023\/vernisaz-4-rocniku-souteze-amaterskych-fotografu\/#breadcrumb"},"inLanguage":"cs","potentialAction":[{"@type":"ReadAction","target":["https:\/\/foto.praha-19.ys-beta.cz\/index.php\/rok-2023\/vernisaz-4-rocniku-souteze-amaterskych-fotografu\/"]}]},{"@type":"ImageObject","inLanguage":"cs","@id":"https:\/\/foto.praha-19.ys-beta.cz\/index.php\/rok-2023\/vernisaz-4-rocniku-souteze-amaterskych-fotografu\/#primaryimage","url":"https:\/\/foto.praha-19.ys-beta.cz\/app\/uploads\/2023\/04\/2023_03_29_Kbely_7-2.jpg","contentUrl":"https:\/\/foto.praha-19.ys-beta.cz\/app\/uploads\/2023\/04\/2023_03_29_Kbely_7-2.jpg","width":1920,"height":1280},{"@type":"BreadcrumbList","@id":"https:\/\/foto.praha-19.ys-beta.cz\/index.php\/rok-2023\/vernisaz-4-rocniku-souteze-amaterskych-fotografu\/#breadcrumb","itemListElement":[{"@type":"ListItem","position":1,"name":"Home","item":"https:\/\/foto.praha-19.ys-beta.cz\/"},{"@type":"ListItem","position":2,"name":"Rok 2023","item":"https:\/\/foto.praha-19.ys-beta.cz\/index.php\/rok-2023\/"},{"@type":"ListItem","position":3,"name":"Vernis\u00e1\u017e 4. ro\u010dn\u00edku sout\u011b\u017ee amat\u00e9rsk\u00fdch fotograf\u016f"}]},{"@type":"WebSite","@id":"https:\/\/foto.praha-19.ys-beta.cz\/#website","url":"https:\/\/foto.praha-19.ys-beta.cz\/","name":"Fotogalerie - Praha 19","description":"Fotogalerie m\u011bstsk\u00e9 \u010d\u00e1sti Praha 19","potentialAction":[{"@type":"SearchAction","target":{"@type":"EntryPoint","urlTemplate":"https:\/\/foto.praha-19.ys-beta.cz\/?s={search_term_string}"},"query-input":{"@type":"PropertyValueSpecification","valueRequired":true,"valueName":"search_term_string"}}],"inLanguage":"cs"}]}},"_links":{"self":[{"href":"https:\/\/foto.praha-19.ys-beta.cz\/index.php\/wp-json\/wp\/v2\/pages\/8287","targetHints":{"allow":["GET"]}}],"collection":[{"href":"https:\/\/foto.praha-19.ys-beta.cz\/index.php\/wp-json\/wp\/v2\/pages"}],"about":[{"href":"https:\/\/foto.praha-19.ys-beta.cz\/index.php\/wp-json\/wp\/v2\/types\/page"}],"author":[{"embeddable":true,"href":"https:\/\/foto.praha-19.ys-beta.cz\/index.php\/wp-json\/wp\/v2\/users\/7"}],"replies":[{"embeddable":true,"href":"https:\/\/foto.praha-19.ys-beta.cz\/index.php\/wp-json\/wp\/v2\/comments?post=8287"}],"version-history":[{"count":2,"href":"https:\/\/foto.praha-19.ys-beta.cz\/index.php\/wp-json\/wp\/v2\/pages\/8287\/revisions"}],"predecessor-version":[{"id":8314,"href":"https:\/\/foto.praha-19.ys-beta.cz\/index.php\/wp-json\/wp\/v2\/pages\/8287\/revisions\/8314"}],"up":[{"embeddable":true,"href":"https:\/\/foto.praha-19.ys-beta.cz\/index.php\/wp-json\/wp\/v2\/pages\/7798"}],"wp:featuredmedia":[{"embeddable":true,"href":"https:\/\/foto.praha-19.ys-beta.cz\/index.php\/wp-json\/wp\/v2\/media\/8312"}],"wp:attachment":[{"href":"https:\/\/foto.praha-19.ys-beta.cz\/index.php\/wp-json\/wp\/v2\/media?parent=8287"}],"curies":[{"name":"wp","href":"https:\/\/api.w.org\/{rel}","templated":true}]}}