{"id":8107,"date":"2023-03-16T11:50:00","date_gmt":"2023-03-16T09:50:00","guid":{"rendered":"https:\/\/foto.praha-19.ys-beta.cz\/?page_id=8107"},"modified":"2023-04-05T11:31:09","modified_gmt":"2023-04-05T09:31:09","slug":"kbelsky-atelier","status":"publish","type":"page","link":"https:\/\/foto.praha-19.ys-beta.cz\/index.php\/rok-2023\/kbelsky-atelier\/","title":{"rendered":"Kbelsk\u00fd ateli\u00e9r"},"content":{"rendered":"\n<p>Uskute\u010dnilo se dal\u0161\u00ed z pravideln\u00fdch relaxa\u010dn\u00edch setk\u00e1n\u00ed p\u0159i malov\u00e1n\u00ed kbelsk\u00fdch senior\u016f ve kbelsk\u00e9m ateli\u00e9ru ve \u010dtvrtek 16. 3. 2023. Pestr\u00e9 barvy, rozesm\u00e1t\u00e9 tv\u00e1\u0159e, p\u0159\u00edjemn\u00e1 muzika i velice poveden\u00e9 obrazy byly v\u0161em \u00fa\u010dastn\u00edk\u016fm odm\u011bnou. Na materi\u00e1l p\u0159isp\u011bla radnice a coby odborn\u00e1 lektorka poskytla pan\u00ed Monika Bene\u0161ov\u00e1 sv\u00e9 z\u00e1zem\u00ed a slu\u017eby zcela zdarma. Dal\u0161\u00ed pokra\u010dov\u00e1n\u00ed bude 20. 4. 2023 od 13,30h.<\/p>\n\n\n\n<p><a href=\"https:\/\/www.kbelskyatelier.cz\">https:\/\/www.kbelskyatelier.cz<\/a><\/p>\n\n\n<div class='pinhole-gallery pinhole-masonry pinhole-popup items-hidden  clearfix row'><div class='pinhole-item col-xs-12 col-lg-4 col-md-4 col-sm-6  '><a class=\"item-link\" href=\"https:\/\/foto.praha-19.ys-beta.cz\/app\/uploads\/2023\/03\/IMG-20230317-WA0018-1920x1440.jpg\" data-caption=\"[]\" data-meta=\"[]\"  data-size=\"{&quot;width&quot;:1920,&quot;height&quot;:1440}\" data-download=\"[]\" data-filename=\"{&quot;name&quot;:&quot;&quot;}\"><img loading=\"lazy\" decoding=\"async\" width=\"378\" height=\"284\" src=\"https:\/\/foto.praha-19.ys-beta.cz\/app\/uploads\/2023\/03\/IMG-20230317-WA0018-378x284.jpg\" class=\"attachment-pinhole-col-3 size-pinhole-col-3\" alt=\"\" srcset=\"https:\/\/foto.praha-19.ys-beta.cz\/app\/uploads\/2023\/03\/IMG-20230317-WA0018-378x284.jpg 378w, https:\/\/foto.praha-19.ys-beta.cz\/app\/uploads\/2023\/03\/IMG-20230317-WA0018-300x225.jpg 300w, https:\/\/foto.praha-19.ys-beta.cz\/app\/uploads\/2023\/03\/IMG-20230317-WA0018-1024x768.jpg 1024w, https:\/\/foto.praha-19.ys-beta.cz\/app\/uploads\/2023\/03\/IMG-20230317-WA0018-768x576.jpg 768w, https:\/\/foto.praha-19.ys-beta.cz\/app\/uploads\/2023\/03\/IMG-20230317-WA0018-1536x1152.jpg 1536w, https:\/\/foto.praha-19.ys-beta.cz\/app\/uploads\/2023\/03\/IMG-20230317-WA0018-1194x896.jpg 1194w, https:\/\/foto.praha-19.ys-beta.cz\/app\/uploads\/2023\/03\/IMG-20230317-WA0018-582x437.jpg 582w, https:\/\/foto.praha-19.ys-beta.cz\/app\/uploads\/2023\/03\/IMG-20230317-WA0018-276x207.jpg 276w, https:\/\/foto.praha-19.ys-beta.cz\/app\/uploads\/2023\/03\/IMG-20230317-WA0018-600x450.jpg 600w, https:\/\/foto.praha-19.ys-beta.cz\/app\/uploads\/2023\/03\/IMG-20230317-WA0018-1920x1440.jpg 1920w, https:\/\/foto.praha-19.ys-beta.cz\/app\/uploads\/2023\/03\/IMG-20230317-WA0018.jpg 2016w\" sizes=\"auto, (max-width: 378px) 100vw, 378px\" \/><\/a><\/div><div class='pinhole-item col-xs-12 col-lg-4 col-md-4 col-sm-6  '><a class=\"item-link\" href=\"https:\/\/foto.praha-19.ys-beta.cz\/app\/uploads\/2023\/03\/IMG-20230317-WA0001.jpg\" data-caption=\"[]\" data-meta=\"[]\"  data-size=\"{&quot;width&quot;:899,&quot;height&quot;:1599}\" data-download=\"[]\" data-filename=\"{&quot;name&quot;:&quot;&quot;}\"><img loading=\"lazy\" decoding=\"async\" width=\"378\" height=\"672\" src=\"https:\/\/foto.praha-19.ys-beta.cz\/app\/uploads\/2023\/03\/IMG-20230317-WA0001-378x672.jpg\" class=\"attachment-pinhole-col-3 size-pinhole-col-3\" alt=\"\" srcset=\"https:\/\/foto.praha-19.ys-beta.cz\/app\/uploads\/2023\/03\/IMG-20230317-WA0001-378x672.jpg 378w, https:\/\/foto.praha-19.ys-beta.cz\/app\/uploads\/2023\/03\/IMG-20230317-WA0001-169x300.jpg 169w, https:\/\/foto.praha-19.ys-beta.cz\/app\/uploads\/2023\/03\/IMG-20230317-WA0001-576x1024.jpg 576w, https:\/\/foto.praha-19.ys-beta.cz\/app\/uploads\/2023\/03\/IMG-20230317-WA0001-768x1366.jpg 768w, https:\/\/foto.praha-19.ys-beta.cz\/app\/uploads\/2023\/03\/IMG-20230317-WA0001-864x1536.jpg 864w, https:\/\/foto.praha-19.ys-beta.cz\/app\/uploads\/2023\/03\/IMG-20230317-WA0001-582x1035.jpg 582w, https:\/\/foto.praha-19.ys-beta.cz\/app\/uploads\/2023\/03\/IMG-20230317-WA0001-276x491.jpg 276w, https:\/\/foto.praha-19.ys-beta.cz\/app\/uploads\/2023\/03\/IMG-20230317-WA0001-253x450.jpg 253w, https:\/\/foto.praha-19.ys-beta.cz\/app\/uploads\/2023\/03\/IMG-20230317-WA0001.jpg 899w\" sizes=\"auto, (max-width: 378px) 100vw, 378px\" \/><\/a><\/div><div class='pinhole-item col-xs-12 col-lg-4 col-md-4 col-sm-6  '><a class=\"item-link\" href=\"https:\/\/foto.praha-19.ys-beta.cz\/app\/uploads\/2023\/03\/IMG-20230317-WA0000-1440x1920.jpg\" data-caption=\"[]\" data-meta=\"[]\"  data-size=\"{&quot;width&quot;:1440,&quot;height&quot;:1920}\" data-download=\"[]\" data-filename=\"{&quot;name&quot;:&quot;&quot;}\"><img loading=\"lazy\" decoding=\"async\" width=\"378\" height=\"504\" src=\"https:\/\/foto.praha-19.ys-beta.cz\/app\/uploads\/2023\/03\/IMG-20230317-WA0000-378x504.jpg\" class=\"attachment-pinhole-col-3 size-pinhole-col-3\" alt=\"\" srcset=\"https:\/\/foto.praha-19.ys-beta.cz\/app\/uploads\/2023\/03\/IMG-20230317-WA0000-378x504.jpg 378w, https:\/\/foto.praha-19.ys-beta.cz\/app\/uploads\/2023\/03\/IMG-20230317-WA0000-225x300.jpg 225w, https:\/\/foto.praha-19.ys-beta.cz\/app\/uploads\/2023\/03\/IMG-20230317-WA0000-768x1024.jpg 768w, https:\/\/foto.praha-19.ys-beta.cz\/app\/uploads\/2023\/03\/IMG-20230317-WA0000-1152x1536.jpg 1152w, https:\/\/foto.praha-19.ys-beta.cz\/app\/uploads\/2023\/03\/IMG-20230317-WA0000-1194x1592.jpg 1194w, https:\/\/foto.praha-19.ys-beta.cz\/app\/uploads\/2023\/03\/IMG-20230317-WA0000-582x776.jpg 582w, https:\/\/foto.praha-19.ys-beta.cz\/app\/uploads\/2023\/03\/IMG-20230317-WA0000-276x368.jpg 276w, https:\/\/foto.praha-19.ys-beta.cz\/app\/uploads\/2023\/03\/IMG-20230317-WA0000-338x450.jpg 338w, https:\/\/foto.praha-19.ys-beta.cz\/app\/uploads\/2023\/03\/IMG-20230317-WA0000-1440x1920.jpg 1440w, https:\/\/foto.praha-19.ys-beta.cz\/app\/uploads\/2023\/03\/IMG-20230317-WA0000.jpg 1512w\" sizes=\"auto, (max-width: 378px) 100vw, 378px\" \/><\/a><\/div><div class='pinhole-item col-xs-12 col-lg-4 col-md-4 col-sm-6  '><a class=\"item-link\" href=\"https:\/\/foto.praha-19.ys-beta.cz\/app\/uploads\/2023\/03\/IMG-20230317-WA0017-1440x1920.jpg\" data-caption=\"[]\" data-meta=\"[]\"  data-size=\"{&quot;width&quot;:1440,&quot;height&quot;:1920}\" data-download=\"[]\" data-filename=\"{&quot;name&quot;:&quot;&quot;}\"><img loading=\"lazy\" decoding=\"async\" width=\"378\" height=\"504\" src=\"https:\/\/foto.praha-19.ys-beta.cz\/app\/uploads\/2023\/03\/IMG-20230317-WA0017-378x504.jpg\" class=\"attachment-pinhole-col-3 size-pinhole-col-3\" alt=\"\" srcset=\"https:\/\/foto.praha-19.ys-beta.cz\/app\/uploads\/2023\/03\/IMG-20230317-WA0017-378x504.jpg 378w, https:\/\/foto.praha-19.ys-beta.cz\/app\/uploads\/2023\/03\/IMG-20230317-WA0017-225x300.jpg 225w, https:\/\/foto.praha-19.ys-beta.cz\/app\/uploads\/2023\/03\/IMG-20230317-WA0017-768x1024.jpg 768w, https:\/\/foto.praha-19.ys-beta.cz\/app\/uploads\/2023\/03\/IMG-20230317-WA0017-1152x1536.jpg 1152w, https:\/\/foto.praha-19.ys-beta.cz\/app\/uploads\/2023\/03\/IMG-20230317-WA0017-1194x1592.jpg 1194w, https:\/\/foto.praha-19.ys-beta.cz\/app\/uploads\/2023\/03\/IMG-20230317-WA0017-582x776.jpg 582w, https:\/\/foto.praha-19.ys-beta.cz\/app\/uploads\/2023\/03\/IMG-20230317-WA0017-276x368.jpg 276w, https:\/\/foto.praha-19.ys-beta.cz\/app\/uploads\/2023\/03\/IMG-20230317-WA0017-338x450.jpg 338w, https:\/\/foto.praha-19.ys-beta.cz\/app\/uploads\/2023\/03\/IMG-20230317-WA0017-1440x1920.jpg 1440w, https:\/\/foto.praha-19.ys-beta.cz\/app\/uploads\/2023\/03\/IMG-20230317-WA0017.jpg 1512w\" sizes=\"auto, (max-width: 378px) 100vw, 378px\" \/><\/a><\/div><div class='pinhole-item col-xs-12 col-lg-4 col-md-4 col-sm-6  '><a class=\"item-link\" href=\"https:\/\/foto.praha-19.ys-beta.cz\/app\/uploads\/2023\/03\/IMG-20230317-WA0016-1440x1920.jpg\" data-caption=\"[]\" data-meta=\"[]\"  data-size=\"{&quot;width&quot;:1440,&quot;height&quot;:1920}\" data-download=\"[]\" data-filename=\"{&quot;name&quot;:&quot;&quot;}\"><img loading=\"lazy\" decoding=\"async\" width=\"378\" height=\"504\" src=\"https:\/\/foto.praha-19.ys-beta.cz\/app\/uploads\/2023\/03\/IMG-20230317-WA0016-378x504.jpg\" class=\"attachment-pinhole-col-3 size-pinhole-col-3\" alt=\"\" srcset=\"https:\/\/foto.praha-19.ys-beta.cz\/app\/uploads\/2023\/03\/IMG-20230317-WA0016-378x504.jpg 378w, https:\/\/foto.praha-19.ys-beta.cz\/app\/uploads\/2023\/03\/IMG-20230317-WA0016-225x300.jpg 225w, https:\/\/foto.praha-19.ys-beta.cz\/app\/uploads\/2023\/03\/IMG-20230317-WA0016-768x1024.jpg 768w, https:\/\/foto.praha-19.ys-beta.cz\/app\/uploads\/2023\/03\/IMG-20230317-WA0016-1152x1536.jpg 1152w, https:\/\/foto.praha-19.ys-beta.cz\/app\/uploads\/2023\/03\/IMG-20230317-WA0016-1194x1592.jpg 1194w, https:\/\/foto.praha-19.ys-beta.cz\/app\/uploads\/2023\/03\/IMG-20230317-WA0016-582x776.jpg 582w, https:\/\/foto.praha-19.ys-beta.cz\/app\/uploads\/2023\/03\/IMG-20230317-WA0016-276x368.jpg 276w, https:\/\/foto.praha-19.ys-beta.cz\/app\/uploads\/2023\/03\/IMG-20230317-WA0016-338x450.jpg 338w, https:\/\/foto.praha-19.ys-beta.cz\/app\/uploads\/2023\/03\/IMG-20230317-WA0016-1440x1920.jpg 1440w, https:\/\/foto.praha-19.ys-beta.cz\/app\/uploads\/2023\/03\/IMG-20230317-WA0016.jpg 1512w\" sizes=\"auto, (max-width: 378px) 100vw, 378px\" \/><\/a><\/div><div class='pinhole-item col-xs-12 col-lg-4 col-md-4 col-sm-6  '><a class=\"item-link\" href=\"https:\/\/foto.praha-19.ys-beta.cz\/app\/uploads\/2023\/03\/IMG-20230317-WA0014-1440x1920.jpg\" data-caption=\"[]\" data-meta=\"[]\"  data-size=\"{&quot;width&quot;:1440,&quot;height&quot;:1920}\" data-download=\"[]\" data-filename=\"{&quot;name&quot;:&quot;&quot;}\"><img loading=\"lazy\" decoding=\"async\" width=\"378\" height=\"504\" src=\"https:\/\/foto.praha-19.ys-beta.cz\/app\/uploads\/2023\/03\/IMG-20230317-WA0014-378x504.jpg\" class=\"attachment-pinhole-col-3 size-pinhole-col-3\" alt=\"\" srcset=\"https:\/\/foto.praha-19.ys-beta.cz\/app\/uploads\/2023\/03\/IMG-20230317-WA0014-378x504.jpg 378w, https:\/\/foto.praha-19.ys-beta.cz\/app\/uploads\/2023\/03\/IMG-20230317-WA0014-225x300.jpg 225w, https:\/\/foto.praha-19.ys-beta.cz\/app\/uploads\/2023\/03\/IMG-20230317-WA0014-768x1024.jpg 768w, https:\/\/foto.praha-19.ys-beta.cz\/app\/uploads\/2023\/03\/IMG-20230317-WA0014-1152x1536.jpg 1152w, https:\/\/foto.praha-19.ys-beta.cz\/app\/uploads\/2023\/03\/IMG-20230317-WA0014-1194x1592.jpg 1194w, https:\/\/foto.praha-19.ys-beta.cz\/app\/uploads\/2023\/03\/IMG-20230317-WA0014-582x776.jpg 582w, https:\/\/foto.praha-19.ys-beta.cz\/app\/uploads\/2023\/03\/IMG-20230317-WA0014-276x368.jpg 276w, https:\/\/foto.praha-19.ys-beta.cz\/app\/uploads\/2023\/03\/IMG-20230317-WA0014-338x450.jpg 338w, https:\/\/foto.praha-19.ys-beta.cz\/app\/uploads\/2023\/03\/IMG-20230317-WA0014-1440x1920.jpg 1440w, https:\/\/foto.praha-19.ys-beta.cz\/app\/uploads\/2023\/03\/IMG-20230317-WA0014.jpg 1512w\" sizes=\"auto, (max-width: 378px) 100vw, 378px\" \/><\/a><\/div><div class='pinhole-item col-xs-12 col-lg-4 col-md-4 col-sm-6  '><a class=\"item-link\" href=\"https:\/\/foto.praha-19.ys-beta.cz\/app\/uploads\/2023\/03\/IMG-20230317-WA0013-1440x1920.jpg\" data-caption=\"[]\" data-meta=\"[]\"  data-size=\"{&quot;width&quot;:1440,&quot;height&quot;:1920}\" data-download=\"[]\" data-filename=\"{&quot;name&quot;:&quot;&quot;}\"><img loading=\"lazy\" decoding=\"async\" width=\"378\" height=\"504\" src=\"https:\/\/foto.praha-19.ys-beta.cz\/app\/uploads\/2023\/03\/IMG-20230317-WA0013-378x504.jpg\" class=\"attachment-pinhole-col-3 size-pinhole-col-3\" alt=\"\" srcset=\"https:\/\/foto.praha-19.ys-beta.cz\/app\/uploads\/2023\/03\/IMG-20230317-WA0013-378x504.jpg 378w, https:\/\/foto.praha-19.ys-beta.cz\/app\/uploads\/2023\/03\/IMG-20230317-WA0013-225x300.jpg 225w, https:\/\/foto.praha-19.ys-beta.cz\/app\/uploads\/2023\/03\/IMG-20230317-WA0013-768x1024.jpg 768w, https:\/\/foto.praha-19.ys-beta.cz\/app\/uploads\/2023\/03\/IMG-20230317-WA0013-1152x1536.jpg 1152w, https:\/\/foto.praha-19.ys-beta.cz\/app\/uploads\/2023\/03\/IMG-20230317-WA0013-1194x1592.jpg 1194w, https:\/\/foto.praha-19.ys-beta.cz\/app\/uploads\/2023\/03\/IMG-20230317-WA0013-582x776.jpg 582w, https:\/\/foto.praha-19.ys-beta.cz\/app\/uploads\/2023\/03\/IMG-20230317-WA0013-276x368.jpg 276w, https:\/\/foto.praha-19.ys-beta.cz\/app\/uploads\/2023\/03\/IMG-20230317-WA0013-338x450.jpg 338w, https:\/\/foto.praha-19.ys-beta.cz\/app\/uploads\/2023\/03\/IMG-20230317-WA0013-1440x1920.jpg 1440w, https:\/\/foto.praha-19.ys-beta.cz\/app\/uploads\/2023\/03\/IMG-20230317-WA0013.jpg 1512w\" sizes=\"auto, (max-width: 378px) 100vw, 378px\" \/><\/a><\/div><div class='pinhole-item col-xs-12 col-lg-4 col-md-4 col-sm-6  '><a class=\"item-link\" href=\"https:\/\/foto.praha-19.ys-beta.cz\/app\/uploads\/2023\/03\/IMG-20230317-WA0012-1440x1920.jpg\" data-caption=\"[]\" data-meta=\"[]\"  data-size=\"{&quot;width&quot;:1440,&quot;height&quot;:1920}\" data-download=\"[]\" data-filename=\"{&quot;name&quot;:&quot;&quot;}\"><img loading=\"lazy\" decoding=\"async\" width=\"378\" height=\"504\" src=\"https:\/\/foto.praha-19.ys-beta.cz\/app\/uploads\/2023\/03\/IMG-20230317-WA0012-378x504.jpg\" class=\"attachment-pinhole-col-3 size-pinhole-col-3\" alt=\"\" srcset=\"https:\/\/foto.praha-19.ys-beta.cz\/app\/uploads\/2023\/03\/IMG-20230317-WA0012-378x504.jpg 378w, https:\/\/foto.praha-19.ys-beta.cz\/app\/uploads\/2023\/03\/IMG-20230317-WA0012-225x300.jpg 225w, https:\/\/foto.praha-19.ys-beta.cz\/app\/uploads\/2023\/03\/IMG-20230317-WA0012-768x1024.jpg 768w, https:\/\/foto.praha-19.ys-beta.cz\/app\/uploads\/2023\/03\/IMG-20230317-WA0012-1152x1536.jpg 1152w, https:\/\/foto.praha-19.ys-beta.cz\/app\/uploads\/2023\/03\/IMG-20230317-WA0012-1194x1592.jpg 1194w, https:\/\/foto.praha-19.ys-beta.cz\/app\/uploads\/2023\/03\/IMG-20230317-WA0012-582x776.jpg 582w, https:\/\/foto.praha-19.ys-beta.cz\/app\/uploads\/2023\/03\/IMG-20230317-WA0012-276x368.jpg 276w, https:\/\/foto.praha-19.ys-beta.cz\/app\/uploads\/2023\/03\/IMG-20230317-WA0012-338x450.jpg 338w, https:\/\/foto.praha-19.ys-beta.cz\/app\/uploads\/2023\/03\/IMG-20230317-WA0012-1440x1920.jpg 1440w, https:\/\/foto.praha-19.ys-beta.cz\/app\/uploads\/2023\/03\/IMG-20230317-WA0012.jpg 1512w\" sizes=\"auto, (max-width: 378px) 100vw, 378px\" \/><\/a><\/div><div class='pinhole-item col-xs-12 col-lg-4 col-md-4 col-sm-6  '><a class=\"item-link\" href=\"https:\/\/foto.praha-19.ys-beta.cz\/app\/uploads\/2023\/03\/IMG-20230317-WA0011-1440x1920.jpg\" data-caption=\"[]\" data-meta=\"[]\"  data-size=\"{&quot;width&quot;:1440,&quot;height&quot;:1920}\" data-download=\"[]\" data-filename=\"{&quot;name&quot;:&quot;&quot;}\"><img loading=\"lazy\" decoding=\"async\" width=\"378\" height=\"504\" src=\"https:\/\/foto.praha-19.ys-beta.cz\/app\/uploads\/2023\/03\/IMG-20230317-WA0011-378x504.jpg\" class=\"attachment-pinhole-col-3 size-pinhole-col-3\" alt=\"\" srcset=\"https:\/\/foto.praha-19.ys-beta.cz\/app\/uploads\/2023\/03\/IMG-20230317-WA0011-378x504.jpg 378w, https:\/\/foto.praha-19.ys-beta.cz\/app\/uploads\/2023\/03\/IMG-20230317-WA0011-225x300.jpg 225w, https:\/\/foto.praha-19.ys-beta.cz\/app\/uploads\/2023\/03\/IMG-20230317-WA0011-768x1024.jpg 768w, https:\/\/foto.praha-19.ys-beta.cz\/app\/uploads\/2023\/03\/IMG-20230317-WA0011-1152x1536.jpg 1152w, https:\/\/foto.praha-19.ys-beta.cz\/app\/uploads\/2023\/03\/IMG-20230317-WA0011-1194x1592.jpg 1194w, https:\/\/foto.praha-19.ys-beta.cz\/app\/uploads\/2023\/03\/IMG-20230317-WA0011-582x776.jpg 582w, https:\/\/foto.praha-19.ys-beta.cz\/app\/uploads\/2023\/03\/IMG-20230317-WA0011-276x368.jpg 276w, https:\/\/foto.praha-19.ys-beta.cz\/app\/uploads\/2023\/03\/IMG-20230317-WA0011-338x450.jpg 338w, https:\/\/foto.praha-19.ys-beta.cz\/app\/uploads\/2023\/03\/IMG-20230317-WA0011-1440x1920.jpg 1440w, https:\/\/foto.praha-19.ys-beta.cz\/app\/uploads\/2023\/03\/IMG-20230317-WA0011.jpg 1512w\" sizes=\"auto, (max-width: 378px) 100vw, 378px\" \/><\/a><\/div><div class='pinhole-item col-xs-12 col-lg-4 col-md-4 col-sm-6  '><a class=\"item-link\" href=\"https:\/\/foto.praha-19.ys-beta.cz\/app\/uploads\/2023\/03\/IMG-20230317-WA0010-1440x1920.jpg\" data-caption=\"[]\" data-meta=\"[]\"  data-size=\"{&quot;width&quot;:1440,&quot;height&quot;:1920}\" data-download=\"[]\" data-filename=\"{&quot;name&quot;:&quot;&quot;}\"><img loading=\"lazy\" decoding=\"async\" width=\"378\" height=\"504\" src=\"https:\/\/foto.praha-19.ys-beta.cz\/app\/uploads\/2023\/03\/IMG-20230317-WA0010-378x504.jpg\" class=\"attachment-pinhole-col-3 size-pinhole-col-3\" alt=\"\" srcset=\"https:\/\/foto.praha-19.ys-beta.cz\/app\/uploads\/2023\/03\/IMG-20230317-WA0010-378x504.jpg 378w, https:\/\/foto.praha-19.ys-beta.cz\/app\/uploads\/2023\/03\/IMG-20230317-WA0010-225x300.jpg 225w, https:\/\/foto.praha-19.ys-beta.cz\/app\/uploads\/2023\/03\/IMG-20230317-WA0010-768x1024.jpg 768w, https:\/\/foto.praha-19.ys-beta.cz\/app\/uploads\/2023\/03\/IMG-20230317-WA0010-1152x1536.jpg 1152w, https:\/\/foto.praha-19.ys-beta.cz\/app\/uploads\/2023\/03\/IMG-20230317-WA0010-1194x1592.jpg 1194w, https:\/\/foto.praha-19.ys-beta.cz\/app\/uploads\/2023\/03\/IMG-20230317-WA0010-582x776.jpg 582w, https:\/\/foto.praha-19.ys-beta.cz\/app\/uploads\/2023\/03\/IMG-20230317-WA0010-276x368.jpg 276w, https:\/\/foto.praha-19.ys-beta.cz\/app\/uploads\/2023\/03\/IMG-20230317-WA0010-338x450.jpg 338w, https:\/\/foto.praha-19.ys-beta.cz\/app\/uploads\/2023\/03\/IMG-20230317-WA0010-1440x1920.jpg 1440w, https:\/\/foto.praha-19.ys-beta.cz\/app\/uploads\/2023\/03\/IMG-20230317-WA0010.jpg 1512w\" sizes=\"auto, (max-width: 378px) 100vw, 378px\" \/><\/a><\/div><div class='pinhole-item col-xs-12 col-lg-4 col-md-4 col-sm-6  '><a class=\"item-link\" href=\"https:\/\/foto.praha-19.ys-beta.cz\/app\/uploads\/2023\/03\/IMG-20230317-WA0008-1440x1920.jpg\" data-caption=\"[]\" data-meta=\"[]\"  data-size=\"{&quot;width&quot;:1440,&quot;height&quot;:1920}\" data-download=\"[]\" data-filename=\"{&quot;name&quot;:&quot;&quot;}\"><img loading=\"lazy\" decoding=\"async\" width=\"378\" height=\"504\" src=\"https:\/\/foto.praha-19.ys-beta.cz\/app\/uploads\/2023\/03\/IMG-20230317-WA0008-378x504.jpg\" class=\"attachment-pinhole-col-3 size-pinhole-col-3\" alt=\"\" srcset=\"https:\/\/foto.praha-19.ys-beta.cz\/app\/uploads\/2023\/03\/IMG-20230317-WA0008-378x504.jpg 378w, https:\/\/foto.praha-19.ys-beta.cz\/app\/uploads\/2023\/03\/IMG-20230317-WA0008-225x300.jpg 225w, https:\/\/foto.praha-19.ys-beta.cz\/app\/uploads\/2023\/03\/IMG-20230317-WA0008-768x1024.jpg 768w, https:\/\/foto.praha-19.ys-beta.cz\/app\/uploads\/2023\/03\/IMG-20230317-WA0008-1152x1536.jpg 1152w, https:\/\/foto.praha-19.ys-beta.cz\/app\/uploads\/2023\/03\/IMG-20230317-WA0008-1194x1592.jpg 1194w, https:\/\/foto.praha-19.ys-beta.cz\/app\/uploads\/2023\/03\/IMG-20230317-WA0008-582x776.jpg 582w, https:\/\/foto.praha-19.ys-beta.cz\/app\/uploads\/2023\/03\/IMG-20230317-WA0008-276x368.jpg 276w, https:\/\/foto.praha-19.ys-beta.cz\/app\/uploads\/2023\/03\/IMG-20230317-WA0008-338x450.jpg 338w, https:\/\/foto.praha-19.ys-beta.cz\/app\/uploads\/2023\/03\/IMG-20230317-WA0008-1440x1920.jpg 1440w, https:\/\/foto.praha-19.ys-beta.cz\/app\/uploads\/2023\/03\/IMG-20230317-WA0008.jpg 1512w\" sizes=\"auto, (max-width: 378px) 100vw, 378px\" \/><\/a><\/div><div class='pinhole-item col-xs-12 col-lg-4 col-md-4 col-sm-6  '><a class=\"item-link\" href=\"https:\/\/foto.praha-19.ys-beta.cz\/app\/uploads\/2023\/03\/IMG-20230317-WA0007-1440x1920.jpg\" data-caption=\"[]\" data-meta=\"[]\"  data-size=\"{&quot;width&quot;:1440,&quot;height&quot;:1920}\" data-download=\"[]\" data-filename=\"{&quot;name&quot;:&quot;&quot;}\"><img loading=\"lazy\" decoding=\"async\" width=\"378\" height=\"504\" src=\"https:\/\/foto.praha-19.ys-beta.cz\/app\/uploads\/2023\/03\/IMG-20230317-WA0007-378x504.jpg\" class=\"attachment-pinhole-col-3 size-pinhole-col-3\" alt=\"\" srcset=\"https:\/\/foto.praha-19.ys-beta.cz\/app\/uploads\/2023\/03\/IMG-20230317-WA0007-378x504.jpg 378w, https:\/\/foto.praha-19.ys-beta.cz\/app\/uploads\/2023\/03\/IMG-20230317-WA0007-225x300.jpg 225w, https:\/\/foto.praha-19.ys-beta.cz\/app\/uploads\/2023\/03\/IMG-20230317-WA0007-768x1024.jpg 768w, https:\/\/foto.praha-19.ys-beta.cz\/app\/uploads\/2023\/03\/IMG-20230317-WA0007-1152x1536.jpg 1152w, https:\/\/foto.praha-19.ys-beta.cz\/app\/uploads\/2023\/03\/IMG-20230317-WA0007-1194x1592.jpg 1194w, https:\/\/foto.praha-19.ys-beta.cz\/app\/uploads\/2023\/03\/IMG-20230317-WA0007-582x776.jpg 582w, https:\/\/foto.praha-19.ys-beta.cz\/app\/uploads\/2023\/03\/IMG-20230317-WA0007-276x368.jpg 276w, https:\/\/foto.praha-19.ys-beta.cz\/app\/uploads\/2023\/03\/IMG-20230317-WA0007-338x450.jpg 338w, https:\/\/foto.praha-19.ys-beta.cz\/app\/uploads\/2023\/03\/IMG-20230317-WA0007-1440x1920.jpg 1440w, https:\/\/foto.praha-19.ys-beta.cz\/app\/uploads\/2023\/03\/IMG-20230317-WA0007.jpg 1512w\" sizes=\"auto, (max-width: 378px) 100vw, 378px\" \/><\/a><\/div><div class='pinhole-item col-xs-12 col-lg-4 col-md-4 col-sm-6  '><a class=\"item-link\" href=\"https:\/\/foto.praha-19.ys-beta.cz\/app\/uploads\/2023\/03\/IMG-20230317-WA0004-1440x1920.jpg\" data-caption=\"[]\" data-meta=\"[]\"  data-size=\"{&quot;width&quot;:1440,&quot;height&quot;:1920}\" data-download=\"[]\" data-filename=\"{&quot;name&quot;:&quot;&quot;}\"><img loading=\"lazy\" decoding=\"async\" width=\"378\" height=\"504\" src=\"https:\/\/foto.praha-19.ys-beta.cz\/app\/uploads\/2023\/03\/IMG-20230317-WA0004-378x504.jpg\" class=\"attachment-pinhole-col-3 size-pinhole-col-3\" alt=\"\" srcset=\"https:\/\/foto.praha-19.ys-beta.cz\/app\/uploads\/2023\/03\/IMG-20230317-WA0004-378x504.jpg 378w, https:\/\/foto.praha-19.ys-beta.cz\/app\/uploads\/2023\/03\/IMG-20230317-WA0004-225x300.jpg 225w, https:\/\/foto.praha-19.ys-beta.cz\/app\/uploads\/2023\/03\/IMG-20230317-WA0004-768x1024.jpg 768w, https:\/\/foto.praha-19.ys-beta.cz\/app\/uploads\/2023\/03\/IMG-20230317-WA0004-1152x1536.jpg 1152w, https:\/\/foto.praha-19.ys-beta.cz\/app\/uploads\/2023\/03\/IMG-20230317-WA0004-1194x1592.jpg 1194w, https:\/\/foto.praha-19.ys-beta.cz\/app\/uploads\/2023\/03\/IMG-20230317-WA0004-582x776.jpg 582w, https:\/\/foto.praha-19.ys-beta.cz\/app\/uploads\/2023\/03\/IMG-20230317-WA0004-276x368.jpg 276w, https:\/\/foto.praha-19.ys-beta.cz\/app\/uploads\/2023\/03\/IMG-20230317-WA0004-338x450.jpg 338w, https:\/\/foto.praha-19.ys-beta.cz\/app\/uploads\/2023\/03\/IMG-20230317-WA0004-1440x1920.jpg 1440w, https:\/\/foto.praha-19.ys-beta.cz\/app\/uploads\/2023\/03\/IMG-20230317-WA0004.jpg 1512w\" sizes=\"auto, (max-width: 378px) 100vw, 378px\" \/><\/a><\/div><div class='pinhole-item col-xs-12 col-lg-4 col-md-4 col-sm-6  '><a class=\"item-link\" href=\"https:\/\/foto.praha-19.ys-beta.cz\/app\/uploads\/2023\/03\/IMG-20230317-WA0002-1440x1920.jpg\" data-caption=\"[]\" data-meta=\"[]\"  data-size=\"{&quot;width&quot;:1440,&quot;height&quot;:1920}\" data-download=\"[]\" data-filename=\"{&quot;name&quot;:&quot;&quot;}\"><img loading=\"lazy\" decoding=\"async\" width=\"378\" height=\"504\" src=\"https:\/\/foto.praha-19.ys-beta.cz\/app\/uploads\/2023\/03\/IMG-20230317-WA0002-378x504.jpg\" class=\"attachment-pinhole-col-3 size-pinhole-col-3\" alt=\"\" srcset=\"https:\/\/foto.praha-19.ys-beta.cz\/app\/uploads\/2023\/03\/IMG-20230317-WA0002-378x504.jpg 378w, https:\/\/foto.praha-19.ys-beta.cz\/app\/uploads\/2023\/03\/IMG-20230317-WA0002-225x300.jpg 225w, https:\/\/foto.praha-19.ys-beta.cz\/app\/uploads\/2023\/03\/IMG-20230317-WA0002-768x1024.jpg 768w, https:\/\/foto.praha-19.ys-beta.cz\/app\/uploads\/2023\/03\/IMG-20230317-WA0002-1152x1536.jpg 1152w, https:\/\/foto.praha-19.ys-beta.cz\/app\/uploads\/2023\/03\/IMG-20230317-WA0002-1194x1592.jpg 1194w, https:\/\/foto.praha-19.ys-beta.cz\/app\/uploads\/2023\/03\/IMG-20230317-WA0002-582x776.jpg 582w, https:\/\/foto.praha-19.ys-beta.cz\/app\/uploads\/2023\/03\/IMG-20230317-WA0002-276x368.jpg 276w, https:\/\/foto.praha-19.ys-beta.cz\/app\/uploads\/2023\/03\/IMG-20230317-WA0002-338x450.jpg 338w, https:\/\/foto.praha-19.ys-beta.cz\/app\/uploads\/2023\/03\/IMG-20230317-WA0002-1440x1920.jpg 1440w, https:\/\/foto.praha-19.ys-beta.cz\/app\/uploads\/2023\/03\/IMG-20230317-WA0002.jpg 1512w\" sizes=\"auto, (max-width: 378px) 100vw, 378px\" \/><\/a><\/div>\n\t\t<\/div>\n","protected":false},"excerpt":{"rendered":"<p>Uskute\u010dnilo se dal\u0161\u00ed z pravideln\u00fdch relaxa\u010dn\u00edch setk\u00e1n\u00ed p\u0159i malov\u00e1n\u00ed kbelsk\u00fdch senior\u016f ve kbelsk\u00e9m ateli\u00e9ru ve \u010dtvrtek 16. 3. 2023. Pestr\u00e9 barvy, rozesm\u00e1t\u00e9 tv\u00e1\u0159e, p\u0159\u00edjemn\u00e1 muzika i velice poveden\u00e9 obrazy byly v\u0161em \u00fa\u010dastn\u00edk\u016fm odm\u011bnou. Na materi\u00e1l p\u0159isp\u011bla radnice a coby odborn\u00e1 lektorka poskytla pan\u00ed Monika Bene\u0161ov\u00e1 sv\u00e9 z\u00e1zem\u00ed a slu\u017eby zcela zdarma. Dal\u0161\u00ed pokra\u010dov\u00e1n\u00ed bude 20. [&hellip;]<\/p>\n","protected":false},"author":7,"featured_media":8092,"parent":7798,"menu_order":70,"comment_status":"closed","ping_status":"closed","template":"template-galleries.php","meta":{"footnotes":""},"class_list":["post-8107","page","type-page","status-publish","has-post-thumbnail","hentry"],"yoast_head":"<!-- This site is optimized with the Yoast SEO plugin v27.2 - https:\/\/yoast.com\/product\/yoast-seo-wordpress\/ -->\n<title>Kbelsk\u00fd ateli\u00e9r - Fotogalerie - Praha 19<\/title>\n<meta name=\"robots\" content=\"noindex, follow, max-snippet:-1, max-image-preview:large, max-video-preview:-1\" \/>\n<meta property=\"og:locale\" content=\"cs_CZ\" \/>\n<meta property=\"og:type\" content=\"article\" \/>\n<meta property=\"og:title\" content=\"Kbelsk\u00fd ateli\u00e9r - Fotogalerie - Praha 19\" \/>\n<meta property=\"og:description\" content=\"Uskute\u010dnilo se dal\u0161\u00ed z pravideln\u00fdch relaxa\u010dn\u00edch setk\u00e1n\u00ed p\u0159i malov\u00e1n\u00ed kbelsk\u00fdch senior\u016f ve kbelsk\u00e9m ateli\u00e9ru ve \u010dtvrtek 16. 3. 2023. Pestr\u00e9 barvy, rozesm\u00e1t\u00e9 tv\u00e1\u0159e, p\u0159\u00edjemn\u00e1 muzika i velice poveden\u00e9 obrazy byly v\u0161em \u00fa\u010dastn\u00edk\u016fm odm\u011bnou. Na materi\u00e1l p\u0159isp\u011bla radnice a coby odborn\u00e1 lektorka poskytla pan\u00ed Monika Bene\u0161ov\u00e1 sv\u00e9 z\u00e1zem\u00ed a slu\u017eby zcela zdarma. Dal\u0161\u00ed pokra\u010dov\u00e1n\u00ed bude 20. [&hellip;]\" \/>\n<meta property=\"og:url\" content=\"https:\/\/foto.praha-19.ys-beta.cz\/index.php\/rok-2023\/kbelsky-atelier\/\" \/>\n<meta property=\"og:site_name\" content=\"Fotogalerie - Praha 19\" \/>\n<meta property=\"article:modified_time\" content=\"2023-04-05T09:31:09+00:00\" \/>\n<meta property=\"og:image\" content=\"https:\/\/foto.praha-19.ys-beta.cz\/app\/uploads\/2023\/03\/IMG-20230317-WA0018.jpg\" \/>\n\t<meta property=\"og:image:width\" content=\"2016\" \/>\n\t<meta property=\"og:image:height\" content=\"1512\" \/>\n\t<meta property=\"og:image:type\" content=\"image\/jpeg\" \/>\n<meta name=\"twitter:card\" content=\"summary_large_image\" \/>\n<meta name=\"twitter:label1\" content=\"Est. reading time\" \/>\n\t<meta name=\"twitter:data1\" content=\"4 minuty\" \/>\n<script type=\"application\/ld+json\" class=\"yoast-schema-graph\">{\"@context\":\"https:\/\/schema.org\",\"@graph\":[{\"@type\":\"WebPage\",\"@id\":\"https:\/\/foto.praha-19.ys-beta.cz\/index.php\/rok-2023\/kbelsky-atelier\/\",\"url\":\"https:\/\/foto.praha-19.ys-beta.cz\/index.php\/rok-2023\/kbelsky-atelier\/\",\"name\":\"Kbelsk\u00fd ateli\u00e9r - Fotogalerie - Praha 19\",\"isPartOf\":{\"@id\":\"https:\/\/foto.praha-19.ys-beta.cz\/#website\"},\"primaryImageOfPage\":{\"@id\":\"https:\/\/foto.praha-19.ys-beta.cz\/index.php\/rok-2023\/kbelsky-atelier\/#primaryimage\"},\"image\":{\"@id\":\"https:\/\/foto.praha-19.ys-beta.cz\/index.php\/rok-2023\/kbelsky-atelier\/#primaryimage\"},\"thumbnailUrl\":\"https:\/\/foto.praha-19.ys-beta.cz\/app\/uploads\/2023\/03\/IMG-20230317-WA0018.jpg\",\"datePublished\":\"2023-03-16T09:50:00+00:00\",\"dateModified\":\"2023-04-05T09:31:09+00:00\",\"breadcrumb\":{\"@id\":\"https:\/\/foto.praha-19.ys-beta.cz\/index.php\/rok-2023\/kbelsky-atelier\/#breadcrumb\"},\"inLanguage\":\"cs\",\"potentialAction\":[{\"@type\":\"ReadAction\",\"target\":[\"https:\/\/foto.praha-19.ys-beta.cz\/index.php\/rok-2023\/kbelsky-atelier\/\"]}]},{\"@type\":\"ImageObject\",\"inLanguage\":\"cs\",\"@id\":\"https:\/\/foto.praha-19.ys-beta.cz\/index.php\/rok-2023\/kbelsky-atelier\/#primaryimage\",\"url\":\"https:\/\/foto.praha-19.ys-beta.cz\/app\/uploads\/2023\/03\/IMG-20230317-WA0018.jpg\",\"contentUrl\":\"https:\/\/foto.praha-19.ys-beta.cz\/app\/uploads\/2023\/03\/IMG-20230317-WA0018.jpg\",\"width\":2016,\"height\":1512},{\"@type\":\"BreadcrumbList\",\"@id\":\"https:\/\/foto.praha-19.ys-beta.cz\/index.php\/rok-2023\/kbelsky-atelier\/#breadcrumb\",\"itemListElement\":[{\"@type\":\"ListItem\",\"position\":1,\"name\":\"Home\",\"item\":\"https:\/\/foto.praha-19.ys-beta.cz\/\"},{\"@type\":\"ListItem\",\"position\":2,\"name\":\"Rok 2023\",\"item\":\"https:\/\/foto.praha-19.ys-beta.cz\/index.php\/rok-2023\/\"},{\"@type\":\"ListItem\",\"position\":3,\"name\":\"Kbelsk\u00fd ateli\u00e9r\"}]},{\"@type\":\"WebSite\",\"@id\":\"https:\/\/foto.praha-19.ys-beta.cz\/#website\",\"url\":\"https:\/\/foto.praha-19.ys-beta.cz\/\",\"name\":\"Fotogalerie - Praha 19\",\"description\":\"Fotogalerie m\u011bstsk\u00e9 \u010d\u00e1sti Praha 19\",\"potentialAction\":[{\"@type\":\"SearchAction\",\"target\":{\"@type\":\"EntryPoint\",\"urlTemplate\":\"https:\/\/foto.praha-19.ys-beta.cz\/?s={search_term_string}\"},\"query-input\":{\"@type\":\"PropertyValueSpecification\",\"valueRequired\":true,\"valueName\":\"search_term_string\"}}],\"inLanguage\":\"cs\"}]}<\/script>\n<!-- \/ Yoast SEO plugin. -->","yoast_head_json":{"title":"Kbelsk\u00fd ateli\u00e9r - Fotogalerie - Praha 19","robots":{"index":"noindex","follow":"follow","max-snippet":"max-snippet:-1","max-image-preview":"max-image-preview:large","max-video-preview":"max-video-preview:-1"},"og_locale":"cs_CZ","og_type":"article","og_title":"Kbelsk\u00fd ateli\u00e9r - Fotogalerie - Praha 19","og_description":"Uskute\u010dnilo se dal\u0161\u00ed z pravideln\u00fdch relaxa\u010dn\u00edch setk\u00e1n\u00ed p\u0159i malov\u00e1n\u00ed kbelsk\u00fdch senior\u016f ve kbelsk\u00e9m ateli\u00e9ru ve \u010dtvrtek 16. 3. 2023. Pestr\u00e9 barvy, rozesm\u00e1t\u00e9 tv\u00e1\u0159e, p\u0159\u00edjemn\u00e1 muzika i velice poveden\u00e9 obrazy byly v\u0161em \u00fa\u010dastn\u00edk\u016fm odm\u011bnou. Na materi\u00e1l p\u0159isp\u011bla radnice a coby odborn\u00e1 lektorka poskytla pan\u00ed Monika Bene\u0161ov\u00e1 sv\u00e9 z\u00e1zem\u00ed a slu\u017eby zcela zdarma. Dal\u0161\u00ed pokra\u010dov\u00e1n\u00ed bude 20. [&hellip;]","og_url":"https:\/\/foto.praha-19.ys-beta.cz\/index.php\/rok-2023\/kbelsky-atelier\/","og_site_name":"Fotogalerie - Praha 19","article_modified_time":"2023-04-05T09:31:09+00:00","og_image":[{"width":2016,"height":1512,"url":"https:\/\/foto.praha-19.ys-beta.cz\/app\/uploads\/2023\/03\/IMG-20230317-WA0018.jpg","type":"image\/jpeg"}],"twitter_card":"summary_large_image","twitter_misc":{"Est. reading time":"4 minuty"},"schema":{"@context":"https:\/\/schema.org","@graph":[{"@type":"WebPage","@id":"https:\/\/foto.praha-19.ys-beta.cz\/index.php\/rok-2023\/kbelsky-atelier\/","url":"https:\/\/foto.praha-19.ys-beta.cz\/index.php\/rok-2023\/kbelsky-atelier\/","name":"Kbelsk\u00fd ateli\u00e9r - Fotogalerie - Praha 19","isPartOf":{"@id":"https:\/\/foto.praha-19.ys-beta.cz\/#website"},"primaryImageOfPage":{"@id":"https:\/\/foto.praha-19.ys-beta.cz\/index.php\/rok-2023\/kbelsky-atelier\/#primaryimage"},"image":{"@id":"https:\/\/foto.praha-19.ys-beta.cz\/index.php\/rok-2023\/kbelsky-atelier\/#primaryimage"},"thumbnailUrl":"https:\/\/foto.praha-19.ys-beta.cz\/app\/uploads\/2023\/03\/IMG-20230317-WA0018.jpg","datePublished":"2023-03-16T09:50:00+00:00","dateModified":"2023-04-05T09:31:09+00:00","breadcrumb":{"@id":"https:\/\/foto.praha-19.ys-beta.cz\/index.php\/rok-2023\/kbelsky-atelier\/#breadcrumb"},"inLanguage":"cs","potentialAction":[{"@type":"ReadAction","target":["https:\/\/foto.praha-19.ys-beta.cz\/index.php\/rok-2023\/kbelsky-atelier\/"]}]},{"@type":"ImageObject","inLanguage":"cs","@id":"https:\/\/foto.praha-19.ys-beta.cz\/index.php\/rok-2023\/kbelsky-atelier\/#primaryimage","url":"https:\/\/foto.praha-19.ys-beta.cz\/app\/uploads\/2023\/03\/IMG-20230317-WA0018.jpg","contentUrl":"https:\/\/foto.praha-19.ys-beta.cz\/app\/uploads\/2023\/03\/IMG-20230317-WA0018.jpg","width":2016,"height":1512},{"@type":"BreadcrumbList","@id":"https:\/\/foto.praha-19.ys-beta.cz\/index.php\/rok-2023\/kbelsky-atelier\/#breadcrumb","itemListElement":[{"@type":"ListItem","position":1,"name":"Home","item":"https:\/\/foto.praha-19.ys-beta.cz\/"},{"@type":"ListItem","position":2,"name":"Rok 2023","item":"https:\/\/foto.praha-19.ys-beta.cz\/index.php\/rok-2023\/"},{"@type":"ListItem","position":3,"name":"Kbelsk\u00fd ateli\u00e9r"}]},{"@type":"WebSite","@id":"https:\/\/foto.praha-19.ys-beta.cz\/#website","url":"https:\/\/foto.praha-19.ys-beta.cz\/","name":"Fotogalerie - Praha 19","description":"Fotogalerie m\u011bstsk\u00e9 \u010d\u00e1sti Praha 19","potentialAction":[{"@type":"SearchAction","target":{"@type":"EntryPoint","urlTemplate":"https:\/\/foto.praha-19.ys-beta.cz\/?s={search_term_string}"},"query-input":{"@type":"PropertyValueSpecification","valueRequired":true,"valueName":"search_term_string"}}],"inLanguage":"cs"}]}},"_links":{"self":[{"href":"https:\/\/foto.praha-19.ys-beta.cz\/index.php\/wp-json\/wp\/v2\/pages\/8107","targetHints":{"allow":["GET"]}}],"collection":[{"href":"https:\/\/foto.praha-19.ys-beta.cz\/index.php\/wp-json\/wp\/v2\/pages"}],"about":[{"href":"https:\/\/foto.praha-19.ys-beta.cz\/index.php\/wp-json\/wp\/v2\/types\/page"}],"author":[{"embeddable":true,"href":"https:\/\/foto.praha-19.ys-beta.cz\/index.php\/wp-json\/wp\/v2\/users\/7"}],"replies":[{"embeddable":true,"href":"https:\/\/foto.praha-19.ys-beta.cz\/index.php\/wp-json\/wp\/v2\/comments?post=8107"}],"version-history":[{"count":1,"href":"https:\/\/foto.praha-19.ys-beta.cz\/index.php\/wp-json\/wp\/v2\/pages\/8107\/revisions"}],"predecessor-version":[{"id":8108,"href":"https:\/\/foto.praha-19.ys-beta.cz\/index.php\/wp-json\/wp\/v2\/pages\/8107\/revisions\/8108"}],"up":[{"embeddable":true,"href":"https:\/\/foto.praha-19.ys-beta.cz\/index.php\/wp-json\/wp\/v2\/pages\/7798"}],"wp:featuredmedia":[{"embeddable":true,"href":"https:\/\/foto.praha-19.ys-beta.cz\/index.php\/wp-json\/wp\/v2\/media\/8092"}],"wp:attachment":[{"href":"https:\/\/foto.praha-19.ys-beta.cz\/index.php\/wp-json\/wp\/v2\/media?parent=8107"}],"curies":[{"name":"wp","href":"https:\/\/api.w.org\/{rel}","templated":true}]}}