{"id":7806,"date":"2023-01-18T13:10:00","date_gmt":"2023-01-18T11:10:00","guid":{"rendered":"https:\/\/foto.praha-19.ys-beta.cz\/?page_id=7806"},"modified":"2023-04-04T12:53:58","modified_gmt":"2023-04-04T10:53:58","slug":"vypraveni-ivana-starka-z-jeho-cest","status":"publish","type":"page","link":"https:\/\/foto.praha-19.ys-beta.cz\/index.php\/rok-2023\/vypraveni-ivana-starka-z-jeho-cest\/","title":{"rendered":"Vypr\u00e1v\u011bn\u00ed Ivana St\u00e1rka z jeho cest"},"content":{"rendered":"\n<p>Nev\u0161edn\u00ed vypr\u00e1v\u011bn\u00ed Ivana St\u00e1rka z jeho cest do netradi\u010dn\u00edch kout\u016f na\u0161\u00ed planety bylo v knihovn\u011b p\u0159ipraveno na st\u0159edu 18. 1. 2023. \u00da\u010dastn\u00edk\u016fm besedy se naskytla v\u00fdjime\u010dn\u00e1 p\u0159\u00edle\u017eitost nechat se, prost\u0159ednictv\u00edm kr\u00e1sn\u00fdch fotografi\u00ed a poutav\u00e9ho vypr\u00e1v\u011bn\u00ed, nejprve zav\u00e9st a\u017e na Severn\u00ed p\u00f3l, kam se skute\u010dn\u011b b\u011b\u017en\u00fd cestovatel tak snadno nedostane. V\u00fdborn\u011b zpracovan\u00e1 prezentace cel\u00e9 v\u00fdpravy, kter\u00e1 nab\u00eddla z\u00e1b\u011bry na plavbu ledoborcem, v\u00fdstup na severn\u00ed to\u010dn\u011b, v kombinaci s fotografiemi pol\u00e1rn\u00edch zv\u00ed\u0159at a dobrodru\u017en\u00fdmi historkami, prov\u00e1zej\u00edc\u00edmi tuto zhruba \u010dtrn\u00e1ctidenn\u00ed v\u00fdpravu, nadchla v\u0161echny p\u0159\u00edtomn\u00e9 poslucha\u010de. Pot\u00e9 n\u00e1sledovalo pov\u00edd\u00e1n\u00ed o podstatn\u011b teplej\u0161\u00edch oblastech. Zav\u00edtali jsme do Afriky, kde pan St\u00e1rek nav\u0161t\u00edvil v Ugand\u011b p\u0159\u00edrodn\u00ed rezervaci s horsk\u00fdmi gorilami, i toto vypr\u00e1v\u011bn\u00ed bylo op\u011bt dopln\u011bno \u00fa\u017easn\u00fdmi fotografiemi. B\u011bhem cel\u00e9ho programu se n\u00e1v\u0161t\u011bvn\u00edci m\u011bli mo\u017enost pt\u00e1t i na z\u00e1\u017eitky z jin\u00fdch lokalit, o kter\u00fdch b\u011bhem vypr\u00e1v\u011bn\u00ed padly zm\u00ednky. Douf\u00e1me, \u017ee i v budoucnu budeme m\u00edt mo\u017enost v tomto poutav\u00e9m vypr\u00e1v\u011bn\u00ed pokra\u010dovat a zav\u00edtat tak i do dal\u0161\u00edch zaj\u00edmav\u00fdch m\u00edst.<\/p>\n\n\n\n<p>Iveta Novotn\u00e1<\/p>\n\n\n\n<p>foto Michal Marel<\/p>\n\n\n<div class='pinhole-gallery pinhole-masonry pinhole-popup items-hidden  clearfix row'><div class='pinhole-item col-xs-12 col-lg-4 col-md-4 col-sm-6  '><a class=\"item-link\" href=\"https:\/\/foto.praha-19.ys-beta.cz\/app\/uploads\/2023\/02\/2023_01_18_Kbely_0.jpg\" data-caption=\"[]\" data-meta=\"[]\"  data-size=\"{&quot;width&quot;:1920,&quot;height&quot;:1280}\" data-download=\"[]\" data-filename=\"{&quot;name&quot;:&quot;&quot;}\"><img loading=\"lazy\" decoding=\"async\" width=\"378\" height=\"252\" src=\"https:\/\/foto.praha-19.ys-beta.cz\/app\/uploads\/2023\/02\/2023_01_18_Kbely_0-378x252.jpg\" class=\"attachment-pinhole-col-3 size-pinhole-col-3\" alt=\"\" srcset=\"https:\/\/foto.praha-19.ys-beta.cz\/app\/uploads\/2023\/02\/2023_01_18_Kbely_0-378x252.jpg 378w, https:\/\/foto.praha-19.ys-beta.cz\/app\/uploads\/2023\/02\/2023_01_18_Kbely_0-300x200.jpg 300w, https:\/\/foto.praha-19.ys-beta.cz\/app\/uploads\/2023\/02\/2023_01_18_Kbely_0-1024x683.jpg 1024w, https:\/\/foto.praha-19.ys-beta.cz\/app\/uploads\/2023\/02\/2023_01_18_Kbely_0-768x512.jpg 768w, https:\/\/foto.praha-19.ys-beta.cz\/app\/uploads\/2023\/02\/2023_01_18_Kbely_0-1536x1024.jpg 1536w, https:\/\/foto.praha-19.ys-beta.cz\/app\/uploads\/2023\/02\/2023_01_18_Kbely_0-1194x796.jpg 1194w, https:\/\/foto.praha-19.ys-beta.cz\/app\/uploads\/2023\/02\/2023_01_18_Kbely_0-582x388.jpg 582w, https:\/\/foto.praha-19.ys-beta.cz\/app\/uploads\/2023\/02\/2023_01_18_Kbely_0-276x184.jpg 276w, https:\/\/foto.praha-19.ys-beta.cz\/app\/uploads\/2023\/02\/2023_01_18_Kbely_0-675x450.jpg 675w, https:\/\/foto.praha-19.ys-beta.cz\/app\/uploads\/2023\/02\/2023_01_18_Kbely_0.jpg 1920w\" sizes=\"auto, (max-width: 378px) 100vw, 378px\" \/><\/a><\/div><div class='pinhole-item col-xs-12 col-lg-4 col-md-4 col-sm-6  '><a class=\"item-link\" href=\"https:\/\/foto.praha-19.ys-beta.cz\/app\/uploads\/2023\/02\/2023_01_18_Kbely_27.jpg\" data-caption=\"[]\" data-meta=\"[]\"  data-size=\"{&quot;width&quot;:1920,&quot;height&quot;:1280}\" data-download=\"[]\" data-filename=\"{&quot;name&quot;:&quot;&quot;}\"><img loading=\"lazy\" decoding=\"async\" width=\"378\" height=\"252\" src=\"https:\/\/foto.praha-19.ys-beta.cz\/app\/uploads\/2023\/02\/2023_01_18_Kbely_27-378x252.jpg\" class=\"attachment-pinhole-col-3 size-pinhole-col-3\" alt=\"\" srcset=\"https:\/\/foto.praha-19.ys-beta.cz\/app\/uploads\/2023\/02\/2023_01_18_Kbely_27-378x252.jpg 378w, https:\/\/foto.praha-19.ys-beta.cz\/app\/uploads\/2023\/02\/2023_01_18_Kbely_27-300x200.jpg 300w, https:\/\/foto.praha-19.ys-beta.cz\/app\/uploads\/2023\/02\/2023_01_18_Kbely_27-1024x683.jpg 1024w, https:\/\/foto.praha-19.ys-beta.cz\/app\/uploads\/2023\/02\/2023_01_18_Kbely_27-768x512.jpg 768w, https:\/\/foto.praha-19.ys-beta.cz\/app\/uploads\/2023\/02\/2023_01_18_Kbely_27-1536x1024.jpg 1536w, https:\/\/foto.praha-19.ys-beta.cz\/app\/uploads\/2023\/02\/2023_01_18_Kbely_27-1194x796.jpg 1194w, https:\/\/foto.praha-19.ys-beta.cz\/app\/uploads\/2023\/02\/2023_01_18_Kbely_27-582x388.jpg 582w, https:\/\/foto.praha-19.ys-beta.cz\/app\/uploads\/2023\/02\/2023_01_18_Kbely_27-276x184.jpg 276w, https:\/\/foto.praha-19.ys-beta.cz\/app\/uploads\/2023\/02\/2023_01_18_Kbely_27-675x450.jpg 675w, https:\/\/foto.praha-19.ys-beta.cz\/app\/uploads\/2023\/02\/2023_01_18_Kbely_27.jpg 1920w\" sizes=\"auto, (max-width: 378px) 100vw, 378px\" \/><\/a><\/div><div class='pinhole-item col-xs-12 col-lg-4 col-md-4 col-sm-6  '><a class=\"item-link\" href=\"https:\/\/foto.praha-19.ys-beta.cz\/app\/uploads\/2023\/02\/2023_01_18_Kbely_21.jpg\" data-caption=\"[]\" data-meta=\"[]\"  data-size=\"{&quot;width&quot;:1920,&quot;height&quot;:1280}\" data-download=\"[]\" data-filename=\"{&quot;name&quot;:&quot;&quot;}\"><img loading=\"lazy\" decoding=\"async\" width=\"378\" height=\"252\" src=\"https:\/\/foto.praha-19.ys-beta.cz\/app\/uploads\/2023\/02\/2023_01_18_Kbely_21-378x252.jpg\" class=\"attachment-pinhole-col-3 size-pinhole-col-3\" alt=\"\" srcset=\"https:\/\/foto.praha-19.ys-beta.cz\/app\/uploads\/2023\/02\/2023_01_18_Kbely_21-378x252.jpg 378w, https:\/\/foto.praha-19.ys-beta.cz\/app\/uploads\/2023\/02\/2023_01_18_Kbely_21-300x200.jpg 300w, https:\/\/foto.praha-19.ys-beta.cz\/app\/uploads\/2023\/02\/2023_01_18_Kbely_21-1024x683.jpg 1024w, https:\/\/foto.praha-19.ys-beta.cz\/app\/uploads\/2023\/02\/2023_01_18_Kbely_21-768x512.jpg 768w, https:\/\/foto.praha-19.ys-beta.cz\/app\/uploads\/2023\/02\/2023_01_18_Kbely_21-1536x1024.jpg 1536w, https:\/\/foto.praha-19.ys-beta.cz\/app\/uploads\/2023\/02\/2023_01_18_Kbely_21-1194x796.jpg 1194w, https:\/\/foto.praha-19.ys-beta.cz\/app\/uploads\/2023\/02\/2023_01_18_Kbely_21-582x388.jpg 582w, https:\/\/foto.praha-19.ys-beta.cz\/app\/uploads\/2023\/02\/2023_01_18_Kbely_21-276x184.jpg 276w, https:\/\/foto.praha-19.ys-beta.cz\/app\/uploads\/2023\/02\/2023_01_18_Kbely_21-675x450.jpg 675w, https:\/\/foto.praha-19.ys-beta.cz\/app\/uploads\/2023\/02\/2023_01_18_Kbely_21.jpg 1920w\" sizes=\"auto, (max-width: 378px) 100vw, 378px\" \/><\/a><\/div><div class='pinhole-item col-xs-12 col-lg-4 col-md-4 col-sm-6  '><a class=\"item-link\" href=\"https:\/\/foto.praha-19.ys-beta.cz\/app\/uploads\/2023\/02\/2023_01_18_Kbely_19.jpg\" data-caption=\"[]\" data-meta=\"[]\"  data-size=\"{&quot;width&quot;:1920,&quot;height&quot;:1280}\" data-download=\"[]\" data-filename=\"{&quot;name&quot;:&quot;&quot;}\"><img loading=\"lazy\" decoding=\"async\" width=\"378\" height=\"252\" src=\"https:\/\/foto.praha-19.ys-beta.cz\/app\/uploads\/2023\/02\/2023_01_18_Kbely_19-378x252.jpg\" class=\"attachment-pinhole-col-3 size-pinhole-col-3\" alt=\"\" srcset=\"https:\/\/foto.praha-19.ys-beta.cz\/app\/uploads\/2023\/02\/2023_01_18_Kbely_19-378x252.jpg 378w, https:\/\/foto.praha-19.ys-beta.cz\/app\/uploads\/2023\/02\/2023_01_18_Kbely_19-300x200.jpg 300w, https:\/\/foto.praha-19.ys-beta.cz\/app\/uploads\/2023\/02\/2023_01_18_Kbely_19-1024x683.jpg 1024w, https:\/\/foto.praha-19.ys-beta.cz\/app\/uploads\/2023\/02\/2023_01_18_Kbely_19-768x512.jpg 768w, https:\/\/foto.praha-19.ys-beta.cz\/app\/uploads\/2023\/02\/2023_01_18_Kbely_19-1536x1024.jpg 1536w, https:\/\/foto.praha-19.ys-beta.cz\/app\/uploads\/2023\/02\/2023_01_18_Kbely_19-1194x796.jpg 1194w, https:\/\/foto.praha-19.ys-beta.cz\/app\/uploads\/2023\/02\/2023_01_18_Kbely_19-582x388.jpg 582w, https:\/\/foto.praha-19.ys-beta.cz\/app\/uploads\/2023\/02\/2023_01_18_Kbely_19-276x184.jpg 276w, https:\/\/foto.praha-19.ys-beta.cz\/app\/uploads\/2023\/02\/2023_01_18_Kbely_19-675x450.jpg 675w, https:\/\/foto.praha-19.ys-beta.cz\/app\/uploads\/2023\/02\/2023_01_18_Kbely_19.jpg 1920w\" sizes=\"auto, (max-width: 378px) 100vw, 378px\" \/><\/a><\/div><div class='pinhole-item col-xs-12 col-lg-4 col-md-4 col-sm-6  '><a class=\"item-link\" href=\"https:\/\/foto.praha-19.ys-beta.cz\/app\/uploads\/2023\/02\/2023_01_18_Kbely_17.jpg\" data-caption=\"[]\" data-meta=\"[]\"  data-size=\"{&quot;width&quot;:1920,&quot;height&quot;:1280}\" data-download=\"[]\" data-filename=\"{&quot;name&quot;:&quot;&quot;}\"><img loading=\"lazy\" decoding=\"async\" width=\"378\" height=\"252\" src=\"https:\/\/foto.praha-19.ys-beta.cz\/app\/uploads\/2023\/02\/2023_01_18_Kbely_17-378x252.jpg\" class=\"attachment-pinhole-col-3 size-pinhole-col-3\" alt=\"\" srcset=\"https:\/\/foto.praha-19.ys-beta.cz\/app\/uploads\/2023\/02\/2023_01_18_Kbely_17-378x252.jpg 378w, https:\/\/foto.praha-19.ys-beta.cz\/app\/uploads\/2023\/02\/2023_01_18_Kbely_17-300x200.jpg 300w, https:\/\/foto.praha-19.ys-beta.cz\/app\/uploads\/2023\/02\/2023_01_18_Kbely_17-1024x683.jpg 1024w, https:\/\/foto.praha-19.ys-beta.cz\/app\/uploads\/2023\/02\/2023_01_18_Kbely_17-768x512.jpg 768w, https:\/\/foto.praha-19.ys-beta.cz\/app\/uploads\/2023\/02\/2023_01_18_Kbely_17-1536x1024.jpg 1536w, https:\/\/foto.praha-19.ys-beta.cz\/app\/uploads\/2023\/02\/2023_01_18_Kbely_17-1194x796.jpg 1194w, https:\/\/foto.praha-19.ys-beta.cz\/app\/uploads\/2023\/02\/2023_01_18_Kbely_17-582x388.jpg 582w, https:\/\/foto.praha-19.ys-beta.cz\/app\/uploads\/2023\/02\/2023_01_18_Kbely_17-276x184.jpg 276w, https:\/\/foto.praha-19.ys-beta.cz\/app\/uploads\/2023\/02\/2023_01_18_Kbely_17-675x450.jpg 675w, https:\/\/foto.praha-19.ys-beta.cz\/app\/uploads\/2023\/02\/2023_01_18_Kbely_17.jpg 1920w\" sizes=\"auto, (max-width: 378px) 100vw, 378px\" \/><\/a><\/div><div class='pinhole-item col-xs-12 col-lg-4 col-md-4 col-sm-6  '><a class=\"item-link\" href=\"https:\/\/foto.praha-19.ys-beta.cz\/app\/uploads\/2023\/02\/2023_01_18_Kbely_15.jpg\" data-caption=\"[]\" data-meta=\"[]\"  data-size=\"{&quot;width&quot;:1920,&quot;height&quot;:1280}\" data-download=\"[]\" data-filename=\"{&quot;name&quot;:&quot;&quot;}\"><img loading=\"lazy\" decoding=\"async\" width=\"378\" height=\"252\" src=\"https:\/\/foto.praha-19.ys-beta.cz\/app\/uploads\/2023\/02\/2023_01_18_Kbely_15-378x252.jpg\" class=\"attachment-pinhole-col-3 size-pinhole-col-3\" alt=\"\" srcset=\"https:\/\/foto.praha-19.ys-beta.cz\/app\/uploads\/2023\/02\/2023_01_18_Kbely_15-378x252.jpg 378w, https:\/\/foto.praha-19.ys-beta.cz\/app\/uploads\/2023\/02\/2023_01_18_Kbely_15-300x200.jpg 300w, https:\/\/foto.praha-19.ys-beta.cz\/app\/uploads\/2023\/02\/2023_01_18_Kbely_15-1024x683.jpg 1024w, https:\/\/foto.praha-19.ys-beta.cz\/app\/uploads\/2023\/02\/2023_01_18_Kbely_15-768x512.jpg 768w, https:\/\/foto.praha-19.ys-beta.cz\/app\/uploads\/2023\/02\/2023_01_18_Kbely_15-1536x1024.jpg 1536w, https:\/\/foto.praha-19.ys-beta.cz\/app\/uploads\/2023\/02\/2023_01_18_Kbely_15-1194x796.jpg 1194w, https:\/\/foto.praha-19.ys-beta.cz\/app\/uploads\/2023\/02\/2023_01_18_Kbely_15-582x388.jpg 582w, https:\/\/foto.praha-19.ys-beta.cz\/app\/uploads\/2023\/02\/2023_01_18_Kbely_15-276x184.jpg 276w, https:\/\/foto.praha-19.ys-beta.cz\/app\/uploads\/2023\/02\/2023_01_18_Kbely_15-675x450.jpg 675w, https:\/\/foto.praha-19.ys-beta.cz\/app\/uploads\/2023\/02\/2023_01_18_Kbely_15.jpg 1920w\" sizes=\"auto, (max-width: 378px) 100vw, 378px\" \/><\/a><\/div><div class='pinhole-item col-xs-12 col-lg-4 col-md-4 col-sm-6  '><a class=\"item-link\" href=\"https:\/\/foto.praha-19.ys-beta.cz\/app\/uploads\/2023\/02\/2023_01_18_Kbely_11.jpg\" data-caption=\"[]\" data-meta=\"[]\"  data-size=\"{&quot;width&quot;:1920,&quot;height&quot;:1280}\" data-download=\"[]\" data-filename=\"{&quot;name&quot;:&quot;&quot;}\"><img loading=\"lazy\" decoding=\"async\" width=\"378\" height=\"252\" src=\"https:\/\/foto.praha-19.ys-beta.cz\/app\/uploads\/2023\/02\/2023_01_18_Kbely_11-378x252.jpg\" class=\"attachment-pinhole-col-3 size-pinhole-col-3\" alt=\"\" srcset=\"https:\/\/foto.praha-19.ys-beta.cz\/app\/uploads\/2023\/02\/2023_01_18_Kbely_11-378x252.jpg 378w, https:\/\/foto.praha-19.ys-beta.cz\/app\/uploads\/2023\/02\/2023_01_18_Kbely_11-300x200.jpg 300w, https:\/\/foto.praha-19.ys-beta.cz\/app\/uploads\/2023\/02\/2023_01_18_Kbely_11-1024x683.jpg 1024w, https:\/\/foto.praha-19.ys-beta.cz\/app\/uploads\/2023\/02\/2023_01_18_Kbely_11-768x512.jpg 768w, https:\/\/foto.praha-19.ys-beta.cz\/app\/uploads\/2023\/02\/2023_01_18_Kbely_11-1536x1024.jpg 1536w, https:\/\/foto.praha-19.ys-beta.cz\/app\/uploads\/2023\/02\/2023_01_18_Kbely_11-1194x796.jpg 1194w, https:\/\/foto.praha-19.ys-beta.cz\/app\/uploads\/2023\/02\/2023_01_18_Kbely_11-582x388.jpg 582w, https:\/\/foto.praha-19.ys-beta.cz\/app\/uploads\/2023\/02\/2023_01_18_Kbely_11-276x184.jpg 276w, https:\/\/foto.praha-19.ys-beta.cz\/app\/uploads\/2023\/02\/2023_01_18_Kbely_11-675x450.jpg 675w, https:\/\/foto.praha-19.ys-beta.cz\/app\/uploads\/2023\/02\/2023_01_18_Kbely_11.jpg 1920w\" sizes=\"auto, (max-width: 378px) 100vw, 378px\" \/><\/a><\/div><div class='pinhole-item col-xs-12 col-lg-4 col-md-4 col-sm-6  '><a class=\"item-link\" href=\"https:\/\/foto.praha-19.ys-beta.cz\/app\/uploads\/2023\/02\/2023_01_18_Kbely_8.jpg\" data-caption=\"[]\" data-meta=\"[]\"  data-size=\"{&quot;width&quot;:1920,&quot;height&quot;:1280}\" data-download=\"[]\" data-filename=\"{&quot;name&quot;:&quot;&quot;}\"><img loading=\"lazy\" decoding=\"async\" width=\"378\" height=\"252\" src=\"https:\/\/foto.praha-19.ys-beta.cz\/app\/uploads\/2023\/02\/2023_01_18_Kbely_8-378x252.jpg\" class=\"attachment-pinhole-col-3 size-pinhole-col-3\" alt=\"\" srcset=\"https:\/\/foto.praha-19.ys-beta.cz\/app\/uploads\/2023\/02\/2023_01_18_Kbely_8-378x252.jpg 378w, https:\/\/foto.praha-19.ys-beta.cz\/app\/uploads\/2023\/02\/2023_01_18_Kbely_8-300x200.jpg 300w, https:\/\/foto.praha-19.ys-beta.cz\/app\/uploads\/2023\/02\/2023_01_18_Kbely_8-1024x683.jpg 1024w, https:\/\/foto.praha-19.ys-beta.cz\/app\/uploads\/2023\/02\/2023_01_18_Kbely_8-768x512.jpg 768w, https:\/\/foto.praha-19.ys-beta.cz\/app\/uploads\/2023\/02\/2023_01_18_Kbely_8-1536x1024.jpg 1536w, https:\/\/foto.praha-19.ys-beta.cz\/app\/uploads\/2023\/02\/2023_01_18_Kbely_8-1194x796.jpg 1194w, https:\/\/foto.praha-19.ys-beta.cz\/app\/uploads\/2023\/02\/2023_01_18_Kbely_8-582x388.jpg 582w, https:\/\/foto.praha-19.ys-beta.cz\/app\/uploads\/2023\/02\/2023_01_18_Kbely_8-276x184.jpg 276w, https:\/\/foto.praha-19.ys-beta.cz\/app\/uploads\/2023\/02\/2023_01_18_Kbely_8-675x450.jpg 675w, https:\/\/foto.praha-19.ys-beta.cz\/app\/uploads\/2023\/02\/2023_01_18_Kbely_8.jpg 1920w\" sizes=\"auto, (max-width: 378px) 100vw, 378px\" \/><\/a><\/div><div class='pinhole-item col-xs-12 col-lg-4 col-md-4 col-sm-6  '><a class=\"item-link\" href=\"https:\/\/foto.praha-19.ys-beta.cz\/app\/uploads\/2023\/02\/2023_01_18_Kbely_6.jpg\" data-caption=\"[]\" data-meta=\"[]\"  data-size=\"{&quot;width&quot;:1920,&quot;height&quot;:1280}\" data-download=\"[]\" data-filename=\"{&quot;name&quot;:&quot;&quot;}\"><img loading=\"lazy\" decoding=\"async\" width=\"378\" height=\"252\" src=\"https:\/\/foto.praha-19.ys-beta.cz\/app\/uploads\/2023\/02\/2023_01_18_Kbely_6-378x252.jpg\" class=\"attachment-pinhole-col-3 size-pinhole-col-3\" alt=\"\" srcset=\"https:\/\/foto.praha-19.ys-beta.cz\/app\/uploads\/2023\/02\/2023_01_18_Kbely_6-378x252.jpg 378w, https:\/\/foto.praha-19.ys-beta.cz\/app\/uploads\/2023\/02\/2023_01_18_Kbely_6-300x200.jpg 300w, https:\/\/foto.praha-19.ys-beta.cz\/app\/uploads\/2023\/02\/2023_01_18_Kbely_6-1024x683.jpg 1024w, https:\/\/foto.praha-19.ys-beta.cz\/app\/uploads\/2023\/02\/2023_01_18_Kbely_6-768x512.jpg 768w, https:\/\/foto.praha-19.ys-beta.cz\/app\/uploads\/2023\/02\/2023_01_18_Kbely_6-1536x1024.jpg 1536w, https:\/\/foto.praha-19.ys-beta.cz\/app\/uploads\/2023\/02\/2023_01_18_Kbely_6-1194x796.jpg 1194w, https:\/\/foto.praha-19.ys-beta.cz\/app\/uploads\/2023\/02\/2023_01_18_Kbely_6-582x388.jpg 582w, https:\/\/foto.praha-19.ys-beta.cz\/app\/uploads\/2023\/02\/2023_01_18_Kbely_6-276x184.jpg 276w, https:\/\/foto.praha-19.ys-beta.cz\/app\/uploads\/2023\/02\/2023_01_18_Kbely_6-675x450.jpg 675w, https:\/\/foto.praha-19.ys-beta.cz\/app\/uploads\/2023\/02\/2023_01_18_Kbely_6.jpg 1920w\" sizes=\"auto, (max-width: 378px) 100vw, 378px\" \/><\/a><\/div><div class='pinhole-item col-xs-12 col-lg-4 col-md-4 col-sm-6  '><a class=\"item-link\" href=\"https:\/\/foto.praha-19.ys-beta.cz\/app\/uploads\/2023\/02\/2023_01_18_Kbely_2.jpg\" data-caption=\"[]\" data-meta=\"[]\"  data-size=\"{&quot;width&quot;:1920,&quot;height&quot;:1280}\" data-download=\"[]\" data-filename=\"{&quot;name&quot;:&quot;&quot;}\"><img loading=\"lazy\" decoding=\"async\" width=\"378\" height=\"252\" src=\"https:\/\/foto.praha-19.ys-beta.cz\/app\/uploads\/2023\/02\/2023_01_18_Kbely_2-378x252.jpg\" class=\"attachment-pinhole-col-3 size-pinhole-col-3\" alt=\"\" srcset=\"https:\/\/foto.praha-19.ys-beta.cz\/app\/uploads\/2023\/02\/2023_01_18_Kbely_2-378x252.jpg 378w, https:\/\/foto.praha-19.ys-beta.cz\/app\/uploads\/2023\/02\/2023_01_18_Kbely_2-300x200.jpg 300w, https:\/\/foto.praha-19.ys-beta.cz\/app\/uploads\/2023\/02\/2023_01_18_Kbely_2-1024x683.jpg 1024w, https:\/\/foto.praha-19.ys-beta.cz\/app\/uploads\/2023\/02\/2023_01_18_Kbely_2-768x512.jpg 768w, https:\/\/foto.praha-19.ys-beta.cz\/app\/uploads\/2023\/02\/2023_01_18_Kbely_2-1536x1024.jpg 1536w, https:\/\/foto.praha-19.ys-beta.cz\/app\/uploads\/2023\/02\/2023_01_18_Kbely_2-1194x796.jpg 1194w, https:\/\/foto.praha-19.ys-beta.cz\/app\/uploads\/2023\/02\/2023_01_18_Kbely_2-582x388.jpg 582w, https:\/\/foto.praha-19.ys-beta.cz\/app\/uploads\/2023\/02\/2023_01_18_Kbely_2-276x184.jpg 276w, https:\/\/foto.praha-19.ys-beta.cz\/app\/uploads\/2023\/02\/2023_01_18_Kbely_2-675x450.jpg 675w, https:\/\/foto.praha-19.ys-beta.cz\/app\/uploads\/2023\/02\/2023_01_18_Kbely_2.jpg 1920w\" sizes=\"auto, (max-width: 378px) 100vw, 378px\" \/><\/a><\/div><div class='pinhole-item col-xs-12 col-lg-4 col-md-4 col-sm-6  '><a class=\"item-link\" href=\"https:\/\/foto.praha-19.ys-beta.cz\/app\/uploads\/2023\/02\/2023_01_18_Kbely_0a.jpg\" data-caption=\"[]\" data-meta=\"[]\"  data-size=\"{&quot;width&quot;:1920,&quot;height&quot;:1280}\" data-download=\"[]\" data-filename=\"{&quot;name&quot;:&quot;&quot;}\"><img loading=\"lazy\" decoding=\"async\" width=\"378\" height=\"252\" src=\"https:\/\/foto.praha-19.ys-beta.cz\/app\/uploads\/2023\/02\/2023_01_18_Kbely_0a-378x252.jpg\" class=\"attachment-pinhole-col-3 size-pinhole-col-3\" alt=\"\" srcset=\"https:\/\/foto.praha-19.ys-beta.cz\/app\/uploads\/2023\/02\/2023_01_18_Kbely_0a-378x252.jpg 378w, https:\/\/foto.praha-19.ys-beta.cz\/app\/uploads\/2023\/02\/2023_01_18_Kbely_0a-300x200.jpg 300w, https:\/\/foto.praha-19.ys-beta.cz\/app\/uploads\/2023\/02\/2023_01_18_Kbely_0a-1024x683.jpg 1024w, https:\/\/foto.praha-19.ys-beta.cz\/app\/uploads\/2023\/02\/2023_01_18_Kbely_0a-768x512.jpg 768w, https:\/\/foto.praha-19.ys-beta.cz\/app\/uploads\/2023\/02\/2023_01_18_Kbely_0a-1536x1024.jpg 1536w, https:\/\/foto.praha-19.ys-beta.cz\/app\/uploads\/2023\/02\/2023_01_18_Kbely_0a-1194x796.jpg 1194w, https:\/\/foto.praha-19.ys-beta.cz\/app\/uploads\/2023\/02\/2023_01_18_Kbely_0a-582x388.jpg 582w, https:\/\/foto.praha-19.ys-beta.cz\/app\/uploads\/2023\/02\/2023_01_18_Kbely_0a-276x184.jpg 276w, https:\/\/foto.praha-19.ys-beta.cz\/app\/uploads\/2023\/02\/2023_01_18_Kbely_0a-675x450.jpg 675w, https:\/\/foto.praha-19.ys-beta.cz\/app\/uploads\/2023\/02\/2023_01_18_Kbely_0a.jpg 1920w\" sizes=\"auto, (max-width: 378px) 100vw, 378px\" \/><\/a><\/div><div class='pinhole-item col-xs-12 col-lg-4 col-md-4 col-sm-6  '><a class=\"item-link\" href=\"https:\/\/foto.praha-19.ys-beta.cz\/app\/uploads\/2023\/02\/2023_01_18_Kbely_28.jpg\" data-caption=\"[]\" data-meta=\"[]\"  data-size=\"{&quot;width&quot;:1920,&quot;height&quot;:1280}\" data-download=\"[]\" data-filename=\"{&quot;name&quot;:&quot;&quot;}\"><img loading=\"lazy\" decoding=\"async\" width=\"378\" height=\"252\" src=\"https:\/\/foto.praha-19.ys-beta.cz\/app\/uploads\/2023\/02\/2023_01_18_Kbely_28-378x252.jpg\" class=\"attachment-pinhole-col-3 size-pinhole-col-3\" alt=\"\" srcset=\"https:\/\/foto.praha-19.ys-beta.cz\/app\/uploads\/2023\/02\/2023_01_18_Kbely_28-378x252.jpg 378w, https:\/\/foto.praha-19.ys-beta.cz\/app\/uploads\/2023\/02\/2023_01_18_Kbely_28-300x200.jpg 300w, https:\/\/foto.praha-19.ys-beta.cz\/app\/uploads\/2023\/02\/2023_01_18_Kbely_28-1024x683.jpg 1024w, https:\/\/foto.praha-19.ys-beta.cz\/app\/uploads\/2023\/02\/2023_01_18_Kbely_28-768x512.jpg 768w, https:\/\/foto.praha-19.ys-beta.cz\/app\/uploads\/2023\/02\/2023_01_18_Kbely_28-1536x1024.jpg 1536w, https:\/\/foto.praha-19.ys-beta.cz\/app\/uploads\/2023\/02\/2023_01_18_Kbely_28-1194x796.jpg 1194w, https:\/\/foto.praha-19.ys-beta.cz\/app\/uploads\/2023\/02\/2023_01_18_Kbely_28-582x388.jpg 582w, https:\/\/foto.praha-19.ys-beta.cz\/app\/uploads\/2023\/02\/2023_01_18_Kbely_28-276x184.jpg 276w, https:\/\/foto.praha-19.ys-beta.cz\/app\/uploads\/2023\/02\/2023_01_18_Kbely_28-675x450.jpg 675w, https:\/\/foto.praha-19.ys-beta.cz\/app\/uploads\/2023\/02\/2023_01_18_Kbely_28.jpg 1920w\" sizes=\"auto, (max-width: 378px) 100vw, 378px\" \/><\/a><\/div>\n\t\t<\/div>\n","protected":false},"excerpt":{"rendered":"<p>Nev\u0161edn\u00ed vypr\u00e1v\u011bn\u00ed Ivana St\u00e1rka z jeho cest do netradi\u010dn\u00edch kout\u016f na\u0161\u00ed planety bylo v knihovn\u011b p\u0159ipraveno na st\u0159edu 18. 1. 2023. \u00da\u010dastn\u00edk\u016fm besedy se naskytla v\u00fdjime\u010dn\u00e1 p\u0159\u00edle\u017eitost nechat se, prost\u0159ednictv\u00edm kr\u00e1sn\u00fdch fotografi\u00ed a poutav\u00e9ho vypr\u00e1v\u011bn\u00ed, nejprve zav\u00e9st a\u017e na Severn\u00ed p\u00f3l, kam se skute\u010dn\u011b b\u011b\u017en\u00fd cestovatel tak snadno nedostane. V\u00fdborn\u011b zpracovan\u00e1 prezentace cel\u00e9 v\u00fdpravy, kter\u00e1 [&hellip;]<\/p>\n","protected":false},"author":7,"featured_media":7809,"parent":7798,"menu_order":90,"comment_status":"closed","ping_status":"closed","template":"template-galleries.php","meta":{"footnotes":""},"class_list":["post-7806","page","type-page","status-publish","has-post-thumbnail","hentry"],"yoast_head":"<!-- This site is optimized with the Yoast SEO plugin v27.2 - https:\/\/yoast.com\/product\/yoast-seo-wordpress\/ -->\n<title>Vypr\u00e1v\u011bn\u00ed Ivana St\u00e1rka z jeho cest - Fotogalerie - Praha 19<\/title>\n<meta name=\"robots\" content=\"noindex, follow, max-snippet:-1, max-image-preview:large, max-video-preview:-1\" \/>\n<meta property=\"og:locale\" content=\"cs_CZ\" \/>\n<meta property=\"og:type\" content=\"article\" \/>\n<meta property=\"og:title\" content=\"Vypr\u00e1v\u011bn\u00ed Ivana St\u00e1rka z jeho cest - Fotogalerie - Praha 19\" \/>\n<meta property=\"og:description\" content=\"Nev\u0161edn\u00ed vypr\u00e1v\u011bn\u00ed Ivana St\u00e1rka z jeho cest do netradi\u010dn\u00edch kout\u016f na\u0161\u00ed planety bylo v knihovn\u011b p\u0159ipraveno na st\u0159edu 18. 1. 2023. \u00da\u010dastn\u00edk\u016fm besedy se naskytla v\u00fdjime\u010dn\u00e1 p\u0159\u00edle\u017eitost nechat se, prost\u0159ednictv\u00edm kr\u00e1sn\u00fdch fotografi\u00ed a poutav\u00e9ho vypr\u00e1v\u011bn\u00ed, nejprve zav\u00e9st a\u017e na Severn\u00ed p\u00f3l, kam se skute\u010dn\u011b b\u011b\u017en\u00fd cestovatel tak snadno nedostane. V\u00fdborn\u011b zpracovan\u00e1 prezentace cel\u00e9 v\u00fdpravy, kter\u00e1 [&hellip;]\" \/>\n<meta property=\"og:url\" content=\"https:\/\/foto.praha-19.ys-beta.cz\/index.php\/rok-2023\/vypraveni-ivana-starka-z-jeho-cest\/\" \/>\n<meta property=\"og:site_name\" content=\"Fotogalerie - Praha 19\" \/>\n<meta property=\"article:modified_time\" content=\"2023-04-04T10:53:58+00:00\" \/>\n<meta property=\"og:image\" content=\"https:\/\/foto.praha-19.ys-beta.cz\/app\/uploads\/2023\/02\/2023_01_18_Kbely_0.jpg\" \/>\n\t<meta property=\"og:image:width\" content=\"1920\" \/>\n\t<meta property=\"og:image:height\" content=\"1280\" \/>\n\t<meta property=\"og:image:type\" content=\"image\/jpeg\" \/>\n<meta name=\"twitter:card\" content=\"summary_large_image\" \/>\n<meta name=\"twitter:label1\" content=\"Est. reading time\" \/>\n\t<meta name=\"twitter:data1\" content=\"4 minuty\" \/>\n<script type=\"application\/ld+json\" class=\"yoast-schema-graph\">{\"@context\":\"https:\/\/schema.org\",\"@graph\":[{\"@type\":\"WebPage\",\"@id\":\"https:\/\/foto.praha-19.ys-beta.cz\/index.php\/rok-2023\/vypraveni-ivana-starka-z-jeho-cest\/\",\"url\":\"https:\/\/foto.praha-19.ys-beta.cz\/index.php\/rok-2023\/vypraveni-ivana-starka-z-jeho-cest\/\",\"name\":\"Vypr\u00e1v\u011bn\u00ed Ivana St\u00e1rka z jeho cest - Fotogalerie - Praha 19\",\"isPartOf\":{\"@id\":\"https:\/\/foto.praha-19.ys-beta.cz\/#website\"},\"primaryImageOfPage\":{\"@id\":\"https:\/\/foto.praha-19.ys-beta.cz\/index.php\/rok-2023\/vypraveni-ivana-starka-z-jeho-cest\/#primaryimage\"},\"image\":{\"@id\":\"https:\/\/foto.praha-19.ys-beta.cz\/index.php\/rok-2023\/vypraveni-ivana-starka-z-jeho-cest\/#primaryimage\"},\"thumbnailUrl\":\"https:\/\/foto.praha-19.ys-beta.cz\/app\/uploads\/2023\/02\/2023_01_18_Kbely_0.jpg\",\"datePublished\":\"2023-01-18T11:10:00+00:00\",\"dateModified\":\"2023-04-04T10:53:58+00:00\",\"breadcrumb\":{\"@id\":\"https:\/\/foto.praha-19.ys-beta.cz\/index.php\/rok-2023\/vypraveni-ivana-starka-z-jeho-cest\/#breadcrumb\"},\"inLanguage\":\"cs\",\"potentialAction\":[{\"@type\":\"ReadAction\",\"target\":[\"https:\/\/foto.praha-19.ys-beta.cz\/index.php\/rok-2023\/vypraveni-ivana-starka-z-jeho-cest\/\"]}]},{\"@type\":\"ImageObject\",\"inLanguage\":\"cs\",\"@id\":\"https:\/\/foto.praha-19.ys-beta.cz\/index.php\/rok-2023\/vypraveni-ivana-starka-z-jeho-cest\/#primaryimage\",\"url\":\"https:\/\/foto.praha-19.ys-beta.cz\/app\/uploads\/2023\/02\/2023_01_18_Kbely_0.jpg\",\"contentUrl\":\"https:\/\/foto.praha-19.ys-beta.cz\/app\/uploads\/2023\/02\/2023_01_18_Kbely_0.jpg\",\"width\":1920,\"height\":1280},{\"@type\":\"BreadcrumbList\",\"@id\":\"https:\/\/foto.praha-19.ys-beta.cz\/index.php\/rok-2023\/vypraveni-ivana-starka-z-jeho-cest\/#breadcrumb\",\"itemListElement\":[{\"@type\":\"ListItem\",\"position\":1,\"name\":\"Home\",\"item\":\"https:\/\/foto.praha-19.ys-beta.cz\/\"},{\"@type\":\"ListItem\",\"position\":2,\"name\":\"Rok 2023\",\"item\":\"https:\/\/foto.praha-19.ys-beta.cz\/index.php\/rok-2023\/\"},{\"@type\":\"ListItem\",\"position\":3,\"name\":\"Vypr\u00e1v\u011bn\u00ed Ivana St\u00e1rka z jeho cest\"}]},{\"@type\":\"WebSite\",\"@id\":\"https:\/\/foto.praha-19.ys-beta.cz\/#website\",\"url\":\"https:\/\/foto.praha-19.ys-beta.cz\/\",\"name\":\"Fotogalerie - Praha 19\",\"description\":\"Fotogalerie m\u011bstsk\u00e9 \u010d\u00e1sti Praha 19\",\"potentialAction\":[{\"@type\":\"SearchAction\",\"target\":{\"@type\":\"EntryPoint\",\"urlTemplate\":\"https:\/\/foto.praha-19.ys-beta.cz\/?s={search_term_string}\"},\"query-input\":{\"@type\":\"PropertyValueSpecification\",\"valueRequired\":true,\"valueName\":\"search_term_string\"}}],\"inLanguage\":\"cs\"}]}<\/script>\n<!-- \/ Yoast SEO plugin. -->","yoast_head_json":{"title":"Vypr\u00e1v\u011bn\u00ed Ivana St\u00e1rka z jeho cest - Fotogalerie - Praha 19","robots":{"index":"noindex","follow":"follow","max-snippet":"max-snippet:-1","max-image-preview":"max-image-preview:large","max-video-preview":"max-video-preview:-1"},"og_locale":"cs_CZ","og_type":"article","og_title":"Vypr\u00e1v\u011bn\u00ed Ivana St\u00e1rka z jeho cest - Fotogalerie - Praha 19","og_description":"Nev\u0161edn\u00ed vypr\u00e1v\u011bn\u00ed Ivana St\u00e1rka z jeho cest do netradi\u010dn\u00edch kout\u016f na\u0161\u00ed planety bylo v knihovn\u011b p\u0159ipraveno na st\u0159edu 18. 1. 2023. \u00da\u010dastn\u00edk\u016fm besedy se naskytla v\u00fdjime\u010dn\u00e1 p\u0159\u00edle\u017eitost nechat se, prost\u0159ednictv\u00edm kr\u00e1sn\u00fdch fotografi\u00ed a poutav\u00e9ho vypr\u00e1v\u011bn\u00ed, nejprve zav\u00e9st a\u017e na Severn\u00ed p\u00f3l, kam se skute\u010dn\u011b b\u011b\u017en\u00fd cestovatel tak snadno nedostane. V\u00fdborn\u011b zpracovan\u00e1 prezentace cel\u00e9 v\u00fdpravy, kter\u00e1 [&hellip;]","og_url":"https:\/\/foto.praha-19.ys-beta.cz\/index.php\/rok-2023\/vypraveni-ivana-starka-z-jeho-cest\/","og_site_name":"Fotogalerie - Praha 19","article_modified_time":"2023-04-04T10:53:58+00:00","og_image":[{"width":1920,"height":1280,"url":"https:\/\/foto.praha-19.ys-beta.cz\/app\/uploads\/2023\/02\/2023_01_18_Kbely_0.jpg","type":"image\/jpeg"}],"twitter_card":"summary_large_image","twitter_misc":{"Est. reading time":"4 minuty"},"schema":{"@context":"https:\/\/schema.org","@graph":[{"@type":"WebPage","@id":"https:\/\/foto.praha-19.ys-beta.cz\/index.php\/rok-2023\/vypraveni-ivana-starka-z-jeho-cest\/","url":"https:\/\/foto.praha-19.ys-beta.cz\/index.php\/rok-2023\/vypraveni-ivana-starka-z-jeho-cest\/","name":"Vypr\u00e1v\u011bn\u00ed Ivana St\u00e1rka z jeho cest - Fotogalerie - Praha 19","isPartOf":{"@id":"https:\/\/foto.praha-19.ys-beta.cz\/#website"},"primaryImageOfPage":{"@id":"https:\/\/foto.praha-19.ys-beta.cz\/index.php\/rok-2023\/vypraveni-ivana-starka-z-jeho-cest\/#primaryimage"},"image":{"@id":"https:\/\/foto.praha-19.ys-beta.cz\/index.php\/rok-2023\/vypraveni-ivana-starka-z-jeho-cest\/#primaryimage"},"thumbnailUrl":"https:\/\/foto.praha-19.ys-beta.cz\/app\/uploads\/2023\/02\/2023_01_18_Kbely_0.jpg","datePublished":"2023-01-18T11:10:00+00:00","dateModified":"2023-04-04T10:53:58+00:00","breadcrumb":{"@id":"https:\/\/foto.praha-19.ys-beta.cz\/index.php\/rok-2023\/vypraveni-ivana-starka-z-jeho-cest\/#breadcrumb"},"inLanguage":"cs","potentialAction":[{"@type":"ReadAction","target":["https:\/\/foto.praha-19.ys-beta.cz\/index.php\/rok-2023\/vypraveni-ivana-starka-z-jeho-cest\/"]}]},{"@type":"ImageObject","inLanguage":"cs","@id":"https:\/\/foto.praha-19.ys-beta.cz\/index.php\/rok-2023\/vypraveni-ivana-starka-z-jeho-cest\/#primaryimage","url":"https:\/\/foto.praha-19.ys-beta.cz\/app\/uploads\/2023\/02\/2023_01_18_Kbely_0.jpg","contentUrl":"https:\/\/foto.praha-19.ys-beta.cz\/app\/uploads\/2023\/02\/2023_01_18_Kbely_0.jpg","width":1920,"height":1280},{"@type":"BreadcrumbList","@id":"https:\/\/foto.praha-19.ys-beta.cz\/index.php\/rok-2023\/vypraveni-ivana-starka-z-jeho-cest\/#breadcrumb","itemListElement":[{"@type":"ListItem","position":1,"name":"Home","item":"https:\/\/foto.praha-19.ys-beta.cz\/"},{"@type":"ListItem","position":2,"name":"Rok 2023","item":"https:\/\/foto.praha-19.ys-beta.cz\/index.php\/rok-2023\/"},{"@type":"ListItem","position":3,"name":"Vypr\u00e1v\u011bn\u00ed Ivana St\u00e1rka z jeho cest"}]},{"@type":"WebSite","@id":"https:\/\/foto.praha-19.ys-beta.cz\/#website","url":"https:\/\/foto.praha-19.ys-beta.cz\/","name":"Fotogalerie - Praha 19","description":"Fotogalerie m\u011bstsk\u00e9 \u010d\u00e1sti Praha 19","potentialAction":[{"@type":"SearchAction","target":{"@type":"EntryPoint","urlTemplate":"https:\/\/foto.praha-19.ys-beta.cz\/?s={search_term_string}"},"query-input":{"@type":"PropertyValueSpecification","valueRequired":true,"valueName":"search_term_string"}}],"inLanguage":"cs"}]}},"_links":{"self":[{"href":"https:\/\/foto.praha-19.ys-beta.cz\/index.php\/wp-json\/wp\/v2\/pages\/7806","targetHints":{"allow":["GET"]}}],"collection":[{"href":"https:\/\/foto.praha-19.ys-beta.cz\/index.php\/wp-json\/wp\/v2\/pages"}],"about":[{"href":"https:\/\/foto.praha-19.ys-beta.cz\/index.php\/wp-json\/wp\/v2\/types\/page"}],"author":[{"embeddable":true,"href":"https:\/\/foto.praha-19.ys-beta.cz\/index.php\/wp-json\/wp\/v2\/users\/7"}],"replies":[{"embeddable":true,"href":"https:\/\/foto.praha-19.ys-beta.cz\/index.php\/wp-json\/wp\/v2\/comments?post=7806"}],"version-history":[{"count":2,"href":"https:\/\/foto.praha-19.ys-beta.cz\/index.php\/wp-json\/wp\/v2\/pages\/7806\/revisions"}],"predecessor-version":[{"id":7821,"href":"https:\/\/foto.praha-19.ys-beta.cz\/index.php\/wp-json\/wp\/v2\/pages\/7806\/revisions\/7821"}],"up":[{"embeddable":true,"href":"https:\/\/foto.praha-19.ys-beta.cz\/index.php\/wp-json\/wp\/v2\/pages\/7798"}],"wp:featuredmedia":[{"embeddable":true,"href":"https:\/\/foto.praha-19.ys-beta.cz\/index.php\/wp-json\/wp\/v2\/media\/7809"}],"wp:attachment":[{"href":"https:\/\/foto.praha-19.ys-beta.cz\/index.php\/wp-json\/wp\/v2\/media?parent=7806"}],"curies":[{"name":"wp","href":"https:\/\/api.w.org\/{rel}","templated":true}]}}