{"id":3365,"date":"2021-09-16T13:23:00","date_gmt":"2021-09-16T11:23:00","guid":{"rendered":"https:\/\/foto.praha-19.ys-beta.cz\/?page_id=3365"},"modified":"2022-11-24T15:08:35","modified_gmt":"2022-11-24T13:08:35","slug":"snidane-na-perone","status":"publish","type":"page","link":"https:\/\/foto.praha-19.ys-beta.cz\/index.php\/rok-2021\/snidane-na-perone\/","title":{"rendered":"Sn\u00eddan\u011b na per\u00f3n\u011b"},"content":{"rendered":"\n<p>16. z\u00e1\u0159\u00ed 2021 &#8211; Vlakov\u00e1 zast\u00e1vka Praha-Kbely<\/p>\n\n\n\n<pre class=\"wp-block-verse\">Leto\u0161n\u00ed Sn\u00eddan\u011b na per\u00f3n\u011b byla op\u011bt zam\u011b\u0159ena na informace o aktu\u00e1ln\u00edch projektech kolem \u017eeleznice. Cestuj\u00edc\u00ed byli informov\u00e1ni o p\u0159\u00edprav\u011b nov\u00e9 zast\u00e1vky Rajsk\u00e1 Zahrada s p\u0159estupem na metro B, autobusy a v budoucnu snad i tramvaj. Dal\u0161\u00edm bodem byla p\u0159\u00edprava nov\u00fdch zast\u00e1vek na \u017eelezni\u010dn\u00ed trati \u010d. 070. V roce 2022 by m\u011bly b\u00fdt zprovozn\u011bny \u017eelezni\u010dn\u00ed zast\u00e1vky \u201ePraha-Rajsk\u00e1 Zahrada\u201c, \u201ePraha-\u010cakovice, severn\u00ed n\u00e1stupi\u0161t\u011b\u201c a \u201ePraha-\u010cakovice, z\u00e1meck\u00fd park\u201c.\nCestuj\u00edc\u00ed zaujaly i p\u0159ipravovan\u00e9 dr\u00e1\u017en\u00ed stezky, kter\u00e9 umo\u017en\u00ed zelen\u00e9 koridory \u017eelezni\u010dn\u00edch trat\u00ed vyu\u017e\u00edt pro chodce a cyklisty bez st\u0159etu s automobilovou dopravou. Koridory \u017eelezni\u010dn\u00edch trat\u00ed maj\u00ed m\u00edrn\u00e9 stoup\u00e1n\u00ed i kles\u00e1n\u00ed, tak\u017ee jsou vhodn\u00e9 pro budov\u00e1n\u00ed stezek pro cyklisty v kopcovit\u00e9m pra\u017esk\u00e9m ter\u00e9nu.\nOrganizaci Sn\u00eddan\u011b na n\u00e1dra\u017e\u00edch ve Kbel\u00edch, \u010cakovic\u00edch, Satalic\u00edch a Kyj\u00edch podpo\u0159ilo hlavn\u00ed m\u011bsto Praha, kter\u00e9 ostatn\u011b finan\u010dn\u011b podporuje i prezentovan\u00e9 projekty.\n\nMichal Marel, foto \u00daM\u010c Praha 19\n\n<\/pre>\n\n\n<div class='pinhole-gallery pinhole-masonry pinhole-popup items-hidden  clearfix row'><div class='pinhole-item col-xs-12 col-lg-4 col-md-4 col-sm-6  '><a class=\"item-link\" href=\"https:\/\/foto.praha-19.ys-beta.cz\/app\/uploads\/2022\/11\/2021_09_16_Kbely54.jpg\" data-caption=\"[]\" data-meta=\"[]\"  data-size=\"{&quot;width&quot;:1920,&quot;height&quot;:1280}\" data-download=\"[]\" data-filename=\"{&quot;name&quot;:&quot;&quot;}\"><img loading=\"lazy\" decoding=\"async\" width=\"378\" height=\"252\" src=\"https:\/\/foto.praha-19.ys-beta.cz\/app\/uploads\/2022\/11\/2021_09_16_Kbely54-378x252.jpg\" class=\"attachment-pinhole-col-3 size-pinhole-col-3\" alt=\"\" srcset=\"https:\/\/foto.praha-19.ys-beta.cz\/app\/uploads\/2022\/11\/2021_09_16_Kbely54-378x252.jpg 378w, https:\/\/foto.praha-19.ys-beta.cz\/app\/uploads\/2022\/11\/2021_09_16_Kbely54-300x200.jpg 300w, https:\/\/foto.praha-19.ys-beta.cz\/app\/uploads\/2022\/11\/2021_09_16_Kbely54-1024x683.jpg 1024w, https:\/\/foto.praha-19.ys-beta.cz\/app\/uploads\/2022\/11\/2021_09_16_Kbely54-768x512.jpg 768w, https:\/\/foto.praha-19.ys-beta.cz\/app\/uploads\/2022\/11\/2021_09_16_Kbely54-1536x1024.jpg 1536w, https:\/\/foto.praha-19.ys-beta.cz\/app\/uploads\/2022\/11\/2021_09_16_Kbely54-1194x796.jpg 1194w, https:\/\/foto.praha-19.ys-beta.cz\/app\/uploads\/2022\/11\/2021_09_16_Kbely54-582x388.jpg 582w, https:\/\/foto.praha-19.ys-beta.cz\/app\/uploads\/2022\/11\/2021_09_16_Kbely54-276x184.jpg 276w, https:\/\/foto.praha-19.ys-beta.cz\/app\/uploads\/2022\/11\/2021_09_16_Kbely54-675x450.jpg 675w, https:\/\/foto.praha-19.ys-beta.cz\/app\/uploads\/2022\/11\/2021_09_16_Kbely54.jpg 1920w\" sizes=\"auto, (max-width: 378px) 100vw, 378px\" \/><\/a><\/div><div class='pinhole-item col-xs-12 col-lg-4 col-md-4 col-sm-6  '><a class=\"item-link\" href=\"https:\/\/foto.praha-19.ys-beta.cz\/app\/uploads\/2022\/11\/2021_09_16_Kbely51.jpg\" data-caption=\"[]\" data-meta=\"[]\"  data-size=\"{&quot;width&quot;:1920,&quot;height&quot;:1280}\" data-download=\"[]\" data-filename=\"{&quot;name&quot;:&quot;&quot;}\"><img loading=\"lazy\" decoding=\"async\" width=\"378\" height=\"252\" src=\"https:\/\/foto.praha-19.ys-beta.cz\/app\/uploads\/2022\/11\/2021_09_16_Kbely51-378x252.jpg\" class=\"attachment-pinhole-col-3 size-pinhole-col-3\" alt=\"\" srcset=\"https:\/\/foto.praha-19.ys-beta.cz\/app\/uploads\/2022\/11\/2021_09_16_Kbely51-378x252.jpg 378w, https:\/\/foto.praha-19.ys-beta.cz\/app\/uploads\/2022\/11\/2021_09_16_Kbely51-300x200.jpg 300w, https:\/\/foto.praha-19.ys-beta.cz\/app\/uploads\/2022\/11\/2021_09_16_Kbely51-1024x683.jpg 1024w, https:\/\/foto.praha-19.ys-beta.cz\/app\/uploads\/2022\/11\/2021_09_16_Kbely51-768x512.jpg 768w, https:\/\/foto.praha-19.ys-beta.cz\/app\/uploads\/2022\/11\/2021_09_16_Kbely51-1536x1024.jpg 1536w, https:\/\/foto.praha-19.ys-beta.cz\/app\/uploads\/2022\/11\/2021_09_16_Kbely51-1194x796.jpg 1194w, https:\/\/foto.praha-19.ys-beta.cz\/app\/uploads\/2022\/11\/2021_09_16_Kbely51-582x388.jpg 582w, https:\/\/foto.praha-19.ys-beta.cz\/app\/uploads\/2022\/11\/2021_09_16_Kbely51-276x184.jpg 276w, https:\/\/foto.praha-19.ys-beta.cz\/app\/uploads\/2022\/11\/2021_09_16_Kbely51-675x450.jpg 675w, https:\/\/foto.praha-19.ys-beta.cz\/app\/uploads\/2022\/11\/2021_09_16_Kbely51.jpg 1920w\" sizes=\"auto, (max-width: 378px) 100vw, 378px\" \/><\/a><\/div><div class='pinhole-item col-xs-12 col-lg-4 col-md-4 col-sm-6  '><a class=\"item-link\" href=\"https:\/\/foto.praha-19.ys-beta.cz\/app\/uploads\/2022\/11\/2021_09_16_Kbely50.jpg\" data-caption=\"[]\" data-meta=\"[]\"  data-size=\"{&quot;width&quot;:1920,&quot;height&quot;:1280}\" data-download=\"[]\" data-filename=\"{&quot;name&quot;:&quot;&quot;}\"><img loading=\"lazy\" decoding=\"async\" width=\"378\" height=\"252\" src=\"https:\/\/foto.praha-19.ys-beta.cz\/app\/uploads\/2022\/11\/2021_09_16_Kbely50-378x252.jpg\" class=\"attachment-pinhole-col-3 size-pinhole-col-3\" alt=\"\" srcset=\"https:\/\/foto.praha-19.ys-beta.cz\/app\/uploads\/2022\/11\/2021_09_16_Kbely50-378x252.jpg 378w, https:\/\/foto.praha-19.ys-beta.cz\/app\/uploads\/2022\/11\/2021_09_16_Kbely50-300x200.jpg 300w, https:\/\/foto.praha-19.ys-beta.cz\/app\/uploads\/2022\/11\/2021_09_16_Kbely50-1024x683.jpg 1024w, https:\/\/foto.praha-19.ys-beta.cz\/app\/uploads\/2022\/11\/2021_09_16_Kbely50-768x512.jpg 768w, https:\/\/foto.praha-19.ys-beta.cz\/app\/uploads\/2022\/11\/2021_09_16_Kbely50-1536x1024.jpg 1536w, https:\/\/foto.praha-19.ys-beta.cz\/app\/uploads\/2022\/11\/2021_09_16_Kbely50-1194x796.jpg 1194w, https:\/\/foto.praha-19.ys-beta.cz\/app\/uploads\/2022\/11\/2021_09_16_Kbely50-582x388.jpg 582w, https:\/\/foto.praha-19.ys-beta.cz\/app\/uploads\/2022\/11\/2021_09_16_Kbely50-276x184.jpg 276w, https:\/\/foto.praha-19.ys-beta.cz\/app\/uploads\/2022\/11\/2021_09_16_Kbely50-675x450.jpg 675w, https:\/\/foto.praha-19.ys-beta.cz\/app\/uploads\/2022\/11\/2021_09_16_Kbely50.jpg 1920w\" sizes=\"auto, (max-width: 378px) 100vw, 378px\" \/><\/a><\/div><div class='pinhole-item col-xs-12 col-lg-4 col-md-4 col-sm-6  '><a class=\"item-link\" href=\"https:\/\/foto.praha-19.ys-beta.cz\/app\/uploads\/2022\/11\/2021_09_16_Kbely49.jpg\" data-caption=\"[]\" data-meta=\"[]\"  data-size=\"{&quot;width&quot;:1920,&quot;height&quot;:1280}\" data-download=\"[]\" data-filename=\"{&quot;name&quot;:&quot;&quot;}\"><img loading=\"lazy\" decoding=\"async\" width=\"378\" height=\"252\" src=\"https:\/\/foto.praha-19.ys-beta.cz\/app\/uploads\/2022\/11\/2021_09_16_Kbely49-378x252.jpg\" class=\"attachment-pinhole-col-3 size-pinhole-col-3\" alt=\"\" srcset=\"https:\/\/foto.praha-19.ys-beta.cz\/app\/uploads\/2022\/11\/2021_09_16_Kbely49-378x252.jpg 378w, https:\/\/foto.praha-19.ys-beta.cz\/app\/uploads\/2022\/11\/2021_09_16_Kbely49-300x200.jpg 300w, https:\/\/foto.praha-19.ys-beta.cz\/app\/uploads\/2022\/11\/2021_09_16_Kbely49-1024x683.jpg 1024w, https:\/\/foto.praha-19.ys-beta.cz\/app\/uploads\/2022\/11\/2021_09_16_Kbely49-768x512.jpg 768w, https:\/\/foto.praha-19.ys-beta.cz\/app\/uploads\/2022\/11\/2021_09_16_Kbely49-1536x1024.jpg 1536w, https:\/\/foto.praha-19.ys-beta.cz\/app\/uploads\/2022\/11\/2021_09_16_Kbely49-1194x796.jpg 1194w, https:\/\/foto.praha-19.ys-beta.cz\/app\/uploads\/2022\/11\/2021_09_16_Kbely49-582x388.jpg 582w, https:\/\/foto.praha-19.ys-beta.cz\/app\/uploads\/2022\/11\/2021_09_16_Kbely49-276x184.jpg 276w, https:\/\/foto.praha-19.ys-beta.cz\/app\/uploads\/2022\/11\/2021_09_16_Kbely49-675x450.jpg 675w, https:\/\/foto.praha-19.ys-beta.cz\/app\/uploads\/2022\/11\/2021_09_16_Kbely49.jpg 1920w\" sizes=\"auto, (max-width: 378px) 100vw, 378px\" \/><\/a><\/div><div class='pinhole-item col-xs-12 col-lg-4 col-md-4 col-sm-6  '><a class=\"item-link\" href=\"https:\/\/foto.praha-19.ys-beta.cz\/app\/uploads\/2022\/11\/2021_09_16_Kbely48.jpg\" data-caption=\"[]\" data-meta=\"[]\"  data-size=\"{&quot;width&quot;:1920,&quot;height&quot;:1280}\" data-download=\"[]\" data-filename=\"{&quot;name&quot;:&quot;&quot;}\"><img loading=\"lazy\" decoding=\"async\" width=\"378\" height=\"252\" src=\"https:\/\/foto.praha-19.ys-beta.cz\/app\/uploads\/2022\/11\/2021_09_16_Kbely48-378x252.jpg\" class=\"attachment-pinhole-col-3 size-pinhole-col-3\" alt=\"\" srcset=\"https:\/\/foto.praha-19.ys-beta.cz\/app\/uploads\/2022\/11\/2021_09_16_Kbely48-378x252.jpg 378w, https:\/\/foto.praha-19.ys-beta.cz\/app\/uploads\/2022\/11\/2021_09_16_Kbely48-300x200.jpg 300w, https:\/\/foto.praha-19.ys-beta.cz\/app\/uploads\/2022\/11\/2021_09_16_Kbely48-1024x683.jpg 1024w, https:\/\/foto.praha-19.ys-beta.cz\/app\/uploads\/2022\/11\/2021_09_16_Kbely48-768x512.jpg 768w, https:\/\/foto.praha-19.ys-beta.cz\/app\/uploads\/2022\/11\/2021_09_16_Kbely48-1536x1024.jpg 1536w, https:\/\/foto.praha-19.ys-beta.cz\/app\/uploads\/2022\/11\/2021_09_16_Kbely48-1194x796.jpg 1194w, https:\/\/foto.praha-19.ys-beta.cz\/app\/uploads\/2022\/11\/2021_09_16_Kbely48-582x388.jpg 582w, https:\/\/foto.praha-19.ys-beta.cz\/app\/uploads\/2022\/11\/2021_09_16_Kbely48-276x184.jpg 276w, https:\/\/foto.praha-19.ys-beta.cz\/app\/uploads\/2022\/11\/2021_09_16_Kbely48-675x450.jpg 675w, https:\/\/foto.praha-19.ys-beta.cz\/app\/uploads\/2022\/11\/2021_09_16_Kbely48.jpg 1920w\" sizes=\"auto, (max-width: 378px) 100vw, 378px\" \/><\/a><\/div><div class='pinhole-item col-xs-12 col-lg-4 col-md-4 col-sm-6  '><a class=\"item-link\" href=\"https:\/\/foto.praha-19.ys-beta.cz\/app\/uploads\/2022\/11\/2021_09_16_Kbely46.jpg\" data-caption=\"[]\" data-meta=\"[]\"  data-size=\"{&quot;width&quot;:1920,&quot;height&quot;:1280}\" data-download=\"[]\" data-filename=\"{&quot;name&quot;:&quot;&quot;}\"><img loading=\"lazy\" decoding=\"async\" width=\"378\" height=\"252\" src=\"https:\/\/foto.praha-19.ys-beta.cz\/app\/uploads\/2022\/11\/2021_09_16_Kbely46-378x252.jpg\" class=\"attachment-pinhole-col-3 size-pinhole-col-3\" alt=\"\" srcset=\"https:\/\/foto.praha-19.ys-beta.cz\/app\/uploads\/2022\/11\/2021_09_16_Kbely46-378x252.jpg 378w, https:\/\/foto.praha-19.ys-beta.cz\/app\/uploads\/2022\/11\/2021_09_16_Kbely46-300x200.jpg 300w, https:\/\/foto.praha-19.ys-beta.cz\/app\/uploads\/2022\/11\/2021_09_16_Kbely46-1024x683.jpg 1024w, https:\/\/foto.praha-19.ys-beta.cz\/app\/uploads\/2022\/11\/2021_09_16_Kbely46-768x512.jpg 768w, https:\/\/foto.praha-19.ys-beta.cz\/app\/uploads\/2022\/11\/2021_09_16_Kbely46-1536x1024.jpg 1536w, https:\/\/foto.praha-19.ys-beta.cz\/app\/uploads\/2022\/11\/2021_09_16_Kbely46-1194x796.jpg 1194w, https:\/\/foto.praha-19.ys-beta.cz\/app\/uploads\/2022\/11\/2021_09_16_Kbely46-582x388.jpg 582w, https:\/\/foto.praha-19.ys-beta.cz\/app\/uploads\/2022\/11\/2021_09_16_Kbely46-276x184.jpg 276w, https:\/\/foto.praha-19.ys-beta.cz\/app\/uploads\/2022\/11\/2021_09_16_Kbely46-675x450.jpg 675w, https:\/\/foto.praha-19.ys-beta.cz\/app\/uploads\/2022\/11\/2021_09_16_Kbely46.jpg 1920w\" sizes=\"auto, (max-width: 378px) 100vw, 378px\" \/><\/a><\/div><div class='pinhole-item col-xs-12 col-lg-4 col-md-4 col-sm-6  '><a class=\"item-link\" href=\"https:\/\/foto.praha-19.ys-beta.cz\/app\/uploads\/2022\/11\/2021_09_16_Kbely45.jpg\" data-caption=\"[]\" data-meta=\"[]\"  data-size=\"{&quot;width&quot;:1920,&quot;height&quot;:1280}\" data-download=\"[]\" data-filename=\"{&quot;name&quot;:&quot;&quot;}\"><img loading=\"lazy\" decoding=\"async\" width=\"378\" height=\"252\" src=\"https:\/\/foto.praha-19.ys-beta.cz\/app\/uploads\/2022\/11\/2021_09_16_Kbely45-378x252.jpg\" class=\"attachment-pinhole-col-3 size-pinhole-col-3\" alt=\"\" srcset=\"https:\/\/foto.praha-19.ys-beta.cz\/app\/uploads\/2022\/11\/2021_09_16_Kbely45-378x252.jpg 378w, https:\/\/foto.praha-19.ys-beta.cz\/app\/uploads\/2022\/11\/2021_09_16_Kbely45-300x200.jpg 300w, https:\/\/foto.praha-19.ys-beta.cz\/app\/uploads\/2022\/11\/2021_09_16_Kbely45-1024x683.jpg 1024w, https:\/\/foto.praha-19.ys-beta.cz\/app\/uploads\/2022\/11\/2021_09_16_Kbely45-768x512.jpg 768w, https:\/\/foto.praha-19.ys-beta.cz\/app\/uploads\/2022\/11\/2021_09_16_Kbely45-1536x1024.jpg 1536w, https:\/\/foto.praha-19.ys-beta.cz\/app\/uploads\/2022\/11\/2021_09_16_Kbely45-1194x796.jpg 1194w, https:\/\/foto.praha-19.ys-beta.cz\/app\/uploads\/2022\/11\/2021_09_16_Kbely45-582x388.jpg 582w, https:\/\/foto.praha-19.ys-beta.cz\/app\/uploads\/2022\/11\/2021_09_16_Kbely45-276x184.jpg 276w, https:\/\/foto.praha-19.ys-beta.cz\/app\/uploads\/2022\/11\/2021_09_16_Kbely45-675x450.jpg 675w, https:\/\/foto.praha-19.ys-beta.cz\/app\/uploads\/2022\/11\/2021_09_16_Kbely45.jpg 1920w\" sizes=\"auto, (max-width: 378px) 100vw, 378px\" \/><\/a><\/div><div class='pinhole-item col-xs-12 col-lg-4 col-md-4 col-sm-6  '><a class=\"item-link\" href=\"https:\/\/foto.praha-19.ys-beta.cz\/app\/uploads\/2022\/11\/2021_09_16_Kbely44.jpg\" data-caption=\"[]\" data-meta=\"[]\"  data-size=\"{&quot;width&quot;:1920,&quot;height&quot;:1280}\" data-download=\"[]\" data-filename=\"{&quot;name&quot;:&quot;&quot;}\"><img loading=\"lazy\" decoding=\"async\" width=\"378\" height=\"252\" src=\"https:\/\/foto.praha-19.ys-beta.cz\/app\/uploads\/2022\/11\/2021_09_16_Kbely44-378x252.jpg\" class=\"attachment-pinhole-col-3 size-pinhole-col-3\" alt=\"\" srcset=\"https:\/\/foto.praha-19.ys-beta.cz\/app\/uploads\/2022\/11\/2021_09_16_Kbely44-378x252.jpg 378w, https:\/\/foto.praha-19.ys-beta.cz\/app\/uploads\/2022\/11\/2021_09_16_Kbely44-300x200.jpg 300w, https:\/\/foto.praha-19.ys-beta.cz\/app\/uploads\/2022\/11\/2021_09_16_Kbely44-1024x683.jpg 1024w, https:\/\/foto.praha-19.ys-beta.cz\/app\/uploads\/2022\/11\/2021_09_16_Kbely44-768x512.jpg 768w, https:\/\/foto.praha-19.ys-beta.cz\/app\/uploads\/2022\/11\/2021_09_16_Kbely44-1536x1024.jpg 1536w, https:\/\/foto.praha-19.ys-beta.cz\/app\/uploads\/2022\/11\/2021_09_16_Kbely44-1194x796.jpg 1194w, https:\/\/foto.praha-19.ys-beta.cz\/app\/uploads\/2022\/11\/2021_09_16_Kbely44-582x388.jpg 582w, https:\/\/foto.praha-19.ys-beta.cz\/app\/uploads\/2022\/11\/2021_09_16_Kbely44-276x184.jpg 276w, https:\/\/foto.praha-19.ys-beta.cz\/app\/uploads\/2022\/11\/2021_09_16_Kbely44-675x450.jpg 675w, https:\/\/foto.praha-19.ys-beta.cz\/app\/uploads\/2022\/11\/2021_09_16_Kbely44.jpg 1920w\" sizes=\"auto, (max-width: 378px) 100vw, 378px\" \/><\/a><\/div><div class='pinhole-item col-xs-12 col-lg-4 col-md-4 col-sm-6  '><a class=\"item-link\" href=\"https:\/\/foto.praha-19.ys-beta.cz\/app\/uploads\/2022\/11\/2021_09_16_Kbely42.jpg\" data-caption=\"[]\" data-meta=\"[]\"  data-size=\"{&quot;width&quot;:1920,&quot;height&quot;:1280}\" data-download=\"[]\" data-filename=\"{&quot;name&quot;:&quot;&quot;}\"><img loading=\"lazy\" decoding=\"async\" width=\"378\" height=\"252\" src=\"https:\/\/foto.praha-19.ys-beta.cz\/app\/uploads\/2022\/11\/2021_09_16_Kbely42-378x252.jpg\" class=\"attachment-pinhole-col-3 size-pinhole-col-3\" alt=\"\" srcset=\"https:\/\/foto.praha-19.ys-beta.cz\/app\/uploads\/2022\/11\/2021_09_16_Kbely42-378x252.jpg 378w, https:\/\/foto.praha-19.ys-beta.cz\/app\/uploads\/2022\/11\/2021_09_16_Kbely42-300x200.jpg 300w, https:\/\/foto.praha-19.ys-beta.cz\/app\/uploads\/2022\/11\/2021_09_16_Kbely42-1024x683.jpg 1024w, https:\/\/foto.praha-19.ys-beta.cz\/app\/uploads\/2022\/11\/2021_09_16_Kbely42-768x512.jpg 768w, https:\/\/foto.praha-19.ys-beta.cz\/app\/uploads\/2022\/11\/2021_09_16_Kbely42-1536x1024.jpg 1536w, https:\/\/foto.praha-19.ys-beta.cz\/app\/uploads\/2022\/11\/2021_09_16_Kbely42-1194x796.jpg 1194w, https:\/\/foto.praha-19.ys-beta.cz\/app\/uploads\/2022\/11\/2021_09_16_Kbely42-582x388.jpg 582w, https:\/\/foto.praha-19.ys-beta.cz\/app\/uploads\/2022\/11\/2021_09_16_Kbely42-276x184.jpg 276w, https:\/\/foto.praha-19.ys-beta.cz\/app\/uploads\/2022\/11\/2021_09_16_Kbely42-675x450.jpg 675w, https:\/\/foto.praha-19.ys-beta.cz\/app\/uploads\/2022\/11\/2021_09_16_Kbely42.jpg 1920w\" sizes=\"auto, (max-width: 378px) 100vw, 378px\" \/><\/a><\/div><div class='pinhole-item col-xs-12 col-lg-4 col-md-4 col-sm-6  '><a class=\"item-link\" href=\"https:\/\/foto.praha-19.ys-beta.cz\/app\/uploads\/2022\/11\/2021_09_16_Kbely41.jpg\" data-caption=\"[]\" data-meta=\"[]\"  data-size=\"{&quot;width&quot;:1920,&quot;height&quot;:1280}\" data-download=\"[]\" data-filename=\"{&quot;name&quot;:&quot;&quot;}\"><img loading=\"lazy\" decoding=\"async\" width=\"378\" height=\"252\" src=\"https:\/\/foto.praha-19.ys-beta.cz\/app\/uploads\/2022\/11\/2021_09_16_Kbely41-378x252.jpg\" class=\"attachment-pinhole-col-3 size-pinhole-col-3\" alt=\"\" srcset=\"https:\/\/foto.praha-19.ys-beta.cz\/app\/uploads\/2022\/11\/2021_09_16_Kbely41-378x252.jpg 378w, https:\/\/foto.praha-19.ys-beta.cz\/app\/uploads\/2022\/11\/2021_09_16_Kbely41-300x200.jpg 300w, https:\/\/foto.praha-19.ys-beta.cz\/app\/uploads\/2022\/11\/2021_09_16_Kbely41-1024x683.jpg 1024w, https:\/\/foto.praha-19.ys-beta.cz\/app\/uploads\/2022\/11\/2021_09_16_Kbely41-768x512.jpg 768w, https:\/\/foto.praha-19.ys-beta.cz\/app\/uploads\/2022\/11\/2021_09_16_Kbely41-1536x1024.jpg 1536w, https:\/\/foto.praha-19.ys-beta.cz\/app\/uploads\/2022\/11\/2021_09_16_Kbely41-1194x796.jpg 1194w, https:\/\/foto.praha-19.ys-beta.cz\/app\/uploads\/2022\/11\/2021_09_16_Kbely41-582x388.jpg 582w, https:\/\/foto.praha-19.ys-beta.cz\/app\/uploads\/2022\/11\/2021_09_16_Kbely41-276x184.jpg 276w, https:\/\/foto.praha-19.ys-beta.cz\/app\/uploads\/2022\/11\/2021_09_16_Kbely41-675x450.jpg 675w, https:\/\/foto.praha-19.ys-beta.cz\/app\/uploads\/2022\/11\/2021_09_16_Kbely41.jpg 1920w\" sizes=\"auto, (max-width: 378px) 100vw, 378px\" \/><\/a><\/div><div class='pinhole-item col-xs-12 col-lg-4 col-md-4 col-sm-6  '><a class=\"item-link\" href=\"https:\/\/foto.praha-19.ys-beta.cz\/app\/uploads\/2022\/11\/2021_09_16_Kbely40.jpg\" data-caption=\"[]\" data-meta=\"[]\"  data-size=\"{&quot;width&quot;:1920,&quot;height&quot;:1280}\" data-download=\"[]\" data-filename=\"{&quot;name&quot;:&quot;&quot;}\"><img loading=\"lazy\" decoding=\"async\" width=\"378\" height=\"252\" src=\"https:\/\/foto.praha-19.ys-beta.cz\/app\/uploads\/2022\/11\/2021_09_16_Kbely40-378x252.jpg\" class=\"attachment-pinhole-col-3 size-pinhole-col-3\" alt=\"\" srcset=\"https:\/\/foto.praha-19.ys-beta.cz\/app\/uploads\/2022\/11\/2021_09_16_Kbely40-378x252.jpg 378w, https:\/\/foto.praha-19.ys-beta.cz\/app\/uploads\/2022\/11\/2021_09_16_Kbely40-300x200.jpg 300w, https:\/\/foto.praha-19.ys-beta.cz\/app\/uploads\/2022\/11\/2021_09_16_Kbely40-1024x683.jpg 1024w, https:\/\/foto.praha-19.ys-beta.cz\/app\/uploads\/2022\/11\/2021_09_16_Kbely40-768x512.jpg 768w, https:\/\/foto.praha-19.ys-beta.cz\/app\/uploads\/2022\/11\/2021_09_16_Kbely40-1536x1024.jpg 1536w, https:\/\/foto.praha-19.ys-beta.cz\/app\/uploads\/2022\/11\/2021_09_16_Kbely40-1194x796.jpg 1194w, https:\/\/foto.praha-19.ys-beta.cz\/app\/uploads\/2022\/11\/2021_09_16_Kbely40-582x388.jpg 582w, https:\/\/foto.praha-19.ys-beta.cz\/app\/uploads\/2022\/11\/2021_09_16_Kbely40-276x184.jpg 276w, https:\/\/foto.praha-19.ys-beta.cz\/app\/uploads\/2022\/11\/2021_09_16_Kbely40-675x450.jpg 675w, https:\/\/foto.praha-19.ys-beta.cz\/app\/uploads\/2022\/11\/2021_09_16_Kbely40.jpg 1920w\" sizes=\"auto, (max-width: 378px) 100vw, 378px\" \/><\/a><\/div><div class='pinhole-item col-xs-12 col-lg-4 col-md-4 col-sm-6  '><a class=\"item-link\" href=\"https:\/\/foto.praha-19.ys-beta.cz\/app\/uploads\/2022\/11\/2021_09_16_Kbely39.jpg\" data-caption=\"[]\" data-meta=\"[]\"  data-size=\"{&quot;width&quot;:1920,&quot;height&quot;:1280}\" data-download=\"[]\" data-filename=\"{&quot;name&quot;:&quot;&quot;}\"><img loading=\"lazy\" decoding=\"async\" width=\"378\" height=\"252\" src=\"https:\/\/foto.praha-19.ys-beta.cz\/app\/uploads\/2022\/11\/2021_09_16_Kbely39-378x252.jpg\" class=\"attachment-pinhole-col-3 size-pinhole-col-3\" alt=\"\" srcset=\"https:\/\/foto.praha-19.ys-beta.cz\/app\/uploads\/2022\/11\/2021_09_16_Kbely39-378x252.jpg 378w, https:\/\/foto.praha-19.ys-beta.cz\/app\/uploads\/2022\/11\/2021_09_16_Kbely39-300x200.jpg 300w, https:\/\/foto.praha-19.ys-beta.cz\/app\/uploads\/2022\/11\/2021_09_16_Kbely39-1024x683.jpg 1024w, https:\/\/foto.praha-19.ys-beta.cz\/app\/uploads\/2022\/11\/2021_09_16_Kbely39-768x512.jpg 768w, https:\/\/foto.praha-19.ys-beta.cz\/app\/uploads\/2022\/11\/2021_09_16_Kbely39-1536x1024.jpg 1536w, https:\/\/foto.praha-19.ys-beta.cz\/app\/uploads\/2022\/11\/2021_09_16_Kbely39-1194x796.jpg 1194w, https:\/\/foto.praha-19.ys-beta.cz\/app\/uploads\/2022\/11\/2021_09_16_Kbely39-582x388.jpg 582w, https:\/\/foto.praha-19.ys-beta.cz\/app\/uploads\/2022\/11\/2021_09_16_Kbely39-276x184.jpg 276w, https:\/\/foto.praha-19.ys-beta.cz\/app\/uploads\/2022\/11\/2021_09_16_Kbely39-675x450.jpg 675w, https:\/\/foto.praha-19.ys-beta.cz\/app\/uploads\/2022\/11\/2021_09_16_Kbely39.jpg 1920w\" sizes=\"auto, (max-width: 378px) 100vw, 378px\" \/><\/a><\/div><div class='pinhole-item col-xs-12 col-lg-4 col-md-4 col-sm-6  '><a class=\"item-link\" href=\"https:\/\/foto.praha-19.ys-beta.cz\/app\/uploads\/2022\/11\/2021_09_16_Kbely37.jpg\" data-caption=\"[]\" data-meta=\"[]\"  data-size=\"{&quot;width&quot;:1920,&quot;height&quot;:1280}\" data-download=\"[]\" data-filename=\"{&quot;name&quot;:&quot;&quot;}\"><img loading=\"lazy\" decoding=\"async\" width=\"378\" height=\"252\" src=\"https:\/\/foto.praha-19.ys-beta.cz\/app\/uploads\/2022\/11\/2021_09_16_Kbely37-378x252.jpg\" class=\"attachment-pinhole-col-3 size-pinhole-col-3\" alt=\"\" srcset=\"https:\/\/foto.praha-19.ys-beta.cz\/app\/uploads\/2022\/11\/2021_09_16_Kbely37-378x252.jpg 378w, https:\/\/foto.praha-19.ys-beta.cz\/app\/uploads\/2022\/11\/2021_09_16_Kbely37-300x200.jpg 300w, https:\/\/foto.praha-19.ys-beta.cz\/app\/uploads\/2022\/11\/2021_09_16_Kbely37-1024x683.jpg 1024w, https:\/\/foto.praha-19.ys-beta.cz\/app\/uploads\/2022\/11\/2021_09_16_Kbely37-768x512.jpg 768w, https:\/\/foto.praha-19.ys-beta.cz\/app\/uploads\/2022\/11\/2021_09_16_Kbely37-1536x1024.jpg 1536w, https:\/\/foto.praha-19.ys-beta.cz\/app\/uploads\/2022\/11\/2021_09_16_Kbely37-1194x796.jpg 1194w, https:\/\/foto.praha-19.ys-beta.cz\/app\/uploads\/2022\/11\/2021_09_16_Kbely37-582x388.jpg 582w, https:\/\/foto.praha-19.ys-beta.cz\/app\/uploads\/2022\/11\/2021_09_16_Kbely37-276x184.jpg 276w, https:\/\/foto.praha-19.ys-beta.cz\/app\/uploads\/2022\/11\/2021_09_16_Kbely37-675x450.jpg 675w, https:\/\/foto.praha-19.ys-beta.cz\/app\/uploads\/2022\/11\/2021_09_16_Kbely37.jpg 1920w\" sizes=\"auto, (max-width: 378px) 100vw, 378px\" \/><\/a><\/div><div class='pinhole-item col-xs-12 col-lg-4 col-md-4 col-sm-6  '><a class=\"item-link\" href=\"https:\/\/foto.praha-19.ys-beta.cz\/app\/uploads\/2022\/11\/2021_09_16_Kbely35.jpg\" data-caption=\"[]\" data-meta=\"[]\"  data-size=\"{&quot;width&quot;:1920,&quot;height&quot;:1280}\" data-download=\"[]\" data-filename=\"{&quot;name&quot;:&quot;&quot;}\"><img loading=\"lazy\" decoding=\"async\" width=\"378\" height=\"252\" src=\"https:\/\/foto.praha-19.ys-beta.cz\/app\/uploads\/2022\/11\/2021_09_16_Kbely35-378x252.jpg\" class=\"attachment-pinhole-col-3 size-pinhole-col-3\" alt=\"\" srcset=\"https:\/\/foto.praha-19.ys-beta.cz\/app\/uploads\/2022\/11\/2021_09_16_Kbely35-378x252.jpg 378w, https:\/\/foto.praha-19.ys-beta.cz\/app\/uploads\/2022\/11\/2021_09_16_Kbely35-300x200.jpg 300w, https:\/\/foto.praha-19.ys-beta.cz\/app\/uploads\/2022\/11\/2021_09_16_Kbely35-1024x683.jpg 1024w, https:\/\/foto.praha-19.ys-beta.cz\/app\/uploads\/2022\/11\/2021_09_16_Kbely35-768x512.jpg 768w, https:\/\/foto.praha-19.ys-beta.cz\/app\/uploads\/2022\/11\/2021_09_16_Kbely35-1536x1024.jpg 1536w, https:\/\/foto.praha-19.ys-beta.cz\/app\/uploads\/2022\/11\/2021_09_16_Kbely35-1194x796.jpg 1194w, https:\/\/foto.praha-19.ys-beta.cz\/app\/uploads\/2022\/11\/2021_09_16_Kbely35-582x388.jpg 582w, https:\/\/foto.praha-19.ys-beta.cz\/app\/uploads\/2022\/11\/2021_09_16_Kbely35-276x184.jpg 276w, https:\/\/foto.praha-19.ys-beta.cz\/app\/uploads\/2022\/11\/2021_09_16_Kbely35-675x450.jpg 675w, https:\/\/foto.praha-19.ys-beta.cz\/app\/uploads\/2022\/11\/2021_09_16_Kbely35.jpg 1920w\" sizes=\"auto, (max-width: 378px) 100vw, 378px\" \/><\/a><\/div><div class='pinhole-item col-xs-12 col-lg-4 col-md-4 col-sm-6  '><a class=\"item-link\" href=\"https:\/\/foto.praha-19.ys-beta.cz\/app\/uploads\/2022\/11\/2021_09_16_Kbely34.jpg\" data-caption=\"[]\" data-meta=\"[]\"  data-size=\"{&quot;width&quot;:1920,&quot;height&quot;:1280}\" data-download=\"[]\" data-filename=\"{&quot;name&quot;:&quot;&quot;}\"><img loading=\"lazy\" decoding=\"async\" width=\"378\" height=\"252\" src=\"https:\/\/foto.praha-19.ys-beta.cz\/app\/uploads\/2022\/11\/2021_09_16_Kbely34-378x252.jpg\" class=\"attachment-pinhole-col-3 size-pinhole-col-3\" alt=\"\" srcset=\"https:\/\/foto.praha-19.ys-beta.cz\/app\/uploads\/2022\/11\/2021_09_16_Kbely34-378x252.jpg 378w, https:\/\/foto.praha-19.ys-beta.cz\/app\/uploads\/2022\/11\/2021_09_16_Kbely34-300x200.jpg 300w, https:\/\/foto.praha-19.ys-beta.cz\/app\/uploads\/2022\/11\/2021_09_16_Kbely34-1024x683.jpg 1024w, https:\/\/foto.praha-19.ys-beta.cz\/app\/uploads\/2022\/11\/2021_09_16_Kbely34-768x512.jpg 768w, https:\/\/foto.praha-19.ys-beta.cz\/app\/uploads\/2022\/11\/2021_09_16_Kbely34-1536x1024.jpg 1536w, https:\/\/foto.praha-19.ys-beta.cz\/app\/uploads\/2022\/11\/2021_09_16_Kbely34-1194x796.jpg 1194w, https:\/\/foto.praha-19.ys-beta.cz\/app\/uploads\/2022\/11\/2021_09_16_Kbely34-582x388.jpg 582w, https:\/\/foto.praha-19.ys-beta.cz\/app\/uploads\/2022\/11\/2021_09_16_Kbely34-276x184.jpg 276w, https:\/\/foto.praha-19.ys-beta.cz\/app\/uploads\/2022\/11\/2021_09_16_Kbely34-675x450.jpg 675w, https:\/\/foto.praha-19.ys-beta.cz\/app\/uploads\/2022\/11\/2021_09_16_Kbely34.jpg 1920w\" sizes=\"auto, (max-width: 378px) 100vw, 378px\" \/><\/a><\/div><div class='pinhole-item col-xs-12 col-lg-4 col-md-4 col-sm-6  '><a class=\"item-link\" href=\"https:\/\/foto.praha-19.ys-beta.cz\/app\/uploads\/2022\/11\/2021_09_16_Kbely33.jpg\" data-caption=\"[]\" data-meta=\"[]\"  data-size=\"{&quot;width&quot;:1920,&quot;height&quot;:1280}\" data-download=\"[]\" data-filename=\"{&quot;name&quot;:&quot;&quot;}\"><img loading=\"lazy\" decoding=\"async\" width=\"378\" height=\"252\" src=\"https:\/\/foto.praha-19.ys-beta.cz\/app\/uploads\/2022\/11\/2021_09_16_Kbely33-378x252.jpg\" class=\"attachment-pinhole-col-3 size-pinhole-col-3\" alt=\"\" srcset=\"https:\/\/foto.praha-19.ys-beta.cz\/app\/uploads\/2022\/11\/2021_09_16_Kbely33-378x252.jpg 378w, https:\/\/foto.praha-19.ys-beta.cz\/app\/uploads\/2022\/11\/2021_09_16_Kbely33-300x200.jpg 300w, https:\/\/foto.praha-19.ys-beta.cz\/app\/uploads\/2022\/11\/2021_09_16_Kbely33-1024x683.jpg 1024w, https:\/\/foto.praha-19.ys-beta.cz\/app\/uploads\/2022\/11\/2021_09_16_Kbely33-768x512.jpg 768w, https:\/\/foto.praha-19.ys-beta.cz\/app\/uploads\/2022\/11\/2021_09_16_Kbely33-1536x1024.jpg 1536w, https:\/\/foto.praha-19.ys-beta.cz\/app\/uploads\/2022\/11\/2021_09_16_Kbely33-1194x796.jpg 1194w, https:\/\/foto.praha-19.ys-beta.cz\/app\/uploads\/2022\/11\/2021_09_16_Kbely33-582x388.jpg 582w, https:\/\/foto.praha-19.ys-beta.cz\/app\/uploads\/2022\/11\/2021_09_16_Kbely33-276x184.jpg 276w, https:\/\/foto.praha-19.ys-beta.cz\/app\/uploads\/2022\/11\/2021_09_16_Kbely33-675x450.jpg 675w, https:\/\/foto.praha-19.ys-beta.cz\/app\/uploads\/2022\/11\/2021_09_16_Kbely33.jpg 1920w\" sizes=\"auto, (max-width: 378px) 100vw, 378px\" \/><\/a><\/div><div class='pinhole-item col-xs-12 col-lg-4 col-md-4 col-sm-6  '><a class=\"item-link\" href=\"https:\/\/foto.praha-19.ys-beta.cz\/app\/uploads\/2022\/11\/2021_09_16_Kbely32.jpg\" data-caption=\"[]\" data-meta=\"[]\"  data-size=\"{&quot;width&quot;:1920,&quot;height&quot;:1280}\" data-download=\"[]\" data-filename=\"{&quot;name&quot;:&quot;&quot;}\"><img loading=\"lazy\" decoding=\"async\" width=\"378\" height=\"252\" src=\"https:\/\/foto.praha-19.ys-beta.cz\/app\/uploads\/2022\/11\/2021_09_16_Kbely32-378x252.jpg\" class=\"attachment-pinhole-col-3 size-pinhole-col-3\" alt=\"\" srcset=\"https:\/\/foto.praha-19.ys-beta.cz\/app\/uploads\/2022\/11\/2021_09_16_Kbely32-378x252.jpg 378w, https:\/\/foto.praha-19.ys-beta.cz\/app\/uploads\/2022\/11\/2021_09_16_Kbely32-300x200.jpg 300w, https:\/\/foto.praha-19.ys-beta.cz\/app\/uploads\/2022\/11\/2021_09_16_Kbely32-1024x683.jpg 1024w, https:\/\/foto.praha-19.ys-beta.cz\/app\/uploads\/2022\/11\/2021_09_16_Kbely32-768x512.jpg 768w, https:\/\/foto.praha-19.ys-beta.cz\/app\/uploads\/2022\/11\/2021_09_16_Kbely32-1536x1024.jpg 1536w, https:\/\/foto.praha-19.ys-beta.cz\/app\/uploads\/2022\/11\/2021_09_16_Kbely32-1194x796.jpg 1194w, https:\/\/foto.praha-19.ys-beta.cz\/app\/uploads\/2022\/11\/2021_09_16_Kbely32-582x388.jpg 582w, https:\/\/foto.praha-19.ys-beta.cz\/app\/uploads\/2022\/11\/2021_09_16_Kbely32-276x184.jpg 276w, https:\/\/foto.praha-19.ys-beta.cz\/app\/uploads\/2022\/11\/2021_09_16_Kbely32-675x450.jpg 675w, https:\/\/foto.praha-19.ys-beta.cz\/app\/uploads\/2022\/11\/2021_09_16_Kbely32.jpg 1920w\" sizes=\"auto, (max-width: 378px) 100vw, 378px\" \/><\/a><\/div><div class='pinhole-item col-xs-12 col-lg-4 col-md-4 col-sm-6  '><a class=\"item-link\" href=\"https:\/\/foto.praha-19.ys-beta.cz\/app\/uploads\/2022\/11\/2021_09_16_Kbely31.jpg\" data-caption=\"[]\" data-meta=\"[]\"  data-size=\"{&quot;width&quot;:1920,&quot;height&quot;:1280}\" data-download=\"[]\" data-filename=\"{&quot;name&quot;:&quot;&quot;}\"><img loading=\"lazy\" decoding=\"async\" width=\"378\" height=\"252\" src=\"https:\/\/foto.praha-19.ys-beta.cz\/app\/uploads\/2022\/11\/2021_09_16_Kbely31-378x252.jpg\" class=\"attachment-pinhole-col-3 size-pinhole-col-3\" alt=\"\" srcset=\"https:\/\/foto.praha-19.ys-beta.cz\/app\/uploads\/2022\/11\/2021_09_16_Kbely31-378x252.jpg 378w, https:\/\/foto.praha-19.ys-beta.cz\/app\/uploads\/2022\/11\/2021_09_16_Kbely31-300x200.jpg 300w, https:\/\/foto.praha-19.ys-beta.cz\/app\/uploads\/2022\/11\/2021_09_16_Kbely31-1024x683.jpg 1024w, https:\/\/foto.praha-19.ys-beta.cz\/app\/uploads\/2022\/11\/2021_09_16_Kbely31-768x512.jpg 768w, https:\/\/foto.praha-19.ys-beta.cz\/app\/uploads\/2022\/11\/2021_09_16_Kbely31-1536x1024.jpg 1536w, https:\/\/foto.praha-19.ys-beta.cz\/app\/uploads\/2022\/11\/2021_09_16_Kbely31-1194x796.jpg 1194w, https:\/\/foto.praha-19.ys-beta.cz\/app\/uploads\/2022\/11\/2021_09_16_Kbely31-582x388.jpg 582w, https:\/\/foto.praha-19.ys-beta.cz\/app\/uploads\/2022\/11\/2021_09_16_Kbely31-276x184.jpg 276w, https:\/\/foto.praha-19.ys-beta.cz\/app\/uploads\/2022\/11\/2021_09_16_Kbely31-675x450.jpg 675w, https:\/\/foto.praha-19.ys-beta.cz\/app\/uploads\/2022\/11\/2021_09_16_Kbely31.jpg 1920w\" sizes=\"auto, (max-width: 378px) 100vw, 378px\" \/><\/a><\/div><div class='pinhole-item col-xs-12 col-lg-4 col-md-4 col-sm-6  '><a class=\"item-link\" href=\"https:\/\/foto.praha-19.ys-beta.cz\/app\/uploads\/2022\/11\/2021_09_16_Kbely26.jpg\" data-caption=\"[]\" data-meta=\"[]\"  data-size=\"{&quot;width&quot;:1920,&quot;height&quot;:1280}\" data-download=\"[]\" data-filename=\"{&quot;name&quot;:&quot;&quot;}\"><img loading=\"lazy\" decoding=\"async\" width=\"378\" height=\"252\" src=\"https:\/\/foto.praha-19.ys-beta.cz\/app\/uploads\/2022\/11\/2021_09_16_Kbely26-378x252.jpg\" class=\"attachment-pinhole-col-3 size-pinhole-col-3\" alt=\"\" srcset=\"https:\/\/foto.praha-19.ys-beta.cz\/app\/uploads\/2022\/11\/2021_09_16_Kbely26-378x252.jpg 378w, https:\/\/foto.praha-19.ys-beta.cz\/app\/uploads\/2022\/11\/2021_09_16_Kbely26-300x200.jpg 300w, https:\/\/foto.praha-19.ys-beta.cz\/app\/uploads\/2022\/11\/2021_09_16_Kbely26-1024x683.jpg 1024w, https:\/\/foto.praha-19.ys-beta.cz\/app\/uploads\/2022\/11\/2021_09_16_Kbely26-768x512.jpg 768w, https:\/\/foto.praha-19.ys-beta.cz\/app\/uploads\/2022\/11\/2021_09_16_Kbely26-1536x1024.jpg 1536w, https:\/\/foto.praha-19.ys-beta.cz\/app\/uploads\/2022\/11\/2021_09_16_Kbely26-1194x796.jpg 1194w, https:\/\/foto.praha-19.ys-beta.cz\/app\/uploads\/2022\/11\/2021_09_16_Kbely26-582x388.jpg 582w, https:\/\/foto.praha-19.ys-beta.cz\/app\/uploads\/2022\/11\/2021_09_16_Kbely26-276x184.jpg 276w, https:\/\/foto.praha-19.ys-beta.cz\/app\/uploads\/2022\/11\/2021_09_16_Kbely26-675x450.jpg 675w, https:\/\/foto.praha-19.ys-beta.cz\/app\/uploads\/2022\/11\/2021_09_16_Kbely26.jpg 1920w\" sizes=\"auto, (max-width: 378px) 100vw, 378px\" \/><\/a><\/div><div class='pinhole-item col-xs-12 col-lg-4 col-md-4 col-sm-6  '><a class=\"item-link\" href=\"https:\/\/foto.praha-19.ys-beta.cz\/app\/uploads\/2022\/11\/2021_09_16_Kbely24.jpg\" data-caption=\"[]\" data-meta=\"[]\"  data-size=\"{&quot;width&quot;:1920,&quot;height&quot;:1280}\" data-download=\"[]\" data-filename=\"{&quot;name&quot;:&quot;&quot;}\"><img loading=\"lazy\" decoding=\"async\" width=\"378\" height=\"252\" src=\"https:\/\/foto.praha-19.ys-beta.cz\/app\/uploads\/2022\/11\/2021_09_16_Kbely24-378x252.jpg\" class=\"attachment-pinhole-col-3 size-pinhole-col-3\" alt=\"\" srcset=\"https:\/\/foto.praha-19.ys-beta.cz\/app\/uploads\/2022\/11\/2021_09_16_Kbely24-378x252.jpg 378w, https:\/\/foto.praha-19.ys-beta.cz\/app\/uploads\/2022\/11\/2021_09_16_Kbely24-300x200.jpg 300w, https:\/\/foto.praha-19.ys-beta.cz\/app\/uploads\/2022\/11\/2021_09_16_Kbely24-1024x683.jpg 1024w, https:\/\/foto.praha-19.ys-beta.cz\/app\/uploads\/2022\/11\/2021_09_16_Kbely24-768x512.jpg 768w, https:\/\/foto.praha-19.ys-beta.cz\/app\/uploads\/2022\/11\/2021_09_16_Kbely24-1536x1024.jpg 1536w, https:\/\/foto.praha-19.ys-beta.cz\/app\/uploads\/2022\/11\/2021_09_16_Kbely24-1194x796.jpg 1194w, https:\/\/foto.praha-19.ys-beta.cz\/app\/uploads\/2022\/11\/2021_09_16_Kbely24-582x388.jpg 582w, https:\/\/foto.praha-19.ys-beta.cz\/app\/uploads\/2022\/11\/2021_09_16_Kbely24-276x184.jpg 276w, https:\/\/foto.praha-19.ys-beta.cz\/app\/uploads\/2022\/11\/2021_09_16_Kbely24-675x450.jpg 675w, https:\/\/foto.praha-19.ys-beta.cz\/app\/uploads\/2022\/11\/2021_09_16_Kbely24.jpg 1920w\" sizes=\"auto, (max-width: 378px) 100vw, 378px\" \/><\/a><\/div><div class='pinhole-item col-xs-12 col-lg-4 col-md-4 col-sm-6  '><a class=\"item-link\" href=\"https:\/\/foto.praha-19.ys-beta.cz\/app\/uploads\/2022\/11\/2021_09_16_Kbely23.jpg\" data-caption=\"[]\" data-meta=\"[]\"  data-size=\"{&quot;width&quot;:1920,&quot;height&quot;:1280}\" data-download=\"[]\" data-filename=\"{&quot;name&quot;:&quot;&quot;}\"><img loading=\"lazy\" decoding=\"async\" width=\"378\" height=\"252\" src=\"https:\/\/foto.praha-19.ys-beta.cz\/app\/uploads\/2022\/11\/2021_09_16_Kbely23-378x252.jpg\" class=\"attachment-pinhole-col-3 size-pinhole-col-3\" alt=\"\" srcset=\"https:\/\/foto.praha-19.ys-beta.cz\/app\/uploads\/2022\/11\/2021_09_16_Kbely23-378x252.jpg 378w, https:\/\/foto.praha-19.ys-beta.cz\/app\/uploads\/2022\/11\/2021_09_16_Kbely23-300x200.jpg 300w, https:\/\/foto.praha-19.ys-beta.cz\/app\/uploads\/2022\/11\/2021_09_16_Kbely23-1024x683.jpg 1024w, https:\/\/foto.praha-19.ys-beta.cz\/app\/uploads\/2022\/11\/2021_09_16_Kbely23-768x512.jpg 768w, https:\/\/foto.praha-19.ys-beta.cz\/app\/uploads\/2022\/11\/2021_09_16_Kbely23-1536x1024.jpg 1536w, https:\/\/foto.praha-19.ys-beta.cz\/app\/uploads\/2022\/11\/2021_09_16_Kbely23-1194x796.jpg 1194w, https:\/\/foto.praha-19.ys-beta.cz\/app\/uploads\/2022\/11\/2021_09_16_Kbely23-582x388.jpg 582w, https:\/\/foto.praha-19.ys-beta.cz\/app\/uploads\/2022\/11\/2021_09_16_Kbely23-276x184.jpg 276w, https:\/\/foto.praha-19.ys-beta.cz\/app\/uploads\/2022\/11\/2021_09_16_Kbely23-675x450.jpg 675w, https:\/\/foto.praha-19.ys-beta.cz\/app\/uploads\/2022\/11\/2021_09_16_Kbely23.jpg 1920w\" sizes=\"auto, (max-width: 378px) 100vw, 378px\" \/><\/a><\/div><div class='pinhole-item col-xs-12 col-lg-4 col-md-4 col-sm-6  '><a class=\"item-link\" href=\"https:\/\/foto.praha-19.ys-beta.cz\/app\/uploads\/2022\/11\/2021_09_16_Kbely20.jpg\" data-caption=\"[]\" data-meta=\"[]\"  data-size=\"{&quot;width&quot;:1920,&quot;height&quot;:1280}\" data-download=\"[]\" data-filename=\"{&quot;name&quot;:&quot;&quot;}\"><img loading=\"lazy\" decoding=\"async\" width=\"378\" height=\"252\" src=\"https:\/\/foto.praha-19.ys-beta.cz\/app\/uploads\/2022\/11\/2021_09_16_Kbely20-378x252.jpg\" class=\"attachment-pinhole-col-3 size-pinhole-col-3\" alt=\"\" srcset=\"https:\/\/foto.praha-19.ys-beta.cz\/app\/uploads\/2022\/11\/2021_09_16_Kbely20-378x252.jpg 378w, https:\/\/foto.praha-19.ys-beta.cz\/app\/uploads\/2022\/11\/2021_09_16_Kbely20-300x200.jpg 300w, https:\/\/foto.praha-19.ys-beta.cz\/app\/uploads\/2022\/11\/2021_09_16_Kbely20-1024x683.jpg 1024w, https:\/\/foto.praha-19.ys-beta.cz\/app\/uploads\/2022\/11\/2021_09_16_Kbely20-768x512.jpg 768w, https:\/\/foto.praha-19.ys-beta.cz\/app\/uploads\/2022\/11\/2021_09_16_Kbely20-1536x1024.jpg 1536w, https:\/\/foto.praha-19.ys-beta.cz\/app\/uploads\/2022\/11\/2021_09_16_Kbely20-1194x796.jpg 1194w, https:\/\/foto.praha-19.ys-beta.cz\/app\/uploads\/2022\/11\/2021_09_16_Kbely20-582x388.jpg 582w, https:\/\/foto.praha-19.ys-beta.cz\/app\/uploads\/2022\/11\/2021_09_16_Kbely20-276x184.jpg 276w, https:\/\/foto.praha-19.ys-beta.cz\/app\/uploads\/2022\/11\/2021_09_16_Kbely20-675x450.jpg 675w, https:\/\/foto.praha-19.ys-beta.cz\/app\/uploads\/2022\/11\/2021_09_16_Kbely20.jpg 1920w\" sizes=\"auto, (max-width: 378px) 100vw, 378px\" \/><\/a><\/div><div class='pinhole-item col-xs-12 col-lg-4 col-md-4 col-sm-6  '><a class=\"item-link\" href=\"https:\/\/foto.praha-19.ys-beta.cz\/app\/uploads\/2022\/11\/2021_09_16_Kbely19.jpg\" data-caption=\"[]\" data-meta=\"[]\"  data-size=\"{&quot;width&quot;:1920,&quot;height&quot;:1280}\" data-download=\"[]\" data-filename=\"{&quot;name&quot;:&quot;&quot;}\"><img loading=\"lazy\" decoding=\"async\" width=\"378\" height=\"252\" src=\"https:\/\/foto.praha-19.ys-beta.cz\/app\/uploads\/2022\/11\/2021_09_16_Kbely19-378x252.jpg\" class=\"attachment-pinhole-col-3 size-pinhole-col-3\" alt=\"\" srcset=\"https:\/\/foto.praha-19.ys-beta.cz\/app\/uploads\/2022\/11\/2021_09_16_Kbely19-378x252.jpg 378w, https:\/\/foto.praha-19.ys-beta.cz\/app\/uploads\/2022\/11\/2021_09_16_Kbely19-300x200.jpg 300w, https:\/\/foto.praha-19.ys-beta.cz\/app\/uploads\/2022\/11\/2021_09_16_Kbely19-1024x683.jpg 1024w, https:\/\/foto.praha-19.ys-beta.cz\/app\/uploads\/2022\/11\/2021_09_16_Kbely19-768x512.jpg 768w, https:\/\/foto.praha-19.ys-beta.cz\/app\/uploads\/2022\/11\/2021_09_16_Kbely19-1536x1024.jpg 1536w, https:\/\/foto.praha-19.ys-beta.cz\/app\/uploads\/2022\/11\/2021_09_16_Kbely19-1194x796.jpg 1194w, https:\/\/foto.praha-19.ys-beta.cz\/app\/uploads\/2022\/11\/2021_09_16_Kbely19-582x388.jpg 582w, https:\/\/foto.praha-19.ys-beta.cz\/app\/uploads\/2022\/11\/2021_09_16_Kbely19-276x184.jpg 276w, https:\/\/foto.praha-19.ys-beta.cz\/app\/uploads\/2022\/11\/2021_09_16_Kbely19-675x450.jpg 675w, https:\/\/foto.praha-19.ys-beta.cz\/app\/uploads\/2022\/11\/2021_09_16_Kbely19.jpg 1920w\" sizes=\"auto, (max-width: 378px) 100vw, 378px\" \/><\/a><\/div><div class='pinhole-item col-xs-12 col-lg-4 col-md-4 col-sm-6  '><a class=\"item-link\" href=\"https:\/\/foto.praha-19.ys-beta.cz\/app\/uploads\/2022\/11\/2021_09_16_Kbely16.jpg\" data-caption=\"[]\" data-meta=\"[]\"  data-size=\"{&quot;width&quot;:1920,&quot;height&quot;:1280}\" data-download=\"[]\" data-filename=\"{&quot;name&quot;:&quot;&quot;}\"><img loading=\"lazy\" decoding=\"async\" width=\"378\" height=\"252\" src=\"https:\/\/foto.praha-19.ys-beta.cz\/app\/uploads\/2022\/11\/2021_09_16_Kbely16-378x252.jpg\" class=\"attachment-pinhole-col-3 size-pinhole-col-3\" alt=\"\" srcset=\"https:\/\/foto.praha-19.ys-beta.cz\/app\/uploads\/2022\/11\/2021_09_16_Kbely16-378x252.jpg 378w, https:\/\/foto.praha-19.ys-beta.cz\/app\/uploads\/2022\/11\/2021_09_16_Kbely16-300x200.jpg 300w, https:\/\/foto.praha-19.ys-beta.cz\/app\/uploads\/2022\/11\/2021_09_16_Kbely16-1024x683.jpg 1024w, https:\/\/foto.praha-19.ys-beta.cz\/app\/uploads\/2022\/11\/2021_09_16_Kbely16-768x512.jpg 768w, https:\/\/foto.praha-19.ys-beta.cz\/app\/uploads\/2022\/11\/2021_09_16_Kbely16-1536x1024.jpg 1536w, https:\/\/foto.praha-19.ys-beta.cz\/app\/uploads\/2022\/11\/2021_09_16_Kbely16-1194x796.jpg 1194w, https:\/\/foto.praha-19.ys-beta.cz\/app\/uploads\/2022\/11\/2021_09_16_Kbely16-582x388.jpg 582w, https:\/\/foto.praha-19.ys-beta.cz\/app\/uploads\/2022\/11\/2021_09_16_Kbely16-276x184.jpg 276w, https:\/\/foto.praha-19.ys-beta.cz\/app\/uploads\/2022\/11\/2021_09_16_Kbely16-675x450.jpg 675w, https:\/\/foto.praha-19.ys-beta.cz\/app\/uploads\/2022\/11\/2021_09_16_Kbely16.jpg 1920w\" sizes=\"auto, (max-width: 378px) 100vw, 378px\" \/><\/a><\/div><div class='pinhole-item col-xs-12 col-lg-4 col-md-4 col-sm-6  '><a class=\"item-link\" href=\"https:\/\/foto.praha-19.ys-beta.cz\/app\/uploads\/2022\/11\/2021_09_16_Kbely15.jpg\" data-caption=\"[]\" data-meta=\"[]\"  data-size=\"{&quot;width&quot;:1920,&quot;height&quot;:1280}\" data-download=\"[]\" data-filename=\"{&quot;name&quot;:&quot;&quot;}\"><img loading=\"lazy\" decoding=\"async\" width=\"378\" height=\"252\" src=\"https:\/\/foto.praha-19.ys-beta.cz\/app\/uploads\/2022\/11\/2021_09_16_Kbely15-378x252.jpg\" class=\"attachment-pinhole-col-3 size-pinhole-col-3\" alt=\"\" srcset=\"https:\/\/foto.praha-19.ys-beta.cz\/app\/uploads\/2022\/11\/2021_09_16_Kbely15-378x252.jpg 378w, https:\/\/foto.praha-19.ys-beta.cz\/app\/uploads\/2022\/11\/2021_09_16_Kbely15-300x200.jpg 300w, https:\/\/foto.praha-19.ys-beta.cz\/app\/uploads\/2022\/11\/2021_09_16_Kbely15-1024x683.jpg 1024w, https:\/\/foto.praha-19.ys-beta.cz\/app\/uploads\/2022\/11\/2021_09_16_Kbely15-768x512.jpg 768w, https:\/\/foto.praha-19.ys-beta.cz\/app\/uploads\/2022\/11\/2021_09_16_Kbely15-1536x1024.jpg 1536w, https:\/\/foto.praha-19.ys-beta.cz\/app\/uploads\/2022\/11\/2021_09_16_Kbely15-1194x796.jpg 1194w, https:\/\/foto.praha-19.ys-beta.cz\/app\/uploads\/2022\/11\/2021_09_16_Kbely15-582x388.jpg 582w, https:\/\/foto.praha-19.ys-beta.cz\/app\/uploads\/2022\/11\/2021_09_16_Kbely15-276x184.jpg 276w, https:\/\/foto.praha-19.ys-beta.cz\/app\/uploads\/2022\/11\/2021_09_16_Kbely15-675x450.jpg 675w, https:\/\/foto.praha-19.ys-beta.cz\/app\/uploads\/2022\/11\/2021_09_16_Kbely15.jpg 1920w\" sizes=\"auto, (max-width: 378px) 100vw, 378px\" \/><\/a><\/div><div class='pinhole-item col-xs-12 col-lg-4 col-md-4 col-sm-6  '><a class=\"item-link\" href=\"https:\/\/foto.praha-19.ys-beta.cz\/app\/uploads\/2022\/11\/2021_09_16_Kbely14.jpg\" data-caption=\"[]\" data-meta=\"[]\"  data-size=\"{&quot;width&quot;:1920,&quot;height&quot;:1280}\" data-download=\"[]\" data-filename=\"{&quot;name&quot;:&quot;&quot;}\"><img loading=\"lazy\" decoding=\"async\" width=\"378\" height=\"252\" src=\"https:\/\/foto.praha-19.ys-beta.cz\/app\/uploads\/2022\/11\/2021_09_16_Kbely14-378x252.jpg\" class=\"attachment-pinhole-col-3 size-pinhole-col-3\" alt=\"\" srcset=\"https:\/\/foto.praha-19.ys-beta.cz\/app\/uploads\/2022\/11\/2021_09_16_Kbely14-378x252.jpg 378w, https:\/\/foto.praha-19.ys-beta.cz\/app\/uploads\/2022\/11\/2021_09_16_Kbely14-300x200.jpg 300w, https:\/\/foto.praha-19.ys-beta.cz\/app\/uploads\/2022\/11\/2021_09_16_Kbely14-1024x683.jpg 1024w, https:\/\/foto.praha-19.ys-beta.cz\/app\/uploads\/2022\/11\/2021_09_16_Kbely14-768x512.jpg 768w, https:\/\/foto.praha-19.ys-beta.cz\/app\/uploads\/2022\/11\/2021_09_16_Kbely14-1536x1024.jpg 1536w, https:\/\/foto.praha-19.ys-beta.cz\/app\/uploads\/2022\/11\/2021_09_16_Kbely14-1194x796.jpg 1194w, https:\/\/foto.praha-19.ys-beta.cz\/app\/uploads\/2022\/11\/2021_09_16_Kbely14-582x388.jpg 582w, https:\/\/foto.praha-19.ys-beta.cz\/app\/uploads\/2022\/11\/2021_09_16_Kbely14-276x184.jpg 276w, https:\/\/foto.praha-19.ys-beta.cz\/app\/uploads\/2022\/11\/2021_09_16_Kbely14-675x450.jpg 675w, https:\/\/foto.praha-19.ys-beta.cz\/app\/uploads\/2022\/11\/2021_09_16_Kbely14.jpg 1920w\" sizes=\"auto, (max-width: 378px) 100vw, 378px\" \/><\/a><\/div><div class='pinhole-item col-xs-12 col-lg-4 col-md-4 col-sm-6  '><a class=\"item-link\" href=\"https:\/\/foto.praha-19.ys-beta.cz\/app\/uploads\/2022\/11\/2021_09_16_Kbely9.jpg\" data-caption=\"[]\" data-meta=\"[]\"  data-size=\"{&quot;width&quot;:1920,&quot;height&quot;:1280}\" data-download=\"[]\" data-filename=\"{&quot;name&quot;:&quot;&quot;}\"><img loading=\"lazy\" decoding=\"async\" width=\"378\" height=\"252\" src=\"https:\/\/foto.praha-19.ys-beta.cz\/app\/uploads\/2022\/11\/2021_09_16_Kbely9-378x252.jpg\" class=\"attachment-pinhole-col-3 size-pinhole-col-3\" alt=\"\" srcset=\"https:\/\/foto.praha-19.ys-beta.cz\/app\/uploads\/2022\/11\/2021_09_16_Kbely9-378x252.jpg 378w, https:\/\/foto.praha-19.ys-beta.cz\/app\/uploads\/2022\/11\/2021_09_16_Kbely9-300x200.jpg 300w, https:\/\/foto.praha-19.ys-beta.cz\/app\/uploads\/2022\/11\/2021_09_16_Kbely9-1024x683.jpg 1024w, https:\/\/foto.praha-19.ys-beta.cz\/app\/uploads\/2022\/11\/2021_09_16_Kbely9-768x512.jpg 768w, https:\/\/foto.praha-19.ys-beta.cz\/app\/uploads\/2022\/11\/2021_09_16_Kbely9-1536x1024.jpg 1536w, https:\/\/foto.praha-19.ys-beta.cz\/app\/uploads\/2022\/11\/2021_09_16_Kbely9-1194x796.jpg 1194w, https:\/\/foto.praha-19.ys-beta.cz\/app\/uploads\/2022\/11\/2021_09_16_Kbely9-582x388.jpg 582w, https:\/\/foto.praha-19.ys-beta.cz\/app\/uploads\/2022\/11\/2021_09_16_Kbely9-276x184.jpg 276w, https:\/\/foto.praha-19.ys-beta.cz\/app\/uploads\/2022\/11\/2021_09_16_Kbely9-675x450.jpg 675w, https:\/\/foto.praha-19.ys-beta.cz\/app\/uploads\/2022\/11\/2021_09_16_Kbely9.jpg 1920w\" sizes=\"auto, (max-width: 378px) 100vw, 378px\" \/><\/a><\/div><div class='pinhole-item col-xs-12 col-lg-4 col-md-4 col-sm-6  '><a class=\"item-link\" href=\"https:\/\/foto.praha-19.ys-beta.cz\/app\/uploads\/2022\/11\/2021_09_16_Kbely8.jpg\" data-caption=\"[]\" data-meta=\"[]\"  data-size=\"{&quot;width&quot;:1920,&quot;height&quot;:1280}\" data-download=\"[]\" data-filename=\"{&quot;name&quot;:&quot;&quot;}\"><img loading=\"lazy\" decoding=\"async\" width=\"378\" height=\"252\" src=\"https:\/\/foto.praha-19.ys-beta.cz\/app\/uploads\/2022\/11\/2021_09_16_Kbely8-378x252.jpg\" class=\"attachment-pinhole-col-3 size-pinhole-col-3\" alt=\"\" srcset=\"https:\/\/foto.praha-19.ys-beta.cz\/app\/uploads\/2022\/11\/2021_09_16_Kbely8-378x252.jpg 378w, https:\/\/foto.praha-19.ys-beta.cz\/app\/uploads\/2022\/11\/2021_09_16_Kbely8-300x200.jpg 300w, https:\/\/foto.praha-19.ys-beta.cz\/app\/uploads\/2022\/11\/2021_09_16_Kbely8-1024x683.jpg 1024w, https:\/\/foto.praha-19.ys-beta.cz\/app\/uploads\/2022\/11\/2021_09_16_Kbely8-768x512.jpg 768w, https:\/\/foto.praha-19.ys-beta.cz\/app\/uploads\/2022\/11\/2021_09_16_Kbely8-1536x1024.jpg 1536w, https:\/\/foto.praha-19.ys-beta.cz\/app\/uploads\/2022\/11\/2021_09_16_Kbely8-1194x796.jpg 1194w, https:\/\/foto.praha-19.ys-beta.cz\/app\/uploads\/2022\/11\/2021_09_16_Kbely8-582x388.jpg 582w, https:\/\/foto.praha-19.ys-beta.cz\/app\/uploads\/2022\/11\/2021_09_16_Kbely8-276x184.jpg 276w, https:\/\/foto.praha-19.ys-beta.cz\/app\/uploads\/2022\/11\/2021_09_16_Kbely8-675x450.jpg 675w, https:\/\/foto.praha-19.ys-beta.cz\/app\/uploads\/2022\/11\/2021_09_16_Kbely8.jpg 1920w\" sizes=\"auto, (max-width: 378px) 100vw, 378px\" \/><\/a><\/div><div class='pinhole-item col-xs-12 col-lg-4 col-md-4 col-sm-6  '><a class=\"item-link\" href=\"https:\/\/foto.praha-19.ys-beta.cz\/app\/uploads\/2022\/11\/2021_09_16_Kbely7.jpg\" data-caption=\"[]\" data-meta=\"[]\"  data-size=\"{&quot;width&quot;:1920,&quot;height&quot;:1280}\" data-download=\"[]\" data-filename=\"{&quot;name&quot;:&quot;&quot;}\"><img loading=\"lazy\" decoding=\"async\" width=\"378\" height=\"252\" src=\"https:\/\/foto.praha-19.ys-beta.cz\/app\/uploads\/2022\/11\/2021_09_16_Kbely7-378x252.jpg\" class=\"attachment-pinhole-col-3 size-pinhole-col-3\" alt=\"\" srcset=\"https:\/\/foto.praha-19.ys-beta.cz\/app\/uploads\/2022\/11\/2021_09_16_Kbely7-378x252.jpg 378w, https:\/\/foto.praha-19.ys-beta.cz\/app\/uploads\/2022\/11\/2021_09_16_Kbely7-300x200.jpg 300w, https:\/\/foto.praha-19.ys-beta.cz\/app\/uploads\/2022\/11\/2021_09_16_Kbely7-1024x683.jpg 1024w, https:\/\/foto.praha-19.ys-beta.cz\/app\/uploads\/2022\/11\/2021_09_16_Kbely7-768x512.jpg 768w, https:\/\/foto.praha-19.ys-beta.cz\/app\/uploads\/2022\/11\/2021_09_16_Kbely7-1536x1024.jpg 1536w, https:\/\/foto.praha-19.ys-beta.cz\/app\/uploads\/2022\/11\/2021_09_16_Kbely7-1194x796.jpg 1194w, https:\/\/foto.praha-19.ys-beta.cz\/app\/uploads\/2022\/11\/2021_09_16_Kbely7-582x388.jpg 582w, https:\/\/foto.praha-19.ys-beta.cz\/app\/uploads\/2022\/11\/2021_09_16_Kbely7-276x184.jpg 276w, https:\/\/foto.praha-19.ys-beta.cz\/app\/uploads\/2022\/11\/2021_09_16_Kbely7-675x450.jpg 675w, https:\/\/foto.praha-19.ys-beta.cz\/app\/uploads\/2022\/11\/2021_09_16_Kbely7.jpg 1920w\" sizes=\"auto, (max-width: 378px) 100vw, 378px\" \/><\/a><\/div><div class='pinhole-item col-xs-12 col-lg-4 col-md-4 col-sm-6  '><a class=\"item-link\" href=\"https:\/\/foto.praha-19.ys-beta.cz\/app\/uploads\/2022\/11\/2021_09_16_Kbely6.jpg\" data-caption=\"[]\" data-meta=\"[]\"  data-size=\"{&quot;width&quot;:1920,&quot;height&quot;:1280}\" data-download=\"[]\" data-filename=\"{&quot;name&quot;:&quot;&quot;}\"><img loading=\"lazy\" decoding=\"async\" width=\"378\" height=\"252\" src=\"https:\/\/foto.praha-19.ys-beta.cz\/app\/uploads\/2022\/11\/2021_09_16_Kbely6-378x252.jpg\" class=\"attachment-pinhole-col-3 size-pinhole-col-3\" alt=\"\" srcset=\"https:\/\/foto.praha-19.ys-beta.cz\/app\/uploads\/2022\/11\/2021_09_16_Kbely6-378x252.jpg 378w, https:\/\/foto.praha-19.ys-beta.cz\/app\/uploads\/2022\/11\/2021_09_16_Kbely6-300x200.jpg 300w, https:\/\/foto.praha-19.ys-beta.cz\/app\/uploads\/2022\/11\/2021_09_16_Kbely6-1024x683.jpg 1024w, https:\/\/foto.praha-19.ys-beta.cz\/app\/uploads\/2022\/11\/2021_09_16_Kbely6-768x512.jpg 768w, https:\/\/foto.praha-19.ys-beta.cz\/app\/uploads\/2022\/11\/2021_09_16_Kbely6-1536x1024.jpg 1536w, https:\/\/foto.praha-19.ys-beta.cz\/app\/uploads\/2022\/11\/2021_09_16_Kbely6-1194x796.jpg 1194w, https:\/\/foto.praha-19.ys-beta.cz\/app\/uploads\/2022\/11\/2021_09_16_Kbely6-582x388.jpg 582w, https:\/\/foto.praha-19.ys-beta.cz\/app\/uploads\/2022\/11\/2021_09_16_Kbely6-276x184.jpg 276w, https:\/\/foto.praha-19.ys-beta.cz\/app\/uploads\/2022\/11\/2021_09_16_Kbely6-675x450.jpg 675w, https:\/\/foto.praha-19.ys-beta.cz\/app\/uploads\/2022\/11\/2021_09_16_Kbely6.jpg 1920w\" sizes=\"auto, (max-width: 378px) 100vw, 378px\" \/><\/a><\/div><div class='pinhole-item col-xs-12 col-lg-4 col-md-4 col-sm-6  '><a class=\"item-link\" href=\"https:\/\/foto.praha-19.ys-beta.cz\/app\/uploads\/2022\/11\/2021_09_16_Kbely4.jpg\" data-caption=\"[]\" data-meta=\"[]\"  data-size=\"{&quot;width&quot;:1920,&quot;height&quot;:1280}\" data-download=\"[]\" data-filename=\"{&quot;name&quot;:&quot;&quot;}\"><img loading=\"lazy\" decoding=\"async\" width=\"378\" height=\"252\" src=\"https:\/\/foto.praha-19.ys-beta.cz\/app\/uploads\/2022\/11\/2021_09_16_Kbely4-378x252.jpg\" class=\"attachment-pinhole-col-3 size-pinhole-col-3\" alt=\"\" srcset=\"https:\/\/foto.praha-19.ys-beta.cz\/app\/uploads\/2022\/11\/2021_09_16_Kbely4-378x252.jpg 378w, https:\/\/foto.praha-19.ys-beta.cz\/app\/uploads\/2022\/11\/2021_09_16_Kbely4-300x200.jpg 300w, https:\/\/foto.praha-19.ys-beta.cz\/app\/uploads\/2022\/11\/2021_09_16_Kbely4-1024x683.jpg 1024w, https:\/\/foto.praha-19.ys-beta.cz\/app\/uploads\/2022\/11\/2021_09_16_Kbely4-768x512.jpg 768w, https:\/\/foto.praha-19.ys-beta.cz\/app\/uploads\/2022\/11\/2021_09_16_Kbely4-1536x1024.jpg 1536w, https:\/\/foto.praha-19.ys-beta.cz\/app\/uploads\/2022\/11\/2021_09_16_Kbely4-1194x796.jpg 1194w, https:\/\/foto.praha-19.ys-beta.cz\/app\/uploads\/2022\/11\/2021_09_16_Kbely4-582x388.jpg 582w, https:\/\/foto.praha-19.ys-beta.cz\/app\/uploads\/2022\/11\/2021_09_16_Kbely4-276x184.jpg 276w, https:\/\/foto.praha-19.ys-beta.cz\/app\/uploads\/2022\/11\/2021_09_16_Kbely4-675x450.jpg 675w, https:\/\/foto.praha-19.ys-beta.cz\/app\/uploads\/2022\/11\/2021_09_16_Kbely4.jpg 1920w\" sizes=\"auto, (max-width: 378px) 100vw, 378px\" \/><\/a><\/div><div class='pinhole-item col-xs-12 col-lg-4 col-md-4 col-sm-6  '><a class=\"item-link\" href=\"https:\/\/foto.praha-19.ys-beta.cz\/app\/uploads\/2022\/11\/2021_09_16_Kbely3.jpg\" data-caption=\"[]\" data-meta=\"[]\"  data-size=\"{&quot;width&quot;:1920,&quot;height&quot;:1280}\" data-download=\"[]\" data-filename=\"{&quot;name&quot;:&quot;&quot;}\"><img loading=\"lazy\" decoding=\"async\" width=\"378\" height=\"252\" src=\"https:\/\/foto.praha-19.ys-beta.cz\/app\/uploads\/2022\/11\/2021_09_16_Kbely3-378x252.jpg\" class=\"attachment-pinhole-col-3 size-pinhole-col-3\" alt=\"\" srcset=\"https:\/\/foto.praha-19.ys-beta.cz\/app\/uploads\/2022\/11\/2021_09_16_Kbely3-378x252.jpg 378w, https:\/\/foto.praha-19.ys-beta.cz\/app\/uploads\/2022\/11\/2021_09_16_Kbely3-300x200.jpg 300w, https:\/\/foto.praha-19.ys-beta.cz\/app\/uploads\/2022\/11\/2021_09_16_Kbely3-1024x683.jpg 1024w, https:\/\/foto.praha-19.ys-beta.cz\/app\/uploads\/2022\/11\/2021_09_16_Kbely3-768x512.jpg 768w, https:\/\/foto.praha-19.ys-beta.cz\/app\/uploads\/2022\/11\/2021_09_16_Kbely3-1536x1024.jpg 1536w, https:\/\/foto.praha-19.ys-beta.cz\/app\/uploads\/2022\/11\/2021_09_16_Kbely3-1194x796.jpg 1194w, https:\/\/foto.praha-19.ys-beta.cz\/app\/uploads\/2022\/11\/2021_09_16_Kbely3-582x388.jpg 582w, https:\/\/foto.praha-19.ys-beta.cz\/app\/uploads\/2022\/11\/2021_09_16_Kbely3-276x184.jpg 276w, https:\/\/foto.praha-19.ys-beta.cz\/app\/uploads\/2022\/11\/2021_09_16_Kbely3-675x450.jpg 675w, https:\/\/foto.praha-19.ys-beta.cz\/app\/uploads\/2022\/11\/2021_09_16_Kbely3.jpg 1920w\" sizes=\"auto, (max-width: 378px) 100vw, 378px\" \/><\/a><\/div><div class='pinhole-item col-xs-12 col-lg-4 col-md-4 col-sm-6  '><a class=\"item-link\" href=\"https:\/\/foto.praha-19.ys-beta.cz\/app\/uploads\/2022\/11\/2021_09_16_Kbely2.jpg\" data-caption=\"[]\" data-meta=\"[]\"  data-size=\"{&quot;width&quot;:1920,&quot;height&quot;:1280}\" data-download=\"[]\" data-filename=\"{&quot;name&quot;:&quot;&quot;}\"><img loading=\"lazy\" decoding=\"async\" width=\"378\" height=\"252\" src=\"https:\/\/foto.praha-19.ys-beta.cz\/app\/uploads\/2022\/11\/2021_09_16_Kbely2-378x252.jpg\" class=\"attachment-pinhole-col-3 size-pinhole-col-3\" alt=\"\" srcset=\"https:\/\/foto.praha-19.ys-beta.cz\/app\/uploads\/2022\/11\/2021_09_16_Kbely2-378x252.jpg 378w, https:\/\/foto.praha-19.ys-beta.cz\/app\/uploads\/2022\/11\/2021_09_16_Kbely2-300x200.jpg 300w, https:\/\/foto.praha-19.ys-beta.cz\/app\/uploads\/2022\/11\/2021_09_16_Kbely2-1024x683.jpg 1024w, https:\/\/foto.praha-19.ys-beta.cz\/app\/uploads\/2022\/11\/2021_09_16_Kbely2-768x512.jpg 768w, https:\/\/foto.praha-19.ys-beta.cz\/app\/uploads\/2022\/11\/2021_09_16_Kbely2-1536x1024.jpg 1536w, https:\/\/foto.praha-19.ys-beta.cz\/app\/uploads\/2022\/11\/2021_09_16_Kbely2-1194x796.jpg 1194w, https:\/\/foto.praha-19.ys-beta.cz\/app\/uploads\/2022\/11\/2021_09_16_Kbely2-582x388.jpg 582w, https:\/\/foto.praha-19.ys-beta.cz\/app\/uploads\/2022\/11\/2021_09_16_Kbely2-276x184.jpg 276w, https:\/\/foto.praha-19.ys-beta.cz\/app\/uploads\/2022\/11\/2021_09_16_Kbely2-675x450.jpg 675w, https:\/\/foto.praha-19.ys-beta.cz\/app\/uploads\/2022\/11\/2021_09_16_Kbely2.jpg 1920w\" sizes=\"auto, (max-width: 378px) 100vw, 378px\" \/><\/a><\/div><div class='pinhole-item col-xs-12 col-lg-4 col-md-4 col-sm-6  '><a class=\"item-link\" href=\"https:\/\/foto.praha-19.ys-beta.cz\/app\/uploads\/2022\/11\/2021_09_16_Kbely1.jpg\" data-caption=\"[]\" data-meta=\"[]\"  data-size=\"{&quot;width&quot;:1920,&quot;height&quot;:1280}\" data-download=\"[]\" data-filename=\"{&quot;name&quot;:&quot;&quot;}\"><img loading=\"lazy\" decoding=\"async\" width=\"378\" height=\"252\" src=\"https:\/\/foto.praha-19.ys-beta.cz\/app\/uploads\/2022\/11\/2021_09_16_Kbely1-378x252.jpg\" class=\"attachment-pinhole-col-3 size-pinhole-col-3\" alt=\"\" srcset=\"https:\/\/foto.praha-19.ys-beta.cz\/app\/uploads\/2022\/11\/2021_09_16_Kbely1-378x252.jpg 378w, https:\/\/foto.praha-19.ys-beta.cz\/app\/uploads\/2022\/11\/2021_09_16_Kbely1-300x200.jpg 300w, https:\/\/foto.praha-19.ys-beta.cz\/app\/uploads\/2022\/11\/2021_09_16_Kbely1-1024x683.jpg 1024w, https:\/\/foto.praha-19.ys-beta.cz\/app\/uploads\/2022\/11\/2021_09_16_Kbely1-768x512.jpg 768w, https:\/\/foto.praha-19.ys-beta.cz\/app\/uploads\/2022\/11\/2021_09_16_Kbely1-1536x1024.jpg 1536w, https:\/\/foto.praha-19.ys-beta.cz\/app\/uploads\/2022\/11\/2021_09_16_Kbely1-1194x796.jpg 1194w, https:\/\/foto.praha-19.ys-beta.cz\/app\/uploads\/2022\/11\/2021_09_16_Kbely1-582x388.jpg 582w, https:\/\/foto.praha-19.ys-beta.cz\/app\/uploads\/2022\/11\/2021_09_16_Kbely1-276x184.jpg 276w, https:\/\/foto.praha-19.ys-beta.cz\/app\/uploads\/2022\/11\/2021_09_16_Kbely1-675x450.jpg 675w, https:\/\/foto.praha-19.ys-beta.cz\/app\/uploads\/2022\/11\/2021_09_16_Kbely1.jpg 1920w\" sizes=\"auto, (max-width: 378px) 100vw, 378px\" \/><\/a><\/div>\n\t\t<\/div>\n","protected":false},"excerpt":{"rendered":"<p>16. z\u00e1\u0159\u00ed 2021 &#8211; Vlakov\u00e1 zast\u00e1vka Praha-Kbely Leto\u0161n\u00ed Sn\u00eddan\u011b na per\u00f3n\u011b byla op\u011bt zam\u011b\u0159ena na informace o aktu\u00e1ln\u00edch projektech kolem \u017eeleznice. Cestuj\u00edc\u00ed byli informov\u00e1ni o p\u0159\u00edprav\u011b nov\u00e9 zast\u00e1vky Rajsk\u00e1 Zahrada s p\u0159estupem na metro B, autobusy a v budoucnu snad i tramvaj. Dal\u0161\u00edm bodem byla p\u0159\u00edprava nov\u00fdch zast\u00e1vek na \u017eelezni\u010dn\u00ed trati \u010d. 070. V roce [&hellip;]<\/p>\n","protected":false},"author":6,"featured_media":4109,"parent":951,"menu_order":70,"comment_status":"closed","ping_status":"closed","template":"","meta":{"footnotes":""},"class_list":["post-3365","page","type-page","status-publish","has-post-thumbnail","hentry"],"yoast_head":"<!-- This site is optimized with the Yoast SEO plugin v27.2 - https:\/\/yoast.com\/product\/yoast-seo-wordpress\/ -->\n<title>Sn\u00eddan\u011b na per\u00f3n\u011b - Fotogalerie - Praha 19<\/title>\n<meta name=\"robots\" content=\"noindex, follow, max-snippet:-1, max-image-preview:large, max-video-preview:-1\" \/>\n<meta property=\"og:locale\" content=\"cs_CZ\" \/>\n<meta property=\"og:type\" content=\"article\" \/>\n<meta property=\"og:title\" content=\"Sn\u00eddan\u011b na per\u00f3n\u011b - Fotogalerie - Praha 19\" \/>\n<meta property=\"og:description\" content=\"16. z\u00e1\u0159\u00ed 2021 &#8211; Vlakov\u00e1 zast\u00e1vka Praha-Kbely Leto\u0161n\u00ed Sn\u00eddan\u011b na per\u00f3n\u011b byla op\u011bt zam\u011b\u0159ena na informace o aktu\u00e1ln\u00edch projektech kolem \u017eeleznice. Cestuj\u00edc\u00ed byli informov\u00e1ni o p\u0159\u00edprav\u011b nov\u00e9 zast\u00e1vky Rajsk\u00e1 Zahrada s p\u0159estupem na metro B, autobusy a v budoucnu snad i tramvaj. Dal\u0161\u00edm bodem byla p\u0159\u00edprava nov\u00fdch zast\u00e1vek na \u017eelezni\u010dn\u00ed trati \u010d. 070. V roce [&hellip;]\" \/>\n<meta property=\"og:url\" content=\"https:\/\/foto.praha-19.ys-beta.cz\/index.php\/rok-2021\/snidane-na-perone\/\" \/>\n<meta property=\"og:site_name\" content=\"Fotogalerie - Praha 19\" \/>\n<meta property=\"article:modified_time\" content=\"2022-11-24T13:08:35+00:00\" \/>\n<meta property=\"og:image\" content=\"https:\/\/foto.praha-19.ys-beta.cz\/app\/uploads\/2022\/11\/2021_09_16_Kbely14-1024x683.jpg\" \/>\n\t<meta property=\"og:image:width\" content=\"1024\" \/>\n\t<meta property=\"og:image:height\" content=\"683\" \/>\n\t<meta property=\"og:image:type\" content=\"image\/jpeg\" \/>\n<meta name=\"twitter:card\" content=\"summary_large_image\" \/>\n<meta name=\"twitter:label1\" content=\"Est. reading time\" \/>\n\t<meta name=\"twitter:data1\" content=\"8 minut\" \/>\n<script type=\"application\/ld+json\" class=\"yoast-schema-graph\">{\"@context\":\"https:\/\/schema.org\",\"@graph\":[{\"@type\":\"WebPage\",\"@id\":\"https:\/\/foto.praha-19.ys-beta.cz\/index.php\/rok-2021\/snidane-na-perone\/\",\"url\":\"https:\/\/foto.praha-19.ys-beta.cz\/index.php\/rok-2021\/snidane-na-perone\/\",\"name\":\"Sn\u00eddan\u011b na per\u00f3n\u011b - Fotogalerie - Praha 19\",\"isPartOf\":{\"@id\":\"https:\/\/foto.praha-19.ys-beta.cz\/#website\"},\"primaryImageOfPage\":{\"@id\":\"https:\/\/foto.praha-19.ys-beta.cz\/index.php\/rok-2021\/snidane-na-perone\/#primaryimage\"},\"image\":{\"@id\":\"https:\/\/foto.praha-19.ys-beta.cz\/index.php\/rok-2021\/snidane-na-perone\/#primaryimage\"},\"thumbnailUrl\":\"https:\/\/foto.praha-19.ys-beta.cz\/app\/uploads\/2022\/11\/2021_09_16_Kbely14.jpg\",\"datePublished\":\"2021-09-16T11:23:00+00:00\",\"dateModified\":\"2022-11-24T13:08:35+00:00\",\"breadcrumb\":{\"@id\":\"https:\/\/foto.praha-19.ys-beta.cz\/index.php\/rok-2021\/snidane-na-perone\/#breadcrumb\"},\"inLanguage\":\"cs\",\"potentialAction\":[{\"@type\":\"ReadAction\",\"target\":[\"https:\/\/foto.praha-19.ys-beta.cz\/index.php\/rok-2021\/snidane-na-perone\/\"]}]},{\"@type\":\"ImageObject\",\"inLanguage\":\"cs\",\"@id\":\"https:\/\/foto.praha-19.ys-beta.cz\/index.php\/rok-2021\/snidane-na-perone\/#primaryimage\",\"url\":\"https:\/\/foto.praha-19.ys-beta.cz\/app\/uploads\/2022\/11\/2021_09_16_Kbely14.jpg\",\"contentUrl\":\"https:\/\/foto.praha-19.ys-beta.cz\/app\/uploads\/2022\/11\/2021_09_16_Kbely14.jpg\",\"width\":1920,\"height\":1280},{\"@type\":\"BreadcrumbList\",\"@id\":\"https:\/\/foto.praha-19.ys-beta.cz\/index.php\/rok-2021\/snidane-na-perone\/#breadcrumb\",\"itemListElement\":[{\"@type\":\"ListItem\",\"position\":1,\"name\":\"Home\",\"item\":\"https:\/\/foto.praha-19.ys-beta.cz\/\"},{\"@type\":\"ListItem\",\"position\":2,\"name\":\"Rok 2021\",\"item\":\"https:\/\/foto.praha-19.ys-beta.cz\/index.php\/rok-2021\/\"},{\"@type\":\"ListItem\",\"position\":3,\"name\":\"Sn\u00eddan\u011b na per\u00f3n\u011b\"}]},{\"@type\":\"WebSite\",\"@id\":\"https:\/\/foto.praha-19.ys-beta.cz\/#website\",\"url\":\"https:\/\/foto.praha-19.ys-beta.cz\/\",\"name\":\"Fotogalerie - Praha 19\",\"description\":\"Fotogalerie m\u011bstsk\u00e9 \u010d\u00e1sti Praha 19\",\"potentialAction\":[{\"@type\":\"SearchAction\",\"target\":{\"@type\":\"EntryPoint\",\"urlTemplate\":\"https:\/\/foto.praha-19.ys-beta.cz\/?s={search_term_string}\"},\"query-input\":{\"@type\":\"PropertyValueSpecification\",\"valueRequired\":true,\"valueName\":\"search_term_string\"}}],\"inLanguage\":\"cs\"}]}<\/script>\n<!-- \/ Yoast SEO plugin. -->","yoast_head_json":{"title":"Sn\u00eddan\u011b na per\u00f3n\u011b - Fotogalerie - Praha 19","robots":{"index":"noindex","follow":"follow","max-snippet":"max-snippet:-1","max-image-preview":"max-image-preview:large","max-video-preview":"max-video-preview:-1"},"og_locale":"cs_CZ","og_type":"article","og_title":"Sn\u00eddan\u011b na per\u00f3n\u011b - Fotogalerie - Praha 19","og_description":"16. z\u00e1\u0159\u00ed 2021 &#8211; Vlakov\u00e1 zast\u00e1vka Praha-Kbely Leto\u0161n\u00ed Sn\u00eddan\u011b na per\u00f3n\u011b byla op\u011bt zam\u011b\u0159ena na informace o aktu\u00e1ln\u00edch projektech kolem \u017eeleznice. Cestuj\u00edc\u00ed byli informov\u00e1ni o p\u0159\u00edprav\u011b nov\u00e9 zast\u00e1vky Rajsk\u00e1 Zahrada s p\u0159estupem na metro B, autobusy a v budoucnu snad i tramvaj. Dal\u0161\u00edm bodem byla p\u0159\u00edprava nov\u00fdch zast\u00e1vek na \u017eelezni\u010dn\u00ed trati \u010d. 070. V roce [&hellip;]","og_url":"https:\/\/foto.praha-19.ys-beta.cz\/index.php\/rok-2021\/snidane-na-perone\/","og_site_name":"Fotogalerie - Praha 19","article_modified_time":"2022-11-24T13:08:35+00:00","og_image":[{"width":1024,"height":683,"url":"https:\/\/foto.praha-19.ys-beta.cz\/app\/uploads\/2022\/11\/2021_09_16_Kbely14-1024x683.jpg","type":"image\/jpeg"}],"twitter_card":"summary_large_image","twitter_misc":{"Est. reading time":"8 minut"},"schema":{"@context":"https:\/\/schema.org","@graph":[{"@type":"WebPage","@id":"https:\/\/foto.praha-19.ys-beta.cz\/index.php\/rok-2021\/snidane-na-perone\/","url":"https:\/\/foto.praha-19.ys-beta.cz\/index.php\/rok-2021\/snidane-na-perone\/","name":"Sn\u00eddan\u011b na per\u00f3n\u011b - Fotogalerie - Praha 19","isPartOf":{"@id":"https:\/\/foto.praha-19.ys-beta.cz\/#website"},"primaryImageOfPage":{"@id":"https:\/\/foto.praha-19.ys-beta.cz\/index.php\/rok-2021\/snidane-na-perone\/#primaryimage"},"image":{"@id":"https:\/\/foto.praha-19.ys-beta.cz\/index.php\/rok-2021\/snidane-na-perone\/#primaryimage"},"thumbnailUrl":"https:\/\/foto.praha-19.ys-beta.cz\/app\/uploads\/2022\/11\/2021_09_16_Kbely14.jpg","datePublished":"2021-09-16T11:23:00+00:00","dateModified":"2022-11-24T13:08:35+00:00","breadcrumb":{"@id":"https:\/\/foto.praha-19.ys-beta.cz\/index.php\/rok-2021\/snidane-na-perone\/#breadcrumb"},"inLanguage":"cs","potentialAction":[{"@type":"ReadAction","target":["https:\/\/foto.praha-19.ys-beta.cz\/index.php\/rok-2021\/snidane-na-perone\/"]}]},{"@type":"ImageObject","inLanguage":"cs","@id":"https:\/\/foto.praha-19.ys-beta.cz\/index.php\/rok-2021\/snidane-na-perone\/#primaryimage","url":"https:\/\/foto.praha-19.ys-beta.cz\/app\/uploads\/2022\/11\/2021_09_16_Kbely14.jpg","contentUrl":"https:\/\/foto.praha-19.ys-beta.cz\/app\/uploads\/2022\/11\/2021_09_16_Kbely14.jpg","width":1920,"height":1280},{"@type":"BreadcrumbList","@id":"https:\/\/foto.praha-19.ys-beta.cz\/index.php\/rok-2021\/snidane-na-perone\/#breadcrumb","itemListElement":[{"@type":"ListItem","position":1,"name":"Home","item":"https:\/\/foto.praha-19.ys-beta.cz\/"},{"@type":"ListItem","position":2,"name":"Rok 2021","item":"https:\/\/foto.praha-19.ys-beta.cz\/index.php\/rok-2021\/"},{"@type":"ListItem","position":3,"name":"Sn\u00eddan\u011b na per\u00f3n\u011b"}]},{"@type":"WebSite","@id":"https:\/\/foto.praha-19.ys-beta.cz\/#website","url":"https:\/\/foto.praha-19.ys-beta.cz\/","name":"Fotogalerie - Praha 19","description":"Fotogalerie m\u011bstsk\u00e9 \u010d\u00e1sti Praha 19","potentialAction":[{"@type":"SearchAction","target":{"@type":"EntryPoint","urlTemplate":"https:\/\/foto.praha-19.ys-beta.cz\/?s={search_term_string}"},"query-input":{"@type":"PropertyValueSpecification","valueRequired":true,"valueName":"search_term_string"}}],"inLanguage":"cs"}]}},"_links":{"self":[{"href":"https:\/\/foto.praha-19.ys-beta.cz\/index.php\/wp-json\/wp\/v2\/pages\/3365","targetHints":{"allow":["GET"]}}],"collection":[{"href":"https:\/\/foto.praha-19.ys-beta.cz\/index.php\/wp-json\/wp\/v2\/pages"}],"about":[{"href":"https:\/\/foto.praha-19.ys-beta.cz\/index.php\/wp-json\/wp\/v2\/types\/page"}],"author":[{"embeddable":true,"href":"https:\/\/foto.praha-19.ys-beta.cz\/index.php\/wp-json\/wp\/v2\/users\/6"}],"replies":[{"embeddable":true,"href":"https:\/\/foto.praha-19.ys-beta.cz\/index.php\/wp-json\/wp\/v2\/comments?post=3365"}],"version-history":[{"count":2,"href":"https:\/\/foto.praha-19.ys-beta.cz\/index.php\/wp-json\/wp\/v2\/pages\/3365\/revisions"}],"predecessor-version":[{"id":4148,"href":"https:\/\/foto.praha-19.ys-beta.cz\/index.php\/wp-json\/wp\/v2\/pages\/3365\/revisions\/4148"}],"up":[{"embeddable":true,"href":"https:\/\/foto.praha-19.ys-beta.cz\/index.php\/wp-json\/wp\/v2\/pages\/951"}],"wp:featuredmedia":[{"embeddable":true,"href":"https:\/\/foto.praha-19.ys-beta.cz\/index.php\/wp-json\/wp\/v2\/media\/4109"}],"wp:attachment":[{"href":"https:\/\/foto.praha-19.ys-beta.cz\/index.php\/wp-json\/wp\/v2\/media?parent=3365"}],"curies":[{"name":"wp","href":"https:\/\/api.w.org\/{rel}","templated":true}]}}