{"id":3359,"date":"2021-06-03T13:07:00","date_gmt":"2021-06-03T11:07:00","guid":{"rendered":"https:\/\/foto.praha-19.ys-beta.cz\/?page_id=3359"},"modified":"2022-11-24T14:48:29","modified_gmt":"2022-11-24T12:48:29","slug":"polozeni-zakladniho-kamene-nove-materske-skoly","status":"publish","type":"page","link":"https:\/\/foto.praha-19.ys-beta.cz\/index.php\/rok-2021\/polozeni-zakladniho-kamene-nove-materske-skoly\/","title":{"rendered":"Polo\u017een\u00ed z\u00e1kladn\u00edho kamene nov\u00e9 mate\u0159sk\u00e9 \u0161koly"},"content":{"rendered":"\n<p>3. \u010dervna 2021 &#8211; Are\u00e1l Albatros Kbely<\/p>\n\n\n\n<pre class=\"wp-block-verse\">V Praze 19 \u2013 Kbel\u00edch vyroste udr\u017eiteln\u00e1 mate\u0159sk\u00e1 \u0161kola\nNov\u00e1 \u0161kolka bude sou\u010d\u00e1st\u00ed are\u00e1lu Albatros Kbely, kter\u00fd roste pod taktovkou developera Skanska. Firma se zav\u00e1zala, \u017ee krom\u011b nov\u00fdch bytov\u00fdch dom\u016f zajist\u00ed tak\u00e9 v\u00fdstavbu mate\u0159sk\u00e9 \u0161koly, n\u011bkolika h\u0159i\u0161\u0165 a rozs\u00e1hl\u00e9 ve\u0159ejn\u00e9 zelen\u011b i spole\u010dn\u00fdch prostranstv\u00ed. Ve \u010dtvrtek 3. \u010dervna byl symbolicky polo\u017een z\u00e1kladn\u00ed k\u00e1men \u0161kolky za \u00fa\u010dasti p\u0159edstavitel\u016f radnice Prahy 19.\nStavba prvn\u00ed etapy are\u00e1lu v\u010detn\u011b mate\u0159sk\u00e9 \u0161koly bude dokon\u010dena do srpna p\u0159\u00ed\u0161t\u00edho roku. Developer n\u00e1sledn\u011b \u0161kolku i s pozemkem pod objektem v\u010detn\u011b \u0161koln\u00ed zahrady p\u0159evede na m\u011bstskou \u010d\u00e1st. Bude se tedy jednat o \u0161kolku m\u011bstskou, nikoliv soukromou. Se zah\u00e1jen\u00edm provozu se po jej\u00edm vybaven\u00ed po\u010d\u00edt\u00e1 v roce 2023, kdy se nast\u011bhuj\u00ed prvn\u00ed obyvatel\u00e9 projektu Albatros Kbely. Nach\u00e1zet se bude p\u0159i ulici Polaneck\u00e9ho a bude m\u00edt t\u0159i t\u0159\u00eddy.\n\u201eVelmi n\u00e1s t\u011b\u0161\u00ed, kdy\u017e developer naslouch\u00e1 pot\u0159eb\u00e1m m\u011bsta a jeho obyvatel. Sou\u010d\u00e1st\u00ed are\u00e1lu budou tak\u00e9 velkorys\u00e9 zelen\u00e9 plochy a ve\u0159ejn\u00e1 prostranstv\u00ed, kter\u00e1 Skanska po ukon\u010den\u00ed v\u00fdstavby rovn\u011b\u017e p\u0159evede do vlastnictv\u00ed na\u0161\u00ed m\u011bstsk\u00e9 \u010d\u00e1sti. P\u00e9\u010de o tento ve\u0159ejn\u00fd majetek pro n\u00e1s znamen\u00e1 z\u00e1vazek, z\u00e1rove\u0148 jde v\u0161ak o slu\u017ebu na\u0161im ob\u010dan\u016fm, o kterou je mezi nimi mimo\u0159\u00e1dn\u00fd z\u00e1jem,\u201c \u0159ekla u p\u0159\u00edle\u017eitosti poklep\u00e1n\u00ed z\u00e1kladn\u00edho kamene mate\u0159sk\u00e9 \u0161koly Ivana \u0160est\u00e1kov\u00e1, m\u00edstostarostka M\u011bstsk\u00e9 \u010d\u00e1sti Praha 19.\nKbelsk\u00e1 radnice v nejbli\u017e\u0161\u00ed dob\u011b vyp\u00ed\u0161e v\u00fdb\u011brov\u00e9 \u0159\u00edzen\u00ed na tvorbu konceptu a realizaci interi\u00e9rov\u00e9ho vybaven\u00ed mate\u0159sk\u00e9 \u0161koly. Stejn\u011b jako cel\u00fd projekt, tak\u00e9 Mate\u0159sk\u00e1 \u0161kola Albatros m\u00e1 velkou p\u0159\u00edle\u017eitost st\u00e1t se udr\u017eiteln\u00fdm a zdrav\u00fdm prostorem v\u010detn\u011b \u0159ady prvk\u016f, d\u00edky kter\u00fdm se d\u011bti mohou p\u0159\u00edmo v are\u00e1lu sv\u00e9 \u0161kolky od mali\u010dka u\u010dit ochran\u011b \u017eivotn\u00edho prost\u0159ed\u00ed.  \nPlynule by tak m\u011bla navazovat na ve\u0159ejn\u00fd prostor v are\u00e1lu Albatros, kde Skanska postupn\u011b vybuduje t\u0159i kvalitn\u00ed d\u011btsk\u00e1 h\u0159i\u0161t\u011b z d\u00edlny Kompan, d\u00e1nsk\u00e9ho dodavatele kvalitn\u00edch d\u011btsk\u00fdch h\u0159i\u0161\u0165, workoutov\u00e9 sportovi\u0161t\u011b u cyklostezky, spole\u010dn\u00fd prostor pro grilov\u00e1n\u00ed a prvky podporuj\u00edc\u00ed biodiverzitu jako nap\u0159\u00edklad hmyz\u00ed hotel.\n\u201eVe\u0159ejn\u00e9 plochy jsou navr\u017eeny tak, aby l\u00e9pe hospoda\u0159ily s de\u0161\u0165ov\u00fdmi vodami, aby se p\u0159edch\u00e1zelo jej\u00edmu odt\u00e9k\u00e1n\u00ed do kanalizace. Velmi si v\u00e1\u017e\u00edme z\u00e1vazku m\u011bsta p\u0159evz\u00edt tyto plochy a starat se o n\u011b i do budoucna, aby cel\u00fd are\u00e1l se sadov\u00fdmi \u00fapravami dlouhodob\u011b z\u016fstal upraven\u00fdm a p\u0159\u00edjemn\u00fdm m\u00edstem pro \u017eivot. A to nejen pro nov\u00e9 obyvatele, ale pro v\u0161echny, kte\u0159\u00ed budou m\u00edt chu\u0165 potk\u00e1vat sv\u00e9 sousedy a tr\u00e1vit zde spole\u010dn\u00fd \u010das,\u201c dodal Petr Mich\u00e1lek, gener\u00e1ln\u00ed \u0159editel spole\u010dnosti Skanska Reality, kter\u00e1 cel\u00fd projekt investuje i realizuje, a to v souladu s mezin\u00e1rodn\u00ed certifikac\u00ed udr\u017eiteln\u00e9ho bydlen\u00ed BREEAM.\nM\u011bstsk\u00e1 \u010d\u00e1st po dokon\u010den\u00ed projektu p\u0159evezme do sv\u00e9 spr\u00e1vy tak\u00e9 nov\u011b vybudovanou cyklostezku. Ta v\u0161ak bude po dobu v\u00fdstavby sou\u010d\u00e1st\u00ed staveni\u0161t\u011b a bude proto uzav\u0159ena pro zaji\u0161t\u011bn\u00ed maxim\u00e1ln\u00ed bezpe\u010dnosti ob\u010dan\u016f. Zp\u0159\u00edstupn\u011bna pro ve\u0159ejnost bude po ukon\u010den\u00ed stavby posledn\u00ed etapy projektu a umo\u017en\u00ed p\u0159i ji\u017en\u00ed stran\u011b obytn\u00e9ho souboru propojen\u00ed s\u00edt\u011b cyklostezek ve sm\u011bru od Let\u0148an do centra Kbel. Stane se tak sou\u010d\u00e1st\u00ed Via Sancta, obnovovan\u00e9 poutn\u00ed cesty z Prahy do Star\u00e9 Boleslavi.\nAlbatros Kbely nab\u00eddne v 11 bytov\u00fdch domech celkem 652 bytov\u00fdch jednotek. Vyroste v p\u011bti etap\u00e1ch, p\u0159i\u010dem\u017e kolaudace t\u00e9 prvn\u00ed je pl\u00e1nov\u00e1na na podzim p\u0159\u00ed\u0161t\u00edho roku. Projekt dostal n\u00e1zev podle legend\u00e1rn\u00edho cvi\u010dn\u00e9ho letounu Aero L-39 Albatros, kter\u00fd je vystaven v nedalek\u00e9m hang\u00e1ru Leteck\u00e9ho muzea Kbely. Z\u00e1jem o bydlen\u00ed v nov\u00e9 \u010dtvrti je enormn\u00ed, co\u017e dokazuje skute\u010dnost, \u017ee prvn\u00ed i druh\u00e1 etapa byla vyprod\u00e1na b\u011bhem n\u011bkolika m\u011bs\u00edc\u016f. V\u00edce o bydlen\u00ed v Albatrosu naleznete na str\u00e1nk\u00e1ch developera www.albatros-kbely.cz\n\nFotografie Michala Marela\n<\/pre>\n\n\n<div class='pinhole-gallery pinhole-masonry pinhole-popup items-hidden  clearfix row'><div class='pinhole-item col-xs-12 col-lg-4 col-md-4 col-sm-6  '><a class=\"item-link\" href=\"https:\/\/foto.praha-19.ys-beta.cz\/app\/uploads\/2022\/11\/2021_06_03_Zakladni_kamen_MS050.jpg\" data-caption=\"[]\" data-meta=\"[]\"  data-size=\"{&quot;width&quot;:1920,&quot;height&quot;:1280}\" data-download=\"[]\" data-filename=\"{&quot;name&quot;:&quot;&quot;}\"><img loading=\"lazy\" decoding=\"async\" width=\"378\" height=\"252\" src=\"https:\/\/foto.praha-19.ys-beta.cz\/app\/uploads\/2022\/11\/2021_06_03_Zakladni_kamen_MS050-378x252.jpg\" class=\"attachment-pinhole-col-3 size-pinhole-col-3\" alt=\"\" srcset=\"https:\/\/foto.praha-19.ys-beta.cz\/app\/uploads\/2022\/11\/2021_06_03_Zakladni_kamen_MS050-378x252.jpg 378w, https:\/\/foto.praha-19.ys-beta.cz\/app\/uploads\/2022\/11\/2021_06_03_Zakladni_kamen_MS050-300x200.jpg 300w, https:\/\/foto.praha-19.ys-beta.cz\/app\/uploads\/2022\/11\/2021_06_03_Zakladni_kamen_MS050-1024x683.jpg 1024w, https:\/\/foto.praha-19.ys-beta.cz\/app\/uploads\/2022\/11\/2021_06_03_Zakladni_kamen_MS050-768x512.jpg 768w, https:\/\/foto.praha-19.ys-beta.cz\/app\/uploads\/2022\/11\/2021_06_03_Zakladni_kamen_MS050-1536x1024.jpg 1536w, https:\/\/foto.praha-19.ys-beta.cz\/app\/uploads\/2022\/11\/2021_06_03_Zakladni_kamen_MS050-1194x796.jpg 1194w, https:\/\/foto.praha-19.ys-beta.cz\/app\/uploads\/2022\/11\/2021_06_03_Zakladni_kamen_MS050-582x388.jpg 582w, https:\/\/foto.praha-19.ys-beta.cz\/app\/uploads\/2022\/11\/2021_06_03_Zakladni_kamen_MS050-276x184.jpg 276w, https:\/\/foto.praha-19.ys-beta.cz\/app\/uploads\/2022\/11\/2021_06_03_Zakladni_kamen_MS050-675x450.jpg 675w, https:\/\/foto.praha-19.ys-beta.cz\/app\/uploads\/2022\/11\/2021_06_03_Zakladni_kamen_MS050.jpg 1920w\" sizes=\"auto, (max-width: 378px) 100vw, 378px\" \/><\/a><\/div><div class='pinhole-item col-xs-12 col-lg-4 col-md-4 col-sm-6  '><a class=\"item-link\" href=\"https:\/\/foto.praha-19.ys-beta.cz\/app\/uploads\/2022\/11\/2021_06_03_Zakladni_kamen_MS042.jpg\" data-caption=\"[]\" data-meta=\"[]\"  data-size=\"{&quot;width&quot;:1920,&quot;height&quot;:1280}\" data-download=\"[]\" data-filename=\"{&quot;name&quot;:&quot;&quot;}\"><img loading=\"lazy\" decoding=\"async\" width=\"378\" height=\"252\" src=\"https:\/\/foto.praha-19.ys-beta.cz\/app\/uploads\/2022\/11\/2021_06_03_Zakladni_kamen_MS042-378x252.jpg\" class=\"attachment-pinhole-col-3 size-pinhole-col-3\" alt=\"\" srcset=\"https:\/\/foto.praha-19.ys-beta.cz\/app\/uploads\/2022\/11\/2021_06_03_Zakladni_kamen_MS042-378x252.jpg 378w, https:\/\/foto.praha-19.ys-beta.cz\/app\/uploads\/2022\/11\/2021_06_03_Zakladni_kamen_MS042-300x200.jpg 300w, https:\/\/foto.praha-19.ys-beta.cz\/app\/uploads\/2022\/11\/2021_06_03_Zakladni_kamen_MS042-1024x683.jpg 1024w, https:\/\/foto.praha-19.ys-beta.cz\/app\/uploads\/2022\/11\/2021_06_03_Zakladni_kamen_MS042-768x512.jpg 768w, https:\/\/foto.praha-19.ys-beta.cz\/app\/uploads\/2022\/11\/2021_06_03_Zakladni_kamen_MS042-1536x1024.jpg 1536w, https:\/\/foto.praha-19.ys-beta.cz\/app\/uploads\/2022\/11\/2021_06_03_Zakladni_kamen_MS042-1194x796.jpg 1194w, https:\/\/foto.praha-19.ys-beta.cz\/app\/uploads\/2022\/11\/2021_06_03_Zakladni_kamen_MS042-582x388.jpg 582w, https:\/\/foto.praha-19.ys-beta.cz\/app\/uploads\/2022\/11\/2021_06_03_Zakladni_kamen_MS042-276x184.jpg 276w, https:\/\/foto.praha-19.ys-beta.cz\/app\/uploads\/2022\/11\/2021_06_03_Zakladni_kamen_MS042-675x450.jpg 675w, https:\/\/foto.praha-19.ys-beta.cz\/app\/uploads\/2022\/11\/2021_06_03_Zakladni_kamen_MS042.jpg 1920w\" sizes=\"auto, (max-width: 378px) 100vw, 378px\" \/><\/a><\/div><div class='pinhole-item col-xs-12 col-lg-4 col-md-4 col-sm-6  '><a class=\"item-link\" href=\"https:\/\/foto.praha-19.ys-beta.cz\/app\/uploads\/2022\/11\/2021_06_03_Zakladni_kamen_MS027.jpg\" data-caption=\"[]\" data-meta=\"[]\"  data-size=\"{&quot;width&quot;:1920,&quot;height&quot;:1280}\" data-download=\"[]\" data-filename=\"{&quot;name&quot;:&quot;&quot;}\"><img loading=\"lazy\" decoding=\"async\" width=\"378\" height=\"252\" src=\"https:\/\/foto.praha-19.ys-beta.cz\/app\/uploads\/2022\/11\/2021_06_03_Zakladni_kamen_MS027-378x252.jpg\" class=\"attachment-pinhole-col-3 size-pinhole-col-3\" alt=\"\" srcset=\"https:\/\/foto.praha-19.ys-beta.cz\/app\/uploads\/2022\/11\/2021_06_03_Zakladni_kamen_MS027-378x252.jpg 378w, https:\/\/foto.praha-19.ys-beta.cz\/app\/uploads\/2022\/11\/2021_06_03_Zakladni_kamen_MS027-300x200.jpg 300w, https:\/\/foto.praha-19.ys-beta.cz\/app\/uploads\/2022\/11\/2021_06_03_Zakladni_kamen_MS027-1024x683.jpg 1024w, https:\/\/foto.praha-19.ys-beta.cz\/app\/uploads\/2022\/11\/2021_06_03_Zakladni_kamen_MS027-768x512.jpg 768w, https:\/\/foto.praha-19.ys-beta.cz\/app\/uploads\/2022\/11\/2021_06_03_Zakladni_kamen_MS027-1536x1024.jpg 1536w, https:\/\/foto.praha-19.ys-beta.cz\/app\/uploads\/2022\/11\/2021_06_03_Zakladni_kamen_MS027-1194x796.jpg 1194w, https:\/\/foto.praha-19.ys-beta.cz\/app\/uploads\/2022\/11\/2021_06_03_Zakladni_kamen_MS027-582x388.jpg 582w, https:\/\/foto.praha-19.ys-beta.cz\/app\/uploads\/2022\/11\/2021_06_03_Zakladni_kamen_MS027-276x184.jpg 276w, https:\/\/foto.praha-19.ys-beta.cz\/app\/uploads\/2022\/11\/2021_06_03_Zakladni_kamen_MS027-675x450.jpg 675w, https:\/\/foto.praha-19.ys-beta.cz\/app\/uploads\/2022\/11\/2021_06_03_Zakladni_kamen_MS027.jpg 1920w\" sizes=\"auto, (max-width: 378px) 100vw, 378px\" \/><\/a><\/div><div class='pinhole-item col-xs-12 col-lg-4 col-md-4 col-sm-6  '><a class=\"item-link\" href=\"https:\/\/foto.praha-19.ys-beta.cz\/app\/uploads\/2022\/11\/2021_06_03_Zakladni_kamen_MS026.jpg\" data-caption=\"[]\" data-meta=\"[]\"  data-size=\"{&quot;width&quot;:1920,&quot;height&quot;:1280}\" data-download=\"[]\" data-filename=\"{&quot;name&quot;:&quot;&quot;}\"><img loading=\"lazy\" decoding=\"async\" width=\"378\" height=\"252\" src=\"https:\/\/foto.praha-19.ys-beta.cz\/app\/uploads\/2022\/11\/2021_06_03_Zakladni_kamen_MS026-378x252.jpg\" class=\"attachment-pinhole-col-3 size-pinhole-col-3\" alt=\"\" srcset=\"https:\/\/foto.praha-19.ys-beta.cz\/app\/uploads\/2022\/11\/2021_06_03_Zakladni_kamen_MS026-378x252.jpg 378w, https:\/\/foto.praha-19.ys-beta.cz\/app\/uploads\/2022\/11\/2021_06_03_Zakladni_kamen_MS026-300x200.jpg 300w, https:\/\/foto.praha-19.ys-beta.cz\/app\/uploads\/2022\/11\/2021_06_03_Zakladni_kamen_MS026-1024x683.jpg 1024w, https:\/\/foto.praha-19.ys-beta.cz\/app\/uploads\/2022\/11\/2021_06_03_Zakladni_kamen_MS026-768x512.jpg 768w, https:\/\/foto.praha-19.ys-beta.cz\/app\/uploads\/2022\/11\/2021_06_03_Zakladni_kamen_MS026-1536x1024.jpg 1536w, https:\/\/foto.praha-19.ys-beta.cz\/app\/uploads\/2022\/11\/2021_06_03_Zakladni_kamen_MS026-1194x796.jpg 1194w, https:\/\/foto.praha-19.ys-beta.cz\/app\/uploads\/2022\/11\/2021_06_03_Zakladni_kamen_MS026-582x388.jpg 582w, https:\/\/foto.praha-19.ys-beta.cz\/app\/uploads\/2022\/11\/2021_06_03_Zakladni_kamen_MS026-276x184.jpg 276w, https:\/\/foto.praha-19.ys-beta.cz\/app\/uploads\/2022\/11\/2021_06_03_Zakladni_kamen_MS026-675x450.jpg 675w, https:\/\/foto.praha-19.ys-beta.cz\/app\/uploads\/2022\/11\/2021_06_03_Zakladni_kamen_MS026.jpg 1920w\" sizes=\"auto, (max-width: 378px) 100vw, 378px\" \/><\/a><\/div><div class='pinhole-item col-xs-12 col-lg-4 col-md-4 col-sm-6  '><a class=\"item-link\" href=\"https:\/\/foto.praha-19.ys-beta.cz\/app\/uploads\/2022\/11\/2021_06_03_Zakladni_kamen_MS024.jpg\" data-caption=\"[]\" data-meta=\"[]\"  data-size=\"{&quot;width&quot;:1920,&quot;height&quot;:1280}\" data-download=\"[]\" data-filename=\"{&quot;name&quot;:&quot;&quot;}\"><img loading=\"lazy\" decoding=\"async\" width=\"378\" height=\"252\" src=\"https:\/\/foto.praha-19.ys-beta.cz\/app\/uploads\/2022\/11\/2021_06_03_Zakladni_kamen_MS024-378x252.jpg\" class=\"attachment-pinhole-col-3 size-pinhole-col-3\" alt=\"\" srcset=\"https:\/\/foto.praha-19.ys-beta.cz\/app\/uploads\/2022\/11\/2021_06_03_Zakladni_kamen_MS024-378x252.jpg 378w, https:\/\/foto.praha-19.ys-beta.cz\/app\/uploads\/2022\/11\/2021_06_03_Zakladni_kamen_MS024-300x200.jpg 300w, https:\/\/foto.praha-19.ys-beta.cz\/app\/uploads\/2022\/11\/2021_06_03_Zakladni_kamen_MS024-1024x683.jpg 1024w, https:\/\/foto.praha-19.ys-beta.cz\/app\/uploads\/2022\/11\/2021_06_03_Zakladni_kamen_MS024-768x512.jpg 768w, https:\/\/foto.praha-19.ys-beta.cz\/app\/uploads\/2022\/11\/2021_06_03_Zakladni_kamen_MS024-1536x1024.jpg 1536w, https:\/\/foto.praha-19.ys-beta.cz\/app\/uploads\/2022\/11\/2021_06_03_Zakladni_kamen_MS024-1194x796.jpg 1194w, https:\/\/foto.praha-19.ys-beta.cz\/app\/uploads\/2022\/11\/2021_06_03_Zakladni_kamen_MS024-582x388.jpg 582w, https:\/\/foto.praha-19.ys-beta.cz\/app\/uploads\/2022\/11\/2021_06_03_Zakladni_kamen_MS024-276x184.jpg 276w, https:\/\/foto.praha-19.ys-beta.cz\/app\/uploads\/2022\/11\/2021_06_03_Zakladni_kamen_MS024-675x450.jpg 675w, https:\/\/foto.praha-19.ys-beta.cz\/app\/uploads\/2022\/11\/2021_06_03_Zakladni_kamen_MS024.jpg 1920w\" sizes=\"auto, (max-width: 378px) 100vw, 378px\" \/><\/a><\/div><div class='pinhole-item col-xs-12 col-lg-4 col-md-4 col-sm-6  '><a class=\"item-link\" href=\"https:\/\/foto.praha-19.ys-beta.cz\/app\/uploads\/2022\/11\/2021_06_03_Zakladni_kamen_MS018.jpg\" data-caption=\"[]\" data-meta=\"[]\"  data-size=\"{&quot;width&quot;:1920,&quot;height&quot;:1280}\" data-download=\"[]\" data-filename=\"{&quot;name&quot;:&quot;&quot;}\"><img loading=\"lazy\" decoding=\"async\" width=\"378\" height=\"252\" src=\"https:\/\/foto.praha-19.ys-beta.cz\/app\/uploads\/2022\/11\/2021_06_03_Zakladni_kamen_MS018-378x252.jpg\" class=\"attachment-pinhole-col-3 size-pinhole-col-3\" alt=\"\" srcset=\"https:\/\/foto.praha-19.ys-beta.cz\/app\/uploads\/2022\/11\/2021_06_03_Zakladni_kamen_MS018-378x252.jpg 378w, https:\/\/foto.praha-19.ys-beta.cz\/app\/uploads\/2022\/11\/2021_06_03_Zakladni_kamen_MS018-300x200.jpg 300w, https:\/\/foto.praha-19.ys-beta.cz\/app\/uploads\/2022\/11\/2021_06_03_Zakladni_kamen_MS018-1024x683.jpg 1024w, https:\/\/foto.praha-19.ys-beta.cz\/app\/uploads\/2022\/11\/2021_06_03_Zakladni_kamen_MS018-768x512.jpg 768w, https:\/\/foto.praha-19.ys-beta.cz\/app\/uploads\/2022\/11\/2021_06_03_Zakladni_kamen_MS018-1536x1024.jpg 1536w, https:\/\/foto.praha-19.ys-beta.cz\/app\/uploads\/2022\/11\/2021_06_03_Zakladni_kamen_MS018-1194x796.jpg 1194w, https:\/\/foto.praha-19.ys-beta.cz\/app\/uploads\/2022\/11\/2021_06_03_Zakladni_kamen_MS018-582x388.jpg 582w, https:\/\/foto.praha-19.ys-beta.cz\/app\/uploads\/2022\/11\/2021_06_03_Zakladni_kamen_MS018-276x184.jpg 276w, https:\/\/foto.praha-19.ys-beta.cz\/app\/uploads\/2022\/11\/2021_06_03_Zakladni_kamen_MS018-675x450.jpg 675w, https:\/\/foto.praha-19.ys-beta.cz\/app\/uploads\/2022\/11\/2021_06_03_Zakladni_kamen_MS018.jpg 1920w\" sizes=\"auto, (max-width: 378px) 100vw, 378px\" \/><\/a><\/div><div class='pinhole-item col-xs-12 col-lg-4 col-md-4 col-sm-6  '><a class=\"item-link\" href=\"https:\/\/foto.praha-19.ys-beta.cz\/app\/uploads\/2022\/11\/2021_06_03_Zakladni_kamen_MS015.jpg\" data-caption=\"[]\" data-meta=\"[]\"  data-size=\"{&quot;width&quot;:1920,&quot;height&quot;:1280}\" data-download=\"[]\" data-filename=\"{&quot;name&quot;:&quot;&quot;}\"><img loading=\"lazy\" decoding=\"async\" width=\"378\" height=\"252\" src=\"https:\/\/foto.praha-19.ys-beta.cz\/app\/uploads\/2022\/11\/2021_06_03_Zakladni_kamen_MS015-378x252.jpg\" class=\"attachment-pinhole-col-3 size-pinhole-col-3\" alt=\"\" srcset=\"https:\/\/foto.praha-19.ys-beta.cz\/app\/uploads\/2022\/11\/2021_06_03_Zakladni_kamen_MS015-378x252.jpg 378w, https:\/\/foto.praha-19.ys-beta.cz\/app\/uploads\/2022\/11\/2021_06_03_Zakladni_kamen_MS015-300x200.jpg 300w, https:\/\/foto.praha-19.ys-beta.cz\/app\/uploads\/2022\/11\/2021_06_03_Zakladni_kamen_MS015-1024x683.jpg 1024w, https:\/\/foto.praha-19.ys-beta.cz\/app\/uploads\/2022\/11\/2021_06_03_Zakladni_kamen_MS015-768x512.jpg 768w, https:\/\/foto.praha-19.ys-beta.cz\/app\/uploads\/2022\/11\/2021_06_03_Zakladni_kamen_MS015-1536x1024.jpg 1536w, https:\/\/foto.praha-19.ys-beta.cz\/app\/uploads\/2022\/11\/2021_06_03_Zakladni_kamen_MS015-1194x796.jpg 1194w, https:\/\/foto.praha-19.ys-beta.cz\/app\/uploads\/2022\/11\/2021_06_03_Zakladni_kamen_MS015-582x388.jpg 582w, https:\/\/foto.praha-19.ys-beta.cz\/app\/uploads\/2022\/11\/2021_06_03_Zakladni_kamen_MS015-276x184.jpg 276w, https:\/\/foto.praha-19.ys-beta.cz\/app\/uploads\/2022\/11\/2021_06_03_Zakladni_kamen_MS015-675x450.jpg 675w, https:\/\/foto.praha-19.ys-beta.cz\/app\/uploads\/2022\/11\/2021_06_03_Zakladni_kamen_MS015.jpg 1920w\" sizes=\"auto, (max-width: 378px) 100vw, 378px\" \/><\/a><\/div><div class='pinhole-item col-xs-12 col-lg-4 col-md-4 col-sm-6  '><a class=\"item-link\" href=\"https:\/\/foto.praha-19.ys-beta.cz\/app\/uploads\/2022\/11\/2021_06_03_Zakladni_kamen_MS013.jpg\" data-caption=\"[]\" data-meta=\"[]\"  data-size=\"{&quot;width&quot;:1920,&quot;height&quot;:1280}\" data-download=\"[]\" data-filename=\"{&quot;name&quot;:&quot;&quot;}\"><img loading=\"lazy\" decoding=\"async\" width=\"378\" height=\"252\" src=\"https:\/\/foto.praha-19.ys-beta.cz\/app\/uploads\/2022\/11\/2021_06_03_Zakladni_kamen_MS013-378x252.jpg\" class=\"attachment-pinhole-col-3 size-pinhole-col-3\" alt=\"\" srcset=\"https:\/\/foto.praha-19.ys-beta.cz\/app\/uploads\/2022\/11\/2021_06_03_Zakladni_kamen_MS013-378x252.jpg 378w, https:\/\/foto.praha-19.ys-beta.cz\/app\/uploads\/2022\/11\/2021_06_03_Zakladni_kamen_MS013-300x200.jpg 300w, https:\/\/foto.praha-19.ys-beta.cz\/app\/uploads\/2022\/11\/2021_06_03_Zakladni_kamen_MS013-1024x683.jpg 1024w, https:\/\/foto.praha-19.ys-beta.cz\/app\/uploads\/2022\/11\/2021_06_03_Zakladni_kamen_MS013-768x512.jpg 768w, https:\/\/foto.praha-19.ys-beta.cz\/app\/uploads\/2022\/11\/2021_06_03_Zakladni_kamen_MS013-1536x1024.jpg 1536w, https:\/\/foto.praha-19.ys-beta.cz\/app\/uploads\/2022\/11\/2021_06_03_Zakladni_kamen_MS013-1194x796.jpg 1194w, https:\/\/foto.praha-19.ys-beta.cz\/app\/uploads\/2022\/11\/2021_06_03_Zakladni_kamen_MS013-582x388.jpg 582w, https:\/\/foto.praha-19.ys-beta.cz\/app\/uploads\/2022\/11\/2021_06_03_Zakladni_kamen_MS013-276x184.jpg 276w, https:\/\/foto.praha-19.ys-beta.cz\/app\/uploads\/2022\/11\/2021_06_03_Zakladni_kamen_MS013-675x450.jpg 675w, https:\/\/foto.praha-19.ys-beta.cz\/app\/uploads\/2022\/11\/2021_06_03_Zakladni_kamen_MS013.jpg 1920w\" sizes=\"auto, (max-width: 378px) 100vw, 378px\" \/><\/a><\/div><div class='pinhole-item col-xs-12 col-lg-4 col-md-4 col-sm-6  '><a class=\"item-link\" href=\"https:\/\/foto.praha-19.ys-beta.cz\/app\/uploads\/2022\/11\/2021_06_03_Zakladni_kamen_MS011.jpg\" data-caption=\"[]\" data-meta=\"[]\"  data-size=\"{&quot;width&quot;:1920,&quot;height&quot;:1280}\" data-download=\"[]\" data-filename=\"{&quot;name&quot;:&quot;&quot;}\"><img loading=\"lazy\" decoding=\"async\" width=\"378\" height=\"252\" src=\"https:\/\/foto.praha-19.ys-beta.cz\/app\/uploads\/2022\/11\/2021_06_03_Zakladni_kamen_MS011-378x252.jpg\" class=\"attachment-pinhole-col-3 size-pinhole-col-3\" alt=\"\" srcset=\"https:\/\/foto.praha-19.ys-beta.cz\/app\/uploads\/2022\/11\/2021_06_03_Zakladni_kamen_MS011-378x252.jpg 378w, https:\/\/foto.praha-19.ys-beta.cz\/app\/uploads\/2022\/11\/2021_06_03_Zakladni_kamen_MS011-300x200.jpg 300w, https:\/\/foto.praha-19.ys-beta.cz\/app\/uploads\/2022\/11\/2021_06_03_Zakladni_kamen_MS011-1024x683.jpg 1024w, https:\/\/foto.praha-19.ys-beta.cz\/app\/uploads\/2022\/11\/2021_06_03_Zakladni_kamen_MS011-768x512.jpg 768w, https:\/\/foto.praha-19.ys-beta.cz\/app\/uploads\/2022\/11\/2021_06_03_Zakladni_kamen_MS011-1536x1024.jpg 1536w, https:\/\/foto.praha-19.ys-beta.cz\/app\/uploads\/2022\/11\/2021_06_03_Zakladni_kamen_MS011-1194x796.jpg 1194w, https:\/\/foto.praha-19.ys-beta.cz\/app\/uploads\/2022\/11\/2021_06_03_Zakladni_kamen_MS011-582x388.jpg 582w, https:\/\/foto.praha-19.ys-beta.cz\/app\/uploads\/2022\/11\/2021_06_03_Zakladni_kamen_MS011-276x184.jpg 276w, https:\/\/foto.praha-19.ys-beta.cz\/app\/uploads\/2022\/11\/2021_06_03_Zakladni_kamen_MS011-675x450.jpg 675w, https:\/\/foto.praha-19.ys-beta.cz\/app\/uploads\/2022\/11\/2021_06_03_Zakladni_kamen_MS011.jpg 1920w\" sizes=\"auto, (max-width: 378px) 100vw, 378px\" \/><\/a><\/div><div class='pinhole-item col-xs-12 col-lg-4 col-md-4 col-sm-6  '><a class=\"item-link\" href=\"https:\/\/foto.praha-19.ys-beta.cz\/app\/uploads\/2022\/11\/2021_06_03_Zakladni_kamen_MS010.jpg\" data-caption=\"[]\" data-meta=\"[]\"  data-size=\"{&quot;width&quot;:1920,&quot;height&quot;:1280}\" data-download=\"[]\" data-filename=\"{&quot;name&quot;:&quot;&quot;}\"><img loading=\"lazy\" decoding=\"async\" width=\"378\" height=\"252\" src=\"https:\/\/foto.praha-19.ys-beta.cz\/app\/uploads\/2022\/11\/2021_06_03_Zakladni_kamen_MS010-378x252.jpg\" class=\"attachment-pinhole-col-3 size-pinhole-col-3\" alt=\"\" srcset=\"https:\/\/foto.praha-19.ys-beta.cz\/app\/uploads\/2022\/11\/2021_06_03_Zakladni_kamen_MS010-378x252.jpg 378w, https:\/\/foto.praha-19.ys-beta.cz\/app\/uploads\/2022\/11\/2021_06_03_Zakladni_kamen_MS010-300x200.jpg 300w, https:\/\/foto.praha-19.ys-beta.cz\/app\/uploads\/2022\/11\/2021_06_03_Zakladni_kamen_MS010-1024x683.jpg 1024w, https:\/\/foto.praha-19.ys-beta.cz\/app\/uploads\/2022\/11\/2021_06_03_Zakladni_kamen_MS010-768x512.jpg 768w, https:\/\/foto.praha-19.ys-beta.cz\/app\/uploads\/2022\/11\/2021_06_03_Zakladni_kamen_MS010-1536x1024.jpg 1536w, https:\/\/foto.praha-19.ys-beta.cz\/app\/uploads\/2022\/11\/2021_06_03_Zakladni_kamen_MS010-1194x796.jpg 1194w, https:\/\/foto.praha-19.ys-beta.cz\/app\/uploads\/2022\/11\/2021_06_03_Zakladni_kamen_MS010-582x388.jpg 582w, https:\/\/foto.praha-19.ys-beta.cz\/app\/uploads\/2022\/11\/2021_06_03_Zakladni_kamen_MS010-276x184.jpg 276w, https:\/\/foto.praha-19.ys-beta.cz\/app\/uploads\/2022\/11\/2021_06_03_Zakladni_kamen_MS010-675x450.jpg 675w, https:\/\/foto.praha-19.ys-beta.cz\/app\/uploads\/2022\/11\/2021_06_03_Zakladni_kamen_MS010.jpg 1920w\" sizes=\"auto, (max-width: 378px) 100vw, 378px\" \/><\/a><\/div><div class='pinhole-item col-xs-12 col-lg-4 col-md-4 col-sm-6  '><a class=\"item-link\" href=\"https:\/\/foto.praha-19.ys-beta.cz\/app\/uploads\/2022\/11\/2021_06_03_Zakladni_kamen_MS009.jpg\" data-caption=\"[]\" data-meta=\"[]\"  data-size=\"{&quot;width&quot;:1920,&quot;height&quot;:1280}\" data-download=\"[]\" data-filename=\"{&quot;name&quot;:&quot;&quot;}\"><img loading=\"lazy\" decoding=\"async\" width=\"378\" height=\"252\" src=\"https:\/\/foto.praha-19.ys-beta.cz\/app\/uploads\/2022\/11\/2021_06_03_Zakladni_kamen_MS009-378x252.jpg\" class=\"attachment-pinhole-col-3 size-pinhole-col-3\" alt=\"\" srcset=\"https:\/\/foto.praha-19.ys-beta.cz\/app\/uploads\/2022\/11\/2021_06_03_Zakladni_kamen_MS009-378x252.jpg 378w, https:\/\/foto.praha-19.ys-beta.cz\/app\/uploads\/2022\/11\/2021_06_03_Zakladni_kamen_MS009-300x200.jpg 300w, https:\/\/foto.praha-19.ys-beta.cz\/app\/uploads\/2022\/11\/2021_06_03_Zakladni_kamen_MS009-1024x683.jpg 1024w, https:\/\/foto.praha-19.ys-beta.cz\/app\/uploads\/2022\/11\/2021_06_03_Zakladni_kamen_MS009-768x512.jpg 768w, https:\/\/foto.praha-19.ys-beta.cz\/app\/uploads\/2022\/11\/2021_06_03_Zakladni_kamen_MS009-1536x1024.jpg 1536w, https:\/\/foto.praha-19.ys-beta.cz\/app\/uploads\/2022\/11\/2021_06_03_Zakladni_kamen_MS009-1194x796.jpg 1194w, https:\/\/foto.praha-19.ys-beta.cz\/app\/uploads\/2022\/11\/2021_06_03_Zakladni_kamen_MS009-582x388.jpg 582w, https:\/\/foto.praha-19.ys-beta.cz\/app\/uploads\/2022\/11\/2021_06_03_Zakladni_kamen_MS009-276x184.jpg 276w, https:\/\/foto.praha-19.ys-beta.cz\/app\/uploads\/2022\/11\/2021_06_03_Zakladni_kamen_MS009-675x450.jpg 675w, https:\/\/foto.praha-19.ys-beta.cz\/app\/uploads\/2022\/11\/2021_06_03_Zakladni_kamen_MS009.jpg 1920w\" sizes=\"auto, (max-width: 378px) 100vw, 378px\" \/><\/a><\/div><div class='pinhole-item col-xs-12 col-lg-4 col-md-4 col-sm-6  '><a class=\"item-link\" href=\"https:\/\/foto.praha-19.ys-beta.cz\/app\/uploads\/2022\/11\/2021_06_03_Zakladni_kamen_MS008.jpg\" data-caption=\"[]\" data-meta=\"[]\"  data-size=\"{&quot;width&quot;:1920,&quot;height&quot;:1280}\" data-download=\"[]\" data-filename=\"{&quot;name&quot;:&quot;&quot;}\"><img loading=\"lazy\" decoding=\"async\" width=\"378\" height=\"252\" src=\"https:\/\/foto.praha-19.ys-beta.cz\/app\/uploads\/2022\/11\/2021_06_03_Zakladni_kamen_MS008-378x252.jpg\" class=\"attachment-pinhole-col-3 size-pinhole-col-3\" alt=\"\" srcset=\"https:\/\/foto.praha-19.ys-beta.cz\/app\/uploads\/2022\/11\/2021_06_03_Zakladni_kamen_MS008-378x252.jpg 378w, https:\/\/foto.praha-19.ys-beta.cz\/app\/uploads\/2022\/11\/2021_06_03_Zakladni_kamen_MS008-300x200.jpg 300w, https:\/\/foto.praha-19.ys-beta.cz\/app\/uploads\/2022\/11\/2021_06_03_Zakladni_kamen_MS008-1024x683.jpg 1024w, https:\/\/foto.praha-19.ys-beta.cz\/app\/uploads\/2022\/11\/2021_06_03_Zakladni_kamen_MS008-768x512.jpg 768w, https:\/\/foto.praha-19.ys-beta.cz\/app\/uploads\/2022\/11\/2021_06_03_Zakladni_kamen_MS008-1536x1024.jpg 1536w, https:\/\/foto.praha-19.ys-beta.cz\/app\/uploads\/2022\/11\/2021_06_03_Zakladni_kamen_MS008-1194x796.jpg 1194w, https:\/\/foto.praha-19.ys-beta.cz\/app\/uploads\/2022\/11\/2021_06_03_Zakladni_kamen_MS008-582x388.jpg 582w, https:\/\/foto.praha-19.ys-beta.cz\/app\/uploads\/2022\/11\/2021_06_03_Zakladni_kamen_MS008-276x184.jpg 276w, https:\/\/foto.praha-19.ys-beta.cz\/app\/uploads\/2022\/11\/2021_06_03_Zakladni_kamen_MS008-675x450.jpg 675w, https:\/\/foto.praha-19.ys-beta.cz\/app\/uploads\/2022\/11\/2021_06_03_Zakladni_kamen_MS008.jpg 1920w\" sizes=\"auto, (max-width: 378px) 100vw, 378px\" \/><\/a><\/div><div class='pinhole-item col-xs-12 col-lg-4 col-md-4 col-sm-6  '><a class=\"item-link\" href=\"https:\/\/foto.praha-19.ys-beta.cz\/app\/uploads\/2022\/11\/2021_06_03_Zakladni_kamen_MS007.jpg\" data-caption=\"[]\" data-meta=\"[]\"  data-size=\"{&quot;width&quot;:1920,&quot;height&quot;:1280}\" data-download=\"[]\" data-filename=\"{&quot;name&quot;:&quot;&quot;}\"><img loading=\"lazy\" decoding=\"async\" width=\"378\" height=\"252\" src=\"https:\/\/foto.praha-19.ys-beta.cz\/app\/uploads\/2022\/11\/2021_06_03_Zakladni_kamen_MS007-378x252.jpg\" class=\"attachment-pinhole-col-3 size-pinhole-col-3\" alt=\"\" srcset=\"https:\/\/foto.praha-19.ys-beta.cz\/app\/uploads\/2022\/11\/2021_06_03_Zakladni_kamen_MS007-378x252.jpg 378w, https:\/\/foto.praha-19.ys-beta.cz\/app\/uploads\/2022\/11\/2021_06_03_Zakladni_kamen_MS007-300x200.jpg 300w, https:\/\/foto.praha-19.ys-beta.cz\/app\/uploads\/2022\/11\/2021_06_03_Zakladni_kamen_MS007-1024x683.jpg 1024w, https:\/\/foto.praha-19.ys-beta.cz\/app\/uploads\/2022\/11\/2021_06_03_Zakladni_kamen_MS007-768x512.jpg 768w, https:\/\/foto.praha-19.ys-beta.cz\/app\/uploads\/2022\/11\/2021_06_03_Zakladni_kamen_MS007-1536x1024.jpg 1536w, https:\/\/foto.praha-19.ys-beta.cz\/app\/uploads\/2022\/11\/2021_06_03_Zakladni_kamen_MS007-1194x796.jpg 1194w, https:\/\/foto.praha-19.ys-beta.cz\/app\/uploads\/2022\/11\/2021_06_03_Zakladni_kamen_MS007-582x388.jpg 582w, https:\/\/foto.praha-19.ys-beta.cz\/app\/uploads\/2022\/11\/2021_06_03_Zakladni_kamen_MS007-276x184.jpg 276w, https:\/\/foto.praha-19.ys-beta.cz\/app\/uploads\/2022\/11\/2021_06_03_Zakladni_kamen_MS007-675x450.jpg 675w, https:\/\/foto.praha-19.ys-beta.cz\/app\/uploads\/2022\/11\/2021_06_03_Zakladni_kamen_MS007.jpg 1920w\" sizes=\"auto, (max-width: 378px) 100vw, 378px\" \/><\/a><\/div><div class='pinhole-item col-xs-12 col-lg-4 col-md-4 col-sm-6  '><a class=\"item-link\" href=\"https:\/\/foto.praha-19.ys-beta.cz\/app\/uploads\/2022\/11\/2021_06_03_Zakladni_kamen_MS006.jpg\" data-caption=\"[]\" data-meta=\"[]\"  data-size=\"{&quot;width&quot;:1920,&quot;height&quot;:1280}\" data-download=\"[]\" data-filename=\"{&quot;name&quot;:&quot;&quot;}\"><img loading=\"lazy\" decoding=\"async\" width=\"378\" height=\"252\" src=\"https:\/\/foto.praha-19.ys-beta.cz\/app\/uploads\/2022\/11\/2021_06_03_Zakladni_kamen_MS006-378x252.jpg\" class=\"attachment-pinhole-col-3 size-pinhole-col-3\" alt=\"\" srcset=\"https:\/\/foto.praha-19.ys-beta.cz\/app\/uploads\/2022\/11\/2021_06_03_Zakladni_kamen_MS006-378x252.jpg 378w, https:\/\/foto.praha-19.ys-beta.cz\/app\/uploads\/2022\/11\/2021_06_03_Zakladni_kamen_MS006-300x200.jpg 300w, https:\/\/foto.praha-19.ys-beta.cz\/app\/uploads\/2022\/11\/2021_06_03_Zakladni_kamen_MS006-1024x683.jpg 1024w, https:\/\/foto.praha-19.ys-beta.cz\/app\/uploads\/2022\/11\/2021_06_03_Zakladni_kamen_MS006-768x512.jpg 768w, https:\/\/foto.praha-19.ys-beta.cz\/app\/uploads\/2022\/11\/2021_06_03_Zakladni_kamen_MS006-1536x1024.jpg 1536w, https:\/\/foto.praha-19.ys-beta.cz\/app\/uploads\/2022\/11\/2021_06_03_Zakladni_kamen_MS006-1194x796.jpg 1194w, https:\/\/foto.praha-19.ys-beta.cz\/app\/uploads\/2022\/11\/2021_06_03_Zakladni_kamen_MS006-582x388.jpg 582w, https:\/\/foto.praha-19.ys-beta.cz\/app\/uploads\/2022\/11\/2021_06_03_Zakladni_kamen_MS006-276x184.jpg 276w, https:\/\/foto.praha-19.ys-beta.cz\/app\/uploads\/2022\/11\/2021_06_03_Zakladni_kamen_MS006-675x450.jpg 675w, https:\/\/foto.praha-19.ys-beta.cz\/app\/uploads\/2022\/11\/2021_06_03_Zakladni_kamen_MS006.jpg 1920w\" sizes=\"auto, (max-width: 378px) 100vw, 378px\" \/><\/a><\/div><div class='pinhole-item col-xs-12 col-lg-4 col-md-4 col-sm-6  '><a class=\"item-link\" href=\"https:\/\/foto.praha-19.ys-beta.cz\/app\/uploads\/2022\/11\/2021_06_03_Zakladni_kamen_MS003.jpg\" data-caption=\"[]\" data-meta=\"[]\"  data-size=\"{&quot;width&quot;:1920,&quot;height&quot;:1280}\" data-download=\"[]\" data-filename=\"{&quot;name&quot;:&quot;&quot;}\"><img loading=\"lazy\" decoding=\"async\" width=\"378\" height=\"252\" src=\"https:\/\/foto.praha-19.ys-beta.cz\/app\/uploads\/2022\/11\/2021_06_03_Zakladni_kamen_MS003-378x252.jpg\" class=\"attachment-pinhole-col-3 size-pinhole-col-3\" alt=\"\" srcset=\"https:\/\/foto.praha-19.ys-beta.cz\/app\/uploads\/2022\/11\/2021_06_03_Zakladni_kamen_MS003-378x252.jpg 378w, https:\/\/foto.praha-19.ys-beta.cz\/app\/uploads\/2022\/11\/2021_06_03_Zakladni_kamen_MS003-300x200.jpg 300w, https:\/\/foto.praha-19.ys-beta.cz\/app\/uploads\/2022\/11\/2021_06_03_Zakladni_kamen_MS003-1024x683.jpg 1024w, https:\/\/foto.praha-19.ys-beta.cz\/app\/uploads\/2022\/11\/2021_06_03_Zakladni_kamen_MS003-768x512.jpg 768w, https:\/\/foto.praha-19.ys-beta.cz\/app\/uploads\/2022\/11\/2021_06_03_Zakladni_kamen_MS003-1536x1024.jpg 1536w, https:\/\/foto.praha-19.ys-beta.cz\/app\/uploads\/2022\/11\/2021_06_03_Zakladni_kamen_MS003-1194x796.jpg 1194w, https:\/\/foto.praha-19.ys-beta.cz\/app\/uploads\/2022\/11\/2021_06_03_Zakladni_kamen_MS003-582x388.jpg 582w, https:\/\/foto.praha-19.ys-beta.cz\/app\/uploads\/2022\/11\/2021_06_03_Zakladni_kamen_MS003-276x184.jpg 276w, https:\/\/foto.praha-19.ys-beta.cz\/app\/uploads\/2022\/11\/2021_06_03_Zakladni_kamen_MS003-675x450.jpg 675w, https:\/\/foto.praha-19.ys-beta.cz\/app\/uploads\/2022\/11\/2021_06_03_Zakladni_kamen_MS003.jpg 1920w\" sizes=\"auto, (max-width: 378px) 100vw, 378px\" \/><\/a><\/div><div class='pinhole-item col-xs-12 col-lg-4 col-md-4 col-sm-6  '><a class=\"item-link\" href=\"https:\/\/foto.praha-19.ys-beta.cz\/app\/uploads\/2022\/11\/2021_06_03_Zakladni_kamen_MS000.jpg\" data-caption=\"[]\" data-meta=\"[]\"  data-size=\"{&quot;width&quot;:1920,&quot;height&quot;:1280}\" data-download=\"[]\" data-filename=\"{&quot;name&quot;:&quot;&quot;}\"><img loading=\"lazy\" decoding=\"async\" width=\"378\" height=\"252\" src=\"https:\/\/foto.praha-19.ys-beta.cz\/app\/uploads\/2022\/11\/2021_06_03_Zakladni_kamen_MS000-378x252.jpg\" class=\"attachment-pinhole-col-3 size-pinhole-col-3\" alt=\"\" srcset=\"https:\/\/foto.praha-19.ys-beta.cz\/app\/uploads\/2022\/11\/2021_06_03_Zakladni_kamen_MS000-378x252.jpg 378w, https:\/\/foto.praha-19.ys-beta.cz\/app\/uploads\/2022\/11\/2021_06_03_Zakladni_kamen_MS000-300x200.jpg 300w, https:\/\/foto.praha-19.ys-beta.cz\/app\/uploads\/2022\/11\/2021_06_03_Zakladni_kamen_MS000-1024x683.jpg 1024w, https:\/\/foto.praha-19.ys-beta.cz\/app\/uploads\/2022\/11\/2021_06_03_Zakladni_kamen_MS000-768x512.jpg 768w, https:\/\/foto.praha-19.ys-beta.cz\/app\/uploads\/2022\/11\/2021_06_03_Zakladni_kamen_MS000-1536x1024.jpg 1536w, https:\/\/foto.praha-19.ys-beta.cz\/app\/uploads\/2022\/11\/2021_06_03_Zakladni_kamen_MS000-1194x796.jpg 1194w, https:\/\/foto.praha-19.ys-beta.cz\/app\/uploads\/2022\/11\/2021_06_03_Zakladni_kamen_MS000-582x388.jpg 582w, https:\/\/foto.praha-19.ys-beta.cz\/app\/uploads\/2022\/11\/2021_06_03_Zakladni_kamen_MS000-276x184.jpg 276w, https:\/\/foto.praha-19.ys-beta.cz\/app\/uploads\/2022\/11\/2021_06_03_Zakladni_kamen_MS000-675x450.jpg 675w, https:\/\/foto.praha-19.ys-beta.cz\/app\/uploads\/2022\/11\/2021_06_03_Zakladni_kamen_MS000.jpg 1920w\" sizes=\"auto, (max-width: 378px) 100vw, 378px\" \/><\/a><\/div>\n\t\t<\/div>\n","protected":false},"excerpt":{"rendered":"<p>3. \u010dervna 2021 &#8211; Are\u00e1l Albatros Kbely V Praze 19 \u2013 Kbel\u00edch vyroste udr\u017eiteln\u00e1 mate\u0159sk\u00e1 \u0161kola Nov\u00e1 \u0161kolka bude sou\u010d\u00e1st\u00ed are\u00e1lu Albatros Kbely, kter\u00fd roste pod taktovkou developera Skanska. Firma se zav\u00e1zala, \u017ee krom\u011b nov\u00fdch bytov\u00fdch dom\u016f zajist\u00ed tak\u00e9 v\u00fdstavbu mate\u0159sk\u00e9 \u0161koly, n\u011bkolika h\u0159i\u0161\u0165 a rozs\u00e1hl\u00e9 ve\u0159ejn\u00e9 zelen\u011b i spole\u010dn\u00fdch prostranstv\u00ed. Ve \u010dtvrtek 3. \u010dervna [&hellip;]<\/p>\n","protected":false},"author":6,"featured_media":3861,"parent":951,"menu_order":90,"comment_status":"closed","ping_status":"closed","template":"","meta":{"footnotes":""},"class_list":["post-3359","page","type-page","status-publish","has-post-thumbnail","hentry"],"yoast_head":"<!-- This site is optimized with the Yoast SEO plugin v27.2 - https:\/\/yoast.com\/product\/yoast-seo-wordpress\/ -->\n<title>Polo\u017een\u00ed z\u00e1kladn\u00edho kamene nov\u00e9 mate\u0159sk\u00e9 \u0161koly - Fotogalerie - Praha 19<\/title>\n<meta name=\"robots\" content=\"noindex, follow, max-snippet:-1, max-image-preview:large, max-video-preview:-1\" \/>\n<meta property=\"og:locale\" content=\"cs_CZ\" \/>\n<meta property=\"og:type\" content=\"article\" \/>\n<meta property=\"og:title\" content=\"Polo\u017een\u00ed z\u00e1kladn\u00edho kamene nov\u00e9 mate\u0159sk\u00e9 \u0161koly - Fotogalerie - Praha 19\" \/>\n<meta property=\"og:description\" content=\"3. \u010dervna 2021 &#8211; Are\u00e1l Albatros Kbely V Praze 19 \u2013 Kbel\u00edch vyroste udr\u017eiteln\u00e1 mate\u0159sk\u00e1 \u0161kola Nov\u00e1 \u0161kolka bude sou\u010d\u00e1st\u00ed are\u00e1lu Albatros Kbely, kter\u00fd roste pod taktovkou developera Skanska. Firma se zav\u00e1zala, \u017ee krom\u011b nov\u00fdch bytov\u00fdch dom\u016f zajist\u00ed tak\u00e9 v\u00fdstavbu mate\u0159sk\u00e9 \u0161koly, n\u011bkolika h\u0159i\u0161\u0165 a rozs\u00e1hl\u00e9 ve\u0159ejn\u00e9 zelen\u011b i spole\u010dn\u00fdch prostranstv\u00ed. Ve \u010dtvrtek 3. \u010dervna [&hellip;]\" \/>\n<meta property=\"og:url\" content=\"https:\/\/foto.praha-19.ys-beta.cz\/index.php\/rok-2021\/polozeni-zakladniho-kamene-nove-materske-skoly\/\" \/>\n<meta property=\"og:site_name\" content=\"Fotogalerie - Praha 19\" \/>\n<meta property=\"article:modified_time\" content=\"2022-11-24T12:48:29+00:00\" \/>\n<meta property=\"og:image\" content=\"https:\/\/foto.praha-19.ys-beta.cz\/app\/uploads\/2022\/11\/2021_06_03_Zakladni_kamen_MS000-1024x683.jpg\" \/>\n\t<meta property=\"og:image:width\" content=\"1024\" \/>\n\t<meta property=\"og:image:height\" content=\"683\" \/>\n\t<meta property=\"og:image:type\" content=\"image\/jpeg\" \/>\n<meta name=\"twitter:card\" content=\"summary_large_image\" \/>\n<meta name=\"twitter:label1\" content=\"Est. reading time\" \/>\n\t<meta name=\"twitter:data1\" content=\"7 minut\" \/>\n<script type=\"application\/ld+json\" class=\"yoast-schema-graph\">{\"@context\":\"https:\/\/schema.org\",\"@graph\":[{\"@type\":\"WebPage\",\"@id\":\"https:\/\/foto.praha-19.ys-beta.cz\/index.php\/rok-2021\/polozeni-zakladniho-kamene-nove-materske-skoly\/\",\"url\":\"https:\/\/foto.praha-19.ys-beta.cz\/index.php\/rok-2021\/polozeni-zakladniho-kamene-nove-materske-skoly\/\",\"name\":\"Polo\u017een\u00ed z\u00e1kladn\u00edho kamene nov\u00e9 mate\u0159sk\u00e9 \u0161koly - Fotogalerie - Praha 19\",\"isPartOf\":{\"@id\":\"https:\/\/foto.praha-19.ys-beta.cz\/#website\"},\"primaryImageOfPage\":{\"@id\":\"https:\/\/foto.praha-19.ys-beta.cz\/index.php\/rok-2021\/polozeni-zakladniho-kamene-nove-materske-skoly\/#primaryimage\"},\"image\":{\"@id\":\"https:\/\/foto.praha-19.ys-beta.cz\/index.php\/rok-2021\/polozeni-zakladniho-kamene-nove-materske-skoly\/#primaryimage\"},\"thumbnailUrl\":\"https:\/\/foto.praha-19.ys-beta.cz\/app\/uploads\/2022\/11\/2021_06_03_Zakladni_kamen_MS000.jpg\",\"datePublished\":\"2021-06-03T11:07:00+00:00\",\"dateModified\":\"2022-11-24T12:48:29+00:00\",\"breadcrumb\":{\"@id\":\"https:\/\/foto.praha-19.ys-beta.cz\/index.php\/rok-2021\/polozeni-zakladniho-kamene-nove-materske-skoly\/#breadcrumb\"},\"inLanguage\":\"cs\",\"potentialAction\":[{\"@type\":\"ReadAction\",\"target\":[\"https:\/\/foto.praha-19.ys-beta.cz\/index.php\/rok-2021\/polozeni-zakladniho-kamene-nove-materske-skoly\/\"]}]},{\"@type\":\"ImageObject\",\"inLanguage\":\"cs\",\"@id\":\"https:\/\/foto.praha-19.ys-beta.cz\/index.php\/rok-2021\/polozeni-zakladniho-kamene-nove-materske-skoly\/#primaryimage\",\"url\":\"https:\/\/foto.praha-19.ys-beta.cz\/app\/uploads\/2022\/11\/2021_06_03_Zakladni_kamen_MS000.jpg\",\"contentUrl\":\"https:\/\/foto.praha-19.ys-beta.cz\/app\/uploads\/2022\/11\/2021_06_03_Zakladni_kamen_MS000.jpg\",\"width\":1920,\"height\":1280},{\"@type\":\"BreadcrumbList\",\"@id\":\"https:\/\/foto.praha-19.ys-beta.cz\/index.php\/rok-2021\/polozeni-zakladniho-kamene-nove-materske-skoly\/#breadcrumb\",\"itemListElement\":[{\"@type\":\"ListItem\",\"position\":1,\"name\":\"Home\",\"item\":\"https:\/\/foto.praha-19.ys-beta.cz\/\"},{\"@type\":\"ListItem\",\"position\":2,\"name\":\"Rok 2021\",\"item\":\"https:\/\/foto.praha-19.ys-beta.cz\/index.php\/rok-2021\/\"},{\"@type\":\"ListItem\",\"position\":3,\"name\":\"Polo\u017een\u00ed z\u00e1kladn\u00edho kamene nov\u00e9 mate\u0159sk\u00e9 \u0161koly\"}]},{\"@type\":\"WebSite\",\"@id\":\"https:\/\/foto.praha-19.ys-beta.cz\/#website\",\"url\":\"https:\/\/foto.praha-19.ys-beta.cz\/\",\"name\":\"Fotogalerie - Praha 19\",\"description\":\"Fotogalerie m\u011bstsk\u00e9 \u010d\u00e1sti Praha 19\",\"potentialAction\":[{\"@type\":\"SearchAction\",\"target\":{\"@type\":\"EntryPoint\",\"urlTemplate\":\"https:\/\/foto.praha-19.ys-beta.cz\/?s={search_term_string}\"},\"query-input\":{\"@type\":\"PropertyValueSpecification\",\"valueRequired\":true,\"valueName\":\"search_term_string\"}}],\"inLanguage\":\"cs\"}]}<\/script>\n<!-- \/ Yoast SEO plugin. -->","yoast_head_json":{"title":"Polo\u017een\u00ed z\u00e1kladn\u00edho kamene nov\u00e9 mate\u0159sk\u00e9 \u0161koly - Fotogalerie - Praha 19","robots":{"index":"noindex","follow":"follow","max-snippet":"max-snippet:-1","max-image-preview":"max-image-preview:large","max-video-preview":"max-video-preview:-1"},"og_locale":"cs_CZ","og_type":"article","og_title":"Polo\u017een\u00ed z\u00e1kladn\u00edho kamene nov\u00e9 mate\u0159sk\u00e9 \u0161koly - Fotogalerie - Praha 19","og_description":"3. \u010dervna 2021 &#8211; Are\u00e1l Albatros Kbely V Praze 19 \u2013 Kbel\u00edch vyroste udr\u017eiteln\u00e1 mate\u0159sk\u00e1 \u0161kola Nov\u00e1 \u0161kolka bude sou\u010d\u00e1st\u00ed are\u00e1lu Albatros Kbely, kter\u00fd roste pod taktovkou developera Skanska. Firma se zav\u00e1zala, \u017ee krom\u011b nov\u00fdch bytov\u00fdch dom\u016f zajist\u00ed tak\u00e9 v\u00fdstavbu mate\u0159sk\u00e9 \u0161koly, n\u011bkolika h\u0159i\u0161\u0165 a rozs\u00e1hl\u00e9 ve\u0159ejn\u00e9 zelen\u011b i spole\u010dn\u00fdch prostranstv\u00ed. Ve \u010dtvrtek 3. \u010dervna [&hellip;]","og_url":"https:\/\/foto.praha-19.ys-beta.cz\/index.php\/rok-2021\/polozeni-zakladniho-kamene-nove-materske-skoly\/","og_site_name":"Fotogalerie - Praha 19","article_modified_time":"2022-11-24T12:48:29+00:00","og_image":[{"width":1024,"height":683,"url":"https:\/\/foto.praha-19.ys-beta.cz\/app\/uploads\/2022\/11\/2021_06_03_Zakladni_kamen_MS000-1024x683.jpg","type":"image\/jpeg"}],"twitter_card":"summary_large_image","twitter_misc":{"Est. reading time":"7 minut"},"schema":{"@context":"https:\/\/schema.org","@graph":[{"@type":"WebPage","@id":"https:\/\/foto.praha-19.ys-beta.cz\/index.php\/rok-2021\/polozeni-zakladniho-kamene-nove-materske-skoly\/","url":"https:\/\/foto.praha-19.ys-beta.cz\/index.php\/rok-2021\/polozeni-zakladniho-kamene-nove-materske-skoly\/","name":"Polo\u017een\u00ed z\u00e1kladn\u00edho kamene nov\u00e9 mate\u0159sk\u00e9 \u0161koly - Fotogalerie - Praha 19","isPartOf":{"@id":"https:\/\/foto.praha-19.ys-beta.cz\/#website"},"primaryImageOfPage":{"@id":"https:\/\/foto.praha-19.ys-beta.cz\/index.php\/rok-2021\/polozeni-zakladniho-kamene-nove-materske-skoly\/#primaryimage"},"image":{"@id":"https:\/\/foto.praha-19.ys-beta.cz\/index.php\/rok-2021\/polozeni-zakladniho-kamene-nove-materske-skoly\/#primaryimage"},"thumbnailUrl":"https:\/\/foto.praha-19.ys-beta.cz\/app\/uploads\/2022\/11\/2021_06_03_Zakladni_kamen_MS000.jpg","datePublished":"2021-06-03T11:07:00+00:00","dateModified":"2022-11-24T12:48:29+00:00","breadcrumb":{"@id":"https:\/\/foto.praha-19.ys-beta.cz\/index.php\/rok-2021\/polozeni-zakladniho-kamene-nove-materske-skoly\/#breadcrumb"},"inLanguage":"cs","potentialAction":[{"@type":"ReadAction","target":["https:\/\/foto.praha-19.ys-beta.cz\/index.php\/rok-2021\/polozeni-zakladniho-kamene-nove-materske-skoly\/"]}]},{"@type":"ImageObject","inLanguage":"cs","@id":"https:\/\/foto.praha-19.ys-beta.cz\/index.php\/rok-2021\/polozeni-zakladniho-kamene-nove-materske-skoly\/#primaryimage","url":"https:\/\/foto.praha-19.ys-beta.cz\/app\/uploads\/2022\/11\/2021_06_03_Zakladni_kamen_MS000.jpg","contentUrl":"https:\/\/foto.praha-19.ys-beta.cz\/app\/uploads\/2022\/11\/2021_06_03_Zakladni_kamen_MS000.jpg","width":1920,"height":1280},{"@type":"BreadcrumbList","@id":"https:\/\/foto.praha-19.ys-beta.cz\/index.php\/rok-2021\/polozeni-zakladniho-kamene-nove-materske-skoly\/#breadcrumb","itemListElement":[{"@type":"ListItem","position":1,"name":"Home","item":"https:\/\/foto.praha-19.ys-beta.cz\/"},{"@type":"ListItem","position":2,"name":"Rok 2021","item":"https:\/\/foto.praha-19.ys-beta.cz\/index.php\/rok-2021\/"},{"@type":"ListItem","position":3,"name":"Polo\u017een\u00ed z\u00e1kladn\u00edho kamene nov\u00e9 mate\u0159sk\u00e9 \u0161koly"}]},{"@type":"WebSite","@id":"https:\/\/foto.praha-19.ys-beta.cz\/#website","url":"https:\/\/foto.praha-19.ys-beta.cz\/","name":"Fotogalerie - Praha 19","description":"Fotogalerie m\u011bstsk\u00e9 \u010d\u00e1sti Praha 19","potentialAction":[{"@type":"SearchAction","target":{"@type":"EntryPoint","urlTemplate":"https:\/\/foto.praha-19.ys-beta.cz\/?s={search_term_string}"},"query-input":{"@type":"PropertyValueSpecification","valueRequired":true,"valueName":"search_term_string"}}],"inLanguage":"cs"}]}},"_links":{"self":[{"href":"https:\/\/foto.praha-19.ys-beta.cz\/index.php\/wp-json\/wp\/v2\/pages\/3359","targetHints":{"allow":["GET"]}}],"collection":[{"href":"https:\/\/foto.praha-19.ys-beta.cz\/index.php\/wp-json\/wp\/v2\/pages"}],"about":[{"href":"https:\/\/foto.praha-19.ys-beta.cz\/index.php\/wp-json\/wp\/v2\/types\/page"}],"author":[{"embeddable":true,"href":"https:\/\/foto.praha-19.ys-beta.cz\/index.php\/wp-json\/wp\/v2\/users\/6"}],"replies":[{"embeddable":true,"href":"https:\/\/foto.praha-19.ys-beta.cz\/index.php\/wp-json\/wp\/v2\/comments?post=3359"}],"version-history":[{"count":2,"href":"https:\/\/foto.praha-19.ys-beta.cz\/index.php\/wp-json\/wp\/v2\/pages\/3359\/revisions"}],"predecessor-version":[{"id":3899,"href":"https:\/\/foto.praha-19.ys-beta.cz\/index.php\/wp-json\/wp\/v2\/pages\/3359\/revisions\/3899"}],"up":[{"embeddable":true,"href":"https:\/\/foto.praha-19.ys-beta.cz\/index.php\/wp-json\/wp\/v2\/pages\/951"}],"wp:featuredmedia":[{"embeddable":true,"href":"https:\/\/foto.praha-19.ys-beta.cz\/index.php\/wp-json\/wp\/v2\/media\/3861"}],"wp:attachment":[{"href":"https:\/\/foto.praha-19.ys-beta.cz\/index.php\/wp-json\/wp\/v2\/media?parent=3359"}],"curies":[{"name":"wp","href":"https:\/\/api.w.org\/{rel}","templated":true}]}}