{"id":3355,"date":"2021-05-27T13:02:00","date_gmt":"2021-05-27T11:02:00","guid":{"rendered":"https:\/\/foto.praha-19.ys-beta.cz\/?page_id=3355"},"modified":"2022-11-24T14:46:07","modified_gmt":"2022-11-24T12:46:07","slug":"pasovani-na-ctenare-2","status":"publish","type":"page","link":"https:\/\/foto.praha-19.ys-beta.cz\/index.php\/rok-2021\/pasovani-na-ctenare-2\/","title":{"rendered":"Pasov\u00e1n\u00ed na \u010dten\u00e1\u0159e"},"content":{"rendered":"\n<p>27. kv\u011btna 2021 &#8211; sportovn\u00ed hala Kbely<\/p>\n\n\n\n<blockquote class=\"wp-block-quote is-layout-flow wp-block-quote-is-layout-flow\"><p>Jan Amos Komensk\u00fd<\/p><cite>\u201eNemilovat knihy znamen\u00e1 nemilovat moudrost. Nemilovat moudrost v\u0161ak znamen\u00e1 st\u00e1t se hlup\u00e1kem.\u201c <\/cite><\/blockquote>\n\n\n\n<pre class=\"wp-block-verse\"> Coby symbolick\u00e9 zakon\u010den\u00ed \u0161koln\u00edho roku \u2013 p\u0159esto\u017ee netradi\u010dn\u00edho \u2013 je pro prv\u0148\u00e1\u010dky a tento rok i pro druh\u00e1\u010dky PASOV\u00c1N\u00cd NA RYT\u00cd\u0158E \u0158\u00c1DU \u010cTEN\u00c1\u0158SK\u00c9HO (za dodr\u017een\u00ed v\u0161ech aktu\u00e1ln\u00edch protiepidemick\u00fdch opat\u0159en\u00ed). Tento slavnostn\u00ed akt konan\u00fd v budov\u011b sportovn\u00ed haly byl rozlo\u017een do dvou term\u00edn\u016f, prvn\u00edmi ryt\u00ed\u0159i a ryt\u00ed\u0159kami se staly d\u011bti z II. t\u0159\u00edd Z\u0160 Kbely k datu 26-27\/5\/2021, ostatn\u00ed d\u011bti odpasovala pan\u00ed kr\u00e1lovna a kr\u00e1l z \u0159\u00ed\u0161e Abecedy a\u017e 9-10\/6\/2021. V\u0161echny d\u011bti slo\u017eily \u010dten\u00e1\u0159sk\u00fd slib, shl\u00e9dly kr\u00e1tk\u00e9 z\u00e1bavn\u00e9 sc\u00e9nky Divadla Prima den a na konec obdr\u017eely na pam\u00e1tku diplom, knihu a dal\u0161\u00ed drobnosti. P\u0159ejeme v\u0161em hodn\u011b radosti ze \u010dten\u00ed.\n\nFotografie Michala Marela<\/pre>\n\n\n<div class='pinhole-gallery pinhole-masonry pinhole-popup items-hidden  clearfix row'><div class='pinhole-item col-xs-12 col-lg-4 col-md-4 col-sm-6  '><a class=\"item-link\" href=\"https:\/\/foto.praha-19.ys-beta.cz\/app\/uploads\/2022\/11\/2021_05_27_Pasovani-na-ctenare285.jpg\" data-caption=\"[]\" data-meta=\"[]\"  data-size=\"{&quot;width&quot;:1920,&quot;height&quot;:1280}\" data-download=\"[]\" data-filename=\"{&quot;name&quot;:&quot;&quot;}\"><img loading=\"lazy\" decoding=\"async\" width=\"378\" height=\"252\" src=\"https:\/\/foto.praha-19.ys-beta.cz\/app\/uploads\/2022\/11\/2021_05_27_Pasovani-na-ctenare285-378x252.jpg\" class=\"attachment-pinhole-col-3 size-pinhole-col-3\" alt=\"\" srcset=\"https:\/\/foto.praha-19.ys-beta.cz\/app\/uploads\/2022\/11\/2021_05_27_Pasovani-na-ctenare285-378x252.jpg 378w, https:\/\/foto.praha-19.ys-beta.cz\/app\/uploads\/2022\/11\/2021_05_27_Pasovani-na-ctenare285-300x200.jpg 300w, https:\/\/foto.praha-19.ys-beta.cz\/app\/uploads\/2022\/11\/2021_05_27_Pasovani-na-ctenare285-1024x683.jpg 1024w, https:\/\/foto.praha-19.ys-beta.cz\/app\/uploads\/2022\/11\/2021_05_27_Pasovani-na-ctenare285-768x512.jpg 768w, https:\/\/foto.praha-19.ys-beta.cz\/app\/uploads\/2022\/11\/2021_05_27_Pasovani-na-ctenare285-1536x1024.jpg 1536w, https:\/\/foto.praha-19.ys-beta.cz\/app\/uploads\/2022\/11\/2021_05_27_Pasovani-na-ctenare285-1194x796.jpg 1194w, https:\/\/foto.praha-19.ys-beta.cz\/app\/uploads\/2022\/11\/2021_05_27_Pasovani-na-ctenare285-582x388.jpg 582w, https:\/\/foto.praha-19.ys-beta.cz\/app\/uploads\/2022\/11\/2021_05_27_Pasovani-na-ctenare285-276x184.jpg 276w, https:\/\/foto.praha-19.ys-beta.cz\/app\/uploads\/2022\/11\/2021_05_27_Pasovani-na-ctenare285-675x450.jpg 675w, https:\/\/foto.praha-19.ys-beta.cz\/app\/uploads\/2022\/11\/2021_05_27_Pasovani-na-ctenare285.jpg 1920w\" sizes=\"auto, (max-width: 378px) 100vw, 378px\" \/><\/a><\/div><div class='pinhole-item col-xs-12 col-lg-4 col-md-4 col-sm-6  '><a class=\"item-link\" href=\"https:\/\/foto.praha-19.ys-beta.cz\/app\/uploads\/2022\/11\/2021_05_27_Pasovani-na-ctenare283.jpg\" data-caption=\"[]\" data-meta=\"[]\"  data-size=\"{&quot;width&quot;:1920,&quot;height&quot;:1280}\" data-download=\"[]\" data-filename=\"{&quot;name&quot;:&quot;&quot;}\"><img loading=\"lazy\" decoding=\"async\" width=\"378\" height=\"252\" src=\"https:\/\/foto.praha-19.ys-beta.cz\/app\/uploads\/2022\/11\/2021_05_27_Pasovani-na-ctenare283-378x252.jpg\" class=\"attachment-pinhole-col-3 size-pinhole-col-3\" alt=\"\" srcset=\"https:\/\/foto.praha-19.ys-beta.cz\/app\/uploads\/2022\/11\/2021_05_27_Pasovani-na-ctenare283-378x252.jpg 378w, https:\/\/foto.praha-19.ys-beta.cz\/app\/uploads\/2022\/11\/2021_05_27_Pasovani-na-ctenare283-300x200.jpg 300w, https:\/\/foto.praha-19.ys-beta.cz\/app\/uploads\/2022\/11\/2021_05_27_Pasovani-na-ctenare283-1024x683.jpg 1024w, https:\/\/foto.praha-19.ys-beta.cz\/app\/uploads\/2022\/11\/2021_05_27_Pasovani-na-ctenare283-768x512.jpg 768w, https:\/\/foto.praha-19.ys-beta.cz\/app\/uploads\/2022\/11\/2021_05_27_Pasovani-na-ctenare283-1536x1024.jpg 1536w, https:\/\/foto.praha-19.ys-beta.cz\/app\/uploads\/2022\/11\/2021_05_27_Pasovani-na-ctenare283-1194x796.jpg 1194w, https:\/\/foto.praha-19.ys-beta.cz\/app\/uploads\/2022\/11\/2021_05_27_Pasovani-na-ctenare283-582x388.jpg 582w, https:\/\/foto.praha-19.ys-beta.cz\/app\/uploads\/2022\/11\/2021_05_27_Pasovani-na-ctenare283-276x184.jpg 276w, https:\/\/foto.praha-19.ys-beta.cz\/app\/uploads\/2022\/11\/2021_05_27_Pasovani-na-ctenare283-675x450.jpg 675w, https:\/\/foto.praha-19.ys-beta.cz\/app\/uploads\/2022\/11\/2021_05_27_Pasovani-na-ctenare283.jpg 1920w\" sizes=\"auto, (max-width: 378px) 100vw, 378px\" \/><\/a><\/div><div class='pinhole-item col-xs-12 col-lg-4 col-md-4 col-sm-6  '><a class=\"item-link\" href=\"https:\/\/foto.praha-19.ys-beta.cz\/app\/uploads\/2022\/11\/2021_05_27_Pasovani-na-ctenare282.jpg\" data-caption=\"[]\" data-meta=\"[]\"  data-size=\"{&quot;width&quot;:1920,&quot;height&quot;:1280}\" data-download=\"[]\" data-filename=\"{&quot;name&quot;:&quot;&quot;}\"><img loading=\"lazy\" decoding=\"async\" width=\"378\" height=\"252\" src=\"https:\/\/foto.praha-19.ys-beta.cz\/app\/uploads\/2022\/11\/2021_05_27_Pasovani-na-ctenare282-378x252.jpg\" class=\"attachment-pinhole-col-3 size-pinhole-col-3\" alt=\"\" srcset=\"https:\/\/foto.praha-19.ys-beta.cz\/app\/uploads\/2022\/11\/2021_05_27_Pasovani-na-ctenare282-378x252.jpg 378w, https:\/\/foto.praha-19.ys-beta.cz\/app\/uploads\/2022\/11\/2021_05_27_Pasovani-na-ctenare282-300x200.jpg 300w, https:\/\/foto.praha-19.ys-beta.cz\/app\/uploads\/2022\/11\/2021_05_27_Pasovani-na-ctenare282-1024x683.jpg 1024w, https:\/\/foto.praha-19.ys-beta.cz\/app\/uploads\/2022\/11\/2021_05_27_Pasovani-na-ctenare282-768x512.jpg 768w, https:\/\/foto.praha-19.ys-beta.cz\/app\/uploads\/2022\/11\/2021_05_27_Pasovani-na-ctenare282-1536x1024.jpg 1536w, https:\/\/foto.praha-19.ys-beta.cz\/app\/uploads\/2022\/11\/2021_05_27_Pasovani-na-ctenare282-1194x796.jpg 1194w, https:\/\/foto.praha-19.ys-beta.cz\/app\/uploads\/2022\/11\/2021_05_27_Pasovani-na-ctenare282-582x388.jpg 582w, https:\/\/foto.praha-19.ys-beta.cz\/app\/uploads\/2022\/11\/2021_05_27_Pasovani-na-ctenare282-276x184.jpg 276w, https:\/\/foto.praha-19.ys-beta.cz\/app\/uploads\/2022\/11\/2021_05_27_Pasovani-na-ctenare282-675x450.jpg 675w, https:\/\/foto.praha-19.ys-beta.cz\/app\/uploads\/2022\/11\/2021_05_27_Pasovani-na-ctenare282.jpg 1920w\" sizes=\"auto, (max-width: 378px) 100vw, 378px\" \/><\/a><\/div><div class='pinhole-item col-xs-12 col-lg-4 col-md-4 col-sm-6  '><a class=\"item-link\" href=\"https:\/\/foto.praha-19.ys-beta.cz\/app\/uploads\/2022\/11\/2021_05_27_Pasovani-na-ctenare281.jpg\" data-caption=\"[]\" data-meta=\"[]\"  data-size=\"{&quot;width&quot;:1920,&quot;height&quot;:1280}\" data-download=\"[]\" data-filename=\"{&quot;name&quot;:&quot;&quot;}\"><img loading=\"lazy\" decoding=\"async\" width=\"378\" height=\"252\" src=\"https:\/\/foto.praha-19.ys-beta.cz\/app\/uploads\/2022\/11\/2021_05_27_Pasovani-na-ctenare281-378x252.jpg\" class=\"attachment-pinhole-col-3 size-pinhole-col-3\" alt=\"\" srcset=\"https:\/\/foto.praha-19.ys-beta.cz\/app\/uploads\/2022\/11\/2021_05_27_Pasovani-na-ctenare281-378x252.jpg 378w, https:\/\/foto.praha-19.ys-beta.cz\/app\/uploads\/2022\/11\/2021_05_27_Pasovani-na-ctenare281-300x200.jpg 300w, https:\/\/foto.praha-19.ys-beta.cz\/app\/uploads\/2022\/11\/2021_05_27_Pasovani-na-ctenare281-1024x683.jpg 1024w, https:\/\/foto.praha-19.ys-beta.cz\/app\/uploads\/2022\/11\/2021_05_27_Pasovani-na-ctenare281-768x512.jpg 768w, https:\/\/foto.praha-19.ys-beta.cz\/app\/uploads\/2022\/11\/2021_05_27_Pasovani-na-ctenare281-1536x1024.jpg 1536w, https:\/\/foto.praha-19.ys-beta.cz\/app\/uploads\/2022\/11\/2021_05_27_Pasovani-na-ctenare281-1194x796.jpg 1194w, https:\/\/foto.praha-19.ys-beta.cz\/app\/uploads\/2022\/11\/2021_05_27_Pasovani-na-ctenare281-582x388.jpg 582w, https:\/\/foto.praha-19.ys-beta.cz\/app\/uploads\/2022\/11\/2021_05_27_Pasovani-na-ctenare281-276x184.jpg 276w, https:\/\/foto.praha-19.ys-beta.cz\/app\/uploads\/2022\/11\/2021_05_27_Pasovani-na-ctenare281-675x450.jpg 675w, https:\/\/foto.praha-19.ys-beta.cz\/app\/uploads\/2022\/11\/2021_05_27_Pasovani-na-ctenare281.jpg 1920w\" sizes=\"auto, (max-width: 378px) 100vw, 378px\" \/><\/a><\/div><div class='pinhole-item col-xs-12 col-lg-4 col-md-4 col-sm-6  '><a class=\"item-link\" href=\"https:\/\/foto.praha-19.ys-beta.cz\/app\/uploads\/2022\/11\/2021_05_27_Pasovani-na-ctenare279.jpg\" data-caption=\"[]\" data-meta=\"[]\"  data-size=\"{&quot;width&quot;:1280,&quot;height&quot;:1920}\" data-download=\"[]\" data-filename=\"{&quot;name&quot;:&quot;&quot;}\"><img loading=\"lazy\" decoding=\"async\" width=\"378\" height=\"567\" src=\"https:\/\/foto.praha-19.ys-beta.cz\/app\/uploads\/2022\/11\/2021_05_27_Pasovani-na-ctenare279-378x567.jpg\" class=\"attachment-pinhole-col-3 size-pinhole-col-3\" alt=\"\" srcset=\"https:\/\/foto.praha-19.ys-beta.cz\/app\/uploads\/2022\/11\/2021_05_27_Pasovani-na-ctenare279-378x567.jpg 378w, https:\/\/foto.praha-19.ys-beta.cz\/app\/uploads\/2022\/11\/2021_05_27_Pasovani-na-ctenare279-200x300.jpg 200w, https:\/\/foto.praha-19.ys-beta.cz\/app\/uploads\/2022\/11\/2021_05_27_Pasovani-na-ctenare279-683x1024.jpg 683w, https:\/\/foto.praha-19.ys-beta.cz\/app\/uploads\/2022\/11\/2021_05_27_Pasovani-na-ctenare279-768x1152.jpg 768w, https:\/\/foto.praha-19.ys-beta.cz\/app\/uploads\/2022\/11\/2021_05_27_Pasovani-na-ctenare279-1024x1536.jpg 1024w, https:\/\/foto.praha-19.ys-beta.cz\/app\/uploads\/2022\/11\/2021_05_27_Pasovani-na-ctenare279-1194x1791.jpg 1194w, https:\/\/foto.praha-19.ys-beta.cz\/app\/uploads\/2022\/11\/2021_05_27_Pasovani-na-ctenare279-582x873.jpg 582w, https:\/\/foto.praha-19.ys-beta.cz\/app\/uploads\/2022\/11\/2021_05_27_Pasovani-na-ctenare279-276x414.jpg 276w, https:\/\/foto.praha-19.ys-beta.cz\/app\/uploads\/2022\/11\/2021_05_27_Pasovani-na-ctenare279-300x450.jpg 300w, https:\/\/foto.praha-19.ys-beta.cz\/app\/uploads\/2022\/11\/2021_05_27_Pasovani-na-ctenare279.jpg 1280w\" sizes=\"auto, (max-width: 378px) 100vw, 378px\" \/><\/a><\/div><div class='pinhole-item col-xs-12 col-lg-4 col-md-4 col-sm-6  '><a class=\"item-link\" href=\"https:\/\/foto.praha-19.ys-beta.cz\/app\/uploads\/2022\/11\/2021_05_27_Pasovani-na-ctenare278.jpg\" data-caption=\"[]\" data-meta=\"[]\"  data-size=\"{&quot;width&quot;:1280,&quot;height&quot;:1920}\" data-download=\"[]\" data-filename=\"{&quot;name&quot;:&quot;&quot;}\"><img loading=\"lazy\" decoding=\"async\" width=\"378\" height=\"567\" src=\"https:\/\/foto.praha-19.ys-beta.cz\/app\/uploads\/2022\/11\/2021_05_27_Pasovani-na-ctenare278-378x567.jpg\" class=\"attachment-pinhole-col-3 size-pinhole-col-3\" alt=\"\" srcset=\"https:\/\/foto.praha-19.ys-beta.cz\/app\/uploads\/2022\/11\/2021_05_27_Pasovani-na-ctenare278-378x567.jpg 378w, https:\/\/foto.praha-19.ys-beta.cz\/app\/uploads\/2022\/11\/2021_05_27_Pasovani-na-ctenare278-200x300.jpg 200w, https:\/\/foto.praha-19.ys-beta.cz\/app\/uploads\/2022\/11\/2021_05_27_Pasovani-na-ctenare278-683x1024.jpg 683w, https:\/\/foto.praha-19.ys-beta.cz\/app\/uploads\/2022\/11\/2021_05_27_Pasovani-na-ctenare278-768x1152.jpg 768w, https:\/\/foto.praha-19.ys-beta.cz\/app\/uploads\/2022\/11\/2021_05_27_Pasovani-na-ctenare278-1024x1536.jpg 1024w, https:\/\/foto.praha-19.ys-beta.cz\/app\/uploads\/2022\/11\/2021_05_27_Pasovani-na-ctenare278-1194x1791.jpg 1194w, https:\/\/foto.praha-19.ys-beta.cz\/app\/uploads\/2022\/11\/2021_05_27_Pasovani-na-ctenare278-582x873.jpg 582w, https:\/\/foto.praha-19.ys-beta.cz\/app\/uploads\/2022\/11\/2021_05_27_Pasovani-na-ctenare278-276x414.jpg 276w, https:\/\/foto.praha-19.ys-beta.cz\/app\/uploads\/2022\/11\/2021_05_27_Pasovani-na-ctenare278-300x450.jpg 300w, https:\/\/foto.praha-19.ys-beta.cz\/app\/uploads\/2022\/11\/2021_05_27_Pasovani-na-ctenare278.jpg 1280w\" sizes=\"auto, (max-width: 378px) 100vw, 378px\" \/><\/a><\/div><div class='pinhole-item col-xs-12 col-lg-4 col-md-4 col-sm-6  '><a class=\"item-link\" href=\"https:\/\/foto.praha-19.ys-beta.cz\/app\/uploads\/2022\/11\/2021_05_27_Pasovani-na-ctenare277.jpg\" data-caption=\"[]\" data-meta=\"[]\"  data-size=\"{&quot;width&quot;:1280,&quot;height&quot;:1920}\" data-download=\"[]\" data-filename=\"{&quot;name&quot;:&quot;&quot;}\"><img loading=\"lazy\" decoding=\"async\" width=\"378\" height=\"567\" src=\"https:\/\/foto.praha-19.ys-beta.cz\/app\/uploads\/2022\/11\/2021_05_27_Pasovani-na-ctenare277-378x567.jpg\" class=\"attachment-pinhole-col-3 size-pinhole-col-3\" alt=\"\" srcset=\"https:\/\/foto.praha-19.ys-beta.cz\/app\/uploads\/2022\/11\/2021_05_27_Pasovani-na-ctenare277-378x567.jpg 378w, https:\/\/foto.praha-19.ys-beta.cz\/app\/uploads\/2022\/11\/2021_05_27_Pasovani-na-ctenare277-200x300.jpg 200w, https:\/\/foto.praha-19.ys-beta.cz\/app\/uploads\/2022\/11\/2021_05_27_Pasovani-na-ctenare277-683x1024.jpg 683w, https:\/\/foto.praha-19.ys-beta.cz\/app\/uploads\/2022\/11\/2021_05_27_Pasovani-na-ctenare277-768x1152.jpg 768w, https:\/\/foto.praha-19.ys-beta.cz\/app\/uploads\/2022\/11\/2021_05_27_Pasovani-na-ctenare277-1024x1536.jpg 1024w, https:\/\/foto.praha-19.ys-beta.cz\/app\/uploads\/2022\/11\/2021_05_27_Pasovani-na-ctenare277-1194x1791.jpg 1194w, https:\/\/foto.praha-19.ys-beta.cz\/app\/uploads\/2022\/11\/2021_05_27_Pasovani-na-ctenare277-582x873.jpg 582w, https:\/\/foto.praha-19.ys-beta.cz\/app\/uploads\/2022\/11\/2021_05_27_Pasovani-na-ctenare277-276x414.jpg 276w, https:\/\/foto.praha-19.ys-beta.cz\/app\/uploads\/2022\/11\/2021_05_27_Pasovani-na-ctenare277-300x450.jpg 300w, https:\/\/foto.praha-19.ys-beta.cz\/app\/uploads\/2022\/11\/2021_05_27_Pasovani-na-ctenare277.jpg 1280w\" sizes=\"auto, (max-width: 378px) 100vw, 378px\" \/><\/a><\/div><div class='pinhole-item col-xs-12 col-lg-4 col-md-4 col-sm-6  '><a class=\"item-link\" href=\"https:\/\/foto.praha-19.ys-beta.cz\/app\/uploads\/2022\/11\/2021_05_27_Pasovani-na-ctenare276.jpg\" data-caption=\"[]\" data-meta=\"[]\"  data-size=\"{&quot;width&quot;:1920,&quot;height&quot;:1280}\" data-download=\"[]\" data-filename=\"{&quot;name&quot;:&quot;&quot;}\"><img loading=\"lazy\" decoding=\"async\" width=\"378\" height=\"252\" src=\"https:\/\/foto.praha-19.ys-beta.cz\/app\/uploads\/2022\/11\/2021_05_27_Pasovani-na-ctenare276-378x252.jpg\" class=\"attachment-pinhole-col-3 size-pinhole-col-3\" alt=\"\" srcset=\"https:\/\/foto.praha-19.ys-beta.cz\/app\/uploads\/2022\/11\/2021_05_27_Pasovani-na-ctenare276-378x252.jpg 378w, https:\/\/foto.praha-19.ys-beta.cz\/app\/uploads\/2022\/11\/2021_05_27_Pasovani-na-ctenare276-300x200.jpg 300w, https:\/\/foto.praha-19.ys-beta.cz\/app\/uploads\/2022\/11\/2021_05_27_Pasovani-na-ctenare276-1024x683.jpg 1024w, https:\/\/foto.praha-19.ys-beta.cz\/app\/uploads\/2022\/11\/2021_05_27_Pasovani-na-ctenare276-768x512.jpg 768w, https:\/\/foto.praha-19.ys-beta.cz\/app\/uploads\/2022\/11\/2021_05_27_Pasovani-na-ctenare276-1536x1024.jpg 1536w, https:\/\/foto.praha-19.ys-beta.cz\/app\/uploads\/2022\/11\/2021_05_27_Pasovani-na-ctenare276-1194x796.jpg 1194w, https:\/\/foto.praha-19.ys-beta.cz\/app\/uploads\/2022\/11\/2021_05_27_Pasovani-na-ctenare276-582x388.jpg 582w, https:\/\/foto.praha-19.ys-beta.cz\/app\/uploads\/2022\/11\/2021_05_27_Pasovani-na-ctenare276-276x184.jpg 276w, https:\/\/foto.praha-19.ys-beta.cz\/app\/uploads\/2022\/11\/2021_05_27_Pasovani-na-ctenare276-675x450.jpg 675w, https:\/\/foto.praha-19.ys-beta.cz\/app\/uploads\/2022\/11\/2021_05_27_Pasovani-na-ctenare276.jpg 1920w\" sizes=\"auto, (max-width: 378px) 100vw, 378px\" \/><\/a><\/div><div class='pinhole-item col-xs-12 col-lg-4 col-md-4 col-sm-6  '><a class=\"item-link\" href=\"https:\/\/foto.praha-19.ys-beta.cz\/app\/uploads\/2022\/11\/2021_05_27_Pasovani-na-ctenare275.jpg\" data-caption=\"[]\" data-meta=\"[]\"  data-size=\"{&quot;width&quot;:1280,&quot;height&quot;:1920}\" data-download=\"[]\" data-filename=\"{&quot;name&quot;:&quot;&quot;}\"><img loading=\"lazy\" decoding=\"async\" width=\"378\" height=\"567\" src=\"https:\/\/foto.praha-19.ys-beta.cz\/app\/uploads\/2022\/11\/2021_05_27_Pasovani-na-ctenare275-378x567.jpg\" class=\"attachment-pinhole-col-3 size-pinhole-col-3\" alt=\"\" srcset=\"https:\/\/foto.praha-19.ys-beta.cz\/app\/uploads\/2022\/11\/2021_05_27_Pasovani-na-ctenare275-378x567.jpg 378w, https:\/\/foto.praha-19.ys-beta.cz\/app\/uploads\/2022\/11\/2021_05_27_Pasovani-na-ctenare275-200x300.jpg 200w, https:\/\/foto.praha-19.ys-beta.cz\/app\/uploads\/2022\/11\/2021_05_27_Pasovani-na-ctenare275-683x1024.jpg 683w, https:\/\/foto.praha-19.ys-beta.cz\/app\/uploads\/2022\/11\/2021_05_27_Pasovani-na-ctenare275-768x1152.jpg 768w, https:\/\/foto.praha-19.ys-beta.cz\/app\/uploads\/2022\/11\/2021_05_27_Pasovani-na-ctenare275-1024x1536.jpg 1024w, https:\/\/foto.praha-19.ys-beta.cz\/app\/uploads\/2022\/11\/2021_05_27_Pasovani-na-ctenare275-1194x1791.jpg 1194w, https:\/\/foto.praha-19.ys-beta.cz\/app\/uploads\/2022\/11\/2021_05_27_Pasovani-na-ctenare275-582x873.jpg 582w, https:\/\/foto.praha-19.ys-beta.cz\/app\/uploads\/2022\/11\/2021_05_27_Pasovani-na-ctenare275-276x414.jpg 276w, https:\/\/foto.praha-19.ys-beta.cz\/app\/uploads\/2022\/11\/2021_05_27_Pasovani-na-ctenare275-300x450.jpg 300w, https:\/\/foto.praha-19.ys-beta.cz\/app\/uploads\/2022\/11\/2021_05_27_Pasovani-na-ctenare275.jpg 1280w\" sizes=\"auto, (max-width: 378px) 100vw, 378px\" \/><\/a><\/div><div class='pinhole-item col-xs-12 col-lg-4 col-md-4 col-sm-6  '><a class=\"item-link\" href=\"https:\/\/foto.praha-19.ys-beta.cz\/app\/uploads\/2022\/11\/2021_05_27_Pasovani-na-ctenare274.jpg\" data-caption=\"[]\" data-meta=\"[]\"  data-size=\"{&quot;width&quot;:1280,&quot;height&quot;:1920}\" data-download=\"[]\" data-filename=\"{&quot;name&quot;:&quot;&quot;}\"><img loading=\"lazy\" decoding=\"async\" width=\"378\" height=\"567\" src=\"https:\/\/foto.praha-19.ys-beta.cz\/app\/uploads\/2022\/11\/2021_05_27_Pasovani-na-ctenare274-378x567.jpg\" class=\"attachment-pinhole-col-3 size-pinhole-col-3\" alt=\"\" srcset=\"https:\/\/foto.praha-19.ys-beta.cz\/app\/uploads\/2022\/11\/2021_05_27_Pasovani-na-ctenare274-378x567.jpg 378w, https:\/\/foto.praha-19.ys-beta.cz\/app\/uploads\/2022\/11\/2021_05_27_Pasovani-na-ctenare274-200x300.jpg 200w, https:\/\/foto.praha-19.ys-beta.cz\/app\/uploads\/2022\/11\/2021_05_27_Pasovani-na-ctenare274-683x1024.jpg 683w, https:\/\/foto.praha-19.ys-beta.cz\/app\/uploads\/2022\/11\/2021_05_27_Pasovani-na-ctenare274-768x1152.jpg 768w, https:\/\/foto.praha-19.ys-beta.cz\/app\/uploads\/2022\/11\/2021_05_27_Pasovani-na-ctenare274-1024x1536.jpg 1024w, https:\/\/foto.praha-19.ys-beta.cz\/app\/uploads\/2022\/11\/2021_05_27_Pasovani-na-ctenare274-1194x1791.jpg 1194w, https:\/\/foto.praha-19.ys-beta.cz\/app\/uploads\/2022\/11\/2021_05_27_Pasovani-na-ctenare274-582x873.jpg 582w, https:\/\/foto.praha-19.ys-beta.cz\/app\/uploads\/2022\/11\/2021_05_27_Pasovani-na-ctenare274-276x414.jpg 276w, https:\/\/foto.praha-19.ys-beta.cz\/app\/uploads\/2022\/11\/2021_05_27_Pasovani-na-ctenare274-300x450.jpg 300w, https:\/\/foto.praha-19.ys-beta.cz\/app\/uploads\/2022\/11\/2021_05_27_Pasovani-na-ctenare274.jpg 1280w\" sizes=\"auto, (max-width: 378px) 100vw, 378px\" \/><\/a><\/div><div class='pinhole-item col-xs-12 col-lg-4 col-md-4 col-sm-6  '><a class=\"item-link\" href=\"https:\/\/foto.praha-19.ys-beta.cz\/app\/uploads\/2022\/11\/2021_05_27_Pasovani-na-ctenare273.jpg\" data-caption=\"[]\" data-meta=\"[]\"  data-size=\"{&quot;width&quot;:1280,&quot;height&quot;:1920}\" data-download=\"[]\" data-filename=\"{&quot;name&quot;:&quot;&quot;}\"><img loading=\"lazy\" decoding=\"async\" width=\"378\" height=\"567\" src=\"https:\/\/foto.praha-19.ys-beta.cz\/app\/uploads\/2022\/11\/2021_05_27_Pasovani-na-ctenare273-378x567.jpg\" class=\"attachment-pinhole-col-3 size-pinhole-col-3\" alt=\"\" srcset=\"https:\/\/foto.praha-19.ys-beta.cz\/app\/uploads\/2022\/11\/2021_05_27_Pasovani-na-ctenare273-378x567.jpg 378w, https:\/\/foto.praha-19.ys-beta.cz\/app\/uploads\/2022\/11\/2021_05_27_Pasovani-na-ctenare273-200x300.jpg 200w, https:\/\/foto.praha-19.ys-beta.cz\/app\/uploads\/2022\/11\/2021_05_27_Pasovani-na-ctenare273-683x1024.jpg 683w, https:\/\/foto.praha-19.ys-beta.cz\/app\/uploads\/2022\/11\/2021_05_27_Pasovani-na-ctenare273-768x1152.jpg 768w, https:\/\/foto.praha-19.ys-beta.cz\/app\/uploads\/2022\/11\/2021_05_27_Pasovani-na-ctenare273-1024x1536.jpg 1024w, https:\/\/foto.praha-19.ys-beta.cz\/app\/uploads\/2022\/11\/2021_05_27_Pasovani-na-ctenare273-1194x1791.jpg 1194w, https:\/\/foto.praha-19.ys-beta.cz\/app\/uploads\/2022\/11\/2021_05_27_Pasovani-na-ctenare273-582x873.jpg 582w, https:\/\/foto.praha-19.ys-beta.cz\/app\/uploads\/2022\/11\/2021_05_27_Pasovani-na-ctenare273-276x414.jpg 276w, https:\/\/foto.praha-19.ys-beta.cz\/app\/uploads\/2022\/11\/2021_05_27_Pasovani-na-ctenare273-300x450.jpg 300w, https:\/\/foto.praha-19.ys-beta.cz\/app\/uploads\/2022\/11\/2021_05_27_Pasovani-na-ctenare273.jpg 1280w\" sizes=\"auto, (max-width: 378px) 100vw, 378px\" \/><\/a><\/div><div class='pinhole-item col-xs-12 col-lg-4 col-md-4 col-sm-6  '><a class=\"item-link\" href=\"https:\/\/foto.praha-19.ys-beta.cz\/app\/uploads\/2022\/11\/2021_05_27_Pasovani-na-ctenare272.jpg\" data-caption=\"[]\" data-meta=\"[]\"  data-size=\"{&quot;width&quot;:1920,&quot;height&quot;:1280}\" data-download=\"[]\" data-filename=\"{&quot;name&quot;:&quot;&quot;}\"><img loading=\"lazy\" decoding=\"async\" width=\"378\" height=\"252\" src=\"https:\/\/foto.praha-19.ys-beta.cz\/app\/uploads\/2022\/11\/2021_05_27_Pasovani-na-ctenare272-378x252.jpg\" class=\"attachment-pinhole-col-3 size-pinhole-col-3\" alt=\"\" srcset=\"https:\/\/foto.praha-19.ys-beta.cz\/app\/uploads\/2022\/11\/2021_05_27_Pasovani-na-ctenare272-378x252.jpg 378w, https:\/\/foto.praha-19.ys-beta.cz\/app\/uploads\/2022\/11\/2021_05_27_Pasovani-na-ctenare272-300x200.jpg 300w, https:\/\/foto.praha-19.ys-beta.cz\/app\/uploads\/2022\/11\/2021_05_27_Pasovani-na-ctenare272-1024x683.jpg 1024w, https:\/\/foto.praha-19.ys-beta.cz\/app\/uploads\/2022\/11\/2021_05_27_Pasovani-na-ctenare272-768x512.jpg 768w, https:\/\/foto.praha-19.ys-beta.cz\/app\/uploads\/2022\/11\/2021_05_27_Pasovani-na-ctenare272-1536x1024.jpg 1536w, https:\/\/foto.praha-19.ys-beta.cz\/app\/uploads\/2022\/11\/2021_05_27_Pasovani-na-ctenare272-1194x796.jpg 1194w, https:\/\/foto.praha-19.ys-beta.cz\/app\/uploads\/2022\/11\/2021_05_27_Pasovani-na-ctenare272-582x388.jpg 582w, https:\/\/foto.praha-19.ys-beta.cz\/app\/uploads\/2022\/11\/2021_05_27_Pasovani-na-ctenare272-276x184.jpg 276w, https:\/\/foto.praha-19.ys-beta.cz\/app\/uploads\/2022\/11\/2021_05_27_Pasovani-na-ctenare272-675x450.jpg 675w, https:\/\/foto.praha-19.ys-beta.cz\/app\/uploads\/2022\/11\/2021_05_27_Pasovani-na-ctenare272.jpg 1920w\" sizes=\"auto, (max-width: 378px) 100vw, 378px\" \/><\/a><\/div><div class='pinhole-item col-xs-12 col-lg-4 col-md-4 col-sm-6  '><a class=\"item-link\" href=\"https:\/\/foto.praha-19.ys-beta.cz\/app\/uploads\/2022\/11\/2021_05_27_Pasovani-na-ctenare271.jpg\" data-caption=\"[]\" data-meta=\"[]\"  data-size=\"{&quot;width&quot;:1280,&quot;height&quot;:1920}\" data-download=\"[]\" data-filename=\"{&quot;name&quot;:&quot;&quot;}\"><img loading=\"lazy\" decoding=\"async\" width=\"378\" height=\"567\" src=\"https:\/\/foto.praha-19.ys-beta.cz\/app\/uploads\/2022\/11\/2021_05_27_Pasovani-na-ctenare271-378x567.jpg\" class=\"attachment-pinhole-col-3 size-pinhole-col-3\" alt=\"\" srcset=\"https:\/\/foto.praha-19.ys-beta.cz\/app\/uploads\/2022\/11\/2021_05_27_Pasovani-na-ctenare271-378x567.jpg 378w, https:\/\/foto.praha-19.ys-beta.cz\/app\/uploads\/2022\/11\/2021_05_27_Pasovani-na-ctenare271-200x300.jpg 200w, https:\/\/foto.praha-19.ys-beta.cz\/app\/uploads\/2022\/11\/2021_05_27_Pasovani-na-ctenare271-683x1024.jpg 683w, https:\/\/foto.praha-19.ys-beta.cz\/app\/uploads\/2022\/11\/2021_05_27_Pasovani-na-ctenare271-768x1152.jpg 768w, https:\/\/foto.praha-19.ys-beta.cz\/app\/uploads\/2022\/11\/2021_05_27_Pasovani-na-ctenare271-1024x1536.jpg 1024w, https:\/\/foto.praha-19.ys-beta.cz\/app\/uploads\/2022\/11\/2021_05_27_Pasovani-na-ctenare271-1194x1791.jpg 1194w, https:\/\/foto.praha-19.ys-beta.cz\/app\/uploads\/2022\/11\/2021_05_27_Pasovani-na-ctenare271-582x873.jpg 582w, https:\/\/foto.praha-19.ys-beta.cz\/app\/uploads\/2022\/11\/2021_05_27_Pasovani-na-ctenare271-276x414.jpg 276w, https:\/\/foto.praha-19.ys-beta.cz\/app\/uploads\/2022\/11\/2021_05_27_Pasovani-na-ctenare271-300x450.jpg 300w, https:\/\/foto.praha-19.ys-beta.cz\/app\/uploads\/2022\/11\/2021_05_27_Pasovani-na-ctenare271.jpg 1280w\" sizes=\"auto, (max-width: 378px) 100vw, 378px\" \/><\/a><\/div><div class='pinhole-item col-xs-12 col-lg-4 col-md-4 col-sm-6  '><a class=\"item-link\" href=\"https:\/\/foto.praha-19.ys-beta.cz\/app\/uploads\/2022\/11\/2021_05_27_Pasovani-na-ctenare270.jpg\" data-caption=\"[]\" data-meta=\"[]\"  data-size=\"{&quot;width&quot;:1280,&quot;height&quot;:1920}\" data-download=\"[]\" data-filename=\"{&quot;name&quot;:&quot;&quot;}\"><img loading=\"lazy\" decoding=\"async\" width=\"378\" height=\"567\" src=\"https:\/\/foto.praha-19.ys-beta.cz\/app\/uploads\/2022\/11\/2021_05_27_Pasovani-na-ctenare270-378x567.jpg\" class=\"attachment-pinhole-col-3 size-pinhole-col-3\" alt=\"\" srcset=\"https:\/\/foto.praha-19.ys-beta.cz\/app\/uploads\/2022\/11\/2021_05_27_Pasovani-na-ctenare270-378x567.jpg 378w, https:\/\/foto.praha-19.ys-beta.cz\/app\/uploads\/2022\/11\/2021_05_27_Pasovani-na-ctenare270-200x300.jpg 200w, https:\/\/foto.praha-19.ys-beta.cz\/app\/uploads\/2022\/11\/2021_05_27_Pasovani-na-ctenare270-683x1024.jpg 683w, https:\/\/foto.praha-19.ys-beta.cz\/app\/uploads\/2022\/11\/2021_05_27_Pasovani-na-ctenare270-768x1152.jpg 768w, https:\/\/foto.praha-19.ys-beta.cz\/app\/uploads\/2022\/11\/2021_05_27_Pasovani-na-ctenare270-1024x1536.jpg 1024w, https:\/\/foto.praha-19.ys-beta.cz\/app\/uploads\/2022\/11\/2021_05_27_Pasovani-na-ctenare270-1194x1791.jpg 1194w, https:\/\/foto.praha-19.ys-beta.cz\/app\/uploads\/2022\/11\/2021_05_27_Pasovani-na-ctenare270-582x873.jpg 582w, https:\/\/foto.praha-19.ys-beta.cz\/app\/uploads\/2022\/11\/2021_05_27_Pasovani-na-ctenare270-276x414.jpg 276w, https:\/\/foto.praha-19.ys-beta.cz\/app\/uploads\/2022\/11\/2021_05_27_Pasovani-na-ctenare270-300x450.jpg 300w, https:\/\/foto.praha-19.ys-beta.cz\/app\/uploads\/2022\/11\/2021_05_27_Pasovani-na-ctenare270.jpg 1280w\" sizes=\"auto, (max-width: 378px) 100vw, 378px\" \/><\/a><\/div><div class='pinhole-item col-xs-12 col-lg-4 col-md-4 col-sm-6  '><a class=\"item-link\" href=\"https:\/\/foto.praha-19.ys-beta.cz\/app\/uploads\/2022\/11\/2021_05_27_Pasovani-na-ctenare269.jpg\" data-caption=\"[]\" data-meta=\"[]\"  data-size=\"{&quot;width&quot;:1280,&quot;height&quot;:1920}\" data-download=\"[]\" data-filename=\"{&quot;name&quot;:&quot;&quot;}\"><img loading=\"lazy\" decoding=\"async\" width=\"378\" height=\"567\" src=\"https:\/\/foto.praha-19.ys-beta.cz\/app\/uploads\/2022\/11\/2021_05_27_Pasovani-na-ctenare269-378x567.jpg\" class=\"attachment-pinhole-col-3 size-pinhole-col-3\" alt=\"\" srcset=\"https:\/\/foto.praha-19.ys-beta.cz\/app\/uploads\/2022\/11\/2021_05_27_Pasovani-na-ctenare269-378x567.jpg 378w, https:\/\/foto.praha-19.ys-beta.cz\/app\/uploads\/2022\/11\/2021_05_27_Pasovani-na-ctenare269-200x300.jpg 200w, https:\/\/foto.praha-19.ys-beta.cz\/app\/uploads\/2022\/11\/2021_05_27_Pasovani-na-ctenare269-683x1024.jpg 683w, https:\/\/foto.praha-19.ys-beta.cz\/app\/uploads\/2022\/11\/2021_05_27_Pasovani-na-ctenare269-768x1152.jpg 768w, https:\/\/foto.praha-19.ys-beta.cz\/app\/uploads\/2022\/11\/2021_05_27_Pasovani-na-ctenare269-1024x1536.jpg 1024w, https:\/\/foto.praha-19.ys-beta.cz\/app\/uploads\/2022\/11\/2021_05_27_Pasovani-na-ctenare269-1194x1791.jpg 1194w, https:\/\/foto.praha-19.ys-beta.cz\/app\/uploads\/2022\/11\/2021_05_27_Pasovani-na-ctenare269-582x873.jpg 582w, https:\/\/foto.praha-19.ys-beta.cz\/app\/uploads\/2022\/11\/2021_05_27_Pasovani-na-ctenare269-276x414.jpg 276w, https:\/\/foto.praha-19.ys-beta.cz\/app\/uploads\/2022\/11\/2021_05_27_Pasovani-na-ctenare269-300x450.jpg 300w, https:\/\/foto.praha-19.ys-beta.cz\/app\/uploads\/2022\/11\/2021_05_27_Pasovani-na-ctenare269.jpg 1280w\" sizes=\"auto, (max-width: 378px) 100vw, 378px\" \/><\/a><\/div><div class='pinhole-item col-xs-12 col-lg-4 col-md-4 col-sm-6  '><a class=\"item-link\" href=\"https:\/\/foto.praha-19.ys-beta.cz\/app\/uploads\/2022\/11\/2021_05_27_Pasovani-na-ctenare268.jpg\" data-caption=\"[]\" data-meta=\"[]\"  data-size=\"{&quot;width&quot;:1920,&quot;height&quot;:1280}\" data-download=\"[]\" data-filename=\"{&quot;name&quot;:&quot;&quot;}\"><img loading=\"lazy\" decoding=\"async\" width=\"378\" height=\"252\" src=\"https:\/\/foto.praha-19.ys-beta.cz\/app\/uploads\/2022\/11\/2021_05_27_Pasovani-na-ctenare268-378x252.jpg\" class=\"attachment-pinhole-col-3 size-pinhole-col-3\" alt=\"\" srcset=\"https:\/\/foto.praha-19.ys-beta.cz\/app\/uploads\/2022\/11\/2021_05_27_Pasovani-na-ctenare268-378x252.jpg 378w, https:\/\/foto.praha-19.ys-beta.cz\/app\/uploads\/2022\/11\/2021_05_27_Pasovani-na-ctenare268-300x200.jpg 300w, https:\/\/foto.praha-19.ys-beta.cz\/app\/uploads\/2022\/11\/2021_05_27_Pasovani-na-ctenare268-1024x683.jpg 1024w, https:\/\/foto.praha-19.ys-beta.cz\/app\/uploads\/2022\/11\/2021_05_27_Pasovani-na-ctenare268-768x512.jpg 768w, https:\/\/foto.praha-19.ys-beta.cz\/app\/uploads\/2022\/11\/2021_05_27_Pasovani-na-ctenare268-1536x1024.jpg 1536w, https:\/\/foto.praha-19.ys-beta.cz\/app\/uploads\/2022\/11\/2021_05_27_Pasovani-na-ctenare268-1194x796.jpg 1194w, https:\/\/foto.praha-19.ys-beta.cz\/app\/uploads\/2022\/11\/2021_05_27_Pasovani-na-ctenare268-582x388.jpg 582w, https:\/\/foto.praha-19.ys-beta.cz\/app\/uploads\/2022\/11\/2021_05_27_Pasovani-na-ctenare268-276x184.jpg 276w, https:\/\/foto.praha-19.ys-beta.cz\/app\/uploads\/2022\/11\/2021_05_27_Pasovani-na-ctenare268-675x450.jpg 675w, https:\/\/foto.praha-19.ys-beta.cz\/app\/uploads\/2022\/11\/2021_05_27_Pasovani-na-ctenare268.jpg 1920w\" sizes=\"auto, (max-width: 378px) 100vw, 378px\" \/><\/a><\/div><div class='pinhole-item col-xs-12 col-lg-4 col-md-4 col-sm-6  '><a class=\"item-link\" href=\"https:\/\/foto.praha-19.ys-beta.cz\/app\/uploads\/2022\/11\/2021_05_27_Pasovani-na-ctenare267.jpg\" data-caption=\"[]\" data-meta=\"[]\"  data-size=\"{&quot;width&quot;:1280,&quot;height&quot;:1920}\" data-download=\"[]\" data-filename=\"{&quot;name&quot;:&quot;&quot;}\"><img loading=\"lazy\" decoding=\"async\" width=\"378\" height=\"567\" src=\"https:\/\/foto.praha-19.ys-beta.cz\/app\/uploads\/2022\/11\/2021_05_27_Pasovani-na-ctenare267-378x567.jpg\" class=\"attachment-pinhole-col-3 size-pinhole-col-3\" alt=\"\" srcset=\"https:\/\/foto.praha-19.ys-beta.cz\/app\/uploads\/2022\/11\/2021_05_27_Pasovani-na-ctenare267-378x567.jpg 378w, https:\/\/foto.praha-19.ys-beta.cz\/app\/uploads\/2022\/11\/2021_05_27_Pasovani-na-ctenare267-200x300.jpg 200w, https:\/\/foto.praha-19.ys-beta.cz\/app\/uploads\/2022\/11\/2021_05_27_Pasovani-na-ctenare267-683x1024.jpg 683w, https:\/\/foto.praha-19.ys-beta.cz\/app\/uploads\/2022\/11\/2021_05_27_Pasovani-na-ctenare267-768x1152.jpg 768w, https:\/\/foto.praha-19.ys-beta.cz\/app\/uploads\/2022\/11\/2021_05_27_Pasovani-na-ctenare267-1024x1536.jpg 1024w, https:\/\/foto.praha-19.ys-beta.cz\/app\/uploads\/2022\/11\/2021_05_27_Pasovani-na-ctenare267-1194x1791.jpg 1194w, https:\/\/foto.praha-19.ys-beta.cz\/app\/uploads\/2022\/11\/2021_05_27_Pasovani-na-ctenare267-582x873.jpg 582w, https:\/\/foto.praha-19.ys-beta.cz\/app\/uploads\/2022\/11\/2021_05_27_Pasovani-na-ctenare267-276x414.jpg 276w, https:\/\/foto.praha-19.ys-beta.cz\/app\/uploads\/2022\/11\/2021_05_27_Pasovani-na-ctenare267-300x450.jpg 300w, https:\/\/foto.praha-19.ys-beta.cz\/app\/uploads\/2022\/11\/2021_05_27_Pasovani-na-ctenare267.jpg 1280w\" sizes=\"auto, (max-width: 378px) 100vw, 378px\" \/><\/a><\/div><div class='pinhole-item col-xs-12 col-lg-4 col-md-4 col-sm-6  '><a class=\"item-link\" href=\"https:\/\/foto.praha-19.ys-beta.cz\/app\/uploads\/2022\/11\/2021_05_27_Pasovani-na-ctenare266.jpg\" data-caption=\"[]\" data-meta=\"[]\"  data-size=\"{&quot;width&quot;:1280,&quot;height&quot;:1920}\" data-download=\"[]\" data-filename=\"{&quot;name&quot;:&quot;&quot;}\"><img loading=\"lazy\" decoding=\"async\" width=\"378\" height=\"567\" src=\"https:\/\/foto.praha-19.ys-beta.cz\/app\/uploads\/2022\/11\/2021_05_27_Pasovani-na-ctenare266-378x567.jpg\" class=\"attachment-pinhole-col-3 size-pinhole-col-3\" alt=\"\" srcset=\"https:\/\/foto.praha-19.ys-beta.cz\/app\/uploads\/2022\/11\/2021_05_27_Pasovani-na-ctenare266-378x567.jpg 378w, https:\/\/foto.praha-19.ys-beta.cz\/app\/uploads\/2022\/11\/2021_05_27_Pasovani-na-ctenare266-200x300.jpg 200w, https:\/\/foto.praha-19.ys-beta.cz\/app\/uploads\/2022\/11\/2021_05_27_Pasovani-na-ctenare266-683x1024.jpg 683w, https:\/\/foto.praha-19.ys-beta.cz\/app\/uploads\/2022\/11\/2021_05_27_Pasovani-na-ctenare266-768x1152.jpg 768w, https:\/\/foto.praha-19.ys-beta.cz\/app\/uploads\/2022\/11\/2021_05_27_Pasovani-na-ctenare266-1024x1536.jpg 1024w, https:\/\/foto.praha-19.ys-beta.cz\/app\/uploads\/2022\/11\/2021_05_27_Pasovani-na-ctenare266-1194x1791.jpg 1194w, https:\/\/foto.praha-19.ys-beta.cz\/app\/uploads\/2022\/11\/2021_05_27_Pasovani-na-ctenare266-582x873.jpg 582w, https:\/\/foto.praha-19.ys-beta.cz\/app\/uploads\/2022\/11\/2021_05_27_Pasovani-na-ctenare266-276x414.jpg 276w, https:\/\/foto.praha-19.ys-beta.cz\/app\/uploads\/2022\/11\/2021_05_27_Pasovani-na-ctenare266-300x450.jpg 300w, https:\/\/foto.praha-19.ys-beta.cz\/app\/uploads\/2022\/11\/2021_05_27_Pasovani-na-ctenare266.jpg 1280w\" sizes=\"auto, (max-width: 378px) 100vw, 378px\" \/><\/a><\/div><div class='pinhole-item col-xs-12 col-lg-4 col-md-4 col-sm-6  '><a class=\"item-link\" href=\"https:\/\/foto.praha-19.ys-beta.cz\/app\/uploads\/2022\/11\/2021_05_27_Pasovani-na-ctenare265.jpg\" data-caption=\"[]\" data-meta=\"[]\"  data-size=\"{&quot;width&quot;:1280,&quot;height&quot;:1920}\" data-download=\"[]\" data-filename=\"{&quot;name&quot;:&quot;&quot;}\"><img loading=\"lazy\" decoding=\"async\" width=\"378\" height=\"567\" src=\"https:\/\/foto.praha-19.ys-beta.cz\/app\/uploads\/2022\/11\/2021_05_27_Pasovani-na-ctenare265-378x567.jpg\" class=\"attachment-pinhole-col-3 size-pinhole-col-3\" alt=\"\" srcset=\"https:\/\/foto.praha-19.ys-beta.cz\/app\/uploads\/2022\/11\/2021_05_27_Pasovani-na-ctenare265-378x567.jpg 378w, https:\/\/foto.praha-19.ys-beta.cz\/app\/uploads\/2022\/11\/2021_05_27_Pasovani-na-ctenare265-200x300.jpg 200w, https:\/\/foto.praha-19.ys-beta.cz\/app\/uploads\/2022\/11\/2021_05_27_Pasovani-na-ctenare265-683x1024.jpg 683w, https:\/\/foto.praha-19.ys-beta.cz\/app\/uploads\/2022\/11\/2021_05_27_Pasovani-na-ctenare265-768x1152.jpg 768w, https:\/\/foto.praha-19.ys-beta.cz\/app\/uploads\/2022\/11\/2021_05_27_Pasovani-na-ctenare265-1024x1536.jpg 1024w, https:\/\/foto.praha-19.ys-beta.cz\/app\/uploads\/2022\/11\/2021_05_27_Pasovani-na-ctenare265-1194x1791.jpg 1194w, https:\/\/foto.praha-19.ys-beta.cz\/app\/uploads\/2022\/11\/2021_05_27_Pasovani-na-ctenare265-582x873.jpg 582w, https:\/\/foto.praha-19.ys-beta.cz\/app\/uploads\/2022\/11\/2021_05_27_Pasovani-na-ctenare265-276x414.jpg 276w, https:\/\/foto.praha-19.ys-beta.cz\/app\/uploads\/2022\/11\/2021_05_27_Pasovani-na-ctenare265-300x450.jpg 300w, https:\/\/foto.praha-19.ys-beta.cz\/app\/uploads\/2022\/11\/2021_05_27_Pasovani-na-ctenare265.jpg 1280w\" sizes=\"auto, (max-width: 378px) 100vw, 378px\" \/><\/a><\/div><div class='pinhole-item col-xs-12 col-lg-4 col-md-4 col-sm-6  '><a class=\"item-link\" href=\"https:\/\/foto.praha-19.ys-beta.cz\/app\/uploads\/2022\/11\/2021_05_27_Pasovani-na-ctenare264.jpg\" data-caption=\"[]\" data-meta=\"[]\"  data-size=\"{&quot;width&quot;:1920,&quot;height&quot;:1280}\" data-download=\"[]\" data-filename=\"{&quot;name&quot;:&quot;&quot;}\"><img loading=\"lazy\" decoding=\"async\" width=\"378\" height=\"252\" src=\"https:\/\/foto.praha-19.ys-beta.cz\/app\/uploads\/2022\/11\/2021_05_27_Pasovani-na-ctenare264-378x252.jpg\" class=\"attachment-pinhole-col-3 size-pinhole-col-3\" alt=\"\" srcset=\"https:\/\/foto.praha-19.ys-beta.cz\/app\/uploads\/2022\/11\/2021_05_27_Pasovani-na-ctenare264-378x252.jpg 378w, https:\/\/foto.praha-19.ys-beta.cz\/app\/uploads\/2022\/11\/2021_05_27_Pasovani-na-ctenare264-300x200.jpg 300w, https:\/\/foto.praha-19.ys-beta.cz\/app\/uploads\/2022\/11\/2021_05_27_Pasovani-na-ctenare264-1024x683.jpg 1024w, https:\/\/foto.praha-19.ys-beta.cz\/app\/uploads\/2022\/11\/2021_05_27_Pasovani-na-ctenare264-768x512.jpg 768w, https:\/\/foto.praha-19.ys-beta.cz\/app\/uploads\/2022\/11\/2021_05_27_Pasovani-na-ctenare264-1536x1024.jpg 1536w, https:\/\/foto.praha-19.ys-beta.cz\/app\/uploads\/2022\/11\/2021_05_27_Pasovani-na-ctenare264-1194x796.jpg 1194w, https:\/\/foto.praha-19.ys-beta.cz\/app\/uploads\/2022\/11\/2021_05_27_Pasovani-na-ctenare264-582x388.jpg 582w, https:\/\/foto.praha-19.ys-beta.cz\/app\/uploads\/2022\/11\/2021_05_27_Pasovani-na-ctenare264-276x184.jpg 276w, https:\/\/foto.praha-19.ys-beta.cz\/app\/uploads\/2022\/11\/2021_05_27_Pasovani-na-ctenare264-675x450.jpg 675w, https:\/\/foto.praha-19.ys-beta.cz\/app\/uploads\/2022\/11\/2021_05_27_Pasovani-na-ctenare264.jpg 1920w\" sizes=\"auto, (max-width: 378px) 100vw, 378px\" \/><\/a><\/div><div class='pinhole-item col-xs-12 col-lg-4 col-md-4 col-sm-6  '><a class=\"item-link\" href=\"https:\/\/foto.praha-19.ys-beta.cz\/app\/uploads\/2022\/11\/2021_05_27_Pasovani-na-ctenare263.jpg\" data-caption=\"[]\" data-meta=\"[]\"  data-size=\"{&quot;width&quot;:1280,&quot;height&quot;:1920}\" data-download=\"[]\" data-filename=\"{&quot;name&quot;:&quot;&quot;}\"><img loading=\"lazy\" decoding=\"async\" width=\"378\" height=\"567\" src=\"https:\/\/foto.praha-19.ys-beta.cz\/app\/uploads\/2022\/11\/2021_05_27_Pasovani-na-ctenare263-378x567.jpg\" class=\"attachment-pinhole-col-3 size-pinhole-col-3\" alt=\"\" srcset=\"https:\/\/foto.praha-19.ys-beta.cz\/app\/uploads\/2022\/11\/2021_05_27_Pasovani-na-ctenare263-378x567.jpg 378w, https:\/\/foto.praha-19.ys-beta.cz\/app\/uploads\/2022\/11\/2021_05_27_Pasovani-na-ctenare263-200x300.jpg 200w, https:\/\/foto.praha-19.ys-beta.cz\/app\/uploads\/2022\/11\/2021_05_27_Pasovani-na-ctenare263-683x1024.jpg 683w, https:\/\/foto.praha-19.ys-beta.cz\/app\/uploads\/2022\/11\/2021_05_27_Pasovani-na-ctenare263-768x1152.jpg 768w, https:\/\/foto.praha-19.ys-beta.cz\/app\/uploads\/2022\/11\/2021_05_27_Pasovani-na-ctenare263-1024x1536.jpg 1024w, https:\/\/foto.praha-19.ys-beta.cz\/app\/uploads\/2022\/11\/2021_05_27_Pasovani-na-ctenare263-1194x1791.jpg 1194w, https:\/\/foto.praha-19.ys-beta.cz\/app\/uploads\/2022\/11\/2021_05_27_Pasovani-na-ctenare263-582x873.jpg 582w, https:\/\/foto.praha-19.ys-beta.cz\/app\/uploads\/2022\/11\/2021_05_27_Pasovani-na-ctenare263-276x414.jpg 276w, https:\/\/foto.praha-19.ys-beta.cz\/app\/uploads\/2022\/11\/2021_05_27_Pasovani-na-ctenare263-300x450.jpg 300w, https:\/\/foto.praha-19.ys-beta.cz\/app\/uploads\/2022\/11\/2021_05_27_Pasovani-na-ctenare263.jpg 1280w\" sizes=\"auto, (max-width: 378px) 100vw, 378px\" \/><\/a><\/div><div class='pinhole-item col-xs-12 col-lg-4 col-md-4 col-sm-6  '><a class=\"item-link\" href=\"https:\/\/foto.praha-19.ys-beta.cz\/app\/uploads\/2022\/11\/2021_05_27_Pasovani-na-ctenare261.jpg\" data-caption=\"[]\" data-meta=\"[]\"  data-size=\"{&quot;width&quot;:1280,&quot;height&quot;:1920}\" data-download=\"[]\" data-filename=\"{&quot;name&quot;:&quot;&quot;}\"><img loading=\"lazy\" decoding=\"async\" width=\"378\" height=\"567\" src=\"https:\/\/foto.praha-19.ys-beta.cz\/app\/uploads\/2022\/11\/2021_05_27_Pasovani-na-ctenare261-378x567.jpg\" class=\"attachment-pinhole-col-3 size-pinhole-col-3\" alt=\"\" srcset=\"https:\/\/foto.praha-19.ys-beta.cz\/app\/uploads\/2022\/11\/2021_05_27_Pasovani-na-ctenare261-378x567.jpg 378w, https:\/\/foto.praha-19.ys-beta.cz\/app\/uploads\/2022\/11\/2021_05_27_Pasovani-na-ctenare261-200x300.jpg 200w, https:\/\/foto.praha-19.ys-beta.cz\/app\/uploads\/2022\/11\/2021_05_27_Pasovani-na-ctenare261-683x1024.jpg 683w, https:\/\/foto.praha-19.ys-beta.cz\/app\/uploads\/2022\/11\/2021_05_27_Pasovani-na-ctenare261-768x1152.jpg 768w, https:\/\/foto.praha-19.ys-beta.cz\/app\/uploads\/2022\/11\/2021_05_27_Pasovani-na-ctenare261-1024x1536.jpg 1024w, https:\/\/foto.praha-19.ys-beta.cz\/app\/uploads\/2022\/11\/2021_05_27_Pasovani-na-ctenare261-1194x1791.jpg 1194w, https:\/\/foto.praha-19.ys-beta.cz\/app\/uploads\/2022\/11\/2021_05_27_Pasovani-na-ctenare261-582x873.jpg 582w, https:\/\/foto.praha-19.ys-beta.cz\/app\/uploads\/2022\/11\/2021_05_27_Pasovani-na-ctenare261-276x414.jpg 276w, https:\/\/foto.praha-19.ys-beta.cz\/app\/uploads\/2022\/11\/2021_05_27_Pasovani-na-ctenare261-300x450.jpg 300w, https:\/\/foto.praha-19.ys-beta.cz\/app\/uploads\/2022\/11\/2021_05_27_Pasovani-na-ctenare261.jpg 1280w\" sizes=\"auto, (max-width: 378px) 100vw, 378px\" \/><\/a><\/div><div class='pinhole-item col-xs-12 col-lg-4 col-md-4 col-sm-6  '><a class=\"item-link\" href=\"https:\/\/foto.praha-19.ys-beta.cz\/app\/uploads\/2022\/11\/2021_05_27_Pasovani-na-ctenare260.jpg\" data-caption=\"[]\" data-meta=\"[]\"  data-size=\"{&quot;width&quot;:1280,&quot;height&quot;:1920}\" data-download=\"[]\" data-filename=\"{&quot;name&quot;:&quot;&quot;}\"><img loading=\"lazy\" decoding=\"async\" width=\"378\" height=\"567\" src=\"https:\/\/foto.praha-19.ys-beta.cz\/app\/uploads\/2022\/11\/2021_05_27_Pasovani-na-ctenare260-378x567.jpg\" class=\"attachment-pinhole-col-3 size-pinhole-col-3\" alt=\"\" srcset=\"https:\/\/foto.praha-19.ys-beta.cz\/app\/uploads\/2022\/11\/2021_05_27_Pasovani-na-ctenare260-378x567.jpg 378w, https:\/\/foto.praha-19.ys-beta.cz\/app\/uploads\/2022\/11\/2021_05_27_Pasovani-na-ctenare260-200x300.jpg 200w, https:\/\/foto.praha-19.ys-beta.cz\/app\/uploads\/2022\/11\/2021_05_27_Pasovani-na-ctenare260-683x1024.jpg 683w, https:\/\/foto.praha-19.ys-beta.cz\/app\/uploads\/2022\/11\/2021_05_27_Pasovani-na-ctenare260-768x1152.jpg 768w, https:\/\/foto.praha-19.ys-beta.cz\/app\/uploads\/2022\/11\/2021_05_27_Pasovani-na-ctenare260-1024x1536.jpg 1024w, https:\/\/foto.praha-19.ys-beta.cz\/app\/uploads\/2022\/11\/2021_05_27_Pasovani-na-ctenare260-1194x1791.jpg 1194w, https:\/\/foto.praha-19.ys-beta.cz\/app\/uploads\/2022\/11\/2021_05_27_Pasovani-na-ctenare260-582x873.jpg 582w, https:\/\/foto.praha-19.ys-beta.cz\/app\/uploads\/2022\/11\/2021_05_27_Pasovani-na-ctenare260-276x414.jpg 276w, https:\/\/foto.praha-19.ys-beta.cz\/app\/uploads\/2022\/11\/2021_05_27_Pasovani-na-ctenare260-300x450.jpg 300w, https:\/\/foto.praha-19.ys-beta.cz\/app\/uploads\/2022\/11\/2021_05_27_Pasovani-na-ctenare260.jpg 1280w\" sizes=\"auto, (max-width: 378px) 100vw, 378px\" \/><\/a><\/div><div class='pinhole-item col-xs-12 col-lg-4 col-md-4 col-sm-6  '><a class=\"item-link\" href=\"https:\/\/foto.praha-19.ys-beta.cz\/app\/uploads\/2022\/11\/2021_05_27_Pasovani-na-ctenare259.jpg\" data-caption=\"[]\" data-meta=\"[]\"  data-size=\"{&quot;width&quot;:1920,&quot;height&quot;:1280}\" data-download=\"[]\" data-filename=\"{&quot;name&quot;:&quot;&quot;}\"><img loading=\"lazy\" decoding=\"async\" width=\"378\" height=\"252\" src=\"https:\/\/foto.praha-19.ys-beta.cz\/app\/uploads\/2022\/11\/2021_05_27_Pasovani-na-ctenare259-378x252.jpg\" class=\"attachment-pinhole-col-3 size-pinhole-col-3\" alt=\"\" srcset=\"https:\/\/foto.praha-19.ys-beta.cz\/app\/uploads\/2022\/11\/2021_05_27_Pasovani-na-ctenare259-378x252.jpg 378w, https:\/\/foto.praha-19.ys-beta.cz\/app\/uploads\/2022\/11\/2021_05_27_Pasovani-na-ctenare259-300x200.jpg 300w, https:\/\/foto.praha-19.ys-beta.cz\/app\/uploads\/2022\/11\/2021_05_27_Pasovani-na-ctenare259-1024x683.jpg 1024w, https:\/\/foto.praha-19.ys-beta.cz\/app\/uploads\/2022\/11\/2021_05_27_Pasovani-na-ctenare259-768x512.jpg 768w, https:\/\/foto.praha-19.ys-beta.cz\/app\/uploads\/2022\/11\/2021_05_27_Pasovani-na-ctenare259-1536x1024.jpg 1536w, https:\/\/foto.praha-19.ys-beta.cz\/app\/uploads\/2022\/11\/2021_05_27_Pasovani-na-ctenare259-1194x796.jpg 1194w, https:\/\/foto.praha-19.ys-beta.cz\/app\/uploads\/2022\/11\/2021_05_27_Pasovani-na-ctenare259-582x388.jpg 582w, https:\/\/foto.praha-19.ys-beta.cz\/app\/uploads\/2022\/11\/2021_05_27_Pasovani-na-ctenare259-276x184.jpg 276w, https:\/\/foto.praha-19.ys-beta.cz\/app\/uploads\/2022\/11\/2021_05_27_Pasovani-na-ctenare259-675x450.jpg 675w, https:\/\/foto.praha-19.ys-beta.cz\/app\/uploads\/2022\/11\/2021_05_27_Pasovani-na-ctenare259.jpg 1920w\" sizes=\"auto, (max-width: 378px) 100vw, 378px\" \/><\/a><\/div><div class='pinhole-item col-xs-12 col-lg-4 col-md-4 col-sm-6  '><a class=\"item-link\" href=\"https:\/\/foto.praha-19.ys-beta.cz\/app\/uploads\/2022\/11\/2021_05_27_Pasovani-na-ctenare257.jpg\" data-caption=\"[]\" data-meta=\"[]\"  data-size=\"{&quot;width&quot;:1280,&quot;height&quot;:1920}\" data-download=\"[]\" data-filename=\"{&quot;name&quot;:&quot;&quot;}\"><img loading=\"lazy\" decoding=\"async\" width=\"378\" height=\"567\" src=\"https:\/\/foto.praha-19.ys-beta.cz\/app\/uploads\/2022\/11\/2021_05_27_Pasovani-na-ctenare257-378x567.jpg\" class=\"attachment-pinhole-col-3 size-pinhole-col-3\" alt=\"\" srcset=\"https:\/\/foto.praha-19.ys-beta.cz\/app\/uploads\/2022\/11\/2021_05_27_Pasovani-na-ctenare257-378x567.jpg 378w, https:\/\/foto.praha-19.ys-beta.cz\/app\/uploads\/2022\/11\/2021_05_27_Pasovani-na-ctenare257-200x300.jpg 200w, https:\/\/foto.praha-19.ys-beta.cz\/app\/uploads\/2022\/11\/2021_05_27_Pasovani-na-ctenare257-683x1024.jpg 683w, https:\/\/foto.praha-19.ys-beta.cz\/app\/uploads\/2022\/11\/2021_05_27_Pasovani-na-ctenare257-768x1152.jpg 768w, https:\/\/foto.praha-19.ys-beta.cz\/app\/uploads\/2022\/11\/2021_05_27_Pasovani-na-ctenare257-1024x1536.jpg 1024w, https:\/\/foto.praha-19.ys-beta.cz\/app\/uploads\/2022\/11\/2021_05_27_Pasovani-na-ctenare257-1194x1791.jpg 1194w, https:\/\/foto.praha-19.ys-beta.cz\/app\/uploads\/2022\/11\/2021_05_27_Pasovani-na-ctenare257-582x873.jpg 582w, https:\/\/foto.praha-19.ys-beta.cz\/app\/uploads\/2022\/11\/2021_05_27_Pasovani-na-ctenare257-276x414.jpg 276w, https:\/\/foto.praha-19.ys-beta.cz\/app\/uploads\/2022\/11\/2021_05_27_Pasovani-na-ctenare257-300x450.jpg 300w, https:\/\/foto.praha-19.ys-beta.cz\/app\/uploads\/2022\/11\/2021_05_27_Pasovani-na-ctenare257.jpg 1280w\" sizes=\"auto, (max-width: 378px) 100vw, 378px\" \/><\/a><\/div><div class='pinhole-item col-xs-12 col-lg-4 col-md-4 col-sm-6  '><a class=\"item-link\" href=\"https:\/\/foto.praha-19.ys-beta.cz\/app\/uploads\/2022\/11\/2021_05_27_Pasovani-na-ctenare256.jpg\" data-caption=\"[]\" data-meta=\"[]\"  data-size=\"{&quot;width&quot;:1280,&quot;height&quot;:1920}\" data-download=\"[]\" data-filename=\"{&quot;name&quot;:&quot;&quot;}\"><img loading=\"lazy\" decoding=\"async\" width=\"378\" height=\"567\" src=\"https:\/\/foto.praha-19.ys-beta.cz\/app\/uploads\/2022\/11\/2021_05_27_Pasovani-na-ctenare256-378x567.jpg\" class=\"attachment-pinhole-col-3 size-pinhole-col-3\" alt=\"\" srcset=\"https:\/\/foto.praha-19.ys-beta.cz\/app\/uploads\/2022\/11\/2021_05_27_Pasovani-na-ctenare256-378x567.jpg 378w, https:\/\/foto.praha-19.ys-beta.cz\/app\/uploads\/2022\/11\/2021_05_27_Pasovani-na-ctenare256-200x300.jpg 200w, https:\/\/foto.praha-19.ys-beta.cz\/app\/uploads\/2022\/11\/2021_05_27_Pasovani-na-ctenare256-683x1024.jpg 683w, https:\/\/foto.praha-19.ys-beta.cz\/app\/uploads\/2022\/11\/2021_05_27_Pasovani-na-ctenare256-768x1152.jpg 768w, https:\/\/foto.praha-19.ys-beta.cz\/app\/uploads\/2022\/11\/2021_05_27_Pasovani-na-ctenare256-1024x1536.jpg 1024w, https:\/\/foto.praha-19.ys-beta.cz\/app\/uploads\/2022\/11\/2021_05_27_Pasovani-na-ctenare256-1194x1791.jpg 1194w, https:\/\/foto.praha-19.ys-beta.cz\/app\/uploads\/2022\/11\/2021_05_27_Pasovani-na-ctenare256-582x873.jpg 582w, https:\/\/foto.praha-19.ys-beta.cz\/app\/uploads\/2022\/11\/2021_05_27_Pasovani-na-ctenare256-276x414.jpg 276w, https:\/\/foto.praha-19.ys-beta.cz\/app\/uploads\/2022\/11\/2021_05_27_Pasovani-na-ctenare256-300x450.jpg 300w, https:\/\/foto.praha-19.ys-beta.cz\/app\/uploads\/2022\/11\/2021_05_27_Pasovani-na-ctenare256.jpg 1280w\" sizes=\"auto, (max-width: 378px) 100vw, 378px\" \/><\/a><\/div><div class='pinhole-item col-xs-12 col-lg-4 col-md-4 col-sm-6  '><a class=\"item-link\" href=\"https:\/\/foto.praha-19.ys-beta.cz\/app\/uploads\/2022\/11\/2021_05_27_Pasovani-na-ctenare255.jpg\" data-caption=\"[]\" data-meta=\"[]\"  data-size=\"{&quot;width&quot;:1920,&quot;height&quot;:1280}\" data-download=\"[]\" data-filename=\"{&quot;name&quot;:&quot;&quot;}\"><img loading=\"lazy\" decoding=\"async\" width=\"378\" height=\"252\" src=\"https:\/\/foto.praha-19.ys-beta.cz\/app\/uploads\/2022\/11\/2021_05_27_Pasovani-na-ctenare255-378x252.jpg\" class=\"attachment-pinhole-col-3 size-pinhole-col-3\" alt=\"\" srcset=\"https:\/\/foto.praha-19.ys-beta.cz\/app\/uploads\/2022\/11\/2021_05_27_Pasovani-na-ctenare255-378x252.jpg 378w, https:\/\/foto.praha-19.ys-beta.cz\/app\/uploads\/2022\/11\/2021_05_27_Pasovani-na-ctenare255-300x200.jpg 300w, https:\/\/foto.praha-19.ys-beta.cz\/app\/uploads\/2022\/11\/2021_05_27_Pasovani-na-ctenare255-1024x683.jpg 1024w, https:\/\/foto.praha-19.ys-beta.cz\/app\/uploads\/2022\/11\/2021_05_27_Pasovani-na-ctenare255-768x512.jpg 768w, https:\/\/foto.praha-19.ys-beta.cz\/app\/uploads\/2022\/11\/2021_05_27_Pasovani-na-ctenare255-1536x1024.jpg 1536w, https:\/\/foto.praha-19.ys-beta.cz\/app\/uploads\/2022\/11\/2021_05_27_Pasovani-na-ctenare255-1194x796.jpg 1194w, https:\/\/foto.praha-19.ys-beta.cz\/app\/uploads\/2022\/11\/2021_05_27_Pasovani-na-ctenare255-582x388.jpg 582w, https:\/\/foto.praha-19.ys-beta.cz\/app\/uploads\/2022\/11\/2021_05_27_Pasovani-na-ctenare255-276x184.jpg 276w, https:\/\/foto.praha-19.ys-beta.cz\/app\/uploads\/2022\/11\/2021_05_27_Pasovani-na-ctenare255-675x450.jpg 675w, https:\/\/foto.praha-19.ys-beta.cz\/app\/uploads\/2022\/11\/2021_05_27_Pasovani-na-ctenare255.jpg 1920w\" sizes=\"auto, (max-width: 378px) 100vw, 378px\" \/><\/a><\/div><div class='pinhole-item col-xs-12 col-lg-4 col-md-4 col-sm-6  '><a class=\"item-link\" href=\"https:\/\/foto.praha-19.ys-beta.cz\/app\/uploads\/2022\/11\/2021_05_27_Pasovani-na-ctenare253.jpg\" data-caption=\"[]\" data-meta=\"[]\"  data-size=\"{&quot;width&quot;:1280,&quot;height&quot;:1920}\" data-download=\"[]\" data-filename=\"{&quot;name&quot;:&quot;&quot;}\"><img loading=\"lazy\" decoding=\"async\" width=\"378\" height=\"567\" src=\"https:\/\/foto.praha-19.ys-beta.cz\/app\/uploads\/2022\/11\/2021_05_27_Pasovani-na-ctenare253-378x567.jpg\" class=\"attachment-pinhole-col-3 size-pinhole-col-3\" alt=\"\" srcset=\"https:\/\/foto.praha-19.ys-beta.cz\/app\/uploads\/2022\/11\/2021_05_27_Pasovani-na-ctenare253-378x567.jpg 378w, https:\/\/foto.praha-19.ys-beta.cz\/app\/uploads\/2022\/11\/2021_05_27_Pasovani-na-ctenare253-200x300.jpg 200w, https:\/\/foto.praha-19.ys-beta.cz\/app\/uploads\/2022\/11\/2021_05_27_Pasovani-na-ctenare253-683x1024.jpg 683w, https:\/\/foto.praha-19.ys-beta.cz\/app\/uploads\/2022\/11\/2021_05_27_Pasovani-na-ctenare253-768x1152.jpg 768w, https:\/\/foto.praha-19.ys-beta.cz\/app\/uploads\/2022\/11\/2021_05_27_Pasovani-na-ctenare253-1024x1536.jpg 1024w, https:\/\/foto.praha-19.ys-beta.cz\/app\/uploads\/2022\/11\/2021_05_27_Pasovani-na-ctenare253-1194x1791.jpg 1194w, https:\/\/foto.praha-19.ys-beta.cz\/app\/uploads\/2022\/11\/2021_05_27_Pasovani-na-ctenare253-582x873.jpg 582w, https:\/\/foto.praha-19.ys-beta.cz\/app\/uploads\/2022\/11\/2021_05_27_Pasovani-na-ctenare253-276x414.jpg 276w, https:\/\/foto.praha-19.ys-beta.cz\/app\/uploads\/2022\/11\/2021_05_27_Pasovani-na-ctenare253-300x450.jpg 300w, https:\/\/foto.praha-19.ys-beta.cz\/app\/uploads\/2022\/11\/2021_05_27_Pasovani-na-ctenare253.jpg 1280w\" sizes=\"auto, (max-width: 378px) 100vw, 378px\" \/><\/a><\/div><div class='pinhole-item col-xs-12 col-lg-4 col-md-4 col-sm-6  '><a class=\"item-link\" href=\"https:\/\/foto.praha-19.ys-beta.cz\/app\/uploads\/2022\/11\/2021_05_27_Pasovani-na-ctenare252.jpg\" data-caption=\"[]\" data-meta=\"[]\"  data-size=\"{&quot;width&quot;:1280,&quot;height&quot;:1920}\" data-download=\"[]\" data-filename=\"{&quot;name&quot;:&quot;&quot;}\"><img loading=\"lazy\" decoding=\"async\" width=\"378\" height=\"567\" src=\"https:\/\/foto.praha-19.ys-beta.cz\/app\/uploads\/2022\/11\/2021_05_27_Pasovani-na-ctenare252-378x567.jpg\" class=\"attachment-pinhole-col-3 size-pinhole-col-3\" alt=\"\" srcset=\"https:\/\/foto.praha-19.ys-beta.cz\/app\/uploads\/2022\/11\/2021_05_27_Pasovani-na-ctenare252-378x567.jpg 378w, https:\/\/foto.praha-19.ys-beta.cz\/app\/uploads\/2022\/11\/2021_05_27_Pasovani-na-ctenare252-200x300.jpg 200w, https:\/\/foto.praha-19.ys-beta.cz\/app\/uploads\/2022\/11\/2021_05_27_Pasovani-na-ctenare252-683x1024.jpg 683w, https:\/\/foto.praha-19.ys-beta.cz\/app\/uploads\/2022\/11\/2021_05_27_Pasovani-na-ctenare252-768x1152.jpg 768w, https:\/\/foto.praha-19.ys-beta.cz\/app\/uploads\/2022\/11\/2021_05_27_Pasovani-na-ctenare252-1024x1536.jpg 1024w, https:\/\/foto.praha-19.ys-beta.cz\/app\/uploads\/2022\/11\/2021_05_27_Pasovani-na-ctenare252-1194x1791.jpg 1194w, https:\/\/foto.praha-19.ys-beta.cz\/app\/uploads\/2022\/11\/2021_05_27_Pasovani-na-ctenare252-582x873.jpg 582w, https:\/\/foto.praha-19.ys-beta.cz\/app\/uploads\/2022\/11\/2021_05_27_Pasovani-na-ctenare252-276x414.jpg 276w, https:\/\/foto.praha-19.ys-beta.cz\/app\/uploads\/2022\/11\/2021_05_27_Pasovani-na-ctenare252-300x450.jpg 300w, https:\/\/foto.praha-19.ys-beta.cz\/app\/uploads\/2022\/11\/2021_05_27_Pasovani-na-ctenare252.jpg 1280w\" sizes=\"auto, (max-width: 378px) 100vw, 378px\" \/><\/a><\/div><div class='pinhole-item col-xs-12 col-lg-4 col-md-4 col-sm-6  '><a class=\"item-link\" href=\"https:\/\/foto.praha-19.ys-beta.cz\/app\/uploads\/2022\/11\/2021_05_27_Pasovani-na-ctenare251.jpg\" data-caption=\"[]\" data-meta=\"[]\"  data-size=\"{&quot;width&quot;:1920,&quot;height&quot;:1280}\" data-download=\"[]\" data-filename=\"{&quot;name&quot;:&quot;&quot;}\"><img loading=\"lazy\" decoding=\"async\" width=\"378\" height=\"252\" src=\"https:\/\/foto.praha-19.ys-beta.cz\/app\/uploads\/2022\/11\/2021_05_27_Pasovani-na-ctenare251-378x252.jpg\" class=\"attachment-pinhole-col-3 size-pinhole-col-3\" alt=\"\" srcset=\"https:\/\/foto.praha-19.ys-beta.cz\/app\/uploads\/2022\/11\/2021_05_27_Pasovani-na-ctenare251-378x252.jpg 378w, https:\/\/foto.praha-19.ys-beta.cz\/app\/uploads\/2022\/11\/2021_05_27_Pasovani-na-ctenare251-300x200.jpg 300w, https:\/\/foto.praha-19.ys-beta.cz\/app\/uploads\/2022\/11\/2021_05_27_Pasovani-na-ctenare251-1024x683.jpg 1024w, https:\/\/foto.praha-19.ys-beta.cz\/app\/uploads\/2022\/11\/2021_05_27_Pasovani-na-ctenare251-768x512.jpg 768w, https:\/\/foto.praha-19.ys-beta.cz\/app\/uploads\/2022\/11\/2021_05_27_Pasovani-na-ctenare251-1536x1024.jpg 1536w, https:\/\/foto.praha-19.ys-beta.cz\/app\/uploads\/2022\/11\/2021_05_27_Pasovani-na-ctenare251-1194x796.jpg 1194w, https:\/\/foto.praha-19.ys-beta.cz\/app\/uploads\/2022\/11\/2021_05_27_Pasovani-na-ctenare251-582x388.jpg 582w, https:\/\/foto.praha-19.ys-beta.cz\/app\/uploads\/2022\/11\/2021_05_27_Pasovani-na-ctenare251-276x184.jpg 276w, https:\/\/foto.praha-19.ys-beta.cz\/app\/uploads\/2022\/11\/2021_05_27_Pasovani-na-ctenare251-675x450.jpg 675w, https:\/\/foto.praha-19.ys-beta.cz\/app\/uploads\/2022\/11\/2021_05_27_Pasovani-na-ctenare251.jpg 1920w\" sizes=\"auto, (max-width: 378px) 100vw, 378px\" \/><\/a><\/div><div class='pinhole-item col-xs-12 col-lg-4 col-md-4 col-sm-6  '><a class=\"item-link\" href=\"https:\/\/foto.praha-19.ys-beta.cz\/app\/uploads\/2022\/11\/2021_05_27_Pasovani-na-ctenare250.jpg\" data-caption=\"[]\" data-meta=\"[]\"  data-size=\"{&quot;width&quot;:1280,&quot;height&quot;:1920}\" data-download=\"[]\" data-filename=\"{&quot;name&quot;:&quot;&quot;}\"><img loading=\"lazy\" decoding=\"async\" width=\"378\" height=\"567\" src=\"https:\/\/foto.praha-19.ys-beta.cz\/app\/uploads\/2022\/11\/2021_05_27_Pasovani-na-ctenare250-378x567.jpg\" class=\"attachment-pinhole-col-3 size-pinhole-col-3\" alt=\"\" srcset=\"https:\/\/foto.praha-19.ys-beta.cz\/app\/uploads\/2022\/11\/2021_05_27_Pasovani-na-ctenare250-378x567.jpg 378w, https:\/\/foto.praha-19.ys-beta.cz\/app\/uploads\/2022\/11\/2021_05_27_Pasovani-na-ctenare250-200x300.jpg 200w, https:\/\/foto.praha-19.ys-beta.cz\/app\/uploads\/2022\/11\/2021_05_27_Pasovani-na-ctenare250-683x1024.jpg 683w, https:\/\/foto.praha-19.ys-beta.cz\/app\/uploads\/2022\/11\/2021_05_27_Pasovani-na-ctenare250-768x1152.jpg 768w, https:\/\/foto.praha-19.ys-beta.cz\/app\/uploads\/2022\/11\/2021_05_27_Pasovani-na-ctenare250-1024x1536.jpg 1024w, https:\/\/foto.praha-19.ys-beta.cz\/app\/uploads\/2022\/11\/2021_05_27_Pasovani-na-ctenare250-1194x1791.jpg 1194w, https:\/\/foto.praha-19.ys-beta.cz\/app\/uploads\/2022\/11\/2021_05_27_Pasovani-na-ctenare250-582x873.jpg 582w, https:\/\/foto.praha-19.ys-beta.cz\/app\/uploads\/2022\/11\/2021_05_27_Pasovani-na-ctenare250-276x414.jpg 276w, https:\/\/foto.praha-19.ys-beta.cz\/app\/uploads\/2022\/11\/2021_05_27_Pasovani-na-ctenare250-300x450.jpg 300w, https:\/\/foto.praha-19.ys-beta.cz\/app\/uploads\/2022\/11\/2021_05_27_Pasovani-na-ctenare250.jpg 1280w\" sizes=\"auto, (max-width: 378px) 100vw, 378px\" \/><\/a><\/div><div class='pinhole-item col-xs-12 col-lg-4 col-md-4 col-sm-6  '><a class=\"item-link\" href=\"https:\/\/foto.praha-19.ys-beta.cz\/app\/uploads\/2022\/11\/2021_05_27_Pasovani-na-ctenare249.jpg\" data-caption=\"[]\" data-meta=\"[]\"  data-size=\"{&quot;width&quot;:1280,&quot;height&quot;:1920}\" data-download=\"[]\" data-filename=\"{&quot;name&quot;:&quot;&quot;}\"><img loading=\"lazy\" decoding=\"async\" width=\"378\" height=\"567\" src=\"https:\/\/foto.praha-19.ys-beta.cz\/app\/uploads\/2022\/11\/2021_05_27_Pasovani-na-ctenare249-378x567.jpg\" class=\"attachment-pinhole-col-3 size-pinhole-col-3\" alt=\"\" srcset=\"https:\/\/foto.praha-19.ys-beta.cz\/app\/uploads\/2022\/11\/2021_05_27_Pasovani-na-ctenare249-378x567.jpg 378w, https:\/\/foto.praha-19.ys-beta.cz\/app\/uploads\/2022\/11\/2021_05_27_Pasovani-na-ctenare249-200x300.jpg 200w, https:\/\/foto.praha-19.ys-beta.cz\/app\/uploads\/2022\/11\/2021_05_27_Pasovani-na-ctenare249-683x1024.jpg 683w, https:\/\/foto.praha-19.ys-beta.cz\/app\/uploads\/2022\/11\/2021_05_27_Pasovani-na-ctenare249-768x1152.jpg 768w, https:\/\/foto.praha-19.ys-beta.cz\/app\/uploads\/2022\/11\/2021_05_27_Pasovani-na-ctenare249-1024x1536.jpg 1024w, https:\/\/foto.praha-19.ys-beta.cz\/app\/uploads\/2022\/11\/2021_05_27_Pasovani-na-ctenare249-1194x1791.jpg 1194w, https:\/\/foto.praha-19.ys-beta.cz\/app\/uploads\/2022\/11\/2021_05_27_Pasovani-na-ctenare249-582x873.jpg 582w, https:\/\/foto.praha-19.ys-beta.cz\/app\/uploads\/2022\/11\/2021_05_27_Pasovani-na-ctenare249-276x414.jpg 276w, https:\/\/foto.praha-19.ys-beta.cz\/app\/uploads\/2022\/11\/2021_05_27_Pasovani-na-ctenare249-300x450.jpg 300w, https:\/\/foto.praha-19.ys-beta.cz\/app\/uploads\/2022\/11\/2021_05_27_Pasovani-na-ctenare249.jpg 1280w\" sizes=\"auto, (max-width: 378px) 100vw, 378px\" \/><\/a><\/div><div class='pinhole-item col-xs-12 col-lg-4 col-md-4 col-sm-6  '><a class=\"item-link\" href=\"https:\/\/foto.praha-19.ys-beta.cz\/app\/uploads\/2022\/11\/2021_05_27_Pasovani-na-ctenare248.jpg\" data-caption=\"[]\" data-meta=\"[]\"  data-size=\"{&quot;width&quot;:1280,&quot;height&quot;:1920}\" data-download=\"[]\" data-filename=\"{&quot;name&quot;:&quot;&quot;}\"><img loading=\"lazy\" decoding=\"async\" width=\"378\" height=\"567\" src=\"https:\/\/foto.praha-19.ys-beta.cz\/app\/uploads\/2022\/11\/2021_05_27_Pasovani-na-ctenare248-378x567.jpg\" class=\"attachment-pinhole-col-3 size-pinhole-col-3\" alt=\"\" srcset=\"https:\/\/foto.praha-19.ys-beta.cz\/app\/uploads\/2022\/11\/2021_05_27_Pasovani-na-ctenare248-378x567.jpg 378w, https:\/\/foto.praha-19.ys-beta.cz\/app\/uploads\/2022\/11\/2021_05_27_Pasovani-na-ctenare248-200x300.jpg 200w, https:\/\/foto.praha-19.ys-beta.cz\/app\/uploads\/2022\/11\/2021_05_27_Pasovani-na-ctenare248-683x1024.jpg 683w, https:\/\/foto.praha-19.ys-beta.cz\/app\/uploads\/2022\/11\/2021_05_27_Pasovani-na-ctenare248-768x1152.jpg 768w, https:\/\/foto.praha-19.ys-beta.cz\/app\/uploads\/2022\/11\/2021_05_27_Pasovani-na-ctenare248-1024x1536.jpg 1024w, https:\/\/foto.praha-19.ys-beta.cz\/app\/uploads\/2022\/11\/2021_05_27_Pasovani-na-ctenare248-1194x1791.jpg 1194w, https:\/\/foto.praha-19.ys-beta.cz\/app\/uploads\/2022\/11\/2021_05_27_Pasovani-na-ctenare248-582x873.jpg 582w, https:\/\/foto.praha-19.ys-beta.cz\/app\/uploads\/2022\/11\/2021_05_27_Pasovani-na-ctenare248-276x414.jpg 276w, https:\/\/foto.praha-19.ys-beta.cz\/app\/uploads\/2022\/11\/2021_05_27_Pasovani-na-ctenare248-300x450.jpg 300w, https:\/\/foto.praha-19.ys-beta.cz\/app\/uploads\/2022\/11\/2021_05_27_Pasovani-na-ctenare248.jpg 1280w\" sizes=\"auto, (max-width: 378px) 100vw, 378px\" \/><\/a><\/div><div class='pinhole-item col-xs-12 col-lg-4 col-md-4 col-sm-6  '><a class=\"item-link\" href=\"https:\/\/foto.praha-19.ys-beta.cz\/app\/uploads\/2022\/11\/2021_05_27_Pasovani-na-ctenare247.jpg\" data-caption=\"[]\" data-meta=\"[]\"  data-size=\"{&quot;width&quot;:1920,&quot;height&quot;:1280}\" data-download=\"[]\" data-filename=\"{&quot;name&quot;:&quot;&quot;}\"><img loading=\"lazy\" decoding=\"async\" width=\"378\" height=\"252\" src=\"https:\/\/foto.praha-19.ys-beta.cz\/app\/uploads\/2022\/11\/2021_05_27_Pasovani-na-ctenare247-378x252.jpg\" class=\"attachment-pinhole-col-3 size-pinhole-col-3\" alt=\"\" srcset=\"https:\/\/foto.praha-19.ys-beta.cz\/app\/uploads\/2022\/11\/2021_05_27_Pasovani-na-ctenare247-378x252.jpg 378w, https:\/\/foto.praha-19.ys-beta.cz\/app\/uploads\/2022\/11\/2021_05_27_Pasovani-na-ctenare247-300x200.jpg 300w, https:\/\/foto.praha-19.ys-beta.cz\/app\/uploads\/2022\/11\/2021_05_27_Pasovani-na-ctenare247-1024x683.jpg 1024w, https:\/\/foto.praha-19.ys-beta.cz\/app\/uploads\/2022\/11\/2021_05_27_Pasovani-na-ctenare247-768x512.jpg 768w, https:\/\/foto.praha-19.ys-beta.cz\/app\/uploads\/2022\/11\/2021_05_27_Pasovani-na-ctenare247-1536x1024.jpg 1536w, https:\/\/foto.praha-19.ys-beta.cz\/app\/uploads\/2022\/11\/2021_05_27_Pasovani-na-ctenare247-1194x796.jpg 1194w, https:\/\/foto.praha-19.ys-beta.cz\/app\/uploads\/2022\/11\/2021_05_27_Pasovani-na-ctenare247-582x388.jpg 582w, https:\/\/foto.praha-19.ys-beta.cz\/app\/uploads\/2022\/11\/2021_05_27_Pasovani-na-ctenare247-276x184.jpg 276w, https:\/\/foto.praha-19.ys-beta.cz\/app\/uploads\/2022\/11\/2021_05_27_Pasovani-na-ctenare247-675x450.jpg 675w, https:\/\/foto.praha-19.ys-beta.cz\/app\/uploads\/2022\/11\/2021_05_27_Pasovani-na-ctenare247.jpg 1920w\" sizes=\"auto, (max-width: 378px) 100vw, 378px\" \/><\/a><\/div><div class='pinhole-item col-xs-12 col-lg-4 col-md-4 col-sm-6  '><a class=\"item-link\" href=\"https:\/\/foto.praha-19.ys-beta.cz\/app\/uploads\/2022\/11\/2021_05_27_Pasovani-na-ctenare246.jpg\" data-caption=\"[]\" data-meta=\"[]\"  data-size=\"{&quot;width&quot;:1280,&quot;height&quot;:1920}\" data-download=\"[]\" data-filename=\"{&quot;name&quot;:&quot;&quot;}\"><img loading=\"lazy\" decoding=\"async\" width=\"378\" height=\"567\" src=\"https:\/\/foto.praha-19.ys-beta.cz\/app\/uploads\/2022\/11\/2021_05_27_Pasovani-na-ctenare246-378x567.jpg\" class=\"attachment-pinhole-col-3 size-pinhole-col-3\" alt=\"\" srcset=\"https:\/\/foto.praha-19.ys-beta.cz\/app\/uploads\/2022\/11\/2021_05_27_Pasovani-na-ctenare246-378x567.jpg 378w, https:\/\/foto.praha-19.ys-beta.cz\/app\/uploads\/2022\/11\/2021_05_27_Pasovani-na-ctenare246-200x300.jpg 200w, https:\/\/foto.praha-19.ys-beta.cz\/app\/uploads\/2022\/11\/2021_05_27_Pasovani-na-ctenare246-683x1024.jpg 683w, https:\/\/foto.praha-19.ys-beta.cz\/app\/uploads\/2022\/11\/2021_05_27_Pasovani-na-ctenare246-768x1152.jpg 768w, https:\/\/foto.praha-19.ys-beta.cz\/app\/uploads\/2022\/11\/2021_05_27_Pasovani-na-ctenare246-1024x1536.jpg 1024w, https:\/\/foto.praha-19.ys-beta.cz\/app\/uploads\/2022\/11\/2021_05_27_Pasovani-na-ctenare246-1194x1791.jpg 1194w, https:\/\/foto.praha-19.ys-beta.cz\/app\/uploads\/2022\/11\/2021_05_27_Pasovani-na-ctenare246-582x873.jpg 582w, https:\/\/foto.praha-19.ys-beta.cz\/app\/uploads\/2022\/11\/2021_05_27_Pasovani-na-ctenare246-276x414.jpg 276w, https:\/\/foto.praha-19.ys-beta.cz\/app\/uploads\/2022\/11\/2021_05_27_Pasovani-na-ctenare246-300x450.jpg 300w, https:\/\/foto.praha-19.ys-beta.cz\/app\/uploads\/2022\/11\/2021_05_27_Pasovani-na-ctenare246.jpg 1280w\" sizes=\"auto, (max-width: 378px) 100vw, 378px\" \/><\/a><\/div><div class='pinhole-item col-xs-12 col-lg-4 col-md-4 col-sm-6  '><a class=\"item-link\" href=\"https:\/\/foto.praha-19.ys-beta.cz\/app\/uploads\/2022\/11\/2021_05_27_Pasovani-na-ctenare245.jpg\" data-caption=\"[]\" data-meta=\"[]\"  data-size=\"{&quot;width&quot;:1280,&quot;height&quot;:1920}\" data-download=\"[]\" data-filename=\"{&quot;name&quot;:&quot;&quot;}\"><img loading=\"lazy\" decoding=\"async\" width=\"378\" height=\"567\" src=\"https:\/\/foto.praha-19.ys-beta.cz\/app\/uploads\/2022\/11\/2021_05_27_Pasovani-na-ctenare245-378x567.jpg\" class=\"attachment-pinhole-col-3 size-pinhole-col-3\" alt=\"\" srcset=\"https:\/\/foto.praha-19.ys-beta.cz\/app\/uploads\/2022\/11\/2021_05_27_Pasovani-na-ctenare245-378x567.jpg 378w, https:\/\/foto.praha-19.ys-beta.cz\/app\/uploads\/2022\/11\/2021_05_27_Pasovani-na-ctenare245-200x300.jpg 200w, https:\/\/foto.praha-19.ys-beta.cz\/app\/uploads\/2022\/11\/2021_05_27_Pasovani-na-ctenare245-683x1024.jpg 683w, https:\/\/foto.praha-19.ys-beta.cz\/app\/uploads\/2022\/11\/2021_05_27_Pasovani-na-ctenare245-768x1152.jpg 768w, https:\/\/foto.praha-19.ys-beta.cz\/app\/uploads\/2022\/11\/2021_05_27_Pasovani-na-ctenare245-1024x1536.jpg 1024w, https:\/\/foto.praha-19.ys-beta.cz\/app\/uploads\/2022\/11\/2021_05_27_Pasovani-na-ctenare245-1194x1791.jpg 1194w, https:\/\/foto.praha-19.ys-beta.cz\/app\/uploads\/2022\/11\/2021_05_27_Pasovani-na-ctenare245-582x873.jpg 582w, https:\/\/foto.praha-19.ys-beta.cz\/app\/uploads\/2022\/11\/2021_05_27_Pasovani-na-ctenare245-276x414.jpg 276w, https:\/\/foto.praha-19.ys-beta.cz\/app\/uploads\/2022\/11\/2021_05_27_Pasovani-na-ctenare245-300x450.jpg 300w, https:\/\/foto.praha-19.ys-beta.cz\/app\/uploads\/2022\/11\/2021_05_27_Pasovani-na-ctenare245.jpg 1280w\" sizes=\"auto, (max-width: 378px) 100vw, 378px\" \/><\/a><\/div><div class='pinhole-item col-xs-12 col-lg-4 col-md-4 col-sm-6  '><a class=\"item-link\" href=\"https:\/\/foto.praha-19.ys-beta.cz\/app\/uploads\/2022\/11\/2021_05_27_Pasovani-na-ctenare244.jpg\" data-caption=\"[]\" data-meta=\"[]\"  data-size=\"{&quot;width&quot;:1280,&quot;height&quot;:1920}\" data-download=\"[]\" data-filename=\"{&quot;name&quot;:&quot;&quot;}\"><img loading=\"lazy\" decoding=\"async\" width=\"378\" height=\"567\" src=\"https:\/\/foto.praha-19.ys-beta.cz\/app\/uploads\/2022\/11\/2021_05_27_Pasovani-na-ctenare244-378x567.jpg\" class=\"attachment-pinhole-col-3 size-pinhole-col-3\" alt=\"\" srcset=\"https:\/\/foto.praha-19.ys-beta.cz\/app\/uploads\/2022\/11\/2021_05_27_Pasovani-na-ctenare244-378x567.jpg 378w, https:\/\/foto.praha-19.ys-beta.cz\/app\/uploads\/2022\/11\/2021_05_27_Pasovani-na-ctenare244-200x300.jpg 200w, https:\/\/foto.praha-19.ys-beta.cz\/app\/uploads\/2022\/11\/2021_05_27_Pasovani-na-ctenare244-683x1024.jpg 683w, https:\/\/foto.praha-19.ys-beta.cz\/app\/uploads\/2022\/11\/2021_05_27_Pasovani-na-ctenare244-768x1152.jpg 768w, https:\/\/foto.praha-19.ys-beta.cz\/app\/uploads\/2022\/11\/2021_05_27_Pasovani-na-ctenare244-1024x1536.jpg 1024w, https:\/\/foto.praha-19.ys-beta.cz\/app\/uploads\/2022\/11\/2021_05_27_Pasovani-na-ctenare244-1194x1791.jpg 1194w, https:\/\/foto.praha-19.ys-beta.cz\/app\/uploads\/2022\/11\/2021_05_27_Pasovani-na-ctenare244-582x873.jpg 582w, https:\/\/foto.praha-19.ys-beta.cz\/app\/uploads\/2022\/11\/2021_05_27_Pasovani-na-ctenare244-276x414.jpg 276w, https:\/\/foto.praha-19.ys-beta.cz\/app\/uploads\/2022\/11\/2021_05_27_Pasovani-na-ctenare244-300x450.jpg 300w, https:\/\/foto.praha-19.ys-beta.cz\/app\/uploads\/2022\/11\/2021_05_27_Pasovani-na-ctenare244.jpg 1280w\" sizes=\"auto, (max-width: 378px) 100vw, 378px\" \/><\/a><\/div><div class='pinhole-item col-xs-12 col-lg-4 col-md-4 col-sm-6  '><a class=\"item-link\" href=\"https:\/\/foto.praha-19.ys-beta.cz\/app\/uploads\/2022\/11\/2021_05_27_Pasovani-na-ctenare243.jpg\" data-caption=\"[]\" data-meta=\"[]\"  data-size=\"{&quot;width&quot;:1920,&quot;height&quot;:1280}\" data-download=\"[]\" data-filename=\"{&quot;name&quot;:&quot;&quot;}\"><img loading=\"lazy\" decoding=\"async\" width=\"378\" height=\"252\" src=\"https:\/\/foto.praha-19.ys-beta.cz\/app\/uploads\/2022\/11\/2021_05_27_Pasovani-na-ctenare243-378x252.jpg\" class=\"attachment-pinhole-col-3 size-pinhole-col-3\" alt=\"\" srcset=\"https:\/\/foto.praha-19.ys-beta.cz\/app\/uploads\/2022\/11\/2021_05_27_Pasovani-na-ctenare243-378x252.jpg 378w, https:\/\/foto.praha-19.ys-beta.cz\/app\/uploads\/2022\/11\/2021_05_27_Pasovani-na-ctenare243-300x200.jpg 300w, https:\/\/foto.praha-19.ys-beta.cz\/app\/uploads\/2022\/11\/2021_05_27_Pasovani-na-ctenare243-1024x683.jpg 1024w, https:\/\/foto.praha-19.ys-beta.cz\/app\/uploads\/2022\/11\/2021_05_27_Pasovani-na-ctenare243-768x512.jpg 768w, https:\/\/foto.praha-19.ys-beta.cz\/app\/uploads\/2022\/11\/2021_05_27_Pasovani-na-ctenare243-1536x1024.jpg 1536w, https:\/\/foto.praha-19.ys-beta.cz\/app\/uploads\/2022\/11\/2021_05_27_Pasovani-na-ctenare243-1194x796.jpg 1194w, https:\/\/foto.praha-19.ys-beta.cz\/app\/uploads\/2022\/11\/2021_05_27_Pasovani-na-ctenare243-582x388.jpg 582w, https:\/\/foto.praha-19.ys-beta.cz\/app\/uploads\/2022\/11\/2021_05_27_Pasovani-na-ctenare243-276x184.jpg 276w, https:\/\/foto.praha-19.ys-beta.cz\/app\/uploads\/2022\/11\/2021_05_27_Pasovani-na-ctenare243-675x450.jpg 675w, https:\/\/foto.praha-19.ys-beta.cz\/app\/uploads\/2022\/11\/2021_05_27_Pasovani-na-ctenare243.jpg 1920w\" sizes=\"auto, (max-width: 378px) 100vw, 378px\" \/><\/a><\/div><div class='pinhole-item col-xs-12 col-lg-4 col-md-4 col-sm-6  '><a class=\"item-link\" href=\"https:\/\/foto.praha-19.ys-beta.cz\/app\/uploads\/2022\/11\/2021_05_27_Pasovani-na-ctenare242.jpg\" data-caption=\"[]\" data-meta=\"[]\"  data-size=\"{&quot;width&quot;:1280,&quot;height&quot;:1920}\" data-download=\"[]\" data-filename=\"{&quot;name&quot;:&quot;&quot;}\"><img loading=\"lazy\" decoding=\"async\" width=\"378\" height=\"567\" src=\"https:\/\/foto.praha-19.ys-beta.cz\/app\/uploads\/2022\/11\/2021_05_27_Pasovani-na-ctenare242-378x567.jpg\" class=\"attachment-pinhole-col-3 size-pinhole-col-3\" alt=\"\" srcset=\"https:\/\/foto.praha-19.ys-beta.cz\/app\/uploads\/2022\/11\/2021_05_27_Pasovani-na-ctenare242-378x567.jpg 378w, https:\/\/foto.praha-19.ys-beta.cz\/app\/uploads\/2022\/11\/2021_05_27_Pasovani-na-ctenare242-200x300.jpg 200w, https:\/\/foto.praha-19.ys-beta.cz\/app\/uploads\/2022\/11\/2021_05_27_Pasovani-na-ctenare242-683x1024.jpg 683w, https:\/\/foto.praha-19.ys-beta.cz\/app\/uploads\/2022\/11\/2021_05_27_Pasovani-na-ctenare242-768x1152.jpg 768w, https:\/\/foto.praha-19.ys-beta.cz\/app\/uploads\/2022\/11\/2021_05_27_Pasovani-na-ctenare242-1024x1536.jpg 1024w, https:\/\/foto.praha-19.ys-beta.cz\/app\/uploads\/2022\/11\/2021_05_27_Pasovani-na-ctenare242-1194x1791.jpg 1194w, https:\/\/foto.praha-19.ys-beta.cz\/app\/uploads\/2022\/11\/2021_05_27_Pasovani-na-ctenare242-582x873.jpg 582w, https:\/\/foto.praha-19.ys-beta.cz\/app\/uploads\/2022\/11\/2021_05_27_Pasovani-na-ctenare242-276x414.jpg 276w, https:\/\/foto.praha-19.ys-beta.cz\/app\/uploads\/2022\/11\/2021_05_27_Pasovani-na-ctenare242-300x450.jpg 300w, https:\/\/foto.praha-19.ys-beta.cz\/app\/uploads\/2022\/11\/2021_05_27_Pasovani-na-ctenare242.jpg 1280w\" sizes=\"auto, (max-width: 378px) 100vw, 378px\" \/><\/a><\/div><div class='pinhole-item col-xs-12 col-lg-4 col-md-4 col-sm-6  '><a class=\"item-link\" href=\"https:\/\/foto.praha-19.ys-beta.cz\/app\/uploads\/2022\/11\/2021_05_27_Pasovani-na-ctenare241.jpg\" data-caption=\"[]\" data-meta=\"[]\"  data-size=\"{&quot;width&quot;:1280,&quot;height&quot;:1920}\" data-download=\"[]\" data-filename=\"{&quot;name&quot;:&quot;&quot;}\"><img loading=\"lazy\" decoding=\"async\" width=\"378\" height=\"567\" src=\"https:\/\/foto.praha-19.ys-beta.cz\/app\/uploads\/2022\/11\/2021_05_27_Pasovani-na-ctenare241-378x567.jpg\" class=\"attachment-pinhole-col-3 size-pinhole-col-3\" alt=\"\" srcset=\"https:\/\/foto.praha-19.ys-beta.cz\/app\/uploads\/2022\/11\/2021_05_27_Pasovani-na-ctenare241-378x567.jpg 378w, https:\/\/foto.praha-19.ys-beta.cz\/app\/uploads\/2022\/11\/2021_05_27_Pasovani-na-ctenare241-200x300.jpg 200w, https:\/\/foto.praha-19.ys-beta.cz\/app\/uploads\/2022\/11\/2021_05_27_Pasovani-na-ctenare241-683x1024.jpg 683w, https:\/\/foto.praha-19.ys-beta.cz\/app\/uploads\/2022\/11\/2021_05_27_Pasovani-na-ctenare241-768x1152.jpg 768w, https:\/\/foto.praha-19.ys-beta.cz\/app\/uploads\/2022\/11\/2021_05_27_Pasovani-na-ctenare241-1024x1536.jpg 1024w, https:\/\/foto.praha-19.ys-beta.cz\/app\/uploads\/2022\/11\/2021_05_27_Pasovani-na-ctenare241-1194x1791.jpg 1194w, https:\/\/foto.praha-19.ys-beta.cz\/app\/uploads\/2022\/11\/2021_05_27_Pasovani-na-ctenare241-582x873.jpg 582w, https:\/\/foto.praha-19.ys-beta.cz\/app\/uploads\/2022\/11\/2021_05_27_Pasovani-na-ctenare241-276x414.jpg 276w, https:\/\/foto.praha-19.ys-beta.cz\/app\/uploads\/2022\/11\/2021_05_27_Pasovani-na-ctenare241-300x450.jpg 300w, https:\/\/foto.praha-19.ys-beta.cz\/app\/uploads\/2022\/11\/2021_05_27_Pasovani-na-ctenare241.jpg 1280w\" sizes=\"auto, (max-width: 378px) 100vw, 378px\" \/><\/a><\/div><div class='pinhole-item col-xs-12 col-lg-4 col-md-4 col-sm-6  '><a class=\"item-link\" href=\"https:\/\/foto.praha-19.ys-beta.cz\/app\/uploads\/2022\/11\/2021_05_27_Pasovani-na-ctenare240.jpg\" data-caption=\"[]\" data-meta=\"[]\"  data-size=\"{&quot;width&quot;:1280,&quot;height&quot;:1920}\" data-download=\"[]\" data-filename=\"{&quot;name&quot;:&quot;&quot;}\"><img loading=\"lazy\" decoding=\"async\" width=\"378\" height=\"567\" src=\"https:\/\/foto.praha-19.ys-beta.cz\/app\/uploads\/2022\/11\/2021_05_27_Pasovani-na-ctenare240-378x567.jpg\" class=\"attachment-pinhole-col-3 size-pinhole-col-3\" alt=\"\" srcset=\"https:\/\/foto.praha-19.ys-beta.cz\/app\/uploads\/2022\/11\/2021_05_27_Pasovani-na-ctenare240-378x567.jpg 378w, https:\/\/foto.praha-19.ys-beta.cz\/app\/uploads\/2022\/11\/2021_05_27_Pasovani-na-ctenare240-200x300.jpg 200w, https:\/\/foto.praha-19.ys-beta.cz\/app\/uploads\/2022\/11\/2021_05_27_Pasovani-na-ctenare240-683x1024.jpg 683w, https:\/\/foto.praha-19.ys-beta.cz\/app\/uploads\/2022\/11\/2021_05_27_Pasovani-na-ctenare240-768x1152.jpg 768w, https:\/\/foto.praha-19.ys-beta.cz\/app\/uploads\/2022\/11\/2021_05_27_Pasovani-na-ctenare240-1024x1536.jpg 1024w, https:\/\/foto.praha-19.ys-beta.cz\/app\/uploads\/2022\/11\/2021_05_27_Pasovani-na-ctenare240-1194x1791.jpg 1194w, https:\/\/foto.praha-19.ys-beta.cz\/app\/uploads\/2022\/11\/2021_05_27_Pasovani-na-ctenare240-582x873.jpg 582w, https:\/\/foto.praha-19.ys-beta.cz\/app\/uploads\/2022\/11\/2021_05_27_Pasovani-na-ctenare240-276x414.jpg 276w, https:\/\/foto.praha-19.ys-beta.cz\/app\/uploads\/2022\/11\/2021_05_27_Pasovani-na-ctenare240-300x450.jpg 300w, https:\/\/foto.praha-19.ys-beta.cz\/app\/uploads\/2022\/11\/2021_05_27_Pasovani-na-ctenare240.jpg 1280w\" sizes=\"auto, (max-width: 378px) 100vw, 378px\" \/><\/a><\/div><div class='pinhole-item col-xs-12 col-lg-4 col-md-4 col-sm-6  '><a class=\"item-link\" href=\"https:\/\/foto.praha-19.ys-beta.cz\/app\/uploads\/2022\/11\/2021_05_27_Pasovani-na-ctenare239.jpg\" data-caption=\"[]\" data-meta=\"[]\"  data-size=\"{&quot;width&quot;:1920,&quot;height&quot;:1280}\" data-download=\"[]\" data-filename=\"{&quot;name&quot;:&quot;&quot;}\"><img loading=\"lazy\" decoding=\"async\" width=\"378\" height=\"252\" src=\"https:\/\/foto.praha-19.ys-beta.cz\/app\/uploads\/2022\/11\/2021_05_27_Pasovani-na-ctenare239-378x252.jpg\" class=\"attachment-pinhole-col-3 size-pinhole-col-3\" alt=\"\" srcset=\"https:\/\/foto.praha-19.ys-beta.cz\/app\/uploads\/2022\/11\/2021_05_27_Pasovani-na-ctenare239-378x252.jpg 378w, https:\/\/foto.praha-19.ys-beta.cz\/app\/uploads\/2022\/11\/2021_05_27_Pasovani-na-ctenare239-300x200.jpg 300w, https:\/\/foto.praha-19.ys-beta.cz\/app\/uploads\/2022\/11\/2021_05_27_Pasovani-na-ctenare239-1024x683.jpg 1024w, https:\/\/foto.praha-19.ys-beta.cz\/app\/uploads\/2022\/11\/2021_05_27_Pasovani-na-ctenare239-768x512.jpg 768w, https:\/\/foto.praha-19.ys-beta.cz\/app\/uploads\/2022\/11\/2021_05_27_Pasovani-na-ctenare239-1536x1024.jpg 1536w, https:\/\/foto.praha-19.ys-beta.cz\/app\/uploads\/2022\/11\/2021_05_27_Pasovani-na-ctenare239-1194x796.jpg 1194w, https:\/\/foto.praha-19.ys-beta.cz\/app\/uploads\/2022\/11\/2021_05_27_Pasovani-na-ctenare239-582x388.jpg 582w, https:\/\/foto.praha-19.ys-beta.cz\/app\/uploads\/2022\/11\/2021_05_27_Pasovani-na-ctenare239-276x184.jpg 276w, https:\/\/foto.praha-19.ys-beta.cz\/app\/uploads\/2022\/11\/2021_05_27_Pasovani-na-ctenare239-675x450.jpg 675w, https:\/\/foto.praha-19.ys-beta.cz\/app\/uploads\/2022\/11\/2021_05_27_Pasovani-na-ctenare239.jpg 1920w\" sizes=\"auto, (max-width: 378px) 100vw, 378px\" \/><\/a><\/div><div class='pinhole-item col-xs-12 col-lg-4 col-md-4 col-sm-6  '><a class=\"item-link\" href=\"https:\/\/foto.praha-19.ys-beta.cz\/app\/uploads\/2022\/11\/2021_05_27_Pasovani-na-ctenare238.jpg\" data-caption=\"[]\" data-meta=\"[]\"  data-size=\"{&quot;width&quot;:1280,&quot;height&quot;:1920}\" data-download=\"[]\" data-filename=\"{&quot;name&quot;:&quot;&quot;}\"><img loading=\"lazy\" decoding=\"async\" width=\"378\" height=\"567\" src=\"https:\/\/foto.praha-19.ys-beta.cz\/app\/uploads\/2022\/11\/2021_05_27_Pasovani-na-ctenare238-378x567.jpg\" class=\"attachment-pinhole-col-3 size-pinhole-col-3\" alt=\"\" srcset=\"https:\/\/foto.praha-19.ys-beta.cz\/app\/uploads\/2022\/11\/2021_05_27_Pasovani-na-ctenare238-378x567.jpg 378w, https:\/\/foto.praha-19.ys-beta.cz\/app\/uploads\/2022\/11\/2021_05_27_Pasovani-na-ctenare238-200x300.jpg 200w, https:\/\/foto.praha-19.ys-beta.cz\/app\/uploads\/2022\/11\/2021_05_27_Pasovani-na-ctenare238-683x1024.jpg 683w, https:\/\/foto.praha-19.ys-beta.cz\/app\/uploads\/2022\/11\/2021_05_27_Pasovani-na-ctenare238-768x1152.jpg 768w, https:\/\/foto.praha-19.ys-beta.cz\/app\/uploads\/2022\/11\/2021_05_27_Pasovani-na-ctenare238-1024x1536.jpg 1024w, https:\/\/foto.praha-19.ys-beta.cz\/app\/uploads\/2022\/11\/2021_05_27_Pasovani-na-ctenare238-1194x1791.jpg 1194w, https:\/\/foto.praha-19.ys-beta.cz\/app\/uploads\/2022\/11\/2021_05_27_Pasovani-na-ctenare238-582x873.jpg 582w, https:\/\/foto.praha-19.ys-beta.cz\/app\/uploads\/2022\/11\/2021_05_27_Pasovani-na-ctenare238-276x414.jpg 276w, https:\/\/foto.praha-19.ys-beta.cz\/app\/uploads\/2022\/11\/2021_05_27_Pasovani-na-ctenare238-300x450.jpg 300w, https:\/\/foto.praha-19.ys-beta.cz\/app\/uploads\/2022\/11\/2021_05_27_Pasovani-na-ctenare238.jpg 1280w\" sizes=\"auto, (max-width: 378px) 100vw, 378px\" \/><\/a><\/div><div class='pinhole-item col-xs-12 col-lg-4 col-md-4 col-sm-6  '><a class=\"item-link\" href=\"https:\/\/foto.praha-19.ys-beta.cz\/app\/uploads\/2022\/11\/2021_05_27_Pasovani-na-ctenare237.jpg\" data-caption=\"[]\" data-meta=\"[]\"  data-size=\"{&quot;width&quot;:1280,&quot;height&quot;:1920}\" data-download=\"[]\" data-filename=\"{&quot;name&quot;:&quot;&quot;}\"><img loading=\"lazy\" decoding=\"async\" width=\"378\" height=\"567\" src=\"https:\/\/foto.praha-19.ys-beta.cz\/app\/uploads\/2022\/11\/2021_05_27_Pasovani-na-ctenare237-378x567.jpg\" class=\"attachment-pinhole-col-3 size-pinhole-col-3\" alt=\"\" srcset=\"https:\/\/foto.praha-19.ys-beta.cz\/app\/uploads\/2022\/11\/2021_05_27_Pasovani-na-ctenare237-378x567.jpg 378w, https:\/\/foto.praha-19.ys-beta.cz\/app\/uploads\/2022\/11\/2021_05_27_Pasovani-na-ctenare237-200x300.jpg 200w, https:\/\/foto.praha-19.ys-beta.cz\/app\/uploads\/2022\/11\/2021_05_27_Pasovani-na-ctenare237-683x1024.jpg 683w, https:\/\/foto.praha-19.ys-beta.cz\/app\/uploads\/2022\/11\/2021_05_27_Pasovani-na-ctenare237-768x1152.jpg 768w, https:\/\/foto.praha-19.ys-beta.cz\/app\/uploads\/2022\/11\/2021_05_27_Pasovani-na-ctenare237-1024x1536.jpg 1024w, https:\/\/foto.praha-19.ys-beta.cz\/app\/uploads\/2022\/11\/2021_05_27_Pasovani-na-ctenare237-1194x1791.jpg 1194w, https:\/\/foto.praha-19.ys-beta.cz\/app\/uploads\/2022\/11\/2021_05_27_Pasovani-na-ctenare237-582x873.jpg 582w, https:\/\/foto.praha-19.ys-beta.cz\/app\/uploads\/2022\/11\/2021_05_27_Pasovani-na-ctenare237-276x414.jpg 276w, https:\/\/foto.praha-19.ys-beta.cz\/app\/uploads\/2022\/11\/2021_05_27_Pasovani-na-ctenare237-300x450.jpg 300w, https:\/\/foto.praha-19.ys-beta.cz\/app\/uploads\/2022\/11\/2021_05_27_Pasovani-na-ctenare237.jpg 1280w\" sizes=\"auto, (max-width: 378px) 100vw, 378px\" \/><\/a><\/div><div class='pinhole-item col-xs-12 col-lg-4 col-md-4 col-sm-6  '><a class=\"item-link\" href=\"https:\/\/foto.praha-19.ys-beta.cz\/app\/uploads\/2022\/11\/2021_05_27_Pasovani-na-ctenare236.jpg\" data-caption=\"[]\" data-meta=\"[]\"  data-size=\"{&quot;width&quot;:1280,&quot;height&quot;:1920}\" data-download=\"[]\" data-filename=\"{&quot;name&quot;:&quot;&quot;}\"><img loading=\"lazy\" decoding=\"async\" width=\"378\" height=\"567\" src=\"https:\/\/foto.praha-19.ys-beta.cz\/app\/uploads\/2022\/11\/2021_05_27_Pasovani-na-ctenare236-378x567.jpg\" class=\"attachment-pinhole-col-3 size-pinhole-col-3\" alt=\"\" srcset=\"https:\/\/foto.praha-19.ys-beta.cz\/app\/uploads\/2022\/11\/2021_05_27_Pasovani-na-ctenare236-378x567.jpg 378w, https:\/\/foto.praha-19.ys-beta.cz\/app\/uploads\/2022\/11\/2021_05_27_Pasovani-na-ctenare236-200x300.jpg 200w, https:\/\/foto.praha-19.ys-beta.cz\/app\/uploads\/2022\/11\/2021_05_27_Pasovani-na-ctenare236-683x1024.jpg 683w, https:\/\/foto.praha-19.ys-beta.cz\/app\/uploads\/2022\/11\/2021_05_27_Pasovani-na-ctenare236-768x1152.jpg 768w, https:\/\/foto.praha-19.ys-beta.cz\/app\/uploads\/2022\/11\/2021_05_27_Pasovani-na-ctenare236-1024x1536.jpg 1024w, https:\/\/foto.praha-19.ys-beta.cz\/app\/uploads\/2022\/11\/2021_05_27_Pasovani-na-ctenare236-1194x1791.jpg 1194w, https:\/\/foto.praha-19.ys-beta.cz\/app\/uploads\/2022\/11\/2021_05_27_Pasovani-na-ctenare236-582x873.jpg 582w, https:\/\/foto.praha-19.ys-beta.cz\/app\/uploads\/2022\/11\/2021_05_27_Pasovani-na-ctenare236-276x414.jpg 276w, https:\/\/foto.praha-19.ys-beta.cz\/app\/uploads\/2022\/11\/2021_05_27_Pasovani-na-ctenare236-300x450.jpg 300w, https:\/\/foto.praha-19.ys-beta.cz\/app\/uploads\/2022\/11\/2021_05_27_Pasovani-na-ctenare236.jpg 1280w\" sizes=\"auto, (max-width: 378px) 100vw, 378px\" \/><\/a><\/div><div class='pinhole-item col-xs-12 col-lg-4 col-md-4 col-sm-6  '><a class=\"item-link\" href=\"https:\/\/foto.praha-19.ys-beta.cz\/app\/uploads\/2022\/11\/2021_05_27_Pasovani-na-ctenare235.jpg\" data-caption=\"[]\" data-meta=\"[]\"  data-size=\"{&quot;width&quot;:1920,&quot;height&quot;:1280}\" data-download=\"[]\" data-filename=\"{&quot;name&quot;:&quot;&quot;}\"><img loading=\"lazy\" decoding=\"async\" width=\"378\" height=\"252\" src=\"https:\/\/foto.praha-19.ys-beta.cz\/app\/uploads\/2022\/11\/2021_05_27_Pasovani-na-ctenare235-378x252.jpg\" class=\"attachment-pinhole-col-3 size-pinhole-col-3\" alt=\"\" srcset=\"https:\/\/foto.praha-19.ys-beta.cz\/app\/uploads\/2022\/11\/2021_05_27_Pasovani-na-ctenare235-378x252.jpg 378w, https:\/\/foto.praha-19.ys-beta.cz\/app\/uploads\/2022\/11\/2021_05_27_Pasovani-na-ctenare235-300x200.jpg 300w, https:\/\/foto.praha-19.ys-beta.cz\/app\/uploads\/2022\/11\/2021_05_27_Pasovani-na-ctenare235-1024x683.jpg 1024w, https:\/\/foto.praha-19.ys-beta.cz\/app\/uploads\/2022\/11\/2021_05_27_Pasovani-na-ctenare235-768x512.jpg 768w, https:\/\/foto.praha-19.ys-beta.cz\/app\/uploads\/2022\/11\/2021_05_27_Pasovani-na-ctenare235-1536x1024.jpg 1536w, https:\/\/foto.praha-19.ys-beta.cz\/app\/uploads\/2022\/11\/2021_05_27_Pasovani-na-ctenare235-1194x796.jpg 1194w, https:\/\/foto.praha-19.ys-beta.cz\/app\/uploads\/2022\/11\/2021_05_27_Pasovani-na-ctenare235-582x388.jpg 582w, https:\/\/foto.praha-19.ys-beta.cz\/app\/uploads\/2022\/11\/2021_05_27_Pasovani-na-ctenare235-276x184.jpg 276w, https:\/\/foto.praha-19.ys-beta.cz\/app\/uploads\/2022\/11\/2021_05_27_Pasovani-na-ctenare235-675x450.jpg 675w, https:\/\/foto.praha-19.ys-beta.cz\/app\/uploads\/2022\/11\/2021_05_27_Pasovani-na-ctenare235.jpg 1920w\" sizes=\"auto, (max-width: 378px) 100vw, 378px\" \/><\/a><\/div><div class='pinhole-item col-xs-12 col-lg-4 col-md-4 col-sm-6  '><a class=\"item-link\" href=\"https:\/\/foto.praha-19.ys-beta.cz\/app\/uploads\/2022\/11\/2021_05_27_Pasovani-na-ctenare234.jpg\" data-caption=\"[]\" data-meta=\"[]\"  data-size=\"{&quot;width&quot;:1280,&quot;height&quot;:1920}\" data-download=\"[]\" data-filename=\"{&quot;name&quot;:&quot;&quot;}\"><img loading=\"lazy\" decoding=\"async\" width=\"378\" height=\"567\" src=\"https:\/\/foto.praha-19.ys-beta.cz\/app\/uploads\/2022\/11\/2021_05_27_Pasovani-na-ctenare234-378x567.jpg\" class=\"attachment-pinhole-col-3 size-pinhole-col-3\" alt=\"\" srcset=\"https:\/\/foto.praha-19.ys-beta.cz\/app\/uploads\/2022\/11\/2021_05_27_Pasovani-na-ctenare234-378x567.jpg 378w, https:\/\/foto.praha-19.ys-beta.cz\/app\/uploads\/2022\/11\/2021_05_27_Pasovani-na-ctenare234-200x300.jpg 200w, https:\/\/foto.praha-19.ys-beta.cz\/app\/uploads\/2022\/11\/2021_05_27_Pasovani-na-ctenare234-683x1024.jpg 683w, https:\/\/foto.praha-19.ys-beta.cz\/app\/uploads\/2022\/11\/2021_05_27_Pasovani-na-ctenare234-768x1152.jpg 768w, https:\/\/foto.praha-19.ys-beta.cz\/app\/uploads\/2022\/11\/2021_05_27_Pasovani-na-ctenare234-1024x1536.jpg 1024w, https:\/\/foto.praha-19.ys-beta.cz\/app\/uploads\/2022\/11\/2021_05_27_Pasovani-na-ctenare234-1194x1791.jpg 1194w, https:\/\/foto.praha-19.ys-beta.cz\/app\/uploads\/2022\/11\/2021_05_27_Pasovani-na-ctenare234-582x873.jpg 582w, https:\/\/foto.praha-19.ys-beta.cz\/app\/uploads\/2022\/11\/2021_05_27_Pasovani-na-ctenare234-276x414.jpg 276w, https:\/\/foto.praha-19.ys-beta.cz\/app\/uploads\/2022\/11\/2021_05_27_Pasovani-na-ctenare234-300x450.jpg 300w, https:\/\/foto.praha-19.ys-beta.cz\/app\/uploads\/2022\/11\/2021_05_27_Pasovani-na-ctenare234.jpg 1280w\" sizes=\"auto, (max-width: 378px) 100vw, 378px\" \/><\/a><\/div><div class='pinhole-item col-xs-12 col-lg-4 col-md-4 col-sm-6  '><a class=\"item-link\" href=\"https:\/\/foto.praha-19.ys-beta.cz\/app\/uploads\/2022\/11\/2021_05_27_Pasovani-na-ctenare233.jpg\" data-caption=\"[]\" data-meta=\"[]\"  data-size=\"{&quot;width&quot;:1280,&quot;height&quot;:1920}\" data-download=\"[]\" data-filename=\"{&quot;name&quot;:&quot;&quot;}\"><img loading=\"lazy\" decoding=\"async\" width=\"378\" height=\"567\" src=\"https:\/\/foto.praha-19.ys-beta.cz\/app\/uploads\/2022\/11\/2021_05_27_Pasovani-na-ctenare233-378x567.jpg\" class=\"attachment-pinhole-col-3 size-pinhole-col-3\" alt=\"\" srcset=\"https:\/\/foto.praha-19.ys-beta.cz\/app\/uploads\/2022\/11\/2021_05_27_Pasovani-na-ctenare233-378x567.jpg 378w, https:\/\/foto.praha-19.ys-beta.cz\/app\/uploads\/2022\/11\/2021_05_27_Pasovani-na-ctenare233-200x300.jpg 200w, https:\/\/foto.praha-19.ys-beta.cz\/app\/uploads\/2022\/11\/2021_05_27_Pasovani-na-ctenare233-683x1024.jpg 683w, https:\/\/foto.praha-19.ys-beta.cz\/app\/uploads\/2022\/11\/2021_05_27_Pasovani-na-ctenare233-768x1152.jpg 768w, https:\/\/foto.praha-19.ys-beta.cz\/app\/uploads\/2022\/11\/2021_05_27_Pasovani-na-ctenare233-1024x1536.jpg 1024w, https:\/\/foto.praha-19.ys-beta.cz\/app\/uploads\/2022\/11\/2021_05_27_Pasovani-na-ctenare233-1194x1791.jpg 1194w, https:\/\/foto.praha-19.ys-beta.cz\/app\/uploads\/2022\/11\/2021_05_27_Pasovani-na-ctenare233-582x873.jpg 582w, https:\/\/foto.praha-19.ys-beta.cz\/app\/uploads\/2022\/11\/2021_05_27_Pasovani-na-ctenare233-276x414.jpg 276w, https:\/\/foto.praha-19.ys-beta.cz\/app\/uploads\/2022\/11\/2021_05_27_Pasovani-na-ctenare233-300x450.jpg 300w, https:\/\/foto.praha-19.ys-beta.cz\/app\/uploads\/2022\/11\/2021_05_27_Pasovani-na-ctenare233.jpg 1280w\" sizes=\"auto, (max-width: 378px) 100vw, 378px\" \/><\/a><\/div><div class='pinhole-item col-xs-12 col-lg-4 col-md-4 col-sm-6  '><a class=\"item-link\" href=\"https:\/\/foto.praha-19.ys-beta.cz\/app\/uploads\/2022\/11\/2021_05_27_Pasovani-na-ctenare232.jpg\" data-caption=\"[]\" data-meta=\"[]\"  data-size=\"{&quot;width&quot;:1920,&quot;height&quot;:1280}\" data-download=\"[]\" data-filename=\"{&quot;name&quot;:&quot;&quot;}\"><img loading=\"lazy\" decoding=\"async\" width=\"378\" height=\"252\" src=\"https:\/\/foto.praha-19.ys-beta.cz\/app\/uploads\/2022\/11\/2021_05_27_Pasovani-na-ctenare232-378x252.jpg\" class=\"attachment-pinhole-col-3 size-pinhole-col-3\" alt=\"\" srcset=\"https:\/\/foto.praha-19.ys-beta.cz\/app\/uploads\/2022\/11\/2021_05_27_Pasovani-na-ctenare232-378x252.jpg 378w, https:\/\/foto.praha-19.ys-beta.cz\/app\/uploads\/2022\/11\/2021_05_27_Pasovani-na-ctenare232-300x200.jpg 300w, https:\/\/foto.praha-19.ys-beta.cz\/app\/uploads\/2022\/11\/2021_05_27_Pasovani-na-ctenare232-1024x683.jpg 1024w, https:\/\/foto.praha-19.ys-beta.cz\/app\/uploads\/2022\/11\/2021_05_27_Pasovani-na-ctenare232-768x512.jpg 768w, https:\/\/foto.praha-19.ys-beta.cz\/app\/uploads\/2022\/11\/2021_05_27_Pasovani-na-ctenare232-1536x1024.jpg 1536w, https:\/\/foto.praha-19.ys-beta.cz\/app\/uploads\/2022\/11\/2021_05_27_Pasovani-na-ctenare232-1194x796.jpg 1194w, https:\/\/foto.praha-19.ys-beta.cz\/app\/uploads\/2022\/11\/2021_05_27_Pasovani-na-ctenare232-582x388.jpg 582w, https:\/\/foto.praha-19.ys-beta.cz\/app\/uploads\/2022\/11\/2021_05_27_Pasovani-na-ctenare232-276x184.jpg 276w, https:\/\/foto.praha-19.ys-beta.cz\/app\/uploads\/2022\/11\/2021_05_27_Pasovani-na-ctenare232-675x450.jpg 675w, https:\/\/foto.praha-19.ys-beta.cz\/app\/uploads\/2022\/11\/2021_05_27_Pasovani-na-ctenare232.jpg 1920w\" sizes=\"auto, (max-width: 378px) 100vw, 378px\" \/><\/a><\/div><div class='pinhole-item col-xs-12 col-lg-4 col-md-4 col-sm-6  '><a class=\"item-link\" href=\"https:\/\/foto.praha-19.ys-beta.cz\/app\/uploads\/2022\/11\/2021_05_27_Pasovani-na-ctenare231.jpg\" data-caption=\"[]\" data-meta=\"[]\"  data-size=\"{&quot;width&quot;:1280,&quot;height&quot;:1920}\" data-download=\"[]\" data-filename=\"{&quot;name&quot;:&quot;&quot;}\"><img loading=\"lazy\" decoding=\"async\" width=\"378\" height=\"567\" src=\"https:\/\/foto.praha-19.ys-beta.cz\/app\/uploads\/2022\/11\/2021_05_27_Pasovani-na-ctenare231-378x567.jpg\" class=\"attachment-pinhole-col-3 size-pinhole-col-3\" alt=\"\" srcset=\"https:\/\/foto.praha-19.ys-beta.cz\/app\/uploads\/2022\/11\/2021_05_27_Pasovani-na-ctenare231-378x567.jpg 378w, https:\/\/foto.praha-19.ys-beta.cz\/app\/uploads\/2022\/11\/2021_05_27_Pasovani-na-ctenare231-200x300.jpg 200w, https:\/\/foto.praha-19.ys-beta.cz\/app\/uploads\/2022\/11\/2021_05_27_Pasovani-na-ctenare231-683x1024.jpg 683w, https:\/\/foto.praha-19.ys-beta.cz\/app\/uploads\/2022\/11\/2021_05_27_Pasovani-na-ctenare231-768x1152.jpg 768w, https:\/\/foto.praha-19.ys-beta.cz\/app\/uploads\/2022\/11\/2021_05_27_Pasovani-na-ctenare231-1024x1536.jpg 1024w, https:\/\/foto.praha-19.ys-beta.cz\/app\/uploads\/2022\/11\/2021_05_27_Pasovani-na-ctenare231-1194x1791.jpg 1194w, https:\/\/foto.praha-19.ys-beta.cz\/app\/uploads\/2022\/11\/2021_05_27_Pasovani-na-ctenare231-582x873.jpg 582w, https:\/\/foto.praha-19.ys-beta.cz\/app\/uploads\/2022\/11\/2021_05_27_Pasovani-na-ctenare231-276x414.jpg 276w, https:\/\/foto.praha-19.ys-beta.cz\/app\/uploads\/2022\/11\/2021_05_27_Pasovani-na-ctenare231-300x450.jpg 300w, https:\/\/foto.praha-19.ys-beta.cz\/app\/uploads\/2022\/11\/2021_05_27_Pasovani-na-ctenare231.jpg 1280w\" sizes=\"auto, (max-width: 378px) 100vw, 378px\" \/><\/a><\/div><div class='pinhole-item col-xs-12 col-lg-4 col-md-4 col-sm-6  '><a class=\"item-link\" href=\"https:\/\/foto.praha-19.ys-beta.cz\/app\/uploads\/2022\/11\/2021_05_27_Pasovani-na-ctenare230.jpg\" data-caption=\"[]\" data-meta=\"[]\"  data-size=\"{&quot;width&quot;:1920,&quot;height&quot;:1280}\" data-download=\"[]\" data-filename=\"{&quot;name&quot;:&quot;&quot;}\"><img loading=\"lazy\" decoding=\"async\" width=\"378\" height=\"252\" src=\"https:\/\/foto.praha-19.ys-beta.cz\/app\/uploads\/2022\/11\/2021_05_27_Pasovani-na-ctenare230-378x252.jpg\" class=\"attachment-pinhole-col-3 size-pinhole-col-3\" alt=\"\" srcset=\"https:\/\/foto.praha-19.ys-beta.cz\/app\/uploads\/2022\/11\/2021_05_27_Pasovani-na-ctenare230-378x252.jpg 378w, https:\/\/foto.praha-19.ys-beta.cz\/app\/uploads\/2022\/11\/2021_05_27_Pasovani-na-ctenare230-300x200.jpg 300w, https:\/\/foto.praha-19.ys-beta.cz\/app\/uploads\/2022\/11\/2021_05_27_Pasovani-na-ctenare230-1024x683.jpg 1024w, https:\/\/foto.praha-19.ys-beta.cz\/app\/uploads\/2022\/11\/2021_05_27_Pasovani-na-ctenare230-768x512.jpg 768w, https:\/\/foto.praha-19.ys-beta.cz\/app\/uploads\/2022\/11\/2021_05_27_Pasovani-na-ctenare230-1536x1024.jpg 1536w, https:\/\/foto.praha-19.ys-beta.cz\/app\/uploads\/2022\/11\/2021_05_27_Pasovani-na-ctenare230-1194x796.jpg 1194w, https:\/\/foto.praha-19.ys-beta.cz\/app\/uploads\/2022\/11\/2021_05_27_Pasovani-na-ctenare230-582x388.jpg 582w, https:\/\/foto.praha-19.ys-beta.cz\/app\/uploads\/2022\/11\/2021_05_27_Pasovani-na-ctenare230-276x184.jpg 276w, https:\/\/foto.praha-19.ys-beta.cz\/app\/uploads\/2022\/11\/2021_05_27_Pasovani-na-ctenare230-675x450.jpg 675w, https:\/\/foto.praha-19.ys-beta.cz\/app\/uploads\/2022\/11\/2021_05_27_Pasovani-na-ctenare230.jpg 1920w\" sizes=\"auto, (max-width: 378px) 100vw, 378px\" \/><\/a><\/div><div class='pinhole-item col-xs-12 col-lg-4 col-md-4 col-sm-6  '><a class=\"item-link\" href=\"https:\/\/foto.praha-19.ys-beta.cz\/app\/uploads\/2022\/11\/2021_05_27_Pasovani-na-ctenare229.jpg\" data-caption=\"[]\" data-meta=\"[]\"  data-size=\"{&quot;width&quot;:1280,&quot;height&quot;:1920}\" data-download=\"[]\" data-filename=\"{&quot;name&quot;:&quot;&quot;}\"><img loading=\"lazy\" decoding=\"async\" width=\"378\" height=\"567\" src=\"https:\/\/foto.praha-19.ys-beta.cz\/app\/uploads\/2022\/11\/2021_05_27_Pasovani-na-ctenare229-378x567.jpg\" class=\"attachment-pinhole-col-3 size-pinhole-col-3\" alt=\"\" srcset=\"https:\/\/foto.praha-19.ys-beta.cz\/app\/uploads\/2022\/11\/2021_05_27_Pasovani-na-ctenare229-378x567.jpg 378w, https:\/\/foto.praha-19.ys-beta.cz\/app\/uploads\/2022\/11\/2021_05_27_Pasovani-na-ctenare229-200x300.jpg 200w, https:\/\/foto.praha-19.ys-beta.cz\/app\/uploads\/2022\/11\/2021_05_27_Pasovani-na-ctenare229-683x1024.jpg 683w, https:\/\/foto.praha-19.ys-beta.cz\/app\/uploads\/2022\/11\/2021_05_27_Pasovani-na-ctenare229-768x1152.jpg 768w, https:\/\/foto.praha-19.ys-beta.cz\/app\/uploads\/2022\/11\/2021_05_27_Pasovani-na-ctenare229-1024x1536.jpg 1024w, https:\/\/foto.praha-19.ys-beta.cz\/app\/uploads\/2022\/11\/2021_05_27_Pasovani-na-ctenare229-1194x1791.jpg 1194w, https:\/\/foto.praha-19.ys-beta.cz\/app\/uploads\/2022\/11\/2021_05_27_Pasovani-na-ctenare229-582x873.jpg 582w, https:\/\/foto.praha-19.ys-beta.cz\/app\/uploads\/2022\/11\/2021_05_27_Pasovani-na-ctenare229-276x414.jpg 276w, https:\/\/foto.praha-19.ys-beta.cz\/app\/uploads\/2022\/11\/2021_05_27_Pasovani-na-ctenare229-300x450.jpg 300w, https:\/\/foto.praha-19.ys-beta.cz\/app\/uploads\/2022\/11\/2021_05_27_Pasovani-na-ctenare229.jpg 1280w\" sizes=\"auto, (max-width: 378px) 100vw, 378px\" \/><\/a><\/div><div class='pinhole-item col-xs-12 col-lg-4 col-md-4 col-sm-6  '><a class=\"item-link\" href=\"https:\/\/foto.praha-19.ys-beta.cz\/app\/uploads\/2022\/11\/2021_05_27_Pasovani-na-ctenare228.jpg\" data-caption=\"[]\" data-meta=\"[]\"  data-size=\"{&quot;width&quot;:1280,&quot;height&quot;:1920}\" data-download=\"[]\" data-filename=\"{&quot;name&quot;:&quot;&quot;}\"><img loading=\"lazy\" decoding=\"async\" width=\"378\" height=\"567\" src=\"https:\/\/foto.praha-19.ys-beta.cz\/app\/uploads\/2022\/11\/2021_05_27_Pasovani-na-ctenare228-378x567.jpg\" class=\"attachment-pinhole-col-3 size-pinhole-col-3\" alt=\"\" srcset=\"https:\/\/foto.praha-19.ys-beta.cz\/app\/uploads\/2022\/11\/2021_05_27_Pasovani-na-ctenare228-378x567.jpg 378w, https:\/\/foto.praha-19.ys-beta.cz\/app\/uploads\/2022\/11\/2021_05_27_Pasovani-na-ctenare228-200x300.jpg 200w, https:\/\/foto.praha-19.ys-beta.cz\/app\/uploads\/2022\/11\/2021_05_27_Pasovani-na-ctenare228-683x1024.jpg 683w, https:\/\/foto.praha-19.ys-beta.cz\/app\/uploads\/2022\/11\/2021_05_27_Pasovani-na-ctenare228-768x1152.jpg 768w, https:\/\/foto.praha-19.ys-beta.cz\/app\/uploads\/2022\/11\/2021_05_27_Pasovani-na-ctenare228-1024x1536.jpg 1024w, https:\/\/foto.praha-19.ys-beta.cz\/app\/uploads\/2022\/11\/2021_05_27_Pasovani-na-ctenare228-1194x1791.jpg 1194w, https:\/\/foto.praha-19.ys-beta.cz\/app\/uploads\/2022\/11\/2021_05_27_Pasovani-na-ctenare228-582x873.jpg 582w, https:\/\/foto.praha-19.ys-beta.cz\/app\/uploads\/2022\/11\/2021_05_27_Pasovani-na-ctenare228-276x414.jpg 276w, https:\/\/foto.praha-19.ys-beta.cz\/app\/uploads\/2022\/11\/2021_05_27_Pasovani-na-ctenare228-300x450.jpg 300w, https:\/\/foto.praha-19.ys-beta.cz\/app\/uploads\/2022\/11\/2021_05_27_Pasovani-na-ctenare228.jpg 1280w\" sizes=\"auto, (max-width: 378px) 100vw, 378px\" \/><\/a><\/div><div class='pinhole-item col-xs-12 col-lg-4 col-md-4 col-sm-6  '><a class=\"item-link\" href=\"https:\/\/foto.praha-19.ys-beta.cz\/app\/uploads\/2022\/11\/2021_05_27_Pasovani-na-ctenare227.jpg\" data-caption=\"[]\" data-meta=\"[]\"  data-size=\"{&quot;width&quot;:1280,&quot;height&quot;:1920}\" data-download=\"[]\" data-filename=\"{&quot;name&quot;:&quot;&quot;}\"><img loading=\"lazy\" decoding=\"async\" width=\"378\" height=\"567\" src=\"https:\/\/foto.praha-19.ys-beta.cz\/app\/uploads\/2022\/11\/2021_05_27_Pasovani-na-ctenare227-378x567.jpg\" class=\"attachment-pinhole-col-3 size-pinhole-col-3\" alt=\"\" srcset=\"https:\/\/foto.praha-19.ys-beta.cz\/app\/uploads\/2022\/11\/2021_05_27_Pasovani-na-ctenare227-378x567.jpg 378w, https:\/\/foto.praha-19.ys-beta.cz\/app\/uploads\/2022\/11\/2021_05_27_Pasovani-na-ctenare227-200x300.jpg 200w, https:\/\/foto.praha-19.ys-beta.cz\/app\/uploads\/2022\/11\/2021_05_27_Pasovani-na-ctenare227-683x1024.jpg 683w, https:\/\/foto.praha-19.ys-beta.cz\/app\/uploads\/2022\/11\/2021_05_27_Pasovani-na-ctenare227-768x1152.jpg 768w, https:\/\/foto.praha-19.ys-beta.cz\/app\/uploads\/2022\/11\/2021_05_27_Pasovani-na-ctenare227-1024x1536.jpg 1024w, https:\/\/foto.praha-19.ys-beta.cz\/app\/uploads\/2022\/11\/2021_05_27_Pasovani-na-ctenare227-1194x1791.jpg 1194w, https:\/\/foto.praha-19.ys-beta.cz\/app\/uploads\/2022\/11\/2021_05_27_Pasovani-na-ctenare227-582x873.jpg 582w, https:\/\/foto.praha-19.ys-beta.cz\/app\/uploads\/2022\/11\/2021_05_27_Pasovani-na-ctenare227-276x414.jpg 276w, https:\/\/foto.praha-19.ys-beta.cz\/app\/uploads\/2022\/11\/2021_05_27_Pasovani-na-ctenare227-300x450.jpg 300w, https:\/\/foto.praha-19.ys-beta.cz\/app\/uploads\/2022\/11\/2021_05_27_Pasovani-na-ctenare227.jpg 1280w\" sizes=\"auto, (max-width: 378px) 100vw, 378px\" \/><\/a><\/div><div class='pinhole-item col-xs-12 col-lg-4 col-md-4 col-sm-6  '><a class=\"item-link\" href=\"https:\/\/foto.praha-19.ys-beta.cz\/app\/uploads\/2022\/11\/2021_05_27_Pasovani-na-ctenare226.jpg\" data-caption=\"[]\" data-meta=\"[]\"  data-size=\"{&quot;width&quot;:1920,&quot;height&quot;:1280}\" data-download=\"[]\" data-filename=\"{&quot;name&quot;:&quot;&quot;}\"><img loading=\"lazy\" decoding=\"async\" width=\"378\" height=\"252\" src=\"https:\/\/foto.praha-19.ys-beta.cz\/app\/uploads\/2022\/11\/2021_05_27_Pasovani-na-ctenare226-378x252.jpg\" class=\"attachment-pinhole-col-3 size-pinhole-col-3\" alt=\"\" srcset=\"https:\/\/foto.praha-19.ys-beta.cz\/app\/uploads\/2022\/11\/2021_05_27_Pasovani-na-ctenare226-378x252.jpg 378w, https:\/\/foto.praha-19.ys-beta.cz\/app\/uploads\/2022\/11\/2021_05_27_Pasovani-na-ctenare226-300x200.jpg 300w, https:\/\/foto.praha-19.ys-beta.cz\/app\/uploads\/2022\/11\/2021_05_27_Pasovani-na-ctenare226-1024x683.jpg 1024w, https:\/\/foto.praha-19.ys-beta.cz\/app\/uploads\/2022\/11\/2021_05_27_Pasovani-na-ctenare226-768x512.jpg 768w, https:\/\/foto.praha-19.ys-beta.cz\/app\/uploads\/2022\/11\/2021_05_27_Pasovani-na-ctenare226-1536x1024.jpg 1536w, https:\/\/foto.praha-19.ys-beta.cz\/app\/uploads\/2022\/11\/2021_05_27_Pasovani-na-ctenare226-1194x796.jpg 1194w, https:\/\/foto.praha-19.ys-beta.cz\/app\/uploads\/2022\/11\/2021_05_27_Pasovani-na-ctenare226-582x388.jpg 582w, https:\/\/foto.praha-19.ys-beta.cz\/app\/uploads\/2022\/11\/2021_05_27_Pasovani-na-ctenare226-276x184.jpg 276w, https:\/\/foto.praha-19.ys-beta.cz\/app\/uploads\/2022\/11\/2021_05_27_Pasovani-na-ctenare226-675x450.jpg 675w, https:\/\/foto.praha-19.ys-beta.cz\/app\/uploads\/2022\/11\/2021_05_27_Pasovani-na-ctenare226.jpg 1920w\" sizes=\"auto, (max-width: 378px) 100vw, 378px\" \/><\/a><\/div><div class='pinhole-item col-xs-12 col-lg-4 col-md-4 col-sm-6  '><a class=\"item-link\" href=\"https:\/\/foto.praha-19.ys-beta.cz\/app\/uploads\/2022\/11\/2021_05_27_Pasovani-na-ctenare225.jpg\" data-caption=\"[]\" data-meta=\"[]\"  data-size=\"{&quot;width&quot;:1280,&quot;height&quot;:1920}\" data-download=\"[]\" data-filename=\"{&quot;name&quot;:&quot;&quot;}\"><img loading=\"lazy\" decoding=\"async\" width=\"378\" height=\"567\" src=\"https:\/\/foto.praha-19.ys-beta.cz\/app\/uploads\/2022\/11\/2021_05_27_Pasovani-na-ctenare225-378x567.jpg\" class=\"attachment-pinhole-col-3 size-pinhole-col-3\" alt=\"\" srcset=\"https:\/\/foto.praha-19.ys-beta.cz\/app\/uploads\/2022\/11\/2021_05_27_Pasovani-na-ctenare225-378x567.jpg 378w, https:\/\/foto.praha-19.ys-beta.cz\/app\/uploads\/2022\/11\/2021_05_27_Pasovani-na-ctenare225-200x300.jpg 200w, https:\/\/foto.praha-19.ys-beta.cz\/app\/uploads\/2022\/11\/2021_05_27_Pasovani-na-ctenare225-683x1024.jpg 683w, https:\/\/foto.praha-19.ys-beta.cz\/app\/uploads\/2022\/11\/2021_05_27_Pasovani-na-ctenare225-768x1152.jpg 768w, https:\/\/foto.praha-19.ys-beta.cz\/app\/uploads\/2022\/11\/2021_05_27_Pasovani-na-ctenare225-1024x1536.jpg 1024w, https:\/\/foto.praha-19.ys-beta.cz\/app\/uploads\/2022\/11\/2021_05_27_Pasovani-na-ctenare225-1194x1791.jpg 1194w, https:\/\/foto.praha-19.ys-beta.cz\/app\/uploads\/2022\/11\/2021_05_27_Pasovani-na-ctenare225-582x873.jpg 582w, https:\/\/foto.praha-19.ys-beta.cz\/app\/uploads\/2022\/11\/2021_05_27_Pasovani-na-ctenare225-276x414.jpg 276w, https:\/\/foto.praha-19.ys-beta.cz\/app\/uploads\/2022\/11\/2021_05_27_Pasovani-na-ctenare225-300x450.jpg 300w, https:\/\/foto.praha-19.ys-beta.cz\/app\/uploads\/2022\/11\/2021_05_27_Pasovani-na-ctenare225.jpg 1280w\" sizes=\"auto, (max-width: 378px) 100vw, 378px\" \/><\/a><\/div><div class='pinhole-item col-xs-12 col-lg-4 col-md-4 col-sm-6  '><a class=\"item-link\" href=\"https:\/\/foto.praha-19.ys-beta.cz\/app\/uploads\/2022\/11\/2021_05_27_Pasovani-na-ctenare224.jpg\" data-caption=\"[]\" data-meta=\"[]\"  data-size=\"{&quot;width&quot;:1280,&quot;height&quot;:1920}\" data-download=\"[]\" data-filename=\"{&quot;name&quot;:&quot;&quot;}\"><img loading=\"lazy\" decoding=\"async\" width=\"378\" height=\"567\" src=\"https:\/\/foto.praha-19.ys-beta.cz\/app\/uploads\/2022\/11\/2021_05_27_Pasovani-na-ctenare224-378x567.jpg\" class=\"attachment-pinhole-col-3 size-pinhole-col-3\" alt=\"\" srcset=\"https:\/\/foto.praha-19.ys-beta.cz\/app\/uploads\/2022\/11\/2021_05_27_Pasovani-na-ctenare224-378x567.jpg 378w, https:\/\/foto.praha-19.ys-beta.cz\/app\/uploads\/2022\/11\/2021_05_27_Pasovani-na-ctenare224-200x300.jpg 200w, https:\/\/foto.praha-19.ys-beta.cz\/app\/uploads\/2022\/11\/2021_05_27_Pasovani-na-ctenare224-683x1024.jpg 683w, https:\/\/foto.praha-19.ys-beta.cz\/app\/uploads\/2022\/11\/2021_05_27_Pasovani-na-ctenare224-768x1152.jpg 768w, https:\/\/foto.praha-19.ys-beta.cz\/app\/uploads\/2022\/11\/2021_05_27_Pasovani-na-ctenare224-1024x1536.jpg 1024w, https:\/\/foto.praha-19.ys-beta.cz\/app\/uploads\/2022\/11\/2021_05_27_Pasovani-na-ctenare224-1194x1791.jpg 1194w, https:\/\/foto.praha-19.ys-beta.cz\/app\/uploads\/2022\/11\/2021_05_27_Pasovani-na-ctenare224-582x873.jpg 582w, https:\/\/foto.praha-19.ys-beta.cz\/app\/uploads\/2022\/11\/2021_05_27_Pasovani-na-ctenare224-276x414.jpg 276w, https:\/\/foto.praha-19.ys-beta.cz\/app\/uploads\/2022\/11\/2021_05_27_Pasovani-na-ctenare224-300x450.jpg 300w, https:\/\/foto.praha-19.ys-beta.cz\/app\/uploads\/2022\/11\/2021_05_27_Pasovani-na-ctenare224.jpg 1280w\" sizes=\"auto, (max-width: 378px) 100vw, 378px\" \/><\/a><\/div><div class='pinhole-item col-xs-12 col-lg-4 col-md-4 col-sm-6  '><a class=\"item-link\" href=\"https:\/\/foto.praha-19.ys-beta.cz\/app\/uploads\/2022\/11\/2021_05_27_Pasovani-na-ctenare223.jpg\" data-caption=\"[]\" data-meta=\"[]\"  data-size=\"{&quot;width&quot;:1280,&quot;height&quot;:1920}\" data-download=\"[]\" data-filename=\"{&quot;name&quot;:&quot;&quot;}\"><img loading=\"lazy\" decoding=\"async\" width=\"378\" height=\"567\" src=\"https:\/\/foto.praha-19.ys-beta.cz\/app\/uploads\/2022\/11\/2021_05_27_Pasovani-na-ctenare223-378x567.jpg\" class=\"attachment-pinhole-col-3 size-pinhole-col-3\" alt=\"\" srcset=\"https:\/\/foto.praha-19.ys-beta.cz\/app\/uploads\/2022\/11\/2021_05_27_Pasovani-na-ctenare223-378x567.jpg 378w, https:\/\/foto.praha-19.ys-beta.cz\/app\/uploads\/2022\/11\/2021_05_27_Pasovani-na-ctenare223-200x300.jpg 200w, https:\/\/foto.praha-19.ys-beta.cz\/app\/uploads\/2022\/11\/2021_05_27_Pasovani-na-ctenare223-683x1024.jpg 683w, https:\/\/foto.praha-19.ys-beta.cz\/app\/uploads\/2022\/11\/2021_05_27_Pasovani-na-ctenare223-768x1152.jpg 768w, https:\/\/foto.praha-19.ys-beta.cz\/app\/uploads\/2022\/11\/2021_05_27_Pasovani-na-ctenare223-1024x1536.jpg 1024w, https:\/\/foto.praha-19.ys-beta.cz\/app\/uploads\/2022\/11\/2021_05_27_Pasovani-na-ctenare223-1194x1791.jpg 1194w, https:\/\/foto.praha-19.ys-beta.cz\/app\/uploads\/2022\/11\/2021_05_27_Pasovani-na-ctenare223-582x873.jpg 582w, https:\/\/foto.praha-19.ys-beta.cz\/app\/uploads\/2022\/11\/2021_05_27_Pasovani-na-ctenare223-276x414.jpg 276w, https:\/\/foto.praha-19.ys-beta.cz\/app\/uploads\/2022\/11\/2021_05_27_Pasovani-na-ctenare223-300x450.jpg 300w, https:\/\/foto.praha-19.ys-beta.cz\/app\/uploads\/2022\/11\/2021_05_27_Pasovani-na-ctenare223.jpg 1280w\" sizes=\"auto, (max-width: 378px) 100vw, 378px\" \/><\/a><\/div><div class='pinhole-item col-xs-12 col-lg-4 col-md-4 col-sm-6  '><a class=\"item-link\" href=\"https:\/\/foto.praha-19.ys-beta.cz\/app\/uploads\/2022\/11\/2021_05_27_Pasovani-na-ctenare222.jpg\" data-caption=\"[]\" data-meta=\"[]\"  data-size=\"{&quot;width&quot;:1920,&quot;height&quot;:1280}\" data-download=\"[]\" data-filename=\"{&quot;name&quot;:&quot;&quot;}\"><img loading=\"lazy\" decoding=\"async\" width=\"378\" height=\"252\" src=\"https:\/\/foto.praha-19.ys-beta.cz\/app\/uploads\/2022\/11\/2021_05_27_Pasovani-na-ctenare222-378x252.jpg\" class=\"attachment-pinhole-col-3 size-pinhole-col-3\" alt=\"\" srcset=\"https:\/\/foto.praha-19.ys-beta.cz\/app\/uploads\/2022\/11\/2021_05_27_Pasovani-na-ctenare222-378x252.jpg 378w, https:\/\/foto.praha-19.ys-beta.cz\/app\/uploads\/2022\/11\/2021_05_27_Pasovani-na-ctenare222-300x200.jpg 300w, https:\/\/foto.praha-19.ys-beta.cz\/app\/uploads\/2022\/11\/2021_05_27_Pasovani-na-ctenare222-1024x683.jpg 1024w, https:\/\/foto.praha-19.ys-beta.cz\/app\/uploads\/2022\/11\/2021_05_27_Pasovani-na-ctenare222-768x512.jpg 768w, https:\/\/foto.praha-19.ys-beta.cz\/app\/uploads\/2022\/11\/2021_05_27_Pasovani-na-ctenare222-1536x1024.jpg 1536w, https:\/\/foto.praha-19.ys-beta.cz\/app\/uploads\/2022\/11\/2021_05_27_Pasovani-na-ctenare222-1194x796.jpg 1194w, https:\/\/foto.praha-19.ys-beta.cz\/app\/uploads\/2022\/11\/2021_05_27_Pasovani-na-ctenare222-582x388.jpg 582w, https:\/\/foto.praha-19.ys-beta.cz\/app\/uploads\/2022\/11\/2021_05_27_Pasovani-na-ctenare222-276x184.jpg 276w, https:\/\/foto.praha-19.ys-beta.cz\/app\/uploads\/2022\/11\/2021_05_27_Pasovani-na-ctenare222-675x450.jpg 675w, https:\/\/foto.praha-19.ys-beta.cz\/app\/uploads\/2022\/11\/2021_05_27_Pasovani-na-ctenare222.jpg 1920w\" sizes=\"auto, (max-width: 378px) 100vw, 378px\" \/><\/a><\/div><div class='pinhole-item col-xs-12 col-lg-4 col-md-4 col-sm-6  '><a class=\"item-link\" href=\"https:\/\/foto.praha-19.ys-beta.cz\/app\/uploads\/2022\/11\/2021_05_27_Pasovani-na-ctenare221.jpg\" data-caption=\"[]\" data-meta=\"[]\"  data-size=\"{&quot;width&quot;:1280,&quot;height&quot;:1920}\" data-download=\"[]\" data-filename=\"{&quot;name&quot;:&quot;&quot;}\"><img loading=\"lazy\" decoding=\"async\" width=\"378\" height=\"567\" src=\"https:\/\/foto.praha-19.ys-beta.cz\/app\/uploads\/2022\/11\/2021_05_27_Pasovani-na-ctenare221-378x567.jpg\" class=\"attachment-pinhole-col-3 size-pinhole-col-3\" alt=\"\" srcset=\"https:\/\/foto.praha-19.ys-beta.cz\/app\/uploads\/2022\/11\/2021_05_27_Pasovani-na-ctenare221-378x567.jpg 378w, https:\/\/foto.praha-19.ys-beta.cz\/app\/uploads\/2022\/11\/2021_05_27_Pasovani-na-ctenare221-200x300.jpg 200w, https:\/\/foto.praha-19.ys-beta.cz\/app\/uploads\/2022\/11\/2021_05_27_Pasovani-na-ctenare221-683x1024.jpg 683w, https:\/\/foto.praha-19.ys-beta.cz\/app\/uploads\/2022\/11\/2021_05_27_Pasovani-na-ctenare221-768x1152.jpg 768w, https:\/\/foto.praha-19.ys-beta.cz\/app\/uploads\/2022\/11\/2021_05_27_Pasovani-na-ctenare221-1024x1536.jpg 1024w, https:\/\/foto.praha-19.ys-beta.cz\/app\/uploads\/2022\/11\/2021_05_27_Pasovani-na-ctenare221-1194x1791.jpg 1194w, https:\/\/foto.praha-19.ys-beta.cz\/app\/uploads\/2022\/11\/2021_05_27_Pasovani-na-ctenare221-582x873.jpg 582w, https:\/\/foto.praha-19.ys-beta.cz\/app\/uploads\/2022\/11\/2021_05_27_Pasovani-na-ctenare221-276x414.jpg 276w, https:\/\/foto.praha-19.ys-beta.cz\/app\/uploads\/2022\/11\/2021_05_27_Pasovani-na-ctenare221-300x450.jpg 300w, https:\/\/foto.praha-19.ys-beta.cz\/app\/uploads\/2022\/11\/2021_05_27_Pasovani-na-ctenare221.jpg 1280w\" sizes=\"auto, (max-width: 378px) 100vw, 378px\" \/><\/a><\/div><div class='pinhole-item col-xs-12 col-lg-4 col-md-4 col-sm-6  '><a class=\"item-link\" href=\"https:\/\/foto.praha-19.ys-beta.cz\/app\/uploads\/2022\/11\/2021_05_27_Pasovani-na-ctenare220.jpg\" data-caption=\"[]\" data-meta=\"[]\"  data-size=\"{&quot;width&quot;:1280,&quot;height&quot;:1920}\" data-download=\"[]\" data-filename=\"{&quot;name&quot;:&quot;&quot;}\"><img loading=\"lazy\" decoding=\"async\" width=\"378\" height=\"567\" src=\"https:\/\/foto.praha-19.ys-beta.cz\/app\/uploads\/2022\/11\/2021_05_27_Pasovani-na-ctenare220-378x567.jpg\" class=\"attachment-pinhole-col-3 size-pinhole-col-3\" alt=\"\" srcset=\"https:\/\/foto.praha-19.ys-beta.cz\/app\/uploads\/2022\/11\/2021_05_27_Pasovani-na-ctenare220-378x567.jpg 378w, https:\/\/foto.praha-19.ys-beta.cz\/app\/uploads\/2022\/11\/2021_05_27_Pasovani-na-ctenare220-200x300.jpg 200w, https:\/\/foto.praha-19.ys-beta.cz\/app\/uploads\/2022\/11\/2021_05_27_Pasovani-na-ctenare220-683x1024.jpg 683w, https:\/\/foto.praha-19.ys-beta.cz\/app\/uploads\/2022\/11\/2021_05_27_Pasovani-na-ctenare220-768x1152.jpg 768w, https:\/\/foto.praha-19.ys-beta.cz\/app\/uploads\/2022\/11\/2021_05_27_Pasovani-na-ctenare220-1024x1536.jpg 1024w, https:\/\/foto.praha-19.ys-beta.cz\/app\/uploads\/2022\/11\/2021_05_27_Pasovani-na-ctenare220-1194x1791.jpg 1194w, https:\/\/foto.praha-19.ys-beta.cz\/app\/uploads\/2022\/11\/2021_05_27_Pasovani-na-ctenare220-582x873.jpg 582w, https:\/\/foto.praha-19.ys-beta.cz\/app\/uploads\/2022\/11\/2021_05_27_Pasovani-na-ctenare220-276x414.jpg 276w, https:\/\/foto.praha-19.ys-beta.cz\/app\/uploads\/2022\/11\/2021_05_27_Pasovani-na-ctenare220-300x450.jpg 300w, https:\/\/foto.praha-19.ys-beta.cz\/app\/uploads\/2022\/11\/2021_05_27_Pasovani-na-ctenare220.jpg 1280w\" sizes=\"auto, (max-width: 378px) 100vw, 378px\" \/><\/a><\/div><div class='pinhole-item col-xs-12 col-lg-4 col-md-4 col-sm-6  '><a class=\"item-link\" href=\"https:\/\/foto.praha-19.ys-beta.cz\/app\/uploads\/2022\/11\/2021_05_27_Pasovani-na-ctenare219.jpg\" data-caption=\"[]\" data-meta=\"[]\"  data-size=\"{&quot;width&quot;:1280,&quot;height&quot;:1920}\" data-download=\"[]\" data-filename=\"{&quot;name&quot;:&quot;&quot;}\"><img loading=\"lazy\" decoding=\"async\" width=\"378\" height=\"567\" src=\"https:\/\/foto.praha-19.ys-beta.cz\/app\/uploads\/2022\/11\/2021_05_27_Pasovani-na-ctenare219-378x567.jpg\" class=\"attachment-pinhole-col-3 size-pinhole-col-3\" alt=\"\" srcset=\"https:\/\/foto.praha-19.ys-beta.cz\/app\/uploads\/2022\/11\/2021_05_27_Pasovani-na-ctenare219-378x567.jpg 378w, https:\/\/foto.praha-19.ys-beta.cz\/app\/uploads\/2022\/11\/2021_05_27_Pasovani-na-ctenare219-200x300.jpg 200w, https:\/\/foto.praha-19.ys-beta.cz\/app\/uploads\/2022\/11\/2021_05_27_Pasovani-na-ctenare219-683x1024.jpg 683w, https:\/\/foto.praha-19.ys-beta.cz\/app\/uploads\/2022\/11\/2021_05_27_Pasovani-na-ctenare219-768x1152.jpg 768w, https:\/\/foto.praha-19.ys-beta.cz\/app\/uploads\/2022\/11\/2021_05_27_Pasovani-na-ctenare219-1024x1536.jpg 1024w, https:\/\/foto.praha-19.ys-beta.cz\/app\/uploads\/2022\/11\/2021_05_27_Pasovani-na-ctenare219-1194x1791.jpg 1194w, https:\/\/foto.praha-19.ys-beta.cz\/app\/uploads\/2022\/11\/2021_05_27_Pasovani-na-ctenare219-582x873.jpg 582w, https:\/\/foto.praha-19.ys-beta.cz\/app\/uploads\/2022\/11\/2021_05_27_Pasovani-na-ctenare219-276x414.jpg 276w, https:\/\/foto.praha-19.ys-beta.cz\/app\/uploads\/2022\/11\/2021_05_27_Pasovani-na-ctenare219-300x450.jpg 300w, https:\/\/foto.praha-19.ys-beta.cz\/app\/uploads\/2022\/11\/2021_05_27_Pasovani-na-ctenare219.jpg 1280w\" sizes=\"auto, (max-width: 378px) 100vw, 378px\" \/><\/a><\/div><div class='pinhole-item col-xs-12 col-lg-4 col-md-4 col-sm-6  '><a class=\"item-link\" href=\"https:\/\/foto.praha-19.ys-beta.cz\/app\/uploads\/2022\/11\/2021_05_27_Pasovani-na-ctenare218.jpg\" data-caption=\"[]\" data-meta=\"[]\"  data-size=\"{&quot;width&quot;:1920,&quot;height&quot;:1280}\" data-download=\"[]\" data-filename=\"{&quot;name&quot;:&quot;&quot;}\"><img loading=\"lazy\" decoding=\"async\" width=\"378\" height=\"252\" src=\"https:\/\/foto.praha-19.ys-beta.cz\/app\/uploads\/2022\/11\/2021_05_27_Pasovani-na-ctenare218-378x252.jpg\" class=\"attachment-pinhole-col-3 size-pinhole-col-3\" alt=\"\" srcset=\"https:\/\/foto.praha-19.ys-beta.cz\/app\/uploads\/2022\/11\/2021_05_27_Pasovani-na-ctenare218-378x252.jpg 378w, https:\/\/foto.praha-19.ys-beta.cz\/app\/uploads\/2022\/11\/2021_05_27_Pasovani-na-ctenare218-300x200.jpg 300w, https:\/\/foto.praha-19.ys-beta.cz\/app\/uploads\/2022\/11\/2021_05_27_Pasovani-na-ctenare218-1024x683.jpg 1024w, https:\/\/foto.praha-19.ys-beta.cz\/app\/uploads\/2022\/11\/2021_05_27_Pasovani-na-ctenare218-768x512.jpg 768w, https:\/\/foto.praha-19.ys-beta.cz\/app\/uploads\/2022\/11\/2021_05_27_Pasovani-na-ctenare218-1536x1024.jpg 1536w, https:\/\/foto.praha-19.ys-beta.cz\/app\/uploads\/2022\/11\/2021_05_27_Pasovani-na-ctenare218-1194x796.jpg 1194w, https:\/\/foto.praha-19.ys-beta.cz\/app\/uploads\/2022\/11\/2021_05_27_Pasovani-na-ctenare218-582x388.jpg 582w, https:\/\/foto.praha-19.ys-beta.cz\/app\/uploads\/2022\/11\/2021_05_27_Pasovani-na-ctenare218-276x184.jpg 276w, https:\/\/foto.praha-19.ys-beta.cz\/app\/uploads\/2022\/11\/2021_05_27_Pasovani-na-ctenare218-675x450.jpg 675w, https:\/\/foto.praha-19.ys-beta.cz\/app\/uploads\/2022\/11\/2021_05_27_Pasovani-na-ctenare218.jpg 1920w\" sizes=\"auto, (max-width: 378px) 100vw, 378px\" \/><\/a><\/div><div class='pinhole-item col-xs-12 col-lg-4 col-md-4 col-sm-6  '><a class=\"item-link\" href=\"https:\/\/foto.praha-19.ys-beta.cz\/app\/uploads\/2022\/11\/2021_05_27_Pasovani-na-ctenare217.jpg\" data-caption=\"[]\" data-meta=\"[]\"  data-size=\"{&quot;width&quot;:1280,&quot;height&quot;:1920}\" data-download=\"[]\" data-filename=\"{&quot;name&quot;:&quot;&quot;}\"><img loading=\"lazy\" decoding=\"async\" width=\"378\" height=\"567\" src=\"https:\/\/foto.praha-19.ys-beta.cz\/app\/uploads\/2022\/11\/2021_05_27_Pasovani-na-ctenare217-378x567.jpg\" class=\"attachment-pinhole-col-3 size-pinhole-col-3\" alt=\"\" srcset=\"https:\/\/foto.praha-19.ys-beta.cz\/app\/uploads\/2022\/11\/2021_05_27_Pasovani-na-ctenare217-378x567.jpg 378w, https:\/\/foto.praha-19.ys-beta.cz\/app\/uploads\/2022\/11\/2021_05_27_Pasovani-na-ctenare217-200x300.jpg 200w, https:\/\/foto.praha-19.ys-beta.cz\/app\/uploads\/2022\/11\/2021_05_27_Pasovani-na-ctenare217-683x1024.jpg 683w, https:\/\/foto.praha-19.ys-beta.cz\/app\/uploads\/2022\/11\/2021_05_27_Pasovani-na-ctenare217-768x1152.jpg 768w, https:\/\/foto.praha-19.ys-beta.cz\/app\/uploads\/2022\/11\/2021_05_27_Pasovani-na-ctenare217-1024x1536.jpg 1024w, https:\/\/foto.praha-19.ys-beta.cz\/app\/uploads\/2022\/11\/2021_05_27_Pasovani-na-ctenare217-1194x1791.jpg 1194w, https:\/\/foto.praha-19.ys-beta.cz\/app\/uploads\/2022\/11\/2021_05_27_Pasovani-na-ctenare217-582x873.jpg 582w, https:\/\/foto.praha-19.ys-beta.cz\/app\/uploads\/2022\/11\/2021_05_27_Pasovani-na-ctenare217-276x414.jpg 276w, https:\/\/foto.praha-19.ys-beta.cz\/app\/uploads\/2022\/11\/2021_05_27_Pasovani-na-ctenare217-300x450.jpg 300w, https:\/\/foto.praha-19.ys-beta.cz\/app\/uploads\/2022\/11\/2021_05_27_Pasovani-na-ctenare217.jpg 1280w\" sizes=\"auto, (max-width: 378px) 100vw, 378px\" \/><\/a><\/div><div class='pinhole-item col-xs-12 col-lg-4 col-md-4 col-sm-6  '><a class=\"item-link\" href=\"https:\/\/foto.praha-19.ys-beta.cz\/app\/uploads\/2022\/11\/2021_05_27_Pasovani-na-ctenare216.jpg\" data-caption=\"[]\" data-meta=\"[]\"  data-size=\"{&quot;width&quot;:1280,&quot;height&quot;:1920}\" data-download=\"[]\" data-filename=\"{&quot;name&quot;:&quot;&quot;}\"><img loading=\"lazy\" decoding=\"async\" width=\"378\" height=\"567\" src=\"https:\/\/foto.praha-19.ys-beta.cz\/app\/uploads\/2022\/11\/2021_05_27_Pasovani-na-ctenare216-378x567.jpg\" class=\"attachment-pinhole-col-3 size-pinhole-col-3\" alt=\"\" srcset=\"https:\/\/foto.praha-19.ys-beta.cz\/app\/uploads\/2022\/11\/2021_05_27_Pasovani-na-ctenare216-378x567.jpg 378w, https:\/\/foto.praha-19.ys-beta.cz\/app\/uploads\/2022\/11\/2021_05_27_Pasovani-na-ctenare216-200x300.jpg 200w, https:\/\/foto.praha-19.ys-beta.cz\/app\/uploads\/2022\/11\/2021_05_27_Pasovani-na-ctenare216-683x1024.jpg 683w, https:\/\/foto.praha-19.ys-beta.cz\/app\/uploads\/2022\/11\/2021_05_27_Pasovani-na-ctenare216-768x1152.jpg 768w, https:\/\/foto.praha-19.ys-beta.cz\/app\/uploads\/2022\/11\/2021_05_27_Pasovani-na-ctenare216-1024x1536.jpg 1024w, https:\/\/foto.praha-19.ys-beta.cz\/app\/uploads\/2022\/11\/2021_05_27_Pasovani-na-ctenare216-1194x1791.jpg 1194w, https:\/\/foto.praha-19.ys-beta.cz\/app\/uploads\/2022\/11\/2021_05_27_Pasovani-na-ctenare216-582x873.jpg 582w, https:\/\/foto.praha-19.ys-beta.cz\/app\/uploads\/2022\/11\/2021_05_27_Pasovani-na-ctenare216-276x414.jpg 276w, https:\/\/foto.praha-19.ys-beta.cz\/app\/uploads\/2022\/11\/2021_05_27_Pasovani-na-ctenare216-300x450.jpg 300w, https:\/\/foto.praha-19.ys-beta.cz\/app\/uploads\/2022\/11\/2021_05_27_Pasovani-na-ctenare216.jpg 1280w\" sizes=\"auto, (max-width: 378px) 100vw, 378px\" \/><\/a><\/div><div class='pinhole-item col-xs-12 col-lg-4 col-md-4 col-sm-6  '><a class=\"item-link\" href=\"https:\/\/foto.praha-19.ys-beta.cz\/app\/uploads\/2022\/11\/2021_05_27_Pasovani-na-ctenare215.jpg\" data-caption=\"[]\" data-meta=\"[]\"  data-size=\"{&quot;width&quot;:1280,&quot;height&quot;:1920}\" data-download=\"[]\" data-filename=\"{&quot;name&quot;:&quot;&quot;}\"><img loading=\"lazy\" decoding=\"async\" width=\"378\" height=\"567\" src=\"https:\/\/foto.praha-19.ys-beta.cz\/app\/uploads\/2022\/11\/2021_05_27_Pasovani-na-ctenare215-378x567.jpg\" class=\"attachment-pinhole-col-3 size-pinhole-col-3\" alt=\"\" srcset=\"https:\/\/foto.praha-19.ys-beta.cz\/app\/uploads\/2022\/11\/2021_05_27_Pasovani-na-ctenare215-378x567.jpg 378w, https:\/\/foto.praha-19.ys-beta.cz\/app\/uploads\/2022\/11\/2021_05_27_Pasovani-na-ctenare215-200x300.jpg 200w, https:\/\/foto.praha-19.ys-beta.cz\/app\/uploads\/2022\/11\/2021_05_27_Pasovani-na-ctenare215-683x1024.jpg 683w, https:\/\/foto.praha-19.ys-beta.cz\/app\/uploads\/2022\/11\/2021_05_27_Pasovani-na-ctenare215-768x1152.jpg 768w, https:\/\/foto.praha-19.ys-beta.cz\/app\/uploads\/2022\/11\/2021_05_27_Pasovani-na-ctenare215-1024x1536.jpg 1024w, https:\/\/foto.praha-19.ys-beta.cz\/app\/uploads\/2022\/11\/2021_05_27_Pasovani-na-ctenare215-1194x1791.jpg 1194w, https:\/\/foto.praha-19.ys-beta.cz\/app\/uploads\/2022\/11\/2021_05_27_Pasovani-na-ctenare215-582x873.jpg 582w, https:\/\/foto.praha-19.ys-beta.cz\/app\/uploads\/2022\/11\/2021_05_27_Pasovani-na-ctenare215-276x414.jpg 276w, https:\/\/foto.praha-19.ys-beta.cz\/app\/uploads\/2022\/11\/2021_05_27_Pasovani-na-ctenare215-300x450.jpg 300w, https:\/\/foto.praha-19.ys-beta.cz\/app\/uploads\/2022\/11\/2021_05_27_Pasovani-na-ctenare215.jpg 1280w\" sizes=\"auto, (max-width: 378px) 100vw, 378px\" \/><\/a><\/div><div class='pinhole-item col-xs-12 col-lg-4 col-md-4 col-sm-6  '><a class=\"item-link\" href=\"https:\/\/foto.praha-19.ys-beta.cz\/app\/uploads\/2022\/11\/2021_05_27_Pasovani-na-ctenare214.jpg\" data-caption=\"[]\" data-meta=\"[]\"  data-size=\"{&quot;width&quot;:1920,&quot;height&quot;:1280}\" data-download=\"[]\" data-filename=\"{&quot;name&quot;:&quot;&quot;}\"><img loading=\"lazy\" decoding=\"async\" width=\"378\" height=\"252\" src=\"https:\/\/foto.praha-19.ys-beta.cz\/app\/uploads\/2022\/11\/2021_05_27_Pasovani-na-ctenare214-378x252.jpg\" class=\"attachment-pinhole-col-3 size-pinhole-col-3\" alt=\"\" srcset=\"https:\/\/foto.praha-19.ys-beta.cz\/app\/uploads\/2022\/11\/2021_05_27_Pasovani-na-ctenare214-378x252.jpg 378w, https:\/\/foto.praha-19.ys-beta.cz\/app\/uploads\/2022\/11\/2021_05_27_Pasovani-na-ctenare214-300x200.jpg 300w, https:\/\/foto.praha-19.ys-beta.cz\/app\/uploads\/2022\/11\/2021_05_27_Pasovani-na-ctenare214-1024x683.jpg 1024w, https:\/\/foto.praha-19.ys-beta.cz\/app\/uploads\/2022\/11\/2021_05_27_Pasovani-na-ctenare214-768x512.jpg 768w, https:\/\/foto.praha-19.ys-beta.cz\/app\/uploads\/2022\/11\/2021_05_27_Pasovani-na-ctenare214-1536x1024.jpg 1536w, https:\/\/foto.praha-19.ys-beta.cz\/app\/uploads\/2022\/11\/2021_05_27_Pasovani-na-ctenare214-1194x796.jpg 1194w, https:\/\/foto.praha-19.ys-beta.cz\/app\/uploads\/2022\/11\/2021_05_27_Pasovani-na-ctenare214-582x388.jpg 582w, https:\/\/foto.praha-19.ys-beta.cz\/app\/uploads\/2022\/11\/2021_05_27_Pasovani-na-ctenare214-276x184.jpg 276w, https:\/\/foto.praha-19.ys-beta.cz\/app\/uploads\/2022\/11\/2021_05_27_Pasovani-na-ctenare214-675x450.jpg 675w, https:\/\/foto.praha-19.ys-beta.cz\/app\/uploads\/2022\/11\/2021_05_27_Pasovani-na-ctenare214.jpg 1920w\" sizes=\"auto, (max-width: 378px) 100vw, 378px\" \/><\/a><\/div><div class='pinhole-item col-xs-12 col-lg-4 col-md-4 col-sm-6  '><a class=\"item-link\" href=\"https:\/\/foto.praha-19.ys-beta.cz\/app\/uploads\/2022\/11\/2021_05_27_Pasovani-na-ctenare213.jpg\" data-caption=\"[]\" data-meta=\"[]\"  data-size=\"{&quot;width&quot;:1280,&quot;height&quot;:1920}\" data-download=\"[]\" data-filename=\"{&quot;name&quot;:&quot;&quot;}\"><img loading=\"lazy\" decoding=\"async\" width=\"378\" height=\"567\" src=\"https:\/\/foto.praha-19.ys-beta.cz\/app\/uploads\/2022\/11\/2021_05_27_Pasovani-na-ctenare213-378x567.jpg\" class=\"attachment-pinhole-col-3 size-pinhole-col-3\" alt=\"\" srcset=\"https:\/\/foto.praha-19.ys-beta.cz\/app\/uploads\/2022\/11\/2021_05_27_Pasovani-na-ctenare213-378x567.jpg 378w, https:\/\/foto.praha-19.ys-beta.cz\/app\/uploads\/2022\/11\/2021_05_27_Pasovani-na-ctenare213-200x300.jpg 200w, https:\/\/foto.praha-19.ys-beta.cz\/app\/uploads\/2022\/11\/2021_05_27_Pasovani-na-ctenare213-683x1024.jpg 683w, https:\/\/foto.praha-19.ys-beta.cz\/app\/uploads\/2022\/11\/2021_05_27_Pasovani-na-ctenare213-768x1152.jpg 768w, https:\/\/foto.praha-19.ys-beta.cz\/app\/uploads\/2022\/11\/2021_05_27_Pasovani-na-ctenare213-1024x1536.jpg 1024w, https:\/\/foto.praha-19.ys-beta.cz\/app\/uploads\/2022\/11\/2021_05_27_Pasovani-na-ctenare213-1194x1791.jpg 1194w, https:\/\/foto.praha-19.ys-beta.cz\/app\/uploads\/2022\/11\/2021_05_27_Pasovani-na-ctenare213-582x873.jpg 582w, https:\/\/foto.praha-19.ys-beta.cz\/app\/uploads\/2022\/11\/2021_05_27_Pasovani-na-ctenare213-276x414.jpg 276w, https:\/\/foto.praha-19.ys-beta.cz\/app\/uploads\/2022\/11\/2021_05_27_Pasovani-na-ctenare213-300x450.jpg 300w, https:\/\/foto.praha-19.ys-beta.cz\/app\/uploads\/2022\/11\/2021_05_27_Pasovani-na-ctenare213.jpg 1280w\" sizes=\"auto, (max-width: 378px) 100vw, 378px\" \/><\/a><\/div><div class='pinhole-item col-xs-12 col-lg-4 col-md-4 col-sm-6  '><a class=\"item-link\" href=\"https:\/\/foto.praha-19.ys-beta.cz\/app\/uploads\/2022\/11\/2021_05_27_Pasovani-na-ctenare212.jpg\" data-caption=\"[]\" data-meta=\"[]\"  data-size=\"{&quot;width&quot;:1280,&quot;height&quot;:1920}\" data-download=\"[]\" data-filename=\"{&quot;name&quot;:&quot;&quot;}\"><img loading=\"lazy\" decoding=\"async\" width=\"378\" height=\"567\" src=\"https:\/\/foto.praha-19.ys-beta.cz\/app\/uploads\/2022\/11\/2021_05_27_Pasovani-na-ctenare212-378x567.jpg\" class=\"attachment-pinhole-col-3 size-pinhole-col-3\" alt=\"\" srcset=\"https:\/\/foto.praha-19.ys-beta.cz\/app\/uploads\/2022\/11\/2021_05_27_Pasovani-na-ctenare212-378x567.jpg 378w, https:\/\/foto.praha-19.ys-beta.cz\/app\/uploads\/2022\/11\/2021_05_27_Pasovani-na-ctenare212-200x300.jpg 200w, https:\/\/foto.praha-19.ys-beta.cz\/app\/uploads\/2022\/11\/2021_05_27_Pasovani-na-ctenare212-683x1024.jpg 683w, https:\/\/foto.praha-19.ys-beta.cz\/app\/uploads\/2022\/11\/2021_05_27_Pasovani-na-ctenare212-768x1152.jpg 768w, https:\/\/foto.praha-19.ys-beta.cz\/app\/uploads\/2022\/11\/2021_05_27_Pasovani-na-ctenare212-1024x1536.jpg 1024w, https:\/\/foto.praha-19.ys-beta.cz\/app\/uploads\/2022\/11\/2021_05_27_Pasovani-na-ctenare212-1194x1791.jpg 1194w, https:\/\/foto.praha-19.ys-beta.cz\/app\/uploads\/2022\/11\/2021_05_27_Pasovani-na-ctenare212-582x873.jpg 582w, https:\/\/foto.praha-19.ys-beta.cz\/app\/uploads\/2022\/11\/2021_05_27_Pasovani-na-ctenare212-276x414.jpg 276w, https:\/\/foto.praha-19.ys-beta.cz\/app\/uploads\/2022\/11\/2021_05_27_Pasovani-na-ctenare212-300x450.jpg 300w, https:\/\/foto.praha-19.ys-beta.cz\/app\/uploads\/2022\/11\/2021_05_27_Pasovani-na-ctenare212.jpg 1280w\" sizes=\"auto, (max-width: 378px) 100vw, 378px\" \/><\/a><\/div><div class='pinhole-item col-xs-12 col-lg-4 col-md-4 col-sm-6  '><a class=\"item-link\" href=\"https:\/\/foto.praha-19.ys-beta.cz\/app\/uploads\/2022\/11\/2021_05_27_Pasovani-na-ctenare211.jpg\" data-caption=\"[]\" data-meta=\"[]\"  data-size=\"{&quot;width&quot;:1280,&quot;height&quot;:1920}\" data-download=\"[]\" data-filename=\"{&quot;name&quot;:&quot;&quot;}\"><img loading=\"lazy\" decoding=\"async\" width=\"378\" height=\"567\" src=\"https:\/\/foto.praha-19.ys-beta.cz\/app\/uploads\/2022\/11\/2021_05_27_Pasovani-na-ctenare211-378x567.jpg\" class=\"attachment-pinhole-col-3 size-pinhole-col-3\" alt=\"\" srcset=\"https:\/\/foto.praha-19.ys-beta.cz\/app\/uploads\/2022\/11\/2021_05_27_Pasovani-na-ctenare211-378x567.jpg 378w, https:\/\/foto.praha-19.ys-beta.cz\/app\/uploads\/2022\/11\/2021_05_27_Pasovani-na-ctenare211-200x300.jpg 200w, https:\/\/foto.praha-19.ys-beta.cz\/app\/uploads\/2022\/11\/2021_05_27_Pasovani-na-ctenare211-683x1024.jpg 683w, https:\/\/foto.praha-19.ys-beta.cz\/app\/uploads\/2022\/11\/2021_05_27_Pasovani-na-ctenare211-768x1152.jpg 768w, https:\/\/foto.praha-19.ys-beta.cz\/app\/uploads\/2022\/11\/2021_05_27_Pasovani-na-ctenare211-1024x1536.jpg 1024w, https:\/\/foto.praha-19.ys-beta.cz\/app\/uploads\/2022\/11\/2021_05_27_Pasovani-na-ctenare211-1194x1791.jpg 1194w, https:\/\/foto.praha-19.ys-beta.cz\/app\/uploads\/2022\/11\/2021_05_27_Pasovani-na-ctenare211-582x873.jpg 582w, https:\/\/foto.praha-19.ys-beta.cz\/app\/uploads\/2022\/11\/2021_05_27_Pasovani-na-ctenare211-276x414.jpg 276w, https:\/\/foto.praha-19.ys-beta.cz\/app\/uploads\/2022\/11\/2021_05_27_Pasovani-na-ctenare211-300x450.jpg 300w, https:\/\/foto.praha-19.ys-beta.cz\/app\/uploads\/2022\/11\/2021_05_27_Pasovani-na-ctenare211.jpg 1280w\" sizes=\"auto, (max-width: 378px) 100vw, 378px\" \/><\/a><\/div><div class='pinhole-item col-xs-12 col-lg-4 col-md-4 col-sm-6  '><a class=\"item-link\" href=\"https:\/\/foto.praha-19.ys-beta.cz\/app\/uploads\/2022\/11\/2021_05_27_Pasovani-na-ctenare210.jpg\" data-caption=\"[]\" data-meta=\"[]\"  data-size=\"{&quot;width&quot;:1920,&quot;height&quot;:1280}\" data-download=\"[]\" data-filename=\"{&quot;name&quot;:&quot;&quot;}\"><img loading=\"lazy\" decoding=\"async\" width=\"378\" height=\"252\" src=\"https:\/\/foto.praha-19.ys-beta.cz\/app\/uploads\/2022\/11\/2021_05_27_Pasovani-na-ctenare210-378x252.jpg\" class=\"attachment-pinhole-col-3 size-pinhole-col-3\" alt=\"\" srcset=\"https:\/\/foto.praha-19.ys-beta.cz\/app\/uploads\/2022\/11\/2021_05_27_Pasovani-na-ctenare210-378x252.jpg 378w, https:\/\/foto.praha-19.ys-beta.cz\/app\/uploads\/2022\/11\/2021_05_27_Pasovani-na-ctenare210-300x200.jpg 300w, https:\/\/foto.praha-19.ys-beta.cz\/app\/uploads\/2022\/11\/2021_05_27_Pasovani-na-ctenare210-1024x683.jpg 1024w, https:\/\/foto.praha-19.ys-beta.cz\/app\/uploads\/2022\/11\/2021_05_27_Pasovani-na-ctenare210-768x512.jpg 768w, https:\/\/foto.praha-19.ys-beta.cz\/app\/uploads\/2022\/11\/2021_05_27_Pasovani-na-ctenare210-1536x1024.jpg 1536w, https:\/\/foto.praha-19.ys-beta.cz\/app\/uploads\/2022\/11\/2021_05_27_Pasovani-na-ctenare210-1194x796.jpg 1194w, https:\/\/foto.praha-19.ys-beta.cz\/app\/uploads\/2022\/11\/2021_05_27_Pasovani-na-ctenare210-582x388.jpg 582w, https:\/\/foto.praha-19.ys-beta.cz\/app\/uploads\/2022\/11\/2021_05_27_Pasovani-na-ctenare210-276x184.jpg 276w, https:\/\/foto.praha-19.ys-beta.cz\/app\/uploads\/2022\/11\/2021_05_27_Pasovani-na-ctenare210-675x450.jpg 675w, https:\/\/foto.praha-19.ys-beta.cz\/app\/uploads\/2022\/11\/2021_05_27_Pasovani-na-ctenare210.jpg 1920w\" sizes=\"auto, (max-width: 378px) 100vw, 378px\" \/><\/a><\/div><div class='pinhole-item col-xs-12 col-lg-4 col-md-4 col-sm-6  '><a class=\"item-link\" href=\"https:\/\/foto.praha-19.ys-beta.cz\/app\/uploads\/2022\/11\/2021_05_27_Pasovani-na-ctenare209.jpg\" data-caption=\"[]\" data-meta=\"[]\"  data-size=\"{&quot;width&quot;:1280,&quot;height&quot;:1920}\" data-download=\"[]\" data-filename=\"{&quot;name&quot;:&quot;&quot;}\"><img loading=\"lazy\" decoding=\"async\" width=\"378\" height=\"567\" src=\"https:\/\/foto.praha-19.ys-beta.cz\/app\/uploads\/2022\/11\/2021_05_27_Pasovani-na-ctenare209-378x567.jpg\" class=\"attachment-pinhole-col-3 size-pinhole-col-3\" alt=\"\" srcset=\"https:\/\/foto.praha-19.ys-beta.cz\/app\/uploads\/2022\/11\/2021_05_27_Pasovani-na-ctenare209-378x567.jpg 378w, https:\/\/foto.praha-19.ys-beta.cz\/app\/uploads\/2022\/11\/2021_05_27_Pasovani-na-ctenare209-200x300.jpg 200w, https:\/\/foto.praha-19.ys-beta.cz\/app\/uploads\/2022\/11\/2021_05_27_Pasovani-na-ctenare209-683x1024.jpg 683w, https:\/\/foto.praha-19.ys-beta.cz\/app\/uploads\/2022\/11\/2021_05_27_Pasovani-na-ctenare209-768x1152.jpg 768w, https:\/\/foto.praha-19.ys-beta.cz\/app\/uploads\/2022\/11\/2021_05_27_Pasovani-na-ctenare209-1024x1536.jpg 1024w, https:\/\/foto.praha-19.ys-beta.cz\/app\/uploads\/2022\/11\/2021_05_27_Pasovani-na-ctenare209-1194x1791.jpg 1194w, https:\/\/foto.praha-19.ys-beta.cz\/app\/uploads\/2022\/11\/2021_05_27_Pasovani-na-ctenare209-582x873.jpg 582w, https:\/\/foto.praha-19.ys-beta.cz\/app\/uploads\/2022\/11\/2021_05_27_Pasovani-na-ctenare209-276x414.jpg 276w, https:\/\/foto.praha-19.ys-beta.cz\/app\/uploads\/2022\/11\/2021_05_27_Pasovani-na-ctenare209-300x450.jpg 300w, https:\/\/foto.praha-19.ys-beta.cz\/app\/uploads\/2022\/11\/2021_05_27_Pasovani-na-ctenare209.jpg 1280w\" sizes=\"auto, (max-width: 378px) 100vw, 378px\" \/><\/a><\/div><div class='pinhole-item col-xs-12 col-lg-4 col-md-4 col-sm-6  '><a class=\"item-link\" href=\"https:\/\/foto.praha-19.ys-beta.cz\/app\/uploads\/2022\/11\/2021_05_27_Pasovani-na-ctenare208.jpg\" data-caption=\"[]\" data-meta=\"[]\"  data-size=\"{&quot;width&quot;:1280,&quot;height&quot;:1920}\" data-download=\"[]\" data-filename=\"{&quot;name&quot;:&quot;&quot;}\"><img loading=\"lazy\" decoding=\"async\" width=\"378\" height=\"567\" src=\"https:\/\/foto.praha-19.ys-beta.cz\/app\/uploads\/2022\/11\/2021_05_27_Pasovani-na-ctenare208-378x567.jpg\" class=\"attachment-pinhole-col-3 size-pinhole-col-3\" alt=\"\" srcset=\"https:\/\/foto.praha-19.ys-beta.cz\/app\/uploads\/2022\/11\/2021_05_27_Pasovani-na-ctenare208-378x567.jpg 378w, https:\/\/foto.praha-19.ys-beta.cz\/app\/uploads\/2022\/11\/2021_05_27_Pasovani-na-ctenare208-200x300.jpg 200w, https:\/\/foto.praha-19.ys-beta.cz\/app\/uploads\/2022\/11\/2021_05_27_Pasovani-na-ctenare208-683x1024.jpg 683w, https:\/\/foto.praha-19.ys-beta.cz\/app\/uploads\/2022\/11\/2021_05_27_Pasovani-na-ctenare208-768x1152.jpg 768w, https:\/\/foto.praha-19.ys-beta.cz\/app\/uploads\/2022\/11\/2021_05_27_Pasovani-na-ctenare208-1024x1536.jpg 1024w, https:\/\/foto.praha-19.ys-beta.cz\/app\/uploads\/2022\/11\/2021_05_27_Pasovani-na-ctenare208-1194x1791.jpg 1194w, https:\/\/foto.praha-19.ys-beta.cz\/app\/uploads\/2022\/11\/2021_05_27_Pasovani-na-ctenare208-582x873.jpg 582w, https:\/\/foto.praha-19.ys-beta.cz\/app\/uploads\/2022\/11\/2021_05_27_Pasovani-na-ctenare208-276x414.jpg 276w, https:\/\/foto.praha-19.ys-beta.cz\/app\/uploads\/2022\/11\/2021_05_27_Pasovani-na-ctenare208-300x450.jpg 300w, https:\/\/foto.praha-19.ys-beta.cz\/app\/uploads\/2022\/11\/2021_05_27_Pasovani-na-ctenare208.jpg 1280w\" sizes=\"auto, (max-width: 378px) 100vw, 378px\" \/><\/a><\/div><div class='pinhole-item col-xs-12 col-lg-4 col-md-4 col-sm-6  '><a class=\"item-link\" href=\"https:\/\/foto.praha-19.ys-beta.cz\/app\/uploads\/2022\/11\/2021_05_27_Pasovani-na-ctenare207.jpg\" data-caption=\"[]\" data-meta=\"[]\"  data-size=\"{&quot;width&quot;:1280,&quot;height&quot;:1920}\" data-download=\"[]\" data-filename=\"{&quot;name&quot;:&quot;&quot;}\"><img loading=\"lazy\" decoding=\"async\" width=\"378\" height=\"567\" src=\"https:\/\/foto.praha-19.ys-beta.cz\/app\/uploads\/2022\/11\/2021_05_27_Pasovani-na-ctenare207-378x567.jpg\" class=\"attachment-pinhole-col-3 size-pinhole-col-3\" alt=\"\" srcset=\"https:\/\/foto.praha-19.ys-beta.cz\/app\/uploads\/2022\/11\/2021_05_27_Pasovani-na-ctenare207-378x567.jpg 378w, https:\/\/foto.praha-19.ys-beta.cz\/app\/uploads\/2022\/11\/2021_05_27_Pasovani-na-ctenare207-200x300.jpg 200w, https:\/\/foto.praha-19.ys-beta.cz\/app\/uploads\/2022\/11\/2021_05_27_Pasovani-na-ctenare207-683x1024.jpg 683w, https:\/\/foto.praha-19.ys-beta.cz\/app\/uploads\/2022\/11\/2021_05_27_Pasovani-na-ctenare207-768x1152.jpg 768w, https:\/\/foto.praha-19.ys-beta.cz\/app\/uploads\/2022\/11\/2021_05_27_Pasovani-na-ctenare207-1024x1536.jpg 1024w, https:\/\/foto.praha-19.ys-beta.cz\/app\/uploads\/2022\/11\/2021_05_27_Pasovani-na-ctenare207-1194x1791.jpg 1194w, https:\/\/foto.praha-19.ys-beta.cz\/app\/uploads\/2022\/11\/2021_05_27_Pasovani-na-ctenare207-582x873.jpg 582w, https:\/\/foto.praha-19.ys-beta.cz\/app\/uploads\/2022\/11\/2021_05_27_Pasovani-na-ctenare207-276x414.jpg 276w, https:\/\/foto.praha-19.ys-beta.cz\/app\/uploads\/2022\/11\/2021_05_27_Pasovani-na-ctenare207-300x450.jpg 300w, https:\/\/foto.praha-19.ys-beta.cz\/app\/uploads\/2022\/11\/2021_05_27_Pasovani-na-ctenare207.jpg 1280w\" sizes=\"auto, (max-width: 378px) 100vw, 378px\" \/><\/a><\/div><div class='pinhole-item col-xs-12 col-lg-4 col-md-4 col-sm-6  '><a class=\"item-link\" href=\"https:\/\/foto.praha-19.ys-beta.cz\/app\/uploads\/2022\/11\/2021_05_27_Pasovani-na-ctenare206.jpg\" data-caption=\"[]\" data-meta=\"[]\"  data-size=\"{&quot;width&quot;:1920,&quot;height&quot;:1280}\" data-download=\"[]\" data-filename=\"{&quot;name&quot;:&quot;&quot;}\"><img loading=\"lazy\" decoding=\"async\" width=\"378\" height=\"252\" src=\"https:\/\/foto.praha-19.ys-beta.cz\/app\/uploads\/2022\/11\/2021_05_27_Pasovani-na-ctenare206-378x252.jpg\" class=\"attachment-pinhole-col-3 size-pinhole-col-3\" alt=\"\" srcset=\"https:\/\/foto.praha-19.ys-beta.cz\/app\/uploads\/2022\/11\/2021_05_27_Pasovani-na-ctenare206-378x252.jpg 378w, https:\/\/foto.praha-19.ys-beta.cz\/app\/uploads\/2022\/11\/2021_05_27_Pasovani-na-ctenare206-300x200.jpg 300w, https:\/\/foto.praha-19.ys-beta.cz\/app\/uploads\/2022\/11\/2021_05_27_Pasovani-na-ctenare206-1024x683.jpg 1024w, https:\/\/foto.praha-19.ys-beta.cz\/app\/uploads\/2022\/11\/2021_05_27_Pasovani-na-ctenare206-768x512.jpg 768w, https:\/\/foto.praha-19.ys-beta.cz\/app\/uploads\/2022\/11\/2021_05_27_Pasovani-na-ctenare206-1536x1024.jpg 1536w, https:\/\/foto.praha-19.ys-beta.cz\/app\/uploads\/2022\/11\/2021_05_27_Pasovani-na-ctenare206-1194x796.jpg 1194w, https:\/\/foto.praha-19.ys-beta.cz\/app\/uploads\/2022\/11\/2021_05_27_Pasovani-na-ctenare206-582x388.jpg 582w, https:\/\/foto.praha-19.ys-beta.cz\/app\/uploads\/2022\/11\/2021_05_27_Pasovani-na-ctenare206-276x184.jpg 276w, https:\/\/foto.praha-19.ys-beta.cz\/app\/uploads\/2022\/11\/2021_05_27_Pasovani-na-ctenare206-675x450.jpg 675w, https:\/\/foto.praha-19.ys-beta.cz\/app\/uploads\/2022\/11\/2021_05_27_Pasovani-na-ctenare206.jpg 1920w\" sizes=\"auto, (max-width: 378px) 100vw, 378px\" \/><\/a><\/div><div class='pinhole-item col-xs-12 col-lg-4 col-md-4 col-sm-6  '><a class=\"item-link\" href=\"https:\/\/foto.praha-19.ys-beta.cz\/app\/uploads\/2022\/11\/2021_05_27_Pasovani-na-ctenare205.jpg\" data-caption=\"[]\" data-meta=\"[]\"  data-size=\"{&quot;width&quot;:1920,&quot;height&quot;:1280}\" data-download=\"[]\" data-filename=\"{&quot;name&quot;:&quot;&quot;}\"><img loading=\"lazy\" decoding=\"async\" width=\"378\" height=\"252\" src=\"https:\/\/foto.praha-19.ys-beta.cz\/app\/uploads\/2022\/11\/2021_05_27_Pasovani-na-ctenare205-378x252.jpg\" class=\"attachment-pinhole-col-3 size-pinhole-col-3\" alt=\"\" srcset=\"https:\/\/foto.praha-19.ys-beta.cz\/app\/uploads\/2022\/11\/2021_05_27_Pasovani-na-ctenare205-378x252.jpg 378w, https:\/\/foto.praha-19.ys-beta.cz\/app\/uploads\/2022\/11\/2021_05_27_Pasovani-na-ctenare205-300x200.jpg 300w, https:\/\/foto.praha-19.ys-beta.cz\/app\/uploads\/2022\/11\/2021_05_27_Pasovani-na-ctenare205-1024x683.jpg 1024w, https:\/\/foto.praha-19.ys-beta.cz\/app\/uploads\/2022\/11\/2021_05_27_Pasovani-na-ctenare205-768x512.jpg 768w, https:\/\/foto.praha-19.ys-beta.cz\/app\/uploads\/2022\/11\/2021_05_27_Pasovani-na-ctenare205-1536x1024.jpg 1536w, https:\/\/foto.praha-19.ys-beta.cz\/app\/uploads\/2022\/11\/2021_05_27_Pasovani-na-ctenare205-1194x796.jpg 1194w, https:\/\/foto.praha-19.ys-beta.cz\/app\/uploads\/2022\/11\/2021_05_27_Pasovani-na-ctenare205-582x388.jpg 582w, https:\/\/foto.praha-19.ys-beta.cz\/app\/uploads\/2022\/11\/2021_05_27_Pasovani-na-ctenare205-276x184.jpg 276w, https:\/\/foto.praha-19.ys-beta.cz\/app\/uploads\/2022\/11\/2021_05_27_Pasovani-na-ctenare205-675x450.jpg 675w, https:\/\/foto.praha-19.ys-beta.cz\/app\/uploads\/2022\/11\/2021_05_27_Pasovani-na-ctenare205.jpg 1920w\" sizes=\"auto, (max-width: 378px) 100vw, 378px\" \/><\/a><\/div><div class='pinhole-item col-xs-12 col-lg-4 col-md-4 col-sm-6  '><a class=\"item-link\" href=\"https:\/\/foto.praha-19.ys-beta.cz\/app\/uploads\/2022\/11\/2021_05_27_Pasovani-na-ctenare204.jpg\" data-caption=\"[]\" data-meta=\"[]\"  data-size=\"{&quot;width&quot;:1920,&quot;height&quot;:1280}\" data-download=\"[]\" data-filename=\"{&quot;name&quot;:&quot;&quot;}\"><img loading=\"lazy\" decoding=\"async\" width=\"378\" height=\"252\" src=\"https:\/\/foto.praha-19.ys-beta.cz\/app\/uploads\/2022\/11\/2021_05_27_Pasovani-na-ctenare204-378x252.jpg\" class=\"attachment-pinhole-col-3 size-pinhole-col-3\" alt=\"\" srcset=\"https:\/\/foto.praha-19.ys-beta.cz\/app\/uploads\/2022\/11\/2021_05_27_Pasovani-na-ctenare204-378x252.jpg 378w, https:\/\/foto.praha-19.ys-beta.cz\/app\/uploads\/2022\/11\/2021_05_27_Pasovani-na-ctenare204-300x200.jpg 300w, https:\/\/foto.praha-19.ys-beta.cz\/app\/uploads\/2022\/11\/2021_05_27_Pasovani-na-ctenare204-1024x683.jpg 1024w, https:\/\/foto.praha-19.ys-beta.cz\/app\/uploads\/2022\/11\/2021_05_27_Pasovani-na-ctenare204-768x512.jpg 768w, https:\/\/foto.praha-19.ys-beta.cz\/app\/uploads\/2022\/11\/2021_05_27_Pasovani-na-ctenare204-1536x1024.jpg 1536w, https:\/\/foto.praha-19.ys-beta.cz\/app\/uploads\/2022\/11\/2021_05_27_Pasovani-na-ctenare204-1194x796.jpg 1194w, https:\/\/foto.praha-19.ys-beta.cz\/app\/uploads\/2022\/11\/2021_05_27_Pasovani-na-ctenare204-582x388.jpg 582w, https:\/\/foto.praha-19.ys-beta.cz\/app\/uploads\/2022\/11\/2021_05_27_Pasovani-na-ctenare204-276x184.jpg 276w, https:\/\/foto.praha-19.ys-beta.cz\/app\/uploads\/2022\/11\/2021_05_27_Pasovani-na-ctenare204-675x450.jpg 675w, https:\/\/foto.praha-19.ys-beta.cz\/app\/uploads\/2022\/11\/2021_05_27_Pasovani-na-ctenare204.jpg 1920w\" sizes=\"auto, (max-width: 378px) 100vw, 378px\" \/><\/a><\/div><div class='pinhole-item col-xs-12 col-lg-4 col-md-4 col-sm-6  '><a class=\"item-link\" href=\"https:\/\/foto.praha-19.ys-beta.cz\/app\/uploads\/2022\/11\/2021_05_27_Pasovani-na-ctenare203.jpg\" data-caption=\"[]\" data-meta=\"[]\"  data-size=\"{&quot;width&quot;:1920,&quot;height&quot;:1280}\" data-download=\"[]\" data-filename=\"{&quot;name&quot;:&quot;&quot;}\"><img loading=\"lazy\" decoding=\"async\" width=\"378\" height=\"252\" src=\"https:\/\/foto.praha-19.ys-beta.cz\/app\/uploads\/2022\/11\/2021_05_27_Pasovani-na-ctenare203-378x252.jpg\" class=\"attachment-pinhole-col-3 size-pinhole-col-3\" alt=\"\" srcset=\"https:\/\/foto.praha-19.ys-beta.cz\/app\/uploads\/2022\/11\/2021_05_27_Pasovani-na-ctenare203-378x252.jpg 378w, https:\/\/foto.praha-19.ys-beta.cz\/app\/uploads\/2022\/11\/2021_05_27_Pasovani-na-ctenare203-300x200.jpg 300w, https:\/\/foto.praha-19.ys-beta.cz\/app\/uploads\/2022\/11\/2021_05_27_Pasovani-na-ctenare203-1024x683.jpg 1024w, https:\/\/foto.praha-19.ys-beta.cz\/app\/uploads\/2022\/11\/2021_05_27_Pasovani-na-ctenare203-768x512.jpg 768w, https:\/\/foto.praha-19.ys-beta.cz\/app\/uploads\/2022\/11\/2021_05_27_Pasovani-na-ctenare203-1536x1024.jpg 1536w, https:\/\/foto.praha-19.ys-beta.cz\/app\/uploads\/2022\/11\/2021_05_27_Pasovani-na-ctenare203-1194x796.jpg 1194w, https:\/\/foto.praha-19.ys-beta.cz\/app\/uploads\/2022\/11\/2021_05_27_Pasovani-na-ctenare203-582x388.jpg 582w, https:\/\/foto.praha-19.ys-beta.cz\/app\/uploads\/2022\/11\/2021_05_27_Pasovani-na-ctenare203-276x184.jpg 276w, https:\/\/foto.praha-19.ys-beta.cz\/app\/uploads\/2022\/11\/2021_05_27_Pasovani-na-ctenare203-675x450.jpg 675w, https:\/\/foto.praha-19.ys-beta.cz\/app\/uploads\/2022\/11\/2021_05_27_Pasovani-na-ctenare203.jpg 1920w\" sizes=\"auto, (max-width: 378px) 100vw, 378px\" \/><\/a><\/div><div class='pinhole-item col-xs-12 col-lg-4 col-md-4 col-sm-6  '><a class=\"item-link\" href=\"https:\/\/foto.praha-19.ys-beta.cz\/app\/uploads\/2022\/11\/2021_05_27_Pasovani-na-ctenare202.jpg\" data-caption=\"[]\" data-meta=\"[]\"  data-size=\"{&quot;width&quot;:1920,&quot;height&quot;:1280}\" data-download=\"[]\" data-filename=\"{&quot;name&quot;:&quot;&quot;}\"><img loading=\"lazy\" decoding=\"async\" width=\"378\" height=\"252\" src=\"https:\/\/foto.praha-19.ys-beta.cz\/app\/uploads\/2022\/11\/2021_05_27_Pasovani-na-ctenare202-378x252.jpg\" class=\"attachment-pinhole-col-3 size-pinhole-col-3\" alt=\"\" srcset=\"https:\/\/foto.praha-19.ys-beta.cz\/app\/uploads\/2022\/11\/2021_05_27_Pasovani-na-ctenare202-378x252.jpg 378w, https:\/\/foto.praha-19.ys-beta.cz\/app\/uploads\/2022\/11\/2021_05_27_Pasovani-na-ctenare202-300x200.jpg 300w, https:\/\/foto.praha-19.ys-beta.cz\/app\/uploads\/2022\/11\/2021_05_27_Pasovani-na-ctenare202-1024x683.jpg 1024w, https:\/\/foto.praha-19.ys-beta.cz\/app\/uploads\/2022\/11\/2021_05_27_Pasovani-na-ctenare202-768x512.jpg 768w, https:\/\/foto.praha-19.ys-beta.cz\/app\/uploads\/2022\/11\/2021_05_27_Pasovani-na-ctenare202-1536x1024.jpg 1536w, https:\/\/foto.praha-19.ys-beta.cz\/app\/uploads\/2022\/11\/2021_05_27_Pasovani-na-ctenare202-1194x796.jpg 1194w, https:\/\/foto.praha-19.ys-beta.cz\/app\/uploads\/2022\/11\/2021_05_27_Pasovani-na-ctenare202-582x388.jpg 582w, https:\/\/foto.praha-19.ys-beta.cz\/app\/uploads\/2022\/11\/2021_05_27_Pasovani-na-ctenare202-276x184.jpg 276w, https:\/\/foto.praha-19.ys-beta.cz\/app\/uploads\/2022\/11\/2021_05_27_Pasovani-na-ctenare202-675x450.jpg 675w, https:\/\/foto.praha-19.ys-beta.cz\/app\/uploads\/2022\/11\/2021_05_27_Pasovani-na-ctenare202.jpg 1920w\" sizes=\"auto, (max-width: 378px) 100vw, 378px\" \/><\/a><\/div><div class='pinhole-item col-xs-12 col-lg-4 col-md-4 col-sm-6  '><a class=\"item-link\" href=\"https:\/\/foto.praha-19.ys-beta.cz\/app\/uploads\/2022\/11\/2021_05_27_Pasovani-na-ctenare201.jpg\" data-caption=\"[]\" data-meta=\"[]\"  data-size=\"{&quot;width&quot;:1920,&quot;height&quot;:1280}\" data-download=\"[]\" data-filename=\"{&quot;name&quot;:&quot;&quot;}\"><img loading=\"lazy\" decoding=\"async\" width=\"378\" height=\"252\" src=\"https:\/\/foto.praha-19.ys-beta.cz\/app\/uploads\/2022\/11\/2021_05_27_Pasovani-na-ctenare201-378x252.jpg\" class=\"attachment-pinhole-col-3 size-pinhole-col-3\" alt=\"\" srcset=\"https:\/\/foto.praha-19.ys-beta.cz\/app\/uploads\/2022\/11\/2021_05_27_Pasovani-na-ctenare201-378x252.jpg 378w, https:\/\/foto.praha-19.ys-beta.cz\/app\/uploads\/2022\/11\/2021_05_27_Pasovani-na-ctenare201-300x200.jpg 300w, https:\/\/foto.praha-19.ys-beta.cz\/app\/uploads\/2022\/11\/2021_05_27_Pasovani-na-ctenare201-1024x683.jpg 1024w, https:\/\/foto.praha-19.ys-beta.cz\/app\/uploads\/2022\/11\/2021_05_27_Pasovani-na-ctenare201-768x512.jpg 768w, https:\/\/foto.praha-19.ys-beta.cz\/app\/uploads\/2022\/11\/2021_05_27_Pasovani-na-ctenare201-1536x1024.jpg 1536w, https:\/\/foto.praha-19.ys-beta.cz\/app\/uploads\/2022\/11\/2021_05_27_Pasovani-na-ctenare201-1194x796.jpg 1194w, https:\/\/foto.praha-19.ys-beta.cz\/app\/uploads\/2022\/11\/2021_05_27_Pasovani-na-ctenare201-582x388.jpg 582w, https:\/\/foto.praha-19.ys-beta.cz\/app\/uploads\/2022\/11\/2021_05_27_Pasovani-na-ctenare201-276x184.jpg 276w, https:\/\/foto.praha-19.ys-beta.cz\/app\/uploads\/2022\/11\/2021_05_27_Pasovani-na-ctenare201-675x450.jpg 675w, https:\/\/foto.praha-19.ys-beta.cz\/app\/uploads\/2022\/11\/2021_05_27_Pasovani-na-ctenare201.jpg 1920w\" sizes=\"auto, (max-width: 378px) 100vw, 378px\" \/><\/a><\/div><div class='pinhole-item col-xs-12 col-lg-4 col-md-4 col-sm-6  '><a class=\"item-link\" href=\"https:\/\/foto.praha-19.ys-beta.cz\/app\/uploads\/2022\/11\/2021_05_27_Pasovani-na-ctenare200.jpg\" data-caption=\"[]\" data-meta=\"[]\"  data-size=\"{&quot;width&quot;:1920,&quot;height&quot;:1280}\" data-download=\"[]\" data-filename=\"{&quot;name&quot;:&quot;&quot;}\"><img loading=\"lazy\" decoding=\"async\" width=\"378\" height=\"252\" src=\"https:\/\/foto.praha-19.ys-beta.cz\/app\/uploads\/2022\/11\/2021_05_27_Pasovani-na-ctenare200-378x252.jpg\" class=\"attachment-pinhole-col-3 size-pinhole-col-3\" alt=\"\" srcset=\"https:\/\/foto.praha-19.ys-beta.cz\/app\/uploads\/2022\/11\/2021_05_27_Pasovani-na-ctenare200-378x252.jpg 378w, https:\/\/foto.praha-19.ys-beta.cz\/app\/uploads\/2022\/11\/2021_05_27_Pasovani-na-ctenare200-300x200.jpg 300w, https:\/\/foto.praha-19.ys-beta.cz\/app\/uploads\/2022\/11\/2021_05_27_Pasovani-na-ctenare200-1024x683.jpg 1024w, https:\/\/foto.praha-19.ys-beta.cz\/app\/uploads\/2022\/11\/2021_05_27_Pasovani-na-ctenare200-768x512.jpg 768w, https:\/\/foto.praha-19.ys-beta.cz\/app\/uploads\/2022\/11\/2021_05_27_Pasovani-na-ctenare200-1536x1024.jpg 1536w, https:\/\/foto.praha-19.ys-beta.cz\/app\/uploads\/2022\/11\/2021_05_27_Pasovani-na-ctenare200-1194x796.jpg 1194w, https:\/\/foto.praha-19.ys-beta.cz\/app\/uploads\/2022\/11\/2021_05_27_Pasovani-na-ctenare200-582x388.jpg 582w, https:\/\/foto.praha-19.ys-beta.cz\/app\/uploads\/2022\/11\/2021_05_27_Pasovani-na-ctenare200-276x184.jpg 276w, https:\/\/foto.praha-19.ys-beta.cz\/app\/uploads\/2022\/11\/2021_05_27_Pasovani-na-ctenare200-675x450.jpg 675w, https:\/\/foto.praha-19.ys-beta.cz\/app\/uploads\/2022\/11\/2021_05_27_Pasovani-na-ctenare200.jpg 1920w\" sizes=\"auto, (max-width: 378px) 100vw, 378px\" \/><\/a><\/div><div class='pinhole-item col-xs-12 col-lg-4 col-md-4 col-sm-6  '><a class=\"item-link\" href=\"https:\/\/foto.praha-19.ys-beta.cz\/app\/uploads\/2022\/11\/2021_05_27_Pasovani-na-ctenare199.jpg\" data-caption=\"[]\" data-meta=\"[]\"  data-size=\"{&quot;width&quot;:1920,&quot;height&quot;:1280}\" data-download=\"[]\" data-filename=\"{&quot;name&quot;:&quot;&quot;}\"><img loading=\"lazy\" decoding=\"async\" width=\"378\" height=\"252\" src=\"https:\/\/foto.praha-19.ys-beta.cz\/app\/uploads\/2022\/11\/2021_05_27_Pasovani-na-ctenare199-378x252.jpg\" class=\"attachment-pinhole-col-3 size-pinhole-col-3\" alt=\"\" srcset=\"https:\/\/foto.praha-19.ys-beta.cz\/app\/uploads\/2022\/11\/2021_05_27_Pasovani-na-ctenare199-378x252.jpg 378w, https:\/\/foto.praha-19.ys-beta.cz\/app\/uploads\/2022\/11\/2021_05_27_Pasovani-na-ctenare199-300x200.jpg 300w, https:\/\/foto.praha-19.ys-beta.cz\/app\/uploads\/2022\/11\/2021_05_27_Pasovani-na-ctenare199-1024x683.jpg 1024w, https:\/\/foto.praha-19.ys-beta.cz\/app\/uploads\/2022\/11\/2021_05_27_Pasovani-na-ctenare199-768x512.jpg 768w, https:\/\/foto.praha-19.ys-beta.cz\/app\/uploads\/2022\/11\/2021_05_27_Pasovani-na-ctenare199-1536x1024.jpg 1536w, https:\/\/foto.praha-19.ys-beta.cz\/app\/uploads\/2022\/11\/2021_05_27_Pasovani-na-ctenare199-1194x796.jpg 1194w, https:\/\/foto.praha-19.ys-beta.cz\/app\/uploads\/2022\/11\/2021_05_27_Pasovani-na-ctenare199-582x388.jpg 582w, https:\/\/foto.praha-19.ys-beta.cz\/app\/uploads\/2022\/11\/2021_05_27_Pasovani-na-ctenare199-276x184.jpg 276w, https:\/\/foto.praha-19.ys-beta.cz\/app\/uploads\/2022\/11\/2021_05_27_Pasovani-na-ctenare199-675x450.jpg 675w, https:\/\/foto.praha-19.ys-beta.cz\/app\/uploads\/2022\/11\/2021_05_27_Pasovani-na-ctenare199.jpg 1920w\" sizes=\"auto, (max-width: 378px) 100vw, 378px\" \/><\/a><\/div><div class='pinhole-item col-xs-12 col-lg-4 col-md-4 col-sm-6  '><a class=\"item-link\" href=\"https:\/\/foto.praha-19.ys-beta.cz\/app\/uploads\/2022\/11\/2021_05_27_Pasovani-na-ctenare198.jpg\" data-caption=\"[]\" data-meta=\"[]\"  data-size=\"{&quot;width&quot;:1920,&quot;height&quot;:1280}\" data-download=\"[]\" data-filename=\"{&quot;name&quot;:&quot;&quot;}\"><img loading=\"lazy\" decoding=\"async\" width=\"378\" height=\"252\" src=\"https:\/\/foto.praha-19.ys-beta.cz\/app\/uploads\/2022\/11\/2021_05_27_Pasovani-na-ctenare198-378x252.jpg\" class=\"attachment-pinhole-col-3 size-pinhole-col-3\" alt=\"\" srcset=\"https:\/\/foto.praha-19.ys-beta.cz\/app\/uploads\/2022\/11\/2021_05_27_Pasovani-na-ctenare198-378x252.jpg 378w, https:\/\/foto.praha-19.ys-beta.cz\/app\/uploads\/2022\/11\/2021_05_27_Pasovani-na-ctenare198-300x200.jpg 300w, https:\/\/foto.praha-19.ys-beta.cz\/app\/uploads\/2022\/11\/2021_05_27_Pasovani-na-ctenare198-1024x683.jpg 1024w, https:\/\/foto.praha-19.ys-beta.cz\/app\/uploads\/2022\/11\/2021_05_27_Pasovani-na-ctenare198-768x512.jpg 768w, https:\/\/foto.praha-19.ys-beta.cz\/app\/uploads\/2022\/11\/2021_05_27_Pasovani-na-ctenare198-1536x1024.jpg 1536w, https:\/\/foto.praha-19.ys-beta.cz\/app\/uploads\/2022\/11\/2021_05_27_Pasovani-na-ctenare198-1194x796.jpg 1194w, https:\/\/foto.praha-19.ys-beta.cz\/app\/uploads\/2022\/11\/2021_05_27_Pasovani-na-ctenare198-582x388.jpg 582w, https:\/\/foto.praha-19.ys-beta.cz\/app\/uploads\/2022\/11\/2021_05_27_Pasovani-na-ctenare198-276x184.jpg 276w, https:\/\/foto.praha-19.ys-beta.cz\/app\/uploads\/2022\/11\/2021_05_27_Pasovani-na-ctenare198-675x450.jpg 675w, https:\/\/foto.praha-19.ys-beta.cz\/app\/uploads\/2022\/11\/2021_05_27_Pasovani-na-ctenare198.jpg 1920w\" sizes=\"auto, (max-width: 378px) 100vw, 378px\" \/><\/a><\/div><div class='pinhole-item col-xs-12 col-lg-4 col-md-4 col-sm-6  '><a class=\"item-link\" href=\"https:\/\/foto.praha-19.ys-beta.cz\/app\/uploads\/2022\/11\/2021_05_27_Pasovani-na-ctenare197.jpg\" data-caption=\"[]\" data-meta=\"[]\"  data-size=\"{&quot;width&quot;:1920,&quot;height&quot;:1280}\" data-download=\"[]\" data-filename=\"{&quot;name&quot;:&quot;&quot;}\"><img loading=\"lazy\" decoding=\"async\" width=\"378\" height=\"252\" src=\"https:\/\/foto.praha-19.ys-beta.cz\/app\/uploads\/2022\/11\/2021_05_27_Pasovani-na-ctenare197-378x252.jpg\" class=\"attachment-pinhole-col-3 size-pinhole-col-3\" alt=\"\" srcset=\"https:\/\/foto.praha-19.ys-beta.cz\/app\/uploads\/2022\/11\/2021_05_27_Pasovani-na-ctenare197-378x252.jpg 378w, https:\/\/foto.praha-19.ys-beta.cz\/app\/uploads\/2022\/11\/2021_05_27_Pasovani-na-ctenare197-300x200.jpg 300w, https:\/\/foto.praha-19.ys-beta.cz\/app\/uploads\/2022\/11\/2021_05_27_Pasovani-na-ctenare197-1024x683.jpg 1024w, https:\/\/foto.praha-19.ys-beta.cz\/app\/uploads\/2022\/11\/2021_05_27_Pasovani-na-ctenare197-768x512.jpg 768w, https:\/\/foto.praha-19.ys-beta.cz\/app\/uploads\/2022\/11\/2021_05_27_Pasovani-na-ctenare197-1536x1024.jpg 1536w, https:\/\/foto.praha-19.ys-beta.cz\/app\/uploads\/2022\/11\/2021_05_27_Pasovani-na-ctenare197-1194x796.jpg 1194w, https:\/\/foto.praha-19.ys-beta.cz\/app\/uploads\/2022\/11\/2021_05_27_Pasovani-na-ctenare197-582x388.jpg 582w, https:\/\/foto.praha-19.ys-beta.cz\/app\/uploads\/2022\/11\/2021_05_27_Pasovani-na-ctenare197-276x184.jpg 276w, https:\/\/foto.praha-19.ys-beta.cz\/app\/uploads\/2022\/11\/2021_05_27_Pasovani-na-ctenare197-675x450.jpg 675w, https:\/\/foto.praha-19.ys-beta.cz\/app\/uploads\/2022\/11\/2021_05_27_Pasovani-na-ctenare197.jpg 1920w\" sizes=\"auto, (max-width: 378px) 100vw, 378px\" \/><\/a><\/div><div class='pinhole-item col-xs-12 col-lg-4 col-md-4 col-sm-6  '><a class=\"item-link\" href=\"https:\/\/foto.praha-19.ys-beta.cz\/app\/uploads\/2022\/11\/2021_05_27_Pasovani-na-ctenare196.jpg\" data-caption=\"[]\" data-meta=\"[]\"  data-size=\"{&quot;width&quot;:1920,&quot;height&quot;:1280}\" data-download=\"[]\" data-filename=\"{&quot;name&quot;:&quot;&quot;}\"><img loading=\"lazy\" decoding=\"async\" width=\"378\" height=\"252\" src=\"https:\/\/foto.praha-19.ys-beta.cz\/app\/uploads\/2022\/11\/2021_05_27_Pasovani-na-ctenare196-378x252.jpg\" class=\"attachment-pinhole-col-3 size-pinhole-col-3\" alt=\"\" srcset=\"https:\/\/foto.praha-19.ys-beta.cz\/app\/uploads\/2022\/11\/2021_05_27_Pasovani-na-ctenare196-378x252.jpg 378w, https:\/\/foto.praha-19.ys-beta.cz\/app\/uploads\/2022\/11\/2021_05_27_Pasovani-na-ctenare196-300x200.jpg 300w, https:\/\/foto.praha-19.ys-beta.cz\/app\/uploads\/2022\/11\/2021_05_27_Pasovani-na-ctenare196-1024x683.jpg 1024w, https:\/\/foto.praha-19.ys-beta.cz\/app\/uploads\/2022\/11\/2021_05_27_Pasovani-na-ctenare196-768x512.jpg 768w, https:\/\/foto.praha-19.ys-beta.cz\/app\/uploads\/2022\/11\/2021_05_27_Pasovani-na-ctenare196-1536x1024.jpg 1536w, https:\/\/foto.praha-19.ys-beta.cz\/app\/uploads\/2022\/11\/2021_05_27_Pasovani-na-ctenare196-1194x796.jpg 1194w, https:\/\/foto.praha-19.ys-beta.cz\/app\/uploads\/2022\/11\/2021_05_27_Pasovani-na-ctenare196-582x388.jpg 582w, https:\/\/foto.praha-19.ys-beta.cz\/app\/uploads\/2022\/11\/2021_05_27_Pasovani-na-ctenare196-276x184.jpg 276w, https:\/\/foto.praha-19.ys-beta.cz\/app\/uploads\/2022\/11\/2021_05_27_Pasovani-na-ctenare196-675x450.jpg 675w, https:\/\/foto.praha-19.ys-beta.cz\/app\/uploads\/2022\/11\/2021_05_27_Pasovani-na-ctenare196.jpg 1920w\" sizes=\"auto, (max-width: 378px) 100vw, 378px\" \/><\/a><\/div><div class='pinhole-item col-xs-12 col-lg-4 col-md-4 col-sm-6  '><a class=\"item-link\" href=\"https:\/\/foto.praha-19.ys-beta.cz\/app\/uploads\/2022\/11\/2021_05_27_Pasovani-na-ctenare195.jpg\" data-caption=\"[]\" data-meta=\"[]\"  data-size=\"{&quot;width&quot;:1920,&quot;height&quot;:1280}\" data-download=\"[]\" data-filename=\"{&quot;name&quot;:&quot;&quot;}\"><img loading=\"lazy\" decoding=\"async\" width=\"378\" height=\"252\" src=\"https:\/\/foto.praha-19.ys-beta.cz\/app\/uploads\/2022\/11\/2021_05_27_Pasovani-na-ctenare195-378x252.jpg\" class=\"attachment-pinhole-col-3 size-pinhole-col-3\" alt=\"\" srcset=\"https:\/\/foto.praha-19.ys-beta.cz\/app\/uploads\/2022\/11\/2021_05_27_Pasovani-na-ctenare195-378x252.jpg 378w, https:\/\/foto.praha-19.ys-beta.cz\/app\/uploads\/2022\/11\/2021_05_27_Pasovani-na-ctenare195-300x200.jpg 300w, https:\/\/foto.praha-19.ys-beta.cz\/app\/uploads\/2022\/11\/2021_05_27_Pasovani-na-ctenare195-1024x683.jpg 1024w, https:\/\/foto.praha-19.ys-beta.cz\/app\/uploads\/2022\/11\/2021_05_27_Pasovani-na-ctenare195-768x512.jpg 768w, https:\/\/foto.praha-19.ys-beta.cz\/app\/uploads\/2022\/11\/2021_05_27_Pasovani-na-ctenare195-1536x1024.jpg 1536w, https:\/\/foto.praha-19.ys-beta.cz\/app\/uploads\/2022\/11\/2021_05_27_Pasovani-na-ctenare195-1194x796.jpg 1194w, https:\/\/foto.praha-19.ys-beta.cz\/app\/uploads\/2022\/11\/2021_05_27_Pasovani-na-ctenare195-582x388.jpg 582w, https:\/\/foto.praha-19.ys-beta.cz\/app\/uploads\/2022\/11\/2021_05_27_Pasovani-na-ctenare195-276x184.jpg 276w, https:\/\/foto.praha-19.ys-beta.cz\/app\/uploads\/2022\/11\/2021_05_27_Pasovani-na-ctenare195-675x450.jpg 675w, https:\/\/foto.praha-19.ys-beta.cz\/app\/uploads\/2022\/11\/2021_05_27_Pasovani-na-ctenare195.jpg 1920w\" sizes=\"auto, (max-width: 378px) 100vw, 378px\" \/><\/a><\/div><div class='pinhole-item col-xs-12 col-lg-4 col-md-4 col-sm-6  '><a class=\"item-link\" href=\"https:\/\/foto.praha-19.ys-beta.cz\/app\/uploads\/2022\/11\/2021_05_27_Pasovani-na-ctenare194.jpg\" data-caption=\"[]\" data-meta=\"[]\"  data-size=\"{&quot;width&quot;:1920,&quot;height&quot;:1280}\" data-download=\"[]\" data-filename=\"{&quot;name&quot;:&quot;&quot;}\"><img loading=\"lazy\" decoding=\"async\" width=\"378\" height=\"252\" src=\"https:\/\/foto.praha-19.ys-beta.cz\/app\/uploads\/2022\/11\/2021_05_27_Pasovani-na-ctenare194-378x252.jpg\" class=\"attachment-pinhole-col-3 size-pinhole-col-3\" alt=\"\" srcset=\"https:\/\/foto.praha-19.ys-beta.cz\/app\/uploads\/2022\/11\/2021_05_27_Pasovani-na-ctenare194-378x252.jpg 378w, https:\/\/foto.praha-19.ys-beta.cz\/app\/uploads\/2022\/11\/2021_05_27_Pasovani-na-ctenare194-300x200.jpg 300w, https:\/\/foto.praha-19.ys-beta.cz\/app\/uploads\/2022\/11\/2021_05_27_Pasovani-na-ctenare194-1024x683.jpg 1024w, https:\/\/foto.praha-19.ys-beta.cz\/app\/uploads\/2022\/11\/2021_05_27_Pasovani-na-ctenare194-768x512.jpg 768w, https:\/\/foto.praha-19.ys-beta.cz\/app\/uploads\/2022\/11\/2021_05_27_Pasovani-na-ctenare194-1536x1024.jpg 1536w, https:\/\/foto.praha-19.ys-beta.cz\/app\/uploads\/2022\/11\/2021_05_27_Pasovani-na-ctenare194-1194x796.jpg 1194w, https:\/\/foto.praha-19.ys-beta.cz\/app\/uploads\/2022\/11\/2021_05_27_Pasovani-na-ctenare194-582x388.jpg 582w, https:\/\/foto.praha-19.ys-beta.cz\/app\/uploads\/2022\/11\/2021_05_27_Pasovani-na-ctenare194-276x184.jpg 276w, https:\/\/foto.praha-19.ys-beta.cz\/app\/uploads\/2022\/11\/2021_05_27_Pasovani-na-ctenare194-675x450.jpg 675w, https:\/\/foto.praha-19.ys-beta.cz\/app\/uploads\/2022\/11\/2021_05_27_Pasovani-na-ctenare194.jpg 1920w\" sizes=\"auto, (max-width: 378px) 100vw, 378px\" \/><\/a><\/div><div class='pinhole-item col-xs-12 col-lg-4 col-md-4 col-sm-6  '><a class=\"item-link\" href=\"https:\/\/foto.praha-19.ys-beta.cz\/app\/uploads\/2022\/11\/2021_05_27_Pasovani-na-ctenare193.jpg\" data-caption=\"[]\" data-meta=\"[]\"  data-size=\"{&quot;width&quot;:1920,&quot;height&quot;:1280}\" data-download=\"[]\" data-filename=\"{&quot;name&quot;:&quot;&quot;}\"><img loading=\"lazy\" decoding=\"async\" width=\"378\" height=\"252\" src=\"https:\/\/foto.praha-19.ys-beta.cz\/app\/uploads\/2022\/11\/2021_05_27_Pasovani-na-ctenare193-378x252.jpg\" class=\"attachment-pinhole-col-3 size-pinhole-col-3\" alt=\"\" srcset=\"https:\/\/foto.praha-19.ys-beta.cz\/app\/uploads\/2022\/11\/2021_05_27_Pasovani-na-ctenare193-378x252.jpg 378w, https:\/\/foto.praha-19.ys-beta.cz\/app\/uploads\/2022\/11\/2021_05_27_Pasovani-na-ctenare193-300x200.jpg 300w, https:\/\/foto.praha-19.ys-beta.cz\/app\/uploads\/2022\/11\/2021_05_27_Pasovani-na-ctenare193-1024x683.jpg 1024w, https:\/\/foto.praha-19.ys-beta.cz\/app\/uploads\/2022\/11\/2021_05_27_Pasovani-na-ctenare193-768x512.jpg 768w, https:\/\/foto.praha-19.ys-beta.cz\/app\/uploads\/2022\/11\/2021_05_27_Pasovani-na-ctenare193-1536x1024.jpg 1536w, https:\/\/foto.praha-19.ys-beta.cz\/app\/uploads\/2022\/11\/2021_05_27_Pasovani-na-ctenare193-1194x796.jpg 1194w, https:\/\/foto.praha-19.ys-beta.cz\/app\/uploads\/2022\/11\/2021_05_27_Pasovani-na-ctenare193-582x388.jpg 582w, https:\/\/foto.praha-19.ys-beta.cz\/app\/uploads\/2022\/11\/2021_05_27_Pasovani-na-ctenare193-276x184.jpg 276w, https:\/\/foto.praha-19.ys-beta.cz\/app\/uploads\/2022\/11\/2021_05_27_Pasovani-na-ctenare193-675x450.jpg 675w, https:\/\/foto.praha-19.ys-beta.cz\/app\/uploads\/2022\/11\/2021_05_27_Pasovani-na-ctenare193.jpg 1920w\" sizes=\"auto, (max-width: 378px) 100vw, 378px\" \/><\/a><\/div><div class='pinhole-item col-xs-12 col-lg-4 col-md-4 col-sm-6  '><a class=\"item-link\" href=\"https:\/\/foto.praha-19.ys-beta.cz\/app\/uploads\/2022\/11\/2021_05_27_Pasovani-na-ctenare192.jpg\" data-caption=\"[]\" data-meta=\"[]\"  data-size=\"{&quot;width&quot;:1920,&quot;height&quot;:1280}\" data-download=\"[]\" data-filename=\"{&quot;name&quot;:&quot;&quot;}\"><img loading=\"lazy\" decoding=\"async\" width=\"378\" height=\"252\" src=\"https:\/\/foto.praha-19.ys-beta.cz\/app\/uploads\/2022\/11\/2021_05_27_Pasovani-na-ctenare192-378x252.jpg\" class=\"attachment-pinhole-col-3 size-pinhole-col-3\" alt=\"\" srcset=\"https:\/\/foto.praha-19.ys-beta.cz\/app\/uploads\/2022\/11\/2021_05_27_Pasovani-na-ctenare192-378x252.jpg 378w, https:\/\/foto.praha-19.ys-beta.cz\/app\/uploads\/2022\/11\/2021_05_27_Pasovani-na-ctenare192-300x200.jpg 300w, https:\/\/foto.praha-19.ys-beta.cz\/app\/uploads\/2022\/11\/2021_05_27_Pasovani-na-ctenare192-1024x683.jpg 1024w, https:\/\/foto.praha-19.ys-beta.cz\/app\/uploads\/2022\/11\/2021_05_27_Pasovani-na-ctenare192-768x512.jpg 768w, https:\/\/foto.praha-19.ys-beta.cz\/app\/uploads\/2022\/11\/2021_05_27_Pasovani-na-ctenare192-1536x1024.jpg 1536w, https:\/\/foto.praha-19.ys-beta.cz\/app\/uploads\/2022\/11\/2021_05_27_Pasovani-na-ctenare192-1194x796.jpg 1194w, https:\/\/foto.praha-19.ys-beta.cz\/app\/uploads\/2022\/11\/2021_05_27_Pasovani-na-ctenare192-582x388.jpg 582w, https:\/\/foto.praha-19.ys-beta.cz\/app\/uploads\/2022\/11\/2021_05_27_Pasovani-na-ctenare192-276x184.jpg 276w, https:\/\/foto.praha-19.ys-beta.cz\/app\/uploads\/2022\/11\/2021_05_27_Pasovani-na-ctenare192-675x450.jpg 675w, https:\/\/foto.praha-19.ys-beta.cz\/app\/uploads\/2022\/11\/2021_05_27_Pasovani-na-ctenare192.jpg 1920w\" sizes=\"auto, (max-width: 378px) 100vw, 378px\" \/><\/a><\/div><div class='pinhole-item col-xs-12 col-lg-4 col-md-4 col-sm-6  '><a class=\"item-link\" href=\"https:\/\/foto.praha-19.ys-beta.cz\/app\/uploads\/2022\/11\/2021_05_27_Pasovani-na-ctenare191.jpg\" data-caption=\"[]\" data-meta=\"[]\"  data-size=\"{&quot;width&quot;:1920,&quot;height&quot;:1280}\" data-download=\"[]\" data-filename=\"{&quot;name&quot;:&quot;&quot;}\"><img loading=\"lazy\" decoding=\"async\" width=\"378\" height=\"252\" src=\"https:\/\/foto.praha-19.ys-beta.cz\/app\/uploads\/2022\/11\/2021_05_27_Pasovani-na-ctenare191-378x252.jpg\" class=\"attachment-pinhole-col-3 size-pinhole-col-3\" alt=\"\" srcset=\"https:\/\/foto.praha-19.ys-beta.cz\/app\/uploads\/2022\/11\/2021_05_27_Pasovani-na-ctenare191-378x252.jpg 378w, https:\/\/foto.praha-19.ys-beta.cz\/app\/uploads\/2022\/11\/2021_05_27_Pasovani-na-ctenare191-300x200.jpg 300w, https:\/\/foto.praha-19.ys-beta.cz\/app\/uploads\/2022\/11\/2021_05_27_Pasovani-na-ctenare191-1024x683.jpg 1024w, https:\/\/foto.praha-19.ys-beta.cz\/app\/uploads\/2022\/11\/2021_05_27_Pasovani-na-ctenare191-768x512.jpg 768w, https:\/\/foto.praha-19.ys-beta.cz\/app\/uploads\/2022\/11\/2021_05_27_Pasovani-na-ctenare191-1536x1024.jpg 1536w, https:\/\/foto.praha-19.ys-beta.cz\/app\/uploads\/2022\/11\/2021_05_27_Pasovani-na-ctenare191-1194x796.jpg 1194w, https:\/\/foto.praha-19.ys-beta.cz\/app\/uploads\/2022\/11\/2021_05_27_Pasovani-na-ctenare191-582x388.jpg 582w, https:\/\/foto.praha-19.ys-beta.cz\/app\/uploads\/2022\/11\/2021_05_27_Pasovani-na-ctenare191-276x184.jpg 276w, https:\/\/foto.praha-19.ys-beta.cz\/app\/uploads\/2022\/11\/2021_05_27_Pasovani-na-ctenare191-675x450.jpg 675w, https:\/\/foto.praha-19.ys-beta.cz\/app\/uploads\/2022\/11\/2021_05_27_Pasovani-na-ctenare191.jpg 1920w\" sizes=\"auto, (max-width: 378px) 100vw, 378px\" \/><\/a><\/div><div class='pinhole-item col-xs-12 col-lg-4 col-md-4 col-sm-6  '><a class=\"item-link\" href=\"https:\/\/foto.praha-19.ys-beta.cz\/app\/uploads\/2022\/11\/2021_05_27_Pasovani-na-ctenare190.jpg\" data-caption=\"[]\" data-meta=\"[]\"  data-size=\"{&quot;width&quot;:1920,&quot;height&quot;:1280}\" data-download=\"[]\" data-filename=\"{&quot;name&quot;:&quot;&quot;}\"><img loading=\"lazy\" decoding=\"async\" width=\"378\" height=\"252\" src=\"https:\/\/foto.praha-19.ys-beta.cz\/app\/uploads\/2022\/11\/2021_05_27_Pasovani-na-ctenare190-378x252.jpg\" class=\"attachment-pinhole-col-3 size-pinhole-col-3\" alt=\"\" srcset=\"https:\/\/foto.praha-19.ys-beta.cz\/app\/uploads\/2022\/11\/2021_05_27_Pasovani-na-ctenare190-378x252.jpg 378w, https:\/\/foto.praha-19.ys-beta.cz\/app\/uploads\/2022\/11\/2021_05_27_Pasovani-na-ctenare190-300x200.jpg 300w, https:\/\/foto.praha-19.ys-beta.cz\/app\/uploads\/2022\/11\/2021_05_27_Pasovani-na-ctenare190-1024x683.jpg 1024w, https:\/\/foto.praha-19.ys-beta.cz\/app\/uploads\/2022\/11\/2021_05_27_Pasovani-na-ctenare190-768x512.jpg 768w, https:\/\/foto.praha-19.ys-beta.cz\/app\/uploads\/2022\/11\/2021_05_27_Pasovani-na-ctenare190-1536x1024.jpg 1536w, https:\/\/foto.praha-19.ys-beta.cz\/app\/uploads\/2022\/11\/2021_05_27_Pasovani-na-ctenare190-1194x796.jpg 1194w, https:\/\/foto.praha-19.ys-beta.cz\/app\/uploads\/2022\/11\/2021_05_27_Pasovani-na-ctenare190-582x388.jpg 582w, https:\/\/foto.praha-19.ys-beta.cz\/app\/uploads\/2022\/11\/2021_05_27_Pasovani-na-ctenare190-276x184.jpg 276w, https:\/\/foto.praha-19.ys-beta.cz\/app\/uploads\/2022\/11\/2021_05_27_Pasovani-na-ctenare190-675x450.jpg 675w, https:\/\/foto.praha-19.ys-beta.cz\/app\/uploads\/2022\/11\/2021_05_27_Pasovani-na-ctenare190.jpg 1920w\" sizes=\"auto, (max-width: 378px) 100vw, 378px\" \/><\/a><\/div><div class='pinhole-item col-xs-12 col-lg-4 col-md-4 col-sm-6  '><a class=\"item-link\" href=\"https:\/\/foto.praha-19.ys-beta.cz\/app\/uploads\/2022\/11\/2021_05_27_Pasovani-na-ctenare189.jpg\" data-caption=\"[]\" data-meta=\"[]\"  data-size=\"{&quot;width&quot;:1920,&quot;height&quot;:1280}\" data-download=\"[]\" data-filename=\"{&quot;name&quot;:&quot;&quot;}\"><img loading=\"lazy\" decoding=\"async\" width=\"378\" height=\"252\" src=\"https:\/\/foto.praha-19.ys-beta.cz\/app\/uploads\/2022\/11\/2021_05_27_Pasovani-na-ctenare189-378x252.jpg\" class=\"attachment-pinhole-col-3 size-pinhole-col-3\" alt=\"\" srcset=\"https:\/\/foto.praha-19.ys-beta.cz\/app\/uploads\/2022\/11\/2021_05_27_Pasovani-na-ctenare189-378x252.jpg 378w, https:\/\/foto.praha-19.ys-beta.cz\/app\/uploads\/2022\/11\/2021_05_27_Pasovani-na-ctenare189-300x200.jpg 300w, https:\/\/foto.praha-19.ys-beta.cz\/app\/uploads\/2022\/11\/2021_05_27_Pasovani-na-ctenare189-1024x683.jpg 1024w, https:\/\/foto.praha-19.ys-beta.cz\/app\/uploads\/2022\/11\/2021_05_27_Pasovani-na-ctenare189-768x512.jpg 768w, https:\/\/foto.praha-19.ys-beta.cz\/app\/uploads\/2022\/11\/2021_05_27_Pasovani-na-ctenare189-1536x1024.jpg 1536w, https:\/\/foto.praha-19.ys-beta.cz\/app\/uploads\/2022\/11\/2021_05_27_Pasovani-na-ctenare189-1194x796.jpg 1194w, https:\/\/foto.praha-19.ys-beta.cz\/app\/uploads\/2022\/11\/2021_05_27_Pasovani-na-ctenare189-582x388.jpg 582w, https:\/\/foto.praha-19.ys-beta.cz\/app\/uploads\/2022\/11\/2021_05_27_Pasovani-na-ctenare189-276x184.jpg 276w, https:\/\/foto.praha-19.ys-beta.cz\/app\/uploads\/2022\/11\/2021_05_27_Pasovani-na-ctenare189-675x450.jpg 675w, https:\/\/foto.praha-19.ys-beta.cz\/app\/uploads\/2022\/11\/2021_05_27_Pasovani-na-ctenare189.jpg 1920w\" sizes=\"auto, (max-width: 378px) 100vw, 378px\" \/><\/a><\/div><div class='pinhole-item col-xs-12 col-lg-4 col-md-4 col-sm-6  '><a class=\"item-link\" href=\"https:\/\/foto.praha-19.ys-beta.cz\/app\/uploads\/2022\/11\/2021_05_27_Pasovani-na-ctenare187.jpg\" data-caption=\"[]\" data-meta=\"[]\"  data-size=\"{&quot;width&quot;:1920,&quot;height&quot;:1280}\" data-download=\"[]\" data-filename=\"{&quot;name&quot;:&quot;&quot;}\"><img loading=\"lazy\" decoding=\"async\" width=\"378\" height=\"252\" src=\"https:\/\/foto.praha-19.ys-beta.cz\/app\/uploads\/2022\/11\/2021_05_27_Pasovani-na-ctenare187-378x252.jpg\" class=\"attachment-pinhole-col-3 size-pinhole-col-3\" alt=\"\" srcset=\"https:\/\/foto.praha-19.ys-beta.cz\/app\/uploads\/2022\/11\/2021_05_27_Pasovani-na-ctenare187-378x252.jpg 378w, https:\/\/foto.praha-19.ys-beta.cz\/app\/uploads\/2022\/11\/2021_05_27_Pasovani-na-ctenare187-300x200.jpg 300w, https:\/\/foto.praha-19.ys-beta.cz\/app\/uploads\/2022\/11\/2021_05_27_Pasovani-na-ctenare187-1024x683.jpg 1024w, https:\/\/foto.praha-19.ys-beta.cz\/app\/uploads\/2022\/11\/2021_05_27_Pasovani-na-ctenare187-768x512.jpg 768w, https:\/\/foto.praha-19.ys-beta.cz\/app\/uploads\/2022\/11\/2021_05_27_Pasovani-na-ctenare187-1536x1024.jpg 1536w, https:\/\/foto.praha-19.ys-beta.cz\/app\/uploads\/2022\/11\/2021_05_27_Pasovani-na-ctenare187-1194x796.jpg 1194w, https:\/\/foto.praha-19.ys-beta.cz\/app\/uploads\/2022\/11\/2021_05_27_Pasovani-na-ctenare187-582x388.jpg 582w, https:\/\/foto.praha-19.ys-beta.cz\/app\/uploads\/2022\/11\/2021_05_27_Pasovani-na-ctenare187-276x184.jpg 276w, https:\/\/foto.praha-19.ys-beta.cz\/app\/uploads\/2022\/11\/2021_05_27_Pasovani-na-ctenare187-675x450.jpg 675w, https:\/\/foto.praha-19.ys-beta.cz\/app\/uploads\/2022\/11\/2021_05_27_Pasovani-na-ctenare187.jpg 1920w\" sizes=\"auto, (max-width: 378px) 100vw, 378px\" \/><\/a><\/div><div class='pinhole-item col-xs-12 col-lg-4 col-md-4 col-sm-6  '><a class=\"item-link\" href=\"https:\/\/foto.praha-19.ys-beta.cz\/app\/uploads\/2022\/11\/2021_05_27_Pasovani-na-ctenare185.jpg\" data-caption=\"[]\" data-meta=\"[]\"  data-size=\"{&quot;width&quot;:1920,&quot;height&quot;:1280}\" data-download=\"[]\" data-filename=\"{&quot;name&quot;:&quot;&quot;}\"><img loading=\"lazy\" decoding=\"async\" width=\"378\" height=\"252\" src=\"https:\/\/foto.praha-19.ys-beta.cz\/app\/uploads\/2022\/11\/2021_05_27_Pasovani-na-ctenare185-378x252.jpg\" class=\"attachment-pinhole-col-3 size-pinhole-col-3\" alt=\"\" srcset=\"https:\/\/foto.praha-19.ys-beta.cz\/app\/uploads\/2022\/11\/2021_05_27_Pasovani-na-ctenare185-378x252.jpg 378w, https:\/\/foto.praha-19.ys-beta.cz\/app\/uploads\/2022\/11\/2021_05_27_Pasovani-na-ctenare185-300x200.jpg 300w, https:\/\/foto.praha-19.ys-beta.cz\/app\/uploads\/2022\/11\/2021_05_27_Pasovani-na-ctenare185-1024x683.jpg 1024w, https:\/\/foto.praha-19.ys-beta.cz\/app\/uploads\/2022\/11\/2021_05_27_Pasovani-na-ctenare185-768x512.jpg 768w, https:\/\/foto.praha-19.ys-beta.cz\/app\/uploads\/2022\/11\/2021_05_27_Pasovani-na-ctenare185-1536x1024.jpg 1536w, https:\/\/foto.praha-19.ys-beta.cz\/app\/uploads\/2022\/11\/2021_05_27_Pasovani-na-ctenare185-1194x796.jpg 1194w, https:\/\/foto.praha-19.ys-beta.cz\/app\/uploads\/2022\/11\/2021_05_27_Pasovani-na-ctenare185-582x388.jpg 582w, https:\/\/foto.praha-19.ys-beta.cz\/app\/uploads\/2022\/11\/2021_05_27_Pasovani-na-ctenare185-276x184.jpg 276w, https:\/\/foto.praha-19.ys-beta.cz\/app\/uploads\/2022\/11\/2021_05_27_Pasovani-na-ctenare185-675x450.jpg 675w, https:\/\/foto.praha-19.ys-beta.cz\/app\/uploads\/2022\/11\/2021_05_27_Pasovani-na-ctenare185.jpg 1920w\" sizes=\"auto, (max-width: 378px) 100vw, 378px\" \/><\/a><\/div><div class='pinhole-item col-xs-12 col-lg-4 col-md-4 col-sm-6  '><a class=\"item-link\" href=\"https:\/\/foto.praha-19.ys-beta.cz\/app\/uploads\/2022\/11\/2021_05_27_Pasovani-na-ctenare183.jpg\" data-caption=\"[]\" data-meta=\"[]\"  data-size=\"{&quot;width&quot;:1920,&quot;height&quot;:1280}\" data-download=\"[]\" data-filename=\"{&quot;name&quot;:&quot;&quot;}\"><img loading=\"lazy\" decoding=\"async\" width=\"378\" height=\"252\" src=\"https:\/\/foto.praha-19.ys-beta.cz\/app\/uploads\/2022\/11\/2021_05_27_Pasovani-na-ctenare183-378x252.jpg\" class=\"attachment-pinhole-col-3 size-pinhole-col-3\" alt=\"\" srcset=\"https:\/\/foto.praha-19.ys-beta.cz\/app\/uploads\/2022\/11\/2021_05_27_Pasovani-na-ctenare183-378x252.jpg 378w, https:\/\/foto.praha-19.ys-beta.cz\/app\/uploads\/2022\/11\/2021_05_27_Pasovani-na-ctenare183-300x200.jpg 300w, https:\/\/foto.praha-19.ys-beta.cz\/app\/uploads\/2022\/11\/2021_05_27_Pasovani-na-ctenare183-1024x683.jpg 1024w, https:\/\/foto.praha-19.ys-beta.cz\/app\/uploads\/2022\/11\/2021_05_27_Pasovani-na-ctenare183-768x512.jpg 768w, https:\/\/foto.praha-19.ys-beta.cz\/app\/uploads\/2022\/11\/2021_05_27_Pasovani-na-ctenare183-1536x1024.jpg 1536w, https:\/\/foto.praha-19.ys-beta.cz\/app\/uploads\/2022\/11\/2021_05_27_Pasovani-na-ctenare183-1194x796.jpg 1194w, https:\/\/foto.praha-19.ys-beta.cz\/app\/uploads\/2022\/11\/2021_05_27_Pasovani-na-ctenare183-582x388.jpg 582w, https:\/\/foto.praha-19.ys-beta.cz\/app\/uploads\/2022\/11\/2021_05_27_Pasovani-na-ctenare183-276x184.jpg 276w, https:\/\/foto.praha-19.ys-beta.cz\/app\/uploads\/2022\/11\/2021_05_27_Pasovani-na-ctenare183-675x450.jpg 675w, https:\/\/foto.praha-19.ys-beta.cz\/app\/uploads\/2022\/11\/2021_05_27_Pasovani-na-ctenare183.jpg 1920w\" sizes=\"auto, (max-width: 378px) 100vw, 378px\" \/><\/a><\/div><div class='pinhole-item col-xs-12 col-lg-4 col-md-4 col-sm-6  '><a class=\"item-link\" href=\"https:\/\/foto.praha-19.ys-beta.cz\/app\/uploads\/2022\/11\/2021_05_27_Pasovani-na-ctenare182.jpg\" data-caption=\"[]\" data-meta=\"[]\"  data-size=\"{&quot;width&quot;:1920,&quot;height&quot;:1280}\" data-download=\"[]\" data-filename=\"{&quot;name&quot;:&quot;&quot;}\"><img loading=\"lazy\" decoding=\"async\" width=\"378\" height=\"252\" src=\"https:\/\/foto.praha-19.ys-beta.cz\/app\/uploads\/2022\/11\/2021_05_27_Pasovani-na-ctenare182-378x252.jpg\" class=\"attachment-pinhole-col-3 size-pinhole-col-3\" alt=\"\" srcset=\"https:\/\/foto.praha-19.ys-beta.cz\/app\/uploads\/2022\/11\/2021_05_27_Pasovani-na-ctenare182-378x252.jpg 378w, https:\/\/foto.praha-19.ys-beta.cz\/app\/uploads\/2022\/11\/2021_05_27_Pasovani-na-ctenare182-300x200.jpg 300w, https:\/\/foto.praha-19.ys-beta.cz\/app\/uploads\/2022\/11\/2021_05_27_Pasovani-na-ctenare182-1024x683.jpg 1024w, https:\/\/foto.praha-19.ys-beta.cz\/app\/uploads\/2022\/11\/2021_05_27_Pasovani-na-ctenare182-768x512.jpg 768w, https:\/\/foto.praha-19.ys-beta.cz\/app\/uploads\/2022\/11\/2021_05_27_Pasovani-na-ctenare182-1536x1024.jpg 1536w, https:\/\/foto.praha-19.ys-beta.cz\/app\/uploads\/2022\/11\/2021_05_27_Pasovani-na-ctenare182-1194x796.jpg 1194w, https:\/\/foto.praha-19.ys-beta.cz\/app\/uploads\/2022\/11\/2021_05_27_Pasovani-na-ctenare182-582x388.jpg 582w, https:\/\/foto.praha-19.ys-beta.cz\/app\/uploads\/2022\/11\/2021_05_27_Pasovani-na-ctenare182-276x184.jpg 276w, https:\/\/foto.praha-19.ys-beta.cz\/app\/uploads\/2022\/11\/2021_05_27_Pasovani-na-ctenare182-675x450.jpg 675w, https:\/\/foto.praha-19.ys-beta.cz\/app\/uploads\/2022\/11\/2021_05_27_Pasovani-na-ctenare182.jpg 1920w\" sizes=\"auto, (max-width: 378px) 100vw, 378px\" \/><\/a><\/div><div class='pinhole-item col-xs-12 col-lg-4 col-md-4 col-sm-6  '><a class=\"item-link\" href=\"https:\/\/foto.praha-19.ys-beta.cz\/app\/uploads\/2022\/11\/2021_05_27_Pasovani-na-ctenare181.jpg\" data-caption=\"[]\" data-meta=\"[]\"  data-size=\"{&quot;width&quot;:1920,&quot;height&quot;:1280}\" data-download=\"[]\" data-filename=\"{&quot;name&quot;:&quot;&quot;}\"><img loading=\"lazy\" decoding=\"async\" width=\"378\" height=\"252\" src=\"https:\/\/foto.praha-19.ys-beta.cz\/app\/uploads\/2022\/11\/2021_05_27_Pasovani-na-ctenare181-378x252.jpg\" class=\"attachment-pinhole-col-3 size-pinhole-col-3\" alt=\"\" srcset=\"https:\/\/foto.praha-19.ys-beta.cz\/app\/uploads\/2022\/11\/2021_05_27_Pasovani-na-ctenare181-378x252.jpg 378w, https:\/\/foto.praha-19.ys-beta.cz\/app\/uploads\/2022\/11\/2021_05_27_Pasovani-na-ctenare181-300x200.jpg 300w, https:\/\/foto.praha-19.ys-beta.cz\/app\/uploads\/2022\/11\/2021_05_27_Pasovani-na-ctenare181-1024x683.jpg 1024w, https:\/\/foto.praha-19.ys-beta.cz\/app\/uploads\/2022\/11\/2021_05_27_Pasovani-na-ctenare181-768x512.jpg 768w, https:\/\/foto.praha-19.ys-beta.cz\/app\/uploads\/2022\/11\/2021_05_27_Pasovani-na-ctenare181-1536x1024.jpg 1536w, https:\/\/foto.praha-19.ys-beta.cz\/app\/uploads\/2022\/11\/2021_05_27_Pasovani-na-ctenare181-1194x796.jpg 1194w, https:\/\/foto.praha-19.ys-beta.cz\/app\/uploads\/2022\/11\/2021_05_27_Pasovani-na-ctenare181-582x388.jpg 582w, https:\/\/foto.praha-19.ys-beta.cz\/app\/uploads\/2022\/11\/2021_05_27_Pasovani-na-ctenare181-276x184.jpg 276w, https:\/\/foto.praha-19.ys-beta.cz\/app\/uploads\/2022\/11\/2021_05_27_Pasovani-na-ctenare181-675x450.jpg 675w, https:\/\/foto.praha-19.ys-beta.cz\/app\/uploads\/2022\/11\/2021_05_27_Pasovani-na-ctenare181.jpg 1920w\" sizes=\"auto, (max-width: 378px) 100vw, 378px\" \/><\/a><\/div><div class='pinhole-item col-xs-12 col-lg-4 col-md-4 col-sm-6  '><a class=\"item-link\" href=\"https:\/\/foto.praha-19.ys-beta.cz\/app\/uploads\/2022\/11\/2021_05_27_Pasovani-na-ctenare180.jpg\" data-caption=\"[]\" data-meta=\"[]\"  data-size=\"{&quot;width&quot;:1280,&quot;height&quot;:1920}\" data-download=\"[]\" data-filename=\"{&quot;name&quot;:&quot;&quot;}\"><img loading=\"lazy\" decoding=\"async\" width=\"378\" height=\"567\" src=\"https:\/\/foto.praha-19.ys-beta.cz\/app\/uploads\/2022\/11\/2021_05_27_Pasovani-na-ctenare180-378x567.jpg\" class=\"attachment-pinhole-col-3 size-pinhole-col-3\" alt=\"\" srcset=\"https:\/\/foto.praha-19.ys-beta.cz\/app\/uploads\/2022\/11\/2021_05_27_Pasovani-na-ctenare180-378x567.jpg 378w, https:\/\/foto.praha-19.ys-beta.cz\/app\/uploads\/2022\/11\/2021_05_27_Pasovani-na-ctenare180-200x300.jpg 200w, https:\/\/foto.praha-19.ys-beta.cz\/app\/uploads\/2022\/11\/2021_05_27_Pasovani-na-ctenare180-683x1024.jpg 683w, https:\/\/foto.praha-19.ys-beta.cz\/app\/uploads\/2022\/11\/2021_05_27_Pasovani-na-ctenare180-768x1152.jpg 768w, https:\/\/foto.praha-19.ys-beta.cz\/app\/uploads\/2022\/11\/2021_05_27_Pasovani-na-ctenare180-1024x1536.jpg 1024w, https:\/\/foto.praha-19.ys-beta.cz\/app\/uploads\/2022\/11\/2021_05_27_Pasovani-na-ctenare180-1194x1791.jpg 1194w, https:\/\/foto.praha-19.ys-beta.cz\/app\/uploads\/2022\/11\/2021_05_27_Pasovani-na-ctenare180-582x873.jpg 582w, https:\/\/foto.praha-19.ys-beta.cz\/app\/uploads\/2022\/11\/2021_05_27_Pasovani-na-ctenare180-276x414.jpg 276w, https:\/\/foto.praha-19.ys-beta.cz\/app\/uploads\/2022\/11\/2021_05_27_Pasovani-na-ctenare180-300x450.jpg 300w, https:\/\/foto.praha-19.ys-beta.cz\/app\/uploads\/2022\/11\/2021_05_27_Pasovani-na-ctenare180.jpg 1280w\" sizes=\"auto, (max-width: 378px) 100vw, 378px\" \/><\/a><\/div><div class='pinhole-item col-xs-12 col-lg-4 col-md-4 col-sm-6  '><a class=\"item-link\" href=\"https:\/\/foto.praha-19.ys-beta.cz\/app\/uploads\/2022\/11\/2021_05_27_Pasovani-na-ctenare179.jpg\" data-caption=\"[]\" data-meta=\"[]\"  data-size=\"{&quot;width&quot;:1280,&quot;height&quot;:1920}\" data-download=\"[]\" data-filename=\"{&quot;name&quot;:&quot;&quot;}\"><img loading=\"lazy\" decoding=\"async\" width=\"378\" height=\"567\" src=\"https:\/\/foto.praha-19.ys-beta.cz\/app\/uploads\/2022\/11\/2021_05_27_Pasovani-na-ctenare179-378x567.jpg\" class=\"attachment-pinhole-col-3 size-pinhole-col-3\" alt=\"\" srcset=\"https:\/\/foto.praha-19.ys-beta.cz\/app\/uploads\/2022\/11\/2021_05_27_Pasovani-na-ctenare179-378x567.jpg 378w, https:\/\/foto.praha-19.ys-beta.cz\/app\/uploads\/2022\/11\/2021_05_27_Pasovani-na-ctenare179-200x300.jpg 200w, https:\/\/foto.praha-19.ys-beta.cz\/app\/uploads\/2022\/11\/2021_05_27_Pasovani-na-ctenare179-683x1024.jpg 683w, https:\/\/foto.praha-19.ys-beta.cz\/app\/uploads\/2022\/11\/2021_05_27_Pasovani-na-ctenare179-768x1152.jpg 768w, https:\/\/foto.praha-19.ys-beta.cz\/app\/uploads\/2022\/11\/2021_05_27_Pasovani-na-ctenare179-1024x1536.jpg 1024w, https:\/\/foto.praha-19.ys-beta.cz\/app\/uploads\/2022\/11\/2021_05_27_Pasovani-na-ctenare179-1194x1791.jpg 1194w, https:\/\/foto.praha-19.ys-beta.cz\/app\/uploads\/2022\/11\/2021_05_27_Pasovani-na-ctenare179-582x873.jpg 582w, https:\/\/foto.praha-19.ys-beta.cz\/app\/uploads\/2022\/11\/2021_05_27_Pasovani-na-ctenare179-276x414.jpg 276w, https:\/\/foto.praha-19.ys-beta.cz\/app\/uploads\/2022\/11\/2021_05_27_Pasovani-na-ctenare179-300x450.jpg 300w, https:\/\/foto.praha-19.ys-beta.cz\/app\/uploads\/2022\/11\/2021_05_27_Pasovani-na-ctenare179.jpg 1280w\" sizes=\"auto, (max-width: 378px) 100vw, 378px\" \/><\/a><\/div><div class='pinhole-item col-xs-12 col-lg-4 col-md-4 col-sm-6  '><a class=\"item-link\" href=\"https:\/\/foto.praha-19.ys-beta.cz\/app\/uploads\/2022\/11\/2021_05_27_Pasovani-na-ctenare178.jpg\" data-caption=\"[]\" data-meta=\"[]\"  data-size=\"{&quot;width&quot;:1280,&quot;height&quot;:1920}\" data-download=\"[]\" data-filename=\"{&quot;name&quot;:&quot;&quot;}\"><img loading=\"lazy\" decoding=\"async\" width=\"378\" height=\"567\" src=\"https:\/\/foto.praha-19.ys-beta.cz\/app\/uploads\/2022\/11\/2021_05_27_Pasovani-na-ctenare178-378x567.jpg\" class=\"attachment-pinhole-col-3 size-pinhole-col-3\" alt=\"\" srcset=\"https:\/\/foto.praha-19.ys-beta.cz\/app\/uploads\/2022\/11\/2021_05_27_Pasovani-na-ctenare178-378x567.jpg 378w, https:\/\/foto.praha-19.ys-beta.cz\/app\/uploads\/2022\/11\/2021_05_27_Pasovani-na-ctenare178-200x300.jpg 200w, https:\/\/foto.praha-19.ys-beta.cz\/app\/uploads\/2022\/11\/2021_05_27_Pasovani-na-ctenare178-683x1024.jpg 683w, https:\/\/foto.praha-19.ys-beta.cz\/app\/uploads\/2022\/11\/2021_05_27_Pasovani-na-ctenare178-768x1152.jpg 768w, https:\/\/foto.praha-19.ys-beta.cz\/app\/uploads\/2022\/11\/2021_05_27_Pasovani-na-ctenare178-1024x1536.jpg 1024w, https:\/\/foto.praha-19.ys-beta.cz\/app\/uploads\/2022\/11\/2021_05_27_Pasovani-na-ctenare178-1194x1791.jpg 1194w, https:\/\/foto.praha-19.ys-beta.cz\/app\/uploads\/2022\/11\/2021_05_27_Pasovani-na-ctenare178-582x873.jpg 582w, https:\/\/foto.praha-19.ys-beta.cz\/app\/uploads\/2022\/11\/2021_05_27_Pasovani-na-ctenare178-276x414.jpg 276w, https:\/\/foto.praha-19.ys-beta.cz\/app\/uploads\/2022\/11\/2021_05_27_Pasovani-na-ctenare178-300x450.jpg 300w, https:\/\/foto.praha-19.ys-beta.cz\/app\/uploads\/2022\/11\/2021_05_27_Pasovani-na-ctenare178.jpg 1280w\" sizes=\"auto, (max-width: 378px) 100vw, 378px\" \/><\/a><\/div><div class='pinhole-item col-xs-12 col-lg-4 col-md-4 col-sm-6  '><a class=\"item-link\" href=\"https:\/\/foto.praha-19.ys-beta.cz\/app\/uploads\/2022\/11\/2021_05_27_Pasovani-na-ctenare177.jpg\" data-caption=\"[]\" data-meta=\"[]\"  data-size=\"{&quot;width&quot;:1920,&quot;height&quot;:1280}\" data-download=\"[]\" data-filename=\"{&quot;name&quot;:&quot;&quot;}\"><img loading=\"lazy\" decoding=\"async\" width=\"378\" height=\"252\" src=\"https:\/\/foto.praha-19.ys-beta.cz\/app\/uploads\/2022\/11\/2021_05_27_Pasovani-na-ctenare177-378x252.jpg\" class=\"attachment-pinhole-col-3 size-pinhole-col-3\" alt=\"\" srcset=\"https:\/\/foto.praha-19.ys-beta.cz\/app\/uploads\/2022\/11\/2021_05_27_Pasovani-na-ctenare177-378x252.jpg 378w, https:\/\/foto.praha-19.ys-beta.cz\/app\/uploads\/2022\/11\/2021_05_27_Pasovani-na-ctenare177-300x200.jpg 300w, https:\/\/foto.praha-19.ys-beta.cz\/app\/uploads\/2022\/11\/2021_05_27_Pasovani-na-ctenare177-1024x683.jpg 1024w, https:\/\/foto.praha-19.ys-beta.cz\/app\/uploads\/2022\/11\/2021_05_27_Pasovani-na-ctenare177-768x512.jpg 768w, https:\/\/foto.praha-19.ys-beta.cz\/app\/uploads\/2022\/11\/2021_05_27_Pasovani-na-ctenare177-1536x1024.jpg 1536w, https:\/\/foto.praha-19.ys-beta.cz\/app\/uploads\/2022\/11\/2021_05_27_Pasovani-na-ctenare177-1194x796.jpg 1194w, https:\/\/foto.praha-19.ys-beta.cz\/app\/uploads\/2022\/11\/2021_05_27_Pasovani-na-ctenare177-582x388.jpg 582w, https:\/\/foto.praha-19.ys-beta.cz\/app\/uploads\/2022\/11\/2021_05_27_Pasovani-na-ctenare177-276x184.jpg 276w, https:\/\/foto.praha-19.ys-beta.cz\/app\/uploads\/2022\/11\/2021_05_27_Pasovani-na-ctenare177-675x450.jpg 675w, https:\/\/foto.praha-19.ys-beta.cz\/app\/uploads\/2022\/11\/2021_05_27_Pasovani-na-ctenare177.jpg 1920w\" sizes=\"auto, (max-width: 378px) 100vw, 378px\" \/><\/a><\/div><div class='pinhole-item col-xs-12 col-lg-4 col-md-4 col-sm-6  '><a class=\"item-link\" href=\"https:\/\/foto.praha-19.ys-beta.cz\/app\/uploads\/2022\/11\/2021_05_27_Pasovani-na-ctenare176.jpg\" data-caption=\"[]\" data-meta=\"[]\"  data-size=\"{&quot;width&quot;:1280,&quot;height&quot;:1920}\" data-download=\"[]\" data-filename=\"{&quot;name&quot;:&quot;&quot;}\"><img loading=\"lazy\" decoding=\"async\" width=\"378\" height=\"567\" src=\"https:\/\/foto.praha-19.ys-beta.cz\/app\/uploads\/2022\/11\/2021_05_27_Pasovani-na-ctenare176-378x567.jpg\" class=\"attachment-pinhole-col-3 size-pinhole-col-3\" alt=\"\" srcset=\"https:\/\/foto.praha-19.ys-beta.cz\/app\/uploads\/2022\/11\/2021_05_27_Pasovani-na-ctenare176-378x567.jpg 378w, https:\/\/foto.praha-19.ys-beta.cz\/app\/uploads\/2022\/11\/2021_05_27_Pasovani-na-ctenare176-200x300.jpg 200w, https:\/\/foto.praha-19.ys-beta.cz\/app\/uploads\/2022\/11\/2021_05_27_Pasovani-na-ctenare176-683x1024.jpg 683w, https:\/\/foto.praha-19.ys-beta.cz\/app\/uploads\/2022\/11\/2021_05_27_Pasovani-na-ctenare176-768x1152.jpg 768w, https:\/\/foto.praha-19.ys-beta.cz\/app\/uploads\/2022\/11\/2021_05_27_Pasovani-na-ctenare176-1024x1536.jpg 1024w, https:\/\/foto.praha-19.ys-beta.cz\/app\/uploads\/2022\/11\/2021_05_27_Pasovani-na-ctenare176-1194x1791.jpg 1194w, https:\/\/foto.praha-19.ys-beta.cz\/app\/uploads\/2022\/11\/2021_05_27_Pasovani-na-ctenare176-582x873.jpg 582w, https:\/\/foto.praha-19.ys-beta.cz\/app\/uploads\/2022\/11\/2021_05_27_Pasovani-na-ctenare176-276x414.jpg 276w, https:\/\/foto.praha-19.ys-beta.cz\/app\/uploads\/2022\/11\/2021_05_27_Pasovani-na-ctenare176-300x450.jpg 300w, https:\/\/foto.praha-19.ys-beta.cz\/app\/uploads\/2022\/11\/2021_05_27_Pasovani-na-ctenare176.jpg 1280w\" sizes=\"auto, (max-width: 378px) 100vw, 378px\" \/><\/a><\/div><div class='pinhole-item col-xs-12 col-lg-4 col-md-4 col-sm-6  '><a class=\"item-link\" href=\"https:\/\/foto.praha-19.ys-beta.cz\/app\/uploads\/2022\/11\/2021_05_27_Pasovani-na-ctenare175.jpg\" data-caption=\"[]\" data-meta=\"[]\"  data-size=\"{&quot;width&quot;:1280,&quot;height&quot;:1920}\" data-download=\"[]\" data-filename=\"{&quot;name&quot;:&quot;&quot;}\"><img loading=\"lazy\" decoding=\"async\" width=\"378\" height=\"567\" src=\"https:\/\/foto.praha-19.ys-beta.cz\/app\/uploads\/2022\/11\/2021_05_27_Pasovani-na-ctenare175-378x567.jpg\" class=\"attachment-pinhole-col-3 size-pinhole-col-3\" alt=\"\" srcset=\"https:\/\/foto.praha-19.ys-beta.cz\/app\/uploads\/2022\/11\/2021_05_27_Pasovani-na-ctenare175-378x567.jpg 378w, https:\/\/foto.praha-19.ys-beta.cz\/app\/uploads\/2022\/11\/2021_05_27_Pasovani-na-ctenare175-200x300.jpg 200w, https:\/\/foto.praha-19.ys-beta.cz\/app\/uploads\/2022\/11\/2021_05_27_Pasovani-na-ctenare175-683x1024.jpg 683w, https:\/\/foto.praha-19.ys-beta.cz\/app\/uploads\/2022\/11\/2021_05_27_Pasovani-na-ctenare175-768x1152.jpg 768w, https:\/\/foto.praha-19.ys-beta.cz\/app\/uploads\/2022\/11\/2021_05_27_Pasovani-na-ctenare175-1024x1536.jpg 1024w, https:\/\/foto.praha-19.ys-beta.cz\/app\/uploads\/2022\/11\/2021_05_27_Pasovani-na-ctenare175-1194x1791.jpg 1194w, https:\/\/foto.praha-19.ys-beta.cz\/app\/uploads\/2022\/11\/2021_05_27_Pasovani-na-ctenare175-582x873.jpg 582w, https:\/\/foto.praha-19.ys-beta.cz\/app\/uploads\/2022\/11\/2021_05_27_Pasovani-na-ctenare175-276x414.jpg 276w, https:\/\/foto.praha-19.ys-beta.cz\/app\/uploads\/2022\/11\/2021_05_27_Pasovani-na-ctenare175-300x450.jpg 300w, https:\/\/foto.praha-19.ys-beta.cz\/app\/uploads\/2022\/11\/2021_05_27_Pasovani-na-ctenare175.jpg 1280w\" sizes=\"auto, (max-width: 378px) 100vw, 378px\" \/><\/a><\/div><div class='pinhole-item col-xs-12 col-lg-4 col-md-4 col-sm-6  '><a class=\"item-link\" href=\"https:\/\/foto.praha-19.ys-beta.cz\/app\/uploads\/2022\/11\/2021_05_27_Pasovani-na-ctenare174.jpg\" data-caption=\"[]\" data-meta=\"[]\"  data-size=\"{&quot;width&quot;:1280,&quot;height&quot;:1920}\" data-download=\"[]\" data-filename=\"{&quot;name&quot;:&quot;&quot;}\"><img loading=\"lazy\" decoding=\"async\" width=\"378\" height=\"567\" src=\"https:\/\/foto.praha-19.ys-beta.cz\/app\/uploads\/2022\/11\/2021_05_27_Pasovani-na-ctenare174-378x567.jpg\" class=\"attachment-pinhole-col-3 size-pinhole-col-3\" alt=\"\" srcset=\"https:\/\/foto.praha-19.ys-beta.cz\/app\/uploads\/2022\/11\/2021_05_27_Pasovani-na-ctenare174-378x567.jpg 378w, https:\/\/foto.praha-19.ys-beta.cz\/app\/uploads\/2022\/11\/2021_05_27_Pasovani-na-ctenare174-200x300.jpg 200w, https:\/\/foto.praha-19.ys-beta.cz\/app\/uploads\/2022\/11\/2021_05_27_Pasovani-na-ctenare174-683x1024.jpg 683w, https:\/\/foto.praha-19.ys-beta.cz\/app\/uploads\/2022\/11\/2021_05_27_Pasovani-na-ctenare174-768x1152.jpg 768w, https:\/\/foto.praha-19.ys-beta.cz\/app\/uploads\/2022\/11\/2021_05_27_Pasovani-na-ctenare174-1024x1536.jpg 1024w, https:\/\/foto.praha-19.ys-beta.cz\/app\/uploads\/2022\/11\/2021_05_27_Pasovani-na-ctenare174-1194x1791.jpg 1194w, https:\/\/foto.praha-19.ys-beta.cz\/app\/uploads\/2022\/11\/2021_05_27_Pasovani-na-ctenare174-582x873.jpg 582w, https:\/\/foto.praha-19.ys-beta.cz\/app\/uploads\/2022\/11\/2021_05_27_Pasovani-na-ctenare174-276x414.jpg 276w, https:\/\/foto.praha-19.ys-beta.cz\/app\/uploads\/2022\/11\/2021_05_27_Pasovani-na-ctenare174-300x450.jpg 300w, https:\/\/foto.praha-19.ys-beta.cz\/app\/uploads\/2022\/11\/2021_05_27_Pasovani-na-ctenare174.jpg 1280w\" sizes=\"auto, (max-width: 378px) 100vw, 378px\" \/><\/a><\/div><div class='pinhole-item col-xs-12 col-lg-4 col-md-4 col-sm-6  '><a class=\"item-link\" href=\"https:\/\/foto.praha-19.ys-beta.cz\/app\/uploads\/2022\/11\/2021_05_27_Pasovani-na-ctenare173.jpg\" data-caption=\"[]\" data-meta=\"[]\"  data-size=\"{&quot;width&quot;:1920,&quot;height&quot;:1280}\" data-download=\"[]\" data-filename=\"{&quot;name&quot;:&quot;&quot;}\"><img loading=\"lazy\" decoding=\"async\" width=\"378\" height=\"252\" src=\"https:\/\/foto.praha-19.ys-beta.cz\/app\/uploads\/2022\/11\/2021_05_27_Pasovani-na-ctenare173-378x252.jpg\" class=\"attachment-pinhole-col-3 size-pinhole-col-3\" alt=\"\" srcset=\"https:\/\/foto.praha-19.ys-beta.cz\/app\/uploads\/2022\/11\/2021_05_27_Pasovani-na-ctenare173-378x252.jpg 378w, https:\/\/foto.praha-19.ys-beta.cz\/app\/uploads\/2022\/11\/2021_05_27_Pasovani-na-ctenare173-300x200.jpg 300w, https:\/\/foto.praha-19.ys-beta.cz\/app\/uploads\/2022\/11\/2021_05_27_Pasovani-na-ctenare173-1024x683.jpg 1024w, https:\/\/foto.praha-19.ys-beta.cz\/app\/uploads\/2022\/11\/2021_05_27_Pasovani-na-ctenare173-768x512.jpg 768w, https:\/\/foto.praha-19.ys-beta.cz\/app\/uploads\/2022\/11\/2021_05_27_Pasovani-na-ctenare173-1536x1024.jpg 1536w, https:\/\/foto.praha-19.ys-beta.cz\/app\/uploads\/2022\/11\/2021_05_27_Pasovani-na-ctenare173-1194x796.jpg 1194w, https:\/\/foto.praha-19.ys-beta.cz\/app\/uploads\/2022\/11\/2021_05_27_Pasovani-na-ctenare173-582x388.jpg 582w, https:\/\/foto.praha-19.ys-beta.cz\/app\/uploads\/2022\/11\/2021_05_27_Pasovani-na-ctenare173-276x184.jpg 276w, https:\/\/foto.praha-19.ys-beta.cz\/app\/uploads\/2022\/11\/2021_05_27_Pasovani-na-ctenare173-675x450.jpg 675w, https:\/\/foto.praha-19.ys-beta.cz\/app\/uploads\/2022\/11\/2021_05_27_Pasovani-na-ctenare173.jpg 1920w\" sizes=\"auto, (max-width: 378px) 100vw, 378px\" \/><\/a><\/div><div class='pinhole-item col-xs-12 col-lg-4 col-md-4 col-sm-6  '><a class=\"item-link\" href=\"https:\/\/foto.praha-19.ys-beta.cz\/app\/uploads\/2022\/11\/2021_05_27_Pasovani-na-ctenare172.jpg\" data-caption=\"[]\" data-meta=\"[]\"  data-size=\"{&quot;width&quot;:1280,&quot;height&quot;:1920}\" data-download=\"[]\" data-filename=\"{&quot;name&quot;:&quot;&quot;}\"><img loading=\"lazy\" decoding=\"async\" width=\"378\" height=\"567\" src=\"https:\/\/foto.praha-19.ys-beta.cz\/app\/uploads\/2022\/11\/2021_05_27_Pasovani-na-ctenare172-378x567.jpg\" class=\"attachment-pinhole-col-3 size-pinhole-col-3\" alt=\"\" srcset=\"https:\/\/foto.praha-19.ys-beta.cz\/app\/uploads\/2022\/11\/2021_05_27_Pasovani-na-ctenare172-378x567.jpg 378w, https:\/\/foto.praha-19.ys-beta.cz\/app\/uploads\/2022\/11\/2021_05_27_Pasovani-na-ctenare172-200x300.jpg 200w, https:\/\/foto.praha-19.ys-beta.cz\/app\/uploads\/2022\/11\/2021_05_27_Pasovani-na-ctenare172-683x1024.jpg 683w, https:\/\/foto.praha-19.ys-beta.cz\/app\/uploads\/2022\/11\/2021_05_27_Pasovani-na-ctenare172-768x1152.jpg 768w, https:\/\/foto.praha-19.ys-beta.cz\/app\/uploads\/2022\/11\/2021_05_27_Pasovani-na-ctenare172-1024x1536.jpg 1024w, https:\/\/foto.praha-19.ys-beta.cz\/app\/uploads\/2022\/11\/2021_05_27_Pasovani-na-ctenare172-1194x1791.jpg 1194w, https:\/\/foto.praha-19.ys-beta.cz\/app\/uploads\/2022\/11\/2021_05_27_Pasovani-na-ctenare172-582x873.jpg 582w, https:\/\/foto.praha-19.ys-beta.cz\/app\/uploads\/2022\/11\/2021_05_27_Pasovani-na-ctenare172-276x414.jpg 276w, https:\/\/foto.praha-19.ys-beta.cz\/app\/uploads\/2022\/11\/2021_05_27_Pasovani-na-ctenare172-300x450.jpg 300w, https:\/\/foto.praha-19.ys-beta.cz\/app\/uploads\/2022\/11\/2021_05_27_Pasovani-na-ctenare172.jpg 1280w\" sizes=\"auto, (max-width: 378px) 100vw, 378px\" \/><\/a><\/div><div class='pinhole-item col-xs-12 col-lg-4 col-md-4 col-sm-6  '><a class=\"item-link\" href=\"https:\/\/foto.praha-19.ys-beta.cz\/app\/uploads\/2022\/11\/2021_05_27_Pasovani-na-ctenare171.jpg\" data-caption=\"[]\" data-meta=\"[]\"  data-size=\"{&quot;width&quot;:1280,&quot;height&quot;:1920}\" data-download=\"[]\" data-filename=\"{&quot;name&quot;:&quot;&quot;}\"><img loading=\"lazy\" decoding=\"async\" width=\"378\" height=\"567\" src=\"https:\/\/foto.praha-19.ys-beta.cz\/app\/uploads\/2022\/11\/2021_05_27_Pasovani-na-ctenare171-378x567.jpg\" class=\"attachment-pinhole-col-3 size-pinhole-col-3\" alt=\"\" srcset=\"https:\/\/foto.praha-19.ys-beta.cz\/app\/uploads\/2022\/11\/2021_05_27_Pasovani-na-ctenare171-378x567.jpg 378w, https:\/\/foto.praha-19.ys-beta.cz\/app\/uploads\/2022\/11\/2021_05_27_Pasovani-na-ctenare171-200x300.jpg 200w, https:\/\/foto.praha-19.ys-beta.cz\/app\/uploads\/2022\/11\/2021_05_27_Pasovani-na-ctenare171-683x1024.jpg 683w, https:\/\/foto.praha-19.ys-beta.cz\/app\/uploads\/2022\/11\/2021_05_27_Pasovani-na-ctenare171-768x1152.jpg 768w, https:\/\/foto.praha-19.ys-beta.cz\/app\/uploads\/2022\/11\/2021_05_27_Pasovani-na-ctenare171-1024x1536.jpg 1024w, https:\/\/foto.praha-19.ys-beta.cz\/app\/uploads\/2022\/11\/2021_05_27_Pasovani-na-ctenare171-1194x1791.jpg 1194w, https:\/\/foto.praha-19.ys-beta.cz\/app\/uploads\/2022\/11\/2021_05_27_Pasovani-na-ctenare171-582x873.jpg 582w, https:\/\/foto.praha-19.ys-beta.cz\/app\/uploads\/2022\/11\/2021_05_27_Pasovani-na-ctenare171-276x414.jpg 276w, https:\/\/foto.praha-19.ys-beta.cz\/app\/uploads\/2022\/11\/2021_05_27_Pasovani-na-ctenare171-300x450.jpg 300w, https:\/\/foto.praha-19.ys-beta.cz\/app\/uploads\/2022\/11\/2021_05_27_Pasovani-na-ctenare171.jpg 1280w\" sizes=\"auto, (max-width: 378px) 100vw, 378px\" \/><\/a><\/div><div class='pinhole-item col-xs-12 col-lg-4 col-md-4 col-sm-6  '><a class=\"item-link\" href=\"https:\/\/foto.praha-19.ys-beta.cz\/app\/uploads\/2022\/11\/2021_05_27_Pasovani-na-ctenare170.jpg\" data-caption=\"[]\" data-meta=\"[]\"  data-size=\"{&quot;width&quot;:1280,&quot;height&quot;:1920}\" data-download=\"[]\" data-filename=\"{&quot;name&quot;:&quot;&quot;}\"><img loading=\"lazy\" decoding=\"async\" width=\"378\" height=\"567\" src=\"https:\/\/foto.praha-19.ys-beta.cz\/app\/uploads\/2022\/11\/2021_05_27_Pasovani-na-ctenare170-378x567.jpg\" class=\"attachment-pinhole-col-3 size-pinhole-col-3\" alt=\"\" srcset=\"https:\/\/foto.praha-19.ys-beta.cz\/app\/uploads\/2022\/11\/2021_05_27_Pasovani-na-ctenare170-378x567.jpg 378w, https:\/\/foto.praha-19.ys-beta.cz\/app\/uploads\/2022\/11\/2021_05_27_Pasovani-na-ctenare170-200x300.jpg 200w, https:\/\/foto.praha-19.ys-beta.cz\/app\/uploads\/2022\/11\/2021_05_27_Pasovani-na-ctenare170-683x1024.jpg 683w, https:\/\/foto.praha-19.ys-beta.cz\/app\/uploads\/2022\/11\/2021_05_27_Pasovani-na-ctenare170-768x1152.jpg 768w, https:\/\/foto.praha-19.ys-beta.cz\/app\/uploads\/2022\/11\/2021_05_27_Pasovani-na-ctenare170-1024x1536.jpg 1024w, https:\/\/foto.praha-19.ys-beta.cz\/app\/uploads\/2022\/11\/2021_05_27_Pasovani-na-ctenare170-1194x1791.jpg 1194w, https:\/\/foto.praha-19.ys-beta.cz\/app\/uploads\/2022\/11\/2021_05_27_Pasovani-na-ctenare170-582x873.jpg 582w, https:\/\/foto.praha-19.ys-beta.cz\/app\/uploads\/2022\/11\/2021_05_27_Pasovani-na-ctenare170-276x414.jpg 276w, https:\/\/foto.praha-19.ys-beta.cz\/app\/uploads\/2022\/11\/2021_05_27_Pasovani-na-ctenare170-300x450.jpg 300w, https:\/\/foto.praha-19.ys-beta.cz\/app\/uploads\/2022\/11\/2021_05_27_Pasovani-na-ctenare170.jpg 1280w\" sizes=\"auto, (max-width: 378px) 100vw, 378px\" \/><\/a><\/div><div class='pinhole-item col-xs-12 col-lg-4 col-md-4 col-sm-6  '><a class=\"item-link\" href=\"https:\/\/foto.praha-19.ys-beta.cz\/app\/uploads\/2022\/11\/2021_05_27_Pasovani-na-ctenare169.jpg\" data-caption=\"[]\" data-meta=\"[]\"  data-size=\"{&quot;width&quot;:1920,&quot;height&quot;:1280}\" data-download=\"[]\" data-filename=\"{&quot;name&quot;:&quot;&quot;}\"><img loading=\"lazy\" decoding=\"async\" width=\"378\" height=\"252\" src=\"https:\/\/foto.praha-19.ys-beta.cz\/app\/uploads\/2022\/11\/2021_05_27_Pasovani-na-ctenare169-378x252.jpg\" class=\"attachment-pinhole-col-3 size-pinhole-col-3\" alt=\"\" srcset=\"https:\/\/foto.praha-19.ys-beta.cz\/app\/uploads\/2022\/11\/2021_05_27_Pasovani-na-ctenare169-378x252.jpg 378w, https:\/\/foto.praha-19.ys-beta.cz\/app\/uploads\/2022\/11\/2021_05_27_Pasovani-na-ctenare169-300x200.jpg 300w, https:\/\/foto.praha-19.ys-beta.cz\/app\/uploads\/2022\/11\/2021_05_27_Pasovani-na-ctenare169-1024x683.jpg 1024w, https:\/\/foto.praha-19.ys-beta.cz\/app\/uploads\/2022\/11\/2021_05_27_Pasovani-na-ctenare169-768x512.jpg 768w, https:\/\/foto.praha-19.ys-beta.cz\/app\/uploads\/2022\/11\/2021_05_27_Pasovani-na-ctenare169-1536x1024.jpg 1536w, https:\/\/foto.praha-19.ys-beta.cz\/app\/uploads\/2022\/11\/2021_05_27_Pasovani-na-ctenare169-1194x796.jpg 1194w, https:\/\/foto.praha-19.ys-beta.cz\/app\/uploads\/2022\/11\/2021_05_27_Pasovani-na-ctenare169-582x388.jpg 582w, https:\/\/foto.praha-19.ys-beta.cz\/app\/uploads\/2022\/11\/2021_05_27_Pasovani-na-ctenare169-276x184.jpg 276w, https:\/\/foto.praha-19.ys-beta.cz\/app\/uploads\/2022\/11\/2021_05_27_Pasovani-na-ctenare169-675x450.jpg 675w, https:\/\/foto.praha-19.ys-beta.cz\/app\/uploads\/2022\/11\/2021_05_27_Pasovani-na-ctenare169.jpg 1920w\" sizes=\"auto, (max-width: 378px) 100vw, 378px\" \/><\/a><\/div><div class='pinhole-item col-xs-12 col-lg-4 col-md-4 col-sm-6  '><a class=\"item-link\" href=\"https:\/\/foto.praha-19.ys-beta.cz\/app\/uploads\/2022\/11\/2021_05_27_Pasovani-na-ctenare168.jpg\" data-caption=\"[]\" data-meta=\"[]\"  data-size=\"{&quot;width&quot;:1280,&quot;height&quot;:1920}\" data-download=\"[]\" data-filename=\"{&quot;name&quot;:&quot;&quot;}\"><img loading=\"lazy\" decoding=\"async\" width=\"378\" height=\"567\" src=\"https:\/\/foto.praha-19.ys-beta.cz\/app\/uploads\/2022\/11\/2021_05_27_Pasovani-na-ctenare168-378x567.jpg\" class=\"attachment-pinhole-col-3 size-pinhole-col-3\" alt=\"\" srcset=\"https:\/\/foto.praha-19.ys-beta.cz\/app\/uploads\/2022\/11\/2021_05_27_Pasovani-na-ctenare168-378x567.jpg 378w, https:\/\/foto.praha-19.ys-beta.cz\/app\/uploads\/2022\/11\/2021_05_27_Pasovani-na-ctenare168-200x300.jpg 200w, https:\/\/foto.praha-19.ys-beta.cz\/app\/uploads\/2022\/11\/2021_05_27_Pasovani-na-ctenare168-683x1024.jpg 683w, https:\/\/foto.praha-19.ys-beta.cz\/app\/uploads\/2022\/11\/2021_05_27_Pasovani-na-ctenare168-768x1152.jpg 768w, https:\/\/foto.praha-19.ys-beta.cz\/app\/uploads\/2022\/11\/2021_05_27_Pasovani-na-ctenare168-1024x1536.jpg 1024w, https:\/\/foto.praha-19.ys-beta.cz\/app\/uploads\/2022\/11\/2021_05_27_Pasovani-na-ctenare168-1194x1791.jpg 1194w, https:\/\/foto.praha-19.ys-beta.cz\/app\/uploads\/2022\/11\/2021_05_27_Pasovani-na-ctenare168-582x873.jpg 582w, https:\/\/foto.praha-19.ys-beta.cz\/app\/uploads\/2022\/11\/2021_05_27_Pasovani-na-ctenare168-276x414.jpg 276w, https:\/\/foto.praha-19.ys-beta.cz\/app\/uploads\/2022\/11\/2021_05_27_Pasovani-na-ctenare168-300x450.jpg 300w, https:\/\/foto.praha-19.ys-beta.cz\/app\/uploads\/2022\/11\/2021_05_27_Pasovani-na-ctenare168.jpg 1280w\" sizes=\"auto, (max-width: 378px) 100vw, 378px\" \/><\/a><\/div><div class='pinhole-item col-xs-12 col-lg-4 col-md-4 col-sm-6  '><a class=\"item-link\" href=\"https:\/\/foto.praha-19.ys-beta.cz\/app\/uploads\/2022\/11\/2021_05_27_Pasovani-na-ctenare167.jpg\" data-caption=\"[]\" data-meta=\"[]\"  data-size=\"{&quot;width&quot;:1280,&quot;height&quot;:1920}\" data-download=\"[]\" data-filename=\"{&quot;name&quot;:&quot;&quot;}\"><img loading=\"lazy\" decoding=\"async\" width=\"378\" height=\"567\" src=\"https:\/\/foto.praha-19.ys-beta.cz\/app\/uploads\/2022\/11\/2021_05_27_Pasovani-na-ctenare167-378x567.jpg\" class=\"attachment-pinhole-col-3 size-pinhole-col-3\" alt=\"\" srcset=\"https:\/\/foto.praha-19.ys-beta.cz\/app\/uploads\/2022\/11\/2021_05_27_Pasovani-na-ctenare167-378x567.jpg 378w, https:\/\/foto.praha-19.ys-beta.cz\/app\/uploads\/2022\/11\/2021_05_27_Pasovani-na-ctenare167-200x300.jpg 200w, https:\/\/foto.praha-19.ys-beta.cz\/app\/uploads\/2022\/11\/2021_05_27_Pasovani-na-ctenare167-683x1024.jpg 683w, https:\/\/foto.praha-19.ys-beta.cz\/app\/uploads\/2022\/11\/2021_05_27_Pasovani-na-ctenare167-768x1152.jpg 768w, https:\/\/foto.praha-19.ys-beta.cz\/app\/uploads\/2022\/11\/2021_05_27_Pasovani-na-ctenare167-1024x1536.jpg 1024w, https:\/\/foto.praha-19.ys-beta.cz\/app\/uploads\/2022\/11\/2021_05_27_Pasovani-na-ctenare167-1194x1791.jpg 1194w, https:\/\/foto.praha-19.ys-beta.cz\/app\/uploads\/2022\/11\/2021_05_27_Pasovani-na-ctenare167-582x873.jpg 582w, https:\/\/foto.praha-19.ys-beta.cz\/app\/uploads\/2022\/11\/2021_05_27_Pasovani-na-ctenare167-276x414.jpg 276w, https:\/\/foto.praha-19.ys-beta.cz\/app\/uploads\/2022\/11\/2021_05_27_Pasovani-na-ctenare167-300x450.jpg 300w, https:\/\/foto.praha-19.ys-beta.cz\/app\/uploads\/2022\/11\/2021_05_27_Pasovani-na-ctenare167.jpg 1280w\" sizes=\"auto, (max-width: 378px) 100vw, 378px\" \/><\/a><\/div><div class='pinhole-item col-xs-12 col-lg-4 col-md-4 col-sm-6  '><a class=\"item-link\" href=\"https:\/\/foto.praha-19.ys-beta.cz\/app\/uploads\/2022\/11\/2021_05_27_Pasovani-na-ctenare166.jpg\" data-caption=\"[]\" data-meta=\"[]\"  data-size=\"{&quot;width&quot;:1280,&quot;height&quot;:1920}\" data-download=\"[]\" data-filename=\"{&quot;name&quot;:&quot;&quot;}\"><img loading=\"lazy\" decoding=\"async\" width=\"378\" height=\"567\" src=\"https:\/\/foto.praha-19.ys-beta.cz\/app\/uploads\/2022\/11\/2021_05_27_Pasovani-na-ctenare166-378x567.jpg\" class=\"attachment-pinhole-col-3 size-pinhole-col-3\" alt=\"\" srcset=\"https:\/\/foto.praha-19.ys-beta.cz\/app\/uploads\/2022\/11\/2021_05_27_Pasovani-na-ctenare166-378x567.jpg 378w, https:\/\/foto.praha-19.ys-beta.cz\/app\/uploads\/2022\/11\/2021_05_27_Pasovani-na-ctenare166-200x300.jpg 200w, https:\/\/foto.praha-19.ys-beta.cz\/app\/uploads\/2022\/11\/2021_05_27_Pasovani-na-ctenare166-683x1024.jpg 683w, https:\/\/foto.praha-19.ys-beta.cz\/app\/uploads\/2022\/11\/2021_05_27_Pasovani-na-ctenare166-768x1152.jpg 768w, https:\/\/foto.praha-19.ys-beta.cz\/app\/uploads\/2022\/11\/2021_05_27_Pasovani-na-ctenare166-1024x1536.jpg 1024w, https:\/\/foto.praha-19.ys-beta.cz\/app\/uploads\/2022\/11\/2021_05_27_Pasovani-na-ctenare166-1194x1791.jpg 1194w, https:\/\/foto.praha-19.ys-beta.cz\/app\/uploads\/2022\/11\/2021_05_27_Pasovani-na-ctenare166-582x873.jpg 582w, https:\/\/foto.praha-19.ys-beta.cz\/app\/uploads\/2022\/11\/2021_05_27_Pasovani-na-ctenare166-276x414.jpg 276w, https:\/\/foto.praha-19.ys-beta.cz\/app\/uploads\/2022\/11\/2021_05_27_Pasovani-na-ctenare166-300x450.jpg 300w, https:\/\/foto.praha-19.ys-beta.cz\/app\/uploads\/2022\/11\/2021_05_27_Pasovani-na-ctenare166.jpg 1280w\" sizes=\"auto, (max-width: 378px) 100vw, 378px\" \/><\/a><\/div><div class='pinhole-item col-xs-12 col-lg-4 col-md-4 col-sm-6  '><a class=\"item-link\" href=\"https:\/\/foto.praha-19.ys-beta.cz\/app\/uploads\/2022\/11\/2021_05_27_Pasovani-na-ctenare165.jpg\" data-caption=\"[]\" data-meta=\"[]\"  data-size=\"{&quot;width&quot;:1920,&quot;height&quot;:1280}\" data-download=\"[]\" data-filename=\"{&quot;name&quot;:&quot;&quot;}\"><img loading=\"lazy\" decoding=\"async\" width=\"378\" height=\"252\" src=\"https:\/\/foto.praha-19.ys-beta.cz\/app\/uploads\/2022\/11\/2021_05_27_Pasovani-na-ctenare165-378x252.jpg\" class=\"attachment-pinhole-col-3 size-pinhole-col-3\" alt=\"\" srcset=\"https:\/\/foto.praha-19.ys-beta.cz\/app\/uploads\/2022\/11\/2021_05_27_Pasovani-na-ctenare165-378x252.jpg 378w, https:\/\/foto.praha-19.ys-beta.cz\/app\/uploads\/2022\/11\/2021_05_27_Pasovani-na-ctenare165-300x200.jpg 300w, https:\/\/foto.praha-19.ys-beta.cz\/app\/uploads\/2022\/11\/2021_05_27_Pasovani-na-ctenare165-1024x683.jpg 1024w, https:\/\/foto.praha-19.ys-beta.cz\/app\/uploads\/2022\/11\/2021_05_27_Pasovani-na-ctenare165-768x512.jpg 768w, https:\/\/foto.praha-19.ys-beta.cz\/app\/uploads\/2022\/11\/2021_05_27_Pasovani-na-ctenare165-1536x1024.jpg 1536w, https:\/\/foto.praha-19.ys-beta.cz\/app\/uploads\/2022\/11\/2021_05_27_Pasovani-na-ctenare165-1194x796.jpg 1194w, https:\/\/foto.praha-19.ys-beta.cz\/app\/uploads\/2022\/11\/2021_05_27_Pasovani-na-ctenare165-582x388.jpg 582w, https:\/\/foto.praha-19.ys-beta.cz\/app\/uploads\/2022\/11\/2021_05_27_Pasovani-na-ctenare165-276x184.jpg 276w, https:\/\/foto.praha-19.ys-beta.cz\/app\/uploads\/2022\/11\/2021_05_27_Pasovani-na-ctenare165-675x450.jpg 675w, https:\/\/foto.praha-19.ys-beta.cz\/app\/uploads\/2022\/11\/2021_05_27_Pasovani-na-ctenare165.jpg 1920w\" sizes=\"auto, (max-width: 378px) 100vw, 378px\" \/><\/a><\/div><div class='pinhole-item col-xs-12 col-lg-4 col-md-4 col-sm-6  '><a class=\"item-link\" href=\"https:\/\/foto.praha-19.ys-beta.cz\/app\/uploads\/2022\/11\/2021_05_27_Pasovani-na-ctenare164.jpg\" data-caption=\"[]\" data-meta=\"[]\"  data-size=\"{&quot;width&quot;:1280,&quot;height&quot;:1920}\" data-download=\"[]\" data-filename=\"{&quot;name&quot;:&quot;&quot;}\"><img loading=\"lazy\" decoding=\"async\" width=\"378\" height=\"567\" src=\"https:\/\/foto.praha-19.ys-beta.cz\/app\/uploads\/2022\/11\/2021_05_27_Pasovani-na-ctenare164-378x567.jpg\" class=\"attachment-pinhole-col-3 size-pinhole-col-3\" alt=\"\" srcset=\"https:\/\/foto.praha-19.ys-beta.cz\/app\/uploads\/2022\/11\/2021_05_27_Pasovani-na-ctenare164-378x567.jpg 378w, https:\/\/foto.praha-19.ys-beta.cz\/app\/uploads\/2022\/11\/2021_05_27_Pasovani-na-ctenare164-200x300.jpg 200w, https:\/\/foto.praha-19.ys-beta.cz\/app\/uploads\/2022\/11\/2021_05_27_Pasovani-na-ctenare164-683x1024.jpg 683w, https:\/\/foto.praha-19.ys-beta.cz\/app\/uploads\/2022\/11\/2021_05_27_Pasovani-na-ctenare164-768x1152.jpg 768w, https:\/\/foto.praha-19.ys-beta.cz\/app\/uploads\/2022\/11\/2021_05_27_Pasovani-na-ctenare164-1024x1536.jpg 1024w, https:\/\/foto.praha-19.ys-beta.cz\/app\/uploads\/2022\/11\/2021_05_27_Pasovani-na-ctenare164-1194x1791.jpg 1194w, https:\/\/foto.praha-19.ys-beta.cz\/app\/uploads\/2022\/11\/2021_05_27_Pasovani-na-ctenare164-582x873.jpg 582w, https:\/\/foto.praha-19.ys-beta.cz\/app\/uploads\/2022\/11\/2021_05_27_Pasovani-na-ctenare164-276x414.jpg 276w, https:\/\/foto.praha-19.ys-beta.cz\/app\/uploads\/2022\/11\/2021_05_27_Pasovani-na-ctenare164-300x450.jpg 300w, https:\/\/foto.praha-19.ys-beta.cz\/app\/uploads\/2022\/11\/2021_05_27_Pasovani-na-ctenare164.jpg 1280w\" sizes=\"auto, (max-width: 378px) 100vw, 378px\" \/><\/a><\/div><div class='pinhole-item col-xs-12 col-lg-4 col-md-4 col-sm-6  '><a class=\"item-link\" href=\"https:\/\/foto.praha-19.ys-beta.cz\/app\/uploads\/2022\/11\/2021_05_27_Pasovani-na-ctenare163.jpg\" data-caption=\"[]\" data-meta=\"[]\"  data-size=\"{&quot;width&quot;:1280,&quot;height&quot;:1920}\" data-download=\"[]\" data-filename=\"{&quot;name&quot;:&quot;&quot;}\"><img loading=\"lazy\" decoding=\"async\" width=\"378\" height=\"567\" src=\"https:\/\/foto.praha-19.ys-beta.cz\/app\/uploads\/2022\/11\/2021_05_27_Pasovani-na-ctenare163-378x567.jpg\" class=\"attachment-pinhole-col-3 size-pinhole-col-3\" alt=\"\" srcset=\"https:\/\/foto.praha-19.ys-beta.cz\/app\/uploads\/2022\/11\/2021_05_27_Pasovani-na-ctenare163-378x567.jpg 378w, https:\/\/foto.praha-19.ys-beta.cz\/app\/uploads\/2022\/11\/2021_05_27_Pasovani-na-ctenare163-200x300.jpg 200w, https:\/\/foto.praha-19.ys-beta.cz\/app\/uploads\/2022\/11\/2021_05_27_Pasovani-na-ctenare163-683x1024.jpg 683w, https:\/\/foto.praha-19.ys-beta.cz\/app\/uploads\/2022\/11\/2021_05_27_Pasovani-na-ctenare163-768x1152.jpg 768w, https:\/\/foto.praha-19.ys-beta.cz\/app\/uploads\/2022\/11\/2021_05_27_Pasovani-na-ctenare163-1024x1536.jpg 1024w, https:\/\/foto.praha-19.ys-beta.cz\/app\/uploads\/2022\/11\/2021_05_27_Pasovani-na-ctenare163-1194x1791.jpg 1194w, https:\/\/foto.praha-19.ys-beta.cz\/app\/uploads\/2022\/11\/2021_05_27_Pasovani-na-ctenare163-582x873.jpg 582w, https:\/\/foto.praha-19.ys-beta.cz\/app\/uploads\/2022\/11\/2021_05_27_Pasovani-na-ctenare163-276x414.jpg 276w, https:\/\/foto.praha-19.ys-beta.cz\/app\/uploads\/2022\/11\/2021_05_27_Pasovani-na-ctenare163-300x450.jpg 300w, https:\/\/foto.praha-19.ys-beta.cz\/app\/uploads\/2022\/11\/2021_05_27_Pasovani-na-ctenare163.jpg 1280w\" sizes=\"auto, (max-width: 378px) 100vw, 378px\" \/><\/a><\/div><div class='pinhole-item col-xs-12 col-lg-4 col-md-4 col-sm-6  '><a class=\"item-link\" href=\"https:\/\/foto.praha-19.ys-beta.cz\/app\/uploads\/2022\/11\/2021_05_27_Pasovani-na-ctenare162.jpg\" data-caption=\"[]\" data-meta=\"[]\"  data-size=\"{&quot;width&quot;:1280,&quot;height&quot;:1920}\" data-download=\"[]\" data-filename=\"{&quot;name&quot;:&quot;&quot;}\"><img loading=\"lazy\" decoding=\"async\" width=\"378\" height=\"567\" src=\"https:\/\/foto.praha-19.ys-beta.cz\/app\/uploads\/2022\/11\/2021_05_27_Pasovani-na-ctenare162-378x567.jpg\" class=\"attachment-pinhole-col-3 size-pinhole-col-3\" alt=\"\" srcset=\"https:\/\/foto.praha-19.ys-beta.cz\/app\/uploads\/2022\/11\/2021_05_27_Pasovani-na-ctenare162-378x567.jpg 378w, https:\/\/foto.praha-19.ys-beta.cz\/app\/uploads\/2022\/11\/2021_05_27_Pasovani-na-ctenare162-200x300.jpg 200w, https:\/\/foto.praha-19.ys-beta.cz\/app\/uploads\/2022\/11\/2021_05_27_Pasovani-na-ctenare162-683x1024.jpg 683w, https:\/\/foto.praha-19.ys-beta.cz\/app\/uploads\/2022\/11\/2021_05_27_Pasovani-na-ctenare162-768x1152.jpg 768w, https:\/\/foto.praha-19.ys-beta.cz\/app\/uploads\/2022\/11\/2021_05_27_Pasovani-na-ctenare162-1024x1536.jpg 1024w, https:\/\/foto.praha-19.ys-beta.cz\/app\/uploads\/2022\/11\/2021_05_27_Pasovani-na-ctenare162-1194x1791.jpg 1194w, https:\/\/foto.praha-19.ys-beta.cz\/app\/uploads\/2022\/11\/2021_05_27_Pasovani-na-ctenare162-582x873.jpg 582w, https:\/\/foto.praha-19.ys-beta.cz\/app\/uploads\/2022\/11\/2021_05_27_Pasovani-na-ctenare162-276x414.jpg 276w, https:\/\/foto.praha-19.ys-beta.cz\/app\/uploads\/2022\/11\/2021_05_27_Pasovani-na-ctenare162-300x450.jpg 300w, https:\/\/foto.praha-19.ys-beta.cz\/app\/uploads\/2022\/11\/2021_05_27_Pasovani-na-ctenare162.jpg 1280w\" sizes=\"auto, (max-width: 378px) 100vw, 378px\" \/><\/a><\/div><div class='pinhole-item col-xs-12 col-lg-4 col-md-4 col-sm-6  '><a class=\"item-link\" href=\"https:\/\/foto.praha-19.ys-beta.cz\/app\/uploads\/2022\/11\/2021_05_27_Pasovani-na-ctenare161.jpg\" data-caption=\"[]\" data-meta=\"[]\"  data-size=\"{&quot;width&quot;:1920,&quot;height&quot;:1280}\" data-download=\"[]\" data-filename=\"{&quot;name&quot;:&quot;&quot;}\"><img loading=\"lazy\" decoding=\"async\" width=\"378\" height=\"252\" src=\"https:\/\/foto.praha-19.ys-beta.cz\/app\/uploads\/2022\/11\/2021_05_27_Pasovani-na-ctenare161-378x252.jpg\" class=\"attachment-pinhole-col-3 size-pinhole-col-3\" alt=\"\" srcset=\"https:\/\/foto.praha-19.ys-beta.cz\/app\/uploads\/2022\/11\/2021_05_27_Pasovani-na-ctenare161-378x252.jpg 378w, https:\/\/foto.praha-19.ys-beta.cz\/app\/uploads\/2022\/11\/2021_05_27_Pasovani-na-ctenare161-300x200.jpg 300w, https:\/\/foto.praha-19.ys-beta.cz\/app\/uploads\/2022\/11\/2021_05_27_Pasovani-na-ctenare161-1024x683.jpg 1024w, https:\/\/foto.praha-19.ys-beta.cz\/app\/uploads\/2022\/11\/2021_05_27_Pasovani-na-ctenare161-768x512.jpg 768w, https:\/\/foto.praha-19.ys-beta.cz\/app\/uploads\/2022\/11\/2021_05_27_Pasovani-na-ctenare161-1536x1024.jpg 1536w, https:\/\/foto.praha-19.ys-beta.cz\/app\/uploads\/2022\/11\/2021_05_27_Pasovani-na-ctenare161-1194x796.jpg 1194w, https:\/\/foto.praha-19.ys-beta.cz\/app\/uploads\/2022\/11\/2021_05_27_Pasovani-na-ctenare161-582x388.jpg 582w, https:\/\/foto.praha-19.ys-beta.cz\/app\/uploads\/2022\/11\/2021_05_27_Pasovani-na-ctenare161-276x184.jpg 276w, https:\/\/foto.praha-19.ys-beta.cz\/app\/uploads\/2022\/11\/2021_05_27_Pasovani-na-ctenare161-675x450.jpg 675w, https:\/\/foto.praha-19.ys-beta.cz\/app\/uploads\/2022\/11\/2021_05_27_Pasovani-na-ctenare161.jpg 1920w\" sizes=\"auto, (max-width: 378px) 100vw, 378px\" \/><\/a><\/div><div class='pinhole-item col-xs-12 col-lg-4 col-md-4 col-sm-6  '><a class=\"item-link\" href=\"https:\/\/foto.praha-19.ys-beta.cz\/app\/uploads\/2022\/11\/2021_05_27_Pasovani-na-ctenare160.jpg\" data-caption=\"[]\" data-meta=\"[]\"  data-size=\"{&quot;width&quot;:1280,&quot;height&quot;:1920}\" data-download=\"[]\" data-filename=\"{&quot;name&quot;:&quot;&quot;}\"><img loading=\"lazy\" decoding=\"async\" width=\"378\" height=\"567\" src=\"https:\/\/foto.praha-19.ys-beta.cz\/app\/uploads\/2022\/11\/2021_05_27_Pasovani-na-ctenare160-378x567.jpg\" class=\"attachment-pinhole-col-3 size-pinhole-col-3\" alt=\"\" srcset=\"https:\/\/foto.praha-19.ys-beta.cz\/app\/uploads\/2022\/11\/2021_05_27_Pasovani-na-ctenare160-378x567.jpg 378w, https:\/\/foto.praha-19.ys-beta.cz\/app\/uploads\/2022\/11\/2021_05_27_Pasovani-na-ctenare160-200x300.jpg 200w, https:\/\/foto.praha-19.ys-beta.cz\/app\/uploads\/2022\/11\/2021_05_27_Pasovani-na-ctenare160-683x1024.jpg 683w, https:\/\/foto.praha-19.ys-beta.cz\/app\/uploads\/2022\/11\/2021_05_27_Pasovani-na-ctenare160-768x1152.jpg 768w, https:\/\/foto.praha-19.ys-beta.cz\/app\/uploads\/2022\/11\/2021_05_27_Pasovani-na-ctenare160-1024x1536.jpg 1024w, https:\/\/foto.praha-19.ys-beta.cz\/app\/uploads\/2022\/11\/2021_05_27_Pasovani-na-ctenare160-1194x1791.jpg 1194w, https:\/\/foto.praha-19.ys-beta.cz\/app\/uploads\/2022\/11\/2021_05_27_Pasovani-na-ctenare160-582x873.jpg 582w, https:\/\/foto.praha-19.ys-beta.cz\/app\/uploads\/2022\/11\/2021_05_27_Pasovani-na-ctenare160-276x414.jpg 276w, https:\/\/foto.praha-19.ys-beta.cz\/app\/uploads\/2022\/11\/2021_05_27_Pasovani-na-ctenare160-300x450.jpg 300w, https:\/\/foto.praha-19.ys-beta.cz\/app\/uploads\/2022\/11\/2021_05_27_Pasovani-na-ctenare160.jpg 1280w\" sizes=\"auto, (max-width: 378px) 100vw, 378px\" \/><\/a><\/div><div class='pinhole-item col-xs-12 col-lg-4 col-md-4 col-sm-6  '><a class=\"item-link\" href=\"https:\/\/foto.praha-19.ys-beta.cz\/app\/uploads\/2022\/11\/2021_05_27_Pasovani-na-ctenare159.jpg\" data-caption=\"[]\" data-meta=\"[]\"  data-size=\"{&quot;width&quot;:1280,&quot;height&quot;:1920}\" data-download=\"[]\" data-filename=\"{&quot;name&quot;:&quot;&quot;}\"><img loading=\"lazy\" decoding=\"async\" width=\"378\" height=\"567\" src=\"https:\/\/foto.praha-19.ys-beta.cz\/app\/uploads\/2022\/11\/2021_05_27_Pasovani-na-ctenare159-378x567.jpg\" class=\"attachment-pinhole-col-3 size-pinhole-col-3\" alt=\"\" srcset=\"https:\/\/foto.praha-19.ys-beta.cz\/app\/uploads\/2022\/11\/2021_05_27_Pasovani-na-ctenare159-378x567.jpg 378w, https:\/\/foto.praha-19.ys-beta.cz\/app\/uploads\/2022\/11\/2021_05_27_Pasovani-na-ctenare159-200x300.jpg 200w, https:\/\/foto.praha-19.ys-beta.cz\/app\/uploads\/2022\/11\/2021_05_27_Pasovani-na-ctenare159-683x1024.jpg 683w, https:\/\/foto.praha-19.ys-beta.cz\/app\/uploads\/2022\/11\/2021_05_27_Pasovani-na-ctenare159-768x1152.jpg 768w, https:\/\/foto.praha-19.ys-beta.cz\/app\/uploads\/2022\/11\/2021_05_27_Pasovani-na-ctenare159-1024x1536.jpg 1024w, https:\/\/foto.praha-19.ys-beta.cz\/app\/uploads\/2022\/11\/2021_05_27_Pasovani-na-ctenare159-1194x1791.jpg 1194w, https:\/\/foto.praha-19.ys-beta.cz\/app\/uploads\/2022\/11\/2021_05_27_Pasovani-na-ctenare159-582x873.jpg 582w, https:\/\/foto.praha-19.ys-beta.cz\/app\/uploads\/2022\/11\/2021_05_27_Pasovani-na-ctenare159-276x414.jpg 276w, https:\/\/foto.praha-19.ys-beta.cz\/app\/uploads\/2022\/11\/2021_05_27_Pasovani-na-ctenare159-300x450.jpg 300w, https:\/\/foto.praha-19.ys-beta.cz\/app\/uploads\/2022\/11\/2021_05_27_Pasovani-na-ctenare159.jpg 1280w\" sizes=\"auto, (max-width: 378px) 100vw, 378px\" \/><\/a><\/div><div class='pinhole-item col-xs-12 col-lg-4 col-md-4 col-sm-6  '><a class=\"item-link\" href=\"https:\/\/foto.praha-19.ys-beta.cz\/app\/uploads\/2022\/11\/2021_05_27_Pasovani-na-ctenare158.jpg\" data-caption=\"[]\" data-meta=\"[]\"  data-size=\"{&quot;width&quot;:1280,&quot;height&quot;:1920}\" data-download=\"[]\" data-filename=\"{&quot;name&quot;:&quot;&quot;}\"><img loading=\"lazy\" decoding=\"async\" width=\"378\" height=\"567\" src=\"https:\/\/foto.praha-19.ys-beta.cz\/app\/uploads\/2022\/11\/2021_05_27_Pasovani-na-ctenare158-378x567.jpg\" class=\"attachment-pinhole-col-3 size-pinhole-col-3\" alt=\"\" srcset=\"https:\/\/foto.praha-19.ys-beta.cz\/app\/uploads\/2022\/11\/2021_05_27_Pasovani-na-ctenare158-378x567.jpg 378w, https:\/\/foto.praha-19.ys-beta.cz\/app\/uploads\/2022\/11\/2021_05_27_Pasovani-na-ctenare158-200x300.jpg 200w, https:\/\/foto.praha-19.ys-beta.cz\/app\/uploads\/2022\/11\/2021_05_27_Pasovani-na-ctenare158-683x1024.jpg 683w, https:\/\/foto.praha-19.ys-beta.cz\/app\/uploads\/2022\/11\/2021_05_27_Pasovani-na-ctenare158-768x1152.jpg 768w, https:\/\/foto.praha-19.ys-beta.cz\/app\/uploads\/2022\/11\/2021_05_27_Pasovani-na-ctenare158-1024x1536.jpg 1024w, https:\/\/foto.praha-19.ys-beta.cz\/app\/uploads\/2022\/11\/2021_05_27_Pasovani-na-ctenare158-1194x1791.jpg 1194w, https:\/\/foto.praha-19.ys-beta.cz\/app\/uploads\/2022\/11\/2021_05_27_Pasovani-na-ctenare158-582x873.jpg 582w, https:\/\/foto.praha-19.ys-beta.cz\/app\/uploads\/2022\/11\/2021_05_27_Pasovani-na-ctenare158-276x414.jpg 276w, https:\/\/foto.praha-19.ys-beta.cz\/app\/uploads\/2022\/11\/2021_05_27_Pasovani-na-ctenare158-300x450.jpg 300w, https:\/\/foto.praha-19.ys-beta.cz\/app\/uploads\/2022\/11\/2021_05_27_Pasovani-na-ctenare158.jpg 1280w\" sizes=\"auto, (max-width: 378px) 100vw, 378px\" \/><\/a><\/div><div class='pinhole-item col-xs-12 col-lg-4 col-md-4 col-sm-6  '><a class=\"item-link\" href=\"https:\/\/foto.praha-19.ys-beta.cz\/app\/uploads\/2022\/11\/2021_05_27_Pasovani-na-ctenare157.jpg\" data-caption=\"[]\" data-meta=\"[]\"  data-size=\"{&quot;width&quot;:1920,&quot;height&quot;:1280}\" data-download=\"[]\" data-filename=\"{&quot;name&quot;:&quot;&quot;}\"><img loading=\"lazy\" decoding=\"async\" width=\"378\" height=\"252\" src=\"https:\/\/foto.praha-19.ys-beta.cz\/app\/uploads\/2022\/11\/2021_05_27_Pasovani-na-ctenare157-378x252.jpg\" class=\"attachment-pinhole-col-3 size-pinhole-col-3\" alt=\"\" srcset=\"https:\/\/foto.praha-19.ys-beta.cz\/app\/uploads\/2022\/11\/2021_05_27_Pasovani-na-ctenare157-378x252.jpg 378w, https:\/\/foto.praha-19.ys-beta.cz\/app\/uploads\/2022\/11\/2021_05_27_Pasovani-na-ctenare157-300x200.jpg 300w, https:\/\/foto.praha-19.ys-beta.cz\/app\/uploads\/2022\/11\/2021_05_27_Pasovani-na-ctenare157-1024x683.jpg 1024w, https:\/\/foto.praha-19.ys-beta.cz\/app\/uploads\/2022\/11\/2021_05_27_Pasovani-na-ctenare157-768x512.jpg 768w, https:\/\/foto.praha-19.ys-beta.cz\/app\/uploads\/2022\/11\/2021_05_27_Pasovani-na-ctenare157-1536x1024.jpg 1536w, https:\/\/foto.praha-19.ys-beta.cz\/app\/uploads\/2022\/11\/2021_05_27_Pasovani-na-ctenare157-1194x796.jpg 1194w, https:\/\/foto.praha-19.ys-beta.cz\/app\/uploads\/2022\/11\/2021_05_27_Pasovani-na-ctenare157-582x388.jpg 582w, https:\/\/foto.praha-19.ys-beta.cz\/app\/uploads\/2022\/11\/2021_05_27_Pasovani-na-ctenare157-276x184.jpg 276w, https:\/\/foto.praha-19.ys-beta.cz\/app\/uploads\/2022\/11\/2021_05_27_Pasovani-na-ctenare157-675x450.jpg 675w, https:\/\/foto.praha-19.ys-beta.cz\/app\/uploads\/2022\/11\/2021_05_27_Pasovani-na-ctenare157.jpg 1920w\" sizes=\"auto, (max-width: 378px) 100vw, 378px\" \/><\/a><\/div><div class='pinhole-item col-xs-12 col-lg-4 col-md-4 col-sm-6  '><a class=\"item-link\" href=\"https:\/\/foto.praha-19.ys-beta.cz\/app\/uploads\/2022\/11\/2021_05_27_Pasovani-na-ctenare156.jpg\" data-caption=\"[]\" data-meta=\"[]\"  data-size=\"{&quot;width&quot;:1920,&quot;height&quot;:1280}\" data-download=\"[]\" data-filename=\"{&quot;name&quot;:&quot;&quot;}\"><img loading=\"lazy\" decoding=\"async\" width=\"378\" height=\"252\" src=\"https:\/\/foto.praha-19.ys-beta.cz\/app\/uploads\/2022\/11\/2021_05_27_Pasovani-na-ctenare156-378x252.jpg\" class=\"attachment-pinhole-col-3 size-pinhole-col-3\" alt=\"\" srcset=\"https:\/\/foto.praha-19.ys-beta.cz\/app\/uploads\/2022\/11\/2021_05_27_Pasovani-na-ctenare156-378x252.jpg 378w, https:\/\/foto.praha-19.ys-beta.cz\/app\/uploads\/2022\/11\/2021_05_27_Pasovani-na-ctenare156-300x200.jpg 300w, https:\/\/foto.praha-19.ys-beta.cz\/app\/uploads\/2022\/11\/2021_05_27_Pasovani-na-ctenare156-1024x683.jpg 1024w, https:\/\/foto.praha-19.ys-beta.cz\/app\/uploads\/2022\/11\/2021_05_27_Pasovani-na-ctenare156-768x512.jpg 768w, https:\/\/foto.praha-19.ys-beta.cz\/app\/uploads\/2022\/11\/2021_05_27_Pasovani-na-ctenare156-1536x1024.jpg 1536w, https:\/\/foto.praha-19.ys-beta.cz\/app\/uploads\/2022\/11\/2021_05_27_Pasovani-na-ctenare156-1194x796.jpg 1194w, https:\/\/foto.praha-19.ys-beta.cz\/app\/uploads\/2022\/11\/2021_05_27_Pasovani-na-ctenare156-582x388.jpg 582w, https:\/\/foto.praha-19.ys-beta.cz\/app\/uploads\/2022\/11\/2021_05_27_Pasovani-na-ctenare156-276x184.jpg 276w, https:\/\/foto.praha-19.ys-beta.cz\/app\/uploads\/2022\/11\/2021_05_27_Pasovani-na-ctenare156-675x450.jpg 675w, https:\/\/foto.praha-19.ys-beta.cz\/app\/uploads\/2022\/11\/2021_05_27_Pasovani-na-ctenare156.jpg 1920w\" sizes=\"auto, (max-width: 378px) 100vw, 378px\" \/><\/a><\/div><div class='pinhole-item col-xs-12 col-lg-4 col-md-4 col-sm-6  '><a class=\"item-link\" href=\"https:\/\/foto.praha-19.ys-beta.cz\/app\/uploads\/2022\/11\/2021_05_27_Pasovani-na-ctenare155.jpg\" data-caption=\"[]\" data-meta=\"[]\"  data-size=\"{&quot;width&quot;:1280,&quot;height&quot;:1920}\" data-download=\"[]\" data-filename=\"{&quot;name&quot;:&quot;&quot;}\"><img loading=\"lazy\" decoding=\"async\" width=\"378\" height=\"567\" src=\"https:\/\/foto.praha-19.ys-beta.cz\/app\/uploads\/2022\/11\/2021_05_27_Pasovani-na-ctenare155-378x567.jpg\" class=\"attachment-pinhole-col-3 size-pinhole-col-3\" alt=\"\" srcset=\"https:\/\/foto.praha-19.ys-beta.cz\/app\/uploads\/2022\/11\/2021_05_27_Pasovani-na-ctenare155-378x567.jpg 378w, https:\/\/foto.praha-19.ys-beta.cz\/app\/uploads\/2022\/11\/2021_05_27_Pasovani-na-ctenare155-200x300.jpg 200w, https:\/\/foto.praha-19.ys-beta.cz\/app\/uploads\/2022\/11\/2021_05_27_Pasovani-na-ctenare155-683x1024.jpg 683w, https:\/\/foto.praha-19.ys-beta.cz\/app\/uploads\/2022\/11\/2021_05_27_Pasovani-na-ctenare155-768x1152.jpg 768w, https:\/\/foto.praha-19.ys-beta.cz\/app\/uploads\/2022\/11\/2021_05_27_Pasovani-na-ctenare155-1024x1536.jpg 1024w, https:\/\/foto.praha-19.ys-beta.cz\/app\/uploads\/2022\/11\/2021_05_27_Pasovani-na-ctenare155-1194x1791.jpg 1194w, https:\/\/foto.praha-19.ys-beta.cz\/app\/uploads\/2022\/11\/2021_05_27_Pasovani-na-ctenare155-582x873.jpg 582w, https:\/\/foto.praha-19.ys-beta.cz\/app\/uploads\/2022\/11\/2021_05_27_Pasovani-na-ctenare155-276x414.jpg 276w, https:\/\/foto.praha-19.ys-beta.cz\/app\/uploads\/2022\/11\/2021_05_27_Pasovani-na-ctenare155-300x450.jpg 300w, https:\/\/foto.praha-19.ys-beta.cz\/app\/uploads\/2022\/11\/2021_05_27_Pasovani-na-ctenare155.jpg 1280w\" sizes=\"auto, (max-width: 378px) 100vw, 378px\" \/><\/a><\/div><div class='pinhole-item col-xs-12 col-lg-4 col-md-4 col-sm-6  '><a class=\"item-link\" href=\"https:\/\/foto.praha-19.ys-beta.cz\/app\/uploads\/2022\/11\/2021_05_27_Pasovani-na-ctenare154.jpg\" data-caption=\"[]\" data-meta=\"[]\"  data-size=\"{&quot;width&quot;:1280,&quot;height&quot;:1920}\" data-download=\"[]\" data-filename=\"{&quot;name&quot;:&quot;&quot;}\"><img loading=\"lazy\" decoding=\"async\" width=\"378\" height=\"567\" src=\"https:\/\/foto.praha-19.ys-beta.cz\/app\/uploads\/2022\/11\/2021_05_27_Pasovani-na-ctenare154-378x567.jpg\" class=\"attachment-pinhole-col-3 size-pinhole-col-3\" alt=\"\" srcset=\"https:\/\/foto.praha-19.ys-beta.cz\/app\/uploads\/2022\/11\/2021_05_27_Pasovani-na-ctenare154-378x567.jpg 378w, https:\/\/foto.praha-19.ys-beta.cz\/app\/uploads\/2022\/11\/2021_05_27_Pasovani-na-ctenare154-200x300.jpg 200w, https:\/\/foto.praha-19.ys-beta.cz\/app\/uploads\/2022\/11\/2021_05_27_Pasovani-na-ctenare154-683x1024.jpg 683w, https:\/\/foto.praha-19.ys-beta.cz\/app\/uploads\/2022\/11\/2021_05_27_Pasovani-na-ctenare154-768x1152.jpg 768w, https:\/\/foto.praha-19.ys-beta.cz\/app\/uploads\/2022\/11\/2021_05_27_Pasovani-na-ctenare154-1024x1536.jpg 1024w, https:\/\/foto.praha-19.ys-beta.cz\/app\/uploads\/2022\/11\/2021_05_27_Pasovani-na-ctenare154-1194x1791.jpg 1194w, https:\/\/foto.praha-19.ys-beta.cz\/app\/uploads\/2022\/11\/2021_05_27_Pasovani-na-ctenare154-582x873.jpg 582w, https:\/\/foto.praha-19.ys-beta.cz\/app\/uploads\/2022\/11\/2021_05_27_Pasovani-na-ctenare154-276x414.jpg 276w, https:\/\/foto.praha-19.ys-beta.cz\/app\/uploads\/2022\/11\/2021_05_27_Pasovani-na-ctenare154-300x450.jpg 300w, https:\/\/foto.praha-19.ys-beta.cz\/app\/uploads\/2022\/11\/2021_05_27_Pasovani-na-ctenare154.jpg 1280w\" sizes=\"auto, (max-width: 378px) 100vw, 378px\" \/><\/a><\/div><div class='pinhole-item col-xs-12 col-lg-4 col-md-4 col-sm-6  '><a class=\"item-link\" href=\"https:\/\/foto.praha-19.ys-beta.cz\/app\/uploads\/2022\/11\/2021_05_27_Pasovani-na-ctenare153.jpg\" data-caption=\"[]\" data-meta=\"[]\"  data-size=\"{&quot;width&quot;:1280,&quot;height&quot;:1920}\" data-download=\"[]\" data-filename=\"{&quot;name&quot;:&quot;&quot;}\"><img loading=\"lazy\" decoding=\"async\" width=\"378\" height=\"567\" src=\"https:\/\/foto.praha-19.ys-beta.cz\/app\/uploads\/2022\/11\/2021_05_27_Pasovani-na-ctenare153-378x567.jpg\" class=\"attachment-pinhole-col-3 size-pinhole-col-3\" alt=\"\" srcset=\"https:\/\/foto.praha-19.ys-beta.cz\/app\/uploads\/2022\/11\/2021_05_27_Pasovani-na-ctenare153-378x567.jpg 378w, https:\/\/foto.praha-19.ys-beta.cz\/app\/uploads\/2022\/11\/2021_05_27_Pasovani-na-ctenare153-200x300.jpg 200w, https:\/\/foto.praha-19.ys-beta.cz\/app\/uploads\/2022\/11\/2021_05_27_Pasovani-na-ctenare153-683x1024.jpg 683w, https:\/\/foto.praha-19.ys-beta.cz\/app\/uploads\/2022\/11\/2021_05_27_Pasovani-na-ctenare153-768x1152.jpg 768w, https:\/\/foto.praha-19.ys-beta.cz\/app\/uploads\/2022\/11\/2021_05_27_Pasovani-na-ctenare153-1024x1536.jpg 1024w, https:\/\/foto.praha-19.ys-beta.cz\/app\/uploads\/2022\/11\/2021_05_27_Pasovani-na-ctenare153-1194x1791.jpg 1194w, https:\/\/foto.praha-19.ys-beta.cz\/app\/uploads\/2022\/11\/2021_05_27_Pasovani-na-ctenare153-582x873.jpg 582w, https:\/\/foto.praha-19.ys-beta.cz\/app\/uploads\/2022\/11\/2021_05_27_Pasovani-na-ctenare153-276x414.jpg 276w, https:\/\/foto.praha-19.ys-beta.cz\/app\/uploads\/2022\/11\/2021_05_27_Pasovani-na-ctenare153-300x450.jpg 300w, https:\/\/foto.praha-19.ys-beta.cz\/app\/uploads\/2022\/11\/2021_05_27_Pasovani-na-ctenare153.jpg 1280w\" sizes=\"auto, (max-width: 378px) 100vw, 378px\" \/><\/a><\/div><div class='pinhole-item col-xs-12 col-lg-4 col-md-4 col-sm-6  '><a class=\"item-link\" href=\"https:\/\/foto.praha-19.ys-beta.cz\/app\/uploads\/2022\/11\/2021_05_27_Pasovani-na-ctenare152.jpg\" data-caption=\"[]\" data-meta=\"[]\"  data-size=\"{&quot;width&quot;:1920,&quot;height&quot;:1280}\" data-download=\"[]\" data-filename=\"{&quot;name&quot;:&quot;&quot;}\"><img loading=\"lazy\" decoding=\"async\" width=\"378\" height=\"252\" src=\"https:\/\/foto.praha-19.ys-beta.cz\/app\/uploads\/2022\/11\/2021_05_27_Pasovani-na-ctenare152-378x252.jpg\" class=\"attachment-pinhole-col-3 size-pinhole-col-3\" alt=\"\" srcset=\"https:\/\/foto.praha-19.ys-beta.cz\/app\/uploads\/2022\/11\/2021_05_27_Pasovani-na-ctenare152-378x252.jpg 378w, https:\/\/foto.praha-19.ys-beta.cz\/app\/uploads\/2022\/11\/2021_05_27_Pasovani-na-ctenare152-300x200.jpg 300w, https:\/\/foto.praha-19.ys-beta.cz\/app\/uploads\/2022\/11\/2021_05_27_Pasovani-na-ctenare152-1024x683.jpg 1024w, https:\/\/foto.praha-19.ys-beta.cz\/app\/uploads\/2022\/11\/2021_05_27_Pasovani-na-ctenare152-768x512.jpg 768w, https:\/\/foto.praha-19.ys-beta.cz\/app\/uploads\/2022\/11\/2021_05_27_Pasovani-na-ctenare152-1536x1024.jpg 1536w, https:\/\/foto.praha-19.ys-beta.cz\/app\/uploads\/2022\/11\/2021_05_27_Pasovani-na-ctenare152-1194x796.jpg 1194w, https:\/\/foto.praha-19.ys-beta.cz\/app\/uploads\/2022\/11\/2021_05_27_Pasovani-na-ctenare152-582x388.jpg 582w, https:\/\/foto.praha-19.ys-beta.cz\/app\/uploads\/2022\/11\/2021_05_27_Pasovani-na-ctenare152-276x184.jpg 276w, https:\/\/foto.praha-19.ys-beta.cz\/app\/uploads\/2022\/11\/2021_05_27_Pasovani-na-ctenare152-675x450.jpg 675w, https:\/\/foto.praha-19.ys-beta.cz\/app\/uploads\/2022\/11\/2021_05_27_Pasovani-na-ctenare152.jpg 1920w\" sizes=\"auto, (max-width: 378px) 100vw, 378px\" \/><\/a><\/div><div class='pinhole-item col-xs-12 col-lg-4 col-md-4 col-sm-6  '><a class=\"item-link\" href=\"https:\/\/foto.praha-19.ys-beta.cz\/app\/uploads\/2022\/11\/2021_05_27_Pasovani-na-ctenare151.jpg\" data-caption=\"[]\" data-meta=\"[]\"  data-size=\"{&quot;width&quot;:1280,&quot;height&quot;:1920}\" data-download=\"[]\" data-filename=\"{&quot;name&quot;:&quot;&quot;}\"><img loading=\"lazy\" decoding=\"async\" width=\"378\" height=\"567\" src=\"https:\/\/foto.praha-19.ys-beta.cz\/app\/uploads\/2022\/11\/2021_05_27_Pasovani-na-ctenare151-378x567.jpg\" class=\"attachment-pinhole-col-3 size-pinhole-col-3\" alt=\"\" srcset=\"https:\/\/foto.praha-19.ys-beta.cz\/app\/uploads\/2022\/11\/2021_05_27_Pasovani-na-ctenare151-378x567.jpg 378w, https:\/\/foto.praha-19.ys-beta.cz\/app\/uploads\/2022\/11\/2021_05_27_Pasovani-na-ctenare151-200x300.jpg 200w, https:\/\/foto.praha-19.ys-beta.cz\/app\/uploads\/2022\/11\/2021_05_27_Pasovani-na-ctenare151-683x1024.jpg 683w, https:\/\/foto.praha-19.ys-beta.cz\/app\/uploads\/2022\/11\/2021_05_27_Pasovani-na-ctenare151-768x1152.jpg 768w, https:\/\/foto.praha-19.ys-beta.cz\/app\/uploads\/2022\/11\/2021_05_27_Pasovani-na-ctenare151-1024x1536.jpg 1024w, https:\/\/foto.praha-19.ys-beta.cz\/app\/uploads\/2022\/11\/2021_05_27_Pasovani-na-ctenare151-1194x1791.jpg 1194w, https:\/\/foto.praha-19.ys-beta.cz\/app\/uploads\/2022\/11\/2021_05_27_Pasovani-na-ctenare151-582x873.jpg 582w, https:\/\/foto.praha-19.ys-beta.cz\/app\/uploads\/2022\/11\/2021_05_27_Pasovani-na-ctenare151-276x414.jpg 276w, https:\/\/foto.praha-19.ys-beta.cz\/app\/uploads\/2022\/11\/2021_05_27_Pasovani-na-ctenare151-300x450.jpg 300w, https:\/\/foto.praha-19.ys-beta.cz\/app\/uploads\/2022\/11\/2021_05_27_Pasovani-na-ctenare151.jpg 1280w\" sizes=\"auto, (max-width: 378px) 100vw, 378px\" \/><\/a><\/div><div class='pinhole-item col-xs-12 col-lg-4 col-md-4 col-sm-6  '><a class=\"item-link\" href=\"https:\/\/foto.praha-19.ys-beta.cz\/app\/uploads\/2022\/11\/2021_05_27_Pasovani-na-ctenare150.jpg\" data-caption=\"[]\" data-meta=\"[]\"  data-size=\"{&quot;width&quot;:1280,&quot;height&quot;:1920}\" data-download=\"[]\" data-filename=\"{&quot;name&quot;:&quot;&quot;}\"><img loading=\"lazy\" decoding=\"async\" width=\"378\" height=\"567\" src=\"https:\/\/foto.praha-19.ys-beta.cz\/app\/uploads\/2022\/11\/2021_05_27_Pasovani-na-ctenare150-378x567.jpg\" class=\"attachment-pinhole-col-3 size-pinhole-col-3\" alt=\"\" srcset=\"https:\/\/foto.praha-19.ys-beta.cz\/app\/uploads\/2022\/11\/2021_05_27_Pasovani-na-ctenare150-378x567.jpg 378w, https:\/\/foto.praha-19.ys-beta.cz\/app\/uploads\/2022\/11\/2021_05_27_Pasovani-na-ctenare150-200x300.jpg 200w, https:\/\/foto.praha-19.ys-beta.cz\/app\/uploads\/2022\/11\/2021_05_27_Pasovani-na-ctenare150-683x1024.jpg 683w, https:\/\/foto.praha-19.ys-beta.cz\/app\/uploads\/2022\/11\/2021_05_27_Pasovani-na-ctenare150-768x1152.jpg 768w, https:\/\/foto.praha-19.ys-beta.cz\/app\/uploads\/2022\/11\/2021_05_27_Pasovani-na-ctenare150-1024x1536.jpg 1024w, https:\/\/foto.praha-19.ys-beta.cz\/app\/uploads\/2022\/11\/2021_05_27_Pasovani-na-ctenare150-1194x1791.jpg 1194w, https:\/\/foto.praha-19.ys-beta.cz\/app\/uploads\/2022\/11\/2021_05_27_Pasovani-na-ctenare150-582x873.jpg 582w, https:\/\/foto.praha-19.ys-beta.cz\/app\/uploads\/2022\/11\/2021_05_27_Pasovani-na-ctenare150-276x414.jpg 276w, https:\/\/foto.praha-19.ys-beta.cz\/app\/uploads\/2022\/11\/2021_05_27_Pasovani-na-ctenare150-300x450.jpg 300w, https:\/\/foto.praha-19.ys-beta.cz\/app\/uploads\/2022\/11\/2021_05_27_Pasovani-na-ctenare150.jpg 1280w\" sizes=\"auto, (max-width: 378px) 100vw, 378px\" \/><\/a><\/div><div class='pinhole-item col-xs-12 col-lg-4 col-md-4 col-sm-6  '><a class=\"item-link\" href=\"https:\/\/foto.praha-19.ys-beta.cz\/app\/uploads\/2022\/11\/2021_05_27_Pasovani-na-ctenare149.jpg\" data-caption=\"[]\" data-meta=\"[]\"  data-size=\"{&quot;width&quot;:1280,&quot;height&quot;:1920}\" data-download=\"[]\" data-filename=\"{&quot;name&quot;:&quot;&quot;}\"><img loading=\"lazy\" decoding=\"async\" width=\"378\" height=\"567\" src=\"https:\/\/foto.praha-19.ys-beta.cz\/app\/uploads\/2022\/11\/2021_05_27_Pasovani-na-ctenare149-378x567.jpg\" class=\"attachment-pinhole-col-3 size-pinhole-col-3\" alt=\"\" srcset=\"https:\/\/foto.praha-19.ys-beta.cz\/app\/uploads\/2022\/11\/2021_05_27_Pasovani-na-ctenare149-378x567.jpg 378w, https:\/\/foto.praha-19.ys-beta.cz\/app\/uploads\/2022\/11\/2021_05_27_Pasovani-na-ctenare149-200x300.jpg 200w, https:\/\/foto.praha-19.ys-beta.cz\/app\/uploads\/2022\/11\/2021_05_27_Pasovani-na-ctenare149-683x1024.jpg 683w, https:\/\/foto.praha-19.ys-beta.cz\/app\/uploads\/2022\/11\/2021_05_27_Pasovani-na-ctenare149-768x1152.jpg 768w, https:\/\/foto.praha-19.ys-beta.cz\/app\/uploads\/2022\/11\/2021_05_27_Pasovani-na-ctenare149-1024x1536.jpg 1024w, https:\/\/foto.praha-19.ys-beta.cz\/app\/uploads\/2022\/11\/2021_05_27_Pasovani-na-ctenare149-1194x1791.jpg 1194w, https:\/\/foto.praha-19.ys-beta.cz\/app\/uploads\/2022\/11\/2021_05_27_Pasovani-na-ctenare149-582x873.jpg 582w, https:\/\/foto.praha-19.ys-beta.cz\/app\/uploads\/2022\/11\/2021_05_27_Pasovani-na-ctenare149-276x414.jpg 276w, https:\/\/foto.praha-19.ys-beta.cz\/app\/uploads\/2022\/11\/2021_05_27_Pasovani-na-ctenare149-300x450.jpg 300w, https:\/\/foto.praha-19.ys-beta.cz\/app\/uploads\/2022\/11\/2021_05_27_Pasovani-na-ctenare149.jpg 1280w\" sizes=\"auto, (max-width: 378px) 100vw, 378px\" \/><\/a><\/div><div class='pinhole-item col-xs-12 col-lg-4 col-md-4 col-sm-6  '><a class=\"item-link\" href=\"https:\/\/foto.praha-19.ys-beta.cz\/app\/uploads\/2022\/11\/2021_05_27_Pasovani-na-ctenare148.jpg\" data-caption=\"[]\" data-meta=\"[]\"  data-size=\"{&quot;width&quot;:1920,&quot;height&quot;:1280}\" data-download=\"[]\" data-filename=\"{&quot;name&quot;:&quot;&quot;}\"><img loading=\"lazy\" decoding=\"async\" width=\"378\" height=\"252\" src=\"https:\/\/foto.praha-19.ys-beta.cz\/app\/uploads\/2022\/11\/2021_05_27_Pasovani-na-ctenare148-378x252.jpg\" class=\"attachment-pinhole-col-3 size-pinhole-col-3\" alt=\"\" srcset=\"https:\/\/foto.praha-19.ys-beta.cz\/app\/uploads\/2022\/11\/2021_05_27_Pasovani-na-ctenare148-378x252.jpg 378w, https:\/\/foto.praha-19.ys-beta.cz\/app\/uploads\/2022\/11\/2021_05_27_Pasovani-na-ctenare148-300x200.jpg 300w, https:\/\/foto.praha-19.ys-beta.cz\/app\/uploads\/2022\/11\/2021_05_27_Pasovani-na-ctenare148-1024x683.jpg 1024w, https:\/\/foto.praha-19.ys-beta.cz\/app\/uploads\/2022\/11\/2021_05_27_Pasovani-na-ctenare148-768x512.jpg 768w, https:\/\/foto.praha-19.ys-beta.cz\/app\/uploads\/2022\/11\/2021_05_27_Pasovani-na-ctenare148-1536x1024.jpg 1536w, https:\/\/foto.praha-19.ys-beta.cz\/app\/uploads\/2022\/11\/2021_05_27_Pasovani-na-ctenare148-1194x796.jpg 1194w, https:\/\/foto.praha-19.ys-beta.cz\/app\/uploads\/2022\/11\/2021_05_27_Pasovani-na-ctenare148-582x388.jpg 582w, https:\/\/foto.praha-19.ys-beta.cz\/app\/uploads\/2022\/11\/2021_05_27_Pasovani-na-ctenare148-276x184.jpg 276w, https:\/\/foto.praha-19.ys-beta.cz\/app\/uploads\/2022\/11\/2021_05_27_Pasovani-na-ctenare148-675x450.jpg 675w, https:\/\/foto.praha-19.ys-beta.cz\/app\/uploads\/2022\/11\/2021_05_27_Pasovani-na-ctenare148.jpg 1920w\" sizes=\"auto, (max-width: 378px) 100vw, 378px\" \/><\/a><\/div><div class='pinhole-item col-xs-12 col-lg-4 col-md-4 col-sm-6  '><a class=\"item-link\" href=\"https:\/\/foto.praha-19.ys-beta.cz\/app\/uploads\/2022\/11\/2021_05_27_Pasovani-na-ctenare147.jpg\" data-caption=\"[]\" data-meta=\"[]\"  data-size=\"{&quot;width&quot;:1280,&quot;height&quot;:1920}\" data-download=\"[]\" data-filename=\"{&quot;name&quot;:&quot;&quot;}\"><img loading=\"lazy\" decoding=\"async\" width=\"378\" height=\"567\" src=\"https:\/\/foto.praha-19.ys-beta.cz\/app\/uploads\/2022\/11\/2021_05_27_Pasovani-na-ctenare147-378x567.jpg\" class=\"attachment-pinhole-col-3 size-pinhole-col-3\" alt=\"\" srcset=\"https:\/\/foto.praha-19.ys-beta.cz\/app\/uploads\/2022\/11\/2021_05_27_Pasovani-na-ctenare147-378x567.jpg 378w, https:\/\/foto.praha-19.ys-beta.cz\/app\/uploads\/2022\/11\/2021_05_27_Pasovani-na-ctenare147-200x300.jpg 200w, https:\/\/foto.praha-19.ys-beta.cz\/app\/uploads\/2022\/11\/2021_05_27_Pasovani-na-ctenare147-683x1024.jpg 683w, https:\/\/foto.praha-19.ys-beta.cz\/app\/uploads\/2022\/11\/2021_05_27_Pasovani-na-ctenare147-768x1152.jpg 768w, https:\/\/foto.praha-19.ys-beta.cz\/app\/uploads\/2022\/11\/2021_05_27_Pasovani-na-ctenare147-1024x1536.jpg 1024w, https:\/\/foto.praha-19.ys-beta.cz\/app\/uploads\/2022\/11\/2021_05_27_Pasovani-na-ctenare147-1194x1791.jpg 1194w, https:\/\/foto.praha-19.ys-beta.cz\/app\/uploads\/2022\/11\/2021_05_27_Pasovani-na-ctenare147-582x873.jpg 582w, https:\/\/foto.praha-19.ys-beta.cz\/app\/uploads\/2022\/11\/2021_05_27_Pasovani-na-ctenare147-276x414.jpg 276w, https:\/\/foto.praha-19.ys-beta.cz\/app\/uploads\/2022\/11\/2021_05_27_Pasovani-na-ctenare147-300x450.jpg 300w, https:\/\/foto.praha-19.ys-beta.cz\/app\/uploads\/2022\/11\/2021_05_27_Pasovani-na-ctenare147.jpg 1280w\" sizes=\"auto, (max-width: 378px) 100vw, 378px\" \/><\/a><\/div><div class='pinhole-item col-xs-12 col-lg-4 col-md-4 col-sm-6  '><a class=\"item-link\" href=\"https:\/\/foto.praha-19.ys-beta.cz\/app\/uploads\/2022\/11\/2021_05_27_Pasovani-na-ctenare146.jpg\" data-caption=\"[]\" data-meta=\"[]\"  data-size=\"{&quot;width&quot;:1280,&quot;height&quot;:1920}\" data-download=\"[]\" data-filename=\"{&quot;name&quot;:&quot;&quot;}\"><img loading=\"lazy\" decoding=\"async\" width=\"378\" height=\"567\" src=\"https:\/\/foto.praha-19.ys-beta.cz\/app\/uploads\/2022\/11\/2021_05_27_Pasovani-na-ctenare146-378x567.jpg\" class=\"attachment-pinhole-col-3 size-pinhole-col-3\" alt=\"\" srcset=\"https:\/\/foto.praha-19.ys-beta.cz\/app\/uploads\/2022\/11\/2021_05_27_Pasovani-na-ctenare146-378x567.jpg 378w, https:\/\/foto.praha-19.ys-beta.cz\/app\/uploads\/2022\/11\/2021_05_27_Pasovani-na-ctenare146-200x300.jpg 200w, https:\/\/foto.praha-19.ys-beta.cz\/app\/uploads\/2022\/11\/2021_05_27_Pasovani-na-ctenare146-683x1024.jpg 683w, https:\/\/foto.praha-19.ys-beta.cz\/app\/uploads\/2022\/11\/2021_05_27_Pasovani-na-ctenare146-768x1152.jpg 768w, https:\/\/foto.praha-19.ys-beta.cz\/app\/uploads\/2022\/11\/2021_05_27_Pasovani-na-ctenare146-1024x1536.jpg 1024w, https:\/\/foto.praha-19.ys-beta.cz\/app\/uploads\/2022\/11\/2021_05_27_Pasovani-na-ctenare146-1194x1791.jpg 1194w, https:\/\/foto.praha-19.ys-beta.cz\/app\/uploads\/2022\/11\/2021_05_27_Pasovani-na-ctenare146-582x873.jpg 582w, https:\/\/foto.praha-19.ys-beta.cz\/app\/uploads\/2022\/11\/2021_05_27_Pasovani-na-ctenare146-276x414.jpg 276w, https:\/\/foto.praha-19.ys-beta.cz\/app\/uploads\/2022\/11\/2021_05_27_Pasovani-na-ctenare146-300x450.jpg 300w, https:\/\/foto.praha-19.ys-beta.cz\/app\/uploads\/2022\/11\/2021_05_27_Pasovani-na-ctenare146.jpg 1280w\" sizes=\"auto, (max-width: 378px) 100vw, 378px\" \/><\/a><\/div><div class='pinhole-item col-xs-12 col-lg-4 col-md-4 col-sm-6  '><a class=\"item-link\" href=\"https:\/\/foto.praha-19.ys-beta.cz\/app\/uploads\/2022\/11\/2021_05_27_Pasovani-na-ctenare145.jpg\" data-caption=\"[]\" data-meta=\"[]\"  data-size=\"{&quot;width&quot;:1280,&quot;height&quot;:1920}\" data-download=\"[]\" data-filename=\"{&quot;name&quot;:&quot;&quot;}\"><img loading=\"lazy\" decoding=\"async\" width=\"378\" height=\"567\" src=\"https:\/\/foto.praha-19.ys-beta.cz\/app\/uploads\/2022\/11\/2021_05_27_Pasovani-na-ctenare145-378x567.jpg\" class=\"attachment-pinhole-col-3 size-pinhole-col-3\" alt=\"\" srcset=\"https:\/\/foto.praha-19.ys-beta.cz\/app\/uploads\/2022\/11\/2021_05_27_Pasovani-na-ctenare145-378x567.jpg 378w, https:\/\/foto.praha-19.ys-beta.cz\/app\/uploads\/2022\/11\/2021_05_27_Pasovani-na-ctenare145-200x300.jpg 200w, https:\/\/foto.praha-19.ys-beta.cz\/app\/uploads\/2022\/11\/2021_05_27_Pasovani-na-ctenare145-683x1024.jpg 683w, https:\/\/foto.praha-19.ys-beta.cz\/app\/uploads\/2022\/11\/2021_05_27_Pasovani-na-ctenare145-768x1152.jpg 768w, https:\/\/foto.praha-19.ys-beta.cz\/app\/uploads\/2022\/11\/2021_05_27_Pasovani-na-ctenare145-1024x1536.jpg 1024w, https:\/\/foto.praha-19.ys-beta.cz\/app\/uploads\/2022\/11\/2021_05_27_Pasovani-na-ctenare145-1194x1791.jpg 1194w, https:\/\/foto.praha-19.ys-beta.cz\/app\/uploads\/2022\/11\/2021_05_27_Pasovani-na-ctenare145-582x873.jpg 582w, https:\/\/foto.praha-19.ys-beta.cz\/app\/uploads\/2022\/11\/2021_05_27_Pasovani-na-ctenare145-276x414.jpg 276w, https:\/\/foto.praha-19.ys-beta.cz\/app\/uploads\/2022\/11\/2021_05_27_Pasovani-na-ctenare145-300x450.jpg 300w, https:\/\/foto.praha-19.ys-beta.cz\/app\/uploads\/2022\/11\/2021_05_27_Pasovani-na-ctenare145.jpg 1280w\" sizes=\"auto, (max-width: 378px) 100vw, 378px\" \/><\/a><\/div><div class='pinhole-item col-xs-12 col-lg-4 col-md-4 col-sm-6  '><a class=\"item-link\" href=\"https:\/\/foto.praha-19.ys-beta.cz\/app\/uploads\/2022\/11\/2021_05_27_Pasovani-na-ctenare144.jpg\" data-caption=\"[]\" data-meta=\"[]\"  data-size=\"{&quot;width&quot;:1920,&quot;height&quot;:1280}\" data-download=\"[]\" data-filename=\"{&quot;name&quot;:&quot;&quot;}\"><img loading=\"lazy\" decoding=\"async\" width=\"378\" height=\"252\" src=\"https:\/\/foto.praha-19.ys-beta.cz\/app\/uploads\/2022\/11\/2021_05_27_Pasovani-na-ctenare144-378x252.jpg\" class=\"attachment-pinhole-col-3 size-pinhole-col-3\" alt=\"\" srcset=\"https:\/\/foto.praha-19.ys-beta.cz\/app\/uploads\/2022\/11\/2021_05_27_Pasovani-na-ctenare144-378x252.jpg 378w, https:\/\/foto.praha-19.ys-beta.cz\/app\/uploads\/2022\/11\/2021_05_27_Pasovani-na-ctenare144-300x200.jpg 300w, https:\/\/foto.praha-19.ys-beta.cz\/app\/uploads\/2022\/11\/2021_05_27_Pasovani-na-ctenare144-1024x683.jpg 1024w, https:\/\/foto.praha-19.ys-beta.cz\/app\/uploads\/2022\/11\/2021_05_27_Pasovani-na-ctenare144-768x512.jpg 768w, https:\/\/foto.praha-19.ys-beta.cz\/app\/uploads\/2022\/11\/2021_05_27_Pasovani-na-ctenare144-1536x1024.jpg 1536w, https:\/\/foto.praha-19.ys-beta.cz\/app\/uploads\/2022\/11\/2021_05_27_Pasovani-na-ctenare144-1194x796.jpg 1194w, https:\/\/foto.praha-19.ys-beta.cz\/app\/uploads\/2022\/11\/2021_05_27_Pasovani-na-ctenare144-582x388.jpg 582w, https:\/\/foto.praha-19.ys-beta.cz\/app\/uploads\/2022\/11\/2021_05_27_Pasovani-na-ctenare144-276x184.jpg 276w, https:\/\/foto.praha-19.ys-beta.cz\/app\/uploads\/2022\/11\/2021_05_27_Pasovani-na-ctenare144-675x450.jpg 675w, https:\/\/foto.praha-19.ys-beta.cz\/app\/uploads\/2022\/11\/2021_05_27_Pasovani-na-ctenare144.jpg 1920w\" sizes=\"auto, (max-width: 378px) 100vw, 378px\" \/><\/a><\/div><div class='pinhole-item col-xs-12 col-lg-4 col-md-4 col-sm-6  '><a class=\"item-link\" href=\"https:\/\/foto.praha-19.ys-beta.cz\/app\/uploads\/2022\/11\/2021_05_27_Pasovani-na-ctenare143.jpg\" data-caption=\"[]\" data-meta=\"[]\"  data-size=\"{&quot;width&quot;:1280,&quot;height&quot;:1920}\" data-download=\"[]\" data-filename=\"{&quot;name&quot;:&quot;&quot;}\"><img loading=\"lazy\" decoding=\"async\" width=\"378\" height=\"567\" src=\"https:\/\/foto.praha-19.ys-beta.cz\/app\/uploads\/2022\/11\/2021_05_27_Pasovani-na-ctenare143-378x567.jpg\" class=\"attachment-pinhole-col-3 size-pinhole-col-3\" alt=\"\" srcset=\"https:\/\/foto.praha-19.ys-beta.cz\/app\/uploads\/2022\/11\/2021_05_27_Pasovani-na-ctenare143-378x567.jpg 378w, https:\/\/foto.praha-19.ys-beta.cz\/app\/uploads\/2022\/11\/2021_05_27_Pasovani-na-ctenare143-200x300.jpg 200w, https:\/\/foto.praha-19.ys-beta.cz\/app\/uploads\/2022\/11\/2021_05_27_Pasovani-na-ctenare143-683x1024.jpg 683w, https:\/\/foto.praha-19.ys-beta.cz\/app\/uploads\/2022\/11\/2021_05_27_Pasovani-na-ctenare143-768x1152.jpg 768w, https:\/\/foto.praha-19.ys-beta.cz\/app\/uploads\/2022\/11\/2021_05_27_Pasovani-na-ctenare143-1024x1536.jpg 1024w, https:\/\/foto.praha-19.ys-beta.cz\/app\/uploads\/2022\/11\/2021_05_27_Pasovani-na-ctenare143-1194x1791.jpg 1194w, https:\/\/foto.praha-19.ys-beta.cz\/app\/uploads\/2022\/11\/2021_05_27_Pasovani-na-ctenare143-582x873.jpg 582w, https:\/\/foto.praha-19.ys-beta.cz\/app\/uploads\/2022\/11\/2021_05_27_Pasovani-na-ctenare143-276x414.jpg 276w, https:\/\/foto.praha-19.ys-beta.cz\/app\/uploads\/2022\/11\/2021_05_27_Pasovani-na-ctenare143-300x450.jpg 300w, https:\/\/foto.praha-19.ys-beta.cz\/app\/uploads\/2022\/11\/2021_05_27_Pasovani-na-ctenare143.jpg 1280w\" sizes=\"auto, (max-width: 378px) 100vw, 378px\" \/><\/a><\/div><div class='pinhole-item col-xs-12 col-lg-4 col-md-4 col-sm-6  '><a class=\"item-link\" href=\"https:\/\/foto.praha-19.ys-beta.cz\/app\/uploads\/2022\/11\/2021_05_27_Pasovani-na-ctenare142.jpg\" data-caption=\"[]\" data-meta=\"[]\"  data-size=\"{&quot;width&quot;:1280,&quot;height&quot;:1920}\" data-download=\"[]\" data-filename=\"{&quot;name&quot;:&quot;&quot;}\"><img loading=\"lazy\" decoding=\"async\" width=\"378\" height=\"567\" src=\"https:\/\/foto.praha-19.ys-beta.cz\/app\/uploads\/2022\/11\/2021_05_27_Pasovani-na-ctenare142-378x567.jpg\" class=\"attachment-pinhole-col-3 size-pinhole-col-3\" alt=\"\" srcset=\"https:\/\/foto.praha-19.ys-beta.cz\/app\/uploads\/2022\/11\/2021_05_27_Pasovani-na-ctenare142-378x567.jpg 378w, https:\/\/foto.praha-19.ys-beta.cz\/app\/uploads\/2022\/11\/2021_05_27_Pasovani-na-ctenare142-200x300.jpg 200w, https:\/\/foto.praha-19.ys-beta.cz\/app\/uploads\/2022\/11\/2021_05_27_Pasovani-na-ctenare142-683x1024.jpg 683w, https:\/\/foto.praha-19.ys-beta.cz\/app\/uploads\/2022\/11\/2021_05_27_Pasovani-na-ctenare142-768x1152.jpg 768w, https:\/\/foto.praha-19.ys-beta.cz\/app\/uploads\/2022\/11\/2021_05_27_Pasovani-na-ctenare142-1024x1536.jpg 1024w, https:\/\/foto.praha-19.ys-beta.cz\/app\/uploads\/2022\/11\/2021_05_27_Pasovani-na-ctenare142-1194x1791.jpg 1194w, https:\/\/foto.praha-19.ys-beta.cz\/app\/uploads\/2022\/11\/2021_05_27_Pasovani-na-ctenare142-582x873.jpg 582w, https:\/\/foto.praha-19.ys-beta.cz\/app\/uploads\/2022\/11\/2021_05_27_Pasovani-na-ctenare142-276x414.jpg 276w, https:\/\/foto.praha-19.ys-beta.cz\/app\/uploads\/2022\/11\/2021_05_27_Pasovani-na-ctenare142-300x450.jpg 300w, https:\/\/foto.praha-19.ys-beta.cz\/app\/uploads\/2022\/11\/2021_05_27_Pasovani-na-ctenare142.jpg 1280w\" sizes=\"auto, (max-width: 378px) 100vw, 378px\" \/><\/a><\/div><div class='pinhole-item col-xs-12 col-lg-4 col-md-4 col-sm-6  '><a class=\"item-link\" href=\"https:\/\/foto.praha-19.ys-beta.cz\/app\/uploads\/2022\/11\/2021_05_27_Pasovani-na-ctenare141.jpg\" data-caption=\"[]\" data-meta=\"[]\"  data-size=\"{&quot;width&quot;:1280,&quot;height&quot;:1920}\" data-download=\"[]\" data-filename=\"{&quot;name&quot;:&quot;&quot;}\"><img loading=\"lazy\" decoding=\"async\" width=\"378\" height=\"567\" src=\"https:\/\/foto.praha-19.ys-beta.cz\/app\/uploads\/2022\/11\/2021_05_27_Pasovani-na-ctenare141-378x567.jpg\" class=\"attachment-pinhole-col-3 size-pinhole-col-3\" alt=\"\" srcset=\"https:\/\/foto.praha-19.ys-beta.cz\/app\/uploads\/2022\/11\/2021_05_27_Pasovani-na-ctenare141-378x567.jpg 378w, https:\/\/foto.praha-19.ys-beta.cz\/app\/uploads\/2022\/11\/2021_05_27_Pasovani-na-ctenare141-200x300.jpg 200w, https:\/\/foto.praha-19.ys-beta.cz\/app\/uploads\/2022\/11\/2021_05_27_Pasovani-na-ctenare141-683x1024.jpg 683w, https:\/\/foto.praha-19.ys-beta.cz\/app\/uploads\/2022\/11\/2021_05_27_Pasovani-na-ctenare141-768x1152.jpg 768w, https:\/\/foto.praha-19.ys-beta.cz\/app\/uploads\/2022\/11\/2021_05_27_Pasovani-na-ctenare141-1024x1536.jpg 1024w, https:\/\/foto.praha-19.ys-beta.cz\/app\/uploads\/2022\/11\/2021_05_27_Pasovani-na-ctenare141-1194x1791.jpg 1194w, https:\/\/foto.praha-19.ys-beta.cz\/app\/uploads\/2022\/11\/2021_05_27_Pasovani-na-ctenare141-582x873.jpg 582w, https:\/\/foto.praha-19.ys-beta.cz\/app\/uploads\/2022\/11\/2021_05_27_Pasovani-na-ctenare141-276x414.jpg 276w, https:\/\/foto.praha-19.ys-beta.cz\/app\/uploads\/2022\/11\/2021_05_27_Pasovani-na-ctenare141-300x450.jpg 300w, https:\/\/foto.praha-19.ys-beta.cz\/app\/uploads\/2022\/11\/2021_05_27_Pasovani-na-ctenare141.jpg 1280w\" sizes=\"auto, (max-width: 378px) 100vw, 378px\" \/><\/a><\/div><div class='pinhole-item col-xs-12 col-lg-4 col-md-4 col-sm-6  '><a class=\"item-link\" href=\"https:\/\/foto.praha-19.ys-beta.cz\/app\/uploads\/2022\/11\/2021_05_27_Pasovani-na-ctenare140.jpg\" data-caption=\"[]\" data-meta=\"[]\"  data-size=\"{&quot;width&quot;:1920,&quot;height&quot;:1280}\" data-download=\"[]\" data-filename=\"{&quot;name&quot;:&quot;&quot;}\"><img loading=\"lazy\" decoding=\"async\" width=\"378\" height=\"252\" src=\"https:\/\/foto.praha-19.ys-beta.cz\/app\/uploads\/2022\/11\/2021_05_27_Pasovani-na-ctenare140-378x252.jpg\" class=\"attachment-pinhole-col-3 size-pinhole-col-3\" alt=\"\" srcset=\"https:\/\/foto.praha-19.ys-beta.cz\/app\/uploads\/2022\/11\/2021_05_27_Pasovani-na-ctenare140-378x252.jpg 378w, https:\/\/foto.praha-19.ys-beta.cz\/app\/uploads\/2022\/11\/2021_05_27_Pasovani-na-ctenare140-300x200.jpg 300w, https:\/\/foto.praha-19.ys-beta.cz\/app\/uploads\/2022\/11\/2021_05_27_Pasovani-na-ctenare140-1024x683.jpg 1024w, https:\/\/foto.praha-19.ys-beta.cz\/app\/uploads\/2022\/11\/2021_05_27_Pasovani-na-ctenare140-768x512.jpg 768w, https:\/\/foto.praha-19.ys-beta.cz\/app\/uploads\/2022\/11\/2021_05_27_Pasovani-na-ctenare140-1536x1024.jpg 1536w, https:\/\/foto.praha-19.ys-beta.cz\/app\/uploads\/2022\/11\/2021_05_27_Pasovani-na-ctenare140-1194x796.jpg 1194w, https:\/\/foto.praha-19.ys-beta.cz\/app\/uploads\/2022\/11\/2021_05_27_Pasovani-na-ctenare140-582x388.jpg 582w, https:\/\/foto.praha-19.ys-beta.cz\/app\/uploads\/2022\/11\/2021_05_27_Pasovani-na-ctenare140-276x184.jpg 276w, https:\/\/foto.praha-19.ys-beta.cz\/app\/uploads\/2022\/11\/2021_05_27_Pasovani-na-ctenare140-675x450.jpg 675w, https:\/\/foto.praha-19.ys-beta.cz\/app\/uploads\/2022\/11\/2021_05_27_Pasovani-na-ctenare140.jpg 1920w\" sizes=\"auto, (max-width: 378px) 100vw, 378px\" \/><\/a><\/div><div class='pinhole-item col-xs-12 col-lg-4 col-md-4 col-sm-6  '><a class=\"item-link\" href=\"https:\/\/foto.praha-19.ys-beta.cz\/app\/uploads\/2022\/11\/2021_05_27_Pasovani-na-ctenare139.jpg\" data-caption=\"[]\" data-meta=\"[]\"  data-size=\"{&quot;width&quot;:1280,&quot;height&quot;:1920}\" data-download=\"[]\" data-filename=\"{&quot;name&quot;:&quot;&quot;}\"><img loading=\"lazy\" decoding=\"async\" width=\"378\" height=\"567\" src=\"https:\/\/foto.praha-19.ys-beta.cz\/app\/uploads\/2022\/11\/2021_05_27_Pasovani-na-ctenare139-378x567.jpg\" class=\"attachment-pinhole-col-3 size-pinhole-col-3\" alt=\"\" srcset=\"https:\/\/foto.praha-19.ys-beta.cz\/app\/uploads\/2022\/11\/2021_05_27_Pasovani-na-ctenare139-378x567.jpg 378w, https:\/\/foto.praha-19.ys-beta.cz\/app\/uploads\/2022\/11\/2021_05_27_Pasovani-na-ctenare139-200x300.jpg 200w, https:\/\/foto.praha-19.ys-beta.cz\/app\/uploads\/2022\/11\/2021_05_27_Pasovani-na-ctenare139-683x1024.jpg 683w, https:\/\/foto.praha-19.ys-beta.cz\/app\/uploads\/2022\/11\/2021_05_27_Pasovani-na-ctenare139-768x1152.jpg 768w, https:\/\/foto.praha-19.ys-beta.cz\/app\/uploads\/2022\/11\/2021_05_27_Pasovani-na-ctenare139-1024x1536.jpg 1024w, https:\/\/foto.praha-19.ys-beta.cz\/app\/uploads\/2022\/11\/2021_05_27_Pasovani-na-ctenare139-1194x1791.jpg 1194w, https:\/\/foto.praha-19.ys-beta.cz\/app\/uploads\/2022\/11\/2021_05_27_Pasovani-na-ctenare139-582x873.jpg 582w, https:\/\/foto.praha-19.ys-beta.cz\/app\/uploads\/2022\/11\/2021_05_27_Pasovani-na-ctenare139-276x414.jpg 276w, https:\/\/foto.praha-19.ys-beta.cz\/app\/uploads\/2022\/11\/2021_05_27_Pasovani-na-ctenare139-300x450.jpg 300w, https:\/\/foto.praha-19.ys-beta.cz\/app\/uploads\/2022\/11\/2021_05_27_Pasovani-na-ctenare139.jpg 1280w\" sizes=\"auto, (max-width: 378px) 100vw, 378px\" \/><\/a><\/div><div class='pinhole-item col-xs-12 col-lg-4 col-md-4 col-sm-6  '><a class=\"item-link\" href=\"https:\/\/foto.praha-19.ys-beta.cz\/app\/uploads\/2022\/11\/2021_05_27_Pasovani-na-ctenare138.jpg\" data-caption=\"[]\" data-meta=\"[]\"  data-size=\"{&quot;width&quot;:1280,&quot;height&quot;:1920}\" data-download=\"[]\" data-filename=\"{&quot;name&quot;:&quot;&quot;}\"><img loading=\"lazy\" decoding=\"async\" width=\"378\" height=\"567\" src=\"https:\/\/foto.praha-19.ys-beta.cz\/app\/uploads\/2022\/11\/2021_05_27_Pasovani-na-ctenare138-378x567.jpg\" class=\"attachment-pinhole-col-3 size-pinhole-col-3\" alt=\"\" srcset=\"https:\/\/foto.praha-19.ys-beta.cz\/app\/uploads\/2022\/11\/2021_05_27_Pasovani-na-ctenare138-378x567.jpg 378w, https:\/\/foto.praha-19.ys-beta.cz\/app\/uploads\/2022\/11\/2021_05_27_Pasovani-na-ctenare138-200x300.jpg 200w, https:\/\/foto.praha-19.ys-beta.cz\/app\/uploads\/2022\/11\/2021_05_27_Pasovani-na-ctenare138-683x1024.jpg 683w, https:\/\/foto.praha-19.ys-beta.cz\/app\/uploads\/2022\/11\/2021_05_27_Pasovani-na-ctenare138-768x1152.jpg 768w, https:\/\/foto.praha-19.ys-beta.cz\/app\/uploads\/2022\/11\/2021_05_27_Pasovani-na-ctenare138-1024x1536.jpg 1024w, https:\/\/foto.praha-19.ys-beta.cz\/app\/uploads\/2022\/11\/2021_05_27_Pasovani-na-ctenare138-1194x1791.jpg 1194w, https:\/\/foto.praha-19.ys-beta.cz\/app\/uploads\/2022\/11\/2021_05_27_Pasovani-na-ctenare138-582x873.jpg 582w, https:\/\/foto.praha-19.ys-beta.cz\/app\/uploads\/2022\/11\/2021_05_27_Pasovani-na-ctenare138-276x414.jpg 276w, https:\/\/foto.praha-19.ys-beta.cz\/app\/uploads\/2022\/11\/2021_05_27_Pasovani-na-ctenare138-300x450.jpg 300w, https:\/\/foto.praha-19.ys-beta.cz\/app\/uploads\/2022\/11\/2021_05_27_Pasovani-na-ctenare138.jpg 1280w\" sizes=\"auto, (max-width: 378px) 100vw, 378px\" \/><\/a><\/div><div class='pinhole-item col-xs-12 col-lg-4 col-md-4 col-sm-6  '><a class=\"item-link\" href=\"https:\/\/foto.praha-19.ys-beta.cz\/app\/uploads\/2022\/11\/2021_05_27_Pasovani-na-ctenare137.jpg\" data-caption=\"[]\" data-meta=\"[]\"  data-size=\"{&quot;width&quot;:1280,&quot;height&quot;:1920}\" data-download=\"[]\" data-filename=\"{&quot;name&quot;:&quot;&quot;}\"><img loading=\"lazy\" decoding=\"async\" width=\"378\" height=\"567\" src=\"https:\/\/foto.praha-19.ys-beta.cz\/app\/uploads\/2022\/11\/2021_05_27_Pasovani-na-ctenare137-378x567.jpg\" class=\"attachment-pinhole-col-3 size-pinhole-col-3\" alt=\"\" srcset=\"https:\/\/foto.praha-19.ys-beta.cz\/app\/uploads\/2022\/11\/2021_05_27_Pasovani-na-ctenare137-378x567.jpg 378w, https:\/\/foto.praha-19.ys-beta.cz\/app\/uploads\/2022\/11\/2021_05_27_Pasovani-na-ctenare137-200x300.jpg 200w, https:\/\/foto.praha-19.ys-beta.cz\/app\/uploads\/2022\/11\/2021_05_27_Pasovani-na-ctenare137-683x1024.jpg 683w, https:\/\/foto.praha-19.ys-beta.cz\/app\/uploads\/2022\/11\/2021_05_27_Pasovani-na-ctenare137-768x1152.jpg 768w, https:\/\/foto.praha-19.ys-beta.cz\/app\/uploads\/2022\/11\/2021_05_27_Pasovani-na-ctenare137-1024x1536.jpg 1024w, https:\/\/foto.praha-19.ys-beta.cz\/app\/uploads\/2022\/11\/2021_05_27_Pasovani-na-ctenare137-1194x1791.jpg 1194w, https:\/\/foto.praha-19.ys-beta.cz\/app\/uploads\/2022\/11\/2021_05_27_Pasovani-na-ctenare137-582x873.jpg 582w, https:\/\/foto.praha-19.ys-beta.cz\/app\/uploads\/2022\/11\/2021_05_27_Pasovani-na-ctenare137-276x414.jpg 276w, https:\/\/foto.praha-19.ys-beta.cz\/app\/uploads\/2022\/11\/2021_05_27_Pasovani-na-ctenare137-300x450.jpg 300w, https:\/\/foto.praha-19.ys-beta.cz\/app\/uploads\/2022\/11\/2021_05_27_Pasovani-na-ctenare137.jpg 1280w\" sizes=\"auto, (max-width: 378px) 100vw, 378px\" \/><\/a><\/div><div class='pinhole-item col-xs-12 col-lg-4 col-md-4 col-sm-6  '><a class=\"item-link\" href=\"https:\/\/foto.praha-19.ys-beta.cz\/app\/uploads\/2022\/11\/2021_05_27_Pasovani-na-ctenare135.jpg\" data-caption=\"[]\" data-meta=\"[]\"  data-size=\"{&quot;width&quot;:1920,&quot;height&quot;:1280}\" data-download=\"[]\" data-filename=\"{&quot;name&quot;:&quot;&quot;}\"><img loading=\"lazy\" decoding=\"async\" width=\"378\" height=\"252\" src=\"https:\/\/foto.praha-19.ys-beta.cz\/app\/uploads\/2022\/11\/2021_05_27_Pasovani-na-ctenare135-378x252.jpg\" class=\"attachment-pinhole-col-3 size-pinhole-col-3\" alt=\"\" srcset=\"https:\/\/foto.praha-19.ys-beta.cz\/app\/uploads\/2022\/11\/2021_05_27_Pasovani-na-ctenare135-378x252.jpg 378w, https:\/\/foto.praha-19.ys-beta.cz\/app\/uploads\/2022\/11\/2021_05_27_Pasovani-na-ctenare135-300x200.jpg 300w, https:\/\/foto.praha-19.ys-beta.cz\/app\/uploads\/2022\/11\/2021_05_27_Pasovani-na-ctenare135-1024x683.jpg 1024w, https:\/\/foto.praha-19.ys-beta.cz\/app\/uploads\/2022\/11\/2021_05_27_Pasovani-na-ctenare135-768x512.jpg 768w, https:\/\/foto.praha-19.ys-beta.cz\/app\/uploads\/2022\/11\/2021_05_27_Pasovani-na-ctenare135-1536x1024.jpg 1536w, https:\/\/foto.praha-19.ys-beta.cz\/app\/uploads\/2022\/11\/2021_05_27_Pasovani-na-ctenare135-1194x796.jpg 1194w, https:\/\/foto.praha-19.ys-beta.cz\/app\/uploads\/2022\/11\/2021_05_27_Pasovani-na-ctenare135-582x388.jpg 582w, https:\/\/foto.praha-19.ys-beta.cz\/app\/uploads\/2022\/11\/2021_05_27_Pasovani-na-ctenare135-276x184.jpg 276w, https:\/\/foto.praha-19.ys-beta.cz\/app\/uploads\/2022\/11\/2021_05_27_Pasovani-na-ctenare135-675x450.jpg 675w, https:\/\/foto.praha-19.ys-beta.cz\/app\/uploads\/2022\/11\/2021_05_27_Pasovani-na-ctenare135.jpg 1920w\" sizes=\"auto, (max-width: 378px) 100vw, 378px\" \/><\/a><\/div><div class='pinhole-item col-xs-12 col-lg-4 col-md-4 col-sm-6  '><a class=\"item-link\" href=\"https:\/\/foto.praha-19.ys-beta.cz\/app\/uploads\/2022\/11\/2021_05_27_Pasovani-na-ctenare134.jpg\" data-caption=\"[]\" data-meta=\"[]\"  data-size=\"{&quot;width&quot;:1280,&quot;height&quot;:1920}\" data-download=\"[]\" data-filename=\"{&quot;name&quot;:&quot;&quot;}\"><img loading=\"lazy\" decoding=\"async\" width=\"378\" height=\"567\" src=\"https:\/\/foto.praha-19.ys-beta.cz\/app\/uploads\/2022\/11\/2021_05_27_Pasovani-na-ctenare134-378x567.jpg\" class=\"attachment-pinhole-col-3 size-pinhole-col-3\" alt=\"\" srcset=\"https:\/\/foto.praha-19.ys-beta.cz\/app\/uploads\/2022\/11\/2021_05_27_Pasovani-na-ctenare134-378x567.jpg 378w, https:\/\/foto.praha-19.ys-beta.cz\/app\/uploads\/2022\/11\/2021_05_27_Pasovani-na-ctenare134-200x300.jpg 200w, https:\/\/foto.praha-19.ys-beta.cz\/app\/uploads\/2022\/11\/2021_05_27_Pasovani-na-ctenare134-683x1024.jpg 683w, https:\/\/foto.praha-19.ys-beta.cz\/app\/uploads\/2022\/11\/2021_05_27_Pasovani-na-ctenare134-768x1152.jpg 768w, https:\/\/foto.praha-19.ys-beta.cz\/app\/uploads\/2022\/11\/2021_05_27_Pasovani-na-ctenare134-1024x1536.jpg 1024w, https:\/\/foto.praha-19.ys-beta.cz\/app\/uploads\/2022\/11\/2021_05_27_Pasovani-na-ctenare134-1194x1791.jpg 1194w, https:\/\/foto.praha-19.ys-beta.cz\/app\/uploads\/2022\/11\/2021_05_27_Pasovani-na-ctenare134-582x873.jpg 582w, https:\/\/foto.praha-19.ys-beta.cz\/app\/uploads\/2022\/11\/2021_05_27_Pasovani-na-ctenare134-276x414.jpg 276w, https:\/\/foto.praha-19.ys-beta.cz\/app\/uploads\/2022\/11\/2021_05_27_Pasovani-na-ctenare134-300x450.jpg 300w, https:\/\/foto.praha-19.ys-beta.cz\/app\/uploads\/2022\/11\/2021_05_27_Pasovani-na-ctenare134.jpg 1280w\" sizes=\"auto, (max-width: 378px) 100vw, 378px\" \/><\/a><\/div><div class='pinhole-item col-xs-12 col-lg-4 col-md-4 col-sm-6  '><a class=\"item-link\" href=\"https:\/\/foto.praha-19.ys-beta.cz\/app\/uploads\/2022\/11\/2021_05_27_Pasovani-na-ctenare133.jpg\" data-caption=\"[]\" data-meta=\"[]\"  data-size=\"{&quot;width&quot;:1280,&quot;height&quot;:1920}\" data-download=\"[]\" data-filename=\"{&quot;name&quot;:&quot;&quot;}\"><img loading=\"lazy\" decoding=\"async\" width=\"378\" height=\"567\" src=\"https:\/\/foto.praha-19.ys-beta.cz\/app\/uploads\/2022\/11\/2021_05_27_Pasovani-na-ctenare133-378x567.jpg\" class=\"attachment-pinhole-col-3 size-pinhole-col-3\" alt=\"\" srcset=\"https:\/\/foto.praha-19.ys-beta.cz\/app\/uploads\/2022\/11\/2021_05_27_Pasovani-na-ctenare133-378x567.jpg 378w, https:\/\/foto.praha-19.ys-beta.cz\/app\/uploads\/2022\/11\/2021_05_27_Pasovani-na-ctenare133-200x300.jpg 200w, https:\/\/foto.praha-19.ys-beta.cz\/app\/uploads\/2022\/11\/2021_05_27_Pasovani-na-ctenare133-683x1024.jpg 683w, https:\/\/foto.praha-19.ys-beta.cz\/app\/uploads\/2022\/11\/2021_05_27_Pasovani-na-ctenare133-768x1152.jpg 768w, https:\/\/foto.praha-19.ys-beta.cz\/app\/uploads\/2022\/11\/2021_05_27_Pasovani-na-ctenare133-1024x1536.jpg 1024w, https:\/\/foto.praha-19.ys-beta.cz\/app\/uploads\/2022\/11\/2021_05_27_Pasovani-na-ctenare133-1194x1791.jpg 1194w, https:\/\/foto.praha-19.ys-beta.cz\/app\/uploads\/2022\/11\/2021_05_27_Pasovani-na-ctenare133-582x873.jpg 582w, https:\/\/foto.praha-19.ys-beta.cz\/app\/uploads\/2022\/11\/2021_05_27_Pasovani-na-ctenare133-276x414.jpg 276w, https:\/\/foto.praha-19.ys-beta.cz\/app\/uploads\/2022\/11\/2021_05_27_Pasovani-na-ctenare133-300x450.jpg 300w, https:\/\/foto.praha-19.ys-beta.cz\/app\/uploads\/2022\/11\/2021_05_27_Pasovani-na-ctenare133.jpg 1280w\" sizes=\"auto, (max-width: 378px) 100vw, 378px\" \/><\/a><\/div><div class='pinhole-item col-xs-12 col-lg-4 col-md-4 col-sm-6  '><a class=\"item-link\" href=\"https:\/\/foto.praha-19.ys-beta.cz\/app\/uploads\/2022\/11\/2021_05_27_Pasovani-na-ctenare132.jpg\" data-caption=\"[]\" data-meta=\"[]\"  data-size=\"{&quot;width&quot;:1280,&quot;height&quot;:1920}\" data-download=\"[]\" data-filename=\"{&quot;name&quot;:&quot;&quot;}\"><img loading=\"lazy\" decoding=\"async\" width=\"378\" height=\"567\" src=\"https:\/\/foto.praha-19.ys-beta.cz\/app\/uploads\/2022\/11\/2021_05_27_Pasovani-na-ctenare132-378x567.jpg\" class=\"attachment-pinhole-col-3 size-pinhole-col-3\" alt=\"\" srcset=\"https:\/\/foto.praha-19.ys-beta.cz\/app\/uploads\/2022\/11\/2021_05_27_Pasovani-na-ctenare132-378x567.jpg 378w, https:\/\/foto.praha-19.ys-beta.cz\/app\/uploads\/2022\/11\/2021_05_27_Pasovani-na-ctenare132-200x300.jpg 200w, https:\/\/foto.praha-19.ys-beta.cz\/app\/uploads\/2022\/11\/2021_05_27_Pasovani-na-ctenare132-683x1024.jpg 683w, https:\/\/foto.praha-19.ys-beta.cz\/app\/uploads\/2022\/11\/2021_05_27_Pasovani-na-ctenare132-768x1152.jpg 768w, https:\/\/foto.praha-19.ys-beta.cz\/app\/uploads\/2022\/11\/2021_05_27_Pasovani-na-ctenare132-1024x1536.jpg 1024w, https:\/\/foto.praha-19.ys-beta.cz\/app\/uploads\/2022\/11\/2021_05_27_Pasovani-na-ctenare132-1194x1791.jpg 1194w, https:\/\/foto.praha-19.ys-beta.cz\/app\/uploads\/2022\/11\/2021_05_27_Pasovani-na-ctenare132-582x873.jpg 582w, https:\/\/foto.praha-19.ys-beta.cz\/app\/uploads\/2022\/11\/2021_05_27_Pasovani-na-ctenare132-276x414.jpg 276w, https:\/\/foto.praha-19.ys-beta.cz\/app\/uploads\/2022\/11\/2021_05_27_Pasovani-na-ctenare132-300x450.jpg 300w, https:\/\/foto.praha-19.ys-beta.cz\/app\/uploads\/2022\/11\/2021_05_27_Pasovani-na-ctenare132.jpg 1280w\" sizes=\"auto, (max-width: 378px) 100vw, 378px\" \/><\/a><\/div><div class='pinhole-item col-xs-12 col-lg-4 col-md-4 col-sm-6  '><a class=\"item-link\" href=\"https:\/\/foto.praha-19.ys-beta.cz\/app\/uploads\/2022\/11\/2021_05_27_Pasovani-na-ctenare131.jpg\" data-caption=\"[]\" data-meta=\"[]\"  data-size=\"{&quot;width&quot;:1920,&quot;height&quot;:1280}\" data-download=\"[]\" data-filename=\"{&quot;name&quot;:&quot;&quot;}\"><img loading=\"lazy\" decoding=\"async\" width=\"378\" height=\"252\" src=\"https:\/\/foto.praha-19.ys-beta.cz\/app\/uploads\/2022\/11\/2021_05_27_Pasovani-na-ctenare131-378x252.jpg\" class=\"attachment-pinhole-col-3 size-pinhole-col-3\" alt=\"\" srcset=\"https:\/\/foto.praha-19.ys-beta.cz\/app\/uploads\/2022\/11\/2021_05_27_Pasovani-na-ctenare131-378x252.jpg 378w, https:\/\/foto.praha-19.ys-beta.cz\/app\/uploads\/2022\/11\/2021_05_27_Pasovani-na-ctenare131-300x200.jpg 300w, https:\/\/foto.praha-19.ys-beta.cz\/app\/uploads\/2022\/11\/2021_05_27_Pasovani-na-ctenare131-1024x683.jpg 1024w, https:\/\/foto.praha-19.ys-beta.cz\/app\/uploads\/2022\/11\/2021_05_27_Pasovani-na-ctenare131-768x512.jpg 768w, https:\/\/foto.praha-19.ys-beta.cz\/app\/uploads\/2022\/11\/2021_05_27_Pasovani-na-ctenare131-1536x1024.jpg 1536w, https:\/\/foto.praha-19.ys-beta.cz\/app\/uploads\/2022\/11\/2021_05_27_Pasovani-na-ctenare131-1194x796.jpg 1194w, https:\/\/foto.praha-19.ys-beta.cz\/app\/uploads\/2022\/11\/2021_05_27_Pasovani-na-ctenare131-582x388.jpg 582w, https:\/\/foto.praha-19.ys-beta.cz\/app\/uploads\/2022\/11\/2021_05_27_Pasovani-na-ctenare131-276x184.jpg 276w, https:\/\/foto.praha-19.ys-beta.cz\/app\/uploads\/2022\/11\/2021_05_27_Pasovani-na-ctenare131-675x450.jpg 675w, https:\/\/foto.praha-19.ys-beta.cz\/app\/uploads\/2022\/11\/2021_05_27_Pasovani-na-ctenare131.jpg 1920w\" sizes=\"auto, (max-width: 378px) 100vw, 378px\" \/><\/a><\/div><div class='pinhole-item col-xs-12 col-lg-4 col-md-4 col-sm-6  '><a class=\"item-link\" href=\"https:\/\/foto.praha-19.ys-beta.cz\/app\/uploads\/2022\/11\/2021_05_27_Pasovani-na-ctenare130.jpg\" data-caption=\"[]\" data-meta=\"[]\"  data-size=\"{&quot;width&quot;:1280,&quot;height&quot;:1920}\" data-download=\"[]\" data-filename=\"{&quot;name&quot;:&quot;&quot;}\"><img loading=\"lazy\" decoding=\"async\" width=\"378\" height=\"567\" src=\"https:\/\/foto.praha-19.ys-beta.cz\/app\/uploads\/2022\/11\/2021_05_27_Pasovani-na-ctenare130-378x567.jpg\" class=\"attachment-pinhole-col-3 size-pinhole-col-3\" alt=\"\" srcset=\"https:\/\/foto.praha-19.ys-beta.cz\/app\/uploads\/2022\/11\/2021_05_27_Pasovani-na-ctenare130-378x567.jpg 378w, https:\/\/foto.praha-19.ys-beta.cz\/app\/uploads\/2022\/11\/2021_05_27_Pasovani-na-ctenare130-200x300.jpg 200w, https:\/\/foto.praha-19.ys-beta.cz\/app\/uploads\/2022\/11\/2021_05_27_Pasovani-na-ctenare130-683x1024.jpg 683w, https:\/\/foto.praha-19.ys-beta.cz\/app\/uploads\/2022\/11\/2021_05_27_Pasovani-na-ctenare130-768x1152.jpg 768w, https:\/\/foto.praha-19.ys-beta.cz\/app\/uploads\/2022\/11\/2021_05_27_Pasovani-na-ctenare130-1024x1536.jpg 1024w, https:\/\/foto.praha-19.ys-beta.cz\/app\/uploads\/2022\/11\/2021_05_27_Pasovani-na-ctenare130-1194x1791.jpg 1194w, https:\/\/foto.praha-19.ys-beta.cz\/app\/uploads\/2022\/11\/2021_05_27_Pasovani-na-ctenare130-582x873.jpg 582w, https:\/\/foto.praha-19.ys-beta.cz\/app\/uploads\/2022\/11\/2021_05_27_Pasovani-na-ctenare130-276x414.jpg 276w, https:\/\/foto.praha-19.ys-beta.cz\/app\/uploads\/2022\/11\/2021_05_27_Pasovani-na-ctenare130-300x450.jpg 300w, https:\/\/foto.praha-19.ys-beta.cz\/app\/uploads\/2022\/11\/2021_05_27_Pasovani-na-ctenare130.jpg 1280w\" sizes=\"auto, (max-width: 378px) 100vw, 378px\" \/><\/a><\/div><div class='pinhole-item col-xs-12 col-lg-4 col-md-4 col-sm-6  '><a class=\"item-link\" href=\"https:\/\/foto.praha-19.ys-beta.cz\/app\/uploads\/2022\/11\/2021_05_27_Pasovani-na-ctenare129.jpg\" data-caption=\"[]\" data-meta=\"[]\"  data-size=\"{&quot;width&quot;:1280,&quot;height&quot;:1920}\" data-download=\"[]\" data-filename=\"{&quot;name&quot;:&quot;&quot;}\"><img loading=\"lazy\" decoding=\"async\" width=\"378\" height=\"567\" src=\"https:\/\/foto.praha-19.ys-beta.cz\/app\/uploads\/2022\/11\/2021_05_27_Pasovani-na-ctenare129-378x567.jpg\" class=\"attachment-pinhole-col-3 size-pinhole-col-3\" alt=\"\" srcset=\"https:\/\/foto.praha-19.ys-beta.cz\/app\/uploads\/2022\/11\/2021_05_27_Pasovani-na-ctenare129-378x567.jpg 378w, https:\/\/foto.praha-19.ys-beta.cz\/app\/uploads\/2022\/11\/2021_05_27_Pasovani-na-ctenare129-200x300.jpg 200w, https:\/\/foto.praha-19.ys-beta.cz\/app\/uploads\/2022\/11\/2021_05_27_Pasovani-na-ctenare129-683x1024.jpg 683w, https:\/\/foto.praha-19.ys-beta.cz\/app\/uploads\/2022\/11\/2021_05_27_Pasovani-na-ctenare129-768x1152.jpg 768w, https:\/\/foto.praha-19.ys-beta.cz\/app\/uploads\/2022\/11\/2021_05_27_Pasovani-na-ctenare129-1024x1536.jpg 1024w, https:\/\/foto.praha-19.ys-beta.cz\/app\/uploads\/2022\/11\/2021_05_27_Pasovani-na-ctenare129-1194x1791.jpg 1194w, https:\/\/foto.praha-19.ys-beta.cz\/app\/uploads\/2022\/11\/2021_05_27_Pasovani-na-ctenare129-582x873.jpg 582w, https:\/\/foto.praha-19.ys-beta.cz\/app\/uploads\/2022\/11\/2021_05_27_Pasovani-na-ctenare129-276x414.jpg 276w, https:\/\/foto.praha-19.ys-beta.cz\/app\/uploads\/2022\/11\/2021_05_27_Pasovani-na-ctenare129-300x450.jpg 300w, https:\/\/foto.praha-19.ys-beta.cz\/app\/uploads\/2022\/11\/2021_05_27_Pasovani-na-ctenare129.jpg 1280w\" sizes=\"auto, (max-width: 378px) 100vw, 378px\" \/><\/a><\/div><div class='pinhole-item col-xs-12 col-lg-4 col-md-4 col-sm-6  '><a class=\"item-link\" href=\"https:\/\/foto.praha-19.ys-beta.cz\/app\/uploads\/2022\/11\/2021_05_27_Pasovani-na-ctenare128.jpg\" data-caption=\"[]\" data-meta=\"[]\"  data-size=\"{&quot;width&quot;:1280,&quot;height&quot;:1920}\" data-download=\"[]\" data-filename=\"{&quot;name&quot;:&quot;&quot;}\"><img loading=\"lazy\" decoding=\"async\" width=\"378\" height=\"567\" src=\"https:\/\/foto.praha-19.ys-beta.cz\/app\/uploads\/2022\/11\/2021_05_27_Pasovani-na-ctenare128-378x567.jpg\" class=\"attachment-pinhole-col-3 size-pinhole-col-3\" alt=\"\" srcset=\"https:\/\/foto.praha-19.ys-beta.cz\/app\/uploads\/2022\/11\/2021_05_27_Pasovani-na-ctenare128-378x567.jpg 378w, https:\/\/foto.praha-19.ys-beta.cz\/app\/uploads\/2022\/11\/2021_05_27_Pasovani-na-ctenare128-200x300.jpg 200w, https:\/\/foto.praha-19.ys-beta.cz\/app\/uploads\/2022\/11\/2021_05_27_Pasovani-na-ctenare128-683x1024.jpg 683w, https:\/\/foto.praha-19.ys-beta.cz\/app\/uploads\/2022\/11\/2021_05_27_Pasovani-na-ctenare128-768x1152.jpg 768w, https:\/\/foto.praha-19.ys-beta.cz\/app\/uploads\/2022\/11\/2021_05_27_Pasovani-na-ctenare128-1024x1536.jpg 1024w, https:\/\/foto.praha-19.ys-beta.cz\/app\/uploads\/2022\/11\/2021_05_27_Pasovani-na-ctenare128-1194x1791.jpg 1194w, https:\/\/foto.praha-19.ys-beta.cz\/app\/uploads\/2022\/11\/2021_05_27_Pasovani-na-ctenare128-582x873.jpg 582w, https:\/\/foto.praha-19.ys-beta.cz\/app\/uploads\/2022\/11\/2021_05_27_Pasovani-na-ctenare128-276x414.jpg 276w, https:\/\/foto.praha-19.ys-beta.cz\/app\/uploads\/2022\/11\/2021_05_27_Pasovani-na-ctenare128-300x450.jpg 300w, https:\/\/foto.praha-19.ys-beta.cz\/app\/uploads\/2022\/11\/2021_05_27_Pasovani-na-ctenare128.jpg 1280w\" sizes=\"auto, (max-width: 378px) 100vw, 378px\" \/><\/a><\/div><div class='pinhole-item col-xs-12 col-lg-4 col-md-4 col-sm-6  '><a class=\"item-link\" href=\"https:\/\/foto.praha-19.ys-beta.cz\/app\/uploads\/2022\/11\/2021_05_27_Pasovani-na-ctenare127.jpg\" data-caption=\"[]\" data-meta=\"[]\"  data-size=\"{&quot;width&quot;:1920,&quot;height&quot;:1280}\" data-download=\"[]\" data-filename=\"{&quot;name&quot;:&quot;&quot;}\"><img loading=\"lazy\" decoding=\"async\" width=\"378\" height=\"252\" src=\"https:\/\/foto.praha-19.ys-beta.cz\/app\/uploads\/2022\/11\/2021_05_27_Pasovani-na-ctenare127-378x252.jpg\" class=\"attachment-pinhole-col-3 size-pinhole-col-3\" alt=\"\" srcset=\"https:\/\/foto.praha-19.ys-beta.cz\/app\/uploads\/2022\/11\/2021_05_27_Pasovani-na-ctenare127-378x252.jpg 378w, https:\/\/foto.praha-19.ys-beta.cz\/app\/uploads\/2022\/11\/2021_05_27_Pasovani-na-ctenare127-300x200.jpg 300w, https:\/\/foto.praha-19.ys-beta.cz\/app\/uploads\/2022\/11\/2021_05_27_Pasovani-na-ctenare127-1024x683.jpg 1024w, https:\/\/foto.praha-19.ys-beta.cz\/app\/uploads\/2022\/11\/2021_05_27_Pasovani-na-ctenare127-768x512.jpg 768w, https:\/\/foto.praha-19.ys-beta.cz\/app\/uploads\/2022\/11\/2021_05_27_Pasovani-na-ctenare127-1536x1024.jpg 1536w, https:\/\/foto.praha-19.ys-beta.cz\/app\/uploads\/2022\/11\/2021_05_27_Pasovani-na-ctenare127-1194x796.jpg 1194w, https:\/\/foto.praha-19.ys-beta.cz\/app\/uploads\/2022\/11\/2021_05_27_Pasovani-na-ctenare127-582x388.jpg 582w, https:\/\/foto.praha-19.ys-beta.cz\/app\/uploads\/2022\/11\/2021_05_27_Pasovani-na-ctenare127-276x184.jpg 276w, https:\/\/foto.praha-19.ys-beta.cz\/app\/uploads\/2022\/11\/2021_05_27_Pasovani-na-ctenare127-675x450.jpg 675w, https:\/\/foto.praha-19.ys-beta.cz\/app\/uploads\/2022\/11\/2021_05_27_Pasovani-na-ctenare127.jpg 1920w\" sizes=\"auto, (max-width: 378px) 100vw, 378px\" \/><\/a><\/div><div class='pinhole-item col-xs-12 col-lg-4 col-md-4 col-sm-6  '><a class=\"item-link\" href=\"https:\/\/foto.praha-19.ys-beta.cz\/app\/uploads\/2022\/11\/2021_05_27_Pasovani-na-ctenare126.jpg\" data-caption=\"[]\" data-meta=\"[]\"  data-size=\"{&quot;width&quot;:1280,&quot;height&quot;:1920}\" data-download=\"[]\" data-filename=\"{&quot;name&quot;:&quot;&quot;}\"><img loading=\"lazy\" decoding=\"async\" width=\"378\" height=\"567\" src=\"https:\/\/foto.praha-19.ys-beta.cz\/app\/uploads\/2022\/11\/2021_05_27_Pasovani-na-ctenare126-378x567.jpg\" class=\"attachment-pinhole-col-3 size-pinhole-col-3\" alt=\"\" srcset=\"https:\/\/foto.praha-19.ys-beta.cz\/app\/uploads\/2022\/11\/2021_05_27_Pasovani-na-ctenare126-378x567.jpg 378w, https:\/\/foto.praha-19.ys-beta.cz\/app\/uploads\/2022\/11\/2021_05_27_Pasovani-na-ctenare126-200x300.jpg 200w, https:\/\/foto.praha-19.ys-beta.cz\/app\/uploads\/2022\/11\/2021_05_27_Pasovani-na-ctenare126-683x1024.jpg 683w, https:\/\/foto.praha-19.ys-beta.cz\/app\/uploads\/2022\/11\/2021_05_27_Pasovani-na-ctenare126-768x1152.jpg 768w, https:\/\/foto.praha-19.ys-beta.cz\/app\/uploads\/2022\/11\/2021_05_27_Pasovani-na-ctenare126-1024x1536.jpg 1024w, https:\/\/foto.praha-19.ys-beta.cz\/app\/uploads\/2022\/11\/2021_05_27_Pasovani-na-ctenare126-1194x1791.jpg 1194w, https:\/\/foto.praha-19.ys-beta.cz\/app\/uploads\/2022\/11\/2021_05_27_Pasovani-na-ctenare126-582x873.jpg 582w, https:\/\/foto.praha-19.ys-beta.cz\/app\/uploads\/2022\/11\/2021_05_27_Pasovani-na-ctenare126-276x414.jpg 276w, https:\/\/foto.praha-19.ys-beta.cz\/app\/uploads\/2022\/11\/2021_05_27_Pasovani-na-ctenare126-300x450.jpg 300w, https:\/\/foto.praha-19.ys-beta.cz\/app\/uploads\/2022\/11\/2021_05_27_Pasovani-na-ctenare126.jpg 1280w\" sizes=\"auto, (max-width: 378px) 100vw, 378px\" \/><\/a><\/div><div class='pinhole-item col-xs-12 col-lg-4 col-md-4 col-sm-6  '><a class=\"item-link\" href=\"https:\/\/foto.praha-19.ys-beta.cz\/app\/uploads\/2022\/11\/2021_05_27_Pasovani-na-ctenare125.jpg\" data-caption=\"[]\" data-meta=\"[]\"  data-size=\"{&quot;width&quot;:1280,&quot;height&quot;:1920}\" data-download=\"[]\" data-filename=\"{&quot;name&quot;:&quot;&quot;}\"><img loading=\"lazy\" decoding=\"async\" width=\"378\" height=\"567\" src=\"https:\/\/foto.praha-19.ys-beta.cz\/app\/uploads\/2022\/11\/2021_05_27_Pasovani-na-ctenare125-378x567.jpg\" class=\"attachment-pinhole-col-3 size-pinhole-col-3\" alt=\"\" srcset=\"https:\/\/foto.praha-19.ys-beta.cz\/app\/uploads\/2022\/11\/2021_05_27_Pasovani-na-ctenare125-378x567.jpg 378w, https:\/\/foto.praha-19.ys-beta.cz\/app\/uploads\/2022\/11\/2021_05_27_Pasovani-na-ctenare125-200x300.jpg 200w, https:\/\/foto.praha-19.ys-beta.cz\/app\/uploads\/2022\/11\/2021_05_27_Pasovani-na-ctenare125-683x1024.jpg 683w, https:\/\/foto.praha-19.ys-beta.cz\/app\/uploads\/2022\/11\/2021_05_27_Pasovani-na-ctenare125-768x1152.jpg 768w, https:\/\/foto.praha-19.ys-beta.cz\/app\/uploads\/2022\/11\/2021_05_27_Pasovani-na-ctenare125-1024x1536.jpg 1024w, https:\/\/foto.praha-19.ys-beta.cz\/app\/uploads\/2022\/11\/2021_05_27_Pasovani-na-ctenare125-1194x1791.jpg 1194w, https:\/\/foto.praha-19.ys-beta.cz\/app\/uploads\/2022\/11\/2021_05_27_Pasovani-na-ctenare125-582x873.jpg 582w, https:\/\/foto.praha-19.ys-beta.cz\/app\/uploads\/2022\/11\/2021_05_27_Pasovani-na-ctenare125-276x414.jpg 276w, https:\/\/foto.praha-19.ys-beta.cz\/app\/uploads\/2022\/11\/2021_05_27_Pasovani-na-ctenare125-300x450.jpg 300w, https:\/\/foto.praha-19.ys-beta.cz\/app\/uploads\/2022\/11\/2021_05_27_Pasovani-na-ctenare125.jpg 1280w\" sizes=\"auto, (max-width: 378px) 100vw, 378px\" \/><\/a><\/div><div class='pinhole-item col-xs-12 col-lg-4 col-md-4 col-sm-6  '><a class=\"item-link\" href=\"https:\/\/foto.praha-19.ys-beta.cz\/app\/uploads\/2022\/11\/2021_05_27_Pasovani-na-ctenare124.jpg\" data-caption=\"[]\" data-meta=\"[]\"  data-size=\"{&quot;width&quot;:1280,&quot;height&quot;:1920}\" data-download=\"[]\" data-filename=\"{&quot;name&quot;:&quot;&quot;}\"><img loading=\"lazy\" decoding=\"async\" width=\"378\" height=\"567\" src=\"https:\/\/foto.praha-19.ys-beta.cz\/app\/uploads\/2022\/11\/2021_05_27_Pasovani-na-ctenare124-378x567.jpg\" class=\"attachment-pinhole-col-3 size-pinhole-col-3\" alt=\"\" srcset=\"https:\/\/foto.praha-19.ys-beta.cz\/app\/uploads\/2022\/11\/2021_05_27_Pasovani-na-ctenare124-378x567.jpg 378w, https:\/\/foto.praha-19.ys-beta.cz\/app\/uploads\/2022\/11\/2021_05_27_Pasovani-na-ctenare124-200x300.jpg 200w, https:\/\/foto.praha-19.ys-beta.cz\/app\/uploads\/2022\/11\/2021_05_27_Pasovani-na-ctenare124-683x1024.jpg 683w, https:\/\/foto.praha-19.ys-beta.cz\/app\/uploads\/2022\/11\/2021_05_27_Pasovani-na-ctenare124-768x1152.jpg 768w, https:\/\/foto.praha-19.ys-beta.cz\/app\/uploads\/2022\/11\/2021_05_27_Pasovani-na-ctenare124-1024x1536.jpg 1024w, https:\/\/foto.praha-19.ys-beta.cz\/app\/uploads\/2022\/11\/2021_05_27_Pasovani-na-ctenare124-1194x1791.jpg 1194w, https:\/\/foto.praha-19.ys-beta.cz\/app\/uploads\/2022\/11\/2021_05_27_Pasovani-na-ctenare124-582x873.jpg 582w, https:\/\/foto.praha-19.ys-beta.cz\/app\/uploads\/2022\/11\/2021_05_27_Pasovani-na-ctenare124-276x414.jpg 276w, https:\/\/foto.praha-19.ys-beta.cz\/app\/uploads\/2022\/11\/2021_05_27_Pasovani-na-ctenare124-300x450.jpg 300w, https:\/\/foto.praha-19.ys-beta.cz\/app\/uploads\/2022\/11\/2021_05_27_Pasovani-na-ctenare124.jpg 1280w\" sizes=\"auto, (max-width: 378px) 100vw, 378px\" \/><\/a><\/div><div class='pinhole-item col-xs-12 col-lg-4 col-md-4 col-sm-6  '><a class=\"item-link\" href=\"https:\/\/foto.praha-19.ys-beta.cz\/app\/uploads\/2022\/11\/2021_05_27_Pasovani-na-ctenare123.jpg\" data-caption=\"[]\" data-meta=\"[]\"  data-size=\"{&quot;width&quot;:1920,&quot;height&quot;:1280}\" data-download=\"[]\" data-filename=\"{&quot;name&quot;:&quot;&quot;}\"><img loading=\"lazy\" decoding=\"async\" width=\"378\" height=\"252\" src=\"https:\/\/foto.praha-19.ys-beta.cz\/app\/uploads\/2022\/11\/2021_05_27_Pasovani-na-ctenare123-378x252.jpg\" class=\"attachment-pinhole-col-3 size-pinhole-col-3\" alt=\"\" srcset=\"https:\/\/foto.praha-19.ys-beta.cz\/app\/uploads\/2022\/11\/2021_05_27_Pasovani-na-ctenare123-378x252.jpg 378w, https:\/\/foto.praha-19.ys-beta.cz\/app\/uploads\/2022\/11\/2021_05_27_Pasovani-na-ctenare123-300x200.jpg 300w, https:\/\/foto.praha-19.ys-beta.cz\/app\/uploads\/2022\/11\/2021_05_27_Pasovani-na-ctenare123-1024x683.jpg 1024w, https:\/\/foto.praha-19.ys-beta.cz\/app\/uploads\/2022\/11\/2021_05_27_Pasovani-na-ctenare123-768x512.jpg 768w, https:\/\/foto.praha-19.ys-beta.cz\/app\/uploads\/2022\/11\/2021_05_27_Pasovani-na-ctenare123-1536x1024.jpg 1536w, https:\/\/foto.praha-19.ys-beta.cz\/app\/uploads\/2022\/11\/2021_05_27_Pasovani-na-ctenare123-1194x796.jpg 1194w, https:\/\/foto.praha-19.ys-beta.cz\/app\/uploads\/2022\/11\/2021_05_27_Pasovani-na-ctenare123-582x388.jpg 582w, https:\/\/foto.praha-19.ys-beta.cz\/app\/uploads\/2022\/11\/2021_05_27_Pasovani-na-ctenare123-276x184.jpg 276w, https:\/\/foto.praha-19.ys-beta.cz\/app\/uploads\/2022\/11\/2021_05_27_Pasovani-na-ctenare123-675x450.jpg 675w, https:\/\/foto.praha-19.ys-beta.cz\/app\/uploads\/2022\/11\/2021_05_27_Pasovani-na-ctenare123.jpg 1920w\" sizes=\"auto, (max-width: 378px) 100vw, 378px\" \/><\/a><\/div><div class='pinhole-item col-xs-12 col-lg-4 col-md-4 col-sm-6  '><a class=\"item-link\" href=\"https:\/\/foto.praha-19.ys-beta.cz\/app\/uploads\/2022\/11\/2021_05_27_Pasovani-na-ctenare122.jpg\" data-caption=\"[]\" data-meta=\"[]\"  data-size=\"{&quot;width&quot;:1280,&quot;height&quot;:1920}\" data-download=\"[]\" data-filename=\"{&quot;name&quot;:&quot;&quot;}\"><img loading=\"lazy\" decoding=\"async\" width=\"378\" height=\"567\" src=\"https:\/\/foto.praha-19.ys-beta.cz\/app\/uploads\/2022\/11\/2021_05_27_Pasovani-na-ctenare122-378x567.jpg\" class=\"attachment-pinhole-col-3 size-pinhole-col-3\" alt=\"\" srcset=\"https:\/\/foto.praha-19.ys-beta.cz\/app\/uploads\/2022\/11\/2021_05_27_Pasovani-na-ctenare122-378x567.jpg 378w, https:\/\/foto.praha-19.ys-beta.cz\/app\/uploads\/2022\/11\/2021_05_27_Pasovani-na-ctenare122-200x300.jpg 200w, https:\/\/foto.praha-19.ys-beta.cz\/app\/uploads\/2022\/11\/2021_05_27_Pasovani-na-ctenare122-683x1024.jpg 683w, https:\/\/foto.praha-19.ys-beta.cz\/app\/uploads\/2022\/11\/2021_05_27_Pasovani-na-ctenare122-768x1152.jpg 768w, https:\/\/foto.praha-19.ys-beta.cz\/app\/uploads\/2022\/11\/2021_05_27_Pasovani-na-ctenare122-1024x1536.jpg 1024w, https:\/\/foto.praha-19.ys-beta.cz\/app\/uploads\/2022\/11\/2021_05_27_Pasovani-na-ctenare122-1194x1791.jpg 1194w, https:\/\/foto.praha-19.ys-beta.cz\/app\/uploads\/2022\/11\/2021_05_27_Pasovani-na-ctenare122-582x873.jpg 582w, https:\/\/foto.praha-19.ys-beta.cz\/app\/uploads\/2022\/11\/2021_05_27_Pasovani-na-ctenare122-276x414.jpg 276w, https:\/\/foto.praha-19.ys-beta.cz\/app\/uploads\/2022\/11\/2021_05_27_Pasovani-na-ctenare122-300x450.jpg 300w, https:\/\/foto.praha-19.ys-beta.cz\/app\/uploads\/2022\/11\/2021_05_27_Pasovani-na-ctenare122.jpg 1280w\" sizes=\"auto, (max-width: 378px) 100vw, 378px\" \/><\/a><\/div><div class='pinhole-item col-xs-12 col-lg-4 col-md-4 col-sm-6  '><a class=\"item-link\" href=\"https:\/\/foto.praha-19.ys-beta.cz\/app\/uploads\/2022\/11\/2021_05_27_Pasovani-na-ctenare121.jpg\" data-caption=\"[]\" data-meta=\"[]\"  data-size=\"{&quot;width&quot;:1280,&quot;height&quot;:1920}\" data-download=\"[]\" data-filename=\"{&quot;name&quot;:&quot;&quot;}\"><img loading=\"lazy\" decoding=\"async\" width=\"378\" height=\"567\" src=\"https:\/\/foto.praha-19.ys-beta.cz\/app\/uploads\/2022\/11\/2021_05_27_Pasovani-na-ctenare121-378x567.jpg\" class=\"attachment-pinhole-col-3 size-pinhole-col-3\" alt=\"\" srcset=\"https:\/\/foto.praha-19.ys-beta.cz\/app\/uploads\/2022\/11\/2021_05_27_Pasovani-na-ctenare121-378x567.jpg 378w, https:\/\/foto.praha-19.ys-beta.cz\/app\/uploads\/2022\/11\/2021_05_27_Pasovani-na-ctenare121-200x300.jpg 200w, https:\/\/foto.praha-19.ys-beta.cz\/app\/uploads\/2022\/11\/2021_05_27_Pasovani-na-ctenare121-683x1024.jpg 683w, https:\/\/foto.praha-19.ys-beta.cz\/app\/uploads\/2022\/11\/2021_05_27_Pasovani-na-ctenare121-768x1152.jpg 768w, https:\/\/foto.praha-19.ys-beta.cz\/app\/uploads\/2022\/11\/2021_05_27_Pasovani-na-ctenare121-1024x1536.jpg 1024w, https:\/\/foto.praha-19.ys-beta.cz\/app\/uploads\/2022\/11\/2021_05_27_Pasovani-na-ctenare121-1194x1791.jpg 1194w, https:\/\/foto.praha-19.ys-beta.cz\/app\/uploads\/2022\/11\/2021_05_27_Pasovani-na-ctenare121-582x873.jpg 582w, https:\/\/foto.praha-19.ys-beta.cz\/app\/uploads\/2022\/11\/2021_05_27_Pasovani-na-ctenare121-276x414.jpg 276w, https:\/\/foto.praha-19.ys-beta.cz\/app\/uploads\/2022\/11\/2021_05_27_Pasovani-na-ctenare121-300x450.jpg 300w, https:\/\/foto.praha-19.ys-beta.cz\/app\/uploads\/2022\/11\/2021_05_27_Pasovani-na-ctenare121.jpg 1280w\" sizes=\"auto, (max-width: 378px) 100vw, 378px\" \/><\/a><\/div><div class='pinhole-item col-xs-12 col-lg-4 col-md-4 col-sm-6  '><a class=\"item-link\" href=\"https:\/\/foto.praha-19.ys-beta.cz\/app\/uploads\/2022\/11\/2021_05_27_Pasovani-na-ctenare120.jpg\" data-caption=\"[]\" data-meta=\"[]\"  data-size=\"{&quot;width&quot;:1920,&quot;height&quot;:1280}\" data-download=\"[]\" data-filename=\"{&quot;name&quot;:&quot;&quot;}\"><img loading=\"lazy\" decoding=\"async\" width=\"378\" height=\"252\" src=\"https:\/\/foto.praha-19.ys-beta.cz\/app\/uploads\/2022\/11\/2021_05_27_Pasovani-na-ctenare120-378x252.jpg\" class=\"attachment-pinhole-col-3 size-pinhole-col-3\" alt=\"\" srcset=\"https:\/\/foto.praha-19.ys-beta.cz\/app\/uploads\/2022\/11\/2021_05_27_Pasovani-na-ctenare120-378x252.jpg 378w, https:\/\/foto.praha-19.ys-beta.cz\/app\/uploads\/2022\/11\/2021_05_27_Pasovani-na-ctenare120-300x200.jpg 300w, https:\/\/foto.praha-19.ys-beta.cz\/app\/uploads\/2022\/11\/2021_05_27_Pasovani-na-ctenare120-1024x683.jpg 1024w, https:\/\/foto.praha-19.ys-beta.cz\/app\/uploads\/2022\/11\/2021_05_27_Pasovani-na-ctenare120-768x512.jpg 768w, https:\/\/foto.praha-19.ys-beta.cz\/app\/uploads\/2022\/11\/2021_05_27_Pasovani-na-ctenare120-1536x1024.jpg 1536w, https:\/\/foto.praha-19.ys-beta.cz\/app\/uploads\/2022\/11\/2021_05_27_Pasovani-na-ctenare120-1194x796.jpg 1194w, https:\/\/foto.praha-19.ys-beta.cz\/app\/uploads\/2022\/11\/2021_05_27_Pasovani-na-ctenare120-582x388.jpg 582w, https:\/\/foto.praha-19.ys-beta.cz\/app\/uploads\/2022\/11\/2021_05_27_Pasovani-na-ctenare120-276x184.jpg 276w, https:\/\/foto.praha-19.ys-beta.cz\/app\/uploads\/2022\/11\/2021_05_27_Pasovani-na-ctenare120-675x450.jpg 675w, https:\/\/foto.praha-19.ys-beta.cz\/app\/uploads\/2022\/11\/2021_05_27_Pasovani-na-ctenare120.jpg 1920w\" sizes=\"auto, (max-width: 378px) 100vw, 378px\" \/><\/a><\/div><div class='pinhole-item col-xs-12 col-lg-4 col-md-4 col-sm-6  '><a class=\"item-link\" href=\"https:\/\/foto.praha-19.ys-beta.cz\/app\/uploads\/2022\/11\/2021_05_27_Pasovani-na-ctenare119.jpg\" data-caption=\"[]\" data-meta=\"[]\"  data-size=\"{&quot;width&quot;:1280,&quot;height&quot;:1920}\" data-download=\"[]\" data-filename=\"{&quot;name&quot;:&quot;&quot;}\"><img loading=\"lazy\" decoding=\"async\" width=\"378\" height=\"567\" src=\"https:\/\/foto.praha-19.ys-beta.cz\/app\/uploads\/2022\/11\/2021_05_27_Pasovani-na-ctenare119-378x567.jpg\" class=\"attachment-pinhole-col-3 size-pinhole-col-3\" alt=\"\" srcset=\"https:\/\/foto.praha-19.ys-beta.cz\/app\/uploads\/2022\/11\/2021_05_27_Pasovani-na-ctenare119-378x567.jpg 378w, https:\/\/foto.praha-19.ys-beta.cz\/app\/uploads\/2022\/11\/2021_05_27_Pasovani-na-ctenare119-200x300.jpg 200w, https:\/\/foto.praha-19.ys-beta.cz\/app\/uploads\/2022\/11\/2021_05_27_Pasovani-na-ctenare119-683x1024.jpg 683w, https:\/\/foto.praha-19.ys-beta.cz\/app\/uploads\/2022\/11\/2021_05_27_Pasovani-na-ctenare119-768x1152.jpg 768w, https:\/\/foto.praha-19.ys-beta.cz\/app\/uploads\/2022\/11\/2021_05_27_Pasovani-na-ctenare119-1024x1536.jpg 1024w, https:\/\/foto.praha-19.ys-beta.cz\/app\/uploads\/2022\/11\/2021_05_27_Pasovani-na-ctenare119-1194x1791.jpg 1194w, https:\/\/foto.praha-19.ys-beta.cz\/app\/uploads\/2022\/11\/2021_05_27_Pasovani-na-ctenare119-582x873.jpg 582w, https:\/\/foto.praha-19.ys-beta.cz\/app\/uploads\/2022\/11\/2021_05_27_Pasovani-na-ctenare119-276x414.jpg 276w, https:\/\/foto.praha-19.ys-beta.cz\/app\/uploads\/2022\/11\/2021_05_27_Pasovani-na-ctenare119-300x450.jpg 300w, https:\/\/foto.praha-19.ys-beta.cz\/app\/uploads\/2022\/11\/2021_05_27_Pasovani-na-ctenare119.jpg 1280w\" sizes=\"auto, (max-width: 378px) 100vw, 378px\" \/><\/a><\/div><div class='pinhole-item col-xs-12 col-lg-4 col-md-4 col-sm-6  '><a class=\"item-link\" href=\"https:\/\/foto.praha-19.ys-beta.cz\/app\/uploads\/2022\/11\/2021_05_27_Pasovani-na-ctenare118.jpg\" data-caption=\"[]\" data-meta=\"[]\"  data-size=\"{&quot;width&quot;:1280,&quot;height&quot;:1920}\" data-download=\"[]\" data-filename=\"{&quot;name&quot;:&quot;&quot;}\"><img loading=\"lazy\" decoding=\"async\" width=\"378\" height=\"567\" src=\"https:\/\/foto.praha-19.ys-beta.cz\/app\/uploads\/2022\/11\/2021_05_27_Pasovani-na-ctenare118-378x567.jpg\" class=\"attachment-pinhole-col-3 size-pinhole-col-3\" alt=\"\" srcset=\"https:\/\/foto.praha-19.ys-beta.cz\/app\/uploads\/2022\/11\/2021_05_27_Pasovani-na-ctenare118-378x567.jpg 378w, https:\/\/foto.praha-19.ys-beta.cz\/app\/uploads\/2022\/11\/2021_05_27_Pasovani-na-ctenare118-200x300.jpg 200w, https:\/\/foto.praha-19.ys-beta.cz\/app\/uploads\/2022\/11\/2021_05_27_Pasovani-na-ctenare118-683x1024.jpg 683w, https:\/\/foto.praha-19.ys-beta.cz\/app\/uploads\/2022\/11\/2021_05_27_Pasovani-na-ctenare118-768x1152.jpg 768w, https:\/\/foto.praha-19.ys-beta.cz\/app\/uploads\/2022\/11\/2021_05_27_Pasovani-na-ctenare118-1024x1536.jpg 1024w, https:\/\/foto.praha-19.ys-beta.cz\/app\/uploads\/2022\/11\/2021_05_27_Pasovani-na-ctenare118-1194x1791.jpg 1194w, https:\/\/foto.praha-19.ys-beta.cz\/app\/uploads\/2022\/11\/2021_05_27_Pasovani-na-ctenare118-582x873.jpg 582w, https:\/\/foto.praha-19.ys-beta.cz\/app\/uploads\/2022\/11\/2021_05_27_Pasovani-na-ctenare118-276x414.jpg 276w, https:\/\/foto.praha-19.ys-beta.cz\/app\/uploads\/2022\/11\/2021_05_27_Pasovani-na-ctenare118-300x450.jpg 300w, https:\/\/foto.praha-19.ys-beta.cz\/app\/uploads\/2022\/11\/2021_05_27_Pasovani-na-ctenare118.jpg 1280w\" sizes=\"auto, (max-width: 378px) 100vw, 378px\" \/><\/a><\/div><div class='pinhole-item col-xs-12 col-lg-4 col-md-4 col-sm-6  '><a class=\"item-link\" href=\"https:\/\/foto.praha-19.ys-beta.cz\/app\/uploads\/2022\/11\/2021_05_27_Pasovani-na-ctenare117.jpg\" data-caption=\"[]\" data-meta=\"[]\"  data-size=\"{&quot;width&quot;:1280,&quot;height&quot;:1920}\" data-download=\"[]\" data-filename=\"{&quot;name&quot;:&quot;&quot;}\"><img loading=\"lazy\" decoding=\"async\" width=\"378\" height=\"567\" src=\"https:\/\/foto.praha-19.ys-beta.cz\/app\/uploads\/2022\/11\/2021_05_27_Pasovani-na-ctenare117-378x567.jpg\" class=\"attachment-pinhole-col-3 size-pinhole-col-3\" alt=\"\" srcset=\"https:\/\/foto.praha-19.ys-beta.cz\/app\/uploads\/2022\/11\/2021_05_27_Pasovani-na-ctenare117-378x567.jpg 378w, https:\/\/foto.praha-19.ys-beta.cz\/app\/uploads\/2022\/11\/2021_05_27_Pasovani-na-ctenare117-200x300.jpg 200w, https:\/\/foto.praha-19.ys-beta.cz\/app\/uploads\/2022\/11\/2021_05_27_Pasovani-na-ctenare117-683x1024.jpg 683w, https:\/\/foto.praha-19.ys-beta.cz\/app\/uploads\/2022\/11\/2021_05_27_Pasovani-na-ctenare117-768x1152.jpg 768w, https:\/\/foto.praha-19.ys-beta.cz\/app\/uploads\/2022\/11\/2021_05_27_Pasovani-na-ctenare117-1024x1536.jpg 1024w, https:\/\/foto.praha-19.ys-beta.cz\/app\/uploads\/2022\/11\/2021_05_27_Pasovani-na-ctenare117-1194x1791.jpg 1194w, https:\/\/foto.praha-19.ys-beta.cz\/app\/uploads\/2022\/11\/2021_05_27_Pasovani-na-ctenare117-582x873.jpg 582w, https:\/\/foto.praha-19.ys-beta.cz\/app\/uploads\/2022\/11\/2021_05_27_Pasovani-na-ctenare117-276x414.jpg 276w, https:\/\/foto.praha-19.ys-beta.cz\/app\/uploads\/2022\/11\/2021_05_27_Pasovani-na-ctenare117-300x450.jpg 300w, https:\/\/foto.praha-19.ys-beta.cz\/app\/uploads\/2022\/11\/2021_05_27_Pasovani-na-ctenare117.jpg 1280w\" sizes=\"auto, (max-width: 378px) 100vw, 378px\" \/><\/a><\/div><div class='pinhole-item col-xs-12 col-lg-4 col-md-4 col-sm-6  '><a class=\"item-link\" href=\"https:\/\/foto.praha-19.ys-beta.cz\/app\/uploads\/2022\/11\/2021_05_27_Pasovani-na-ctenare116.jpg\" data-caption=\"[]\" data-meta=\"[]\"  data-size=\"{&quot;width&quot;:1920,&quot;height&quot;:1280}\" data-download=\"[]\" data-filename=\"{&quot;name&quot;:&quot;&quot;}\"><img loading=\"lazy\" decoding=\"async\" width=\"378\" height=\"252\" src=\"https:\/\/foto.praha-19.ys-beta.cz\/app\/uploads\/2022\/11\/2021_05_27_Pasovani-na-ctenare116-378x252.jpg\" class=\"attachment-pinhole-col-3 size-pinhole-col-3\" alt=\"\" srcset=\"https:\/\/foto.praha-19.ys-beta.cz\/app\/uploads\/2022\/11\/2021_05_27_Pasovani-na-ctenare116-378x252.jpg 378w, https:\/\/foto.praha-19.ys-beta.cz\/app\/uploads\/2022\/11\/2021_05_27_Pasovani-na-ctenare116-300x200.jpg 300w, https:\/\/foto.praha-19.ys-beta.cz\/app\/uploads\/2022\/11\/2021_05_27_Pasovani-na-ctenare116-1024x683.jpg 1024w, https:\/\/foto.praha-19.ys-beta.cz\/app\/uploads\/2022\/11\/2021_05_27_Pasovani-na-ctenare116-768x512.jpg 768w, https:\/\/foto.praha-19.ys-beta.cz\/app\/uploads\/2022\/11\/2021_05_27_Pasovani-na-ctenare116-1536x1024.jpg 1536w, https:\/\/foto.praha-19.ys-beta.cz\/app\/uploads\/2022\/11\/2021_05_27_Pasovani-na-ctenare116-1194x796.jpg 1194w, https:\/\/foto.praha-19.ys-beta.cz\/app\/uploads\/2022\/11\/2021_05_27_Pasovani-na-ctenare116-582x388.jpg 582w, https:\/\/foto.praha-19.ys-beta.cz\/app\/uploads\/2022\/11\/2021_05_27_Pasovani-na-ctenare116-276x184.jpg 276w, https:\/\/foto.praha-19.ys-beta.cz\/app\/uploads\/2022\/11\/2021_05_27_Pasovani-na-ctenare116-675x450.jpg 675w, https:\/\/foto.praha-19.ys-beta.cz\/app\/uploads\/2022\/11\/2021_05_27_Pasovani-na-ctenare116.jpg 1920w\" sizes=\"auto, (max-width: 378px) 100vw, 378px\" \/><\/a><\/div><div class='pinhole-item col-xs-12 col-lg-4 col-md-4 col-sm-6  '><a class=\"item-link\" href=\"https:\/\/foto.praha-19.ys-beta.cz\/app\/uploads\/2022\/11\/2021_05_27_Pasovani-na-ctenare115.jpg\" data-caption=\"[]\" data-meta=\"[]\"  data-size=\"{&quot;width&quot;:1280,&quot;height&quot;:1920}\" data-download=\"[]\" data-filename=\"{&quot;name&quot;:&quot;&quot;}\"><img loading=\"lazy\" decoding=\"async\" width=\"378\" height=\"567\" src=\"https:\/\/foto.praha-19.ys-beta.cz\/app\/uploads\/2022\/11\/2021_05_27_Pasovani-na-ctenare115-378x567.jpg\" class=\"attachment-pinhole-col-3 size-pinhole-col-3\" alt=\"\" srcset=\"https:\/\/foto.praha-19.ys-beta.cz\/app\/uploads\/2022\/11\/2021_05_27_Pasovani-na-ctenare115-378x567.jpg 378w, https:\/\/foto.praha-19.ys-beta.cz\/app\/uploads\/2022\/11\/2021_05_27_Pasovani-na-ctenare115-200x300.jpg 200w, https:\/\/foto.praha-19.ys-beta.cz\/app\/uploads\/2022\/11\/2021_05_27_Pasovani-na-ctenare115-683x1024.jpg 683w, https:\/\/foto.praha-19.ys-beta.cz\/app\/uploads\/2022\/11\/2021_05_27_Pasovani-na-ctenare115-768x1152.jpg 768w, https:\/\/foto.praha-19.ys-beta.cz\/app\/uploads\/2022\/11\/2021_05_27_Pasovani-na-ctenare115-1024x1536.jpg 1024w, https:\/\/foto.praha-19.ys-beta.cz\/app\/uploads\/2022\/11\/2021_05_27_Pasovani-na-ctenare115-1194x1791.jpg 1194w, https:\/\/foto.praha-19.ys-beta.cz\/app\/uploads\/2022\/11\/2021_05_27_Pasovani-na-ctenare115-582x873.jpg 582w, https:\/\/foto.praha-19.ys-beta.cz\/app\/uploads\/2022\/11\/2021_05_27_Pasovani-na-ctenare115-276x414.jpg 276w, https:\/\/foto.praha-19.ys-beta.cz\/app\/uploads\/2022\/11\/2021_05_27_Pasovani-na-ctenare115-300x450.jpg 300w, https:\/\/foto.praha-19.ys-beta.cz\/app\/uploads\/2022\/11\/2021_05_27_Pasovani-na-ctenare115.jpg 1280w\" sizes=\"auto, (max-width: 378px) 100vw, 378px\" \/><\/a><\/div><div class='pinhole-item col-xs-12 col-lg-4 col-md-4 col-sm-6  '><a class=\"item-link\" href=\"https:\/\/foto.praha-19.ys-beta.cz\/app\/uploads\/2022\/11\/2021_05_27_Pasovani-na-ctenare114.jpg\" data-caption=\"[]\" data-meta=\"[]\"  data-size=\"{&quot;width&quot;:1280,&quot;height&quot;:1920}\" data-download=\"[]\" data-filename=\"{&quot;name&quot;:&quot;&quot;}\"><img loading=\"lazy\" decoding=\"async\" width=\"378\" height=\"567\" src=\"https:\/\/foto.praha-19.ys-beta.cz\/app\/uploads\/2022\/11\/2021_05_27_Pasovani-na-ctenare114-378x567.jpg\" class=\"attachment-pinhole-col-3 size-pinhole-col-3\" alt=\"\" srcset=\"https:\/\/foto.praha-19.ys-beta.cz\/app\/uploads\/2022\/11\/2021_05_27_Pasovani-na-ctenare114-378x567.jpg 378w, https:\/\/foto.praha-19.ys-beta.cz\/app\/uploads\/2022\/11\/2021_05_27_Pasovani-na-ctenare114-200x300.jpg 200w, https:\/\/foto.praha-19.ys-beta.cz\/app\/uploads\/2022\/11\/2021_05_27_Pasovani-na-ctenare114-683x1024.jpg 683w, https:\/\/foto.praha-19.ys-beta.cz\/app\/uploads\/2022\/11\/2021_05_27_Pasovani-na-ctenare114-768x1152.jpg 768w, https:\/\/foto.praha-19.ys-beta.cz\/app\/uploads\/2022\/11\/2021_05_27_Pasovani-na-ctenare114-1024x1536.jpg 1024w, https:\/\/foto.praha-19.ys-beta.cz\/app\/uploads\/2022\/11\/2021_05_27_Pasovani-na-ctenare114-1194x1791.jpg 1194w, https:\/\/foto.praha-19.ys-beta.cz\/app\/uploads\/2022\/11\/2021_05_27_Pasovani-na-ctenare114-582x873.jpg 582w, https:\/\/foto.praha-19.ys-beta.cz\/app\/uploads\/2022\/11\/2021_05_27_Pasovani-na-ctenare114-276x414.jpg 276w, https:\/\/foto.praha-19.ys-beta.cz\/app\/uploads\/2022\/11\/2021_05_27_Pasovani-na-ctenare114-300x450.jpg 300w, https:\/\/foto.praha-19.ys-beta.cz\/app\/uploads\/2022\/11\/2021_05_27_Pasovani-na-ctenare114.jpg 1280w\" sizes=\"auto, (max-width: 378px) 100vw, 378px\" \/><\/a><\/div><div class='pinhole-item col-xs-12 col-lg-4 col-md-4 col-sm-6  '><a class=\"item-link\" href=\"https:\/\/foto.praha-19.ys-beta.cz\/app\/uploads\/2022\/11\/2021_05_27_Pasovani-na-ctenare113.jpg\" data-caption=\"[]\" data-meta=\"[]\"  data-size=\"{&quot;width&quot;:1280,&quot;height&quot;:1920}\" data-download=\"[]\" data-filename=\"{&quot;name&quot;:&quot;&quot;}\"><img loading=\"lazy\" decoding=\"async\" width=\"378\" height=\"567\" src=\"https:\/\/foto.praha-19.ys-beta.cz\/app\/uploads\/2022\/11\/2021_05_27_Pasovani-na-ctenare113-378x567.jpg\" class=\"attachment-pinhole-col-3 size-pinhole-col-3\" alt=\"\" srcset=\"https:\/\/foto.praha-19.ys-beta.cz\/app\/uploads\/2022\/11\/2021_05_27_Pasovani-na-ctenare113-378x567.jpg 378w, https:\/\/foto.praha-19.ys-beta.cz\/app\/uploads\/2022\/11\/2021_05_27_Pasovani-na-ctenare113-200x300.jpg 200w, https:\/\/foto.praha-19.ys-beta.cz\/app\/uploads\/2022\/11\/2021_05_27_Pasovani-na-ctenare113-683x1024.jpg 683w, https:\/\/foto.praha-19.ys-beta.cz\/app\/uploads\/2022\/11\/2021_05_27_Pasovani-na-ctenare113-768x1152.jpg 768w, https:\/\/foto.praha-19.ys-beta.cz\/app\/uploads\/2022\/11\/2021_05_27_Pasovani-na-ctenare113-1024x1536.jpg 1024w, https:\/\/foto.praha-19.ys-beta.cz\/app\/uploads\/2022\/11\/2021_05_27_Pasovani-na-ctenare113-1194x1791.jpg 1194w, https:\/\/foto.praha-19.ys-beta.cz\/app\/uploads\/2022\/11\/2021_05_27_Pasovani-na-ctenare113-582x873.jpg 582w, https:\/\/foto.praha-19.ys-beta.cz\/app\/uploads\/2022\/11\/2021_05_27_Pasovani-na-ctenare113-276x414.jpg 276w, https:\/\/foto.praha-19.ys-beta.cz\/app\/uploads\/2022\/11\/2021_05_27_Pasovani-na-ctenare113-300x450.jpg 300w, https:\/\/foto.praha-19.ys-beta.cz\/app\/uploads\/2022\/11\/2021_05_27_Pasovani-na-ctenare113.jpg 1280w\" sizes=\"auto, (max-width: 378px) 100vw, 378px\" \/><\/a><\/div><div class='pinhole-item col-xs-12 col-lg-4 col-md-4 col-sm-6  '><a class=\"item-link\" href=\"https:\/\/foto.praha-19.ys-beta.cz\/app\/uploads\/2022\/11\/2021_05_27_Pasovani-na-ctenare111.jpg\" data-caption=\"[]\" data-meta=\"[]\"  data-size=\"{&quot;width&quot;:1920,&quot;height&quot;:1280}\" data-download=\"[]\" data-filename=\"{&quot;name&quot;:&quot;&quot;}\"><img loading=\"lazy\" decoding=\"async\" width=\"378\" height=\"252\" src=\"https:\/\/foto.praha-19.ys-beta.cz\/app\/uploads\/2022\/11\/2021_05_27_Pasovani-na-ctenare111-378x252.jpg\" class=\"attachment-pinhole-col-3 size-pinhole-col-3\" alt=\"\" srcset=\"https:\/\/foto.praha-19.ys-beta.cz\/app\/uploads\/2022\/11\/2021_05_27_Pasovani-na-ctenare111-378x252.jpg 378w, https:\/\/foto.praha-19.ys-beta.cz\/app\/uploads\/2022\/11\/2021_05_27_Pasovani-na-ctenare111-300x200.jpg 300w, https:\/\/foto.praha-19.ys-beta.cz\/app\/uploads\/2022\/11\/2021_05_27_Pasovani-na-ctenare111-1024x683.jpg 1024w, https:\/\/foto.praha-19.ys-beta.cz\/app\/uploads\/2022\/11\/2021_05_27_Pasovani-na-ctenare111-768x512.jpg 768w, https:\/\/foto.praha-19.ys-beta.cz\/app\/uploads\/2022\/11\/2021_05_27_Pasovani-na-ctenare111-1536x1024.jpg 1536w, https:\/\/foto.praha-19.ys-beta.cz\/app\/uploads\/2022\/11\/2021_05_27_Pasovani-na-ctenare111-1194x796.jpg 1194w, https:\/\/foto.praha-19.ys-beta.cz\/app\/uploads\/2022\/11\/2021_05_27_Pasovani-na-ctenare111-582x388.jpg 582w, https:\/\/foto.praha-19.ys-beta.cz\/app\/uploads\/2022\/11\/2021_05_27_Pasovani-na-ctenare111-276x184.jpg 276w, https:\/\/foto.praha-19.ys-beta.cz\/app\/uploads\/2022\/11\/2021_05_27_Pasovani-na-ctenare111-675x450.jpg 675w, https:\/\/foto.praha-19.ys-beta.cz\/app\/uploads\/2022\/11\/2021_05_27_Pasovani-na-ctenare111.jpg 1920w\" sizes=\"auto, (max-width: 378px) 100vw, 378px\" \/><\/a><\/div><div class='pinhole-item col-xs-12 col-lg-4 col-md-4 col-sm-6  '><a class=\"item-link\" href=\"https:\/\/foto.praha-19.ys-beta.cz\/app\/uploads\/2022\/11\/2021_05_27_Pasovani-na-ctenare110.jpg\" data-caption=\"[]\" data-meta=\"[]\"  data-size=\"{&quot;width&quot;:1920,&quot;height&quot;:1280}\" data-download=\"[]\" data-filename=\"{&quot;name&quot;:&quot;&quot;}\"><img loading=\"lazy\" decoding=\"async\" width=\"378\" height=\"252\" src=\"https:\/\/foto.praha-19.ys-beta.cz\/app\/uploads\/2022\/11\/2021_05_27_Pasovani-na-ctenare110-378x252.jpg\" class=\"attachment-pinhole-col-3 size-pinhole-col-3\" alt=\"\" srcset=\"https:\/\/foto.praha-19.ys-beta.cz\/app\/uploads\/2022\/11\/2021_05_27_Pasovani-na-ctenare110-378x252.jpg 378w, https:\/\/foto.praha-19.ys-beta.cz\/app\/uploads\/2022\/11\/2021_05_27_Pasovani-na-ctenare110-300x200.jpg 300w, https:\/\/foto.praha-19.ys-beta.cz\/app\/uploads\/2022\/11\/2021_05_27_Pasovani-na-ctenare110-1024x683.jpg 1024w, https:\/\/foto.praha-19.ys-beta.cz\/app\/uploads\/2022\/11\/2021_05_27_Pasovani-na-ctenare110-768x512.jpg 768w, https:\/\/foto.praha-19.ys-beta.cz\/app\/uploads\/2022\/11\/2021_05_27_Pasovani-na-ctenare110-1536x1024.jpg 1536w, https:\/\/foto.praha-19.ys-beta.cz\/app\/uploads\/2022\/11\/2021_05_27_Pasovani-na-ctenare110-1194x796.jpg 1194w, https:\/\/foto.praha-19.ys-beta.cz\/app\/uploads\/2022\/11\/2021_05_27_Pasovani-na-ctenare110-582x388.jpg 582w, https:\/\/foto.praha-19.ys-beta.cz\/app\/uploads\/2022\/11\/2021_05_27_Pasovani-na-ctenare110-276x184.jpg 276w, https:\/\/foto.praha-19.ys-beta.cz\/app\/uploads\/2022\/11\/2021_05_27_Pasovani-na-ctenare110-675x450.jpg 675w, https:\/\/foto.praha-19.ys-beta.cz\/app\/uploads\/2022\/11\/2021_05_27_Pasovani-na-ctenare110.jpg 1920w\" sizes=\"auto, (max-width: 378px) 100vw, 378px\" \/><\/a><\/div><div class='pinhole-item col-xs-12 col-lg-4 col-md-4 col-sm-6  '><a class=\"item-link\" href=\"https:\/\/foto.praha-19.ys-beta.cz\/app\/uploads\/2022\/11\/2021_05_27_Pasovani-na-ctenare109.jpg\" data-caption=\"[]\" data-meta=\"[]\"  data-size=\"{&quot;width&quot;:1920,&quot;height&quot;:1280}\" data-download=\"[]\" data-filename=\"{&quot;name&quot;:&quot;&quot;}\"><img loading=\"lazy\" decoding=\"async\" width=\"378\" height=\"252\" src=\"https:\/\/foto.praha-19.ys-beta.cz\/app\/uploads\/2022\/11\/2021_05_27_Pasovani-na-ctenare109-378x252.jpg\" class=\"attachment-pinhole-col-3 size-pinhole-col-3\" alt=\"\" srcset=\"https:\/\/foto.praha-19.ys-beta.cz\/app\/uploads\/2022\/11\/2021_05_27_Pasovani-na-ctenare109-378x252.jpg 378w, https:\/\/foto.praha-19.ys-beta.cz\/app\/uploads\/2022\/11\/2021_05_27_Pasovani-na-ctenare109-300x200.jpg 300w, https:\/\/foto.praha-19.ys-beta.cz\/app\/uploads\/2022\/11\/2021_05_27_Pasovani-na-ctenare109-1024x683.jpg 1024w, https:\/\/foto.praha-19.ys-beta.cz\/app\/uploads\/2022\/11\/2021_05_27_Pasovani-na-ctenare109-768x512.jpg 768w, https:\/\/foto.praha-19.ys-beta.cz\/app\/uploads\/2022\/11\/2021_05_27_Pasovani-na-ctenare109-1536x1024.jpg 1536w, https:\/\/foto.praha-19.ys-beta.cz\/app\/uploads\/2022\/11\/2021_05_27_Pasovani-na-ctenare109-1194x796.jpg 1194w, https:\/\/foto.praha-19.ys-beta.cz\/app\/uploads\/2022\/11\/2021_05_27_Pasovani-na-ctenare109-582x388.jpg 582w, https:\/\/foto.praha-19.ys-beta.cz\/app\/uploads\/2022\/11\/2021_05_27_Pasovani-na-ctenare109-276x184.jpg 276w, https:\/\/foto.praha-19.ys-beta.cz\/app\/uploads\/2022\/11\/2021_05_27_Pasovani-na-ctenare109-675x450.jpg 675w, https:\/\/foto.praha-19.ys-beta.cz\/app\/uploads\/2022\/11\/2021_05_27_Pasovani-na-ctenare109.jpg 1920w\" sizes=\"auto, (max-width: 378px) 100vw, 378px\" \/><\/a><\/div><div class='pinhole-item col-xs-12 col-lg-4 col-md-4 col-sm-6  '><a class=\"item-link\" href=\"https:\/\/foto.praha-19.ys-beta.cz\/app\/uploads\/2022\/11\/2021_05_27_Pasovani-na-ctenare107.jpg\" data-caption=\"[]\" data-meta=\"[]\"  data-size=\"{&quot;width&quot;:1920,&quot;height&quot;:1280}\" data-download=\"[]\" data-filename=\"{&quot;name&quot;:&quot;&quot;}\"><img loading=\"lazy\" decoding=\"async\" width=\"378\" height=\"252\" src=\"https:\/\/foto.praha-19.ys-beta.cz\/app\/uploads\/2022\/11\/2021_05_27_Pasovani-na-ctenare107-378x252.jpg\" class=\"attachment-pinhole-col-3 size-pinhole-col-3\" alt=\"\" srcset=\"https:\/\/foto.praha-19.ys-beta.cz\/app\/uploads\/2022\/11\/2021_05_27_Pasovani-na-ctenare107-378x252.jpg 378w, https:\/\/foto.praha-19.ys-beta.cz\/app\/uploads\/2022\/11\/2021_05_27_Pasovani-na-ctenare107-300x200.jpg 300w, https:\/\/foto.praha-19.ys-beta.cz\/app\/uploads\/2022\/11\/2021_05_27_Pasovani-na-ctenare107-1024x683.jpg 1024w, https:\/\/foto.praha-19.ys-beta.cz\/app\/uploads\/2022\/11\/2021_05_27_Pasovani-na-ctenare107-768x512.jpg 768w, https:\/\/foto.praha-19.ys-beta.cz\/app\/uploads\/2022\/11\/2021_05_27_Pasovani-na-ctenare107-1536x1024.jpg 1536w, https:\/\/foto.praha-19.ys-beta.cz\/app\/uploads\/2022\/11\/2021_05_27_Pasovani-na-ctenare107-1194x796.jpg 1194w, https:\/\/foto.praha-19.ys-beta.cz\/app\/uploads\/2022\/11\/2021_05_27_Pasovani-na-ctenare107-582x388.jpg 582w, https:\/\/foto.praha-19.ys-beta.cz\/app\/uploads\/2022\/11\/2021_05_27_Pasovani-na-ctenare107-276x184.jpg 276w, https:\/\/foto.praha-19.ys-beta.cz\/app\/uploads\/2022\/11\/2021_05_27_Pasovani-na-ctenare107-675x450.jpg 675w, https:\/\/foto.praha-19.ys-beta.cz\/app\/uploads\/2022\/11\/2021_05_27_Pasovani-na-ctenare107.jpg 1920w\" sizes=\"auto, (max-width: 378px) 100vw, 378px\" \/><\/a><\/div><div class='pinhole-item col-xs-12 col-lg-4 col-md-4 col-sm-6  '><a class=\"item-link\" href=\"https:\/\/foto.praha-19.ys-beta.cz\/app\/uploads\/2022\/11\/2021_05_27_Pasovani-na-ctenare106.jpg\" data-caption=\"[]\" data-meta=\"[]\"  data-size=\"{&quot;width&quot;:1920,&quot;height&quot;:1280}\" data-download=\"[]\" data-filename=\"{&quot;name&quot;:&quot;&quot;}\"><img loading=\"lazy\" decoding=\"async\" width=\"378\" height=\"252\" src=\"https:\/\/foto.praha-19.ys-beta.cz\/app\/uploads\/2022\/11\/2021_05_27_Pasovani-na-ctenare106-378x252.jpg\" class=\"attachment-pinhole-col-3 size-pinhole-col-3\" alt=\"\" srcset=\"https:\/\/foto.praha-19.ys-beta.cz\/app\/uploads\/2022\/11\/2021_05_27_Pasovani-na-ctenare106-378x252.jpg 378w, https:\/\/foto.praha-19.ys-beta.cz\/app\/uploads\/2022\/11\/2021_05_27_Pasovani-na-ctenare106-300x200.jpg 300w, https:\/\/foto.praha-19.ys-beta.cz\/app\/uploads\/2022\/11\/2021_05_27_Pasovani-na-ctenare106-1024x683.jpg 1024w, https:\/\/foto.praha-19.ys-beta.cz\/app\/uploads\/2022\/11\/2021_05_27_Pasovani-na-ctenare106-768x512.jpg 768w, https:\/\/foto.praha-19.ys-beta.cz\/app\/uploads\/2022\/11\/2021_05_27_Pasovani-na-ctenare106-1536x1024.jpg 1536w, https:\/\/foto.praha-19.ys-beta.cz\/app\/uploads\/2022\/11\/2021_05_27_Pasovani-na-ctenare106-1194x796.jpg 1194w, https:\/\/foto.praha-19.ys-beta.cz\/app\/uploads\/2022\/11\/2021_05_27_Pasovani-na-ctenare106-582x388.jpg 582w, https:\/\/foto.praha-19.ys-beta.cz\/app\/uploads\/2022\/11\/2021_05_27_Pasovani-na-ctenare106-276x184.jpg 276w, https:\/\/foto.praha-19.ys-beta.cz\/app\/uploads\/2022\/11\/2021_05_27_Pasovani-na-ctenare106-675x450.jpg 675w, https:\/\/foto.praha-19.ys-beta.cz\/app\/uploads\/2022\/11\/2021_05_27_Pasovani-na-ctenare106.jpg 1920w\" sizes=\"auto, (max-width: 378px) 100vw, 378px\" \/><\/a><\/div><div class='pinhole-item col-xs-12 col-lg-4 col-md-4 col-sm-6  '><a class=\"item-link\" href=\"https:\/\/foto.praha-19.ys-beta.cz\/app\/uploads\/2022\/11\/2021_05_27_Pasovani-na-ctenare105.jpg\" data-caption=\"[]\" data-meta=\"[]\"  data-size=\"{&quot;width&quot;:1920,&quot;height&quot;:1280}\" data-download=\"[]\" data-filename=\"{&quot;name&quot;:&quot;&quot;}\"><img loading=\"lazy\" decoding=\"async\" width=\"378\" height=\"252\" src=\"https:\/\/foto.praha-19.ys-beta.cz\/app\/uploads\/2022\/11\/2021_05_27_Pasovani-na-ctenare105-378x252.jpg\" class=\"attachment-pinhole-col-3 size-pinhole-col-3\" alt=\"\" srcset=\"https:\/\/foto.praha-19.ys-beta.cz\/app\/uploads\/2022\/11\/2021_05_27_Pasovani-na-ctenare105-378x252.jpg 378w, https:\/\/foto.praha-19.ys-beta.cz\/app\/uploads\/2022\/11\/2021_05_27_Pasovani-na-ctenare105-300x200.jpg 300w, https:\/\/foto.praha-19.ys-beta.cz\/app\/uploads\/2022\/11\/2021_05_27_Pasovani-na-ctenare105-1024x683.jpg 1024w, https:\/\/foto.praha-19.ys-beta.cz\/app\/uploads\/2022\/11\/2021_05_27_Pasovani-na-ctenare105-768x512.jpg 768w, https:\/\/foto.praha-19.ys-beta.cz\/app\/uploads\/2022\/11\/2021_05_27_Pasovani-na-ctenare105-1536x1024.jpg 1536w, https:\/\/foto.praha-19.ys-beta.cz\/app\/uploads\/2022\/11\/2021_05_27_Pasovani-na-ctenare105-1194x796.jpg 1194w, https:\/\/foto.praha-19.ys-beta.cz\/app\/uploads\/2022\/11\/2021_05_27_Pasovani-na-ctenare105-582x388.jpg 582w, https:\/\/foto.praha-19.ys-beta.cz\/app\/uploads\/2022\/11\/2021_05_27_Pasovani-na-ctenare105-276x184.jpg 276w, https:\/\/foto.praha-19.ys-beta.cz\/app\/uploads\/2022\/11\/2021_05_27_Pasovani-na-ctenare105-675x450.jpg 675w, https:\/\/foto.praha-19.ys-beta.cz\/app\/uploads\/2022\/11\/2021_05_27_Pasovani-na-ctenare105.jpg 1920w\" sizes=\"auto, (max-width: 378px) 100vw, 378px\" \/><\/a><\/div><div class='pinhole-item col-xs-12 col-lg-4 col-md-4 col-sm-6  '><a class=\"item-link\" href=\"https:\/\/foto.praha-19.ys-beta.cz\/app\/uploads\/2022\/11\/2021_05_27_Pasovani-na-ctenare103.jpg\" data-caption=\"[]\" data-meta=\"[]\"  data-size=\"{&quot;width&quot;:1920,&quot;height&quot;:1280}\" data-download=\"[]\" data-filename=\"{&quot;name&quot;:&quot;&quot;}\"><img loading=\"lazy\" decoding=\"async\" width=\"378\" height=\"252\" src=\"https:\/\/foto.praha-19.ys-beta.cz\/app\/uploads\/2022\/11\/2021_05_27_Pasovani-na-ctenare103-378x252.jpg\" class=\"attachment-pinhole-col-3 size-pinhole-col-3\" alt=\"\" srcset=\"https:\/\/foto.praha-19.ys-beta.cz\/app\/uploads\/2022\/11\/2021_05_27_Pasovani-na-ctenare103-378x252.jpg 378w, https:\/\/foto.praha-19.ys-beta.cz\/app\/uploads\/2022\/11\/2021_05_27_Pasovani-na-ctenare103-300x200.jpg 300w, https:\/\/foto.praha-19.ys-beta.cz\/app\/uploads\/2022\/11\/2021_05_27_Pasovani-na-ctenare103-1024x683.jpg 1024w, https:\/\/foto.praha-19.ys-beta.cz\/app\/uploads\/2022\/11\/2021_05_27_Pasovani-na-ctenare103-768x512.jpg 768w, https:\/\/foto.praha-19.ys-beta.cz\/app\/uploads\/2022\/11\/2021_05_27_Pasovani-na-ctenare103-1536x1024.jpg 1536w, https:\/\/foto.praha-19.ys-beta.cz\/app\/uploads\/2022\/11\/2021_05_27_Pasovani-na-ctenare103-1194x796.jpg 1194w, https:\/\/foto.praha-19.ys-beta.cz\/app\/uploads\/2022\/11\/2021_05_27_Pasovani-na-ctenare103-582x388.jpg 582w, https:\/\/foto.praha-19.ys-beta.cz\/app\/uploads\/2022\/11\/2021_05_27_Pasovani-na-ctenare103-276x184.jpg 276w, https:\/\/foto.praha-19.ys-beta.cz\/app\/uploads\/2022\/11\/2021_05_27_Pasovani-na-ctenare103-675x450.jpg 675w, https:\/\/foto.praha-19.ys-beta.cz\/app\/uploads\/2022\/11\/2021_05_27_Pasovani-na-ctenare103.jpg 1920w\" sizes=\"auto, (max-width: 378px) 100vw, 378px\" \/><\/a><\/div><div class='pinhole-item col-xs-12 col-lg-4 col-md-4 col-sm-6  '><a class=\"item-link\" href=\"https:\/\/foto.praha-19.ys-beta.cz\/app\/uploads\/2022\/11\/2021_05_27_Pasovani-na-ctenare102.jpg\" data-caption=\"[]\" data-meta=\"[]\"  data-size=\"{&quot;width&quot;:1920,&quot;height&quot;:1280}\" data-download=\"[]\" data-filename=\"{&quot;name&quot;:&quot;&quot;}\"><img loading=\"lazy\" decoding=\"async\" width=\"378\" height=\"252\" src=\"https:\/\/foto.praha-19.ys-beta.cz\/app\/uploads\/2022\/11\/2021_05_27_Pasovani-na-ctenare102-378x252.jpg\" class=\"attachment-pinhole-col-3 size-pinhole-col-3\" alt=\"\" srcset=\"https:\/\/foto.praha-19.ys-beta.cz\/app\/uploads\/2022\/11\/2021_05_27_Pasovani-na-ctenare102-378x252.jpg 378w, https:\/\/foto.praha-19.ys-beta.cz\/app\/uploads\/2022\/11\/2021_05_27_Pasovani-na-ctenare102-300x200.jpg 300w, https:\/\/foto.praha-19.ys-beta.cz\/app\/uploads\/2022\/11\/2021_05_27_Pasovani-na-ctenare102-1024x683.jpg 1024w, https:\/\/foto.praha-19.ys-beta.cz\/app\/uploads\/2022\/11\/2021_05_27_Pasovani-na-ctenare102-768x512.jpg 768w, https:\/\/foto.praha-19.ys-beta.cz\/app\/uploads\/2022\/11\/2021_05_27_Pasovani-na-ctenare102-1536x1024.jpg 1536w, https:\/\/foto.praha-19.ys-beta.cz\/app\/uploads\/2022\/11\/2021_05_27_Pasovani-na-ctenare102-1194x796.jpg 1194w, https:\/\/foto.praha-19.ys-beta.cz\/app\/uploads\/2022\/11\/2021_05_27_Pasovani-na-ctenare102-582x388.jpg 582w, https:\/\/foto.praha-19.ys-beta.cz\/app\/uploads\/2022\/11\/2021_05_27_Pasovani-na-ctenare102-276x184.jpg 276w, https:\/\/foto.praha-19.ys-beta.cz\/app\/uploads\/2022\/11\/2021_05_27_Pasovani-na-ctenare102-675x450.jpg 675w, https:\/\/foto.praha-19.ys-beta.cz\/app\/uploads\/2022\/11\/2021_05_27_Pasovani-na-ctenare102.jpg 1920w\" sizes=\"auto, (max-width: 378px) 100vw, 378px\" \/><\/a><\/div><div class='pinhole-item col-xs-12 col-lg-4 col-md-4 col-sm-6  '><a class=\"item-link\" href=\"https:\/\/foto.praha-19.ys-beta.cz\/app\/uploads\/2022\/11\/2021_05_27_Pasovani-na-ctenare101.jpg\" data-caption=\"[]\" data-meta=\"[]\"  data-size=\"{&quot;width&quot;:1920,&quot;height&quot;:1280}\" data-download=\"[]\" data-filename=\"{&quot;name&quot;:&quot;&quot;}\"><img loading=\"lazy\" decoding=\"async\" width=\"378\" height=\"252\" src=\"https:\/\/foto.praha-19.ys-beta.cz\/app\/uploads\/2022\/11\/2021_05_27_Pasovani-na-ctenare101-378x252.jpg\" class=\"attachment-pinhole-col-3 size-pinhole-col-3\" alt=\"\" srcset=\"https:\/\/foto.praha-19.ys-beta.cz\/app\/uploads\/2022\/11\/2021_05_27_Pasovani-na-ctenare101-378x252.jpg 378w, https:\/\/foto.praha-19.ys-beta.cz\/app\/uploads\/2022\/11\/2021_05_27_Pasovani-na-ctenare101-300x200.jpg 300w, https:\/\/foto.praha-19.ys-beta.cz\/app\/uploads\/2022\/11\/2021_05_27_Pasovani-na-ctenare101-1024x683.jpg 1024w, https:\/\/foto.praha-19.ys-beta.cz\/app\/uploads\/2022\/11\/2021_05_27_Pasovani-na-ctenare101-768x512.jpg 768w, https:\/\/foto.praha-19.ys-beta.cz\/app\/uploads\/2022\/11\/2021_05_27_Pasovani-na-ctenare101-1536x1024.jpg 1536w, https:\/\/foto.praha-19.ys-beta.cz\/app\/uploads\/2022\/11\/2021_05_27_Pasovani-na-ctenare101-1194x796.jpg 1194w, https:\/\/foto.praha-19.ys-beta.cz\/app\/uploads\/2022\/11\/2021_05_27_Pasovani-na-ctenare101-582x388.jpg 582w, https:\/\/foto.praha-19.ys-beta.cz\/app\/uploads\/2022\/11\/2021_05_27_Pasovani-na-ctenare101-276x184.jpg 276w, https:\/\/foto.praha-19.ys-beta.cz\/app\/uploads\/2022\/11\/2021_05_27_Pasovani-na-ctenare101-675x450.jpg 675w, https:\/\/foto.praha-19.ys-beta.cz\/app\/uploads\/2022\/11\/2021_05_27_Pasovani-na-ctenare101.jpg 1920w\" sizes=\"auto, (max-width: 378px) 100vw, 378px\" \/><\/a><\/div><div class='pinhole-item col-xs-12 col-lg-4 col-md-4 col-sm-6  '><a class=\"item-link\" href=\"https:\/\/foto.praha-19.ys-beta.cz\/app\/uploads\/2022\/11\/2021_05_27_Pasovani-na-ctenare100.jpg\" data-caption=\"[]\" data-meta=\"[]\"  data-size=\"{&quot;width&quot;:1920,&quot;height&quot;:1280}\" data-download=\"[]\" data-filename=\"{&quot;name&quot;:&quot;&quot;}\"><img loading=\"lazy\" decoding=\"async\" width=\"378\" height=\"252\" src=\"https:\/\/foto.praha-19.ys-beta.cz\/app\/uploads\/2022\/11\/2021_05_27_Pasovani-na-ctenare100-378x252.jpg\" class=\"attachment-pinhole-col-3 size-pinhole-col-3\" alt=\"\" srcset=\"https:\/\/foto.praha-19.ys-beta.cz\/app\/uploads\/2022\/11\/2021_05_27_Pasovani-na-ctenare100-378x252.jpg 378w, https:\/\/foto.praha-19.ys-beta.cz\/app\/uploads\/2022\/11\/2021_05_27_Pasovani-na-ctenare100-300x200.jpg 300w, https:\/\/foto.praha-19.ys-beta.cz\/app\/uploads\/2022\/11\/2021_05_27_Pasovani-na-ctenare100-1024x683.jpg 1024w, https:\/\/foto.praha-19.ys-beta.cz\/app\/uploads\/2022\/11\/2021_05_27_Pasovani-na-ctenare100-768x512.jpg 768w, https:\/\/foto.praha-19.ys-beta.cz\/app\/uploads\/2022\/11\/2021_05_27_Pasovani-na-ctenare100-1536x1024.jpg 1536w, https:\/\/foto.praha-19.ys-beta.cz\/app\/uploads\/2022\/11\/2021_05_27_Pasovani-na-ctenare100-1194x796.jpg 1194w, https:\/\/foto.praha-19.ys-beta.cz\/app\/uploads\/2022\/11\/2021_05_27_Pasovani-na-ctenare100-582x388.jpg 582w, https:\/\/foto.praha-19.ys-beta.cz\/app\/uploads\/2022\/11\/2021_05_27_Pasovani-na-ctenare100-276x184.jpg 276w, https:\/\/foto.praha-19.ys-beta.cz\/app\/uploads\/2022\/11\/2021_05_27_Pasovani-na-ctenare100-675x450.jpg 675w, https:\/\/foto.praha-19.ys-beta.cz\/app\/uploads\/2022\/11\/2021_05_27_Pasovani-na-ctenare100.jpg 1920w\" sizes=\"auto, (max-width: 378px) 100vw, 378px\" \/><\/a><\/div><div class='pinhole-item col-xs-12 col-lg-4 col-md-4 col-sm-6  '><a class=\"item-link\" href=\"https:\/\/foto.praha-19.ys-beta.cz\/app\/uploads\/2022\/11\/2021_05_27_Pasovani-na-ctenare099.jpg\" data-caption=\"[]\" data-meta=\"[]\"  data-size=\"{&quot;width&quot;:1920,&quot;height&quot;:1280}\" data-download=\"[]\" data-filename=\"{&quot;name&quot;:&quot;&quot;}\"><img loading=\"lazy\" decoding=\"async\" width=\"378\" height=\"252\" src=\"https:\/\/foto.praha-19.ys-beta.cz\/app\/uploads\/2022\/11\/2021_05_27_Pasovani-na-ctenare099-378x252.jpg\" class=\"attachment-pinhole-col-3 size-pinhole-col-3\" alt=\"\" srcset=\"https:\/\/foto.praha-19.ys-beta.cz\/app\/uploads\/2022\/11\/2021_05_27_Pasovani-na-ctenare099-378x252.jpg 378w, https:\/\/foto.praha-19.ys-beta.cz\/app\/uploads\/2022\/11\/2021_05_27_Pasovani-na-ctenare099-300x200.jpg 300w, https:\/\/foto.praha-19.ys-beta.cz\/app\/uploads\/2022\/11\/2021_05_27_Pasovani-na-ctenare099-1024x683.jpg 1024w, https:\/\/foto.praha-19.ys-beta.cz\/app\/uploads\/2022\/11\/2021_05_27_Pasovani-na-ctenare099-768x512.jpg 768w, https:\/\/foto.praha-19.ys-beta.cz\/app\/uploads\/2022\/11\/2021_05_27_Pasovani-na-ctenare099-1536x1024.jpg 1536w, https:\/\/foto.praha-19.ys-beta.cz\/app\/uploads\/2022\/11\/2021_05_27_Pasovani-na-ctenare099-1194x796.jpg 1194w, https:\/\/foto.praha-19.ys-beta.cz\/app\/uploads\/2022\/11\/2021_05_27_Pasovani-na-ctenare099-582x388.jpg 582w, https:\/\/foto.praha-19.ys-beta.cz\/app\/uploads\/2022\/11\/2021_05_27_Pasovani-na-ctenare099-276x184.jpg 276w, https:\/\/foto.praha-19.ys-beta.cz\/app\/uploads\/2022\/11\/2021_05_27_Pasovani-na-ctenare099-675x450.jpg 675w, https:\/\/foto.praha-19.ys-beta.cz\/app\/uploads\/2022\/11\/2021_05_27_Pasovani-na-ctenare099.jpg 1920w\" sizes=\"auto, (max-width: 378px) 100vw, 378px\" \/><\/a><\/div><div class='pinhole-item col-xs-12 col-lg-4 col-md-4 col-sm-6  '><a class=\"item-link\" href=\"https:\/\/foto.praha-19.ys-beta.cz\/app\/uploads\/2022\/11\/2021_05_27_Pasovani-na-ctenare096.jpg\" data-caption=\"[]\" data-meta=\"[]\"  data-size=\"{&quot;width&quot;:1920,&quot;height&quot;:1280}\" data-download=\"[]\" data-filename=\"{&quot;name&quot;:&quot;&quot;}\"><img loading=\"lazy\" decoding=\"async\" width=\"378\" height=\"252\" src=\"https:\/\/foto.praha-19.ys-beta.cz\/app\/uploads\/2022\/11\/2021_05_27_Pasovani-na-ctenare096-378x252.jpg\" class=\"attachment-pinhole-col-3 size-pinhole-col-3\" alt=\"\" srcset=\"https:\/\/foto.praha-19.ys-beta.cz\/app\/uploads\/2022\/11\/2021_05_27_Pasovani-na-ctenare096-378x252.jpg 378w, https:\/\/foto.praha-19.ys-beta.cz\/app\/uploads\/2022\/11\/2021_05_27_Pasovani-na-ctenare096-300x200.jpg 300w, https:\/\/foto.praha-19.ys-beta.cz\/app\/uploads\/2022\/11\/2021_05_27_Pasovani-na-ctenare096-1024x683.jpg 1024w, https:\/\/foto.praha-19.ys-beta.cz\/app\/uploads\/2022\/11\/2021_05_27_Pasovani-na-ctenare096-768x512.jpg 768w, https:\/\/foto.praha-19.ys-beta.cz\/app\/uploads\/2022\/11\/2021_05_27_Pasovani-na-ctenare096-1536x1024.jpg 1536w, https:\/\/foto.praha-19.ys-beta.cz\/app\/uploads\/2022\/11\/2021_05_27_Pasovani-na-ctenare096-1194x796.jpg 1194w, https:\/\/foto.praha-19.ys-beta.cz\/app\/uploads\/2022\/11\/2021_05_27_Pasovani-na-ctenare096-582x388.jpg 582w, https:\/\/foto.praha-19.ys-beta.cz\/app\/uploads\/2022\/11\/2021_05_27_Pasovani-na-ctenare096-276x184.jpg 276w, https:\/\/foto.praha-19.ys-beta.cz\/app\/uploads\/2022\/11\/2021_05_27_Pasovani-na-ctenare096-675x450.jpg 675w, https:\/\/foto.praha-19.ys-beta.cz\/app\/uploads\/2022\/11\/2021_05_27_Pasovani-na-ctenare096.jpg 1920w\" sizes=\"auto, (max-width: 378px) 100vw, 378px\" \/><\/a><\/div><div class='pinhole-item col-xs-12 col-lg-4 col-md-4 col-sm-6  '><a class=\"item-link\" href=\"https:\/\/foto.praha-19.ys-beta.cz\/app\/uploads\/2022\/11\/2021_05_27_Pasovani-na-ctenare094.jpg\" data-caption=\"[]\" data-meta=\"[]\"  data-size=\"{&quot;width&quot;:1920,&quot;height&quot;:1280}\" data-download=\"[]\" data-filename=\"{&quot;name&quot;:&quot;&quot;}\"><img loading=\"lazy\" decoding=\"async\" width=\"378\" height=\"252\" src=\"https:\/\/foto.praha-19.ys-beta.cz\/app\/uploads\/2022\/11\/2021_05_27_Pasovani-na-ctenare094-378x252.jpg\" class=\"attachment-pinhole-col-3 size-pinhole-col-3\" alt=\"\" srcset=\"https:\/\/foto.praha-19.ys-beta.cz\/app\/uploads\/2022\/11\/2021_05_27_Pasovani-na-ctenare094-378x252.jpg 378w, https:\/\/foto.praha-19.ys-beta.cz\/app\/uploads\/2022\/11\/2021_05_27_Pasovani-na-ctenare094-300x200.jpg 300w, https:\/\/foto.praha-19.ys-beta.cz\/app\/uploads\/2022\/11\/2021_05_27_Pasovani-na-ctenare094-1024x683.jpg 1024w, https:\/\/foto.praha-19.ys-beta.cz\/app\/uploads\/2022\/11\/2021_05_27_Pasovani-na-ctenare094-768x512.jpg 768w, https:\/\/foto.praha-19.ys-beta.cz\/app\/uploads\/2022\/11\/2021_05_27_Pasovani-na-ctenare094-1536x1024.jpg 1536w, https:\/\/foto.praha-19.ys-beta.cz\/app\/uploads\/2022\/11\/2021_05_27_Pasovani-na-ctenare094-1194x796.jpg 1194w, https:\/\/foto.praha-19.ys-beta.cz\/app\/uploads\/2022\/11\/2021_05_27_Pasovani-na-ctenare094-582x388.jpg 582w, https:\/\/foto.praha-19.ys-beta.cz\/app\/uploads\/2022\/11\/2021_05_27_Pasovani-na-ctenare094-276x184.jpg 276w, https:\/\/foto.praha-19.ys-beta.cz\/app\/uploads\/2022\/11\/2021_05_27_Pasovani-na-ctenare094-675x450.jpg 675w, https:\/\/foto.praha-19.ys-beta.cz\/app\/uploads\/2022\/11\/2021_05_27_Pasovani-na-ctenare094.jpg 1920w\" sizes=\"auto, (max-width: 378px) 100vw, 378px\" \/><\/a><\/div><div class='pinhole-item col-xs-12 col-lg-4 col-md-4 col-sm-6  '><a class=\"item-link\" href=\"https:\/\/foto.praha-19.ys-beta.cz\/app\/uploads\/2022\/11\/2021_05_27_Pasovani-na-ctenare093.jpg\" data-caption=\"[]\" data-meta=\"[]\"  data-size=\"{&quot;width&quot;:1920,&quot;height&quot;:1280}\" data-download=\"[]\" data-filename=\"{&quot;name&quot;:&quot;&quot;}\"><img loading=\"lazy\" decoding=\"async\" width=\"378\" height=\"252\" src=\"https:\/\/foto.praha-19.ys-beta.cz\/app\/uploads\/2022\/11\/2021_05_27_Pasovani-na-ctenare093-378x252.jpg\" class=\"attachment-pinhole-col-3 size-pinhole-col-3\" alt=\"\" srcset=\"https:\/\/foto.praha-19.ys-beta.cz\/app\/uploads\/2022\/11\/2021_05_27_Pasovani-na-ctenare093-378x252.jpg 378w, https:\/\/foto.praha-19.ys-beta.cz\/app\/uploads\/2022\/11\/2021_05_27_Pasovani-na-ctenare093-300x200.jpg 300w, https:\/\/foto.praha-19.ys-beta.cz\/app\/uploads\/2022\/11\/2021_05_27_Pasovani-na-ctenare093-1024x683.jpg 1024w, https:\/\/foto.praha-19.ys-beta.cz\/app\/uploads\/2022\/11\/2021_05_27_Pasovani-na-ctenare093-768x512.jpg 768w, https:\/\/foto.praha-19.ys-beta.cz\/app\/uploads\/2022\/11\/2021_05_27_Pasovani-na-ctenare093-1536x1024.jpg 1536w, https:\/\/foto.praha-19.ys-beta.cz\/app\/uploads\/2022\/11\/2021_05_27_Pasovani-na-ctenare093-1194x796.jpg 1194w, https:\/\/foto.praha-19.ys-beta.cz\/app\/uploads\/2022\/11\/2021_05_27_Pasovani-na-ctenare093-582x388.jpg 582w, https:\/\/foto.praha-19.ys-beta.cz\/app\/uploads\/2022\/11\/2021_05_27_Pasovani-na-ctenare093-276x184.jpg 276w, https:\/\/foto.praha-19.ys-beta.cz\/app\/uploads\/2022\/11\/2021_05_27_Pasovani-na-ctenare093-675x450.jpg 675w, https:\/\/foto.praha-19.ys-beta.cz\/app\/uploads\/2022\/11\/2021_05_27_Pasovani-na-ctenare093.jpg 1920w\" sizes=\"auto, (max-width: 378px) 100vw, 378px\" \/><\/a><\/div><div class='pinhole-item col-xs-12 col-lg-4 col-md-4 col-sm-6  '><a class=\"item-link\" href=\"https:\/\/foto.praha-19.ys-beta.cz\/app\/uploads\/2022\/11\/2021_05_27_Pasovani-na-ctenare092.jpg\" data-caption=\"[]\" data-meta=\"[]\"  data-size=\"{&quot;width&quot;:1920,&quot;height&quot;:1280}\" data-download=\"[]\" data-filename=\"{&quot;name&quot;:&quot;&quot;}\"><img loading=\"lazy\" decoding=\"async\" width=\"378\" height=\"252\" src=\"https:\/\/foto.praha-19.ys-beta.cz\/app\/uploads\/2022\/11\/2021_05_27_Pasovani-na-ctenare092-378x252.jpg\" class=\"attachment-pinhole-col-3 size-pinhole-col-3\" alt=\"\" srcset=\"https:\/\/foto.praha-19.ys-beta.cz\/app\/uploads\/2022\/11\/2021_05_27_Pasovani-na-ctenare092-378x252.jpg 378w, https:\/\/foto.praha-19.ys-beta.cz\/app\/uploads\/2022\/11\/2021_05_27_Pasovani-na-ctenare092-300x200.jpg 300w, https:\/\/foto.praha-19.ys-beta.cz\/app\/uploads\/2022\/11\/2021_05_27_Pasovani-na-ctenare092-1024x683.jpg 1024w, https:\/\/foto.praha-19.ys-beta.cz\/app\/uploads\/2022\/11\/2021_05_27_Pasovani-na-ctenare092-768x512.jpg 768w, https:\/\/foto.praha-19.ys-beta.cz\/app\/uploads\/2022\/11\/2021_05_27_Pasovani-na-ctenare092-1536x1024.jpg 1536w, https:\/\/foto.praha-19.ys-beta.cz\/app\/uploads\/2022\/11\/2021_05_27_Pasovani-na-ctenare092-1194x796.jpg 1194w, https:\/\/foto.praha-19.ys-beta.cz\/app\/uploads\/2022\/11\/2021_05_27_Pasovani-na-ctenare092-582x388.jpg 582w, https:\/\/foto.praha-19.ys-beta.cz\/app\/uploads\/2022\/11\/2021_05_27_Pasovani-na-ctenare092-276x184.jpg 276w, https:\/\/foto.praha-19.ys-beta.cz\/app\/uploads\/2022\/11\/2021_05_27_Pasovani-na-ctenare092-675x450.jpg 675w, https:\/\/foto.praha-19.ys-beta.cz\/app\/uploads\/2022\/11\/2021_05_27_Pasovani-na-ctenare092.jpg 1920w\" sizes=\"auto, (max-width: 378px) 100vw, 378px\" \/><\/a><\/div><div class='pinhole-item col-xs-12 col-lg-4 col-md-4 col-sm-6  '><a class=\"item-link\" href=\"https:\/\/foto.praha-19.ys-beta.cz\/app\/uploads\/2022\/11\/2021_05_27_Pasovani-na-ctenare091.jpg\" data-caption=\"[]\" data-meta=\"[]\"  data-size=\"{&quot;width&quot;:1920,&quot;height&quot;:1280}\" data-download=\"[]\" data-filename=\"{&quot;name&quot;:&quot;&quot;}\"><img loading=\"lazy\" decoding=\"async\" width=\"378\" height=\"252\" src=\"https:\/\/foto.praha-19.ys-beta.cz\/app\/uploads\/2022\/11\/2021_05_27_Pasovani-na-ctenare091-378x252.jpg\" class=\"attachment-pinhole-col-3 size-pinhole-col-3\" alt=\"\" srcset=\"https:\/\/foto.praha-19.ys-beta.cz\/app\/uploads\/2022\/11\/2021_05_27_Pasovani-na-ctenare091-378x252.jpg 378w, https:\/\/foto.praha-19.ys-beta.cz\/app\/uploads\/2022\/11\/2021_05_27_Pasovani-na-ctenare091-300x200.jpg 300w, https:\/\/foto.praha-19.ys-beta.cz\/app\/uploads\/2022\/11\/2021_05_27_Pasovani-na-ctenare091-1024x683.jpg 1024w, https:\/\/foto.praha-19.ys-beta.cz\/app\/uploads\/2022\/11\/2021_05_27_Pasovani-na-ctenare091-768x512.jpg 768w, https:\/\/foto.praha-19.ys-beta.cz\/app\/uploads\/2022\/11\/2021_05_27_Pasovani-na-ctenare091-1536x1024.jpg 1536w, https:\/\/foto.praha-19.ys-beta.cz\/app\/uploads\/2022\/11\/2021_05_27_Pasovani-na-ctenare091-1194x796.jpg 1194w, https:\/\/foto.praha-19.ys-beta.cz\/app\/uploads\/2022\/11\/2021_05_27_Pasovani-na-ctenare091-582x388.jpg 582w, https:\/\/foto.praha-19.ys-beta.cz\/app\/uploads\/2022\/11\/2021_05_27_Pasovani-na-ctenare091-276x184.jpg 276w, https:\/\/foto.praha-19.ys-beta.cz\/app\/uploads\/2022\/11\/2021_05_27_Pasovani-na-ctenare091-675x450.jpg 675w, https:\/\/foto.praha-19.ys-beta.cz\/app\/uploads\/2022\/11\/2021_05_27_Pasovani-na-ctenare091.jpg 1920w\" sizes=\"auto, (max-width: 378px) 100vw, 378px\" \/><\/a><\/div><div class='pinhole-item col-xs-12 col-lg-4 col-md-4 col-sm-6  '><a class=\"item-link\" href=\"https:\/\/foto.praha-19.ys-beta.cz\/app\/uploads\/2022\/11\/2021_05_27_Pasovani-na-ctenare089.jpg\" data-caption=\"[]\" data-meta=\"[]\"  data-size=\"{&quot;width&quot;:1280,&quot;height&quot;:1920}\" data-download=\"[]\" data-filename=\"{&quot;name&quot;:&quot;&quot;}\"><img loading=\"lazy\" decoding=\"async\" width=\"378\" height=\"567\" src=\"https:\/\/foto.praha-19.ys-beta.cz\/app\/uploads\/2022\/11\/2021_05_27_Pasovani-na-ctenare089-378x567.jpg\" class=\"attachment-pinhole-col-3 size-pinhole-col-3\" alt=\"\" srcset=\"https:\/\/foto.praha-19.ys-beta.cz\/app\/uploads\/2022\/11\/2021_05_27_Pasovani-na-ctenare089-378x567.jpg 378w, https:\/\/foto.praha-19.ys-beta.cz\/app\/uploads\/2022\/11\/2021_05_27_Pasovani-na-ctenare089-200x300.jpg 200w, https:\/\/foto.praha-19.ys-beta.cz\/app\/uploads\/2022\/11\/2021_05_27_Pasovani-na-ctenare089-683x1024.jpg 683w, https:\/\/foto.praha-19.ys-beta.cz\/app\/uploads\/2022\/11\/2021_05_27_Pasovani-na-ctenare089-768x1152.jpg 768w, https:\/\/foto.praha-19.ys-beta.cz\/app\/uploads\/2022\/11\/2021_05_27_Pasovani-na-ctenare089-1024x1536.jpg 1024w, https:\/\/foto.praha-19.ys-beta.cz\/app\/uploads\/2022\/11\/2021_05_27_Pasovani-na-ctenare089-1194x1791.jpg 1194w, https:\/\/foto.praha-19.ys-beta.cz\/app\/uploads\/2022\/11\/2021_05_27_Pasovani-na-ctenare089-582x873.jpg 582w, https:\/\/foto.praha-19.ys-beta.cz\/app\/uploads\/2022\/11\/2021_05_27_Pasovani-na-ctenare089-276x414.jpg 276w, https:\/\/foto.praha-19.ys-beta.cz\/app\/uploads\/2022\/11\/2021_05_27_Pasovani-na-ctenare089-300x450.jpg 300w, https:\/\/foto.praha-19.ys-beta.cz\/app\/uploads\/2022\/11\/2021_05_27_Pasovani-na-ctenare089.jpg 1280w\" sizes=\"auto, (max-width: 378px) 100vw, 378px\" \/><\/a><\/div><div class='pinhole-item col-xs-12 col-lg-4 col-md-4 col-sm-6  '><a class=\"item-link\" href=\"https:\/\/foto.praha-19.ys-beta.cz\/app\/uploads\/2022\/11\/2021_05_27_Pasovani-na-ctenare088.jpg\" data-caption=\"[]\" data-meta=\"[]\"  data-size=\"{&quot;width&quot;:1280,&quot;height&quot;:1920}\" data-download=\"[]\" data-filename=\"{&quot;name&quot;:&quot;&quot;}\"><img loading=\"lazy\" decoding=\"async\" width=\"378\" height=\"567\" src=\"https:\/\/foto.praha-19.ys-beta.cz\/app\/uploads\/2022\/11\/2021_05_27_Pasovani-na-ctenare088-378x567.jpg\" class=\"attachment-pinhole-col-3 size-pinhole-col-3\" alt=\"\" srcset=\"https:\/\/foto.praha-19.ys-beta.cz\/app\/uploads\/2022\/11\/2021_05_27_Pasovani-na-ctenare088-378x567.jpg 378w, https:\/\/foto.praha-19.ys-beta.cz\/app\/uploads\/2022\/11\/2021_05_27_Pasovani-na-ctenare088-200x300.jpg 200w, https:\/\/foto.praha-19.ys-beta.cz\/app\/uploads\/2022\/11\/2021_05_27_Pasovani-na-ctenare088-683x1024.jpg 683w, https:\/\/foto.praha-19.ys-beta.cz\/app\/uploads\/2022\/11\/2021_05_27_Pasovani-na-ctenare088-768x1152.jpg 768w, https:\/\/foto.praha-19.ys-beta.cz\/app\/uploads\/2022\/11\/2021_05_27_Pasovani-na-ctenare088-1024x1536.jpg 1024w, https:\/\/foto.praha-19.ys-beta.cz\/app\/uploads\/2022\/11\/2021_05_27_Pasovani-na-ctenare088-1194x1791.jpg 1194w, https:\/\/foto.praha-19.ys-beta.cz\/app\/uploads\/2022\/11\/2021_05_27_Pasovani-na-ctenare088-582x873.jpg 582w, https:\/\/foto.praha-19.ys-beta.cz\/app\/uploads\/2022\/11\/2021_05_27_Pasovani-na-ctenare088-276x414.jpg 276w, https:\/\/foto.praha-19.ys-beta.cz\/app\/uploads\/2022\/11\/2021_05_27_Pasovani-na-ctenare088-300x450.jpg 300w, https:\/\/foto.praha-19.ys-beta.cz\/app\/uploads\/2022\/11\/2021_05_27_Pasovani-na-ctenare088.jpg 1280w\" sizes=\"auto, (max-width: 378px) 100vw, 378px\" \/><\/a><\/div><div class='pinhole-item col-xs-12 col-lg-4 col-md-4 col-sm-6  '><a class=\"item-link\" href=\"https:\/\/foto.praha-19.ys-beta.cz\/app\/uploads\/2022\/11\/2021_05_27_Pasovani-na-ctenare087.jpg\" data-caption=\"[]\" data-meta=\"[]\"  data-size=\"{&quot;width&quot;:1280,&quot;height&quot;:1920}\" data-download=\"[]\" data-filename=\"{&quot;name&quot;:&quot;&quot;}\"><img loading=\"lazy\" decoding=\"async\" width=\"378\" height=\"567\" src=\"https:\/\/foto.praha-19.ys-beta.cz\/app\/uploads\/2022\/11\/2021_05_27_Pasovani-na-ctenare087-378x567.jpg\" class=\"attachment-pinhole-col-3 size-pinhole-col-3\" alt=\"\" srcset=\"https:\/\/foto.praha-19.ys-beta.cz\/app\/uploads\/2022\/11\/2021_05_27_Pasovani-na-ctenare087-378x567.jpg 378w, https:\/\/foto.praha-19.ys-beta.cz\/app\/uploads\/2022\/11\/2021_05_27_Pasovani-na-ctenare087-200x300.jpg 200w, https:\/\/foto.praha-19.ys-beta.cz\/app\/uploads\/2022\/11\/2021_05_27_Pasovani-na-ctenare087-683x1024.jpg 683w, https:\/\/foto.praha-19.ys-beta.cz\/app\/uploads\/2022\/11\/2021_05_27_Pasovani-na-ctenare087-768x1152.jpg 768w, https:\/\/foto.praha-19.ys-beta.cz\/app\/uploads\/2022\/11\/2021_05_27_Pasovani-na-ctenare087-1024x1536.jpg 1024w, https:\/\/foto.praha-19.ys-beta.cz\/app\/uploads\/2022\/11\/2021_05_27_Pasovani-na-ctenare087-1194x1791.jpg 1194w, https:\/\/foto.praha-19.ys-beta.cz\/app\/uploads\/2022\/11\/2021_05_27_Pasovani-na-ctenare087-582x873.jpg 582w, https:\/\/foto.praha-19.ys-beta.cz\/app\/uploads\/2022\/11\/2021_05_27_Pasovani-na-ctenare087-276x414.jpg 276w, https:\/\/foto.praha-19.ys-beta.cz\/app\/uploads\/2022\/11\/2021_05_27_Pasovani-na-ctenare087-300x450.jpg 300w, https:\/\/foto.praha-19.ys-beta.cz\/app\/uploads\/2022\/11\/2021_05_27_Pasovani-na-ctenare087.jpg 1280w\" sizes=\"auto, (max-width: 378px) 100vw, 378px\" \/><\/a><\/div><div class='pinhole-item col-xs-12 col-lg-4 col-md-4 col-sm-6  '><a class=\"item-link\" href=\"https:\/\/foto.praha-19.ys-beta.cz\/app\/uploads\/2022\/11\/2021_05_27_Pasovani-na-ctenare086.jpg\" data-caption=\"[]\" data-meta=\"[]\"  data-size=\"{&quot;width&quot;:1920,&quot;height&quot;:1280}\" data-download=\"[]\" data-filename=\"{&quot;name&quot;:&quot;&quot;}\"><img loading=\"lazy\" decoding=\"async\" width=\"378\" height=\"252\" src=\"https:\/\/foto.praha-19.ys-beta.cz\/app\/uploads\/2022\/11\/2021_05_27_Pasovani-na-ctenare086-378x252.jpg\" class=\"attachment-pinhole-col-3 size-pinhole-col-3\" alt=\"\" srcset=\"https:\/\/foto.praha-19.ys-beta.cz\/app\/uploads\/2022\/11\/2021_05_27_Pasovani-na-ctenare086-378x252.jpg 378w, https:\/\/foto.praha-19.ys-beta.cz\/app\/uploads\/2022\/11\/2021_05_27_Pasovani-na-ctenare086-300x200.jpg 300w, https:\/\/foto.praha-19.ys-beta.cz\/app\/uploads\/2022\/11\/2021_05_27_Pasovani-na-ctenare086-1024x683.jpg 1024w, https:\/\/foto.praha-19.ys-beta.cz\/app\/uploads\/2022\/11\/2021_05_27_Pasovani-na-ctenare086-768x512.jpg 768w, https:\/\/foto.praha-19.ys-beta.cz\/app\/uploads\/2022\/11\/2021_05_27_Pasovani-na-ctenare086-1536x1024.jpg 1536w, https:\/\/foto.praha-19.ys-beta.cz\/app\/uploads\/2022\/11\/2021_05_27_Pasovani-na-ctenare086-1194x796.jpg 1194w, https:\/\/foto.praha-19.ys-beta.cz\/app\/uploads\/2022\/11\/2021_05_27_Pasovani-na-ctenare086-582x388.jpg 582w, https:\/\/foto.praha-19.ys-beta.cz\/app\/uploads\/2022\/11\/2021_05_27_Pasovani-na-ctenare086-276x184.jpg 276w, https:\/\/foto.praha-19.ys-beta.cz\/app\/uploads\/2022\/11\/2021_05_27_Pasovani-na-ctenare086-675x450.jpg 675w, https:\/\/foto.praha-19.ys-beta.cz\/app\/uploads\/2022\/11\/2021_05_27_Pasovani-na-ctenare086.jpg 1920w\" sizes=\"auto, (max-width: 378px) 100vw, 378px\" \/><\/a><\/div><div class='pinhole-item col-xs-12 col-lg-4 col-md-4 col-sm-6  '><a class=\"item-link\" href=\"https:\/\/foto.praha-19.ys-beta.cz\/app\/uploads\/2022\/11\/2021_05_27_Pasovani-na-ctenare085.jpg\" data-caption=\"[]\" data-meta=\"[]\"  data-size=\"{&quot;width&quot;:1280,&quot;height&quot;:1920}\" data-download=\"[]\" data-filename=\"{&quot;name&quot;:&quot;&quot;}\"><img loading=\"lazy\" decoding=\"async\" width=\"378\" height=\"567\" src=\"https:\/\/foto.praha-19.ys-beta.cz\/app\/uploads\/2022\/11\/2021_05_27_Pasovani-na-ctenare085-378x567.jpg\" class=\"attachment-pinhole-col-3 size-pinhole-col-3\" alt=\"\" srcset=\"https:\/\/foto.praha-19.ys-beta.cz\/app\/uploads\/2022\/11\/2021_05_27_Pasovani-na-ctenare085-378x567.jpg 378w, https:\/\/foto.praha-19.ys-beta.cz\/app\/uploads\/2022\/11\/2021_05_27_Pasovani-na-ctenare085-200x300.jpg 200w, https:\/\/foto.praha-19.ys-beta.cz\/app\/uploads\/2022\/11\/2021_05_27_Pasovani-na-ctenare085-683x1024.jpg 683w, https:\/\/foto.praha-19.ys-beta.cz\/app\/uploads\/2022\/11\/2021_05_27_Pasovani-na-ctenare085-768x1152.jpg 768w, https:\/\/foto.praha-19.ys-beta.cz\/app\/uploads\/2022\/11\/2021_05_27_Pasovani-na-ctenare085-1024x1536.jpg 1024w, https:\/\/foto.praha-19.ys-beta.cz\/app\/uploads\/2022\/11\/2021_05_27_Pasovani-na-ctenare085-1194x1791.jpg 1194w, https:\/\/foto.praha-19.ys-beta.cz\/app\/uploads\/2022\/11\/2021_05_27_Pasovani-na-ctenare085-582x873.jpg 582w, https:\/\/foto.praha-19.ys-beta.cz\/app\/uploads\/2022\/11\/2021_05_27_Pasovani-na-ctenare085-276x414.jpg 276w, https:\/\/foto.praha-19.ys-beta.cz\/app\/uploads\/2022\/11\/2021_05_27_Pasovani-na-ctenare085-300x450.jpg 300w, https:\/\/foto.praha-19.ys-beta.cz\/app\/uploads\/2022\/11\/2021_05_27_Pasovani-na-ctenare085.jpg 1280w\" sizes=\"auto, (max-width: 378px) 100vw, 378px\" \/><\/a><\/div><div class='pinhole-item col-xs-12 col-lg-4 col-md-4 col-sm-6  '><a class=\"item-link\" href=\"https:\/\/foto.praha-19.ys-beta.cz\/app\/uploads\/2022\/11\/2021_05_27_Pasovani-na-ctenare084.jpg\" data-caption=\"[]\" data-meta=\"[]\"  data-size=\"{&quot;width&quot;:1280,&quot;height&quot;:1920}\" data-download=\"[]\" data-filename=\"{&quot;name&quot;:&quot;&quot;}\"><img loading=\"lazy\" decoding=\"async\" width=\"378\" height=\"567\" src=\"https:\/\/foto.praha-19.ys-beta.cz\/app\/uploads\/2022\/11\/2021_05_27_Pasovani-na-ctenare084-378x567.jpg\" class=\"attachment-pinhole-col-3 size-pinhole-col-3\" alt=\"\" srcset=\"https:\/\/foto.praha-19.ys-beta.cz\/app\/uploads\/2022\/11\/2021_05_27_Pasovani-na-ctenare084-378x567.jpg 378w, https:\/\/foto.praha-19.ys-beta.cz\/app\/uploads\/2022\/11\/2021_05_27_Pasovani-na-ctenare084-200x300.jpg 200w, https:\/\/foto.praha-19.ys-beta.cz\/app\/uploads\/2022\/11\/2021_05_27_Pasovani-na-ctenare084-683x1024.jpg 683w, https:\/\/foto.praha-19.ys-beta.cz\/app\/uploads\/2022\/11\/2021_05_27_Pasovani-na-ctenare084-768x1152.jpg 768w, https:\/\/foto.praha-19.ys-beta.cz\/app\/uploads\/2022\/11\/2021_05_27_Pasovani-na-ctenare084-1024x1536.jpg 1024w, https:\/\/foto.praha-19.ys-beta.cz\/app\/uploads\/2022\/11\/2021_05_27_Pasovani-na-ctenare084-1194x1791.jpg 1194w, https:\/\/foto.praha-19.ys-beta.cz\/app\/uploads\/2022\/11\/2021_05_27_Pasovani-na-ctenare084-582x873.jpg 582w, https:\/\/foto.praha-19.ys-beta.cz\/app\/uploads\/2022\/11\/2021_05_27_Pasovani-na-ctenare084-276x414.jpg 276w, https:\/\/foto.praha-19.ys-beta.cz\/app\/uploads\/2022\/11\/2021_05_27_Pasovani-na-ctenare084-300x450.jpg 300w, https:\/\/foto.praha-19.ys-beta.cz\/app\/uploads\/2022\/11\/2021_05_27_Pasovani-na-ctenare084.jpg 1280w\" sizes=\"auto, (max-width: 378px) 100vw, 378px\" \/><\/a><\/div><div class='pinhole-item col-xs-12 col-lg-4 col-md-4 col-sm-6  '><a class=\"item-link\" href=\"https:\/\/foto.praha-19.ys-beta.cz\/app\/uploads\/2022\/11\/2021_05_27_Pasovani-na-ctenare083.jpg\" data-caption=\"[]\" data-meta=\"[]\"  data-size=\"{&quot;width&quot;:1280,&quot;height&quot;:1920}\" data-download=\"[]\" data-filename=\"{&quot;name&quot;:&quot;&quot;}\"><img loading=\"lazy\" decoding=\"async\" width=\"378\" height=\"567\" src=\"https:\/\/foto.praha-19.ys-beta.cz\/app\/uploads\/2022\/11\/2021_05_27_Pasovani-na-ctenare083-378x567.jpg\" class=\"attachment-pinhole-col-3 size-pinhole-col-3\" alt=\"\" srcset=\"https:\/\/foto.praha-19.ys-beta.cz\/app\/uploads\/2022\/11\/2021_05_27_Pasovani-na-ctenare083-378x567.jpg 378w, https:\/\/foto.praha-19.ys-beta.cz\/app\/uploads\/2022\/11\/2021_05_27_Pasovani-na-ctenare083-200x300.jpg 200w, https:\/\/foto.praha-19.ys-beta.cz\/app\/uploads\/2022\/11\/2021_05_27_Pasovani-na-ctenare083-683x1024.jpg 683w, https:\/\/foto.praha-19.ys-beta.cz\/app\/uploads\/2022\/11\/2021_05_27_Pasovani-na-ctenare083-768x1152.jpg 768w, https:\/\/foto.praha-19.ys-beta.cz\/app\/uploads\/2022\/11\/2021_05_27_Pasovani-na-ctenare083-1024x1536.jpg 1024w, https:\/\/foto.praha-19.ys-beta.cz\/app\/uploads\/2022\/11\/2021_05_27_Pasovani-na-ctenare083-1194x1791.jpg 1194w, https:\/\/foto.praha-19.ys-beta.cz\/app\/uploads\/2022\/11\/2021_05_27_Pasovani-na-ctenare083-582x873.jpg 582w, https:\/\/foto.praha-19.ys-beta.cz\/app\/uploads\/2022\/11\/2021_05_27_Pasovani-na-ctenare083-276x414.jpg 276w, https:\/\/foto.praha-19.ys-beta.cz\/app\/uploads\/2022\/11\/2021_05_27_Pasovani-na-ctenare083-300x450.jpg 300w, https:\/\/foto.praha-19.ys-beta.cz\/app\/uploads\/2022\/11\/2021_05_27_Pasovani-na-ctenare083.jpg 1280w\" sizes=\"auto, (max-width: 378px) 100vw, 378px\" \/><\/a><\/div><div class='pinhole-item col-xs-12 col-lg-4 col-md-4 col-sm-6  '><a class=\"item-link\" href=\"https:\/\/foto.praha-19.ys-beta.cz\/app\/uploads\/2022\/11\/2021_05_27_Pasovani-na-ctenare082.jpg\" data-caption=\"[]\" data-meta=\"[]\"  data-size=\"{&quot;width&quot;:1920,&quot;height&quot;:1280}\" data-download=\"[]\" data-filename=\"{&quot;name&quot;:&quot;&quot;}\"><img loading=\"lazy\" decoding=\"async\" width=\"378\" height=\"252\" src=\"https:\/\/foto.praha-19.ys-beta.cz\/app\/uploads\/2022\/11\/2021_05_27_Pasovani-na-ctenare082-378x252.jpg\" class=\"attachment-pinhole-col-3 size-pinhole-col-3\" alt=\"\" srcset=\"https:\/\/foto.praha-19.ys-beta.cz\/app\/uploads\/2022\/11\/2021_05_27_Pasovani-na-ctenare082-378x252.jpg 378w, https:\/\/foto.praha-19.ys-beta.cz\/app\/uploads\/2022\/11\/2021_05_27_Pasovani-na-ctenare082-300x200.jpg 300w, https:\/\/foto.praha-19.ys-beta.cz\/app\/uploads\/2022\/11\/2021_05_27_Pasovani-na-ctenare082-1024x683.jpg 1024w, https:\/\/foto.praha-19.ys-beta.cz\/app\/uploads\/2022\/11\/2021_05_27_Pasovani-na-ctenare082-768x512.jpg 768w, https:\/\/foto.praha-19.ys-beta.cz\/app\/uploads\/2022\/11\/2021_05_27_Pasovani-na-ctenare082-1536x1024.jpg 1536w, https:\/\/foto.praha-19.ys-beta.cz\/app\/uploads\/2022\/11\/2021_05_27_Pasovani-na-ctenare082-1194x796.jpg 1194w, https:\/\/foto.praha-19.ys-beta.cz\/app\/uploads\/2022\/11\/2021_05_27_Pasovani-na-ctenare082-582x388.jpg 582w, https:\/\/foto.praha-19.ys-beta.cz\/app\/uploads\/2022\/11\/2021_05_27_Pasovani-na-ctenare082-276x184.jpg 276w, https:\/\/foto.praha-19.ys-beta.cz\/app\/uploads\/2022\/11\/2021_05_27_Pasovani-na-ctenare082-675x450.jpg 675w, https:\/\/foto.praha-19.ys-beta.cz\/app\/uploads\/2022\/11\/2021_05_27_Pasovani-na-ctenare082.jpg 1920w\" sizes=\"auto, (max-width: 378px) 100vw, 378px\" \/><\/a><\/div><div class='pinhole-item col-xs-12 col-lg-4 col-md-4 col-sm-6  '><a class=\"item-link\" href=\"https:\/\/foto.praha-19.ys-beta.cz\/app\/uploads\/2022\/11\/2021_05_27_Pasovani-na-ctenare081.jpg\" data-caption=\"[]\" data-meta=\"[]\"  data-size=\"{&quot;width&quot;:1280,&quot;height&quot;:1920}\" data-download=\"[]\" data-filename=\"{&quot;name&quot;:&quot;&quot;}\"><img loading=\"lazy\" decoding=\"async\" width=\"378\" height=\"567\" src=\"https:\/\/foto.praha-19.ys-beta.cz\/app\/uploads\/2022\/11\/2021_05_27_Pasovani-na-ctenare081-378x567.jpg\" class=\"attachment-pinhole-col-3 size-pinhole-col-3\" alt=\"\" srcset=\"https:\/\/foto.praha-19.ys-beta.cz\/app\/uploads\/2022\/11\/2021_05_27_Pasovani-na-ctenare081-378x567.jpg 378w, https:\/\/foto.praha-19.ys-beta.cz\/app\/uploads\/2022\/11\/2021_05_27_Pasovani-na-ctenare081-200x300.jpg 200w, https:\/\/foto.praha-19.ys-beta.cz\/app\/uploads\/2022\/11\/2021_05_27_Pasovani-na-ctenare081-683x1024.jpg 683w, https:\/\/foto.praha-19.ys-beta.cz\/app\/uploads\/2022\/11\/2021_05_27_Pasovani-na-ctenare081-768x1152.jpg 768w, https:\/\/foto.praha-19.ys-beta.cz\/app\/uploads\/2022\/11\/2021_05_27_Pasovani-na-ctenare081-1024x1536.jpg 1024w, https:\/\/foto.praha-19.ys-beta.cz\/app\/uploads\/2022\/11\/2021_05_27_Pasovani-na-ctenare081-1194x1791.jpg 1194w, https:\/\/foto.praha-19.ys-beta.cz\/app\/uploads\/2022\/11\/2021_05_27_Pasovani-na-ctenare081-582x873.jpg 582w, https:\/\/foto.praha-19.ys-beta.cz\/app\/uploads\/2022\/11\/2021_05_27_Pasovani-na-ctenare081-276x414.jpg 276w, https:\/\/foto.praha-19.ys-beta.cz\/app\/uploads\/2022\/11\/2021_05_27_Pasovani-na-ctenare081-300x450.jpg 300w, https:\/\/foto.praha-19.ys-beta.cz\/app\/uploads\/2022\/11\/2021_05_27_Pasovani-na-ctenare081.jpg 1280w\" sizes=\"auto, (max-width: 378px) 100vw, 378px\" \/><\/a><\/div><div class='pinhole-item col-xs-12 col-lg-4 col-md-4 col-sm-6  '><a class=\"item-link\" href=\"https:\/\/foto.praha-19.ys-beta.cz\/app\/uploads\/2022\/11\/2021_05_27_Pasovani-na-ctenare080.jpg\" data-caption=\"[]\" data-meta=\"[]\"  data-size=\"{&quot;width&quot;:1280,&quot;height&quot;:1920}\" data-download=\"[]\" data-filename=\"{&quot;name&quot;:&quot;&quot;}\"><img loading=\"lazy\" decoding=\"async\" width=\"378\" height=\"567\" src=\"https:\/\/foto.praha-19.ys-beta.cz\/app\/uploads\/2022\/11\/2021_05_27_Pasovani-na-ctenare080-378x567.jpg\" class=\"attachment-pinhole-col-3 size-pinhole-col-3\" alt=\"\" srcset=\"https:\/\/foto.praha-19.ys-beta.cz\/app\/uploads\/2022\/11\/2021_05_27_Pasovani-na-ctenare080-378x567.jpg 378w, https:\/\/foto.praha-19.ys-beta.cz\/app\/uploads\/2022\/11\/2021_05_27_Pasovani-na-ctenare080-200x300.jpg 200w, https:\/\/foto.praha-19.ys-beta.cz\/app\/uploads\/2022\/11\/2021_05_27_Pasovani-na-ctenare080-683x1024.jpg 683w, https:\/\/foto.praha-19.ys-beta.cz\/app\/uploads\/2022\/11\/2021_05_27_Pasovani-na-ctenare080-768x1152.jpg 768w, https:\/\/foto.praha-19.ys-beta.cz\/app\/uploads\/2022\/11\/2021_05_27_Pasovani-na-ctenare080-1024x1536.jpg 1024w, https:\/\/foto.praha-19.ys-beta.cz\/app\/uploads\/2022\/11\/2021_05_27_Pasovani-na-ctenare080-1194x1791.jpg 1194w, https:\/\/foto.praha-19.ys-beta.cz\/app\/uploads\/2022\/11\/2021_05_27_Pasovani-na-ctenare080-582x873.jpg 582w, https:\/\/foto.praha-19.ys-beta.cz\/app\/uploads\/2022\/11\/2021_05_27_Pasovani-na-ctenare080-276x414.jpg 276w, https:\/\/foto.praha-19.ys-beta.cz\/app\/uploads\/2022\/11\/2021_05_27_Pasovani-na-ctenare080-300x450.jpg 300w, https:\/\/foto.praha-19.ys-beta.cz\/app\/uploads\/2022\/11\/2021_05_27_Pasovani-na-ctenare080.jpg 1280w\" sizes=\"auto, (max-width: 378px) 100vw, 378px\" \/><\/a><\/div><div class='pinhole-item col-xs-12 col-lg-4 col-md-4 col-sm-6  '><a class=\"item-link\" href=\"https:\/\/foto.praha-19.ys-beta.cz\/app\/uploads\/2022\/11\/2021_05_27_Pasovani-na-ctenare079.jpg\" data-caption=\"[]\" data-meta=\"[]\"  data-size=\"{&quot;width&quot;:1280,&quot;height&quot;:1920}\" data-download=\"[]\" data-filename=\"{&quot;name&quot;:&quot;&quot;}\"><img loading=\"lazy\" decoding=\"async\" width=\"378\" height=\"567\" src=\"https:\/\/foto.praha-19.ys-beta.cz\/app\/uploads\/2022\/11\/2021_05_27_Pasovani-na-ctenare079-378x567.jpg\" class=\"attachment-pinhole-col-3 size-pinhole-col-3\" alt=\"\" srcset=\"https:\/\/foto.praha-19.ys-beta.cz\/app\/uploads\/2022\/11\/2021_05_27_Pasovani-na-ctenare079-378x567.jpg 378w, https:\/\/foto.praha-19.ys-beta.cz\/app\/uploads\/2022\/11\/2021_05_27_Pasovani-na-ctenare079-200x300.jpg 200w, https:\/\/foto.praha-19.ys-beta.cz\/app\/uploads\/2022\/11\/2021_05_27_Pasovani-na-ctenare079-683x1024.jpg 683w, https:\/\/foto.praha-19.ys-beta.cz\/app\/uploads\/2022\/11\/2021_05_27_Pasovani-na-ctenare079-768x1152.jpg 768w, https:\/\/foto.praha-19.ys-beta.cz\/app\/uploads\/2022\/11\/2021_05_27_Pasovani-na-ctenare079-1024x1536.jpg 1024w, https:\/\/foto.praha-19.ys-beta.cz\/app\/uploads\/2022\/11\/2021_05_27_Pasovani-na-ctenare079-1194x1791.jpg 1194w, https:\/\/foto.praha-19.ys-beta.cz\/app\/uploads\/2022\/11\/2021_05_27_Pasovani-na-ctenare079-582x873.jpg 582w, https:\/\/foto.praha-19.ys-beta.cz\/app\/uploads\/2022\/11\/2021_05_27_Pasovani-na-ctenare079-276x414.jpg 276w, https:\/\/foto.praha-19.ys-beta.cz\/app\/uploads\/2022\/11\/2021_05_27_Pasovani-na-ctenare079-300x450.jpg 300w, https:\/\/foto.praha-19.ys-beta.cz\/app\/uploads\/2022\/11\/2021_05_27_Pasovani-na-ctenare079.jpg 1280w\" sizes=\"auto, (max-width: 378px) 100vw, 378px\" \/><\/a><\/div><div class='pinhole-item col-xs-12 col-lg-4 col-md-4 col-sm-6  '><a class=\"item-link\" href=\"https:\/\/foto.praha-19.ys-beta.cz\/app\/uploads\/2022\/11\/2021_05_27_Pasovani-na-ctenare078.jpg\" data-caption=\"[]\" data-meta=\"[]\"  data-size=\"{&quot;width&quot;:1920,&quot;height&quot;:1280}\" data-download=\"[]\" data-filename=\"{&quot;name&quot;:&quot;&quot;}\"><img loading=\"lazy\" decoding=\"async\" width=\"378\" height=\"252\" src=\"https:\/\/foto.praha-19.ys-beta.cz\/app\/uploads\/2022\/11\/2021_05_27_Pasovani-na-ctenare078-378x252.jpg\" class=\"attachment-pinhole-col-3 size-pinhole-col-3\" alt=\"\" srcset=\"https:\/\/foto.praha-19.ys-beta.cz\/app\/uploads\/2022\/11\/2021_05_27_Pasovani-na-ctenare078-378x252.jpg 378w, https:\/\/foto.praha-19.ys-beta.cz\/app\/uploads\/2022\/11\/2021_05_27_Pasovani-na-ctenare078-300x200.jpg 300w, https:\/\/foto.praha-19.ys-beta.cz\/app\/uploads\/2022\/11\/2021_05_27_Pasovani-na-ctenare078-1024x683.jpg 1024w, https:\/\/foto.praha-19.ys-beta.cz\/app\/uploads\/2022\/11\/2021_05_27_Pasovani-na-ctenare078-768x512.jpg 768w, https:\/\/foto.praha-19.ys-beta.cz\/app\/uploads\/2022\/11\/2021_05_27_Pasovani-na-ctenare078-1536x1024.jpg 1536w, https:\/\/foto.praha-19.ys-beta.cz\/app\/uploads\/2022\/11\/2021_05_27_Pasovani-na-ctenare078-1194x796.jpg 1194w, https:\/\/foto.praha-19.ys-beta.cz\/app\/uploads\/2022\/11\/2021_05_27_Pasovani-na-ctenare078-582x388.jpg 582w, https:\/\/foto.praha-19.ys-beta.cz\/app\/uploads\/2022\/11\/2021_05_27_Pasovani-na-ctenare078-276x184.jpg 276w, https:\/\/foto.praha-19.ys-beta.cz\/app\/uploads\/2022\/11\/2021_05_27_Pasovani-na-ctenare078-675x450.jpg 675w, https:\/\/foto.praha-19.ys-beta.cz\/app\/uploads\/2022\/11\/2021_05_27_Pasovani-na-ctenare078.jpg 1920w\" sizes=\"auto, (max-width: 378px) 100vw, 378px\" \/><\/a><\/div><div class='pinhole-item col-xs-12 col-lg-4 col-md-4 col-sm-6  '><a class=\"item-link\" href=\"https:\/\/foto.praha-19.ys-beta.cz\/app\/uploads\/2022\/11\/2021_05_27_Pasovani-na-ctenare077.jpg\" data-caption=\"[]\" data-meta=\"[]\"  data-size=\"{&quot;width&quot;:1280,&quot;height&quot;:1920}\" data-download=\"[]\" data-filename=\"{&quot;name&quot;:&quot;&quot;}\"><img loading=\"lazy\" decoding=\"async\" width=\"378\" height=\"567\" src=\"https:\/\/foto.praha-19.ys-beta.cz\/app\/uploads\/2022\/11\/2021_05_27_Pasovani-na-ctenare077-378x567.jpg\" class=\"attachment-pinhole-col-3 size-pinhole-col-3\" alt=\"\" srcset=\"https:\/\/foto.praha-19.ys-beta.cz\/app\/uploads\/2022\/11\/2021_05_27_Pasovani-na-ctenare077-378x567.jpg 378w, https:\/\/foto.praha-19.ys-beta.cz\/app\/uploads\/2022\/11\/2021_05_27_Pasovani-na-ctenare077-200x300.jpg 200w, https:\/\/foto.praha-19.ys-beta.cz\/app\/uploads\/2022\/11\/2021_05_27_Pasovani-na-ctenare077-683x1024.jpg 683w, https:\/\/foto.praha-19.ys-beta.cz\/app\/uploads\/2022\/11\/2021_05_27_Pasovani-na-ctenare077-768x1152.jpg 768w, https:\/\/foto.praha-19.ys-beta.cz\/app\/uploads\/2022\/11\/2021_05_27_Pasovani-na-ctenare077-1024x1536.jpg 1024w, https:\/\/foto.praha-19.ys-beta.cz\/app\/uploads\/2022\/11\/2021_05_27_Pasovani-na-ctenare077-1194x1791.jpg 1194w, https:\/\/foto.praha-19.ys-beta.cz\/app\/uploads\/2022\/11\/2021_05_27_Pasovani-na-ctenare077-582x873.jpg 582w, https:\/\/foto.praha-19.ys-beta.cz\/app\/uploads\/2022\/11\/2021_05_27_Pasovani-na-ctenare077-276x414.jpg 276w, https:\/\/foto.praha-19.ys-beta.cz\/app\/uploads\/2022\/11\/2021_05_27_Pasovani-na-ctenare077-300x450.jpg 300w, https:\/\/foto.praha-19.ys-beta.cz\/app\/uploads\/2022\/11\/2021_05_27_Pasovani-na-ctenare077.jpg 1280w\" sizes=\"auto, (max-width: 378px) 100vw, 378px\" \/><\/a><\/div><div class='pinhole-item col-xs-12 col-lg-4 col-md-4 col-sm-6  '><a class=\"item-link\" href=\"https:\/\/foto.praha-19.ys-beta.cz\/app\/uploads\/2022\/11\/2021_05_27_Pasovani-na-ctenare076.jpg\" data-caption=\"[]\" data-meta=\"[]\"  data-size=\"{&quot;width&quot;:1280,&quot;height&quot;:1920}\" data-download=\"[]\" data-filename=\"{&quot;name&quot;:&quot;&quot;}\"><img loading=\"lazy\" decoding=\"async\" width=\"378\" height=\"567\" src=\"https:\/\/foto.praha-19.ys-beta.cz\/app\/uploads\/2022\/11\/2021_05_27_Pasovani-na-ctenare076-378x567.jpg\" class=\"attachment-pinhole-col-3 size-pinhole-col-3\" alt=\"\" srcset=\"https:\/\/foto.praha-19.ys-beta.cz\/app\/uploads\/2022\/11\/2021_05_27_Pasovani-na-ctenare076-378x567.jpg 378w, https:\/\/foto.praha-19.ys-beta.cz\/app\/uploads\/2022\/11\/2021_05_27_Pasovani-na-ctenare076-200x300.jpg 200w, https:\/\/foto.praha-19.ys-beta.cz\/app\/uploads\/2022\/11\/2021_05_27_Pasovani-na-ctenare076-683x1024.jpg 683w, https:\/\/foto.praha-19.ys-beta.cz\/app\/uploads\/2022\/11\/2021_05_27_Pasovani-na-ctenare076-768x1152.jpg 768w, https:\/\/foto.praha-19.ys-beta.cz\/app\/uploads\/2022\/11\/2021_05_27_Pasovani-na-ctenare076-1024x1536.jpg 1024w, https:\/\/foto.praha-19.ys-beta.cz\/app\/uploads\/2022\/11\/2021_05_27_Pasovani-na-ctenare076-1194x1791.jpg 1194w, https:\/\/foto.praha-19.ys-beta.cz\/app\/uploads\/2022\/11\/2021_05_27_Pasovani-na-ctenare076-582x873.jpg 582w, https:\/\/foto.praha-19.ys-beta.cz\/app\/uploads\/2022\/11\/2021_05_27_Pasovani-na-ctenare076-276x414.jpg 276w, https:\/\/foto.praha-19.ys-beta.cz\/app\/uploads\/2022\/11\/2021_05_27_Pasovani-na-ctenare076-300x450.jpg 300w, https:\/\/foto.praha-19.ys-beta.cz\/app\/uploads\/2022\/11\/2021_05_27_Pasovani-na-ctenare076.jpg 1280w\" sizes=\"auto, (max-width: 378px) 100vw, 378px\" \/><\/a><\/div><div class='pinhole-item col-xs-12 col-lg-4 col-md-4 col-sm-6  '><a class=\"item-link\" href=\"https:\/\/foto.praha-19.ys-beta.cz\/app\/uploads\/2022\/11\/2021_05_27_Pasovani-na-ctenare075.jpg\" data-caption=\"[]\" data-meta=\"[]\"  data-size=\"{&quot;width&quot;:1280,&quot;height&quot;:1920}\" data-download=\"[]\" data-filename=\"{&quot;name&quot;:&quot;&quot;}\"><img loading=\"lazy\" decoding=\"async\" width=\"378\" height=\"567\" src=\"https:\/\/foto.praha-19.ys-beta.cz\/app\/uploads\/2022\/11\/2021_05_27_Pasovani-na-ctenare075-378x567.jpg\" class=\"attachment-pinhole-col-3 size-pinhole-col-3\" alt=\"\" srcset=\"https:\/\/foto.praha-19.ys-beta.cz\/app\/uploads\/2022\/11\/2021_05_27_Pasovani-na-ctenare075-378x567.jpg 378w, https:\/\/foto.praha-19.ys-beta.cz\/app\/uploads\/2022\/11\/2021_05_27_Pasovani-na-ctenare075-200x300.jpg 200w, https:\/\/foto.praha-19.ys-beta.cz\/app\/uploads\/2022\/11\/2021_05_27_Pasovani-na-ctenare075-683x1024.jpg 683w, https:\/\/foto.praha-19.ys-beta.cz\/app\/uploads\/2022\/11\/2021_05_27_Pasovani-na-ctenare075-768x1152.jpg 768w, https:\/\/foto.praha-19.ys-beta.cz\/app\/uploads\/2022\/11\/2021_05_27_Pasovani-na-ctenare075-1024x1536.jpg 1024w, https:\/\/foto.praha-19.ys-beta.cz\/app\/uploads\/2022\/11\/2021_05_27_Pasovani-na-ctenare075-1194x1791.jpg 1194w, https:\/\/foto.praha-19.ys-beta.cz\/app\/uploads\/2022\/11\/2021_05_27_Pasovani-na-ctenare075-582x873.jpg 582w, https:\/\/foto.praha-19.ys-beta.cz\/app\/uploads\/2022\/11\/2021_05_27_Pasovani-na-ctenare075-276x414.jpg 276w, https:\/\/foto.praha-19.ys-beta.cz\/app\/uploads\/2022\/11\/2021_05_27_Pasovani-na-ctenare075-300x450.jpg 300w, https:\/\/foto.praha-19.ys-beta.cz\/app\/uploads\/2022\/11\/2021_05_27_Pasovani-na-ctenare075.jpg 1280w\" sizes=\"auto, (max-width: 378px) 100vw, 378px\" \/><\/a><\/div><div class='pinhole-item col-xs-12 col-lg-4 col-md-4 col-sm-6  '><a class=\"item-link\" href=\"https:\/\/foto.praha-19.ys-beta.cz\/app\/uploads\/2022\/11\/2021_05_27_Pasovani-na-ctenare074.jpg\" data-caption=\"[]\" data-meta=\"[]\"  data-size=\"{&quot;width&quot;:1920,&quot;height&quot;:1280}\" data-download=\"[]\" data-filename=\"{&quot;name&quot;:&quot;&quot;}\"><img loading=\"lazy\" decoding=\"async\" width=\"378\" height=\"252\" src=\"https:\/\/foto.praha-19.ys-beta.cz\/app\/uploads\/2022\/11\/2021_05_27_Pasovani-na-ctenare074-378x252.jpg\" class=\"attachment-pinhole-col-3 size-pinhole-col-3\" alt=\"\" srcset=\"https:\/\/foto.praha-19.ys-beta.cz\/app\/uploads\/2022\/11\/2021_05_27_Pasovani-na-ctenare074-378x252.jpg 378w, https:\/\/foto.praha-19.ys-beta.cz\/app\/uploads\/2022\/11\/2021_05_27_Pasovani-na-ctenare074-300x200.jpg 300w, https:\/\/foto.praha-19.ys-beta.cz\/app\/uploads\/2022\/11\/2021_05_27_Pasovani-na-ctenare074-1024x683.jpg 1024w, https:\/\/foto.praha-19.ys-beta.cz\/app\/uploads\/2022\/11\/2021_05_27_Pasovani-na-ctenare074-768x512.jpg 768w, https:\/\/foto.praha-19.ys-beta.cz\/app\/uploads\/2022\/11\/2021_05_27_Pasovani-na-ctenare074-1536x1024.jpg 1536w, https:\/\/foto.praha-19.ys-beta.cz\/app\/uploads\/2022\/11\/2021_05_27_Pasovani-na-ctenare074-1194x796.jpg 1194w, https:\/\/foto.praha-19.ys-beta.cz\/app\/uploads\/2022\/11\/2021_05_27_Pasovani-na-ctenare074-582x388.jpg 582w, https:\/\/foto.praha-19.ys-beta.cz\/app\/uploads\/2022\/11\/2021_05_27_Pasovani-na-ctenare074-276x184.jpg 276w, https:\/\/foto.praha-19.ys-beta.cz\/app\/uploads\/2022\/11\/2021_05_27_Pasovani-na-ctenare074-675x450.jpg 675w, https:\/\/foto.praha-19.ys-beta.cz\/app\/uploads\/2022\/11\/2021_05_27_Pasovani-na-ctenare074.jpg 1920w\" sizes=\"auto, (max-width: 378px) 100vw, 378px\" \/><\/a><\/div><div class='pinhole-item col-xs-12 col-lg-4 col-md-4 col-sm-6  '><a class=\"item-link\" href=\"https:\/\/foto.praha-19.ys-beta.cz\/app\/uploads\/2022\/11\/2021_05_27_Pasovani-na-ctenare073.jpg\" data-caption=\"[]\" data-meta=\"[]\"  data-size=\"{&quot;width&quot;:1280,&quot;height&quot;:1920}\" data-download=\"[]\" data-filename=\"{&quot;name&quot;:&quot;&quot;}\"><img loading=\"lazy\" decoding=\"async\" width=\"378\" height=\"567\" src=\"https:\/\/foto.praha-19.ys-beta.cz\/app\/uploads\/2022\/11\/2021_05_27_Pasovani-na-ctenare073-378x567.jpg\" class=\"attachment-pinhole-col-3 size-pinhole-col-3\" alt=\"\" srcset=\"https:\/\/foto.praha-19.ys-beta.cz\/app\/uploads\/2022\/11\/2021_05_27_Pasovani-na-ctenare073-378x567.jpg 378w, https:\/\/foto.praha-19.ys-beta.cz\/app\/uploads\/2022\/11\/2021_05_27_Pasovani-na-ctenare073-200x300.jpg 200w, https:\/\/foto.praha-19.ys-beta.cz\/app\/uploads\/2022\/11\/2021_05_27_Pasovani-na-ctenare073-683x1024.jpg 683w, https:\/\/foto.praha-19.ys-beta.cz\/app\/uploads\/2022\/11\/2021_05_27_Pasovani-na-ctenare073-768x1152.jpg 768w, https:\/\/foto.praha-19.ys-beta.cz\/app\/uploads\/2022\/11\/2021_05_27_Pasovani-na-ctenare073-1024x1536.jpg 1024w, https:\/\/foto.praha-19.ys-beta.cz\/app\/uploads\/2022\/11\/2021_05_27_Pasovani-na-ctenare073-1194x1791.jpg 1194w, https:\/\/foto.praha-19.ys-beta.cz\/app\/uploads\/2022\/11\/2021_05_27_Pasovani-na-ctenare073-582x873.jpg 582w, https:\/\/foto.praha-19.ys-beta.cz\/app\/uploads\/2022\/11\/2021_05_27_Pasovani-na-ctenare073-276x414.jpg 276w, https:\/\/foto.praha-19.ys-beta.cz\/app\/uploads\/2022\/11\/2021_05_27_Pasovani-na-ctenare073-300x450.jpg 300w, https:\/\/foto.praha-19.ys-beta.cz\/app\/uploads\/2022\/11\/2021_05_27_Pasovani-na-ctenare073.jpg 1280w\" sizes=\"auto, (max-width: 378px) 100vw, 378px\" \/><\/a><\/div><div class='pinhole-item col-xs-12 col-lg-4 col-md-4 col-sm-6  '><a class=\"item-link\" href=\"https:\/\/foto.praha-19.ys-beta.cz\/app\/uploads\/2022\/11\/2021_05_27_Pasovani-na-ctenare072.jpg\" data-caption=\"[]\" data-meta=\"[]\"  data-size=\"{&quot;width&quot;:1280,&quot;height&quot;:1920}\" data-download=\"[]\" data-filename=\"{&quot;name&quot;:&quot;&quot;}\"><img loading=\"lazy\" decoding=\"async\" width=\"378\" height=\"567\" src=\"https:\/\/foto.praha-19.ys-beta.cz\/app\/uploads\/2022\/11\/2021_05_27_Pasovani-na-ctenare072-378x567.jpg\" class=\"attachment-pinhole-col-3 size-pinhole-col-3\" alt=\"\" srcset=\"https:\/\/foto.praha-19.ys-beta.cz\/app\/uploads\/2022\/11\/2021_05_27_Pasovani-na-ctenare072-378x567.jpg 378w, https:\/\/foto.praha-19.ys-beta.cz\/app\/uploads\/2022\/11\/2021_05_27_Pasovani-na-ctenare072-200x300.jpg 200w, https:\/\/foto.praha-19.ys-beta.cz\/app\/uploads\/2022\/11\/2021_05_27_Pasovani-na-ctenare072-683x1024.jpg 683w, https:\/\/foto.praha-19.ys-beta.cz\/app\/uploads\/2022\/11\/2021_05_27_Pasovani-na-ctenare072-768x1152.jpg 768w, https:\/\/foto.praha-19.ys-beta.cz\/app\/uploads\/2022\/11\/2021_05_27_Pasovani-na-ctenare072-1024x1536.jpg 1024w, https:\/\/foto.praha-19.ys-beta.cz\/app\/uploads\/2022\/11\/2021_05_27_Pasovani-na-ctenare072-1194x1791.jpg 1194w, https:\/\/foto.praha-19.ys-beta.cz\/app\/uploads\/2022\/11\/2021_05_27_Pasovani-na-ctenare072-582x873.jpg 582w, https:\/\/foto.praha-19.ys-beta.cz\/app\/uploads\/2022\/11\/2021_05_27_Pasovani-na-ctenare072-276x414.jpg 276w, https:\/\/foto.praha-19.ys-beta.cz\/app\/uploads\/2022\/11\/2021_05_27_Pasovani-na-ctenare072-300x450.jpg 300w, https:\/\/foto.praha-19.ys-beta.cz\/app\/uploads\/2022\/11\/2021_05_27_Pasovani-na-ctenare072.jpg 1280w\" sizes=\"auto, (max-width: 378px) 100vw, 378px\" \/><\/a><\/div><div class='pinhole-item col-xs-12 col-lg-4 col-md-4 col-sm-6  '><a class=\"item-link\" href=\"https:\/\/foto.praha-19.ys-beta.cz\/app\/uploads\/2022\/11\/2021_05_27_Pasovani-na-ctenare071.jpg\" data-caption=\"[]\" data-meta=\"[]\"  data-size=\"{&quot;width&quot;:1280,&quot;height&quot;:1920}\" data-download=\"[]\" data-filename=\"{&quot;name&quot;:&quot;&quot;}\"><img loading=\"lazy\" decoding=\"async\" width=\"378\" height=\"567\" src=\"https:\/\/foto.praha-19.ys-beta.cz\/app\/uploads\/2022\/11\/2021_05_27_Pasovani-na-ctenare071-378x567.jpg\" class=\"attachment-pinhole-col-3 size-pinhole-col-3\" alt=\"\" srcset=\"https:\/\/foto.praha-19.ys-beta.cz\/app\/uploads\/2022\/11\/2021_05_27_Pasovani-na-ctenare071-378x567.jpg 378w, https:\/\/foto.praha-19.ys-beta.cz\/app\/uploads\/2022\/11\/2021_05_27_Pasovani-na-ctenare071-200x300.jpg 200w, https:\/\/foto.praha-19.ys-beta.cz\/app\/uploads\/2022\/11\/2021_05_27_Pasovani-na-ctenare071-683x1024.jpg 683w, https:\/\/foto.praha-19.ys-beta.cz\/app\/uploads\/2022\/11\/2021_05_27_Pasovani-na-ctenare071-768x1152.jpg 768w, https:\/\/foto.praha-19.ys-beta.cz\/app\/uploads\/2022\/11\/2021_05_27_Pasovani-na-ctenare071-1024x1536.jpg 1024w, https:\/\/foto.praha-19.ys-beta.cz\/app\/uploads\/2022\/11\/2021_05_27_Pasovani-na-ctenare071-1194x1791.jpg 1194w, https:\/\/foto.praha-19.ys-beta.cz\/app\/uploads\/2022\/11\/2021_05_27_Pasovani-na-ctenare071-582x873.jpg 582w, https:\/\/foto.praha-19.ys-beta.cz\/app\/uploads\/2022\/11\/2021_05_27_Pasovani-na-ctenare071-276x414.jpg 276w, https:\/\/foto.praha-19.ys-beta.cz\/app\/uploads\/2022\/11\/2021_05_27_Pasovani-na-ctenare071-300x450.jpg 300w, https:\/\/foto.praha-19.ys-beta.cz\/app\/uploads\/2022\/11\/2021_05_27_Pasovani-na-ctenare071.jpg 1280w\" sizes=\"auto, (max-width: 378px) 100vw, 378px\" \/><\/a><\/div><div class='pinhole-item col-xs-12 col-lg-4 col-md-4 col-sm-6  '><a class=\"item-link\" href=\"https:\/\/foto.praha-19.ys-beta.cz\/app\/uploads\/2022\/11\/2021_05_27_Pasovani-na-ctenare070.jpg\" data-caption=\"[]\" data-meta=\"[]\"  data-size=\"{&quot;width&quot;:1920,&quot;height&quot;:1280}\" data-download=\"[]\" data-filename=\"{&quot;name&quot;:&quot;&quot;}\"><img loading=\"lazy\" decoding=\"async\" width=\"378\" height=\"252\" src=\"https:\/\/foto.praha-19.ys-beta.cz\/app\/uploads\/2022\/11\/2021_05_27_Pasovani-na-ctenare070-378x252.jpg\" class=\"attachment-pinhole-col-3 size-pinhole-col-3\" alt=\"\" srcset=\"https:\/\/foto.praha-19.ys-beta.cz\/app\/uploads\/2022\/11\/2021_05_27_Pasovani-na-ctenare070-378x252.jpg 378w, https:\/\/foto.praha-19.ys-beta.cz\/app\/uploads\/2022\/11\/2021_05_27_Pasovani-na-ctenare070-300x200.jpg 300w, https:\/\/foto.praha-19.ys-beta.cz\/app\/uploads\/2022\/11\/2021_05_27_Pasovani-na-ctenare070-1024x683.jpg 1024w, https:\/\/foto.praha-19.ys-beta.cz\/app\/uploads\/2022\/11\/2021_05_27_Pasovani-na-ctenare070-768x512.jpg 768w, https:\/\/foto.praha-19.ys-beta.cz\/app\/uploads\/2022\/11\/2021_05_27_Pasovani-na-ctenare070-1536x1024.jpg 1536w, https:\/\/foto.praha-19.ys-beta.cz\/app\/uploads\/2022\/11\/2021_05_27_Pasovani-na-ctenare070-1194x796.jpg 1194w, https:\/\/foto.praha-19.ys-beta.cz\/app\/uploads\/2022\/11\/2021_05_27_Pasovani-na-ctenare070-582x388.jpg 582w, https:\/\/foto.praha-19.ys-beta.cz\/app\/uploads\/2022\/11\/2021_05_27_Pasovani-na-ctenare070-276x184.jpg 276w, https:\/\/foto.praha-19.ys-beta.cz\/app\/uploads\/2022\/11\/2021_05_27_Pasovani-na-ctenare070-675x450.jpg 675w, https:\/\/foto.praha-19.ys-beta.cz\/app\/uploads\/2022\/11\/2021_05_27_Pasovani-na-ctenare070.jpg 1920w\" sizes=\"auto, (max-width: 378px) 100vw, 378px\" \/><\/a><\/div><div class='pinhole-item col-xs-12 col-lg-4 col-md-4 col-sm-6  '><a class=\"item-link\" href=\"https:\/\/foto.praha-19.ys-beta.cz\/app\/uploads\/2022\/11\/2021_05_27_Pasovani-na-ctenare069.jpg\" data-caption=\"[]\" data-meta=\"[]\"  data-size=\"{&quot;width&quot;:1920,&quot;height&quot;:1280}\" data-download=\"[]\" data-filename=\"{&quot;name&quot;:&quot;&quot;}\"><img loading=\"lazy\" decoding=\"async\" width=\"378\" height=\"252\" src=\"https:\/\/foto.praha-19.ys-beta.cz\/app\/uploads\/2022\/11\/2021_05_27_Pasovani-na-ctenare069-378x252.jpg\" class=\"attachment-pinhole-col-3 size-pinhole-col-3\" alt=\"\" srcset=\"https:\/\/foto.praha-19.ys-beta.cz\/app\/uploads\/2022\/11\/2021_05_27_Pasovani-na-ctenare069-378x252.jpg 378w, https:\/\/foto.praha-19.ys-beta.cz\/app\/uploads\/2022\/11\/2021_05_27_Pasovani-na-ctenare069-300x200.jpg 300w, https:\/\/foto.praha-19.ys-beta.cz\/app\/uploads\/2022\/11\/2021_05_27_Pasovani-na-ctenare069-1024x683.jpg 1024w, https:\/\/foto.praha-19.ys-beta.cz\/app\/uploads\/2022\/11\/2021_05_27_Pasovani-na-ctenare069-768x512.jpg 768w, https:\/\/foto.praha-19.ys-beta.cz\/app\/uploads\/2022\/11\/2021_05_27_Pasovani-na-ctenare069-1536x1024.jpg 1536w, https:\/\/foto.praha-19.ys-beta.cz\/app\/uploads\/2022\/11\/2021_05_27_Pasovani-na-ctenare069-1194x796.jpg 1194w, https:\/\/foto.praha-19.ys-beta.cz\/app\/uploads\/2022\/11\/2021_05_27_Pasovani-na-ctenare069-582x388.jpg 582w, https:\/\/foto.praha-19.ys-beta.cz\/app\/uploads\/2022\/11\/2021_05_27_Pasovani-na-ctenare069-276x184.jpg 276w, https:\/\/foto.praha-19.ys-beta.cz\/app\/uploads\/2022\/11\/2021_05_27_Pasovani-na-ctenare069-675x450.jpg 675w, https:\/\/foto.praha-19.ys-beta.cz\/app\/uploads\/2022\/11\/2021_05_27_Pasovani-na-ctenare069.jpg 1920w\" sizes=\"auto, (max-width: 378px) 100vw, 378px\" \/><\/a><\/div><div class='pinhole-item col-xs-12 col-lg-4 col-md-4 col-sm-6  '><a class=\"item-link\" href=\"https:\/\/foto.praha-19.ys-beta.cz\/app\/uploads\/2022\/11\/2021_05_27_Pasovani-na-ctenare068.jpg\" data-caption=\"[]\" data-meta=\"[]\"  data-size=\"{&quot;width&quot;:1280,&quot;height&quot;:1920}\" data-download=\"[]\" data-filename=\"{&quot;name&quot;:&quot;&quot;}\"><img loading=\"lazy\" decoding=\"async\" width=\"378\" height=\"567\" src=\"https:\/\/foto.praha-19.ys-beta.cz\/app\/uploads\/2022\/11\/2021_05_27_Pasovani-na-ctenare068-378x567.jpg\" class=\"attachment-pinhole-col-3 size-pinhole-col-3\" alt=\"\" srcset=\"https:\/\/foto.praha-19.ys-beta.cz\/app\/uploads\/2022\/11\/2021_05_27_Pasovani-na-ctenare068-378x567.jpg 378w, https:\/\/foto.praha-19.ys-beta.cz\/app\/uploads\/2022\/11\/2021_05_27_Pasovani-na-ctenare068-200x300.jpg 200w, https:\/\/foto.praha-19.ys-beta.cz\/app\/uploads\/2022\/11\/2021_05_27_Pasovani-na-ctenare068-683x1024.jpg 683w, https:\/\/foto.praha-19.ys-beta.cz\/app\/uploads\/2022\/11\/2021_05_27_Pasovani-na-ctenare068-768x1152.jpg 768w, https:\/\/foto.praha-19.ys-beta.cz\/app\/uploads\/2022\/11\/2021_05_27_Pasovani-na-ctenare068-1024x1536.jpg 1024w, https:\/\/foto.praha-19.ys-beta.cz\/app\/uploads\/2022\/11\/2021_05_27_Pasovani-na-ctenare068-1194x1791.jpg 1194w, https:\/\/foto.praha-19.ys-beta.cz\/app\/uploads\/2022\/11\/2021_05_27_Pasovani-na-ctenare068-582x873.jpg 582w, https:\/\/foto.praha-19.ys-beta.cz\/app\/uploads\/2022\/11\/2021_05_27_Pasovani-na-ctenare068-276x414.jpg 276w, https:\/\/foto.praha-19.ys-beta.cz\/app\/uploads\/2022\/11\/2021_05_27_Pasovani-na-ctenare068-300x450.jpg 300w, https:\/\/foto.praha-19.ys-beta.cz\/app\/uploads\/2022\/11\/2021_05_27_Pasovani-na-ctenare068.jpg 1280w\" sizes=\"auto, (max-width: 378px) 100vw, 378px\" \/><\/a><\/div><div class='pinhole-item col-xs-12 col-lg-4 col-md-4 col-sm-6  '><a class=\"item-link\" href=\"https:\/\/foto.praha-19.ys-beta.cz\/app\/uploads\/2022\/11\/2021_05_27_Pasovani-na-ctenare067.jpg\" data-caption=\"[]\" data-meta=\"[]\"  data-size=\"{&quot;width&quot;:1280,&quot;height&quot;:1920}\" data-download=\"[]\" data-filename=\"{&quot;name&quot;:&quot;&quot;}\"><img loading=\"lazy\" decoding=\"async\" width=\"378\" height=\"567\" src=\"https:\/\/foto.praha-19.ys-beta.cz\/app\/uploads\/2022\/11\/2021_05_27_Pasovani-na-ctenare067-378x567.jpg\" class=\"attachment-pinhole-col-3 size-pinhole-col-3\" alt=\"\" srcset=\"https:\/\/foto.praha-19.ys-beta.cz\/app\/uploads\/2022\/11\/2021_05_27_Pasovani-na-ctenare067-378x567.jpg 378w, https:\/\/foto.praha-19.ys-beta.cz\/app\/uploads\/2022\/11\/2021_05_27_Pasovani-na-ctenare067-200x300.jpg 200w, https:\/\/foto.praha-19.ys-beta.cz\/app\/uploads\/2022\/11\/2021_05_27_Pasovani-na-ctenare067-683x1024.jpg 683w, https:\/\/foto.praha-19.ys-beta.cz\/app\/uploads\/2022\/11\/2021_05_27_Pasovani-na-ctenare067-768x1152.jpg 768w, https:\/\/foto.praha-19.ys-beta.cz\/app\/uploads\/2022\/11\/2021_05_27_Pasovani-na-ctenare067-1024x1536.jpg 1024w, https:\/\/foto.praha-19.ys-beta.cz\/app\/uploads\/2022\/11\/2021_05_27_Pasovani-na-ctenare067-1194x1791.jpg 1194w, https:\/\/foto.praha-19.ys-beta.cz\/app\/uploads\/2022\/11\/2021_05_27_Pasovani-na-ctenare067-582x873.jpg 582w, https:\/\/foto.praha-19.ys-beta.cz\/app\/uploads\/2022\/11\/2021_05_27_Pasovani-na-ctenare067-276x414.jpg 276w, https:\/\/foto.praha-19.ys-beta.cz\/app\/uploads\/2022\/11\/2021_05_27_Pasovani-na-ctenare067-300x450.jpg 300w, https:\/\/foto.praha-19.ys-beta.cz\/app\/uploads\/2022\/11\/2021_05_27_Pasovani-na-ctenare067.jpg 1280w\" sizes=\"auto, (max-width: 378px) 100vw, 378px\" \/><\/a><\/div><div class='pinhole-item col-xs-12 col-lg-4 col-md-4 col-sm-6  '><a class=\"item-link\" href=\"https:\/\/foto.praha-19.ys-beta.cz\/app\/uploads\/2022\/11\/2021_05_27_Pasovani-na-ctenare066.jpg\" data-caption=\"[]\" data-meta=\"[]\"  data-size=\"{&quot;width&quot;:1920,&quot;height&quot;:1280}\" data-download=\"[]\" data-filename=\"{&quot;name&quot;:&quot;&quot;}\"><img loading=\"lazy\" decoding=\"async\" width=\"378\" height=\"252\" src=\"https:\/\/foto.praha-19.ys-beta.cz\/app\/uploads\/2022\/11\/2021_05_27_Pasovani-na-ctenare066-378x252.jpg\" class=\"attachment-pinhole-col-3 size-pinhole-col-3\" alt=\"\" srcset=\"https:\/\/foto.praha-19.ys-beta.cz\/app\/uploads\/2022\/11\/2021_05_27_Pasovani-na-ctenare066-378x252.jpg 378w, https:\/\/foto.praha-19.ys-beta.cz\/app\/uploads\/2022\/11\/2021_05_27_Pasovani-na-ctenare066-300x200.jpg 300w, https:\/\/foto.praha-19.ys-beta.cz\/app\/uploads\/2022\/11\/2021_05_27_Pasovani-na-ctenare066-1024x683.jpg 1024w, https:\/\/foto.praha-19.ys-beta.cz\/app\/uploads\/2022\/11\/2021_05_27_Pasovani-na-ctenare066-768x512.jpg 768w, https:\/\/foto.praha-19.ys-beta.cz\/app\/uploads\/2022\/11\/2021_05_27_Pasovani-na-ctenare066-1536x1024.jpg 1536w, https:\/\/foto.praha-19.ys-beta.cz\/app\/uploads\/2022\/11\/2021_05_27_Pasovani-na-ctenare066-1194x796.jpg 1194w, https:\/\/foto.praha-19.ys-beta.cz\/app\/uploads\/2022\/11\/2021_05_27_Pasovani-na-ctenare066-582x388.jpg 582w, https:\/\/foto.praha-19.ys-beta.cz\/app\/uploads\/2022\/11\/2021_05_27_Pasovani-na-ctenare066-276x184.jpg 276w, https:\/\/foto.praha-19.ys-beta.cz\/app\/uploads\/2022\/11\/2021_05_27_Pasovani-na-ctenare066-675x450.jpg 675w, https:\/\/foto.praha-19.ys-beta.cz\/app\/uploads\/2022\/11\/2021_05_27_Pasovani-na-ctenare066.jpg 1920w\" sizes=\"auto, (max-width: 378px) 100vw, 378px\" \/><\/a><\/div><div class='pinhole-item col-xs-12 col-lg-4 col-md-4 col-sm-6  '><a class=\"item-link\" href=\"https:\/\/foto.praha-19.ys-beta.cz\/app\/uploads\/2022\/11\/2021_05_27_Pasovani-na-ctenare065.jpg\" data-caption=\"[]\" data-meta=\"[]\"  data-size=\"{&quot;width&quot;:1280,&quot;height&quot;:1920}\" data-download=\"[]\" data-filename=\"{&quot;name&quot;:&quot;&quot;}\"><img loading=\"lazy\" decoding=\"async\" width=\"378\" height=\"567\" src=\"https:\/\/foto.praha-19.ys-beta.cz\/app\/uploads\/2022\/11\/2021_05_27_Pasovani-na-ctenare065-378x567.jpg\" class=\"attachment-pinhole-col-3 size-pinhole-col-3\" alt=\"\" srcset=\"https:\/\/foto.praha-19.ys-beta.cz\/app\/uploads\/2022\/11\/2021_05_27_Pasovani-na-ctenare065-378x567.jpg 378w, https:\/\/foto.praha-19.ys-beta.cz\/app\/uploads\/2022\/11\/2021_05_27_Pasovani-na-ctenare065-200x300.jpg 200w, https:\/\/foto.praha-19.ys-beta.cz\/app\/uploads\/2022\/11\/2021_05_27_Pasovani-na-ctenare065-683x1024.jpg 683w, https:\/\/foto.praha-19.ys-beta.cz\/app\/uploads\/2022\/11\/2021_05_27_Pasovani-na-ctenare065-768x1152.jpg 768w, https:\/\/foto.praha-19.ys-beta.cz\/app\/uploads\/2022\/11\/2021_05_27_Pasovani-na-ctenare065-1024x1536.jpg 1024w, https:\/\/foto.praha-19.ys-beta.cz\/app\/uploads\/2022\/11\/2021_05_27_Pasovani-na-ctenare065-1194x1791.jpg 1194w, https:\/\/foto.praha-19.ys-beta.cz\/app\/uploads\/2022\/11\/2021_05_27_Pasovani-na-ctenare065-582x873.jpg 582w, https:\/\/foto.praha-19.ys-beta.cz\/app\/uploads\/2022\/11\/2021_05_27_Pasovani-na-ctenare065-276x414.jpg 276w, https:\/\/foto.praha-19.ys-beta.cz\/app\/uploads\/2022\/11\/2021_05_27_Pasovani-na-ctenare065-300x450.jpg 300w, https:\/\/foto.praha-19.ys-beta.cz\/app\/uploads\/2022\/11\/2021_05_27_Pasovani-na-ctenare065.jpg 1280w\" sizes=\"auto, (max-width: 378px) 100vw, 378px\" \/><\/a><\/div><div class='pinhole-item col-xs-12 col-lg-4 col-md-4 col-sm-6  '><a class=\"item-link\" href=\"https:\/\/foto.praha-19.ys-beta.cz\/app\/uploads\/2022\/11\/2021_05_27_Pasovani-na-ctenare064.jpg\" data-caption=\"[]\" data-meta=\"[]\"  data-size=\"{&quot;width&quot;:1280,&quot;height&quot;:1920}\" data-download=\"[]\" data-filename=\"{&quot;name&quot;:&quot;&quot;}\"><img loading=\"lazy\" decoding=\"async\" width=\"378\" height=\"567\" src=\"https:\/\/foto.praha-19.ys-beta.cz\/app\/uploads\/2022\/11\/2021_05_27_Pasovani-na-ctenare064-378x567.jpg\" class=\"attachment-pinhole-col-3 size-pinhole-col-3\" alt=\"\" srcset=\"https:\/\/foto.praha-19.ys-beta.cz\/app\/uploads\/2022\/11\/2021_05_27_Pasovani-na-ctenare064-378x567.jpg 378w, https:\/\/foto.praha-19.ys-beta.cz\/app\/uploads\/2022\/11\/2021_05_27_Pasovani-na-ctenare064-200x300.jpg 200w, https:\/\/foto.praha-19.ys-beta.cz\/app\/uploads\/2022\/11\/2021_05_27_Pasovani-na-ctenare064-683x1024.jpg 683w, https:\/\/foto.praha-19.ys-beta.cz\/app\/uploads\/2022\/11\/2021_05_27_Pasovani-na-ctenare064-768x1152.jpg 768w, https:\/\/foto.praha-19.ys-beta.cz\/app\/uploads\/2022\/11\/2021_05_27_Pasovani-na-ctenare064-1024x1536.jpg 1024w, https:\/\/foto.praha-19.ys-beta.cz\/app\/uploads\/2022\/11\/2021_05_27_Pasovani-na-ctenare064-1194x1791.jpg 1194w, https:\/\/foto.praha-19.ys-beta.cz\/app\/uploads\/2022\/11\/2021_05_27_Pasovani-na-ctenare064-582x873.jpg 582w, https:\/\/foto.praha-19.ys-beta.cz\/app\/uploads\/2022\/11\/2021_05_27_Pasovani-na-ctenare064-276x414.jpg 276w, https:\/\/foto.praha-19.ys-beta.cz\/app\/uploads\/2022\/11\/2021_05_27_Pasovani-na-ctenare064-300x450.jpg 300w, https:\/\/foto.praha-19.ys-beta.cz\/app\/uploads\/2022\/11\/2021_05_27_Pasovani-na-ctenare064.jpg 1280w\" sizes=\"auto, (max-width: 378px) 100vw, 378px\" \/><\/a><\/div><div class='pinhole-item col-xs-12 col-lg-4 col-md-4 col-sm-6  '><a class=\"item-link\" href=\"https:\/\/foto.praha-19.ys-beta.cz\/app\/uploads\/2022\/11\/2021_05_27_Pasovani-na-ctenare063.jpg\" data-caption=\"[]\" data-meta=\"[]\"  data-size=\"{&quot;width&quot;:1280,&quot;height&quot;:1920}\" data-download=\"[]\" data-filename=\"{&quot;name&quot;:&quot;&quot;}\"><img loading=\"lazy\" decoding=\"async\" width=\"378\" height=\"567\" src=\"https:\/\/foto.praha-19.ys-beta.cz\/app\/uploads\/2022\/11\/2021_05_27_Pasovani-na-ctenare063-378x567.jpg\" class=\"attachment-pinhole-col-3 size-pinhole-col-3\" alt=\"\" srcset=\"https:\/\/foto.praha-19.ys-beta.cz\/app\/uploads\/2022\/11\/2021_05_27_Pasovani-na-ctenare063-378x567.jpg 378w, https:\/\/foto.praha-19.ys-beta.cz\/app\/uploads\/2022\/11\/2021_05_27_Pasovani-na-ctenare063-200x300.jpg 200w, https:\/\/foto.praha-19.ys-beta.cz\/app\/uploads\/2022\/11\/2021_05_27_Pasovani-na-ctenare063-683x1024.jpg 683w, https:\/\/foto.praha-19.ys-beta.cz\/app\/uploads\/2022\/11\/2021_05_27_Pasovani-na-ctenare063-768x1152.jpg 768w, https:\/\/foto.praha-19.ys-beta.cz\/app\/uploads\/2022\/11\/2021_05_27_Pasovani-na-ctenare063-1024x1536.jpg 1024w, https:\/\/foto.praha-19.ys-beta.cz\/app\/uploads\/2022\/11\/2021_05_27_Pasovani-na-ctenare063-1194x1791.jpg 1194w, https:\/\/foto.praha-19.ys-beta.cz\/app\/uploads\/2022\/11\/2021_05_27_Pasovani-na-ctenare063-582x873.jpg 582w, https:\/\/foto.praha-19.ys-beta.cz\/app\/uploads\/2022\/11\/2021_05_27_Pasovani-na-ctenare063-276x414.jpg 276w, https:\/\/foto.praha-19.ys-beta.cz\/app\/uploads\/2022\/11\/2021_05_27_Pasovani-na-ctenare063-300x450.jpg 300w, https:\/\/foto.praha-19.ys-beta.cz\/app\/uploads\/2022\/11\/2021_05_27_Pasovani-na-ctenare063.jpg 1280w\" sizes=\"auto, (max-width: 378px) 100vw, 378px\" \/><\/a><\/div><div class='pinhole-item col-xs-12 col-lg-4 col-md-4 col-sm-6  '><a class=\"item-link\" href=\"https:\/\/foto.praha-19.ys-beta.cz\/app\/uploads\/2022\/11\/2021_05_27_Pasovani-na-ctenare062.jpg\" data-caption=\"[]\" data-meta=\"[]\"  data-size=\"{&quot;width&quot;:1920,&quot;height&quot;:1280}\" data-download=\"[]\" data-filename=\"{&quot;name&quot;:&quot;&quot;}\"><img loading=\"lazy\" decoding=\"async\" width=\"378\" height=\"252\" src=\"https:\/\/foto.praha-19.ys-beta.cz\/app\/uploads\/2022\/11\/2021_05_27_Pasovani-na-ctenare062-378x252.jpg\" class=\"attachment-pinhole-col-3 size-pinhole-col-3\" alt=\"\" srcset=\"https:\/\/foto.praha-19.ys-beta.cz\/app\/uploads\/2022\/11\/2021_05_27_Pasovani-na-ctenare062-378x252.jpg 378w, https:\/\/foto.praha-19.ys-beta.cz\/app\/uploads\/2022\/11\/2021_05_27_Pasovani-na-ctenare062-300x200.jpg 300w, https:\/\/foto.praha-19.ys-beta.cz\/app\/uploads\/2022\/11\/2021_05_27_Pasovani-na-ctenare062-1024x683.jpg 1024w, https:\/\/foto.praha-19.ys-beta.cz\/app\/uploads\/2022\/11\/2021_05_27_Pasovani-na-ctenare062-768x512.jpg 768w, https:\/\/foto.praha-19.ys-beta.cz\/app\/uploads\/2022\/11\/2021_05_27_Pasovani-na-ctenare062-1536x1024.jpg 1536w, https:\/\/foto.praha-19.ys-beta.cz\/app\/uploads\/2022\/11\/2021_05_27_Pasovani-na-ctenare062-1194x796.jpg 1194w, https:\/\/foto.praha-19.ys-beta.cz\/app\/uploads\/2022\/11\/2021_05_27_Pasovani-na-ctenare062-582x388.jpg 582w, https:\/\/foto.praha-19.ys-beta.cz\/app\/uploads\/2022\/11\/2021_05_27_Pasovani-na-ctenare062-276x184.jpg 276w, https:\/\/foto.praha-19.ys-beta.cz\/app\/uploads\/2022\/11\/2021_05_27_Pasovani-na-ctenare062-675x450.jpg 675w, https:\/\/foto.praha-19.ys-beta.cz\/app\/uploads\/2022\/11\/2021_05_27_Pasovani-na-ctenare062.jpg 1920w\" sizes=\"auto, (max-width: 378px) 100vw, 378px\" \/><\/a><\/div><div class='pinhole-item col-xs-12 col-lg-4 col-md-4 col-sm-6  '><a class=\"item-link\" href=\"https:\/\/foto.praha-19.ys-beta.cz\/app\/uploads\/2022\/11\/2021_05_27_Pasovani-na-ctenare061.jpg\" data-caption=\"[]\" data-meta=\"[]\"  data-size=\"{&quot;width&quot;:1280,&quot;height&quot;:1920}\" data-download=\"[]\" data-filename=\"{&quot;name&quot;:&quot;&quot;}\"><img loading=\"lazy\" decoding=\"async\" width=\"378\" height=\"567\" src=\"https:\/\/foto.praha-19.ys-beta.cz\/app\/uploads\/2022\/11\/2021_05_27_Pasovani-na-ctenare061-378x567.jpg\" class=\"attachment-pinhole-col-3 size-pinhole-col-3\" alt=\"\" srcset=\"https:\/\/foto.praha-19.ys-beta.cz\/app\/uploads\/2022\/11\/2021_05_27_Pasovani-na-ctenare061-378x567.jpg 378w, https:\/\/foto.praha-19.ys-beta.cz\/app\/uploads\/2022\/11\/2021_05_27_Pasovani-na-ctenare061-200x300.jpg 200w, https:\/\/foto.praha-19.ys-beta.cz\/app\/uploads\/2022\/11\/2021_05_27_Pasovani-na-ctenare061-683x1024.jpg 683w, https:\/\/foto.praha-19.ys-beta.cz\/app\/uploads\/2022\/11\/2021_05_27_Pasovani-na-ctenare061-768x1152.jpg 768w, https:\/\/foto.praha-19.ys-beta.cz\/app\/uploads\/2022\/11\/2021_05_27_Pasovani-na-ctenare061-1024x1536.jpg 1024w, https:\/\/foto.praha-19.ys-beta.cz\/app\/uploads\/2022\/11\/2021_05_27_Pasovani-na-ctenare061-1194x1791.jpg 1194w, https:\/\/foto.praha-19.ys-beta.cz\/app\/uploads\/2022\/11\/2021_05_27_Pasovani-na-ctenare061-582x873.jpg 582w, https:\/\/foto.praha-19.ys-beta.cz\/app\/uploads\/2022\/11\/2021_05_27_Pasovani-na-ctenare061-276x414.jpg 276w, https:\/\/foto.praha-19.ys-beta.cz\/app\/uploads\/2022\/11\/2021_05_27_Pasovani-na-ctenare061-300x450.jpg 300w, https:\/\/foto.praha-19.ys-beta.cz\/app\/uploads\/2022\/11\/2021_05_27_Pasovani-na-ctenare061.jpg 1280w\" sizes=\"auto, (max-width: 378px) 100vw, 378px\" \/><\/a><\/div><div class='pinhole-item col-xs-12 col-lg-4 col-md-4 col-sm-6  '><a class=\"item-link\" href=\"https:\/\/foto.praha-19.ys-beta.cz\/app\/uploads\/2022\/11\/2021_05_27_Pasovani-na-ctenare060.jpg\" data-caption=\"[]\" data-meta=\"[]\"  data-size=\"{&quot;width&quot;:1280,&quot;height&quot;:1920}\" data-download=\"[]\" data-filename=\"{&quot;name&quot;:&quot;&quot;}\"><img loading=\"lazy\" decoding=\"async\" width=\"378\" height=\"567\" src=\"https:\/\/foto.praha-19.ys-beta.cz\/app\/uploads\/2022\/11\/2021_05_27_Pasovani-na-ctenare060-378x567.jpg\" class=\"attachment-pinhole-col-3 size-pinhole-col-3\" alt=\"\" srcset=\"https:\/\/foto.praha-19.ys-beta.cz\/app\/uploads\/2022\/11\/2021_05_27_Pasovani-na-ctenare060-378x567.jpg 378w, https:\/\/foto.praha-19.ys-beta.cz\/app\/uploads\/2022\/11\/2021_05_27_Pasovani-na-ctenare060-200x300.jpg 200w, https:\/\/foto.praha-19.ys-beta.cz\/app\/uploads\/2022\/11\/2021_05_27_Pasovani-na-ctenare060-683x1024.jpg 683w, https:\/\/foto.praha-19.ys-beta.cz\/app\/uploads\/2022\/11\/2021_05_27_Pasovani-na-ctenare060-768x1152.jpg 768w, https:\/\/foto.praha-19.ys-beta.cz\/app\/uploads\/2022\/11\/2021_05_27_Pasovani-na-ctenare060-1024x1536.jpg 1024w, https:\/\/foto.praha-19.ys-beta.cz\/app\/uploads\/2022\/11\/2021_05_27_Pasovani-na-ctenare060-1194x1791.jpg 1194w, https:\/\/foto.praha-19.ys-beta.cz\/app\/uploads\/2022\/11\/2021_05_27_Pasovani-na-ctenare060-582x873.jpg 582w, https:\/\/foto.praha-19.ys-beta.cz\/app\/uploads\/2022\/11\/2021_05_27_Pasovani-na-ctenare060-276x414.jpg 276w, https:\/\/foto.praha-19.ys-beta.cz\/app\/uploads\/2022\/11\/2021_05_27_Pasovani-na-ctenare060-300x450.jpg 300w, https:\/\/foto.praha-19.ys-beta.cz\/app\/uploads\/2022\/11\/2021_05_27_Pasovani-na-ctenare060.jpg 1280w\" sizes=\"auto, (max-width: 378px) 100vw, 378px\" \/><\/a><\/div><div class='pinhole-item col-xs-12 col-lg-4 col-md-4 col-sm-6  '><a class=\"item-link\" href=\"https:\/\/foto.praha-19.ys-beta.cz\/app\/uploads\/2022\/11\/2021_05_27_Pasovani-na-ctenare059.jpg\" data-caption=\"[]\" data-meta=\"[]\"  data-size=\"{&quot;width&quot;:1280,&quot;height&quot;:1920}\" data-download=\"[]\" data-filename=\"{&quot;name&quot;:&quot;&quot;}\"><img loading=\"lazy\" decoding=\"async\" width=\"378\" height=\"567\" src=\"https:\/\/foto.praha-19.ys-beta.cz\/app\/uploads\/2022\/11\/2021_05_27_Pasovani-na-ctenare059-378x567.jpg\" class=\"attachment-pinhole-col-3 size-pinhole-col-3\" alt=\"\" srcset=\"https:\/\/foto.praha-19.ys-beta.cz\/app\/uploads\/2022\/11\/2021_05_27_Pasovani-na-ctenare059-378x567.jpg 378w, https:\/\/foto.praha-19.ys-beta.cz\/app\/uploads\/2022\/11\/2021_05_27_Pasovani-na-ctenare059-200x300.jpg 200w, https:\/\/foto.praha-19.ys-beta.cz\/app\/uploads\/2022\/11\/2021_05_27_Pasovani-na-ctenare059-683x1024.jpg 683w, https:\/\/foto.praha-19.ys-beta.cz\/app\/uploads\/2022\/11\/2021_05_27_Pasovani-na-ctenare059-768x1152.jpg 768w, https:\/\/foto.praha-19.ys-beta.cz\/app\/uploads\/2022\/11\/2021_05_27_Pasovani-na-ctenare059-1024x1536.jpg 1024w, https:\/\/foto.praha-19.ys-beta.cz\/app\/uploads\/2022\/11\/2021_05_27_Pasovani-na-ctenare059-1194x1791.jpg 1194w, https:\/\/foto.praha-19.ys-beta.cz\/app\/uploads\/2022\/11\/2021_05_27_Pasovani-na-ctenare059-582x873.jpg 582w, https:\/\/foto.praha-19.ys-beta.cz\/app\/uploads\/2022\/11\/2021_05_27_Pasovani-na-ctenare059-276x414.jpg 276w, https:\/\/foto.praha-19.ys-beta.cz\/app\/uploads\/2022\/11\/2021_05_27_Pasovani-na-ctenare059-300x450.jpg 300w, https:\/\/foto.praha-19.ys-beta.cz\/app\/uploads\/2022\/11\/2021_05_27_Pasovani-na-ctenare059.jpg 1280w\" sizes=\"auto, (max-width: 378px) 100vw, 378px\" \/><\/a><\/div><div class='pinhole-item col-xs-12 col-lg-4 col-md-4 col-sm-6  '><a class=\"item-link\" href=\"https:\/\/foto.praha-19.ys-beta.cz\/app\/uploads\/2022\/11\/2021_05_27_Pasovani-na-ctenare058.jpg\" data-caption=\"[]\" data-meta=\"[]\"  data-size=\"{&quot;width&quot;:1920,&quot;height&quot;:1280}\" data-download=\"[]\" data-filename=\"{&quot;name&quot;:&quot;&quot;}\"><img loading=\"lazy\" decoding=\"async\" width=\"378\" height=\"252\" src=\"https:\/\/foto.praha-19.ys-beta.cz\/app\/uploads\/2022\/11\/2021_05_27_Pasovani-na-ctenare058-378x252.jpg\" class=\"attachment-pinhole-col-3 size-pinhole-col-3\" alt=\"\" srcset=\"https:\/\/foto.praha-19.ys-beta.cz\/app\/uploads\/2022\/11\/2021_05_27_Pasovani-na-ctenare058-378x252.jpg 378w, https:\/\/foto.praha-19.ys-beta.cz\/app\/uploads\/2022\/11\/2021_05_27_Pasovani-na-ctenare058-300x200.jpg 300w, https:\/\/foto.praha-19.ys-beta.cz\/app\/uploads\/2022\/11\/2021_05_27_Pasovani-na-ctenare058-1024x683.jpg 1024w, https:\/\/foto.praha-19.ys-beta.cz\/app\/uploads\/2022\/11\/2021_05_27_Pasovani-na-ctenare058-768x512.jpg 768w, https:\/\/foto.praha-19.ys-beta.cz\/app\/uploads\/2022\/11\/2021_05_27_Pasovani-na-ctenare058-1536x1024.jpg 1536w, https:\/\/foto.praha-19.ys-beta.cz\/app\/uploads\/2022\/11\/2021_05_27_Pasovani-na-ctenare058-1194x796.jpg 1194w, https:\/\/foto.praha-19.ys-beta.cz\/app\/uploads\/2022\/11\/2021_05_27_Pasovani-na-ctenare058-582x388.jpg 582w, https:\/\/foto.praha-19.ys-beta.cz\/app\/uploads\/2022\/11\/2021_05_27_Pasovani-na-ctenare058-276x184.jpg 276w, https:\/\/foto.praha-19.ys-beta.cz\/app\/uploads\/2022\/11\/2021_05_27_Pasovani-na-ctenare058-675x450.jpg 675w, https:\/\/foto.praha-19.ys-beta.cz\/app\/uploads\/2022\/11\/2021_05_27_Pasovani-na-ctenare058.jpg 1920w\" sizes=\"auto, (max-width: 378px) 100vw, 378px\" \/><\/a><\/div><div class='pinhole-item col-xs-12 col-lg-4 col-md-4 col-sm-6  '><a class=\"item-link\" href=\"https:\/\/foto.praha-19.ys-beta.cz\/app\/uploads\/2022\/11\/2021_05_27_Pasovani-na-ctenare057.jpg\" data-caption=\"[]\" data-meta=\"[]\"  data-size=\"{&quot;width&quot;:1280,&quot;height&quot;:1920}\" data-download=\"[]\" data-filename=\"{&quot;name&quot;:&quot;&quot;}\"><img loading=\"lazy\" decoding=\"async\" width=\"378\" height=\"567\" src=\"https:\/\/foto.praha-19.ys-beta.cz\/app\/uploads\/2022\/11\/2021_05_27_Pasovani-na-ctenare057-378x567.jpg\" class=\"attachment-pinhole-col-3 size-pinhole-col-3\" alt=\"\" srcset=\"https:\/\/foto.praha-19.ys-beta.cz\/app\/uploads\/2022\/11\/2021_05_27_Pasovani-na-ctenare057-378x567.jpg 378w, https:\/\/foto.praha-19.ys-beta.cz\/app\/uploads\/2022\/11\/2021_05_27_Pasovani-na-ctenare057-200x300.jpg 200w, https:\/\/foto.praha-19.ys-beta.cz\/app\/uploads\/2022\/11\/2021_05_27_Pasovani-na-ctenare057-683x1024.jpg 683w, https:\/\/foto.praha-19.ys-beta.cz\/app\/uploads\/2022\/11\/2021_05_27_Pasovani-na-ctenare057-768x1152.jpg 768w, https:\/\/foto.praha-19.ys-beta.cz\/app\/uploads\/2022\/11\/2021_05_27_Pasovani-na-ctenare057-1024x1536.jpg 1024w, https:\/\/foto.praha-19.ys-beta.cz\/app\/uploads\/2022\/11\/2021_05_27_Pasovani-na-ctenare057-1194x1791.jpg 1194w, https:\/\/foto.praha-19.ys-beta.cz\/app\/uploads\/2022\/11\/2021_05_27_Pasovani-na-ctenare057-582x873.jpg 582w, https:\/\/foto.praha-19.ys-beta.cz\/app\/uploads\/2022\/11\/2021_05_27_Pasovani-na-ctenare057-276x414.jpg 276w, https:\/\/foto.praha-19.ys-beta.cz\/app\/uploads\/2022\/11\/2021_05_27_Pasovani-na-ctenare057-300x450.jpg 300w, https:\/\/foto.praha-19.ys-beta.cz\/app\/uploads\/2022\/11\/2021_05_27_Pasovani-na-ctenare057.jpg 1280w\" sizes=\"auto, (max-width: 378px) 100vw, 378px\" \/><\/a><\/div><div class='pinhole-item col-xs-12 col-lg-4 col-md-4 col-sm-6  '><a class=\"item-link\" href=\"https:\/\/foto.praha-19.ys-beta.cz\/app\/uploads\/2022\/11\/2021_05_27_Pasovani-na-ctenare056.jpg\" data-caption=\"[]\" data-meta=\"[]\"  data-size=\"{&quot;width&quot;:1280,&quot;height&quot;:1920}\" data-download=\"[]\" data-filename=\"{&quot;name&quot;:&quot;&quot;}\"><img loading=\"lazy\" decoding=\"async\" width=\"378\" height=\"567\" src=\"https:\/\/foto.praha-19.ys-beta.cz\/app\/uploads\/2022\/11\/2021_05_27_Pasovani-na-ctenare056-378x567.jpg\" class=\"attachment-pinhole-col-3 size-pinhole-col-3\" alt=\"\" srcset=\"https:\/\/foto.praha-19.ys-beta.cz\/app\/uploads\/2022\/11\/2021_05_27_Pasovani-na-ctenare056-378x567.jpg 378w, https:\/\/foto.praha-19.ys-beta.cz\/app\/uploads\/2022\/11\/2021_05_27_Pasovani-na-ctenare056-200x300.jpg 200w, https:\/\/foto.praha-19.ys-beta.cz\/app\/uploads\/2022\/11\/2021_05_27_Pasovani-na-ctenare056-683x1024.jpg 683w, https:\/\/foto.praha-19.ys-beta.cz\/app\/uploads\/2022\/11\/2021_05_27_Pasovani-na-ctenare056-768x1152.jpg 768w, https:\/\/foto.praha-19.ys-beta.cz\/app\/uploads\/2022\/11\/2021_05_27_Pasovani-na-ctenare056-1024x1536.jpg 1024w, https:\/\/foto.praha-19.ys-beta.cz\/app\/uploads\/2022\/11\/2021_05_27_Pasovani-na-ctenare056-1194x1791.jpg 1194w, https:\/\/foto.praha-19.ys-beta.cz\/app\/uploads\/2022\/11\/2021_05_27_Pasovani-na-ctenare056-582x873.jpg 582w, https:\/\/foto.praha-19.ys-beta.cz\/app\/uploads\/2022\/11\/2021_05_27_Pasovani-na-ctenare056-276x414.jpg 276w, https:\/\/foto.praha-19.ys-beta.cz\/app\/uploads\/2022\/11\/2021_05_27_Pasovani-na-ctenare056-300x450.jpg 300w, https:\/\/foto.praha-19.ys-beta.cz\/app\/uploads\/2022\/11\/2021_05_27_Pasovani-na-ctenare056.jpg 1280w\" sizes=\"auto, (max-width: 378px) 100vw, 378px\" \/><\/a><\/div><div class='pinhole-item col-xs-12 col-lg-4 col-md-4 col-sm-6  '><a class=\"item-link\" href=\"https:\/\/foto.praha-19.ys-beta.cz\/app\/uploads\/2022\/11\/2021_05_27_Pasovani-na-ctenare055.jpg\" data-caption=\"[]\" data-meta=\"[]\"  data-size=\"{&quot;width&quot;:1920,&quot;height&quot;:1280}\" data-download=\"[]\" data-filename=\"{&quot;name&quot;:&quot;&quot;}\"><img loading=\"lazy\" decoding=\"async\" width=\"378\" height=\"252\" src=\"https:\/\/foto.praha-19.ys-beta.cz\/app\/uploads\/2022\/11\/2021_05_27_Pasovani-na-ctenare055-378x252.jpg\" class=\"attachment-pinhole-col-3 size-pinhole-col-3\" alt=\"\" srcset=\"https:\/\/foto.praha-19.ys-beta.cz\/app\/uploads\/2022\/11\/2021_05_27_Pasovani-na-ctenare055-378x252.jpg 378w, https:\/\/foto.praha-19.ys-beta.cz\/app\/uploads\/2022\/11\/2021_05_27_Pasovani-na-ctenare055-300x200.jpg 300w, https:\/\/foto.praha-19.ys-beta.cz\/app\/uploads\/2022\/11\/2021_05_27_Pasovani-na-ctenare055-1024x683.jpg 1024w, https:\/\/foto.praha-19.ys-beta.cz\/app\/uploads\/2022\/11\/2021_05_27_Pasovani-na-ctenare055-768x512.jpg 768w, https:\/\/foto.praha-19.ys-beta.cz\/app\/uploads\/2022\/11\/2021_05_27_Pasovani-na-ctenare055-1536x1024.jpg 1536w, https:\/\/foto.praha-19.ys-beta.cz\/app\/uploads\/2022\/11\/2021_05_27_Pasovani-na-ctenare055-1194x796.jpg 1194w, https:\/\/foto.praha-19.ys-beta.cz\/app\/uploads\/2022\/11\/2021_05_27_Pasovani-na-ctenare055-582x388.jpg 582w, https:\/\/foto.praha-19.ys-beta.cz\/app\/uploads\/2022\/11\/2021_05_27_Pasovani-na-ctenare055-276x184.jpg 276w, https:\/\/foto.praha-19.ys-beta.cz\/app\/uploads\/2022\/11\/2021_05_27_Pasovani-na-ctenare055-675x450.jpg 675w, https:\/\/foto.praha-19.ys-beta.cz\/app\/uploads\/2022\/11\/2021_05_27_Pasovani-na-ctenare055.jpg 1920w\" sizes=\"auto, (max-width: 378px) 100vw, 378px\" \/><\/a><\/div><div class='pinhole-item col-xs-12 col-lg-4 col-md-4 col-sm-6  '><a class=\"item-link\" href=\"https:\/\/foto.praha-19.ys-beta.cz\/app\/uploads\/2022\/11\/2021_05_27_Pasovani-na-ctenare054.jpg\" data-caption=\"[]\" data-meta=\"[]\"  data-size=\"{&quot;width&quot;:1280,&quot;height&quot;:1920}\" data-download=\"[]\" data-filename=\"{&quot;name&quot;:&quot;&quot;}\"><img loading=\"lazy\" decoding=\"async\" width=\"378\" height=\"567\" src=\"https:\/\/foto.praha-19.ys-beta.cz\/app\/uploads\/2022\/11\/2021_05_27_Pasovani-na-ctenare054-378x567.jpg\" class=\"attachment-pinhole-col-3 size-pinhole-col-3\" alt=\"\" srcset=\"https:\/\/foto.praha-19.ys-beta.cz\/app\/uploads\/2022\/11\/2021_05_27_Pasovani-na-ctenare054-378x567.jpg 378w, https:\/\/foto.praha-19.ys-beta.cz\/app\/uploads\/2022\/11\/2021_05_27_Pasovani-na-ctenare054-200x300.jpg 200w, https:\/\/foto.praha-19.ys-beta.cz\/app\/uploads\/2022\/11\/2021_05_27_Pasovani-na-ctenare054-683x1024.jpg 683w, https:\/\/foto.praha-19.ys-beta.cz\/app\/uploads\/2022\/11\/2021_05_27_Pasovani-na-ctenare054-768x1152.jpg 768w, https:\/\/foto.praha-19.ys-beta.cz\/app\/uploads\/2022\/11\/2021_05_27_Pasovani-na-ctenare054-1024x1536.jpg 1024w, https:\/\/foto.praha-19.ys-beta.cz\/app\/uploads\/2022\/11\/2021_05_27_Pasovani-na-ctenare054-1194x1791.jpg 1194w, https:\/\/foto.praha-19.ys-beta.cz\/app\/uploads\/2022\/11\/2021_05_27_Pasovani-na-ctenare054-582x873.jpg 582w, https:\/\/foto.praha-19.ys-beta.cz\/app\/uploads\/2022\/11\/2021_05_27_Pasovani-na-ctenare054-276x414.jpg 276w, https:\/\/foto.praha-19.ys-beta.cz\/app\/uploads\/2022\/11\/2021_05_27_Pasovani-na-ctenare054-300x450.jpg 300w, https:\/\/foto.praha-19.ys-beta.cz\/app\/uploads\/2022\/11\/2021_05_27_Pasovani-na-ctenare054.jpg 1280w\" sizes=\"auto, (max-width: 378px) 100vw, 378px\" \/><\/a><\/div><div class='pinhole-item col-xs-12 col-lg-4 col-md-4 col-sm-6  '><a class=\"item-link\" href=\"https:\/\/foto.praha-19.ys-beta.cz\/app\/uploads\/2022\/11\/2021_05_27_Pasovani-na-ctenare053.jpg\" data-caption=\"[]\" data-meta=\"[]\"  data-size=\"{&quot;width&quot;:1280,&quot;height&quot;:1920}\" data-download=\"[]\" data-filename=\"{&quot;name&quot;:&quot;&quot;}\"><img loading=\"lazy\" decoding=\"async\" width=\"378\" height=\"567\" src=\"https:\/\/foto.praha-19.ys-beta.cz\/app\/uploads\/2022\/11\/2021_05_27_Pasovani-na-ctenare053-378x567.jpg\" class=\"attachment-pinhole-col-3 size-pinhole-col-3\" alt=\"\" srcset=\"https:\/\/foto.praha-19.ys-beta.cz\/app\/uploads\/2022\/11\/2021_05_27_Pasovani-na-ctenare053-378x567.jpg 378w, https:\/\/foto.praha-19.ys-beta.cz\/app\/uploads\/2022\/11\/2021_05_27_Pasovani-na-ctenare053-200x300.jpg 200w, https:\/\/foto.praha-19.ys-beta.cz\/app\/uploads\/2022\/11\/2021_05_27_Pasovani-na-ctenare053-683x1024.jpg 683w, https:\/\/foto.praha-19.ys-beta.cz\/app\/uploads\/2022\/11\/2021_05_27_Pasovani-na-ctenare053-768x1152.jpg 768w, https:\/\/foto.praha-19.ys-beta.cz\/app\/uploads\/2022\/11\/2021_05_27_Pasovani-na-ctenare053-1024x1536.jpg 1024w, https:\/\/foto.praha-19.ys-beta.cz\/app\/uploads\/2022\/11\/2021_05_27_Pasovani-na-ctenare053-1194x1791.jpg 1194w, https:\/\/foto.praha-19.ys-beta.cz\/app\/uploads\/2022\/11\/2021_05_27_Pasovani-na-ctenare053-582x873.jpg 582w, https:\/\/foto.praha-19.ys-beta.cz\/app\/uploads\/2022\/11\/2021_05_27_Pasovani-na-ctenare053-276x414.jpg 276w, https:\/\/foto.praha-19.ys-beta.cz\/app\/uploads\/2022\/11\/2021_05_27_Pasovani-na-ctenare053-300x450.jpg 300w, https:\/\/foto.praha-19.ys-beta.cz\/app\/uploads\/2022\/11\/2021_05_27_Pasovani-na-ctenare053.jpg 1280w\" sizes=\"auto, (max-width: 378px) 100vw, 378px\" \/><\/a><\/div><div class='pinhole-item col-xs-12 col-lg-4 col-md-4 col-sm-6  '><a class=\"item-link\" href=\"https:\/\/foto.praha-19.ys-beta.cz\/app\/uploads\/2022\/11\/2021_05_27_Pasovani-na-ctenare052.jpg\" data-caption=\"[]\" data-meta=\"[]\"  data-size=\"{&quot;width&quot;:1280,&quot;height&quot;:1920}\" data-download=\"[]\" data-filename=\"{&quot;name&quot;:&quot;&quot;}\"><img loading=\"lazy\" decoding=\"async\" width=\"378\" height=\"567\" src=\"https:\/\/foto.praha-19.ys-beta.cz\/app\/uploads\/2022\/11\/2021_05_27_Pasovani-na-ctenare052-378x567.jpg\" class=\"attachment-pinhole-col-3 size-pinhole-col-3\" alt=\"\" srcset=\"https:\/\/foto.praha-19.ys-beta.cz\/app\/uploads\/2022\/11\/2021_05_27_Pasovani-na-ctenare052-378x567.jpg 378w, https:\/\/foto.praha-19.ys-beta.cz\/app\/uploads\/2022\/11\/2021_05_27_Pasovani-na-ctenare052-200x300.jpg 200w, https:\/\/foto.praha-19.ys-beta.cz\/app\/uploads\/2022\/11\/2021_05_27_Pasovani-na-ctenare052-683x1024.jpg 683w, https:\/\/foto.praha-19.ys-beta.cz\/app\/uploads\/2022\/11\/2021_05_27_Pasovani-na-ctenare052-768x1152.jpg 768w, https:\/\/foto.praha-19.ys-beta.cz\/app\/uploads\/2022\/11\/2021_05_27_Pasovani-na-ctenare052-1024x1536.jpg 1024w, https:\/\/foto.praha-19.ys-beta.cz\/app\/uploads\/2022\/11\/2021_05_27_Pasovani-na-ctenare052-1194x1791.jpg 1194w, https:\/\/foto.praha-19.ys-beta.cz\/app\/uploads\/2022\/11\/2021_05_27_Pasovani-na-ctenare052-582x873.jpg 582w, https:\/\/foto.praha-19.ys-beta.cz\/app\/uploads\/2022\/11\/2021_05_27_Pasovani-na-ctenare052-276x414.jpg 276w, https:\/\/foto.praha-19.ys-beta.cz\/app\/uploads\/2022\/11\/2021_05_27_Pasovani-na-ctenare052-300x450.jpg 300w, https:\/\/foto.praha-19.ys-beta.cz\/app\/uploads\/2022\/11\/2021_05_27_Pasovani-na-ctenare052.jpg 1280w\" sizes=\"auto, (max-width: 378px) 100vw, 378px\" \/><\/a><\/div><div class='pinhole-item col-xs-12 col-lg-4 col-md-4 col-sm-6  '><a class=\"item-link\" href=\"https:\/\/foto.praha-19.ys-beta.cz\/app\/uploads\/2022\/11\/2021_05_27_Pasovani-na-ctenare051.jpg\" data-caption=\"[]\" data-meta=\"[]\"  data-size=\"{&quot;width&quot;:1920,&quot;height&quot;:1280}\" data-download=\"[]\" data-filename=\"{&quot;name&quot;:&quot;&quot;}\"><img loading=\"lazy\" decoding=\"async\" width=\"378\" height=\"252\" src=\"https:\/\/foto.praha-19.ys-beta.cz\/app\/uploads\/2022\/11\/2021_05_27_Pasovani-na-ctenare051-378x252.jpg\" class=\"attachment-pinhole-col-3 size-pinhole-col-3\" alt=\"\" srcset=\"https:\/\/foto.praha-19.ys-beta.cz\/app\/uploads\/2022\/11\/2021_05_27_Pasovani-na-ctenare051-378x252.jpg 378w, https:\/\/foto.praha-19.ys-beta.cz\/app\/uploads\/2022\/11\/2021_05_27_Pasovani-na-ctenare051-300x200.jpg 300w, https:\/\/foto.praha-19.ys-beta.cz\/app\/uploads\/2022\/11\/2021_05_27_Pasovani-na-ctenare051-1024x683.jpg 1024w, https:\/\/foto.praha-19.ys-beta.cz\/app\/uploads\/2022\/11\/2021_05_27_Pasovani-na-ctenare051-768x512.jpg 768w, https:\/\/foto.praha-19.ys-beta.cz\/app\/uploads\/2022\/11\/2021_05_27_Pasovani-na-ctenare051-1536x1024.jpg 1536w, https:\/\/foto.praha-19.ys-beta.cz\/app\/uploads\/2022\/11\/2021_05_27_Pasovani-na-ctenare051-1194x796.jpg 1194w, https:\/\/foto.praha-19.ys-beta.cz\/app\/uploads\/2022\/11\/2021_05_27_Pasovani-na-ctenare051-582x388.jpg 582w, https:\/\/foto.praha-19.ys-beta.cz\/app\/uploads\/2022\/11\/2021_05_27_Pasovani-na-ctenare051-276x184.jpg 276w, https:\/\/foto.praha-19.ys-beta.cz\/app\/uploads\/2022\/11\/2021_05_27_Pasovani-na-ctenare051-675x450.jpg 675w, https:\/\/foto.praha-19.ys-beta.cz\/app\/uploads\/2022\/11\/2021_05_27_Pasovani-na-ctenare051.jpg 1920w\" sizes=\"auto, (max-width: 378px) 100vw, 378px\" \/><\/a><\/div><div class='pinhole-item col-xs-12 col-lg-4 col-md-4 col-sm-6  '><a class=\"item-link\" href=\"https:\/\/foto.praha-19.ys-beta.cz\/app\/uploads\/2022\/11\/2021_05_27_Pasovani-na-ctenare050.jpg\" data-caption=\"[]\" data-meta=\"[]\"  data-size=\"{&quot;width&quot;:1280,&quot;height&quot;:1920}\" data-download=\"[]\" data-filename=\"{&quot;name&quot;:&quot;&quot;}\"><img loading=\"lazy\" decoding=\"async\" width=\"378\" height=\"567\" src=\"https:\/\/foto.praha-19.ys-beta.cz\/app\/uploads\/2022\/11\/2021_05_27_Pasovani-na-ctenare050-378x567.jpg\" class=\"attachment-pinhole-col-3 size-pinhole-col-3\" alt=\"\" srcset=\"https:\/\/foto.praha-19.ys-beta.cz\/app\/uploads\/2022\/11\/2021_05_27_Pasovani-na-ctenare050-378x567.jpg 378w, https:\/\/foto.praha-19.ys-beta.cz\/app\/uploads\/2022\/11\/2021_05_27_Pasovani-na-ctenare050-200x300.jpg 200w, https:\/\/foto.praha-19.ys-beta.cz\/app\/uploads\/2022\/11\/2021_05_27_Pasovani-na-ctenare050-683x1024.jpg 683w, https:\/\/foto.praha-19.ys-beta.cz\/app\/uploads\/2022\/11\/2021_05_27_Pasovani-na-ctenare050-768x1152.jpg 768w, https:\/\/foto.praha-19.ys-beta.cz\/app\/uploads\/2022\/11\/2021_05_27_Pasovani-na-ctenare050-1024x1536.jpg 1024w, https:\/\/foto.praha-19.ys-beta.cz\/app\/uploads\/2022\/11\/2021_05_27_Pasovani-na-ctenare050-1194x1791.jpg 1194w, https:\/\/foto.praha-19.ys-beta.cz\/app\/uploads\/2022\/11\/2021_05_27_Pasovani-na-ctenare050-582x873.jpg 582w, https:\/\/foto.praha-19.ys-beta.cz\/app\/uploads\/2022\/11\/2021_05_27_Pasovani-na-ctenare050-276x414.jpg 276w, https:\/\/foto.praha-19.ys-beta.cz\/app\/uploads\/2022\/11\/2021_05_27_Pasovani-na-ctenare050-300x450.jpg 300w, https:\/\/foto.praha-19.ys-beta.cz\/app\/uploads\/2022\/11\/2021_05_27_Pasovani-na-ctenare050.jpg 1280w\" sizes=\"auto, (max-width: 378px) 100vw, 378px\" \/><\/a><\/div><div class='pinhole-item col-xs-12 col-lg-4 col-md-4 col-sm-6  '><a class=\"item-link\" href=\"https:\/\/foto.praha-19.ys-beta.cz\/app\/uploads\/2022\/11\/2021_05_27_Pasovani-na-ctenare049.jpg\" data-caption=\"[]\" data-meta=\"[]\"  data-size=\"{&quot;width&quot;:1280,&quot;height&quot;:1920}\" data-download=\"[]\" data-filename=\"{&quot;name&quot;:&quot;&quot;}\"><img loading=\"lazy\" decoding=\"async\" width=\"378\" height=\"567\" src=\"https:\/\/foto.praha-19.ys-beta.cz\/app\/uploads\/2022\/11\/2021_05_27_Pasovani-na-ctenare049-378x567.jpg\" class=\"attachment-pinhole-col-3 size-pinhole-col-3\" alt=\"\" srcset=\"https:\/\/foto.praha-19.ys-beta.cz\/app\/uploads\/2022\/11\/2021_05_27_Pasovani-na-ctenare049-378x567.jpg 378w, https:\/\/foto.praha-19.ys-beta.cz\/app\/uploads\/2022\/11\/2021_05_27_Pasovani-na-ctenare049-200x300.jpg 200w, https:\/\/foto.praha-19.ys-beta.cz\/app\/uploads\/2022\/11\/2021_05_27_Pasovani-na-ctenare049-683x1024.jpg 683w, https:\/\/foto.praha-19.ys-beta.cz\/app\/uploads\/2022\/11\/2021_05_27_Pasovani-na-ctenare049-768x1152.jpg 768w, https:\/\/foto.praha-19.ys-beta.cz\/app\/uploads\/2022\/11\/2021_05_27_Pasovani-na-ctenare049-1024x1536.jpg 1024w, https:\/\/foto.praha-19.ys-beta.cz\/app\/uploads\/2022\/11\/2021_05_27_Pasovani-na-ctenare049-1194x1791.jpg 1194w, https:\/\/foto.praha-19.ys-beta.cz\/app\/uploads\/2022\/11\/2021_05_27_Pasovani-na-ctenare049-582x873.jpg 582w, https:\/\/foto.praha-19.ys-beta.cz\/app\/uploads\/2022\/11\/2021_05_27_Pasovani-na-ctenare049-276x414.jpg 276w, https:\/\/foto.praha-19.ys-beta.cz\/app\/uploads\/2022\/11\/2021_05_27_Pasovani-na-ctenare049-300x450.jpg 300w, https:\/\/foto.praha-19.ys-beta.cz\/app\/uploads\/2022\/11\/2021_05_27_Pasovani-na-ctenare049.jpg 1280w\" sizes=\"auto, (max-width: 378px) 100vw, 378px\" \/><\/a><\/div><div class='pinhole-item col-xs-12 col-lg-4 col-md-4 col-sm-6  '><a class=\"item-link\" href=\"https:\/\/foto.praha-19.ys-beta.cz\/app\/uploads\/2022\/11\/2021_05_27_Pasovani-na-ctenare048.jpg\" data-caption=\"[]\" data-meta=\"[]\"  data-size=\"{&quot;width&quot;:1920,&quot;height&quot;:1280}\" data-download=\"[]\" data-filename=\"{&quot;name&quot;:&quot;&quot;}\"><img loading=\"lazy\" decoding=\"async\" width=\"378\" height=\"252\" src=\"https:\/\/foto.praha-19.ys-beta.cz\/app\/uploads\/2022\/11\/2021_05_27_Pasovani-na-ctenare048-378x252.jpg\" class=\"attachment-pinhole-col-3 size-pinhole-col-3\" alt=\"\" srcset=\"https:\/\/foto.praha-19.ys-beta.cz\/app\/uploads\/2022\/11\/2021_05_27_Pasovani-na-ctenare048-378x252.jpg 378w, https:\/\/foto.praha-19.ys-beta.cz\/app\/uploads\/2022\/11\/2021_05_27_Pasovani-na-ctenare048-300x200.jpg 300w, https:\/\/foto.praha-19.ys-beta.cz\/app\/uploads\/2022\/11\/2021_05_27_Pasovani-na-ctenare048-1024x683.jpg 1024w, https:\/\/foto.praha-19.ys-beta.cz\/app\/uploads\/2022\/11\/2021_05_27_Pasovani-na-ctenare048-768x512.jpg 768w, https:\/\/foto.praha-19.ys-beta.cz\/app\/uploads\/2022\/11\/2021_05_27_Pasovani-na-ctenare048-1536x1024.jpg 1536w, https:\/\/foto.praha-19.ys-beta.cz\/app\/uploads\/2022\/11\/2021_05_27_Pasovani-na-ctenare048-1194x796.jpg 1194w, https:\/\/foto.praha-19.ys-beta.cz\/app\/uploads\/2022\/11\/2021_05_27_Pasovani-na-ctenare048-582x388.jpg 582w, https:\/\/foto.praha-19.ys-beta.cz\/app\/uploads\/2022\/11\/2021_05_27_Pasovani-na-ctenare048-276x184.jpg 276w, https:\/\/foto.praha-19.ys-beta.cz\/app\/uploads\/2022\/11\/2021_05_27_Pasovani-na-ctenare048-675x450.jpg 675w, https:\/\/foto.praha-19.ys-beta.cz\/app\/uploads\/2022\/11\/2021_05_27_Pasovani-na-ctenare048.jpg 1920w\" sizes=\"auto, (max-width: 378px) 100vw, 378px\" \/><\/a><\/div><div class='pinhole-item col-xs-12 col-lg-4 col-md-4 col-sm-6  '><a class=\"item-link\" href=\"https:\/\/foto.praha-19.ys-beta.cz\/app\/uploads\/2022\/11\/2021_05_27_Pasovani-na-ctenare047.jpg\" data-caption=\"[]\" data-meta=\"[]\"  data-size=\"{&quot;width&quot;:1280,&quot;height&quot;:1920}\" data-download=\"[]\" data-filename=\"{&quot;name&quot;:&quot;&quot;}\"><img loading=\"lazy\" decoding=\"async\" width=\"378\" height=\"567\" src=\"https:\/\/foto.praha-19.ys-beta.cz\/app\/uploads\/2022\/11\/2021_05_27_Pasovani-na-ctenare047-378x567.jpg\" class=\"attachment-pinhole-col-3 size-pinhole-col-3\" alt=\"\" srcset=\"https:\/\/foto.praha-19.ys-beta.cz\/app\/uploads\/2022\/11\/2021_05_27_Pasovani-na-ctenare047-378x567.jpg 378w, https:\/\/foto.praha-19.ys-beta.cz\/app\/uploads\/2022\/11\/2021_05_27_Pasovani-na-ctenare047-200x300.jpg 200w, https:\/\/foto.praha-19.ys-beta.cz\/app\/uploads\/2022\/11\/2021_05_27_Pasovani-na-ctenare047-683x1024.jpg 683w, https:\/\/foto.praha-19.ys-beta.cz\/app\/uploads\/2022\/11\/2021_05_27_Pasovani-na-ctenare047-768x1152.jpg 768w, https:\/\/foto.praha-19.ys-beta.cz\/app\/uploads\/2022\/11\/2021_05_27_Pasovani-na-ctenare047-1024x1536.jpg 1024w, https:\/\/foto.praha-19.ys-beta.cz\/app\/uploads\/2022\/11\/2021_05_27_Pasovani-na-ctenare047-1194x1791.jpg 1194w, https:\/\/foto.praha-19.ys-beta.cz\/app\/uploads\/2022\/11\/2021_05_27_Pasovani-na-ctenare047-582x873.jpg 582w, https:\/\/foto.praha-19.ys-beta.cz\/app\/uploads\/2022\/11\/2021_05_27_Pasovani-na-ctenare047-276x414.jpg 276w, https:\/\/foto.praha-19.ys-beta.cz\/app\/uploads\/2022\/11\/2021_05_27_Pasovani-na-ctenare047-300x450.jpg 300w, https:\/\/foto.praha-19.ys-beta.cz\/app\/uploads\/2022\/11\/2021_05_27_Pasovani-na-ctenare047.jpg 1280w\" sizes=\"auto, (max-width: 378px) 100vw, 378px\" \/><\/a><\/div><div class='pinhole-item col-xs-12 col-lg-4 col-md-4 col-sm-6  '><a class=\"item-link\" href=\"https:\/\/foto.praha-19.ys-beta.cz\/app\/uploads\/2022\/11\/2021_05_27_Pasovani-na-ctenare046.jpg\" data-caption=\"[]\" data-meta=\"[]\"  data-size=\"{&quot;width&quot;:1280,&quot;height&quot;:1920}\" data-download=\"[]\" data-filename=\"{&quot;name&quot;:&quot;&quot;}\"><img loading=\"lazy\" decoding=\"async\" width=\"378\" height=\"567\" src=\"https:\/\/foto.praha-19.ys-beta.cz\/app\/uploads\/2022\/11\/2021_05_27_Pasovani-na-ctenare046-378x567.jpg\" class=\"attachment-pinhole-col-3 size-pinhole-col-3\" alt=\"\" srcset=\"https:\/\/foto.praha-19.ys-beta.cz\/app\/uploads\/2022\/11\/2021_05_27_Pasovani-na-ctenare046-378x567.jpg 378w, https:\/\/foto.praha-19.ys-beta.cz\/app\/uploads\/2022\/11\/2021_05_27_Pasovani-na-ctenare046-200x300.jpg 200w, https:\/\/foto.praha-19.ys-beta.cz\/app\/uploads\/2022\/11\/2021_05_27_Pasovani-na-ctenare046-683x1024.jpg 683w, https:\/\/foto.praha-19.ys-beta.cz\/app\/uploads\/2022\/11\/2021_05_27_Pasovani-na-ctenare046-768x1152.jpg 768w, https:\/\/foto.praha-19.ys-beta.cz\/app\/uploads\/2022\/11\/2021_05_27_Pasovani-na-ctenare046-1024x1536.jpg 1024w, https:\/\/foto.praha-19.ys-beta.cz\/app\/uploads\/2022\/11\/2021_05_27_Pasovani-na-ctenare046-1194x1791.jpg 1194w, https:\/\/foto.praha-19.ys-beta.cz\/app\/uploads\/2022\/11\/2021_05_27_Pasovani-na-ctenare046-582x873.jpg 582w, https:\/\/foto.praha-19.ys-beta.cz\/app\/uploads\/2022\/11\/2021_05_27_Pasovani-na-ctenare046-276x414.jpg 276w, https:\/\/foto.praha-19.ys-beta.cz\/app\/uploads\/2022\/11\/2021_05_27_Pasovani-na-ctenare046-300x450.jpg 300w, https:\/\/foto.praha-19.ys-beta.cz\/app\/uploads\/2022\/11\/2021_05_27_Pasovani-na-ctenare046.jpg 1280w\" sizes=\"auto, (max-width: 378px) 100vw, 378px\" \/><\/a><\/div><div class='pinhole-item col-xs-12 col-lg-4 col-md-4 col-sm-6  '><a class=\"item-link\" href=\"https:\/\/foto.praha-19.ys-beta.cz\/app\/uploads\/2022\/11\/2021_05_27_Pasovani-na-ctenare045.jpg\" data-caption=\"[]\" data-meta=\"[]\"  data-size=\"{&quot;width&quot;:1920,&quot;height&quot;:1280}\" data-download=\"[]\" data-filename=\"{&quot;name&quot;:&quot;&quot;}\"><img loading=\"lazy\" decoding=\"async\" width=\"378\" height=\"252\" src=\"https:\/\/foto.praha-19.ys-beta.cz\/app\/uploads\/2022\/11\/2021_05_27_Pasovani-na-ctenare045-378x252.jpg\" class=\"attachment-pinhole-col-3 size-pinhole-col-3\" alt=\"\" srcset=\"https:\/\/foto.praha-19.ys-beta.cz\/app\/uploads\/2022\/11\/2021_05_27_Pasovani-na-ctenare045-378x252.jpg 378w, https:\/\/foto.praha-19.ys-beta.cz\/app\/uploads\/2022\/11\/2021_05_27_Pasovani-na-ctenare045-300x200.jpg 300w, https:\/\/foto.praha-19.ys-beta.cz\/app\/uploads\/2022\/11\/2021_05_27_Pasovani-na-ctenare045-1024x683.jpg 1024w, https:\/\/foto.praha-19.ys-beta.cz\/app\/uploads\/2022\/11\/2021_05_27_Pasovani-na-ctenare045-768x512.jpg 768w, https:\/\/foto.praha-19.ys-beta.cz\/app\/uploads\/2022\/11\/2021_05_27_Pasovani-na-ctenare045-1536x1024.jpg 1536w, https:\/\/foto.praha-19.ys-beta.cz\/app\/uploads\/2022\/11\/2021_05_27_Pasovani-na-ctenare045-1194x796.jpg 1194w, https:\/\/foto.praha-19.ys-beta.cz\/app\/uploads\/2022\/11\/2021_05_27_Pasovani-na-ctenare045-582x388.jpg 582w, https:\/\/foto.praha-19.ys-beta.cz\/app\/uploads\/2022\/11\/2021_05_27_Pasovani-na-ctenare045-276x184.jpg 276w, https:\/\/foto.praha-19.ys-beta.cz\/app\/uploads\/2022\/11\/2021_05_27_Pasovani-na-ctenare045-675x450.jpg 675w, https:\/\/foto.praha-19.ys-beta.cz\/app\/uploads\/2022\/11\/2021_05_27_Pasovani-na-ctenare045.jpg 1920w\" sizes=\"auto, (max-width: 378px) 100vw, 378px\" \/><\/a><\/div><div class='pinhole-item col-xs-12 col-lg-4 col-md-4 col-sm-6  '><a class=\"item-link\" href=\"https:\/\/foto.praha-19.ys-beta.cz\/app\/uploads\/2022\/11\/2021_05_27_Pasovani-na-ctenare044.jpg\" data-caption=\"[]\" data-meta=\"[]\"  data-size=\"{&quot;width&quot;:1280,&quot;height&quot;:1920}\" data-download=\"[]\" data-filename=\"{&quot;name&quot;:&quot;&quot;}\"><img loading=\"lazy\" decoding=\"async\" width=\"378\" height=\"567\" src=\"https:\/\/foto.praha-19.ys-beta.cz\/app\/uploads\/2022\/11\/2021_05_27_Pasovani-na-ctenare044-378x567.jpg\" class=\"attachment-pinhole-col-3 size-pinhole-col-3\" alt=\"\" srcset=\"https:\/\/foto.praha-19.ys-beta.cz\/app\/uploads\/2022\/11\/2021_05_27_Pasovani-na-ctenare044-378x567.jpg 378w, https:\/\/foto.praha-19.ys-beta.cz\/app\/uploads\/2022\/11\/2021_05_27_Pasovani-na-ctenare044-200x300.jpg 200w, https:\/\/foto.praha-19.ys-beta.cz\/app\/uploads\/2022\/11\/2021_05_27_Pasovani-na-ctenare044-683x1024.jpg 683w, https:\/\/foto.praha-19.ys-beta.cz\/app\/uploads\/2022\/11\/2021_05_27_Pasovani-na-ctenare044-768x1152.jpg 768w, https:\/\/foto.praha-19.ys-beta.cz\/app\/uploads\/2022\/11\/2021_05_27_Pasovani-na-ctenare044-1024x1536.jpg 1024w, https:\/\/foto.praha-19.ys-beta.cz\/app\/uploads\/2022\/11\/2021_05_27_Pasovani-na-ctenare044-1194x1791.jpg 1194w, https:\/\/foto.praha-19.ys-beta.cz\/app\/uploads\/2022\/11\/2021_05_27_Pasovani-na-ctenare044-582x873.jpg 582w, https:\/\/foto.praha-19.ys-beta.cz\/app\/uploads\/2022\/11\/2021_05_27_Pasovani-na-ctenare044-276x414.jpg 276w, https:\/\/foto.praha-19.ys-beta.cz\/app\/uploads\/2022\/11\/2021_05_27_Pasovani-na-ctenare044-300x450.jpg 300w, https:\/\/foto.praha-19.ys-beta.cz\/app\/uploads\/2022\/11\/2021_05_27_Pasovani-na-ctenare044.jpg 1280w\" sizes=\"auto, (max-width: 378px) 100vw, 378px\" \/><\/a><\/div><div class='pinhole-item col-xs-12 col-lg-4 col-md-4 col-sm-6  '><a class=\"item-link\" href=\"https:\/\/foto.praha-19.ys-beta.cz\/app\/uploads\/2022\/11\/2021_05_27_Pasovani-na-ctenare043.jpg\" data-caption=\"[]\" data-meta=\"[]\"  data-size=\"{&quot;width&quot;:1280,&quot;height&quot;:1920}\" data-download=\"[]\" data-filename=\"{&quot;name&quot;:&quot;&quot;}\"><img loading=\"lazy\" decoding=\"async\" width=\"378\" height=\"567\" src=\"https:\/\/foto.praha-19.ys-beta.cz\/app\/uploads\/2022\/11\/2021_05_27_Pasovani-na-ctenare043-378x567.jpg\" class=\"attachment-pinhole-col-3 size-pinhole-col-3\" alt=\"\" srcset=\"https:\/\/foto.praha-19.ys-beta.cz\/app\/uploads\/2022\/11\/2021_05_27_Pasovani-na-ctenare043-378x567.jpg 378w, https:\/\/foto.praha-19.ys-beta.cz\/app\/uploads\/2022\/11\/2021_05_27_Pasovani-na-ctenare043-200x300.jpg 200w, https:\/\/foto.praha-19.ys-beta.cz\/app\/uploads\/2022\/11\/2021_05_27_Pasovani-na-ctenare043-683x1024.jpg 683w, https:\/\/foto.praha-19.ys-beta.cz\/app\/uploads\/2022\/11\/2021_05_27_Pasovani-na-ctenare043-768x1152.jpg 768w, https:\/\/foto.praha-19.ys-beta.cz\/app\/uploads\/2022\/11\/2021_05_27_Pasovani-na-ctenare043-1024x1536.jpg 1024w, https:\/\/foto.praha-19.ys-beta.cz\/app\/uploads\/2022\/11\/2021_05_27_Pasovani-na-ctenare043-1194x1791.jpg 1194w, https:\/\/foto.praha-19.ys-beta.cz\/app\/uploads\/2022\/11\/2021_05_27_Pasovani-na-ctenare043-582x873.jpg 582w, https:\/\/foto.praha-19.ys-beta.cz\/app\/uploads\/2022\/11\/2021_05_27_Pasovani-na-ctenare043-276x414.jpg 276w, https:\/\/foto.praha-19.ys-beta.cz\/app\/uploads\/2022\/11\/2021_05_27_Pasovani-na-ctenare043-300x450.jpg 300w, https:\/\/foto.praha-19.ys-beta.cz\/app\/uploads\/2022\/11\/2021_05_27_Pasovani-na-ctenare043.jpg 1280w\" sizes=\"auto, (max-width: 378px) 100vw, 378px\" \/><\/a><\/div><div class='pinhole-item col-xs-12 col-lg-4 col-md-4 col-sm-6  '><a class=\"item-link\" href=\"https:\/\/foto.praha-19.ys-beta.cz\/app\/uploads\/2022\/11\/2021_05_27_Pasovani-na-ctenare042.jpg\" data-caption=\"[]\" data-meta=\"[]\"  data-size=\"{&quot;width&quot;:1920,&quot;height&quot;:1280}\" data-download=\"[]\" data-filename=\"{&quot;name&quot;:&quot;&quot;}\"><img loading=\"lazy\" decoding=\"async\" width=\"378\" height=\"252\" src=\"https:\/\/foto.praha-19.ys-beta.cz\/app\/uploads\/2022\/11\/2021_05_27_Pasovani-na-ctenare042-378x252.jpg\" class=\"attachment-pinhole-col-3 size-pinhole-col-3\" alt=\"\" srcset=\"https:\/\/foto.praha-19.ys-beta.cz\/app\/uploads\/2022\/11\/2021_05_27_Pasovani-na-ctenare042-378x252.jpg 378w, https:\/\/foto.praha-19.ys-beta.cz\/app\/uploads\/2022\/11\/2021_05_27_Pasovani-na-ctenare042-300x200.jpg 300w, https:\/\/foto.praha-19.ys-beta.cz\/app\/uploads\/2022\/11\/2021_05_27_Pasovani-na-ctenare042-1024x683.jpg 1024w, https:\/\/foto.praha-19.ys-beta.cz\/app\/uploads\/2022\/11\/2021_05_27_Pasovani-na-ctenare042-768x512.jpg 768w, https:\/\/foto.praha-19.ys-beta.cz\/app\/uploads\/2022\/11\/2021_05_27_Pasovani-na-ctenare042-1536x1024.jpg 1536w, https:\/\/foto.praha-19.ys-beta.cz\/app\/uploads\/2022\/11\/2021_05_27_Pasovani-na-ctenare042-1194x796.jpg 1194w, https:\/\/foto.praha-19.ys-beta.cz\/app\/uploads\/2022\/11\/2021_05_27_Pasovani-na-ctenare042-582x388.jpg 582w, https:\/\/foto.praha-19.ys-beta.cz\/app\/uploads\/2022\/11\/2021_05_27_Pasovani-na-ctenare042-276x184.jpg 276w, https:\/\/foto.praha-19.ys-beta.cz\/app\/uploads\/2022\/11\/2021_05_27_Pasovani-na-ctenare042-675x450.jpg 675w, https:\/\/foto.praha-19.ys-beta.cz\/app\/uploads\/2022\/11\/2021_05_27_Pasovani-na-ctenare042.jpg 1920w\" sizes=\"auto, (max-width: 378px) 100vw, 378px\" \/><\/a><\/div><div class='pinhole-item col-xs-12 col-lg-4 col-md-4 col-sm-6  '><a class=\"item-link\" href=\"https:\/\/foto.praha-19.ys-beta.cz\/app\/uploads\/2022\/11\/2021_05_27_Pasovani-na-ctenare041.jpg\" data-caption=\"[]\" data-meta=\"[]\"  data-size=\"{&quot;width&quot;:1280,&quot;height&quot;:1920}\" data-download=\"[]\" data-filename=\"{&quot;name&quot;:&quot;&quot;}\"><img loading=\"lazy\" decoding=\"async\" width=\"378\" height=\"567\" src=\"https:\/\/foto.praha-19.ys-beta.cz\/app\/uploads\/2022\/11\/2021_05_27_Pasovani-na-ctenare041-378x567.jpg\" class=\"attachment-pinhole-col-3 size-pinhole-col-3\" alt=\"\" srcset=\"https:\/\/foto.praha-19.ys-beta.cz\/app\/uploads\/2022\/11\/2021_05_27_Pasovani-na-ctenare041-378x567.jpg 378w, https:\/\/foto.praha-19.ys-beta.cz\/app\/uploads\/2022\/11\/2021_05_27_Pasovani-na-ctenare041-200x300.jpg 200w, https:\/\/foto.praha-19.ys-beta.cz\/app\/uploads\/2022\/11\/2021_05_27_Pasovani-na-ctenare041-683x1024.jpg 683w, https:\/\/foto.praha-19.ys-beta.cz\/app\/uploads\/2022\/11\/2021_05_27_Pasovani-na-ctenare041-768x1152.jpg 768w, https:\/\/foto.praha-19.ys-beta.cz\/app\/uploads\/2022\/11\/2021_05_27_Pasovani-na-ctenare041-1024x1536.jpg 1024w, https:\/\/foto.praha-19.ys-beta.cz\/app\/uploads\/2022\/11\/2021_05_27_Pasovani-na-ctenare041-1194x1791.jpg 1194w, https:\/\/foto.praha-19.ys-beta.cz\/app\/uploads\/2022\/11\/2021_05_27_Pasovani-na-ctenare041-582x873.jpg 582w, https:\/\/foto.praha-19.ys-beta.cz\/app\/uploads\/2022\/11\/2021_05_27_Pasovani-na-ctenare041-276x414.jpg 276w, https:\/\/foto.praha-19.ys-beta.cz\/app\/uploads\/2022\/11\/2021_05_27_Pasovani-na-ctenare041-300x450.jpg 300w, https:\/\/foto.praha-19.ys-beta.cz\/app\/uploads\/2022\/11\/2021_05_27_Pasovani-na-ctenare041.jpg 1280w\" sizes=\"auto, (max-width: 378px) 100vw, 378px\" \/><\/a><\/div><div class='pinhole-item col-xs-12 col-lg-4 col-md-4 col-sm-6  '><a class=\"item-link\" href=\"https:\/\/foto.praha-19.ys-beta.cz\/app\/uploads\/2022\/11\/2021_05_27_Pasovani-na-ctenare040.jpg\" data-caption=\"[]\" data-meta=\"[]\"  data-size=\"{&quot;width&quot;:1280,&quot;height&quot;:1920}\" data-download=\"[]\" data-filename=\"{&quot;name&quot;:&quot;&quot;}\"><img loading=\"lazy\" decoding=\"async\" width=\"378\" height=\"567\" src=\"https:\/\/foto.praha-19.ys-beta.cz\/app\/uploads\/2022\/11\/2021_05_27_Pasovani-na-ctenare040-378x567.jpg\" class=\"attachment-pinhole-col-3 size-pinhole-col-3\" alt=\"\" srcset=\"https:\/\/foto.praha-19.ys-beta.cz\/app\/uploads\/2022\/11\/2021_05_27_Pasovani-na-ctenare040-378x567.jpg 378w, https:\/\/foto.praha-19.ys-beta.cz\/app\/uploads\/2022\/11\/2021_05_27_Pasovani-na-ctenare040-200x300.jpg 200w, https:\/\/foto.praha-19.ys-beta.cz\/app\/uploads\/2022\/11\/2021_05_27_Pasovani-na-ctenare040-683x1024.jpg 683w, https:\/\/foto.praha-19.ys-beta.cz\/app\/uploads\/2022\/11\/2021_05_27_Pasovani-na-ctenare040-768x1152.jpg 768w, https:\/\/foto.praha-19.ys-beta.cz\/app\/uploads\/2022\/11\/2021_05_27_Pasovani-na-ctenare040-1024x1536.jpg 1024w, https:\/\/foto.praha-19.ys-beta.cz\/app\/uploads\/2022\/11\/2021_05_27_Pasovani-na-ctenare040-1194x1791.jpg 1194w, https:\/\/foto.praha-19.ys-beta.cz\/app\/uploads\/2022\/11\/2021_05_27_Pasovani-na-ctenare040-582x873.jpg 582w, https:\/\/foto.praha-19.ys-beta.cz\/app\/uploads\/2022\/11\/2021_05_27_Pasovani-na-ctenare040-276x414.jpg 276w, https:\/\/foto.praha-19.ys-beta.cz\/app\/uploads\/2022\/11\/2021_05_27_Pasovani-na-ctenare040-300x450.jpg 300w, https:\/\/foto.praha-19.ys-beta.cz\/app\/uploads\/2022\/11\/2021_05_27_Pasovani-na-ctenare040.jpg 1280w\" sizes=\"auto, (max-width: 378px) 100vw, 378px\" \/><\/a><\/div><div class='pinhole-item col-xs-12 col-lg-4 col-md-4 col-sm-6  '><a class=\"item-link\" href=\"https:\/\/foto.praha-19.ys-beta.cz\/app\/uploads\/2022\/11\/2021_05_27_Pasovani-na-ctenare039.jpg\" data-caption=\"[]\" data-meta=\"[]\"  data-size=\"{&quot;width&quot;:1280,&quot;height&quot;:1920}\" data-download=\"[]\" data-filename=\"{&quot;name&quot;:&quot;&quot;}\"><img loading=\"lazy\" decoding=\"async\" width=\"378\" height=\"567\" src=\"https:\/\/foto.praha-19.ys-beta.cz\/app\/uploads\/2022\/11\/2021_05_27_Pasovani-na-ctenare039-378x567.jpg\" class=\"attachment-pinhole-col-3 size-pinhole-col-3\" alt=\"\" srcset=\"https:\/\/foto.praha-19.ys-beta.cz\/app\/uploads\/2022\/11\/2021_05_27_Pasovani-na-ctenare039-378x567.jpg 378w, https:\/\/foto.praha-19.ys-beta.cz\/app\/uploads\/2022\/11\/2021_05_27_Pasovani-na-ctenare039-200x300.jpg 200w, https:\/\/foto.praha-19.ys-beta.cz\/app\/uploads\/2022\/11\/2021_05_27_Pasovani-na-ctenare039-683x1024.jpg 683w, https:\/\/foto.praha-19.ys-beta.cz\/app\/uploads\/2022\/11\/2021_05_27_Pasovani-na-ctenare039-768x1152.jpg 768w, https:\/\/foto.praha-19.ys-beta.cz\/app\/uploads\/2022\/11\/2021_05_27_Pasovani-na-ctenare039-1024x1536.jpg 1024w, https:\/\/foto.praha-19.ys-beta.cz\/app\/uploads\/2022\/11\/2021_05_27_Pasovani-na-ctenare039-1194x1791.jpg 1194w, https:\/\/foto.praha-19.ys-beta.cz\/app\/uploads\/2022\/11\/2021_05_27_Pasovani-na-ctenare039-582x873.jpg 582w, https:\/\/foto.praha-19.ys-beta.cz\/app\/uploads\/2022\/11\/2021_05_27_Pasovani-na-ctenare039-276x414.jpg 276w, https:\/\/foto.praha-19.ys-beta.cz\/app\/uploads\/2022\/11\/2021_05_27_Pasovani-na-ctenare039-300x450.jpg 300w, https:\/\/foto.praha-19.ys-beta.cz\/app\/uploads\/2022\/11\/2021_05_27_Pasovani-na-ctenare039.jpg 1280w\" sizes=\"auto, (max-width: 378px) 100vw, 378px\" \/><\/a><\/div><div class='pinhole-item col-xs-12 col-lg-4 col-md-4 col-sm-6  '><a class=\"item-link\" href=\"https:\/\/foto.praha-19.ys-beta.cz\/app\/uploads\/2022\/11\/2021_05_27_Pasovani-na-ctenare038.jpg\" data-caption=\"[]\" data-meta=\"[]\"  data-size=\"{&quot;width&quot;:1920,&quot;height&quot;:1280}\" data-download=\"[]\" data-filename=\"{&quot;name&quot;:&quot;&quot;}\"><img loading=\"lazy\" decoding=\"async\" width=\"378\" height=\"252\" src=\"https:\/\/foto.praha-19.ys-beta.cz\/app\/uploads\/2022\/11\/2021_05_27_Pasovani-na-ctenare038-378x252.jpg\" class=\"attachment-pinhole-col-3 size-pinhole-col-3\" alt=\"\" srcset=\"https:\/\/foto.praha-19.ys-beta.cz\/app\/uploads\/2022\/11\/2021_05_27_Pasovani-na-ctenare038-378x252.jpg 378w, https:\/\/foto.praha-19.ys-beta.cz\/app\/uploads\/2022\/11\/2021_05_27_Pasovani-na-ctenare038-300x200.jpg 300w, https:\/\/foto.praha-19.ys-beta.cz\/app\/uploads\/2022\/11\/2021_05_27_Pasovani-na-ctenare038-1024x683.jpg 1024w, https:\/\/foto.praha-19.ys-beta.cz\/app\/uploads\/2022\/11\/2021_05_27_Pasovani-na-ctenare038-768x512.jpg 768w, https:\/\/foto.praha-19.ys-beta.cz\/app\/uploads\/2022\/11\/2021_05_27_Pasovani-na-ctenare038-1536x1024.jpg 1536w, https:\/\/foto.praha-19.ys-beta.cz\/app\/uploads\/2022\/11\/2021_05_27_Pasovani-na-ctenare038-1194x796.jpg 1194w, https:\/\/foto.praha-19.ys-beta.cz\/app\/uploads\/2022\/11\/2021_05_27_Pasovani-na-ctenare038-582x388.jpg 582w, https:\/\/foto.praha-19.ys-beta.cz\/app\/uploads\/2022\/11\/2021_05_27_Pasovani-na-ctenare038-276x184.jpg 276w, https:\/\/foto.praha-19.ys-beta.cz\/app\/uploads\/2022\/11\/2021_05_27_Pasovani-na-ctenare038-675x450.jpg 675w, https:\/\/foto.praha-19.ys-beta.cz\/app\/uploads\/2022\/11\/2021_05_27_Pasovani-na-ctenare038.jpg 1920w\" sizes=\"auto, (max-width: 378px) 100vw, 378px\" \/><\/a><\/div><div class='pinhole-item col-xs-12 col-lg-4 col-md-4 col-sm-6  '><a class=\"item-link\" href=\"https:\/\/foto.praha-19.ys-beta.cz\/app\/uploads\/2022\/11\/2021_05_27_Pasovani-na-ctenare037.jpg\" data-caption=\"[]\" data-meta=\"[]\"  data-size=\"{&quot;width&quot;:1280,&quot;height&quot;:1920}\" data-download=\"[]\" data-filename=\"{&quot;name&quot;:&quot;&quot;}\"><img loading=\"lazy\" decoding=\"async\" width=\"378\" height=\"567\" src=\"https:\/\/foto.praha-19.ys-beta.cz\/app\/uploads\/2022\/11\/2021_05_27_Pasovani-na-ctenare037-378x567.jpg\" class=\"attachment-pinhole-col-3 size-pinhole-col-3\" alt=\"\" srcset=\"https:\/\/foto.praha-19.ys-beta.cz\/app\/uploads\/2022\/11\/2021_05_27_Pasovani-na-ctenare037-378x567.jpg 378w, https:\/\/foto.praha-19.ys-beta.cz\/app\/uploads\/2022\/11\/2021_05_27_Pasovani-na-ctenare037-200x300.jpg 200w, https:\/\/foto.praha-19.ys-beta.cz\/app\/uploads\/2022\/11\/2021_05_27_Pasovani-na-ctenare037-683x1024.jpg 683w, https:\/\/foto.praha-19.ys-beta.cz\/app\/uploads\/2022\/11\/2021_05_27_Pasovani-na-ctenare037-768x1152.jpg 768w, https:\/\/foto.praha-19.ys-beta.cz\/app\/uploads\/2022\/11\/2021_05_27_Pasovani-na-ctenare037-1024x1536.jpg 1024w, https:\/\/foto.praha-19.ys-beta.cz\/app\/uploads\/2022\/11\/2021_05_27_Pasovani-na-ctenare037-1194x1791.jpg 1194w, https:\/\/foto.praha-19.ys-beta.cz\/app\/uploads\/2022\/11\/2021_05_27_Pasovani-na-ctenare037-582x873.jpg 582w, https:\/\/foto.praha-19.ys-beta.cz\/app\/uploads\/2022\/11\/2021_05_27_Pasovani-na-ctenare037-276x414.jpg 276w, https:\/\/foto.praha-19.ys-beta.cz\/app\/uploads\/2022\/11\/2021_05_27_Pasovani-na-ctenare037-300x450.jpg 300w, https:\/\/foto.praha-19.ys-beta.cz\/app\/uploads\/2022\/11\/2021_05_27_Pasovani-na-ctenare037.jpg 1280w\" sizes=\"auto, (max-width: 378px) 100vw, 378px\" \/><\/a><\/div><div class='pinhole-item col-xs-12 col-lg-4 col-md-4 col-sm-6  '><a class=\"item-link\" href=\"https:\/\/foto.praha-19.ys-beta.cz\/app\/uploads\/2022\/11\/2021_05_27_Pasovani-na-ctenare036.jpg\" data-caption=\"[]\" data-meta=\"[]\"  data-size=\"{&quot;width&quot;:1280,&quot;height&quot;:1920}\" data-download=\"[]\" data-filename=\"{&quot;name&quot;:&quot;&quot;}\"><img loading=\"lazy\" decoding=\"async\" width=\"378\" height=\"567\" src=\"https:\/\/foto.praha-19.ys-beta.cz\/app\/uploads\/2022\/11\/2021_05_27_Pasovani-na-ctenare036-378x567.jpg\" class=\"attachment-pinhole-col-3 size-pinhole-col-3\" alt=\"\" srcset=\"https:\/\/foto.praha-19.ys-beta.cz\/app\/uploads\/2022\/11\/2021_05_27_Pasovani-na-ctenare036-378x567.jpg 378w, https:\/\/foto.praha-19.ys-beta.cz\/app\/uploads\/2022\/11\/2021_05_27_Pasovani-na-ctenare036-200x300.jpg 200w, https:\/\/foto.praha-19.ys-beta.cz\/app\/uploads\/2022\/11\/2021_05_27_Pasovani-na-ctenare036-683x1024.jpg 683w, https:\/\/foto.praha-19.ys-beta.cz\/app\/uploads\/2022\/11\/2021_05_27_Pasovani-na-ctenare036-768x1152.jpg 768w, https:\/\/foto.praha-19.ys-beta.cz\/app\/uploads\/2022\/11\/2021_05_27_Pasovani-na-ctenare036-1024x1536.jpg 1024w, https:\/\/foto.praha-19.ys-beta.cz\/app\/uploads\/2022\/11\/2021_05_27_Pasovani-na-ctenare036-1194x1791.jpg 1194w, https:\/\/foto.praha-19.ys-beta.cz\/app\/uploads\/2022\/11\/2021_05_27_Pasovani-na-ctenare036-582x873.jpg 582w, https:\/\/foto.praha-19.ys-beta.cz\/app\/uploads\/2022\/11\/2021_05_27_Pasovani-na-ctenare036-276x414.jpg 276w, https:\/\/foto.praha-19.ys-beta.cz\/app\/uploads\/2022\/11\/2021_05_27_Pasovani-na-ctenare036-300x450.jpg 300w, https:\/\/foto.praha-19.ys-beta.cz\/app\/uploads\/2022\/11\/2021_05_27_Pasovani-na-ctenare036.jpg 1280w\" sizes=\"auto, (max-width: 378px) 100vw, 378px\" \/><\/a><\/div><div class='pinhole-item col-xs-12 col-lg-4 col-md-4 col-sm-6  '><a class=\"item-link\" href=\"https:\/\/foto.praha-19.ys-beta.cz\/app\/uploads\/2022\/11\/2021_05_27_Pasovani-na-ctenare035.jpg\" data-caption=\"[]\" data-meta=\"[]\"  data-size=\"{&quot;width&quot;:1920,&quot;height&quot;:1280}\" data-download=\"[]\" data-filename=\"{&quot;name&quot;:&quot;&quot;}\"><img loading=\"lazy\" decoding=\"async\" width=\"378\" height=\"252\" src=\"https:\/\/foto.praha-19.ys-beta.cz\/app\/uploads\/2022\/11\/2021_05_27_Pasovani-na-ctenare035-378x252.jpg\" class=\"attachment-pinhole-col-3 size-pinhole-col-3\" alt=\"\" srcset=\"https:\/\/foto.praha-19.ys-beta.cz\/app\/uploads\/2022\/11\/2021_05_27_Pasovani-na-ctenare035-378x252.jpg 378w, https:\/\/foto.praha-19.ys-beta.cz\/app\/uploads\/2022\/11\/2021_05_27_Pasovani-na-ctenare035-300x200.jpg 300w, https:\/\/foto.praha-19.ys-beta.cz\/app\/uploads\/2022\/11\/2021_05_27_Pasovani-na-ctenare035-1024x683.jpg 1024w, https:\/\/foto.praha-19.ys-beta.cz\/app\/uploads\/2022\/11\/2021_05_27_Pasovani-na-ctenare035-768x512.jpg 768w, https:\/\/foto.praha-19.ys-beta.cz\/app\/uploads\/2022\/11\/2021_05_27_Pasovani-na-ctenare035-1536x1024.jpg 1536w, https:\/\/foto.praha-19.ys-beta.cz\/app\/uploads\/2022\/11\/2021_05_27_Pasovani-na-ctenare035-1194x796.jpg 1194w, https:\/\/foto.praha-19.ys-beta.cz\/app\/uploads\/2022\/11\/2021_05_27_Pasovani-na-ctenare035-582x388.jpg 582w, https:\/\/foto.praha-19.ys-beta.cz\/app\/uploads\/2022\/11\/2021_05_27_Pasovani-na-ctenare035-276x184.jpg 276w, https:\/\/foto.praha-19.ys-beta.cz\/app\/uploads\/2022\/11\/2021_05_27_Pasovani-na-ctenare035-675x450.jpg 675w, https:\/\/foto.praha-19.ys-beta.cz\/app\/uploads\/2022\/11\/2021_05_27_Pasovani-na-ctenare035.jpg 1920w\" sizes=\"auto, (max-width: 378px) 100vw, 378px\" \/><\/a><\/div><div class='pinhole-item col-xs-12 col-lg-4 col-md-4 col-sm-6  '><a class=\"item-link\" href=\"https:\/\/foto.praha-19.ys-beta.cz\/app\/uploads\/2022\/11\/2021_05_27_Pasovani-na-ctenare033.jpg\" data-caption=\"[]\" data-meta=\"[]\"  data-size=\"{&quot;width&quot;:1280,&quot;height&quot;:1920}\" data-download=\"[]\" data-filename=\"{&quot;name&quot;:&quot;&quot;}\"><img loading=\"lazy\" decoding=\"async\" width=\"378\" height=\"567\" src=\"https:\/\/foto.praha-19.ys-beta.cz\/app\/uploads\/2022\/11\/2021_05_27_Pasovani-na-ctenare033-378x567.jpg\" class=\"attachment-pinhole-col-3 size-pinhole-col-3\" alt=\"\" srcset=\"https:\/\/foto.praha-19.ys-beta.cz\/app\/uploads\/2022\/11\/2021_05_27_Pasovani-na-ctenare033-378x567.jpg 378w, https:\/\/foto.praha-19.ys-beta.cz\/app\/uploads\/2022\/11\/2021_05_27_Pasovani-na-ctenare033-200x300.jpg 200w, https:\/\/foto.praha-19.ys-beta.cz\/app\/uploads\/2022\/11\/2021_05_27_Pasovani-na-ctenare033-683x1024.jpg 683w, https:\/\/foto.praha-19.ys-beta.cz\/app\/uploads\/2022\/11\/2021_05_27_Pasovani-na-ctenare033-768x1152.jpg 768w, https:\/\/foto.praha-19.ys-beta.cz\/app\/uploads\/2022\/11\/2021_05_27_Pasovani-na-ctenare033-1024x1536.jpg 1024w, https:\/\/foto.praha-19.ys-beta.cz\/app\/uploads\/2022\/11\/2021_05_27_Pasovani-na-ctenare033-1194x1791.jpg 1194w, https:\/\/foto.praha-19.ys-beta.cz\/app\/uploads\/2022\/11\/2021_05_27_Pasovani-na-ctenare033-582x873.jpg 582w, https:\/\/foto.praha-19.ys-beta.cz\/app\/uploads\/2022\/11\/2021_05_27_Pasovani-na-ctenare033-276x414.jpg 276w, https:\/\/foto.praha-19.ys-beta.cz\/app\/uploads\/2022\/11\/2021_05_27_Pasovani-na-ctenare033-300x450.jpg 300w, https:\/\/foto.praha-19.ys-beta.cz\/app\/uploads\/2022\/11\/2021_05_27_Pasovani-na-ctenare033.jpg 1280w\" sizes=\"auto, (max-width: 378px) 100vw, 378px\" \/><\/a><\/div><div class='pinhole-item col-xs-12 col-lg-4 col-md-4 col-sm-6  '><a class=\"item-link\" href=\"https:\/\/foto.praha-19.ys-beta.cz\/app\/uploads\/2022\/11\/2021_05_27_Pasovani-na-ctenare032.jpg\" data-caption=\"[]\" data-meta=\"[]\"  data-size=\"{&quot;width&quot;:1280,&quot;height&quot;:1920}\" data-download=\"[]\" data-filename=\"{&quot;name&quot;:&quot;&quot;}\"><img loading=\"lazy\" decoding=\"async\" width=\"378\" height=\"567\" src=\"https:\/\/foto.praha-19.ys-beta.cz\/app\/uploads\/2022\/11\/2021_05_27_Pasovani-na-ctenare032-378x567.jpg\" class=\"attachment-pinhole-col-3 size-pinhole-col-3\" alt=\"\" srcset=\"https:\/\/foto.praha-19.ys-beta.cz\/app\/uploads\/2022\/11\/2021_05_27_Pasovani-na-ctenare032-378x567.jpg 378w, https:\/\/foto.praha-19.ys-beta.cz\/app\/uploads\/2022\/11\/2021_05_27_Pasovani-na-ctenare032-200x300.jpg 200w, https:\/\/foto.praha-19.ys-beta.cz\/app\/uploads\/2022\/11\/2021_05_27_Pasovani-na-ctenare032-683x1024.jpg 683w, https:\/\/foto.praha-19.ys-beta.cz\/app\/uploads\/2022\/11\/2021_05_27_Pasovani-na-ctenare032-768x1152.jpg 768w, https:\/\/foto.praha-19.ys-beta.cz\/app\/uploads\/2022\/11\/2021_05_27_Pasovani-na-ctenare032-1024x1536.jpg 1024w, https:\/\/foto.praha-19.ys-beta.cz\/app\/uploads\/2022\/11\/2021_05_27_Pasovani-na-ctenare032-1194x1791.jpg 1194w, https:\/\/foto.praha-19.ys-beta.cz\/app\/uploads\/2022\/11\/2021_05_27_Pasovani-na-ctenare032-582x873.jpg 582w, https:\/\/foto.praha-19.ys-beta.cz\/app\/uploads\/2022\/11\/2021_05_27_Pasovani-na-ctenare032-276x414.jpg 276w, https:\/\/foto.praha-19.ys-beta.cz\/app\/uploads\/2022\/11\/2021_05_27_Pasovani-na-ctenare032-300x450.jpg 300w, https:\/\/foto.praha-19.ys-beta.cz\/app\/uploads\/2022\/11\/2021_05_27_Pasovani-na-ctenare032.jpg 1280w\" sizes=\"auto, (max-width: 378px) 100vw, 378px\" \/><\/a><\/div><div class='pinhole-item col-xs-12 col-lg-4 col-md-4 col-sm-6  '><a class=\"item-link\" href=\"https:\/\/foto.praha-19.ys-beta.cz\/app\/uploads\/2022\/11\/2021_05_27_Pasovani-na-ctenare031.jpg\" data-caption=\"[]\" data-meta=\"[]\"  data-size=\"{&quot;width&quot;:1920,&quot;height&quot;:1280}\" data-download=\"[]\" data-filename=\"{&quot;name&quot;:&quot;&quot;}\"><img loading=\"lazy\" decoding=\"async\" width=\"378\" height=\"252\" src=\"https:\/\/foto.praha-19.ys-beta.cz\/app\/uploads\/2022\/11\/2021_05_27_Pasovani-na-ctenare031-378x252.jpg\" class=\"attachment-pinhole-col-3 size-pinhole-col-3\" alt=\"\" srcset=\"https:\/\/foto.praha-19.ys-beta.cz\/app\/uploads\/2022\/11\/2021_05_27_Pasovani-na-ctenare031-378x252.jpg 378w, https:\/\/foto.praha-19.ys-beta.cz\/app\/uploads\/2022\/11\/2021_05_27_Pasovani-na-ctenare031-300x200.jpg 300w, https:\/\/foto.praha-19.ys-beta.cz\/app\/uploads\/2022\/11\/2021_05_27_Pasovani-na-ctenare031-1024x683.jpg 1024w, https:\/\/foto.praha-19.ys-beta.cz\/app\/uploads\/2022\/11\/2021_05_27_Pasovani-na-ctenare031-768x512.jpg 768w, https:\/\/foto.praha-19.ys-beta.cz\/app\/uploads\/2022\/11\/2021_05_27_Pasovani-na-ctenare031-1536x1024.jpg 1536w, https:\/\/foto.praha-19.ys-beta.cz\/app\/uploads\/2022\/11\/2021_05_27_Pasovani-na-ctenare031-1194x796.jpg 1194w, https:\/\/foto.praha-19.ys-beta.cz\/app\/uploads\/2022\/11\/2021_05_27_Pasovani-na-ctenare031-582x388.jpg 582w, https:\/\/foto.praha-19.ys-beta.cz\/app\/uploads\/2022\/11\/2021_05_27_Pasovani-na-ctenare031-276x184.jpg 276w, https:\/\/foto.praha-19.ys-beta.cz\/app\/uploads\/2022\/11\/2021_05_27_Pasovani-na-ctenare031-675x450.jpg 675w, https:\/\/foto.praha-19.ys-beta.cz\/app\/uploads\/2022\/11\/2021_05_27_Pasovani-na-ctenare031.jpg 1920w\" sizes=\"auto, (max-width: 378px) 100vw, 378px\" \/><\/a><\/div><div class='pinhole-item col-xs-12 col-lg-4 col-md-4 col-sm-6  '><a class=\"item-link\" href=\"https:\/\/foto.praha-19.ys-beta.cz\/app\/uploads\/2022\/11\/2021_05_27_Pasovani-na-ctenare030.jpg\" data-caption=\"[]\" data-meta=\"[]\"  data-size=\"{&quot;width&quot;:1280,&quot;height&quot;:1920}\" data-download=\"[]\" data-filename=\"{&quot;name&quot;:&quot;&quot;}\"><img loading=\"lazy\" decoding=\"async\" width=\"378\" height=\"567\" src=\"https:\/\/foto.praha-19.ys-beta.cz\/app\/uploads\/2022\/11\/2021_05_27_Pasovani-na-ctenare030-378x567.jpg\" class=\"attachment-pinhole-col-3 size-pinhole-col-3\" alt=\"\" srcset=\"https:\/\/foto.praha-19.ys-beta.cz\/app\/uploads\/2022\/11\/2021_05_27_Pasovani-na-ctenare030-378x567.jpg 378w, https:\/\/foto.praha-19.ys-beta.cz\/app\/uploads\/2022\/11\/2021_05_27_Pasovani-na-ctenare030-200x300.jpg 200w, https:\/\/foto.praha-19.ys-beta.cz\/app\/uploads\/2022\/11\/2021_05_27_Pasovani-na-ctenare030-683x1024.jpg 683w, https:\/\/foto.praha-19.ys-beta.cz\/app\/uploads\/2022\/11\/2021_05_27_Pasovani-na-ctenare030-768x1152.jpg 768w, https:\/\/foto.praha-19.ys-beta.cz\/app\/uploads\/2022\/11\/2021_05_27_Pasovani-na-ctenare030-1024x1536.jpg 1024w, https:\/\/foto.praha-19.ys-beta.cz\/app\/uploads\/2022\/11\/2021_05_27_Pasovani-na-ctenare030-1194x1791.jpg 1194w, https:\/\/foto.praha-19.ys-beta.cz\/app\/uploads\/2022\/11\/2021_05_27_Pasovani-na-ctenare030-582x873.jpg 582w, https:\/\/foto.praha-19.ys-beta.cz\/app\/uploads\/2022\/11\/2021_05_27_Pasovani-na-ctenare030-276x414.jpg 276w, https:\/\/foto.praha-19.ys-beta.cz\/app\/uploads\/2022\/11\/2021_05_27_Pasovani-na-ctenare030-300x450.jpg 300w, https:\/\/foto.praha-19.ys-beta.cz\/app\/uploads\/2022\/11\/2021_05_27_Pasovani-na-ctenare030.jpg 1280w\" sizes=\"auto, (max-width: 378px) 100vw, 378px\" \/><\/a><\/div><div class='pinhole-item col-xs-12 col-lg-4 col-md-4 col-sm-6  '><a class=\"item-link\" href=\"https:\/\/foto.praha-19.ys-beta.cz\/app\/uploads\/2022\/11\/2021_05_27_Pasovani-na-ctenare029.jpg\" data-caption=\"[]\" data-meta=\"[]\"  data-size=\"{&quot;width&quot;:1280,&quot;height&quot;:1920}\" data-download=\"[]\" data-filename=\"{&quot;name&quot;:&quot;&quot;}\"><img loading=\"lazy\" decoding=\"async\" width=\"378\" height=\"567\" src=\"https:\/\/foto.praha-19.ys-beta.cz\/app\/uploads\/2022\/11\/2021_05_27_Pasovani-na-ctenare029-378x567.jpg\" class=\"attachment-pinhole-col-3 size-pinhole-col-3\" alt=\"\" srcset=\"https:\/\/foto.praha-19.ys-beta.cz\/app\/uploads\/2022\/11\/2021_05_27_Pasovani-na-ctenare029-378x567.jpg 378w, https:\/\/foto.praha-19.ys-beta.cz\/app\/uploads\/2022\/11\/2021_05_27_Pasovani-na-ctenare029-200x300.jpg 200w, https:\/\/foto.praha-19.ys-beta.cz\/app\/uploads\/2022\/11\/2021_05_27_Pasovani-na-ctenare029-683x1024.jpg 683w, https:\/\/foto.praha-19.ys-beta.cz\/app\/uploads\/2022\/11\/2021_05_27_Pasovani-na-ctenare029-768x1152.jpg 768w, https:\/\/foto.praha-19.ys-beta.cz\/app\/uploads\/2022\/11\/2021_05_27_Pasovani-na-ctenare029-1024x1536.jpg 1024w, https:\/\/foto.praha-19.ys-beta.cz\/app\/uploads\/2022\/11\/2021_05_27_Pasovani-na-ctenare029-1194x1791.jpg 1194w, https:\/\/foto.praha-19.ys-beta.cz\/app\/uploads\/2022\/11\/2021_05_27_Pasovani-na-ctenare029-582x873.jpg 582w, https:\/\/foto.praha-19.ys-beta.cz\/app\/uploads\/2022\/11\/2021_05_27_Pasovani-na-ctenare029-276x414.jpg 276w, https:\/\/foto.praha-19.ys-beta.cz\/app\/uploads\/2022\/11\/2021_05_27_Pasovani-na-ctenare029-300x450.jpg 300w, https:\/\/foto.praha-19.ys-beta.cz\/app\/uploads\/2022\/11\/2021_05_27_Pasovani-na-ctenare029.jpg 1280w\" sizes=\"auto, (max-width: 378px) 100vw, 378px\" \/><\/a><\/div><div class='pinhole-item col-xs-12 col-lg-4 col-md-4 col-sm-6  '><a class=\"item-link\" href=\"https:\/\/foto.praha-19.ys-beta.cz\/app\/uploads\/2022\/11\/2021_05_27_Pasovani-na-ctenare028.jpg\" data-caption=\"[]\" data-meta=\"[]\"  data-size=\"{&quot;width&quot;:1280,&quot;height&quot;:1920}\" data-download=\"[]\" data-filename=\"{&quot;name&quot;:&quot;&quot;}\"><img loading=\"lazy\" decoding=\"async\" width=\"378\" height=\"567\" src=\"https:\/\/foto.praha-19.ys-beta.cz\/app\/uploads\/2022\/11\/2021_05_27_Pasovani-na-ctenare028-378x567.jpg\" class=\"attachment-pinhole-col-3 size-pinhole-col-3\" alt=\"\" srcset=\"https:\/\/foto.praha-19.ys-beta.cz\/app\/uploads\/2022\/11\/2021_05_27_Pasovani-na-ctenare028-378x567.jpg 378w, https:\/\/foto.praha-19.ys-beta.cz\/app\/uploads\/2022\/11\/2021_05_27_Pasovani-na-ctenare028-200x300.jpg 200w, https:\/\/foto.praha-19.ys-beta.cz\/app\/uploads\/2022\/11\/2021_05_27_Pasovani-na-ctenare028-683x1024.jpg 683w, https:\/\/foto.praha-19.ys-beta.cz\/app\/uploads\/2022\/11\/2021_05_27_Pasovani-na-ctenare028-768x1152.jpg 768w, https:\/\/foto.praha-19.ys-beta.cz\/app\/uploads\/2022\/11\/2021_05_27_Pasovani-na-ctenare028-1024x1536.jpg 1024w, https:\/\/foto.praha-19.ys-beta.cz\/app\/uploads\/2022\/11\/2021_05_27_Pasovani-na-ctenare028-1194x1791.jpg 1194w, https:\/\/foto.praha-19.ys-beta.cz\/app\/uploads\/2022\/11\/2021_05_27_Pasovani-na-ctenare028-582x873.jpg 582w, https:\/\/foto.praha-19.ys-beta.cz\/app\/uploads\/2022\/11\/2021_05_27_Pasovani-na-ctenare028-276x414.jpg 276w, https:\/\/foto.praha-19.ys-beta.cz\/app\/uploads\/2022\/11\/2021_05_27_Pasovani-na-ctenare028-300x450.jpg 300w, https:\/\/foto.praha-19.ys-beta.cz\/app\/uploads\/2022\/11\/2021_05_27_Pasovani-na-ctenare028.jpg 1280w\" sizes=\"auto, (max-width: 378px) 100vw, 378px\" \/><\/a><\/div><div class='pinhole-item col-xs-12 col-lg-4 col-md-4 col-sm-6  '><a class=\"item-link\" href=\"https:\/\/foto.praha-19.ys-beta.cz\/app\/uploads\/2022\/11\/2021_05_27_Pasovani-na-ctenare027.jpg\" data-caption=\"[]\" data-meta=\"[]\"  data-size=\"{&quot;width&quot;:1920,&quot;height&quot;:1280}\" data-download=\"[]\" data-filename=\"{&quot;name&quot;:&quot;&quot;}\"><img loading=\"lazy\" decoding=\"async\" width=\"378\" height=\"252\" src=\"https:\/\/foto.praha-19.ys-beta.cz\/app\/uploads\/2022\/11\/2021_05_27_Pasovani-na-ctenare027-378x252.jpg\" class=\"attachment-pinhole-col-3 size-pinhole-col-3\" alt=\"\" srcset=\"https:\/\/foto.praha-19.ys-beta.cz\/app\/uploads\/2022\/11\/2021_05_27_Pasovani-na-ctenare027-378x252.jpg 378w, https:\/\/foto.praha-19.ys-beta.cz\/app\/uploads\/2022\/11\/2021_05_27_Pasovani-na-ctenare027-300x200.jpg 300w, https:\/\/foto.praha-19.ys-beta.cz\/app\/uploads\/2022\/11\/2021_05_27_Pasovani-na-ctenare027-1024x683.jpg 1024w, https:\/\/foto.praha-19.ys-beta.cz\/app\/uploads\/2022\/11\/2021_05_27_Pasovani-na-ctenare027-768x512.jpg 768w, https:\/\/foto.praha-19.ys-beta.cz\/app\/uploads\/2022\/11\/2021_05_27_Pasovani-na-ctenare027-1536x1024.jpg 1536w, https:\/\/foto.praha-19.ys-beta.cz\/app\/uploads\/2022\/11\/2021_05_27_Pasovani-na-ctenare027-1194x796.jpg 1194w, https:\/\/foto.praha-19.ys-beta.cz\/app\/uploads\/2022\/11\/2021_05_27_Pasovani-na-ctenare027-582x388.jpg 582w, https:\/\/foto.praha-19.ys-beta.cz\/app\/uploads\/2022\/11\/2021_05_27_Pasovani-na-ctenare027-276x184.jpg 276w, https:\/\/foto.praha-19.ys-beta.cz\/app\/uploads\/2022\/11\/2021_05_27_Pasovani-na-ctenare027-675x450.jpg 675w, https:\/\/foto.praha-19.ys-beta.cz\/app\/uploads\/2022\/11\/2021_05_27_Pasovani-na-ctenare027.jpg 1920w\" sizes=\"auto, (max-width: 378px) 100vw, 378px\" \/><\/a><\/div><div class='pinhole-item col-xs-12 col-lg-4 col-md-4 col-sm-6  '><a class=\"item-link\" href=\"https:\/\/foto.praha-19.ys-beta.cz\/app\/uploads\/2022\/11\/2021_05_27_Pasovani-na-ctenare026.jpg\" data-caption=\"[]\" data-meta=\"[]\"  data-size=\"{&quot;width&quot;:1280,&quot;height&quot;:1920}\" data-download=\"[]\" data-filename=\"{&quot;name&quot;:&quot;&quot;}\"><img loading=\"lazy\" decoding=\"async\" width=\"378\" height=\"567\" src=\"https:\/\/foto.praha-19.ys-beta.cz\/app\/uploads\/2022\/11\/2021_05_27_Pasovani-na-ctenare026-378x567.jpg\" class=\"attachment-pinhole-col-3 size-pinhole-col-3\" alt=\"\" srcset=\"https:\/\/foto.praha-19.ys-beta.cz\/app\/uploads\/2022\/11\/2021_05_27_Pasovani-na-ctenare026-378x567.jpg 378w, https:\/\/foto.praha-19.ys-beta.cz\/app\/uploads\/2022\/11\/2021_05_27_Pasovani-na-ctenare026-200x300.jpg 200w, https:\/\/foto.praha-19.ys-beta.cz\/app\/uploads\/2022\/11\/2021_05_27_Pasovani-na-ctenare026-683x1024.jpg 683w, https:\/\/foto.praha-19.ys-beta.cz\/app\/uploads\/2022\/11\/2021_05_27_Pasovani-na-ctenare026-768x1152.jpg 768w, https:\/\/foto.praha-19.ys-beta.cz\/app\/uploads\/2022\/11\/2021_05_27_Pasovani-na-ctenare026-1024x1536.jpg 1024w, https:\/\/foto.praha-19.ys-beta.cz\/app\/uploads\/2022\/11\/2021_05_27_Pasovani-na-ctenare026-1194x1791.jpg 1194w, https:\/\/foto.praha-19.ys-beta.cz\/app\/uploads\/2022\/11\/2021_05_27_Pasovani-na-ctenare026-582x873.jpg 582w, https:\/\/foto.praha-19.ys-beta.cz\/app\/uploads\/2022\/11\/2021_05_27_Pasovani-na-ctenare026-276x414.jpg 276w, https:\/\/foto.praha-19.ys-beta.cz\/app\/uploads\/2022\/11\/2021_05_27_Pasovani-na-ctenare026-300x450.jpg 300w, https:\/\/foto.praha-19.ys-beta.cz\/app\/uploads\/2022\/11\/2021_05_27_Pasovani-na-ctenare026.jpg 1280w\" sizes=\"auto, (max-width: 378px) 100vw, 378px\" \/><\/a><\/div><div class='pinhole-item col-xs-12 col-lg-4 col-md-4 col-sm-6  '><a class=\"item-link\" href=\"https:\/\/foto.praha-19.ys-beta.cz\/app\/uploads\/2022\/11\/2021_05_27_Pasovani-na-ctenare025.jpg\" data-caption=\"[]\" data-meta=\"[]\"  data-size=\"{&quot;width&quot;:1280,&quot;height&quot;:1920}\" data-download=\"[]\" data-filename=\"{&quot;name&quot;:&quot;&quot;}\"><img loading=\"lazy\" decoding=\"async\" width=\"378\" height=\"567\" src=\"https:\/\/foto.praha-19.ys-beta.cz\/app\/uploads\/2022\/11\/2021_05_27_Pasovani-na-ctenare025-378x567.jpg\" class=\"attachment-pinhole-col-3 size-pinhole-col-3\" alt=\"\" srcset=\"https:\/\/foto.praha-19.ys-beta.cz\/app\/uploads\/2022\/11\/2021_05_27_Pasovani-na-ctenare025-378x567.jpg 378w, https:\/\/foto.praha-19.ys-beta.cz\/app\/uploads\/2022\/11\/2021_05_27_Pasovani-na-ctenare025-200x300.jpg 200w, https:\/\/foto.praha-19.ys-beta.cz\/app\/uploads\/2022\/11\/2021_05_27_Pasovani-na-ctenare025-683x1024.jpg 683w, https:\/\/foto.praha-19.ys-beta.cz\/app\/uploads\/2022\/11\/2021_05_27_Pasovani-na-ctenare025-768x1152.jpg 768w, https:\/\/foto.praha-19.ys-beta.cz\/app\/uploads\/2022\/11\/2021_05_27_Pasovani-na-ctenare025-1024x1536.jpg 1024w, https:\/\/foto.praha-19.ys-beta.cz\/app\/uploads\/2022\/11\/2021_05_27_Pasovani-na-ctenare025-1194x1791.jpg 1194w, https:\/\/foto.praha-19.ys-beta.cz\/app\/uploads\/2022\/11\/2021_05_27_Pasovani-na-ctenare025-582x873.jpg 582w, https:\/\/foto.praha-19.ys-beta.cz\/app\/uploads\/2022\/11\/2021_05_27_Pasovani-na-ctenare025-276x414.jpg 276w, https:\/\/foto.praha-19.ys-beta.cz\/app\/uploads\/2022\/11\/2021_05_27_Pasovani-na-ctenare025-300x450.jpg 300w, https:\/\/foto.praha-19.ys-beta.cz\/app\/uploads\/2022\/11\/2021_05_27_Pasovani-na-ctenare025.jpg 1280w\" sizes=\"auto, (max-width: 378px) 100vw, 378px\" \/><\/a><\/div><div class='pinhole-item col-xs-12 col-lg-4 col-md-4 col-sm-6  '><a class=\"item-link\" href=\"https:\/\/foto.praha-19.ys-beta.cz\/app\/uploads\/2022\/11\/2021_05_27_Pasovani-na-ctenare024.jpg\" data-caption=\"[]\" data-meta=\"[]\"  data-size=\"{&quot;width&quot;:1280,&quot;height&quot;:1920}\" data-download=\"[]\" data-filename=\"{&quot;name&quot;:&quot;&quot;}\"><img loading=\"lazy\" decoding=\"async\" width=\"378\" height=\"567\" src=\"https:\/\/foto.praha-19.ys-beta.cz\/app\/uploads\/2022\/11\/2021_05_27_Pasovani-na-ctenare024-378x567.jpg\" class=\"attachment-pinhole-col-3 size-pinhole-col-3\" alt=\"\" srcset=\"https:\/\/foto.praha-19.ys-beta.cz\/app\/uploads\/2022\/11\/2021_05_27_Pasovani-na-ctenare024-378x567.jpg 378w, https:\/\/foto.praha-19.ys-beta.cz\/app\/uploads\/2022\/11\/2021_05_27_Pasovani-na-ctenare024-200x300.jpg 200w, https:\/\/foto.praha-19.ys-beta.cz\/app\/uploads\/2022\/11\/2021_05_27_Pasovani-na-ctenare024-683x1024.jpg 683w, https:\/\/foto.praha-19.ys-beta.cz\/app\/uploads\/2022\/11\/2021_05_27_Pasovani-na-ctenare024-768x1152.jpg 768w, https:\/\/foto.praha-19.ys-beta.cz\/app\/uploads\/2022\/11\/2021_05_27_Pasovani-na-ctenare024-1024x1536.jpg 1024w, https:\/\/foto.praha-19.ys-beta.cz\/app\/uploads\/2022\/11\/2021_05_27_Pasovani-na-ctenare024-1194x1791.jpg 1194w, https:\/\/foto.praha-19.ys-beta.cz\/app\/uploads\/2022\/11\/2021_05_27_Pasovani-na-ctenare024-582x873.jpg 582w, https:\/\/foto.praha-19.ys-beta.cz\/app\/uploads\/2022\/11\/2021_05_27_Pasovani-na-ctenare024-276x414.jpg 276w, https:\/\/foto.praha-19.ys-beta.cz\/app\/uploads\/2022\/11\/2021_05_27_Pasovani-na-ctenare024-300x450.jpg 300w, https:\/\/foto.praha-19.ys-beta.cz\/app\/uploads\/2022\/11\/2021_05_27_Pasovani-na-ctenare024.jpg 1280w\" sizes=\"auto, (max-width: 378px) 100vw, 378px\" \/><\/a><\/div><div class='pinhole-item col-xs-12 col-lg-4 col-md-4 col-sm-6  '><a class=\"item-link\" href=\"https:\/\/foto.praha-19.ys-beta.cz\/app\/uploads\/2022\/11\/2021_05_27_Pasovani-na-ctenare023.jpg\" data-caption=\"[]\" data-meta=\"[]\"  data-size=\"{&quot;width&quot;:1920,&quot;height&quot;:1280}\" data-download=\"[]\" data-filename=\"{&quot;name&quot;:&quot;&quot;}\"><img loading=\"lazy\" decoding=\"async\" width=\"378\" height=\"252\" src=\"https:\/\/foto.praha-19.ys-beta.cz\/app\/uploads\/2022\/11\/2021_05_27_Pasovani-na-ctenare023-378x252.jpg\" class=\"attachment-pinhole-col-3 size-pinhole-col-3\" alt=\"\" srcset=\"https:\/\/foto.praha-19.ys-beta.cz\/app\/uploads\/2022\/11\/2021_05_27_Pasovani-na-ctenare023-378x252.jpg 378w, https:\/\/foto.praha-19.ys-beta.cz\/app\/uploads\/2022\/11\/2021_05_27_Pasovani-na-ctenare023-300x200.jpg 300w, https:\/\/foto.praha-19.ys-beta.cz\/app\/uploads\/2022\/11\/2021_05_27_Pasovani-na-ctenare023-1024x683.jpg 1024w, https:\/\/foto.praha-19.ys-beta.cz\/app\/uploads\/2022\/11\/2021_05_27_Pasovani-na-ctenare023-768x512.jpg 768w, https:\/\/foto.praha-19.ys-beta.cz\/app\/uploads\/2022\/11\/2021_05_27_Pasovani-na-ctenare023-1536x1024.jpg 1536w, https:\/\/foto.praha-19.ys-beta.cz\/app\/uploads\/2022\/11\/2021_05_27_Pasovani-na-ctenare023-1194x796.jpg 1194w, https:\/\/foto.praha-19.ys-beta.cz\/app\/uploads\/2022\/11\/2021_05_27_Pasovani-na-ctenare023-582x388.jpg 582w, https:\/\/foto.praha-19.ys-beta.cz\/app\/uploads\/2022\/11\/2021_05_27_Pasovani-na-ctenare023-276x184.jpg 276w, https:\/\/foto.praha-19.ys-beta.cz\/app\/uploads\/2022\/11\/2021_05_27_Pasovani-na-ctenare023-675x450.jpg 675w, https:\/\/foto.praha-19.ys-beta.cz\/app\/uploads\/2022\/11\/2021_05_27_Pasovani-na-ctenare023.jpg 1920w\" sizes=\"auto, (max-width: 378px) 100vw, 378px\" \/><\/a><\/div><div class='pinhole-item col-xs-12 col-lg-4 col-md-4 col-sm-6  '><a class=\"item-link\" href=\"https:\/\/foto.praha-19.ys-beta.cz\/app\/uploads\/2022\/11\/2021_05_27_Pasovani-na-ctenare022.jpg\" data-caption=\"[]\" data-meta=\"[]\"  data-size=\"{&quot;width&quot;:1280,&quot;height&quot;:1920}\" data-download=\"[]\" data-filename=\"{&quot;name&quot;:&quot;&quot;}\"><img loading=\"lazy\" decoding=\"async\" width=\"378\" height=\"567\" src=\"https:\/\/foto.praha-19.ys-beta.cz\/app\/uploads\/2022\/11\/2021_05_27_Pasovani-na-ctenare022-378x567.jpg\" class=\"attachment-pinhole-col-3 size-pinhole-col-3\" alt=\"\" srcset=\"https:\/\/foto.praha-19.ys-beta.cz\/app\/uploads\/2022\/11\/2021_05_27_Pasovani-na-ctenare022-378x567.jpg 378w, https:\/\/foto.praha-19.ys-beta.cz\/app\/uploads\/2022\/11\/2021_05_27_Pasovani-na-ctenare022-200x300.jpg 200w, https:\/\/foto.praha-19.ys-beta.cz\/app\/uploads\/2022\/11\/2021_05_27_Pasovani-na-ctenare022-683x1024.jpg 683w, https:\/\/foto.praha-19.ys-beta.cz\/app\/uploads\/2022\/11\/2021_05_27_Pasovani-na-ctenare022-768x1152.jpg 768w, https:\/\/foto.praha-19.ys-beta.cz\/app\/uploads\/2022\/11\/2021_05_27_Pasovani-na-ctenare022-1024x1536.jpg 1024w, https:\/\/foto.praha-19.ys-beta.cz\/app\/uploads\/2022\/11\/2021_05_27_Pasovani-na-ctenare022-1194x1791.jpg 1194w, https:\/\/foto.praha-19.ys-beta.cz\/app\/uploads\/2022\/11\/2021_05_27_Pasovani-na-ctenare022-582x873.jpg 582w, https:\/\/foto.praha-19.ys-beta.cz\/app\/uploads\/2022\/11\/2021_05_27_Pasovani-na-ctenare022-276x414.jpg 276w, https:\/\/foto.praha-19.ys-beta.cz\/app\/uploads\/2022\/11\/2021_05_27_Pasovani-na-ctenare022-300x450.jpg 300w, https:\/\/foto.praha-19.ys-beta.cz\/app\/uploads\/2022\/11\/2021_05_27_Pasovani-na-ctenare022.jpg 1280w\" sizes=\"auto, (max-width: 378px) 100vw, 378px\" \/><\/a><\/div><div class='pinhole-item col-xs-12 col-lg-4 col-md-4 col-sm-6  '><a class=\"item-link\" href=\"https:\/\/foto.praha-19.ys-beta.cz\/app\/uploads\/2022\/11\/2021_05_27_Pasovani-na-ctenare021.jpg\" data-caption=\"[]\" data-meta=\"[]\"  data-size=\"{&quot;width&quot;:1280,&quot;height&quot;:1920}\" data-download=\"[]\" data-filename=\"{&quot;name&quot;:&quot;&quot;}\"><img loading=\"lazy\" decoding=\"async\" width=\"378\" height=\"567\" src=\"https:\/\/foto.praha-19.ys-beta.cz\/app\/uploads\/2022\/11\/2021_05_27_Pasovani-na-ctenare021-378x567.jpg\" class=\"attachment-pinhole-col-3 size-pinhole-col-3\" alt=\"\" srcset=\"https:\/\/foto.praha-19.ys-beta.cz\/app\/uploads\/2022\/11\/2021_05_27_Pasovani-na-ctenare021-378x567.jpg 378w, https:\/\/foto.praha-19.ys-beta.cz\/app\/uploads\/2022\/11\/2021_05_27_Pasovani-na-ctenare021-200x300.jpg 200w, https:\/\/foto.praha-19.ys-beta.cz\/app\/uploads\/2022\/11\/2021_05_27_Pasovani-na-ctenare021-683x1024.jpg 683w, https:\/\/foto.praha-19.ys-beta.cz\/app\/uploads\/2022\/11\/2021_05_27_Pasovani-na-ctenare021-768x1152.jpg 768w, https:\/\/foto.praha-19.ys-beta.cz\/app\/uploads\/2022\/11\/2021_05_27_Pasovani-na-ctenare021-1024x1536.jpg 1024w, https:\/\/foto.praha-19.ys-beta.cz\/app\/uploads\/2022\/11\/2021_05_27_Pasovani-na-ctenare021-1194x1791.jpg 1194w, https:\/\/foto.praha-19.ys-beta.cz\/app\/uploads\/2022\/11\/2021_05_27_Pasovani-na-ctenare021-582x873.jpg 582w, https:\/\/foto.praha-19.ys-beta.cz\/app\/uploads\/2022\/11\/2021_05_27_Pasovani-na-ctenare021-276x414.jpg 276w, https:\/\/foto.praha-19.ys-beta.cz\/app\/uploads\/2022\/11\/2021_05_27_Pasovani-na-ctenare021-300x450.jpg 300w, https:\/\/foto.praha-19.ys-beta.cz\/app\/uploads\/2022\/11\/2021_05_27_Pasovani-na-ctenare021.jpg 1280w\" sizes=\"auto, (max-width: 378px) 100vw, 378px\" \/><\/a><\/div><div class='pinhole-item col-xs-12 col-lg-4 col-md-4 col-sm-6  '><a class=\"item-link\" href=\"https:\/\/foto.praha-19.ys-beta.cz\/app\/uploads\/2022\/11\/2021_05_27_Pasovani-na-ctenare020.jpg\" data-caption=\"[]\" data-meta=\"[]\"  data-size=\"{&quot;width&quot;:1280,&quot;height&quot;:1920}\" data-download=\"[]\" data-filename=\"{&quot;name&quot;:&quot;&quot;}\"><img loading=\"lazy\" decoding=\"async\" width=\"378\" height=\"567\" src=\"https:\/\/foto.praha-19.ys-beta.cz\/app\/uploads\/2022\/11\/2021_05_27_Pasovani-na-ctenare020-378x567.jpg\" class=\"attachment-pinhole-col-3 size-pinhole-col-3\" alt=\"\" srcset=\"https:\/\/foto.praha-19.ys-beta.cz\/app\/uploads\/2022\/11\/2021_05_27_Pasovani-na-ctenare020-378x567.jpg 378w, https:\/\/foto.praha-19.ys-beta.cz\/app\/uploads\/2022\/11\/2021_05_27_Pasovani-na-ctenare020-200x300.jpg 200w, https:\/\/foto.praha-19.ys-beta.cz\/app\/uploads\/2022\/11\/2021_05_27_Pasovani-na-ctenare020-683x1024.jpg 683w, https:\/\/foto.praha-19.ys-beta.cz\/app\/uploads\/2022\/11\/2021_05_27_Pasovani-na-ctenare020-768x1152.jpg 768w, https:\/\/foto.praha-19.ys-beta.cz\/app\/uploads\/2022\/11\/2021_05_27_Pasovani-na-ctenare020-1024x1536.jpg 1024w, https:\/\/foto.praha-19.ys-beta.cz\/app\/uploads\/2022\/11\/2021_05_27_Pasovani-na-ctenare020-1194x1791.jpg 1194w, https:\/\/foto.praha-19.ys-beta.cz\/app\/uploads\/2022\/11\/2021_05_27_Pasovani-na-ctenare020-582x873.jpg 582w, https:\/\/foto.praha-19.ys-beta.cz\/app\/uploads\/2022\/11\/2021_05_27_Pasovani-na-ctenare020-276x414.jpg 276w, https:\/\/foto.praha-19.ys-beta.cz\/app\/uploads\/2022\/11\/2021_05_27_Pasovani-na-ctenare020-300x450.jpg 300w, https:\/\/foto.praha-19.ys-beta.cz\/app\/uploads\/2022\/11\/2021_05_27_Pasovani-na-ctenare020.jpg 1280w\" sizes=\"auto, (max-width: 378px) 100vw, 378px\" \/><\/a><\/div><div class='pinhole-item col-xs-12 col-lg-4 col-md-4 col-sm-6  '><a class=\"item-link\" href=\"https:\/\/foto.praha-19.ys-beta.cz\/app\/uploads\/2022\/11\/2021_05_27_Pasovani-na-ctenare019.jpg\" data-caption=\"[]\" data-meta=\"[]\"  data-size=\"{&quot;width&quot;:1280,&quot;height&quot;:1920}\" data-download=\"[]\" data-filename=\"{&quot;name&quot;:&quot;&quot;}\"><img loading=\"lazy\" decoding=\"async\" width=\"378\" height=\"567\" src=\"https:\/\/foto.praha-19.ys-beta.cz\/app\/uploads\/2022\/11\/2021_05_27_Pasovani-na-ctenare019-378x567.jpg\" class=\"attachment-pinhole-col-3 size-pinhole-col-3\" alt=\"\" srcset=\"https:\/\/foto.praha-19.ys-beta.cz\/app\/uploads\/2022\/11\/2021_05_27_Pasovani-na-ctenare019-378x567.jpg 378w, https:\/\/foto.praha-19.ys-beta.cz\/app\/uploads\/2022\/11\/2021_05_27_Pasovani-na-ctenare019-200x300.jpg 200w, https:\/\/foto.praha-19.ys-beta.cz\/app\/uploads\/2022\/11\/2021_05_27_Pasovani-na-ctenare019-683x1024.jpg 683w, https:\/\/foto.praha-19.ys-beta.cz\/app\/uploads\/2022\/11\/2021_05_27_Pasovani-na-ctenare019-768x1152.jpg 768w, https:\/\/foto.praha-19.ys-beta.cz\/app\/uploads\/2022\/11\/2021_05_27_Pasovani-na-ctenare019-1024x1536.jpg 1024w, https:\/\/foto.praha-19.ys-beta.cz\/app\/uploads\/2022\/11\/2021_05_27_Pasovani-na-ctenare019-1194x1791.jpg 1194w, https:\/\/foto.praha-19.ys-beta.cz\/app\/uploads\/2022\/11\/2021_05_27_Pasovani-na-ctenare019-582x873.jpg 582w, https:\/\/foto.praha-19.ys-beta.cz\/app\/uploads\/2022\/11\/2021_05_27_Pasovani-na-ctenare019-276x414.jpg 276w, https:\/\/foto.praha-19.ys-beta.cz\/app\/uploads\/2022\/11\/2021_05_27_Pasovani-na-ctenare019-300x450.jpg 300w, https:\/\/foto.praha-19.ys-beta.cz\/app\/uploads\/2022\/11\/2021_05_27_Pasovani-na-ctenare019.jpg 1280w\" sizes=\"auto, (max-width: 378px) 100vw, 378px\" \/><\/a><\/div><div class='pinhole-item col-xs-12 col-lg-4 col-md-4 col-sm-6  '><a class=\"item-link\" href=\"https:\/\/foto.praha-19.ys-beta.cz\/app\/uploads\/2022\/11\/2021_05_27_Pasovani-na-ctenare018.jpg\" data-caption=\"[]\" data-meta=\"[]\"  data-size=\"{&quot;width&quot;:1920,&quot;height&quot;:1280}\" data-download=\"[]\" data-filename=\"{&quot;name&quot;:&quot;&quot;}\"><img loading=\"lazy\" decoding=\"async\" width=\"378\" height=\"252\" src=\"https:\/\/foto.praha-19.ys-beta.cz\/app\/uploads\/2022\/11\/2021_05_27_Pasovani-na-ctenare018-378x252.jpg\" class=\"attachment-pinhole-col-3 size-pinhole-col-3\" alt=\"\" srcset=\"https:\/\/foto.praha-19.ys-beta.cz\/app\/uploads\/2022\/11\/2021_05_27_Pasovani-na-ctenare018-378x252.jpg 378w, https:\/\/foto.praha-19.ys-beta.cz\/app\/uploads\/2022\/11\/2021_05_27_Pasovani-na-ctenare018-300x200.jpg 300w, https:\/\/foto.praha-19.ys-beta.cz\/app\/uploads\/2022\/11\/2021_05_27_Pasovani-na-ctenare018-1024x683.jpg 1024w, https:\/\/foto.praha-19.ys-beta.cz\/app\/uploads\/2022\/11\/2021_05_27_Pasovani-na-ctenare018-768x512.jpg 768w, https:\/\/foto.praha-19.ys-beta.cz\/app\/uploads\/2022\/11\/2021_05_27_Pasovani-na-ctenare018-1536x1024.jpg 1536w, https:\/\/foto.praha-19.ys-beta.cz\/app\/uploads\/2022\/11\/2021_05_27_Pasovani-na-ctenare018-1194x796.jpg 1194w, https:\/\/foto.praha-19.ys-beta.cz\/app\/uploads\/2022\/11\/2021_05_27_Pasovani-na-ctenare018-582x388.jpg 582w, https:\/\/foto.praha-19.ys-beta.cz\/app\/uploads\/2022\/11\/2021_05_27_Pasovani-na-ctenare018-276x184.jpg 276w, https:\/\/foto.praha-19.ys-beta.cz\/app\/uploads\/2022\/11\/2021_05_27_Pasovani-na-ctenare018-675x450.jpg 675w, https:\/\/foto.praha-19.ys-beta.cz\/app\/uploads\/2022\/11\/2021_05_27_Pasovani-na-ctenare018.jpg 1920w\" sizes=\"auto, (max-width: 378px) 100vw, 378px\" \/><\/a><\/div><div class='pinhole-item col-xs-12 col-lg-4 col-md-4 col-sm-6  '><a class=\"item-link\" href=\"https:\/\/foto.praha-19.ys-beta.cz\/app\/uploads\/2022\/11\/2021_05_27_Pasovani-na-ctenare017.jpg\" data-caption=\"[]\" data-meta=\"[]\"  data-size=\"{&quot;width&quot;:1920,&quot;height&quot;:1280}\" data-download=\"[]\" data-filename=\"{&quot;name&quot;:&quot;&quot;}\"><img loading=\"lazy\" decoding=\"async\" width=\"378\" height=\"252\" src=\"https:\/\/foto.praha-19.ys-beta.cz\/app\/uploads\/2022\/11\/2021_05_27_Pasovani-na-ctenare017-378x252.jpg\" class=\"attachment-pinhole-col-3 size-pinhole-col-3\" alt=\"\" srcset=\"https:\/\/foto.praha-19.ys-beta.cz\/app\/uploads\/2022\/11\/2021_05_27_Pasovani-na-ctenare017-378x252.jpg 378w, https:\/\/foto.praha-19.ys-beta.cz\/app\/uploads\/2022\/11\/2021_05_27_Pasovani-na-ctenare017-300x200.jpg 300w, https:\/\/foto.praha-19.ys-beta.cz\/app\/uploads\/2022\/11\/2021_05_27_Pasovani-na-ctenare017-1024x683.jpg 1024w, https:\/\/foto.praha-19.ys-beta.cz\/app\/uploads\/2022\/11\/2021_05_27_Pasovani-na-ctenare017-768x512.jpg 768w, https:\/\/foto.praha-19.ys-beta.cz\/app\/uploads\/2022\/11\/2021_05_27_Pasovani-na-ctenare017-1536x1024.jpg 1536w, https:\/\/foto.praha-19.ys-beta.cz\/app\/uploads\/2022\/11\/2021_05_27_Pasovani-na-ctenare017-1194x796.jpg 1194w, https:\/\/foto.praha-19.ys-beta.cz\/app\/uploads\/2022\/11\/2021_05_27_Pasovani-na-ctenare017-582x388.jpg 582w, https:\/\/foto.praha-19.ys-beta.cz\/app\/uploads\/2022\/11\/2021_05_27_Pasovani-na-ctenare017-276x184.jpg 276w, https:\/\/foto.praha-19.ys-beta.cz\/app\/uploads\/2022\/11\/2021_05_27_Pasovani-na-ctenare017-675x450.jpg 675w, https:\/\/foto.praha-19.ys-beta.cz\/app\/uploads\/2022\/11\/2021_05_27_Pasovani-na-ctenare017.jpg 1920w\" sizes=\"auto, (max-width: 378px) 100vw, 378px\" \/><\/a><\/div><div class='pinhole-item col-xs-12 col-lg-4 col-md-4 col-sm-6  '><a class=\"item-link\" href=\"https:\/\/foto.praha-19.ys-beta.cz\/app\/uploads\/2022\/11\/2021_05_27_Pasovani-na-ctenare016.jpg\" data-caption=\"[]\" data-meta=\"[]\"  data-size=\"{&quot;width&quot;:1920,&quot;height&quot;:1280}\" data-download=\"[]\" data-filename=\"{&quot;name&quot;:&quot;&quot;}\"><img loading=\"lazy\" decoding=\"async\" width=\"378\" height=\"252\" src=\"https:\/\/foto.praha-19.ys-beta.cz\/app\/uploads\/2022\/11\/2021_05_27_Pasovani-na-ctenare016-378x252.jpg\" class=\"attachment-pinhole-col-3 size-pinhole-col-3\" alt=\"\" srcset=\"https:\/\/foto.praha-19.ys-beta.cz\/app\/uploads\/2022\/11\/2021_05_27_Pasovani-na-ctenare016-378x252.jpg 378w, https:\/\/foto.praha-19.ys-beta.cz\/app\/uploads\/2022\/11\/2021_05_27_Pasovani-na-ctenare016-300x200.jpg 300w, https:\/\/foto.praha-19.ys-beta.cz\/app\/uploads\/2022\/11\/2021_05_27_Pasovani-na-ctenare016-1024x683.jpg 1024w, https:\/\/foto.praha-19.ys-beta.cz\/app\/uploads\/2022\/11\/2021_05_27_Pasovani-na-ctenare016-768x512.jpg 768w, https:\/\/foto.praha-19.ys-beta.cz\/app\/uploads\/2022\/11\/2021_05_27_Pasovani-na-ctenare016-1536x1024.jpg 1536w, https:\/\/foto.praha-19.ys-beta.cz\/app\/uploads\/2022\/11\/2021_05_27_Pasovani-na-ctenare016-1194x796.jpg 1194w, https:\/\/foto.praha-19.ys-beta.cz\/app\/uploads\/2022\/11\/2021_05_27_Pasovani-na-ctenare016-582x388.jpg 582w, https:\/\/foto.praha-19.ys-beta.cz\/app\/uploads\/2022\/11\/2021_05_27_Pasovani-na-ctenare016-276x184.jpg 276w, https:\/\/foto.praha-19.ys-beta.cz\/app\/uploads\/2022\/11\/2021_05_27_Pasovani-na-ctenare016-675x450.jpg 675w, https:\/\/foto.praha-19.ys-beta.cz\/app\/uploads\/2022\/11\/2021_05_27_Pasovani-na-ctenare016.jpg 1920w\" sizes=\"auto, (max-width: 378px) 100vw, 378px\" \/><\/a><\/div><div class='pinhole-item col-xs-12 col-lg-4 col-md-4 col-sm-6  '><a class=\"item-link\" href=\"https:\/\/foto.praha-19.ys-beta.cz\/app\/uploads\/2022\/11\/2021_05_27_Pasovani-na-ctenare015.jpg\" data-caption=\"[]\" data-meta=\"[]\"  data-size=\"{&quot;width&quot;:1920,&quot;height&quot;:1280}\" data-download=\"[]\" data-filename=\"{&quot;name&quot;:&quot;&quot;}\"><img loading=\"lazy\" decoding=\"async\" width=\"378\" height=\"252\" src=\"https:\/\/foto.praha-19.ys-beta.cz\/app\/uploads\/2022\/11\/2021_05_27_Pasovani-na-ctenare015-378x252.jpg\" class=\"attachment-pinhole-col-3 size-pinhole-col-3\" alt=\"\" srcset=\"https:\/\/foto.praha-19.ys-beta.cz\/app\/uploads\/2022\/11\/2021_05_27_Pasovani-na-ctenare015-378x252.jpg 378w, https:\/\/foto.praha-19.ys-beta.cz\/app\/uploads\/2022\/11\/2021_05_27_Pasovani-na-ctenare015-300x200.jpg 300w, https:\/\/foto.praha-19.ys-beta.cz\/app\/uploads\/2022\/11\/2021_05_27_Pasovani-na-ctenare015-1024x683.jpg 1024w, https:\/\/foto.praha-19.ys-beta.cz\/app\/uploads\/2022\/11\/2021_05_27_Pasovani-na-ctenare015-768x512.jpg 768w, https:\/\/foto.praha-19.ys-beta.cz\/app\/uploads\/2022\/11\/2021_05_27_Pasovani-na-ctenare015-1536x1024.jpg 1536w, https:\/\/foto.praha-19.ys-beta.cz\/app\/uploads\/2022\/11\/2021_05_27_Pasovani-na-ctenare015-1194x796.jpg 1194w, https:\/\/foto.praha-19.ys-beta.cz\/app\/uploads\/2022\/11\/2021_05_27_Pasovani-na-ctenare015-582x388.jpg 582w, https:\/\/foto.praha-19.ys-beta.cz\/app\/uploads\/2022\/11\/2021_05_27_Pasovani-na-ctenare015-276x184.jpg 276w, https:\/\/foto.praha-19.ys-beta.cz\/app\/uploads\/2022\/11\/2021_05_27_Pasovani-na-ctenare015-675x450.jpg 675w, https:\/\/foto.praha-19.ys-beta.cz\/app\/uploads\/2022\/11\/2021_05_27_Pasovani-na-ctenare015.jpg 1920w\" sizes=\"auto, (max-width: 378px) 100vw, 378px\" \/><\/a><\/div><div class='pinhole-item col-xs-12 col-lg-4 col-md-4 col-sm-6  '><a class=\"item-link\" href=\"https:\/\/foto.praha-19.ys-beta.cz\/app\/uploads\/2022\/11\/2021_05_27_Pasovani-na-ctenare014.jpg\" data-caption=\"[]\" data-meta=\"[]\"  data-size=\"{&quot;width&quot;:1920,&quot;height&quot;:1280}\" data-download=\"[]\" data-filename=\"{&quot;name&quot;:&quot;&quot;}\"><img loading=\"lazy\" decoding=\"async\" width=\"378\" height=\"252\" src=\"https:\/\/foto.praha-19.ys-beta.cz\/app\/uploads\/2022\/11\/2021_05_27_Pasovani-na-ctenare014-378x252.jpg\" class=\"attachment-pinhole-col-3 size-pinhole-col-3\" alt=\"\" srcset=\"https:\/\/foto.praha-19.ys-beta.cz\/app\/uploads\/2022\/11\/2021_05_27_Pasovani-na-ctenare014-378x252.jpg 378w, https:\/\/foto.praha-19.ys-beta.cz\/app\/uploads\/2022\/11\/2021_05_27_Pasovani-na-ctenare014-300x200.jpg 300w, https:\/\/foto.praha-19.ys-beta.cz\/app\/uploads\/2022\/11\/2021_05_27_Pasovani-na-ctenare014-1024x683.jpg 1024w, https:\/\/foto.praha-19.ys-beta.cz\/app\/uploads\/2022\/11\/2021_05_27_Pasovani-na-ctenare014-768x512.jpg 768w, https:\/\/foto.praha-19.ys-beta.cz\/app\/uploads\/2022\/11\/2021_05_27_Pasovani-na-ctenare014-1536x1024.jpg 1536w, https:\/\/foto.praha-19.ys-beta.cz\/app\/uploads\/2022\/11\/2021_05_27_Pasovani-na-ctenare014-1194x796.jpg 1194w, https:\/\/foto.praha-19.ys-beta.cz\/app\/uploads\/2022\/11\/2021_05_27_Pasovani-na-ctenare014-582x388.jpg 582w, https:\/\/foto.praha-19.ys-beta.cz\/app\/uploads\/2022\/11\/2021_05_27_Pasovani-na-ctenare014-276x184.jpg 276w, https:\/\/foto.praha-19.ys-beta.cz\/app\/uploads\/2022\/11\/2021_05_27_Pasovani-na-ctenare014-675x450.jpg 675w, https:\/\/foto.praha-19.ys-beta.cz\/app\/uploads\/2022\/11\/2021_05_27_Pasovani-na-ctenare014.jpg 1920w\" sizes=\"auto, (max-width: 378px) 100vw, 378px\" \/><\/a><\/div><div class='pinhole-item col-xs-12 col-lg-4 col-md-4 col-sm-6  '><a class=\"item-link\" href=\"https:\/\/foto.praha-19.ys-beta.cz\/app\/uploads\/2022\/11\/2021_05_27_Pasovani-na-ctenare012.jpg\" data-caption=\"[]\" data-meta=\"[]\"  data-size=\"{&quot;width&quot;:1920,&quot;height&quot;:1280}\" data-download=\"[]\" data-filename=\"{&quot;name&quot;:&quot;&quot;}\"><img loading=\"lazy\" decoding=\"async\" width=\"378\" height=\"252\" src=\"https:\/\/foto.praha-19.ys-beta.cz\/app\/uploads\/2022\/11\/2021_05_27_Pasovani-na-ctenare012-378x252.jpg\" class=\"attachment-pinhole-col-3 size-pinhole-col-3\" alt=\"\" srcset=\"https:\/\/foto.praha-19.ys-beta.cz\/app\/uploads\/2022\/11\/2021_05_27_Pasovani-na-ctenare012-378x252.jpg 378w, https:\/\/foto.praha-19.ys-beta.cz\/app\/uploads\/2022\/11\/2021_05_27_Pasovani-na-ctenare012-300x200.jpg 300w, https:\/\/foto.praha-19.ys-beta.cz\/app\/uploads\/2022\/11\/2021_05_27_Pasovani-na-ctenare012-1024x683.jpg 1024w, https:\/\/foto.praha-19.ys-beta.cz\/app\/uploads\/2022\/11\/2021_05_27_Pasovani-na-ctenare012-768x512.jpg 768w, https:\/\/foto.praha-19.ys-beta.cz\/app\/uploads\/2022\/11\/2021_05_27_Pasovani-na-ctenare012-1536x1024.jpg 1536w, https:\/\/foto.praha-19.ys-beta.cz\/app\/uploads\/2022\/11\/2021_05_27_Pasovani-na-ctenare012-1194x796.jpg 1194w, https:\/\/foto.praha-19.ys-beta.cz\/app\/uploads\/2022\/11\/2021_05_27_Pasovani-na-ctenare012-582x388.jpg 582w, https:\/\/foto.praha-19.ys-beta.cz\/app\/uploads\/2022\/11\/2021_05_27_Pasovani-na-ctenare012-276x184.jpg 276w, https:\/\/foto.praha-19.ys-beta.cz\/app\/uploads\/2022\/11\/2021_05_27_Pasovani-na-ctenare012-675x450.jpg 675w, https:\/\/foto.praha-19.ys-beta.cz\/app\/uploads\/2022\/11\/2021_05_27_Pasovani-na-ctenare012.jpg 1920w\" sizes=\"auto, (max-width: 378px) 100vw, 378px\" \/><\/a><\/div><div class='pinhole-item col-xs-12 col-lg-4 col-md-4 col-sm-6  '><a class=\"item-link\" href=\"https:\/\/foto.praha-19.ys-beta.cz\/app\/uploads\/2022\/11\/2021_05_27_Pasovani-na-ctenare011.jpg\" data-caption=\"[]\" data-meta=\"[]\"  data-size=\"{&quot;width&quot;:1920,&quot;height&quot;:1280}\" data-download=\"[]\" data-filename=\"{&quot;name&quot;:&quot;&quot;}\"><img loading=\"lazy\" decoding=\"async\" width=\"378\" height=\"252\" src=\"https:\/\/foto.praha-19.ys-beta.cz\/app\/uploads\/2022\/11\/2021_05_27_Pasovani-na-ctenare011-378x252.jpg\" class=\"attachment-pinhole-col-3 size-pinhole-col-3\" alt=\"\" srcset=\"https:\/\/foto.praha-19.ys-beta.cz\/app\/uploads\/2022\/11\/2021_05_27_Pasovani-na-ctenare011-378x252.jpg 378w, https:\/\/foto.praha-19.ys-beta.cz\/app\/uploads\/2022\/11\/2021_05_27_Pasovani-na-ctenare011-300x200.jpg 300w, https:\/\/foto.praha-19.ys-beta.cz\/app\/uploads\/2022\/11\/2021_05_27_Pasovani-na-ctenare011-1024x683.jpg 1024w, https:\/\/foto.praha-19.ys-beta.cz\/app\/uploads\/2022\/11\/2021_05_27_Pasovani-na-ctenare011-768x512.jpg 768w, https:\/\/foto.praha-19.ys-beta.cz\/app\/uploads\/2022\/11\/2021_05_27_Pasovani-na-ctenare011-1536x1024.jpg 1536w, https:\/\/foto.praha-19.ys-beta.cz\/app\/uploads\/2022\/11\/2021_05_27_Pasovani-na-ctenare011-1194x796.jpg 1194w, https:\/\/foto.praha-19.ys-beta.cz\/app\/uploads\/2022\/11\/2021_05_27_Pasovani-na-ctenare011-582x388.jpg 582w, https:\/\/foto.praha-19.ys-beta.cz\/app\/uploads\/2022\/11\/2021_05_27_Pasovani-na-ctenare011-276x184.jpg 276w, https:\/\/foto.praha-19.ys-beta.cz\/app\/uploads\/2022\/11\/2021_05_27_Pasovani-na-ctenare011-675x450.jpg 675w, https:\/\/foto.praha-19.ys-beta.cz\/app\/uploads\/2022\/11\/2021_05_27_Pasovani-na-ctenare011.jpg 1920w\" sizes=\"auto, (max-width: 378px) 100vw, 378px\" \/><\/a><\/div><div class='pinhole-item col-xs-12 col-lg-4 col-md-4 col-sm-6  '><a class=\"item-link\" href=\"https:\/\/foto.praha-19.ys-beta.cz\/app\/uploads\/2022\/11\/2021_05_27_Pasovani-na-ctenare009.jpg\" data-caption=\"[]\" data-meta=\"[]\"  data-size=\"{&quot;width&quot;:1920,&quot;height&quot;:1280}\" data-download=\"[]\" data-filename=\"{&quot;name&quot;:&quot;&quot;}\"><img loading=\"lazy\" decoding=\"async\" width=\"378\" height=\"252\" src=\"https:\/\/foto.praha-19.ys-beta.cz\/app\/uploads\/2022\/11\/2021_05_27_Pasovani-na-ctenare009-378x252.jpg\" class=\"attachment-pinhole-col-3 size-pinhole-col-3\" alt=\"\" srcset=\"https:\/\/foto.praha-19.ys-beta.cz\/app\/uploads\/2022\/11\/2021_05_27_Pasovani-na-ctenare009-378x252.jpg 378w, https:\/\/foto.praha-19.ys-beta.cz\/app\/uploads\/2022\/11\/2021_05_27_Pasovani-na-ctenare009-300x200.jpg 300w, https:\/\/foto.praha-19.ys-beta.cz\/app\/uploads\/2022\/11\/2021_05_27_Pasovani-na-ctenare009-1024x683.jpg 1024w, https:\/\/foto.praha-19.ys-beta.cz\/app\/uploads\/2022\/11\/2021_05_27_Pasovani-na-ctenare009-768x512.jpg 768w, https:\/\/foto.praha-19.ys-beta.cz\/app\/uploads\/2022\/11\/2021_05_27_Pasovani-na-ctenare009-1536x1024.jpg 1536w, https:\/\/foto.praha-19.ys-beta.cz\/app\/uploads\/2022\/11\/2021_05_27_Pasovani-na-ctenare009-1194x796.jpg 1194w, https:\/\/foto.praha-19.ys-beta.cz\/app\/uploads\/2022\/11\/2021_05_27_Pasovani-na-ctenare009-582x388.jpg 582w, https:\/\/foto.praha-19.ys-beta.cz\/app\/uploads\/2022\/11\/2021_05_27_Pasovani-na-ctenare009-276x184.jpg 276w, https:\/\/foto.praha-19.ys-beta.cz\/app\/uploads\/2022\/11\/2021_05_27_Pasovani-na-ctenare009-675x450.jpg 675w, https:\/\/foto.praha-19.ys-beta.cz\/app\/uploads\/2022\/11\/2021_05_27_Pasovani-na-ctenare009.jpg 1920w\" sizes=\"auto, (max-width: 378px) 100vw, 378px\" \/><\/a><\/div><div class='pinhole-item col-xs-12 col-lg-4 col-md-4 col-sm-6  '><a class=\"item-link\" href=\"https:\/\/foto.praha-19.ys-beta.cz\/app\/uploads\/2022\/11\/2021_05_27_Pasovani-na-ctenare006.jpg\" data-caption=\"[]\" data-meta=\"[]\"  data-size=\"{&quot;width&quot;:1920,&quot;height&quot;:1280}\" data-download=\"[]\" data-filename=\"{&quot;name&quot;:&quot;&quot;}\"><img loading=\"lazy\" decoding=\"async\" width=\"378\" height=\"252\" src=\"https:\/\/foto.praha-19.ys-beta.cz\/app\/uploads\/2022\/11\/2021_05_27_Pasovani-na-ctenare006-378x252.jpg\" class=\"attachment-pinhole-col-3 size-pinhole-col-3\" alt=\"\" srcset=\"https:\/\/foto.praha-19.ys-beta.cz\/app\/uploads\/2022\/11\/2021_05_27_Pasovani-na-ctenare006-378x252.jpg 378w, https:\/\/foto.praha-19.ys-beta.cz\/app\/uploads\/2022\/11\/2021_05_27_Pasovani-na-ctenare006-300x200.jpg 300w, https:\/\/foto.praha-19.ys-beta.cz\/app\/uploads\/2022\/11\/2021_05_27_Pasovani-na-ctenare006-1024x683.jpg 1024w, https:\/\/foto.praha-19.ys-beta.cz\/app\/uploads\/2022\/11\/2021_05_27_Pasovani-na-ctenare006-768x512.jpg 768w, https:\/\/foto.praha-19.ys-beta.cz\/app\/uploads\/2022\/11\/2021_05_27_Pasovani-na-ctenare006-1536x1024.jpg 1536w, https:\/\/foto.praha-19.ys-beta.cz\/app\/uploads\/2022\/11\/2021_05_27_Pasovani-na-ctenare006-1194x796.jpg 1194w, https:\/\/foto.praha-19.ys-beta.cz\/app\/uploads\/2022\/11\/2021_05_27_Pasovani-na-ctenare006-582x388.jpg 582w, https:\/\/foto.praha-19.ys-beta.cz\/app\/uploads\/2022\/11\/2021_05_27_Pasovani-na-ctenare006-276x184.jpg 276w, https:\/\/foto.praha-19.ys-beta.cz\/app\/uploads\/2022\/11\/2021_05_27_Pasovani-na-ctenare006-675x450.jpg 675w, https:\/\/foto.praha-19.ys-beta.cz\/app\/uploads\/2022\/11\/2021_05_27_Pasovani-na-ctenare006.jpg 1920w\" sizes=\"auto, (max-width: 378px) 100vw, 378px\" \/><\/a><\/div><div class='pinhole-item col-xs-12 col-lg-4 col-md-4 col-sm-6  '><a class=\"item-link\" href=\"https:\/\/foto.praha-19.ys-beta.cz\/app\/uploads\/2022\/11\/2021_05_27_Pasovani-na-ctenare004.jpg\" data-caption=\"[]\" data-meta=\"[]\"  data-size=\"{&quot;width&quot;:1920,&quot;height&quot;:1280}\" data-download=\"[]\" data-filename=\"{&quot;name&quot;:&quot;&quot;}\"><img loading=\"lazy\" decoding=\"async\" width=\"378\" height=\"252\" src=\"https:\/\/foto.praha-19.ys-beta.cz\/app\/uploads\/2022\/11\/2021_05_27_Pasovani-na-ctenare004-378x252.jpg\" class=\"attachment-pinhole-col-3 size-pinhole-col-3\" alt=\"\" srcset=\"https:\/\/foto.praha-19.ys-beta.cz\/app\/uploads\/2022\/11\/2021_05_27_Pasovani-na-ctenare004-378x252.jpg 378w, https:\/\/foto.praha-19.ys-beta.cz\/app\/uploads\/2022\/11\/2021_05_27_Pasovani-na-ctenare004-300x200.jpg 300w, https:\/\/foto.praha-19.ys-beta.cz\/app\/uploads\/2022\/11\/2021_05_27_Pasovani-na-ctenare004-1024x683.jpg 1024w, https:\/\/foto.praha-19.ys-beta.cz\/app\/uploads\/2022\/11\/2021_05_27_Pasovani-na-ctenare004-768x512.jpg 768w, https:\/\/foto.praha-19.ys-beta.cz\/app\/uploads\/2022\/11\/2021_05_27_Pasovani-na-ctenare004-1536x1024.jpg 1536w, https:\/\/foto.praha-19.ys-beta.cz\/app\/uploads\/2022\/11\/2021_05_27_Pasovani-na-ctenare004-1194x796.jpg 1194w, https:\/\/foto.praha-19.ys-beta.cz\/app\/uploads\/2022\/11\/2021_05_27_Pasovani-na-ctenare004-582x388.jpg 582w, https:\/\/foto.praha-19.ys-beta.cz\/app\/uploads\/2022\/11\/2021_05_27_Pasovani-na-ctenare004-276x184.jpg 276w, https:\/\/foto.praha-19.ys-beta.cz\/app\/uploads\/2022\/11\/2021_05_27_Pasovani-na-ctenare004-675x450.jpg 675w, https:\/\/foto.praha-19.ys-beta.cz\/app\/uploads\/2022\/11\/2021_05_27_Pasovani-na-ctenare004.jpg 1920w\" sizes=\"auto, (max-width: 378px) 100vw, 378px\" \/><\/a><\/div><div class='pinhole-item col-xs-12 col-lg-4 col-md-4 col-sm-6  '><a class=\"item-link\" href=\"https:\/\/foto.praha-19.ys-beta.cz\/app\/uploads\/2022\/11\/2021_05_27_Pasovani-na-ctenare001.jpg\" data-caption=\"[]\" data-meta=\"[]\"  data-size=\"{&quot;width&quot;:1920,&quot;height&quot;:1280}\" data-download=\"[]\" data-filename=\"{&quot;name&quot;:&quot;&quot;}\"><img loading=\"lazy\" decoding=\"async\" width=\"378\" height=\"252\" src=\"https:\/\/foto.praha-19.ys-beta.cz\/app\/uploads\/2022\/11\/2021_05_27_Pasovani-na-ctenare001-378x252.jpg\" class=\"attachment-pinhole-col-3 size-pinhole-col-3\" alt=\"\" srcset=\"https:\/\/foto.praha-19.ys-beta.cz\/app\/uploads\/2022\/11\/2021_05_27_Pasovani-na-ctenare001-378x252.jpg 378w, https:\/\/foto.praha-19.ys-beta.cz\/app\/uploads\/2022\/11\/2021_05_27_Pasovani-na-ctenare001-300x200.jpg 300w, https:\/\/foto.praha-19.ys-beta.cz\/app\/uploads\/2022\/11\/2021_05_27_Pasovani-na-ctenare001-1024x683.jpg 1024w, https:\/\/foto.praha-19.ys-beta.cz\/app\/uploads\/2022\/11\/2021_05_27_Pasovani-na-ctenare001-768x512.jpg 768w, https:\/\/foto.praha-19.ys-beta.cz\/app\/uploads\/2022\/11\/2021_05_27_Pasovani-na-ctenare001-1536x1024.jpg 1536w, https:\/\/foto.praha-19.ys-beta.cz\/app\/uploads\/2022\/11\/2021_05_27_Pasovani-na-ctenare001-1194x796.jpg 1194w, https:\/\/foto.praha-19.ys-beta.cz\/app\/uploads\/2022\/11\/2021_05_27_Pasovani-na-ctenare001-582x388.jpg 582w, https:\/\/foto.praha-19.ys-beta.cz\/app\/uploads\/2022\/11\/2021_05_27_Pasovani-na-ctenare001-276x184.jpg 276w, https:\/\/foto.praha-19.ys-beta.cz\/app\/uploads\/2022\/11\/2021_05_27_Pasovani-na-ctenare001-675x450.jpg 675w, https:\/\/foto.praha-19.ys-beta.cz\/app\/uploads\/2022\/11\/2021_05_27_Pasovani-na-ctenare001.jpg 1920w\" sizes=\"auto, (max-width: 378px) 100vw, 378px\" \/><\/a><\/div>\n\t\t<\/div>\n","protected":false},"excerpt":{"rendered":"<p>27. kv\u011btna 2021 &#8211; sportovn\u00ed hala Kbely Jan Amos Komensk\u00fd \u201eNemilovat knihy znamen\u00e1 nemilovat moudrost. Nemilovat moudrost v\u0161ak znamen\u00e1 st\u00e1t se hlup\u00e1kem.\u201c Coby symbolick\u00e9 zakon\u010den\u00ed \u0161koln\u00edho roku \u2013 p\u0159esto\u017ee netradi\u010dn\u00edho \u2013 je pro prv\u0148\u00e1\u010dky a tento rok i pro druh\u00e1\u010dky PASOV\u00c1N\u00cd NA RYT\u00cd\u0158E \u0158\u00c1DU \u010cTEN\u00c1\u0158SK\u00c9HO (za dodr\u017een\u00ed v\u0161ech aktu\u00e1ln\u00edch protiepidemick\u00fdch opat\u0159en\u00ed). Tento slavnostn\u00ed akt konan\u00fd [&hellip;]<\/p>\n","protected":false},"author":6,"featured_media":3859,"parent":951,"menu_order":95,"comment_status":"closed","ping_status":"closed","template":"","meta":{"footnotes":""},"class_list":["post-3355","page","type-page","status-publish","has-post-thumbnail","hentry"],"yoast_head":"<!-- This site is optimized with the Yoast SEO plugin v27.2 - https:\/\/yoast.com\/product\/yoast-seo-wordpress\/ -->\n<title>Pasov\u00e1n\u00ed na \u010dten\u00e1\u0159e - Fotogalerie - Praha 19<\/title>\n<meta name=\"robots\" content=\"noindex, follow, max-snippet:-1, max-image-preview:large, max-video-preview:-1\" \/>\n<meta property=\"og:locale\" content=\"cs_CZ\" \/>\n<meta property=\"og:type\" content=\"article\" \/>\n<meta property=\"og:title\" content=\"Pasov\u00e1n\u00ed na \u010dten\u00e1\u0159e - Fotogalerie - Praha 19\" \/>\n<meta property=\"og:description\" content=\"27. kv\u011btna 2021 &#8211; sportovn\u00ed hala Kbely Jan Amos Komensk\u00fd \u201eNemilovat knihy znamen\u00e1 nemilovat moudrost. Nemilovat moudrost v\u0161ak znamen\u00e1 st\u00e1t se hlup\u00e1kem.\u201c Coby symbolick\u00e9 zakon\u010den\u00ed \u0161koln\u00edho roku \u2013 p\u0159esto\u017ee netradi\u010dn\u00edho \u2013 je pro prv\u0148\u00e1\u010dky a tento rok i pro druh\u00e1\u010dky PASOV\u00c1N\u00cd NA RYT\u00cd\u0158E \u0158\u00c1DU \u010cTEN\u00c1\u0158SK\u00c9HO (za dodr\u017een\u00ed v\u0161ech aktu\u00e1ln\u00edch protiepidemick\u00fdch opat\u0159en\u00ed). Tento slavnostn\u00ed akt konan\u00fd [&hellip;]\" \/>\n<meta property=\"og:url\" content=\"https:\/\/foto.praha-19.ys-beta.cz\/index.php\/rok-2021\/pasovani-na-ctenare-2\/\" \/>\n<meta property=\"og:site_name\" content=\"Fotogalerie - Praha 19\" \/>\n<meta property=\"article:modified_time\" content=\"2022-11-24T12:46:07+00:00\" \/>\n<meta property=\"og:image\" content=\"https:\/\/foto.praha-19.ys-beta.cz\/app\/uploads\/2022\/11\/2021_05_27_Pasovani-na-ctenare283-1024x683.jpg\" \/>\n\t<meta property=\"og:image:width\" content=\"1024\" \/>\n\t<meta property=\"og:image:height\" content=\"683\" \/>\n\t<meta property=\"og:image:type\" content=\"image\/jpeg\" \/>\n<meta name=\"twitter:card\" content=\"summary_large_image\" \/>\n<meta name=\"twitter:label1\" content=\"Est. reading time\" \/>\n\t<meta name=\"twitter:data1\" content=\"53 minut\" \/>\n<script type=\"application\/ld+json\" class=\"yoast-schema-graph\">{\"@context\":\"https:\/\/schema.org\",\"@graph\":[{\"@type\":\"WebPage\",\"@id\":\"https:\/\/foto.praha-19.ys-beta.cz\/index.php\/rok-2021\/pasovani-na-ctenare-2\/\",\"url\":\"https:\/\/foto.praha-19.ys-beta.cz\/index.php\/rok-2021\/pasovani-na-ctenare-2\/\",\"name\":\"Pasov\u00e1n\u00ed na \u010dten\u00e1\u0159e - Fotogalerie - Praha 19\",\"isPartOf\":{\"@id\":\"https:\/\/foto.praha-19.ys-beta.cz\/#website\"},\"primaryImageOfPage\":{\"@id\":\"https:\/\/foto.praha-19.ys-beta.cz\/index.php\/rok-2021\/pasovani-na-ctenare-2\/#primaryimage\"},\"image\":{\"@id\":\"https:\/\/foto.praha-19.ys-beta.cz\/index.php\/rok-2021\/pasovani-na-ctenare-2\/#primaryimage\"},\"thumbnailUrl\":\"https:\/\/foto.praha-19.ys-beta.cz\/app\/uploads\/2022\/11\/2021_05_27_Pasovani-na-ctenare283.jpg\",\"datePublished\":\"2021-05-27T11:02:00+00:00\",\"dateModified\":\"2022-11-24T12:46:07+00:00\",\"breadcrumb\":{\"@id\":\"https:\/\/foto.praha-19.ys-beta.cz\/index.php\/rok-2021\/pasovani-na-ctenare-2\/#breadcrumb\"},\"inLanguage\":\"cs\",\"potentialAction\":[{\"@type\":\"ReadAction\",\"target\":[\"https:\/\/foto.praha-19.ys-beta.cz\/index.php\/rok-2021\/pasovani-na-ctenare-2\/\"]}]},{\"@type\":\"ImageObject\",\"inLanguage\":\"cs\",\"@id\":\"https:\/\/foto.praha-19.ys-beta.cz\/index.php\/rok-2021\/pasovani-na-ctenare-2\/#primaryimage\",\"url\":\"https:\/\/foto.praha-19.ys-beta.cz\/app\/uploads\/2022\/11\/2021_05_27_Pasovani-na-ctenare283.jpg\",\"contentUrl\":\"https:\/\/foto.praha-19.ys-beta.cz\/app\/uploads\/2022\/11\/2021_05_27_Pasovani-na-ctenare283.jpg\",\"width\":1920,\"height\":1280},{\"@type\":\"BreadcrumbList\",\"@id\":\"https:\/\/foto.praha-19.ys-beta.cz\/index.php\/rok-2021\/pasovani-na-ctenare-2\/#breadcrumb\",\"itemListElement\":[{\"@type\":\"ListItem\",\"position\":1,\"name\":\"Home\",\"item\":\"https:\/\/foto.praha-19.ys-beta.cz\/\"},{\"@type\":\"ListItem\",\"position\":2,\"name\":\"Rok 2021\",\"item\":\"https:\/\/foto.praha-19.ys-beta.cz\/index.php\/rok-2021\/\"},{\"@type\":\"ListItem\",\"position\":3,\"name\":\"Pasov\u00e1n\u00ed na \u010dten\u00e1\u0159e\"}]},{\"@type\":\"WebSite\",\"@id\":\"https:\/\/foto.praha-19.ys-beta.cz\/#website\",\"url\":\"https:\/\/foto.praha-19.ys-beta.cz\/\",\"name\":\"Fotogalerie - Praha 19\",\"description\":\"Fotogalerie m\u011bstsk\u00e9 \u010d\u00e1sti Praha 19\",\"potentialAction\":[{\"@type\":\"SearchAction\",\"target\":{\"@type\":\"EntryPoint\",\"urlTemplate\":\"https:\/\/foto.praha-19.ys-beta.cz\/?s={search_term_string}\"},\"query-input\":{\"@type\":\"PropertyValueSpecification\",\"valueRequired\":true,\"valueName\":\"search_term_string\"}}],\"inLanguage\":\"cs\"}]}<\/script>\n<!-- \/ Yoast SEO plugin. -->","yoast_head_json":{"title":"Pasov\u00e1n\u00ed na \u010dten\u00e1\u0159e - Fotogalerie - Praha 19","robots":{"index":"noindex","follow":"follow","max-snippet":"max-snippet:-1","max-image-preview":"max-image-preview:large","max-video-preview":"max-video-preview:-1"},"og_locale":"cs_CZ","og_type":"article","og_title":"Pasov\u00e1n\u00ed na \u010dten\u00e1\u0159e - Fotogalerie - Praha 19","og_description":"27. kv\u011btna 2021 &#8211; sportovn\u00ed hala Kbely Jan Amos Komensk\u00fd \u201eNemilovat knihy znamen\u00e1 nemilovat moudrost. Nemilovat moudrost v\u0161ak znamen\u00e1 st\u00e1t se hlup\u00e1kem.\u201c Coby symbolick\u00e9 zakon\u010den\u00ed \u0161koln\u00edho roku \u2013 p\u0159esto\u017ee netradi\u010dn\u00edho \u2013 je pro prv\u0148\u00e1\u010dky a tento rok i pro druh\u00e1\u010dky PASOV\u00c1N\u00cd NA RYT\u00cd\u0158E \u0158\u00c1DU \u010cTEN\u00c1\u0158SK\u00c9HO (za dodr\u017een\u00ed v\u0161ech aktu\u00e1ln\u00edch protiepidemick\u00fdch opat\u0159en\u00ed). Tento slavnostn\u00ed akt konan\u00fd [&hellip;]","og_url":"https:\/\/foto.praha-19.ys-beta.cz\/index.php\/rok-2021\/pasovani-na-ctenare-2\/","og_site_name":"Fotogalerie - Praha 19","article_modified_time":"2022-11-24T12:46:07+00:00","og_image":[{"width":1024,"height":683,"url":"https:\/\/foto.praha-19.ys-beta.cz\/app\/uploads\/2022\/11\/2021_05_27_Pasovani-na-ctenare283-1024x683.jpg","type":"image\/jpeg"}],"twitter_card":"summary_large_image","twitter_misc":{"Est. reading time":"53 minut"},"schema":{"@context":"https:\/\/schema.org","@graph":[{"@type":"WebPage","@id":"https:\/\/foto.praha-19.ys-beta.cz\/index.php\/rok-2021\/pasovani-na-ctenare-2\/","url":"https:\/\/foto.praha-19.ys-beta.cz\/index.php\/rok-2021\/pasovani-na-ctenare-2\/","name":"Pasov\u00e1n\u00ed na \u010dten\u00e1\u0159e - Fotogalerie - Praha 19","isPartOf":{"@id":"https:\/\/foto.praha-19.ys-beta.cz\/#website"},"primaryImageOfPage":{"@id":"https:\/\/foto.praha-19.ys-beta.cz\/index.php\/rok-2021\/pasovani-na-ctenare-2\/#primaryimage"},"image":{"@id":"https:\/\/foto.praha-19.ys-beta.cz\/index.php\/rok-2021\/pasovani-na-ctenare-2\/#primaryimage"},"thumbnailUrl":"https:\/\/foto.praha-19.ys-beta.cz\/app\/uploads\/2022\/11\/2021_05_27_Pasovani-na-ctenare283.jpg","datePublished":"2021-05-27T11:02:00+00:00","dateModified":"2022-11-24T12:46:07+00:00","breadcrumb":{"@id":"https:\/\/foto.praha-19.ys-beta.cz\/index.php\/rok-2021\/pasovani-na-ctenare-2\/#breadcrumb"},"inLanguage":"cs","potentialAction":[{"@type":"ReadAction","target":["https:\/\/foto.praha-19.ys-beta.cz\/index.php\/rok-2021\/pasovani-na-ctenare-2\/"]}]},{"@type":"ImageObject","inLanguage":"cs","@id":"https:\/\/foto.praha-19.ys-beta.cz\/index.php\/rok-2021\/pasovani-na-ctenare-2\/#primaryimage","url":"https:\/\/foto.praha-19.ys-beta.cz\/app\/uploads\/2022\/11\/2021_05_27_Pasovani-na-ctenare283.jpg","contentUrl":"https:\/\/foto.praha-19.ys-beta.cz\/app\/uploads\/2022\/11\/2021_05_27_Pasovani-na-ctenare283.jpg","width":1920,"height":1280},{"@type":"BreadcrumbList","@id":"https:\/\/foto.praha-19.ys-beta.cz\/index.php\/rok-2021\/pasovani-na-ctenare-2\/#breadcrumb","itemListElement":[{"@type":"ListItem","position":1,"name":"Home","item":"https:\/\/foto.praha-19.ys-beta.cz\/"},{"@type":"ListItem","position":2,"name":"Rok 2021","item":"https:\/\/foto.praha-19.ys-beta.cz\/index.php\/rok-2021\/"},{"@type":"ListItem","position":3,"name":"Pasov\u00e1n\u00ed na \u010dten\u00e1\u0159e"}]},{"@type":"WebSite","@id":"https:\/\/foto.praha-19.ys-beta.cz\/#website","url":"https:\/\/foto.praha-19.ys-beta.cz\/","name":"Fotogalerie - Praha 19","description":"Fotogalerie m\u011bstsk\u00e9 \u010d\u00e1sti Praha 19","potentialAction":[{"@type":"SearchAction","target":{"@type":"EntryPoint","urlTemplate":"https:\/\/foto.praha-19.ys-beta.cz\/?s={search_term_string}"},"query-input":{"@type":"PropertyValueSpecification","valueRequired":true,"valueName":"search_term_string"}}],"inLanguage":"cs"}]}},"_links":{"self":[{"href":"https:\/\/foto.praha-19.ys-beta.cz\/index.php\/wp-json\/wp\/v2\/pages\/3355","targetHints":{"allow":["GET"]}}],"collection":[{"href":"https:\/\/foto.praha-19.ys-beta.cz\/index.php\/wp-json\/wp\/v2\/pages"}],"about":[{"href":"https:\/\/foto.praha-19.ys-beta.cz\/index.php\/wp-json\/wp\/v2\/types\/page"}],"author":[{"embeddable":true,"href":"https:\/\/foto.praha-19.ys-beta.cz\/index.php\/wp-json\/wp\/v2\/users\/6"}],"replies":[{"embeddable":true,"href":"https:\/\/foto.praha-19.ys-beta.cz\/index.php\/wp-json\/wp\/v2\/comments?post=3355"}],"version-history":[{"count":2,"href":"https:\/\/foto.praha-19.ys-beta.cz\/index.php\/wp-json\/wp\/v2\/pages\/3355\/revisions"}],"predecessor-version":[{"id":3873,"href":"https:\/\/foto.praha-19.ys-beta.cz\/index.php\/wp-json\/wp\/v2\/pages\/3355\/revisions\/3873"}],"up":[{"embeddable":true,"href":"https:\/\/foto.praha-19.ys-beta.cz\/index.php\/wp-json\/wp\/v2\/pages\/951"}],"wp:featuredmedia":[{"embeddable":true,"href":"https:\/\/foto.praha-19.ys-beta.cz\/index.php\/wp-json\/wp\/v2\/media\/3859"}],"wp:attachment":[{"href":"https:\/\/foto.praha-19.ys-beta.cz\/index.php\/wp-json\/wp\/v2\/media?parent=3355"}],"curies":[{"name":"wp","href":"https:\/\/api.w.org\/{rel}","templated":true}]}}