{"id":3353,"date":"2021-05-26T12:58:00","date_gmt":"2021-05-26T10:58:00","guid":{"rendered":"https:\/\/foto.praha-19.ys-beta.cz\/?page_id=3353"},"modified":"2022-11-24T14:26:43","modified_gmt":"2022-11-24T12:26:43","slug":"pasovani-na-ctenare","status":"publish","type":"page","link":"https:\/\/foto.praha-19.ys-beta.cz\/index.php\/rok-2021\/pasovani-na-ctenare\/","title":{"rendered":"Pasov\u00e1n\u00ed na \u010dten\u00e1\u0159e"},"content":{"rendered":"\n<p>26. kv\u011btna 2021 &#8211; sportovn\u00ed hala Kbely<\/p>\n\n\n\n<blockquote class=\"wp-block-quote is-layout-flow wp-block-quote-is-layout-flow\"><p>Jan Amos Komensk\u00fd<\/p><cite>\u201eNemilovat knihy znamen\u00e1 nemilovat moudrost. Nemilovat moudrost v\u0161ak znamen\u00e1 st\u00e1t se hlup\u00e1kem.\u201c <\/cite><\/blockquote>\n\n\n\n<pre class=\"wp-block-verse\"> Coby symbolick\u00e9 zakon\u010den\u00ed \u0161koln\u00edho roku \u2013 p\u0159esto\u017ee netradi\u010dn\u00edho \u2013 je pro prv\u0148\u00e1\u010dky a tento rok i pro druh\u00e1\u010dky PASOV\u00c1N\u00cd NA RYT\u00cd\u0158E \u0158\u00c1DU \u010cTEN\u00c1\u0158SK\u00c9HO (za dodr\u017een\u00ed v\u0161ech aktu\u00e1ln\u00edch protiepidemick\u00fdch opat\u0159en\u00ed). Tento slavnostn\u00ed akt konan\u00fd v budov\u011b sportovn\u00ed haly byl rozlo\u017een do dvou term\u00edn\u016f, prvn\u00edmi ryt\u00ed\u0159i a ryt\u00ed\u0159kami se staly d\u011bti z II. t\u0159\u00edd Z\u0160 Kbely k datu 26-27\/5\/2021, ostatn\u00ed d\u011bti odpasovala pan\u00ed kr\u00e1lovna a kr\u00e1l z \u0159\u00ed\u0161e Abecedy a\u017e 9-10\/6\/2021. V\u0161echny d\u011bti slo\u017eily \u010dten\u00e1\u0159sk\u00fd slib, shl\u00e9dly kr\u00e1tk\u00e9 z\u00e1bavn\u00e9 sc\u00e9nky Divadla Prima den a na konec obdr\u017eely na pam\u00e1tku diplom, knihu a dal\u0161\u00ed drobnosti. P\u0159ejeme v\u0161em hodn\u011b radosti ze \u010dten\u00ed.\n\nFotografie Michala Marela<\/pre>\n\n\n<div class='pinhole-gallery pinhole-masonry pinhole-popup items-hidden  clearfix row'><div class='pinhole-item col-xs-12 col-lg-4 col-md-4 col-sm-6  '><a class=\"item-link\" href=\"https:\/\/foto.praha-19.ys-beta.cz\/app\/uploads\/2022\/11\/2021_05_26_Pasovani-na-ctenare212.jpg\" data-caption=\"[]\" data-meta=\"[]\"  data-size=\"{&quot;width&quot;:1920,&quot;height&quot;:1280}\" data-download=\"[]\" data-filename=\"{&quot;name&quot;:&quot;&quot;}\"><img loading=\"lazy\" decoding=\"async\" width=\"378\" height=\"252\" src=\"https:\/\/foto.praha-19.ys-beta.cz\/app\/uploads\/2022\/11\/2021_05_26_Pasovani-na-ctenare212-378x252.jpg\" class=\"attachment-pinhole-col-3 size-pinhole-col-3\" alt=\"\" srcset=\"https:\/\/foto.praha-19.ys-beta.cz\/app\/uploads\/2022\/11\/2021_05_26_Pasovani-na-ctenare212-378x252.jpg 378w, https:\/\/foto.praha-19.ys-beta.cz\/app\/uploads\/2022\/11\/2021_05_26_Pasovani-na-ctenare212-300x200.jpg 300w, https:\/\/foto.praha-19.ys-beta.cz\/app\/uploads\/2022\/11\/2021_05_26_Pasovani-na-ctenare212-1024x683.jpg 1024w, https:\/\/foto.praha-19.ys-beta.cz\/app\/uploads\/2022\/11\/2021_05_26_Pasovani-na-ctenare212-768x512.jpg 768w, https:\/\/foto.praha-19.ys-beta.cz\/app\/uploads\/2022\/11\/2021_05_26_Pasovani-na-ctenare212-1536x1024.jpg 1536w, https:\/\/foto.praha-19.ys-beta.cz\/app\/uploads\/2022\/11\/2021_05_26_Pasovani-na-ctenare212-1194x796.jpg 1194w, https:\/\/foto.praha-19.ys-beta.cz\/app\/uploads\/2022\/11\/2021_05_26_Pasovani-na-ctenare212-582x388.jpg 582w, https:\/\/foto.praha-19.ys-beta.cz\/app\/uploads\/2022\/11\/2021_05_26_Pasovani-na-ctenare212-276x184.jpg 276w, https:\/\/foto.praha-19.ys-beta.cz\/app\/uploads\/2022\/11\/2021_05_26_Pasovani-na-ctenare212-675x450.jpg 675w, https:\/\/foto.praha-19.ys-beta.cz\/app\/uploads\/2022\/11\/2021_05_26_Pasovani-na-ctenare212.jpg 1920w\" sizes=\"auto, (max-width: 378px) 100vw, 378px\" \/><\/a><\/div><div class='pinhole-item col-xs-12 col-lg-4 col-md-4 col-sm-6  '><a class=\"item-link\" href=\"https:\/\/foto.praha-19.ys-beta.cz\/app\/uploads\/2022\/11\/2021_05_26_Pasovani-na-ctenare211.jpg\" data-caption=\"[]\" data-meta=\"[]\"  data-size=\"{&quot;width&quot;:1920,&quot;height&quot;:1280}\" data-download=\"[]\" data-filename=\"{&quot;name&quot;:&quot;&quot;}\"><img loading=\"lazy\" decoding=\"async\" width=\"378\" height=\"252\" src=\"https:\/\/foto.praha-19.ys-beta.cz\/app\/uploads\/2022\/11\/2021_05_26_Pasovani-na-ctenare211-378x252.jpg\" class=\"attachment-pinhole-col-3 size-pinhole-col-3\" alt=\"\" srcset=\"https:\/\/foto.praha-19.ys-beta.cz\/app\/uploads\/2022\/11\/2021_05_26_Pasovani-na-ctenare211-378x252.jpg 378w, https:\/\/foto.praha-19.ys-beta.cz\/app\/uploads\/2022\/11\/2021_05_26_Pasovani-na-ctenare211-300x200.jpg 300w, https:\/\/foto.praha-19.ys-beta.cz\/app\/uploads\/2022\/11\/2021_05_26_Pasovani-na-ctenare211-1024x683.jpg 1024w, https:\/\/foto.praha-19.ys-beta.cz\/app\/uploads\/2022\/11\/2021_05_26_Pasovani-na-ctenare211-768x512.jpg 768w, https:\/\/foto.praha-19.ys-beta.cz\/app\/uploads\/2022\/11\/2021_05_26_Pasovani-na-ctenare211-1536x1024.jpg 1536w, https:\/\/foto.praha-19.ys-beta.cz\/app\/uploads\/2022\/11\/2021_05_26_Pasovani-na-ctenare211-1194x796.jpg 1194w, https:\/\/foto.praha-19.ys-beta.cz\/app\/uploads\/2022\/11\/2021_05_26_Pasovani-na-ctenare211-582x388.jpg 582w, https:\/\/foto.praha-19.ys-beta.cz\/app\/uploads\/2022\/11\/2021_05_26_Pasovani-na-ctenare211-276x184.jpg 276w, https:\/\/foto.praha-19.ys-beta.cz\/app\/uploads\/2022\/11\/2021_05_26_Pasovani-na-ctenare211-675x450.jpg 675w, https:\/\/foto.praha-19.ys-beta.cz\/app\/uploads\/2022\/11\/2021_05_26_Pasovani-na-ctenare211.jpg 1920w\" sizes=\"auto, (max-width: 378px) 100vw, 378px\" \/><\/a><\/div><div class='pinhole-item col-xs-12 col-lg-4 col-md-4 col-sm-6  '><a class=\"item-link\" href=\"https:\/\/foto.praha-19.ys-beta.cz\/app\/uploads\/2022\/11\/2021_05_26_Pasovani-na-ctenare210.jpg\" data-caption=\"[]\" data-meta=\"[]\"  data-size=\"{&quot;width&quot;:1920,&quot;height&quot;:1280}\" data-download=\"[]\" data-filename=\"{&quot;name&quot;:&quot;&quot;}\"><img loading=\"lazy\" decoding=\"async\" width=\"378\" height=\"252\" src=\"https:\/\/foto.praha-19.ys-beta.cz\/app\/uploads\/2022\/11\/2021_05_26_Pasovani-na-ctenare210-378x252.jpg\" class=\"attachment-pinhole-col-3 size-pinhole-col-3\" alt=\"\" srcset=\"https:\/\/foto.praha-19.ys-beta.cz\/app\/uploads\/2022\/11\/2021_05_26_Pasovani-na-ctenare210-378x252.jpg 378w, https:\/\/foto.praha-19.ys-beta.cz\/app\/uploads\/2022\/11\/2021_05_26_Pasovani-na-ctenare210-300x200.jpg 300w, https:\/\/foto.praha-19.ys-beta.cz\/app\/uploads\/2022\/11\/2021_05_26_Pasovani-na-ctenare210-1024x683.jpg 1024w, https:\/\/foto.praha-19.ys-beta.cz\/app\/uploads\/2022\/11\/2021_05_26_Pasovani-na-ctenare210-768x512.jpg 768w, https:\/\/foto.praha-19.ys-beta.cz\/app\/uploads\/2022\/11\/2021_05_26_Pasovani-na-ctenare210-1536x1024.jpg 1536w, https:\/\/foto.praha-19.ys-beta.cz\/app\/uploads\/2022\/11\/2021_05_26_Pasovani-na-ctenare210-1194x796.jpg 1194w, https:\/\/foto.praha-19.ys-beta.cz\/app\/uploads\/2022\/11\/2021_05_26_Pasovani-na-ctenare210-582x388.jpg 582w, https:\/\/foto.praha-19.ys-beta.cz\/app\/uploads\/2022\/11\/2021_05_26_Pasovani-na-ctenare210-276x184.jpg 276w, https:\/\/foto.praha-19.ys-beta.cz\/app\/uploads\/2022\/11\/2021_05_26_Pasovani-na-ctenare210-675x450.jpg 675w, https:\/\/foto.praha-19.ys-beta.cz\/app\/uploads\/2022\/11\/2021_05_26_Pasovani-na-ctenare210.jpg 1920w\" sizes=\"auto, (max-width: 378px) 100vw, 378px\" \/><\/a><\/div><div class='pinhole-item col-xs-12 col-lg-4 col-md-4 col-sm-6  '><a class=\"item-link\" href=\"https:\/\/foto.praha-19.ys-beta.cz\/app\/uploads\/2022\/11\/2021_05_26_Pasovani-na-ctenare209.jpg\" data-caption=\"[]\" data-meta=\"[]\"  data-size=\"{&quot;width&quot;:1920,&quot;height&quot;:1280}\" data-download=\"[]\" data-filename=\"{&quot;name&quot;:&quot;&quot;}\"><img loading=\"lazy\" decoding=\"async\" width=\"378\" height=\"252\" src=\"https:\/\/foto.praha-19.ys-beta.cz\/app\/uploads\/2022\/11\/2021_05_26_Pasovani-na-ctenare209-378x252.jpg\" class=\"attachment-pinhole-col-3 size-pinhole-col-3\" alt=\"\" srcset=\"https:\/\/foto.praha-19.ys-beta.cz\/app\/uploads\/2022\/11\/2021_05_26_Pasovani-na-ctenare209-378x252.jpg 378w, https:\/\/foto.praha-19.ys-beta.cz\/app\/uploads\/2022\/11\/2021_05_26_Pasovani-na-ctenare209-300x200.jpg 300w, https:\/\/foto.praha-19.ys-beta.cz\/app\/uploads\/2022\/11\/2021_05_26_Pasovani-na-ctenare209-1024x683.jpg 1024w, https:\/\/foto.praha-19.ys-beta.cz\/app\/uploads\/2022\/11\/2021_05_26_Pasovani-na-ctenare209-768x512.jpg 768w, https:\/\/foto.praha-19.ys-beta.cz\/app\/uploads\/2022\/11\/2021_05_26_Pasovani-na-ctenare209-1536x1024.jpg 1536w, https:\/\/foto.praha-19.ys-beta.cz\/app\/uploads\/2022\/11\/2021_05_26_Pasovani-na-ctenare209-1194x796.jpg 1194w, https:\/\/foto.praha-19.ys-beta.cz\/app\/uploads\/2022\/11\/2021_05_26_Pasovani-na-ctenare209-582x388.jpg 582w, https:\/\/foto.praha-19.ys-beta.cz\/app\/uploads\/2022\/11\/2021_05_26_Pasovani-na-ctenare209-276x184.jpg 276w, https:\/\/foto.praha-19.ys-beta.cz\/app\/uploads\/2022\/11\/2021_05_26_Pasovani-na-ctenare209-675x450.jpg 675w, https:\/\/foto.praha-19.ys-beta.cz\/app\/uploads\/2022\/11\/2021_05_26_Pasovani-na-ctenare209.jpg 1920w\" sizes=\"auto, (max-width: 378px) 100vw, 378px\" \/><\/a><\/div><div class='pinhole-item col-xs-12 col-lg-4 col-md-4 col-sm-6  '><a class=\"item-link\" href=\"https:\/\/foto.praha-19.ys-beta.cz\/app\/uploads\/2022\/11\/2021_05_26_Pasovani-na-ctenare208.jpg\" data-caption=\"[]\" data-meta=\"[]\"  data-size=\"{&quot;width&quot;:1920,&quot;height&quot;:1280}\" data-download=\"[]\" data-filename=\"{&quot;name&quot;:&quot;&quot;}\"><img loading=\"lazy\" decoding=\"async\" width=\"378\" height=\"252\" src=\"https:\/\/foto.praha-19.ys-beta.cz\/app\/uploads\/2022\/11\/2021_05_26_Pasovani-na-ctenare208-378x252.jpg\" class=\"attachment-pinhole-col-3 size-pinhole-col-3\" alt=\"\" srcset=\"https:\/\/foto.praha-19.ys-beta.cz\/app\/uploads\/2022\/11\/2021_05_26_Pasovani-na-ctenare208-378x252.jpg 378w, https:\/\/foto.praha-19.ys-beta.cz\/app\/uploads\/2022\/11\/2021_05_26_Pasovani-na-ctenare208-300x200.jpg 300w, https:\/\/foto.praha-19.ys-beta.cz\/app\/uploads\/2022\/11\/2021_05_26_Pasovani-na-ctenare208-1024x683.jpg 1024w, https:\/\/foto.praha-19.ys-beta.cz\/app\/uploads\/2022\/11\/2021_05_26_Pasovani-na-ctenare208-768x512.jpg 768w, https:\/\/foto.praha-19.ys-beta.cz\/app\/uploads\/2022\/11\/2021_05_26_Pasovani-na-ctenare208-1536x1024.jpg 1536w, https:\/\/foto.praha-19.ys-beta.cz\/app\/uploads\/2022\/11\/2021_05_26_Pasovani-na-ctenare208-1194x796.jpg 1194w, https:\/\/foto.praha-19.ys-beta.cz\/app\/uploads\/2022\/11\/2021_05_26_Pasovani-na-ctenare208-582x388.jpg 582w, https:\/\/foto.praha-19.ys-beta.cz\/app\/uploads\/2022\/11\/2021_05_26_Pasovani-na-ctenare208-276x184.jpg 276w, https:\/\/foto.praha-19.ys-beta.cz\/app\/uploads\/2022\/11\/2021_05_26_Pasovani-na-ctenare208-675x450.jpg 675w, https:\/\/foto.praha-19.ys-beta.cz\/app\/uploads\/2022\/11\/2021_05_26_Pasovani-na-ctenare208.jpg 1920w\" sizes=\"auto, (max-width: 378px) 100vw, 378px\" \/><\/a><\/div><div class='pinhole-item col-xs-12 col-lg-4 col-md-4 col-sm-6  '><a class=\"item-link\" href=\"https:\/\/foto.praha-19.ys-beta.cz\/app\/uploads\/2022\/11\/2021_05_26_Pasovani-na-ctenare207.jpg\" data-caption=\"[]\" data-meta=\"[]\"  data-size=\"{&quot;width&quot;:1920,&quot;height&quot;:1280}\" data-download=\"[]\" data-filename=\"{&quot;name&quot;:&quot;&quot;}\"><img loading=\"lazy\" decoding=\"async\" width=\"378\" height=\"252\" src=\"https:\/\/foto.praha-19.ys-beta.cz\/app\/uploads\/2022\/11\/2021_05_26_Pasovani-na-ctenare207-378x252.jpg\" class=\"attachment-pinhole-col-3 size-pinhole-col-3\" alt=\"\" srcset=\"https:\/\/foto.praha-19.ys-beta.cz\/app\/uploads\/2022\/11\/2021_05_26_Pasovani-na-ctenare207-378x252.jpg 378w, https:\/\/foto.praha-19.ys-beta.cz\/app\/uploads\/2022\/11\/2021_05_26_Pasovani-na-ctenare207-300x200.jpg 300w, https:\/\/foto.praha-19.ys-beta.cz\/app\/uploads\/2022\/11\/2021_05_26_Pasovani-na-ctenare207-1024x683.jpg 1024w, https:\/\/foto.praha-19.ys-beta.cz\/app\/uploads\/2022\/11\/2021_05_26_Pasovani-na-ctenare207-768x512.jpg 768w, https:\/\/foto.praha-19.ys-beta.cz\/app\/uploads\/2022\/11\/2021_05_26_Pasovani-na-ctenare207-1536x1024.jpg 1536w, https:\/\/foto.praha-19.ys-beta.cz\/app\/uploads\/2022\/11\/2021_05_26_Pasovani-na-ctenare207-1194x796.jpg 1194w, https:\/\/foto.praha-19.ys-beta.cz\/app\/uploads\/2022\/11\/2021_05_26_Pasovani-na-ctenare207-582x388.jpg 582w, https:\/\/foto.praha-19.ys-beta.cz\/app\/uploads\/2022\/11\/2021_05_26_Pasovani-na-ctenare207-276x184.jpg 276w, https:\/\/foto.praha-19.ys-beta.cz\/app\/uploads\/2022\/11\/2021_05_26_Pasovani-na-ctenare207-675x450.jpg 675w, https:\/\/foto.praha-19.ys-beta.cz\/app\/uploads\/2022\/11\/2021_05_26_Pasovani-na-ctenare207.jpg 1920w\" sizes=\"auto, (max-width: 378px) 100vw, 378px\" \/><\/a><\/div><div class='pinhole-item col-xs-12 col-lg-4 col-md-4 col-sm-6  '><a class=\"item-link\" href=\"https:\/\/foto.praha-19.ys-beta.cz\/app\/uploads\/2022\/11\/2021_05_26_Pasovani-na-ctenare206.jpg\" data-caption=\"[]\" data-meta=\"[]\"  data-size=\"{&quot;width&quot;:1280,&quot;height&quot;:1920}\" data-download=\"[]\" data-filename=\"{&quot;name&quot;:&quot;&quot;}\"><img loading=\"lazy\" decoding=\"async\" width=\"378\" height=\"567\" src=\"https:\/\/foto.praha-19.ys-beta.cz\/app\/uploads\/2022\/11\/2021_05_26_Pasovani-na-ctenare206-378x567.jpg\" class=\"attachment-pinhole-col-3 size-pinhole-col-3\" alt=\"\" srcset=\"https:\/\/foto.praha-19.ys-beta.cz\/app\/uploads\/2022\/11\/2021_05_26_Pasovani-na-ctenare206-378x567.jpg 378w, https:\/\/foto.praha-19.ys-beta.cz\/app\/uploads\/2022\/11\/2021_05_26_Pasovani-na-ctenare206-200x300.jpg 200w, https:\/\/foto.praha-19.ys-beta.cz\/app\/uploads\/2022\/11\/2021_05_26_Pasovani-na-ctenare206-683x1024.jpg 683w, https:\/\/foto.praha-19.ys-beta.cz\/app\/uploads\/2022\/11\/2021_05_26_Pasovani-na-ctenare206-768x1152.jpg 768w, https:\/\/foto.praha-19.ys-beta.cz\/app\/uploads\/2022\/11\/2021_05_26_Pasovani-na-ctenare206-1024x1536.jpg 1024w, https:\/\/foto.praha-19.ys-beta.cz\/app\/uploads\/2022\/11\/2021_05_26_Pasovani-na-ctenare206-1194x1791.jpg 1194w, https:\/\/foto.praha-19.ys-beta.cz\/app\/uploads\/2022\/11\/2021_05_26_Pasovani-na-ctenare206-582x873.jpg 582w, https:\/\/foto.praha-19.ys-beta.cz\/app\/uploads\/2022\/11\/2021_05_26_Pasovani-na-ctenare206-276x414.jpg 276w, https:\/\/foto.praha-19.ys-beta.cz\/app\/uploads\/2022\/11\/2021_05_26_Pasovani-na-ctenare206-300x450.jpg 300w, https:\/\/foto.praha-19.ys-beta.cz\/app\/uploads\/2022\/11\/2021_05_26_Pasovani-na-ctenare206.jpg 1280w\" sizes=\"auto, (max-width: 378px) 100vw, 378px\" \/><\/a><\/div><div class='pinhole-item col-xs-12 col-lg-4 col-md-4 col-sm-6  '><a class=\"item-link\" href=\"https:\/\/foto.praha-19.ys-beta.cz\/app\/uploads\/2022\/11\/2021_05_26_Pasovani-na-ctenare205.jpg\" data-caption=\"[]\" data-meta=\"[]\"  data-size=\"{&quot;width&quot;:1920,&quot;height&quot;:1280}\" data-download=\"[]\" data-filename=\"{&quot;name&quot;:&quot;&quot;}\"><img loading=\"lazy\" decoding=\"async\" width=\"378\" height=\"252\" src=\"https:\/\/foto.praha-19.ys-beta.cz\/app\/uploads\/2022\/11\/2021_05_26_Pasovani-na-ctenare205-378x252.jpg\" class=\"attachment-pinhole-col-3 size-pinhole-col-3\" alt=\"\" srcset=\"https:\/\/foto.praha-19.ys-beta.cz\/app\/uploads\/2022\/11\/2021_05_26_Pasovani-na-ctenare205-378x252.jpg 378w, https:\/\/foto.praha-19.ys-beta.cz\/app\/uploads\/2022\/11\/2021_05_26_Pasovani-na-ctenare205-300x200.jpg 300w, https:\/\/foto.praha-19.ys-beta.cz\/app\/uploads\/2022\/11\/2021_05_26_Pasovani-na-ctenare205-1024x683.jpg 1024w, https:\/\/foto.praha-19.ys-beta.cz\/app\/uploads\/2022\/11\/2021_05_26_Pasovani-na-ctenare205-768x512.jpg 768w, https:\/\/foto.praha-19.ys-beta.cz\/app\/uploads\/2022\/11\/2021_05_26_Pasovani-na-ctenare205-1536x1024.jpg 1536w, https:\/\/foto.praha-19.ys-beta.cz\/app\/uploads\/2022\/11\/2021_05_26_Pasovani-na-ctenare205-1194x796.jpg 1194w, https:\/\/foto.praha-19.ys-beta.cz\/app\/uploads\/2022\/11\/2021_05_26_Pasovani-na-ctenare205-582x388.jpg 582w, https:\/\/foto.praha-19.ys-beta.cz\/app\/uploads\/2022\/11\/2021_05_26_Pasovani-na-ctenare205-276x184.jpg 276w, https:\/\/foto.praha-19.ys-beta.cz\/app\/uploads\/2022\/11\/2021_05_26_Pasovani-na-ctenare205-675x450.jpg 675w, https:\/\/foto.praha-19.ys-beta.cz\/app\/uploads\/2022\/11\/2021_05_26_Pasovani-na-ctenare205.jpg 1920w\" sizes=\"auto, (max-width: 378px) 100vw, 378px\" \/><\/a><\/div><div class='pinhole-item col-xs-12 col-lg-4 col-md-4 col-sm-6  '><a class=\"item-link\" href=\"https:\/\/foto.praha-19.ys-beta.cz\/app\/uploads\/2022\/11\/2021_05_26_Pasovani-na-ctenare203.jpg\" data-caption=\"[]\" data-meta=\"[]\"  data-size=\"{&quot;width&quot;:1920,&quot;height&quot;:1280}\" data-download=\"[]\" data-filename=\"{&quot;name&quot;:&quot;&quot;}\"><img loading=\"lazy\" decoding=\"async\" width=\"378\" height=\"252\" src=\"https:\/\/foto.praha-19.ys-beta.cz\/app\/uploads\/2022\/11\/2021_05_26_Pasovani-na-ctenare203-378x252.jpg\" class=\"attachment-pinhole-col-3 size-pinhole-col-3\" alt=\"\" srcset=\"https:\/\/foto.praha-19.ys-beta.cz\/app\/uploads\/2022\/11\/2021_05_26_Pasovani-na-ctenare203-378x252.jpg 378w, https:\/\/foto.praha-19.ys-beta.cz\/app\/uploads\/2022\/11\/2021_05_26_Pasovani-na-ctenare203-300x200.jpg 300w, https:\/\/foto.praha-19.ys-beta.cz\/app\/uploads\/2022\/11\/2021_05_26_Pasovani-na-ctenare203-1024x683.jpg 1024w, https:\/\/foto.praha-19.ys-beta.cz\/app\/uploads\/2022\/11\/2021_05_26_Pasovani-na-ctenare203-768x512.jpg 768w, https:\/\/foto.praha-19.ys-beta.cz\/app\/uploads\/2022\/11\/2021_05_26_Pasovani-na-ctenare203-1536x1024.jpg 1536w, https:\/\/foto.praha-19.ys-beta.cz\/app\/uploads\/2022\/11\/2021_05_26_Pasovani-na-ctenare203-1194x796.jpg 1194w, https:\/\/foto.praha-19.ys-beta.cz\/app\/uploads\/2022\/11\/2021_05_26_Pasovani-na-ctenare203-582x388.jpg 582w, https:\/\/foto.praha-19.ys-beta.cz\/app\/uploads\/2022\/11\/2021_05_26_Pasovani-na-ctenare203-276x184.jpg 276w, https:\/\/foto.praha-19.ys-beta.cz\/app\/uploads\/2022\/11\/2021_05_26_Pasovani-na-ctenare203-675x450.jpg 675w, https:\/\/foto.praha-19.ys-beta.cz\/app\/uploads\/2022\/11\/2021_05_26_Pasovani-na-ctenare203.jpg 1920w\" sizes=\"auto, (max-width: 378px) 100vw, 378px\" \/><\/a><\/div><div class='pinhole-item col-xs-12 col-lg-4 col-md-4 col-sm-6  '><a class=\"item-link\" href=\"https:\/\/foto.praha-19.ys-beta.cz\/app\/uploads\/2022\/11\/2021_05_26_Pasovani-na-ctenare201.jpg\" data-caption=\"[]\" data-meta=\"[]\"  data-size=\"{&quot;width&quot;:1920,&quot;height&quot;:1280}\" data-download=\"[]\" data-filename=\"{&quot;name&quot;:&quot;&quot;}\"><img loading=\"lazy\" decoding=\"async\" width=\"378\" height=\"252\" src=\"https:\/\/foto.praha-19.ys-beta.cz\/app\/uploads\/2022\/11\/2021_05_26_Pasovani-na-ctenare201-378x252.jpg\" class=\"attachment-pinhole-col-3 size-pinhole-col-3\" alt=\"\" srcset=\"https:\/\/foto.praha-19.ys-beta.cz\/app\/uploads\/2022\/11\/2021_05_26_Pasovani-na-ctenare201-378x252.jpg 378w, https:\/\/foto.praha-19.ys-beta.cz\/app\/uploads\/2022\/11\/2021_05_26_Pasovani-na-ctenare201-300x200.jpg 300w, https:\/\/foto.praha-19.ys-beta.cz\/app\/uploads\/2022\/11\/2021_05_26_Pasovani-na-ctenare201-1024x683.jpg 1024w, https:\/\/foto.praha-19.ys-beta.cz\/app\/uploads\/2022\/11\/2021_05_26_Pasovani-na-ctenare201-768x512.jpg 768w, https:\/\/foto.praha-19.ys-beta.cz\/app\/uploads\/2022\/11\/2021_05_26_Pasovani-na-ctenare201-1536x1024.jpg 1536w, https:\/\/foto.praha-19.ys-beta.cz\/app\/uploads\/2022\/11\/2021_05_26_Pasovani-na-ctenare201-1194x796.jpg 1194w, https:\/\/foto.praha-19.ys-beta.cz\/app\/uploads\/2022\/11\/2021_05_26_Pasovani-na-ctenare201-582x388.jpg 582w, https:\/\/foto.praha-19.ys-beta.cz\/app\/uploads\/2022\/11\/2021_05_26_Pasovani-na-ctenare201-276x184.jpg 276w, https:\/\/foto.praha-19.ys-beta.cz\/app\/uploads\/2022\/11\/2021_05_26_Pasovani-na-ctenare201-675x450.jpg 675w, https:\/\/foto.praha-19.ys-beta.cz\/app\/uploads\/2022\/11\/2021_05_26_Pasovani-na-ctenare201.jpg 1920w\" sizes=\"auto, (max-width: 378px) 100vw, 378px\" \/><\/a><\/div><div class='pinhole-item col-xs-12 col-lg-4 col-md-4 col-sm-6  '><a class=\"item-link\" href=\"https:\/\/foto.praha-19.ys-beta.cz\/app\/uploads\/2022\/11\/2021_05_26_Pasovani-na-ctenare199.jpg\" data-caption=\"[]\" data-meta=\"[]\"  data-size=\"{&quot;width&quot;:1920,&quot;height&quot;:1280}\" data-download=\"[]\" data-filename=\"{&quot;name&quot;:&quot;&quot;}\"><img loading=\"lazy\" decoding=\"async\" width=\"378\" height=\"252\" src=\"https:\/\/foto.praha-19.ys-beta.cz\/app\/uploads\/2022\/11\/2021_05_26_Pasovani-na-ctenare199-378x252.jpg\" class=\"attachment-pinhole-col-3 size-pinhole-col-3\" alt=\"\" srcset=\"https:\/\/foto.praha-19.ys-beta.cz\/app\/uploads\/2022\/11\/2021_05_26_Pasovani-na-ctenare199-378x252.jpg 378w, https:\/\/foto.praha-19.ys-beta.cz\/app\/uploads\/2022\/11\/2021_05_26_Pasovani-na-ctenare199-300x200.jpg 300w, https:\/\/foto.praha-19.ys-beta.cz\/app\/uploads\/2022\/11\/2021_05_26_Pasovani-na-ctenare199-1024x683.jpg 1024w, https:\/\/foto.praha-19.ys-beta.cz\/app\/uploads\/2022\/11\/2021_05_26_Pasovani-na-ctenare199-768x512.jpg 768w, https:\/\/foto.praha-19.ys-beta.cz\/app\/uploads\/2022\/11\/2021_05_26_Pasovani-na-ctenare199-1536x1024.jpg 1536w, https:\/\/foto.praha-19.ys-beta.cz\/app\/uploads\/2022\/11\/2021_05_26_Pasovani-na-ctenare199-1194x796.jpg 1194w, https:\/\/foto.praha-19.ys-beta.cz\/app\/uploads\/2022\/11\/2021_05_26_Pasovani-na-ctenare199-582x388.jpg 582w, https:\/\/foto.praha-19.ys-beta.cz\/app\/uploads\/2022\/11\/2021_05_26_Pasovani-na-ctenare199-276x184.jpg 276w, https:\/\/foto.praha-19.ys-beta.cz\/app\/uploads\/2022\/11\/2021_05_26_Pasovani-na-ctenare199-675x450.jpg 675w, https:\/\/foto.praha-19.ys-beta.cz\/app\/uploads\/2022\/11\/2021_05_26_Pasovani-na-ctenare199.jpg 1920w\" sizes=\"auto, (max-width: 378px) 100vw, 378px\" \/><\/a><\/div><div class='pinhole-item col-xs-12 col-lg-4 col-md-4 col-sm-6  '><a class=\"item-link\" href=\"https:\/\/foto.praha-19.ys-beta.cz\/app\/uploads\/2022\/11\/2021_05_26_Pasovani-na-ctenare198.jpg\" data-caption=\"[]\" data-meta=\"[]\"  data-size=\"{&quot;width&quot;:1920,&quot;height&quot;:1280}\" data-download=\"[]\" data-filename=\"{&quot;name&quot;:&quot;&quot;}\"><img loading=\"lazy\" decoding=\"async\" width=\"378\" height=\"252\" src=\"https:\/\/foto.praha-19.ys-beta.cz\/app\/uploads\/2022\/11\/2021_05_26_Pasovani-na-ctenare198-378x252.jpg\" class=\"attachment-pinhole-col-3 size-pinhole-col-3\" alt=\"\" srcset=\"https:\/\/foto.praha-19.ys-beta.cz\/app\/uploads\/2022\/11\/2021_05_26_Pasovani-na-ctenare198-378x252.jpg 378w, https:\/\/foto.praha-19.ys-beta.cz\/app\/uploads\/2022\/11\/2021_05_26_Pasovani-na-ctenare198-300x200.jpg 300w, https:\/\/foto.praha-19.ys-beta.cz\/app\/uploads\/2022\/11\/2021_05_26_Pasovani-na-ctenare198-1024x683.jpg 1024w, https:\/\/foto.praha-19.ys-beta.cz\/app\/uploads\/2022\/11\/2021_05_26_Pasovani-na-ctenare198-768x512.jpg 768w, https:\/\/foto.praha-19.ys-beta.cz\/app\/uploads\/2022\/11\/2021_05_26_Pasovani-na-ctenare198-1536x1024.jpg 1536w, https:\/\/foto.praha-19.ys-beta.cz\/app\/uploads\/2022\/11\/2021_05_26_Pasovani-na-ctenare198-1194x796.jpg 1194w, https:\/\/foto.praha-19.ys-beta.cz\/app\/uploads\/2022\/11\/2021_05_26_Pasovani-na-ctenare198-582x388.jpg 582w, https:\/\/foto.praha-19.ys-beta.cz\/app\/uploads\/2022\/11\/2021_05_26_Pasovani-na-ctenare198-276x184.jpg 276w, https:\/\/foto.praha-19.ys-beta.cz\/app\/uploads\/2022\/11\/2021_05_26_Pasovani-na-ctenare198-675x450.jpg 675w, https:\/\/foto.praha-19.ys-beta.cz\/app\/uploads\/2022\/11\/2021_05_26_Pasovani-na-ctenare198.jpg 1920w\" sizes=\"auto, (max-width: 378px) 100vw, 378px\" \/><\/a><\/div><div class='pinhole-item col-xs-12 col-lg-4 col-md-4 col-sm-6  '><a class=\"item-link\" href=\"https:\/\/foto.praha-19.ys-beta.cz\/app\/uploads\/2022\/11\/2021_05_26_Pasovani-na-ctenare197.jpg\" data-caption=\"[]\" data-meta=\"[]\"  data-size=\"{&quot;width&quot;:1280,&quot;height&quot;:1920}\" data-download=\"[]\" data-filename=\"{&quot;name&quot;:&quot;&quot;}\"><img loading=\"lazy\" decoding=\"async\" width=\"378\" height=\"567\" src=\"https:\/\/foto.praha-19.ys-beta.cz\/app\/uploads\/2022\/11\/2021_05_26_Pasovani-na-ctenare197-378x567.jpg\" class=\"attachment-pinhole-col-3 size-pinhole-col-3\" alt=\"\" srcset=\"https:\/\/foto.praha-19.ys-beta.cz\/app\/uploads\/2022\/11\/2021_05_26_Pasovani-na-ctenare197-378x567.jpg 378w, https:\/\/foto.praha-19.ys-beta.cz\/app\/uploads\/2022\/11\/2021_05_26_Pasovani-na-ctenare197-200x300.jpg 200w, https:\/\/foto.praha-19.ys-beta.cz\/app\/uploads\/2022\/11\/2021_05_26_Pasovani-na-ctenare197-683x1024.jpg 683w, https:\/\/foto.praha-19.ys-beta.cz\/app\/uploads\/2022\/11\/2021_05_26_Pasovani-na-ctenare197-768x1152.jpg 768w, https:\/\/foto.praha-19.ys-beta.cz\/app\/uploads\/2022\/11\/2021_05_26_Pasovani-na-ctenare197-1024x1536.jpg 1024w, https:\/\/foto.praha-19.ys-beta.cz\/app\/uploads\/2022\/11\/2021_05_26_Pasovani-na-ctenare197-1194x1791.jpg 1194w, https:\/\/foto.praha-19.ys-beta.cz\/app\/uploads\/2022\/11\/2021_05_26_Pasovani-na-ctenare197-582x873.jpg 582w, https:\/\/foto.praha-19.ys-beta.cz\/app\/uploads\/2022\/11\/2021_05_26_Pasovani-na-ctenare197-276x414.jpg 276w, https:\/\/foto.praha-19.ys-beta.cz\/app\/uploads\/2022\/11\/2021_05_26_Pasovani-na-ctenare197-300x450.jpg 300w, https:\/\/foto.praha-19.ys-beta.cz\/app\/uploads\/2022\/11\/2021_05_26_Pasovani-na-ctenare197.jpg 1280w\" sizes=\"auto, (max-width: 378px) 100vw, 378px\" \/><\/a><\/div><div class='pinhole-item col-xs-12 col-lg-4 col-md-4 col-sm-6  '><a class=\"item-link\" href=\"https:\/\/foto.praha-19.ys-beta.cz\/app\/uploads\/2022\/11\/2021_05_26_Pasovani-na-ctenare196.jpg\" data-caption=\"[]\" data-meta=\"[]\"  data-size=\"{&quot;width&quot;:1280,&quot;height&quot;:1920}\" data-download=\"[]\" data-filename=\"{&quot;name&quot;:&quot;&quot;}\"><img loading=\"lazy\" decoding=\"async\" width=\"378\" height=\"567\" src=\"https:\/\/foto.praha-19.ys-beta.cz\/app\/uploads\/2022\/11\/2021_05_26_Pasovani-na-ctenare196-378x567.jpg\" class=\"attachment-pinhole-col-3 size-pinhole-col-3\" alt=\"\" srcset=\"https:\/\/foto.praha-19.ys-beta.cz\/app\/uploads\/2022\/11\/2021_05_26_Pasovani-na-ctenare196-378x567.jpg 378w, https:\/\/foto.praha-19.ys-beta.cz\/app\/uploads\/2022\/11\/2021_05_26_Pasovani-na-ctenare196-200x300.jpg 200w, https:\/\/foto.praha-19.ys-beta.cz\/app\/uploads\/2022\/11\/2021_05_26_Pasovani-na-ctenare196-683x1024.jpg 683w, https:\/\/foto.praha-19.ys-beta.cz\/app\/uploads\/2022\/11\/2021_05_26_Pasovani-na-ctenare196-768x1152.jpg 768w, https:\/\/foto.praha-19.ys-beta.cz\/app\/uploads\/2022\/11\/2021_05_26_Pasovani-na-ctenare196-1024x1536.jpg 1024w, https:\/\/foto.praha-19.ys-beta.cz\/app\/uploads\/2022\/11\/2021_05_26_Pasovani-na-ctenare196-1194x1791.jpg 1194w, https:\/\/foto.praha-19.ys-beta.cz\/app\/uploads\/2022\/11\/2021_05_26_Pasovani-na-ctenare196-582x873.jpg 582w, https:\/\/foto.praha-19.ys-beta.cz\/app\/uploads\/2022\/11\/2021_05_26_Pasovani-na-ctenare196-276x414.jpg 276w, https:\/\/foto.praha-19.ys-beta.cz\/app\/uploads\/2022\/11\/2021_05_26_Pasovani-na-ctenare196-300x450.jpg 300w, https:\/\/foto.praha-19.ys-beta.cz\/app\/uploads\/2022\/11\/2021_05_26_Pasovani-na-ctenare196.jpg 1280w\" sizes=\"auto, (max-width: 378px) 100vw, 378px\" \/><\/a><\/div><div class='pinhole-item col-xs-12 col-lg-4 col-md-4 col-sm-6  '><a class=\"item-link\" href=\"https:\/\/foto.praha-19.ys-beta.cz\/app\/uploads\/2022\/11\/2021_05_26_Pasovani-na-ctenare195.jpg\" data-caption=\"[]\" data-meta=\"[]\"  data-size=\"{&quot;width&quot;:1920,&quot;height&quot;:1280}\" data-download=\"[]\" data-filename=\"{&quot;name&quot;:&quot;&quot;}\"><img loading=\"lazy\" decoding=\"async\" width=\"378\" height=\"252\" src=\"https:\/\/foto.praha-19.ys-beta.cz\/app\/uploads\/2022\/11\/2021_05_26_Pasovani-na-ctenare195-378x252.jpg\" class=\"attachment-pinhole-col-3 size-pinhole-col-3\" alt=\"\" srcset=\"https:\/\/foto.praha-19.ys-beta.cz\/app\/uploads\/2022\/11\/2021_05_26_Pasovani-na-ctenare195-378x252.jpg 378w, https:\/\/foto.praha-19.ys-beta.cz\/app\/uploads\/2022\/11\/2021_05_26_Pasovani-na-ctenare195-300x200.jpg 300w, https:\/\/foto.praha-19.ys-beta.cz\/app\/uploads\/2022\/11\/2021_05_26_Pasovani-na-ctenare195-1024x683.jpg 1024w, https:\/\/foto.praha-19.ys-beta.cz\/app\/uploads\/2022\/11\/2021_05_26_Pasovani-na-ctenare195-768x512.jpg 768w, https:\/\/foto.praha-19.ys-beta.cz\/app\/uploads\/2022\/11\/2021_05_26_Pasovani-na-ctenare195-1536x1024.jpg 1536w, https:\/\/foto.praha-19.ys-beta.cz\/app\/uploads\/2022\/11\/2021_05_26_Pasovani-na-ctenare195-1194x796.jpg 1194w, https:\/\/foto.praha-19.ys-beta.cz\/app\/uploads\/2022\/11\/2021_05_26_Pasovani-na-ctenare195-582x388.jpg 582w, https:\/\/foto.praha-19.ys-beta.cz\/app\/uploads\/2022\/11\/2021_05_26_Pasovani-na-ctenare195-276x184.jpg 276w, https:\/\/foto.praha-19.ys-beta.cz\/app\/uploads\/2022\/11\/2021_05_26_Pasovani-na-ctenare195-675x450.jpg 675w, https:\/\/foto.praha-19.ys-beta.cz\/app\/uploads\/2022\/11\/2021_05_26_Pasovani-na-ctenare195.jpg 1920w\" sizes=\"auto, (max-width: 378px) 100vw, 378px\" \/><\/a><\/div><div class='pinhole-item col-xs-12 col-lg-4 col-md-4 col-sm-6  '><a class=\"item-link\" href=\"https:\/\/foto.praha-19.ys-beta.cz\/app\/uploads\/2022\/11\/2021_05_26_Pasovani-na-ctenare194.jpg\" data-caption=\"[]\" data-meta=\"[]\"  data-size=\"{&quot;width&quot;:1280,&quot;height&quot;:1920}\" data-download=\"[]\" data-filename=\"{&quot;name&quot;:&quot;&quot;}\"><img loading=\"lazy\" decoding=\"async\" width=\"378\" height=\"567\" src=\"https:\/\/foto.praha-19.ys-beta.cz\/app\/uploads\/2022\/11\/2021_05_26_Pasovani-na-ctenare194-378x567.jpg\" class=\"attachment-pinhole-col-3 size-pinhole-col-3\" alt=\"\" srcset=\"https:\/\/foto.praha-19.ys-beta.cz\/app\/uploads\/2022\/11\/2021_05_26_Pasovani-na-ctenare194-378x567.jpg 378w, https:\/\/foto.praha-19.ys-beta.cz\/app\/uploads\/2022\/11\/2021_05_26_Pasovani-na-ctenare194-200x300.jpg 200w, https:\/\/foto.praha-19.ys-beta.cz\/app\/uploads\/2022\/11\/2021_05_26_Pasovani-na-ctenare194-683x1024.jpg 683w, https:\/\/foto.praha-19.ys-beta.cz\/app\/uploads\/2022\/11\/2021_05_26_Pasovani-na-ctenare194-768x1152.jpg 768w, https:\/\/foto.praha-19.ys-beta.cz\/app\/uploads\/2022\/11\/2021_05_26_Pasovani-na-ctenare194-1024x1536.jpg 1024w, https:\/\/foto.praha-19.ys-beta.cz\/app\/uploads\/2022\/11\/2021_05_26_Pasovani-na-ctenare194-1194x1791.jpg 1194w, https:\/\/foto.praha-19.ys-beta.cz\/app\/uploads\/2022\/11\/2021_05_26_Pasovani-na-ctenare194-582x873.jpg 582w, https:\/\/foto.praha-19.ys-beta.cz\/app\/uploads\/2022\/11\/2021_05_26_Pasovani-na-ctenare194-276x414.jpg 276w, https:\/\/foto.praha-19.ys-beta.cz\/app\/uploads\/2022\/11\/2021_05_26_Pasovani-na-ctenare194-300x450.jpg 300w, https:\/\/foto.praha-19.ys-beta.cz\/app\/uploads\/2022\/11\/2021_05_26_Pasovani-na-ctenare194.jpg 1280w\" sizes=\"auto, (max-width: 378px) 100vw, 378px\" \/><\/a><\/div><div class='pinhole-item col-xs-12 col-lg-4 col-md-4 col-sm-6  '><a class=\"item-link\" href=\"https:\/\/foto.praha-19.ys-beta.cz\/app\/uploads\/2022\/11\/2021_05_26_Pasovani-na-ctenare193.jpg\" data-caption=\"[]\" data-meta=\"[]\"  data-size=\"{&quot;width&quot;:1280,&quot;height&quot;:1920}\" data-download=\"[]\" data-filename=\"{&quot;name&quot;:&quot;&quot;}\"><img loading=\"lazy\" decoding=\"async\" width=\"378\" height=\"567\" src=\"https:\/\/foto.praha-19.ys-beta.cz\/app\/uploads\/2022\/11\/2021_05_26_Pasovani-na-ctenare193-378x567.jpg\" class=\"attachment-pinhole-col-3 size-pinhole-col-3\" alt=\"\" srcset=\"https:\/\/foto.praha-19.ys-beta.cz\/app\/uploads\/2022\/11\/2021_05_26_Pasovani-na-ctenare193-378x567.jpg 378w, https:\/\/foto.praha-19.ys-beta.cz\/app\/uploads\/2022\/11\/2021_05_26_Pasovani-na-ctenare193-200x300.jpg 200w, https:\/\/foto.praha-19.ys-beta.cz\/app\/uploads\/2022\/11\/2021_05_26_Pasovani-na-ctenare193-683x1024.jpg 683w, https:\/\/foto.praha-19.ys-beta.cz\/app\/uploads\/2022\/11\/2021_05_26_Pasovani-na-ctenare193-768x1152.jpg 768w, https:\/\/foto.praha-19.ys-beta.cz\/app\/uploads\/2022\/11\/2021_05_26_Pasovani-na-ctenare193-1024x1536.jpg 1024w, https:\/\/foto.praha-19.ys-beta.cz\/app\/uploads\/2022\/11\/2021_05_26_Pasovani-na-ctenare193-1194x1791.jpg 1194w, https:\/\/foto.praha-19.ys-beta.cz\/app\/uploads\/2022\/11\/2021_05_26_Pasovani-na-ctenare193-582x873.jpg 582w, https:\/\/foto.praha-19.ys-beta.cz\/app\/uploads\/2022\/11\/2021_05_26_Pasovani-na-ctenare193-276x414.jpg 276w, https:\/\/foto.praha-19.ys-beta.cz\/app\/uploads\/2022\/11\/2021_05_26_Pasovani-na-ctenare193-300x450.jpg 300w, https:\/\/foto.praha-19.ys-beta.cz\/app\/uploads\/2022\/11\/2021_05_26_Pasovani-na-ctenare193.jpg 1280w\" sizes=\"auto, (max-width: 378px) 100vw, 378px\" \/><\/a><\/div><div class='pinhole-item col-xs-12 col-lg-4 col-md-4 col-sm-6  '><a class=\"item-link\" href=\"https:\/\/foto.praha-19.ys-beta.cz\/app\/uploads\/2022\/11\/2021_05_26_Pasovani-na-ctenare192.jpg\" data-caption=\"[]\" data-meta=\"[]\"  data-size=\"{&quot;width&quot;:1920,&quot;height&quot;:1280}\" data-download=\"[]\" data-filename=\"{&quot;name&quot;:&quot;&quot;}\"><img loading=\"lazy\" decoding=\"async\" width=\"378\" height=\"252\" src=\"https:\/\/foto.praha-19.ys-beta.cz\/app\/uploads\/2022\/11\/2021_05_26_Pasovani-na-ctenare192-378x252.jpg\" class=\"attachment-pinhole-col-3 size-pinhole-col-3\" alt=\"\" srcset=\"https:\/\/foto.praha-19.ys-beta.cz\/app\/uploads\/2022\/11\/2021_05_26_Pasovani-na-ctenare192-378x252.jpg 378w, https:\/\/foto.praha-19.ys-beta.cz\/app\/uploads\/2022\/11\/2021_05_26_Pasovani-na-ctenare192-300x200.jpg 300w, https:\/\/foto.praha-19.ys-beta.cz\/app\/uploads\/2022\/11\/2021_05_26_Pasovani-na-ctenare192-1024x683.jpg 1024w, https:\/\/foto.praha-19.ys-beta.cz\/app\/uploads\/2022\/11\/2021_05_26_Pasovani-na-ctenare192-768x512.jpg 768w, https:\/\/foto.praha-19.ys-beta.cz\/app\/uploads\/2022\/11\/2021_05_26_Pasovani-na-ctenare192-1536x1024.jpg 1536w, https:\/\/foto.praha-19.ys-beta.cz\/app\/uploads\/2022\/11\/2021_05_26_Pasovani-na-ctenare192-1194x796.jpg 1194w, https:\/\/foto.praha-19.ys-beta.cz\/app\/uploads\/2022\/11\/2021_05_26_Pasovani-na-ctenare192-582x388.jpg 582w, https:\/\/foto.praha-19.ys-beta.cz\/app\/uploads\/2022\/11\/2021_05_26_Pasovani-na-ctenare192-276x184.jpg 276w, https:\/\/foto.praha-19.ys-beta.cz\/app\/uploads\/2022\/11\/2021_05_26_Pasovani-na-ctenare192-675x450.jpg 675w, https:\/\/foto.praha-19.ys-beta.cz\/app\/uploads\/2022\/11\/2021_05_26_Pasovani-na-ctenare192.jpg 1920w\" sizes=\"auto, (max-width: 378px) 100vw, 378px\" \/><\/a><\/div><div class='pinhole-item col-xs-12 col-lg-4 col-md-4 col-sm-6  '><a class=\"item-link\" href=\"https:\/\/foto.praha-19.ys-beta.cz\/app\/uploads\/2022\/11\/2021_05_26_Pasovani-na-ctenare190.jpg\" data-caption=\"[]\" data-meta=\"[]\"  data-size=\"{&quot;width&quot;:1280,&quot;height&quot;:1920}\" data-download=\"[]\" data-filename=\"{&quot;name&quot;:&quot;&quot;}\"><img loading=\"lazy\" decoding=\"async\" width=\"378\" height=\"567\" src=\"https:\/\/foto.praha-19.ys-beta.cz\/app\/uploads\/2022\/11\/2021_05_26_Pasovani-na-ctenare190-378x567.jpg\" class=\"attachment-pinhole-col-3 size-pinhole-col-3\" alt=\"\" srcset=\"https:\/\/foto.praha-19.ys-beta.cz\/app\/uploads\/2022\/11\/2021_05_26_Pasovani-na-ctenare190-378x567.jpg 378w, https:\/\/foto.praha-19.ys-beta.cz\/app\/uploads\/2022\/11\/2021_05_26_Pasovani-na-ctenare190-200x300.jpg 200w, https:\/\/foto.praha-19.ys-beta.cz\/app\/uploads\/2022\/11\/2021_05_26_Pasovani-na-ctenare190-683x1024.jpg 683w, https:\/\/foto.praha-19.ys-beta.cz\/app\/uploads\/2022\/11\/2021_05_26_Pasovani-na-ctenare190-768x1152.jpg 768w, https:\/\/foto.praha-19.ys-beta.cz\/app\/uploads\/2022\/11\/2021_05_26_Pasovani-na-ctenare190-1024x1536.jpg 1024w, https:\/\/foto.praha-19.ys-beta.cz\/app\/uploads\/2022\/11\/2021_05_26_Pasovani-na-ctenare190-1194x1791.jpg 1194w, https:\/\/foto.praha-19.ys-beta.cz\/app\/uploads\/2022\/11\/2021_05_26_Pasovani-na-ctenare190-582x873.jpg 582w, https:\/\/foto.praha-19.ys-beta.cz\/app\/uploads\/2022\/11\/2021_05_26_Pasovani-na-ctenare190-276x414.jpg 276w, https:\/\/foto.praha-19.ys-beta.cz\/app\/uploads\/2022\/11\/2021_05_26_Pasovani-na-ctenare190-300x450.jpg 300w, https:\/\/foto.praha-19.ys-beta.cz\/app\/uploads\/2022\/11\/2021_05_26_Pasovani-na-ctenare190.jpg 1280w\" sizes=\"auto, (max-width: 378px) 100vw, 378px\" \/><\/a><\/div><div class='pinhole-item col-xs-12 col-lg-4 col-md-4 col-sm-6  '><a class=\"item-link\" href=\"https:\/\/foto.praha-19.ys-beta.cz\/app\/uploads\/2022\/11\/2021_05_26_Pasovani-na-ctenare189.jpg\" data-caption=\"[]\" data-meta=\"[]\"  data-size=\"{&quot;width&quot;:1920,&quot;height&quot;:1280}\" data-download=\"[]\" data-filename=\"{&quot;name&quot;:&quot;&quot;}\"><img loading=\"lazy\" decoding=\"async\" width=\"378\" height=\"252\" src=\"https:\/\/foto.praha-19.ys-beta.cz\/app\/uploads\/2022\/11\/2021_05_26_Pasovani-na-ctenare189-378x252.jpg\" class=\"attachment-pinhole-col-3 size-pinhole-col-3\" alt=\"\" srcset=\"https:\/\/foto.praha-19.ys-beta.cz\/app\/uploads\/2022\/11\/2021_05_26_Pasovani-na-ctenare189-378x252.jpg 378w, https:\/\/foto.praha-19.ys-beta.cz\/app\/uploads\/2022\/11\/2021_05_26_Pasovani-na-ctenare189-300x200.jpg 300w, https:\/\/foto.praha-19.ys-beta.cz\/app\/uploads\/2022\/11\/2021_05_26_Pasovani-na-ctenare189-1024x683.jpg 1024w, https:\/\/foto.praha-19.ys-beta.cz\/app\/uploads\/2022\/11\/2021_05_26_Pasovani-na-ctenare189-768x512.jpg 768w, https:\/\/foto.praha-19.ys-beta.cz\/app\/uploads\/2022\/11\/2021_05_26_Pasovani-na-ctenare189-1536x1024.jpg 1536w, https:\/\/foto.praha-19.ys-beta.cz\/app\/uploads\/2022\/11\/2021_05_26_Pasovani-na-ctenare189-1194x796.jpg 1194w, https:\/\/foto.praha-19.ys-beta.cz\/app\/uploads\/2022\/11\/2021_05_26_Pasovani-na-ctenare189-582x388.jpg 582w, https:\/\/foto.praha-19.ys-beta.cz\/app\/uploads\/2022\/11\/2021_05_26_Pasovani-na-ctenare189-276x184.jpg 276w, https:\/\/foto.praha-19.ys-beta.cz\/app\/uploads\/2022\/11\/2021_05_26_Pasovani-na-ctenare189-675x450.jpg 675w, https:\/\/foto.praha-19.ys-beta.cz\/app\/uploads\/2022\/11\/2021_05_26_Pasovani-na-ctenare189.jpg 1920w\" sizes=\"auto, (max-width: 378px) 100vw, 378px\" \/><\/a><\/div><div class='pinhole-item col-xs-12 col-lg-4 col-md-4 col-sm-6  '><a class=\"item-link\" href=\"https:\/\/foto.praha-19.ys-beta.cz\/app\/uploads\/2022\/11\/2021_05_26_Pasovani-na-ctenare188.jpg\" data-caption=\"[]\" data-meta=\"[]\"  data-size=\"{&quot;width&quot;:1280,&quot;height&quot;:1920}\" data-download=\"[]\" data-filename=\"{&quot;name&quot;:&quot;&quot;}\"><img loading=\"lazy\" decoding=\"async\" width=\"378\" height=\"567\" src=\"https:\/\/foto.praha-19.ys-beta.cz\/app\/uploads\/2022\/11\/2021_05_26_Pasovani-na-ctenare188-378x567.jpg\" class=\"attachment-pinhole-col-3 size-pinhole-col-3\" alt=\"\" srcset=\"https:\/\/foto.praha-19.ys-beta.cz\/app\/uploads\/2022\/11\/2021_05_26_Pasovani-na-ctenare188-378x567.jpg 378w, https:\/\/foto.praha-19.ys-beta.cz\/app\/uploads\/2022\/11\/2021_05_26_Pasovani-na-ctenare188-200x300.jpg 200w, https:\/\/foto.praha-19.ys-beta.cz\/app\/uploads\/2022\/11\/2021_05_26_Pasovani-na-ctenare188-683x1024.jpg 683w, https:\/\/foto.praha-19.ys-beta.cz\/app\/uploads\/2022\/11\/2021_05_26_Pasovani-na-ctenare188-768x1152.jpg 768w, https:\/\/foto.praha-19.ys-beta.cz\/app\/uploads\/2022\/11\/2021_05_26_Pasovani-na-ctenare188-1024x1536.jpg 1024w, https:\/\/foto.praha-19.ys-beta.cz\/app\/uploads\/2022\/11\/2021_05_26_Pasovani-na-ctenare188-1194x1791.jpg 1194w, https:\/\/foto.praha-19.ys-beta.cz\/app\/uploads\/2022\/11\/2021_05_26_Pasovani-na-ctenare188-582x873.jpg 582w, https:\/\/foto.praha-19.ys-beta.cz\/app\/uploads\/2022\/11\/2021_05_26_Pasovani-na-ctenare188-276x414.jpg 276w, https:\/\/foto.praha-19.ys-beta.cz\/app\/uploads\/2022\/11\/2021_05_26_Pasovani-na-ctenare188-300x450.jpg 300w, https:\/\/foto.praha-19.ys-beta.cz\/app\/uploads\/2022\/11\/2021_05_26_Pasovani-na-ctenare188.jpg 1280w\" sizes=\"auto, (max-width: 378px) 100vw, 378px\" \/><\/a><\/div><div class='pinhole-item col-xs-12 col-lg-4 col-md-4 col-sm-6  '><a class=\"item-link\" href=\"https:\/\/foto.praha-19.ys-beta.cz\/app\/uploads\/2022\/11\/2021_05_26_Pasovani-na-ctenare187.jpg\" data-caption=\"[]\" data-meta=\"[]\"  data-size=\"{&quot;width&quot;:1920,&quot;height&quot;:1280}\" data-download=\"[]\" data-filename=\"{&quot;name&quot;:&quot;&quot;}\"><img loading=\"lazy\" decoding=\"async\" width=\"378\" height=\"252\" src=\"https:\/\/foto.praha-19.ys-beta.cz\/app\/uploads\/2022\/11\/2021_05_26_Pasovani-na-ctenare187-378x252.jpg\" class=\"attachment-pinhole-col-3 size-pinhole-col-3\" alt=\"\" srcset=\"https:\/\/foto.praha-19.ys-beta.cz\/app\/uploads\/2022\/11\/2021_05_26_Pasovani-na-ctenare187-378x252.jpg 378w, https:\/\/foto.praha-19.ys-beta.cz\/app\/uploads\/2022\/11\/2021_05_26_Pasovani-na-ctenare187-300x200.jpg 300w, https:\/\/foto.praha-19.ys-beta.cz\/app\/uploads\/2022\/11\/2021_05_26_Pasovani-na-ctenare187-1024x683.jpg 1024w, https:\/\/foto.praha-19.ys-beta.cz\/app\/uploads\/2022\/11\/2021_05_26_Pasovani-na-ctenare187-768x512.jpg 768w, https:\/\/foto.praha-19.ys-beta.cz\/app\/uploads\/2022\/11\/2021_05_26_Pasovani-na-ctenare187-1536x1024.jpg 1536w, https:\/\/foto.praha-19.ys-beta.cz\/app\/uploads\/2022\/11\/2021_05_26_Pasovani-na-ctenare187-1194x796.jpg 1194w, https:\/\/foto.praha-19.ys-beta.cz\/app\/uploads\/2022\/11\/2021_05_26_Pasovani-na-ctenare187-582x388.jpg 582w, https:\/\/foto.praha-19.ys-beta.cz\/app\/uploads\/2022\/11\/2021_05_26_Pasovani-na-ctenare187-276x184.jpg 276w, https:\/\/foto.praha-19.ys-beta.cz\/app\/uploads\/2022\/11\/2021_05_26_Pasovani-na-ctenare187-675x450.jpg 675w, https:\/\/foto.praha-19.ys-beta.cz\/app\/uploads\/2022\/11\/2021_05_26_Pasovani-na-ctenare187.jpg 1920w\" sizes=\"auto, (max-width: 378px) 100vw, 378px\" \/><\/a><\/div><div class='pinhole-item col-xs-12 col-lg-4 col-md-4 col-sm-6  '><a class=\"item-link\" href=\"https:\/\/foto.praha-19.ys-beta.cz\/app\/uploads\/2022\/11\/2021_05_26_Pasovani-na-ctenare186.jpg\" data-caption=\"[]\" data-meta=\"[]\"  data-size=\"{&quot;width&quot;:1920,&quot;height&quot;:1280}\" data-download=\"[]\" data-filename=\"{&quot;name&quot;:&quot;&quot;}\"><img loading=\"lazy\" decoding=\"async\" width=\"378\" height=\"252\" src=\"https:\/\/foto.praha-19.ys-beta.cz\/app\/uploads\/2022\/11\/2021_05_26_Pasovani-na-ctenare186-378x252.jpg\" class=\"attachment-pinhole-col-3 size-pinhole-col-3\" alt=\"\" srcset=\"https:\/\/foto.praha-19.ys-beta.cz\/app\/uploads\/2022\/11\/2021_05_26_Pasovani-na-ctenare186-378x252.jpg 378w, https:\/\/foto.praha-19.ys-beta.cz\/app\/uploads\/2022\/11\/2021_05_26_Pasovani-na-ctenare186-300x200.jpg 300w, https:\/\/foto.praha-19.ys-beta.cz\/app\/uploads\/2022\/11\/2021_05_26_Pasovani-na-ctenare186-1024x683.jpg 1024w, https:\/\/foto.praha-19.ys-beta.cz\/app\/uploads\/2022\/11\/2021_05_26_Pasovani-na-ctenare186-768x512.jpg 768w, https:\/\/foto.praha-19.ys-beta.cz\/app\/uploads\/2022\/11\/2021_05_26_Pasovani-na-ctenare186-1536x1024.jpg 1536w, https:\/\/foto.praha-19.ys-beta.cz\/app\/uploads\/2022\/11\/2021_05_26_Pasovani-na-ctenare186-1194x796.jpg 1194w, https:\/\/foto.praha-19.ys-beta.cz\/app\/uploads\/2022\/11\/2021_05_26_Pasovani-na-ctenare186-582x388.jpg 582w, https:\/\/foto.praha-19.ys-beta.cz\/app\/uploads\/2022\/11\/2021_05_26_Pasovani-na-ctenare186-276x184.jpg 276w, https:\/\/foto.praha-19.ys-beta.cz\/app\/uploads\/2022\/11\/2021_05_26_Pasovani-na-ctenare186-675x450.jpg 675w, https:\/\/foto.praha-19.ys-beta.cz\/app\/uploads\/2022\/11\/2021_05_26_Pasovani-na-ctenare186.jpg 1920w\" sizes=\"auto, (max-width: 378px) 100vw, 378px\" \/><\/a><\/div><div class='pinhole-item col-xs-12 col-lg-4 col-md-4 col-sm-6  '><a class=\"item-link\" href=\"https:\/\/foto.praha-19.ys-beta.cz\/app\/uploads\/2022\/11\/2021_05_26_Pasovani-na-ctenare185.jpg\" data-caption=\"[]\" data-meta=\"[]\"  data-size=\"{&quot;width&quot;:1280,&quot;height&quot;:1920}\" data-download=\"[]\" data-filename=\"{&quot;name&quot;:&quot;&quot;}\"><img loading=\"lazy\" decoding=\"async\" width=\"378\" height=\"567\" src=\"https:\/\/foto.praha-19.ys-beta.cz\/app\/uploads\/2022\/11\/2021_05_26_Pasovani-na-ctenare185-378x567.jpg\" class=\"attachment-pinhole-col-3 size-pinhole-col-3\" alt=\"\" srcset=\"https:\/\/foto.praha-19.ys-beta.cz\/app\/uploads\/2022\/11\/2021_05_26_Pasovani-na-ctenare185-378x567.jpg 378w, https:\/\/foto.praha-19.ys-beta.cz\/app\/uploads\/2022\/11\/2021_05_26_Pasovani-na-ctenare185-200x300.jpg 200w, https:\/\/foto.praha-19.ys-beta.cz\/app\/uploads\/2022\/11\/2021_05_26_Pasovani-na-ctenare185-683x1024.jpg 683w, https:\/\/foto.praha-19.ys-beta.cz\/app\/uploads\/2022\/11\/2021_05_26_Pasovani-na-ctenare185-768x1152.jpg 768w, https:\/\/foto.praha-19.ys-beta.cz\/app\/uploads\/2022\/11\/2021_05_26_Pasovani-na-ctenare185-1024x1536.jpg 1024w, https:\/\/foto.praha-19.ys-beta.cz\/app\/uploads\/2022\/11\/2021_05_26_Pasovani-na-ctenare185-1194x1791.jpg 1194w, https:\/\/foto.praha-19.ys-beta.cz\/app\/uploads\/2022\/11\/2021_05_26_Pasovani-na-ctenare185-582x873.jpg 582w, https:\/\/foto.praha-19.ys-beta.cz\/app\/uploads\/2022\/11\/2021_05_26_Pasovani-na-ctenare185-276x414.jpg 276w, https:\/\/foto.praha-19.ys-beta.cz\/app\/uploads\/2022\/11\/2021_05_26_Pasovani-na-ctenare185-300x450.jpg 300w, https:\/\/foto.praha-19.ys-beta.cz\/app\/uploads\/2022\/11\/2021_05_26_Pasovani-na-ctenare185.jpg 1280w\" sizes=\"auto, (max-width: 378px) 100vw, 378px\" \/><\/a><\/div><div class='pinhole-item col-xs-12 col-lg-4 col-md-4 col-sm-6  '><a class=\"item-link\" href=\"https:\/\/foto.praha-19.ys-beta.cz\/app\/uploads\/2022\/11\/2021_05_26_Pasovani-na-ctenare184.jpg\" data-caption=\"[]\" data-meta=\"[]\"  data-size=\"{&quot;width&quot;:1280,&quot;height&quot;:1920}\" data-download=\"[]\" data-filename=\"{&quot;name&quot;:&quot;&quot;}\"><img loading=\"lazy\" decoding=\"async\" width=\"378\" height=\"567\" src=\"https:\/\/foto.praha-19.ys-beta.cz\/app\/uploads\/2022\/11\/2021_05_26_Pasovani-na-ctenare184-378x567.jpg\" class=\"attachment-pinhole-col-3 size-pinhole-col-3\" alt=\"\" srcset=\"https:\/\/foto.praha-19.ys-beta.cz\/app\/uploads\/2022\/11\/2021_05_26_Pasovani-na-ctenare184-378x567.jpg 378w, https:\/\/foto.praha-19.ys-beta.cz\/app\/uploads\/2022\/11\/2021_05_26_Pasovani-na-ctenare184-200x300.jpg 200w, https:\/\/foto.praha-19.ys-beta.cz\/app\/uploads\/2022\/11\/2021_05_26_Pasovani-na-ctenare184-683x1024.jpg 683w, https:\/\/foto.praha-19.ys-beta.cz\/app\/uploads\/2022\/11\/2021_05_26_Pasovani-na-ctenare184-768x1152.jpg 768w, https:\/\/foto.praha-19.ys-beta.cz\/app\/uploads\/2022\/11\/2021_05_26_Pasovani-na-ctenare184-1024x1536.jpg 1024w, https:\/\/foto.praha-19.ys-beta.cz\/app\/uploads\/2022\/11\/2021_05_26_Pasovani-na-ctenare184-1194x1791.jpg 1194w, https:\/\/foto.praha-19.ys-beta.cz\/app\/uploads\/2022\/11\/2021_05_26_Pasovani-na-ctenare184-582x873.jpg 582w, https:\/\/foto.praha-19.ys-beta.cz\/app\/uploads\/2022\/11\/2021_05_26_Pasovani-na-ctenare184-276x414.jpg 276w, https:\/\/foto.praha-19.ys-beta.cz\/app\/uploads\/2022\/11\/2021_05_26_Pasovani-na-ctenare184-300x450.jpg 300w, https:\/\/foto.praha-19.ys-beta.cz\/app\/uploads\/2022\/11\/2021_05_26_Pasovani-na-ctenare184.jpg 1280w\" sizes=\"auto, (max-width: 378px) 100vw, 378px\" \/><\/a><\/div><div class='pinhole-item col-xs-12 col-lg-4 col-md-4 col-sm-6  '><a class=\"item-link\" href=\"https:\/\/foto.praha-19.ys-beta.cz\/app\/uploads\/2022\/11\/2021_05_26_Pasovani-na-ctenare183.jpg\" data-caption=\"[]\" data-meta=\"[]\"  data-size=\"{&quot;width&quot;:1920,&quot;height&quot;:1280}\" data-download=\"[]\" data-filename=\"{&quot;name&quot;:&quot;&quot;}\"><img loading=\"lazy\" decoding=\"async\" width=\"378\" height=\"252\" src=\"https:\/\/foto.praha-19.ys-beta.cz\/app\/uploads\/2022\/11\/2021_05_26_Pasovani-na-ctenare183-378x252.jpg\" class=\"attachment-pinhole-col-3 size-pinhole-col-3\" alt=\"\" srcset=\"https:\/\/foto.praha-19.ys-beta.cz\/app\/uploads\/2022\/11\/2021_05_26_Pasovani-na-ctenare183-378x252.jpg 378w, https:\/\/foto.praha-19.ys-beta.cz\/app\/uploads\/2022\/11\/2021_05_26_Pasovani-na-ctenare183-300x200.jpg 300w, https:\/\/foto.praha-19.ys-beta.cz\/app\/uploads\/2022\/11\/2021_05_26_Pasovani-na-ctenare183-1024x683.jpg 1024w, https:\/\/foto.praha-19.ys-beta.cz\/app\/uploads\/2022\/11\/2021_05_26_Pasovani-na-ctenare183-768x512.jpg 768w, https:\/\/foto.praha-19.ys-beta.cz\/app\/uploads\/2022\/11\/2021_05_26_Pasovani-na-ctenare183-1536x1024.jpg 1536w, https:\/\/foto.praha-19.ys-beta.cz\/app\/uploads\/2022\/11\/2021_05_26_Pasovani-na-ctenare183-1194x796.jpg 1194w, https:\/\/foto.praha-19.ys-beta.cz\/app\/uploads\/2022\/11\/2021_05_26_Pasovani-na-ctenare183-582x388.jpg 582w, https:\/\/foto.praha-19.ys-beta.cz\/app\/uploads\/2022\/11\/2021_05_26_Pasovani-na-ctenare183-276x184.jpg 276w, https:\/\/foto.praha-19.ys-beta.cz\/app\/uploads\/2022\/11\/2021_05_26_Pasovani-na-ctenare183-675x450.jpg 675w, https:\/\/foto.praha-19.ys-beta.cz\/app\/uploads\/2022\/11\/2021_05_26_Pasovani-na-ctenare183.jpg 1920w\" sizes=\"auto, (max-width: 378px) 100vw, 378px\" \/><\/a><\/div><div class='pinhole-item col-xs-12 col-lg-4 col-md-4 col-sm-6  '><a class=\"item-link\" href=\"https:\/\/foto.praha-19.ys-beta.cz\/app\/uploads\/2022\/11\/2021_05_26_Pasovani-na-ctenare182.jpg\" data-caption=\"[]\" data-meta=\"[]\"  data-size=\"{&quot;width&quot;:1280,&quot;height&quot;:1920}\" data-download=\"[]\" data-filename=\"{&quot;name&quot;:&quot;&quot;}\"><img loading=\"lazy\" decoding=\"async\" width=\"378\" height=\"567\" src=\"https:\/\/foto.praha-19.ys-beta.cz\/app\/uploads\/2022\/11\/2021_05_26_Pasovani-na-ctenare182-378x567.jpg\" class=\"attachment-pinhole-col-3 size-pinhole-col-3\" alt=\"\" srcset=\"https:\/\/foto.praha-19.ys-beta.cz\/app\/uploads\/2022\/11\/2021_05_26_Pasovani-na-ctenare182-378x567.jpg 378w, https:\/\/foto.praha-19.ys-beta.cz\/app\/uploads\/2022\/11\/2021_05_26_Pasovani-na-ctenare182-200x300.jpg 200w, https:\/\/foto.praha-19.ys-beta.cz\/app\/uploads\/2022\/11\/2021_05_26_Pasovani-na-ctenare182-683x1024.jpg 683w, https:\/\/foto.praha-19.ys-beta.cz\/app\/uploads\/2022\/11\/2021_05_26_Pasovani-na-ctenare182-768x1152.jpg 768w, https:\/\/foto.praha-19.ys-beta.cz\/app\/uploads\/2022\/11\/2021_05_26_Pasovani-na-ctenare182-1024x1536.jpg 1024w, https:\/\/foto.praha-19.ys-beta.cz\/app\/uploads\/2022\/11\/2021_05_26_Pasovani-na-ctenare182-1194x1791.jpg 1194w, https:\/\/foto.praha-19.ys-beta.cz\/app\/uploads\/2022\/11\/2021_05_26_Pasovani-na-ctenare182-582x873.jpg 582w, https:\/\/foto.praha-19.ys-beta.cz\/app\/uploads\/2022\/11\/2021_05_26_Pasovani-na-ctenare182-276x414.jpg 276w, https:\/\/foto.praha-19.ys-beta.cz\/app\/uploads\/2022\/11\/2021_05_26_Pasovani-na-ctenare182-300x450.jpg 300w, https:\/\/foto.praha-19.ys-beta.cz\/app\/uploads\/2022\/11\/2021_05_26_Pasovani-na-ctenare182.jpg 1280w\" sizes=\"auto, (max-width: 378px) 100vw, 378px\" \/><\/a><\/div><div class='pinhole-item col-xs-12 col-lg-4 col-md-4 col-sm-6  '><a class=\"item-link\" href=\"https:\/\/foto.praha-19.ys-beta.cz\/app\/uploads\/2022\/11\/2021_05_26_Pasovani-na-ctenare181.jpg\" data-caption=\"[]\" data-meta=\"[]\"  data-size=\"{&quot;width&quot;:1920,&quot;height&quot;:1280}\" data-download=\"[]\" data-filename=\"{&quot;name&quot;:&quot;&quot;}\"><img loading=\"lazy\" decoding=\"async\" width=\"378\" height=\"252\" src=\"https:\/\/foto.praha-19.ys-beta.cz\/app\/uploads\/2022\/11\/2021_05_26_Pasovani-na-ctenare181-378x252.jpg\" class=\"attachment-pinhole-col-3 size-pinhole-col-3\" alt=\"\" srcset=\"https:\/\/foto.praha-19.ys-beta.cz\/app\/uploads\/2022\/11\/2021_05_26_Pasovani-na-ctenare181-378x252.jpg 378w, https:\/\/foto.praha-19.ys-beta.cz\/app\/uploads\/2022\/11\/2021_05_26_Pasovani-na-ctenare181-300x200.jpg 300w, https:\/\/foto.praha-19.ys-beta.cz\/app\/uploads\/2022\/11\/2021_05_26_Pasovani-na-ctenare181-1024x683.jpg 1024w, https:\/\/foto.praha-19.ys-beta.cz\/app\/uploads\/2022\/11\/2021_05_26_Pasovani-na-ctenare181-768x512.jpg 768w, https:\/\/foto.praha-19.ys-beta.cz\/app\/uploads\/2022\/11\/2021_05_26_Pasovani-na-ctenare181-1536x1024.jpg 1536w, https:\/\/foto.praha-19.ys-beta.cz\/app\/uploads\/2022\/11\/2021_05_26_Pasovani-na-ctenare181-1194x796.jpg 1194w, https:\/\/foto.praha-19.ys-beta.cz\/app\/uploads\/2022\/11\/2021_05_26_Pasovani-na-ctenare181-582x388.jpg 582w, https:\/\/foto.praha-19.ys-beta.cz\/app\/uploads\/2022\/11\/2021_05_26_Pasovani-na-ctenare181-276x184.jpg 276w, https:\/\/foto.praha-19.ys-beta.cz\/app\/uploads\/2022\/11\/2021_05_26_Pasovani-na-ctenare181-675x450.jpg 675w, https:\/\/foto.praha-19.ys-beta.cz\/app\/uploads\/2022\/11\/2021_05_26_Pasovani-na-ctenare181.jpg 1920w\" sizes=\"auto, (max-width: 378px) 100vw, 378px\" \/><\/a><\/div><div class='pinhole-item col-xs-12 col-lg-4 col-md-4 col-sm-6  '><a class=\"item-link\" href=\"https:\/\/foto.praha-19.ys-beta.cz\/app\/uploads\/2022\/11\/2021_05_26_Pasovani-na-ctenare180.jpg\" data-caption=\"[]\" data-meta=\"[]\"  data-size=\"{&quot;width&quot;:1280,&quot;height&quot;:1920}\" data-download=\"[]\" data-filename=\"{&quot;name&quot;:&quot;&quot;}\"><img loading=\"lazy\" decoding=\"async\" width=\"378\" height=\"567\" src=\"https:\/\/foto.praha-19.ys-beta.cz\/app\/uploads\/2022\/11\/2021_05_26_Pasovani-na-ctenare180-378x567.jpg\" class=\"attachment-pinhole-col-3 size-pinhole-col-3\" alt=\"\" srcset=\"https:\/\/foto.praha-19.ys-beta.cz\/app\/uploads\/2022\/11\/2021_05_26_Pasovani-na-ctenare180-378x567.jpg 378w, https:\/\/foto.praha-19.ys-beta.cz\/app\/uploads\/2022\/11\/2021_05_26_Pasovani-na-ctenare180-200x300.jpg 200w, https:\/\/foto.praha-19.ys-beta.cz\/app\/uploads\/2022\/11\/2021_05_26_Pasovani-na-ctenare180-683x1024.jpg 683w, https:\/\/foto.praha-19.ys-beta.cz\/app\/uploads\/2022\/11\/2021_05_26_Pasovani-na-ctenare180-768x1152.jpg 768w, https:\/\/foto.praha-19.ys-beta.cz\/app\/uploads\/2022\/11\/2021_05_26_Pasovani-na-ctenare180-1024x1536.jpg 1024w, https:\/\/foto.praha-19.ys-beta.cz\/app\/uploads\/2022\/11\/2021_05_26_Pasovani-na-ctenare180-1194x1791.jpg 1194w, https:\/\/foto.praha-19.ys-beta.cz\/app\/uploads\/2022\/11\/2021_05_26_Pasovani-na-ctenare180-582x873.jpg 582w, https:\/\/foto.praha-19.ys-beta.cz\/app\/uploads\/2022\/11\/2021_05_26_Pasovani-na-ctenare180-276x414.jpg 276w, https:\/\/foto.praha-19.ys-beta.cz\/app\/uploads\/2022\/11\/2021_05_26_Pasovani-na-ctenare180-300x450.jpg 300w, https:\/\/foto.praha-19.ys-beta.cz\/app\/uploads\/2022\/11\/2021_05_26_Pasovani-na-ctenare180.jpg 1280w\" sizes=\"auto, (max-width: 378px) 100vw, 378px\" \/><\/a><\/div><div class='pinhole-item col-xs-12 col-lg-4 col-md-4 col-sm-6  '><a class=\"item-link\" href=\"https:\/\/foto.praha-19.ys-beta.cz\/app\/uploads\/2022\/11\/2021_05_26_Pasovani-na-ctenare179.jpg\" data-caption=\"[]\" data-meta=\"[]\"  data-size=\"{&quot;width&quot;:1280,&quot;height&quot;:1920}\" data-download=\"[]\" data-filename=\"{&quot;name&quot;:&quot;&quot;}\"><img loading=\"lazy\" decoding=\"async\" width=\"378\" height=\"567\" src=\"https:\/\/foto.praha-19.ys-beta.cz\/app\/uploads\/2022\/11\/2021_05_26_Pasovani-na-ctenare179-378x567.jpg\" class=\"attachment-pinhole-col-3 size-pinhole-col-3\" alt=\"\" srcset=\"https:\/\/foto.praha-19.ys-beta.cz\/app\/uploads\/2022\/11\/2021_05_26_Pasovani-na-ctenare179-378x567.jpg 378w, https:\/\/foto.praha-19.ys-beta.cz\/app\/uploads\/2022\/11\/2021_05_26_Pasovani-na-ctenare179-200x300.jpg 200w, https:\/\/foto.praha-19.ys-beta.cz\/app\/uploads\/2022\/11\/2021_05_26_Pasovani-na-ctenare179-683x1024.jpg 683w, https:\/\/foto.praha-19.ys-beta.cz\/app\/uploads\/2022\/11\/2021_05_26_Pasovani-na-ctenare179-768x1152.jpg 768w, https:\/\/foto.praha-19.ys-beta.cz\/app\/uploads\/2022\/11\/2021_05_26_Pasovani-na-ctenare179-1024x1536.jpg 1024w, https:\/\/foto.praha-19.ys-beta.cz\/app\/uploads\/2022\/11\/2021_05_26_Pasovani-na-ctenare179-1194x1791.jpg 1194w, https:\/\/foto.praha-19.ys-beta.cz\/app\/uploads\/2022\/11\/2021_05_26_Pasovani-na-ctenare179-582x873.jpg 582w, https:\/\/foto.praha-19.ys-beta.cz\/app\/uploads\/2022\/11\/2021_05_26_Pasovani-na-ctenare179-276x414.jpg 276w, https:\/\/foto.praha-19.ys-beta.cz\/app\/uploads\/2022\/11\/2021_05_26_Pasovani-na-ctenare179-300x450.jpg 300w, https:\/\/foto.praha-19.ys-beta.cz\/app\/uploads\/2022\/11\/2021_05_26_Pasovani-na-ctenare179.jpg 1280w\" sizes=\"auto, (max-width: 378px) 100vw, 378px\" \/><\/a><\/div><div class='pinhole-item col-xs-12 col-lg-4 col-md-4 col-sm-6  '><a class=\"item-link\" href=\"https:\/\/foto.praha-19.ys-beta.cz\/app\/uploads\/2022\/11\/2021_05_26_Pasovani-na-ctenare178.jpg\" data-caption=\"[]\" data-meta=\"[]\"  data-size=\"{&quot;width&quot;:1280,&quot;height&quot;:1920}\" data-download=\"[]\" data-filename=\"{&quot;name&quot;:&quot;&quot;}\"><img loading=\"lazy\" decoding=\"async\" width=\"378\" height=\"567\" src=\"https:\/\/foto.praha-19.ys-beta.cz\/app\/uploads\/2022\/11\/2021_05_26_Pasovani-na-ctenare178-378x567.jpg\" class=\"attachment-pinhole-col-3 size-pinhole-col-3\" alt=\"\" srcset=\"https:\/\/foto.praha-19.ys-beta.cz\/app\/uploads\/2022\/11\/2021_05_26_Pasovani-na-ctenare178-378x567.jpg 378w, https:\/\/foto.praha-19.ys-beta.cz\/app\/uploads\/2022\/11\/2021_05_26_Pasovani-na-ctenare178-200x300.jpg 200w, https:\/\/foto.praha-19.ys-beta.cz\/app\/uploads\/2022\/11\/2021_05_26_Pasovani-na-ctenare178-683x1024.jpg 683w, https:\/\/foto.praha-19.ys-beta.cz\/app\/uploads\/2022\/11\/2021_05_26_Pasovani-na-ctenare178-768x1152.jpg 768w, https:\/\/foto.praha-19.ys-beta.cz\/app\/uploads\/2022\/11\/2021_05_26_Pasovani-na-ctenare178-1024x1536.jpg 1024w, https:\/\/foto.praha-19.ys-beta.cz\/app\/uploads\/2022\/11\/2021_05_26_Pasovani-na-ctenare178-1194x1791.jpg 1194w, https:\/\/foto.praha-19.ys-beta.cz\/app\/uploads\/2022\/11\/2021_05_26_Pasovani-na-ctenare178-582x873.jpg 582w, https:\/\/foto.praha-19.ys-beta.cz\/app\/uploads\/2022\/11\/2021_05_26_Pasovani-na-ctenare178-276x414.jpg 276w, https:\/\/foto.praha-19.ys-beta.cz\/app\/uploads\/2022\/11\/2021_05_26_Pasovani-na-ctenare178-300x450.jpg 300w, https:\/\/foto.praha-19.ys-beta.cz\/app\/uploads\/2022\/11\/2021_05_26_Pasovani-na-ctenare178.jpg 1280w\" sizes=\"auto, (max-width: 378px) 100vw, 378px\" \/><\/a><\/div><div class='pinhole-item col-xs-12 col-lg-4 col-md-4 col-sm-6  '><a class=\"item-link\" href=\"https:\/\/foto.praha-19.ys-beta.cz\/app\/uploads\/2022\/11\/2021_05_26_Pasovani-na-ctenare177.jpg\" data-caption=\"[]\" data-meta=\"[]\"  data-size=\"{&quot;width&quot;:1920,&quot;height&quot;:1280}\" data-download=\"[]\" data-filename=\"{&quot;name&quot;:&quot;&quot;}\"><img loading=\"lazy\" decoding=\"async\" width=\"378\" height=\"252\" src=\"https:\/\/foto.praha-19.ys-beta.cz\/app\/uploads\/2022\/11\/2021_05_26_Pasovani-na-ctenare177-378x252.jpg\" class=\"attachment-pinhole-col-3 size-pinhole-col-3\" alt=\"\" srcset=\"https:\/\/foto.praha-19.ys-beta.cz\/app\/uploads\/2022\/11\/2021_05_26_Pasovani-na-ctenare177-378x252.jpg 378w, https:\/\/foto.praha-19.ys-beta.cz\/app\/uploads\/2022\/11\/2021_05_26_Pasovani-na-ctenare177-300x200.jpg 300w, https:\/\/foto.praha-19.ys-beta.cz\/app\/uploads\/2022\/11\/2021_05_26_Pasovani-na-ctenare177-1024x683.jpg 1024w, https:\/\/foto.praha-19.ys-beta.cz\/app\/uploads\/2022\/11\/2021_05_26_Pasovani-na-ctenare177-768x512.jpg 768w, https:\/\/foto.praha-19.ys-beta.cz\/app\/uploads\/2022\/11\/2021_05_26_Pasovani-na-ctenare177-1536x1024.jpg 1536w, https:\/\/foto.praha-19.ys-beta.cz\/app\/uploads\/2022\/11\/2021_05_26_Pasovani-na-ctenare177-1194x796.jpg 1194w, https:\/\/foto.praha-19.ys-beta.cz\/app\/uploads\/2022\/11\/2021_05_26_Pasovani-na-ctenare177-582x388.jpg 582w, https:\/\/foto.praha-19.ys-beta.cz\/app\/uploads\/2022\/11\/2021_05_26_Pasovani-na-ctenare177-276x184.jpg 276w, https:\/\/foto.praha-19.ys-beta.cz\/app\/uploads\/2022\/11\/2021_05_26_Pasovani-na-ctenare177-675x450.jpg 675w, https:\/\/foto.praha-19.ys-beta.cz\/app\/uploads\/2022\/11\/2021_05_26_Pasovani-na-ctenare177.jpg 1920w\" sizes=\"auto, (max-width: 378px) 100vw, 378px\" \/><\/a><\/div><div class='pinhole-item col-xs-12 col-lg-4 col-md-4 col-sm-6  '><a class=\"item-link\" href=\"https:\/\/foto.praha-19.ys-beta.cz\/app\/uploads\/2022\/11\/2021_05_26_Pasovani-na-ctenare175.jpg\" data-caption=\"[]\" data-meta=\"[]\"  data-size=\"{&quot;width&quot;:1280,&quot;height&quot;:1920}\" data-download=\"[]\" data-filename=\"{&quot;name&quot;:&quot;&quot;}\"><img loading=\"lazy\" decoding=\"async\" width=\"378\" height=\"567\" src=\"https:\/\/foto.praha-19.ys-beta.cz\/app\/uploads\/2022\/11\/2021_05_26_Pasovani-na-ctenare175-378x567.jpg\" class=\"attachment-pinhole-col-3 size-pinhole-col-3\" alt=\"\" srcset=\"https:\/\/foto.praha-19.ys-beta.cz\/app\/uploads\/2022\/11\/2021_05_26_Pasovani-na-ctenare175-378x567.jpg 378w, https:\/\/foto.praha-19.ys-beta.cz\/app\/uploads\/2022\/11\/2021_05_26_Pasovani-na-ctenare175-200x300.jpg 200w, https:\/\/foto.praha-19.ys-beta.cz\/app\/uploads\/2022\/11\/2021_05_26_Pasovani-na-ctenare175-683x1024.jpg 683w, https:\/\/foto.praha-19.ys-beta.cz\/app\/uploads\/2022\/11\/2021_05_26_Pasovani-na-ctenare175-768x1152.jpg 768w, https:\/\/foto.praha-19.ys-beta.cz\/app\/uploads\/2022\/11\/2021_05_26_Pasovani-na-ctenare175-1024x1536.jpg 1024w, https:\/\/foto.praha-19.ys-beta.cz\/app\/uploads\/2022\/11\/2021_05_26_Pasovani-na-ctenare175-1194x1791.jpg 1194w, https:\/\/foto.praha-19.ys-beta.cz\/app\/uploads\/2022\/11\/2021_05_26_Pasovani-na-ctenare175-582x873.jpg 582w, https:\/\/foto.praha-19.ys-beta.cz\/app\/uploads\/2022\/11\/2021_05_26_Pasovani-na-ctenare175-276x414.jpg 276w, https:\/\/foto.praha-19.ys-beta.cz\/app\/uploads\/2022\/11\/2021_05_26_Pasovani-na-ctenare175-300x450.jpg 300w, https:\/\/foto.praha-19.ys-beta.cz\/app\/uploads\/2022\/11\/2021_05_26_Pasovani-na-ctenare175.jpg 1280w\" sizes=\"auto, (max-width: 378px) 100vw, 378px\" \/><\/a><\/div><div class='pinhole-item col-xs-12 col-lg-4 col-md-4 col-sm-6  '><a class=\"item-link\" href=\"https:\/\/foto.praha-19.ys-beta.cz\/app\/uploads\/2022\/11\/2021_05_26_Pasovani-na-ctenare174.jpg\" data-caption=\"[]\" data-meta=\"[]\"  data-size=\"{&quot;width&quot;:1280,&quot;height&quot;:1920}\" data-download=\"[]\" data-filename=\"{&quot;name&quot;:&quot;&quot;}\"><img loading=\"lazy\" decoding=\"async\" width=\"378\" height=\"567\" src=\"https:\/\/foto.praha-19.ys-beta.cz\/app\/uploads\/2022\/11\/2021_05_26_Pasovani-na-ctenare174-378x567.jpg\" class=\"attachment-pinhole-col-3 size-pinhole-col-3\" alt=\"\" srcset=\"https:\/\/foto.praha-19.ys-beta.cz\/app\/uploads\/2022\/11\/2021_05_26_Pasovani-na-ctenare174-378x567.jpg 378w, https:\/\/foto.praha-19.ys-beta.cz\/app\/uploads\/2022\/11\/2021_05_26_Pasovani-na-ctenare174-200x300.jpg 200w, https:\/\/foto.praha-19.ys-beta.cz\/app\/uploads\/2022\/11\/2021_05_26_Pasovani-na-ctenare174-683x1024.jpg 683w, https:\/\/foto.praha-19.ys-beta.cz\/app\/uploads\/2022\/11\/2021_05_26_Pasovani-na-ctenare174-768x1152.jpg 768w, https:\/\/foto.praha-19.ys-beta.cz\/app\/uploads\/2022\/11\/2021_05_26_Pasovani-na-ctenare174-1024x1536.jpg 1024w, https:\/\/foto.praha-19.ys-beta.cz\/app\/uploads\/2022\/11\/2021_05_26_Pasovani-na-ctenare174-1194x1791.jpg 1194w, https:\/\/foto.praha-19.ys-beta.cz\/app\/uploads\/2022\/11\/2021_05_26_Pasovani-na-ctenare174-582x873.jpg 582w, https:\/\/foto.praha-19.ys-beta.cz\/app\/uploads\/2022\/11\/2021_05_26_Pasovani-na-ctenare174-276x414.jpg 276w, https:\/\/foto.praha-19.ys-beta.cz\/app\/uploads\/2022\/11\/2021_05_26_Pasovani-na-ctenare174-300x450.jpg 300w, https:\/\/foto.praha-19.ys-beta.cz\/app\/uploads\/2022\/11\/2021_05_26_Pasovani-na-ctenare174.jpg 1280w\" sizes=\"auto, (max-width: 378px) 100vw, 378px\" \/><\/a><\/div><div class='pinhole-item col-xs-12 col-lg-4 col-md-4 col-sm-6  '><a class=\"item-link\" href=\"https:\/\/foto.praha-19.ys-beta.cz\/app\/uploads\/2022\/11\/2021_05_26_Pasovani-na-ctenare173.jpg\" data-caption=\"[]\" data-meta=\"[]\"  data-size=\"{&quot;width&quot;:1920,&quot;height&quot;:1280}\" data-download=\"[]\" data-filename=\"{&quot;name&quot;:&quot;&quot;}\"><img loading=\"lazy\" decoding=\"async\" width=\"378\" height=\"252\" src=\"https:\/\/foto.praha-19.ys-beta.cz\/app\/uploads\/2022\/11\/2021_05_26_Pasovani-na-ctenare173-378x252.jpg\" class=\"attachment-pinhole-col-3 size-pinhole-col-3\" alt=\"\" srcset=\"https:\/\/foto.praha-19.ys-beta.cz\/app\/uploads\/2022\/11\/2021_05_26_Pasovani-na-ctenare173-378x252.jpg 378w, https:\/\/foto.praha-19.ys-beta.cz\/app\/uploads\/2022\/11\/2021_05_26_Pasovani-na-ctenare173-300x200.jpg 300w, https:\/\/foto.praha-19.ys-beta.cz\/app\/uploads\/2022\/11\/2021_05_26_Pasovani-na-ctenare173-1024x683.jpg 1024w, https:\/\/foto.praha-19.ys-beta.cz\/app\/uploads\/2022\/11\/2021_05_26_Pasovani-na-ctenare173-768x512.jpg 768w, https:\/\/foto.praha-19.ys-beta.cz\/app\/uploads\/2022\/11\/2021_05_26_Pasovani-na-ctenare173-1536x1024.jpg 1536w, https:\/\/foto.praha-19.ys-beta.cz\/app\/uploads\/2022\/11\/2021_05_26_Pasovani-na-ctenare173-1194x796.jpg 1194w, https:\/\/foto.praha-19.ys-beta.cz\/app\/uploads\/2022\/11\/2021_05_26_Pasovani-na-ctenare173-582x388.jpg 582w, https:\/\/foto.praha-19.ys-beta.cz\/app\/uploads\/2022\/11\/2021_05_26_Pasovani-na-ctenare173-276x184.jpg 276w, https:\/\/foto.praha-19.ys-beta.cz\/app\/uploads\/2022\/11\/2021_05_26_Pasovani-na-ctenare173-675x450.jpg 675w, https:\/\/foto.praha-19.ys-beta.cz\/app\/uploads\/2022\/11\/2021_05_26_Pasovani-na-ctenare173.jpg 1920w\" sizes=\"auto, (max-width: 378px) 100vw, 378px\" \/><\/a><\/div><div class='pinhole-item col-xs-12 col-lg-4 col-md-4 col-sm-6  '><a class=\"item-link\" href=\"https:\/\/foto.praha-19.ys-beta.cz\/app\/uploads\/2022\/11\/2021_05_26_Pasovani-na-ctenare172.jpg\" data-caption=\"[]\" data-meta=\"[]\"  data-size=\"{&quot;width&quot;:1280,&quot;height&quot;:1920}\" data-download=\"[]\" data-filename=\"{&quot;name&quot;:&quot;&quot;}\"><img loading=\"lazy\" decoding=\"async\" width=\"378\" height=\"567\" src=\"https:\/\/foto.praha-19.ys-beta.cz\/app\/uploads\/2022\/11\/2021_05_26_Pasovani-na-ctenare172-378x567.jpg\" class=\"attachment-pinhole-col-3 size-pinhole-col-3\" alt=\"\" srcset=\"https:\/\/foto.praha-19.ys-beta.cz\/app\/uploads\/2022\/11\/2021_05_26_Pasovani-na-ctenare172-378x567.jpg 378w, https:\/\/foto.praha-19.ys-beta.cz\/app\/uploads\/2022\/11\/2021_05_26_Pasovani-na-ctenare172-200x300.jpg 200w, https:\/\/foto.praha-19.ys-beta.cz\/app\/uploads\/2022\/11\/2021_05_26_Pasovani-na-ctenare172-683x1024.jpg 683w, https:\/\/foto.praha-19.ys-beta.cz\/app\/uploads\/2022\/11\/2021_05_26_Pasovani-na-ctenare172-768x1152.jpg 768w, https:\/\/foto.praha-19.ys-beta.cz\/app\/uploads\/2022\/11\/2021_05_26_Pasovani-na-ctenare172-1024x1536.jpg 1024w, https:\/\/foto.praha-19.ys-beta.cz\/app\/uploads\/2022\/11\/2021_05_26_Pasovani-na-ctenare172-1194x1791.jpg 1194w, https:\/\/foto.praha-19.ys-beta.cz\/app\/uploads\/2022\/11\/2021_05_26_Pasovani-na-ctenare172-582x873.jpg 582w, https:\/\/foto.praha-19.ys-beta.cz\/app\/uploads\/2022\/11\/2021_05_26_Pasovani-na-ctenare172-276x414.jpg 276w, https:\/\/foto.praha-19.ys-beta.cz\/app\/uploads\/2022\/11\/2021_05_26_Pasovani-na-ctenare172-300x450.jpg 300w, https:\/\/foto.praha-19.ys-beta.cz\/app\/uploads\/2022\/11\/2021_05_26_Pasovani-na-ctenare172.jpg 1280w\" sizes=\"auto, (max-width: 378px) 100vw, 378px\" \/><\/a><\/div><div class='pinhole-item col-xs-12 col-lg-4 col-md-4 col-sm-6  '><a class=\"item-link\" href=\"https:\/\/foto.praha-19.ys-beta.cz\/app\/uploads\/2022\/11\/2021_05_26_Pasovani-na-ctenare171.jpg\" data-caption=\"[]\" data-meta=\"[]\"  data-size=\"{&quot;width&quot;:1280,&quot;height&quot;:1920}\" data-download=\"[]\" data-filename=\"{&quot;name&quot;:&quot;&quot;}\"><img loading=\"lazy\" decoding=\"async\" width=\"378\" height=\"567\" src=\"https:\/\/foto.praha-19.ys-beta.cz\/app\/uploads\/2022\/11\/2021_05_26_Pasovani-na-ctenare171-378x567.jpg\" class=\"attachment-pinhole-col-3 size-pinhole-col-3\" alt=\"\" srcset=\"https:\/\/foto.praha-19.ys-beta.cz\/app\/uploads\/2022\/11\/2021_05_26_Pasovani-na-ctenare171-378x567.jpg 378w, https:\/\/foto.praha-19.ys-beta.cz\/app\/uploads\/2022\/11\/2021_05_26_Pasovani-na-ctenare171-200x300.jpg 200w, https:\/\/foto.praha-19.ys-beta.cz\/app\/uploads\/2022\/11\/2021_05_26_Pasovani-na-ctenare171-683x1024.jpg 683w, https:\/\/foto.praha-19.ys-beta.cz\/app\/uploads\/2022\/11\/2021_05_26_Pasovani-na-ctenare171-768x1152.jpg 768w, https:\/\/foto.praha-19.ys-beta.cz\/app\/uploads\/2022\/11\/2021_05_26_Pasovani-na-ctenare171-1024x1536.jpg 1024w, https:\/\/foto.praha-19.ys-beta.cz\/app\/uploads\/2022\/11\/2021_05_26_Pasovani-na-ctenare171-1194x1791.jpg 1194w, https:\/\/foto.praha-19.ys-beta.cz\/app\/uploads\/2022\/11\/2021_05_26_Pasovani-na-ctenare171-582x873.jpg 582w, https:\/\/foto.praha-19.ys-beta.cz\/app\/uploads\/2022\/11\/2021_05_26_Pasovani-na-ctenare171-276x414.jpg 276w, https:\/\/foto.praha-19.ys-beta.cz\/app\/uploads\/2022\/11\/2021_05_26_Pasovani-na-ctenare171-300x450.jpg 300w, https:\/\/foto.praha-19.ys-beta.cz\/app\/uploads\/2022\/11\/2021_05_26_Pasovani-na-ctenare171.jpg 1280w\" sizes=\"auto, (max-width: 378px) 100vw, 378px\" \/><\/a><\/div><div class='pinhole-item col-xs-12 col-lg-4 col-md-4 col-sm-6  '><a class=\"item-link\" href=\"https:\/\/foto.praha-19.ys-beta.cz\/app\/uploads\/2022\/11\/2021_05_26_Pasovani-na-ctenare170.jpg\" data-caption=\"[]\" data-meta=\"[]\"  data-size=\"{&quot;width&quot;:1280,&quot;height&quot;:1920}\" data-download=\"[]\" data-filename=\"{&quot;name&quot;:&quot;&quot;}\"><img loading=\"lazy\" decoding=\"async\" width=\"378\" height=\"567\" src=\"https:\/\/foto.praha-19.ys-beta.cz\/app\/uploads\/2022\/11\/2021_05_26_Pasovani-na-ctenare170-378x567.jpg\" class=\"attachment-pinhole-col-3 size-pinhole-col-3\" alt=\"\" srcset=\"https:\/\/foto.praha-19.ys-beta.cz\/app\/uploads\/2022\/11\/2021_05_26_Pasovani-na-ctenare170-378x567.jpg 378w, https:\/\/foto.praha-19.ys-beta.cz\/app\/uploads\/2022\/11\/2021_05_26_Pasovani-na-ctenare170-200x300.jpg 200w, https:\/\/foto.praha-19.ys-beta.cz\/app\/uploads\/2022\/11\/2021_05_26_Pasovani-na-ctenare170-683x1024.jpg 683w, https:\/\/foto.praha-19.ys-beta.cz\/app\/uploads\/2022\/11\/2021_05_26_Pasovani-na-ctenare170-768x1152.jpg 768w, https:\/\/foto.praha-19.ys-beta.cz\/app\/uploads\/2022\/11\/2021_05_26_Pasovani-na-ctenare170-1024x1536.jpg 1024w, https:\/\/foto.praha-19.ys-beta.cz\/app\/uploads\/2022\/11\/2021_05_26_Pasovani-na-ctenare170-1194x1791.jpg 1194w, https:\/\/foto.praha-19.ys-beta.cz\/app\/uploads\/2022\/11\/2021_05_26_Pasovani-na-ctenare170-582x873.jpg 582w, https:\/\/foto.praha-19.ys-beta.cz\/app\/uploads\/2022\/11\/2021_05_26_Pasovani-na-ctenare170-276x414.jpg 276w, https:\/\/foto.praha-19.ys-beta.cz\/app\/uploads\/2022\/11\/2021_05_26_Pasovani-na-ctenare170-300x450.jpg 300w, https:\/\/foto.praha-19.ys-beta.cz\/app\/uploads\/2022\/11\/2021_05_26_Pasovani-na-ctenare170.jpg 1280w\" sizes=\"auto, (max-width: 378px) 100vw, 378px\" \/><\/a><\/div><div class='pinhole-item col-xs-12 col-lg-4 col-md-4 col-sm-6  '><a class=\"item-link\" href=\"https:\/\/foto.praha-19.ys-beta.cz\/app\/uploads\/2022\/11\/2021_05_26_Pasovani-na-ctenare169.jpg\" data-caption=\"[]\" data-meta=\"[]\"  data-size=\"{&quot;width&quot;:1920,&quot;height&quot;:1280}\" data-download=\"[]\" data-filename=\"{&quot;name&quot;:&quot;&quot;}\"><img loading=\"lazy\" decoding=\"async\" width=\"378\" height=\"252\" src=\"https:\/\/foto.praha-19.ys-beta.cz\/app\/uploads\/2022\/11\/2021_05_26_Pasovani-na-ctenare169-378x252.jpg\" class=\"attachment-pinhole-col-3 size-pinhole-col-3\" alt=\"\" srcset=\"https:\/\/foto.praha-19.ys-beta.cz\/app\/uploads\/2022\/11\/2021_05_26_Pasovani-na-ctenare169-378x252.jpg 378w, https:\/\/foto.praha-19.ys-beta.cz\/app\/uploads\/2022\/11\/2021_05_26_Pasovani-na-ctenare169-300x200.jpg 300w, https:\/\/foto.praha-19.ys-beta.cz\/app\/uploads\/2022\/11\/2021_05_26_Pasovani-na-ctenare169-1024x683.jpg 1024w, https:\/\/foto.praha-19.ys-beta.cz\/app\/uploads\/2022\/11\/2021_05_26_Pasovani-na-ctenare169-768x512.jpg 768w, https:\/\/foto.praha-19.ys-beta.cz\/app\/uploads\/2022\/11\/2021_05_26_Pasovani-na-ctenare169-1536x1024.jpg 1536w, https:\/\/foto.praha-19.ys-beta.cz\/app\/uploads\/2022\/11\/2021_05_26_Pasovani-na-ctenare169-1194x796.jpg 1194w, https:\/\/foto.praha-19.ys-beta.cz\/app\/uploads\/2022\/11\/2021_05_26_Pasovani-na-ctenare169-582x388.jpg 582w, https:\/\/foto.praha-19.ys-beta.cz\/app\/uploads\/2022\/11\/2021_05_26_Pasovani-na-ctenare169-276x184.jpg 276w, https:\/\/foto.praha-19.ys-beta.cz\/app\/uploads\/2022\/11\/2021_05_26_Pasovani-na-ctenare169-675x450.jpg 675w, https:\/\/foto.praha-19.ys-beta.cz\/app\/uploads\/2022\/11\/2021_05_26_Pasovani-na-ctenare169.jpg 1920w\" sizes=\"auto, (max-width: 378px) 100vw, 378px\" \/><\/a><\/div><div class='pinhole-item col-xs-12 col-lg-4 col-md-4 col-sm-6  '><a class=\"item-link\" href=\"https:\/\/foto.praha-19.ys-beta.cz\/app\/uploads\/2022\/11\/2021_05_26_Pasovani-na-ctenare168.jpg\" data-caption=\"[]\" data-meta=\"[]\"  data-size=\"{&quot;width&quot;:1280,&quot;height&quot;:1920}\" data-download=\"[]\" data-filename=\"{&quot;name&quot;:&quot;&quot;}\"><img loading=\"lazy\" decoding=\"async\" width=\"378\" height=\"567\" src=\"https:\/\/foto.praha-19.ys-beta.cz\/app\/uploads\/2022\/11\/2021_05_26_Pasovani-na-ctenare168-378x567.jpg\" class=\"attachment-pinhole-col-3 size-pinhole-col-3\" alt=\"\" srcset=\"https:\/\/foto.praha-19.ys-beta.cz\/app\/uploads\/2022\/11\/2021_05_26_Pasovani-na-ctenare168-378x567.jpg 378w, https:\/\/foto.praha-19.ys-beta.cz\/app\/uploads\/2022\/11\/2021_05_26_Pasovani-na-ctenare168-200x300.jpg 200w, https:\/\/foto.praha-19.ys-beta.cz\/app\/uploads\/2022\/11\/2021_05_26_Pasovani-na-ctenare168-683x1024.jpg 683w, https:\/\/foto.praha-19.ys-beta.cz\/app\/uploads\/2022\/11\/2021_05_26_Pasovani-na-ctenare168-768x1152.jpg 768w, https:\/\/foto.praha-19.ys-beta.cz\/app\/uploads\/2022\/11\/2021_05_26_Pasovani-na-ctenare168-1024x1536.jpg 1024w, https:\/\/foto.praha-19.ys-beta.cz\/app\/uploads\/2022\/11\/2021_05_26_Pasovani-na-ctenare168-1194x1791.jpg 1194w, https:\/\/foto.praha-19.ys-beta.cz\/app\/uploads\/2022\/11\/2021_05_26_Pasovani-na-ctenare168-582x873.jpg 582w, https:\/\/foto.praha-19.ys-beta.cz\/app\/uploads\/2022\/11\/2021_05_26_Pasovani-na-ctenare168-276x414.jpg 276w, https:\/\/foto.praha-19.ys-beta.cz\/app\/uploads\/2022\/11\/2021_05_26_Pasovani-na-ctenare168-300x450.jpg 300w, https:\/\/foto.praha-19.ys-beta.cz\/app\/uploads\/2022\/11\/2021_05_26_Pasovani-na-ctenare168.jpg 1280w\" sizes=\"auto, (max-width: 378px) 100vw, 378px\" \/><\/a><\/div><div class='pinhole-item col-xs-12 col-lg-4 col-md-4 col-sm-6  '><a class=\"item-link\" href=\"https:\/\/foto.praha-19.ys-beta.cz\/app\/uploads\/2022\/11\/2021_05_26_Pasovani-na-ctenare167.jpg\" data-caption=\"[]\" data-meta=\"[]\"  data-size=\"{&quot;width&quot;:1280,&quot;height&quot;:1920}\" data-download=\"[]\" data-filename=\"{&quot;name&quot;:&quot;&quot;}\"><img loading=\"lazy\" decoding=\"async\" width=\"378\" height=\"567\" src=\"https:\/\/foto.praha-19.ys-beta.cz\/app\/uploads\/2022\/11\/2021_05_26_Pasovani-na-ctenare167-378x567.jpg\" class=\"attachment-pinhole-col-3 size-pinhole-col-3\" alt=\"\" srcset=\"https:\/\/foto.praha-19.ys-beta.cz\/app\/uploads\/2022\/11\/2021_05_26_Pasovani-na-ctenare167-378x567.jpg 378w, https:\/\/foto.praha-19.ys-beta.cz\/app\/uploads\/2022\/11\/2021_05_26_Pasovani-na-ctenare167-200x300.jpg 200w, https:\/\/foto.praha-19.ys-beta.cz\/app\/uploads\/2022\/11\/2021_05_26_Pasovani-na-ctenare167-683x1024.jpg 683w, https:\/\/foto.praha-19.ys-beta.cz\/app\/uploads\/2022\/11\/2021_05_26_Pasovani-na-ctenare167-768x1152.jpg 768w, https:\/\/foto.praha-19.ys-beta.cz\/app\/uploads\/2022\/11\/2021_05_26_Pasovani-na-ctenare167-1024x1536.jpg 1024w, https:\/\/foto.praha-19.ys-beta.cz\/app\/uploads\/2022\/11\/2021_05_26_Pasovani-na-ctenare167-1194x1791.jpg 1194w, https:\/\/foto.praha-19.ys-beta.cz\/app\/uploads\/2022\/11\/2021_05_26_Pasovani-na-ctenare167-582x873.jpg 582w, https:\/\/foto.praha-19.ys-beta.cz\/app\/uploads\/2022\/11\/2021_05_26_Pasovani-na-ctenare167-276x414.jpg 276w, https:\/\/foto.praha-19.ys-beta.cz\/app\/uploads\/2022\/11\/2021_05_26_Pasovani-na-ctenare167-300x450.jpg 300w, https:\/\/foto.praha-19.ys-beta.cz\/app\/uploads\/2022\/11\/2021_05_26_Pasovani-na-ctenare167.jpg 1280w\" sizes=\"auto, (max-width: 378px) 100vw, 378px\" \/><\/a><\/div><div class='pinhole-item col-xs-12 col-lg-4 col-md-4 col-sm-6  '><a class=\"item-link\" href=\"https:\/\/foto.praha-19.ys-beta.cz\/app\/uploads\/2022\/11\/2021_05_26_Pasovani-na-ctenare166.jpg\" data-caption=\"[]\" data-meta=\"[]\"  data-size=\"{&quot;width&quot;:1920,&quot;height&quot;:1280}\" data-download=\"[]\" data-filename=\"{&quot;name&quot;:&quot;&quot;}\"><img loading=\"lazy\" decoding=\"async\" width=\"378\" height=\"252\" src=\"https:\/\/foto.praha-19.ys-beta.cz\/app\/uploads\/2022\/11\/2021_05_26_Pasovani-na-ctenare166-378x252.jpg\" class=\"attachment-pinhole-col-3 size-pinhole-col-3\" alt=\"\" srcset=\"https:\/\/foto.praha-19.ys-beta.cz\/app\/uploads\/2022\/11\/2021_05_26_Pasovani-na-ctenare166-378x252.jpg 378w, https:\/\/foto.praha-19.ys-beta.cz\/app\/uploads\/2022\/11\/2021_05_26_Pasovani-na-ctenare166-300x200.jpg 300w, https:\/\/foto.praha-19.ys-beta.cz\/app\/uploads\/2022\/11\/2021_05_26_Pasovani-na-ctenare166-1024x683.jpg 1024w, https:\/\/foto.praha-19.ys-beta.cz\/app\/uploads\/2022\/11\/2021_05_26_Pasovani-na-ctenare166-768x512.jpg 768w, https:\/\/foto.praha-19.ys-beta.cz\/app\/uploads\/2022\/11\/2021_05_26_Pasovani-na-ctenare166-1536x1024.jpg 1536w, https:\/\/foto.praha-19.ys-beta.cz\/app\/uploads\/2022\/11\/2021_05_26_Pasovani-na-ctenare166-1194x796.jpg 1194w, https:\/\/foto.praha-19.ys-beta.cz\/app\/uploads\/2022\/11\/2021_05_26_Pasovani-na-ctenare166-582x388.jpg 582w, https:\/\/foto.praha-19.ys-beta.cz\/app\/uploads\/2022\/11\/2021_05_26_Pasovani-na-ctenare166-276x184.jpg 276w, https:\/\/foto.praha-19.ys-beta.cz\/app\/uploads\/2022\/11\/2021_05_26_Pasovani-na-ctenare166-675x450.jpg 675w, https:\/\/foto.praha-19.ys-beta.cz\/app\/uploads\/2022\/11\/2021_05_26_Pasovani-na-ctenare166.jpg 1920w\" sizes=\"auto, (max-width: 378px) 100vw, 378px\" \/><\/a><\/div><div class='pinhole-item col-xs-12 col-lg-4 col-md-4 col-sm-6  '><a class=\"item-link\" href=\"https:\/\/foto.praha-19.ys-beta.cz\/app\/uploads\/2022\/11\/2021_05_26_Pasovani-na-ctenare165.jpg\" data-caption=\"[]\" data-meta=\"[]\"  data-size=\"{&quot;width&quot;:1280,&quot;height&quot;:1920}\" data-download=\"[]\" data-filename=\"{&quot;name&quot;:&quot;&quot;}\"><img loading=\"lazy\" decoding=\"async\" width=\"378\" height=\"567\" src=\"https:\/\/foto.praha-19.ys-beta.cz\/app\/uploads\/2022\/11\/2021_05_26_Pasovani-na-ctenare165-378x567.jpg\" class=\"attachment-pinhole-col-3 size-pinhole-col-3\" alt=\"\" srcset=\"https:\/\/foto.praha-19.ys-beta.cz\/app\/uploads\/2022\/11\/2021_05_26_Pasovani-na-ctenare165-378x567.jpg 378w, https:\/\/foto.praha-19.ys-beta.cz\/app\/uploads\/2022\/11\/2021_05_26_Pasovani-na-ctenare165-200x300.jpg 200w, https:\/\/foto.praha-19.ys-beta.cz\/app\/uploads\/2022\/11\/2021_05_26_Pasovani-na-ctenare165-683x1024.jpg 683w, https:\/\/foto.praha-19.ys-beta.cz\/app\/uploads\/2022\/11\/2021_05_26_Pasovani-na-ctenare165-768x1152.jpg 768w, https:\/\/foto.praha-19.ys-beta.cz\/app\/uploads\/2022\/11\/2021_05_26_Pasovani-na-ctenare165-1024x1536.jpg 1024w, https:\/\/foto.praha-19.ys-beta.cz\/app\/uploads\/2022\/11\/2021_05_26_Pasovani-na-ctenare165-1194x1791.jpg 1194w, https:\/\/foto.praha-19.ys-beta.cz\/app\/uploads\/2022\/11\/2021_05_26_Pasovani-na-ctenare165-582x873.jpg 582w, https:\/\/foto.praha-19.ys-beta.cz\/app\/uploads\/2022\/11\/2021_05_26_Pasovani-na-ctenare165-276x414.jpg 276w, https:\/\/foto.praha-19.ys-beta.cz\/app\/uploads\/2022\/11\/2021_05_26_Pasovani-na-ctenare165-300x450.jpg 300w, https:\/\/foto.praha-19.ys-beta.cz\/app\/uploads\/2022\/11\/2021_05_26_Pasovani-na-ctenare165.jpg 1280w\" sizes=\"auto, (max-width: 378px) 100vw, 378px\" \/><\/a><\/div><div class='pinhole-item col-xs-12 col-lg-4 col-md-4 col-sm-6  '><a class=\"item-link\" href=\"https:\/\/foto.praha-19.ys-beta.cz\/app\/uploads\/2022\/11\/2021_05_26_Pasovani-na-ctenare164.jpg\" data-caption=\"[]\" data-meta=\"[]\"  data-size=\"{&quot;width&quot;:1280,&quot;height&quot;:1920}\" data-download=\"[]\" data-filename=\"{&quot;name&quot;:&quot;&quot;}\"><img loading=\"lazy\" decoding=\"async\" width=\"378\" height=\"567\" src=\"https:\/\/foto.praha-19.ys-beta.cz\/app\/uploads\/2022\/11\/2021_05_26_Pasovani-na-ctenare164-378x567.jpg\" class=\"attachment-pinhole-col-3 size-pinhole-col-3\" alt=\"\" srcset=\"https:\/\/foto.praha-19.ys-beta.cz\/app\/uploads\/2022\/11\/2021_05_26_Pasovani-na-ctenare164-378x567.jpg 378w, https:\/\/foto.praha-19.ys-beta.cz\/app\/uploads\/2022\/11\/2021_05_26_Pasovani-na-ctenare164-200x300.jpg 200w, https:\/\/foto.praha-19.ys-beta.cz\/app\/uploads\/2022\/11\/2021_05_26_Pasovani-na-ctenare164-683x1024.jpg 683w, https:\/\/foto.praha-19.ys-beta.cz\/app\/uploads\/2022\/11\/2021_05_26_Pasovani-na-ctenare164-768x1152.jpg 768w, https:\/\/foto.praha-19.ys-beta.cz\/app\/uploads\/2022\/11\/2021_05_26_Pasovani-na-ctenare164-1024x1536.jpg 1024w, https:\/\/foto.praha-19.ys-beta.cz\/app\/uploads\/2022\/11\/2021_05_26_Pasovani-na-ctenare164-1194x1791.jpg 1194w, https:\/\/foto.praha-19.ys-beta.cz\/app\/uploads\/2022\/11\/2021_05_26_Pasovani-na-ctenare164-582x873.jpg 582w, https:\/\/foto.praha-19.ys-beta.cz\/app\/uploads\/2022\/11\/2021_05_26_Pasovani-na-ctenare164-276x414.jpg 276w, https:\/\/foto.praha-19.ys-beta.cz\/app\/uploads\/2022\/11\/2021_05_26_Pasovani-na-ctenare164-300x450.jpg 300w, https:\/\/foto.praha-19.ys-beta.cz\/app\/uploads\/2022\/11\/2021_05_26_Pasovani-na-ctenare164.jpg 1280w\" sizes=\"auto, (max-width: 378px) 100vw, 378px\" \/><\/a><\/div><div class='pinhole-item col-xs-12 col-lg-4 col-md-4 col-sm-6  '><a class=\"item-link\" href=\"https:\/\/foto.praha-19.ys-beta.cz\/app\/uploads\/2022\/11\/2021_05_26_Pasovani-na-ctenare163.jpg\" data-caption=\"[]\" data-meta=\"[]\"  data-size=\"{&quot;width&quot;:1920,&quot;height&quot;:1280}\" data-download=\"[]\" data-filename=\"{&quot;name&quot;:&quot;&quot;}\"><img loading=\"lazy\" decoding=\"async\" width=\"378\" height=\"252\" src=\"https:\/\/foto.praha-19.ys-beta.cz\/app\/uploads\/2022\/11\/2021_05_26_Pasovani-na-ctenare163-378x252.jpg\" class=\"attachment-pinhole-col-3 size-pinhole-col-3\" alt=\"\" srcset=\"https:\/\/foto.praha-19.ys-beta.cz\/app\/uploads\/2022\/11\/2021_05_26_Pasovani-na-ctenare163-378x252.jpg 378w, https:\/\/foto.praha-19.ys-beta.cz\/app\/uploads\/2022\/11\/2021_05_26_Pasovani-na-ctenare163-300x200.jpg 300w, https:\/\/foto.praha-19.ys-beta.cz\/app\/uploads\/2022\/11\/2021_05_26_Pasovani-na-ctenare163-1024x683.jpg 1024w, https:\/\/foto.praha-19.ys-beta.cz\/app\/uploads\/2022\/11\/2021_05_26_Pasovani-na-ctenare163-768x512.jpg 768w, https:\/\/foto.praha-19.ys-beta.cz\/app\/uploads\/2022\/11\/2021_05_26_Pasovani-na-ctenare163-1536x1024.jpg 1536w, https:\/\/foto.praha-19.ys-beta.cz\/app\/uploads\/2022\/11\/2021_05_26_Pasovani-na-ctenare163-1194x796.jpg 1194w, https:\/\/foto.praha-19.ys-beta.cz\/app\/uploads\/2022\/11\/2021_05_26_Pasovani-na-ctenare163-582x388.jpg 582w, https:\/\/foto.praha-19.ys-beta.cz\/app\/uploads\/2022\/11\/2021_05_26_Pasovani-na-ctenare163-276x184.jpg 276w, https:\/\/foto.praha-19.ys-beta.cz\/app\/uploads\/2022\/11\/2021_05_26_Pasovani-na-ctenare163-675x450.jpg 675w, https:\/\/foto.praha-19.ys-beta.cz\/app\/uploads\/2022\/11\/2021_05_26_Pasovani-na-ctenare163.jpg 1920w\" sizes=\"auto, (max-width: 378px) 100vw, 378px\" \/><\/a><\/div><div class='pinhole-item col-xs-12 col-lg-4 col-md-4 col-sm-6  '><a class=\"item-link\" href=\"https:\/\/foto.praha-19.ys-beta.cz\/app\/uploads\/2022\/11\/2021_05_26_Pasovani-na-ctenare162.jpg\" data-caption=\"[]\" data-meta=\"[]\"  data-size=\"{&quot;width&quot;:1280,&quot;height&quot;:1920}\" data-download=\"[]\" data-filename=\"{&quot;name&quot;:&quot;&quot;}\"><img loading=\"lazy\" decoding=\"async\" width=\"378\" height=\"567\" src=\"https:\/\/foto.praha-19.ys-beta.cz\/app\/uploads\/2022\/11\/2021_05_26_Pasovani-na-ctenare162-378x567.jpg\" class=\"attachment-pinhole-col-3 size-pinhole-col-3\" alt=\"\" srcset=\"https:\/\/foto.praha-19.ys-beta.cz\/app\/uploads\/2022\/11\/2021_05_26_Pasovani-na-ctenare162-378x567.jpg 378w, https:\/\/foto.praha-19.ys-beta.cz\/app\/uploads\/2022\/11\/2021_05_26_Pasovani-na-ctenare162-200x300.jpg 200w, https:\/\/foto.praha-19.ys-beta.cz\/app\/uploads\/2022\/11\/2021_05_26_Pasovani-na-ctenare162-683x1024.jpg 683w, https:\/\/foto.praha-19.ys-beta.cz\/app\/uploads\/2022\/11\/2021_05_26_Pasovani-na-ctenare162-768x1152.jpg 768w, https:\/\/foto.praha-19.ys-beta.cz\/app\/uploads\/2022\/11\/2021_05_26_Pasovani-na-ctenare162-1024x1536.jpg 1024w, https:\/\/foto.praha-19.ys-beta.cz\/app\/uploads\/2022\/11\/2021_05_26_Pasovani-na-ctenare162-1194x1791.jpg 1194w, https:\/\/foto.praha-19.ys-beta.cz\/app\/uploads\/2022\/11\/2021_05_26_Pasovani-na-ctenare162-582x873.jpg 582w, https:\/\/foto.praha-19.ys-beta.cz\/app\/uploads\/2022\/11\/2021_05_26_Pasovani-na-ctenare162-276x414.jpg 276w, https:\/\/foto.praha-19.ys-beta.cz\/app\/uploads\/2022\/11\/2021_05_26_Pasovani-na-ctenare162-300x450.jpg 300w, https:\/\/foto.praha-19.ys-beta.cz\/app\/uploads\/2022\/11\/2021_05_26_Pasovani-na-ctenare162.jpg 1280w\" sizes=\"auto, (max-width: 378px) 100vw, 378px\" \/><\/a><\/div><div class='pinhole-item col-xs-12 col-lg-4 col-md-4 col-sm-6  '><a class=\"item-link\" href=\"https:\/\/foto.praha-19.ys-beta.cz\/app\/uploads\/2022\/11\/2021_05_26_Pasovani-na-ctenare161.jpg\" data-caption=\"[]\" data-meta=\"[]\"  data-size=\"{&quot;width&quot;:1280,&quot;height&quot;:1920}\" data-download=\"[]\" data-filename=\"{&quot;name&quot;:&quot;&quot;}\"><img loading=\"lazy\" decoding=\"async\" width=\"378\" height=\"567\" src=\"https:\/\/foto.praha-19.ys-beta.cz\/app\/uploads\/2022\/11\/2021_05_26_Pasovani-na-ctenare161-378x567.jpg\" class=\"attachment-pinhole-col-3 size-pinhole-col-3\" alt=\"\" srcset=\"https:\/\/foto.praha-19.ys-beta.cz\/app\/uploads\/2022\/11\/2021_05_26_Pasovani-na-ctenare161-378x567.jpg 378w, https:\/\/foto.praha-19.ys-beta.cz\/app\/uploads\/2022\/11\/2021_05_26_Pasovani-na-ctenare161-200x300.jpg 200w, https:\/\/foto.praha-19.ys-beta.cz\/app\/uploads\/2022\/11\/2021_05_26_Pasovani-na-ctenare161-683x1024.jpg 683w, https:\/\/foto.praha-19.ys-beta.cz\/app\/uploads\/2022\/11\/2021_05_26_Pasovani-na-ctenare161-768x1152.jpg 768w, https:\/\/foto.praha-19.ys-beta.cz\/app\/uploads\/2022\/11\/2021_05_26_Pasovani-na-ctenare161-1024x1536.jpg 1024w, https:\/\/foto.praha-19.ys-beta.cz\/app\/uploads\/2022\/11\/2021_05_26_Pasovani-na-ctenare161-1194x1791.jpg 1194w, https:\/\/foto.praha-19.ys-beta.cz\/app\/uploads\/2022\/11\/2021_05_26_Pasovani-na-ctenare161-582x873.jpg 582w, https:\/\/foto.praha-19.ys-beta.cz\/app\/uploads\/2022\/11\/2021_05_26_Pasovani-na-ctenare161-276x414.jpg 276w, https:\/\/foto.praha-19.ys-beta.cz\/app\/uploads\/2022\/11\/2021_05_26_Pasovani-na-ctenare161-300x450.jpg 300w, https:\/\/foto.praha-19.ys-beta.cz\/app\/uploads\/2022\/11\/2021_05_26_Pasovani-na-ctenare161.jpg 1280w\" sizes=\"auto, (max-width: 378px) 100vw, 378px\" \/><\/a><\/div><div class='pinhole-item col-xs-12 col-lg-4 col-md-4 col-sm-6  '><a class=\"item-link\" href=\"https:\/\/foto.praha-19.ys-beta.cz\/app\/uploads\/2022\/11\/2021_05_26_Pasovani-na-ctenare160.jpg\" data-caption=\"[]\" data-meta=\"[]\"  data-size=\"{&quot;width&quot;:1280,&quot;height&quot;:1920}\" data-download=\"[]\" data-filename=\"{&quot;name&quot;:&quot;&quot;}\"><img loading=\"lazy\" decoding=\"async\" width=\"378\" height=\"567\" src=\"https:\/\/foto.praha-19.ys-beta.cz\/app\/uploads\/2022\/11\/2021_05_26_Pasovani-na-ctenare160-378x567.jpg\" class=\"attachment-pinhole-col-3 size-pinhole-col-3\" alt=\"\" srcset=\"https:\/\/foto.praha-19.ys-beta.cz\/app\/uploads\/2022\/11\/2021_05_26_Pasovani-na-ctenare160-378x567.jpg 378w, https:\/\/foto.praha-19.ys-beta.cz\/app\/uploads\/2022\/11\/2021_05_26_Pasovani-na-ctenare160-200x300.jpg 200w, https:\/\/foto.praha-19.ys-beta.cz\/app\/uploads\/2022\/11\/2021_05_26_Pasovani-na-ctenare160-683x1024.jpg 683w, https:\/\/foto.praha-19.ys-beta.cz\/app\/uploads\/2022\/11\/2021_05_26_Pasovani-na-ctenare160-768x1152.jpg 768w, https:\/\/foto.praha-19.ys-beta.cz\/app\/uploads\/2022\/11\/2021_05_26_Pasovani-na-ctenare160-1024x1536.jpg 1024w, https:\/\/foto.praha-19.ys-beta.cz\/app\/uploads\/2022\/11\/2021_05_26_Pasovani-na-ctenare160-1194x1791.jpg 1194w, https:\/\/foto.praha-19.ys-beta.cz\/app\/uploads\/2022\/11\/2021_05_26_Pasovani-na-ctenare160-582x873.jpg 582w, https:\/\/foto.praha-19.ys-beta.cz\/app\/uploads\/2022\/11\/2021_05_26_Pasovani-na-ctenare160-276x414.jpg 276w, https:\/\/foto.praha-19.ys-beta.cz\/app\/uploads\/2022\/11\/2021_05_26_Pasovani-na-ctenare160-300x450.jpg 300w, https:\/\/foto.praha-19.ys-beta.cz\/app\/uploads\/2022\/11\/2021_05_26_Pasovani-na-ctenare160.jpg 1280w\" sizes=\"auto, (max-width: 378px) 100vw, 378px\" \/><\/a><\/div><div class='pinhole-item col-xs-12 col-lg-4 col-md-4 col-sm-6  '><a class=\"item-link\" href=\"https:\/\/foto.praha-19.ys-beta.cz\/app\/uploads\/2022\/11\/2021_05_26_Pasovani-na-ctenare159.jpg\" data-caption=\"[]\" data-meta=\"[]\"  data-size=\"{&quot;width&quot;:1920,&quot;height&quot;:1280}\" data-download=\"[]\" data-filename=\"{&quot;name&quot;:&quot;&quot;}\"><img loading=\"lazy\" decoding=\"async\" width=\"378\" height=\"252\" src=\"https:\/\/foto.praha-19.ys-beta.cz\/app\/uploads\/2022\/11\/2021_05_26_Pasovani-na-ctenare159-378x252.jpg\" class=\"attachment-pinhole-col-3 size-pinhole-col-3\" alt=\"\" srcset=\"https:\/\/foto.praha-19.ys-beta.cz\/app\/uploads\/2022\/11\/2021_05_26_Pasovani-na-ctenare159-378x252.jpg 378w, https:\/\/foto.praha-19.ys-beta.cz\/app\/uploads\/2022\/11\/2021_05_26_Pasovani-na-ctenare159-300x200.jpg 300w, https:\/\/foto.praha-19.ys-beta.cz\/app\/uploads\/2022\/11\/2021_05_26_Pasovani-na-ctenare159-1024x683.jpg 1024w, https:\/\/foto.praha-19.ys-beta.cz\/app\/uploads\/2022\/11\/2021_05_26_Pasovani-na-ctenare159-768x512.jpg 768w, https:\/\/foto.praha-19.ys-beta.cz\/app\/uploads\/2022\/11\/2021_05_26_Pasovani-na-ctenare159-1536x1024.jpg 1536w, https:\/\/foto.praha-19.ys-beta.cz\/app\/uploads\/2022\/11\/2021_05_26_Pasovani-na-ctenare159-1194x796.jpg 1194w, https:\/\/foto.praha-19.ys-beta.cz\/app\/uploads\/2022\/11\/2021_05_26_Pasovani-na-ctenare159-582x388.jpg 582w, https:\/\/foto.praha-19.ys-beta.cz\/app\/uploads\/2022\/11\/2021_05_26_Pasovani-na-ctenare159-276x184.jpg 276w, https:\/\/foto.praha-19.ys-beta.cz\/app\/uploads\/2022\/11\/2021_05_26_Pasovani-na-ctenare159-675x450.jpg 675w, https:\/\/foto.praha-19.ys-beta.cz\/app\/uploads\/2022\/11\/2021_05_26_Pasovani-na-ctenare159.jpg 1920w\" sizes=\"auto, (max-width: 378px) 100vw, 378px\" \/><\/a><\/div><div class='pinhole-item col-xs-12 col-lg-4 col-md-4 col-sm-6  '><a class=\"item-link\" href=\"https:\/\/foto.praha-19.ys-beta.cz\/app\/uploads\/2022\/11\/2021_05_26_Pasovani-na-ctenare158.jpg\" data-caption=\"[]\" data-meta=\"[]\"  data-size=\"{&quot;width&quot;:1280,&quot;height&quot;:1920}\" data-download=\"[]\" data-filename=\"{&quot;name&quot;:&quot;&quot;}\"><img loading=\"lazy\" decoding=\"async\" width=\"378\" height=\"567\" src=\"https:\/\/foto.praha-19.ys-beta.cz\/app\/uploads\/2022\/11\/2021_05_26_Pasovani-na-ctenare158-378x567.jpg\" class=\"attachment-pinhole-col-3 size-pinhole-col-3\" alt=\"\" srcset=\"https:\/\/foto.praha-19.ys-beta.cz\/app\/uploads\/2022\/11\/2021_05_26_Pasovani-na-ctenare158-378x567.jpg 378w, https:\/\/foto.praha-19.ys-beta.cz\/app\/uploads\/2022\/11\/2021_05_26_Pasovani-na-ctenare158-200x300.jpg 200w, https:\/\/foto.praha-19.ys-beta.cz\/app\/uploads\/2022\/11\/2021_05_26_Pasovani-na-ctenare158-683x1024.jpg 683w, https:\/\/foto.praha-19.ys-beta.cz\/app\/uploads\/2022\/11\/2021_05_26_Pasovani-na-ctenare158-768x1152.jpg 768w, https:\/\/foto.praha-19.ys-beta.cz\/app\/uploads\/2022\/11\/2021_05_26_Pasovani-na-ctenare158-1024x1536.jpg 1024w, https:\/\/foto.praha-19.ys-beta.cz\/app\/uploads\/2022\/11\/2021_05_26_Pasovani-na-ctenare158-1194x1791.jpg 1194w, https:\/\/foto.praha-19.ys-beta.cz\/app\/uploads\/2022\/11\/2021_05_26_Pasovani-na-ctenare158-582x873.jpg 582w, https:\/\/foto.praha-19.ys-beta.cz\/app\/uploads\/2022\/11\/2021_05_26_Pasovani-na-ctenare158-276x414.jpg 276w, https:\/\/foto.praha-19.ys-beta.cz\/app\/uploads\/2022\/11\/2021_05_26_Pasovani-na-ctenare158-300x450.jpg 300w, https:\/\/foto.praha-19.ys-beta.cz\/app\/uploads\/2022\/11\/2021_05_26_Pasovani-na-ctenare158.jpg 1280w\" sizes=\"auto, (max-width: 378px) 100vw, 378px\" \/><\/a><\/div><div class='pinhole-item col-xs-12 col-lg-4 col-md-4 col-sm-6  '><a class=\"item-link\" href=\"https:\/\/foto.praha-19.ys-beta.cz\/app\/uploads\/2022\/11\/2021_05_26_Pasovani-na-ctenare157.jpg\" data-caption=\"[]\" data-meta=\"[]\"  data-size=\"{&quot;width&quot;:1280,&quot;height&quot;:1920}\" data-download=\"[]\" data-filename=\"{&quot;name&quot;:&quot;&quot;}\"><img loading=\"lazy\" decoding=\"async\" width=\"378\" height=\"567\" src=\"https:\/\/foto.praha-19.ys-beta.cz\/app\/uploads\/2022\/11\/2021_05_26_Pasovani-na-ctenare157-378x567.jpg\" class=\"attachment-pinhole-col-3 size-pinhole-col-3\" alt=\"\" srcset=\"https:\/\/foto.praha-19.ys-beta.cz\/app\/uploads\/2022\/11\/2021_05_26_Pasovani-na-ctenare157-378x567.jpg 378w, https:\/\/foto.praha-19.ys-beta.cz\/app\/uploads\/2022\/11\/2021_05_26_Pasovani-na-ctenare157-200x300.jpg 200w, https:\/\/foto.praha-19.ys-beta.cz\/app\/uploads\/2022\/11\/2021_05_26_Pasovani-na-ctenare157-683x1024.jpg 683w, https:\/\/foto.praha-19.ys-beta.cz\/app\/uploads\/2022\/11\/2021_05_26_Pasovani-na-ctenare157-768x1152.jpg 768w, https:\/\/foto.praha-19.ys-beta.cz\/app\/uploads\/2022\/11\/2021_05_26_Pasovani-na-ctenare157-1024x1536.jpg 1024w, https:\/\/foto.praha-19.ys-beta.cz\/app\/uploads\/2022\/11\/2021_05_26_Pasovani-na-ctenare157-1194x1791.jpg 1194w, https:\/\/foto.praha-19.ys-beta.cz\/app\/uploads\/2022\/11\/2021_05_26_Pasovani-na-ctenare157-582x873.jpg 582w, https:\/\/foto.praha-19.ys-beta.cz\/app\/uploads\/2022\/11\/2021_05_26_Pasovani-na-ctenare157-276x414.jpg 276w, https:\/\/foto.praha-19.ys-beta.cz\/app\/uploads\/2022\/11\/2021_05_26_Pasovani-na-ctenare157-300x450.jpg 300w, https:\/\/foto.praha-19.ys-beta.cz\/app\/uploads\/2022\/11\/2021_05_26_Pasovani-na-ctenare157.jpg 1280w\" sizes=\"auto, (max-width: 378px) 100vw, 378px\" \/><\/a><\/div><div class='pinhole-item col-xs-12 col-lg-4 col-md-4 col-sm-6  '><a class=\"item-link\" href=\"https:\/\/foto.praha-19.ys-beta.cz\/app\/uploads\/2022\/11\/2021_05_26_Pasovani-na-ctenare156.jpg\" data-caption=\"[]\" data-meta=\"[]\"  data-size=\"{&quot;width&quot;:1920,&quot;height&quot;:1280}\" data-download=\"[]\" data-filename=\"{&quot;name&quot;:&quot;&quot;}\"><img loading=\"lazy\" decoding=\"async\" width=\"378\" height=\"252\" src=\"https:\/\/foto.praha-19.ys-beta.cz\/app\/uploads\/2022\/11\/2021_05_26_Pasovani-na-ctenare156-378x252.jpg\" class=\"attachment-pinhole-col-3 size-pinhole-col-3\" alt=\"\" srcset=\"https:\/\/foto.praha-19.ys-beta.cz\/app\/uploads\/2022\/11\/2021_05_26_Pasovani-na-ctenare156-378x252.jpg 378w, https:\/\/foto.praha-19.ys-beta.cz\/app\/uploads\/2022\/11\/2021_05_26_Pasovani-na-ctenare156-300x200.jpg 300w, https:\/\/foto.praha-19.ys-beta.cz\/app\/uploads\/2022\/11\/2021_05_26_Pasovani-na-ctenare156-1024x683.jpg 1024w, https:\/\/foto.praha-19.ys-beta.cz\/app\/uploads\/2022\/11\/2021_05_26_Pasovani-na-ctenare156-768x512.jpg 768w, https:\/\/foto.praha-19.ys-beta.cz\/app\/uploads\/2022\/11\/2021_05_26_Pasovani-na-ctenare156-1536x1024.jpg 1536w, https:\/\/foto.praha-19.ys-beta.cz\/app\/uploads\/2022\/11\/2021_05_26_Pasovani-na-ctenare156-1194x796.jpg 1194w, https:\/\/foto.praha-19.ys-beta.cz\/app\/uploads\/2022\/11\/2021_05_26_Pasovani-na-ctenare156-582x388.jpg 582w, https:\/\/foto.praha-19.ys-beta.cz\/app\/uploads\/2022\/11\/2021_05_26_Pasovani-na-ctenare156-276x184.jpg 276w, https:\/\/foto.praha-19.ys-beta.cz\/app\/uploads\/2022\/11\/2021_05_26_Pasovani-na-ctenare156-675x450.jpg 675w, https:\/\/foto.praha-19.ys-beta.cz\/app\/uploads\/2022\/11\/2021_05_26_Pasovani-na-ctenare156.jpg 1920w\" sizes=\"auto, (max-width: 378px) 100vw, 378px\" \/><\/a><\/div><div class='pinhole-item col-xs-12 col-lg-4 col-md-4 col-sm-6  '><a class=\"item-link\" href=\"https:\/\/foto.praha-19.ys-beta.cz\/app\/uploads\/2022\/11\/2021_05_26_Pasovani-na-ctenare155.jpg\" data-caption=\"[]\" data-meta=\"[]\"  data-size=\"{&quot;width&quot;:1280,&quot;height&quot;:1920}\" data-download=\"[]\" data-filename=\"{&quot;name&quot;:&quot;&quot;}\"><img loading=\"lazy\" decoding=\"async\" width=\"378\" height=\"567\" src=\"https:\/\/foto.praha-19.ys-beta.cz\/app\/uploads\/2022\/11\/2021_05_26_Pasovani-na-ctenare155-378x567.jpg\" class=\"attachment-pinhole-col-3 size-pinhole-col-3\" alt=\"\" srcset=\"https:\/\/foto.praha-19.ys-beta.cz\/app\/uploads\/2022\/11\/2021_05_26_Pasovani-na-ctenare155-378x567.jpg 378w, https:\/\/foto.praha-19.ys-beta.cz\/app\/uploads\/2022\/11\/2021_05_26_Pasovani-na-ctenare155-200x300.jpg 200w, https:\/\/foto.praha-19.ys-beta.cz\/app\/uploads\/2022\/11\/2021_05_26_Pasovani-na-ctenare155-683x1024.jpg 683w, https:\/\/foto.praha-19.ys-beta.cz\/app\/uploads\/2022\/11\/2021_05_26_Pasovani-na-ctenare155-768x1152.jpg 768w, https:\/\/foto.praha-19.ys-beta.cz\/app\/uploads\/2022\/11\/2021_05_26_Pasovani-na-ctenare155-1024x1536.jpg 1024w, https:\/\/foto.praha-19.ys-beta.cz\/app\/uploads\/2022\/11\/2021_05_26_Pasovani-na-ctenare155-1194x1791.jpg 1194w, https:\/\/foto.praha-19.ys-beta.cz\/app\/uploads\/2022\/11\/2021_05_26_Pasovani-na-ctenare155-582x873.jpg 582w, https:\/\/foto.praha-19.ys-beta.cz\/app\/uploads\/2022\/11\/2021_05_26_Pasovani-na-ctenare155-276x414.jpg 276w, https:\/\/foto.praha-19.ys-beta.cz\/app\/uploads\/2022\/11\/2021_05_26_Pasovani-na-ctenare155-300x450.jpg 300w, https:\/\/foto.praha-19.ys-beta.cz\/app\/uploads\/2022\/11\/2021_05_26_Pasovani-na-ctenare155.jpg 1280w\" sizes=\"auto, (max-width: 378px) 100vw, 378px\" \/><\/a><\/div><div class='pinhole-item col-xs-12 col-lg-4 col-md-4 col-sm-6  '><a class=\"item-link\" href=\"https:\/\/foto.praha-19.ys-beta.cz\/app\/uploads\/2022\/11\/2021_05_26_Pasovani-na-ctenare154.jpg\" data-caption=\"[]\" data-meta=\"[]\"  data-size=\"{&quot;width&quot;:1280,&quot;height&quot;:1920}\" data-download=\"[]\" data-filename=\"{&quot;name&quot;:&quot;&quot;}\"><img loading=\"lazy\" decoding=\"async\" width=\"378\" height=\"567\" src=\"https:\/\/foto.praha-19.ys-beta.cz\/app\/uploads\/2022\/11\/2021_05_26_Pasovani-na-ctenare154-378x567.jpg\" class=\"attachment-pinhole-col-3 size-pinhole-col-3\" alt=\"\" srcset=\"https:\/\/foto.praha-19.ys-beta.cz\/app\/uploads\/2022\/11\/2021_05_26_Pasovani-na-ctenare154-378x567.jpg 378w, https:\/\/foto.praha-19.ys-beta.cz\/app\/uploads\/2022\/11\/2021_05_26_Pasovani-na-ctenare154-200x300.jpg 200w, https:\/\/foto.praha-19.ys-beta.cz\/app\/uploads\/2022\/11\/2021_05_26_Pasovani-na-ctenare154-683x1024.jpg 683w, https:\/\/foto.praha-19.ys-beta.cz\/app\/uploads\/2022\/11\/2021_05_26_Pasovani-na-ctenare154-768x1152.jpg 768w, https:\/\/foto.praha-19.ys-beta.cz\/app\/uploads\/2022\/11\/2021_05_26_Pasovani-na-ctenare154-1024x1536.jpg 1024w, https:\/\/foto.praha-19.ys-beta.cz\/app\/uploads\/2022\/11\/2021_05_26_Pasovani-na-ctenare154-1194x1791.jpg 1194w, https:\/\/foto.praha-19.ys-beta.cz\/app\/uploads\/2022\/11\/2021_05_26_Pasovani-na-ctenare154-582x873.jpg 582w, https:\/\/foto.praha-19.ys-beta.cz\/app\/uploads\/2022\/11\/2021_05_26_Pasovani-na-ctenare154-276x414.jpg 276w, https:\/\/foto.praha-19.ys-beta.cz\/app\/uploads\/2022\/11\/2021_05_26_Pasovani-na-ctenare154-300x450.jpg 300w, https:\/\/foto.praha-19.ys-beta.cz\/app\/uploads\/2022\/11\/2021_05_26_Pasovani-na-ctenare154.jpg 1280w\" sizes=\"auto, (max-width: 378px) 100vw, 378px\" \/><\/a><\/div><div class='pinhole-item col-xs-12 col-lg-4 col-md-4 col-sm-6  '><a class=\"item-link\" href=\"https:\/\/foto.praha-19.ys-beta.cz\/app\/uploads\/2022\/11\/2021_05_26_Pasovani-na-ctenare153.jpg\" data-caption=\"[]\" data-meta=\"[]\"  data-size=\"{&quot;width&quot;:1280,&quot;height&quot;:1920}\" data-download=\"[]\" data-filename=\"{&quot;name&quot;:&quot;&quot;}\"><img loading=\"lazy\" decoding=\"async\" width=\"378\" height=\"567\" src=\"https:\/\/foto.praha-19.ys-beta.cz\/app\/uploads\/2022\/11\/2021_05_26_Pasovani-na-ctenare153-378x567.jpg\" class=\"attachment-pinhole-col-3 size-pinhole-col-3\" alt=\"\" srcset=\"https:\/\/foto.praha-19.ys-beta.cz\/app\/uploads\/2022\/11\/2021_05_26_Pasovani-na-ctenare153-378x567.jpg 378w, https:\/\/foto.praha-19.ys-beta.cz\/app\/uploads\/2022\/11\/2021_05_26_Pasovani-na-ctenare153-200x300.jpg 200w, https:\/\/foto.praha-19.ys-beta.cz\/app\/uploads\/2022\/11\/2021_05_26_Pasovani-na-ctenare153-683x1024.jpg 683w, https:\/\/foto.praha-19.ys-beta.cz\/app\/uploads\/2022\/11\/2021_05_26_Pasovani-na-ctenare153-768x1152.jpg 768w, https:\/\/foto.praha-19.ys-beta.cz\/app\/uploads\/2022\/11\/2021_05_26_Pasovani-na-ctenare153-1024x1536.jpg 1024w, https:\/\/foto.praha-19.ys-beta.cz\/app\/uploads\/2022\/11\/2021_05_26_Pasovani-na-ctenare153-1194x1791.jpg 1194w, https:\/\/foto.praha-19.ys-beta.cz\/app\/uploads\/2022\/11\/2021_05_26_Pasovani-na-ctenare153-582x873.jpg 582w, https:\/\/foto.praha-19.ys-beta.cz\/app\/uploads\/2022\/11\/2021_05_26_Pasovani-na-ctenare153-276x414.jpg 276w, https:\/\/foto.praha-19.ys-beta.cz\/app\/uploads\/2022\/11\/2021_05_26_Pasovani-na-ctenare153-300x450.jpg 300w, https:\/\/foto.praha-19.ys-beta.cz\/app\/uploads\/2022\/11\/2021_05_26_Pasovani-na-ctenare153.jpg 1280w\" sizes=\"auto, (max-width: 378px) 100vw, 378px\" \/><\/a><\/div><div class='pinhole-item col-xs-12 col-lg-4 col-md-4 col-sm-6  '><a class=\"item-link\" href=\"https:\/\/foto.praha-19.ys-beta.cz\/app\/uploads\/2022\/11\/2021_05_26_Pasovani-na-ctenare152.jpg\" data-caption=\"[]\" data-meta=\"[]\"  data-size=\"{&quot;width&quot;:1920,&quot;height&quot;:1280}\" data-download=\"[]\" data-filename=\"{&quot;name&quot;:&quot;&quot;}\"><img loading=\"lazy\" decoding=\"async\" width=\"378\" height=\"252\" src=\"https:\/\/foto.praha-19.ys-beta.cz\/app\/uploads\/2022\/11\/2021_05_26_Pasovani-na-ctenare152-378x252.jpg\" class=\"attachment-pinhole-col-3 size-pinhole-col-3\" alt=\"\" srcset=\"https:\/\/foto.praha-19.ys-beta.cz\/app\/uploads\/2022\/11\/2021_05_26_Pasovani-na-ctenare152-378x252.jpg 378w, https:\/\/foto.praha-19.ys-beta.cz\/app\/uploads\/2022\/11\/2021_05_26_Pasovani-na-ctenare152-300x200.jpg 300w, https:\/\/foto.praha-19.ys-beta.cz\/app\/uploads\/2022\/11\/2021_05_26_Pasovani-na-ctenare152-1024x683.jpg 1024w, https:\/\/foto.praha-19.ys-beta.cz\/app\/uploads\/2022\/11\/2021_05_26_Pasovani-na-ctenare152-768x512.jpg 768w, https:\/\/foto.praha-19.ys-beta.cz\/app\/uploads\/2022\/11\/2021_05_26_Pasovani-na-ctenare152-1536x1024.jpg 1536w, https:\/\/foto.praha-19.ys-beta.cz\/app\/uploads\/2022\/11\/2021_05_26_Pasovani-na-ctenare152-1194x796.jpg 1194w, https:\/\/foto.praha-19.ys-beta.cz\/app\/uploads\/2022\/11\/2021_05_26_Pasovani-na-ctenare152-582x388.jpg 582w, https:\/\/foto.praha-19.ys-beta.cz\/app\/uploads\/2022\/11\/2021_05_26_Pasovani-na-ctenare152-276x184.jpg 276w, https:\/\/foto.praha-19.ys-beta.cz\/app\/uploads\/2022\/11\/2021_05_26_Pasovani-na-ctenare152-675x450.jpg 675w, https:\/\/foto.praha-19.ys-beta.cz\/app\/uploads\/2022\/11\/2021_05_26_Pasovani-na-ctenare152.jpg 1920w\" sizes=\"auto, (max-width: 378px) 100vw, 378px\" \/><\/a><\/div><div class='pinhole-item col-xs-12 col-lg-4 col-md-4 col-sm-6  '><a class=\"item-link\" href=\"https:\/\/foto.praha-19.ys-beta.cz\/app\/uploads\/2022\/11\/2021_05_26_Pasovani-na-ctenare151.jpg\" data-caption=\"[]\" data-meta=\"[]\"  data-size=\"{&quot;width&quot;:1280,&quot;height&quot;:1920}\" data-download=\"[]\" data-filename=\"{&quot;name&quot;:&quot;&quot;}\"><img loading=\"lazy\" decoding=\"async\" width=\"378\" height=\"567\" src=\"https:\/\/foto.praha-19.ys-beta.cz\/app\/uploads\/2022\/11\/2021_05_26_Pasovani-na-ctenare151-378x567.jpg\" class=\"attachment-pinhole-col-3 size-pinhole-col-3\" alt=\"\" srcset=\"https:\/\/foto.praha-19.ys-beta.cz\/app\/uploads\/2022\/11\/2021_05_26_Pasovani-na-ctenare151-378x567.jpg 378w, https:\/\/foto.praha-19.ys-beta.cz\/app\/uploads\/2022\/11\/2021_05_26_Pasovani-na-ctenare151-200x300.jpg 200w, https:\/\/foto.praha-19.ys-beta.cz\/app\/uploads\/2022\/11\/2021_05_26_Pasovani-na-ctenare151-683x1024.jpg 683w, https:\/\/foto.praha-19.ys-beta.cz\/app\/uploads\/2022\/11\/2021_05_26_Pasovani-na-ctenare151-768x1152.jpg 768w, https:\/\/foto.praha-19.ys-beta.cz\/app\/uploads\/2022\/11\/2021_05_26_Pasovani-na-ctenare151-1024x1536.jpg 1024w, https:\/\/foto.praha-19.ys-beta.cz\/app\/uploads\/2022\/11\/2021_05_26_Pasovani-na-ctenare151-1194x1791.jpg 1194w, https:\/\/foto.praha-19.ys-beta.cz\/app\/uploads\/2022\/11\/2021_05_26_Pasovani-na-ctenare151-582x873.jpg 582w, https:\/\/foto.praha-19.ys-beta.cz\/app\/uploads\/2022\/11\/2021_05_26_Pasovani-na-ctenare151-276x414.jpg 276w, https:\/\/foto.praha-19.ys-beta.cz\/app\/uploads\/2022\/11\/2021_05_26_Pasovani-na-ctenare151-300x450.jpg 300w, https:\/\/foto.praha-19.ys-beta.cz\/app\/uploads\/2022\/11\/2021_05_26_Pasovani-na-ctenare151.jpg 1280w\" sizes=\"auto, (max-width: 378px) 100vw, 378px\" \/><\/a><\/div><div class='pinhole-item col-xs-12 col-lg-4 col-md-4 col-sm-6  '><a class=\"item-link\" href=\"https:\/\/foto.praha-19.ys-beta.cz\/app\/uploads\/2022\/11\/2021_05_26_Pasovani-na-ctenare150.jpg\" data-caption=\"[]\" data-meta=\"[]\"  data-size=\"{&quot;width&quot;:1280,&quot;height&quot;:1920}\" data-download=\"[]\" data-filename=\"{&quot;name&quot;:&quot;&quot;}\"><img loading=\"lazy\" decoding=\"async\" width=\"378\" height=\"567\" src=\"https:\/\/foto.praha-19.ys-beta.cz\/app\/uploads\/2022\/11\/2021_05_26_Pasovani-na-ctenare150-378x567.jpg\" class=\"attachment-pinhole-col-3 size-pinhole-col-3\" alt=\"\" srcset=\"https:\/\/foto.praha-19.ys-beta.cz\/app\/uploads\/2022\/11\/2021_05_26_Pasovani-na-ctenare150-378x567.jpg 378w, https:\/\/foto.praha-19.ys-beta.cz\/app\/uploads\/2022\/11\/2021_05_26_Pasovani-na-ctenare150-200x300.jpg 200w, https:\/\/foto.praha-19.ys-beta.cz\/app\/uploads\/2022\/11\/2021_05_26_Pasovani-na-ctenare150-683x1024.jpg 683w, https:\/\/foto.praha-19.ys-beta.cz\/app\/uploads\/2022\/11\/2021_05_26_Pasovani-na-ctenare150-768x1152.jpg 768w, https:\/\/foto.praha-19.ys-beta.cz\/app\/uploads\/2022\/11\/2021_05_26_Pasovani-na-ctenare150-1024x1536.jpg 1024w, https:\/\/foto.praha-19.ys-beta.cz\/app\/uploads\/2022\/11\/2021_05_26_Pasovani-na-ctenare150-1194x1791.jpg 1194w, https:\/\/foto.praha-19.ys-beta.cz\/app\/uploads\/2022\/11\/2021_05_26_Pasovani-na-ctenare150-582x873.jpg 582w, https:\/\/foto.praha-19.ys-beta.cz\/app\/uploads\/2022\/11\/2021_05_26_Pasovani-na-ctenare150-276x414.jpg 276w, https:\/\/foto.praha-19.ys-beta.cz\/app\/uploads\/2022\/11\/2021_05_26_Pasovani-na-ctenare150-300x450.jpg 300w, https:\/\/foto.praha-19.ys-beta.cz\/app\/uploads\/2022\/11\/2021_05_26_Pasovani-na-ctenare150.jpg 1280w\" sizes=\"auto, (max-width: 378px) 100vw, 378px\" \/><\/a><\/div><div class='pinhole-item col-xs-12 col-lg-4 col-md-4 col-sm-6  '><a class=\"item-link\" href=\"https:\/\/foto.praha-19.ys-beta.cz\/app\/uploads\/2022\/11\/2021_05_26_Pasovani-na-ctenare149.jpg\" data-caption=\"[]\" data-meta=\"[]\"  data-size=\"{&quot;width&quot;:1280,&quot;height&quot;:1920}\" data-download=\"[]\" data-filename=\"{&quot;name&quot;:&quot;&quot;}\"><img loading=\"lazy\" decoding=\"async\" width=\"378\" height=\"567\" src=\"https:\/\/foto.praha-19.ys-beta.cz\/app\/uploads\/2022\/11\/2021_05_26_Pasovani-na-ctenare149-378x567.jpg\" class=\"attachment-pinhole-col-3 size-pinhole-col-3\" alt=\"\" srcset=\"https:\/\/foto.praha-19.ys-beta.cz\/app\/uploads\/2022\/11\/2021_05_26_Pasovani-na-ctenare149-378x567.jpg 378w, https:\/\/foto.praha-19.ys-beta.cz\/app\/uploads\/2022\/11\/2021_05_26_Pasovani-na-ctenare149-200x300.jpg 200w, https:\/\/foto.praha-19.ys-beta.cz\/app\/uploads\/2022\/11\/2021_05_26_Pasovani-na-ctenare149-683x1024.jpg 683w, https:\/\/foto.praha-19.ys-beta.cz\/app\/uploads\/2022\/11\/2021_05_26_Pasovani-na-ctenare149-768x1152.jpg 768w, https:\/\/foto.praha-19.ys-beta.cz\/app\/uploads\/2022\/11\/2021_05_26_Pasovani-na-ctenare149-1024x1536.jpg 1024w, https:\/\/foto.praha-19.ys-beta.cz\/app\/uploads\/2022\/11\/2021_05_26_Pasovani-na-ctenare149-1194x1791.jpg 1194w, https:\/\/foto.praha-19.ys-beta.cz\/app\/uploads\/2022\/11\/2021_05_26_Pasovani-na-ctenare149-582x873.jpg 582w, https:\/\/foto.praha-19.ys-beta.cz\/app\/uploads\/2022\/11\/2021_05_26_Pasovani-na-ctenare149-276x414.jpg 276w, https:\/\/foto.praha-19.ys-beta.cz\/app\/uploads\/2022\/11\/2021_05_26_Pasovani-na-ctenare149-300x450.jpg 300w, https:\/\/foto.praha-19.ys-beta.cz\/app\/uploads\/2022\/11\/2021_05_26_Pasovani-na-ctenare149.jpg 1280w\" sizes=\"auto, (max-width: 378px) 100vw, 378px\" \/><\/a><\/div><div class='pinhole-item col-xs-12 col-lg-4 col-md-4 col-sm-6  '><a class=\"item-link\" href=\"https:\/\/foto.praha-19.ys-beta.cz\/app\/uploads\/2022\/11\/2021_05_26_Pasovani-na-ctenare148.jpg\" data-caption=\"[]\" data-meta=\"[]\"  data-size=\"{&quot;width&quot;:1920,&quot;height&quot;:1280}\" data-download=\"[]\" data-filename=\"{&quot;name&quot;:&quot;&quot;}\"><img loading=\"lazy\" decoding=\"async\" width=\"378\" height=\"252\" src=\"https:\/\/foto.praha-19.ys-beta.cz\/app\/uploads\/2022\/11\/2021_05_26_Pasovani-na-ctenare148-378x252.jpg\" class=\"attachment-pinhole-col-3 size-pinhole-col-3\" alt=\"\" srcset=\"https:\/\/foto.praha-19.ys-beta.cz\/app\/uploads\/2022\/11\/2021_05_26_Pasovani-na-ctenare148-378x252.jpg 378w, https:\/\/foto.praha-19.ys-beta.cz\/app\/uploads\/2022\/11\/2021_05_26_Pasovani-na-ctenare148-300x200.jpg 300w, https:\/\/foto.praha-19.ys-beta.cz\/app\/uploads\/2022\/11\/2021_05_26_Pasovani-na-ctenare148-1024x683.jpg 1024w, https:\/\/foto.praha-19.ys-beta.cz\/app\/uploads\/2022\/11\/2021_05_26_Pasovani-na-ctenare148-768x512.jpg 768w, https:\/\/foto.praha-19.ys-beta.cz\/app\/uploads\/2022\/11\/2021_05_26_Pasovani-na-ctenare148-1536x1024.jpg 1536w, https:\/\/foto.praha-19.ys-beta.cz\/app\/uploads\/2022\/11\/2021_05_26_Pasovani-na-ctenare148-1194x796.jpg 1194w, https:\/\/foto.praha-19.ys-beta.cz\/app\/uploads\/2022\/11\/2021_05_26_Pasovani-na-ctenare148-582x388.jpg 582w, https:\/\/foto.praha-19.ys-beta.cz\/app\/uploads\/2022\/11\/2021_05_26_Pasovani-na-ctenare148-276x184.jpg 276w, https:\/\/foto.praha-19.ys-beta.cz\/app\/uploads\/2022\/11\/2021_05_26_Pasovani-na-ctenare148-675x450.jpg 675w, https:\/\/foto.praha-19.ys-beta.cz\/app\/uploads\/2022\/11\/2021_05_26_Pasovani-na-ctenare148.jpg 1920w\" sizes=\"auto, (max-width: 378px) 100vw, 378px\" \/><\/a><\/div><div class='pinhole-item col-xs-12 col-lg-4 col-md-4 col-sm-6  '><a class=\"item-link\" href=\"https:\/\/foto.praha-19.ys-beta.cz\/app\/uploads\/2022\/11\/2021_05_26_Pasovani-na-ctenare147.jpg\" data-caption=\"[]\" data-meta=\"[]\"  data-size=\"{&quot;width&quot;:1280,&quot;height&quot;:1920}\" data-download=\"[]\" data-filename=\"{&quot;name&quot;:&quot;&quot;}\"><img loading=\"lazy\" decoding=\"async\" width=\"378\" height=\"567\" src=\"https:\/\/foto.praha-19.ys-beta.cz\/app\/uploads\/2022\/11\/2021_05_26_Pasovani-na-ctenare147-378x567.jpg\" class=\"attachment-pinhole-col-3 size-pinhole-col-3\" alt=\"\" srcset=\"https:\/\/foto.praha-19.ys-beta.cz\/app\/uploads\/2022\/11\/2021_05_26_Pasovani-na-ctenare147-378x567.jpg 378w, https:\/\/foto.praha-19.ys-beta.cz\/app\/uploads\/2022\/11\/2021_05_26_Pasovani-na-ctenare147-200x300.jpg 200w, https:\/\/foto.praha-19.ys-beta.cz\/app\/uploads\/2022\/11\/2021_05_26_Pasovani-na-ctenare147-683x1024.jpg 683w, https:\/\/foto.praha-19.ys-beta.cz\/app\/uploads\/2022\/11\/2021_05_26_Pasovani-na-ctenare147-768x1152.jpg 768w, https:\/\/foto.praha-19.ys-beta.cz\/app\/uploads\/2022\/11\/2021_05_26_Pasovani-na-ctenare147-1024x1536.jpg 1024w, https:\/\/foto.praha-19.ys-beta.cz\/app\/uploads\/2022\/11\/2021_05_26_Pasovani-na-ctenare147-1194x1791.jpg 1194w, https:\/\/foto.praha-19.ys-beta.cz\/app\/uploads\/2022\/11\/2021_05_26_Pasovani-na-ctenare147-582x873.jpg 582w, https:\/\/foto.praha-19.ys-beta.cz\/app\/uploads\/2022\/11\/2021_05_26_Pasovani-na-ctenare147-276x414.jpg 276w, https:\/\/foto.praha-19.ys-beta.cz\/app\/uploads\/2022\/11\/2021_05_26_Pasovani-na-ctenare147-300x450.jpg 300w, https:\/\/foto.praha-19.ys-beta.cz\/app\/uploads\/2022\/11\/2021_05_26_Pasovani-na-ctenare147.jpg 1280w\" sizes=\"auto, (max-width: 378px) 100vw, 378px\" \/><\/a><\/div><div class='pinhole-item col-xs-12 col-lg-4 col-md-4 col-sm-6  '><a class=\"item-link\" href=\"https:\/\/foto.praha-19.ys-beta.cz\/app\/uploads\/2022\/11\/2021_05_26_Pasovani-na-ctenare146.jpg\" data-caption=\"[]\" data-meta=\"[]\"  data-size=\"{&quot;width&quot;:1280,&quot;height&quot;:1920}\" data-download=\"[]\" data-filename=\"{&quot;name&quot;:&quot;&quot;}\"><img loading=\"lazy\" decoding=\"async\" width=\"378\" height=\"567\" src=\"https:\/\/foto.praha-19.ys-beta.cz\/app\/uploads\/2022\/11\/2021_05_26_Pasovani-na-ctenare146-378x567.jpg\" class=\"attachment-pinhole-col-3 size-pinhole-col-3\" alt=\"\" srcset=\"https:\/\/foto.praha-19.ys-beta.cz\/app\/uploads\/2022\/11\/2021_05_26_Pasovani-na-ctenare146-378x567.jpg 378w, https:\/\/foto.praha-19.ys-beta.cz\/app\/uploads\/2022\/11\/2021_05_26_Pasovani-na-ctenare146-200x300.jpg 200w, https:\/\/foto.praha-19.ys-beta.cz\/app\/uploads\/2022\/11\/2021_05_26_Pasovani-na-ctenare146-683x1024.jpg 683w, https:\/\/foto.praha-19.ys-beta.cz\/app\/uploads\/2022\/11\/2021_05_26_Pasovani-na-ctenare146-768x1152.jpg 768w, https:\/\/foto.praha-19.ys-beta.cz\/app\/uploads\/2022\/11\/2021_05_26_Pasovani-na-ctenare146-1024x1536.jpg 1024w, https:\/\/foto.praha-19.ys-beta.cz\/app\/uploads\/2022\/11\/2021_05_26_Pasovani-na-ctenare146-1194x1791.jpg 1194w, https:\/\/foto.praha-19.ys-beta.cz\/app\/uploads\/2022\/11\/2021_05_26_Pasovani-na-ctenare146-582x873.jpg 582w, https:\/\/foto.praha-19.ys-beta.cz\/app\/uploads\/2022\/11\/2021_05_26_Pasovani-na-ctenare146-276x414.jpg 276w, https:\/\/foto.praha-19.ys-beta.cz\/app\/uploads\/2022\/11\/2021_05_26_Pasovani-na-ctenare146-300x450.jpg 300w, https:\/\/foto.praha-19.ys-beta.cz\/app\/uploads\/2022\/11\/2021_05_26_Pasovani-na-ctenare146.jpg 1280w\" sizes=\"auto, (max-width: 378px) 100vw, 378px\" \/><\/a><\/div><div class='pinhole-item col-xs-12 col-lg-4 col-md-4 col-sm-6  '><a class=\"item-link\" href=\"https:\/\/foto.praha-19.ys-beta.cz\/app\/uploads\/2022\/11\/2021_05_26_Pasovani-na-ctenare145.jpg\" data-caption=\"[]\" data-meta=\"[]\"  data-size=\"{&quot;width&quot;:1280,&quot;height&quot;:1920}\" data-download=\"[]\" data-filename=\"{&quot;name&quot;:&quot;&quot;}\"><img loading=\"lazy\" decoding=\"async\" width=\"378\" height=\"567\" src=\"https:\/\/foto.praha-19.ys-beta.cz\/app\/uploads\/2022\/11\/2021_05_26_Pasovani-na-ctenare145-378x567.jpg\" class=\"attachment-pinhole-col-3 size-pinhole-col-3\" alt=\"\" srcset=\"https:\/\/foto.praha-19.ys-beta.cz\/app\/uploads\/2022\/11\/2021_05_26_Pasovani-na-ctenare145-378x567.jpg 378w, https:\/\/foto.praha-19.ys-beta.cz\/app\/uploads\/2022\/11\/2021_05_26_Pasovani-na-ctenare145-200x300.jpg 200w, https:\/\/foto.praha-19.ys-beta.cz\/app\/uploads\/2022\/11\/2021_05_26_Pasovani-na-ctenare145-683x1024.jpg 683w, https:\/\/foto.praha-19.ys-beta.cz\/app\/uploads\/2022\/11\/2021_05_26_Pasovani-na-ctenare145-768x1152.jpg 768w, https:\/\/foto.praha-19.ys-beta.cz\/app\/uploads\/2022\/11\/2021_05_26_Pasovani-na-ctenare145-1024x1536.jpg 1024w, https:\/\/foto.praha-19.ys-beta.cz\/app\/uploads\/2022\/11\/2021_05_26_Pasovani-na-ctenare145-1194x1791.jpg 1194w, https:\/\/foto.praha-19.ys-beta.cz\/app\/uploads\/2022\/11\/2021_05_26_Pasovani-na-ctenare145-582x873.jpg 582w, https:\/\/foto.praha-19.ys-beta.cz\/app\/uploads\/2022\/11\/2021_05_26_Pasovani-na-ctenare145-276x414.jpg 276w, https:\/\/foto.praha-19.ys-beta.cz\/app\/uploads\/2022\/11\/2021_05_26_Pasovani-na-ctenare145-300x450.jpg 300w, https:\/\/foto.praha-19.ys-beta.cz\/app\/uploads\/2022\/11\/2021_05_26_Pasovani-na-ctenare145.jpg 1280w\" sizes=\"auto, (max-width: 378px) 100vw, 378px\" \/><\/a><\/div><div class='pinhole-item col-xs-12 col-lg-4 col-md-4 col-sm-6  '><a class=\"item-link\" href=\"https:\/\/foto.praha-19.ys-beta.cz\/app\/uploads\/2022\/11\/2021_05_26_Pasovani-na-ctenare144.jpg\" data-caption=\"[]\" data-meta=\"[]\"  data-size=\"{&quot;width&quot;:1920,&quot;height&quot;:1280}\" data-download=\"[]\" data-filename=\"{&quot;name&quot;:&quot;&quot;}\"><img loading=\"lazy\" decoding=\"async\" width=\"378\" height=\"252\" src=\"https:\/\/foto.praha-19.ys-beta.cz\/app\/uploads\/2022\/11\/2021_05_26_Pasovani-na-ctenare144-378x252.jpg\" class=\"attachment-pinhole-col-3 size-pinhole-col-3\" alt=\"\" srcset=\"https:\/\/foto.praha-19.ys-beta.cz\/app\/uploads\/2022\/11\/2021_05_26_Pasovani-na-ctenare144-378x252.jpg 378w, https:\/\/foto.praha-19.ys-beta.cz\/app\/uploads\/2022\/11\/2021_05_26_Pasovani-na-ctenare144-300x200.jpg 300w, https:\/\/foto.praha-19.ys-beta.cz\/app\/uploads\/2022\/11\/2021_05_26_Pasovani-na-ctenare144-1024x683.jpg 1024w, https:\/\/foto.praha-19.ys-beta.cz\/app\/uploads\/2022\/11\/2021_05_26_Pasovani-na-ctenare144-768x512.jpg 768w, https:\/\/foto.praha-19.ys-beta.cz\/app\/uploads\/2022\/11\/2021_05_26_Pasovani-na-ctenare144-1536x1024.jpg 1536w, https:\/\/foto.praha-19.ys-beta.cz\/app\/uploads\/2022\/11\/2021_05_26_Pasovani-na-ctenare144-1194x796.jpg 1194w, https:\/\/foto.praha-19.ys-beta.cz\/app\/uploads\/2022\/11\/2021_05_26_Pasovani-na-ctenare144-582x388.jpg 582w, https:\/\/foto.praha-19.ys-beta.cz\/app\/uploads\/2022\/11\/2021_05_26_Pasovani-na-ctenare144-276x184.jpg 276w, https:\/\/foto.praha-19.ys-beta.cz\/app\/uploads\/2022\/11\/2021_05_26_Pasovani-na-ctenare144-675x450.jpg 675w, https:\/\/foto.praha-19.ys-beta.cz\/app\/uploads\/2022\/11\/2021_05_26_Pasovani-na-ctenare144.jpg 1920w\" sizes=\"auto, (max-width: 378px) 100vw, 378px\" \/><\/a><\/div><div class='pinhole-item col-xs-12 col-lg-4 col-md-4 col-sm-6  '><a class=\"item-link\" href=\"https:\/\/foto.praha-19.ys-beta.cz\/app\/uploads\/2022\/11\/2021_05_26_Pasovani-na-ctenare143.jpg\" data-caption=\"[]\" data-meta=\"[]\"  data-size=\"{&quot;width&quot;:1280,&quot;height&quot;:1920}\" data-download=\"[]\" data-filename=\"{&quot;name&quot;:&quot;&quot;}\"><img loading=\"lazy\" decoding=\"async\" width=\"378\" height=\"567\" src=\"https:\/\/foto.praha-19.ys-beta.cz\/app\/uploads\/2022\/11\/2021_05_26_Pasovani-na-ctenare143-378x567.jpg\" class=\"attachment-pinhole-col-3 size-pinhole-col-3\" alt=\"\" srcset=\"https:\/\/foto.praha-19.ys-beta.cz\/app\/uploads\/2022\/11\/2021_05_26_Pasovani-na-ctenare143-378x567.jpg 378w, https:\/\/foto.praha-19.ys-beta.cz\/app\/uploads\/2022\/11\/2021_05_26_Pasovani-na-ctenare143-200x300.jpg 200w, https:\/\/foto.praha-19.ys-beta.cz\/app\/uploads\/2022\/11\/2021_05_26_Pasovani-na-ctenare143-683x1024.jpg 683w, https:\/\/foto.praha-19.ys-beta.cz\/app\/uploads\/2022\/11\/2021_05_26_Pasovani-na-ctenare143-768x1152.jpg 768w, https:\/\/foto.praha-19.ys-beta.cz\/app\/uploads\/2022\/11\/2021_05_26_Pasovani-na-ctenare143-1024x1536.jpg 1024w, https:\/\/foto.praha-19.ys-beta.cz\/app\/uploads\/2022\/11\/2021_05_26_Pasovani-na-ctenare143-1194x1791.jpg 1194w, https:\/\/foto.praha-19.ys-beta.cz\/app\/uploads\/2022\/11\/2021_05_26_Pasovani-na-ctenare143-582x873.jpg 582w, https:\/\/foto.praha-19.ys-beta.cz\/app\/uploads\/2022\/11\/2021_05_26_Pasovani-na-ctenare143-276x414.jpg 276w, https:\/\/foto.praha-19.ys-beta.cz\/app\/uploads\/2022\/11\/2021_05_26_Pasovani-na-ctenare143-300x450.jpg 300w, https:\/\/foto.praha-19.ys-beta.cz\/app\/uploads\/2022\/11\/2021_05_26_Pasovani-na-ctenare143.jpg 1280w\" sizes=\"auto, (max-width: 378px) 100vw, 378px\" \/><\/a><\/div><div class='pinhole-item col-xs-12 col-lg-4 col-md-4 col-sm-6  '><a class=\"item-link\" href=\"https:\/\/foto.praha-19.ys-beta.cz\/app\/uploads\/2022\/11\/2021_05_26_Pasovani-na-ctenare142.jpg\" data-caption=\"[]\" data-meta=\"[]\"  data-size=\"{&quot;width&quot;:1280,&quot;height&quot;:1920}\" data-download=\"[]\" data-filename=\"{&quot;name&quot;:&quot;&quot;}\"><img loading=\"lazy\" decoding=\"async\" width=\"378\" height=\"567\" src=\"https:\/\/foto.praha-19.ys-beta.cz\/app\/uploads\/2022\/11\/2021_05_26_Pasovani-na-ctenare142-378x567.jpg\" class=\"attachment-pinhole-col-3 size-pinhole-col-3\" alt=\"\" srcset=\"https:\/\/foto.praha-19.ys-beta.cz\/app\/uploads\/2022\/11\/2021_05_26_Pasovani-na-ctenare142-378x567.jpg 378w, https:\/\/foto.praha-19.ys-beta.cz\/app\/uploads\/2022\/11\/2021_05_26_Pasovani-na-ctenare142-200x300.jpg 200w, https:\/\/foto.praha-19.ys-beta.cz\/app\/uploads\/2022\/11\/2021_05_26_Pasovani-na-ctenare142-683x1024.jpg 683w, https:\/\/foto.praha-19.ys-beta.cz\/app\/uploads\/2022\/11\/2021_05_26_Pasovani-na-ctenare142-768x1152.jpg 768w, https:\/\/foto.praha-19.ys-beta.cz\/app\/uploads\/2022\/11\/2021_05_26_Pasovani-na-ctenare142-1024x1536.jpg 1024w, https:\/\/foto.praha-19.ys-beta.cz\/app\/uploads\/2022\/11\/2021_05_26_Pasovani-na-ctenare142-1194x1791.jpg 1194w, https:\/\/foto.praha-19.ys-beta.cz\/app\/uploads\/2022\/11\/2021_05_26_Pasovani-na-ctenare142-582x873.jpg 582w, https:\/\/foto.praha-19.ys-beta.cz\/app\/uploads\/2022\/11\/2021_05_26_Pasovani-na-ctenare142-276x414.jpg 276w, https:\/\/foto.praha-19.ys-beta.cz\/app\/uploads\/2022\/11\/2021_05_26_Pasovani-na-ctenare142-300x450.jpg 300w, https:\/\/foto.praha-19.ys-beta.cz\/app\/uploads\/2022\/11\/2021_05_26_Pasovani-na-ctenare142.jpg 1280w\" sizes=\"auto, (max-width: 378px) 100vw, 378px\" \/><\/a><\/div><div class='pinhole-item col-xs-12 col-lg-4 col-md-4 col-sm-6  '><a class=\"item-link\" href=\"https:\/\/foto.praha-19.ys-beta.cz\/app\/uploads\/2022\/11\/2021_05_26_Pasovani-na-ctenare141.jpg\" data-caption=\"[]\" data-meta=\"[]\"  data-size=\"{&quot;width&quot;:1920,&quot;height&quot;:1280}\" data-download=\"[]\" data-filename=\"{&quot;name&quot;:&quot;&quot;}\"><img loading=\"lazy\" decoding=\"async\" width=\"378\" height=\"252\" src=\"https:\/\/foto.praha-19.ys-beta.cz\/app\/uploads\/2022\/11\/2021_05_26_Pasovani-na-ctenare141-378x252.jpg\" class=\"attachment-pinhole-col-3 size-pinhole-col-3\" alt=\"\" srcset=\"https:\/\/foto.praha-19.ys-beta.cz\/app\/uploads\/2022\/11\/2021_05_26_Pasovani-na-ctenare141-378x252.jpg 378w, https:\/\/foto.praha-19.ys-beta.cz\/app\/uploads\/2022\/11\/2021_05_26_Pasovani-na-ctenare141-300x200.jpg 300w, https:\/\/foto.praha-19.ys-beta.cz\/app\/uploads\/2022\/11\/2021_05_26_Pasovani-na-ctenare141-1024x683.jpg 1024w, https:\/\/foto.praha-19.ys-beta.cz\/app\/uploads\/2022\/11\/2021_05_26_Pasovani-na-ctenare141-768x512.jpg 768w, https:\/\/foto.praha-19.ys-beta.cz\/app\/uploads\/2022\/11\/2021_05_26_Pasovani-na-ctenare141-1536x1024.jpg 1536w, https:\/\/foto.praha-19.ys-beta.cz\/app\/uploads\/2022\/11\/2021_05_26_Pasovani-na-ctenare141-1194x796.jpg 1194w, https:\/\/foto.praha-19.ys-beta.cz\/app\/uploads\/2022\/11\/2021_05_26_Pasovani-na-ctenare141-582x388.jpg 582w, https:\/\/foto.praha-19.ys-beta.cz\/app\/uploads\/2022\/11\/2021_05_26_Pasovani-na-ctenare141-276x184.jpg 276w, https:\/\/foto.praha-19.ys-beta.cz\/app\/uploads\/2022\/11\/2021_05_26_Pasovani-na-ctenare141-675x450.jpg 675w, https:\/\/foto.praha-19.ys-beta.cz\/app\/uploads\/2022\/11\/2021_05_26_Pasovani-na-ctenare141.jpg 1920w\" sizes=\"auto, (max-width: 378px) 100vw, 378px\" \/><\/a><\/div><div class='pinhole-item col-xs-12 col-lg-4 col-md-4 col-sm-6  '><a class=\"item-link\" href=\"https:\/\/foto.praha-19.ys-beta.cz\/app\/uploads\/2022\/11\/2021_05_26_Pasovani-na-ctenare140.jpg\" data-caption=\"[]\" data-meta=\"[]\"  data-size=\"{&quot;width&quot;:1920,&quot;height&quot;:1280}\" data-download=\"[]\" data-filename=\"{&quot;name&quot;:&quot;&quot;}\"><img loading=\"lazy\" decoding=\"async\" width=\"378\" height=\"252\" src=\"https:\/\/foto.praha-19.ys-beta.cz\/app\/uploads\/2022\/11\/2021_05_26_Pasovani-na-ctenare140-378x252.jpg\" class=\"attachment-pinhole-col-3 size-pinhole-col-3\" alt=\"\" srcset=\"https:\/\/foto.praha-19.ys-beta.cz\/app\/uploads\/2022\/11\/2021_05_26_Pasovani-na-ctenare140-378x252.jpg 378w, https:\/\/foto.praha-19.ys-beta.cz\/app\/uploads\/2022\/11\/2021_05_26_Pasovani-na-ctenare140-300x200.jpg 300w, https:\/\/foto.praha-19.ys-beta.cz\/app\/uploads\/2022\/11\/2021_05_26_Pasovani-na-ctenare140-1024x683.jpg 1024w, https:\/\/foto.praha-19.ys-beta.cz\/app\/uploads\/2022\/11\/2021_05_26_Pasovani-na-ctenare140-768x512.jpg 768w, https:\/\/foto.praha-19.ys-beta.cz\/app\/uploads\/2022\/11\/2021_05_26_Pasovani-na-ctenare140-1536x1024.jpg 1536w, https:\/\/foto.praha-19.ys-beta.cz\/app\/uploads\/2022\/11\/2021_05_26_Pasovani-na-ctenare140-1194x796.jpg 1194w, https:\/\/foto.praha-19.ys-beta.cz\/app\/uploads\/2022\/11\/2021_05_26_Pasovani-na-ctenare140-582x388.jpg 582w, https:\/\/foto.praha-19.ys-beta.cz\/app\/uploads\/2022\/11\/2021_05_26_Pasovani-na-ctenare140-276x184.jpg 276w, https:\/\/foto.praha-19.ys-beta.cz\/app\/uploads\/2022\/11\/2021_05_26_Pasovani-na-ctenare140-675x450.jpg 675w, https:\/\/foto.praha-19.ys-beta.cz\/app\/uploads\/2022\/11\/2021_05_26_Pasovani-na-ctenare140.jpg 1920w\" sizes=\"auto, (max-width: 378px) 100vw, 378px\" \/><\/a><\/div><div class='pinhole-item col-xs-12 col-lg-4 col-md-4 col-sm-6  '><a class=\"item-link\" href=\"https:\/\/foto.praha-19.ys-beta.cz\/app\/uploads\/2022\/11\/2021_05_26_Pasovani-na-ctenare139.jpg\" data-caption=\"[]\" data-meta=\"[]\"  data-size=\"{&quot;width&quot;:1920,&quot;height&quot;:1280}\" data-download=\"[]\" data-filename=\"{&quot;name&quot;:&quot;&quot;}\"><img loading=\"lazy\" decoding=\"async\" width=\"378\" height=\"252\" src=\"https:\/\/foto.praha-19.ys-beta.cz\/app\/uploads\/2022\/11\/2021_05_26_Pasovani-na-ctenare139-378x252.jpg\" class=\"attachment-pinhole-col-3 size-pinhole-col-3\" alt=\"\" srcset=\"https:\/\/foto.praha-19.ys-beta.cz\/app\/uploads\/2022\/11\/2021_05_26_Pasovani-na-ctenare139-378x252.jpg 378w, https:\/\/foto.praha-19.ys-beta.cz\/app\/uploads\/2022\/11\/2021_05_26_Pasovani-na-ctenare139-300x200.jpg 300w, https:\/\/foto.praha-19.ys-beta.cz\/app\/uploads\/2022\/11\/2021_05_26_Pasovani-na-ctenare139-1024x683.jpg 1024w, https:\/\/foto.praha-19.ys-beta.cz\/app\/uploads\/2022\/11\/2021_05_26_Pasovani-na-ctenare139-768x512.jpg 768w, https:\/\/foto.praha-19.ys-beta.cz\/app\/uploads\/2022\/11\/2021_05_26_Pasovani-na-ctenare139-1536x1024.jpg 1536w, https:\/\/foto.praha-19.ys-beta.cz\/app\/uploads\/2022\/11\/2021_05_26_Pasovani-na-ctenare139-1194x796.jpg 1194w, https:\/\/foto.praha-19.ys-beta.cz\/app\/uploads\/2022\/11\/2021_05_26_Pasovani-na-ctenare139-582x388.jpg 582w, https:\/\/foto.praha-19.ys-beta.cz\/app\/uploads\/2022\/11\/2021_05_26_Pasovani-na-ctenare139-276x184.jpg 276w, https:\/\/foto.praha-19.ys-beta.cz\/app\/uploads\/2022\/11\/2021_05_26_Pasovani-na-ctenare139-675x450.jpg 675w, https:\/\/foto.praha-19.ys-beta.cz\/app\/uploads\/2022\/11\/2021_05_26_Pasovani-na-ctenare139.jpg 1920w\" sizes=\"auto, (max-width: 378px) 100vw, 378px\" \/><\/a><\/div><div class='pinhole-item col-xs-12 col-lg-4 col-md-4 col-sm-6  '><a class=\"item-link\" href=\"https:\/\/foto.praha-19.ys-beta.cz\/app\/uploads\/2022\/11\/2021_05_26_Pasovani-na-ctenare134.jpg\" data-caption=\"[]\" data-meta=\"[]\"  data-size=\"{&quot;width&quot;:1920,&quot;height&quot;:1280}\" data-download=\"[]\" data-filename=\"{&quot;name&quot;:&quot;&quot;}\"><img loading=\"lazy\" decoding=\"async\" width=\"378\" height=\"252\" src=\"https:\/\/foto.praha-19.ys-beta.cz\/app\/uploads\/2022\/11\/2021_05_26_Pasovani-na-ctenare134-378x252.jpg\" class=\"attachment-pinhole-col-3 size-pinhole-col-3\" alt=\"\" srcset=\"https:\/\/foto.praha-19.ys-beta.cz\/app\/uploads\/2022\/11\/2021_05_26_Pasovani-na-ctenare134-378x252.jpg 378w, https:\/\/foto.praha-19.ys-beta.cz\/app\/uploads\/2022\/11\/2021_05_26_Pasovani-na-ctenare134-300x200.jpg 300w, https:\/\/foto.praha-19.ys-beta.cz\/app\/uploads\/2022\/11\/2021_05_26_Pasovani-na-ctenare134-1024x683.jpg 1024w, https:\/\/foto.praha-19.ys-beta.cz\/app\/uploads\/2022\/11\/2021_05_26_Pasovani-na-ctenare134-768x512.jpg 768w, https:\/\/foto.praha-19.ys-beta.cz\/app\/uploads\/2022\/11\/2021_05_26_Pasovani-na-ctenare134-1536x1024.jpg 1536w, https:\/\/foto.praha-19.ys-beta.cz\/app\/uploads\/2022\/11\/2021_05_26_Pasovani-na-ctenare134-1194x796.jpg 1194w, https:\/\/foto.praha-19.ys-beta.cz\/app\/uploads\/2022\/11\/2021_05_26_Pasovani-na-ctenare134-582x388.jpg 582w, https:\/\/foto.praha-19.ys-beta.cz\/app\/uploads\/2022\/11\/2021_05_26_Pasovani-na-ctenare134-276x184.jpg 276w, https:\/\/foto.praha-19.ys-beta.cz\/app\/uploads\/2022\/11\/2021_05_26_Pasovani-na-ctenare134-675x450.jpg 675w, https:\/\/foto.praha-19.ys-beta.cz\/app\/uploads\/2022\/11\/2021_05_26_Pasovani-na-ctenare134.jpg 1920w\" sizes=\"auto, (max-width: 378px) 100vw, 378px\" \/><\/a><\/div><div class='pinhole-item col-xs-12 col-lg-4 col-md-4 col-sm-6  '><a class=\"item-link\" href=\"https:\/\/foto.praha-19.ys-beta.cz\/app\/uploads\/2022\/11\/2021_05_26_Pasovani-na-ctenare133.jpg\" data-caption=\"[]\" data-meta=\"[]\"  data-size=\"{&quot;width&quot;:1920,&quot;height&quot;:1280}\" data-download=\"[]\" data-filename=\"{&quot;name&quot;:&quot;&quot;}\"><img loading=\"lazy\" decoding=\"async\" width=\"378\" height=\"252\" src=\"https:\/\/foto.praha-19.ys-beta.cz\/app\/uploads\/2022\/11\/2021_05_26_Pasovani-na-ctenare133-378x252.jpg\" class=\"attachment-pinhole-col-3 size-pinhole-col-3\" alt=\"\" srcset=\"https:\/\/foto.praha-19.ys-beta.cz\/app\/uploads\/2022\/11\/2021_05_26_Pasovani-na-ctenare133-378x252.jpg 378w, https:\/\/foto.praha-19.ys-beta.cz\/app\/uploads\/2022\/11\/2021_05_26_Pasovani-na-ctenare133-300x200.jpg 300w, https:\/\/foto.praha-19.ys-beta.cz\/app\/uploads\/2022\/11\/2021_05_26_Pasovani-na-ctenare133-1024x683.jpg 1024w, https:\/\/foto.praha-19.ys-beta.cz\/app\/uploads\/2022\/11\/2021_05_26_Pasovani-na-ctenare133-768x512.jpg 768w, https:\/\/foto.praha-19.ys-beta.cz\/app\/uploads\/2022\/11\/2021_05_26_Pasovani-na-ctenare133-1536x1024.jpg 1536w, https:\/\/foto.praha-19.ys-beta.cz\/app\/uploads\/2022\/11\/2021_05_26_Pasovani-na-ctenare133-1194x796.jpg 1194w, https:\/\/foto.praha-19.ys-beta.cz\/app\/uploads\/2022\/11\/2021_05_26_Pasovani-na-ctenare133-582x388.jpg 582w, https:\/\/foto.praha-19.ys-beta.cz\/app\/uploads\/2022\/11\/2021_05_26_Pasovani-na-ctenare133-276x184.jpg 276w, https:\/\/foto.praha-19.ys-beta.cz\/app\/uploads\/2022\/11\/2021_05_26_Pasovani-na-ctenare133-675x450.jpg 675w, https:\/\/foto.praha-19.ys-beta.cz\/app\/uploads\/2022\/11\/2021_05_26_Pasovani-na-ctenare133.jpg 1920w\" sizes=\"auto, (max-width: 378px) 100vw, 378px\" \/><\/a><\/div><div class='pinhole-item col-xs-12 col-lg-4 col-md-4 col-sm-6  '><a class=\"item-link\" href=\"https:\/\/foto.praha-19.ys-beta.cz\/app\/uploads\/2022\/11\/2021_05_26_Pasovani-na-ctenare132.jpg\" data-caption=\"[]\" data-meta=\"[]\"  data-size=\"{&quot;width&quot;:1920,&quot;height&quot;:1280}\" data-download=\"[]\" data-filename=\"{&quot;name&quot;:&quot;&quot;}\"><img loading=\"lazy\" decoding=\"async\" width=\"378\" height=\"252\" src=\"https:\/\/foto.praha-19.ys-beta.cz\/app\/uploads\/2022\/11\/2021_05_26_Pasovani-na-ctenare132-378x252.jpg\" class=\"attachment-pinhole-col-3 size-pinhole-col-3\" alt=\"\" srcset=\"https:\/\/foto.praha-19.ys-beta.cz\/app\/uploads\/2022\/11\/2021_05_26_Pasovani-na-ctenare132-378x252.jpg 378w, https:\/\/foto.praha-19.ys-beta.cz\/app\/uploads\/2022\/11\/2021_05_26_Pasovani-na-ctenare132-300x200.jpg 300w, https:\/\/foto.praha-19.ys-beta.cz\/app\/uploads\/2022\/11\/2021_05_26_Pasovani-na-ctenare132-1024x683.jpg 1024w, https:\/\/foto.praha-19.ys-beta.cz\/app\/uploads\/2022\/11\/2021_05_26_Pasovani-na-ctenare132-768x512.jpg 768w, https:\/\/foto.praha-19.ys-beta.cz\/app\/uploads\/2022\/11\/2021_05_26_Pasovani-na-ctenare132-1536x1024.jpg 1536w, https:\/\/foto.praha-19.ys-beta.cz\/app\/uploads\/2022\/11\/2021_05_26_Pasovani-na-ctenare132-1194x796.jpg 1194w, https:\/\/foto.praha-19.ys-beta.cz\/app\/uploads\/2022\/11\/2021_05_26_Pasovani-na-ctenare132-582x388.jpg 582w, https:\/\/foto.praha-19.ys-beta.cz\/app\/uploads\/2022\/11\/2021_05_26_Pasovani-na-ctenare132-276x184.jpg 276w, https:\/\/foto.praha-19.ys-beta.cz\/app\/uploads\/2022\/11\/2021_05_26_Pasovani-na-ctenare132-675x450.jpg 675w, https:\/\/foto.praha-19.ys-beta.cz\/app\/uploads\/2022\/11\/2021_05_26_Pasovani-na-ctenare132.jpg 1920w\" sizes=\"auto, (max-width: 378px) 100vw, 378px\" \/><\/a><\/div><div class='pinhole-item col-xs-12 col-lg-4 col-md-4 col-sm-6  '><a class=\"item-link\" href=\"https:\/\/foto.praha-19.ys-beta.cz\/app\/uploads\/2022\/11\/2021_05_26_Pasovani-na-ctenare131.jpg\" data-caption=\"[]\" data-meta=\"[]\"  data-size=\"{&quot;width&quot;:1920,&quot;height&quot;:1280}\" data-download=\"[]\" data-filename=\"{&quot;name&quot;:&quot;&quot;}\"><img loading=\"lazy\" decoding=\"async\" width=\"378\" height=\"252\" src=\"https:\/\/foto.praha-19.ys-beta.cz\/app\/uploads\/2022\/11\/2021_05_26_Pasovani-na-ctenare131-378x252.jpg\" class=\"attachment-pinhole-col-3 size-pinhole-col-3\" alt=\"\" srcset=\"https:\/\/foto.praha-19.ys-beta.cz\/app\/uploads\/2022\/11\/2021_05_26_Pasovani-na-ctenare131-378x252.jpg 378w, https:\/\/foto.praha-19.ys-beta.cz\/app\/uploads\/2022\/11\/2021_05_26_Pasovani-na-ctenare131-300x200.jpg 300w, https:\/\/foto.praha-19.ys-beta.cz\/app\/uploads\/2022\/11\/2021_05_26_Pasovani-na-ctenare131-1024x683.jpg 1024w, https:\/\/foto.praha-19.ys-beta.cz\/app\/uploads\/2022\/11\/2021_05_26_Pasovani-na-ctenare131-768x512.jpg 768w, https:\/\/foto.praha-19.ys-beta.cz\/app\/uploads\/2022\/11\/2021_05_26_Pasovani-na-ctenare131-1536x1024.jpg 1536w, https:\/\/foto.praha-19.ys-beta.cz\/app\/uploads\/2022\/11\/2021_05_26_Pasovani-na-ctenare131-1194x796.jpg 1194w, https:\/\/foto.praha-19.ys-beta.cz\/app\/uploads\/2022\/11\/2021_05_26_Pasovani-na-ctenare131-582x388.jpg 582w, https:\/\/foto.praha-19.ys-beta.cz\/app\/uploads\/2022\/11\/2021_05_26_Pasovani-na-ctenare131-276x184.jpg 276w, https:\/\/foto.praha-19.ys-beta.cz\/app\/uploads\/2022\/11\/2021_05_26_Pasovani-na-ctenare131-675x450.jpg 675w, https:\/\/foto.praha-19.ys-beta.cz\/app\/uploads\/2022\/11\/2021_05_26_Pasovani-na-ctenare131.jpg 1920w\" sizes=\"auto, (max-width: 378px) 100vw, 378px\" \/><\/a><\/div><div class='pinhole-item col-xs-12 col-lg-4 col-md-4 col-sm-6  '><a class=\"item-link\" href=\"https:\/\/foto.praha-19.ys-beta.cz\/app\/uploads\/2022\/11\/2021_05_26_Pasovani-na-ctenare130.jpg\" data-caption=\"[]\" data-meta=\"[]\"  data-size=\"{&quot;width&quot;:1920,&quot;height&quot;:1280}\" data-download=\"[]\" data-filename=\"{&quot;name&quot;:&quot;&quot;}\"><img loading=\"lazy\" decoding=\"async\" width=\"378\" height=\"252\" src=\"https:\/\/foto.praha-19.ys-beta.cz\/app\/uploads\/2022\/11\/2021_05_26_Pasovani-na-ctenare130-378x252.jpg\" class=\"attachment-pinhole-col-3 size-pinhole-col-3\" alt=\"\" srcset=\"https:\/\/foto.praha-19.ys-beta.cz\/app\/uploads\/2022\/11\/2021_05_26_Pasovani-na-ctenare130-378x252.jpg 378w, https:\/\/foto.praha-19.ys-beta.cz\/app\/uploads\/2022\/11\/2021_05_26_Pasovani-na-ctenare130-300x200.jpg 300w, https:\/\/foto.praha-19.ys-beta.cz\/app\/uploads\/2022\/11\/2021_05_26_Pasovani-na-ctenare130-1024x683.jpg 1024w, https:\/\/foto.praha-19.ys-beta.cz\/app\/uploads\/2022\/11\/2021_05_26_Pasovani-na-ctenare130-768x512.jpg 768w, https:\/\/foto.praha-19.ys-beta.cz\/app\/uploads\/2022\/11\/2021_05_26_Pasovani-na-ctenare130-1536x1024.jpg 1536w, https:\/\/foto.praha-19.ys-beta.cz\/app\/uploads\/2022\/11\/2021_05_26_Pasovani-na-ctenare130-1194x796.jpg 1194w, https:\/\/foto.praha-19.ys-beta.cz\/app\/uploads\/2022\/11\/2021_05_26_Pasovani-na-ctenare130-582x388.jpg 582w, https:\/\/foto.praha-19.ys-beta.cz\/app\/uploads\/2022\/11\/2021_05_26_Pasovani-na-ctenare130-276x184.jpg 276w, https:\/\/foto.praha-19.ys-beta.cz\/app\/uploads\/2022\/11\/2021_05_26_Pasovani-na-ctenare130-675x450.jpg 675w, https:\/\/foto.praha-19.ys-beta.cz\/app\/uploads\/2022\/11\/2021_05_26_Pasovani-na-ctenare130.jpg 1920w\" sizes=\"auto, (max-width: 378px) 100vw, 378px\" \/><\/a><\/div><div class='pinhole-item col-xs-12 col-lg-4 col-md-4 col-sm-6  '><a class=\"item-link\" href=\"https:\/\/foto.praha-19.ys-beta.cz\/app\/uploads\/2022\/11\/2021_05_26_Pasovani-na-ctenare129.jpg\" data-caption=\"[]\" data-meta=\"[]\"  data-size=\"{&quot;width&quot;:1920,&quot;height&quot;:1280}\" data-download=\"[]\" data-filename=\"{&quot;name&quot;:&quot;&quot;}\"><img loading=\"lazy\" decoding=\"async\" width=\"378\" height=\"252\" src=\"https:\/\/foto.praha-19.ys-beta.cz\/app\/uploads\/2022\/11\/2021_05_26_Pasovani-na-ctenare129-378x252.jpg\" class=\"attachment-pinhole-col-3 size-pinhole-col-3\" alt=\"\" srcset=\"https:\/\/foto.praha-19.ys-beta.cz\/app\/uploads\/2022\/11\/2021_05_26_Pasovani-na-ctenare129-378x252.jpg 378w, https:\/\/foto.praha-19.ys-beta.cz\/app\/uploads\/2022\/11\/2021_05_26_Pasovani-na-ctenare129-300x200.jpg 300w, https:\/\/foto.praha-19.ys-beta.cz\/app\/uploads\/2022\/11\/2021_05_26_Pasovani-na-ctenare129-1024x683.jpg 1024w, https:\/\/foto.praha-19.ys-beta.cz\/app\/uploads\/2022\/11\/2021_05_26_Pasovani-na-ctenare129-768x512.jpg 768w, https:\/\/foto.praha-19.ys-beta.cz\/app\/uploads\/2022\/11\/2021_05_26_Pasovani-na-ctenare129-1536x1024.jpg 1536w, https:\/\/foto.praha-19.ys-beta.cz\/app\/uploads\/2022\/11\/2021_05_26_Pasovani-na-ctenare129-1194x796.jpg 1194w, https:\/\/foto.praha-19.ys-beta.cz\/app\/uploads\/2022\/11\/2021_05_26_Pasovani-na-ctenare129-582x388.jpg 582w, https:\/\/foto.praha-19.ys-beta.cz\/app\/uploads\/2022\/11\/2021_05_26_Pasovani-na-ctenare129-276x184.jpg 276w, https:\/\/foto.praha-19.ys-beta.cz\/app\/uploads\/2022\/11\/2021_05_26_Pasovani-na-ctenare129-675x450.jpg 675w, https:\/\/foto.praha-19.ys-beta.cz\/app\/uploads\/2022\/11\/2021_05_26_Pasovani-na-ctenare129.jpg 1920w\" sizes=\"auto, (max-width: 378px) 100vw, 378px\" \/><\/a><\/div><div class='pinhole-item col-xs-12 col-lg-4 col-md-4 col-sm-6  '><a class=\"item-link\" href=\"https:\/\/foto.praha-19.ys-beta.cz\/app\/uploads\/2022\/11\/2021_05_26_Pasovani-na-ctenare128.jpg\" data-caption=\"[]\" data-meta=\"[]\"  data-size=\"{&quot;width&quot;:1920,&quot;height&quot;:1280}\" data-download=\"[]\" data-filename=\"{&quot;name&quot;:&quot;&quot;}\"><img loading=\"lazy\" decoding=\"async\" width=\"378\" height=\"252\" src=\"https:\/\/foto.praha-19.ys-beta.cz\/app\/uploads\/2022\/11\/2021_05_26_Pasovani-na-ctenare128-378x252.jpg\" class=\"attachment-pinhole-col-3 size-pinhole-col-3\" alt=\"\" srcset=\"https:\/\/foto.praha-19.ys-beta.cz\/app\/uploads\/2022\/11\/2021_05_26_Pasovani-na-ctenare128-378x252.jpg 378w, https:\/\/foto.praha-19.ys-beta.cz\/app\/uploads\/2022\/11\/2021_05_26_Pasovani-na-ctenare128-300x200.jpg 300w, https:\/\/foto.praha-19.ys-beta.cz\/app\/uploads\/2022\/11\/2021_05_26_Pasovani-na-ctenare128-1024x683.jpg 1024w, https:\/\/foto.praha-19.ys-beta.cz\/app\/uploads\/2022\/11\/2021_05_26_Pasovani-na-ctenare128-768x512.jpg 768w, https:\/\/foto.praha-19.ys-beta.cz\/app\/uploads\/2022\/11\/2021_05_26_Pasovani-na-ctenare128-1536x1024.jpg 1536w, https:\/\/foto.praha-19.ys-beta.cz\/app\/uploads\/2022\/11\/2021_05_26_Pasovani-na-ctenare128-1194x796.jpg 1194w, https:\/\/foto.praha-19.ys-beta.cz\/app\/uploads\/2022\/11\/2021_05_26_Pasovani-na-ctenare128-582x388.jpg 582w, https:\/\/foto.praha-19.ys-beta.cz\/app\/uploads\/2022\/11\/2021_05_26_Pasovani-na-ctenare128-276x184.jpg 276w, https:\/\/foto.praha-19.ys-beta.cz\/app\/uploads\/2022\/11\/2021_05_26_Pasovani-na-ctenare128-675x450.jpg 675w, https:\/\/foto.praha-19.ys-beta.cz\/app\/uploads\/2022\/11\/2021_05_26_Pasovani-na-ctenare128.jpg 1920w\" sizes=\"auto, (max-width: 378px) 100vw, 378px\" \/><\/a><\/div><div class='pinhole-item col-xs-12 col-lg-4 col-md-4 col-sm-6  '><a class=\"item-link\" href=\"https:\/\/foto.praha-19.ys-beta.cz\/app\/uploads\/2022\/11\/2021_05_26_Pasovani-na-ctenare127.jpg\" data-caption=\"[]\" data-meta=\"[]\"  data-size=\"{&quot;width&quot;:1920,&quot;height&quot;:1280}\" data-download=\"[]\" data-filename=\"{&quot;name&quot;:&quot;&quot;}\"><img loading=\"lazy\" decoding=\"async\" width=\"378\" height=\"252\" src=\"https:\/\/foto.praha-19.ys-beta.cz\/app\/uploads\/2022\/11\/2021_05_26_Pasovani-na-ctenare127-378x252.jpg\" class=\"attachment-pinhole-col-3 size-pinhole-col-3\" alt=\"\" srcset=\"https:\/\/foto.praha-19.ys-beta.cz\/app\/uploads\/2022\/11\/2021_05_26_Pasovani-na-ctenare127-378x252.jpg 378w, https:\/\/foto.praha-19.ys-beta.cz\/app\/uploads\/2022\/11\/2021_05_26_Pasovani-na-ctenare127-300x200.jpg 300w, https:\/\/foto.praha-19.ys-beta.cz\/app\/uploads\/2022\/11\/2021_05_26_Pasovani-na-ctenare127-1024x683.jpg 1024w, https:\/\/foto.praha-19.ys-beta.cz\/app\/uploads\/2022\/11\/2021_05_26_Pasovani-na-ctenare127-768x512.jpg 768w, https:\/\/foto.praha-19.ys-beta.cz\/app\/uploads\/2022\/11\/2021_05_26_Pasovani-na-ctenare127-1536x1024.jpg 1536w, https:\/\/foto.praha-19.ys-beta.cz\/app\/uploads\/2022\/11\/2021_05_26_Pasovani-na-ctenare127-1194x796.jpg 1194w, https:\/\/foto.praha-19.ys-beta.cz\/app\/uploads\/2022\/11\/2021_05_26_Pasovani-na-ctenare127-582x388.jpg 582w, https:\/\/foto.praha-19.ys-beta.cz\/app\/uploads\/2022\/11\/2021_05_26_Pasovani-na-ctenare127-276x184.jpg 276w, https:\/\/foto.praha-19.ys-beta.cz\/app\/uploads\/2022\/11\/2021_05_26_Pasovani-na-ctenare127-675x450.jpg 675w, https:\/\/foto.praha-19.ys-beta.cz\/app\/uploads\/2022\/11\/2021_05_26_Pasovani-na-ctenare127.jpg 1920w\" sizes=\"auto, (max-width: 378px) 100vw, 378px\" \/><\/a><\/div><div class='pinhole-item col-xs-12 col-lg-4 col-md-4 col-sm-6  '><a class=\"item-link\" href=\"https:\/\/foto.praha-19.ys-beta.cz\/app\/uploads\/2022\/11\/2021_05_26_Pasovani-na-ctenare126.jpg\" data-caption=\"[]\" data-meta=\"[]\"  data-size=\"{&quot;width&quot;:1920,&quot;height&quot;:1280}\" data-download=\"[]\" data-filename=\"{&quot;name&quot;:&quot;&quot;}\"><img loading=\"lazy\" decoding=\"async\" width=\"378\" height=\"252\" src=\"https:\/\/foto.praha-19.ys-beta.cz\/app\/uploads\/2022\/11\/2021_05_26_Pasovani-na-ctenare126-378x252.jpg\" class=\"attachment-pinhole-col-3 size-pinhole-col-3\" alt=\"\" srcset=\"https:\/\/foto.praha-19.ys-beta.cz\/app\/uploads\/2022\/11\/2021_05_26_Pasovani-na-ctenare126-378x252.jpg 378w, https:\/\/foto.praha-19.ys-beta.cz\/app\/uploads\/2022\/11\/2021_05_26_Pasovani-na-ctenare126-300x200.jpg 300w, https:\/\/foto.praha-19.ys-beta.cz\/app\/uploads\/2022\/11\/2021_05_26_Pasovani-na-ctenare126-1024x683.jpg 1024w, https:\/\/foto.praha-19.ys-beta.cz\/app\/uploads\/2022\/11\/2021_05_26_Pasovani-na-ctenare126-768x512.jpg 768w, https:\/\/foto.praha-19.ys-beta.cz\/app\/uploads\/2022\/11\/2021_05_26_Pasovani-na-ctenare126-1536x1024.jpg 1536w, https:\/\/foto.praha-19.ys-beta.cz\/app\/uploads\/2022\/11\/2021_05_26_Pasovani-na-ctenare126-1194x796.jpg 1194w, https:\/\/foto.praha-19.ys-beta.cz\/app\/uploads\/2022\/11\/2021_05_26_Pasovani-na-ctenare126-582x388.jpg 582w, https:\/\/foto.praha-19.ys-beta.cz\/app\/uploads\/2022\/11\/2021_05_26_Pasovani-na-ctenare126-276x184.jpg 276w, https:\/\/foto.praha-19.ys-beta.cz\/app\/uploads\/2022\/11\/2021_05_26_Pasovani-na-ctenare126-675x450.jpg 675w, https:\/\/foto.praha-19.ys-beta.cz\/app\/uploads\/2022\/11\/2021_05_26_Pasovani-na-ctenare126.jpg 1920w\" sizes=\"auto, (max-width: 378px) 100vw, 378px\" \/><\/a><\/div><div class='pinhole-item col-xs-12 col-lg-4 col-md-4 col-sm-6  '><a class=\"item-link\" href=\"https:\/\/foto.praha-19.ys-beta.cz\/app\/uploads\/2022\/11\/2021_05_26_Pasovani-na-ctenare125.jpg\" data-caption=\"[]\" data-meta=\"[]\"  data-size=\"{&quot;width&quot;:1920,&quot;height&quot;:1280}\" data-download=\"[]\" data-filename=\"{&quot;name&quot;:&quot;&quot;}\"><img loading=\"lazy\" decoding=\"async\" width=\"378\" height=\"252\" src=\"https:\/\/foto.praha-19.ys-beta.cz\/app\/uploads\/2022\/11\/2021_05_26_Pasovani-na-ctenare125-378x252.jpg\" class=\"attachment-pinhole-col-3 size-pinhole-col-3\" alt=\"\" srcset=\"https:\/\/foto.praha-19.ys-beta.cz\/app\/uploads\/2022\/11\/2021_05_26_Pasovani-na-ctenare125-378x252.jpg 378w, https:\/\/foto.praha-19.ys-beta.cz\/app\/uploads\/2022\/11\/2021_05_26_Pasovani-na-ctenare125-300x200.jpg 300w, https:\/\/foto.praha-19.ys-beta.cz\/app\/uploads\/2022\/11\/2021_05_26_Pasovani-na-ctenare125-1024x683.jpg 1024w, https:\/\/foto.praha-19.ys-beta.cz\/app\/uploads\/2022\/11\/2021_05_26_Pasovani-na-ctenare125-768x512.jpg 768w, https:\/\/foto.praha-19.ys-beta.cz\/app\/uploads\/2022\/11\/2021_05_26_Pasovani-na-ctenare125-1536x1024.jpg 1536w, https:\/\/foto.praha-19.ys-beta.cz\/app\/uploads\/2022\/11\/2021_05_26_Pasovani-na-ctenare125-1194x796.jpg 1194w, https:\/\/foto.praha-19.ys-beta.cz\/app\/uploads\/2022\/11\/2021_05_26_Pasovani-na-ctenare125-582x388.jpg 582w, https:\/\/foto.praha-19.ys-beta.cz\/app\/uploads\/2022\/11\/2021_05_26_Pasovani-na-ctenare125-276x184.jpg 276w, https:\/\/foto.praha-19.ys-beta.cz\/app\/uploads\/2022\/11\/2021_05_26_Pasovani-na-ctenare125-675x450.jpg 675w, https:\/\/foto.praha-19.ys-beta.cz\/app\/uploads\/2022\/11\/2021_05_26_Pasovani-na-ctenare125.jpg 1920w\" sizes=\"auto, (max-width: 378px) 100vw, 378px\" \/><\/a><\/div><div class='pinhole-item col-xs-12 col-lg-4 col-md-4 col-sm-6  '><a class=\"item-link\" href=\"https:\/\/foto.praha-19.ys-beta.cz\/app\/uploads\/2022\/11\/2021_05_26_Pasovani-na-ctenare124.jpg\" data-caption=\"[]\" data-meta=\"[]\"  data-size=\"{&quot;width&quot;:1920,&quot;height&quot;:1280}\" data-download=\"[]\" data-filename=\"{&quot;name&quot;:&quot;&quot;}\"><img loading=\"lazy\" decoding=\"async\" width=\"378\" height=\"252\" src=\"https:\/\/foto.praha-19.ys-beta.cz\/app\/uploads\/2022\/11\/2021_05_26_Pasovani-na-ctenare124-378x252.jpg\" class=\"attachment-pinhole-col-3 size-pinhole-col-3\" alt=\"\" srcset=\"https:\/\/foto.praha-19.ys-beta.cz\/app\/uploads\/2022\/11\/2021_05_26_Pasovani-na-ctenare124-378x252.jpg 378w, https:\/\/foto.praha-19.ys-beta.cz\/app\/uploads\/2022\/11\/2021_05_26_Pasovani-na-ctenare124-300x200.jpg 300w, https:\/\/foto.praha-19.ys-beta.cz\/app\/uploads\/2022\/11\/2021_05_26_Pasovani-na-ctenare124-1024x683.jpg 1024w, https:\/\/foto.praha-19.ys-beta.cz\/app\/uploads\/2022\/11\/2021_05_26_Pasovani-na-ctenare124-768x512.jpg 768w, https:\/\/foto.praha-19.ys-beta.cz\/app\/uploads\/2022\/11\/2021_05_26_Pasovani-na-ctenare124-1536x1024.jpg 1536w, https:\/\/foto.praha-19.ys-beta.cz\/app\/uploads\/2022\/11\/2021_05_26_Pasovani-na-ctenare124-1194x796.jpg 1194w, https:\/\/foto.praha-19.ys-beta.cz\/app\/uploads\/2022\/11\/2021_05_26_Pasovani-na-ctenare124-582x388.jpg 582w, https:\/\/foto.praha-19.ys-beta.cz\/app\/uploads\/2022\/11\/2021_05_26_Pasovani-na-ctenare124-276x184.jpg 276w, https:\/\/foto.praha-19.ys-beta.cz\/app\/uploads\/2022\/11\/2021_05_26_Pasovani-na-ctenare124-675x450.jpg 675w, https:\/\/foto.praha-19.ys-beta.cz\/app\/uploads\/2022\/11\/2021_05_26_Pasovani-na-ctenare124.jpg 1920w\" sizes=\"auto, (max-width: 378px) 100vw, 378px\" \/><\/a><\/div><div class='pinhole-item col-xs-12 col-lg-4 col-md-4 col-sm-6  '><a class=\"item-link\" href=\"https:\/\/foto.praha-19.ys-beta.cz\/app\/uploads\/2022\/11\/2021_05_26_Pasovani-na-ctenare123.jpg\" data-caption=\"[]\" data-meta=\"[]\"  data-size=\"{&quot;width&quot;:1920,&quot;height&quot;:1280}\" data-download=\"[]\" data-filename=\"{&quot;name&quot;:&quot;&quot;}\"><img loading=\"lazy\" decoding=\"async\" width=\"378\" height=\"252\" src=\"https:\/\/foto.praha-19.ys-beta.cz\/app\/uploads\/2022\/11\/2021_05_26_Pasovani-na-ctenare123-378x252.jpg\" class=\"attachment-pinhole-col-3 size-pinhole-col-3\" alt=\"\" srcset=\"https:\/\/foto.praha-19.ys-beta.cz\/app\/uploads\/2022\/11\/2021_05_26_Pasovani-na-ctenare123-378x252.jpg 378w, https:\/\/foto.praha-19.ys-beta.cz\/app\/uploads\/2022\/11\/2021_05_26_Pasovani-na-ctenare123-300x200.jpg 300w, https:\/\/foto.praha-19.ys-beta.cz\/app\/uploads\/2022\/11\/2021_05_26_Pasovani-na-ctenare123-1024x683.jpg 1024w, https:\/\/foto.praha-19.ys-beta.cz\/app\/uploads\/2022\/11\/2021_05_26_Pasovani-na-ctenare123-768x512.jpg 768w, https:\/\/foto.praha-19.ys-beta.cz\/app\/uploads\/2022\/11\/2021_05_26_Pasovani-na-ctenare123-1536x1024.jpg 1536w, https:\/\/foto.praha-19.ys-beta.cz\/app\/uploads\/2022\/11\/2021_05_26_Pasovani-na-ctenare123-1194x796.jpg 1194w, https:\/\/foto.praha-19.ys-beta.cz\/app\/uploads\/2022\/11\/2021_05_26_Pasovani-na-ctenare123-582x388.jpg 582w, https:\/\/foto.praha-19.ys-beta.cz\/app\/uploads\/2022\/11\/2021_05_26_Pasovani-na-ctenare123-276x184.jpg 276w, https:\/\/foto.praha-19.ys-beta.cz\/app\/uploads\/2022\/11\/2021_05_26_Pasovani-na-ctenare123-675x450.jpg 675w, https:\/\/foto.praha-19.ys-beta.cz\/app\/uploads\/2022\/11\/2021_05_26_Pasovani-na-ctenare123.jpg 1920w\" sizes=\"auto, (max-width: 378px) 100vw, 378px\" \/><\/a><\/div><div class='pinhole-item col-xs-12 col-lg-4 col-md-4 col-sm-6  '><a class=\"item-link\" href=\"https:\/\/foto.praha-19.ys-beta.cz\/app\/uploads\/2022\/11\/2021_05_26_Pasovani-na-ctenare122.jpg\" data-caption=\"[]\" data-meta=\"[]\"  data-size=\"{&quot;width&quot;:1920,&quot;height&quot;:1280}\" data-download=\"[]\" data-filename=\"{&quot;name&quot;:&quot;&quot;}\"><img loading=\"lazy\" decoding=\"async\" width=\"378\" height=\"252\" src=\"https:\/\/foto.praha-19.ys-beta.cz\/app\/uploads\/2022\/11\/2021_05_26_Pasovani-na-ctenare122-378x252.jpg\" class=\"attachment-pinhole-col-3 size-pinhole-col-3\" alt=\"\" srcset=\"https:\/\/foto.praha-19.ys-beta.cz\/app\/uploads\/2022\/11\/2021_05_26_Pasovani-na-ctenare122-378x252.jpg 378w, https:\/\/foto.praha-19.ys-beta.cz\/app\/uploads\/2022\/11\/2021_05_26_Pasovani-na-ctenare122-300x200.jpg 300w, https:\/\/foto.praha-19.ys-beta.cz\/app\/uploads\/2022\/11\/2021_05_26_Pasovani-na-ctenare122-1024x683.jpg 1024w, https:\/\/foto.praha-19.ys-beta.cz\/app\/uploads\/2022\/11\/2021_05_26_Pasovani-na-ctenare122-768x512.jpg 768w, https:\/\/foto.praha-19.ys-beta.cz\/app\/uploads\/2022\/11\/2021_05_26_Pasovani-na-ctenare122-1536x1024.jpg 1536w, https:\/\/foto.praha-19.ys-beta.cz\/app\/uploads\/2022\/11\/2021_05_26_Pasovani-na-ctenare122-1194x796.jpg 1194w, https:\/\/foto.praha-19.ys-beta.cz\/app\/uploads\/2022\/11\/2021_05_26_Pasovani-na-ctenare122-582x388.jpg 582w, https:\/\/foto.praha-19.ys-beta.cz\/app\/uploads\/2022\/11\/2021_05_26_Pasovani-na-ctenare122-276x184.jpg 276w, https:\/\/foto.praha-19.ys-beta.cz\/app\/uploads\/2022\/11\/2021_05_26_Pasovani-na-ctenare122-675x450.jpg 675w, https:\/\/foto.praha-19.ys-beta.cz\/app\/uploads\/2022\/11\/2021_05_26_Pasovani-na-ctenare122.jpg 1920w\" sizes=\"auto, (max-width: 378px) 100vw, 378px\" \/><\/a><\/div><div class='pinhole-item col-xs-12 col-lg-4 col-md-4 col-sm-6  '><a class=\"item-link\" href=\"https:\/\/foto.praha-19.ys-beta.cz\/app\/uploads\/2022\/11\/2021_05_26_Pasovani-na-ctenare121.jpg\" data-caption=\"[]\" data-meta=\"[]\"  data-size=\"{&quot;width&quot;:1920,&quot;height&quot;:1280}\" data-download=\"[]\" data-filename=\"{&quot;name&quot;:&quot;&quot;}\"><img loading=\"lazy\" decoding=\"async\" width=\"378\" height=\"252\" src=\"https:\/\/foto.praha-19.ys-beta.cz\/app\/uploads\/2022\/11\/2021_05_26_Pasovani-na-ctenare121-378x252.jpg\" class=\"attachment-pinhole-col-3 size-pinhole-col-3\" alt=\"\" srcset=\"https:\/\/foto.praha-19.ys-beta.cz\/app\/uploads\/2022\/11\/2021_05_26_Pasovani-na-ctenare121-378x252.jpg 378w, https:\/\/foto.praha-19.ys-beta.cz\/app\/uploads\/2022\/11\/2021_05_26_Pasovani-na-ctenare121-300x200.jpg 300w, https:\/\/foto.praha-19.ys-beta.cz\/app\/uploads\/2022\/11\/2021_05_26_Pasovani-na-ctenare121-1024x683.jpg 1024w, https:\/\/foto.praha-19.ys-beta.cz\/app\/uploads\/2022\/11\/2021_05_26_Pasovani-na-ctenare121-768x512.jpg 768w, https:\/\/foto.praha-19.ys-beta.cz\/app\/uploads\/2022\/11\/2021_05_26_Pasovani-na-ctenare121-1536x1024.jpg 1536w, https:\/\/foto.praha-19.ys-beta.cz\/app\/uploads\/2022\/11\/2021_05_26_Pasovani-na-ctenare121-1194x796.jpg 1194w, https:\/\/foto.praha-19.ys-beta.cz\/app\/uploads\/2022\/11\/2021_05_26_Pasovani-na-ctenare121-582x388.jpg 582w, https:\/\/foto.praha-19.ys-beta.cz\/app\/uploads\/2022\/11\/2021_05_26_Pasovani-na-ctenare121-276x184.jpg 276w, https:\/\/foto.praha-19.ys-beta.cz\/app\/uploads\/2022\/11\/2021_05_26_Pasovani-na-ctenare121-675x450.jpg 675w, https:\/\/foto.praha-19.ys-beta.cz\/app\/uploads\/2022\/11\/2021_05_26_Pasovani-na-ctenare121.jpg 1920w\" sizes=\"auto, (max-width: 378px) 100vw, 378px\" \/><\/a><\/div><div class='pinhole-item col-xs-12 col-lg-4 col-md-4 col-sm-6  '><a class=\"item-link\" href=\"https:\/\/foto.praha-19.ys-beta.cz\/app\/uploads\/2022\/11\/2021_05_26_Pasovani-na-ctenare120.jpg\" data-caption=\"[]\" data-meta=\"[]\"  data-size=\"{&quot;width&quot;:1920,&quot;height&quot;:1280}\" data-download=\"[]\" data-filename=\"{&quot;name&quot;:&quot;&quot;}\"><img loading=\"lazy\" decoding=\"async\" width=\"378\" height=\"252\" src=\"https:\/\/foto.praha-19.ys-beta.cz\/app\/uploads\/2022\/11\/2021_05_26_Pasovani-na-ctenare120-378x252.jpg\" class=\"attachment-pinhole-col-3 size-pinhole-col-3\" alt=\"\" srcset=\"https:\/\/foto.praha-19.ys-beta.cz\/app\/uploads\/2022\/11\/2021_05_26_Pasovani-na-ctenare120-378x252.jpg 378w, https:\/\/foto.praha-19.ys-beta.cz\/app\/uploads\/2022\/11\/2021_05_26_Pasovani-na-ctenare120-300x200.jpg 300w, https:\/\/foto.praha-19.ys-beta.cz\/app\/uploads\/2022\/11\/2021_05_26_Pasovani-na-ctenare120-1024x683.jpg 1024w, https:\/\/foto.praha-19.ys-beta.cz\/app\/uploads\/2022\/11\/2021_05_26_Pasovani-na-ctenare120-768x512.jpg 768w, https:\/\/foto.praha-19.ys-beta.cz\/app\/uploads\/2022\/11\/2021_05_26_Pasovani-na-ctenare120-1536x1024.jpg 1536w, https:\/\/foto.praha-19.ys-beta.cz\/app\/uploads\/2022\/11\/2021_05_26_Pasovani-na-ctenare120-1194x796.jpg 1194w, https:\/\/foto.praha-19.ys-beta.cz\/app\/uploads\/2022\/11\/2021_05_26_Pasovani-na-ctenare120-582x388.jpg 582w, https:\/\/foto.praha-19.ys-beta.cz\/app\/uploads\/2022\/11\/2021_05_26_Pasovani-na-ctenare120-276x184.jpg 276w, https:\/\/foto.praha-19.ys-beta.cz\/app\/uploads\/2022\/11\/2021_05_26_Pasovani-na-ctenare120-675x450.jpg 675w, https:\/\/foto.praha-19.ys-beta.cz\/app\/uploads\/2022\/11\/2021_05_26_Pasovani-na-ctenare120.jpg 1920w\" sizes=\"auto, (max-width: 378px) 100vw, 378px\" \/><\/a><\/div><div class='pinhole-item col-xs-12 col-lg-4 col-md-4 col-sm-6  '><a class=\"item-link\" href=\"https:\/\/foto.praha-19.ys-beta.cz\/app\/uploads\/2022\/11\/2021_05_26_Pasovani-na-ctenare119.jpg\" data-caption=\"[]\" data-meta=\"[]\"  data-size=\"{&quot;width&quot;:1920,&quot;height&quot;:1280}\" data-download=\"[]\" data-filename=\"{&quot;name&quot;:&quot;&quot;}\"><img loading=\"lazy\" decoding=\"async\" width=\"378\" height=\"252\" src=\"https:\/\/foto.praha-19.ys-beta.cz\/app\/uploads\/2022\/11\/2021_05_26_Pasovani-na-ctenare119-378x252.jpg\" class=\"attachment-pinhole-col-3 size-pinhole-col-3\" alt=\"\" srcset=\"https:\/\/foto.praha-19.ys-beta.cz\/app\/uploads\/2022\/11\/2021_05_26_Pasovani-na-ctenare119-378x252.jpg 378w, https:\/\/foto.praha-19.ys-beta.cz\/app\/uploads\/2022\/11\/2021_05_26_Pasovani-na-ctenare119-300x200.jpg 300w, https:\/\/foto.praha-19.ys-beta.cz\/app\/uploads\/2022\/11\/2021_05_26_Pasovani-na-ctenare119-1024x683.jpg 1024w, https:\/\/foto.praha-19.ys-beta.cz\/app\/uploads\/2022\/11\/2021_05_26_Pasovani-na-ctenare119-768x512.jpg 768w, https:\/\/foto.praha-19.ys-beta.cz\/app\/uploads\/2022\/11\/2021_05_26_Pasovani-na-ctenare119-1536x1024.jpg 1536w, https:\/\/foto.praha-19.ys-beta.cz\/app\/uploads\/2022\/11\/2021_05_26_Pasovani-na-ctenare119-1194x796.jpg 1194w, https:\/\/foto.praha-19.ys-beta.cz\/app\/uploads\/2022\/11\/2021_05_26_Pasovani-na-ctenare119-582x388.jpg 582w, https:\/\/foto.praha-19.ys-beta.cz\/app\/uploads\/2022\/11\/2021_05_26_Pasovani-na-ctenare119-276x184.jpg 276w, https:\/\/foto.praha-19.ys-beta.cz\/app\/uploads\/2022\/11\/2021_05_26_Pasovani-na-ctenare119-675x450.jpg 675w, https:\/\/foto.praha-19.ys-beta.cz\/app\/uploads\/2022\/11\/2021_05_26_Pasovani-na-ctenare119.jpg 1920w\" sizes=\"auto, (max-width: 378px) 100vw, 378px\" \/><\/a><\/div><div class='pinhole-item col-xs-12 col-lg-4 col-md-4 col-sm-6  '><a class=\"item-link\" href=\"https:\/\/foto.praha-19.ys-beta.cz\/app\/uploads\/2022\/11\/2021_05_26_Pasovani-na-ctenare118.jpg\" data-caption=\"[]\" data-meta=\"[]\"  data-size=\"{&quot;width&quot;:1920,&quot;height&quot;:1280}\" data-download=\"[]\" data-filename=\"{&quot;name&quot;:&quot;&quot;}\"><img loading=\"lazy\" decoding=\"async\" width=\"378\" height=\"252\" src=\"https:\/\/foto.praha-19.ys-beta.cz\/app\/uploads\/2022\/11\/2021_05_26_Pasovani-na-ctenare118-378x252.jpg\" class=\"attachment-pinhole-col-3 size-pinhole-col-3\" alt=\"\" srcset=\"https:\/\/foto.praha-19.ys-beta.cz\/app\/uploads\/2022\/11\/2021_05_26_Pasovani-na-ctenare118-378x252.jpg 378w, https:\/\/foto.praha-19.ys-beta.cz\/app\/uploads\/2022\/11\/2021_05_26_Pasovani-na-ctenare118-300x200.jpg 300w, https:\/\/foto.praha-19.ys-beta.cz\/app\/uploads\/2022\/11\/2021_05_26_Pasovani-na-ctenare118-1024x683.jpg 1024w, https:\/\/foto.praha-19.ys-beta.cz\/app\/uploads\/2022\/11\/2021_05_26_Pasovani-na-ctenare118-768x512.jpg 768w, https:\/\/foto.praha-19.ys-beta.cz\/app\/uploads\/2022\/11\/2021_05_26_Pasovani-na-ctenare118-1536x1024.jpg 1536w, https:\/\/foto.praha-19.ys-beta.cz\/app\/uploads\/2022\/11\/2021_05_26_Pasovani-na-ctenare118-1194x796.jpg 1194w, https:\/\/foto.praha-19.ys-beta.cz\/app\/uploads\/2022\/11\/2021_05_26_Pasovani-na-ctenare118-582x388.jpg 582w, https:\/\/foto.praha-19.ys-beta.cz\/app\/uploads\/2022\/11\/2021_05_26_Pasovani-na-ctenare118-276x184.jpg 276w, https:\/\/foto.praha-19.ys-beta.cz\/app\/uploads\/2022\/11\/2021_05_26_Pasovani-na-ctenare118-675x450.jpg 675w, https:\/\/foto.praha-19.ys-beta.cz\/app\/uploads\/2022\/11\/2021_05_26_Pasovani-na-ctenare118.jpg 1920w\" sizes=\"auto, (max-width: 378px) 100vw, 378px\" \/><\/a><\/div><div class='pinhole-item col-xs-12 col-lg-4 col-md-4 col-sm-6  '><a class=\"item-link\" href=\"https:\/\/foto.praha-19.ys-beta.cz\/app\/uploads\/2022\/11\/2021_05_26_Pasovani-na-ctenare117.jpg\" data-caption=\"[]\" data-meta=\"[]\"  data-size=\"{&quot;width&quot;:1920,&quot;height&quot;:1280}\" data-download=\"[]\" data-filename=\"{&quot;name&quot;:&quot;&quot;}\"><img loading=\"lazy\" decoding=\"async\" width=\"378\" height=\"252\" src=\"https:\/\/foto.praha-19.ys-beta.cz\/app\/uploads\/2022\/11\/2021_05_26_Pasovani-na-ctenare117-378x252.jpg\" class=\"attachment-pinhole-col-3 size-pinhole-col-3\" alt=\"\" srcset=\"https:\/\/foto.praha-19.ys-beta.cz\/app\/uploads\/2022\/11\/2021_05_26_Pasovani-na-ctenare117-378x252.jpg 378w, https:\/\/foto.praha-19.ys-beta.cz\/app\/uploads\/2022\/11\/2021_05_26_Pasovani-na-ctenare117-300x200.jpg 300w, https:\/\/foto.praha-19.ys-beta.cz\/app\/uploads\/2022\/11\/2021_05_26_Pasovani-na-ctenare117-1024x683.jpg 1024w, https:\/\/foto.praha-19.ys-beta.cz\/app\/uploads\/2022\/11\/2021_05_26_Pasovani-na-ctenare117-768x512.jpg 768w, https:\/\/foto.praha-19.ys-beta.cz\/app\/uploads\/2022\/11\/2021_05_26_Pasovani-na-ctenare117-1536x1024.jpg 1536w, https:\/\/foto.praha-19.ys-beta.cz\/app\/uploads\/2022\/11\/2021_05_26_Pasovani-na-ctenare117-1194x796.jpg 1194w, https:\/\/foto.praha-19.ys-beta.cz\/app\/uploads\/2022\/11\/2021_05_26_Pasovani-na-ctenare117-582x388.jpg 582w, https:\/\/foto.praha-19.ys-beta.cz\/app\/uploads\/2022\/11\/2021_05_26_Pasovani-na-ctenare117-276x184.jpg 276w, https:\/\/foto.praha-19.ys-beta.cz\/app\/uploads\/2022\/11\/2021_05_26_Pasovani-na-ctenare117-675x450.jpg 675w, https:\/\/foto.praha-19.ys-beta.cz\/app\/uploads\/2022\/11\/2021_05_26_Pasovani-na-ctenare117.jpg 1920w\" sizes=\"auto, (max-width: 378px) 100vw, 378px\" \/><\/a><\/div><div class='pinhole-item col-xs-12 col-lg-4 col-md-4 col-sm-6  '><a class=\"item-link\" href=\"https:\/\/foto.praha-19.ys-beta.cz\/app\/uploads\/2022\/11\/2021_05_26_Pasovani-na-ctenare116.jpg\" data-caption=\"[]\" data-meta=\"[]\"  data-size=\"{&quot;width&quot;:1920,&quot;height&quot;:1280}\" data-download=\"[]\" data-filename=\"{&quot;name&quot;:&quot;&quot;}\"><img loading=\"lazy\" decoding=\"async\" width=\"378\" height=\"252\" src=\"https:\/\/foto.praha-19.ys-beta.cz\/app\/uploads\/2022\/11\/2021_05_26_Pasovani-na-ctenare116-378x252.jpg\" class=\"attachment-pinhole-col-3 size-pinhole-col-3\" alt=\"\" srcset=\"https:\/\/foto.praha-19.ys-beta.cz\/app\/uploads\/2022\/11\/2021_05_26_Pasovani-na-ctenare116-378x252.jpg 378w, https:\/\/foto.praha-19.ys-beta.cz\/app\/uploads\/2022\/11\/2021_05_26_Pasovani-na-ctenare116-300x200.jpg 300w, https:\/\/foto.praha-19.ys-beta.cz\/app\/uploads\/2022\/11\/2021_05_26_Pasovani-na-ctenare116-1024x683.jpg 1024w, https:\/\/foto.praha-19.ys-beta.cz\/app\/uploads\/2022\/11\/2021_05_26_Pasovani-na-ctenare116-768x512.jpg 768w, https:\/\/foto.praha-19.ys-beta.cz\/app\/uploads\/2022\/11\/2021_05_26_Pasovani-na-ctenare116-1536x1024.jpg 1536w, https:\/\/foto.praha-19.ys-beta.cz\/app\/uploads\/2022\/11\/2021_05_26_Pasovani-na-ctenare116-1194x796.jpg 1194w, https:\/\/foto.praha-19.ys-beta.cz\/app\/uploads\/2022\/11\/2021_05_26_Pasovani-na-ctenare116-582x388.jpg 582w, https:\/\/foto.praha-19.ys-beta.cz\/app\/uploads\/2022\/11\/2021_05_26_Pasovani-na-ctenare116-276x184.jpg 276w, https:\/\/foto.praha-19.ys-beta.cz\/app\/uploads\/2022\/11\/2021_05_26_Pasovani-na-ctenare116-675x450.jpg 675w, https:\/\/foto.praha-19.ys-beta.cz\/app\/uploads\/2022\/11\/2021_05_26_Pasovani-na-ctenare116.jpg 1920w\" sizes=\"auto, (max-width: 378px) 100vw, 378px\" \/><\/a><\/div><div class='pinhole-item col-xs-12 col-lg-4 col-md-4 col-sm-6  '><a class=\"item-link\" href=\"https:\/\/foto.praha-19.ys-beta.cz\/app\/uploads\/2022\/11\/2021_05_26_Pasovani-na-ctenare115.jpg\" data-caption=\"[]\" data-meta=\"[]\"  data-size=\"{&quot;width&quot;:1920,&quot;height&quot;:1280}\" data-download=\"[]\" data-filename=\"{&quot;name&quot;:&quot;&quot;}\"><img loading=\"lazy\" decoding=\"async\" width=\"378\" height=\"252\" src=\"https:\/\/foto.praha-19.ys-beta.cz\/app\/uploads\/2022\/11\/2021_05_26_Pasovani-na-ctenare115-378x252.jpg\" class=\"attachment-pinhole-col-3 size-pinhole-col-3\" alt=\"\" srcset=\"https:\/\/foto.praha-19.ys-beta.cz\/app\/uploads\/2022\/11\/2021_05_26_Pasovani-na-ctenare115-378x252.jpg 378w, https:\/\/foto.praha-19.ys-beta.cz\/app\/uploads\/2022\/11\/2021_05_26_Pasovani-na-ctenare115-300x200.jpg 300w, https:\/\/foto.praha-19.ys-beta.cz\/app\/uploads\/2022\/11\/2021_05_26_Pasovani-na-ctenare115-1024x683.jpg 1024w, https:\/\/foto.praha-19.ys-beta.cz\/app\/uploads\/2022\/11\/2021_05_26_Pasovani-na-ctenare115-768x512.jpg 768w, https:\/\/foto.praha-19.ys-beta.cz\/app\/uploads\/2022\/11\/2021_05_26_Pasovani-na-ctenare115-1536x1024.jpg 1536w, https:\/\/foto.praha-19.ys-beta.cz\/app\/uploads\/2022\/11\/2021_05_26_Pasovani-na-ctenare115-1194x796.jpg 1194w, https:\/\/foto.praha-19.ys-beta.cz\/app\/uploads\/2022\/11\/2021_05_26_Pasovani-na-ctenare115-582x388.jpg 582w, https:\/\/foto.praha-19.ys-beta.cz\/app\/uploads\/2022\/11\/2021_05_26_Pasovani-na-ctenare115-276x184.jpg 276w, https:\/\/foto.praha-19.ys-beta.cz\/app\/uploads\/2022\/11\/2021_05_26_Pasovani-na-ctenare115-675x450.jpg 675w, https:\/\/foto.praha-19.ys-beta.cz\/app\/uploads\/2022\/11\/2021_05_26_Pasovani-na-ctenare115.jpg 1920w\" sizes=\"auto, (max-width: 378px) 100vw, 378px\" \/><\/a><\/div><div class='pinhole-item col-xs-12 col-lg-4 col-md-4 col-sm-6  '><a class=\"item-link\" href=\"https:\/\/foto.praha-19.ys-beta.cz\/app\/uploads\/2022\/11\/2021_05_26_Pasovani-na-ctenare114.jpg\" data-caption=\"[]\" data-meta=\"[]\"  data-size=\"{&quot;width&quot;:1920,&quot;height&quot;:1280}\" data-download=\"[]\" data-filename=\"{&quot;name&quot;:&quot;&quot;}\"><img loading=\"lazy\" decoding=\"async\" width=\"378\" height=\"252\" src=\"https:\/\/foto.praha-19.ys-beta.cz\/app\/uploads\/2022\/11\/2021_05_26_Pasovani-na-ctenare114-378x252.jpg\" class=\"attachment-pinhole-col-3 size-pinhole-col-3\" alt=\"\" srcset=\"https:\/\/foto.praha-19.ys-beta.cz\/app\/uploads\/2022\/11\/2021_05_26_Pasovani-na-ctenare114-378x252.jpg 378w, https:\/\/foto.praha-19.ys-beta.cz\/app\/uploads\/2022\/11\/2021_05_26_Pasovani-na-ctenare114-300x200.jpg 300w, https:\/\/foto.praha-19.ys-beta.cz\/app\/uploads\/2022\/11\/2021_05_26_Pasovani-na-ctenare114-1024x683.jpg 1024w, https:\/\/foto.praha-19.ys-beta.cz\/app\/uploads\/2022\/11\/2021_05_26_Pasovani-na-ctenare114-768x512.jpg 768w, https:\/\/foto.praha-19.ys-beta.cz\/app\/uploads\/2022\/11\/2021_05_26_Pasovani-na-ctenare114-1536x1024.jpg 1536w, https:\/\/foto.praha-19.ys-beta.cz\/app\/uploads\/2022\/11\/2021_05_26_Pasovani-na-ctenare114-1194x796.jpg 1194w, https:\/\/foto.praha-19.ys-beta.cz\/app\/uploads\/2022\/11\/2021_05_26_Pasovani-na-ctenare114-582x388.jpg 582w, https:\/\/foto.praha-19.ys-beta.cz\/app\/uploads\/2022\/11\/2021_05_26_Pasovani-na-ctenare114-276x184.jpg 276w, https:\/\/foto.praha-19.ys-beta.cz\/app\/uploads\/2022\/11\/2021_05_26_Pasovani-na-ctenare114-675x450.jpg 675w, https:\/\/foto.praha-19.ys-beta.cz\/app\/uploads\/2022\/11\/2021_05_26_Pasovani-na-ctenare114.jpg 1920w\" sizes=\"auto, (max-width: 378px) 100vw, 378px\" \/><\/a><\/div><div class='pinhole-item col-xs-12 col-lg-4 col-md-4 col-sm-6  '><a class=\"item-link\" href=\"https:\/\/foto.praha-19.ys-beta.cz\/app\/uploads\/2022\/11\/2021_05_26_Pasovani-na-ctenare113.jpg\" data-caption=\"[]\" data-meta=\"[]\"  data-size=\"{&quot;width&quot;:1920,&quot;height&quot;:1280}\" data-download=\"[]\" data-filename=\"{&quot;name&quot;:&quot;&quot;}\"><img loading=\"lazy\" decoding=\"async\" width=\"378\" height=\"252\" src=\"https:\/\/foto.praha-19.ys-beta.cz\/app\/uploads\/2022\/11\/2021_05_26_Pasovani-na-ctenare113-378x252.jpg\" class=\"attachment-pinhole-col-3 size-pinhole-col-3\" alt=\"\" srcset=\"https:\/\/foto.praha-19.ys-beta.cz\/app\/uploads\/2022\/11\/2021_05_26_Pasovani-na-ctenare113-378x252.jpg 378w, https:\/\/foto.praha-19.ys-beta.cz\/app\/uploads\/2022\/11\/2021_05_26_Pasovani-na-ctenare113-300x200.jpg 300w, https:\/\/foto.praha-19.ys-beta.cz\/app\/uploads\/2022\/11\/2021_05_26_Pasovani-na-ctenare113-1024x683.jpg 1024w, https:\/\/foto.praha-19.ys-beta.cz\/app\/uploads\/2022\/11\/2021_05_26_Pasovani-na-ctenare113-768x512.jpg 768w, https:\/\/foto.praha-19.ys-beta.cz\/app\/uploads\/2022\/11\/2021_05_26_Pasovani-na-ctenare113-1536x1024.jpg 1536w, https:\/\/foto.praha-19.ys-beta.cz\/app\/uploads\/2022\/11\/2021_05_26_Pasovani-na-ctenare113-1194x796.jpg 1194w, https:\/\/foto.praha-19.ys-beta.cz\/app\/uploads\/2022\/11\/2021_05_26_Pasovani-na-ctenare113-582x388.jpg 582w, https:\/\/foto.praha-19.ys-beta.cz\/app\/uploads\/2022\/11\/2021_05_26_Pasovani-na-ctenare113-276x184.jpg 276w, https:\/\/foto.praha-19.ys-beta.cz\/app\/uploads\/2022\/11\/2021_05_26_Pasovani-na-ctenare113-675x450.jpg 675w, https:\/\/foto.praha-19.ys-beta.cz\/app\/uploads\/2022\/11\/2021_05_26_Pasovani-na-ctenare113.jpg 1920w\" sizes=\"auto, (max-width: 378px) 100vw, 378px\" \/><\/a><\/div><div class='pinhole-item col-xs-12 col-lg-4 col-md-4 col-sm-6  '><a class=\"item-link\" href=\"https:\/\/foto.praha-19.ys-beta.cz\/app\/uploads\/2022\/11\/2021_05_26_Pasovani-na-ctenare112.jpg\" data-caption=\"[]\" data-meta=\"[]\"  data-size=\"{&quot;width&quot;:1920,&quot;height&quot;:1280}\" data-download=\"[]\" data-filename=\"{&quot;name&quot;:&quot;&quot;}\"><img loading=\"lazy\" decoding=\"async\" width=\"378\" height=\"252\" src=\"https:\/\/foto.praha-19.ys-beta.cz\/app\/uploads\/2022\/11\/2021_05_26_Pasovani-na-ctenare112-378x252.jpg\" class=\"attachment-pinhole-col-3 size-pinhole-col-3\" alt=\"\" srcset=\"https:\/\/foto.praha-19.ys-beta.cz\/app\/uploads\/2022\/11\/2021_05_26_Pasovani-na-ctenare112-378x252.jpg 378w, https:\/\/foto.praha-19.ys-beta.cz\/app\/uploads\/2022\/11\/2021_05_26_Pasovani-na-ctenare112-300x200.jpg 300w, https:\/\/foto.praha-19.ys-beta.cz\/app\/uploads\/2022\/11\/2021_05_26_Pasovani-na-ctenare112-1024x683.jpg 1024w, https:\/\/foto.praha-19.ys-beta.cz\/app\/uploads\/2022\/11\/2021_05_26_Pasovani-na-ctenare112-768x512.jpg 768w, https:\/\/foto.praha-19.ys-beta.cz\/app\/uploads\/2022\/11\/2021_05_26_Pasovani-na-ctenare112-1536x1024.jpg 1536w, https:\/\/foto.praha-19.ys-beta.cz\/app\/uploads\/2022\/11\/2021_05_26_Pasovani-na-ctenare112-1194x796.jpg 1194w, https:\/\/foto.praha-19.ys-beta.cz\/app\/uploads\/2022\/11\/2021_05_26_Pasovani-na-ctenare112-582x388.jpg 582w, https:\/\/foto.praha-19.ys-beta.cz\/app\/uploads\/2022\/11\/2021_05_26_Pasovani-na-ctenare112-276x184.jpg 276w, https:\/\/foto.praha-19.ys-beta.cz\/app\/uploads\/2022\/11\/2021_05_26_Pasovani-na-ctenare112-675x450.jpg 675w, https:\/\/foto.praha-19.ys-beta.cz\/app\/uploads\/2022\/11\/2021_05_26_Pasovani-na-ctenare112.jpg 1920w\" sizes=\"auto, (max-width: 378px) 100vw, 378px\" \/><\/a><\/div><div class='pinhole-item col-xs-12 col-lg-4 col-md-4 col-sm-6  '><a class=\"item-link\" href=\"https:\/\/foto.praha-19.ys-beta.cz\/app\/uploads\/2022\/11\/2021_05_26_Pasovani-na-ctenare110.jpg\" data-caption=\"[]\" data-meta=\"[]\"  data-size=\"{&quot;width&quot;:1920,&quot;height&quot;:1280}\" data-download=\"[]\" data-filename=\"{&quot;name&quot;:&quot;&quot;}\"><img loading=\"lazy\" decoding=\"async\" width=\"378\" height=\"252\" src=\"https:\/\/foto.praha-19.ys-beta.cz\/app\/uploads\/2022\/11\/2021_05_26_Pasovani-na-ctenare110-378x252.jpg\" class=\"attachment-pinhole-col-3 size-pinhole-col-3\" alt=\"\" srcset=\"https:\/\/foto.praha-19.ys-beta.cz\/app\/uploads\/2022\/11\/2021_05_26_Pasovani-na-ctenare110-378x252.jpg 378w, https:\/\/foto.praha-19.ys-beta.cz\/app\/uploads\/2022\/11\/2021_05_26_Pasovani-na-ctenare110-300x200.jpg 300w, https:\/\/foto.praha-19.ys-beta.cz\/app\/uploads\/2022\/11\/2021_05_26_Pasovani-na-ctenare110-1024x683.jpg 1024w, https:\/\/foto.praha-19.ys-beta.cz\/app\/uploads\/2022\/11\/2021_05_26_Pasovani-na-ctenare110-768x512.jpg 768w, https:\/\/foto.praha-19.ys-beta.cz\/app\/uploads\/2022\/11\/2021_05_26_Pasovani-na-ctenare110-1536x1024.jpg 1536w, https:\/\/foto.praha-19.ys-beta.cz\/app\/uploads\/2022\/11\/2021_05_26_Pasovani-na-ctenare110-1194x796.jpg 1194w, https:\/\/foto.praha-19.ys-beta.cz\/app\/uploads\/2022\/11\/2021_05_26_Pasovani-na-ctenare110-582x388.jpg 582w, https:\/\/foto.praha-19.ys-beta.cz\/app\/uploads\/2022\/11\/2021_05_26_Pasovani-na-ctenare110-276x184.jpg 276w, https:\/\/foto.praha-19.ys-beta.cz\/app\/uploads\/2022\/11\/2021_05_26_Pasovani-na-ctenare110-675x450.jpg 675w, https:\/\/foto.praha-19.ys-beta.cz\/app\/uploads\/2022\/11\/2021_05_26_Pasovani-na-ctenare110.jpg 1920w\" sizes=\"auto, (max-width: 378px) 100vw, 378px\" \/><\/a><\/div><div class='pinhole-item col-xs-12 col-lg-4 col-md-4 col-sm-6  '><a class=\"item-link\" href=\"https:\/\/foto.praha-19.ys-beta.cz\/app\/uploads\/2022\/11\/2021_05_26_Pasovani-na-ctenare108.jpg\" data-caption=\"[]\" data-meta=\"[]\"  data-size=\"{&quot;width&quot;:1280,&quot;height&quot;:1920}\" data-download=\"[]\" data-filename=\"{&quot;name&quot;:&quot;&quot;}\"><img loading=\"lazy\" decoding=\"async\" width=\"378\" height=\"567\" src=\"https:\/\/foto.praha-19.ys-beta.cz\/app\/uploads\/2022\/11\/2021_05_26_Pasovani-na-ctenare108-378x567.jpg\" class=\"attachment-pinhole-col-3 size-pinhole-col-3\" alt=\"\" srcset=\"https:\/\/foto.praha-19.ys-beta.cz\/app\/uploads\/2022\/11\/2021_05_26_Pasovani-na-ctenare108-378x567.jpg 378w, https:\/\/foto.praha-19.ys-beta.cz\/app\/uploads\/2022\/11\/2021_05_26_Pasovani-na-ctenare108-200x300.jpg 200w, https:\/\/foto.praha-19.ys-beta.cz\/app\/uploads\/2022\/11\/2021_05_26_Pasovani-na-ctenare108-683x1024.jpg 683w, https:\/\/foto.praha-19.ys-beta.cz\/app\/uploads\/2022\/11\/2021_05_26_Pasovani-na-ctenare108-768x1152.jpg 768w, https:\/\/foto.praha-19.ys-beta.cz\/app\/uploads\/2022\/11\/2021_05_26_Pasovani-na-ctenare108-1024x1536.jpg 1024w, https:\/\/foto.praha-19.ys-beta.cz\/app\/uploads\/2022\/11\/2021_05_26_Pasovani-na-ctenare108-1194x1791.jpg 1194w, https:\/\/foto.praha-19.ys-beta.cz\/app\/uploads\/2022\/11\/2021_05_26_Pasovani-na-ctenare108-582x873.jpg 582w, https:\/\/foto.praha-19.ys-beta.cz\/app\/uploads\/2022\/11\/2021_05_26_Pasovani-na-ctenare108-276x414.jpg 276w, https:\/\/foto.praha-19.ys-beta.cz\/app\/uploads\/2022\/11\/2021_05_26_Pasovani-na-ctenare108-300x450.jpg 300w, https:\/\/foto.praha-19.ys-beta.cz\/app\/uploads\/2022\/11\/2021_05_26_Pasovani-na-ctenare108.jpg 1280w\" sizes=\"auto, (max-width: 378px) 100vw, 378px\" \/><\/a><\/div><div class='pinhole-item col-xs-12 col-lg-4 col-md-4 col-sm-6  '><a class=\"item-link\" href=\"https:\/\/foto.praha-19.ys-beta.cz\/app\/uploads\/2022\/11\/2021_05_26_Pasovani-na-ctenare107.jpg\" data-caption=\"[]\" data-meta=\"[]\"  data-size=\"{&quot;width&quot;:1920,&quot;height&quot;:1280}\" data-download=\"[]\" data-filename=\"{&quot;name&quot;:&quot;&quot;}\"><img loading=\"lazy\" decoding=\"async\" width=\"378\" height=\"252\" src=\"https:\/\/foto.praha-19.ys-beta.cz\/app\/uploads\/2022\/11\/2021_05_26_Pasovani-na-ctenare107-378x252.jpg\" class=\"attachment-pinhole-col-3 size-pinhole-col-3\" alt=\"\" srcset=\"https:\/\/foto.praha-19.ys-beta.cz\/app\/uploads\/2022\/11\/2021_05_26_Pasovani-na-ctenare107-378x252.jpg 378w, https:\/\/foto.praha-19.ys-beta.cz\/app\/uploads\/2022\/11\/2021_05_26_Pasovani-na-ctenare107-300x200.jpg 300w, https:\/\/foto.praha-19.ys-beta.cz\/app\/uploads\/2022\/11\/2021_05_26_Pasovani-na-ctenare107-1024x683.jpg 1024w, https:\/\/foto.praha-19.ys-beta.cz\/app\/uploads\/2022\/11\/2021_05_26_Pasovani-na-ctenare107-768x512.jpg 768w, https:\/\/foto.praha-19.ys-beta.cz\/app\/uploads\/2022\/11\/2021_05_26_Pasovani-na-ctenare107-1536x1024.jpg 1536w, https:\/\/foto.praha-19.ys-beta.cz\/app\/uploads\/2022\/11\/2021_05_26_Pasovani-na-ctenare107-1194x796.jpg 1194w, https:\/\/foto.praha-19.ys-beta.cz\/app\/uploads\/2022\/11\/2021_05_26_Pasovani-na-ctenare107-582x388.jpg 582w, https:\/\/foto.praha-19.ys-beta.cz\/app\/uploads\/2022\/11\/2021_05_26_Pasovani-na-ctenare107-276x184.jpg 276w, https:\/\/foto.praha-19.ys-beta.cz\/app\/uploads\/2022\/11\/2021_05_26_Pasovani-na-ctenare107-675x450.jpg 675w, https:\/\/foto.praha-19.ys-beta.cz\/app\/uploads\/2022\/11\/2021_05_26_Pasovani-na-ctenare107.jpg 1920w\" sizes=\"auto, (max-width: 378px) 100vw, 378px\" \/><\/a><\/div><div class='pinhole-item col-xs-12 col-lg-4 col-md-4 col-sm-6  '><a class=\"item-link\" href=\"https:\/\/foto.praha-19.ys-beta.cz\/app\/uploads\/2022\/11\/2021_05_26_Pasovani-na-ctenare106.jpg\" data-caption=\"[]\" data-meta=\"[]\"  data-size=\"{&quot;width&quot;:1280,&quot;height&quot;:1920}\" data-download=\"[]\" data-filename=\"{&quot;name&quot;:&quot;&quot;}\"><img loading=\"lazy\" decoding=\"async\" width=\"378\" height=\"567\" src=\"https:\/\/foto.praha-19.ys-beta.cz\/app\/uploads\/2022\/11\/2021_05_26_Pasovani-na-ctenare106-378x567.jpg\" class=\"attachment-pinhole-col-3 size-pinhole-col-3\" alt=\"\" srcset=\"https:\/\/foto.praha-19.ys-beta.cz\/app\/uploads\/2022\/11\/2021_05_26_Pasovani-na-ctenare106-378x567.jpg 378w, https:\/\/foto.praha-19.ys-beta.cz\/app\/uploads\/2022\/11\/2021_05_26_Pasovani-na-ctenare106-200x300.jpg 200w, https:\/\/foto.praha-19.ys-beta.cz\/app\/uploads\/2022\/11\/2021_05_26_Pasovani-na-ctenare106-683x1024.jpg 683w, https:\/\/foto.praha-19.ys-beta.cz\/app\/uploads\/2022\/11\/2021_05_26_Pasovani-na-ctenare106-768x1152.jpg 768w, https:\/\/foto.praha-19.ys-beta.cz\/app\/uploads\/2022\/11\/2021_05_26_Pasovani-na-ctenare106-1024x1536.jpg 1024w, https:\/\/foto.praha-19.ys-beta.cz\/app\/uploads\/2022\/11\/2021_05_26_Pasovani-na-ctenare106-1194x1791.jpg 1194w, https:\/\/foto.praha-19.ys-beta.cz\/app\/uploads\/2022\/11\/2021_05_26_Pasovani-na-ctenare106-582x873.jpg 582w, https:\/\/foto.praha-19.ys-beta.cz\/app\/uploads\/2022\/11\/2021_05_26_Pasovani-na-ctenare106-276x414.jpg 276w, https:\/\/foto.praha-19.ys-beta.cz\/app\/uploads\/2022\/11\/2021_05_26_Pasovani-na-ctenare106-300x450.jpg 300w, https:\/\/foto.praha-19.ys-beta.cz\/app\/uploads\/2022\/11\/2021_05_26_Pasovani-na-ctenare106.jpg 1280w\" sizes=\"auto, (max-width: 378px) 100vw, 378px\" \/><\/a><\/div><div class='pinhole-item col-xs-12 col-lg-4 col-md-4 col-sm-6  '><a class=\"item-link\" href=\"https:\/\/foto.praha-19.ys-beta.cz\/app\/uploads\/2022\/11\/2021_05_26_Pasovani-na-ctenare105.jpg\" data-caption=\"[]\" data-meta=\"[]\"  data-size=\"{&quot;width&quot;:1280,&quot;height&quot;:1920}\" data-download=\"[]\" data-filename=\"{&quot;name&quot;:&quot;&quot;}\"><img loading=\"lazy\" decoding=\"async\" width=\"378\" height=\"567\" src=\"https:\/\/foto.praha-19.ys-beta.cz\/app\/uploads\/2022\/11\/2021_05_26_Pasovani-na-ctenare105-378x567.jpg\" class=\"attachment-pinhole-col-3 size-pinhole-col-3\" alt=\"\" srcset=\"https:\/\/foto.praha-19.ys-beta.cz\/app\/uploads\/2022\/11\/2021_05_26_Pasovani-na-ctenare105-378x567.jpg 378w, https:\/\/foto.praha-19.ys-beta.cz\/app\/uploads\/2022\/11\/2021_05_26_Pasovani-na-ctenare105-200x300.jpg 200w, https:\/\/foto.praha-19.ys-beta.cz\/app\/uploads\/2022\/11\/2021_05_26_Pasovani-na-ctenare105-683x1024.jpg 683w, https:\/\/foto.praha-19.ys-beta.cz\/app\/uploads\/2022\/11\/2021_05_26_Pasovani-na-ctenare105-768x1152.jpg 768w, https:\/\/foto.praha-19.ys-beta.cz\/app\/uploads\/2022\/11\/2021_05_26_Pasovani-na-ctenare105-1024x1536.jpg 1024w, https:\/\/foto.praha-19.ys-beta.cz\/app\/uploads\/2022\/11\/2021_05_26_Pasovani-na-ctenare105-1194x1791.jpg 1194w, https:\/\/foto.praha-19.ys-beta.cz\/app\/uploads\/2022\/11\/2021_05_26_Pasovani-na-ctenare105-582x873.jpg 582w, https:\/\/foto.praha-19.ys-beta.cz\/app\/uploads\/2022\/11\/2021_05_26_Pasovani-na-ctenare105-276x414.jpg 276w, https:\/\/foto.praha-19.ys-beta.cz\/app\/uploads\/2022\/11\/2021_05_26_Pasovani-na-ctenare105-300x450.jpg 300w, https:\/\/foto.praha-19.ys-beta.cz\/app\/uploads\/2022\/11\/2021_05_26_Pasovani-na-ctenare105.jpg 1280w\" sizes=\"auto, (max-width: 378px) 100vw, 378px\" \/><\/a><\/div><div class='pinhole-item col-xs-12 col-lg-4 col-md-4 col-sm-6  '><a class=\"item-link\" href=\"https:\/\/foto.praha-19.ys-beta.cz\/app\/uploads\/2022\/11\/2021_05_26_Pasovani-na-ctenare103.jpg\" data-caption=\"[]\" data-meta=\"[]\"  data-size=\"{&quot;width&quot;:1920,&quot;height&quot;:1280}\" data-download=\"[]\" data-filename=\"{&quot;name&quot;:&quot;&quot;}\"><img loading=\"lazy\" decoding=\"async\" width=\"378\" height=\"252\" src=\"https:\/\/foto.praha-19.ys-beta.cz\/app\/uploads\/2022\/11\/2021_05_26_Pasovani-na-ctenare103-378x252.jpg\" class=\"attachment-pinhole-col-3 size-pinhole-col-3\" alt=\"\" srcset=\"https:\/\/foto.praha-19.ys-beta.cz\/app\/uploads\/2022\/11\/2021_05_26_Pasovani-na-ctenare103-378x252.jpg 378w, https:\/\/foto.praha-19.ys-beta.cz\/app\/uploads\/2022\/11\/2021_05_26_Pasovani-na-ctenare103-300x200.jpg 300w, https:\/\/foto.praha-19.ys-beta.cz\/app\/uploads\/2022\/11\/2021_05_26_Pasovani-na-ctenare103-1024x683.jpg 1024w, https:\/\/foto.praha-19.ys-beta.cz\/app\/uploads\/2022\/11\/2021_05_26_Pasovani-na-ctenare103-768x512.jpg 768w, https:\/\/foto.praha-19.ys-beta.cz\/app\/uploads\/2022\/11\/2021_05_26_Pasovani-na-ctenare103-1536x1024.jpg 1536w, https:\/\/foto.praha-19.ys-beta.cz\/app\/uploads\/2022\/11\/2021_05_26_Pasovani-na-ctenare103-1194x796.jpg 1194w, https:\/\/foto.praha-19.ys-beta.cz\/app\/uploads\/2022\/11\/2021_05_26_Pasovani-na-ctenare103-582x388.jpg 582w, https:\/\/foto.praha-19.ys-beta.cz\/app\/uploads\/2022\/11\/2021_05_26_Pasovani-na-ctenare103-276x184.jpg 276w, https:\/\/foto.praha-19.ys-beta.cz\/app\/uploads\/2022\/11\/2021_05_26_Pasovani-na-ctenare103-675x450.jpg 675w, https:\/\/foto.praha-19.ys-beta.cz\/app\/uploads\/2022\/11\/2021_05_26_Pasovani-na-ctenare103.jpg 1920w\" sizes=\"auto, (max-width: 378px) 100vw, 378px\" \/><\/a><\/div><div class='pinhole-item col-xs-12 col-lg-4 col-md-4 col-sm-6  '><a class=\"item-link\" href=\"https:\/\/foto.praha-19.ys-beta.cz\/app\/uploads\/2022\/11\/2021_05_26_Pasovani-na-ctenare101.jpg\" data-caption=\"[]\" data-meta=\"[]\"  data-size=\"{&quot;width&quot;:1920,&quot;height&quot;:1280}\" data-download=\"[]\" data-filename=\"{&quot;name&quot;:&quot;&quot;}\"><img loading=\"lazy\" decoding=\"async\" width=\"378\" height=\"252\" src=\"https:\/\/foto.praha-19.ys-beta.cz\/app\/uploads\/2022\/11\/2021_05_26_Pasovani-na-ctenare101-378x252.jpg\" class=\"attachment-pinhole-col-3 size-pinhole-col-3\" alt=\"\" srcset=\"https:\/\/foto.praha-19.ys-beta.cz\/app\/uploads\/2022\/11\/2021_05_26_Pasovani-na-ctenare101-378x252.jpg 378w, https:\/\/foto.praha-19.ys-beta.cz\/app\/uploads\/2022\/11\/2021_05_26_Pasovani-na-ctenare101-300x200.jpg 300w, https:\/\/foto.praha-19.ys-beta.cz\/app\/uploads\/2022\/11\/2021_05_26_Pasovani-na-ctenare101-1024x683.jpg 1024w, https:\/\/foto.praha-19.ys-beta.cz\/app\/uploads\/2022\/11\/2021_05_26_Pasovani-na-ctenare101-768x512.jpg 768w, https:\/\/foto.praha-19.ys-beta.cz\/app\/uploads\/2022\/11\/2021_05_26_Pasovani-na-ctenare101-1536x1024.jpg 1536w, https:\/\/foto.praha-19.ys-beta.cz\/app\/uploads\/2022\/11\/2021_05_26_Pasovani-na-ctenare101-1194x796.jpg 1194w, https:\/\/foto.praha-19.ys-beta.cz\/app\/uploads\/2022\/11\/2021_05_26_Pasovani-na-ctenare101-582x388.jpg 582w, https:\/\/foto.praha-19.ys-beta.cz\/app\/uploads\/2022\/11\/2021_05_26_Pasovani-na-ctenare101-276x184.jpg 276w, https:\/\/foto.praha-19.ys-beta.cz\/app\/uploads\/2022\/11\/2021_05_26_Pasovani-na-ctenare101-675x450.jpg 675w, https:\/\/foto.praha-19.ys-beta.cz\/app\/uploads\/2022\/11\/2021_05_26_Pasovani-na-ctenare101.jpg 1920w\" sizes=\"auto, (max-width: 378px) 100vw, 378px\" \/><\/a><\/div><div class='pinhole-item col-xs-12 col-lg-4 col-md-4 col-sm-6  '><a class=\"item-link\" href=\"https:\/\/foto.praha-19.ys-beta.cz\/app\/uploads\/2022\/11\/2021_05_26_Pasovani-na-ctenare100.jpg\" data-caption=\"[]\" data-meta=\"[]\"  data-size=\"{&quot;width&quot;:1920,&quot;height&quot;:1280}\" data-download=\"[]\" data-filename=\"{&quot;name&quot;:&quot;&quot;}\"><img loading=\"lazy\" decoding=\"async\" width=\"378\" height=\"252\" src=\"https:\/\/foto.praha-19.ys-beta.cz\/app\/uploads\/2022\/11\/2021_05_26_Pasovani-na-ctenare100-378x252.jpg\" class=\"attachment-pinhole-col-3 size-pinhole-col-3\" alt=\"\" srcset=\"https:\/\/foto.praha-19.ys-beta.cz\/app\/uploads\/2022\/11\/2021_05_26_Pasovani-na-ctenare100-378x252.jpg 378w, https:\/\/foto.praha-19.ys-beta.cz\/app\/uploads\/2022\/11\/2021_05_26_Pasovani-na-ctenare100-300x200.jpg 300w, https:\/\/foto.praha-19.ys-beta.cz\/app\/uploads\/2022\/11\/2021_05_26_Pasovani-na-ctenare100-1024x683.jpg 1024w, https:\/\/foto.praha-19.ys-beta.cz\/app\/uploads\/2022\/11\/2021_05_26_Pasovani-na-ctenare100-768x512.jpg 768w, https:\/\/foto.praha-19.ys-beta.cz\/app\/uploads\/2022\/11\/2021_05_26_Pasovani-na-ctenare100-1536x1024.jpg 1536w, https:\/\/foto.praha-19.ys-beta.cz\/app\/uploads\/2022\/11\/2021_05_26_Pasovani-na-ctenare100-1194x796.jpg 1194w, https:\/\/foto.praha-19.ys-beta.cz\/app\/uploads\/2022\/11\/2021_05_26_Pasovani-na-ctenare100-582x388.jpg 582w, https:\/\/foto.praha-19.ys-beta.cz\/app\/uploads\/2022\/11\/2021_05_26_Pasovani-na-ctenare100-276x184.jpg 276w, https:\/\/foto.praha-19.ys-beta.cz\/app\/uploads\/2022\/11\/2021_05_26_Pasovani-na-ctenare100-675x450.jpg 675w, https:\/\/foto.praha-19.ys-beta.cz\/app\/uploads\/2022\/11\/2021_05_26_Pasovani-na-ctenare100.jpg 1920w\" sizes=\"auto, (max-width: 378px) 100vw, 378px\" \/><\/a><\/div><div class='pinhole-item col-xs-12 col-lg-4 col-md-4 col-sm-6  '><a class=\"item-link\" href=\"https:\/\/foto.praha-19.ys-beta.cz\/app\/uploads\/2022\/11\/2021_05_26_Pasovani-na-ctenare095.jpg\" data-caption=\"[]\" data-meta=\"[]\"  data-size=\"{&quot;width&quot;:1920,&quot;height&quot;:1280}\" data-download=\"[]\" data-filename=\"{&quot;name&quot;:&quot;&quot;}\"><img loading=\"lazy\" decoding=\"async\" width=\"378\" height=\"252\" src=\"https:\/\/foto.praha-19.ys-beta.cz\/app\/uploads\/2022\/11\/2021_05_26_Pasovani-na-ctenare095-378x252.jpg\" class=\"attachment-pinhole-col-3 size-pinhole-col-3\" alt=\"\" srcset=\"https:\/\/foto.praha-19.ys-beta.cz\/app\/uploads\/2022\/11\/2021_05_26_Pasovani-na-ctenare095-378x252.jpg 378w, https:\/\/foto.praha-19.ys-beta.cz\/app\/uploads\/2022\/11\/2021_05_26_Pasovani-na-ctenare095-300x200.jpg 300w, https:\/\/foto.praha-19.ys-beta.cz\/app\/uploads\/2022\/11\/2021_05_26_Pasovani-na-ctenare095-1024x683.jpg 1024w, https:\/\/foto.praha-19.ys-beta.cz\/app\/uploads\/2022\/11\/2021_05_26_Pasovani-na-ctenare095-768x512.jpg 768w, https:\/\/foto.praha-19.ys-beta.cz\/app\/uploads\/2022\/11\/2021_05_26_Pasovani-na-ctenare095-1536x1024.jpg 1536w, https:\/\/foto.praha-19.ys-beta.cz\/app\/uploads\/2022\/11\/2021_05_26_Pasovani-na-ctenare095-1194x796.jpg 1194w, https:\/\/foto.praha-19.ys-beta.cz\/app\/uploads\/2022\/11\/2021_05_26_Pasovani-na-ctenare095-582x388.jpg 582w, https:\/\/foto.praha-19.ys-beta.cz\/app\/uploads\/2022\/11\/2021_05_26_Pasovani-na-ctenare095-276x184.jpg 276w, https:\/\/foto.praha-19.ys-beta.cz\/app\/uploads\/2022\/11\/2021_05_26_Pasovani-na-ctenare095-675x450.jpg 675w, https:\/\/foto.praha-19.ys-beta.cz\/app\/uploads\/2022\/11\/2021_05_26_Pasovani-na-ctenare095.jpg 1920w\" sizes=\"auto, (max-width: 378px) 100vw, 378px\" \/><\/a><\/div><div class='pinhole-item col-xs-12 col-lg-4 col-md-4 col-sm-6  '><a class=\"item-link\" href=\"https:\/\/foto.praha-19.ys-beta.cz\/app\/uploads\/2022\/11\/2021_05_26_Pasovani-na-ctenare094.jpg\" data-caption=\"[]\" data-meta=\"[]\"  data-size=\"{&quot;width&quot;:1920,&quot;height&quot;:1280}\" data-download=\"[]\" data-filename=\"{&quot;name&quot;:&quot;&quot;}\"><img loading=\"lazy\" decoding=\"async\" width=\"378\" height=\"252\" src=\"https:\/\/foto.praha-19.ys-beta.cz\/app\/uploads\/2022\/11\/2021_05_26_Pasovani-na-ctenare094-378x252.jpg\" class=\"attachment-pinhole-col-3 size-pinhole-col-3\" alt=\"\" srcset=\"https:\/\/foto.praha-19.ys-beta.cz\/app\/uploads\/2022\/11\/2021_05_26_Pasovani-na-ctenare094-378x252.jpg 378w, https:\/\/foto.praha-19.ys-beta.cz\/app\/uploads\/2022\/11\/2021_05_26_Pasovani-na-ctenare094-300x200.jpg 300w, https:\/\/foto.praha-19.ys-beta.cz\/app\/uploads\/2022\/11\/2021_05_26_Pasovani-na-ctenare094-1024x683.jpg 1024w, https:\/\/foto.praha-19.ys-beta.cz\/app\/uploads\/2022\/11\/2021_05_26_Pasovani-na-ctenare094-768x512.jpg 768w, https:\/\/foto.praha-19.ys-beta.cz\/app\/uploads\/2022\/11\/2021_05_26_Pasovani-na-ctenare094-1536x1024.jpg 1536w, https:\/\/foto.praha-19.ys-beta.cz\/app\/uploads\/2022\/11\/2021_05_26_Pasovani-na-ctenare094-1194x796.jpg 1194w, https:\/\/foto.praha-19.ys-beta.cz\/app\/uploads\/2022\/11\/2021_05_26_Pasovani-na-ctenare094-582x388.jpg 582w, https:\/\/foto.praha-19.ys-beta.cz\/app\/uploads\/2022\/11\/2021_05_26_Pasovani-na-ctenare094-276x184.jpg 276w, https:\/\/foto.praha-19.ys-beta.cz\/app\/uploads\/2022\/11\/2021_05_26_Pasovani-na-ctenare094-675x450.jpg 675w, https:\/\/foto.praha-19.ys-beta.cz\/app\/uploads\/2022\/11\/2021_05_26_Pasovani-na-ctenare094.jpg 1920w\" sizes=\"auto, (max-width: 378px) 100vw, 378px\" \/><\/a><\/div><div class='pinhole-item col-xs-12 col-lg-4 col-md-4 col-sm-6  '><a class=\"item-link\" href=\"https:\/\/foto.praha-19.ys-beta.cz\/app\/uploads\/2022\/11\/2021_05_26_Pasovani-na-ctenare093.jpg\" data-caption=\"[]\" data-meta=\"[]\"  data-size=\"{&quot;width&quot;:1920,&quot;height&quot;:1280}\" data-download=\"[]\" data-filename=\"{&quot;name&quot;:&quot;&quot;}\"><img loading=\"lazy\" decoding=\"async\" width=\"378\" height=\"252\" src=\"https:\/\/foto.praha-19.ys-beta.cz\/app\/uploads\/2022\/11\/2021_05_26_Pasovani-na-ctenare093-378x252.jpg\" class=\"attachment-pinhole-col-3 size-pinhole-col-3\" alt=\"\" srcset=\"https:\/\/foto.praha-19.ys-beta.cz\/app\/uploads\/2022\/11\/2021_05_26_Pasovani-na-ctenare093-378x252.jpg 378w, https:\/\/foto.praha-19.ys-beta.cz\/app\/uploads\/2022\/11\/2021_05_26_Pasovani-na-ctenare093-300x200.jpg 300w, https:\/\/foto.praha-19.ys-beta.cz\/app\/uploads\/2022\/11\/2021_05_26_Pasovani-na-ctenare093-1024x683.jpg 1024w, https:\/\/foto.praha-19.ys-beta.cz\/app\/uploads\/2022\/11\/2021_05_26_Pasovani-na-ctenare093-768x512.jpg 768w, https:\/\/foto.praha-19.ys-beta.cz\/app\/uploads\/2022\/11\/2021_05_26_Pasovani-na-ctenare093-1536x1024.jpg 1536w, https:\/\/foto.praha-19.ys-beta.cz\/app\/uploads\/2022\/11\/2021_05_26_Pasovani-na-ctenare093-1194x796.jpg 1194w, https:\/\/foto.praha-19.ys-beta.cz\/app\/uploads\/2022\/11\/2021_05_26_Pasovani-na-ctenare093-582x388.jpg 582w, https:\/\/foto.praha-19.ys-beta.cz\/app\/uploads\/2022\/11\/2021_05_26_Pasovani-na-ctenare093-276x184.jpg 276w, https:\/\/foto.praha-19.ys-beta.cz\/app\/uploads\/2022\/11\/2021_05_26_Pasovani-na-ctenare093-675x450.jpg 675w, https:\/\/foto.praha-19.ys-beta.cz\/app\/uploads\/2022\/11\/2021_05_26_Pasovani-na-ctenare093.jpg 1920w\" sizes=\"auto, (max-width: 378px) 100vw, 378px\" \/><\/a><\/div><div class='pinhole-item col-xs-12 col-lg-4 col-md-4 col-sm-6  '><a class=\"item-link\" href=\"https:\/\/foto.praha-19.ys-beta.cz\/app\/uploads\/2022\/11\/2021_05_26_Pasovani-na-ctenare092.jpg\" data-caption=\"[]\" data-meta=\"[]\"  data-size=\"{&quot;width&quot;:1920,&quot;height&quot;:1280}\" data-download=\"[]\" data-filename=\"{&quot;name&quot;:&quot;&quot;}\"><img loading=\"lazy\" decoding=\"async\" width=\"378\" height=\"252\" src=\"https:\/\/foto.praha-19.ys-beta.cz\/app\/uploads\/2022\/11\/2021_05_26_Pasovani-na-ctenare092-378x252.jpg\" class=\"attachment-pinhole-col-3 size-pinhole-col-3\" alt=\"\" srcset=\"https:\/\/foto.praha-19.ys-beta.cz\/app\/uploads\/2022\/11\/2021_05_26_Pasovani-na-ctenare092-378x252.jpg 378w, https:\/\/foto.praha-19.ys-beta.cz\/app\/uploads\/2022\/11\/2021_05_26_Pasovani-na-ctenare092-300x200.jpg 300w, https:\/\/foto.praha-19.ys-beta.cz\/app\/uploads\/2022\/11\/2021_05_26_Pasovani-na-ctenare092-1024x683.jpg 1024w, https:\/\/foto.praha-19.ys-beta.cz\/app\/uploads\/2022\/11\/2021_05_26_Pasovani-na-ctenare092-768x512.jpg 768w, https:\/\/foto.praha-19.ys-beta.cz\/app\/uploads\/2022\/11\/2021_05_26_Pasovani-na-ctenare092-1536x1024.jpg 1536w, https:\/\/foto.praha-19.ys-beta.cz\/app\/uploads\/2022\/11\/2021_05_26_Pasovani-na-ctenare092-1194x796.jpg 1194w, https:\/\/foto.praha-19.ys-beta.cz\/app\/uploads\/2022\/11\/2021_05_26_Pasovani-na-ctenare092-582x388.jpg 582w, https:\/\/foto.praha-19.ys-beta.cz\/app\/uploads\/2022\/11\/2021_05_26_Pasovani-na-ctenare092-276x184.jpg 276w, https:\/\/foto.praha-19.ys-beta.cz\/app\/uploads\/2022\/11\/2021_05_26_Pasovani-na-ctenare092-675x450.jpg 675w, https:\/\/foto.praha-19.ys-beta.cz\/app\/uploads\/2022\/11\/2021_05_26_Pasovani-na-ctenare092.jpg 1920w\" sizes=\"auto, (max-width: 378px) 100vw, 378px\" \/><\/a><\/div><div class='pinhole-item col-xs-12 col-lg-4 col-md-4 col-sm-6  '><a class=\"item-link\" href=\"https:\/\/foto.praha-19.ys-beta.cz\/app\/uploads\/2022\/11\/2021_05_26_Pasovani-na-ctenare091.jpg\" data-caption=\"[]\" data-meta=\"[]\"  data-size=\"{&quot;width&quot;:1920,&quot;height&quot;:1280}\" data-download=\"[]\" data-filename=\"{&quot;name&quot;:&quot;&quot;}\"><img loading=\"lazy\" decoding=\"async\" width=\"378\" height=\"252\" src=\"https:\/\/foto.praha-19.ys-beta.cz\/app\/uploads\/2022\/11\/2021_05_26_Pasovani-na-ctenare091-378x252.jpg\" class=\"attachment-pinhole-col-3 size-pinhole-col-3\" alt=\"\" srcset=\"https:\/\/foto.praha-19.ys-beta.cz\/app\/uploads\/2022\/11\/2021_05_26_Pasovani-na-ctenare091-378x252.jpg 378w, https:\/\/foto.praha-19.ys-beta.cz\/app\/uploads\/2022\/11\/2021_05_26_Pasovani-na-ctenare091-300x200.jpg 300w, https:\/\/foto.praha-19.ys-beta.cz\/app\/uploads\/2022\/11\/2021_05_26_Pasovani-na-ctenare091-1024x683.jpg 1024w, https:\/\/foto.praha-19.ys-beta.cz\/app\/uploads\/2022\/11\/2021_05_26_Pasovani-na-ctenare091-768x512.jpg 768w, https:\/\/foto.praha-19.ys-beta.cz\/app\/uploads\/2022\/11\/2021_05_26_Pasovani-na-ctenare091-1536x1024.jpg 1536w, https:\/\/foto.praha-19.ys-beta.cz\/app\/uploads\/2022\/11\/2021_05_26_Pasovani-na-ctenare091-1194x796.jpg 1194w, https:\/\/foto.praha-19.ys-beta.cz\/app\/uploads\/2022\/11\/2021_05_26_Pasovani-na-ctenare091-582x388.jpg 582w, https:\/\/foto.praha-19.ys-beta.cz\/app\/uploads\/2022\/11\/2021_05_26_Pasovani-na-ctenare091-276x184.jpg 276w, https:\/\/foto.praha-19.ys-beta.cz\/app\/uploads\/2022\/11\/2021_05_26_Pasovani-na-ctenare091-675x450.jpg 675w, https:\/\/foto.praha-19.ys-beta.cz\/app\/uploads\/2022\/11\/2021_05_26_Pasovani-na-ctenare091.jpg 1920w\" sizes=\"auto, (max-width: 378px) 100vw, 378px\" \/><\/a><\/div><div class='pinhole-item col-xs-12 col-lg-4 col-md-4 col-sm-6  '><a class=\"item-link\" href=\"https:\/\/foto.praha-19.ys-beta.cz\/app\/uploads\/2022\/11\/2021_05_26_Pasovani-na-ctenare089.jpg\" data-caption=\"[]\" data-meta=\"[]\"  data-size=\"{&quot;width&quot;:1280,&quot;height&quot;:1920}\" data-download=\"[]\" data-filename=\"{&quot;name&quot;:&quot;&quot;}\"><img loading=\"lazy\" decoding=\"async\" width=\"378\" height=\"567\" src=\"https:\/\/foto.praha-19.ys-beta.cz\/app\/uploads\/2022\/11\/2021_05_26_Pasovani-na-ctenare089-378x567.jpg\" class=\"attachment-pinhole-col-3 size-pinhole-col-3\" alt=\"\" srcset=\"https:\/\/foto.praha-19.ys-beta.cz\/app\/uploads\/2022\/11\/2021_05_26_Pasovani-na-ctenare089-378x567.jpg 378w, https:\/\/foto.praha-19.ys-beta.cz\/app\/uploads\/2022\/11\/2021_05_26_Pasovani-na-ctenare089-200x300.jpg 200w, https:\/\/foto.praha-19.ys-beta.cz\/app\/uploads\/2022\/11\/2021_05_26_Pasovani-na-ctenare089-683x1024.jpg 683w, https:\/\/foto.praha-19.ys-beta.cz\/app\/uploads\/2022\/11\/2021_05_26_Pasovani-na-ctenare089-768x1152.jpg 768w, https:\/\/foto.praha-19.ys-beta.cz\/app\/uploads\/2022\/11\/2021_05_26_Pasovani-na-ctenare089-1024x1536.jpg 1024w, https:\/\/foto.praha-19.ys-beta.cz\/app\/uploads\/2022\/11\/2021_05_26_Pasovani-na-ctenare089-1194x1791.jpg 1194w, https:\/\/foto.praha-19.ys-beta.cz\/app\/uploads\/2022\/11\/2021_05_26_Pasovani-na-ctenare089-582x873.jpg 582w, https:\/\/foto.praha-19.ys-beta.cz\/app\/uploads\/2022\/11\/2021_05_26_Pasovani-na-ctenare089-276x414.jpg 276w, https:\/\/foto.praha-19.ys-beta.cz\/app\/uploads\/2022\/11\/2021_05_26_Pasovani-na-ctenare089-300x450.jpg 300w, https:\/\/foto.praha-19.ys-beta.cz\/app\/uploads\/2022\/11\/2021_05_26_Pasovani-na-ctenare089.jpg 1280w\" sizes=\"auto, (max-width: 378px) 100vw, 378px\" \/><\/a><\/div><div class='pinhole-item col-xs-12 col-lg-4 col-md-4 col-sm-6  '><a class=\"item-link\" href=\"https:\/\/foto.praha-19.ys-beta.cz\/app\/uploads\/2022\/11\/2021_05_26_Pasovani-na-ctenare088.jpg\" data-caption=\"[]\" data-meta=\"[]\"  data-size=\"{&quot;width&quot;:1280,&quot;height&quot;:1920}\" data-download=\"[]\" data-filename=\"{&quot;name&quot;:&quot;&quot;}\"><img loading=\"lazy\" decoding=\"async\" width=\"378\" height=\"567\" src=\"https:\/\/foto.praha-19.ys-beta.cz\/app\/uploads\/2022\/11\/2021_05_26_Pasovani-na-ctenare088-378x567.jpg\" class=\"attachment-pinhole-col-3 size-pinhole-col-3\" alt=\"\" srcset=\"https:\/\/foto.praha-19.ys-beta.cz\/app\/uploads\/2022\/11\/2021_05_26_Pasovani-na-ctenare088-378x567.jpg 378w, https:\/\/foto.praha-19.ys-beta.cz\/app\/uploads\/2022\/11\/2021_05_26_Pasovani-na-ctenare088-200x300.jpg 200w, https:\/\/foto.praha-19.ys-beta.cz\/app\/uploads\/2022\/11\/2021_05_26_Pasovani-na-ctenare088-683x1024.jpg 683w, https:\/\/foto.praha-19.ys-beta.cz\/app\/uploads\/2022\/11\/2021_05_26_Pasovani-na-ctenare088-768x1152.jpg 768w, https:\/\/foto.praha-19.ys-beta.cz\/app\/uploads\/2022\/11\/2021_05_26_Pasovani-na-ctenare088-1024x1536.jpg 1024w, https:\/\/foto.praha-19.ys-beta.cz\/app\/uploads\/2022\/11\/2021_05_26_Pasovani-na-ctenare088-1194x1791.jpg 1194w, https:\/\/foto.praha-19.ys-beta.cz\/app\/uploads\/2022\/11\/2021_05_26_Pasovani-na-ctenare088-582x873.jpg 582w, https:\/\/foto.praha-19.ys-beta.cz\/app\/uploads\/2022\/11\/2021_05_26_Pasovani-na-ctenare088-276x414.jpg 276w, https:\/\/foto.praha-19.ys-beta.cz\/app\/uploads\/2022\/11\/2021_05_26_Pasovani-na-ctenare088-300x450.jpg 300w, https:\/\/foto.praha-19.ys-beta.cz\/app\/uploads\/2022\/11\/2021_05_26_Pasovani-na-ctenare088.jpg 1280w\" sizes=\"auto, (max-width: 378px) 100vw, 378px\" \/><\/a><\/div><div class='pinhole-item col-xs-12 col-lg-4 col-md-4 col-sm-6  '><a class=\"item-link\" href=\"https:\/\/foto.praha-19.ys-beta.cz\/app\/uploads\/2022\/11\/2021_05_26_Pasovani-na-ctenare087.jpg\" data-caption=\"[]\" data-meta=\"[]\"  data-size=\"{&quot;width&quot;:1920,&quot;height&quot;:1280}\" data-download=\"[]\" data-filename=\"{&quot;name&quot;:&quot;&quot;}\"><img loading=\"lazy\" decoding=\"async\" width=\"378\" height=\"252\" src=\"https:\/\/foto.praha-19.ys-beta.cz\/app\/uploads\/2022\/11\/2021_05_26_Pasovani-na-ctenare087-378x252.jpg\" class=\"attachment-pinhole-col-3 size-pinhole-col-3\" alt=\"\" srcset=\"https:\/\/foto.praha-19.ys-beta.cz\/app\/uploads\/2022\/11\/2021_05_26_Pasovani-na-ctenare087-378x252.jpg 378w, https:\/\/foto.praha-19.ys-beta.cz\/app\/uploads\/2022\/11\/2021_05_26_Pasovani-na-ctenare087-300x200.jpg 300w, https:\/\/foto.praha-19.ys-beta.cz\/app\/uploads\/2022\/11\/2021_05_26_Pasovani-na-ctenare087-1024x683.jpg 1024w, https:\/\/foto.praha-19.ys-beta.cz\/app\/uploads\/2022\/11\/2021_05_26_Pasovani-na-ctenare087-768x512.jpg 768w, https:\/\/foto.praha-19.ys-beta.cz\/app\/uploads\/2022\/11\/2021_05_26_Pasovani-na-ctenare087-1536x1024.jpg 1536w, https:\/\/foto.praha-19.ys-beta.cz\/app\/uploads\/2022\/11\/2021_05_26_Pasovani-na-ctenare087-1194x796.jpg 1194w, https:\/\/foto.praha-19.ys-beta.cz\/app\/uploads\/2022\/11\/2021_05_26_Pasovani-na-ctenare087-582x388.jpg 582w, https:\/\/foto.praha-19.ys-beta.cz\/app\/uploads\/2022\/11\/2021_05_26_Pasovani-na-ctenare087-276x184.jpg 276w, https:\/\/foto.praha-19.ys-beta.cz\/app\/uploads\/2022\/11\/2021_05_26_Pasovani-na-ctenare087-675x450.jpg 675w, https:\/\/foto.praha-19.ys-beta.cz\/app\/uploads\/2022\/11\/2021_05_26_Pasovani-na-ctenare087.jpg 1920w\" sizes=\"auto, (max-width: 378px) 100vw, 378px\" \/><\/a><\/div><div class='pinhole-item col-xs-12 col-lg-4 col-md-4 col-sm-6  '><a class=\"item-link\" href=\"https:\/\/foto.praha-19.ys-beta.cz\/app\/uploads\/2022\/11\/2021_05_26_Pasovani-na-ctenare086.jpg\" data-caption=\"[]\" data-meta=\"[]\"  data-size=\"{&quot;width&quot;:1280,&quot;height&quot;:1920}\" data-download=\"[]\" data-filename=\"{&quot;name&quot;:&quot;&quot;}\"><img loading=\"lazy\" decoding=\"async\" width=\"378\" height=\"567\" src=\"https:\/\/foto.praha-19.ys-beta.cz\/app\/uploads\/2022\/11\/2021_05_26_Pasovani-na-ctenare086-378x567.jpg\" class=\"attachment-pinhole-col-3 size-pinhole-col-3\" alt=\"\" srcset=\"https:\/\/foto.praha-19.ys-beta.cz\/app\/uploads\/2022\/11\/2021_05_26_Pasovani-na-ctenare086-378x567.jpg 378w, https:\/\/foto.praha-19.ys-beta.cz\/app\/uploads\/2022\/11\/2021_05_26_Pasovani-na-ctenare086-200x300.jpg 200w, https:\/\/foto.praha-19.ys-beta.cz\/app\/uploads\/2022\/11\/2021_05_26_Pasovani-na-ctenare086-683x1024.jpg 683w, https:\/\/foto.praha-19.ys-beta.cz\/app\/uploads\/2022\/11\/2021_05_26_Pasovani-na-ctenare086-768x1152.jpg 768w, https:\/\/foto.praha-19.ys-beta.cz\/app\/uploads\/2022\/11\/2021_05_26_Pasovani-na-ctenare086-1024x1536.jpg 1024w, https:\/\/foto.praha-19.ys-beta.cz\/app\/uploads\/2022\/11\/2021_05_26_Pasovani-na-ctenare086-1194x1791.jpg 1194w, https:\/\/foto.praha-19.ys-beta.cz\/app\/uploads\/2022\/11\/2021_05_26_Pasovani-na-ctenare086-582x873.jpg 582w, https:\/\/foto.praha-19.ys-beta.cz\/app\/uploads\/2022\/11\/2021_05_26_Pasovani-na-ctenare086-276x414.jpg 276w, https:\/\/foto.praha-19.ys-beta.cz\/app\/uploads\/2022\/11\/2021_05_26_Pasovani-na-ctenare086-300x450.jpg 300w, https:\/\/foto.praha-19.ys-beta.cz\/app\/uploads\/2022\/11\/2021_05_26_Pasovani-na-ctenare086.jpg 1280w\" sizes=\"auto, (max-width: 378px) 100vw, 378px\" \/><\/a><\/div><div class='pinhole-item col-xs-12 col-lg-4 col-md-4 col-sm-6  '><a class=\"item-link\" href=\"https:\/\/foto.praha-19.ys-beta.cz\/app\/uploads\/2022\/11\/2021_05_26_Pasovani-na-ctenare085.jpg\" data-caption=\"[]\" data-meta=\"[]\"  data-size=\"{&quot;width&quot;:1280,&quot;height&quot;:1920}\" data-download=\"[]\" data-filename=\"{&quot;name&quot;:&quot;&quot;}\"><img loading=\"lazy\" decoding=\"async\" width=\"378\" height=\"567\" src=\"https:\/\/foto.praha-19.ys-beta.cz\/app\/uploads\/2022\/11\/2021_05_26_Pasovani-na-ctenare085-378x567.jpg\" class=\"attachment-pinhole-col-3 size-pinhole-col-3\" alt=\"\" srcset=\"https:\/\/foto.praha-19.ys-beta.cz\/app\/uploads\/2022\/11\/2021_05_26_Pasovani-na-ctenare085-378x567.jpg 378w, https:\/\/foto.praha-19.ys-beta.cz\/app\/uploads\/2022\/11\/2021_05_26_Pasovani-na-ctenare085-200x300.jpg 200w, https:\/\/foto.praha-19.ys-beta.cz\/app\/uploads\/2022\/11\/2021_05_26_Pasovani-na-ctenare085-683x1024.jpg 683w, https:\/\/foto.praha-19.ys-beta.cz\/app\/uploads\/2022\/11\/2021_05_26_Pasovani-na-ctenare085-768x1152.jpg 768w, https:\/\/foto.praha-19.ys-beta.cz\/app\/uploads\/2022\/11\/2021_05_26_Pasovani-na-ctenare085-1024x1536.jpg 1024w, https:\/\/foto.praha-19.ys-beta.cz\/app\/uploads\/2022\/11\/2021_05_26_Pasovani-na-ctenare085-1194x1791.jpg 1194w, https:\/\/foto.praha-19.ys-beta.cz\/app\/uploads\/2022\/11\/2021_05_26_Pasovani-na-ctenare085-582x873.jpg 582w, https:\/\/foto.praha-19.ys-beta.cz\/app\/uploads\/2022\/11\/2021_05_26_Pasovani-na-ctenare085-276x414.jpg 276w, https:\/\/foto.praha-19.ys-beta.cz\/app\/uploads\/2022\/11\/2021_05_26_Pasovani-na-ctenare085-300x450.jpg 300w, https:\/\/foto.praha-19.ys-beta.cz\/app\/uploads\/2022\/11\/2021_05_26_Pasovani-na-ctenare085.jpg 1280w\" sizes=\"auto, (max-width: 378px) 100vw, 378px\" \/><\/a><\/div><div class='pinhole-item col-xs-12 col-lg-4 col-md-4 col-sm-6  '><a class=\"item-link\" href=\"https:\/\/foto.praha-19.ys-beta.cz\/app\/uploads\/2022\/11\/2021_05_26_Pasovani-na-ctenare084.jpg\" data-caption=\"[]\" data-meta=\"[]\"  data-size=\"{&quot;width&quot;:1920,&quot;height&quot;:1280}\" data-download=\"[]\" data-filename=\"{&quot;name&quot;:&quot;&quot;}\"><img loading=\"lazy\" decoding=\"async\" width=\"378\" height=\"252\" src=\"https:\/\/foto.praha-19.ys-beta.cz\/app\/uploads\/2022\/11\/2021_05_26_Pasovani-na-ctenare084-378x252.jpg\" class=\"attachment-pinhole-col-3 size-pinhole-col-3\" alt=\"\" srcset=\"https:\/\/foto.praha-19.ys-beta.cz\/app\/uploads\/2022\/11\/2021_05_26_Pasovani-na-ctenare084-378x252.jpg 378w, https:\/\/foto.praha-19.ys-beta.cz\/app\/uploads\/2022\/11\/2021_05_26_Pasovani-na-ctenare084-300x200.jpg 300w, https:\/\/foto.praha-19.ys-beta.cz\/app\/uploads\/2022\/11\/2021_05_26_Pasovani-na-ctenare084-1024x683.jpg 1024w, https:\/\/foto.praha-19.ys-beta.cz\/app\/uploads\/2022\/11\/2021_05_26_Pasovani-na-ctenare084-768x512.jpg 768w, https:\/\/foto.praha-19.ys-beta.cz\/app\/uploads\/2022\/11\/2021_05_26_Pasovani-na-ctenare084-1536x1024.jpg 1536w, https:\/\/foto.praha-19.ys-beta.cz\/app\/uploads\/2022\/11\/2021_05_26_Pasovani-na-ctenare084-1194x796.jpg 1194w, https:\/\/foto.praha-19.ys-beta.cz\/app\/uploads\/2022\/11\/2021_05_26_Pasovani-na-ctenare084-582x388.jpg 582w, https:\/\/foto.praha-19.ys-beta.cz\/app\/uploads\/2022\/11\/2021_05_26_Pasovani-na-ctenare084-276x184.jpg 276w, https:\/\/foto.praha-19.ys-beta.cz\/app\/uploads\/2022\/11\/2021_05_26_Pasovani-na-ctenare084-675x450.jpg 675w, https:\/\/foto.praha-19.ys-beta.cz\/app\/uploads\/2022\/11\/2021_05_26_Pasovani-na-ctenare084.jpg 1920w\" sizes=\"auto, (max-width: 378px) 100vw, 378px\" \/><\/a><\/div><div class='pinhole-item col-xs-12 col-lg-4 col-md-4 col-sm-6  '><a class=\"item-link\" href=\"https:\/\/foto.praha-19.ys-beta.cz\/app\/uploads\/2022\/11\/2021_05_26_Pasovani-na-ctenare083.jpg\" data-caption=\"[]\" data-meta=\"[]\"  data-size=\"{&quot;width&quot;:1280,&quot;height&quot;:1920}\" data-download=\"[]\" data-filename=\"{&quot;name&quot;:&quot;&quot;}\"><img loading=\"lazy\" decoding=\"async\" width=\"378\" height=\"567\" src=\"https:\/\/foto.praha-19.ys-beta.cz\/app\/uploads\/2022\/11\/2021_05_26_Pasovani-na-ctenare083-378x567.jpg\" class=\"attachment-pinhole-col-3 size-pinhole-col-3\" alt=\"\" srcset=\"https:\/\/foto.praha-19.ys-beta.cz\/app\/uploads\/2022\/11\/2021_05_26_Pasovani-na-ctenare083-378x567.jpg 378w, https:\/\/foto.praha-19.ys-beta.cz\/app\/uploads\/2022\/11\/2021_05_26_Pasovani-na-ctenare083-200x300.jpg 200w, https:\/\/foto.praha-19.ys-beta.cz\/app\/uploads\/2022\/11\/2021_05_26_Pasovani-na-ctenare083-683x1024.jpg 683w, https:\/\/foto.praha-19.ys-beta.cz\/app\/uploads\/2022\/11\/2021_05_26_Pasovani-na-ctenare083-768x1152.jpg 768w, https:\/\/foto.praha-19.ys-beta.cz\/app\/uploads\/2022\/11\/2021_05_26_Pasovani-na-ctenare083-1024x1536.jpg 1024w, https:\/\/foto.praha-19.ys-beta.cz\/app\/uploads\/2022\/11\/2021_05_26_Pasovani-na-ctenare083-1194x1791.jpg 1194w, https:\/\/foto.praha-19.ys-beta.cz\/app\/uploads\/2022\/11\/2021_05_26_Pasovani-na-ctenare083-582x873.jpg 582w, https:\/\/foto.praha-19.ys-beta.cz\/app\/uploads\/2022\/11\/2021_05_26_Pasovani-na-ctenare083-276x414.jpg 276w, https:\/\/foto.praha-19.ys-beta.cz\/app\/uploads\/2022\/11\/2021_05_26_Pasovani-na-ctenare083-300x450.jpg 300w, https:\/\/foto.praha-19.ys-beta.cz\/app\/uploads\/2022\/11\/2021_05_26_Pasovani-na-ctenare083.jpg 1280w\" sizes=\"auto, (max-width: 378px) 100vw, 378px\" \/><\/a><\/div><div class='pinhole-item col-xs-12 col-lg-4 col-md-4 col-sm-6  '><a class=\"item-link\" href=\"https:\/\/foto.praha-19.ys-beta.cz\/app\/uploads\/2022\/11\/2021_05_26_Pasovani-na-ctenare082.jpg\" data-caption=\"[]\" data-meta=\"[]\"  data-size=\"{&quot;width&quot;:1280,&quot;height&quot;:1920}\" data-download=\"[]\" data-filename=\"{&quot;name&quot;:&quot;&quot;}\"><img loading=\"lazy\" decoding=\"async\" width=\"378\" height=\"567\" src=\"https:\/\/foto.praha-19.ys-beta.cz\/app\/uploads\/2022\/11\/2021_05_26_Pasovani-na-ctenare082-378x567.jpg\" class=\"attachment-pinhole-col-3 size-pinhole-col-3\" alt=\"\" srcset=\"https:\/\/foto.praha-19.ys-beta.cz\/app\/uploads\/2022\/11\/2021_05_26_Pasovani-na-ctenare082-378x567.jpg 378w, https:\/\/foto.praha-19.ys-beta.cz\/app\/uploads\/2022\/11\/2021_05_26_Pasovani-na-ctenare082-200x300.jpg 200w, https:\/\/foto.praha-19.ys-beta.cz\/app\/uploads\/2022\/11\/2021_05_26_Pasovani-na-ctenare082-683x1024.jpg 683w, https:\/\/foto.praha-19.ys-beta.cz\/app\/uploads\/2022\/11\/2021_05_26_Pasovani-na-ctenare082-768x1152.jpg 768w, https:\/\/foto.praha-19.ys-beta.cz\/app\/uploads\/2022\/11\/2021_05_26_Pasovani-na-ctenare082-1024x1536.jpg 1024w, https:\/\/foto.praha-19.ys-beta.cz\/app\/uploads\/2022\/11\/2021_05_26_Pasovani-na-ctenare082-1194x1791.jpg 1194w, https:\/\/foto.praha-19.ys-beta.cz\/app\/uploads\/2022\/11\/2021_05_26_Pasovani-na-ctenare082-582x873.jpg 582w, https:\/\/foto.praha-19.ys-beta.cz\/app\/uploads\/2022\/11\/2021_05_26_Pasovani-na-ctenare082-276x414.jpg 276w, https:\/\/foto.praha-19.ys-beta.cz\/app\/uploads\/2022\/11\/2021_05_26_Pasovani-na-ctenare082-300x450.jpg 300w, https:\/\/foto.praha-19.ys-beta.cz\/app\/uploads\/2022\/11\/2021_05_26_Pasovani-na-ctenare082.jpg 1280w\" sizes=\"auto, (max-width: 378px) 100vw, 378px\" \/><\/a><\/div><div class='pinhole-item col-xs-12 col-lg-4 col-md-4 col-sm-6  '><a class=\"item-link\" href=\"https:\/\/foto.praha-19.ys-beta.cz\/app\/uploads\/2022\/11\/2021_05_26_Pasovani-na-ctenare081.jpg\" data-caption=\"[]\" data-meta=\"[]\"  data-size=\"{&quot;width&quot;:1920,&quot;height&quot;:1280}\" data-download=\"[]\" data-filename=\"{&quot;name&quot;:&quot;&quot;}\"><img loading=\"lazy\" decoding=\"async\" width=\"378\" height=\"252\" src=\"https:\/\/foto.praha-19.ys-beta.cz\/app\/uploads\/2022\/11\/2021_05_26_Pasovani-na-ctenare081-378x252.jpg\" class=\"attachment-pinhole-col-3 size-pinhole-col-3\" alt=\"\" srcset=\"https:\/\/foto.praha-19.ys-beta.cz\/app\/uploads\/2022\/11\/2021_05_26_Pasovani-na-ctenare081-378x252.jpg 378w, https:\/\/foto.praha-19.ys-beta.cz\/app\/uploads\/2022\/11\/2021_05_26_Pasovani-na-ctenare081-300x200.jpg 300w, https:\/\/foto.praha-19.ys-beta.cz\/app\/uploads\/2022\/11\/2021_05_26_Pasovani-na-ctenare081-1024x683.jpg 1024w, https:\/\/foto.praha-19.ys-beta.cz\/app\/uploads\/2022\/11\/2021_05_26_Pasovani-na-ctenare081-768x512.jpg 768w, https:\/\/foto.praha-19.ys-beta.cz\/app\/uploads\/2022\/11\/2021_05_26_Pasovani-na-ctenare081-1536x1024.jpg 1536w, https:\/\/foto.praha-19.ys-beta.cz\/app\/uploads\/2022\/11\/2021_05_26_Pasovani-na-ctenare081-1194x796.jpg 1194w, https:\/\/foto.praha-19.ys-beta.cz\/app\/uploads\/2022\/11\/2021_05_26_Pasovani-na-ctenare081-582x388.jpg 582w, https:\/\/foto.praha-19.ys-beta.cz\/app\/uploads\/2022\/11\/2021_05_26_Pasovani-na-ctenare081-276x184.jpg 276w, https:\/\/foto.praha-19.ys-beta.cz\/app\/uploads\/2022\/11\/2021_05_26_Pasovani-na-ctenare081-675x450.jpg 675w, https:\/\/foto.praha-19.ys-beta.cz\/app\/uploads\/2022\/11\/2021_05_26_Pasovani-na-ctenare081.jpg 1920w\" sizes=\"auto, (max-width: 378px) 100vw, 378px\" \/><\/a><\/div><div class='pinhole-item col-xs-12 col-lg-4 col-md-4 col-sm-6  '><a class=\"item-link\" href=\"https:\/\/foto.praha-19.ys-beta.cz\/app\/uploads\/2022\/11\/2021_05_26_Pasovani-na-ctenare080.jpg\" data-caption=\"[]\" data-meta=\"[]\"  data-size=\"{&quot;width&quot;:1920,&quot;height&quot;:1280}\" data-download=\"[]\" data-filename=\"{&quot;name&quot;:&quot;&quot;}\"><img loading=\"lazy\" decoding=\"async\" width=\"378\" height=\"252\" src=\"https:\/\/foto.praha-19.ys-beta.cz\/app\/uploads\/2022\/11\/2021_05_26_Pasovani-na-ctenare080-378x252.jpg\" class=\"attachment-pinhole-col-3 size-pinhole-col-3\" alt=\"\" srcset=\"https:\/\/foto.praha-19.ys-beta.cz\/app\/uploads\/2022\/11\/2021_05_26_Pasovani-na-ctenare080-378x252.jpg 378w, https:\/\/foto.praha-19.ys-beta.cz\/app\/uploads\/2022\/11\/2021_05_26_Pasovani-na-ctenare080-300x200.jpg 300w, https:\/\/foto.praha-19.ys-beta.cz\/app\/uploads\/2022\/11\/2021_05_26_Pasovani-na-ctenare080-1024x683.jpg 1024w, https:\/\/foto.praha-19.ys-beta.cz\/app\/uploads\/2022\/11\/2021_05_26_Pasovani-na-ctenare080-768x512.jpg 768w, https:\/\/foto.praha-19.ys-beta.cz\/app\/uploads\/2022\/11\/2021_05_26_Pasovani-na-ctenare080-1536x1024.jpg 1536w, https:\/\/foto.praha-19.ys-beta.cz\/app\/uploads\/2022\/11\/2021_05_26_Pasovani-na-ctenare080-1194x796.jpg 1194w, https:\/\/foto.praha-19.ys-beta.cz\/app\/uploads\/2022\/11\/2021_05_26_Pasovani-na-ctenare080-582x388.jpg 582w, https:\/\/foto.praha-19.ys-beta.cz\/app\/uploads\/2022\/11\/2021_05_26_Pasovani-na-ctenare080-276x184.jpg 276w, https:\/\/foto.praha-19.ys-beta.cz\/app\/uploads\/2022\/11\/2021_05_26_Pasovani-na-ctenare080-675x450.jpg 675w, https:\/\/foto.praha-19.ys-beta.cz\/app\/uploads\/2022\/11\/2021_05_26_Pasovani-na-ctenare080.jpg 1920w\" sizes=\"auto, (max-width: 378px) 100vw, 378px\" \/><\/a><\/div><div class='pinhole-item col-xs-12 col-lg-4 col-md-4 col-sm-6  '><a class=\"item-link\" href=\"https:\/\/foto.praha-19.ys-beta.cz\/app\/uploads\/2022\/11\/2021_05_26_Pasovani-na-ctenare079.jpg\" data-caption=\"[]\" data-meta=\"[]\"  data-size=\"{&quot;width&quot;:1280,&quot;height&quot;:1920}\" data-download=\"[]\" data-filename=\"{&quot;name&quot;:&quot;&quot;}\"><img loading=\"lazy\" decoding=\"async\" width=\"378\" height=\"567\" src=\"https:\/\/foto.praha-19.ys-beta.cz\/app\/uploads\/2022\/11\/2021_05_26_Pasovani-na-ctenare079-378x567.jpg\" class=\"attachment-pinhole-col-3 size-pinhole-col-3\" alt=\"\" srcset=\"https:\/\/foto.praha-19.ys-beta.cz\/app\/uploads\/2022\/11\/2021_05_26_Pasovani-na-ctenare079-378x567.jpg 378w, https:\/\/foto.praha-19.ys-beta.cz\/app\/uploads\/2022\/11\/2021_05_26_Pasovani-na-ctenare079-200x300.jpg 200w, https:\/\/foto.praha-19.ys-beta.cz\/app\/uploads\/2022\/11\/2021_05_26_Pasovani-na-ctenare079-683x1024.jpg 683w, https:\/\/foto.praha-19.ys-beta.cz\/app\/uploads\/2022\/11\/2021_05_26_Pasovani-na-ctenare079-768x1152.jpg 768w, https:\/\/foto.praha-19.ys-beta.cz\/app\/uploads\/2022\/11\/2021_05_26_Pasovani-na-ctenare079-1024x1536.jpg 1024w, https:\/\/foto.praha-19.ys-beta.cz\/app\/uploads\/2022\/11\/2021_05_26_Pasovani-na-ctenare079-1194x1791.jpg 1194w, https:\/\/foto.praha-19.ys-beta.cz\/app\/uploads\/2022\/11\/2021_05_26_Pasovani-na-ctenare079-582x873.jpg 582w, https:\/\/foto.praha-19.ys-beta.cz\/app\/uploads\/2022\/11\/2021_05_26_Pasovani-na-ctenare079-276x414.jpg 276w, https:\/\/foto.praha-19.ys-beta.cz\/app\/uploads\/2022\/11\/2021_05_26_Pasovani-na-ctenare079-300x450.jpg 300w, https:\/\/foto.praha-19.ys-beta.cz\/app\/uploads\/2022\/11\/2021_05_26_Pasovani-na-ctenare079.jpg 1280w\" sizes=\"auto, (max-width: 378px) 100vw, 378px\" \/><\/a><\/div><div class='pinhole-item col-xs-12 col-lg-4 col-md-4 col-sm-6  '><a class=\"item-link\" href=\"https:\/\/foto.praha-19.ys-beta.cz\/app\/uploads\/2022\/11\/2021_05_26_Pasovani-na-ctenare078.jpg\" data-caption=\"[]\" data-meta=\"[]\"  data-size=\"{&quot;width&quot;:1280,&quot;height&quot;:1920}\" data-download=\"[]\" data-filename=\"{&quot;name&quot;:&quot;&quot;}\"><img loading=\"lazy\" decoding=\"async\" width=\"378\" height=\"567\" src=\"https:\/\/foto.praha-19.ys-beta.cz\/app\/uploads\/2022\/11\/2021_05_26_Pasovani-na-ctenare078-378x567.jpg\" class=\"attachment-pinhole-col-3 size-pinhole-col-3\" alt=\"\" srcset=\"https:\/\/foto.praha-19.ys-beta.cz\/app\/uploads\/2022\/11\/2021_05_26_Pasovani-na-ctenare078-378x567.jpg 378w, https:\/\/foto.praha-19.ys-beta.cz\/app\/uploads\/2022\/11\/2021_05_26_Pasovani-na-ctenare078-200x300.jpg 200w, https:\/\/foto.praha-19.ys-beta.cz\/app\/uploads\/2022\/11\/2021_05_26_Pasovani-na-ctenare078-683x1024.jpg 683w, https:\/\/foto.praha-19.ys-beta.cz\/app\/uploads\/2022\/11\/2021_05_26_Pasovani-na-ctenare078-768x1152.jpg 768w, https:\/\/foto.praha-19.ys-beta.cz\/app\/uploads\/2022\/11\/2021_05_26_Pasovani-na-ctenare078-1024x1536.jpg 1024w, https:\/\/foto.praha-19.ys-beta.cz\/app\/uploads\/2022\/11\/2021_05_26_Pasovani-na-ctenare078-1194x1791.jpg 1194w, https:\/\/foto.praha-19.ys-beta.cz\/app\/uploads\/2022\/11\/2021_05_26_Pasovani-na-ctenare078-582x873.jpg 582w, https:\/\/foto.praha-19.ys-beta.cz\/app\/uploads\/2022\/11\/2021_05_26_Pasovani-na-ctenare078-276x414.jpg 276w, https:\/\/foto.praha-19.ys-beta.cz\/app\/uploads\/2022\/11\/2021_05_26_Pasovani-na-ctenare078-300x450.jpg 300w, https:\/\/foto.praha-19.ys-beta.cz\/app\/uploads\/2022\/11\/2021_05_26_Pasovani-na-ctenare078.jpg 1280w\" sizes=\"auto, (max-width: 378px) 100vw, 378px\" \/><\/a><\/div><div class='pinhole-item col-xs-12 col-lg-4 col-md-4 col-sm-6  '><a class=\"item-link\" href=\"https:\/\/foto.praha-19.ys-beta.cz\/app\/uploads\/2022\/11\/2021_05_26_Pasovani-na-ctenare077.jpg\" data-caption=\"[]\" data-meta=\"[]\"  data-size=\"{&quot;width&quot;:1280,&quot;height&quot;:1920}\" data-download=\"[]\" data-filename=\"{&quot;name&quot;:&quot;&quot;}\"><img loading=\"lazy\" decoding=\"async\" width=\"378\" height=\"567\" src=\"https:\/\/foto.praha-19.ys-beta.cz\/app\/uploads\/2022\/11\/2021_05_26_Pasovani-na-ctenare077-378x567.jpg\" class=\"attachment-pinhole-col-3 size-pinhole-col-3\" alt=\"\" srcset=\"https:\/\/foto.praha-19.ys-beta.cz\/app\/uploads\/2022\/11\/2021_05_26_Pasovani-na-ctenare077-378x567.jpg 378w, https:\/\/foto.praha-19.ys-beta.cz\/app\/uploads\/2022\/11\/2021_05_26_Pasovani-na-ctenare077-200x300.jpg 200w, https:\/\/foto.praha-19.ys-beta.cz\/app\/uploads\/2022\/11\/2021_05_26_Pasovani-na-ctenare077-683x1024.jpg 683w, https:\/\/foto.praha-19.ys-beta.cz\/app\/uploads\/2022\/11\/2021_05_26_Pasovani-na-ctenare077-768x1152.jpg 768w, https:\/\/foto.praha-19.ys-beta.cz\/app\/uploads\/2022\/11\/2021_05_26_Pasovani-na-ctenare077-1024x1536.jpg 1024w, https:\/\/foto.praha-19.ys-beta.cz\/app\/uploads\/2022\/11\/2021_05_26_Pasovani-na-ctenare077-1194x1791.jpg 1194w, https:\/\/foto.praha-19.ys-beta.cz\/app\/uploads\/2022\/11\/2021_05_26_Pasovani-na-ctenare077-582x873.jpg 582w, https:\/\/foto.praha-19.ys-beta.cz\/app\/uploads\/2022\/11\/2021_05_26_Pasovani-na-ctenare077-276x414.jpg 276w, https:\/\/foto.praha-19.ys-beta.cz\/app\/uploads\/2022\/11\/2021_05_26_Pasovani-na-ctenare077-300x450.jpg 300w, https:\/\/foto.praha-19.ys-beta.cz\/app\/uploads\/2022\/11\/2021_05_26_Pasovani-na-ctenare077.jpg 1280w\" sizes=\"auto, (max-width: 378px) 100vw, 378px\" \/><\/a><\/div><div class='pinhole-item col-xs-12 col-lg-4 col-md-4 col-sm-6  '><a class=\"item-link\" href=\"https:\/\/foto.praha-19.ys-beta.cz\/app\/uploads\/2022\/11\/2021_05_26_Pasovani-na-ctenare076.jpg\" data-caption=\"[]\" data-meta=\"[]\"  data-size=\"{&quot;width&quot;:1920,&quot;height&quot;:1280}\" data-download=\"[]\" data-filename=\"{&quot;name&quot;:&quot;&quot;}\"><img loading=\"lazy\" decoding=\"async\" width=\"378\" height=\"252\" src=\"https:\/\/foto.praha-19.ys-beta.cz\/app\/uploads\/2022\/11\/2021_05_26_Pasovani-na-ctenare076-378x252.jpg\" class=\"attachment-pinhole-col-3 size-pinhole-col-3\" alt=\"\" srcset=\"https:\/\/foto.praha-19.ys-beta.cz\/app\/uploads\/2022\/11\/2021_05_26_Pasovani-na-ctenare076-378x252.jpg 378w, https:\/\/foto.praha-19.ys-beta.cz\/app\/uploads\/2022\/11\/2021_05_26_Pasovani-na-ctenare076-300x200.jpg 300w, https:\/\/foto.praha-19.ys-beta.cz\/app\/uploads\/2022\/11\/2021_05_26_Pasovani-na-ctenare076-1024x683.jpg 1024w, https:\/\/foto.praha-19.ys-beta.cz\/app\/uploads\/2022\/11\/2021_05_26_Pasovani-na-ctenare076-768x512.jpg 768w, https:\/\/foto.praha-19.ys-beta.cz\/app\/uploads\/2022\/11\/2021_05_26_Pasovani-na-ctenare076-1536x1024.jpg 1536w, https:\/\/foto.praha-19.ys-beta.cz\/app\/uploads\/2022\/11\/2021_05_26_Pasovani-na-ctenare076-1194x796.jpg 1194w, https:\/\/foto.praha-19.ys-beta.cz\/app\/uploads\/2022\/11\/2021_05_26_Pasovani-na-ctenare076-582x388.jpg 582w, https:\/\/foto.praha-19.ys-beta.cz\/app\/uploads\/2022\/11\/2021_05_26_Pasovani-na-ctenare076-276x184.jpg 276w, https:\/\/foto.praha-19.ys-beta.cz\/app\/uploads\/2022\/11\/2021_05_26_Pasovani-na-ctenare076-675x450.jpg 675w, https:\/\/foto.praha-19.ys-beta.cz\/app\/uploads\/2022\/11\/2021_05_26_Pasovani-na-ctenare076.jpg 1920w\" sizes=\"auto, (max-width: 378px) 100vw, 378px\" \/><\/a><\/div><div class='pinhole-item col-xs-12 col-lg-4 col-md-4 col-sm-6  '><a class=\"item-link\" href=\"https:\/\/foto.praha-19.ys-beta.cz\/app\/uploads\/2022\/11\/2021_05_26_Pasovani-na-ctenare075.jpg\" data-caption=\"[]\" data-meta=\"[]\"  data-size=\"{&quot;width&quot;:1280,&quot;height&quot;:1920}\" data-download=\"[]\" data-filename=\"{&quot;name&quot;:&quot;&quot;}\"><img loading=\"lazy\" decoding=\"async\" width=\"378\" height=\"567\" src=\"https:\/\/foto.praha-19.ys-beta.cz\/app\/uploads\/2022\/11\/2021_05_26_Pasovani-na-ctenare075-378x567.jpg\" class=\"attachment-pinhole-col-3 size-pinhole-col-3\" alt=\"\" srcset=\"https:\/\/foto.praha-19.ys-beta.cz\/app\/uploads\/2022\/11\/2021_05_26_Pasovani-na-ctenare075-378x567.jpg 378w, https:\/\/foto.praha-19.ys-beta.cz\/app\/uploads\/2022\/11\/2021_05_26_Pasovani-na-ctenare075-200x300.jpg 200w, https:\/\/foto.praha-19.ys-beta.cz\/app\/uploads\/2022\/11\/2021_05_26_Pasovani-na-ctenare075-683x1024.jpg 683w, https:\/\/foto.praha-19.ys-beta.cz\/app\/uploads\/2022\/11\/2021_05_26_Pasovani-na-ctenare075-768x1152.jpg 768w, https:\/\/foto.praha-19.ys-beta.cz\/app\/uploads\/2022\/11\/2021_05_26_Pasovani-na-ctenare075-1024x1536.jpg 1024w, https:\/\/foto.praha-19.ys-beta.cz\/app\/uploads\/2022\/11\/2021_05_26_Pasovani-na-ctenare075-1194x1791.jpg 1194w, https:\/\/foto.praha-19.ys-beta.cz\/app\/uploads\/2022\/11\/2021_05_26_Pasovani-na-ctenare075-582x873.jpg 582w, https:\/\/foto.praha-19.ys-beta.cz\/app\/uploads\/2022\/11\/2021_05_26_Pasovani-na-ctenare075-276x414.jpg 276w, https:\/\/foto.praha-19.ys-beta.cz\/app\/uploads\/2022\/11\/2021_05_26_Pasovani-na-ctenare075-300x450.jpg 300w, https:\/\/foto.praha-19.ys-beta.cz\/app\/uploads\/2022\/11\/2021_05_26_Pasovani-na-ctenare075.jpg 1280w\" sizes=\"auto, (max-width: 378px) 100vw, 378px\" \/><\/a><\/div><div class='pinhole-item col-xs-12 col-lg-4 col-md-4 col-sm-6  '><a class=\"item-link\" href=\"https:\/\/foto.praha-19.ys-beta.cz\/app\/uploads\/2022\/11\/2021_05_26_Pasovani-na-ctenare074.jpg\" data-caption=\"[]\" data-meta=\"[]\"  data-size=\"{&quot;width&quot;:1280,&quot;height&quot;:1920}\" data-download=\"[]\" data-filename=\"{&quot;name&quot;:&quot;&quot;}\"><img loading=\"lazy\" decoding=\"async\" width=\"378\" height=\"567\" src=\"https:\/\/foto.praha-19.ys-beta.cz\/app\/uploads\/2022\/11\/2021_05_26_Pasovani-na-ctenare074-378x567.jpg\" class=\"attachment-pinhole-col-3 size-pinhole-col-3\" alt=\"\" srcset=\"https:\/\/foto.praha-19.ys-beta.cz\/app\/uploads\/2022\/11\/2021_05_26_Pasovani-na-ctenare074-378x567.jpg 378w, https:\/\/foto.praha-19.ys-beta.cz\/app\/uploads\/2022\/11\/2021_05_26_Pasovani-na-ctenare074-200x300.jpg 200w, https:\/\/foto.praha-19.ys-beta.cz\/app\/uploads\/2022\/11\/2021_05_26_Pasovani-na-ctenare074-683x1024.jpg 683w, https:\/\/foto.praha-19.ys-beta.cz\/app\/uploads\/2022\/11\/2021_05_26_Pasovani-na-ctenare074-768x1152.jpg 768w, https:\/\/foto.praha-19.ys-beta.cz\/app\/uploads\/2022\/11\/2021_05_26_Pasovani-na-ctenare074-1024x1536.jpg 1024w, https:\/\/foto.praha-19.ys-beta.cz\/app\/uploads\/2022\/11\/2021_05_26_Pasovani-na-ctenare074-1194x1791.jpg 1194w, https:\/\/foto.praha-19.ys-beta.cz\/app\/uploads\/2022\/11\/2021_05_26_Pasovani-na-ctenare074-582x873.jpg 582w, https:\/\/foto.praha-19.ys-beta.cz\/app\/uploads\/2022\/11\/2021_05_26_Pasovani-na-ctenare074-276x414.jpg 276w, https:\/\/foto.praha-19.ys-beta.cz\/app\/uploads\/2022\/11\/2021_05_26_Pasovani-na-ctenare074-300x450.jpg 300w, https:\/\/foto.praha-19.ys-beta.cz\/app\/uploads\/2022\/11\/2021_05_26_Pasovani-na-ctenare074.jpg 1280w\" sizes=\"auto, (max-width: 378px) 100vw, 378px\" \/><\/a><\/div><div class='pinhole-item col-xs-12 col-lg-4 col-md-4 col-sm-6  '><a class=\"item-link\" href=\"https:\/\/foto.praha-19.ys-beta.cz\/app\/uploads\/2022\/11\/2021_05_26_Pasovani-na-ctenare073.jpg\" data-caption=\"[]\" data-meta=\"[]\"  data-size=\"{&quot;width&quot;:1280,&quot;height&quot;:1920}\" data-download=\"[]\" data-filename=\"{&quot;name&quot;:&quot;&quot;}\"><img loading=\"lazy\" decoding=\"async\" width=\"378\" height=\"567\" src=\"https:\/\/foto.praha-19.ys-beta.cz\/app\/uploads\/2022\/11\/2021_05_26_Pasovani-na-ctenare073-378x567.jpg\" class=\"attachment-pinhole-col-3 size-pinhole-col-3\" alt=\"\" srcset=\"https:\/\/foto.praha-19.ys-beta.cz\/app\/uploads\/2022\/11\/2021_05_26_Pasovani-na-ctenare073-378x567.jpg 378w, https:\/\/foto.praha-19.ys-beta.cz\/app\/uploads\/2022\/11\/2021_05_26_Pasovani-na-ctenare073-200x300.jpg 200w, https:\/\/foto.praha-19.ys-beta.cz\/app\/uploads\/2022\/11\/2021_05_26_Pasovani-na-ctenare073-683x1024.jpg 683w, https:\/\/foto.praha-19.ys-beta.cz\/app\/uploads\/2022\/11\/2021_05_26_Pasovani-na-ctenare073-768x1152.jpg 768w, https:\/\/foto.praha-19.ys-beta.cz\/app\/uploads\/2022\/11\/2021_05_26_Pasovani-na-ctenare073-1024x1536.jpg 1024w, https:\/\/foto.praha-19.ys-beta.cz\/app\/uploads\/2022\/11\/2021_05_26_Pasovani-na-ctenare073-1194x1791.jpg 1194w, https:\/\/foto.praha-19.ys-beta.cz\/app\/uploads\/2022\/11\/2021_05_26_Pasovani-na-ctenare073-582x873.jpg 582w, https:\/\/foto.praha-19.ys-beta.cz\/app\/uploads\/2022\/11\/2021_05_26_Pasovani-na-ctenare073-276x414.jpg 276w, https:\/\/foto.praha-19.ys-beta.cz\/app\/uploads\/2022\/11\/2021_05_26_Pasovani-na-ctenare073-300x450.jpg 300w, https:\/\/foto.praha-19.ys-beta.cz\/app\/uploads\/2022\/11\/2021_05_26_Pasovani-na-ctenare073.jpg 1280w\" sizes=\"auto, (max-width: 378px) 100vw, 378px\" \/><\/a><\/div><div class='pinhole-item col-xs-12 col-lg-4 col-md-4 col-sm-6  '><a class=\"item-link\" href=\"https:\/\/foto.praha-19.ys-beta.cz\/app\/uploads\/2022\/11\/2021_05_26_Pasovani-na-ctenare072.jpg\" data-caption=\"[]\" data-meta=\"[]\"  data-size=\"{&quot;width&quot;:1280,&quot;height&quot;:1920}\" data-download=\"[]\" data-filename=\"{&quot;name&quot;:&quot;&quot;}\"><img loading=\"lazy\" decoding=\"async\" width=\"378\" height=\"567\" src=\"https:\/\/foto.praha-19.ys-beta.cz\/app\/uploads\/2022\/11\/2021_05_26_Pasovani-na-ctenare072-378x567.jpg\" class=\"attachment-pinhole-col-3 size-pinhole-col-3\" alt=\"\" srcset=\"https:\/\/foto.praha-19.ys-beta.cz\/app\/uploads\/2022\/11\/2021_05_26_Pasovani-na-ctenare072-378x567.jpg 378w, https:\/\/foto.praha-19.ys-beta.cz\/app\/uploads\/2022\/11\/2021_05_26_Pasovani-na-ctenare072-200x300.jpg 200w, https:\/\/foto.praha-19.ys-beta.cz\/app\/uploads\/2022\/11\/2021_05_26_Pasovani-na-ctenare072-683x1024.jpg 683w, https:\/\/foto.praha-19.ys-beta.cz\/app\/uploads\/2022\/11\/2021_05_26_Pasovani-na-ctenare072-768x1152.jpg 768w, https:\/\/foto.praha-19.ys-beta.cz\/app\/uploads\/2022\/11\/2021_05_26_Pasovani-na-ctenare072-1024x1536.jpg 1024w, https:\/\/foto.praha-19.ys-beta.cz\/app\/uploads\/2022\/11\/2021_05_26_Pasovani-na-ctenare072-1194x1791.jpg 1194w, https:\/\/foto.praha-19.ys-beta.cz\/app\/uploads\/2022\/11\/2021_05_26_Pasovani-na-ctenare072-582x873.jpg 582w, https:\/\/foto.praha-19.ys-beta.cz\/app\/uploads\/2022\/11\/2021_05_26_Pasovani-na-ctenare072-276x414.jpg 276w, https:\/\/foto.praha-19.ys-beta.cz\/app\/uploads\/2022\/11\/2021_05_26_Pasovani-na-ctenare072-300x450.jpg 300w, https:\/\/foto.praha-19.ys-beta.cz\/app\/uploads\/2022\/11\/2021_05_26_Pasovani-na-ctenare072.jpg 1280w\" sizes=\"auto, (max-width: 378px) 100vw, 378px\" \/><\/a><\/div><div class='pinhole-item col-xs-12 col-lg-4 col-md-4 col-sm-6  '><a class=\"item-link\" href=\"https:\/\/foto.praha-19.ys-beta.cz\/app\/uploads\/2022\/11\/2021_05_26_Pasovani-na-ctenare071.jpg\" data-caption=\"[]\" data-meta=\"[]\"  data-size=\"{&quot;width&quot;:1280,&quot;height&quot;:1920}\" data-download=\"[]\" data-filename=\"{&quot;name&quot;:&quot;&quot;}\"><img loading=\"lazy\" decoding=\"async\" width=\"378\" height=\"567\" src=\"https:\/\/foto.praha-19.ys-beta.cz\/app\/uploads\/2022\/11\/2021_05_26_Pasovani-na-ctenare071-378x567.jpg\" class=\"attachment-pinhole-col-3 size-pinhole-col-3\" alt=\"\" srcset=\"https:\/\/foto.praha-19.ys-beta.cz\/app\/uploads\/2022\/11\/2021_05_26_Pasovani-na-ctenare071-378x567.jpg 378w, https:\/\/foto.praha-19.ys-beta.cz\/app\/uploads\/2022\/11\/2021_05_26_Pasovani-na-ctenare071-200x300.jpg 200w, https:\/\/foto.praha-19.ys-beta.cz\/app\/uploads\/2022\/11\/2021_05_26_Pasovani-na-ctenare071-683x1024.jpg 683w, https:\/\/foto.praha-19.ys-beta.cz\/app\/uploads\/2022\/11\/2021_05_26_Pasovani-na-ctenare071-768x1152.jpg 768w, https:\/\/foto.praha-19.ys-beta.cz\/app\/uploads\/2022\/11\/2021_05_26_Pasovani-na-ctenare071-1024x1536.jpg 1024w, https:\/\/foto.praha-19.ys-beta.cz\/app\/uploads\/2022\/11\/2021_05_26_Pasovani-na-ctenare071-1194x1791.jpg 1194w, https:\/\/foto.praha-19.ys-beta.cz\/app\/uploads\/2022\/11\/2021_05_26_Pasovani-na-ctenare071-582x873.jpg 582w, https:\/\/foto.praha-19.ys-beta.cz\/app\/uploads\/2022\/11\/2021_05_26_Pasovani-na-ctenare071-276x414.jpg 276w, https:\/\/foto.praha-19.ys-beta.cz\/app\/uploads\/2022\/11\/2021_05_26_Pasovani-na-ctenare071-300x450.jpg 300w, https:\/\/foto.praha-19.ys-beta.cz\/app\/uploads\/2022\/11\/2021_05_26_Pasovani-na-ctenare071.jpg 1280w\" sizes=\"auto, (max-width: 378px) 100vw, 378px\" \/><\/a><\/div><div class='pinhole-item col-xs-12 col-lg-4 col-md-4 col-sm-6  '><a class=\"item-link\" href=\"https:\/\/foto.praha-19.ys-beta.cz\/app\/uploads\/2022\/11\/2021_05_26_Pasovani-na-ctenare070.jpg\" data-caption=\"[]\" data-meta=\"[]\"  data-size=\"{&quot;width&quot;:1920,&quot;height&quot;:1280}\" data-download=\"[]\" data-filename=\"{&quot;name&quot;:&quot;&quot;}\"><img loading=\"lazy\" decoding=\"async\" width=\"378\" height=\"252\" src=\"https:\/\/foto.praha-19.ys-beta.cz\/app\/uploads\/2022\/11\/2021_05_26_Pasovani-na-ctenare070-378x252.jpg\" class=\"attachment-pinhole-col-3 size-pinhole-col-3\" alt=\"\" srcset=\"https:\/\/foto.praha-19.ys-beta.cz\/app\/uploads\/2022\/11\/2021_05_26_Pasovani-na-ctenare070-378x252.jpg 378w, https:\/\/foto.praha-19.ys-beta.cz\/app\/uploads\/2022\/11\/2021_05_26_Pasovani-na-ctenare070-300x200.jpg 300w, https:\/\/foto.praha-19.ys-beta.cz\/app\/uploads\/2022\/11\/2021_05_26_Pasovani-na-ctenare070-1024x683.jpg 1024w, https:\/\/foto.praha-19.ys-beta.cz\/app\/uploads\/2022\/11\/2021_05_26_Pasovani-na-ctenare070-768x512.jpg 768w, https:\/\/foto.praha-19.ys-beta.cz\/app\/uploads\/2022\/11\/2021_05_26_Pasovani-na-ctenare070-1536x1024.jpg 1536w, https:\/\/foto.praha-19.ys-beta.cz\/app\/uploads\/2022\/11\/2021_05_26_Pasovani-na-ctenare070-1194x796.jpg 1194w, https:\/\/foto.praha-19.ys-beta.cz\/app\/uploads\/2022\/11\/2021_05_26_Pasovani-na-ctenare070-582x388.jpg 582w, https:\/\/foto.praha-19.ys-beta.cz\/app\/uploads\/2022\/11\/2021_05_26_Pasovani-na-ctenare070-276x184.jpg 276w, https:\/\/foto.praha-19.ys-beta.cz\/app\/uploads\/2022\/11\/2021_05_26_Pasovani-na-ctenare070-675x450.jpg 675w, https:\/\/foto.praha-19.ys-beta.cz\/app\/uploads\/2022\/11\/2021_05_26_Pasovani-na-ctenare070.jpg 1920w\" sizes=\"auto, (max-width: 378px) 100vw, 378px\" \/><\/a><\/div><div class='pinhole-item col-xs-12 col-lg-4 col-md-4 col-sm-6  '><a class=\"item-link\" href=\"https:\/\/foto.praha-19.ys-beta.cz\/app\/uploads\/2022\/11\/2021_05_26_Pasovani-na-ctenare069.jpg\" data-caption=\"[]\" data-meta=\"[]\"  data-size=\"{&quot;width&quot;:1280,&quot;height&quot;:1920}\" data-download=\"[]\" data-filename=\"{&quot;name&quot;:&quot;&quot;}\"><img loading=\"lazy\" decoding=\"async\" width=\"378\" height=\"567\" src=\"https:\/\/foto.praha-19.ys-beta.cz\/app\/uploads\/2022\/11\/2021_05_26_Pasovani-na-ctenare069-378x567.jpg\" class=\"attachment-pinhole-col-3 size-pinhole-col-3\" alt=\"\" srcset=\"https:\/\/foto.praha-19.ys-beta.cz\/app\/uploads\/2022\/11\/2021_05_26_Pasovani-na-ctenare069-378x567.jpg 378w, https:\/\/foto.praha-19.ys-beta.cz\/app\/uploads\/2022\/11\/2021_05_26_Pasovani-na-ctenare069-200x300.jpg 200w, https:\/\/foto.praha-19.ys-beta.cz\/app\/uploads\/2022\/11\/2021_05_26_Pasovani-na-ctenare069-683x1024.jpg 683w, https:\/\/foto.praha-19.ys-beta.cz\/app\/uploads\/2022\/11\/2021_05_26_Pasovani-na-ctenare069-768x1152.jpg 768w, https:\/\/foto.praha-19.ys-beta.cz\/app\/uploads\/2022\/11\/2021_05_26_Pasovani-na-ctenare069-1024x1536.jpg 1024w, https:\/\/foto.praha-19.ys-beta.cz\/app\/uploads\/2022\/11\/2021_05_26_Pasovani-na-ctenare069-1194x1791.jpg 1194w, https:\/\/foto.praha-19.ys-beta.cz\/app\/uploads\/2022\/11\/2021_05_26_Pasovani-na-ctenare069-582x873.jpg 582w, https:\/\/foto.praha-19.ys-beta.cz\/app\/uploads\/2022\/11\/2021_05_26_Pasovani-na-ctenare069-276x414.jpg 276w, https:\/\/foto.praha-19.ys-beta.cz\/app\/uploads\/2022\/11\/2021_05_26_Pasovani-na-ctenare069-300x450.jpg 300w, https:\/\/foto.praha-19.ys-beta.cz\/app\/uploads\/2022\/11\/2021_05_26_Pasovani-na-ctenare069.jpg 1280w\" sizes=\"auto, (max-width: 378px) 100vw, 378px\" \/><\/a><\/div><div class='pinhole-item col-xs-12 col-lg-4 col-md-4 col-sm-6  '><a class=\"item-link\" href=\"https:\/\/foto.praha-19.ys-beta.cz\/app\/uploads\/2022\/11\/2021_05_26_Pasovani-na-ctenare068.jpg\" data-caption=\"[]\" data-meta=\"[]\"  data-size=\"{&quot;width&quot;:1920,&quot;height&quot;:1280}\" data-download=\"[]\" data-filename=\"{&quot;name&quot;:&quot;&quot;}\"><img loading=\"lazy\" decoding=\"async\" width=\"378\" height=\"252\" src=\"https:\/\/foto.praha-19.ys-beta.cz\/app\/uploads\/2022\/11\/2021_05_26_Pasovani-na-ctenare068-378x252.jpg\" class=\"attachment-pinhole-col-3 size-pinhole-col-3\" alt=\"\" srcset=\"https:\/\/foto.praha-19.ys-beta.cz\/app\/uploads\/2022\/11\/2021_05_26_Pasovani-na-ctenare068-378x252.jpg 378w, https:\/\/foto.praha-19.ys-beta.cz\/app\/uploads\/2022\/11\/2021_05_26_Pasovani-na-ctenare068-300x200.jpg 300w, https:\/\/foto.praha-19.ys-beta.cz\/app\/uploads\/2022\/11\/2021_05_26_Pasovani-na-ctenare068-1024x683.jpg 1024w, https:\/\/foto.praha-19.ys-beta.cz\/app\/uploads\/2022\/11\/2021_05_26_Pasovani-na-ctenare068-768x512.jpg 768w, https:\/\/foto.praha-19.ys-beta.cz\/app\/uploads\/2022\/11\/2021_05_26_Pasovani-na-ctenare068-1536x1024.jpg 1536w, https:\/\/foto.praha-19.ys-beta.cz\/app\/uploads\/2022\/11\/2021_05_26_Pasovani-na-ctenare068-1194x796.jpg 1194w, https:\/\/foto.praha-19.ys-beta.cz\/app\/uploads\/2022\/11\/2021_05_26_Pasovani-na-ctenare068-582x388.jpg 582w, https:\/\/foto.praha-19.ys-beta.cz\/app\/uploads\/2022\/11\/2021_05_26_Pasovani-na-ctenare068-276x184.jpg 276w, https:\/\/foto.praha-19.ys-beta.cz\/app\/uploads\/2022\/11\/2021_05_26_Pasovani-na-ctenare068-675x450.jpg 675w, https:\/\/foto.praha-19.ys-beta.cz\/app\/uploads\/2022\/11\/2021_05_26_Pasovani-na-ctenare068.jpg 1920w\" sizes=\"auto, (max-width: 378px) 100vw, 378px\" \/><\/a><\/div><div class='pinhole-item col-xs-12 col-lg-4 col-md-4 col-sm-6  '><a class=\"item-link\" href=\"https:\/\/foto.praha-19.ys-beta.cz\/app\/uploads\/2022\/11\/2021_05_26_Pasovani-na-ctenare067.jpg\" data-caption=\"[]\" data-meta=\"[]\"  data-size=\"{&quot;width&quot;:1280,&quot;height&quot;:1920}\" data-download=\"[]\" data-filename=\"{&quot;name&quot;:&quot;&quot;}\"><img loading=\"lazy\" decoding=\"async\" width=\"378\" height=\"567\" src=\"https:\/\/foto.praha-19.ys-beta.cz\/app\/uploads\/2022\/11\/2021_05_26_Pasovani-na-ctenare067-378x567.jpg\" class=\"attachment-pinhole-col-3 size-pinhole-col-3\" alt=\"\" srcset=\"https:\/\/foto.praha-19.ys-beta.cz\/app\/uploads\/2022\/11\/2021_05_26_Pasovani-na-ctenare067-378x567.jpg 378w, https:\/\/foto.praha-19.ys-beta.cz\/app\/uploads\/2022\/11\/2021_05_26_Pasovani-na-ctenare067-200x300.jpg 200w, https:\/\/foto.praha-19.ys-beta.cz\/app\/uploads\/2022\/11\/2021_05_26_Pasovani-na-ctenare067-683x1024.jpg 683w, https:\/\/foto.praha-19.ys-beta.cz\/app\/uploads\/2022\/11\/2021_05_26_Pasovani-na-ctenare067-768x1152.jpg 768w, https:\/\/foto.praha-19.ys-beta.cz\/app\/uploads\/2022\/11\/2021_05_26_Pasovani-na-ctenare067-1024x1536.jpg 1024w, https:\/\/foto.praha-19.ys-beta.cz\/app\/uploads\/2022\/11\/2021_05_26_Pasovani-na-ctenare067-1194x1791.jpg 1194w, https:\/\/foto.praha-19.ys-beta.cz\/app\/uploads\/2022\/11\/2021_05_26_Pasovani-na-ctenare067-582x873.jpg 582w, https:\/\/foto.praha-19.ys-beta.cz\/app\/uploads\/2022\/11\/2021_05_26_Pasovani-na-ctenare067-276x414.jpg 276w, https:\/\/foto.praha-19.ys-beta.cz\/app\/uploads\/2022\/11\/2021_05_26_Pasovani-na-ctenare067-300x450.jpg 300w, https:\/\/foto.praha-19.ys-beta.cz\/app\/uploads\/2022\/11\/2021_05_26_Pasovani-na-ctenare067.jpg 1280w\" sizes=\"auto, (max-width: 378px) 100vw, 378px\" \/><\/a><\/div><div class='pinhole-item col-xs-12 col-lg-4 col-md-4 col-sm-6  '><a class=\"item-link\" href=\"https:\/\/foto.praha-19.ys-beta.cz\/app\/uploads\/2022\/11\/2021_05_26_Pasovani-na-ctenare066.jpg\" data-caption=\"[]\" data-meta=\"[]\"  data-size=\"{&quot;width&quot;:1280,&quot;height&quot;:1920}\" data-download=\"[]\" data-filename=\"{&quot;name&quot;:&quot;&quot;}\"><img loading=\"lazy\" decoding=\"async\" width=\"378\" height=\"567\" src=\"https:\/\/foto.praha-19.ys-beta.cz\/app\/uploads\/2022\/11\/2021_05_26_Pasovani-na-ctenare066-378x567.jpg\" class=\"attachment-pinhole-col-3 size-pinhole-col-3\" alt=\"\" srcset=\"https:\/\/foto.praha-19.ys-beta.cz\/app\/uploads\/2022\/11\/2021_05_26_Pasovani-na-ctenare066-378x567.jpg 378w, https:\/\/foto.praha-19.ys-beta.cz\/app\/uploads\/2022\/11\/2021_05_26_Pasovani-na-ctenare066-200x300.jpg 200w, https:\/\/foto.praha-19.ys-beta.cz\/app\/uploads\/2022\/11\/2021_05_26_Pasovani-na-ctenare066-683x1024.jpg 683w, https:\/\/foto.praha-19.ys-beta.cz\/app\/uploads\/2022\/11\/2021_05_26_Pasovani-na-ctenare066-768x1152.jpg 768w, https:\/\/foto.praha-19.ys-beta.cz\/app\/uploads\/2022\/11\/2021_05_26_Pasovani-na-ctenare066-1024x1536.jpg 1024w, https:\/\/foto.praha-19.ys-beta.cz\/app\/uploads\/2022\/11\/2021_05_26_Pasovani-na-ctenare066-1194x1791.jpg 1194w, https:\/\/foto.praha-19.ys-beta.cz\/app\/uploads\/2022\/11\/2021_05_26_Pasovani-na-ctenare066-582x873.jpg 582w, https:\/\/foto.praha-19.ys-beta.cz\/app\/uploads\/2022\/11\/2021_05_26_Pasovani-na-ctenare066-276x414.jpg 276w, https:\/\/foto.praha-19.ys-beta.cz\/app\/uploads\/2022\/11\/2021_05_26_Pasovani-na-ctenare066-300x450.jpg 300w, https:\/\/foto.praha-19.ys-beta.cz\/app\/uploads\/2022\/11\/2021_05_26_Pasovani-na-ctenare066.jpg 1280w\" sizes=\"auto, (max-width: 378px) 100vw, 378px\" \/><\/a><\/div><div class='pinhole-item col-xs-12 col-lg-4 col-md-4 col-sm-6  '><a class=\"item-link\" href=\"https:\/\/foto.praha-19.ys-beta.cz\/app\/uploads\/2022\/11\/2021_05_26_Pasovani-na-ctenare065.jpg\" data-caption=\"[]\" data-meta=\"[]\"  data-size=\"{&quot;width&quot;:1920,&quot;height&quot;:1280}\" data-download=\"[]\" data-filename=\"{&quot;name&quot;:&quot;&quot;}\"><img loading=\"lazy\" decoding=\"async\" width=\"378\" height=\"252\" src=\"https:\/\/foto.praha-19.ys-beta.cz\/app\/uploads\/2022\/11\/2021_05_26_Pasovani-na-ctenare065-378x252.jpg\" class=\"attachment-pinhole-col-3 size-pinhole-col-3\" alt=\"\" srcset=\"https:\/\/foto.praha-19.ys-beta.cz\/app\/uploads\/2022\/11\/2021_05_26_Pasovani-na-ctenare065-378x252.jpg 378w, https:\/\/foto.praha-19.ys-beta.cz\/app\/uploads\/2022\/11\/2021_05_26_Pasovani-na-ctenare065-300x200.jpg 300w, https:\/\/foto.praha-19.ys-beta.cz\/app\/uploads\/2022\/11\/2021_05_26_Pasovani-na-ctenare065-1024x683.jpg 1024w, https:\/\/foto.praha-19.ys-beta.cz\/app\/uploads\/2022\/11\/2021_05_26_Pasovani-na-ctenare065-768x512.jpg 768w, https:\/\/foto.praha-19.ys-beta.cz\/app\/uploads\/2022\/11\/2021_05_26_Pasovani-na-ctenare065-1536x1024.jpg 1536w, https:\/\/foto.praha-19.ys-beta.cz\/app\/uploads\/2022\/11\/2021_05_26_Pasovani-na-ctenare065-1194x796.jpg 1194w, https:\/\/foto.praha-19.ys-beta.cz\/app\/uploads\/2022\/11\/2021_05_26_Pasovani-na-ctenare065-582x388.jpg 582w, https:\/\/foto.praha-19.ys-beta.cz\/app\/uploads\/2022\/11\/2021_05_26_Pasovani-na-ctenare065-276x184.jpg 276w, https:\/\/foto.praha-19.ys-beta.cz\/app\/uploads\/2022\/11\/2021_05_26_Pasovani-na-ctenare065-675x450.jpg 675w, https:\/\/foto.praha-19.ys-beta.cz\/app\/uploads\/2022\/11\/2021_05_26_Pasovani-na-ctenare065.jpg 1920w\" sizes=\"auto, (max-width: 378px) 100vw, 378px\" \/><\/a><\/div><div class='pinhole-item col-xs-12 col-lg-4 col-md-4 col-sm-6  '><a class=\"item-link\" href=\"https:\/\/foto.praha-19.ys-beta.cz\/app\/uploads\/2022\/11\/2021_05_26_Pasovani-na-ctenare064.jpg\" data-caption=\"[]\" data-meta=\"[]\"  data-size=\"{&quot;width&quot;:1280,&quot;height&quot;:1920}\" data-download=\"[]\" data-filename=\"{&quot;name&quot;:&quot;&quot;}\"><img loading=\"lazy\" decoding=\"async\" width=\"378\" height=\"567\" src=\"https:\/\/foto.praha-19.ys-beta.cz\/app\/uploads\/2022\/11\/2021_05_26_Pasovani-na-ctenare064-378x567.jpg\" class=\"attachment-pinhole-col-3 size-pinhole-col-3\" alt=\"\" srcset=\"https:\/\/foto.praha-19.ys-beta.cz\/app\/uploads\/2022\/11\/2021_05_26_Pasovani-na-ctenare064-378x567.jpg 378w, https:\/\/foto.praha-19.ys-beta.cz\/app\/uploads\/2022\/11\/2021_05_26_Pasovani-na-ctenare064-200x300.jpg 200w, https:\/\/foto.praha-19.ys-beta.cz\/app\/uploads\/2022\/11\/2021_05_26_Pasovani-na-ctenare064-683x1024.jpg 683w, https:\/\/foto.praha-19.ys-beta.cz\/app\/uploads\/2022\/11\/2021_05_26_Pasovani-na-ctenare064-768x1152.jpg 768w, https:\/\/foto.praha-19.ys-beta.cz\/app\/uploads\/2022\/11\/2021_05_26_Pasovani-na-ctenare064-1024x1536.jpg 1024w, https:\/\/foto.praha-19.ys-beta.cz\/app\/uploads\/2022\/11\/2021_05_26_Pasovani-na-ctenare064-1194x1791.jpg 1194w, https:\/\/foto.praha-19.ys-beta.cz\/app\/uploads\/2022\/11\/2021_05_26_Pasovani-na-ctenare064-582x873.jpg 582w, https:\/\/foto.praha-19.ys-beta.cz\/app\/uploads\/2022\/11\/2021_05_26_Pasovani-na-ctenare064-276x414.jpg 276w, https:\/\/foto.praha-19.ys-beta.cz\/app\/uploads\/2022\/11\/2021_05_26_Pasovani-na-ctenare064-300x450.jpg 300w, https:\/\/foto.praha-19.ys-beta.cz\/app\/uploads\/2022\/11\/2021_05_26_Pasovani-na-ctenare064.jpg 1280w\" sizes=\"auto, (max-width: 378px) 100vw, 378px\" \/><\/a><\/div><div class='pinhole-item col-xs-12 col-lg-4 col-md-4 col-sm-6  '><a class=\"item-link\" href=\"https:\/\/foto.praha-19.ys-beta.cz\/app\/uploads\/2022\/11\/2021_05_26_Pasovani-na-ctenare063.jpg\" data-caption=\"[]\" data-meta=\"[]\"  data-size=\"{&quot;width&quot;:1280,&quot;height&quot;:1920}\" data-download=\"[]\" data-filename=\"{&quot;name&quot;:&quot;&quot;}\"><img loading=\"lazy\" decoding=\"async\" width=\"378\" height=\"567\" src=\"https:\/\/foto.praha-19.ys-beta.cz\/app\/uploads\/2022\/11\/2021_05_26_Pasovani-na-ctenare063-378x567.jpg\" class=\"attachment-pinhole-col-3 size-pinhole-col-3\" alt=\"\" srcset=\"https:\/\/foto.praha-19.ys-beta.cz\/app\/uploads\/2022\/11\/2021_05_26_Pasovani-na-ctenare063-378x567.jpg 378w, https:\/\/foto.praha-19.ys-beta.cz\/app\/uploads\/2022\/11\/2021_05_26_Pasovani-na-ctenare063-200x300.jpg 200w, https:\/\/foto.praha-19.ys-beta.cz\/app\/uploads\/2022\/11\/2021_05_26_Pasovani-na-ctenare063-683x1024.jpg 683w, https:\/\/foto.praha-19.ys-beta.cz\/app\/uploads\/2022\/11\/2021_05_26_Pasovani-na-ctenare063-768x1152.jpg 768w, https:\/\/foto.praha-19.ys-beta.cz\/app\/uploads\/2022\/11\/2021_05_26_Pasovani-na-ctenare063-1024x1536.jpg 1024w, https:\/\/foto.praha-19.ys-beta.cz\/app\/uploads\/2022\/11\/2021_05_26_Pasovani-na-ctenare063-1194x1791.jpg 1194w, https:\/\/foto.praha-19.ys-beta.cz\/app\/uploads\/2022\/11\/2021_05_26_Pasovani-na-ctenare063-582x873.jpg 582w, https:\/\/foto.praha-19.ys-beta.cz\/app\/uploads\/2022\/11\/2021_05_26_Pasovani-na-ctenare063-276x414.jpg 276w, https:\/\/foto.praha-19.ys-beta.cz\/app\/uploads\/2022\/11\/2021_05_26_Pasovani-na-ctenare063-300x450.jpg 300w, https:\/\/foto.praha-19.ys-beta.cz\/app\/uploads\/2022\/11\/2021_05_26_Pasovani-na-ctenare063.jpg 1280w\" sizes=\"auto, (max-width: 378px) 100vw, 378px\" \/><\/a><\/div><div class='pinhole-item col-xs-12 col-lg-4 col-md-4 col-sm-6  '><a class=\"item-link\" href=\"https:\/\/foto.praha-19.ys-beta.cz\/app\/uploads\/2022\/11\/2021_05_26_Pasovani-na-ctenare062.jpg\" data-caption=\"[]\" data-meta=\"[]\"  data-size=\"{&quot;width&quot;:1280,&quot;height&quot;:1920}\" data-download=\"[]\" data-filename=\"{&quot;name&quot;:&quot;&quot;}\"><img loading=\"lazy\" decoding=\"async\" width=\"378\" height=\"567\" src=\"https:\/\/foto.praha-19.ys-beta.cz\/app\/uploads\/2022\/11\/2021_05_26_Pasovani-na-ctenare062-378x567.jpg\" class=\"attachment-pinhole-col-3 size-pinhole-col-3\" alt=\"\" srcset=\"https:\/\/foto.praha-19.ys-beta.cz\/app\/uploads\/2022\/11\/2021_05_26_Pasovani-na-ctenare062-378x567.jpg 378w, https:\/\/foto.praha-19.ys-beta.cz\/app\/uploads\/2022\/11\/2021_05_26_Pasovani-na-ctenare062-200x300.jpg 200w, https:\/\/foto.praha-19.ys-beta.cz\/app\/uploads\/2022\/11\/2021_05_26_Pasovani-na-ctenare062-683x1024.jpg 683w, https:\/\/foto.praha-19.ys-beta.cz\/app\/uploads\/2022\/11\/2021_05_26_Pasovani-na-ctenare062-768x1152.jpg 768w, https:\/\/foto.praha-19.ys-beta.cz\/app\/uploads\/2022\/11\/2021_05_26_Pasovani-na-ctenare062-1024x1536.jpg 1024w, https:\/\/foto.praha-19.ys-beta.cz\/app\/uploads\/2022\/11\/2021_05_26_Pasovani-na-ctenare062-1194x1791.jpg 1194w, https:\/\/foto.praha-19.ys-beta.cz\/app\/uploads\/2022\/11\/2021_05_26_Pasovani-na-ctenare062-582x873.jpg 582w, https:\/\/foto.praha-19.ys-beta.cz\/app\/uploads\/2022\/11\/2021_05_26_Pasovani-na-ctenare062-276x414.jpg 276w, https:\/\/foto.praha-19.ys-beta.cz\/app\/uploads\/2022\/11\/2021_05_26_Pasovani-na-ctenare062-300x450.jpg 300w, https:\/\/foto.praha-19.ys-beta.cz\/app\/uploads\/2022\/11\/2021_05_26_Pasovani-na-ctenare062.jpg 1280w\" sizes=\"auto, (max-width: 378px) 100vw, 378px\" \/><\/a><\/div><div class='pinhole-item col-xs-12 col-lg-4 col-md-4 col-sm-6  '><a class=\"item-link\" href=\"https:\/\/foto.praha-19.ys-beta.cz\/app\/uploads\/2022\/11\/2021_05_26_Pasovani-na-ctenare061.jpg\" data-caption=\"[]\" data-meta=\"[]\"  data-size=\"{&quot;width&quot;:1280,&quot;height&quot;:1920}\" data-download=\"[]\" data-filename=\"{&quot;name&quot;:&quot;&quot;}\"><img loading=\"lazy\" decoding=\"async\" width=\"378\" height=\"567\" src=\"https:\/\/foto.praha-19.ys-beta.cz\/app\/uploads\/2022\/11\/2021_05_26_Pasovani-na-ctenare061-378x567.jpg\" class=\"attachment-pinhole-col-3 size-pinhole-col-3\" alt=\"\" srcset=\"https:\/\/foto.praha-19.ys-beta.cz\/app\/uploads\/2022\/11\/2021_05_26_Pasovani-na-ctenare061-378x567.jpg 378w, https:\/\/foto.praha-19.ys-beta.cz\/app\/uploads\/2022\/11\/2021_05_26_Pasovani-na-ctenare061-200x300.jpg 200w, https:\/\/foto.praha-19.ys-beta.cz\/app\/uploads\/2022\/11\/2021_05_26_Pasovani-na-ctenare061-683x1024.jpg 683w, https:\/\/foto.praha-19.ys-beta.cz\/app\/uploads\/2022\/11\/2021_05_26_Pasovani-na-ctenare061-768x1152.jpg 768w, https:\/\/foto.praha-19.ys-beta.cz\/app\/uploads\/2022\/11\/2021_05_26_Pasovani-na-ctenare061-1024x1536.jpg 1024w, https:\/\/foto.praha-19.ys-beta.cz\/app\/uploads\/2022\/11\/2021_05_26_Pasovani-na-ctenare061-1194x1791.jpg 1194w, https:\/\/foto.praha-19.ys-beta.cz\/app\/uploads\/2022\/11\/2021_05_26_Pasovani-na-ctenare061-582x873.jpg 582w, https:\/\/foto.praha-19.ys-beta.cz\/app\/uploads\/2022\/11\/2021_05_26_Pasovani-na-ctenare061-276x414.jpg 276w, https:\/\/foto.praha-19.ys-beta.cz\/app\/uploads\/2022\/11\/2021_05_26_Pasovani-na-ctenare061-300x450.jpg 300w, https:\/\/foto.praha-19.ys-beta.cz\/app\/uploads\/2022\/11\/2021_05_26_Pasovani-na-ctenare061.jpg 1280w\" sizes=\"auto, (max-width: 378px) 100vw, 378px\" \/><\/a><\/div><div class='pinhole-item col-xs-12 col-lg-4 col-md-4 col-sm-6  '><a class=\"item-link\" href=\"https:\/\/foto.praha-19.ys-beta.cz\/app\/uploads\/2022\/11\/2021_05_26_Pasovani-na-ctenare060.jpg\" data-caption=\"[]\" data-meta=\"[]\"  data-size=\"{&quot;width&quot;:1280,&quot;height&quot;:1920}\" data-download=\"[]\" data-filename=\"{&quot;name&quot;:&quot;&quot;}\"><img loading=\"lazy\" decoding=\"async\" width=\"378\" height=\"567\" src=\"https:\/\/foto.praha-19.ys-beta.cz\/app\/uploads\/2022\/11\/2021_05_26_Pasovani-na-ctenare060-378x567.jpg\" class=\"attachment-pinhole-col-3 size-pinhole-col-3\" alt=\"\" srcset=\"https:\/\/foto.praha-19.ys-beta.cz\/app\/uploads\/2022\/11\/2021_05_26_Pasovani-na-ctenare060-378x567.jpg 378w, https:\/\/foto.praha-19.ys-beta.cz\/app\/uploads\/2022\/11\/2021_05_26_Pasovani-na-ctenare060-200x300.jpg 200w, https:\/\/foto.praha-19.ys-beta.cz\/app\/uploads\/2022\/11\/2021_05_26_Pasovani-na-ctenare060-683x1024.jpg 683w, https:\/\/foto.praha-19.ys-beta.cz\/app\/uploads\/2022\/11\/2021_05_26_Pasovani-na-ctenare060-768x1152.jpg 768w, https:\/\/foto.praha-19.ys-beta.cz\/app\/uploads\/2022\/11\/2021_05_26_Pasovani-na-ctenare060-1024x1536.jpg 1024w, https:\/\/foto.praha-19.ys-beta.cz\/app\/uploads\/2022\/11\/2021_05_26_Pasovani-na-ctenare060-1194x1791.jpg 1194w, https:\/\/foto.praha-19.ys-beta.cz\/app\/uploads\/2022\/11\/2021_05_26_Pasovani-na-ctenare060-582x873.jpg 582w, https:\/\/foto.praha-19.ys-beta.cz\/app\/uploads\/2022\/11\/2021_05_26_Pasovani-na-ctenare060-276x414.jpg 276w, https:\/\/foto.praha-19.ys-beta.cz\/app\/uploads\/2022\/11\/2021_05_26_Pasovani-na-ctenare060-300x450.jpg 300w, https:\/\/foto.praha-19.ys-beta.cz\/app\/uploads\/2022\/11\/2021_05_26_Pasovani-na-ctenare060.jpg 1280w\" sizes=\"auto, (max-width: 378px) 100vw, 378px\" \/><\/a><\/div><div class='pinhole-item col-xs-12 col-lg-4 col-md-4 col-sm-6  '><a class=\"item-link\" href=\"https:\/\/foto.praha-19.ys-beta.cz\/app\/uploads\/2022\/11\/2021_05_26_Pasovani-na-ctenare059.jpg\" data-caption=\"[]\" data-meta=\"[]\"  data-size=\"{&quot;width&quot;:1920,&quot;height&quot;:1280}\" data-download=\"[]\" data-filename=\"{&quot;name&quot;:&quot;&quot;}\"><img loading=\"lazy\" decoding=\"async\" width=\"378\" height=\"252\" src=\"https:\/\/foto.praha-19.ys-beta.cz\/app\/uploads\/2022\/11\/2021_05_26_Pasovani-na-ctenare059-378x252.jpg\" class=\"attachment-pinhole-col-3 size-pinhole-col-3\" alt=\"\" srcset=\"https:\/\/foto.praha-19.ys-beta.cz\/app\/uploads\/2022\/11\/2021_05_26_Pasovani-na-ctenare059-378x252.jpg 378w, https:\/\/foto.praha-19.ys-beta.cz\/app\/uploads\/2022\/11\/2021_05_26_Pasovani-na-ctenare059-300x200.jpg 300w, https:\/\/foto.praha-19.ys-beta.cz\/app\/uploads\/2022\/11\/2021_05_26_Pasovani-na-ctenare059-1024x683.jpg 1024w, https:\/\/foto.praha-19.ys-beta.cz\/app\/uploads\/2022\/11\/2021_05_26_Pasovani-na-ctenare059-768x512.jpg 768w, https:\/\/foto.praha-19.ys-beta.cz\/app\/uploads\/2022\/11\/2021_05_26_Pasovani-na-ctenare059-1536x1024.jpg 1536w, https:\/\/foto.praha-19.ys-beta.cz\/app\/uploads\/2022\/11\/2021_05_26_Pasovani-na-ctenare059-1194x796.jpg 1194w, https:\/\/foto.praha-19.ys-beta.cz\/app\/uploads\/2022\/11\/2021_05_26_Pasovani-na-ctenare059-582x388.jpg 582w, https:\/\/foto.praha-19.ys-beta.cz\/app\/uploads\/2022\/11\/2021_05_26_Pasovani-na-ctenare059-276x184.jpg 276w, https:\/\/foto.praha-19.ys-beta.cz\/app\/uploads\/2022\/11\/2021_05_26_Pasovani-na-ctenare059-675x450.jpg 675w, https:\/\/foto.praha-19.ys-beta.cz\/app\/uploads\/2022\/11\/2021_05_26_Pasovani-na-ctenare059.jpg 1920w\" sizes=\"auto, (max-width: 378px) 100vw, 378px\" \/><\/a><\/div><div class='pinhole-item col-xs-12 col-lg-4 col-md-4 col-sm-6  '><a class=\"item-link\" href=\"https:\/\/foto.praha-19.ys-beta.cz\/app\/uploads\/2022\/11\/2021_05_26_Pasovani-na-ctenare058.jpg\" data-caption=\"[]\" data-meta=\"[]\"  data-size=\"{&quot;width&quot;:1280,&quot;height&quot;:1920}\" data-download=\"[]\" data-filename=\"{&quot;name&quot;:&quot;&quot;}\"><img loading=\"lazy\" decoding=\"async\" width=\"378\" height=\"567\" src=\"https:\/\/foto.praha-19.ys-beta.cz\/app\/uploads\/2022\/11\/2021_05_26_Pasovani-na-ctenare058-378x567.jpg\" class=\"attachment-pinhole-col-3 size-pinhole-col-3\" alt=\"\" srcset=\"https:\/\/foto.praha-19.ys-beta.cz\/app\/uploads\/2022\/11\/2021_05_26_Pasovani-na-ctenare058-378x567.jpg 378w, https:\/\/foto.praha-19.ys-beta.cz\/app\/uploads\/2022\/11\/2021_05_26_Pasovani-na-ctenare058-200x300.jpg 200w, https:\/\/foto.praha-19.ys-beta.cz\/app\/uploads\/2022\/11\/2021_05_26_Pasovani-na-ctenare058-683x1024.jpg 683w, https:\/\/foto.praha-19.ys-beta.cz\/app\/uploads\/2022\/11\/2021_05_26_Pasovani-na-ctenare058-768x1152.jpg 768w, https:\/\/foto.praha-19.ys-beta.cz\/app\/uploads\/2022\/11\/2021_05_26_Pasovani-na-ctenare058-1024x1536.jpg 1024w, https:\/\/foto.praha-19.ys-beta.cz\/app\/uploads\/2022\/11\/2021_05_26_Pasovani-na-ctenare058-1194x1791.jpg 1194w, https:\/\/foto.praha-19.ys-beta.cz\/app\/uploads\/2022\/11\/2021_05_26_Pasovani-na-ctenare058-582x873.jpg 582w, https:\/\/foto.praha-19.ys-beta.cz\/app\/uploads\/2022\/11\/2021_05_26_Pasovani-na-ctenare058-276x414.jpg 276w, https:\/\/foto.praha-19.ys-beta.cz\/app\/uploads\/2022\/11\/2021_05_26_Pasovani-na-ctenare058-300x450.jpg 300w, https:\/\/foto.praha-19.ys-beta.cz\/app\/uploads\/2022\/11\/2021_05_26_Pasovani-na-ctenare058.jpg 1280w\" sizes=\"auto, (max-width: 378px) 100vw, 378px\" \/><\/a><\/div><div class='pinhole-item col-xs-12 col-lg-4 col-md-4 col-sm-6  '><a class=\"item-link\" href=\"https:\/\/foto.praha-19.ys-beta.cz\/app\/uploads\/2022\/11\/2021_05_26_Pasovani-na-ctenare057.jpg\" data-caption=\"[]\" data-meta=\"[]\"  data-size=\"{&quot;width&quot;:1280,&quot;height&quot;:1920}\" data-download=\"[]\" data-filename=\"{&quot;name&quot;:&quot;&quot;}\"><img loading=\"lazy\" decoding=\"async\" width=\"378\" height=\"567\" src=\"https:\/\/foto.praha-19.ys-beta.cz\/app\/uploads\/2022\/11\/2021_05_26_Pasovani-na-ctenare057-378x567.jpg\" class=\"attachment-pinhole-col-3 size-pinhole-col-3\" alt=\"\" srcset=\"https:\/\/foto.praha-19.ys-beta.cz\/app\/uploads\/2022\/11\/2021_05_26_Pasovani-na-ctenare057-378x567.jpg 378w, https:\/\/foto.praha-19.ys-beta.cz\/app\/uploads\/2022\/11\/2021_05_26_Pasovani-na-ctenare057-200x300.jpg 200w, https:\/\/foto.praha-19.ys-beta.cz\/app\/uploads\/2022\/11\/2021_05_26_Pasovani-na-ctenare057-683x1024.jpg 683w, https:\/\/foto.praha-19.ys-beta.cz\/app\/uploads\/2022\/11\/2021_05_26_Pasovani-na-ctenare057-768x1152.jpg 768w, https:\/\/foto.praha-19.ys-beta.cz\/app\/uploads\/2022\/11\/2021_05_26_Pasovani-na-ctenare057-1024x1536.jpg 1024w, https:\/\/foto.praha-19.ys-beta.cz\/app\/uploads\/2022\/11\/2021_05_26_Pasovani-na-ctenare057-1194x1791.jpg 1194w, https:\/\/foto.praha-19.ys-beta.cz\/app\/uploads\/2022\/11\/2021_05_26_Pasovani-na-ctenare057-582x873.jpg 582w, https:\/\/foto.praha-19.ys-beta.cz\/app\/uploads\/2022\/11\/2021_05_26_Pasovani-na-ctenare057-276x414.jpg 276w, https:\/\/foto.praha-19.ys-beta.cz\/app\/uploads\/2022\/11\/2021_05_26_Pasovani-na-ctenare057-300x450.jpg 300w, https:\/\/foto.praha-19.ys-beta.cz\/app\/uploads\/2022\/11\/2021_05_26_Pasovani-na-ctenare057.jpg 1280w\" sizes=\"auto, (max-width: 378px) 100vw, 378px\" \/><\/a><\/div><div class='pinhole-item col-xs-12 col-lg-4 col-md-4 col-sm-6  '><a class=\"item-link\" href=\"https:\/\/foto.praha-19.ys-beta.cz\/app\/uploads\/2022\/11\/2021_05_26_Pasovani-na-ctenare056.jpg\" data-caption=\"[]\" data-meta=\"[]\"  data-size=\"{&quot;width&quot;:1920,&quot;height&quot;:1280}\" data-download=\"[]\" data-filename=\"{&quot;name&quot;:&quot;&quot;}\"><img loading=\"lazy\" decoding=\"async\" width=\"378\" height=\"252\" src=\"https:\/\/foto.praha-19.ys-beta.cz\/app\/uploads\/2022\/11\/2021_05_26_Pasovani-na-ctenare056-378x252.jpg\" class=\"attachment-pinhole-col-3 size-pinhole-col-3\" alt=\"\" srcset=\"https:\/\/foto.praha-19.ys-beta.cz\/app\/uploads\/2022\/11\/2021_05_26_Pasovani-na-ctenare056-378x252.jpg 378w, https:\/\/foto.praha-19.ys-beta.cz\/app\/uploads\/2022\/11\/2021_05_26_Pasovani-na-ctenare056-300x200.jpg 300w, https:\/\/foto.praha-19.ys-beta.cz\/app\/uploads\/2022\/11\/2021_05_26_Pasovani-na-ctenare056-1024x683.jpg 1024w, https:\/\/foto.praha-19.ys-beta.cz\/app\/uploads\/2022\/11\/2021_05_26_Pasovani-na-ctenare056-768x512.jpg 768w, https:\/\/foto.praha-19.ys-beta.cz\/app\/uploads\/2022\/11\/2021_05_26_Pasovani-na-ctenare056-1536x1024.jpg 1536w, https:\/\/foto.praha-19.ys-beta.cz\/app\/uploads\/2022\/11\/2021_05_26_Pasovani-na-ctenare056-1194x796.jpg 1194w, https:\/\/foto.praha-19.ys-beta.cz\/app\/uploads\/2022\/11\/2021_05_26_Pasovani-na-ctenare056-582x388.jpg 582w, https:\/\/foto.praha-19.ys-beta.cz\/app\/uploads\/2022\/11\/2021_05_26_Pasovani-na-ctenare056-276x184.jpg 276w, https:\/\/foto.praha-19.ys-beta.cz\/app\/uploads\/2022\/11\/2021_05_26_Pasovani-na-ctenare056-675x450.jpg 675w, https:\/\/foto.praha-19.ys-beta.cz\/app\/uploads\/2022\/11\/2021_05_26_Pasovani-na-ctenare056.jpg 1920w\" sizes=\"auto, (max-width: 378px) 100vw, 378px\" \/><\/a><\/div><div class='pinhole-item col-xs-12 col-lg-4 col-md-4 col-sm-6  '><a class=\"item-link\" href=\"https:\/\/foto.praha-19.ys-beta.cz\/app\/uploads\/2022\/11\/2021_05_26_Pasovani-na-ctenare055.jpg\" data-caption=\"[]\" data-meta=\"[]\"  data-size=\"{&quot;width&quot;:1280,&quot;height&quot;:1920}\" data-download=\"[]\" data-filename=\"{&quot;name&quot;:&quot;&quot;}\"><img loading=\"lazy\" decoding=\"async\" width=\"378\" height=\"567\" src=\"https:\/\/foto.praha-19.ys-beta.cz\/app\/uploads\/2022\/11\/2021_05_26_Pasovani-na-ctenare055-378x567.jpg\" class=\"attachment-pinhole-col-3 size-pinhole-col-3\" alt=\"\" srcset=\"https:\/\/foto.praha-19.ys-beta.cz\/app\/uploads\/2022\/11\/2021_05_26_Pasovani-na-ctenare055-378x567.jpg 378w, https:\/\/foto.praha-19.ys-beta.cz\/app\/uploads\/2022\/11\/2021_05_26_Pasovani-na-ctenare055-200x300.jpg 200w, https:\/\/foto.praha-19.ys-beta.cz\/app\/uploads\/2022\/11\/2021_05_26_Pasovani-na-ctenare055-683x1024.jpg 683w, https:\/\/foto.praha-19.ys-beta.cz\/app\/uploads\/2022\/11\/2021_05_26_Pasovani-na-ctenare055-768x1152.jpg 768w, https:\/\/foto.praha-19.ys-beta.cz\/app\/uploads\/2022\/11\/2021_05_26_Pasovani-na-ctenare055-1024x1536.jpg 1024w, https:\/\/foto.praha-19.ys-beta.cz\/app\/uploads\/2022\/11\/2021_05_26_Pasovani-na-ctenare055-1194x1791.jpg 1194w, https:\/\/foto.praha-19.ys-beta.cz\/app\/uploads\/2022\/11\/2021_05_26_Pasovani-na-ctenare055-582x873.jpg 582w, https:\/\/foto.praha-19.ys-beta.cz\/app\/uploads\/2022\/11\/2021_05_26_Pasovani-na-ctenare055-276x414.jpg 276w, https:\/\/foto.praha-19.ys-beta.cz\/app\/uploads\/2022\/11\/2021_05_26_Pasovani-na-ctenare055-300x450.jpg 300w, https:\/\/foto.praha-19.ys-beta.cz\/app\/uploads\/2022\/11\/2021_05_26_Pasovani-na-ctenare055.jpg 1280w\" sizes=\"auto, (max-width: 378px) 100vw, 378px\" \/><\/a><\/div><div class='pinhole-item col-xs-12 col-lg-4 col-md-4 col-sm-6  '><a class=\"item-link\" href=\"https:\/\/foto.praha-19.ys-beta.cz\/app\/uploads\/2022\/11\/2021_05_26_Pasovani-na-ctenare054.jpg\" data-caption=\"[]\" data-meta=\"[]\"  data-size=\"{&quot;width&quot;:1280,&quot;height&quot;:1920}\" data-download=\"[]\" data-filename=\"{&quot;name&quot;:&quot;&quot;}\"><img loading=\"lazy\" decoding=\"async\" width=\"378\" height=\"567\" src=\"https:\/\/foto.praha-19.ys-beta.cz\/app\/uploads\/2022\/11\/2021_05_26_Pasovani-na-ctenare054-378x567.jpg\" class=\"attachment-pinhole-col-3 size-pinhole-col-3\" alt=\"\" srcset=\"https:\/\/foto.praha-19.ys-beta.cz\/app\/uploads\/2022\/11\/2021_05_26_Pasovani-na-ctenare054-378x567.jpg 378w, https:\/\/foto.praha-19.ys-beta.cz\/app\/uploads\/2022\/11\/2021_05_26_Pasovani-na-ctenare054-200x300.jpg 200w, https:\/\/foto.praha-19.ys-beta.cz\/app\/uploads\/2022\/11\/2021_05_26_Pasovani-na-ctenare054-683x1024.jpg 683w, https:\/\/foto.praha-19.ys-beta.cz\/app\/uploads\/2022\/11\/2021_05_26_Pasovani-na-ctenare054-768x1152.jpg 768w, https:\/\/foto.praha-19.ys-beta.cz\/app\/uploads\/2022\/11\/2021_05_26_Pasovani-na-ctenare054-1024x1536.jpg 1024w, https:\/\/foto.praha-19.ys-beta.cz\/app\/uploads\/2022\/11\/2021_05_26_Pasovani-na-ctenare054-1194x1791.jpg 1194w, https:\/\/foto.praha-19.ys-beta.cz\/app\/uploads\/2022\/11\/2021_05_26_Pasovani-na-ctenare054-582x873.jpg 582w, https:\/\/foto.praha-19.ys-beta.cz\/app\/uploads\/2022\/11\/2021_05_26_Pasovani-na-ctenare054-276x414.jpg 276w, https:\/\/foto.praha-19.ys-beta.cz\/app\/uploads\/2022\/11\/2021_05_26_Pasovani-na-ctenare054-300x450.jpg 300w, https:\/\/foto.praha-19.ys-beta.cz\/app\/uploads\/2022\/11\/2021_05_26_Pasovani-na-ctenare054.jpg 1280w\" sizes=\"auto, (max-width: 378px) 100vw, 378px\" \/><\/a><\/div><div class='pinhole-item col-xs-12 col-lg-4 col-md-4 col-sm-6  '><a class=\"item-link\" href=\"https:\/\/foto.praha-19.ys-beta.cz\/app\/uploads\/2022\/11\/2021_05_26_Pasovani-na-ctenare053.jpg\" data-caption=\"[]\" data-meta=\"[]\"  data-size=\"{&quot;width&quot;:1920,&quot;height&quot;:1280}\" data-download=\"[]\" data-filename=\"{&quot;name&quot;:&quot;&quot;}\"><img loading=\"lazy\" decoding=\"async\" width=\"378\" height=\"252\" src=\"https:\/\/foto.praha-19.ys-beta.cz\/app\/uploads\/2022\/11\/2021_05_26_Pasovani-na-ctenare053-378x252.jpg\" class=\"attachment-pinhole-col-3 size-pinhole-col-3\" alt=\"\" srcset=\"https:\/\/foto.praha-19.ys-beta.cz\/app\/uploads\/2022\/11\/2021_05_26_Pasovani-na-ctenare053-378x252.jpg 378w, https:\/\/foto.praha-19.ys-beta.cz\/app\/uploads\/2022\/11\/2021_05_26_Pasovani-na-ctenare053-300x200.jpg 300w, https:\/\/foto.praha-19.ys-beta.cz\/app\/uploads\/2022\/11\/2021_05_26_Pasovani-na-ctenare053-1024x683.jpg 1024w, https:\/\/foto.praha-19.ys-beta.cz\/app\/uploads\/2022\/11\/2021_05_26_Pasovani-na-ctenare053-768x512.jpg 768w, https:\/\/foto.praha-19.ys-beta.cz\/app\/uploads\/2022\/11\/2021_05_26_Pasovani-na-ctenare053-1536x1024.jpg 1536w, https:\/\/foto.praha-19.ys-beta.cz\/app\/uploads\/2022\/11\/2021_05_26_Pasovani-na-ctenare053-1194x796.jpg 1194w, https:\/\/foto.praha-19.ys-beta.cz\/app\/uploads\/2022\/11\/2021_05_26_Pasovani-na-ctenare053-582x388.jpg 582w, https:\/\/foto.praha-19.ys-beta.cz\/app\/uploads\/2022\/11\/2021_05_26_Pasovani-na-ctenare053-276x184.jpg 276w, https:\/\/foto.praha-19.ys-beta.cz\/app\/uploads\/2022\/11\/2021_05_26_Pasovani-na-ctenare053-675x450.jpg 675w, https:\/\/foto.praha-19.ys-beta.cz\/app\/uploads\/2022\/11\/2021_05_26_Pasovani-na-ctenare053.jpg 1920w\" sizes=\"auto, (max-width: 378px) 100vw, 378px\" \/><\/a><\/div><div class='pinhole-item col-xs-12 col-lg-4 col-md-4 col-sm-6  '><a class=\"item-link\" href=\"https:\/\/foto.praha-19.ys-beta.cz\/app\/uploads\/2022\/11\/2021_05_26_Pasovani-na-ctenare052.jpg\" data-caption=\"[]\" data-meta=\"[]\"  data-size=\"{&quot;width&quot;:1280,&quot;height&quot;:1920}\" data-download=\"[]\" data-filename=\"{&quot;name&quot;:&quot;&quot;}\"><img loading=\"lazy\" decoding=\"async\" width=\"378\" height=\"567\" src=\"https:\/\/foto.praha-19.ys-beta.cz\/app\/uploads\/2022\/11\/2021_05_26_Pasovani-na-ctenare052-378x567.jpg\" class=\"attachment-pinhole-col-3 size-pinhole-col-3\" alt=\"\" srcset=\"https:\/\/foto.praha-19.ys-beta.cz\/app\/uploads\/2022\/11\/2021_05_26_Pasovani-na-ctenare052-378x567.jpg 378w, https:\/\/foto.praha-19.ys-beta.cz\/app\/uploads\/2022\/11\/2021_05_26_Pasovani-na-ctenare052-200x300.jpg 200w, https:\/\/foto.praha-19.ys-beta.cz\/app\/uploads\/2022\/11\/2021_05_26_Pasovani-na-ctenare052-683x1024.jpg 683w, https:\/\/foto.praha-19.ys-beta.cz\/app\/uploads\/2022\/11\/2021_05_26_Pasovani-na-ctenare052-768x1152.jpg 768w, https:\/\/foto.praha-19.ys-beta.cz\/app\/uploads\/2022\/11\/2021_05_26_Pasovani-na-ctenare052-1024x1536.jpg 1024w, https:\/\/foto.praha-19.ys-beta.cz\/app\/uploads\/2022\/11\/2021_05_26_Pasovani-na-ctenare052-1194x1791.jpg 1194w, https:\/\/foto.praha-19.ys-beta.cz\/app\/uploads\/2022\/11\/2021_05_26_Pasovani-na-ctenare052-582x873.jpg 582w, https:\/\/foto.praha-19.ys-beta.cz\/app\/uploads\/2022\/11\/2021_05_26_Pasovani-na-ctenare052-276x414.jpg 276w, https:\/\/foto.praha-19.ys-beta.cz\/app\/uploads\/2022\/11\/2021_05_26_Pasovani-na-ctenare052-300x450.jpg 300w, https:\/\/foto.praha-19.ys-beta.cz\/app\/uploads\/2022\/11\/2021_05_26_Pasovani-na-ctenare052.jpg 1280w\" sizes=\"auto, (max-width: 378px) 100vw, 378px\" \/><\/a><\/div><div class='pinhole-item col-xs-12 col-lg-4 col-md-4 col-sm-6  '><a class=\"item-link\" href=\"https:\/\/foto.praha-19.ys-beta.cz\/app\/uploads\/2022\/11\/2021_05_26_Pasovani-na-ctenare051.jpg\" data-caption=\"[]\" data-meta=\"[]\"  data-size=\"{&quot;width&quot;:1280,&quot;height&quot;:1920}\" data-download=\"[]\" data-filename=\"{&quot;name&quot;:&quot;&quot;}\"><img loading=\"lazy\" decoding=\"async\" width=\"378\" height=\"567\" src=\"https:\/\/foto.praha-19.ys-beta.cz\/app\/uploads\/2022\/11\/2021_05_26_Pasovani-na-ctenare051-378x567.jpg\" class=\"attachment-pinhole-col-3 size-pinhole-col-3\" alt=\"\" srcset=\"https:\/\/foto.praha-19.ys-beta.cz\/app\/uploads\/2022\/11\/2021_05_26_Pasovani-na-ctenare051-378x567.jpg 378w, https:\/\/foto.praha-19.ys-beta.cz\/app\/uploads\/2022\/11\/2021_05_26_Pasovani-na-ctenare051-200x300.jpg 200w, https:\/\/foto.praha-19.ys-beta.cz\/app\/uploads\/2022\/11\/2021_05_26_Pasovani-na-ctenare051-683x1024.jpg 683w, https:\/\/foto.praha-19.ys-beta.cz\/app\/uploads\/2022\/11\/2021_05_26_Pasovani-na-ctenare051-768x1152.jpg 768w, https:\/\/foto.praha-19.ys-beta.cz\/app\/uploads\/2022\/11\/2021_05_26_Pasovani-na-ctenare051-1024x1536.jpg 1024w, https:\/\/foto.praha-19.ys-beta.cz\/app\/uploads\/2022\/11\/2021_05_26_Pasovani-na-ctenare051-1194x1791.jpg 1194w, https:\/\/foto.praha-19.ys-beta.cz\/app\/uploads\/2022\/11\/2021_05_26_Pasovani-na-ctenare051-582x873.jpg 582w, https:\/\/foto.praha-19.ys-beta.cz\/app\/uploads\/2022\/11\/2021_05_26_Pasovani-na-ctenare051-276x414.jpg 276w, https:\/\/foto.praha-19.ys-beta.cz\/app\/uploads\/2022\/11\/2021_05_26_Pasovani-na-ctenare051-300x450.jpg 300w, https:\/\/foto.praha-19.ys-beta.cz\/app\/uploads\/2022\/11\/2021_05_26_Pasovani-na-ctenare051.jpg 1280w\" sizes=\"auto, (max-width: 378px) 100vw, 378px\" \/><\/a><\/div><div class='pinhole-item col-xs-12 col-lg-4 col-md-4 col-sm-6  '><a class=\"item-link\" href=\"https:\/\/foto.praha-19.ys-beta.cz\/app\/uploads\/2022\/11\/2021_05_26_Pasovani-na-ctenare050.jpg\" data-caption=\"[]\" data-meta=\"[]\"  data-size=\"{&quot;width&quot;:1920,&quot;height&quot;:1280}\" data-download=\"[]\" data-filename=\"{&quot;name&quot;:&quot;&quot;}\"><img loading=\"lazy\" decoding=\"async\" width=\"378\" height=\"252\" src=\"https:\/\/foto.praha-19.ys-beta.cz\/app\/uploads\/2022\/11\/2021_05_26_Pasovani-na-ctenare050-378x252.jpg\" class=\"attachment-pinhole-col-3 size-pinhole-col-3\" alt=\"\" srcset=\"https:\/\/foto.praha-19.ys-beta.cz\/app\/uploads\/2022\/11\/2021_05_26_Pasovani-na-ctenare050-378x252.jpg 378w, https:\/\/foto.praha-19.ys-beta.cz\/app\/uploads\/2022\/11\/2021_05_26_Pasovani-na-ctenare050-300x200.jpg 300w, https:\/\/foto.praha-19.ys-beta.cz\/app\/uploads\/2022\/11\/2021_05_26_Pasovani-na-ctenare050-1024x683.jpg 1024w, https:\/\/foto.praha-19.ys-beta.cz\/app\/uploads\/2022\/11\/2021_05_26_Pasovani-na-ctenare050-768x512.jpg 768w, https:\/\/foto.praha-19.ys-beta.cz\/app\/uploads\/2022\/11\/2021_05_26_Pasovani-na-ctenare050-1536x1024.jpg 1536w, https:\/\/foto.praha-19.ys-beta.cz\/app\/uploads\/2022\/11\/2021_05_26_Pasovani-na-ctenare050-1194x796.jpg 1194w, https:\/\/foto.praha-19.ys-beta.cz\/app\/uploads\/2022\/11\/2021_05_26_Pasovani-na-ctenare050-582x388.jpg 582w, https:\/\/foto.praha-19.ys-beta.cz\/app\/uploads\/2022\/11\/2021_05_26_Pasovani-na-ctenare050-276x184.jpg 276w, https:\/\/foto.praha-19.ys-beta.cz\/app\/uploads\/2022\/11\/2021_05_26_Pasovani-na-ctenare050-675x450.jpg 675w, https:\/\/foto.praha-19.ys-beta.cz\/app\/uploads\/2022\/11\/2021_05_26_Pasovani-na-ctenare050.jpg 1920w\" sizes=\"auto, (max-width: 378px) 100vw, 378px\" \/><\/a><\/div><div class='pinhole-item col-xs-12 col-lg-4 col-md-4 col-sm-6  '><a class=\"item-link\" href=\"https:\/\/foto.praha-19.ys-beta.cz\/app\/uploads\/2022\/11\/2021_05_26_Pasovani-na-ctenare049.jpg\" data-caption=\"[]\" data-meta=\"[]\"  data-size=\"{&quot;width&quot;:1280,&quot;height&quot;:1920}\" data-download=\"[]\" data-filename=\"{&quot;name&quot;:&quot;&quot;}\"><img loading=\"lazy\" decoding=\"async\" width=\"378\" height=\"567\" src=\"https:\/\/foto.praha-19.ys-beta.cz\/app\/uploads\/2022\/11\/2021_05_26_Pasovani-na-ctenare049-378x567.jpg\" class=\"attachment-pinhole-col-3 size-pinhole-col-3\" alt=\"\" srcset=\"https:\/\/foto.praha-19.ys-beta.cz\/app\/uploads\/2022\/11\/2021_05_26_Pasovani-na-ctenare049-378x567.jpg 378w, https:\/\/foto.praha-19.ys-beta.cz\/app\/uploads\/2022\/11\/2021_05_26_Pasovani-na-ctenare049-200x300.jpg 200w, https:\/\/foto.praha-19.ys-beta.cz\/app\/uploads\/2022\/11\/2021_05_26_Pasovani-na-ctenare049-683x1024.jpg 683w, https:\/\/foto.praha-19.ys-beta.cz\/app\/uploads\/2022\/11\/2021_05_26_Pasovani-na-ctenare049-768x1152.jpg 768w, https:\/\/foto.praha-19.ys-beta.cz\/app\/uploads\/2022\/11\/2021_05_26_Pasovani-na-ctenare049-1024x1536.jpg 1024w, https:\/\/foto.praha-19.ys-beta.cz\/app\/uploads\/2022\/11\/2021_05_26_Pasovani-na-ctenare049-1194x1791.jpg 1194w, https:\/\/foto.praha-19.ys-beta.cz\/app\/uploads\/2022\/11\/2021_05_26_Pasovani-na-ctenare049-582x873.jpg 582w, https:\/\/foto.praha-19.ys-beta.cz\/app\/uploads\/2022\/11\/2021_05_26_Pasovani-na-ctenare049-276x414.jpg 276w, https:\/\/foto.praha-19.ys-beta.cz\/app\/uploads\/2022\/11\/2021_05_26_Pasovani-na-ctenare049-300x450.jpg 300w, https:\/\/foto.praha-19.ys-beta.cz\/app\/uploads\/2022\/11\/2021_05_26_Pasovani-na-ctenare049.jpg 1280w\" sizes=\"auto, (max-width: 378px) 100vw, 378px\" \/><\/a><\/div><div class='pinhole-item col-xs-12 col-lg-4 col-md-4 col-sm-6  '><a class=\"item-link\" href=\"https:\/\/foto.praha-19.ys-beta.cz\/app\/uploads\/2022\/11\/2021_05_26_Pasovani-na-ctenare048.jpg\" data-caption=\"[]\" data-meta=\"[]\"  data-size=\"{&quot;width&quot;:1280,&quot;height&quot;:1920}\" data-download=\"[]\" data-filename=\"{&quot;name&quot;:&quot;&quot;}\"><img loading=\"lazy\" decoding=\"async\" width=\"378\" height=\"567\" src=\"https:\/\/foto.praha-19.ys-beta.cz\/app\/uploads\/2022\/11\/2021_05_26_Pasovani-na-ctenare048-378x567.jpg\" class=\"attachment-pinhole-col-3 size-pinhole-col-3\" alt=\"\" srcset=\"https:\/\/foto.praha-19.ys-beta.cz\/app\/uploads\/2022\/11\/2021_05_26_Pasovani-na-ctenare048-378x567.jpg 378w, https:\/\/foto.praha-19.ys-beta.cz\/app\/uploads\/2022\/11\/2021_05_26_Pasovani-na-ctenare048-200x300.jpg 200w, https:\/\/foto.praha-19.ys-beta.cz\/app\/uploads\/2022\/11\/2021_05_26_Pasovani-na-ctenare048-683x1024.jpg 683w, https:\/\/foto.praha-19.ys-beta.cz\/app\/uploads\/2022\/11\/2021_05_26_Pasovani-na-ctenare048-768x1152.jpg 768w, https:\/\/foto.praha-19.ys-beta.cz\/app\/uploads\/2022\/11\/2021_05_26_Pasovani-na-ctenare048-1024x1536.jpg 1024w, https:\/\/foto.praha-19.ys-beta.cz\/app\/uploads\/2022\/11\/2021_05_26_Pasovani-na-ctenare048-1194x1791.jpg 1194w, https:\/\/foto.praha-19.ys-beta.cz\/app\/uploads\/2022\/11\/2021_05_26_Pasovani-na-ctenare048-582x873.jpg 582w, https:\/\/foto.praha-19.ys-beta.cz\/app\/uploads\/2022\/11\/2021_05_26_Pasovani-na-ctenare048-276x414.jpg 276w, https:\/\/foto.praha-19.ys-beta.cz\/app\/uploads\/2022\/11\/2021_05_26_Pasovani-na-ctenare048-300x450.jpg 300w, https:\/\/foto.praha-19.ys-beta.cz\/app\/uploads\/2022\/11\/2021_05_26_Pasovani-na-ctenare048.jpg 1280w\" sizes=\"auto, (max-width: 378px) 100vw, 378px\" \/><\/a><\/div><div class='pinhole-item col-xs-12 col-lg-4 col-md-4 col-sm-6  '><a class=\"item-link\" href=\"https:\/\/foto.praha-19.ys-beta.cz\/app\/uploads\/2022\/11\/2021_05_26_Pasovani-na-ctenare047.jpg\" data-caption=\"[]\" data-meta=\"[]\"  data-size=\"{&quot;width&quot;:1920,&quot;height&quot;:1280}\" data-download=\"[]\" data-filename=\"{&quot;name&quot;:&quot;&quot;}\"><img loading=\"lazy\" decoding=\"async\" width=\"378\" height=\"252\" src=\"https:\/\/foto.praha-19.ys-beta.cz\/app\/uploads\/2022\/11\/2021_05_26_Pasovani-na-ctenare047-378x252.jpg\" class=\"attachment-pinhole-col-3 size-pinhole-col-3\" alt=\"\" srcset=\"https:\/\/foto.praha-19.ys-beta.cz\/app\/uploads\/2022\/11\/2021_05_26_Pasovani-na-ctenare047-378x252.jpg 378w, https:\/\/foto.praha-19.ys-beta.cz\/app\/uploads\/2022\/11\/2021_05_26_Pasovani-na-ctenare047-300x200.jpg 300w, https:\/\/foto.praha-19.ys-beta.cz\/app\/uploads\/2022\/11\/2021_05_26_Pasovani-na-ctenare047-1024x683.jpg 1024w, https:\/\/foto.praha-19.ys-beta.cz\/app\/uploads\/2022\/11\/2021_05_26_Pasovani-na-ctenare047-768x512.jpg 768w, https:\/\/foto.praha-19.ys-beta.cz\/app\/uploads\/2022\/11\/2021_05_26_Pasovani-na-ctenare047-1536x1024.jpg 1536w, https:\/\/foto.praha-19.ys-beta.cz\/app\/uploads\/2022\/11\/2021_05_26_Pasovani-na-ctenare047-1194x796.jpg 1194w, https:\/\/foto.praha-19.ys-beta.cz\/app\/uploads\/2022\/11\/2021_05_26_Pasovani-na-ctenare047-582x388.jpg 582w, https:\/\/foto.praha-19.ys-beta.cz\/app\/uploads\/2022\/11\/2021_05_26_Pasovani-na-ctenare047-276x184.jpg 276w, https:\/\/foto.praha-19.ys-beta.cz\/app\/uploads\/2022\/11\/2021_05_26_Pasovani-na-ctenare047-675x450.jpg 675w, https:\/\/foto.praha-19.ys-beta.cz\/app\/uploads\/2022\/11\/2021_05_26_Pasovani-na-ctenare047.jpg 1920w\" sizes=\"auto, (max-width: 378px) 100vw, 378px\" \/><\/a><\/div><div class='pinhole-item col-xs-12 col-lg-4 col-md-4 col-sm-6  '><a class=\"item-link\" href=\"https:\/\/foto.praha-19.ys-beta.cz\/app\/uploads\/2022\/11\/2021_05_26_Pasovani-na-ctenare045.jpg\" data-caption=\"[]\" data-meta=\"[]\"  data-size=\"{&quot;width&quot;:1280,&quot;height&quot;:1920}\" data-download=\"[]\" data-filename=\"{&quot;name&quot;:&quot;&quot;}\"><img loading=\"lazy\" decoding=\"async\" width=\"378\" height=\"567\" src=\"https:\/\/foto.praha-19.ys-beta.cz\/app\/uploads\/2022\/11\/2021_05_26_Pasovani-na-ctenare045-378x567.jpg\" class=\"attachment-pinhole-col-3 size-pinhole-col-3\" alt=\"\" srcset=\"https:\/\/foto.praha-19.ys-beta.cz\/app\/uploads\/2022\/11\/2021_05_26_Pasovani-na-ctenare045-378x567.jpg 378w, https:\/\/foto.praha-19.ys-beta.cz\/app\/uploads\/2022\/11\/2021_05_26_Pasovani-na-ctenare045-200x300.jpg 200w, https:\/\/foto.praha-19.ys-beta.cz\/app\/uploads\/2022\/11\/2021_05_26_Pasovani-na-ctenare045-683x1024.jpg 683w, https:\/\/foto.praha-19.ys-beta.cz\/app\/uploads\/2022\/11\/2021_05_26_Pasovani-na-ctenare045-768x1152.jpg 768w, https:\/\/foto.praha-19.ys-beta.cz\/app\/uploads\/2022\/11\/2021_05_26_Pasovani-na-ctenare045-1024x1536.jpg 1024w, https:\/\/foto.praha-19.ys-beta.cz\/app\/uploads\/2022\/11\/2021_05_26_Pasovani-na-ctenare045-1194x1791.jpg 1194w, https:\/\/foto.praha-19.ys-beta.cz\/app\/uploads\/2022\/11\/2021_05_26_Pasovani-na-ctenare045-582x873.jpg 582w, https:\/\/foto.praha-19.ys-beta.cz\/app\/uploads\/2022\/11\/2021_05_26_Pasovani-na-ctenare045-276x414.jpg 276w, https:\/\/foto.praha-19.ys-beta.cz\/app\/uploads\/2022\/11\/2021_05_26_Pasovani-na-ctenare045-300x450.jpg 300w, https:\/\/foto.praha-19.ys-beta.cz\/app\/uploads\/2022\/11\/2021_05_26_Pasovani-na-ctenare045.jpg 1280w\" sizes=\"auto, (max-width: 378px) 100vw, 378px\" \/><\/a><\/div><div class='pinhole-item col-xs-12 col-lg-4 col-md-4 col-sm-6  '><a class=\"item-link\" href=\"https:\/\/foto.praha-19.ys-beta.cz\/app\/uploads\/2022\/11\/2021_05_26_Pasovani-na-ctenare043.jpg\" data-caption=\"[]\" data-meta=\"[]\"  data-size=\"{&quot;width&quot;:1920,&quot;height&quot;:1280}\" data-download=\"[]\" data-filename=\"{&quot;name&quot;:&quot;&quot;}\"><img loading=\"lazy\" decoding=\"async\" width=\"378\" height=\"252\" src=\"https:\/\/foto.praha-19.ys-beta.cz\/app\/uploads\/2022\/11\/2021_05_26_Pasovani-na-ctenare043-378x252.jpg\" class=\"attachment-pinhole-col-3 size-pinhole-col-3\" alt=\"\" srcset=\"https:\/\/foto.praha-19.ys-beta.cz\/app\/uploads\/2022\/11\/2021_05_26_Pasovani-na-ctenare043-378x252.jpg 378w, https:\/\/foto.praha-19.ys-beta.cz\/app\/uploads\/2022\/11\/2021_05_26_Pasovani-na-ctenare043-300x200.jpg 300w, https:\/\/foto.praha-19.ys-beta.cz\/app\/uploads\/2022\/11\/2021_05_26_Pasovani-na-ctenare043-1024x683.jpg 1024w, https:\/\/foto.praha-19.ys-beta.cz\/app\/uploads\/2022\/11\/2021_05_26_Pasovani-na-ctenare043-768x512.jpg 768w, https:\/\/foto.praha-19.ys-beta.cz\/app\/uploads\/2022\/11\/2021_05_26_Pasovani-na-ctenare043-1536x1024.jpg 1536w, https:\/\/foto.praha-19.ys-beta.cz\/app\/uploads\/2022\/11\/2021_05_26_Pasovani-na-ctenare043-1194x796.jpg 1194w, https:\/\/foto.praha-19.ys-beta.cz\/app\/uploads\/2022\/11\/2021_05_26_Pasovani-na-ctenare043-582x388.jpg 582w, https:\/\/foto.praha-19.ys-beta.cz\/app\/uploads\/2022\/11\/2021_05_26_Pasovani-na-ctenare043-276x184.jpg 276w, https:\/\/foto.praha-19.ys-beta.cz\/app\/uploads\/2022\/11\/2021_05_26_Pasovani-na-ctenare043-675x450.jpg 675w, https:\/\/foto.praha-19.ys-beta.cz\/app\/uploads\/2022\/11\/2021_05_26_Pasovani-na-ctenare043.jpg 1920w\" sizes=\"auto, (max-width: 378px) 100vw, 378px\" \/><\/a><\/div><div class='pinhole-item col-xs-12 col-lg-4 col-md-4 col-sm-6  '><a class=\"item-link\" href=\"https:\/\/foto.praha-19.ys-beta.cz\/app\/uploads\/2022\/11\/2021_05_26_Pasovani-na-ctenare042.jpg\" data-caption=\"[]\" data-meta=\"[]\"  data-size=\"{&quot;width&quot;:1280,&quot;height&quot;:1920}\" data-download=\"[]\" data-filename=\"{&quot;name&quot;:&quot;&quot;}\"><img loading=\"lazy\" decoding=\"async\" width=\"378\" height=\"567\" src=\"https:\/\/foto.praha-19.ys-beta.cz\/app\/uploads\/2022\/11\/2021_05_26_Pasovani-na-ctenare042-378x567.jpg\" class=\"attachment-pinhole-col-3 size-pinhole-col-3\" alt=\"\" srcset=\"https:\/\/foto.praha-19.ys-beta.cz\/app\/uploads\/2022\/11\/2021_05_26_Pasovani-na-ctenare042-378x567.jpg 378w, https:\/\/foto.praha-19.ys-beta.cz\/app\/uploads\/2022\/11\/2021_05_26_Pasovani-na-ctenare042-200x300.jpg 200w, https:\/\/foto.praha-19.ys-beta.cz\/app\/uploads\/2022\/11\/2021_05_26_Pasovani-na-ctenare042-683x1024.jpg 683w, https:\/\/foto.praha-19.ys-beta.cz\/app\/uploads\/2022\/11\/2021_05_26_Pasovani-na-ctenare042-768x1152.jpg 768w, https:\/\/foto.praha-19.ys-beta.cz\/app\/uploads\/2022\/11\/2021_05_26_Pasovani-na-ctenare042-1024x1536.jpg 1024w, https:\/\/foto.praha-19.ys-beta.cz\/app\/uploads\/2022\/11\/2021_05_26_Pasovani-na-ctenare042-1194x1791.jpg 1194w, https:\/\/foto.praha-19.ys-beta.cz\/app\/uploads\/2022\/11\/2021_05_26_Pasovani-na-ctenare042-582x873.jpg 582w, https:\/\/foto.praha-19.ys-beta.cz\/app\/uploads\/2022\/11\/2021_05_26_Pasovani-na-ctenare042-276x414.jpg 276w, https:\/\/foto.praha-19.ys-beta.cz\/app\/uploads\/2022\/11\/2021_05_26_Pasovani-na-ctenare042-300x450.jpg 300w, https:\/\/foto.praha-19.ys-beta.cz\/app\/uploads\/2022\/11\/2021_05_26_Pasovani-na-ctenare042.jpg 1280w\" sizes=\"auto, (max-width: 378px) 100vw, 378px\" \/><\/a><\/div><div class='pinhole-item col-xs-12 col-lg-4 col-md-4 col-sm-6  '><a class=\"item-link\" href=\"https:\/\/foto.praha-19.ys-beta.cz\/app\/uploads\/2022\/11\/2021_05_26_Pasovani-na-ctenare041.jpg\" data-caption=\"[]\" data-meta=\"[]\"  data-size=\"{&quot;width&quot;:1920,&quot;height&quot;:1280}\" data-download=\"[]\" data-filename=\"{&quot;name&quot;:&quot;&quot;}\"><img loading=\"lazy\" decoding=\"async\" width=\"378\" height=\"252\" src=\"https:\/\/foto.praha-19.ys-beta.cz\/app\/uploads\/2022\/11\/2021_05_26_Pasovani-na-ctenare041-378x252.jpg\" class=\"attachment-pinhole-col-3 size-pinhole-col-3\" alt=\"\" srcset=\"https:\/\/foto.praha-19.ys-beta.cz\/app\/uploads\/2022\/11\/2021_05_26_Pasovani-na-ctenare041-378x252.jpg 378w, https:\/\/foto.praha-19.ys-beta.cz\/app\/uploads\/2022\/11\/2021_05_26_Pasovani-na-ctenare041-300x200.jpg 300w, https:\/\/foto.praha-19.ys-beta.cz\/app\/uploads\/2022\/11\/2021_05_26_Pasovani-na-ctenare041-1024x683.jpg 1024w, https:\/\/foto.praha-19.ys-beta.cz\/app\/uploads\/2022\/11\/2021_05_26_Pasovani-na-ctenare041-768x512.jpg 768w, https:\/\/foto.praha-19.ys-beta.cz\/app\/uploads\/2022\/11\/2021_05_26_Pasovani-na-ctenare041-1536x1024.jpg 1536w, https:\/\/foto.praha-19.ys-beta.cz\/app\/uploads\/2022\/11\/2021_05_26_Pasovani-na-ctenare041-1194x796.jpg 1194w, https:\/\/foto.praha-19.ys-beta.cz\/app\/uploads\/2022\/11\/2021_05_26_Pasovani-na-ctenare041-582x388.jpg 582w, https:\/\/foto.praha-19.ys-beta.cz\/app\/uploads\/2022\/11\/2021_05_26_Pasovani-na-ctenare041-276x184.jpg 276w, https:\/\/foto.praha-19.ys-beta.cz\/app\/uploads\/2022\/11\/2021_05_26_Pasovani-na-ctenare041-675x450.jpg 675w, https:\/\/foto.praha-19.ys-beta.cz\/app\/uploads\/2022\/11\/2021_05_26_Pasovani-na-ctenare041.jpg 1920w\" sizes=\"auto, (max-width: 378px) 100vw, 378px\" \/><\/a><\/div><div class='pinhole-item col-xs-12 col-lg-4 col-md-4 col-sm-6  '><a class=\"item-link\" href=\"https:\/\/foto.praha-19.ys-beta.cz\/app\/uploads\/2022\/11\/2021_05_26_Pasovani-na-ctenare040.jpg\" data-caption=\"[]\" data-meta=\"[]\"  data-size=\"{&quot;width&quot;:1920,&quot;height&quot;:1280}\" data-download=\"[]\" data-filename=\"{&quot;name&quot;:&quot;&quot;}\"><img loading=\"lazy\" decoding=\"async\" width=\"378\" height=\"252\" src=\"https:\/\/foto.praha-19.ys-beta.cz\/app\/uploads\/2022\/11\/2021_05_26_Pasovani-na-ctenare040-378x252.jpg\" class=\"attachment-pinhole-col-3 size-pinhole-col-3\" alt=\"\" srcset=\"https:\/\/foto.praha-19.ys-beta.cz\/app\/uploads\/2022\/11\/2021_05_26_Pasovani-na-ctenare040-378x252.jpg 378w, https:\/\/foto.praha-19.ys-beta.cz\/app\/uploads\/2022\/11\/2021_05_26_Pasovani-na-ctenare040-300x200.jpg 300w, https:\/\/foto.praha-19.ys-beta.cz\/app\/uploads\/2022\/11\/2021_05_26_Pasovani-na-ctenare040-1024x683.jpg 1024w, https:\/\/foto.praha-19.ys-beta.cz\/app\/uploads\/2022\/11\/2021_05_26_Pasovani-na-ctenare040-768x512.jpg 768w, https:\/\/foto.praha-19.ys-beta.cz\/app\/uploads\/2022\/11\/2021_05_26_Pasovani-na-ctenare040-1536x1024.jpg 1536w, https:\/\/foto.praha-19.ys-beta.cz\/app\/uploads\/2022\/11\/2021_05_26_Pasovani-na-ctenare040-1194x796.jpg 1194w, https:\/\/foto.praha-19.ys-beta.cz\/app\/uploads\/2022\/11\/2021_05_26_Pasovani-na-ctenare040-582x388.jpg 582w, https:\/\/foto.praha-19.ys-beta.cz\/app\/uploads\/2022\/11\/2021_05_26_Pasovani-na-ctenare040-276x184.jpg 276w, https:\/\/foto.praha-19.ys-beta.cz\/app\/uploads\/2022\/11\/2021_05_26_Pasovani-na-ctenare040-675x450.jpg 675w, https:\/\/foto.praha-19.ys-beta.cz\/app\/uploads\/2022\/11\/2021_05_26_Pasovani-na-ctenare040.jpg 1920w\" sizes=\"auto, (max-width: 378px) 100vw, 378px\" \/><\/a><\/div><div class='pinhole-item col-xs-12 col-lg-4 col-md-4 col-sm-6  '><a class=\"item-link\" href=\"https:\/\/foto.praha-19.ys-beta.cz\/app\/uploads\/2022\/11\/2021_05_26_Pasovani-na-ctenare039.jpg\" data-caption=\"[]\" data-meta=\"[]\"  data-size=\"{&quot;width&quot;:1920,&quot;height&quot;:1280}\" data-download=\"[]\" data-filename=\"{&quot;name&quot;:&quot;&quot;}\"><img loading=\"lazy\" decoding=\"async\" width=\"378\" height=\"252\" src=\"https:\/\/foto.praha-19.ys-beta.cz\/app\/uploads\/2022\/11\/2021_05_26_Pasovani-na-ctenare039-378x252.jpg\" class=\"attachment-pinhole-col-3 size-pinhole-col-3\" alt=\"\" srcset=\"https:\/\/foto.praha-19.ys-beta.cz\/app\/uploads\/2022\/11\/2021_05_26_Pasovani-na-ctenare039-378x252.jpg 378w, https:\/\/foto.praha-19.ys-beta.cz\/app\/uploads\/2022\/11\/2021_05_26_Pasovani-na-ctenare039-300x200.jpg 300w, https:\/\/foto.praha-19.ys-beta.cz\/app\/uploads\/2022\/11\/2021_05_26_Pasovani-na-ctenare039-1024x683.jpg 1024w, https:\/\/foto.praha-19.ys-beta.cz\/app\/uploads\/2022\/11\/2021_05_26_Pasovani-na-ctenare039-768x512.jpg 768w, https:\/\/foto.praha-19.ys-beta.cz\/app\/uploads\/2022\/11\/2021_05_26_Pasovani-na-ctenare039-1536x1024.jpg 1536w, https:\/\/foto.praha-19.ys-beta.cz\/app\/uploads\/2022\/11\/2021_05_26_Pasovani-na-ctenare039-1194x796.jpg 1194w, https:\/\/foto.praha-19.ys-beta.cz\/app\/uploads\/2022\/11\/2021_05_26_Pasovani-na-ctenare039-582x388.jpg 582w, https:\/\/foto.praha-19.ys-beta.cz\/app\/uploads\/2022\/11\/2021_05_26_Pasovani-na-ctenare039-276x184.jpg 276w, https:\/\/foto.praha-19.ys-beta.cz\/app\/uploads\/2022\/11\/2021_05_26_Pasovani-na-ctenare039-675x450.jpg 675w, https:\/\/foto.praha-19.ys-beta.cz\/app\/uploads\/2022\/11\/2021_05_26_Pasovani-na-ctenare039.jpg 1920w\" sizes=\"auto, (max-width: 378px) 100vw, 378px\" \/><\/a><\/div><div class='pinhole-item col-xs-12 col-lg-4 col-md-4 col-sm-6  '><a class=\"item-link\" href=\"https:\/\/foto.praha-19.ys-beta.cz\/app\/uploads\/2022\/11\/2021_05_26_Pasovani-na-ctenare037.jpg\" data-caption=\"[]\" data-meta=\"[]\"  data-size=\"{&quot;width&quot;:1920,&quot;height&quot;:1280}\" data-download=\"[]\" data-filename=\"{&quot;name&quot;:&quot;&quot;}\"><img loading=\"lazy\" decoding=\"async\" width=\"378\" height=\"252\" src=\"https:\/\/foto.praha-19.ys-beta.cz\/app\/uploads\/2022\/11\/2021_05_26_Pasovani-na-ctenare037-378x252.jpg\" class=\"attachment-pinhole-col-3 size-pinhole-col-3\" alt=\"\" srcset=\"https:\/\/foto.praha-19.ys-beta.cz\/app\/uploads\/2022\/11\/2021_05_26_Pasovani-na-ctenare037-378x252.jpg 378w, https:\/\/foto.praha-19.ys-beta.cz\/app\/uploads\/2022\/11\/2021_05_26_Pasovani-na-ctenare037-300x200.jpg 300w, https:\/\/foto.praha-19.ys-beta.cz\/app\/uploads\/2022\/11\/2021_05_26_Pasovani-na-ctenare037-1024x683.jpg 1024w, https:\/\/foto.praha-19.ys-beta.cz\/app\/uploads\/2022\/11\/2021_05_26_Pasovani-na-ctenare037-768x512.jpg 768w, https:\/\/foto.praha-19.ys-beta.cz\/app\/uploads\/2022\/11\/2021_05_26_Pasovani-na-ctenare037-1536x1024.jpg 1536w, https:\/\/foto.praha-19.ys-beta.cz\/app\/uploads\/2022\/11\/2021_05_26_Pasovani-na-ctenare037-1194x796.jpg 1194w, https:\/\/foto.praha-19.ys-beta.cz\/app\/uploads\/2022\/11\/2021_05_26_Pasovani-na-ctenare037-582x388.jpg 582w, https:\/\/foto.praha-19.ys-beta.cz\/app\/uploads\/2022\/11\/2021_05_26_Pasovani-na-ctenare037-276x184.jpg 276w, https:\/\/foto.praha-19.ys-beta.cz\/app\/uploads\/2022\/11\/2021_05_26_Pasovani-na-ctenare037-675x450.jpg 675w, https:\/\/foto.praha-19.ys-beta.cz\/app\/uploads\/2022\/11\/2021_05_26_Pasovani-na-ctenare037.jpg 1920w\" sizes=\"auto, (max-width: 378px) 100vw, 378px\" \/><\/a><\/div><div class='pinhole-item col-xs-12 col-lg-4 col-md-4 col-sm-6  '><a class=\"item-link\" href=\"https:\/\/foto.praha-19.ys-beta.cz\/app\/uploads\/2022\/11\/2021_05_26_Pasovani-na-ctenare036.jpg\" data-caption=\"[]\" data-meta=\"[]\"  data-size=\"{&quot;width&quot;:1920,&quot;height&quot;:1280}\" data-download=\"[]\" data-filename=\"{&quot;name&quot;:&quot;&quot;}\"><img loading=\"lazy\" decoding=\"async\" width=\"378\" height=\"252\" src=\"https:\/\/foto.praha-19.ys-beta.cz\/app\/uploads\/2022\/11\/2021_05_26_Pasovani-na-ctenare036-378x252.jpg\" class=\"attachment-pinhole-col-3 size-pinhole-col-3\" alt=\"\" srcset=\"https:\/\/foto.praha-19.ys-beta.cz\/app\/uploads\/2022\/11\/2021_05_26_Pasovani-na-ctenare036-378x252.jpg 378w, https:\/\/foto.praha-19.ys-beta.cz\/app\/uploads\/2022\/11\/2021_05_26_Pasovani-na-ctenare036-300x200.jpg 300w, https:\/\/foto.praha-19.ys-beta.cz\/app\/uploads\/2022\/11\/2021_05_26_Pasovani-na-ctenare036-1024x683.jpg 1024w, https:\/\/foto.praha-19.ys-beta.cz\/app\/uploads\/2022\/11\/2021_05_26_Pasovani-na-ctenare036-768x512.jpg 768w, https:\/\/foto.praha-19.ys-beta.cz\/app\/uploads\/2022\/11\/2021_05_26_Pasovani-na-ctenare036-1536x1024.jpg 1536w, https:\/\/foto.praha-19.ys-beta.cz\/app\/uploads\/2022\/11\/2021_05_26_Pasovani-na-ctenare036-1194x796.jpg 1194w, https:\/\/foto.praha-19.ys-beta.cz\/app\/uploads\/2022\/11\/2021_05_26_Pasovani-na-ctenare036-582x388.jpg 582w, https:\/\/foto.praha-19.ys-beta.cz\/app\/uploads\/2022\/11\/2021_05_26_Pasovani-na-ctenare036-276x184.jpg 276w, https:\/\/foto.praha-19.ys-beta.cz\/app\/uploads\/2022\/11\/2021_05_26_Pasovani-na-ctenare036-675x450.jpg 675w, https:\/\/foto.praha-19.ys-beta.cz\/app\/uploads\/2022\/11\/2021_05_26_Pasovani-na-ctenare036.jpg 1920w\" sizes=\"auto, (max-width: 378px) 100vw, 378px\" \/><\/a><\/div><div class='pinhole-item col-xs-12 col-lg-4 col-md-4 col-sm-6  '><a class=\"item-link\" href=\"https:\/\/foto.praha-19.ys-beta.cz\/app\/uploads\/2022\/11\/2021_05_26_Pasovani-na-ctenare035.jpg\" data-caption=\"[]\" data-meta=\"[]\"  data-size=\"{&quot;width&quot;:1920,&quot;height&quot;:1280}\" data-download=\"[]\" data-filename=\"{&quot;name&quot;:&quot;&quot;}\"><img loading=\"lazy\" decoding=\"async\" width=\"378\" height=\"252\" src=\"https:\/\/foto.praha-19.ys-beta.cz\/app\/uploads\/2022\/11\/2021_05_26_Pasovani-na-ctenare035-378x252.jpg\" class=\"attachment-pinhole-col-3 size-pinhole-col-3\" alt=\"\" srcset=\"https:\/\/foto.praha-19.ys-beta.cz\/app\/uploads\/2022\/11\/2021_05_26_Pasovani-na-ctenare035-378x252.jpg 378w, https:\/\/foto.praha-19.ys-beta.cz\/app\/uploads\/2022\/11\/2021_05_26_Pasovani-na-ctenare035-300x200.jpg 300w, https:\/\/foto.praha-19.ys-beta.cz\/app\/uploads\/2022\/11\/2021_05_26_Pasovani-na-ctenare035-1024x683.jpg 1024w, https:\/\/foto.praha-19.ys-beta.cz\/app\/uploads\/2022\/11\/2021_05_26_Pasovani-na-ctenare035-768x512.jpg 768w, https:\/\/foto.praha-19.ys-beta.cz\/app\/uploads\/2022\/11\/2021_05_26_Pasovani-na-ctenare035-1536x1024.jpg 1536w, https:\/\/foto.praha-19.ys-beta.cz\/app\/uploads\/2022\/11\/2021_05_26_Pasovani-na-ctenare035-1194x796.jpg 1194w, https:\/\/foto.praha-19.ys-beta.cz\/app\/uploads\/2022\/11\/2021_05_26_Pasovani-na-ctenare035-582x388.jpg 582w, https:\/\/foto.praha-19.ys-beta.cz\/app\/uploads\/2022\/11\/2021_05_26_Pasovani-na-ctenare035-276x184.jpg 276w, https:\/\/foto.praha-19.ys-beta.cz\/app\/uploads\/2022\/11\/2021_05_26_Pasovani-na-ctenare035-675x450.jpg 675w, https:\/\/foto.praha-19.ys-beta.cz\/app\/uploads\/2022\/11\/2021_05_26_Pasovani-na-ctenare035.jpg 1920w\" sizes=\"auto, (max-width: 378px) 100vw, 378px\" \/><\/a><\/div><div class='pinhole-item col-xs-12 col-lg-4 col-md-4 col-sm-6  '><a class=\"item-link\" href=\"https:\/\/foto.praha-19.ys-beta.cz\/app\/uploads\/2022\/11\/2021_05_26_Pasovani-na-ctenare034.jpg\" data-caption=\"[]\" data-meta=\"[]\"  data-size=\"{&quot;width&quot;:1920,&quot;height&quot;:1280}\" data-download=\"[]\" data-filename=\"{&quot;name&quot;:&quot;&quot;}\"><img loading=\"lazy\" decoding=\"async\" width=\"378\" height=\"252\" src=\"https:\/\/foto.praha-19.ys-beta.cz\/app\/uploads\/2022\/11\/2021_05_26_Pasovani-na-ctenare034-378x252.jpg\" class=\"attachment-pinhole-col-3 size-pinhole-col-3\" alt=\"\" srcset=\"https:\/\/foto.praha-19.ys-beta.cz\/app\/uploads\/2022\/11\/2021_05_26_Pasovani-na-ctenare034-378x252.jpg 378w, https:\/\/foto.praha-19.ys-beta.cz\/app\/uploads\/2022\/11\/2021_05_26_Pasovani-na-ctenare034-300x200.jpg 300w, https:\/\/foto.praha-19.ys-beta.cz\/app\/uploads\/2022\/11\/2021_05_26_Pasovani-na-ctenare034-1024x683.jpg 1024w, https:\/\/foto.praha-19.ys-beta.cz\/app\/uploads\/2022\/11\/2021_05_26_Pasovani-na-ctenare034-768x512.jpg 768w, https:\/\/foto.praha-19.ys-beta.cz\/app\/uploads\/2022\/11\/2021_05_26_Pasovani-na-ctenare034-1536x1024.jpg 1536w, https:\/\/foto.praha-19.ys-beta.cz\/app\/uploads\/2022\/11\/2021_05_26_Pasovani-na-ctenare034-1194x796.jpg 1194w, https:\/\/foto.praha-19.ys-beta.cz\/app\/uploads\/2022\/11\/2021_05_26_Pasovani-na-ctenare034-582x388.jpg 582w, https:\/\/foto.praha-19.ys-beta.cz\/app\/uploads\/2022\/11\/2021_05_26_Pasovani-na-ctenare034-276x184.jpg 276w, https:\/\/foto.praha-19.ys-beta.cz\/app\/uploads\/2022\/11\/2021_05_26_Pasovani-na-ctenare034-675x450.jpg 675w, https:\/\/foto.praha-19.ys-beta.cz\/app\/uploads\/2022\/11\/2021_05_26_Pasovani-na-ctenare034.jpg 1920w\" sizes=\"auto, (max-width: 378px) 100vw, 378px\" \/><\/a><\/div><div class='pinhole-item col-xs-12 col-lg-4 col-md-4 col-sm-6  '><a class=\"item-link\" href=\"https:\/\/foto.praha-19.ys-beta.cz\/app\/uploads\/2022\/11\/2021_05_26_Pasovani-na-ctenare033.jpg\" data-caption=\"[]\" data-meta=\"[]\"  data-size=\"{&quot;width&quot;:1920,&quot;height&quot;:1280}\" data-download=\"[]\" data-filename=\"{&quot;name&quot;:&quot;&quot;}\"><img loading=\"lazy\" decoding=\"async\" width=\"378\" height=\"252\" src=\"https:\/\/foto.praha-19.ys-beta.cz\/app\/uploads\/2022\/11\/2021_05_26_Pasovani-na-ctenare033-378x252.jpg\" class=\"attachment-pinhole-col-3 size-pinhole-col-3\" alt=\"\" srcset=\"https:\/\/foto.praha-19.ys-beta.cz\/app\/uploads\/2022\/11\/2021_05_26_Pasovani-na-ctenare033-378x252.jpg 378w, https:\/\/foto.praha-19.ys-beta.cz\/app\/uploads\/2022\/11\/2021_05_26_Pasovani-na-ctenare033-300x200.jpg 300w, https:\/\/foto.praha-19.ys-beta.cz\/app\/uploads\/2022\/11\/2021_05_26_Pasovani-na-ctenare033-1024x683.jpg 1024w, https:\/\/foto.praha-19.ys-beta.cz\/app\/uploads\/2022\/11\/2021_05_26_Pasovani-na-ctenare033-768x512.jpg 768w, https:\/\/foto.praha-19.ys-beta.cz\/app\/uploads\/2022\/11\/2021_05_26_Pasovani-na-ctenare033-1536x1024.jpg 1536w, https:\/\/foto.praha-19.ys-beta.cz\/app\/uploads\/2022\/11\/2021_05_26_Pasovani-na-ctenare033-1194x796.jpg 1194w, https:\/\/foto.praha-19.ys-beta.cz\/app\/uploads\/2022\/11\/2021_05_26_Pasovani-na-ctenare033-582x388.jpg 582w, https:\/\/foto.praha-19.ys-beta.cz\/app\/uploads\/2022\/11\/2021_05_26_Pasovani-na-ctenare033-276x184.jpg 276w, https:\/\/foto.praha-19.ys-beta.cz\/app\/uploads\/2022\/11\/2021_05_26_Pasovani-na-ctenare033-675x450.jpg 675w, https:\/\/foto.praha-19.ys-beta.cz\/app\/uploads\/2022\/11\/2021_05_26_Pasovani-na-ctenare033.jpg 1920w\" sizes=\"auto, (max-width: 378px) 100vw, 378px\" \/><\/a><\/div><div class='pinhole-item col-xs-12 col-lg-4 col-md-4 col-sm-6  '><a class=\"item-link\" href=\"https:\/\/foto.praha-19.ys-beta.cz\/app\/uploads\/2022\/11\/2021_05_26_Pasovani-na-ctenare032.jpg\" data-caption=\"[]\" data-meta=\"[]\"  data-size=\"{&quot;width&quot;:1920,&quot;height&quot;:1280}\" data-download=\"[]\" data-filename=\"{&quot;name&quot;:&quot;&quot;}\"><img loading=\"lazy\" decoding=\"async\" width=\"378\" height=\"252\" src=\"https:\/\/foto.praha-19.ys-beta.cz\/app\/uploads\/2022\/11\/2021_05_26_Pasovani-na-ctenare032-378x252.jpg\" class=\"attachment-pinhole-col-3 size-pinhole-col-3\" alt=\"\" srcset=\"https:\/\/foto.praha-19.ys-beta.cz\/app\/uploads\/2022\/11\/2021_05_26_Pasovani-na-ctenare032-378x252.jpg 378w, https:\/\/foto.praha-19.ys-beta.cz\/app\/uploads\/2022\/11\/2021_05_26_Pasovani-na-ctenare032-300x200.jpg 300w, https:\/\/foto.praha-19.ys-beta.cz\/app\/uploads\/2022\/11\/2021_05_26_Pasovani-na-ctenare032-1024x683.jpg 1024w, https:\/\/foto.praha-19.ys-beta.cz\/app\/uploads\/2022\/11\/2021_05_26_Pasovani-na-ctenare032-768x512.jpg 768w, https:\/\/foto.praha-19.ys-beta.cz\/app\/uploads\/2022\/11\/2021_05_26_Pasovani-na-ctenare032-1536x1024.jpg 1536w, https:\/\/foto.praha-19.ys-beta.cz\/app\/uploads\/2022\/11\/2021_05_26_Pasovani-na-ctenare032-1194x796.jpg 1194w, https:\/\/foto.praha-19.ys-beta.cz\/app\/uploads\/2022\/11\/2021_05_26_Pasovani-na-ctenare032-582x388.jpg 582w, https:\/\/foto.praha-19.ys-beta.cz\/app\/uploads\/2022\/11\/2021_05_26_Pasovani-na-ctenare032-276x184.jpg 276w, https:\/\/foto.praha-19.ys-beta.cz\/app\/uploads\/2022\/11\/2021_05_26_Pasovani-na-ctenare032-675x450.jpg 675w, https:\/\/foto.praha-19.ys-beta.cz\/app\/uploads\/2022\/11\/2021_05_26_Pasovani-na-ctenare032.jpg 1920w\" sizes=\"auto, (max-width: 378px) 100vw, 378px\" \/><\/a><\/div><div class='pinhole-item col-xs-12 col-lg-4 col-md-4 col-sm-6  '><a class=\"item-link\" href=\"https:\/\/foto.praha-19.ys-beta.cz\/app\/uploads\/2022\/11\/2021_05_26_Pasovani-na-ctenare031.jpg\" data-caption=\"[]\" data-meta=\"[]\"  data-size=\"{&quot;width&quot;:1920,&quot;height&quot;:1280}\" data-download=\"[]\" data-filename=\"{&quot;name&quot;:&quot;&quot;}\"><img loading=\"lazy\" decoding=\"async\" width=\"378\" height=\"252\" src=\"https:\/\/foto.praha-19.ys-beta.cz\/app\/uploads\/2022\/11\/2021_05_26_Pasovani-na-ctenare031-378x252.jpg\" class=\"attachment-pinhole-col-3 size-pinhole-col-3\" alt=\"\" srcset=\"https:\/\/foto.praha-19.ys-beta.cz\/app\/uploads\/2022\/11\/2021_05_26_Pasovani-na-ctenare031-378x252.jpg 378w, https:\/\/foto.praha-19.ys-beta.cz\/app\/uploads\/2022\/11\/2021_05_26_Pasovani-na-ctenare031-300x200.jpg 300w, https:\/\/foto.praha-19.ys-beta.cz\/app\/uploads\/2022\/11\/2021_05_26_Pasovani-na-ctenare031-1024x683.jpg 1024w, https:\/\/foto.praha-19.ys-beta.cz\/app\/uploads\/2022\/11\/2021_05_26_Pasovani-na-ctenare031-768x512.jpg 768w, https:\/\/foto.praha-19.ys-beta.cz\/app\/uploads\/2022\/11\/2021_05_26_Pasovani-na-ctenare031-1536x1024.jpg 1536w, https:\/\/foto.praha-19.ys-beta.cz\/app\/uploads\/2022\/11\/2021_05_26_Pasovani-na-ctenare031-1194x796.jpg 1194w, https:\/\/foto.praha-19.ys-beta.cz\/app\/uploads\/2022\/11\/2021_05_26_Pasovani-na-ctenare031-582x388.jpg 582w, https:\/\/foto.praha-19.ys-beta.cz\/app\/uploads\/2022\/11\/2021_05_26_Pasovani-na-ctenare031-276x184.jpg 276w, https:\/\/foto.praha-19.ys-beta.cz\/app\/uploads\/2022\/11\/2021_05_26_Pasovani-na-ctenare031-675x450.jpg 675w, https:\/\/foto.praha-19.ys-beta.cz\/app\/uploads\/2022\/11\/2021_05_26_Pasovani-na-ctenare031.jpg 1920w\" sizes=\"auto, (max-width: 378px) 100vw, 378px\" \/><\/a><\/div><div class='pinhole-item col-xs-12 col-lg-4 col-md-4 col-sm-6  '><a class=\"item-link\" href=\"https:\/\/foto.praha-19.ys-beta.cz\/app\/uploads\/2022\/11\/2021_05_26_Pasovani-na-ctenare029.jpg\" data-caption=\"[]\" data-meta=\"[]\"  data-size=\"{&quot;width&quot;:1920,&quot;height&quot;:1280}\" data-download=\"[]\" data-filename=\"{&quot;name&quot;:&quot;&quot;}\"><img loading=\"lazy\" decoding=\"async\" width=\"378\" height=\"252\" src=\"https:\/\/foto.praha-19.ys-beta.cz\/app\/uploads\/2022\/11\/2021_05_26_Pasovani-na-ctenare029-378x252.jpg\" class=\"attachment-pinhole-col-3 size-pinhole-col-3\" alt=\"\" srcset=\"https:\/\/foto.praha-19.ys-beta.cz\/app\/uploads\/2022\/11\/2021_05_26_Pasovani-na-ctenare029-378x252.jpg 378w, https:\/\/foto.praha-19.ys-beta.cz\/app\/uploads\/2022\/11\/2021_05_26_Pasovani-na-ctenare029-300x200.jpg 300w, https:\/\/foto.praha-19.ys-beta.cz\/app\/uploads\/2022\/11\/2021_05_26_Pasovani-na-ctenare029-1024x683.jpg 1024w, https:\/\/foto.praha-19.ys-beta.cz\/app\/uploads\/2022\/11\/2021_05_26_Pasovani-na-ctenare029-768x512.jpg 768w, https:\/\/foto.praha-19.ys-beta.cz\/app\/uploads\/2022\/11\/2021_05_26_Pasovani-na-ctenare029-1536x1024.jpg 1536w, https:\/\/foto.praha-19.ys-beta.cz\/app\/uploads\/2022\/11\/2021_05_26_Pasovani-na-ctenare029-1194x796.jpg 1194w, https:\/\/foto.praha-19.ys-beta.cz\/app\/uploads\/2022\/11\/2021_05_26_Pasovani-na-ctenare029-582x388.jpg 582w, https:\/\/foto.praha-19.ys-beta.cz\/app\/uploads\/2022\/11\/2021_05_26_Pasovani-na-ctenare029-276x184.jpg 276w, https:\/\/foto.praha-19.ys-beta.cz\/app\/uploads\/2022\/11\/2021_05_26_Pasovani-na-ctenare029-675x450.jpg 675w, https:\/\/foto.praha-19.ys-beta.cz\/app\/uploads\/2022\/11\/2021_05_26_Pasovani-na-ctenare029.jpg 1920w\" sizes=\"auto, (max-width: 378px) 100vw, 378px\" \/><\/a><\/div><div class='pinhole-item col-xs-12 col-lg-4 col-md-4 col-sm-6  '><a class=\"item-link\" href=\"https:\/\/foto.praha-19.ys-beta.cz\/app\/uploads\/2022\/11\/2021_05_26_Pasovani-na-ctenare027.jpg\" data-caption=\"[]\" data-meta=\"[]\"  data-size=\"{&quot;width&quot;:1920,&quot;height&quot;:1280}\" data-download=\"[]\" data-filename=\"{&quot;name&quot;:&quot;&quot;}\"><img loading=\"lazy\" decoding=\"async\" width=\"378\" height=\"252\" src=\"https:\/\/foto.praha-19.ys-beta.cz\/app\/uploads\/2022\/11\/2021_05_26_Pasovani-na-ctenare027-378x252.jpg\" class=\"attachment-pinhole-col-3 size-pinhole-col-3\" alt=\"\" srcset=\"https:\/\/foto.praha-19.ys-beta.cz\/app\/uploads\/2022\/11\/2021_05_26_Pasovani-na-ctenare027-378x252.jpg 378w, https:\/\/foto.praha-19.ys-beta.cz\/app\/uploads\/2022\/11\/2021_05_26_Pasovani-na-ctenare027-300x200.jpg 300w, https:\/\/foto.praha-19.ys-beta.cz\/app\/uploads\/2022\/11\/2021_05_26_Pasovani-na-ctenare027-1024x683.jpg 1024w, https:\/\/foto.praha-19.ys-beta.cz\/app\/uploads\/2022\/11\/2021_05_26_Pasovani-na-ctenare027-768x512.jpg 768w, https:\/\/foto.praha-19.ys-beta.cz\/app\/uploads\/2022\/11\/2021_05_26_Pasovani-na-ctenare027-1536x1024.jpg 1536w, https:\/\/foto.praha-19.ys-beta.cz\/app\/uploads\/2022\/11\/2021_05_26_Pasovani-na-ctenare027-1194x796.jpg 1194w, https:\/\/foto.praha-19.ys-beta.cz\/app\/uploads\/2022\/11\/2021_05_26_Pasovani-na-ctenare027-582x388.jpg 582w, https:\/\/foto.praha-19.ys-beta.cz\/app\/uploads\/2022\/11\/2021_05_26_Pasovani-na-ctenare027-276x184.jpg 276w, https:\/\/foto.praha-19.ys-beta.cz\/app\/uploads\/2022\/11\/2021_05_26_Pasovani-na-ctenare027-675x450.jpg 675w, https:\/\/foto.praha-19.ys-beta.cz\/app\/uploads\/2022\/11\/2021_05_26_Pasovani-na-ctenare027.jpg 1920w\" sizes=\"auto, (max-width: 378px) 100vw, 378px\" \/><\/a><\/div><div class='pinhole-item col-xs-12 col-lg-4 col-md-4 col-sm-6  '><a class=\"item-link\" href=\"https:\/\/foto.praha-19.ys-beta.cz\/app\/uploads\/2022\/11\/2021_05_26_Pasovani-na-ctenare025.jpg\" data-caption=\"[]\" data-meta=\"[]\"  data-size=\"{&quot;width&quot;:1920,&quot;height&quot;:1280}\" data-download=\"[]\" data-filename=\"{&quot;name&quot;:&quot;&quot;}\"><img loading=\"lazy\" decoding=\"async\" width=\"378\" height=\"252\" src=\"https:\/\/foto.praha-19.ys-beta.cz\/app\/uploads\/2022\/11\/2021_05_26_Pasovani-na-ctenare025-378x252.jpg\" class=\"attachment-pinhole-col-3 size-pinhole-col-3\" alt=\"\" srcset=\"https:\/\/foto.praha-19.ys-beta.cz\/app\/uploads\/2022\/11\/2021_05_26_Pasovani-na-ctenare025-378x252.jpg 378w, https:\/\/foto.praha-19.ys-beta.cz\/app\/uploads\/2022\/11\/2021_05_26_Pasovani-na-ctenare025-300x200.jpg 300w, https:\/\/foto.praha-19.ys-beta.cz\/app\/uploads\/2022\/11\/2021_05_26_Pasovani-na-ctenare025-1024x683.jpg 1024w, https:\/\/foto.praha-19.ys-beta.cz\/app\/uploads\/2022\/11\/2021_05_26_Pasovani-na-ctenare025-768x512.jpg 768w, https:\/\/foto.praha-19.ys-beta.cz\/app\/uploads\/2022\/11\/2021_05_26_Pasovani-na-ctenare025-1536x1024.jpg 1536w, https:\/\/foto.praha-19.ys-beta.cz\/app\/uploads\/2022\/11\/2021_05_26_Pasovani-na-ctenare025-1194x796.jpg 1194w, https:\/\/foto.praha-19.ys-beta.cz\/app\/uploads\/2022\/11\/2021_05_26_Pasovani-na-ctenare025-582x388.jpg 582w, https:\/\/foto.praha-19.ys-beta.cz\/app\/uploads\/2022\/11\/2021_05_26_Pasovani-na-ctenare025-276x184.jpg 276w, https:\/\/foto.praha-19.ys-beta.cz\/app\/uploads\/2022\/11\/2021_05_26_Pasovani-na-ctenare025-675x450.jpg 675w, https:\/\/foto.praha-19.ys-beta.cz\/app\/uploads\/2022\/11\/2021_05_26_Pasovani-na-ctenare025.jpg 1920w\" sizes=\"auto, (max-width: 378px) 100vw, 378px\" \/><\/a><\/div><div class='pinhole-item col-xs-12 col-lg-4 col-md-4 col-sm-6  '><a class=\"item-link\" href=\"https:\/\/foto.praha-19.ys-beta.cz\/app\/uploads\/2022\/11\/2021_05_26_Pasovani-na-ctenare024.jpg\" data-caption=\"[]\" data-meta=\"[]\"  data-size=\"{&quot;width&quot;:1920,&quot;height&quot;:1280}\" data-download=\"[]\" data-filename=\"{&quot;name&quot;:&quot;&quot;}\"><img loading=\"lazy\" decoding=\"async\" width=\"378\" height=\"252\" src=\"https:\/\/foto.praha-19.ys-beta.cz\/app\/uploads\/2022\/11\/2021_05_26_Pasovani-na-ctenare024-378x252.jpg\" class=\"attachment-pinhole-col-3 size-pinhole-col-3\" alt=\"\" srcset=\"https:\/\/foto.praha-19.ys-beta.cz\/app\/uploads\/2022\/11\/2021_05_26_Pasovani-na-ctenare024-378x252.jpg 378w, https:\/\/foto.praha-19.ys-beta.cz\/app\/uploads\/2022\/11\/2021_05_26_Pasovani-na-ctenare024-300x200.jpg 300w, https:\/\/foto.praha-19.ys-beta.cz\/app\/uploads\/2022\/11\/2021_05_26_Pasovani-na-ctenare024-1024x683.jpg 1024w, https:\/\/foto.praha-19.ys-beta.cz\/app\/uploads\/2022\/11\/2021_05_26_Pasovani-na-ctenare024-768x512.jpg 768w, https:\/\/foto.praha-19.ys-beta.cz\/app\/uploads\/2022\/11\/2021_05_26_Pasovani-na-ctenare024-1536x1024.jpg 1536w, https:\/\/foto.praha-19.ys-beta.cz\/app\/uploads\/2022\/11\/2021_05_26_Pasovani-na-ctenare024-1194x796.jpg 1194w, https:\/\/foto.praha-19.ys-beta.cz\/app\/uploads\/2022\/11\/2021_05_26_Pasovani-na-ctenare024-582x388.jpg 582w, https:\/\/foto.praha-19.ys-beta.cz\/app\/uploads\/2022\/11\/2021_05_26_Pasovani-na-ctenare024-276x184.jpg 276w, https:\/\/foto.praha-19.ys-beta.cz\/app\/uploads\/2022\/11\/2021_05_26_Pasovani-na-ctenare024-675x450.jpg 675w, https:\/\/foto.praha-19.ys-beta.cz\/app\/uploads\/2022\/11\/2021_05_26_Pasovani-na-ctenare024.jpg 1920w\" sizes=\"auto, (max-width: 378px) 100vw, 378px\" \/><\/a><\/div><div class='pinhole-item col-xs-12 col-lg-4 col-md-4 col-sm-6  '><a class=\"item-link\" href=\"https:\/\/foto.praha-19.ys-beta.cz\/app\/uploads\/2022\/11\/2021_05_26_Pasovani-na-ctenare023.jpg\" data-caption=\"[]\" data-meta=\"[]\"  data-size=\"{&quot;width&quot;:1920,&quot;height&quot;:1280}\" data-download=\"[]\" data-filename=\"{&quot;name&quot;:&quot;&quot;}\"><img loading=\"lazy\" decoding=\"async\" width=\"378\" height=\"252\" src=\"https:\/\/foto.praha-19.ys-beta.cz\/app\/uploads\/2022\/11\/2021_05_26_Pasovani-na-ctenare023-378x252.jpg\" class=\"attachment-pinhole-col-3 size-pinhole-col-3\" alt=\"\" srcset=\"https:\/\/foto.praha-19.ys-beta.cz\/app\/uploads\/2022\/11\/2021_05_26_Pasovani-na-ctenare023-378x252.jpg 378w, https:\/\/foto.praha-19.ys-beta.cz\/app\/uploads\/2022\/11\/2021_05_26_Pasovani-na-ctenare023-300x200.jpg 300w, https:\/\/foto.praha-19.ys-beta.cz\/app\/uploads\/2022\/11\/2021_05_26_Pasovani-na-ctenare023-1024x683.jpg 1024w, https:\/\/foto.praha-19.ys-beta.cz\/app\/uploads\/2022\/11\/2021_05_26_Pasovani-na-ctenare023-768x512.jpg 768w, https:\/\/foto.praha-19.ys-beta.cz\/app\/uploads\/2022\/11\/2021_05_26_Pasovani-na-ctenare023-1536x1024.jpg 1536w, https:\/\/foto.praha-19.ys-beta.cz\/app\/uploads\/2022\/11\/2021_05_26_Pasovani-na-ctenare023-1194x796.jpg 1194w, https:\/\/foto.praha-19.ys-beta.cz\/app\/uploads\/2022\/11\/2021_05_26_Pasovani-na-ctenare023-582x388.jpg 582w, https:\/\/foto.praha-19.ys-beta.cz\/app\/uploads\/2022\/11\/2021_05_26_Pasovani-na-ctenare023-276x184.jpg 276w, https:\/\/foto.praha-19.ys-beta.cz\/app\/uploads\/2022\/11\/2021_05_26_Pasovani-na-ctenare023-675x450.jpg 675w, https:\/\/foto.praha-19.ys-beta.cz\/app\/uploads\/2022\/11\/2021_05_26_Pasovani-na-ctenare023.jpg 1920w\" sizes=\"auto, (max-width: 378px) 100vw, 378px\" \/><\/a><\/div><div class='pinhole-item col-xs-12 col-lg-4 col-md-4 col-sm-6  '><a class=\"item-link\" href=\"https:\/\/foto.praha-19.ys-beta.cz\/app\/uploads\/2022\/11\/2021_05_26_Pasovani-na-ctenare022.jpg\" data-caption=\"[]\" data-meta=\"[]\"  data-size=\"{&quot;width&quot;:1920,&quot;height&quot;:1280}\" data-download=\"[]\" data-filename=\"{&quot;name&quot;:&quot;&quot;}\"><img loading=\"lazy\" decoding=\"async\" width=\"378\" height=\"252\" src=\"https:\/\/foto.praha-19.ys-beta.cz\/app\/uploads\/2022\/11\/2021_05_26_Pasovani-na-ctenare022-378x252.jpg\" class=\"attachment-pinhole-col-3 size-pinhole-col-3\" alt=\"\" srcset=\"https:\/\/foto.praha-19.ys-beta.cz\/app\/uploads\/2022\/11\/2021_05_26_Pasovani-na-ctenare022-378x252.jpg 378w, https:\/\/foto.praha-19.ys-beta.cz\/app\/uploads\/2022\/11\/2021_05_26_Pasovani-na-ctenare022-300x200.jpg 300w, https:\/\/foto.praha-19.ys-beta.cz\/app\/uploads\/2022\/11\/2021_05_26_Pasovani-na-ctenare022-1024x683.jpg 1024w, https:\/\/foto.praha-19.ys-beta.cz\/app\/uploads\/2022\/11\/2021_05_26_Pasovani-na-ctenare022-768x512.jpg 768w, https:\/\/foto.praha-19.ys-beta.cz\/app\/uploads\/2022\/11\/2021_05_26_Pasovani-na-ctenare022-1536x1024.jpg 1536w, https:\/\/foto.praha-19.ys-beta.cz\/app\/uploads\/2022\/11\/2021_05_26_Pasovani-na-ctenare022-1194x796.jpg 1194w, https:\/\/foto.praha-19.ys-beta.cz\/app\/uploads\/2022\/11\/2021_05_26_Pasovani-na-ctenare022-582x388.jpg 582w, https:\/\/foto.praha-19.ys-beta.cz\/app\/uploads\/2022\/11\/2021_05_26_Pasovani-na-ctenare022-276x184.jpg 276w, https:\/\/foto.praha-19.ys-beta.cz\/app\/uploads\/2022\/11\/2021_05_26_Pasovani-na-ctenare022-675x450.jpg 675w, https:\/\/foto.praha-19.ys-beta.cz\/app\/uploads\/2022\/11\/2021_05_26_Pasovani-na-ctenare022.jpg 1920w\" sizes=\"auto, (max-width: 378px) 100vw, 378px\" \/><\/a><\/div><div class='pinhole-item col-xs-12 col-lg-4 col-md-4 col-sm-6  '><a class=\"item-link\" href=\"https:\/\/foto.praha-19.ys-beta.cz\/app\/uploads\/2022\/11\/2021_05_26_Pasovani-na-ctenare021.jpg\" data-caption=\"[]\" data-meta=\"[]\"  data-size=\"{&quot;width&quot;:1920,&quot;height&quot;:1280}\" data-download=\"[]\" data-filename=\"{&quot;name&quot;:&quot;&quot;}\"><img loading=\"lazy\" decoding=\"async\" width=\"378\" height=\"252\" src=\"https:\/\/foto.praha-19.ys-beta.cz\/app\/uploads\/2022\/11\/2021_05_26_Pasovani-na-ctenare021-378x252.jpg\" class=\"attachment-pinhole-col-3 size-pinhole-col-3\" alt=\"\" srcset=\"https:\/\/foto.praha-19.ys-beta.cz\/app\/uploads\/2022\/11\/2021_05_26_Pasovani-na-ctenare021-378x252.jpg 378w, https:\/\/foto.praha-19.ys-beta.cz\/app\/uploads\/2022\/11\/2021_05_26_Pasovani-na-ctenare021-300x200.jpg 300w, https:\/\/foto.praha-19.ys-beta.cz\/app\/uploads\/2022\/11\/2021_05_26_Pasovani-na-ctenare021-1024x683.jpg 1024w, https:\/\/foto.praha-19.ys-beta.cz\/app\/uploads\/2022\/11\/2021_05_26_Pasovani-na-ctenare021-768x512.jpg 768w, https:\/\/foto.praha-19.ys-beta.cz\/app\/uploads\/2022\/11\/2021_05_26_Pasovani-na-ctenare021-1536x1024.jpg 1536w, https:\/\/foto.praha-19.ys-beta.cz\/app\/uploads\/2022\/11\/2021_05_26_Pasovani-na-ctenare021-1194x796.jpg 1194w, https:\/\/foto.praha-19.ys-beta.cz\/app\/uploads\/2022\/11\/2021_05_26_Pasovani-na-ctenare021-582x388.jpg 582w, https:\/\/foto.praha-19.ys-beta.cz\/app\/uploads\/2022\/11\/2021_05_26_Pasovani-na-ctenare021-276x184.jpg 276w, https:\/\/foto.praha-19.ys-beta.cz\/app\/uploads\/2022\/11\/2021_05_26_Pasovani-na-ctenare021-675x450.jpg 675w, https:\/\/foto.praha-19.ys-beta.cz\/app\/uploads\/2022\/11\/2021_05_26_Pasovani-na-ctenare021.jpg 1920w\" sizes=\"auto, (max-width: 378px) 100vw, 378px\" \/><\/a><\/div><div class='pinhole-item col-xs-12 col-lg-4 col-md-4 col-sm-6  '><a class=\"item-link\" href=\"https:\/\/foto.praha-19.ys-beta.cz\/app\/uploads\/2022\/11\/2021_05_26_Pasovani-na-ctenare019.jpg\" data-caption=\"[]\" data-meta=\"[]\"  data-size=\"{&quot;width&quot;:1920,&quot;height&quot;:1280}\" data-download=\"[]\" data-filename=\"{&quot;name&quot;:&quot;&quot;}\"><img loading=\"lazy\" decoding=\"async\" width=\"378\" height=\"252\" src=\"https:\/\/foto.praha-19.ys-beta.cz\/app\/uploads\/2022\/11\/2021_05_26_Pasovani-na-ctenare019-378x252.jpg\" class=\"attachment-pinhole-col-3 size-pinhole-col-3\" alt=\"\" srcset=\"https:\/\/foto.praha-19.ys-beta.cz\/app\/uploads\/2022\/11\/2021_05_26_Pasovani-na-ctenare019-378x252.jpg 378w, https:\/\/foto.praha-19.ys-beta.cz\/app\/uploads\/2022\/11\/2021_05_26_Pasovani-na-ctenare019-300x200.jpg 300w, https:\/\/foto.praha-19.ys-beta.cz\/app\/uploads\/2022\/11\/2021_05_26_Pasovani-na-ctenare019-1024x683.jpg 1024w, https:\/\/foto.praha-19.ys-beta.cz\/app\/uploads\/2022\/11\/2021_05_26_Pasovani-na-ctenare019-768x512.jpg 768w, https:\/\/foto.praha-19.ys-beta.cz\/app\/uploads\/2022\/11\/2021_05_26_Pasovani-na-ctenare019-1536x1024.jpg 1536w, https:\/\/foto.praha-19.ys-beta.cz\/app\/uploads\/2022\/11\/2021_05_26_Pasovani-na-ctenare019-1194x796.jpg 1194w, https:\/\/foto.praha-19.ys-beta.cz\/app\/uploads\/2022\/11\/2021_05_26_Pasovani-na-ctenare019-582x388.jpg 582w, https:\/\/foto.praha-19.ys-beta.cz\/app\/uploads\/2022\/11\/2021_05_26_Pasovani-na-ctenare019-276x184.jpg 276w, https:\/\/foto.praha-19.ys-beta.cz\/app\/uploads\/2022\/11\/2021_05_26_Pasovani-na-ctenare019-675x450.jpg 675w, https:\/\/foto.praha-19.ys-beta.cz\/app\/uploads\/2022\/11\/2021_05_26_Pasovani-na-ctenare019.jpg 1920w\" sizes=\"auto, (max-width: 378px) 100vw, 378px\" \/><\/a><\/div><div class='pinhole-item col-xs-12 col-lg-4 col-md-4 col-sm-6  '><a class=\"item-link\" href=\"https:\/\/foto.praha-19.ys-beta.cz\/app\/uploads\/2022\/11\/2021_05_26_Pasovani-na-ctenare017.jpg\" data-caption=\"[]\" data-meta=\"[]\"  data-size=\"{&quot;width&quot;:1920,&quot;height&quot;:1280}\" data-download=\"[]\" data-filename=\"{&quot;name&quot;:&quot;&quot;}\"><img loading=\"lazy\" decoding=\"async\" width=\"378\" height=\"252\" src=\"https:\/\/foto.praha-19.ys-beta.cz\/app\/uploads\/2022\/11\/2021_05_26_Pasovani-na-ctenare017-378x252.jpg\" class=\"attachment-pinhole-col-3 size-pinhole-col-3\" alt=\"\" srcset=\"https:\/\/foto.praha-19.ys-beta.cz\/app\/uploads\/2022\/11\/2021_05_26_Pasovani-na-ctenare017-378x252.jpg 378w, https:\/\/foto.praha-19.ys-beta.cz\/app\/uploads\/2022\/11\/2021_05_26_Pasovani-na-ctenare017-300x200.jpg 300w, https:\/\/foto.praha-19.ys-beta.cz\/app\/uploads\/2022\/11\/2021_05_26_Pasovani-na-ctenare017-1024x683.jpg 1024w, https:\/\/foto.praha-19.ys-beta.cz\/app\/uploads\/2022\/11\/2021_05_26_Pasovani-na-ctenare017-768x512.jpg 768w, https:\/\/foto.praha-19.ys-beta.cz\/app\/uploads\/2022\/11\/2021_05_26_Pasovani-na-ctenare017-1536x1024.jpg 1536w, https:\/\/foto.praha-19.ys-beta.cz\/app\/uploads\/2022\/11\/2021_05_26_Pasovani-na-ctenare017-1194x796.jpg 1194w, https:\/\/foto.praha-19.ys-beta.cz\/app\/uploads\/2022\/11\/2021_05_26_Pasovani-na-ctenare017-582x388.jpg 582w, https:\/\/foto.praha-19.ys-beta.cz\/app\/uploads\/2022\/11\/2021_05_26_Pasovani-na-ctenare017-276x184.jpg 276w, https:\/\/foto.praha-19.ys-beta.cz\/app\/uploads\/2022\/11\/2021_05_26_Pasovani-na-ctenare017-675x450.jpg 675w, https:\/\/foto.praha-19.ys-beta.cz\/app\/uploads\/2022\/11\/2021_05_26_Pasovani-na-ctenare017.jpg 1920w\" sizes=\"auto, (max-width: 378px) 100vw, 378px\" \/><\/a><\/div><div class='pinhole-item col-xs-12 col-lg-4 col-md-4 col-sm-6  '><a class=\"item-link\" href=\"https:\/\/foto.praha-19.ys-beta.cz\/app\/uploads\/2022\/11\/2021_05_26_Pasovani-na-ctenare015.jpg\" data-caption=\"[]\" data-meta=\"[]\"  data-size=\"{&quot;width&quot;:1920,&quot;height&quot;:1280}\" data-download=\"[]\" data-filename=\"{&quot;name&quot;:&quot;&quot;}\"><img loading=\"lazy\" decoding=\"async\" width=\"378\" height=\"252\" src=\"https:\/\/foto.praha-19.ys-beta.cz\/app\/uploads\/2022\/11\/2021_05_26_Pasovani-na-ctenare015-378x252.jpg\" class=\"attachment-pinhole-col-3 size-pinhole-col-3\" alt=\"\" srcset=\"https:\/\/foto.praha-19.ys-beta.cz\/app\/uploads\/2022\/11\/2021_05_26_Pasovani-na-ctenare015-378x252.jpg 378w, https:\/\/foto.praha-19.ys-beta.cz\/app\/uploads\/2022\/11\/2021_05_26_Pasovani-na-ctenare015-300x200.jpg 300w, https:\/\/foto.praha-19.ys-beta.cz\/app\/uploads\/2022\/11\/2021_05_26_Pasovani-na-ctenare015-1024x683.jpg 1024w, https:\/\/foto.praha-19.ys-beta.cz\/app\/uploads\/2022\/11\/2021_05_26_Pasovani-na-ctenare015-768x512.jpg 768w, https:\/\/foto.praha-19.ys-beta.cz\/app\/uploads\/2022\/11\/2021_05_26_Pasovani-na-ctenare015-1536x1024.jpg 1536w, https:\/\/foto.praha-19.ys-beta.cz\/app\/uploads\/2022\/11\/2021_05_26_Pasovani-na-ctenare015-1194x796.jpg 1194w, https:\/\/foto.praha-19.ys-beta.cz\/app\/uploads\/2022\/11\/2021_05_26_Pasovani-na-ctenare015-582x388.jpg 582w, https:\/\/foto.praha-19.ys-beta.cz\/app\/uploads\/2022\/11\/2021_05_26_Pasovani-na-ctenare015-276x184.jpg 276w, https:\/\/foto.praha-19.ys-beta.cz\/app\/uploads\/2022\/11\/2021_05_26_Pasovani-na-ctenare015-675x450.jpg 675w, https:\/\/foto.praha-19.ys-beta.cz\/app\/uploads\/2022\/11\/2021_05_26_Pasovani-na-ctenare015.jpg 1920w\" sizes=\"auto, (max-width: 378px) 100vw, 378px\" \/><\/a><\/div><div class='pinhole-item col-xs-12 col-lg-4 col-md-4 col-sm-6  '><a class=\"item-link\" href=\"https:\/\/foto.praha-19.ys-beta.cz\/app\/uploads\/2022\/11\/2021_05_26_Pasovani-na-ctenare014.jpg\" data-caption=\"[]\" data-meta=\"[]\"  data-size=\"{&quot;width&quot;:1920,&quot;height&quot;:1280}\" data-download=\"[]\" data-filename=\"{&quot;name&quot;:&quot;&quot;}\"><img loading=\"lazy\" decoding=\"async\" width=\"378\" height=\"252\" src=\"https:\/\/foto.praha-19.ys-beta.cz\/app\/uploads\/2022\/11\/2021_05_26_Pasovani-na-ctenare014-378x252.jpg\" class=\"attachment-pinhole-col-3 size-pinhole-col-3\" alt=\"\" srcset=\"https:\/\/foto.praha-19.ys-beta.cz\/app\/uploads\/2022\/11\/2021_05_26_Pasovani-na-ctenare014-378x252.jpg 378w, https:\/\/foto.praha-19.ys-beta.cz\/app\/uploads\/2022\/11\/2021_05_26_Pasovani-na-ctenare014-300x200.jpg 300w, https:\/\/foto.praha-19.ys-beta.cz\/app\/uploads\/2022\/11\/2021_05_26_Pasovani-na-ctenare014-1024x683.jpg 1024w, https:\/\/foto.praha-19.ys-beta.cz\/app\/uploads\/2022\/11\/2021_05_26_Pasovani-na-ctenare014-768x512.jpg 768w, https:\/\/foto.praha-19.ys-beta.cz\/app\/uploads\/2022\/11\/2021_05_26_Pasovani-na-ctenare014-1536x1024.jpg 1536w, https:\/\/foto.praha-19.ys-beta.cz\/app\/uploads\/2022\/11\/2021_05_26_Pasovani-na-ctenare014-1194x796.jpg 1194w, https:\/\/foto.praha-19.ys-beta.cz\/app\/uploads\/2022\/11\/2021_05_26_Pasovani-na-ctenare014-582x388.jpg 582w, https:\/\/foto.praha-19.ys-beta.cz\/app\/uploads\/2022\/11\/2021_05_26_Pasovani-na-ctenare014-276x184.jpg 276w, https:\/\/foto.praha-19.ys-beta.cz\/app\/uploads\/2022\/11\/2021_05_26_Pasovani-na-ctenare014-675x450.jpg 675w, https:\/\/foto.praha-19.ys-beta.cz\/app\/uploads\/2022\/11\/2021_05_26_Pasovani-na-ctenare014.jpg 1920w\" sizes=\"auto, (max-width: 378px) 100vw, 378px\" \/><\/a><\/div><div class='pinhole-item col-xs-12 col-lg-4 col-md-4 col-sm-6  '><a class=\"item-link\" href=\"https:\/\/foto.praha-19.ys-beta.cz\/app\/uploads\/2022\/11\/2021_05_26_Pasovani-na-ctenare013.jpg\" data-caption=\"[]\" data-meta=\"[]\"  data-size=\"{&quot;width&quot;:1920,&quot;height&quot;:1280}\" data-download=\"[]\" data-filename=\"{&quot;name&quot;:&quot;&quot;}\"><img loading=\"lazy\" decoding=\"async\" width=\"378\" height=\"252\" src=\"https:\/\/foto.praha-19.ys-beta.cz\/app\/uploads\/2022\/11\/2021_05_26_Pasovani-na-ctenare013-378x252.jpg\" class=\"attachment-pinhole-col-3 size-pinhole-col-3\" alt=\"\" srcset=\"https:\/\/foto.praha-19.ys-beta.cz\/app\/uploads\/2022\/11\/2021_05_26_Pasovani-na-ctenare013-378x252.jpg 378w, https:\/\/foto.praha-19.ys-beta.cz\/app\/uploads\/2022\/11\/2021_05_26_Pasovani-na-ctenare013-300x200.jpg 300w, https:\/\/foto.praha-19.ys-beta.cz\/app\/uploads\/2022\/11\/2021_05_26_Pasovani-na-ctenare013-1024x683.jpg 1024w, https:\/\/foto.praha-19.ys-beta.cz\/app\/uploads\/2022\/11\/2021_05_26_Pasovani-na-ctenare013-768x512.jpg 768w, https:\/\/foto.praha-19.ys-beta.cz\/app\/uploads\/2022\/11\/2021_05_26_Pasovani-na-ctenare013-1536x1024.jpg 1536w, https:\/\/foto.praha-19.ys-beta.cz\/app\/uploads\/2022\/11\/2021_05_26_Pasovani-na-ctenare013-1194x796.jpg 1194w, https:\/\/foto.praha-19.ys-beta.cz\/app\/uploads\/2022\/11\/2021_05_26_Pasovani-na-ctenare013-582x388.jpg 582w, https:\/\/foto.praha-19.ys-beta.cz\/app\/uploads\/2022\/11\/2021_05_26_Pasovani-na-ctenare013-276x184.jpg 276w, https:\/\/foto.praha-19.ys-beta.cz\/app\/uploads\/2022\/11\/2021_05_26_Pasovani-na-ctenare013-675x450.jpg 675w, https:\/\/foto.praha-19.ys-beta.cz\/app\/uploads\/2022\/11\/2021_05_26_Pasovani-na-ctenare013.jpg 1920w\" sizes=\"auto, (max-width: 378px) 100vw, 378px\" \/><\/a><\/div><div class='pinhole-item col-xs-12 col-lg-4 col-md-4 col-sm-6  '><a class=\"item-link\" href=\"https:\/\/foto.praha-19.ys-beta.cz\/app\/uploads\/2022\/11\/2021_05_26_Pasovani-na-ctenare012.jpg\" data-caption=\"[]\" data-meta=\"[]\"  data-size=\"{&quot;width&quot;:1920,&quot;height&quot;:1280}\" data-download=\"[]\" data-filename=\"{&quot;name&quot;:&quot;&quot;}\"><img loading=\"lazy\" decoding=\"async\" width=\"378\" height=\"252\" src=\"https:\/\/foto.praha-19.ys-beta.cz\/app\/uploads\/2022\/11\/2021_05_26_Pasovani-na-ctenare012-378x252.jpg\" class=\"attachment-pinhole-col-3 size-pinhole-col-3\" alt=\"\" srcset=\"https:\/\/foto.praha-19.ys-beta.cz\/app\/uploads\/2022\/11\/2021_05_26_Pasovani-na-ctenare012-378x252.jpg 378w, https:\/\/foto.praha-19.ys-beta.cz\/app\/uploads\/2022\/11\/2021_05_26_Pasovani-na-ctenare012-300x200.jpg 300w, https:\/\/foto.praha-19.ys-beta.cz\/app\/uploads\/2022\/11\/2021_05_26_Pasovani-na-ctenare012-1024x683.jpg 1024w, https:\/\/foto.praha-19.ys-beta.cz\/app\/uploads\/2022\/11\/2021_05_26_Pasovani-na-ctenare012-768x512.jpg 768w, https:\/\/foto.praha-19.ys-beta.cz\/app\/uploads\/2022\/11\/2021_05_26_Pasovani-na-ctenare012-1536x1024.jpg 1536w, https:\/\/foto.praha-19.ys-beta.cz\/app\/uploads\/2022\/11\/2021_05_26_Pasovani-na-ctenare012-1194x796.jpg 1194w, https:\/\/foto.praha-19.ys-beta.cz\/app\/uploads\/2022\/11\/2021_05_26_Pasovani-na-ctenare012-582x388.jpg 582w, https:\/\/foto.praha-19.ys-beta.cz\/app\/uploads\/2022\/11\/2021_05_26_Pasovani-na-ctenare012-276x184.jpg 276w, https:\/\/foto.praha-19.ys-beta.cz\/app\/uploads\/2022\/11\/2021_05_26_Pasovani-na-ctenare012-675x450.jpg 675w, https:\/\/foto.praha-19.ys-beta.cz\/app\/uploads\/2022\/11\/2021_05_26_Pasovani-na-ctenare012.jpg 1920w\" sizes=\"auto, (max-width: 378px) 100vw, 378px\" \/><\/a><\/div><div class='pinhole-item col-xs-12 col-lg-4 col-md-4 col-sm-6  '><a class=\"item-link\" href=\"https:\/\/foto.praha-19.ys-beta.cz\/app\/uploads\/2022\/11\/2021_05_26_Pasovani-na-ctenare011.jpg\" data-caption=\"[]\" data-meta=\"[]\"  data-size=\"{&quot;width&quot;:1920,&quot;height&quot;:1280}\" data-download=\"[]\" data-filename=\"{&quot;name&quot;:&quot;&quot;}\"><img loading=\"lazy\" decoding=\"async\" width=\"378\" height=\"252\" src=\"https:\/\/foto.praha-19.ys-beta.cz\/app\/uploads\/2022\/11\/2021_05_26_Pasovani-na-ctenare011-378x252.jpg\" class=\"attachment-pinhole-col-3 size-pinhole-col-3\" alt=\"\" srcset=\"https:\/\/foto.praha-19.ys-beta.cz\/app\/uploads\/2022\/11\/2021_05_26_Pasovani-na-ctenare011-378x252.jpg 378w, https:\/\/foto.praha-19.ys-beta.cz\/app\/uploads\/2022\/11\/2021_05_26_Pasovani-na-ctenare011-300x200.jpg 300w, https:\/\/foto.praha-19.ys-beta.cz\/app\/uploads\/2022\/11\/2021_05_26_Pasovani-na-ctenare011-1024x683.jpg 1024w, https:\/\/foto.praha-19.ys-beta.cz\/app\/uploads\/2022\/11\/2021_05_26_Pasovani-na-ctenare011-768x512.jpg 768w, https:\/\/foto.praha-19.ys-beta.cz\/app\/uploads\/2022\/11\/2021_05_26_Pasovani-na-ctenare011-1536x1024.jpg 1536w, https:\/\/foto.praha-19.ys-beta.cz\/app\/uploads\/2022\/11\/2021_05_26_Pasovani-na-ctenare011-1194x796.jpg 1194w, https:\/\/foto.praha-19.ys-beta.cz\/app\/uploads\/2022\/11\/2021_05_26_Pasovani-na-ctenare011-582x388.jpg 582w, https:\/\/foto.praha-19.ys-beta.cz\/app\/uploads\/2022\/11\/2021_05_26_Pasovani-na-ctenare011-276x184.jpg 276w, https:\/\/foto.praha-19.ys-beta.cz\/app\/uploads\/2022\/11\/2021_05_26_Pasovani-na-ctenare011-675x450.jpg 675w, https:\/\/foto.praha-19.ys-beta.cz\/app\/uploads\/2022\/11\/2021_05_26_Pasovani-na-ctenare011.jpg 1920w\" sizes=\"auto, (max-width: 378px) 100vw, 378px\" \/><\/a><\/div><div class='pinhole-item col-xs-12 col-lg-4 col-md-4 col-sm-6  '><a class=\"item-link\" href=\"https:\/\/foto.praha-19.ys-beta.cz\/app\/uploads\/2022\/11\/2021_05_26_Pasovani-na-ctenare008.jpg\" data-caption=\"[]\" data-meta=\"[]\"  data-size=\"{&quot;width&quot;:1920,&quot;height&quot;:1280}\" data-download=\"[]\" data-filename=\"{&quot;name&quot;:&quot;&quot;}\"><img loading=\"lazy\" decoding=\"async\" width=\"378\" height=\"252\" src=\"https:\/\/foto.praha-19.ys-beta.cz\/app\/uploads\/2022\/11\/2021_05_26_Pasovani-na-ctenare008-378x252.jpg\" class=\"attachment-pinhole-col-3 size-pinhole-col-3\" alt=\"\" srcset=\"https:\/\/foto.praha-19.ys-beta.cz\/app\/uploads\/2022\/11\/2021_05_26_Pasovani-na-ctenare008-378x252.jpg 378w, https:\/\/foto.praha-19.ys-beta.cz\/app\/uploads\/2022\/11\/2021_05_26_Pasovani-na-ctenare008-300x200.jpg 300w, https:\/\/foto.praha-19.ys-beta.cz\/app\/uploads\/2022\/11\/2021_05_26_Pasovani-na-ctenare008-1024x683.jpg 1024w, https:\/\/foto.praha-19.ys-beta.cz\/app\/uploads\/2022\/11\/2021_05_26_Pasovani-na-ctenare008-768x512.jpg 768w, https:\/\/foto.praha-19.ys-beta.cz\/app\/uploads\/2022\/11\/2021_05_26_Pasovani-na-ctenare008-1536x1024.jpg 1536w, https:\/\/foto.praha-19.ys-beta.cz\/app\/uploads\/2022\/11\/2021_05_26_Pasovani-na-ctenare008-1194x796.jpg 1194w, https:\/\/foto.praha-19.ys-beta.cz\/app\/uploads\/2022\/11\/2021_05_26_Pasovani-na-ctenare008-582x388.jpg 582w, https:\/\/foto.praha-19.ys-beta.cz\/app\/uploads\/2022\/11\/2021_05_26_Pasovani-na-ctenare008-276x184.jpg 276w, https:\/\/foto.praha-19.ys-beta.cz\/app\/uploads\/2022\/11\/2021_05_26_Pasovani-na-ctenare008-675x450.jpg 675w, https:\/\/foto.praha-19.ys-beta.cz\/app\/uploads\/2022\/11\/2021_05_26_Pasovani-na-ctenare008.jpg 1920w\" sizes=\"auto, (max-width: 378px) 100vw, 378px\" \/><\/a><\/div><div class='pinhole-item col-xs-12 col-lg-4 col-md-4 col-sm-6  '><a class=\"item-link\" href=\"https:\/\/foto.praha-19.ys-beta.cz\/app\/uploads\/2022\/11\/2021_05_26_Pasovani-na-ctenare007.jpg\" data-caption=\"[]\" data-meta=\"[]\"  data-size=\"{&quot;width&quot;:1920,&quot;height&quot;:1280}\" data-download=\"[]\" data-filename=\"{&quot;name&quot;:&quot;&quot;}\"><img loading=\"lazy\" decoding=\"async\" width=\"378\" height=\"252\" src=\"https:\/\/foto.praha-19.ys-beta.cz\/app\/uploads\/2022\/11\/2021_05_26_Pasovani-na-ctenare007-378x252.jpg\" class=\"attachment-pinhole-col-3 size-pinhole-col-3\" alt=\"\" srcset=\"https:\/\/foto.praha-19.ys-beta.cz\/app\/uploads\/2022\/11\/2021_05_26_Pasovani-na-ctenare007-378x252.jpg 378w, https:\/\/foto.praha-19.ys-beta.cz\/app\/uploads\/2022\/11\/2021_05_26_Pasovani-na-ctenare007-300x200.jpg 300w, https:\/\/foto.praha-19.ys-beta.cz\/app\/uploads\/2022\/11\/2021_05_26_Pasovani-na-ctenare007-1024x683.jpg 1024w, https:\/\/foto.praha-19.ys-beta.cz\/app\/uploads\/2022\/11\/2021_05_26_Pasovani-na-ctenare007-768x512.jpg 768w, https:\/\/foto.praha-19.ys-beta.cz\/app\/uploads\/2022\/11\/2021_05_26_Pasovani-na-ctenare007-1536x1024.jpg 1536w, https:\/\/foto.praha-19.ys-beta.cz\/app\/uploads\/2022\/11\/2021_05_26_Pasovani-na-ctenare007-1194x796.jpg 1194w, https:\/\/foto.praha-19.ys-beta.cz\/app\/uploads\/2022\/11\/2021_05_26_Pasovani-na-ctenare007-582x388.jpg 582w, https:\/\/foto.praha-19.ys-beta.cz\/app\/uploads\/2022\/11\/2021_05_26_Pasovani-na-ctenare007-276x184.jpg 276w, https:\/\/foto.praha-19.ys-beta.cz\/app\/uploads\/2022\/11\/2021_05_26_Pasovani-na-ctenare007-675x450.jpg 675w, https:\/\/foto.praha-19.ys-beta.cz\/app\/uploads\/2022\/11\/2021_05_26_Pasovani-na-ctenare007.jpg 1920w\" sizes=\"auto, (max-width: 378px) 100vw, 378px\" \/><\/a><\/div><div class='pinhole-item col-xs-12 col-lg-4 col-md-4 col-sm-6  '><a class=\"item-link\" href=\"https:\/\/foto.praha-19.ys-beta.cz\/app\/uploads\/2022\/11\/2021_05_26_Pasovani-na-ctenare005.jpg\" data-caption=\"[]\" data-meta=\"[]\"  data-size=\"{&quot;width&quot;:1920,&quot;height&quot;:1280}\" data-download=\"[]\" data-filename=\"{&quot;name&quot;:&quot;&quot;}\"><img loading=\"lazy\" decoding=\"async\" width=\"378\" height=\"252\" src=\"https:\/\/foto.praha-19.ys-beta.cz\/app\/uploads\/2022\/11\/2021_05_26_Pasovani-na-ctenare005-378x252.jpg\" class=\"attachment-pinhole-col-3 size-pinhole-col-3\" alt=\"\" srcset=\"https:\/\/foto.praha-19.ys-beta.cz\/app\/uploads\/2022\/11\/2021_05_26_Pasovani-na-ctenare005-378x252.jpg 378w, https:\/\/foto.praha-19.ys-beta.cz\/app\/uploads\/2022\/11\/2021_05_26_Pasovani-na-ctenare005-300x200.jpg 300w, https:\/\/foto.praha-19.ys-beta.cz\/app\/uploads\/2022\/11\/2021_05_26_Pasovani-na-ctenare005-1024x683.jpg 1024w, https:\/\/foto.praha-19.ys-beta.cz\/app\/uploads\/2022\/11\/2021_05_26_Pasovani-na-ctenare005-768x512.jpg 768w, https:\/\/foto.praha-19.ys-beta.cz\/app\/uploads\/2022\/11\/2021_05_26_Pasovani-na-ctenare005-1536x1024.jpg 1536w, https:\/\/foto.praha-19.ys-beta.cz\/app\/uploads\/2022\/11\/2021_05_26_Pasovani-na-ctenare005-1194x796.jpg 1194w, https:\/\/foto.praha-19.ys-beta.cz\/app\/uploads\/2022\/11\/2021_05_26_Pasovani-na-ctenare005-582x388.jpg 582w, https:\/\/foto.praha-19.ys-beta.cz\/app\/uploads\/2022\/11\/2021_05_26_Pasovani-na-ctenare005-276x184.jpg 276w, https:\/\/foto.praha-19.ys-beta.cz\/app\/uploads\/2022\/11\/2021_05_26_Pasovani-na-ctenare005-675x450.jpg 675w, https:\/\/foto.praha-19.ys-beta.cz\/app\/uploads\/2022\/11\/2021_05_26_Pasovani-na-ctenare005.jpg 1920w\" sizes=\"auto, (max-width: 378px) 100vw, 378px\" \/><\/a><\/div><div class='pinhole-item col-xs-12 col-lg-4 col-md-4 col-sm-6  '><a class=\"item-link\" href=\"https:\/\/foto.praha-19.ys-beta.cz\/app\/uploads\/2022\/11\/2021_05_26_Pasovani-na-ctenare004.jpg\" data-caption=\"[]\" data-meta=\"[]\"  data-size=\"{&quot;width&quot;:1920,&quot;height&quot;:1280}\" data-download=\"[]\" data-filename=\"{&quot;name&quot;:&quot;&quot;}\"><img loading=\"lazy\" decoding=\"async\" width=\"378\" height=\"252\" src=\"https:\/\/foto.praha-19.ys-beta.cz\/app\/uploads\/2022\/11\/2021_05_26_Pasovani-na-ctenare004-378x252.jpg\" class=\"attachment-pinhole-col-3 size-pinhole-col-3\" alt=\"\" srcset=\"https:\/\/foto.praha-19.ys-beta.cz\/app\/uploads\/2022\/11\/2021_05_26_Pasovani-na-ctenare004-378x252.jpg 378w, https:\/\/foto.praha-19.ys-beta.cz\/app\/uploads\/2022\/11\/2021_05_26_Pasovani-na-ctenare004-300x200.jpg 300w, https:\/\/foto.praha-19.ys-beta.cz\/app\/uploads\/2022\/11\/2021_05_26_Pasovani-na-ctenare004-1024x683.jpg 1024w, https:\/\/foto.praha-19.ys-beta.cz\/app\/uploads\/2022\/11\/2021_05_26_Pasovani-na-ctenare004-768x512.jpg 768w, https:\/\/foto.praha-19.ys-beta.cz\/app\/uploads\/2022\/11\/2021_05_26_Pasovani-na-ctenare004-1536x1024.jpg 1536w, https:\/\/foto.praha-19.ys-beta.cz\/app\/uploads\/2022\/11\/2021_05_26_Pasovani-na-ctenare004-1194x796.jpg 1194w, https:\/\/foto.praha-19.ys-beta.cz\/app\/uploads\/2022\/11\/2021_05_26_Pasovani-na-ctenare004-582x388.jpg 582w, https:\/\/foto.praha-19.ys-beta.cz\/app\/uploads\/2022\/11\/2021_05_26_Pasovani-na-ctenare004-276x184.jpg 276w, https:\/\/foto.praha-19.ys-beta.cz\/app\/uploads\/2022\/11\/2021_05_26_Pasovani-na-ctenare004-675x450.jpg 675w, https:\/\/foto.praha-19.ys-beta.cz\/app\/uploads\/2022\/11\/2021_05_26_Pasovani-na-ctenare004.jpg 1920w\" sizes=\"auto, (max-width: 378px) 100vw, 378px\" \/><\/a><\/div>\n\t\t<\/div>\n","protected":false},"excerpt":{"rendered":"<p>26. kv\u011btna 2021 &#8211; sportovn\u00ed hala Kbely Jan Amos Komensk\u00fd \u201eNemilovat knihy znamen\u00e1 nemilovat moudrost. Nemilovat moudrost v\u0161ak znamen\u00e1 st\u00e1t se hlup\u00e1kem.\u201c Coby symbolick\u00e9 zakon\u010den\u00ed \u0161koln\u00edho roku \u2013 p\u0159esto\u017ee netradi\u010dn\u00edho \u2013 je pro prv\u0148\u00e1\u010dky a tento rok i pro druh\u00e1\u010dky PASOV\u00c1N\u00cd NA RYT\u00cd\u0158E \u0158\u00c1DU \u010cTEN\u00c1\u0158SK\u00c9HO (za dodr\u017een\u00ed v\u0161ech aktu\u00e1ln\u00edch protiepidemick\u00fdch opat\u0159en\u00ed). Tento slavnostn\u00ed akt konan\u00fd [&hellip;]<\/p>\n","protected":false},"author":6,"featured_media":3588,"parent":951,"menu_order":97,"comment_status":"closed","ping_status":"closed","template":"","meta":{"footnotes":""},"class_list":["post-3353","page","type-page","status-publish","has-post-thumbnail","hentry"],"yoast_head":"<!-- This site is optimized with the Yoast SEO plugin v27.2 - https:\/\/yoast.com\/product\/yoast-seo-wordpress\/ -->\n<title>Pasov\u00e1n\u00ed na \u010dten\u00e1\u0159e - Fotogalerie - Praha 19<\/title>\n<meta name=\"robots\" content=\"noindex, follow, max-snippet:-1, max-image-preview:large, max-video-preview:-1\" \/>\n<meta property=\"og:locale\" content=\"cs_CZ\" \/>\n<meta property=\"og:type\" content=\"article\" \/>\n<meta property=\"og:title\" content=\"Pasov\u00e1n\u00ed na \u010dten\u00e1\u0159e - Fotogalerie - Praha 19\" \/>\n<meta property=\"og:description\" content=\"26. kv\u011btna 2021 &#8211; sportovn\u00ed hala Kbely Jan Amos Komensk\u00fd \u201eNemilovat knihy znamen\u00e1 nemilovat moudrost. Nemilovat moudrost v\u0161ak znamen\u00e1 st\u00e1t se hlup\u00e1kem.\u201c Coby symbolick\u00e9 zakon\u010den\u00ed \u0161koln\u00edho roku \u2013 p\u0159esto\u017ee netradi\u010dn\u00edho \u2013 je pro prv\u0148\u00e1\u010dky a tento rok i pro druh\u00e1\u010dky PASOV\u00c1N\u00cd NA RYT\u00cd\u0158E \u0158\u00c1DU \u010cTEN\u00c1\u0158SK\u00c9HO (za dodr\u017een\u00ed v\u0161ech aktu\u00e1ln\u00edch protiepidemick\u00fdch opat\u0159en\u00ed). Tento slavnostn\u00ed akt konan\u00fd [&hellip;]\" \/>\n<meta property=\"og:url\" content=\"https:\/\/foto.praha-19.ys-beta.cz\/index.php\/rok-2021\/pasovani-na-ctenare\/\" \/>\n<meta property=\"og:site_name\" content=\"Fotogalerie - Praha 19\" \/>\n<meta property=\"article:modified_time\" content=\"2022-11-24T12:26:43+00:00\" \/>\n<meta property=\"og:image\" content=\"https:\/\/foto.praha-19.ys-beta.cz\/app\/uploads\/2022\/11\/2021_05_26_Pasovani-na-ctenare201-1024x683.jpg\" \/>\n\t<meta property=\"og:image:width\" content=\"1024\" \/>\n\t<meta property=\"og:image:height\" content=\"683\" \/>\n\t<meta property=\"og:image:type\" content=\"image\/jpeg\" \/>\n<meta name=\"twitter:card\" content=\"summary_large_image\" \/>\n<meta name=\"twitter:label1\" content=\"Est. reading time\" \/>\n\t<meta name=\"twitter:data1\" content=\"37 minut\" \/>\n<script type=\"application\/ld+json\" class=\"yoast-schema-graph\">{\"@context\":\"https:\/\/schema.org\",\"@graph\":[{\"@type\":\"WebPage\",\"@id\":\"https:\/\/foto.praha-19.ys-beta.cz\/index.php\/rok-2021\/pasovani-na-ctenare\/\",\"url\":\"https:\/\/foto.praha-19.ys-beta.cz\/index.php\/rok-2021\/pasovani-na-ctenare\/\",\"name\":\"Pasov\u00e1n\u00ed na \u010dten\u00e1\u0159e - Fotogalerie - Praha 19\",\"isPartOf\":{\"@id\":\"https:\/\/foto.praha-19.ys-beta.cz\/#website\"},\"primaryImageOfPage\":{\"@id\":\"https:\/\/foto.praha-19.ys-beta.cz\/index.php\/rok-2021\/pasovani-na-ctenare\/#primaryimage\"},\"image\":{\"@id\":\"https:\/\/foto.praha-19.ys-beta.cz\/index.php\/rok-2021\/pasovani-na-ctenare\/#primaryimage\"},\"thumbnailUrl\":\"https:\/\/foto.praha-19.ys-beta.cz\/app\/uploads\/2022\/11\/2021_05_26_Pasovani-na-ctenare201.jpg\",\"datePublished\":\"2021-05-26T10:58:00+00:00\",\"dateModified\":\"2022-11-24T12:26:43+00:00\",\"breadcrumb\":{\"@id\":\"https:\/\/foto.praha-19.ys-beta.cz\/index.php\/rok-2021\/pasovani-na-ctenare\/#breadcrumb\"},\"inLanguage\":\"cs\",\"potentialAction\":[{\"@type\":\"ReadAction\",\"target\":[\"https:\/\/foto.praha-19.ys-beta.cz\/index.php\/rok-2021\/pasovani-na-ctenare\/\"]}]},{\"@type\":\"ImageObject\",\"inLanguage\":\"cs\",\"@id\":\"https:\/\/foto.praha-19.ys-beta.cz\/index.php\/rok-2021\/pasovani-na-ctenare\/#primaryimage\",\"url\":\"https:\/\/foto.praha-19.ys-beta.cz\/app\/uploads\/2022\/11\/2021_05_26_Pasovani-na-ctenare201.jpg\",\"contentUrl\":\"https:\/\/foto.praha-19.ys-beta.cz\/app\/uploads\/2022\/11\/2021_05_26_Pasovani-na-ctenare201.jpg\",\"width\":1920,\"height\":1280},{\"@type\":\"BreadcrumbList\",\"@id\":\"https:\/\/foto.praha-19.ys-beta.cz\/index.php\/rok-2021\/pasovani-na-ctenare\/#breadcrumb\",\"itemListElement\":[{\"@type\":\"ListItem\",\"position\":1,\"name\":\"Home\",\"item\":\"https:\/\/foto.praha-19.ys-beta.cz\/\"},{\"@type\":\"ListItem\",\"position\":2,\"name\":\"Rok 2021\",\"item\":\"https:\/\/foto.praha-19.ys-beta.cz\/index.php\/rok-2021\/\"},{\"@type\":\"ListItem\",\"position\":3,\"name\":\"Pasov\u00e1n\u00ed na \u010dten\u00e1\u0159e\"}]},{\"@type\":\"WebSite\",\"@id\":\"https:\/\/foto.praha-19.ys-beta.cz\/#website\",\"url\":\"https:\/\/foto.praha-19.ys-beta.cz\/\",\"name\":\"Fotogalerie - Praha 19\",\"description\":\"Fotogalerie m\u011bstsk\u00e9 \u010d\u00e1sti Praha 19\",\"potentialAction\":[{\"@type\":\"SearchAction\",\"target\":{\"@type\":\"EntryPoint\",\"urlTemplate\":\"https:\/\/foto.praha-19.ys-beta.cz\/?s={search_term_string}\"},\"query-input\":{\"@type\":\"PropertyValueSpecification\",\"valueRequired\":true,\"valueName\":\"search_term_string\"}}],\"inLanguage\":\"cs\"}]}<\/script>\n<!-- \/ Yoast SEO plugin. -->","yoast_head_json":{"title":"Pasov\u00e1n\u00ed na \u010dten\u00e1\u0159e - Fotogalerie - Praha 19","robots":{"index":"noindex","follow":"follow","max-snippet":"max-snippet:-1","max-image-preview":"max-image-preview:large","max-video-preview":"max-video-preview:-1"},"og_locale":"cs_CZ","og_type":"article","og_title":"Pasov\u00e1n\u00ed na \u010dten\u00e1\u0159e - Fotogalerie - Praha 19","og_description":"26. kv\u011btna 2021 &#8211; sportovn\u00ed hala Kbely Jan Amos Komensk\u00fd \u201eNemilovat knihy znamen\u00e1 nemilovat moudrost. Nemilovat moudrost v\u0161ak znamen\u00e1 st\u00e1t se hlup\u00e1kem.\u201c Coby symbolick\u00e9 zakon\u010den\u00ed \u0161koln\u00edho roku \u2013 p\u0159esto\u017ee netradi\u010dn\u00edho \u2013 je pro prv\u0148\u00e1\u010dky a tento rok i pro druh\u00e1\u010dky PASOV\u00c1N\u00cd NA RYT\u00cd\u0158E \u0158\u00c1DU \u010cTEN\u00c1\u0158SK\u00c9HO (za dodr\u017een\u00ed v\u0161ech aktu\u00e1ln\u00edch protiepidemick\u00fdch opat\u0159en\u00ed). Tento slavnostn\u00ed akt konan\u00fd [&hellip;]","og_url":"https:\/\/foto.praha-19.ys-beta.cz\/index.php\/rok-2021\/pasovani-na-ctenare\/","og_site_name":"Fotogalerie - Praha 19","article_modified_time":"2022-11-24T12:26:43+00:00","og_image":[{"width":1024,"height":683,"url":"https:\/\/foto.praha-19.ys-beta.cz\/app\/uploads\/2022\/11\/2021_05_26_Pasovani-na-ctenare201-1024x683.jpg","type":"image\/jpeg"}],"twitter_card":"summary_large_image","twitter_misc":{"Est. reading time":"37 minut"},"schema":{"@context":"https:\/\/schema.org","@graph":[{"@type":"WebPage","@id":"https:\/\/foto.praha-19.ys-beta.cz\/index.php\/rok-2021\/pasovani-na-ctenare\/","url":"https:\/\/foto.praha-19.ys-beta.cz\/index.php\/rok-2021\/pasovani-na-ctenare\/","name":"Pasov\u00e1n\u00ed na \u010dten\u00e1\u0159e - Fotogalerie - Praha 19","isPartOf":{"@id":"https:\/\/foto.praha-19.ys-beta.cz\/#website"},"primaryImageOfPage":{"@id":"https:\/\/foto.praha-19.ys-beta.cz\/index.php\/rok-2021\/pasovani-na-ctenare\/#primaryimage"},"image":{"@id":"https:\/\/foto.praha-19.ys-beta.cz\/index.php\/rok-2021\/pasovani-na-ctenare\/#primaryimage"},"thumbnailUrl":"https:\/\/foto.praha-19.ys-beta.cz\/app\/uploads\/2022\/11\/2021_05_26_Pasovani-na-ctenare201.jpg","datePublished":"2021-05-26T10:58:00+00:00","dateModified":"2022-11-24T12:26:43+00:00","breadcrumb":{"@id":"https:\/\/foto.praha-19.ys-beta.cz\/index.php\/rok-2021\/pasovani-na-ctenare\/#breadcrumb"},"inLanguage":"cs","potentialAction":[{"@type":"ReadAction","target":["https:\/\/foto.praha-19.ys-beta.cz\/index.php\/rok-2021\/pasovani-na-ctenare\/"]}]},{"@type":"ImageObject","inLanguage":"cs","@id":"https:\/\/foto.praha-19.ys-beta.cz\/index.php\/rok-2021\/pasovani-na-ctenare\/#primaryimage","url":"https:\/\/foto.praha-19.ys-beta.cz\/app\/uploads\/2022\/11\/2021_05_26_Pasovani-na-ctenare201.jpg","contentUrl":"https:\/\/foto.praha-19.ys-beta.cz\/app\/uploads\/2022\/11\/2021_05_26_Pasovani-na-ctenare201.jpg","width":1920,"height":1280},{"@type":"BreadcrumbList","@id":"https:\/\/foto.praha-19.ys-beta.cz\/index.php\/rok-2021\/pasovani-na-ctenare\/#breadcrumb","itemListElement":[{"@type":"ListItem","position":1,"name":"Home","item":"https:\/\/foto.praha-19.ys-beta.cz\/"},{"@type":"ListItem","position":2,"name":"Rok 2021","item":"https:\/\/foto.praha-19.ys-beta.cz\/index.php\/rok-2021\/"},{"@type":"ListItem","position":3,"name":"Pasov\u00e1n\u00ed na \u010dten\u00e1\u0159e"}]},{"@type":"WebSite","@id":"https:\/\/foto.praha-19.ys-beta.cz\/#website","url":"https:\/\/foto.praha-19.ys-beta.cz\/","name":"Fotogalerie - Praha 19","description":"Fotogalerie m\u011bstsk\u00e9 \u010d\u00e1sti Praha 19","potentialAction":[{"@type":"SearchAction","target":{"@type":"EntryPoint","urlTemplate":"https:\/\/foto.praha-19.ys-beta.cz\/?s={search_term_string}"},"query-input":{"@type":"PropertyValueSpecification","valueRequired":true,"valueName":"search_term_string"}}],"inLanguage":"cs"}]}},"_links":{"self":[{"href":"https:\/\/foto.praha-19.ys-beta.cz\/index.php\/wp-json\/wp\/v2\/pages\/3353","targetHints":{"allow":["GET"]}}],"collection":[{"href":"https:\/\/foto.praha-19.ys-beta.cz\/index.php\/wp-json\/wp\/v2\/pages"}],"about":[{"href":"https:\/\/foto.praha-19.ys-beta.cz\/index.php\/wp-json\/wp\/v2\/types\/page"}],"author":[{"embeddable":true,"href":"https:\/\/foto.praha-19.ys-beta.cz\/index.php\/wp-json\/wp\/v2\/users\/6"}],"replies":[{"embeddable":true,"href":"https:\/\/foto.praha-19.ys-beta.cz\/index.php\/wp-json\/wp\/v2\/comments?post=3353"}],"version-history":[{"count":2,"href":"https:\/\/foto.praha-19.ys-beta.cz\/index.php\/wp-json\/wp\/v2\/pages\/3353\/revisions"}],"predecessor-version":[{"id":3638,"href":"https:\/\/foto.praha-19.ys-beta.cz\/index.php\/wp-json\/wp\/v2\/pages\/3353\/revisions\/3638"}],"up":[{"embeddable":true,"href":"https:\/\/foto.praha-19.ys-beta.cz\/index.php\/wp-json\/wp\/v2\/pages\/951"}],"wp:featuredmedia":[{"embeddable":true,"href":"https:\/\/foto.praha-19.ys-beta.cz\/index.php\/wp-json\/wp\/v2\/media\/3588"}],"wp:attachment":[{"href":"https:\/\/foto.praha-19.ys-beta.cz\/index.php\/wp-json\/wp\/v2\/media?parent=3353"}],"curies":[{"name":"wp","href":"https:\/\/api.w.org\/{rel}","templated":true}]}}