{"id":3350,"date":"2021-05-05T12:51:00","date_gmt":"2021-05-05T10:51:00","guid":{"rendered":"https:\/\/foto.praha-19.ys-beta.cz\/?page_id=3350"},"modified":"2022-11-24T14:15:07","modified_gmt":"2022-11-24T12:15:07","slug":"vzpominkove-polozeni-vencu-u-prilezitosti-ukonceni-2-svetove-valky","status":"publish","type":"page","link":"https:\/\/foto.praha-19.ys-beta.cz\/index.php\/rok-2021\/vzpominkove-polozeni-vencu-u-prilezitosti-ukonceni-2-svetove-valky\/","title":{"rendered":"Vzpom\u00ednkov\u00e9 polo\u017een\u00ed v\u011bnc\u016f u p\u0159\u00edle\u017eitosti ukon\u010den\u00ed 2. sv\u011btov\u00e9 v\u00e1lky"},"content":{"rendered":"\n<p>5. kv\u011btna 2021 &#8211; pam\u00e1tn\u00edk p\u0159i ulici Mladoboleslavsk\u00e1<\/p>\n\n\n\n<pre class=\"wp-block-verse\">U p\u0159\u00edle\u017eitosti ukon\u010den\u00ed 2. sv\u011btov\u00e9 v\u00e1lky se dne 5. kv\u011btna 2021 se v 16.00 hodin uskute\u010dnilo vzpom\u00ednkov\u00e9 polo\u017een\u00ed v\u011bnc\u016f u pam\u00e1tn\u00edku kbelsk\u00fdch ob\u010dan\u016f, kte\u0159\u00ed polo\u017eili \u017eivot za svobodu a demokracii. Pietn\u00ed akt se konal u kbelsk\u00e9ho pam\u00e1tn\u00edku p\u0159i ul. Mladoboleslavsk\u00e9.\n\nFotografie Michala Marela\n<\/pre>\n\n\n<div class='pinhole-gallery pinhole-masonry pinhole-popup items-hidden  clearfix row'><div class='pinhole-item col-xs-12 col-lg-4 col-md-4 col-sm-6  '><a class=\"item-link\" href=\"https:\/\/foto.praha-19.ys-beta.cz\/app\/uploads\/2022\/11\/2021_05_05_Pokladani_vencu13.jpg\" data-caption=\"[]\" data-meta=\"[]\"  data-size=\"{&quot;width&quot;:1920,&quot;height&quot;:1280}\" data-download=\"[]\" data-filename=\"{&quot;name&quot;:&quot;&quot;}\"><img loading=\"lazy\" decoding=\"async\" width=\"378\" height=\"252\" src=\"https:\/\/foto.praha-19.ys-beta.cz\/app\/uploads\/2022\/11\/2021_05_05_Pokladani_vencu13-378x252.jpg\" class=\"attachment-pinhole-col-3 size-pinhole-col-3\" alt=\"\" srcset=\"https:\/\/foto.praha-19.ys-beta.cz\/app\/uploads\/2022\/11\/2021_05_05_Pokladani_vencu13-378x252.jpg 378w, https:\/\/foto.praha-19.ys-beta.cz\/app\/uploads\/2022\/11\/2021_05_05_Pokladani_vencu13-300x200.jpg 300w, https:\/\/foto.praha-19.ys-beta.cz\/app\/uploads\/2022\/11\/2021_05_05_Pokladani_vencu13-1024x683.jpg 1024w, https:\/\/foto.praha-19.ys-beta.cz\/app\/uploads\/2022\/11\/2021_05_05_Pokladani_vencu13-768x512.jpg 768w, https:\/\/foto.praha-19.ys-beta.cz\/app\/uploads\/2022\/11\/2021_05_05_Pokladani_vencu13-1536x1024.jpg 1536w, https:\/\/foto.praha-19.ys-beta.cz\/app\/uploads\/2022\/11\/2021_05_05_Pokladani_vencu13-1194x796.jpg 1194w, https:\/\/foto.praha-19.ys-beta.cz\/app\/uploads\/2022\/11\/2021_05_05_Pokladani_vencu13-582x388.jpg 582w, https:\/\/foto.praha-19.ys-beta.cz\/app\/uploads\/2022\/11\/2021_05_05_Pokladani_vencu13-276x184.jpg 276w, https:\/\/foto.praha-19.ys-beta.cz\/app\/uploads\/2022\/11\/2021_05_05_Pokladani_vencu13-675x450.jpg 675w, https:\/\/foto.praha-19.ys-beta.cz\/app\/uploads\/2022\/11\/2021_05_05_Pokladani_vencu13.jpg 1920w\" sizes=\"auto, (max-width: 378px) 100vw, 378px\" \/><\/a><\/div><div class='pinhole-item col-xs-12 col-lg-4 col-md-4 col-sm-6  '><a class=\"item-link\" href=\"https:\/\/foto.praha-19.ys-beta.cz\/app\/uploads\/2022\/11\/2021_05_05_Pokladani_vencu10.jpg\" data-caption=\"[]\" data-meta=\"[]\"  data-size=\"{&quot;width&quot;:1920,&quot;height&quot;:1280}\" data-download=\"[]\" data-filename=\"{&quot;name&quot;:&quot;&quot;}\"><img loading=\"lazy\" decoding=\"async\" width=\"378\" height=\"252\" src=\"https:\/\/foto.praha-19.ys-beta.cz\/app\/uploads\/2022\/11\/2021_05_05_Pokladani_vencu10-378x252.jpg\" class=\"attachment-pinhole-col-3 size-pinhole-col-3\" alt=\"\" srcset=\"https:\/\/foto.praha-19.ys-beta.cz\/app\/uploads\/2022\/11\/2021_05_05_Pokladani_vencu10-378x252.jpg 378w, https:\/\/foto.praha-19.ys-beta.cz\/app\/uploads\/2022\/11\/2021_05_05_Pokladani_vencu10-300x200.jpg 300w, https:\/\/foto.praha-19.ys-beta.cz\/app\/uploads\/2022\/11\/2021_05_05_Pokladani_vencu10-1024x683.jpg 1024w, https:\/\/foto.praha-19.ys-beta.cz\/app\/uploads\/2022\/11\/2021_05_05_Pokladani_vencu10-768x512.jpg 768w, https:\/\/foto.praha-19.ys-beta.cz\/app\/uploads\/2022\/11\/2021_05_05_Pokladani_vencu10-1536x1024.jpg 1536w, https:\/\/foto.praha-19.ys-beta.cz\/app\/uploads\/2022\/11\/2021_05_05_Pokladani_vencu10-1194x796.jpg 1194w, https:\/\/foto.praha-19.ys-beta.cz\/app\/uploads\/2022\/11\/2021_05_05_Pokladani_vencu10-582x388.jpg 582w, https:\/\/foto.praha-19.ys-beta.cz\/app\/uploads\/2022\/11\/2021_05_05_Pokladani_vencu10-276x184.jpg 276w, https:\/\/foto.praha-19.ys-beta.cz\/app\/uploads\/2022\/11\/2021_05_05_Pokladani_vencu10-675x450.jpg 675w, https:\/\/foto.praha-19.ys-beta.cz\/app\/uploads\/2022\/11\/2021_05_05_Pokladani_vencu10.jpg 1920w\" sizes=\"auto, (max-width: 378px) 100vw, 378px\" \/><\/a><\/div><div class='pinhole-item col-xs-12 col-lg-4 col-md-4 col-sm-6  '><a class=\"item-link\" href=\"https:\/\/foto.praha-19.ys-beta.cz\/app\/uploads\/2022\/11\/2021_05_05_Pokladani_vencu8.jpg\" data-caption=\"[]\" data-meta=\"[]\"  data-size=\"{&quot;width&quot;:1920,&quot;height&quot;:1280}\" data-download=\"[]\" data-filename=\"{&quot;name&quot;:&quot;&quot;}\"><img loading=\"lazy\" decoding=\"async\" width=\"378\" height=\"252\" src=\"https:\/\/foto.praha-19.ys-beta.cz\/app\/uploads\/2022\/11\/2021_05_05_Pokladani_vencu8-378x252.jpg\" class=\"attachment-pinhole-col-3 size-pinhole-col-3\" alt=\"\" srcset=\"https:\/\/foto.praha-19.ys-beta.cz\/app\/uploads\/2022\/11\/2021_05_05_Pokladani_vencu8-378x252.jpg 378w, https:\/\/foto.praha-19.ys-beta.cz\/app\/uploads\/2022\/11\/2021_05_05_Pokladani_vencu8-300x200.jpg 300w, https:\/\/foto.praha-19.ys-beta.cz\/app\/uploads\/2022\/11\/2021_05_05_Pokladani_vencu8-1024x683.jpg 1024w, https:\/\/foto.praha-19.ys-beta.cz\/app\/uploads\/2022\/11\/2021_05_05_Pokladani_vencu8-768x512.jpg 768w, https:\/\/foto.praha-19.ys-beta.cz\/app\/uploads\/2022\/11\/2021_05_05_Pokladani_vencu8-1536x1024.jpg 1536w, https:\/\/foto.praha-19.ys-beta.cz\/app\/uploads\/2022\/11\/2021_05_05_Pokladani_vencu8-1194x796.jpg 1194w, https:\/\/foto.praha-19.ys-beta.cz\/app\/uploads\/2022\/11\/2021_05_05_Pokladani_vencu8-582x388.jpg 582w, https:\/\/foto.praha-19.ys-beta.cz\/app\/uploads\/2022\/11\/2021_05_05_Pokladani_vencu8-276x184.jpg 276w, https:\/\/foto.praha-19.ys-beta.cz\/app\/uploads\/2022\/11\/2021_05_05_Pokladani_vencu8-675x450.jpg 675w, https:\/\/foto.praha-19.ys-beta.cz\/app\/uploads\/2022\/11\/2021_05_05_Pokladani_vencu8.jpg 1920w\" sizes=\"auto, (max-width: 378px) 100vw, 378px\" \/><\/a><\/div><div class='pinhole-item col-xs-12 col-lg-4 col-md-4 col-sm-6  '><a class=\"item-link\" href=\"https:\/\/foto.praha-19.ys-beta.cz\/app\/uploads\/2022\/11\/2021_05_05_Pokladani_vencu7.jpg\" data-caption=\"[]\" data-meta=\"[]\"  data-size=\"{&quot;width&quot;:1920,&quot;height&quot;:1280}\" data-download=\"[]\" data-filename=\"{&quot;name&quot;:&quot;&quot;}\"><img loading=\"lazy\" decoding=\"async\" width=\"378\" height=\"252\" src=\"https:\/\/foto.praha-19.ys-beta.cz\/app\/uploads\/2022\/11\/2021_05_05_Pokladani_vencu7-378x252.jpg\" class=\"attachment-pinhole-col-3 size-pinhole-col-3\" alt=\"\" srcset=\"https:\/\/foto.praha-19.ys-beta.cz\/app\/uploads\/2022\/11\/2021_05_05_Pokladani_vencu7-378x252.jpg 378w, https:\/\/foto.praha-19.ys-beta.cz\/app\/uploads\/2022\/11\/2021_05_05_Pokladani_vencu7-300x200.jpg 300w, https:\/\/foto.praha-19.ys-beta.cz\/app\/uploads\/2022\/11\/2021_05_05_Pokladani_vencu7-1024x683.jpg 1024w, https:\/\/foto.praha-19.ys-beta.cz\/app\/uploads\/2022\/11\/2021_05_05_Pokladani_vencu7-768x512.jpg 768w, https:\/\/foto.praha-19.ys-beta.cz\/app\/uploads\/2022\/11\/2021_05_05_Pokladani_vencu7-1536x1024.jpg 1536w, https:\/\/foto.praha-19.ys-beta.cz\/app\/uploads\/2022\/11\/2021_05_05_Pokladani_vencu7-1194x796.jpg 1194w, https:\/\/foto.praha-19.ys-beta.cz\/app\/uploads\/2022\/11\/2021_05_05_Pokladani_vencu7-582x388.jpg 582w, https:\/\/foto.praha-19.ys-beta.cz\/app\/uploads\/2022\/11\/2021_05_05_Pokladani_vencu7-276x184.jpg 276w, https:\/\/foto.praha-19.ys-beta.cz\/app\/uploads\/2022\/11\/2021_05_05_Pokladani_vencu7-675x450.jpg 675w, https:\/\/foto.praha-19.ys-beta.cz\/app\/uploads\/2022\/11\/2021_05_05_Pokladani_vencu7.jpg 1920w\" sizes=\"auto, (max-width: 378px) 100vw, 378px\" \/><\/a><\/div><div class='pinhole-item col-xs-12 col-lg-4 col-md-4 col-sm-6  '><a class=\"item-link\" href=\"https:\/\/foto.praha-19.ys-beta.cz\/app\/uploads\/2022\/11\/2021_05_05_Pokladani_vencu6.jpg\" data-caption=\"[]\" data-meta=\"[]\"  data-size=\"{&quot;width&quot;:1920,&quot;height&quot;:1280}\" data-download=\"[]\" data-filename=\"{&quot;name&quot;:&quot;&quot;}\"><img loading=\"lazy\" decoding=\"async\" width=\"378\" height=\"252\" src=\"https:\/\/foto.praha-19.ys-beta.cz\/app\/uploads\/2022\/11\/2021_05_05_Pokladani_vencu6-378x252.jpg\" class=\"attachment-pinhole-col-3 size-pinhole-col-3\" alt=\"\" srcset=\"https:\/\/foto.praha-19.ys-beta.cz\/app\/uploads\/2022\/11\/2021_05_05_Pokladani_vencu6-378x252.jpg 378w, https:\/\/foto.praha-19.ys-beta.cz\/app\/uploads\/2022\/11\/2021_05_05_Pokladani_vencu6-300x200.jpg 300w, https:\/\/foto.praha-19.ys-beta.cz\/app\/uploads\/2022\/11\/2021_05_05_Pokladani_vencu6-1024x683.jpg 1024w, https:\/\/foto.praha-19.ys-beta.cz\/app\/uploads\/2022\/11\/2021_05_05_Pokladani_vencu6-768x512.jpg 768w, https:\/\/foto.praha-19.ys-beta.cz\/app\/uploads\/2022\/11\/2021_05_05_Pokladani_vencu6-1536x1024.jpg 1536w, https:\/\/foto.praha-19.ys-beta.cz\/app\/uploads\/2022\/11\/2021_05_05_Pokladani_vencu6-1194x796.jpg 1194w, https:\/\/foto.praha-19.ys-beta.cz\/app\/uploads\/2022\/11\/2021_05_05_Pokladani_vencu6-582x388.jpg 582w, https:\/\/foto.praha-19.ys-beta.cz\/app\/uploads\/2022\/11\/2021_05_05_Pokladani_vencu6-276x184.jpg 276w, https:\/\/foto.praha-19.ys-beta.cz\/app\/uploads\/2022\/11\/2021_05_05_Pokladani_vencu6-675x450.jpg 675w, https:\/\/foto.praha-19.ys-beta.cz\/app\/uploads\/2022\/11\/2021_05_05_Pokladani_vencu6.jpg 1920w\" sizes=\"auto, (max-width: 378px) 100vw, 378px\" \/><\/a><\/div><div class='pinhole-item col-xs-12 col-lg-4 col-md-4 col-sm-6  '><a class=\"item-link\" href=\"https:\/\/foto.praha-19.ys-beta.cz\/app\/uploads\/2022\/11\/2021_05_05_Pokladani_vencu4.jpg\" data-caption=\"[]\" data-meta=\"[]\"  data-size=\"{&quot;width&quot;:1920,&quot;height&quot;:1280}\" data-download=\"[]\" data-filename=\"{&quot;name&quot;:&quot;&quot;}\"><img loading=\"lazy\" decoding=\"async\" width=\"378\" height=\"252\" src=\"https:\/\/foto.praha-19.ys-beta.cz\/app\/uploads\/2022\/11\/2021_05_05_Pokladani_vencu4-378x252.jpg\" class=\"attachment-pinhole-col-3 size-pinhole-col-3\" alt=\"\" srcset=\"https:\/\/foto.praha-19.ys-beta.cz\/app\/uploads\/2022\/11\/2021_05_05_Pokladani_vencu4-378x252.jpg 378w, https:\/\/foto.praha-19.ys-beta.cz\/app\/uploads\/2022\/11\/2021_05_05_Pokladani_vencu4-300x200.jpg 300w, https:\/\/foto.praha-19.ys-beta.cz\/app\/uploads\/2022\/11\/2021_05_05_Pokladani_vencu4-1024x683.jpg 1024w, https:\/\/foto.praha-19.ys-beta.cz\/app\/uploads\/2022\/11\/2021_05_05_Pokladani_vencu4-768x512.jpg 768w, https:\/\/foto.praha-19.ys-beta.cz\/app\/uploads\/2022\/11\/2021_05_05_Pokladani_vencu4-1536x1024.jpg 1536w, https:\/\/foto.praha-19.ys-beta.cz\/app\/uploads\/2022\/11\/2021_05_05_Pokladani_vencu4-1194x796.jpg 1194w, https:\/\/foto.praha-19.ys-beta.cz\/app\/uploads\/2022\/11\/2021_05_05_Pokladani_vencu4-582x388.jpg 582w, https:\/\/foto.praha-19.ys-beta.cz\/app\/uploads\/2022\/11\/2021_05_05_Pokladani_vencu4-276x184.jpg 276w, https:\/\/foto.praha-19.ys-beta.cz\/app\/uploads\/2022\/11\/2021_05_05_Pokladani_vencu4-675x450.jpg 675w, https:\/\/foto.praha-19.ys-beta.cz\/app\/uploads\/2022\/11\/2021_05_05_Pokladani_vencu4.jpg 1920w\" sizes=\"auto, (max-width: 378px) 100vw, 378px\" \/><\/a><\/div><div class='pinhole-item col-xs-12 col-lg-4 col-md-4 col-sm-6  '><a class=\"item-link\" href=\"https:\/\/foto.praha-19.ys-beta.cz\/app\/uploads\/2022\/11\/2021_05_05_Pokladani_vencu00a.jpg\" data-caption=\"[]\" data-meta=\"[]\"  data-size=\"{&quot;width&quot;:1280,&quot;height&quot;:1920}\" data-download=\"[]\" data-filename=\"{&quot;name&quot;:&quot;&quot;}\"><img loading=\"lazy\" decoding=\"async\" width=\"378\" height=\"567\" src=\"https:\/\/foto.praha-19.ys-beta.cz\/app\/uploads\/2022\/11\/2021_05_05_Pokladani_vencu00a-378x567.jpg\" class=\"attachment-pinhole-col-3 size-pinhole-col-3\" alt=\"\" srcset=\"https:\/\/foto.praha-19.ys-beta.cz\/app\/uploads\/2022\/11\/2021_05_05_Pokladani_vencu00a-378x567.jpg 378w, https:\/\/foto.praha-19.ys-beta.cz\/app\/uploads\/2022\/11\/2021_05_05_Pokladani_vencu00a-200x300.jpg 200w, https:\/\/foto.praha-19.ys-beta.cz\/app\/uploads\/2022\/11\/2021_05_05_Pokladani_vencu00a-683x1024.jpg 683w, https:\/\/foto.praha-19.ys-beta.cz\/app\/uploads\/2022\/11\/2021_05_05_Pokladani_vencu00a-768x1152.jpg 768w, https:\/\/foto.praha-19.ys-beta.cz\/app\/uploads\/2022\/11\/2021_05_05_Pokladani_vencu00a-1024x1536.jpg 1024w, https:\/\/foto.praha-19.ys-beta.cz\/app\/uploads\/2022\/11\/2021_05_05_Pokladani_vencu00a-1194x1791.jpg 1194w, https:\/\/foto.praha-19.ys-beta.cz\/app\/uploads\/2022\/11\/2021_05_05_Pokladani_vencu00a-582x873.jpg 582w, https:\/\/foto.praha-19.ys-beta.cz\/app\/uploads\/2022\/11\/2021_05_05_Pokladani_vencu00a-276x414.jpg 276w, https:\/\/foto.praha-19.ys-beta.cz\/app\/uploads\/2022\/11\/2021_05_05_Pokladani_vencu00a-300x450.jpg 300w, https:\/\/foto.praha-19.ys-beta.cz\/app\/uploads\/2022\/11\/2021_05_05_Pokladani_vencu00a.jpg 1280w\" sizes=\"auto, (max-width: 378px) 100vw, 378px\" \/><\/a><\/div><div class='pinhole-item col-xs-12 col-lg-4 col-md-4 col-sm-6  '><a class=\"item-link\" href=\"https:\/\/foto.praha-19.ys-beta.cz\/app\/uploads\/2022\/11\/2021_05_05_Pokladani_vencu00.jpg\" data-caption=\"[]\" data-meta=\"[]\"  data-size=\"{&quot;width&quot;:1280,&quot;height&quot;:1920}\" data-download=\"[]\" data-filename=\"{&quot;name&quot;:&quot;&quot;}\"><img loading=\"lazy\" decoding=\"async\" width=\"378\" height=\"567\" src=\"https:\/\/foto.praha-19.ys-beta.cz\/app\/uploads\/2022\/11\/2021_05_05_Pokladani_vencu00-378x567.jpg\" class=\"attachment-pinhole-col-3 size-pinhole-col-3\" alt=\"\" srcset=\"https:\/\/foto.praha-19.ys-beta.cz\/app\/uploads\/2022\/11\/2021_05_05_Pokladani_vencu00-378x567.jpg 378w, https:\/\/foto.praha-19.ys-beta.cz\/app\/uploads\/2022\/11\/2021_05_05_Pokladani_vencu00-200x300.jpg 200w, https:\/\/foto.praha-19.ys-beta.cz\/app\/uploads\/2022\/11\/2021_05_05_Pokladani_vencu00-683x1024.jpg 683w, https:\/\/foto.praha-19.ys-beta.cz\/app\/uploads\/2022\/11\/2021_05_05_Pokladani_vencu00-768x1152.jpg 768w, https:\/\/foto.praha-19.ys-beta.cz\/app\/uploads\/2022\/11\/2021_05_05_Pokladani_vencu00-1024x1536.jpg 1024w, https:\/\/foto.praha-19.ys-beta.cz\/app\/uploads\/2022\/11\/2021_05_05_Pokladani_vencu00-1194x1791.jpg 1194w, https:\/\/foto.praha-19.ys-beta.cz\/app\/uploads\/2022\/11\/2021_05_05_Pokladani_vencu00-582x873.jpg 582w, https:\/\/foto.praha-19.ys-beta.cz\/app\/uploads\/2022\/11\/2021_05_05_Pokladani_vencu00-276x414.jpg 276w, https:\/\/foto.praha-19.ys-beta.cz\/app\/uploads\/2022\/11\/2021_05_05_Pokladani_vencu00-300x450.jpg 300w, https:\/\/foto.praha-19.ys-beta.cz\/app\/uploads\/2022\/11\/2021_05_05_Pokladani_vencu00.jpg 1280w\" sizes=\"auto, (max-width: 378px) 100vw, 378px\" \/><\/a><\/div><div class='pinhole-item col-xs-12 col-lg-4 col-md-4 col-sm-6  '><a class=\"item-link\" href=\"https:\/\/foto.praha-19.ys-beta.cz\/app\/uploads\/2022\/11\/2021_05_05_Pokladani_vencu25.jpg\" data-caption=\"[]\" data-meta=\"[]\"  data-size=\"{&quot;width&quot;:1920,&quot;height&quot;:1280}\" data-download=\"[]\" data-filename=\"{&quot;name&quot;:&quot;&quot;}\"><img loading=\"lazy\" decoding=\"async\" width=\"378\" height=\"252\" src=\"https:\/\/foto.praha-19.ys-beta.cz\/app\/uploads\/2022\/11\/2021_05_05_Pokladani_vencu25-378x252.jpg\" class=\"attachment-pinhole-col-3 size-pinhole-col-3\" alt=\"\" srcset=\"https:\/\/foto.praha-19.ys-beta.cz\/app\/uploads\/2022\/11\/2021_05_05_Pokladani_vencu25-378x252.jpg 378w, https:\/\/foto.praha-19.ys-beta.cz\/app\/uploads\/2022\/11\/2021_05_05_Pokladani_vencu25-300x200.jpg 300w, https:\/\/foto.praha-19.ys-beta.cz\/app\/uploads\/2022\/11\/2021_05_05_Pokladani_vencu25-1024x683.jpg 1024w, https:\/\/foto.praha-19.ys-beta.cz\/app\/uploads\/2022\/11\/2021_05_05_Pokladani_vencu25-768x512.jpg 768w, https:\/\/foto.praha-19.ys-beta.cz\/app\/uploads\/2022\/11\/2021_05_05_Pokladani_vencu25-1536x1024.jpg 1536w, https:\/\/foto.praha-19.ys-beta.cz\/app\/uploads\/2022\/11\/2021_05_05_Pokladani_vencu25-1194x796.jpg 1194w, https:\/\/foto.praha-19.ys-beta.cz\/app\/uploads\/2022\/11\/2021_05_05_Pokladani_vencu25-582x388.jpg 582w, https:\/\/foto.praha-19.ys-beta.cz\/app\/uploads\/2022\/11\/2021_05_05_Pokladani_vencu25-276x184.jpg 276w, https:\/\/foto.praha-19.ys-beta.cz\/app\/uploads\/2022\/11\/2021_05_05_Pokladani_vencu25-675x450.jpg 675w, https:\/\/foto.praha-19.ys-beta.cz\/app\/uploads\/2022\/11\/2021_05_05_Pokladani_vencu25.jpg 1920w\" sizes=\"auto, (max-width: 378px) 100vw, 378px\" \/><\/a><\/div><div class='pinhole-item col-xs-12 col-lg-4 col-md-4 col-sm-6  '><a class=\"item-link\" href=\"https:\/\/foto.praha-19.ys-beta.cz\/app\/uploads\/2022\/11\/2021_05_05_Pokladani_vencu24.jpg\" data-caption=\"[]\" data-meta=\"[]\"  data-size=\"{&quot;width&quot;:1920,&quot;height&quot;:1280}\" data-download=\"[]\" data-filename=\"{&quot;name&quot;:&quot;&quot;}\"><img loading=\"lazy\" decoding=\"async\" width=\"378\" height=\"252\" src=\"https:\/\/foto.praha-19.ys-beta.cz\/app\/uploads\/2022\/11\/2021_05_05_Pokladani_vencu24-378x252.jpg\" class=\"attachment-pinhole-col-3 size-pinhole-col-3\" alt=\"\" srcset=\"https:\/\/foto.praha-19.ys-beta.cz\/app\/uploads\/2022\/11\/2021_05_05_Pokladani_vencu24-378x252.jpg 378w, https:\/\/foto.praha-19.ys-beta.cz\/app\/uploads\/2022\/11\/2021_05_05_Pokladani_vencu24-300x200.jpg 300w, https:\/\/foto.praha-19.ys-beta.cz\/app\/uploads\/2022\/11\/2021_05_05_Pokladani_vencu24-1024x683.jpg 1024w, https:\/\/foto.praha-19.ys-beta.cz\/app\/uploads\/2022\/11\/2021_05_05_Pokladani_vencu24-768x512.jpg 768w, https:\/\/foto.praha-19.ys-beta.cz\/app\/uploads\/2022\/11\/2021_05_05_Pokladani_vencu24-1536x1024.jpg 1536w, https:\/\/foto.praha-19.ys-beta.cz\/app\/uploads\/2022\/11\/2021_05_05_Pokladani_vencu24-1194x796.jpg 1194w, https:\/\/foto.praha-19.ys-beta.cz\/app\/uploads\/2022\/11\/2021_05_05_Pokladani_vencu24-582x388.jpg 582w, https:\/\/foto.praha-19.ys-beta.cz\/app\/uploads\/2022\/11\/2021_05_05_Pokladani_vencu24-276x184.jpg 276w, https:\/\/foto.praha-19.ys-beta.cz\/app\/uploads\/2022\/11\/2021_05_05_Pokladani_vencu24-675x450.jpg 675w, https:\/\/foto.praha-19.ys-beta.cz\/app\/uploads\/2022\/11\/2021_05_05_Pokladani_vencu24.jpg 1920w\" sizes=\"auto, (max-width: 378px) 100vw, 378px\" \/><\/a><\/div><div class='pinhole-item col-xs-12 col-lg-4 col-md-4 col-sm-6  '><a class=\"item-link\" href=\"https:\/\/foto.praha-19.ys-beta.cz\/app\/uploads\/2022\/11\/2021_05_05_Pokladani_vencu23.jpg\" data-caption=\"[]\" data-meta=\"[]\"  data-size=\"{&quot;width&quot;:1920,&quot;height&quot;:1280}\" data-download=\"[]\" data-filename=\"{&quot;name&quot;:&quot;&quot;}\"><img loading=\"lazy\" decoding=\"async\" width=\"378\" height=\"252\" src=\"https:\/\/foto.praha-19.ys-beta.cz\/app\/uploads\/2022\/11\/2021_05_05_Pokladani_vencu23-378x252.jpg\" class=\"attachment-pinhole-col-3 size-pinhole-col-3\" alt=\"\" srcset=\"https:\/\/foto.praha-19.ys-beta.cz\/app\/uploads\/2022\/11\/2021_05_05_Pokladani_vencu23-378x252.jpg 378w, https:\/\/foto.praha-19.ys-beta.cz\/app\/uploads\/2022\/11\/2021_05_05_Pokladani_vencu23-300x200.jpg 300w, https:\/\/foto.praha-19.ys-beta.cz\/app\/uploads\/2022\/11\/2021_05_05_Pokladani_vencu23-1024x683.jpg 1024w, https:\/\/foto.praha-19.ys-beta.cz\/app\/uploads\/2022\/11\/2021_05_05_Pokladani_vencu23-768x512.jpg 768w, https:\/\/foto.praha-19.ys-beta.cz\/app\/uploads\/2022\/11\/2021_05_05_Pokladani_vencu23-1536x1024.jpg 1536w, https:\/\/foto.praha-19.ys-beta.cz\/app\/uploads\/2022\/11\/2021_05_05_Pokladani_vencu23-1194x796.jpg 1194w, https:\/\/foto.praha-19.ys-beta.cz\/app\/uploads\/2022\/11\/2021_05_05_Pokladani_vencu23-582x388.jpg 582w, https:\/\/foto.praha-19.ys-beta.cz\/app\/uploads\/2022\/11\/2021_05_05_Pokladani_vencu23-276x184.jpg 276w, https:\/\/foto.praha-19.ys-beta.cz\/app\/uploads\/2022\/11\/2021_05_05_Pokladani_vencu23-675x450.jpg 675w, https:\/\/foto.praha-19.ys-beta.cz\/app\/uploads\/2022\/11\/2021_05_05_Pokladani_vencu23.jpg 1920w\" sizes=\"auto, (max-width: 378px) 100vw, 378px\" \/><\/a><\/div><div class='pinhole-item col-xs-12 col-lg-4 col-md-4 col-sm-6  '><a class=\"item-link\" href=\"https:\/\/foto.praha-19.ys-beta.cz\/app\/uploads\/2022\/11\/2021_05_05_Pokladani_vencu20.jpg\" data-caption=\"[]\" data-meta=\"[]\"  data-size=\"{&quot;width&quot;:1920,&quot;height&quot;:1280}\" data-download=\"[]\" data-filename=\"{&quot;name&quot;:&quot;&quot;}\"><img loading=\"lazy\" decoding=\"async\" width=\"378\" height=\"252\" src=\"https:\/\/foto.praha-19.ys-beta.cz\/app\/uploads\/2022\/11\/2021_05_05_Pokladani_vencu20-378x252.jpg\" class=\"attachment-pinhole-col-3 size-pinhole-col-3\" alt=\"\" srcset=\"https:\/\/foto.praha-19.ys-beta.cz\/app\/uploads\/2022\/11\/2021_05_05_Pokladani_vencu20-378x252.jpg 378w, https:\/\/foto.praha-19.ys-beta.cz\/app\/uploads\/2022\/11\/2021_05_05_Pokladani_vencu20-300x200.jpg 300w, https:\/\/foto.praha-19.ys-beta.cz\/app\/uploads\/2022\/11\/2021_05_05_Pokladani_vencu20-1024x683.jpg 1024w, https:\/\/foto.praha-19.ys-beta.cz\/app\/uploads\/2022\/11\/2021_05_05_Pokladani_vencu20-768x512.jpg 768w, https:\/\/foto.praha-19.ys-beta.cz\/app\/uploads\/2022\/11\/2021_05_05_Pokladani_vencu20-1536x1024.jpg 1536w, https:\/\/foto.praha-19.ys-beta.cz\/app\/uploads\/2022\/11\/2021_05_05_Pokladani_vencu20-1194x796.jpg 1194w, https:\/\/foto.praha-19.ys-beta.cz\/app\/uploads\/2022\/11\/2021_05_05_Pokladani_vencu20-582x388.jpg 582w, https:\/\/foto.praha-19.ys-beta.cz\/app\/uploads\/2022\/11\/2021_05_05_Pokladani_vencu20-276x184.jpg 276w, https:\/\/foto.praha-19.ys-beta.cz\/app\/uploads\/2022\/11\/2021_05_05_Pokladani_vencu20-675x450.jpg 675w, https:\/\/foto.praha-19.ys-beta.cz\/app\/uploads\/2022\/11\/2021_05_05_Pokladani_vencu20.jpg 1920w\" sizes=\"auto, (max-width: 378px) 100vw, 378px\" \/><\/a><\/div><div class='pinhole-item col-xs-12 col-lg-4 col-md-4 col-sm-6  '><a class=\"item-link\" href=\"https:\/\/foto.praha-19.ys-beta.cz\/app\/uploads\/2022\/11\/2021_05_05_Pokladani_vencu18.jpg\" data-caption=\"[]\" data-meta=\"[]\"  data-size=\"{&quot;width&quot;:1920,&quot;height&quot;:1280}\" data-download=\"[]\" data-filename=\"{&quot;name&quot;:&quot;&quot;}\"><img loading=\"lazy\" decoding=\"async\" width=\"378\" height=\"252\" src=\"https:\/\/foto.praha-19.ys-beta.cz\/app\/uploads\/2022\/11\/2021_05_05_Pokladani_vencu18-378x252.jpg\" class=\"attachment-pinhole-col-3 size-pinhole-col-3\" alt=\"\" srcset=\"https:\/\/foto.praha-19.ys-beta.cz\/app\/uploads\/2022\/11\/2021_05_05_Pokladani_vencu18-378x252.jpg 378w, https:\/\/foto.praha-19.ys-beta.cz\/app\/uploads\/2022\/11\/2021_05_05_Pokladani_vencu18-300x200.jpg 300w, https:\/\/foto.praha-19.ys-beta.cz\/app\/uploads\/2022\/11\/2021_05_05_Pokladani_vencu18-1024x683.jpg 1024w, https:\/\/foto.praha-19.ys-beta.cz\/app\/uploads\/2022\/11\/2021_05_05_Pokladani_vencu18-768x512.jpg 768w, https:\/\/foto.praha-19.ys-beta.cz\/app\/uploads\/2022\/11\/2021_05_05_Pokladani_vencu18-1536x1024.jpg 1536w, https:\/\/foto.praha-19.ys-beta.cz\/app\/uploads\/2022\/11\/2021_05_05_Pokladani_vencu18-1194x796.jpg 1194w, https:\/\/foto.praha-19.ys-beta.cz\/app\/uploads\/2022\/11\/2021_05_05_Pokladani_vencu18-582x388.jpg 582w, https:\/\/foto.praha-19.ys-beta.cz\/app\/uploads\/2022\/11\/2021_05_05_Pokladani_vencu18-276x184.jpg 276w, https:\/\/foto.praha-19.ys-beta.cz\/app\/uploads\/2022\/11\/2021_05_05_Pokladani_vencu18-675x450.jpg 675w, https:\/\/foto.praha-19.ys-beta.cz\/app\/uploads\/2022\/11\/2021_05_05_Pokladani_vencu18.jpg 1920w\" sizes=\"auto, (max-width: 378px) 100vw, 378px\" \/><\/a><\/div><div class='pinhole-item col-xs-12 col-lg-4 col-md-4 col-sm-6  '><a class=\"item-link\" href=\"https:\/\/foto.praha-19.ys-beta.cz\/app\/uploads\/2022\/11\/2021_05_05_Pokladani_vencu17.jpg\" data-caption=\"[]\" data-meta=\"[]\"  data-size=\"{&quot;width&quot;:1920,&quot;height&quot;:1280}\" data-download=\"[]\" data-filename=\"{&quot;name&quot;:&quot;&quot;}\"><img loading=\"lazy\" decoding=\"async\" width=\"378\" height=\"252\" src=\"https:\/\/foto.praha-19.ys-beta.cz\/app\/uploads\/2022\/11\/2021_05_05_Pokladani_vencu17-378x252.jpg\" class=\"attachment-pinhole-col-3 size-pinhole-col-3\" alt=\"\" srcset=\"https:\/\/foto.praha-19.ys-beta.cz\/app\/uploads\/2022\/11\/2021_05_05_Pokladani_vencu17-378x252.jpg 378w, https:\/\/foto.praha-19.ys-beta.cz\/app\/uploads\/2022\/11\/2021_05_05_Pokladani_vencu17-300x200.jpg 300w, https:\/\/foto.praha-19.ys-beta.cz\/app\/uploads\/2022\/11\/2021_05_05_Pokladani_vencu17-1024x683.jpg 1024w, https:\/\/foto.praha-19.ys-beta.cz\/app\/uploads\/2022\/11\/2021_05_05_Pokladani_vencu17-768x512.jpg 768w, https:\/\/foto.praha-19.ys-beta.cz\/app\/uploads\/2022\/11\/2021_05_05_Pokladani_vencu17-1536x1024.jpg 1536w, https:\/\/foto.praha-19.ys-beta.cz\/app\/uploads\/2022\/11\/2021_05_05_Pokladani_vencu17-1194x796.jpg 1194w, https:\/\/foto.praha-19.ys-beta.cz\/app\/uploads\/2022\/11\/2021_05_05_Pokladani_vencu17-582x388.jpg 582w, https:\/\/foto.praha-19.ys-beta.cz\/app\/uploads\/2022\/11\/2021_05_05_Pokladani_vencu17-276x184.jpg 276w, https:\/\/foto.praha-19.ys-beta.cz\/app\/uploads\/2022\/11\/2021_05_05_Pokladani_vencu17-675x450.jpg 675w, https:\/\/foto.praha-19.ys-beta.cz\/app\/uploads\/2022\/11\/2021_05_05_Pokladani_vencu17.jpg 1920w\" sizes=\"auto, (max-width: 378px) 100vw, 378px\" \/><\/a><\/div><div class='pinhole-item col-xs-12 col-lg-4 col-md-4 col-sm-6  '><a class=\"item-link\" href=\"https:\/\/foto.praha-19.ys-beta.cz\/app\/uploads\/2022\/11\/2021_05_05_Pokladani_vencu16.jpg\" data-caption=\"[]\" data-meta=\"[]\"  data-size=\"{&quot;width&quot;:1920,&quot;height&quot;:1280}\" data-download=\"[]\" data-filename=\"{&quot;name&quot;:&quot;&quot;}\"><img loading=\"lazy\" decoding=\"async\" width=\"378\" height=\"252\" src=\"https:\/\/foto.praha-19.ys-beta.cz\/app\/uploads\/2022\/11\/2021_05_05_Pokladani_vencu16-378x252.jpg\" class=\"attachment-pinhole-col-3 size-pinhole-col-3\" alt=\"\" srcset=\"https:\/\/foto.praha-19.ys-beta.cz\/app\/uploads\/2022\/11\/2021_05_05_Pokladani_vencu16-378x252.jpg 378w, https:\/\/foto.praha-19.ys-beta.cz\/app\/uploads\/2022\/11\/2021_05_05_Pokladani_vencu16-300x200.jpg 300w, https:\/\/foto.praha-19.ys-beta.cz\/app\/uploads\/2022\/11\/2021_05_05_Pokladani_vencu16-1024x683.jpg 1024w, https:\/\/foto.praha-19.ys-beta.cz\/app\/uploads\/2022\/11\/2021_05_05_Pokladani_vencu16-768x512.jpg 768w, https:\/\/foto.praha-19.ys-beta.cz\/app\/uploads\/2022\/11\/2021_05_05_Pokladani_vencu16-1536x1024.jpg 1536w, https:\/\/foto.praha-19.ys-beta.cz\/app\/uploads\/2022\/11\/2021_05_05_Pokladani_vencu16-1194x796.jpg 1194w, https:\/\/foto.praha-19.ys-beta.cz\/app\/uploads\/2022\/11\/2021_05_05_Pokladani_vencu16-582x388.jpg 582w, https:\/\/foto.praha-19.ys-beta.cz\/app\/uploads\/2022\/11\/2021_05_05_Pokladani_vencu16-276x184.jpg 276w, https:\/\/foto.praha-19.ys-beta.cz\/app\/uploads\/2022\/11\/2021_05_05_Pokladani_vencu16-675x450.jpg 675w, https:\/\/foto.praha-19.ys-beta.cz\/app\/uploads\/2022\/11\/2021_05_05_Pokladani_vencu16.jpg 1920w\" sizes=\"auto, (max-width: 378px) 100vw, 378px\" \/><\/a><\/div><div class='pinhole-item col-xs-12 col-lg-4 col-md-4 col-sm-6  '><a class=\"item-link\" href=\"https:\/\/foto.praha-19.ys-beta.cz\/app\/uploads\/2022\/11\/2021_05_05_Pokladani_vencu14.jpg\" data-caption=\"[]\" data-meta=\"[]\"  data-size=\"{&quot;width&quot;:1920,&quot;height&quot;:1280}\" data-download=\"[]\" data-filename=\"{&quot;name&quot;:&quot;&quot;}\"><img loading=\"lazy\" decoding=\"async\" width=\"378\" height=\"252\" src=\"https:\/\/foto.praha-19.ys-beta.cz\/app\/uploads\/2022\/11\/2021_05_05_Pokladani_vencu14-378x252.jpg\" class=\"attachment-pinhole-col-3 size-pinhole-col-3\" alt=\"\" srcset=\"https:\/\/foto.praha-19.ys-beta.cz\/app\/uploads\/2022\/11\/2021_05_05_Pokladani_vencu14-378x252.jpg 378w, https:\/\/foto.praha-19.ys-beta.cz\/app\/uploads\/2022\/11\/2021_05_05_Pokladani_vencu14-300x200.jpg 300w, https:\/\/foto.praha-19.ys-beta.cz\/app\/uploads\/2022\/11\/2021_05_05_Pokladani_vencu14-1024x683.jpg 1024w, https:\/\/foto.praha-19.ys-beta.cz\/app\/uploads\/2022\/11\/2021_05_05_Pokladani_vencu14-768x512.jpg 768w, https:\/\/foto.praha-19.ys-beta.cz\/app\/uploads\/2022\/11\/2021_05_05_Pokladani_vencu14-1536x1024.jpg 1536w, https:\/\/foto.praha-19.ys-beta.cz\/app\/uploads\/2022\/11\/2021_05_05_Pokladani_vencu14-1194x796.jpg 1194w, https:\/\/foto.praha-19.ys-beta.cz\/app\/uploads\/2022\/11\/2021_05_05_Pokladani_vencu14-582x388.jpg 582w, https:\/\/foto.praha-19.ys-beta.cz\/app\/uploads\/2022\/11\/2021_05_05_Pokladani_vencu14-276x184.jpg 276w, https:\/\/foto.praha-19.ys-beta.cz\/app\/uploads\/2022\/11\/2021_05_05_Pokladani_vencu14-675x450.jpg 675w, https:\/\/foto.praha-19.ys-beta.cz\/app\/uploads\/2022\/11\/2021_05_05_Pokladani_vencu14.jpg 1920w\" sizes=\"auto, (max-width: 378px) 100vw, 378px\" \/><\/a><\/div>\n\t\t<\/div>\n","protected":false},"excerpt":{"rendered":"<p>5. kv\u011btna 2021 &#8211; pam\u00e1tn\u00edk p\u0159i ulici Mladoboleslavsk\u00e1 U p\u0159\u00edle\u017eitosti ukon\u010den\u00ed 2. sv\u011btov\u00e9 v\u00e1lky se dne 5. kv\u011btna 2021 se v 16.00 hodin uskute\u010dnilo vzpom\u00ednkov\u00e9 polo\u017een\u00ed v\u011bnc\u016f u pam\u00e1tn\u00edku kbelsk\u00fdch ob\u010dan\u016f, kte\u0159\u00ed polo\u017eili \u017eivot za svobodu a demokracii. Pietn\u00ed akt se konal u kbelsk\u00e9ho pam\u00e1tn\u00edku p\u0159i ul. Mladoboleslavsk\u00e9. Fotografie Michala Marela<\/p>\n","protected":false},"author":6,"featured_media":3407,"parent":951,"menu_order":99,"comment_status":"closed","ping_status":"closed","template":"","meta":{"footnotes":""},"class_list":["post-3350","page","type-page","status-publish","has-post-thumbnail","hentry"],"yoast_head":"<!-- This site is optimized with the Yoast SEO plugin v27.2 - https:\/\/yoast.com\/product\/yoast-seo-wordpress\/ -->\n<title>Vzpom\u00ednkov\u00e9 polo\u017een\u00ed v\u011bnc\u016f u p\u0159\u00edle\u017eitosti ukon\u010den\u00ed 2. sv\u011btov\u00e9 v\u00e1lky - Fotogalerie - Praha 19<\/title>\n<meta name=\"robots\" content=\"noindex, follow, max-snippet:-1, max-image-preview:large, max-video-preview:-1\" \/>\n<meta property=\"og:locale\" content=\"cs_CZ\" \/>\n<meta property=\"og:type\" content=\"article\" \/>\n<meta property=\"og:title\" content=\"Vzpom\u00ednkov\u00e9 polo\u017een\u00ed v\u011bnc\u016f u p\u0159\u00edle\u017eitosti ukon\u010den\u00ed 2. sv\u011btov\u00e9 v\u00e1lky - Fotogalerie - Praha 19\" \/>\n<meta property=\"og:description\" content=\"5. kv\u011btna 2021 &#8211; pam\u00e1tn\u00edk p\u0159i ulici Mladoboleslavsk\u00e1 U p\u0159\u00edle\u017eitosti ukon\u010den\u00ed 2. sv\u011btov\u00e9 v\u00e1lky se dne 5. kv\u011btna 2021 se v 16.00 hodin uskute\u010dnilo vzpom\u00ednkov\u00e9 polo\u017een\u00ed v\u011bnc\u016f u pam\u00e1tn\u00edku kbelsk\u00fdch ob\u010dan\u016f, kte\u0159\u00ed polo\u017eili \u017eivot za svobodu a demokracii. Pietn\u00ed akt se konal u kbelsk\u00e9ho pam\u00e1tn\u00edku p\u0159i ul. Mladoboleslavsk\u00e9. Fotografie Michala Marela\" \/>\n<meta property=\"og:url\" content=\"https:\/\/foto.praha-19.ys-beta.cz\/index.php\/rok-2021\/vzpominkove-polozeni-vencu-u-prilezitosti-ukonceni-2-svetove-valky\/\" \/>\n<meta property=\"og:site_name\" content=\"Fotogalerie - Praha 19\" \/>\n<meta property=\"article:modified_time\" content=\"2022-11-24T12:15:07+00:00\" \/>\n<meta property=\"og:image\" content=\"https:\/\/foto.praha-19.ys-beta.cz\/app\/uploads\/2022\/11\/2021_05_05_Pokladani_vencu00-683x1024.jpg\" \/>\n\t<meta property=\"og:image:width\" content=\"683\" \/>\n\t<meta property=\"og:image:height\" content=\"1024\" \/>\n\t<meta property=\"og:image:type\" content=\"image\/jpeg\" \/>\n<meta name=\"twitter:card\" content=\"summary_large_image\" \/>\n<meta name=\"twitter:label1\" content=\"Est. reading time\" \/>\n\t<meta name=\"twitter:data1\" content=\"4 minuty\" \/>\n<script type=\"application\/ld+json\" class=\"yoast-schema-graph\">{\"@context\":\"https:\/\/schema.org\",\"@graph\":[{\"@type\":\"WebPage\",\"@id\":\"https:\/\/foto.praha-19.ys-beta.cz\/index.php\/rok-2021\/vzpominkove-polozeni-vencu-u-prilezitosti-ukonceni-2-svetove-valky\/\",\"url\":\"https:\/\/foto.praha-19.ys-beta.cz\/index.php\/rok-2021\/vzpominkove-polozeni-vencu-u-prilezitosti-ukonceni-2-svetove-valky\/\",\"name\":\"Vzpom\u00ednkov\u00e9 polo\u017een\u00ed v\u011bnc\u016f u p\u0159\u00edle\u017eitosti ukon\u010den\u00ed 2. sv\u011btov\u00e9 v\u00e1lky - Fotogalerie - Praha 19\",\"isPartOf\":{\"@id\":\"https:\/\/foto.praha-19.ys-beta.cz\/#website\"},\"primaryImageOfPage\":{\"@id\":\"https:\/\/foto.praha-19.ys-beta.cz\/index.php\/rok-2021\/vzpominkove-polozeni-vencu-u-prilezitosti-ukonceni-2-svetove-valky\/#primaryimage\"},\"image\":{\"@id\":\"https:\/\/foto.praha-19.ys-beta.cz\/index.php\/rok-2021\/vzpominkove-polozeni-vencu-u-prilezitosti-ukonceni-2-svetove-valky\/#primaryimage\"},\"thumbnailUrl\":\"https:\/\/foto.praha-19.ys-beta.cz\/app\/uploads\/2022\/11\/2021_05_05_Pokladani_vencu00.jpg\",\"datePublished\":\"2021-05-05T10:51:00+00:00\",\"dateModified\":\"2022-11-24T12:15:07+00:00\",\"breadcrumb\":{\"@id\":\"https:\/\/foto.praha-19.ys-beta.cz\/index.php\/rok-2021\/vzpominkove-polozeni-vencu-u-prilezitosti-ukonceni-2-svetove-valky\/#breadcrumb\"},\"inLanguage\":\"cs\",\"potentialAction\":[{\"@type\":\"ReadAction\",\"target\":[\"https:\/\/foto.praha-19.ys-beta.cz\/index.php\/rok-2021\/vzpominkove-polozeni-vencu-u-prilezitosti-ukonceni-2-svetove-valky\/\"]}]},{\"@type\":\"ImageObject\",\"inLanguage\":\"cs\",\"@id\":\"https:\/\/foto.praha-19.ys-beta.cz\/index.php\/rok-2021\/vzpominkove-polozeni-vencu-u-prilezitosti-ukonceni-2-svetove-valky\/#primaryimage\",\"url\":\"https:\/\/foto.praha-19.ys-beta.cz\/app\/uploads\/2022\/11\/2021_05_05_Pokladani_vencu00.jpg\",\"contentUrl\":\"https:\/\/foto.praha-19.ys-beta.cz\/app\/uploads\/2022\/11\/2021_05_05_Pokladani_vencu00.jpg\",\"width\":1280,\"height\":1920},{\"@type\":\"BreadcrumbList\",\"@id\":\"https:\/\/foto.praha-19.ys-beta.cz\/index.php\/rok-2021\/vzpominkove-polozeni-vencu-u-prilezitosti-ukonceni-2-svetove-valky\/#breadcrumb\",\"itemListElement\":[{\"@type\":\"ListItem\",\"position\":1,\"name\":\"Home\",\"item\":\"https:\/\/foto.praha-19.ys-beta.cz\/\"},{\"@type\":\"ListItem\",\"position\":2,\"name\":\"Rok 2021\",\"item\":\"https:\/\/foto.praha-19.ys-beta.cz\/index.php\/rok-2021\/\"},{\"@type\":\"ListItem\",\"position\":3,\"name\":\"Vzpom\u00ednkov\u00e9 polo\u017een\u00ed v\u011bnc\u016f u p\u0159\u00edle\u017eitosti ukon\u010den\u00ed 2. sv\u011btov\u00e9 v\u00e1lky\"}]},{\"@type\":\"WebSite\",\"@id\":\"https:\/\/foto.praha-19.ys-beta.cz\/#website\",\"url\":\"https:\/\/foto.praha-19.ys-beta.cz\/\",\"name\":\"Fotogalerie - Praha 19\",\"description\":\"Fotogalerie m\u011bstsk\u00e9 \u010d\u00e1sti Praha 19\",\"potentialAction\":[{\"@type\":\"SearchAction\",\"target\":{\"@type\":\"EntryPoint\",\"urlTemplate\":\"https:\/\/foto.praha-19.ys-beta.cz\/?s={search_term_string}\"},\"query-input\":{\"@type\":\"PropertyValueSpecification\",\"valueRequired\":true,\"valueName\":\"search_term_string\"}}],\"inLanguage\":\"cs\"}]}<\/script>\n<!-- \/ Yoast SEO plugin. -->","yoast_head_json":{"title":"Vzpom\u00ednkov\u00e9 polo\u017een\u00ed v\u011bnc\u016f u p\u0159\u00edle\u017eitosti ukon\u010den\u00ed 2. sv\u011btov\u00e9 v\u00e1lky - Fotogalerie - Praha 19","robots":{"index":"noindex","follow":"follow","max-snippet":"max-snippet:-1","max-image-preview":"max-image-preview:large","max-video-preview":"max-video-preview:-1"},"og_locale":"cs_CZ","og_type":"article","og_title":"Vzpom\u00ednkov\u00e9 polo\u017een\u00ed v\u011bnc\u016f u p\u0159\u00edle\u017eitosti ukon\u010den\u00ed 2. sv\u011btov\u00e9 v\u00e1lky - Fotogalerie - Praha 19","og_description":"5. kv\u011btna 2021 &#8211; pam\u00e1tn\u00edk p\u0159i ulici Mladoboleslavsk\u00e1 U p\u0159\u00edle\u017eitosti ukon\u010den\u00ed 2. sv\u011btov\u00e9 v\u00e1lky se dne 5. kv\u011btna 2021 se v 16.00 hodin uskute\u010dnilo vzpom\u00ednkov\u00e9 polo\u017een\u00ed v\u011bnc\u016f u pam\u00e1tn\u00edku kbelsk\u00fdch ob\u010dan\u016f, kte\u0159\u00ed polo\u017eili \u017eivot za svobodu a demokracii. Pietn\u00ed akt se konal u kbelsk\u00e9ho pam\u00e1tn\u00edku p\u0159i ul. Mladoboleslavsk\u00e9. Fotografie Michala Marela","og_url":"https:\/\/foto.praha-19.ys-beta.cz\/index.php\/rok-2021\/vzpominkove-polozeni-vencu-u-prilezitosti-ukonceni-2-svetove-valky\/","og_site_name":"Fotogalerie - Praha 19","article_modified_time":"2022-11-24T12:15:07+00:00","og_image":[{"width":683,"height":1024,"url":"https:\/\/foto.praha-19.ys-beta.cz\/app\/uploads\/2022\/11\/2021_05_05_Pokladani_vencu00-683x1024.jpg","type":"image\/jpeg"}],"twitter_card":"summary_large_image","twitter_misc":{"Est. reading time":"4 minuty"},"schema":{"@context":"https:\/\/schema.org","@graph":[{"@type":"WebPage","@id":"https:\/\/foto.praha-19.ys-beta.cz\/index.php\/rok-2021\/vzpominkove-polozeni-vencu-u-prilezitosti-ukonceni-2-svetove-valky\/","url":"https:\/\/foto.praha-19.ys-beta.cz\/index.php\/rok-2021\/vzpominkove-polozeni-vencu-u-prilezitosti-ukonceni-2-svetove-valky\/","name":"Vzpom\u00ednkov\u00e9 polo\u017een\u00ed v\u011bnc\u016f u p\u0159\u00edle\u017eitosti ukon\u010den\u00ed 2. sv\u011btov\u00e9 v\u00e1lky - Fotogalerie - Praha 19","isPartOf":{"@id":"https:\/\/foto.praha-19.ys-beta.cz\/#website"},"primaryImageOfPage":{"@id":"https:\/\/foto.praha-19.ys-beta.cz\/index.php\/rok-2021\/vzpominkove-polozeni-vencu-u-prilezitosti-ukonceni-2-svetove-valky\/#primaryimage"},"image":{"@id":"https:\/\/foto.praha-19.ys-beta.cz\/index.php\/rok-2021\/vzpominkove-polozeni-vencu-u-prilezitosti-ukonceni-2-svetove-valky\/#primaryimage"},"thumbnailUrl":"https:\/\/foto.praha-19.ys-beta.cz\/app\/uploads\/2022\/11\/2021_05_05_Pokladani_vencu00.jpg","datePublished":"2021-05-05T10:51:00+00:00","dateModified":"2022-11-24T12:15:07+00:00","breadcrumb":{"@id":"https:\/\/foto.praha-19.ys-beta.cz\/index.php\/rok-2021\/vzpominkove-polozeni-vencu-u-prilezitosti-ukonceni-2-svetove-valky\/#breadcrumb"},"inLanguage":"cs","potentialAction":[{"@type":"ReadAction","target":["https:\/\/foto.praha-19.ys-beta.cz\/index.php\/rok-2021\/vzpominkove-polozeni-vencu-u-prilezitosti-ukonceni-2-svetove-valky\/"]}]},{"@type":"ImageObject","inLanguage":"cs","@id":"https:\/\/foto.praha-19.ys-beta.cz\/index.php\/rok-2021\/vzpominkove-polozeni-vencu-u-prilezitosti-ukonceni-2-svetove-valky\/#primaryimage","url":"https:\/\/foto.praha-19.ys-beta.cz\/app\/uploads\/2022\/11\/2021_05_05_Pokladani_vencu00.jpg","contentUrl":"https:\/\/foto.praha-19.ys-beta.cz\/app\/uploads\/2022\/11\/2021_05_05_Pokladani_vencu00.jpg","width":1280,"height":1920},{"@type":"BreadcrumbList","@id":"https:\/\/foto.praha-19.ys-beta.cz\/index.php\/rok-2021\/vzpominkove-polozeni-vencu-u-prilezitosti-ukonceni-2-svetove-valky\/#breadcrumb","itemListElement":[{"@type":"ListItem","position":1,"name":"Home","item":"https:\/\/foto.praha-19.ys-beta.cz\/"},{"@type":"ListItem","position":2,"name":"Rok 2021","item":"https:\/\/foto.praha-19.ys-beta.cz\/index.php\/rok-2021\/"},{"@type":"ListItem","position":3,"name":"Vzpom\u00ednkov\u00e9 polo\u017een\u00ed v\u011bnc\u016f u p\u0159\u00edle\u017eitosti ukon\u010den\u00ed 2. sv\u011btov\u00e9 v\u00e1lky"}]},{"@type":"WebSite","@id":"https:\/\/foto.praha-19.ys-beta.cz\/#website","url":"https:\/\/foto.praha-19.ys-beta.cz\/","name":"Fotogalerie - Praha 19","description":"Fotogalerie m\u011bstsk\u00e9 \u010d\u00e1sti Praha 19","potentialAction":[{"@type":"SearchAction","target":{"@type":"EntryPoint","urlTemplate":"https:\/\/foto.praha-19.ys-beta.cz\/?s={search_term_string}"},"query-input":{"@type":"PropertyValueSpecification","valueRequired":true,"valueName":"search_term_string"}}],"inLanguage":"cs"}]}},"_links":{"self":[{"href":"https:\/\/foto.praha-19.ys-beta.cz\/index.php\/wp-json\/wp\/v2\/pages\/3350","targetHints":{"allow":["GET"]}}],"collection":[{"href":"https:\/\/foto.praha-19.ys-beta.cz\/index.php\/wp-json\/wp\/v2\/pages"}],"about":[{"href":"https:\/\/foto.praha-19.ys-beta.cz\/index.php\/wp-json\/wp\/v2\/types\/page"}],"author":[{"embeddable":true,"href":"https:\/\/foto.praha-19.ys-beta.cz\/index.php\/wp-json\/wp\/v2\/users\/6"}],"replies":[{"embeddable":true,"href":"https:\/\/foto.praha-19.ys-beta.cz\/index.php\/wp-json\/wp\/v2\/comments?post=3350"}],"version-history":[{"count":2,"href":"https:\/\/foto.praha-19.ys-beta.cz\/index.php\/wp-json\/wp\/v2\/pages\/3350\/revisions"}],"predecessor-version":[{"id":3546,"href":"https:\/\/foto.praha-19.ys-beta.cz\/index.php\/wp-json\/wp\/v2\/pages\/3350\/revisions\/3546"}],"up":[{"embeddable":true,"href":"https:\/\/foto.praha-19.ys-beta.cz\/index.php\/wp-json\/wp\/v2\/pages\/951"}],"wp:featuredmedia":[{"embeddable":true,"href":"https:\/\/foto.praha-19.ys-beta.cz\/index.php\/wp-json\/wp\/v2\/media\/3407"}],"wp:attachment":[{"href":"https:\/\/foto.praha-19.ys-beta.cz\/index.php\/wp-json\/wp\/v2\/media?parent=3350"}],"curies":[{"name":"wp","href":"https:\/\/api.w.org\/{rel}","templated":true}]}}