{"id":1751,"date":"2022-05-06T12:13:00","date_gmt":"2022-05-06T10:13:00","guid":{"rendered":"https:\/\/foto.praha-19.ys-beta.cz\/?page_id=1751"},"modified":"2022-11-22T15:21:58","modified_gmt":"2022-11-22T13:21:58","slug":"setkani-skautu-ve-kbelich","status":"publish","type":"page","link":"https:\/\/foto.praha-19.ys-beta.cz\/index.php\/rok-2022\/setkani-skautu-ve-kbelich\/","title":{"rendered":"Setk\u00e1n\u00ed skaut\u016f ve Kbel\u00edch"},"content":{"rendered":"\n<p>6. &#8211; 8. kv\u011btna &#8211; PRALES ve Kbel\u00edch<\/p>\n\n\n\n<p>Ji\u017e p\u0159ed dv\u011bma lety jsme do Kbel pozvali p\u0159es 50 skaut\u016f z r\u016fzn\u00fdch organizac\u00ed po cel\u00e9 republice (Kol\u00edn, B\u011bl\u00e1 pod Bezd\u011bzem a dal\u0161\u00ed). Proslun\u011bnou sobotu jsme s nimi str\u00e1vili proch\u00e1zkou po pam\u00e1tk\u00e1ch Kbel, va\u0159en\u00edm bu\u0159tgul\u00e1\u0161e a turnajem ve vyb\u00edjen\u00e9.<\/p>\n\n\n\n<p>Jeliko\u017e se n\u00e1m tato akce l\u00edbila, cht\u011bli jsme o rok pozd\u011bji uspo\u0159\u00e1dat n\u011bco velkolep\u011bj\u0161\u00edho, s v\u00edce \u00fa\u010dastn\u00edky a na del\u0161\u00ed dobu. Tyto pl\u00e1ny jsme v\u0161ak byli nuceni vzhledem k nep\u0159edv\u00eddateln\u00fdm ud\u00e1lostem v souvislosti s epidemi\u00ed covidu zru\u0161it.<\/p>\n\n\n\n<p>Letos jsme ale kone\u010dn\u011b mohli sv\u00e9 odv\u00e1\u017en\u00e9 n\u00e1pady zrealizovat. Akce se konala ve dnech&nbsp; 6. &#8211; 8. kv\u011btna 2022 na \u00fazem\u00ed PRALES ve Kbel\u00edch, kam n\u00e1m s p\u0159evozem materi\u00e1lu pomohla M\u010c Kbely. S rodi\u010di na\u0161ich \u010dlen\u016f jsme postavili n\u00e1dhern\u00fd t\u00e1bor, ve kter\u00e9m nechyb\u011bla slavnostn\u00ed br\u00e1na, vlajkov\u00fd sto\u017e\u00e1r, hang\u00e1r, podsadov\u00e9 stany i ohni\u0161t\u011b.<\/p>\n\n\n\n<p>P\u0159ijeli k n\u00e1m skauti ze Svazu skaut\u016f a skautek \u010cR z Jev\u00ed\u010dka, jun\u00e1ci z B\u011bl\u00e9 pod Bezd\u011bzem a dokonce i harce\u0159i z Var\u0161avy. Dohromady n\u00e1s bylo p\u0159es 60. Vz\u00e1cnou n\u00e1v\u0161t\u011bvu jsme provedli po Kbel\u00edch, uk\u00e1zali jsme skaut\u016fm mimo jin\u00e9 Ekocentrum PRALES a na\u0161i klubovnu. Po\u010das\u00ed se opravdu vyda\u0159ilo, tak\u017ee samoz\u0159ejm\u011b nechyb\u011blo va\u0159en\u00ed na ohni i hry v p\u0159\u00edrod\u011b. Ve\u010der jsme zasedli ke slavnostn\u00edmu ohni, u kter\u00e9ho jsme za doprovodu kytar zp\u00edvali \u010desk\u00e9 i polsk\u00e9 t\u00e1borov\u00e9 p\u00edsn\u011b.<\/p>\n\n\n\n<blockquote class=\"wp-block-quote is-layout-flow wp-block-quote-is-layout-flow\"><p>A co bylo vlastn\u011b to nejd\u016fle\u017eit\u011bj\u0161\u00ed? Pocit soun\u00e1le\u017eitosti a prav\u00e9ho skautsk\u00e9ho bratrstv\u00ed. V takov\u00fdch okam\u017eic\u00edch \u010dlov\u011bk teprve pochop\u00ed, jak\u00e1 je prav\u00e1 podstata skautsk\u00e9 my\u0161lenky.<\/p><\/blockquote>\n\n\n<div class='pinhole-gallery pinhole-masonry pinhole-popup items-hidden  clearfix row'><div class='pinhole-item col-xs-12 col-lg-4 col-md-4 col-sm-6  '><a class=\"item-link\" href=\"https:\/\/foto.praha-19.ys-beta.cz\/app\/uploads\/2022\/11\/IMG_6007.jpg\" data-caption=\"[]\" data-meta=\"[]\"  data-size=\"{&quot;width&quot;:750,&quot;height&quot;:1000}\" data-download=\"[]\" data-filename=\"{&quot;name&quot;:&quot;&quot;}\"><img loading=\"lazy\" decoding=\"async\" width=\"378\" height=\"504\" src=\"https:\/\/foto.praha-19.ys-beta.cz\/app\/uploads\/2022\/11\/IMG_6007-378x504.jpg\" class=\"attachment-pinhole-col-3 size-pinhole-col-3\" alt=\"\" srcset=\"https:\/\/foto.praha-19.ys-beta.cz\/app\/uploads\/2022\/11\/IMG_6007-378x504.jpg 378w, https:\/\/foto.praha-19.ys-beta.cz\/app\/uploads\/2022\/11\/IMG_6007-225x300.jpg 225w, https:\/\/foto.praha-19.ys-beta.cz\/app\/uploads\/2022\/11\/IMG_6007-582x776.jpg 582w, https:\/\/foto.praha-19.ys-beta.cz\/app\/uploads\/2022\/11\/IMG_6007-276x368.jpg 276w, https:\/\/foto.praha-19.ys-beta.cz\/app\/uploads\/2022\/11\/IMG_6007-338x450.jpg 338w, https:\/\/foto.praha-19.ys-beta.cz\/app\/uploads\/2022\/11\/IMG_6007.jpg 750w\" sizes=\"auto, (max-width: 378px) 100vw, 378px\" \/><\/a><\/div><div class='pinhole-item col-xs-12 col-lg-4 col-md-4 col-sm-6  '><a class=\"item-link\" href=\"https:\/\/foto.praha-19.ys-beta.cz\/app\/uploads\/2022\/11\/IMG_20220506_193543.jpg\" data-caption=\"[]\" data-meta=\"[]\"  data-size=\"{&quot;width&quot;:750,&quot;height&quot;:1000}\" data-download=\"[]\" data-filename=\"{&quot;name&quot;:&quot;&quot;}\"><img loading=\"lazy\" decoding=\"async\" width=\"378\" height=\"504\" src=\"https:\/\/foto.praha-19.ys-beta.cz\/app\/uploads\/2022\/11\/IMG_20220506_193543-378x504.jpg\" class=\"attachment-pinhole-col-3 size-pinhole-col-3\" alt=\"\" srcset=\"https:\/\/foto.praha-19.ys-beta.cz\/app\/uploads\/2022\/11\/IMG_20220506_193543-378x504.jpg 378w, https:\/\/foto.praha-19.ys-beta.cz\/app\/uploads\/2022\/11\/IMG_20220506_193543-225x300.jpg 225w, https:\/\/foto.praha-19.ys-beta.cz\/app\/uploads\/2022\/11\/IMG_20220506_193543-582x776.jpg 582w, https:\/\/foto.praha-19.ys-beta.cz\/app\/uploads\/2022\/11\/IMG_20220506_193543-276x368.jpg 276w, https:\/\/foto.praha-19.ys-beta.cz\/app\/uploads\/2022\/11\/IMG_20220506_193543-338x450.jpg 338w, https:\/\/foto.praha-19.ys-beta.cz\/app\/uploads\/2022\/11\/IMG_20220506_193543.jpg 750w\" sizes=\"auto, (max-width: 378px) 100vw, 378px\" \/><\/a><\/div><div class='pinhole-item col-xs-12 col-lg-4 col-md-4 col-sm-6  '><a class=\"item-link\" href=\"https:\/\/foto.praha-19.ys-beta.cz\/app\/uploads\/2022\/11\/IMG_20220507_104407.jpg\" data-caption=\"[]\" data-meta=\"[]\"  data-size=\"{&quot;width&quot;:750,&quot;height&quot;:1000}\" data-download=\"[]\" data-filename=\"{&quot;name&quot;:&quot;&quot;}\"><img loading=\"lazy\" decoding=\"async\" width=\"378\" height=\"504\" src=\"https:\/\/foto.praha-19.ys-beta.cz\/app\/uploads\/2022\/11\/IMG_20220507_104407-378x504.jpg\" class=\"attachment-pinhole-col-3 size-pinhole-col-3\" alt=\"\" srcset=\"https:\/\/foto.praha-19.ys-beta.cz\/app\/uploads\/2022\/11\/IMG_20220507_104407-378x504.jpg 378w, https:\/\/foto.praha-19.ys-beta.cz\/app\/uploads\/2022\/11\/IMG_20220507_104407-225x300.jpg 225w, https:\/\/foto.praha-19.ys-beta.cz\/app\/uploads\/2022\/11\/IMG_20220507_104407-582x776.jpg 582w, https:\/\/foto.praha-19.ys-beta.cz\/app\/uploads\/2022\/11\/IMG_20220507_104407-276x368.jpg 276w, https:\/\/foto.praha-19.ys-beta.cz\/app\/uploads\/2022\/11\/IMG_20220507_104407-338x450.jpg 338w, https:\/\/foto.praha-19.ys-beta.cz\/app\/uploads\/2022\/11\/IMG_20220507_104407.jpg 750w\" sizes=\"auto, (max-width: 378px) 100vw, 378px\" \/><\/a><\/div><div class='pinhole-item col-xs-12 col-lg-4 col-md-4 col-sm-6  '><a class=\"item-link\" href=\"https:\/\/foto.praha-19.ys-beta.cz\/app\/uploads\/2022\/11\/IMG_20220507_104350.jpg\" data-caption=\"[]\" data-meta=\"[]\"  data-size=\"{&quot;width&quot;:1000,&quot;height&quot;:750}\" data-download=\"[]\" data-filename=\"{&quot;name&quot;:&quot;&quot;}\"><img loading=\"lazy\" decoding=\"async\" width=\"378\" height=\"284\" src=\"https:\/\/foto.praha-19.ys-beta.cz\/app\/uploads\/2022\/11\/IMG_20220507_104350-378x284.jpg\" class=\"attachment-pinhole-col-3 size-pinhole-col-3\" alt=\"\" srcset=\"https:\/\/foto.praha-19.ys-beta.cz\/app\/uploads\/2022\/11\/IMG_20220507_104350-378x284.jpg 378w, https:\/\/foto.praha-19.ys-beta.cz\/app\/uploads\/2022\/11\/IMG_20220507_104350-300x225.jpg 300w, https:\/\/foto.praha-19.ys-beta.cz\/app\/uploads\/2022\/11\/IMG_20220507_104350-768x576.jpg 768w, https:\/\/foto.praha-19.ys-beta.cz\/app\/uploads\/2022\/11\/IMG_20220507_104350-582x437.jpg 582w, https:\/\/foto.praha-19.ys-beta.cz\/app\/uploads\/2022\/11\/IMG_20220507_104350-276x207.jpg 276w, https:\/\/foto.praha-19.ys-beta.cz\/app\/uploads\/2022\/11\/IMG_20220507_104350-600x450.jpg 600w, https:\/\/foto.praha-19.ys-beta.cz\/app\/uploads\/2022\/11\/IMG_20220507_104350.jpg 1000w\" sizes=\"auto, (max-width: 378px) 100vw, 378px\" \/><\/a><\/div><div class='pinhole-item col-xs-12 col-lg-4 col-md-4 col-sm-6  '><a class=\"item-link\" href=\"https:\/\/foto.praha-19.ys-beta.cz\/app\/uploads\/2022\/11\/IMG_20220507_093210.jpg\" data-caption=\"[]\" data-meta=\"[]\"  data-size=\"{&quot;width&quot;:750,&quot;height&quot;:1000}\" data-download=\"[]\" data-filename=\"{&quot;name&quot;:&quot;&quot;}\"><img loading=\"lazy\" decoding=\"async\" width=\"378\" height=\"504\" src=\"https:\/\/foto.praha-19.ys-beta.cz\/app\/uploads\/2022\/11\/IMG_20220507_093210-378x504.jpg\" class=\"attachment-pinhole-col-3 size-pinhole-col-3\" alt=\"\" srcset=\"https:\/\/foto.praha-19.ys-beta.cz\/app\/uploads\/2022\/11\/IMG_20220507_093210-378x504.jpg 378w, https:\/\/foto.praha-19.ys-beta.cz\/app\/uploads\/2022\/11\/IMG_20220507_093210-225x300.jpg 225w, https:\/\/foto.praha-19.ys-beta.cz\/app\/uploads\/2022\/11\/IMG_20220507_093210-582x776.jpg 582w, https:\/\/foto.praha-19.ys-beta.cz\/app\/uploads\/2022\/11\/IMG_20220507_093210-276x368.jpg 276w, https:\/\/foto.praha-19.ys-beta.cz\/app\/uploads\/2022\/11\/IMG_20220507_093210-338x450.jpg 338w, https:\/\/foto.praha-19.ys-beta.cz\/app\/uploads\/2022\/11\/IMG_20220507_093210.jpg 750w\" sizes=\"auto, (max-width: 378px) 100vw, 378px\" \/><\/a><\/div><div class='pinhole-item col-xs-12 col-lg-4 col-md-4 col-sm-6  '><a class=\"item-link\" href=\"https:\/\/foto.praha-19.ys-beta.cz\/app\/uploads\/2022\/11\/IMG_20220507_093053.jpg\" data-caption=\"[]\" data-meta=\"[]\"  data-size=\"{&quot;width&quot;:750,&quot;height&quot;:1000}\" data-download=\"[]\" data-filename=\"{&quot;name&quot;:&quot;&quot;}\"><img loading=\"lazy\" decoding=\"async\" width=\"378\" height=\"504\" src=\"https:\/\/foto.praha-19.ys-beta.cz\/app\/uploads\/2022\/11\/IMG_20220507_093053-378x504.jpg\" class=\"attachment-pinhole-col-3 size-pinhole-col-3\" alt=\"\" srcset=\"https:\/\/foto.praha-19.ys-beta.cz\/app\/uploads\/2022\/11\/IMG_20220507_093053-378x504.jpg 378w, https:\/\/foto.praha-19.ys-beta.cz\/app\/uploads\/2022\/11\/IMG_20220507_093053-225x300.jpg 225w, https:\/\/foto.praha-19.ys-beta.cz\/app\/uploads\/2022\/11\/IMG_20220507_093053-582x776.jpg 582w, https:\/\/foto.praha-19.ys-beta.cz\/app\/uploads\/2022\/11\/IMG_20220507_093053-276x368.jpg 276w, https:\/\/foto.praha-19.ys-beta.cz\/app\/uploads\/2022\/11\/IMG_20220507_093053-338x450.jpg 338w, https:\/\/foto.praha-19.ys-beta.cz\/app\/uploads\/2022\/11\/IMG_20220507_093053.jpg 750w\" sizes=\"auto, (max-width: 378px) 100vw, 378px\" \/><\/a><\/div><div class='pinhole-item col-xs-12 col-lg-4 col-md-4 col-sm-6  '><a class=\"item-link\" href=\"https:\/\/foto.praha-19.ys-beta.cz\/app\/uploads\/2022\/11\/IMG_20220507_100555.jpg\" data-caption=\"[]\" data-meta=\"[]\"  data-size=\"{&quot;width&quot;:1000,&quot;height&quot;:750}\" data-download=\"[]\" data-filename=\"{&quot;name&quot;:&quot;&quot;}\"><img loading=\"lazy\" decoding=\"async\" width=\"378\" height=\"284\" src=\"https:\/\/foto.praha-19.ys-beta.cz\/app\/uploads\/2022\/11\/IMG_20220507_100555-378x284.jpg\" class=\"attachment-pinhole-col-3 size-pinhole-col-3\" alt=\"\" srcset=\"https:\/\/foto.praha-19.ys-beta.cz\/app\/uploads\/2022\/11\/IMG_20220507_100555-378x284.jpg 378w, https:\/\/foto.praha-19.ys-beta.cz\/app\/uploads\/2022\/11\/IMG_20220507_100555-300x225.jpg 300w, https:\/\/foto.praha-19.ys-beta.cz\/app\/uploads\/2022\/11\/IMG_20220507_100555-768x576.jpg 768w, https:\/\/foto.praha-19.ys-beta.cz\/app\/uploads\/2022\/11\/IMG_20220507_100555-582x437.jpg 582w, https:\/\/foto.praha-19.ys-beta.cz\/app\/uploads\/2022\/11\/IMG_20220507_100555-276x207.jpg 276w, https:\/\/foto.praha-19.ys-beta.cz\/app\/uploads\/2022\/11\/IMG_20220507_100555-600x450.jpg 600w, https:\/\/foto.praha-19.ys-beta.cz\/app\/uploads\/2022\/11\/IMG_20220507_100555.jpg 1000w\" sizes=\"auto, (max-width: 378px) 100vw, 378px\" \/><\/a><\/div><div class='pinhole-item col-xs-12 col-lg-4 col-md-4 col-sm-6  '><a class=\"item-link\" href=\"https:\/\/foto.praha-19.ys-beta.cz\/app\/uploads\/2022\/11\/IMG_20220507_085234.jpg\" data-caption=\"[]\" data-meta=\"[]\"  data-size=\"{&quot;width&quot;:750,&quot;height&quot;:1000}\" data-download=\"[]\" data-filename=\"{&quot;name&quot;:&quot;&quot;}\"><img loading=\"lazy\" decoding=\"async\" width=\"378\" height=\"504\" src=\"https:\/\/foto.praha-19.ys-beta.cz\/app\/uploads\/2022\/11\/IMG_20220507_085234-378x504.jpg\" class=\"attachment-pinhole-col-3 size-pinhole-col-3\" alt=\"\" srcset=\"https:\/\/foto.praha-19.ys-beta.cz\/app\/uploads\/2022\/11\/IMG_20220507_085234-378x504.jpg 378w, https:\/\/foto.praha-19.ys-beta.cz\/app\/uploads\/2022\/11\/IMG_20220507_085234-225x300.jpg 225w, https:\/\/foto.praha-19.ys-beta.cz\/app\/uploads\/2022\/11\/IMG_20220507_085234-582x776.jpg 582w, https:\/\/foto.praha-19.ys-beta.cz\/app\/uploads\/2022\/11\/IMG_20220507_085234-276x368.jpg 276w, https:\/\/foto.praha-19.ys-beta.cz\/app\/uploads\/2022\/11\/IMG_20220507_085234-338x450.jpg 338w, https:\/\/foto.praha-19.ys-beta.cz\/app\/uploads\/2022\/11\/IMG_20220507_085234.jpg 750w\" sizes=\"auto, (max-width: 378px) 100vw, 378px\" \/><\/a><\/div><div class='pinhole-item col-xs-12 col-lg-4 col-md-4 col-sm-6  '><a class=\"item-link\" href=\"https:\/\/foto.praha-19.ys-beta.cz\/app\/uploads\/2022\/11\/IMG_20220506_200715.jpg\" data-caption=\"[]\" data-meta=\"[]\"  data-size=\"{&quot;width&quot;:1000,&quot;height&quot;:750}\" data-download=\"[]\" data-filename=\"{&quot;name&quot;:&quot;&quot;}\"><img loading=\"lazy\" decoding=\"async\" width=\"378\" height=\"284\" src=\"https:\/\/foto.praha-19.ys-beta.cz\/app\/uploads\/2022\/11\/IMG_20220506_200715-378x284.jpg\" class=\"attachment-pinhole-col-3 size-pinhole-col-3\" alt=\"\" srcset=\"https:\/\/foto.praha-19.ys-beta.cz\/app\/uploads\/2022\/11\/IMG_20220506_200715-378x284.jpg 378w, https:\/\/foto.praha-19.ys-beta.cz\/app\/uploads\/2022\/11\/IMG_20220506_200715-300x225.jpg 300w, https:\/\/foto.praha-19.ys-beta.cz\/app\/uploads\/2022\/11\/IMG_20220506_200715-768x576.jpg 768w, https:\/\/foto.praha-19.ys-beta.cz\/app\/uploads\/2022\/11\/IMG_20220506_200715-582x437.jpg 582w, https:\/\/foto.praha-19.ys-beta.cz\/app\/uploads\/2022\/11\/IMG_20220506_200715-276x207.jpg 276w, https:\/\/foto.praha-19.ys-beta.cz\/app\/uploads\/2022\/11\/IMG_20220506_200715-600x450.jpg 600w, https:\/\/foto.praha-19.ys-beta.cz\/app\/uploads\/2022\/11\/IMG_20220506_200715.jpg 1000w\" sizes=\"auto, (max-width: 378px) 100vw, 378px\" \/><\/a><\/div><div class='pinhole-item col-xs-12 col-lg-4 col-md-4 col-sm-6  '><a class=\"item-link\" href=\"https:\/\/foto.praha-19.ys-beta.cz\/app\/uploads\/2022\/11\/IMG_20220506_195427.jpg\" data-caption=\"[]\" data-meta=\"[]\"  data-size=\"{&quot;width&quot;:1000,&quot;height&quot;:750}\" data-download=\"[]\" data-filename=\"{&quot;name&quot;:&quot;&quot;}\"><img loading=\"lazy\" decoding=\"async\" width=\"378\" height=\"284\" src=\"https:\/\/foto.praha-19.ys-beta.cz\/app\/uploads\/2022\/11\/IMG_20220506_195427-378x284.jpg\" class=\"attachment-pinhole-col-3 size-pinhole-col-3\" alt=\"\" srcset=\"https:\/\/foto.praha-19.ys-beta.cz\/app\/uploads\/2022\/11\/IMG_20220506_195427-378x284.jpg 378w, https:\/\/foto.praha-19.ys-beta.cz\/app\/uploads\/2022\/11\/IMG_20220506_195427-300x225.jpg 300w, https:\/\/foto.praha-19.ys-beta.cz\/app\/uploads\/2022\/11\/IMG_20220506_195427-768x576.jpg 768w, https:\/\/foto.praha-19.ys-beta.cz\/app\/uploads\/2022\/11\/IMG_20220506_195427-582x437.jpg 582w, https:\/\/foto.praha-19.ys-beta.cz\/app\/uploads\/2022\/11\/IMG_20220506_195427-276x207.jpg 276w, https:\/\/foto.praha-19.ys-beta.cz\/app\/uploads\/2022\/11\/IMG_20220506_195427-600x450.jpg 600w, https:\/\/foto.praha-19.ys-beta.cz\/app\/uploads\/2022\/11\/IMG_20220506_195427.jpg 1000w\" sizes=\"auto, (max-width: 378px) 100vw, 378px\" \/><\/a><\/div><div class='pinhole-item col-xs-12 col-lg-4 col-md-4 col-sm-6  '><a class=\"item-link\" href=\"https:\/\/foto.praha-19.ys-beta.cz\/app\/uploads\/2022\/11\/1_IMG_20220507_202137.jpg\" data-caption=\"[]\" data-meta=\"[]\"  data-size=\"{&quot;width&quot;:1000,&quot;height&quot;:750}\" data-download=\"[]\" data-filename=\"{&quot;name&quot;:&quot;&quot;}\"><img loading=\"lazy\" decoding=\"async\" width=\"378\" height=\"284\" src=\"https:\/\/foto.praha-19.ys-beta.cz\/app\/uploads\/2022\/11\/1_IMG_20220507_202137-378x284.jpg\" class=\"attachment-pinhole-col-3 size-pinhole-col-3\" alt=\"\" srcset=\"https:\/\/foto.praha-19.ys-beta.cz\/app\/uploads\/2022\/11\/1_IMG_20220507_202137-378x284.jpg 378w, https:\/\/foto.praha-19.ys-beta.cz\/app\/uploads\/2022\/11\/1_IMG_20220507_202137-300x225.jpg 300w, https:\/\/foto.praha-19.ys-beta.cz\/app\/uploads\/2022\/11\/1_IMG_20220507_202137-768x576.jpg 768w, https:\/\/foto.praha-19.ys-beta.cz\/app\/uploads\/2022\/11\/1_IMG_20220507_202137-582x437.jpg 582w, https:\/\/foto.praha-19.ys-beta.cz\/app\/uploads\/2022\/11\/1_IMG_20220507_202137-276x207.jpg 276w, https:\/\/foto.praha-19.ys-beta.cz\/app\/uploads\/2022\/11\/1_IMG_20220507_202137-600x450.jpg 600w, https:\/\/foto.praha-19.ys-beta.cz\/app\/uploads\/2022\/11\/1_IMG_20220507_202137.jpg 1000w\" sizes=\"auto, (max-width: 378px) 100vw, 378px\" \/><\/a><\/div><div class='pinhole-item col-xs-12 col-lg-4 col-md-4 col-sm-6  '><a class=\"item-link\" href=\"https:\/\/foto.praha-19.ys-beta.cz\/app\/uploads\/2022\/11\/IMG_6017.jpg\" data-caption=\"[]\" data-meta=\"[]\"  data-size=\"{&quot;width&quot;:1000,&quot;height&quot;:750}\" data-download=\"[]\" data-filename=\"{&quot;name&quot;:&quot;&quot;}\"><img loading=\"lazy\" decoding=\"async\" width=\"378\" height=\"284\" src=\"https:\/\/foto.praha-19.ys-beta.cz\/app\/uploads\/2022\/11\/IMG_6017-378x284.jpg\" class=\"attachment-pinhole-col-3 size-pinhole-col-3\" alt=\"\" srcset=\"https:\/\/foto.praha-19.ys-beta.cz\/app\/uploads\/2022\/11\/IMG_6017-378x284.jpg 378w, https:\/\/foto.praha-19.ys-beta.cz\/app\/uploads\/2022\/11\/IMG_6017-300x225.jpg 300w, https:\/\/foto.praha-19.ys-beta.cz\/app\/uploads\/2022\/11\/IMG_6017-768x576.jpg 768w, https:\/\/foto.praha-19.ys-beta.cz\/app\/uploads\/2022\/11\/IMG_6017-582x437.jpg 582w, https:\/\/foto.praha-19.ys-beta.cz\/app\/uploads\/2022\/11\/IMG_6017-276x207.jpg 276w, https:\/\/foto.praha-19.ys-beta.cz\/app\/uploads\/2022\/11\/IMG_6017-600x450.jpg 600w, https:\/\/foto.praha-19.ys-beta.cz\/app\/uploads\/2022\/11\/IMG_6017.jpg 1000w\" sizes=\"auto, (max-width: 378px) 100vw, 378px\" \/><\/a><\/div><div class='pinhole-item col-xs-12 col-lg-4 col-md-4 col-sm-6  '><a class=\"item-link\" href=\"https:\/\/foto.praha-19.ys-beta.cz\/app\/uploads\/2022\/11\/IMG_6015.jpg\" data-caption=\"[]\" data-meta=\"[]\"  data-size=\"{&quot;width&quot;:1000,&quot;height&quot;:750}\" data-download=\"[]\" data-filename=\"{&quot;name&quot;:&quot;&quot;}\"><img loading=\"lazy\" decoding=\"async\" width=\"378\" height=\"284\" src=\"https:\/\/foto.praha-19.ys-beta.cz\/app\/uploads\/2022\/11\/IMG_6015-378x284.jpg\" class=\"attachment-pinhole-col-3 size-pinhole-col-3\" alt=\"\" srcset=\"https:\/\/foto.praha-19.ys-beta.cz\/app\/uploads\/2022\/11\/IMG_6015-378x284.jpg 378w, https:\/\/foto.praha-19.ys-beta.cz\/app\/uploads\/2022\/11\/IMG_6015-300x225.jpg 300w, https:\/\/foto.praha-19.ys-beta.cz\/app\/uploads\/2022\/11\/IMG_6015-768x576.jpg 768w, https:\/\/foto.praha-19.ys-beta.cz\/app\/uploads\/2022\/11\/IMG_6015-582x437.jpg 582w, https:\/\/foto.praha-19.ys-beta.cz\/app\/uploads\/2022\/11\/IMG_6015-276x207.jpg 276w, https:\/\/foto.praha-19.ys-beta.cz\/app\/uploads\/2022\/11\/IMG_6015-600x450.jpg 600w, https:\/\/foto.praha-19.ys-beta.cz\/app\/uploads\/2022\/11\/IMG_6015.jpg 1000w\" sizes=\"auto, (max-width: 378px) 100vw, 378px\" \/><\/a><\/div><div class='pinhole-item col-xs-12 col-lg-4 col-md-4 col-sm-6  '><a class=\"item-link\" href=\"https:\/\/foto.praha-19.ys-beta.cz\/app\/uploads\/2022\/11\/IMG_6006.jpg\" data-caption=\"[]\" data-meta=\"[]\"  data-size=\"{&quot;width&quot;:1000,&quot;height&quot;:750}\" data-download=\"[]\" data-filename=\"{&quot;name&quot;:&quot;&quot;}\"><img loading=\"lazy\" decoding=\"async\" width=\"378\" height=\"284\" src=\"https:\/\/foto.praha-19.ys-beta.cz\/app\/uploads\/2022\/11\/IMG_6006-378x284.jpg\" class=\"attachment-pinhole-col-3 size-pinhole-col-3\" alt=\"\" srcset=\"https:\/\/foto.praha-19.ys-beta.cz\/app\/uploads\/2022\/11\/IMG_6006-378x284.jpg 378w, https:\/\/foto.praha-19.ys-beta.cz\/app\/uploads\/2022\/11\/IMG_6006-300x225.jpg 300w, https:\/\/foto.praha-19.ys-beta.cz\/app\/uploads\/2022\/11\/IMG_6006-768x576.jpg 768w, https:\/\/foto.praha-19.ys-beta.cz\/app\/uploads\/2022\/11\/IMG_6006-582x437.jpg 582w, https:\/\/foto.praha-19.ys-beta.cz\/app\/uploads\/2022\/11\/IMG_6006-276x207.jpg 276w, https:\/\/foto.praha-19.ys-beta.cz\/app\/uploads\/2022\/11\/IMG_6006-600x450.jpg 600w, https:\/\/foto.praha-19.ys-beta.cz\/app\/uploads\/2022\/11\/IMG_6006.jpg 1000w\" sizes=\"auto, (max-width: 378px) 100vw, 378px\" \/><\/a><\/div><div class='pinhole-item col-xs-12 col-lg-4 col-md-4 col-sm-6  '><a class=\"item-link\" href=\"https:\/\/foto.praha-19.ys-beta.cz\/app\/uploads\/2022\/11\/IMG_20220507_200436.jpg\" data-caption=\"[]\" data-meta=\"[]\"  data-size=\"{&quot;width&quot;:1000,&quot;height&quot;:750}\" data-download=\"[]\" data-filename=\"{&quot;name&quot;:&quot;&quot;}\"><img loading=\"lazy\" decoding=\"async\" width=\"378\" height=\"284\" src=\"https:\/\/foto.praha-19.ys-beta.cz\/app\/uploads\/2022\/11\/IMG_20220507_200436-378x284.jpg\" class=\"attachment-pinhole-col-3 size-pinhole-col-3\" alt=\"\" srcset=\"https:\/\/foto.praha-19.ys-beta.cz\/app\/uploads\/2022\/11\/IMG_20220507_200436-378x284.jpg 378w, https:\/\/foto.praha-19.ys-beta.cz\/app\/uploads\/2022\/11\/IMG_20220507_200436-300x225.jpg 300w, https:\/\/foto.praha-19.ys-beta.cz\/app\/uploads\/2022\/11\/IMG_20220507_200436-768x576.jpg 768w, https:\/\/foto.praha-19.ys-beta.cz\/app\/uploads\/2022\/11\/IMG_20220507_200436-582x437.jpg 582w, https:\/\/foto.praha-19.ys-beta.cz\/app\/uploads\/2022\/11\/IMG_20220507_200436-276x207.jpg 276w, https:\/\/foto.praha-19.ys-beta.cz\/app\/uploads\/2022\/11\/IMG_20220507_200436-600x450.jpg 600w, https:\/\/foto.praha-19.ys-beta.cz\/app\/uploads\/2022\/11\/IMG_20220507_200436.jpg 1000w\" sizes=\"auto, (max-width: 378px) 100vw, 378px\" \/><\/a><\/div><div class='pinhole-item col-xs-12 col-lg-4 col-md-4 col-sm-6  '><a class=\"item-link\" href=\"https:\/\/foto.praha-19.ys-beta.cz\/app\/uploads\/2022\/11\/IMG20220507200248.jpg\" data-caption=\"[]\" data-meta=\"[]\"  data-size=\"{&quot;width&quot;:1000,&quot;height&quot;:750}\" data-download=\"[]\" data-filename=\"{&quot;name&quot;:&quot;&quot;}\"><img loading=\"lazy\" decoding=\"async\" width=\"378\" height=\"284\" src=\"https:\/\/foto.praha-19.ys-beta.cz\/app\/uploads\/2022\/11\/IMG20220507200248-378x284.jpg\" class=\"attachment-pinhole-col-3 size-pinhole-col-3\" alt=\"\" srcset=\"https:\/\/foto.praha-19.ys-beta.cz\/app\/uploads\/2022\/11\/IMG20220507200248-378x284.jpg 378w, https:\/\/foto.praha-19.ys-beta.cz\/app\/uploads\/2022\/11\/IMG20220507200248-300x225.jpg 300w, https:\/\/foto.praha-19.ys-beta.cz\/app\/uploads\/2022\/11\/IMG20220507200248-768x576.jpg 768w, https:\/\/foto.praha-19.ys-beta.cz\/app\/uploads\/2022\/11\/IMG20220507200248-582x437.jpg 582w, https:\/\/foto.praha-19.ys-beta.cz\/app\/uploads\/2022\/11\/IMG20220507200248-276x207.jpg 276w, https:\/\/foto.praha-19.ys-beta.cz\/app\/uploads\/2022\/11\/IMG20220507200248-600x450.jpg 600w, https:\/\/foto.praha-19.ys-beta.cz\/app\/uploads\/2022\/11\/IMG20220507200248.jpg 1000w\" sizes=\"auto, (max-width: 378px) 100vw, 378px\" \/><\/a><\/div><div class='pinhole-item col-xs-12 col-lg-4 col-md-4 col-sm-6  '><a class=\"item-link\" href=\"https:\/\/foto.praha-19.ys-beta.cz\/app\/uploads\/2022\/11\/IMG20220507200253.jpg\" data-caption=\"[]\" data-meta=\"[]\"  data-size=\"{&quot;width&quot;:1000,&quot;height&quot;:750}\" data-download=\"[]\" data-filename=\"{&quot;name&quot;:&quot;&quot;}\"><img loading=\"lazy\" decoding=\"async\" width=\"378\" height=\"284\" src=\"https:\/\/foto.praha-19.ys-beta.cz\/app\/uploads\/2022\/11\/IMG20220507200253-378x284.jpg\" class=\"attachment-pinhole-col-3 size-pinhole-col-3\" alt=\"\" srcset=\"https:\/\/foto.praha-19.ys-beta.cz\/app\/uploads\/2022\/11\/IMG20220507200253-378x284.jpg 378w, https:\/\/foto.praha-19.ys-beta.cz\/app\/uploads\/2022\/11\/IMG20220507200253-300x225.jpg 300w, https:\/\/foto.praha-19.ys-beta.cz\/app\/uploads\/2022\/11\/IMG20220507200253-768x576.jpg 768w, https:\/\/foto.praha-19.ys-beta.cz\/app\/uploads\/2022\/11\/IMG20220507200253-582x437.jpg 582w, https:\/\/foto.praha-19.ys-beta.cz\/app\/uploads\/2022\/11\/IMG20220507200253-276x207.jpg 276w, https:\/\/foto.praha-19.ys-beta.cz\/app\/uploads\/2022\/11\/IMG20220507200253-600x450.jpg 600w, https:\/\/foto.praha-19.ys-beta.cz\/app\/uploads\/2022\/11\/IMG20220507200253.jpg 1000w\" sizes=\"auto, (max-width: 378px) 100vw, 378px\" \/><\/a><\/div><div class='pinhole-item col-xs-12 col-lg-4 col-md-4 col-sm-6  '><a class=\"item-link\" href=\"https:\/\/foto.praha-19.ys-beta.cz\/app\/uploads\/2022\/11\/IMG20220507200502.jpg\" data-caption=\"[]\" data-meta=\"[]\"  data-size=\"{&quot;width&quot;:1000,&quot;height&quot;:750}\" data-download=\"[]\" data-filename=\"{&quot;name&quot;:&quot;&quot;}\"><img loading=\"lazy\" decoding=\"async\" width=\"378\" height=\"284\" src=\"https:\/\/foto.praha-19.ys-beta.cz\/app\/uploads\/2022\/11\/IMG20220507200502-378x284.jpg\" class=\"attachment-pinhole-col-3 size-pinhole-col-3\" alt=\"\" srcset=\"https:\/\/foto.praha-19.ys-beta.cz\/app\/uploads\/2022\/11\/IMG20220507200502-378x284.jpg 378w, https:\/\/foto.praha-19.ys-beta.cz\/app\/uploads\/2022\/11\/IMG20220507200502-300x225.jpg 300w, https:\/\/foto.praha-19.ys-beta.cz\/app\/uploads\/2022\/11\/IMG20220507200502-768x576.jpg 768w, https:\/\/foto.praha-19.ys-beta.cz\/app\/uploads\/2022\/11\/IMG20220507200502-582x437.jpg 582w, https:\/\/foto.praha-19.ys-beta.cz\/app\/uploads\/2022\/11\/IMG20220507200502-276x207.jpg 276w, https:\/\/foto.praha-19.ys-beta.cz\/app\/uploads\/2022\/11\/IMG20220507200502-600x450.jpg 600w, https:\/\/foto.praha-19.ys-beta.cz\/app\/uploads\/2022\/11\/IMG20220507200502.jpg 1000w\" sizes=\"auto, (max-width: 378px) 100vw, 378px\" \/><\/a><\/div><div class='pinhole-item col-xs-12 col-lg-4 col-md-4 col-sm-6  '><a class=\"item-link\" href=\"https:\/\/foto.praha-19.ys-beta.cz\/app\/uploads\/2022\/11\/IMG20220507200514.jpg\" data-caption=\"[]\" data-meta=\"[]\"  data-size=\"{&quot;width&quot;:1000,&quot;height&quot;:750}\" data-download=\"[]\" data-filename=\"{&quot;name&quot;:&quot;&quot;}\"><img loading=\"lazy\" decoding=\"async\" width=\"378\" height=\"284\" src=\"https:\/\/foto.praha-19.ys-beta.cz\/app\/uploads\/2022\/11\/IMG20220507200514-378x284.jpg\" class=\"attachment-pinhole-col-3 size-pinhole-col-3\" alt=\"\" srcset=\"https:\/\/foto.praha-19.ys-beta.cz\/app\/uploads\/2022\/11\/IMG20220507200514-378x284.jpg 378w, https:\/\/foto.praha-19.ys-beta.cz\/app\/uploads\/2022\/11\/IMG20220507200514-300x225.jpg 300w, https:\/\/foto.praha-19.ys-beta.cz\/app\/uploads\/2022\/11\/IMG20220507200514-768x576.jpg 768w, https:\/\/foto.praha-19.ys-beta.cz\/app\/uploads\/2022\/11\/IMG20220507200514-582x437.jpg 582w, https:\/\/foto.praha-19.ys-beta.cz\/app\/uploads\/2022\/11\/IMG20220507200514-276x207.jpg 276w, https:\/\/foto.praha-19.ys-beta.cz\/app\/uploads\/2022\/11\/IMG20220507200514-600x450.jpg 600w, https:\/\/foto.praha-19.ys-beta.cz\/app\/uploads\/2022\/11\/IMG20220507200514.jpg 1000w\" sizes=\"auto, (max-width: 378px) 100vw, 378px\" \/><\/a><\/div><div class='pinhole-item col-xs-12 col-lg-4 col-md-4 col-sm-6  '><a class=\"item-link\" href=\"https:\/\/foto.praha-19.ys-beta.cz\/app\/uploads\/2022\/11\/Taborovy-rad.docx-1359x1920.jpg\" data-caption=\"[]\" data-meta=\"[]\"  data-size=\"{&quot;width&quot;:1359,&quot;height&quot;:1920}\" data-download=\"[]\" data-filename=\"{&quot;name&quot;:&quot;&quot;}\"><img loading=\"lazy\" decoding=\"async\" width=\"378\" height=\"534\" src=\"https:\/\/foto.praha-19.ys-beta.cz\/app\/uploads\/2022\/11\/Taborovy-rad.docx-378x534.jpg\" class=\"attachment-pinhole-col-3 size-pinhole-col-3\" alt=\"\" srcset=\"https:\/\/foto.praha-19.ys-beta.cz\/app\/uploads\/2022\/11\/Taborovy-rad.docx-378x534.jpg 378w, https:\/\/foto.praha-19.ys-beta.cz\/app\/uploads\/2022\/11\/Taborovy-rad.docx-212x300.jpg 212w, https:\/\/foto.praha-19.ys-beta.cz\/app\/uploads\/2022\/11\/Taborovy-rad.docx-725x1024.jpg 725w, https:\/\/foto.praha-19.ys-beta.cz\/app\/uploads\/2022\/11\/Taborovy-rad.docx-768x1085.jpg 768w, https:\/\/foto.praha-19.ys-beta.cz\/app\/uploads\/2022\/11\/Taborovy-rad.docx-1087x1536.jpg 1087w, https:\/\/foto.praha-19.ys-beta.cz\/app\/uploads\/2022\/11\/Taborovy-rad.docx-1450x2048.jpg 1450w, https:\/\/foto.praha-19.ys-beta.cz\/app\/uploads\/2022\/11\/Taborovy-rad.docx-1194x1686.jpg 1194w, https:\/\/foto.praha-19.ys-beta.cz\/app\/uploads\/2022\/11\/Taborovy-rad.docx-582x822.jpg 582w, https:\/\/foto.praha-19.ys-beta.cz\/app\/uploads\/2022\/11\/Taborovy-rad.docx-276x390.jpg 276w, https:\/\/foto.praha-19.ys-beta.cz\/app\/uploads\/2022\/11\/Taborovy-rad.docx-319x450.jpg 319w, https:\/\/foto.praha-19.ys-beta.cz\/app\/uploads\/2022\/11\/Taborovy-rad.docx-1359x1920.jpg 1359w, https:\/\/foto.praha-19.ys-beta.cz\/app\/uploads\/2022\/11\/Taborovy-rad.docx.jpg 1656w\" sizes=\"auto, (max-width: 378px) 100vw, 378px\" \/><\/a><\/div><div class='pinhole-item col-xs-12 col-lg-4 col-md-4 col-sm-6  '><a class=\"item-link\" href=\"https:\/\/foto.praha-19.ys-beta.cz\/app\/uploads\/2022\/11\/xImage-1.png\" data-caption=\"[]\" data-meta=\"[]\"  data-size=\"{&quot;width&quot;:745,&quot;height&quot;:1007}\" data-download=\"[]\" data-filename=\"{&quot;name&quot;:&quot;&quot;}\"><img loading=\"lazy\" decoding=\"async\" width=\"378\" height=\"511\" src=\"https:\/\/foto.praha-19.ys-beta.cz\/app\/uploads\/2022\/11\/xImage-1-378x511.png\" class=\"attachment-pinhole-col-3 size-pinhole-col-3\" alt=\"\" srcset=\"https:\/\/foto.praha-19.ys-beta.cz\/app\/uploads\/2022\/11\/xImage-1-378x511.png 378w, https:\/\/foto.praha-19.ys-beta.cz\/app\/uploads\/2022\/11\/xImage-1-222x300.png 222w, https:\/\/foto.praha-19.ys-beta.cz\/app\/uploads\/2022\/11\/xImage-1-582x787.png 582w, https:\/\/foto.praha-19.ys-beta.cz\/app\/uploads\/2022\/11\/xImage-1-276x373.png 276w, https:\/\/foto.praha-19.ys-beta.cz\/app\/uploads\/2022\/11\/xImage-1-333x450.png 333w, https:\/\/foto.praha-19.ys-beta.cz\/app\/uploads\/2022\/11\/xImage-1.png 745w\" sizes=\"auto, (max-width: 378px) 100vw, 378px\" \/><\/a><\/div><div class='pinhole-item col-xs-12 col-lg-4 col-md-4 col-sm-6  '><a class=\"item-link\" href=\"https:\/\/foto.praha-19.ys-beta.cz\/app\/uploads\/2022\/11\/xplajat-2.jpg\" data-caption=\"[]\" data-meta=\"[]\"  data-size=\"{&quot;width&quot;:552,&quot;height&quot;:781}\" data-download=\"[]\" data-filename=\"{&quot;name&quot;:&quot;&quot;}\"><img loading=\"lazy\" decoding=\"async\" width=\"378\" height=\"535\" src=\"https:\/\/foto.praha-19.ys-beta.cz\/app\/uploads\/2022\/11\/xplajat-2-378x535.jpg\" class=\"attachment-pinhole-col-3 size-pinhole-col-3\" alt=\"\" srcset=\"https:\/\/foto.praha-19.ys-beta.cz\/app\/uploads\/2022\/11\/xplajat-2-378x535.jpg 378w, https:\/\/foto.praha-19.ys-beta.cz\/app\/uploads\/2022\/11\/xplajat-2-212x300.jpg 212w, https:\/\/foto.praha-19.ys-beta.cz\/app\/uploads\/2022\/11\/xplajat-2-276x391.jpg 276w, https:\/\/foto.praha-19.ys-beta.cz\/app\/uploads\/2022\/11\/xplajat-2-318x450.jpg 318w, https:\/\/foto.praha-19.ys-beta.cz\/app\/uploads\/2022\/11\/xplajat-2.jpg 552w\" sizes=\"auto, (max-width: 378px) 100vw, 378px\" \/><\/a><\/div>\n\t\t<\/div>\n","protected":false},"excerpt":{"rendered":"<p>6. &#8211; 8. kv\u011btna &#8211; PRALES ve Kbel\u00edch Ji\u017e p\u0159ed dv\u011bma lety jsme do Kbel pozvali p\u0159es 50 skaut\u016f z r\u016fzn\u00fdch organizac\u00ed po cel\u00e9 republice (Kol\u00edn, B\u011bl\u00e1 pod Bezd\u011bzem a dal\u0161\u00ed). Proslun\u011bnou sobotu jsme s nimi str\u00e1vili proch\u00e1zkou po pam\u00e1tk\u00e1ch Kbel, va\u0159en\u00edm bu\u0159tgul\u00e1\u0161e a turnajem ve vyb\u00edjen\u00e9. Jeliko\u017e se n\u00e1m tato akce l\u00edbila, cht\u011bli jsme [&hellip;]<\/p>\n","protected":false},"author":6,"featured_media":2098,"parent":963,"menu_order":96,"comment_status":"closed","ping_status":"closed","template":"template-galleries.php","meta":{"footnotes":""},"class_list":["post-1751","page","type-page","status-publish","has-post-thumbnail","hentry"],"yoast_head":"<!-- This site is optimized with the Yoast SEO plugin v27.2 - https:\/\/yoast.com\/product\/yoast-seo-wordpress\/ -->\n<title>Setk\u00e1n\u00ed skaut\u016f ve Kbel\u00edch - Fotogalerie - Praha 19<\/title>\n<meta name=\"robots\" content=\"noindex, follow, max-snippet:-1, max-image-preview:large, max-video-preview:-1\" \/>\n<meta property=\"og:locale\" content=\"cs_CZ\" \/>\n<meta property=\"og:type\" content=\"article\" \/>\n<meta property=\"og:title\" content=\"Setk\u00e1n\u00ed skaut\u016f ve Kbel\u00edch - Fotogalerie - Praha 19\" \/>\n<meta property=\"og:description\" content=\"6. &#8211; 8. kv\u011btna &#8211; PRALES ve Kbel\u00edch Ji\u017e p\u0159ed dv\u011bma lety jsme do Kbel pozvali p\u0159es 50 skaut\u016f z r\u016fzn\u00fdch organizac\u00ed po cel\u00e9 republice (Kol\u00edn, B\u011bl\u00e1 pod Bezd\u011bzem a dal\u0161\u00ed). Proslun\u011bnou sobotu jsme s nimi str\u00e1vili proch\u00e1zkou po pam\u00e1tk\u00e1ch Kbel, va\u0159en\u00edm bu\u0159tgul\u00e1\u0161e a turnajem ve vyb\u00edjen\u00e9. Jeliko\u017e se n\u00e1m tato akce l\u00edbila, cht\u011bli jsme [&hellip;]\" \/>\n<meta property=\"og:url\" content=\"https:\/\/foto.praha-19.ys-beta.cz\/index.php\/rok-2022\/setkani-skautu-ve-kbelich\/\" \/>\n<meta property=\"og:site_name\" content=\"Fotogalerie - Praha 19\" \/>\n<meta property=\"article:modified_time\" content=\"2022-11-22T13:21:58+00:00\" \/>\n<meta property=\"og:image\" content=\"https:\/\/foto.praha-19.ys-beta.cz\/app\/uploads\/2022\/11\/1_IMG_20220507_093210.jpg\" \/>\n\t<meta property=\"og:image:width\" content=\"750\" \/>\n\t<meta property=\"og:image:height\" content=\"1000\" \/>\n\t<meta property=\"og:image:type\" content=\"image\/jpeg\" \/>\n<meta name=\"twitter:card\" content=\"summary_large_image\" \/>\n<meta name=\"twitter:label1\" content=\"Est. reading time\" \/>\n\t<meta name=\"twitter:data1\" content=\"6 minut\" \/>\n<script type=\"application\/ld+json\" class=\"yoast-schema-graph\">{\"@context\":\"https:\/\/schema.org\",\"@graph\":[{\"@type\":\"WebPage\",\"@id\":\"https:\/\/foto.praha-19.ys-beta.cz\/index.php\/rok-2022\/setkani-skautu-ve-kbelich\/\",\"url\":\"https:\/\/foto.praha-19.ys-beta.cz\/index.php\/rok-2022\/setkani-skautu-ve-kbelich\/\",\"name\":\"Setk\u00e1n\u00ed skaut\u016f ve Kbel\u00edch - Fotogalerie - Praha 19\",\"isPartOf\":{\"@id\":\"https:\/\/foto.praha-19.ys-beta.cz\/#website\"},\"primaryImageOfPage\":{\"@id\":\"https:\/\/foto.praha-19.ys-beta.cz\/index.php\/rok-2022\/setkani-skautu-ve-kbelich\/#primaryimage\"},\"image\":{\"@id\":\"https:\/\/foto.praha-19.ys-beta.cz\/index.php\/rok-2022\/setkani-skautu-ve-kbelich\/#primaryimage\"},\"thumbnailUrl\":\"https:\/\/foto.praha-19.ys-beta.cz\/app\/uploads\/2022\/11\/1_IMG_20220507_093210.jpg\",\"datePublished\":\"2022-05-06T10:13:00+00:00\",\"dateModified\":\"2022-11-22T13:21:58+00:00\",\"breadcrumb\":{\"@id\":\"https:\/\/foto.praha-19.ys-beta.cz\/index.php\/rok-2022\/setkani-skautu-ve-kbelich\/#breadcrumb\"},\"inLanguage\":\"cs\",\"potentialAction\":[{\"@type\":\"ReadAction\",\"target\":[\"https:\/\/foto.praha-19.ys-beta.cz\/index.php\/rok-2022\/setkani-skautu-ve-kbelich\/\"]}]},{\"@type\":\"ImageObject\",\"inLanguage\":\"cs\",\"@id\":\"https:\/\/foto.praha-19.ys-beta.cz\/index.php\/rok-2022\/setkani-skautu-ve-kbelich\/#primaryimage\",\"url\":\"https:\/\/foto.praha-19.ys-beta.cz\/app\/uploads\/2022\/11\/1_IMG_20220507_093210.jpg\",\"contentUrl\":\"https:\/\/foto.praha-19.ys-beta.cz\/app\/uploads\/2022\/11\/1_IMG_20220507_093210.jpg\",\"width\":750,\"height\":1000},{\"@type\":\"BreadcrumbList\",\"@id\":\"https:\/\/foto.praha-19.ys-beta.cz\/index.php\/rok-2022\/setkani-skautu-ve-kbelich\/#breadcrumb\",\"itemListElement\":[{\"@type\":\"ListItem\",\"position\":1,\"name\":\"Home\",\"item\":\"https:\/\/foto.praha-19.ys-beta.cz\/\"},{\"@type\":\"ListItem\",\"position\":2,\"name\":\"Rok 2022\",\"item\":\"https:\/\/foto.praha-19.ys-beta.cz\/index.php\/rok-2022\/\"},{\"@type\":\"ListItem\",\"position\":3,\"name\":\"Setk\u00e1n\u00ed skaut\u016f ve Kbel\u00edch\"}]},{\"@type\":\"WebSite\",\"@id\":\"https:\/\/foto.praha-19.ys-beta.cz\/#website\",\"url\":\"https:\/\/foto.praha-19.ys-beta.cz\/\",\"name\":\"Fotogalerie - Praha 19\",\"description\":\"Fotogalerie m\u011bstsk\u00e9 \u010d\u00e1sti Praha 19\",\"potentialAction\":[{\"@type\":\"SearchAction\",\"target\":{\"@type\":\"EntryPoint\",\"urlTemplate\":\"https:\/\/foto.praha-19.ys-beta.cz\/?s={search_term_string}\"},\"query-input\":{\"@type\":\"PropertyValueSpecification\",\"valueRequired\":true,\"valueName\":\"search_term_string\"}}],\"inLanguage\":\"cs\"}]}<\/script>\n<!-- \/ Yoast SEO plugin. -->","yoast_head_json":{"title":"Setk\u00e1n\u00ed skaut\u016f ve Kbel\u00edch - Fotogalerie - Praha 19","robots":{"index":"noindex","follow":"follow","max-snippet":"max-snippet:-1","max-image-preview":"max-image-preview:large","max-video-preview":"max-video-preview:-1"},"og_locale":"cs_CZ","og_type":"article","og_title":"Setk\u00e1n\u00ed skaut\u016f ve Kbel\u00edch - Fotogalerie - Praha 19","og_description":"6. &#8211; 8. kv\u011btna &#8211; PRALES ve Kbel\u00edch Ji\u017e p\u0159ed dv\u011bma lety jsme do Kbel pozvali p\u0159es 50 skaut\u016f z r\u016fzn\u00fdch organizac\u00ed po cel\u00e9 republice (Kol\u00edn, B\u011bl\u00e1 pod Bezd\u011bzem a dal\u0161\u00ed). Proslun\u011bnou sobotu jsme s nimi str\u00e1vili proch\u00e1zkou po pam\u00e1tk\u00e1ch Kbel, va\u0159en\u00edm bu\u0159tgul\u00e1\u0161e a turnajem ve vyb\u00edjen\u00e9. Jeliko\u017e se n\u00e1m tato akce l\u00edbila, cht\u011bli jsme [&hellip;]","og_url":"https:\/\/foto.praha-19.ys-beta.cz\/index.php\/rok-2022\/setkani-skautu-ve-kbelich\/","og_site_name":"Fotogalerie - Praha 19","article_modified_time":"2022-11-22T13:21:58+00:00","og_image":[{"width":750,"height":1000,"url":"https:\/\/foto.praha-19.ys-beta.cz\/app\/uploads\/2022\/11\/1_IMG_20220507_093210.jpg","type":"image\/jpeg"}],"twitter_card":"summary_large_image","twitter_misc":{"Est. reading time":"6 minut"},"schema":{"@context":"https:\/\/schema.org","@graph":[{"@type":"WebPage","@id":"https:\/\/foto.praha-19.ys-beta.cz\/index.php\/rok-2022\/setkani-skautu-ve-kbelich\/","url":"https:\/\/foto.praha-19.ys-beta.cz\/index.php\/rok-2022\/setkani-skautu-ve-kbelich\/","name":"Setk\u00e1n\u00ed skaut\u016f ve Kbel\u00edch - Fotogalerie - Praha 19","isPartOf":{"@id":"https:\/\/foto.praha-19.ys-beta.cz\/#website"},"primaryImageOfPage":{"@id":"https:\/\/foto.praha-19.ys-beta.cz\/index.php\/rok-2022\/setkani-skautu-ve-kbelich\/#primaryimage"},"image":{"@id":"https:\/\/foto.praha-19.ys-beta.cz\/index.php\/rok-2022\/setkani-skautu-ve-kbelich\/#primaryimage"},"thumbnailUrl":"https:\/\/foto.praha-19.ys-beta.cz\/app\/uploads\/2022\/11\/1_IMG_20220507_093210.jpg","datePublished":"2022-05-06T10:13:00+00:00","dateModified":"2022-11-22T13:21:58+00:00","breadcrumb":{"@id":"https:\/\/foto.praha-19.ys-beta.cz\/index.php\/rok-2022\/setkani-skautu-ve-kbelich\/#breadcrumb"},"inLanguage":"cs","potentialAction":[{"@type":"ReadAction","target":["https:\/\/foto.praha-19.ys-beta.cz\/index.php\/rok-2022\/setkani-skautu-ve-kbelich\/"]}]},{"@type":"ImageObject","inLanguage":"cs","@id":"https:\/\/foto.praha-19.ys-beta.cz\/index.php\/rok-2022\/setkani-skautu-ve-kbelich\/#primaryimage","url":"https:\/\/foto.praha-19.ys-beta.cz\/app\/uploads\/2022\/11\/1_IMG_20220507_093210.jpg","contentUrl":"https:\/\/foto.praha-19.ys-beta.cz\/app\/uploads\/2022\/11\/1_IMG_20220507_093210.jpg","width":750,"height":1000},{"@type":"BreadcrumbList","@id":"https:\/\/foto.praha-19.ys-beta.cz\/index.php\/rok-2022\/setkani-skautu-ve-kbelich\/#breadcrumb","itemListElement":[{"@type":"ListItem","position":1,"name":"Home","item":"https:\/\/foto.praha-19.ys-beta.cz\/"},{"@type":"ListItem","position":2,"name":"Rok 2022","item":"https:\/\/foto.praha-19.ys-beta.cz\/index.php\/rok-2022\/"},{"@type":"ListItem","position":3,"name":"Setk\u00e1n\u00ed skaut\u016f ve Kbel\u00edch"}]},{"@type":"WebSite","@id":"https:\/\/foto.praha-19.ys-beta.cz\/#website","url":"https:\/\/foto.praha-19.ys-beta.cz\/","name":"Fotogalerie - Praha 19","description":"Fotogalerie m\u011bstsk\u00e9 \u010d\u00e1sti Praha 19","potentialAction":[{"@type":"SearchAction","target":{"@type":"EntryPoint","urlTemplate":"https:\/\/foto.praha-19.ys-beta.cz\/?s={search_term_string}"},"query-input":{"@type":"PropertyValueSpecification","valueRequired":true,"valueName":"search_term_string"}}],"inLanguage":"cs"}]}},"_links":{"self":[{"href":"https:\/\/foto.praha-19.ys-beta.cz\/index.php\/wp-json\/wp\/v2\/pages\/1751","targetHints":{"allow":["GET"]}}],"collection":[{"href":"https:\/\/foto.praha-19.ys-beta.cz\/index.php\/wp-json\/wp\/v2\/pages"}],"about":[{"href":"https:\/\/foto.praha-19.ys-beta.cz\/index.php\/wp-json\/wp\/v2\/types\/page"}],"author":[{"embeddable":true,"href":"https:\/\/foto.praha-19.ys-beta.cz\/index.php\/wp-json\/wp\/v2\/users\/6"}],"replies":[{"embeddable":true,"href":"https:\/\/foto.praha-19.ys-beta.cz\/index.php\/wp-json\/wp\/v2\/comments?post=1751"}],"version-history":[{"count":3,"href":"https:\/\/foto.praha-19.ys-beta.cz\/index.php\/wp-json\/wp\/v2\/pages\/1751\/revisions"}],"predecessor-version":[{"id":2112,"href":"https:\/\/foto.praha-19.ys-beta.cz\/index.php\/wp-json\/wp\/v2\/pages\/1751\/revisions\/2112"}],"up":[{"embeddable":true,"href":"https:\/\/foto.praha-19.ys-beta.cz\/index.php\/wp-json\/wp\/v2\/pages\/963"}],"wp:featuredmedia":[{"embeddable":true,"href":"https:\/\/foto.praha-19.ys-beta.cz\/index.php\/wp-json\/wp\/v2\/media\/2098"}],"wp:attachment":[{"href":"https:\/\/foto.praha-19.ys-beta.cz\/index.php\/wp-json\/wp\/v2\/media?parent=1751"}],"curies":[{"name":"wp","href":"https:\/\/api.w.org\/{rel}","templated":true}]}}