{"id":1503,"date":"2022-03-30T11:18:00","date_gmt":"2022-03-30T09:18:00","guid":{"rendered":"https:\/\/foto.praha-19.ys-beta.cz\/?page_id=1503"},"modified":"2022-11-22T15:26:53","modified_gmt":"2022-11-22T13:26:53","slug":"slavnostni-zakonceni-vystavy-vvjj","status":"publish","type":"page","link":"https:\/\/foto.praha-19.ys-beta.cz\/index.php\/rok-2022\/slavnostni-zakonceni-vystavy-vvjj\/","title":{"rendered":"Slavnostn\u00ed zakon\u010den\u00ed v\u00fdstavy \u201eVV+JJ\u201c"},"content":{"rendered":"\n<p>30. b\u0159ezna &#8211; Knihovna Kbely<\/p>\n\n\n\n<pre class=\"wp-block-verse has-text-align-left\">Ve st\u0159edu 30. b\u0159ezna 2022 byla v M\u00edstn\u00ed knihovn\u011b Kbely slavnostn\u011b zakon\u010dena v\u00fdstava \u201eVV+JJ\u201c -  autor\u016f Vladislava Vrby a Jaroslava Jocha, jejich\u017e fotografie m\u011bla ve\u0159ejnost mo\u017enost zhl\u00e9dnout v knihovn\u011b od za\u010d\u00e1tku \u00fanora. Vzhledem k protiepidemick\u00fdm opat\u0159en\u00ed v\u0161ak nemohla prob\u011bhnout pl\u00e1novan\u00e1 vernis\u00e1\u017e, tud\u00ed\u017e jsme se s autory mohli osobn\u011b setkat a\u017e v r\u00e1mci t\u00e9to derni\u00e9ry. Amat\u00e9r\u0161t\u00ed fotografov\u00e9 a \u010dlenov\u00e9 1. \u010cKFA Nek\u00e1zanka zde p\u0159edstavili poutav\u00fd v\u00fdb\u011br ze svoj\u00ed aktu\u00e1ln\u00ed tvorby, jen\u017e pot\u011b\u0161il mnoh\u00e9 z n\u00e1v\u0161t\u011bvn\u00edk\u016f na\u0161\u00ed kbelsk\u00e9 knihovny.\n\nIveta Novotn\u00e1\nfoto Michal Marel<\/pre>\n\n\n<div class='pinhole-gallery pinhole-masonry pinhole-popup items-hidden  clearfix row'><div class='pinhole-item col-xs-12 col-lg-4 col-md-4 col-sm-6  '><a class=\"item-link\" href=\"https:\/\/foto.praha-19.ys-beta.cz\/app\/uploads\/2022\/11\/2022_03_30_Kbely_2.jpg\" data-caption=\"[]\" data-meta=\"[]\"  data-size=\"{&quot;width&quot;:1920,&quot;height&quot;:1280}\" data-download=\"[]\" data-filename=\"{&quot;name&quot;:&quot;&quot;}\"><img loading=\"lazy\" decoding=\"async\" width=\"378\" height=\"252\" src=\"https:\/\/foto.praha-19.ys-beta.cz\/app\/uploads\/2022\/11\/2022_03_30_Kbely_2-378x252.jpg\" class=\"attachment-pinhole-col-3 size-pinhole-col-3\" alt=\"\" srcset=\"https:\/\/foto.praha-19.ys-beta.cz\/app\/uploads\/2022\/11\/2022_03_30_Kbely_2-378x252.jpg 378w, https:\/\/foto.praha-19.ys-beta.cz\/app\/uploads\/2022\/11\/2022_03_30_Kbely_2-300x200.jpg 300w, https:\/\/foto.praha-19.ys-beta.cz\/app\/uploads\/2022\/11\/2022_03_30_Kbely_2-1024x683.jpg 1024w, https:\/\/foto.praha-19.ys-beta.cz\/app\/uploads\/2022\/11\/2022_03_30_Kbely_2-768x512.jpg 768w, https:\/\/foto.praha-19.ys-beta.cz\/app\/uploads\/2022\/11\/2022_03_30_Kbely_2-1536x1024.jpg 1536w, https:\/\/foto.praha-19.ys-beta.cz\/app\/uploads\/2022\/11\/2022_03_30_Kbely_2-1194x796.jpg 1194w, https:\/\/foto.praha-19.ys-beta.cz\/app\/uploads\/2022\/11\/2022_03_30_Kbely_2-582x388.jpg 582w, https:\/\/foto.praha-19.ys-beta.cz\/app\/uploads\/2022\/11\/2022_03_30_Kbely_2-276x184.jpg 276w, https:\/\/foto.praha-19.ys-beta.cz\/app\/uploads\/2022\/11\/2022_03_30_Kbely_2-675x450.jpg 675w, https:\/\/foto.praha-19.ys-beta.cz\/app\/uploads\/2022\/11\/2022_03_30_Kbely_2.jpg 1920w\" sizes=\"auto, (max-width: 378px) 100vw, 378px\" \/><\/a><\/div><div class='pinhole-item col-xs-12 col-lg-4 col-md-4 col-sm-6  '><a class=\"item-link\" href=\"https:\/\/foto.praha-19.ys-beta.cz\/app\/uploads\/2022\/11\/2022_03_30_Kbely_4.jpg\" data-caption=\"[]\" data-meta=\"[]\"  data-size=\"{&quot;width&quot;:1920,&quot;height&quot;:1280}\" data-download=\"[]\" data-filename=\"{&quot;name&quot;:&quot;&quot;}\"><img loading=\"lazy\" decoding=\"async\" width=\"378\" height=\"252\" src=\"https:\/\/foto.praha-19.ys-beta.cz\/app\/uploads\/2022\/11\/2022_03_30_Kbely_4-378x252.jpg\" class=\"attachment-pinhole-col-3 size-pinhole-col-3\" alt=\"\" srcset=\"https:\/\/foto.praha-19.ys-beta.cz\/app\/uploads\/2022\/11\/2022_03_30_Kbely_4-378x252.jpg 378w, https:\/\/foto.praha-19.ys-beta.cz\/app\/uploads\/2022\/11\/2022_03_30_Kbely_4-300x200.jpg 300w, https:\/\/foto.praha-19.ys-beta.cz\/app\/uploads\/2022\/11\/2022_03_30_Kbely_4-1024x683.jpg 1024w, https:\/\/foto.praha-19.ys-beta.cz\/app\/uploads\/2022\/11\/2022_03_30_Kbely_4-768x512.jpg 768w, https:\/\/foto.praha-19.ys-beta.cz\/app\/uploads\/2022\/11\/2022_03_30_Kbely_4-1536x1024.jpg 1536w, https:\/\/foto.praha-19.ys-beta.cz\/app\/uploads\/2022\/11\/2022_03_30_Kbely_4-1194x796.jpg 1194w, https:\/\/foto.praha-19.ys-beta.cz\/app\/uploads\/2022\/11\/2022_03_30_Kbely_4-582x388.jpg 582w, https:\/\/foto.praha-19.ys-beta.cz\/app\/uploads\/2022\/11\/2022_03_30_Kbely_4-276x184.jpg 276w, https:\/\/foto.praha-19.ys-beta.cz\/app\/uploads\/2022\/11\/2022_03_30_Kbely_4-675x450.jpg 675w, https:\/\/foto.praha-19.ys-beta.cz\/app\/uploads\/2022\/11\/2022_03_30_Kbely_4.jpg 1920w\" sizes=\"auto, (max-width: 378px) 100vw, 378px\" \/><\/a><\/div><div class='pinhole-item col-xs-12 col-lg-4 col-md-4 col-sm-6  '><a class=\"item-link\" href=\"https:\/\/foto.praha-19.ys-beta.cz\/app\/uploads\/2022\/11\/2022_03_30_Kbely_5.jpg\" data-caption=\"[]\" data-meta=\"[]\"  data-size=\"{&quot;width&quot;:1920,&quot;height&quot;:1280}\" data-download=\"[]\" data-filename=\"{&quot;name&quot;:&quot;&quot;}\"><img loading=\"lazy\" decoding=\"async\" width=\"378\" height=\"252\" src=\"https:\/\/foto.praha-19.ys-beta.cz\/app\/uploads\/2022\/11\/2022_03_30_Kbely_5-378x252.jpg\" class=\"attachment-pinhole-col-3 size-pinhole-col-3\" alt=\"\" srcset=\"https:\/\/foto.praha-19.ys-beta.cz\/app\/uploads\/2022\/11\/2022_03_30_Kbely_5-378x252.jpg 378w, https:\/\/foto.praha-19.ys-beta.cz\/app\/uploads\/2022\/11\/2022_03_30_Kbely_5-300x200.jpg 300w, https:\/\/foto.praha-19.ys-beta.cz\/app\/uploads\/2022\/11\/2022_03_30_Kbely_5-1024x683.jpg 1024w, https:\/\/foto.praha-19.ys-beta.cz\/app\/uploads\/2022\/11\/2022_03_30_Kbely_5-768x512.jpg 768w, https:\/\/foto.praha-19.ys-beta.cz\/app\/uploads\/2022\/11\/2022_03_30_Kbely_5-1536x1024.jpg 1536w, https:\/\/foto.praha-19.ys-beta.cz\/app\/uploads\/2022\/11\/2022_03_30_Kbely_5-1194x796.jpg 1194w, https:\/\/foto.praha-19.ys-beta.cz\/app\/uploads\/2022\/11\/2022_03_30_Kbely_5-582x388.jpg 582w, https:\/\/foto.praha-19.ys-beta.cz\/app\/uploads\/2022\/11\/2022_03_30_Kbely_5-276x184.jpg 276w, https:\/\/foto.praha-19.ys-beta.cz\/app\/uploads\/2022\/11\/2022_03_30_Kbely_5-675x450.jpg 675w, https:\/\/foto.praha-19.ys-beta.cz\/app\/uploads\/2022\/11\/2022_03_30_Kbely_5.jpg 1920w\" sizes=\"auto, (max-width: 378px) 100vw, 378px\" \/><\/a><\/div><div class='pinhole-item col-xs-12 col-lg-4 col-md-4 col-sm-6  '><a class=\"item-link\" href=\"https:\/\/foto.praha-19.ys-beta.cz\/app\/uploads\/2022\/11\/2022_03_30_Kbely_8.jpg\" data-caption=\"[]\" data-meta=\"[]\"  data-size=\"{&quot;width&quot;:1920,&quot;height&quot;:1280}\" data-download=\"[]\" data-filename=\"{&quot;name&quot;:&quot;&quot;}\"><img loading=\"lazy\" decoding=\"async\" width=\"378\" height=\"252\" src=\"https:\/\/foto.praha-19.ys-beta.cz\/app\/uploads\/2022\/11\/2022_03_30_Kbely_8-378x252.jpg\" class=\"attachment-pinhole-col-3 size-pinhole-col-3\" alt=\"\" srcset=\"https:\/\/foto.praha-19.ys-beta.cz\/app\/uploads\/2022\/11\/2022_03_30_Kbely_8-378x252.jpg 378w, https:\/\/foto.praha-19.ys-beta.cz\/app\/uploads\/2022\/11\/2022_03_30_Kbely_8-300x200.jpg 300w, https:\/\/foto.praha-19.ys-beta.cz\/app\/uploads\/2022\/11\/2022_03_30_Kbely_8-1024x683.jpg 1024w, https:\/\/foto.praha-19.ys-beta.cz\/app\/uploads\/2022\/11\/2022_03_30_Kbely_8-768x512.jpg 768w, https:\/\/foto.praha-19.ys-beta.cz\/app\/uploads\/2022\/11\/2022_03_30_Kbely_8-1536x1024.jpg 1536w, https:\/\/foto.praha-19.ys-beta.cz\/app\/uploads\/2022\/11\/2022_03_30_Kbely_8-1194x796.jpg 1194w, https:\/\/foto.praha-19.ys-beta.cz\/app\/uploads\/2022\/11\/2022_03_30_Kbely_8-582x388.jpg 582w, https:\/\/foto.praha-19.ys-beta.cz\/app\/uploads\/2022\/11\/2022_03_30_Kbely_8-276x184.jpg 276w, https:\/\/foto.praha-19.ys-beta.cz\/app\/uploads\/2022\/11\/2022_03_30_Kbely_8-675x450.jpg 675w, https:\/\/foto.praha-19.ys-beta.cz\/app\/uploads\/2022\/11\/2022_03_30_Kbely_8.jpg 1920w\" sizes=\"auto, (max-width: 378px) 100vw, 378px\" \/><\/a><\/div><div class='pinhole-item col-xs-12 col-lg-4 col-md-4 col-sm-6  '><a class=\"item-link\" href=\"https:\/\/foto.praha-19.ys-beta.cz\/app\/uploads\/2022\/11\/2022_03_30_Kbely_11.jpg\" data-caption=\"[]\" data-meta=\"[]\"  data-size=\"{&quot;width&quot;:1920,&quot;height&quot;:1280}\" data-download=\"[]\" data-filename=\"{&quot;name&quot;:&quot;&quot;}\"><img loading=\"lazy\" decoding=\"async\" width=\"378\" height=\"252\" src=\"https:\/\/foto.praha-19.ys-beta.cz\/app\/uploads\/2022\/11\/2022_03_30_Kbely_11-378x252.jpg\" class=\"attachment-pinhole-col-3 size-pinhole-col-3\" alt=\"\" srcset=\"https:\/\/foto.praha-19.ys-beta.cz\/app\/uploads\/2022\/11\/2022_03_30_Kbely_11-378x252.jpg 378w, https:\/\/foto.praha-19.ys-beta.cz\/app\/uploads\/2022\/11\/2022_03_30_Kbely_11-300x200.jpg 300w, https:\/\/foto.praha-19.ys-beta.cz\/app\/uploads\/2022\/11\/2022_03_30_Kbely_11-1024x683.jpg 1024w, https:\/\/foto.praha-19.ys-beta.cz\/app\/uploads\/2022\/11\/2022_03_30_Kbely_11-768x512.jpg 768w, https:\/\/foto.praha-19.ys-beta.cz\/app\/uploads\/2022\/11\/2022_03_30_Kbely_11-1536x1024.jpg 1536w, https:\/\/foto.praha-19.ys-beta.cz\/app\/uploads\/2022\/11\/2022_03_30_Kbely_11-1194x796.jpg 1194w, https:\/\/foto.praha-19.ys-beta.cz\/app\/uploads\/2022\/11\/2022_03_30_Kbely_11-582x388.jpg 582w, https:\/\/foto.praha-19.ys-beta.cz\/app\/uploads\/2022\/11\/2022_03_30_Kbely_11-276x184.jpg 276w, https:\/\/foto.praha-19.ys-beta.cz\/app\/uploads\/2022\/11\/2022_03_30_Kbely_11-675x450.jpg 675w, https:\/\/foto.praha-19.ys-beta.cz\/app\/uploads\/2022\/11\/2022_03_30_Kbely_11.jpg 1920w\" sizes=\"auto, (max-width: 378px) 100vw, 378px\" \/><\/a><\/div><div class='pinhole-item col-xs-12 col-lg-4 col-md-4 col-sm-6  '><a class=\"item-link\" href=\"https:\/\/foto.praha-19.ys-beta.cz\/app\/uploads\/2022\/11\/2022_03_30_Kbely_12.jpg\" data-caption=\"[]\" data-meta=\"[]\"  data-size=\"{&quot;width&quot;:1920,&quot;height&quot;:1280}\" data-download=\"[]\" data-filename=\"{&quot;name&quot;:&quot;&quot;}\"><img loading=\"lazy\" decoding=\"async\" width=\"378\" height=\"252\" src=\"https:\/\/foto.praha-19.ys-beta.cz\/app\/uploads\/2022\/11\/2022_03_30_Kbely_12-378x252.jpg\" class=\"attachment-pinhole-col-3 size-pinhole-col-3\" alt=\"\" srcset=\"https:\/\/foto.praha-19.ys-beta.cz\/app\/uploads\/2022\/11\/2022_03_30_Kbely_12-378x252.jpg 378w, https:\/\/foto.praha-19.ys-beta.cz\/app\/uploads\/2022\/11\/2022_03_30_Kbely_12-300x200.jpg 300w, https:\/\/foto.praha-19.ys-beta.cz\/app\/uploads\/2022\/11\/2022_03_30_Kbely_12-1024x683.jpg 1024w, https:\/\/foto.praha-19.ys-beta.cz\/app\/uploads\/2022\/11\/2022_03_30_Kbely_12-768x512.jpg 768w, https:\/\/foto.praha-19.ys-beta.cz\/app\/uploads\/2022\/11\/2022_03_30_Kbely_12-1536x1024.jpg 1536w, https:\/\/foto.praha-19.ys-beta.cz\/app\/uploads\/2022\/11\/2022_03_30_Kbely_12-1194x796.jpg 1194w, https:\/\/foto.praha-19.ys-beta.cz\/app\/uploads\/2022\/11\/2022_03_30_Kbely_12-582x388.jpg 582w, https:\/\/foto.praha-19.ys-beta.cz\/app\/uploads\/2022\/11\/2022_03_30_Kbely_12-276x184.jpg 276w, https:\/\/foto.praha-19.ys-beta.cz\/app\/uploads\/2022\/11\/2022_03_30_Kbely_12-675x450.jpg 675w, https:\/\/foto.praha-19.ys-beta.cz\/app\/uploads\/2022\/11\/2022_03_30_Kbely_12.jpg 1920w\" sizes=\"auto, (max-width: 378px) 100vw, 378px\" \/><\/a><\/div><div class='pinhole-item col-xs-12 col-lg-4 col-md-4 col-sm-6  '><a class=\"item-link\" href=\"https:\/\/foto.praha-19.ys-beta.cz\/app\/uploads\/2022\/11\/2022_03_30_Kbely_14.jpg\" data-caption=\"[]\" data-meta=\"[]\"  data-size=\"{&quot;width&quot;:1920,&quot;height&quot;:1280}\" data-download=\"[]\" data-filename=\"{&quot;name&quot;:&quot;&quot;}\"><img loading=\"lazy\" decoding=\"async\" width=\"378\" height=\"252\" src=\"https:\/\/foto.praha-19.ys-beta.cz\/app\/uploads\/2022\/11\/2022_03_30_Kbely_14-378x252.jpg\" class=\"attachment-pinhole-col-3 size-pinhole-col-3\" alt=\"\" srcset=\"https:\/\/foto.praha-19.ys-beta.cz\/app\/uploads\/2022\/11\/2022_03_30_Kbely_14-378x252.jpg 378w, https:\/\/foto.praha-19.ys-beta.cz\/app\/uploads\/2022\/11\/2022_03_30_Kbely_14-300x200.jpg 300w, https:\/\/foto.praha-19.ys-beta.cz\/app\/uploads\/2022\/11\/2022_03_30_Kbely_14-1024x683.jpg 1024w, https:\/\/foto.praha-19.ys-beta.cz\/app\/uploads\/2022\/11\/2022_03_30_Kbely_14-768x512.jpg 768w, https:\/\/foto.praha-19.ys-beta.cz\/app\/uploads\/2022\/11\/2022_03_30_Kbely_14-1536x1024.jpg 1536w, https:\/\/foto.praha-19.ys-beta.cz\/app\/uploads\/2022\/11\/2022_03_30_Kbely_14-1194x796.jpg 1194w, https:\/\/foto.praha-19.ys-beta.cz\/app\/uploads\/2022\/11\/2022_03_30_Kbely_14-582x388.jpg 582w, https:\/\/foto.praha-19.ys-beta.cz\/app\/uploads\/2022\/11\/2022_03_30_Kbely_14-276x184.jpg 276w, https:\/\/foto.praha-19.ys-beta.cz\/app\/uploads\/2022\/11\/2022_03_30_Kbely_14-675x450.jpg 675w, https:\/\/foto.praha-19.ys-beta.cz\/app\/uploads\/2022\/11\/2022_03_30_Kbely_14.jpg 1920w\" sizes=\"auto, (max-width: 378px) 100vw, 378px\" \/><\/a><\/div><div class='pinhole-item col-xs-12 col-lg-4 col-md-4 col-sm-6  '><a class=\"item-link\" href=\"https:\/\/foto.praha-19.ys-beta.cz\/app\/uploads\/2022\/11\/2022_03_30_Kbely_18.jpg\" data-caption=\"[]\" data-meta=\"[]\"  data-size=\"{&quot;width&quot;:1920,&quot;height&quot;:1280}\" data-download=\"[]\" data-filename=\"{&quot;name&quot;:&quot;&quot;}\"><img loading=\"lazy\" decoding=\"async\" width=\"378\" height=\"252\" src=\"https:\/\/foto.praha-19.ys-beta.cz\/app\/uploads\/2022\/11\/2022_03_30_Kbely_18-378x252.jpg\" class=\"attachment-pinhole-col-3 size-pinhole-col-3\" alt=\"\" srcset=\"https:\/\/foto.praha-19.ys-beta.cz\/app\/uploads\/2022\/11\/2022_03_30_Kbely_18-378x252.jpg 378w, https:\/\/foto.praha-19.ys-beta.cz\/app\/uploads\/2022\/11\/2022_03_30_Kbely_18-300x200.jpg 300w, https:\/\/foto.praha-19.ys-beta.cz\/app\/uploads\/2022\/11\/2022_03_30_Kbely_18-1024x683.jpg 1024w, https:\/\/foto.praha-19.ys-beta.cz\/app\/uploads\/2022\/11\/2022_03_30_Kbely_18-768x512.jpg 768w, https:\/\/foto.praha-19.ys-beta.cz\/app\/uploads\/2022\/11\/2022_03_30_Kbely_18-1536x1024.jpg 1536w, https:\/\/foto.praha-19.ys-beta.cz\/app\/uploads\/2022\/11\/2022_03_30_Kbely_18-1194x796.jpg 1194w, https:\/\/foto.praha-19.ys-beta.cz\/app\/uploads\/2022\/11\/2022_03_30_Kbely_18-582x388.jpg 582w, https:\/\/foto.praha-19.ys-beta.cz\/app\/uploads\/2022\/11\/2022_03_30_Kbely_18-276x184.jpg 276w, https:\/\/foto.praha-19.ys-beta.cz\/app\/uploads\/2022\/11\/2022_03_30_Kbely_18-675x450.jpg 675w, https:\/\/foto.praha-19.ys-beta.cz\/app\/uploads\/2022\/11\/2022_03_30_Kbely_18.jpg 1920w\" sizes=\"auto, (max-width: 378px) 100vw, 378px\" \/><\/a><\/div><div class='pinhole-item col-xs-12 col-lg-4 col-md-4 col-sm-6  '><a class=\"item-link\" href=\"https:\/\/foto.praha-19.ys-beta.cz\/app\/uploads\/2022\/11\/2022_03_30_Kbely_21.jpg\" data-caption=\"[]\" data-meta=\"[]\"  data-size=\"{&quot;width&quot;:1920,&quot;height&quot;:1280}\" data-download=\"[]\" data-filename=\"{&quot;name&quot;:&quot;&quot;}\"><img loading=\"lazy\" decoding=\"async\" width=\"378\" height=\"252\" src=\"https:\/\/foto.praha-19.ys-beta.cz\/app\/uploads\/2022\/11\/2022_03_30_Kbely_21-378x252.jpg\" class=\"attachment-pinhole-col-3 size-pinhole-col-3\" alt=\"\" srcset=\"https:\/\/foto.praha-19.ys-beta.cz\/app\/uploads\/2022\/11\/2022_03_30_Kbely_21-378x252.jpg 378w, https:\/\/foto.praha-19.ys-beta.cz\/app\/uploads\/2022\/11\/2022_03_30_Kbely_21-300x200.jpg 300w, https:\/\/foto.praha-19.ys-beta.cz\/app\/uploads\/2022\/11\/2022_03_30_Kbely_21-1024x683.jpg 1024w, https:\/\/foto.praha-19.ys-beta.cz\/app\/uploads\/2022\/11\/2022_03_30_Kbely_21-768x512.jpg 768w, https:\/\/foto.praha-19.ys-beta.cz\/app\/uploads\/2022\/11\/2022_03_30_Kbely_21-1536x1024.jpg 1536w, https:\/\/foto.praha-19.ys-beta.cz\/app\/uploads\/2022\/11\/2022_03_30_Kbely_21-1194x796.jpg 1194w, https:\/\/foto.praha-19.ys-beta.cz\/app\/uploads\/2022\/11\/2022_03_30_Kbely_21-582x388.jpg 582w, https:\/\/foto.praha-19.ys-beta.cz\/app\/uploads\/2022\/11\/2022_03_30_Kbely_21-276x184.jpg 276w, https:\/\/foto.praha-19.ys-beta.cz\/app\/uploads\/2022\/11\/2022_03_30_Kbely_21-675x450.jpg 675w, https:\/\/foto.praha-19.ys-beta.cz\/app\/uploads\/2022\/11\/2022_03_30_Kbely_21.jpg 1920w\" sizes=\"auto, (max-width: 378px) 100vw, 378px\" \/><\/a><\/div><div class='pinhole-item col-xs-12 col-lg-4 col-md-4 col-sm-6  '><a class=\"item-link\" href=\"https:\/\/foto.praha-19.ys-beta.cz\/app\/uploads\/2022\/11\/2022_03_30_Kbely_23.jpg\" data-caption=\"[]\" data-meta=\"[]\"  data-size=\"{&quot;width&quot;:1920,&quot;height&quot;:1280}\" data-download=\"[]\" data-filename=\"{&quot;name&quot;:&quot;&quot;}\"><img loading=\"lazy\" decoding=\"async\" width=\"378\" height=\"252\" src=\"https:\/\/foto.praha-19.ys-beta.cz\/app\/uploads\/2022\/11\/2022_03_30_Kbely_23-378x252.jpg\" class=\"attachment-pinhole-col-3 size-pinhole-col-3\" alt=\"\" srcset=\"https:\/\/foto.praha-19.ys-beta.cz\/app\/uploads\/2022\/11\/2022_03_30_Kbely_23-378x252.jpg 378w, https:\/\/foto.praha-19.ys-beta.cz\/app\/uploads\/2022\/11\/2022_03_30_Kbely_23-300x200.jpg 300w, https:\/\/foto.praha-19.ys-beta.cz\/app\/uploads\/2022\/11\/2022_03_30_Kbely_23-1024x683.jpg 1024w, https:\/\/foto.praha-19.ys-beta.cz\/app\/uploads\/2022\/11\/2022_03_30_Kbely_23-768x512.jpg 768w, https:\/\/foto.praha-19.ys-beta.cz\/app\/uploads\/2022\/11\/2022_03_30_Kbely_23-1536x1024.jpg 1536w, https:\/\/foto.praha-19.ys-beta.cz\/app\/uploads\/2022\/11\/2022_03_30_Kbely_23-1194x796.jpg 1194w, https:\/\/foto.praha-19.ys-beta.cz\/app\/uploads\/2022\/11\/2022_03_30_Kbely_23-582x388.jpg 582w, https:\/\/foto.praha-19.ys-beta.cz\/app\/uploads\/2022\/11\/2022_03_30_Kbely_23-276x184.jpg 276w, https:\/\/foto.praha-19.ys-beta.cz\/app\/uploads\/2022\/11\/2022_03_30_Kbely_23-675x450.jpg 675w, https:\/\/foto.praha-19.ys-beta.cz\/app\/uploads\/2022\/11\/2022_03_30_Kbely_23.jpg 1920w\" sizes=\"auto, (max-width: 378px) 100vw, 378px\" \/><\/a><\/div><div class='pinhole-item col-xs-12 col-lg-4 col-md-4 col-sm-6  '><a class=\"item-link\" href=\"https:\/\/foto.praha-19.ys-beta.cz\/app\/uploads\/2022\/11\/2022_03_30_Kbely_25.jpg\" data-caption=\"[]\" data-meta=\"[]\"  data-size=\"{&quot;width&quot;:1920,&quot;height&quot;:1280}\" data-download=\"[]\" data-filename=\"{&quot;name&quot;:&quot;&quot;}\"><img loading=\"lazy\" decoding=\"async\" width=\"378\" height=\"252\" src=\"https:\/\/foto.praha-19.ys-beta.cz\/app\/uploads\/2022\/11\/2022_03_30_Kbely_25-378x252.jpg\" class=\"attachment-pinhole-col-3 size-pinhole-col-3\" alt=\"\" srcset=\"https:\/\/foto.praha-19.ys-beta.cz\/app\/uploads\/2022\/11\/2022_03_30_Kbely_25-378x252.jpg 378w, https:\/\/foto.praha-19.ys-beta.cz\/app\/uploads\/2022\/11\/2022_03_30_Kbely_25-300x200.jpg 300w, https:\/\/foto.praha-19.ys-beta.cz\/app\/uploads\/2022\/11\/2022_03_30_Kbely_25-1024x683.jpg 1024w, https:\/\/foto.praha-19.ys-beta.cz\/app\/uploads\/2022\/11\/2022_03_30_Kbely_25-768x512.jpg 768w, https:\/\/foto.praha-19.ys-beta.cz\/app\/uploads\/2022\/11\/2022_03_30_Kbely_25-1536x1024.jpg 1536w, https:\/\/foto.praha-19.ys-beta.cz\/app\/uploads\/2022\/11\/2022_03_30_Kbely_25-1194x796.jpg 1194w, https:\/\/foto.praha-19.ys-beta.cz\/app\/uploads\/2022\/11\/2022_03_30_Kbely_25-582x388.jpg 582w, https:\/\/foto.praha-19.ys-beta.cz\/app\/uploads\/2022\/11\/2022_03_30_Kbely_25-276x184.jpg 276w, https:\/\/foto.praha-19.ys-beta.cz\/app\/uploads\/2022\/11\/2022_03_30_Kbely_25-675x450.jpg 675w, https:\/\/foto.praha-19.ys-beta.cz\/app\/uploads\/2022\/11\/2022_03_30_Kbely_25.jpg 1920w\" sizes=\"auto, (max-width: 378px) 100vw, 378px\" \/><\/a><\/div><div class='pinhole-item col-xs-12 col-lg-4 col-md-4 col-sm-6  '><a class=\"item-link\" href=\"https:\/\/foto.praha-19.ys-beta.cz\/app\/uploads\/2022\/11\/2022_03_30_Kbely_26.jpg\" data-caption=\"[]\" data-meta=\"[]\"  data-size=\"{&quot;width&quot;:1920,&quot;height&quot;:1280}\" data-download=\"[]\" data-filename=\"{&quot;name&quot;:&quot;&quot;}\"><img loading=\"lazy\" decoding=\"async\" width=\"378\" height=\"252\" src=\"https:\/\/foto.praha-19.ys-beta.cz\/app\/uploads\/2022\/11\/2022_03_30_Kbely_26-378x252.jpg\" class=\"attachment-pinhole-col-3 size-pinhole-col-3\" alt=\"\" srcset=\"https:\/\/foto.praha-19.ys-beta.cz\/app\/uploads\/2022\/11\/2022_03_30_Kbely_26-378x252.jpg 378w, https:\/\/foto.praha-19.ys-beta.cz\/app\/uploads\/2022\/11\/2022_03_30_Kbely_26-300x200.jpg 300w, https:\/\/foto.praha-19.ys-beta.cz\/app\/uploads\/2022\/11\/2022_03_30_Kbely_26-1024x683.jpg 1024w, https:\/\/foto.praha-19.ys-beta.cz\/app\/uploads\/2022\/11\/2022_03_30_Kbely_26-768x512.jpg 768w, https:\/\/foto.praha-19.ys-beta.cz\/app\/uploads\/2022\/11\/2022_03_30_Kbely_26-1536x1024.jpg 1536w, https:\/\/foto.praha-19.ys-beta.cz\/app\/uploads\/2022\/11\/2022_03_30_Kbely_26-1194x796.jpg 1194w, https:\/\/foto.praha-19.ys-beta.cz\/app\/uploads\/2022\/11\/2022_03_30_Kbely_26-582x388.jpg 582w, https:\/\/foto.praha-19.ys-beta.cz\/app\/uploads\/2022\/11\/2022_03_30_Kbely_26-276x184.jpg 276w, https:\/\/foto.praha-19.ys-beta.cz\/app\/uploads\/2022\/11\/2022_03_30_Kbely_26-675x450.jpg 675w, https:\/\/foto.praha-19.ys-beta.cz\/app\/uploads\/2022\/11\/2022_03_30_Kbely_26.jpg 1920w\" sizes=\"auto, (max-width: 378px) 100vw, 378px\" \/><\/a><\/div><div class='pinhole-item col-xs-12 col-lg-4 col-md-4 col-sm-6  '><a class=\"item-link\" href=\"https:\/\/foto.praha-19.ys-beta.cz\/app\/uploads\/2022\/11\/2022_03_30_Kbely_28.jpg\" data-caption=\"[]\" data-meta=\"[]\"  data-size=\"{&quot;width&quot;:1920,&quot;height&quot;:1280}\" data-download=\"[]\" data-filename=\"{&quot;name&quot;:&quot;&quot;}\"><img loading=\"lazy\" decoding=\"async\" width=\"378\" height=\"252\" src=\"https:\/\/foto.praha-19.ys-beta.cz\/app\/uploads\/2022\/11\/2022_03_30_Kbely_28-378x252.jpg\" class=\"attachment-pinhole-col-3 size-pinhole-col-3\" alt=\"\" srcset=\"https:\/\/foto.praha-19.ys-beta.cz\/app\/uploads\/2022\/11\/2022_03_30_Kbely_28-378x252.jpg 378w, https:\/\/foto.praha-19.ys-beta.cz\/app\/uploads\/2022\/11\/2022_03_30_Kbely_28-300x200.jpg 300w, https:\/\/foto.praha-19.ys-beta.cz\/app\/uploads\/2022\/11\/2022_03_30_Kbely_28-1024x683.jpg 1024w, https:\/\/foto.praha-19.ys-beta.cz\/app\/uploads\/2022\/11\/2022_03_30_Kbely_28-768x512.jpg 768w, https:\/\/foto.praha-19.ys-beta.cz\/app\/uploads\/2022\/11\/2022_03_30_Kbely_28-1536x1024.jpg 1536w, https:\/\/foto.praha-19.ys-beta.cz\/app\/uploads\/2022\/11\/2022_03_30_Kbely_28-1194x796.jpg 1194w, https:\/\/foto.praha-19.ys-beta.cz\/app\/uploads\/2022\/11\/2022_03_30_Kbely_28-582x388.jpg 582w, https:\/\/foto.praha-19.ys-beta.cz\/app\/uploads\/2022\/11\/2022_03_30_Kbely_28-276x184.jpg 276w, https:\/\/foto.praha-19.ys-beta.cz\/app\/uploads\/2022\/11\/2022_03_30_Kbely_28-675x450.jpg 675w, https:\/\/foto.praha-19.ys-beta.cz\/app\/uploads\/2022\/11\/2022_03_30_Kbely_28.jpg 1920w\" sizes=\"auto, (max-width: 378px) 100vw, 378px\" \/><\/a><\/div><div class='pinhole-item col-xs-12 col-lg-4 col-md-4 col-sm-6  '><a class=\"item-link\" href=\"https:\/\/foto.praha-19.ys-beta.cz\/app\/uploads\/2022\/11\/2022_03_30_Kbely_33.jpg\" data-caption=\"[]\" data-meta=\"[]\"  data-size=\"{&quot;width&quot;:1920,&quot;height&quot;:1280}\" data-download=\"[]\" data-filename=\"{&quot;name&quot;:&quot;&quot;}\"><img loading=\"lazy\" decoding=\"async\" width=\"378\" height=\"252\" src=\"https:\/\/foto.praha-19.ys-beta.cz\/app\/uploads\/2022\/11\/2022_03_30_Kbely_33-378x252.jpg\" class=\"attachment-pinhole-col-3 size-pinhole-col-3\" alt=\"\" srcset=\"https:\/\/foto.praha-19.ys-beta.cz\/app\/uploads\/2022\/11\/2022_03_30_Kbely_33-378x252.jpg 378w, https:\/\/foto.praha-19.ys-beta.cz\/app\/uploads\/2022\/11\/2022_03_30_Kbely_33-300x200.jpg 300w, https:\/\/foto.praha-19.ys-beta.cz\/app\/uploads\/2022\/11\/2022_03_30_Kbely_33-1024x683.jpg 1024w, https:\/\/foto.praha-19.ys-beta.cz\/app\/uploads\/2022\/11\/2022_03_30_Kbely_33-768x512.jpg 768w, https:\/\/foto.praha-19.ys-beta.cz\/app\/uploads\/2022\/11\/2022_03_30_Kbely_33-1536x1024.jpg 1536w, https:\/\/foto.praha-19.ys-beta.cz\/app\/uploads\/2022\/11\/2022_03_30_Kbely_33-1194x796.jpg 1194w, https:\/\/foto.praha-19.ys-beta.cz\/app\/uploads\/2022\/11\/2022_03_30_Kbely_33-582x388.jpg 582w, https:\/\/foto.praha-19.ys-beta.cz\/app\/uploads\/2022\/11\/2022_03_30_Kbely_33-276x184.jpg 276w, https:\/\/foto.praha-19.ys-beta.cz\/app\/uploads\/2022\/11\/2022_03_30_Kbely_33-675x450.jpg 675w, https:\/\/foto.praha-19.ys-beta.cz\/app\/uploads\/2022\/11\/2022_03_30_Kbely_33.jpg 1920w\" sizes=\"auto, (max-width: 378px) 100vw, 378px\" \/><\/a><\/div><div class='pinhole-item col-xs-12 col-lg-4 col-md-4 col-sm-6  '><a class=\"item-link\" href=\"https:\/\/foto.praha-19.ys-beta.cz\/app\/uploads\/2022\/11\/2022_03_30_Kbely_34.jpg\" data-caption=\"[]\" data-meta=\"[]\"  data-size=\"{&quot;width&quot;:1920,&quot;height&quot;:1280}\" data-download=\"[]\" data-filename=\"{&quot;name&quot;:&quot;&quot;}\"><img loading=\"lazy\" decoding=\"async\" width=\"378\" height=\"252\" src=\"https:\/\/foto.praha-19.ys-beta.cz\/app\/uploads\/2022\/11\/2022_03_30_Kbely_34-378x252.jpg\" class=\"attachment-pinhole-col-3 size-pinhole-col-3\" alt=\"\" srcset=\"https:\/\/foto.praha-19.ys-beta.cz\/app\/uploads\/2022\/11\/2022_03_30_Kbely_34-378x252.jpg 378w, https:\/\/foto.praha-19.ys-beta.cz\/app\/uploads\/2022\/11\/2022_03_30_Kbely_34-300x200.jpg 300w, https:\/\/foto.praha-19.ys-beta.cz\/app\/uploads\/2022\/11\/2022_03_30_Kbely_34-1024x683.jpg 1024w, https:\/\/foto.praha-19.ys-beta.cz\/app\/uploads\/2022\/11\/2022_03_30_Kbely_34-768x512.jpg 768w, https:\/\/foto.praha-19.ys-beta.cz\/app\/uploads\/2022\/11\/2022_03_30_Kbely_34-1536x1024.jpg 1536w, https:\/\/foto.praha-19.ys-beta.cz\/app\/uploads\/2022\/11\/2022_03_30_Kbely_34-1194x796.jpg 1194w, https:\/\/foto.praha-19.ys-beta.cz\/app\/uploads\/2022\/11\/2022_03_30_Kbely_34-582x388.jpg 582w, https:\/\/foto.praha-19.ys-beta.cz\/app\/uploads\/2022\/11\/2022_03_30_Kbely_34-276x184.jpg 276w, https:\/\/foto.praha-19.ys-beta.cz\/app\/uploads\/2022\/11\/2022_03_30_Kbely_34-675x450.jpg 675w, https:\/\/foto.praha-19.ys-beta.cz\/app\/uploads\/2022\/11\/2022_03_30_Kbely_34.jpg 1920w\" sizes=\"auto, (max-width: 378px) 100vw, 378px\" \/><\/a><\/div><div class='pinhole-item col-xs-12 col-lg-4 col-md-4 col-sm-6  '><a class=\"item-link\" href=\"https:\/\/foto.praha-19.ys-beta.cz\/app\/uploads\/2022\/11\/2022_03_30_Kbely_36.jpg\" data-caption=\"[]\" data-meta=\"[]\"  data-size=\"{&quot;width&quot;:1920,&quot;height&quot;:1280}\" data-download=\"[]\" data-filename=\"{&quot;name&quot;:&quot;&quot;}\"><img loading=\"lazy\" decoding=\"async\" width=\"378\" height=\"252\" src=\"https:\/\/foto.praha-19.ys-beta.cz\/app\/uploads\/2022\/11\/2022_03_30_Kbely_36-378x252.jpg\" class=\"attachment-pinhole-col-3 size-pinhole-col-3\" alt=\"\" srcset=\"https:\/\/foto.praha-19.ys-beta.cz\/app\/uploads\/2022\/11\/2022_03_30_Kbely_36-378x252.jpg 378w, https:\/\/foto.praha-19.ys-beta.cz\/app\/uploads\/2022\/11\/2022_03_30_Kbely_36-300x200.jpg 300w, https:\/\/foto.praha-19.ys-beta.cz\/app\/uploads\/2022\/11\/2022_03_30_Kbely_36-1024x683.jpg 1024w, https:\/\/foto.praha-19.ys-beta.cz\/app\/uploads\/2022\/11\/2022_03_30_Kbely_36-768x512.jpg 768w, https:\/\/foto.praha-19.ys-beta.cz\/app\/uploads\/2022\/11\/2022_03_30_Kbely_36-1536x1024.jpg 1536w, https:\/\/foto.praha-19.ys-beta.cz\/app\/uploads\/2022\/11\/2022_03_30_Kbely_36-1194x796.jpg 1194w, https:\/\/foto.praha-19.ys-beta.cz\/app\/uploads\/2022\/11\/2022_03_30_Kbely_36-582x388.jpg 582w, https:\/\/foto.praha-19.ys-beta.cz\/app\/uploads\/2022\/11\/2022_03_30_Kbely_36-276x184.jpg 276w, https:\/\/foto.praha-19.ys-beta.cz\/app\/uploads\/2022\/11\/2022_03_30_Kbely_36-675x450.jpg 675w, https:\/\/foto.praha-19.ys-beta.cz\/app\/uploads\/2022\/11\/2022_03_30_Kbely_36.jpg 1920w\" sizes=\"auto, (max-width: 378px) 100vw, 378px\" \/><\/a><\/div><div class='pinhole-item col-xs-12 col-lg-4 col-md-4 col-sm-6  '><a class=\"item-link\" href=\"https:\/\/foto.praha-19.ys-beta.cz\/app\/uploads\/2022\/11\/2022_03_30_Kbely_41.jpg\" data-caption=\"[]\" data-meta=\"[]\"  data-size=\"{&quot;width&quot;:1920,&quot;height&quot;:1280}\" data-download=\"[]\" data-filename=\"{&quot;name&quot;:&quot;&quot;}\"><img loading=\"lazy\" decoding=\"async\" width=\"378\" height=\"252\" src=\"https:\/\/foto.praha-19.ys-beta.cz\/app\/uploads\/2022\/11\/2022_03_30_Kbely_41-378x252.jpg\" class=\"attachment-pinhole-col-3 size-pinhole-col-3\" alt=\"\" srcset=\"https:\/\/foto.praha-19.ys-beta.cz\/app\/uploads\/2022\/11\/2022_03_30_Kbely_41-378x252.jpg 378w, https:\/\/foto.praha-19.ys-beta.cz\/app\/uploads\/2022\/11\/2022_03_30_Kbely_41-300x200.jpg 300w, https:\/\/foto.praha-19.ys-beta.cz\/app\/uploads\/2022\/11\/2022_03_30_Kbely_41-1024x683.jpg 1024w, https:\/\/foto.praha-19.ys-beta.cz\/app\/uploads\/2022\/11\/2022_03_30_Kbely_41-768x512.jpg 768w, https:\/\/foto.praha-19.ys-beta.cz\/app\/uploads\/2022\/11\/2022_03_30_Kbely_41-1536x1024.jpg 1536w, https:\/\/foto.praha-19.ys-beta.cz\/app\/uploads\/2022\/11\/2022_03_30_Kbely_41-1194x796.jpg 1194w, https:\/\/foto.praha-19.ys-beta.cz\/app\/uploads\/2022\/11\/2022_03_30_Kbely_41-582x388.jpg 582w, https:\/\/foto.praha-19.ys-beta.cz\/app\/uploads\/2022\/11\/2022_03_30_Kbely_41-276x184.jpg 276w, https:\/\/foto.praha-19.ys-beta.cz\/app\/uploads\/2022\/11\/2022_03_30_Kbely_41-675x450.jpg 675w, https:\/\/foto.praha-19.ys-beta.cz\/app\/uploads\/2022\/11\/2022_03_30_Kbely_41.jpg 1920w\" sizes=\"auto, (max-width: 378px) 100vw, 378px\" \/><\/a><\/div><div class='pinhole-item col-xs-12 col-lg-4 col-md-4 col-sm-6  '><a class=\"item-link\" href=\"https:\/\/foto.praha-19.ys-beta.cz\/app\/uploads\/2022\/11\/2022_03_30_Kbely_44.jpg\" data-caption=\"[]\" data-meta=\"[]\"  data-size=\"{&quot;width&quot;:1920,&quot;height&quot;:1280}\" data-download=\"[]\" data-filename=\"{&quot;name&quot;:&quot;&quot;}\"><img loading=\"lazy\" decoding=\"async\" width=\"378\" height=\"252\" src=\"https:\/\/foto.praha-19.ys-beta.cz\/app\/uploads\/2022\/11\/2022_03_30_Kbely_44-378x252.jpg\" class=\"attachment-pinhole-col-3 size-pinhole-col-3\" alt=\"\" srcset=\"https:\/\/foto.praha-19.ys-beta.cz\/app\/uploads\/2022\/11\/2022_03_30_Kbely_44-378x252.jpg 378w, https:\/\/foto.praha-19.ys-beta.cz\/app\/uploads\/2022\/11\/2022_03_30_Kbely_44-300x200.jpg 300w, https:\/\/foto.praha-19.ys-beta.cz\/app\/uploads\/2022\/11\/2022_03_30_Kbely_44-1024x683.jpg 1024w, https:\/\/foto.praha-19.ys-beta.cz\/app\/uploads\/2022\/11\/2022_03_30_Kbely_44-768x512.jpg 768w, https:\/\/foto.praha-19.ys-beta.cz\/app\/uploads\/2022\/11\/2022_03_30_Kbely_44-1536x1024.jpg 1536w, https:\/\/foto.praha-19.ys-beta.cz\/app\/uploads\/2022\/11\/2022_03_30_Kbely_44-1194x796.jpg 1194w, https:\/\/foto.praha-19.ys-beta.cz\/app\/uploads\/2022\/11\/2022_03_30_Kbely_44-582x388.jpg 582w, https:\/\/foto.praha-19.ys-beta.cz\/app\/uploads\/2022\/11\/2022_03_30_Kbely_44-276x184.jpg 276w, https:\/\/foto.praha-19.ys-beta.cz\/app\/uploads\/2022\/11\/2022_03_30_Kbely_44-675x450.jpg 675w, https:\/\/foto.praha-19.ys-beta.cz\/app\/uploads\/2022\/11\/2022_03_30_Kbely_44.jpg 1920w\" sizes=\"auto, (max-width: 378px) 100vw, 378px\" \/><\/a><\/div><div class='pinhole-item col-xs-12 col-lg-4 col-md-4 col-sm-6  '><a class=\"item-link\" href=\"https:\/\/foto.praha-19.ys-beta.cz\/app\/uploads\/2022\/11\/2022_03_30_Kbely_45.jpg\" data-caption=\"[]\" data-meta=\"[]\"  data-size=\"{&quot;width&quot;:1920,&quot;height&quot;:1280}\" data-download=\"[]\" data-filename=\"{&quot;name&quot;:&quot;&quot;}\"><img loading=\"lazy\" decoding=\"async\" width=\"378\" height=\"252\" src=\"https:\/\/foto.praha-19.ys-beta.cz\/app\/uploads\/2022\/11\/2022_03_30_Kbely_45-378x252.jpg\" class=\"attachment-pinhole-col-3 size-pinhole-col-3\" alt=\"\" srcset=\"https:\/\/foto.praha-19.ys-beta.cz\/app\/uploads\/2022\/11\/2022_03_30_Kbely_45-378x252.jpg 378w, https:\/\/foto.praha-19.ys-beta.cz\/app\/uploads\/2022\/11\/2022_03_30_Kbely_45-300x200.jpg 300w, https:\/\/foto.praha-19.ys-beta.cz\/app\/uploads\/2022\/11\/2022_03_30_Kbely_45-1024x683.jpg 1024w, https:\/\/foto.praha-19.ys-beta.cz\/app\/uploads\/2022\/11\/2022_03_30_Kbely_45-768x512.jpg 768w, https:\/\/foto.praha-19.ys-beta.cz\/app\/uploads\/2022\/11\/2022_03_30_Kbely_45-1536x1024.jpg 1536w, https:\/\/foto.praha-19.ys-beta.cz\/app\/uploads\/2022\/11\/2022_03_30_Kbely_45-1194x796.jpg 1194w, https:\/\/foto.praha-19.ys-beta.cz\/app\/uploads\/2022\/11\/2022_03_30_Kbely_45-582x388.jpg 582w, https:\/\/foto.praha-19.ys-beta.cz\/app\/uploads\/2022\/11\/2022_03_30_Kbely_45-276x184.jpg 276w, https:\/\/foto.praha-19.ys-beta.cz\/app\/uploads\/2022\/11\/2022_03_30_Kbely_45-675x450.jpg 675w, https:\/\/foto.praha-19.ys-beta.cz\/app\/uploads\/2022\/11\/2022_03_30_Kbely_45.jpg 1920w\" sizes=\"auto, (max-width: 378px) 100vw, 378px\" \/><\/a><\/div><div class='pinhole-item col-xs-12 col-lg-4 col-md-4 col-sm-6  '><a class=\"item-link\" href=\"https:\/\/foto.praha-19.ys-beta.cz\/app\/uploads\/2022\/11\/2022_03_30_Kbely_46.jpg\" data-caption=\"[]\" data-meta=\"[]\"  data-size=\"{&quot;width&quot;:1920,&quot;height&quot;:1280}\" data-download=\"[]\" data-filename=\"{&quot;name&quot;:&quot;&quot;}\"><img loading=\"lazy\" decoding=\"async\" width=\"378\" height=\"252\" src=\"https:\/\/foto.praha-19.ys-beta.cz\/app\/uploads\/2022\/11\/2022_03_30_Kbely_46-378x252.jpg\" class=\"attachment-pinhole-col-3 size-pinhole-col-3\" alt=\"\" srcset=\"https:\/\/foto.praha-19.ys-beta.cz\/app\/uploads\/2022\/11\/2022_03_30_Kbely_46-378x252.jpg 378w, https:\/\/foto.praha-19.ys-beta.cz\/app\/uploads\/2022\/11\/2022_03_30_Kbely_46-300x200.jpg 300w, https:\/\/foto.praha-19.ys-beta.cz\/app\/uploads\/2022\/11\/2022_03_30_Kbely_46-1024x683.jpg 1024w, https:\/\/foto.praha-19.ys-beta.cz\/app\/uploads\/2022\/11\/2022_03_30_Kbely_46-768x512.jpg 768w, https:\/\/foto.praha-19.ys-beta.cz\/app\/uploads\/2022\/11\/2022_03_30_Kbely_46-1536x1024.jpg 1536w, https:\/\/foto.praha-19.ys-beta.cz\/app\/uploads\/2022\/11\/2022_03_30_Kbely_46-1194x796.jpg 1194w, https:\/\/foto.praha-19.ys-beta.cz\/app\/uploads\/2022\/11\/2022_03_30_Kbely_46-582x388.jpg 582w, https:\/\/foto.praha-19.ys-beta.cz\/app\/uploads\/2022\/11\/2022_03_30_Kbely_46-276x184.jpg 276w, https:\/\/foto.praha-19.ys-beta.cz\/app\/uploads\/2022\/11\/2022_03_30_Kbely_46-675x450.jpg 675w, https:\/\/foto.praha-19.ys-beta.cz\/app\/uploads\/2022\/11\/2022_03_30_Kbely_46.jpg 1920w\" sizes=\"auto, (max-width: 378px) 100vw, 378px\" \/><\/a><\/div>\n\t\t<\/div>\n","protected":false},"excerpt":{"rendered":"<p>30. b\u0159ezna &#8211; Knihovna Kbely Ve st\u0159edu 30. b\u0159ezna 2022 byla v M\u00edstn\u00ed knihovn\u011b Kbely slavnostn\u011b zakon\u010dena v\u00fdstava \u201eVV+JJ\u201c &#8211; autor\u016f Vladislava Vrby a Jaroslava Jocha, jejich\u017e fotografie m\u011bla ve\u0159ejnost mo\u017enost zhl\u00e9dnout v knihovn\u011b od za\u010d\u00e1tku \u00fanora. Vzhledem k protiepidemick\u00fdm opat\u0159en\u00ed v\u0161ak nemohla prob\u011bhnout pl\u00e1novan\u00e1 vernis\u00e1\u017e, tud\u00ed\u017e jsme se s autory mohli osobn\u011b setkat a\u017e [&hellip;]<\/p>\n","protected":false},"author":6,"featured_media":1520,"parent":963,"menu_order":100,"comment_status":"closed","ping_status":"closed","template":"template-galleries.php","meta":{"footnotes":""},"class_list":["post-1503","page","type-page","status-publish","has-post-thumbnail","hentry"],"yoast_head":"<!-- This site is optimized with the Yoast SEO plugin v27.2 - https:\/\/yoast.com\/product\/yoast-seo-wordpress\/ -->\n<title>Slavnostn\u00ed zakon\u010den\u00ed v\u00fdstavy \u201eVV+JJ\u201c - Fotogalerie - Praha 19<\/title>\n<meta name=\"robots\" content=\"noindex, follow, max-snippet:-1, max-image-preview:large, max-video-preview:-1\" \/>\n<meta property=\"og:locale\" content=\"cs_CZ\" \/>\n<meta property=\"og:type\" content=\"article\" \/>\n<meta property=\"og:title\" content=\"Slavnostn\u00ed zakon\u010den\u00ed v\u00fdstavy \u201eVV+JJ\u201c - Fotogalerie - Praha 19\" \/>\n<meta property=\"og:description\" content=\"30. b\u0159ezna &#8211; Knihovna Kbely Ve st\u0159edu 30. b\u0159ezna 2022 byla v M\u00edstn\u00ed knihovn\u011b Kbely slavnostn\u011b zakon\u010dena v\u00fdstava \u201eVV+JJ\u201c - autor\u016f Vladislava Vrby a Jaroslava Jocha, jejich\u017e fotografie m\u011bla ve\u0159ejnost mo\u017enost zhl\u00e9dnout v knihovn\u011b od za\u010d\u00e1tku \u00fanora. Vzhledem k protiepidemick\u00fdm opat\u0159en\u00ed v\u0161ak nemohla prob\u011bhnout pl\u00e1novan\u00e1 vernis\u00e1\u017e, tud\u00ed\u017e jsme se s autory mohli osobn\u011b setkat a\u017e [&hellip;]\" \/>\n<meta property=\"og:url\" content=\"https:\/\/foto.praha-19.ys-beta.cz\/index.php\/rok-2022\/slavnostni-zakonceni-vystavy-vvjj\/\" \/>\n<meta property=\"og:site_name\" content=\"Fotogalerie - Praha 19\" \/>\n<meta property=\"article:modified_time\" content=\"2022-11-22T13:26:53+00:00\" \/>\n<meta property=\"og:image\" content=\"https:\/\/foto.praha-19.ys-beta.cz\/app\/uploads\/2022\/11\/2022_03_30_Kbely_33-1024x683.jpg\" \/>\n\t<meta property=\"og:image:width\" content=\"1024\" \/>\n\t<meta property=\"og:image:height\" content=\"683\" \/>\n\t<meta property=\"og:image:type\" content=\"image\/jpeg\" \/>\n<meta name=\"twitter:card\" content=\"summary_large_image\" \/>\n<meta name=\"twitter:label1\" content=\"Est. reading time\" \/>\n\t<meta name=\"twitter:data1\" content=\"5 minut\" \/>\n<script type=\"application\/ld+json\" class=\"yoast-schema-graph\">{\"@context\":\"https:\/\/schema.org\",\"@graph\":[{\"@type\":\"WebPage\",\"@id\":\"https:\/\/foto.praha-19.ys-beta.cz\/index.php\/rok-2022\/slavnostni-zakonceni-vystavy-vvjj\/\",\"url\":\"https:\/\/foto.praha-19.ys-beta.cz\/index.php\/rok-2022\/slavnostni-zakonceni-vystavy-vvjj\/\",\"name\":\"Slavnostn\u00ed zakon\u010den\u00ed v\u00fdstavy \u201eVV+JJ\u201c - Fotogalerie - Praha 19\",\"isPartOf\":{\"@id\":\"https:\/\/foto.praha-19.ys-beta.cz\/#website\"},\"primaryImageOfPage\":{\"@id\":\"https:\/\/foto.praha-19.ys-beta.cz\/index.php\/rok-2022\/slavnostni-zakonceni-vystavy-vvjj\/#primaryimage\"},\"image\":{\"@id\":\"https:\/\/foto.praha-19.ys-beta.cz\/index.php\/rok-2022\/slavnostni-zakonceni-vystavy-vvjj\/#primaryimage\"},\"thumbnailUrl\":\"https:\/\/foto.praha-19.ys-beta.cz\/app\/uploads\/2022\/11\/2022_03_30_Kbely_33.jpg\",\"datePublished\":\"2022-03-30T09:18:00+00:00\",\"dateModified\":\"2022-11-22T13:26:53+00:00\",\"breadcrumb\":{\"@id\":\"https:\/\/foto.praha-19.ys-beta.cz\/index.php\/rok-2022\/slavnostni-zakonceni-vystavy-vvjj\/#breadcrumb\"},\"inLanguage\":\"cs\",\"potentialAction\":[{\"@type\":\"ReadAction\",\"target\":[\"https:\/\/foto.praha-19.ys-beta.cz\/index.php\/rok-2022\/slavnostni-zakonceni-vystavy-vvjj\/\"]}]},{\"@type\":\"ImageObject\",\"inLanguage\":\"cs\",\"@id\":\"https:\/\/foto.praha-19.ys-beta.cz\/index.php\/rok-2022\/slavnostni-zakonceni-vystavy-vvjj\/#primaryimage\",\"url\":\"https:\/\/foto.praha-19.ys-beta.cz\/app\/uploads\/2022\/11\/2022_03_30_Kbely_33.jpg\",\"contentUrl\":\"https:\/\/foto.praha-19.ys-beta.cz\/app\/uploads\/2022\/11\/2022_03_30_Kbely_33.jpg\",\"width\":1920,\"height\":1280},{\"@type\":\"BreadcrumbList\",\"@id\":\"https:\/\/foto.praha-19.ys-beta.cz\/index.php\/rok-2022\/slavnostni-zakonceni-vystavy-vvjj\/#breadcrumb\",\"itemListElement\":[{\"@type\":\"ListItem\",\"position\":1,\"name\":\"Home\",\"item\":\"https:\/\/foto.praha-19.ys-beta.cz\/\"},{\"@type\":\"ListItem\",\"position\":2,\"name\":\"Rok 2022\",\"item\":\"https:\/\/foto.praha-19.ys-beta.cz\/index.php\/rok-2022\/\"},{\"@type\":\"ListItem\",\"position\":3,\"name\":\"Slavnostn\u00ed zakon\u010den\u00ed v\u00fdstavy \u201eVV+JJ\u201c\"}]},{\"@type\":\"WebSite\",\"@id\":\"https:\/\/foto.praha-19.ys-beta.cz\/#website\",\"url\":\"https:\/\/foto.praha-19.ys-beta.cz\/\",\"name\":\"Fotogalerie - Praha 19\",\"description\":\"Fotogalerie m\u011bstsk\u00e9 \u010d\u00e1sti Praha 19\",\"potentialAction\":[{\"@type\":\"SearchAction\",\"target\":{\"@type\":\"EntryPoint\",\"urlTemplate\":\"https:\/\/foto.praha-19.ys-beta.cz\/?s={search_term_string}\"},\"query-input\":{\"@type\":\"PropertyValueSpecification\",\"valueRequired\":true,\"valueName\":\"search_term_string\"}}],\"inLanguage\":\"cs\"}]}<\/script>\n<!-- \/ Yoast SEO plugin. -->","yoast_head_json":{"title":"Slavnostn\u00ed zakon\u010den\u00ed v\u00fdstavy \u201eVV+JJ\u201c - Fotogalerie - Praha 19","robots":{"index":"noindex","follow":"follow","max-snippet":"max-snippet:-1","max-image-preview":"max-image-preview:large","max-video-preview":"max-video-preview:-1"},"og_locale":"cs_CZ","og_type":"article","og_title":"Slavnostn\u00ed zakon\u010den\u00ed v\u00fdstavy \u201eVV+JJ\u201c - Fotogalerie - Praha 19","og_description":"30. b\u0159ezna &#8211; Knihovna Kbely Ve st\u0159edu 30. b\u0159ezna 2022 byla v M\u00edstn\u00ed knihovn\u011b Kbely slavnostn\u011b zakon\u010dena v\u00fdstava \u201eVV+JJ\u201c - autor\u016f Vladislava Vrby a Jaroslava Jocha, jejich\u017e fotografie m\u011bla ve\u0159ejnost mo\u017enost zhl\u00e9dnout v knihovn\u011b od za\u010d\u00e1tku \u00fanora. Vzhledem k protiepidemick\u00fdm opat\u0159en\u00ed v\u0161ak nemohla prob\u011bhnout pl\u00e1novan\u00e1 vernis\u00e1\u017e, tud\u00ed\u017e jsme se s autory mohli osobn\u011b setkat a\u017e [&hellip;]","og_url":"https:\/\/foto.praha-19.ys-beta.cz\/index.php\/rok-2022\/slavnostni-zakonceni-vystavy-vvjj\/","og_site_name":"Fotogalerie - Praha 19","article_modified_time":"2022-11-22T13:26:53+00:00","og_image":[{"width":1024,"height":683,"url":"https:\/\/foto.praha-19.ys-beta.cz\/app\/uploads\/2022\/11\/2022_03_30_Kbely_33-1024x683.jpg","type":"image\/jpeg"}],"twitter_card":"summary_large_image","twitter_misc":{"Est. reading time":"5 minut"},"schema":{"@context":"https:\/\/schema.org","@graph":[{"@type":"WebPage","@id":"https:\/\/foto.praha-19.ys-beta.cz\/index.php\/rok-2022\/slavnostni-zakonceni-vystavy-vvjj\/","url":"https:\/\/foto.praha-19.ys-beta.cz\/index.php\/rok-2022\/slavnostni-zakonceni-vystavy-vvjj\/","name":"Slavnostn\u00ed zakon\u010den\u00ed v\u00fdstavy \u201eVV+JJ\u201c - Fotogalerie - Praha 19","isPartOf":{"@id":"https:\/\/foto.praha-19.ys-beta.cz\/#website"},"primaryImageOfPage":{"@id":"https:\/\/foto.praha-19.ys-beta.cz\/index.php\/rok-2022\/slavnostni-zakonceni-vystavy-vvjj\/#primaryimage"},"image":{"@id":"https:\/\/foto.praha-19.ys-beta.cz\/index.php\/rok-2022\/slavnostni-zakonceni-vystavy-vvjj\/#primaryimage"},"thumbnailUrl":"https:\/\/foto.praha-19.ys-beta.cz\/app\/uploads\/2022\/11\/2022_03_30_Kbely_33.jpg","datePublished":"2022-03-30T09:18:00+00:00","dateModified":"2022-11-22T13:26:53+00:00","breadcrumb":{"@id":"https:\/\/foto.praha-19.ys-beta.cz\/index.php\/rok-2022\/slavnostni-zakonceni-vystavy-vvjj\/#breadcrumb"},"inLanguage":"cs","potentialAction":[{"@type":"ReadAction","target":["https:\/\/foto.praha-19.ys-beta.cz\/index.php\/rok-2022\/slavnostni-zakonceni-vystavy-vvjj\/"]}]},{"@type":"ImageObject","inLanguage":"cs","@id":"https:\/\/foto.praha-19.ys-beta.cz\/index.php\/rok-2022\/slavnostni-zakonceni-vystavy-vvjj\/#primaryimage","url":"https:\/\/foto.praha-19.ys-beta.cz\/app\/uploads\/2022\/11\/2022_03_30_Kbely_33.jpg","contentUrl":"https:\/\/foto.praha-19.ys-beta.cz\/app\/uploads\/2022\/11\/2022_03_30_Kbely_33.jpg","width":1920,"height":1280},{"@type":"BreadcrumbList","@id":"https:\/\/foto.praha-19.ys-beta.cz\/index.php\/rok-2022\/slavnostni-zakonceni-vystavy-vvjj\/#breadcrumb","itemListElement":[{"@type":"ListItem","position":1,"name":"Home","item":"https:\/\/foto.praha-19.ys-beta.cz\/"},{"@type":"ListItem","position":2,"name":"Rok 2022","item":"https:\/\/foto.praha-19.ys-beta.cz\/index.php\/rok-2022\/"},{"@type":"ListItem","position":3,"name":"Slavnostn\u00ed zakon\u010den\u00ed v\u00fdstavy \u201eVV+JJ\u201c"}]},{"@type":"WebSite","@id":"https:\/\/foto.praha-19.ys-beta.cz\/#website","url":"https:\/\/foto.praha-19.ys-beta.cz\/","name":"Fotogalerie - Praha 19","description":"Fotogalerie m\u011bstsk\u00e9 \u010d\u00e1sti Praha 19","potentialAction":[{"@type":"SearchAction","target":{"@type":"EntryPoint","urlTemplate":"https:\/\/foto.praha-19.ys-beta.cz\/?s={search_term_string}"},"query-input":{"@type":"PropertyValueSpecification","valueRequired":true,"valueName":"search_term_string"}}],"inLanguage":"cs"}]}},"_links":{"self":[{"href":"https:\/\/foto.praha-19.ys-beta.cz\/index.php\/wp-json\/wp\/v2\/pages\/1503","targetHints":{"allow":["GET"]}}],"collection":[{"href":"https:\/\/foto.praha-19.ys-beta.cz\/index.php\/wp-json\/wp\/v2\/pages"}],"about":[{"href":"https:\/\/foto.praha-19.ys-beta.cz\/index.php\/wp-json\/wp\/v2\/types\/page"}],"author":[{"embeddable":true,"href":"https:\/\/foto.praha-19.ys-beta.cz\/index.php\/wp-json\/wp\/v2\/users\/6"}],"replies":[{"embeddable":true,"href":"https:\/\/foto.praha-19.ys-beta.cz\/index.php\/wp-json\/wp\/v2\/comments?post=1503"}],"version-history":[{"count":3,"href":"https:\/\/foto.praha-19.ys-beta.cz\/index.php\/wp-json\/wp\/v2\/pages\/1503\/revisions"}],"predecessor-version":[{"id":2114,"href":"https:\/\/foto.praha-19.ys-beta.cz\/index.php\/wp-json\/wp\/v2\/pages\/1503\/revisions\/2114"}],"up":[{"embeddable":true,"href":"https:\/\/foto.praha-19.ys-beta.cz\/index.php\/wp-json\/wp\/v2\/pages\/963"}],"wp:featuredmedia":[{"embeddable":true,"href":"https:\/\/foto.praha-19.ys-beta.cz\/index.php\/wp-json\/wp\/v2\/media\/1520"}],"wp:attachment":[{"href":"https:\/\/foto.praha-19.ys-beta.cz\/index.php\/wp-json\/wp\/v2\/media?parent=1503"}],"curies":[{"name":"wp","href":"https:\/\/api.w.org\/{rel}","templated":true}]}}