{"id":14406,"date":"2023-10-26T18:26:00","date_gmt":"2023-10-26T16:26:00","guid":{"rendered":"https:\/\/foto.praha-19.ys-beta.cz\/?page_id=14406"},"modified":"2024-03-04T11:26:07","modified_gmt":"2024-03-04T09:26:07","slug":"tvoriva-dilna-v-ekocentrum-prales","status":"publish","type":"page","link":"https:\/\/foto.praha-19.ys-beta.cz\/index.php\/rok-2023\/tvoriva-dilna-v-ekocentrum-prales\/","title":{"rendered":"Tvo\u0159iv\u00e1 d\u00edlna v Ekocentrum Prales"},"content":{"rendered":"\n<p>Velkou v\u00fdzvou pro v\u0161echny tvo\u0159iv\u00e9 seniory byla kbelskou radnic\u00ed uspo\u0159\u00e1dan\u00e1 akce v r\u00e1mci ergoterapie. Ve \u010dtvrtek 26.10.2023 od 13h prob\u011bhla za velice p\u0159\u00edjemn\u00e9 atmosf\u00e9ry a s velk\u00fdm po\u010dtem n\u00e1v\u0161t\u011bvn\u00edk\u016f tvo\u0159iv\u00e1 d\u00edlna v t\u00e9matu du\u0161i\u010dek. Zde se se\u0161lo trouf\u00e1m si \u0159\u00edci zat\u00edm nejv\u011bt\u0161\u00ed mno\u017estv\u00ed tvo\u0159iv\u00fdch a zru\u010dn\u00fdch senior\u016f. Z p\u0159ipraven\u00fdch p\u0159\u00edrodn\u00edch materi\u00e1l\u016f, ale t\u00e9\u017e radnic\u00ed zakoupen\u00fdch podzimn\u00edch dekorac\u00ed, vznikala velice poveden\u00e1 du\u0161i\u010dkov\u00e1 aran\u017em\u00e1 do byt\u016f \u010di na h\u0159bitov k pam\u00e1tce zesnul\u00fdch. Azyl n\u00e1m stejn\u011b jako minul\u00e9 roky poskytlo <a href=\"https:\/\/www.facebook.com\/EkocentrumPrales?__cft__[0]=AZWojYEIyJOX6Tm5fcphSbJkr8IYZHneVWRE9arewdLXmM5oJc29HmiLTKuqtk2LvkKDGFwNvL1gFZOKksok9VmnEl8Cx42HMZf2WUMl3kMkpAhrzxG_KMmhaQEqYovb6166dvBtwg70IQYtmDsBhEwqjNKp5vkWyPcOYcIbVXn_WUvP8xKTAiYZR27L4cvTNJY&amp;__tn__=-]K-R\">Ekocentrum Prales<\/a>, za co\u017e velice d\u011bkujeme.<\/p>\n\n\n\n<p>\u0160\u00e1rka Egrtov\u00e1<\/p>\n\n\n\n<p>foto <a href=\"https:\/\/www.facebook.com\/michal.marel.5?__cft__[0]=AZWojYEIyJOX6Tm5fcphSbJkr8IYZHneVWRE9arewdLXmM5oJc29HmiLTKuqtk2LvkKDGFwNvL1gFZOKksok9VmnEl8Cx42HMZf2WUMl3kMkpAhrzxG_KMmhaQEqYovb6166dvBtwg70IQYtmDsBhEwqjNKp5vkWyPcOYcIbVXn_WUvP8xKTAiYZR27L4cvTNJY&amp;__tn__=-]K-R\">Michal Marel<\/a><\/p>\n\n\n<div class='pinhole-gallery pinhole-masonry pinhole-popup items-hidden  clearfix row'><div class='pinhole-item col-xs-12 col-lg-4 col-md-4 col-sm-6  '><a class=\"item-link\" href=\"https:\/\/foto.praha-19.ys-beta.cz\/app\/uploads\/2024\/02\/544A0497.jpg\" data-caption=\"[]\" data-meta=\"[]\"  data-size=\"{&quot;width&quot;:1920,&quot;height&quot;:1280}\" data-download=\"[]\" data-filename=\"{&quot;name&quot;:&quot;&quot;}\"><img loading=\"lazy\" decoding=\"async\" width=\"378\" height=\"252\" src=\"https:\/\/foto.praha-19.ys-beta.cz\/app\/uploads\/2024\/02\/544A0497-378x252.jpg\" class=\"attachment-pinhole-col-3 size-pinhole-col-3\" alt=\"\" srcset=\"https:\/\/foto.praha-19.ys-beta.cz\/app\/uploads\/2024\/02\/544A0497-378x252.jpg 378w, https:\/\/foto.praha-19.ys-beta.cz\/app\/uploads\/2024\/02\/544A0497-300x200.jpg 300w, https:\/\/foto.praha-19.ys-beta.cz\/app\/uploads\/2024\/02\/544A0497-1024x683.jpg 1024w, https:\/\/foto.praha-19.ys-beta.cz\/app\/uploads\/2024\/02\/544A0497-768x512.jpg 768w, https:\/\/foto.praha-19.ys-beta.cz\/app\/uploads\/2024\/02\/544A0497-1536x1024.jpg 1536w, https:\/\/foto.praha-19.ys-beta.cz\/app\/uploads\/2024\/02\/544A0497-1194x796.jpg 1194w, https:\/\/foto.praha-19.ys-beta.cz\/app\/uploads\/2024\/02\/544A0497-582x388.jpg 582w, https:\/\/foto.praha-19.ys-beta.cz\/app\/uploads\/2024\/02\/544A0497-276x184.jpg 276w, https:\/\/foto.praha-19.ys-beta.cz\/app\/uploads\/2024\/02\/544A0497-675x450.jpg 675w, https:\/\/foto.praha-19.ys-beta.cz\/app\/uploads\/2024\/02\/544A0497.jpg 1920w\" sizes=\"auto, (max-width: 378px) 100vw, 378px\" \/><\/a><\/div><div class='pinhole-item col-xs-12 col-lg-4 col-md-4 col-sm-6  '><a class=\"item-link\" href=\"https:\/\/foto.praha-19.ys-beta.cz\/app\/uploads\/2024\/02\/544A0494.jpg\" data-caption=\"[]\" data-meta=\"[]\"  data-size=\"{&quot;width&quot;:1920,&quot;height&quot;:1280}\" data-download=\"[]\" data-filename=\"{&quot;name&quot;:&quot;&quot;}\"><img loading=\"lazy\" decoding=\"async\" width=\"378\" height=\"252\" src=\"https:\/\/foto.praha-19.ys-beta.cz\/app\/uploads\/2024\/02\/544A0494-378x252.jpg\" class=\"attachment-pinhole-col-3 size-pinhole-col-3\" alt=\"\" srcset=\"https:\/\/foto.praha-19.ys-beta.cz\/app\/uploads\/2024\/02\/544A0494-378x252.jpg 378w, https:\/\/foto.praha-19.ys-beta.cz\/app\/uploads\/2024\/02\/544A0494-300x200.jpg 300w, https:\/\/foto.praha-19.ys-beta.cz\/app\/uploads\/2024\/02\/544A0494-1024x683.jpg 1024w, https:\/\/foto.praha-19.ys-beta.cz\/app\/uploads\/2024\/02\/544A0494-768x512.jpg 768w, https:\/\/foto.praha-19.ys-beta.cz\/app\/uploads\/2024\/02\/544A0494-1536x1024.jpg 1536w, https:\/\/foto.praha-19.ys-beta.cz\/app\/uploads\/2024\/02\/544A0494-1194x796.jpg 1194w, https:\/\/foto.praha-19.ys-beta.cz\/app\/uploads\/2024\/02\/544A0494-582x388.jpg 582w, https:\/\/foto.praha-19.ys-beta.cz\/app\/uploads\/2024\/02\/544A0494-276x184.jpg 276w, https:\/\/foto.praha-19.ys-beta.cz\/app\/uploads\/2024\/02\/544A0494-675x450.jpg 675w, https:\/\/foto.praha-19.ys-beta.cz\/app\/uploads\/2024\/02\/544A0494.jpg 1920w\" sizes=\"auto, (max-width: 378px) 100vw, 378px\" \/><\/a><\/div><div class='pinhole-item col-xs-12 col-lg-4 col-md-4 col-sm-6  '><a class=\"item-link\" href=\"https:\/\/foto.praha-19.ys-beta.cz\/app\/uploads\/2024\/02\/544A0490.jpg\" data-caption=\"[]\" data-meta=\"[]\"  data-size=\"{&quot;width&quot;:1920,&quot;height&quot;:1280}\" data-download=\"[]\" data-filename=\"{&quot;name&quot;:&quot;&quot;}\"><img loading=\"lazy\" decoding=\"async\" width=\"378\" height=\"252\" src=\"https:\/\/foto.praha-19.ys-beta.cz\/app\/uploads\/2024\/02\/544A0490-378x252.jpg\" class=\"attachment-pinhole-col-3 size-pinhole-col-3\" alt=\"\" srcset=\"https:\/\/foto.praha-19.ys-beta.cz\/app\/uploads\/2024\/02\/544A0490-378x252.jpg 378w, https:\/\/foto.praha-19.ys-beta.cz\/app\/uploads\/2024\/02\/544A0490-300x200.jpg 300w, https:\/\/foto.praha-19.ys-beta.cz\/app\/uploads\/2024\/02\/544A0490-1024x683.jpg 1024w, https:\/\/foto.praha-19.ys-beta.cz\/app\/uploads\/2024\/02\/544A0490-768x512.jpg 768w, https:\/\/foto.praha-19.ys-beta.cz\/app\/uploads\/2024\/02\/544A0490-1536x1024.jpg 1536w, https:\/\/foto.praha-19.ys-beta.cz\/app\/uploads\/2024\/02\/544A0490-1194x796.jpg 1194w, https:\/\/foto.praha-19.ys-beta.cz\/app\/uploads\/2024\/02\/544A0490-582x388.jpg 582w, https:\/\/foto.praha-19.ys-beta.cz\/app\/uploads\/2024\/02\/544A0490-276x184.jpg 276w, https:\/\/foto.praha-19.ys-beta.cz\/app\/uploads\/2024\/02\/544A0490-675x450.jpg 675w, https:\/\/foto.praha-19.ys-beta.cz\/app\/uploads\/2024\/02\/544A0490.jpg 1920w\" sizes=\"auto, (max-width: 378px) 100vw, 378px\" \/><\/a><\/div><div class='pinhole-item col-xs-12 col-lg-4 col-md-4 col-sm-6  '><a class=\"item-link\" href=\"https:\/\/foto.praha-19.ys-beta.cz\/app\/uploads\/2024\/02\/544A0489.jpg\" data-caption=\"[]\" data-meta=\"[]\"  data-size=\"{&quot;width&quot;:1920,&quot;height&quot;:1280}\" data-download=\"[]\" data-filename=\"{&quot;name&quot;:&quot;&quot;}\"><img loading=\"lazy\" decoding=\"async\" width=\"378\" height=\"252\" src=\"https:\/\/foto.praha-19.ys-beta.cz\/app\/uploads\/2024\/02\/544A0489-378x252.jpg\" class=\"attachment-pinhole-col-3 size-pinhole-col-3\" alt=\"\" srcset=\"https:\/\/foto.praha-19.ys-beta.cz\/app\/uploads\/2024\/02\/544A0489-378x252.jpg 378w, https:\/\/foto.praha-19.ys-beta.cz\/app\/uploads\/2024\/02\/544A0489-300x200.jpg 300w, https:\/\/foto.praha-19.ys-beta.cz\/app\/uploads\/2024\/02\/544A0489-1024x683.jpg 1024w, https:\/\/foto.praha-19.ys-beta.cz\/app\/uploads\/2024\/02\/544A0489-768x512.jpg 768w, https:\/\/foto.praha-19.ys-beta.cz\/app\/uploads\/2024\/02\/544A0489-1536x1024.jpg 1536w, https:\/\/foto.praha-19.ys-beta.cz\/app\/uploads\/2024\/02\/544A0489-1194x796.jpg 1194w, https:\/\/foto.praha-19.ys-beta.cz\/app\/uploads\/2024\/02\/544A0489-582x388.jpg 582w, https:\/\/foto.praha-19.ys-beta.cz\/app\/uploads\/2024\/02\/544A0489-276x184.jpg 276w, https:\/\/foto.praha-19.ys-beta.cz\/app\/uploads\/2024\/02\/544A0489-675x450.jpg 675w, https:\/\/foto.praha-19.ys-beta.cz\/app\/uploads\/2024\/02\/544A0489.jpg 1920w\" sizes=\"auto, (max-width: 378px) 100vw, 378px\" \/><\/a><\/div><div class='pinhole-item col-xs-12 col-lg-4 col-md-4 col-sm-6  '><a class=\"item-link\" href=\"https:\/\/foto.praha-19.ys-beta.cz\/app\/uploads\/2024\/02\/544A0488.jpg\" data-caption=\"[]\" data-meta=\"[]\"  data-size=\"{&quot;width&quot;:1920,&quot;height&quot;:1280}\" data-download=\"[]\" data-filename=\"{&quot;name&quot;:&quot;&quot;}\"><img loading=\"lazy\" decoding=\"async\" width=\"378\" height=\"252\" src=\"https:\/\/foto.praha-19.ys-beta.cz\/app\/uploads\/2024\/02\/544A0488-378x252.jpg\" class=\"attachment-pinhole-col-3 size-pinhole-col-3\" alt=\"\" srcset=\"https:\/\/foto.praha-19.ys-beta.cz\/app\/uploads\/2024\/02\/544A0488-378x252.jpg 378w, https:\/\/foto.praha-19.ys-beta.cz\/app\/uploads\/2024\/02\/544A0488-300x200.jpg 300w, https:\/\/foto.praha-19.ys-beta.cz\/app\/uploads\/2024\/02\/544A0488-1024x683.jpg 1024w, https:\/\/foto.praha-19.ys-beta.cz\/app\/uploads\/2024\/02\/544A0488-768x512.jpg 768w, https:\/\/foto.praha-19.ys-beta.cz\/app\/uploads\/2024\/02\/544A0488-1536x1024.jpg 1536w, https:\/\/foto.praha-19.ys-beta.cz\/app\/uploads\/2024\/02\/544A0488-1194x796.jpg 1194w, https:\/\/foto.praha-19.ys-beta.cz\/app\/uploads\/2024\/02\/544A0488-582x388.jpg 582w, https:\/\/foto.praha-19.ys-beta.cz\/app\/uploads\/2024\/02\/544A0488-276x184.jpg 276w, https:\/\/foto.praha-19.ys-beta.cz\/app\/uploads\/2024\/02\/544A0488-675x450.jpg 675w, https:\/\/foto.praha-19.ys-beta.cz\/app\/uploads\/2024\/02\/544A0488.jpg 1920w\" sizes=\"auto, (max-width: 378px) 100vw, 378px\" \/><\/a><\/div><div class='pinhole-item col-xs-12 col-lg-4 col-md-4 col-sm-6  '><a class=\"item-link\" href=\"https:\/\/foto.praha-19.ys-beta.cz\/app\/uploads\/2024\/02\/544A0487.jpg\" data-caption=\"[]\" data-meta=\"[]\"  data-size=\"{&quot;width&quot;:1920,&quot;height&quot;:1280}\" data-download=\"[]\" data-filename=\"{&quot;name&quot;:&quot;&quot;}\"><img loading=\"lazy\" decoding=\"async\" width=\"378\" height=\"252\" src=\"https:\/\/foto.praha-19.ys-beta.cz\/app\/uploads\/2024\/02\/544A0487-378x252.jpg\" class=\"attachment-pinhole-col-3 size-pinhole-col-3\" alt=\"\" srcset=\"https:\/\/foto.praha-19.ys-beta.cz\/app\/uploads\/2024\/02\/544A0487-378x252.jpg 378w, https:\/\/foto.praha-19.ys-beta.cz\/app\/uploads\/2024\/02\/544A0487-300x200.jpg 300w, https:\/\/foto.praha-19.ys-beta.cz\/app\/uploads\/2024\/02\/544A0487-1024x683.jpg 1024w, https:\/\/foto.praha-19.ys-beta.cz\/app\/uploads\/2024\/02\/544A0487-768x512.jpg 768w, https:\/\/foto.praha-19.ys-beta.cz\/app\/uploads\/2024\/02\/544A0487-1536x1024.jpg 1536w, https:\/\/foto.praha-19.ys-beta.cz\/app\/uploads\/2024\/02\/544A0487-1194x796.jpg 1194w, https:\/\/foto.praha-19.ys-beta.cz\/app\/uploads\/2024\/02\/544A0487-582x388.jpg 582w, https:\/\/foto.praha-19.ys-beta.cz\/app\/uploads\/2024\/02\/544A0487-276x184.jpg 276w, https:\/\/foto.praha-19.ys-beta.cz\/app\/uploads\/2024\/02\/544A0487-675x450.jpg 675w, https:\/\/foto.praha-19.ys-beta.cz\/app\/uploads\/2024\/02\/544A0487.jpg 1920w\" sizes=\"auto, (max-width: 378px) 100vw, 378px\" \/><\/a><\/div><div class='pinhole-item col-xs-12 col-lg-4 col-md-4 col-sm-6  '><a class=\"item-link\" href=\"https:\/\/foto.praha-19.ys-beta.cz\/app\/uploads\/2024\/02\/544A0486.jpg\" data-caption=\"[]\" data-meta=\"[]\"  data-size=\"{&quot;width&quot;:1280,&quot;height&quot;:1920}\" data-download=\"[]\" data-filename=\"{&quot;name&quot;:&quot;&quot;}\"><img loading=\"lazy\" decoding=\"async\" width=\"378\" height=\"567\" src=\"https:\/\/foto.praha-19.ys-beta.cz\/app\/uploads\/2024\/02\/544A0486-378x567.jpg\" class=\"attachment-pinhole-col-3 size-pinhole-col-3\" alt=\"\" srcset=\"https:\/\/foto.praha-19.ys-beta.cz\/app\/uploads\/2024\/02\/544A0486-378x567.jpg 378w, https:\/\/foto.praha-19.ys-beta.cz\/app\/uploads\/2024\/02\/544A0486-200x300.jpg 200w, https:\/\/foto.praha-19.ys-beta.cz\/app\/uploads\/2024\/02\/544A0486-683x1024.jpg 683w, https:\/\/foto.praha-19.ys-beta.cz\/app\/uploads\/2024\/02\/544A0486-768x1152.jpg 768w, https:\/\/foto.praha-19.ys-beta.cz\/app\/uploads\/2024\/02\/544A0486-1024x1536.jpg 1024w, https:\/\/foto.praha-19.ys-beta.cz\/app\/uploads\/2024\/02\/544A0486-1194x1791.jpg 1194w, https:\/\/foto.praha-19.ys-beta.cz\/app\/uploads\/2024\/02\/544A0486-582x873.jpg 582w, https:\/\/foto.praha-19.ys-beta.cz\/app\/uploads\/2024\/02\/544A0486-276x414.jpg 276w, https:\/\/foto.praha-19.ys-beta.cz\/app\/uploads\/2024\/02\/544A0486-300x450.jpg 300w, https:\/\/foto.praha-19.ys-beta.cz\/app\/uploads\/2024\/02\/544A0486.jpg 1280w\" sizes=\"auto, (max-width: 378px) 100vw, 378px\" \/><\/a><\/div><div class='pinhole-item col-xs-12 col-lg-4 col-md-4 col-sm-6  '><a class=\"item-link\" href=\"https:\/\/foto.praha-19.ys-beta.cz\/app\/uploads\/2024\/02\/544A0481.jpg\" data-caption=\"[]\" data-meta=\"[]\"  data-size=\"{&quot;width&quot;:1920,&quot;height&quot;:1280}\" data-download=\"[]\" data-filename=\"{&quot;name&quot;:&quot;&quot;}\"><img loading=\"lazy\" decoding=\"async\" width=\"378\" height=\"252\" src=\"https:\/\/foto.praha-19.ys-beta.cz\/app\/uploads\/2024\/02\/544A0481-378x252.jpg\" class=\"attachment-pinhole-col-3 size-pinhole-col-3\" alt=\"\" srcset=\"https:\/\/foto.praha-19.ys-beta.cz\/app\/uploads\/2024\/02\/544A0481-378x252.jpg 378w, https:\/\/foto.praha-19.ys-beta.cz\/app\/uploads\/2024\/02\/544A0481-300x200.jpg 300w, https:\/\/foto.praha-19.ys-beta.cz\/app\/uploads\/2024\/02\/544A0481-1024x683.jpg 1024w, https:\/\/foto.praha-19.ys-beta.cz\/app\/uploads\/2024\/02\/544A0481-768x512.jpg 768w, https:\/\/foto.praha-19.ys-beta.cz\/app\/uploads\/2024\/02\/544A0481-1536x1024.jpg 1536w, https:\/\/foto.praha-19.ys-beta.cz\/app\/uploads\/2024\/02\/544A0481-1194x796.jpg 1194w, https:\/\/foto.praha-19.ys-beta.cz\/app\/uploads\/2024\/02\/544A0481-582x388.jpg 582w, https:\/\/foto.praha-19.ys-beta.cz\/app\/uploads\/2024\/02\/544A0481-276x184.jpg 276w, https:\/\/foto.praha-19.ys-beta.cz\/app\/uploads\/2024\/02\/544A0481-675x450.jpg 675w, https:\/\/foto.praha-19.ys-beta.cz\/app\/uploads\/2024\/02\/544A0481.jpg 1920w\" sizes=\"auto, (max-width: 378px) 100vw, 378px\" \/><\/a><\/div><div class='pinhole-item col-xs-12 col-lg-4 col-md-4 col-sm-6  '><a class=\"item-link\" href=\"https:\/\/foto.praha-19.ys-beta.cz\/app\/uploads\/2024\/02\/544A0480.jpg\" data-caption=\"[]\" data-meta=\"[]\"  data-size=\"{&quot;width&quot;:1920,&quot;height&quot;:1280}\" data-download=\"[]\" data-filename=\"{&quot;name&quot;:&quot;&quot;}\"><img loading=\"lazy\" decoding=\"async\" width=\"378\" height=\"252\" src=\"https:\/\/foto.praha-19.ys-beta.cz\/app\/uploads\/2024\/02\/544A0480-378x252.jpg\" class=\"attachment-pinhole-col-3 size-pinhole-col-3\" alt=\"\" srcset=\"https:\/\/foto.praha-19.ys-beta.cz\/app\/uploads\/2024\/02\/544A0480-378x252.jpg 378w, https:\/\/foto.praha-19.ys-beta.cz\/app\/uploads\/2024\/02\/544A0480-300x200.jpg 300w, https:\/\/foto.praha-19.ys-beta.cz\/app\/uploads\/2024\/02\/544A0480-1024x683.jpg 1024w, https:\/\/foto.praha-19.ys-beta.cz\/app\/uploads\/2024\/02\/544A0480-768x512.jpg 768w, https:\/\/foto.praha-19.ys-beta.cz\/app\/uploads\/2024\/02\/544A0480-1536x1024.jpg 1536w, https:\/\/foto.praha-19.ys-beta.cz\/app\/uploads\/2024\/02\/544A0480-1194x796.jpg 1194w, https:\/\/foto.praha-19.ys-beta.cz\/app\/uploads\/2024\/02\/544A0480-582x388.jpg 582w, https:\/\/foto.praha-19.ys-beta.cz\/app\/uploads\/2024\/02\/544A0480-276x184.jpg 276w, https:\/\/foto.praha-19.ys-beta.cz\/app\/uploads\/2024\/02\/544A0480-675x450.jpg 675w, https:\/\/foto.praha-19.ys-beta.cz\/app\/uploads\/2024\/02\/544A0480.jpg 1920w\" sizes=\"auto, (max-width: 378px) 100vw, 378px\" \/><\/a><\/div><div class='pinhole-item col-xs-12 col-lg-4 col-md-4 col-sm-6  '><a class=\"item-link\" href=\"https:\/\/foto.praha-19.ys-beta.cz\/app\/uploads\/2024\/02\/544A0500.jpg\" data-caption=\"[]\" data-meta=\"[]\"  data-size=\"{&quot;width&quot;:1920,&quot;height&quot;:1280}\" data-download=\"[]\" data-filename=\"{&quot;name&quot;:&quot;&quot;}\"><img loading=\"lazy\" decoding=\"async\" width=\"378\" height=\"252\" src=\"https:\/\/foto.praha-19.ys-beta.cz\/app\/uploads\/2024\/02\/544A0500-378x252.jpg\" class=\"attachment-pinhole-col-3 size-pinhole-col-3\" alt=\"\" srcset=\"https:\/\/foto.praha-19.ys-beta.cz\/app\/uploads\/2024\/02\/544A0500-378x252.jpg 378w, https:\/\/foto.praha-19.ys-beta.cz\/app\/uploads\/2024\/02\/544A0500-300x200.jpg 300w, https:\/\/foto.praha-19.ys-beta.cz\/app\/uploads\/2024\/02\/544A0500-1024x683.jpg 1024w, https:\/\/foto.praha-19.ys-beta.cz\/app\/uploads\/2024\/02\/544A0500-768x512.jpg 768w, https:\/\/foto.praha-19.ys-beta.cz\/app\/uploads\/2024\/02\/544A0500-1536x1024.jpg 1536w, https:\/\/foto.praha-19.ys-beta.cz\/app\/uploads\/2024\/02\/544A0500-1194x796.jpg 1194w, https:\/\/foto.praha-19.ys-beta.cz\/app\/uploads\/2024\/02\/544A0500-582x388.jpg 582w, https:\/\/foto.praha-19.ys-beta.cz\/app\/uploads\/2024\/02\/544A0500-276x184.jpg 276w, https:\/\/foto.praha-19.ys-beta.cz\/app\/uploads\/2024\/02\/544A0500-675x450.jpg 675w, https:\/\/foto.praha-19.ys-beta.cz\/app\/uploads\/2024\/02\/544A0500.jpg 1920w\" sizes=\"auto, (max-width: 378px) 100vw, 378px\" \/><\/a><\/div><div class='pinhole-item col-xs-12 col-lg-4 col-md-4 col-sm-6  '><a class=\"item-link\" href=\"https:\/\/foto.praha-19.ys-beta.cz\/app\/uploads\/2024\/02\/544A0499.jpg\" data-caption=\"[]\" data-meta=\"[]\"  data-size=\"{&quot;width&quot;:1920,&quot;height&quot;:1280}\" data-download=\"[]\" data-filename=\"{&quot;name&quot;:&quot;&quot;}\"><img loading=\"lazy\" decoding=\"async\" width=\"378\" height=\"252\" src=\"https:\/\/foto.praha-19.ys-beta.cz\/app\/uploads\/2024\/02\/544A0499-378x252.jpg\" class=\"attachment-pinhole-col-3 size-pinhole-col-3\" alt=\"\" srcset=\"https:\/\/foto.praha-19.ys-beta.cz\/app\/uploads\/2024\/02\/544A0499-378x252.jpg 378w, https:\/\/foto.praha-19.ys-beta.cz\/app\/uploads\/2024\/02\/544A0499-300x200.jpg 300w, https:\/\/foto.praha-19.ys-beta.cz\/app\/uploads\/2024\/02\/544A0499-1024x683.jpg 1024w, https:\/\/foto.praha-19.ys-beta.cz\/app\/uploads\/2024\/02\/544A0499-768x512.jpg 768w, https:\/\/foto.praha-19.ys-beta.cz\/app\/uploads\/2024\/02\/544A0499-1536x1024.jpg 1536w, https:\/\/foto.praha-19.ys-beta.cz\/app\/uploads\/2024\/02\/544A0499-1194x796.jpg 1194w, https:\/\/foto.praha-19.ys-beta.cz\/app\/uploads\/2024\/02\/544A0499-582x388.jpg 582w, https:\/\/foto.praha-19.ys-beta.cz\/app\/uploads\/2024\/02\/544A0499-276x184.jpg 276w, https:\/\/foto.praha-19.ys-beta.cz\/app\/uploads\/2024\/02\/544A0499-675x450.jpg 675w, https:\/\/foto.praha-19.ys-beta.cz\/app\/uploads\/2024\/02\/544A0499.jpg 1920w\" sizes=\"auto, (max-width: 378px) 100vw, 378px\" \/><\/a><\/div><div class='pinhole-item col-xs-12 col-lg-4 col-md-4 col-sm-6  '><a class=\"item-link\" href=\"https:\/\/foto.praha-19.ys-beta.cz\/app\/uploads\/2024\/02\/544A0498.jpg\" data-caption=\"[]\" data-meta=\"[]\"  data-size=\"{&quot;width&quot;:1920,&quot;height&quot;:1280}\" data-download=\"[]\" data-filename=\"{&quot;name&quot;:&quot;&quot;}\"><img loading=\"lazy\" decoding=\"async\" width=\"378\" height=\"252\" src=\"https:\/\/foto.praha-19.ys-beta.cz\/app\/uploads\/2024\/02\/544A0498-378x252.jpg\" class=\"attachment-pinhole-col-3 size-pinhole-col-3\" alt=\"\" srcset=\"https:\/\/foto.praha-19.ys-beta.cz\/app\/uploads\/2024\/02\/544A0498-378x252.jpg 378w, https:\/\/foto.praha-19.ys-beta.cz\/app\/uploads\/2024\/02\/544A0498-300x200.jpg 300w, https:\/\/foto.praha-19.ys-beta.cz\/app\/uploads\/2024\/02\/544A0498-1024x683.jpg 1024w, https:\/\/foto.praha-19.ys-beta.cz\/app\/uploads\/2024\/02\/544A0498-768x512.jpg 768w, https:\/\/foto.praha-19.ys-beta.cz\/app\/uploads\/2024\/02\/544A0498-1536x1024.jpg 1536w, https:\/\/foto.praha-19.ys-beta.cz\/app\/uploads\/2024\/02\/544A0498-1194x796.jpg 1194w, https:\/\/foto.praha-19.ys-beta.cz\/app\/uploads\/2024\/02\/544A0498-582x388.jpg 582w, https:\/\/foto.praha-19.ys-beta.cz\/app\/uploads\/2024\/02\/544A0498-276x184.jpg 276w, https:\/\/foto.praha-19.ys-beta.cz\/app\/uploads\/2024\/02\/544A0498-675x450.jpg 675w, https:\/\/foto.praha-19.ys-beta.cz\/app\/uploads\/2024\/02\/544A0498.jpg 1920w\" sizes=\"auto, (max-width: 378px) 100vw, 378px\" \/><\/a><\/div>\n\t\t<\/div>\n","protected":false},"excerpt":{"rendered":"<p>Velkou v\u00fdzvou pro v\u0161echny tvo\u0159iv\u00e9 seniory byla kbelskou radnic\u00ed uspo\u0159\u00e1dan\u00e1 akce v r\u00e1mci ergoterapie. Ve \u010dtvrtek 26.10.2023 od 13h prob\u011bhla za velice p\u0159\u00edjemn\u00e9 atmosf\u00e9ry a s velk\u00fdm po\u010dtem n\u00e1v\u0161t\u011bvn\u00edk\u016f tvo\u0159iv\u00e1 d\u00edlna v t\u00e9matu du\u0161i\u010dek. Zde se se\u0161lo trouf\u00e1m si \u0159\u00edci zat\u00edm nejv\u011bt\u0161\u00ed mno\u017estv\u00ed tvo\u0159iv\u00fdch a zru\u010dn\u00fdch senior\u016f. Z p\u0159ipraven\u00fdch p\u0159\u00edrodn\u00edch materi\u00e1l\u016f, ale t\u00e9\u017e radnic\u00ed zakoupen\u00fdch [&hellip;]<\/p>\n","protected":false},"author":7,"featured_media":14414,"parent":7798,"menu_order":46,"comment_status":"closed","ping_status":"closed","template":"","meta":{"footnotes":""},"class_list":["post-14406","page","type-page","status-publish","has-post-thumbnail","hentry"],"yoast_head":"<!-- This site is optimized with the Yoast SEO plugin v27.2 - https:\/\/yoast.com\/product\/yoast-seo-wordpress\/ -->\n<title>Tvo\u0159iv\u00e1 d\u00edlna v Ekocentrum Prales - Fotogalerie - Praha 19<\/title>\n<meta name=\"robots\" content=\"noindex, follow, max-snippet:-1, max-image-preview:large, max-video-preview:-1\" \/>\n<meta property=\"og:locale\" content=\"cs_CZ\" \/>\n<meta property=\"og:type\" content=\"article\" \/>\n<meta property=\"og:title\" content=\"Tvo\u0159iv\u00e1 d\u00edlna v Ekocentrum Prales - Fotogalerie - Praha 19\" \/>\n<meta property=\"og:description\" content=\"Velkou v\u00fdzvou pro v\u0161echny tvo\u0159iv\u00e9 seniory byla kbelskou radnic\u00ed uspo\u0159\u00e1dan\u00e1 akce v r\u00e1mci ergoterapie. Ve \u010dtvrtek 26.10.2023 od 13h prob\u011bhla za velice p\u0159\u00edjemn\u00e9 atmosf\u00e9ry a s velk\u00fdm po\u010dtem n\u00e1v\u0161t\u011bvn\u00edk\u016f tvo\u0159iv\u00e1 d\u00edlna v t\u00e9matu du\u0161i\u010dek. Zde se se\u0161lo trouf\u00e1m si \u0159\u00edci zat\u00edm nejv\u011bt\u0161\u00ed mno\u017estv\u00ed tvo\u0159iv\u00fdch a zru\u010dn\u00fdch senior\u016f. Z p\u0159ipraven\u00fdch p\u0159\u00edrodn\u00edch materi\u00e1l\u016f, ale t\u00e9\u017e radnic\u00ed zakoupen\u00fdch [&hellip;]\" \/>\n<meta property=\"og:url\" content=\"https:\/\/foto.praha-19.ys-beta.cz\/index.php\/rok-2023\/tvoriva-dilna-v-ekocentrum-prales\/\" \/>\n<meta property=\"og:site_name\" content=\"Fotogalerie - Praha 19\" \/>\n<meta property=\"article:modified_time\" content=\"2024-03-04T09:26:07+00:00\" \/>\n<meta property=\"og:image\" content=\"https:\/\/foto.praha-19.ys-beta.cz\/app\/uploads\/2024\/02\/544A0487.jpg\" \/>\n\t<meta property=\"og:image:width\" content=\"1920\" \/>\n\t<meta property=\"og:image:height\" content=\"1280\" \/>\n\t<meta property=\"og:image:type\" content=\"image\/jpeg\" \/>\n<meta name=\"twitter:card\" content=\"summary_large_image\" \/>\n<meta name=\"twitter:label1\" content=\"Est. reading time\" \/>\n\t<meta name=\"twitter:data1\" content=\"3 minuty\" \/>\n<script type=\"application\/ld+json\" class=\"yoast-schema-graph\">{\"@context\":\"https:\/\/schema.org\",\"@graph\":[{\"@type\":\"WebPage\",\"@id\":\"https:\/\/foto.praha-19.ys-beta.cz\/index.php\/rok-2023\/tvoriva-dilna-v-ekocentrum-prales\/\",\"url\":\"https:\/\/foto.praha-19.ys-beta.cz\/index.php\/rok-2023\/tvoriva-dilna-v-ekocentrum-prales\/\",\"name\":\"Tvo\u0159iv\u00e1 d\u00edlna v Ekocentrum Prales - Fotogalerie - Praha 19\",\"isPartOf\":{\"@id\":\"https:\/\/foto.praha-19.ys-beta.cz\/#website\"},\"primaryImageOfPage\":{\"@id\":\"https:\/\/foto.praha-19.ys-beta.cz\/index.php\/rok-2023\/tvoriva-dilna-v-ekocentrum-prales\/#primaryimage\"},\"image\":{\"@id\":\"https:\/\/foto.praha-19.ys-beta.cz\/index.php\/rok-2023\/tvoriva-dilna-v-ekocentrum-prales\/#primaryimage\"},\"thumbnailUrl\":\"https:\/\/foto.praha-19.ys-beta.cz\/app\/uploads\/2024\/02\/544A0487.jpg\",\"datePublished\":\"2023-10-26T16:26:00+00:00\",\"dateModified\":\"2024-03-04T09:26:07+00:00\",\"breadcrumb\":{\"@id\":\"https:\/\/foto.praha-19.ys-beta.cz\/index.php\/rok-2023\/tvoriva-dilna-v-ekocentrum-prales\/#breadcrumb\"},\"inLanguage\":\"cs\",\"potentialAction\":[{\"@type\":\"ReadAction\",\"target\":[\"https:\/\/foto.praha-19.ys-beta.cz\/index.php\/rok-2023\/tvoriva-dilna-v-ekocentrum-prales\/\"]}]},{\"@type\":\"ImageObject\",\"inLanguage\":\"cs\",\"@id\":\"https:\/\/foto.praha-19.ys-beta.cz\/index.php\/rok-2023\/tvoriva-dilna-v-ekocentrum-prales\/#primaryimage\",\"url\":\"https:\/\/foto.praha-19.ys-beta.cz\/app\/uploads\/2024\/02\/544A0487.jpg\",\"contentUrl\":\"https:\/\/foto.praha-19.ys-beta.cz\/app\/uploads\/2024\/02\/544A0487.jpg\",\"width\":1920,\"height\":1280},{\"@type\":\"BreadcrumbList\",\"@id\":\"https:\/\/foto.praha-19.ys-beta.cz\/index.php\/rok-2023\/tvoriva-dilna-v-ekocentrum-prales\/#breadcrumb\",\"itemListElement\":[{\"@type\":\"ListItem\",\"position\":1,\"name\":\"Home\",\"item\":\"https:\/\/foto.praha-19.ys-beta.cz\/\"},{\"@type\":\"ListItem\",\"position\":2,\"name\":\"Rok 2023\",\"item\":\"https:\/\/foto.praha-19.ys-beta.cz\/index.php\/rok-2023\/\"},{\"@type\":\"ListItem\",\"position\":3,\"name\":\"Tvo\u0159iv\u00e1 d\u00edlna v Ekocentrum Prales\"}]},{\"@type\":\"WebSite\",\"@id\":\"https:\/\/foto.praha-19.ys-beta.cz\/#website\",\"url\":\"https:\/\/foto.praha-19.ys-beta.cz\/\",\"name\":\"Fotogalerie - Praha 19\",\"description\":\"Fotogalerie m\u011bstsk\u00e9 \u010d\u00e1sti Praha 19\",\"potentialAction\":[{\"@type\":\"SearchAction\",\"target\":{\"@type\":\"EntryPoint\",\"urlTemplate\":\"https:\/\/foto.praha-19.ys-beta.cz\/?s={search_term_string}\"},\"query-input\":{\"@type\":\"PropertyValueSpecification\",\"valueRequired\":true,\"valueName\":\"search_term_string\"}}],\"inLanguage\":\"cs\"}]}<\/script>\n<!-- \/ Yoast SEO plugin. -->","yoast_head_json":{"title":"Tvo\u0159iv\u00e1 d\u00edlna v Ekocentrum Prales - Fotogalerie - Praha 19","robots":{"index":"noindex","follow":"follow","max-snippet":"max-snippet:-1","max-image-preview":"max-image-preview:large","max-video-preview":"max-video-preview:-1"},"og_locale":"cs_CZ","og_type":"article","og_title":"Tvo\u0159iv\u00e1 d\u00edlna v Ekocentrum Prales - Fotogalerie - Praha 19","og_description":"Velkou v\u00fdzvou pro v\u0161echny tvo\u0159iv\u00e9 seniory byla kbelskou radnic\u00ed uspo\u0159\u00e1dan\u00e1 akce v r\u00e1mci ergoterapie. Ve \u010dtvrtek 26.10.2023 od 13h prob\u011bhla za velice p\u0159\u00edjemn\u00e9 atmosf\u00e9ry a s velk\u00fdm po\u010dtem n\u00e1v\u0161t\u011bvn\u00edk\u016f tvo\u0159iv\u00e1 d\u00edlna v t\u00e9matu du\u0161i\u010dek. Zde se se\u0161lo trouf\u00e1m si \u0159\u00edci zat\u00edm nejv\u011bt\u0161\u00ed mno\u017estv\u00ed tvo\u0159iv\u00fdch a zru\u010dn\u00fdch senior\u016f. Z p\u0159ipraven\u00fdch p\u0159\u00edrodn\u00edch materi\u00e1l\u016f, ale t\u00e9\u017e radnic\u00ed zakoupen\u00fdch [&hellip;]","og_url":"https:\/\/foto.praha-19.ys-beta.cz\/index.php\/rok-2023\/tvoriva-dilna-v-ekocentrum-prales\/","og_site_name":"Fotogalerie - Praha 19","article_modified_time":"2024-03-04T09:26:07+00:00","og_image":[{"width":1920,"height":1280,"url":"https:\/\/foto.praha-19.ys-beta.cz\/app\/uploads\/2024\/02\/544A0487.jpg","type":"image\/jpeg"}],"twitter_card":"summary_large_image","twitter_misc":{"Est. reading time":"3 minuty"},"schema":{"@context":"https:\/\/schema.org","@graph":[{"@type":"WebPage","@id":"https:\/\/foto.praha-19.ys-beta.cz\/index.php\/rok-2023\/tvoriva-dilna-v-ekocentrum-prales\/","url":"https:\/\/foto.praha-19.ys-beta.cz\/index.php\/rok-2023\/tvoriva-dilna-v-ekocentrum-prales\/","name":"Tvo\u0159iv\u00e1 d\u00edlna v Ekocentrum Prales - Fotogalerie - Praha 19","isPartOf":{"@id":"https:\/\/foto.praha-19.ys-beta.cz\/#website"},"primaryImageOfPage":{"@id":"https:\/\/foto.praha-19.ys-beta.cz\/index.php\/rok-2023\/tvoriva-dilna-v-ekocentrum-prales\/#primaryimage"},"image":{"@id":"https:\/\/foto.praha-19.ys-beta.cz\/index.php\/rok-2023\/tvoriva-dilna-v-ekocentrum-prales\/#primaryimage"},"thumbnailUrl":"https:\/\/foto.praha-19.ys-beta.cz\/app\/uploads\/2024\/02\/544A0487.jpg","datePublished":"2023-10-26T16:26:00+00:00","dateModified":"2024-03-04T09:26:07+00:00","breadcrumb":{"@id":"https:\/\/foto.praha-19.ys-beta.cz\/index.php\/rok-2023\/tvoriva-dilna-v-ekocentrum-prales\/#breadcrumb"},"inLanguage":"cs","potentialAction":[{"@type":"ReadAction","target":["https:\/\/foto.praha-19.ys-beta.cz\/index.php\/rok-2023\/tvoriva-dilna-v-ekocentrum-prales\/"]}]},{"@type":"ImageObject","inLanguage":"cs","@id":"https:\/\/foto.praha-19.ys-beta.cz\/index.php\/rok-2023\/tvoriva-dilna-v-ekocentrum-prales\/#primaryimage","url":"https:\/\/foto.praha-19.ys-beta.cz\/app\/uploads\/2024\/02\/544A0487.jpg","contentUrl":"https:\/\/foto.praha-19.ys-beta.cz\/app\/uploads\/2024\/02\/544A0487.jpg","width":1920,"height":1280},{"@type":"BreadcrumbList","@id":"https:\/\/foto.praha-19.ys-beta.cz\/index.php\/rok-2023\/tvoriva-dilna-v-ekocentrum-prales\/#breadcrumb","itemListElement":[{"@type":"ListItem","position":1,"name":"Home","item":"https:\/\/foto.praha-19.ys-beta.cz\/"},{"@type":"ListItem","position":2,"name":"Rok 2023","item":"https:\/\/foto.praha-19.ys-beta.cz\/index.php\/rok-2023\/"},{"@type":"ListItem","position":3,"name":"Tvo\u0159iv\u00e1 d\u00edlna v Ekocentrum Prales"}]},{"@type":"WebSite","@id":"https:\/\/foto.praha-19.ys-beta.cz\/#website","url":"https:\/\/foto.praha-19.ys-beta.cz\/","name":"Fotogalerie - Praha 19","description":"Fotogalerie m\u011bstsk\u00e9 \u010d\u00e1sti Praha 19","potentialAction":[{"@type":"SearchAction","target":{"@type":"EntryPoint","urlTemplate":"https:\/\/foto.praha-19.ys-beta.cz\/?s={search_term_string}"},"query-input":{"@type":"PropertyValueSpecification","valueRequired":true,"valueName":"search_term_string"}}],"inLanguage":"cs"}]}},"_links":{"self":[{"href":"https:\/\/foto.praha-19.ys-beta.cz\/index.php\/wp-json\/wp\/v2\/pages\/14406","targetHints":{"allow":["GET"]}}],"collection":[{"href":"https:\/\/foto.praha-19.ys-beta.cz\/index.php\/wp-json\/wp\/v2\/pages"}],"about":[{"href":"https:\/\/foto.praha-19.ys-beta.cz\/index.php\/wp-json\/wp\/v2\/types\/page"}],"author":[{"embeddable":true,"href":"https:\/\/foto.praha-19.ys-beta.cz\/index.php\/wp-json\/wp\/v2\/users\/7"}],"replies":[{"embeddable":true,"href":"https:\/\/foto.praha-19.ys-beta.cz\/index.php\/wp-json\/wp\/v2\/comments?post=14406"}],"version-history":[{"count":1,"href":"https:\/\/foto.praha-19.ys-beta.cz\/index.php\/wp-json\/wp\/v2\/pages\/14406\/revisions"}],"predecessor-version":[{"id":14419,"href":"https:\/\/foto.praha-19.ys-beta.cz\/index.php\/wp-json\/wp\/v2\/pages\/14406\/revisions\/14419"}],"up":[{"embeddable":true,"href":"https:\/\/foto.praha-19.ys-beta.cz\/index.php\/wp-json\/wp\/v2\/pages\/7798"}],"wp:featuredmedia":[{"embeddable":true,"href":"https:\/\/foto.praha-19.ys-beta.cz\/index.php\/wp-json\/wp\/v2\/media\/14414"}],"wp:attachment":[{"href":"https:\/\/foto.praha-19.ys-beta.cz\/index.php\/wp-json\/wp\/v2\/media?parent=14406"}],"curies":[{"name":"wp","href":"https:\/\/api.w.org\/{rel}","templated":true}]}}