{"id":14404,"date":"2023-09-19T18:17:00","date_gmt":"2023-09-19T16:17:00","guid":{"rendered":"https:\/\/foto.praha-19.ys-beta.cz\/?page_id=14404"},"modified":"2024-03-04T11:25:33","modified_gmt":"2024-03-04T09:25:33","slug":"sesli-jsme-se-na-nadrazi","status":"publish","type":"page","link":"https:\/\/foto.praha-19.ys-beta.cz\/index.php\/rok-2023\/sesli-jsme-se-na-nadrazi\/","title":{"rendered":"Se\u0161li jsme se na n\u00e1dra\u017e\u00ed"},"content":{"rendered":"\n<p>aneb sn\u00eddani na per\u00f3n\u011b<\/p>\n\n\n\n<p>Ji\u017e posedm\u00e9 se uskute\u010dnila sn\u00eddan\u011b pro cestuj\u00edc\u00ed, kte\u0159\u00ed krom\u011b k\u00e1vy nebo \u010daje a sladk\u00e9ho \u010di slan\u00e9ho pe\u010diva obdr\u017eeli informace o aktu\u00e1ln\u00edch projektech.<\/p>\n\n\n\n<p>Po dvou letech neust\u00e1le se m\u011bn\u00edc\u00edch v\u00fdluk se provoz na na\u0161\u00ed \u017eelezni\u010dn\u00ed trati dostal do b\u011b\u017en\u00fdch kolej\u00ed. Mezit\u00edm ale ode\u0161la t\u0159etina cestuj\u00edc\u00edch. C\u00edlem dne\u0161n\u00ed sn\u00eddan\u011b tedy bylo upozornit na to, \u017ee tra\u0165 u\u017e je opraven\u00e1 a vlaky jezd\u00ed celkem p\u0159esn\u011b.<\/p>\n\n\n\n<p><a><\/a>Nejv\u011bt\u0161\u00ed z\u00e1jem vzbudila studie zkapacitn\u011bn\u00ed \u017eelezni\u010dn\u00ed trati, kter\u00e1 po\u010d\u00edt\u00e1 s jej\u00edm zdvojkolejn\u011bn\u00edm a elektrifikac\u00ed. Mezi centr\u00e1ln\u00edm parkem a satalick\u00fdm n\u00e1dra\u017e\u00edm se po\u010d\u00edt\u00e1 se zahlouben\u00edm trati, aby mohla mimo\u00farov\u0148ov\u011b k\u0159\u00ed\u017eit ulice Mladoboleslavskou, Hornopo\u010dernickou a vzletovou dr\u00e1hu leti\u0161t\u011b. Tu studii nyn\u00ed Spr\u00e1va \u017eeleznic zp\u0159es\u0148uje v \u00faseku mezi T\u0159eboradicemi a \u010cern\u00fdm Mostem. Kv\u016fli tomu \u017eelezni\u010d\u00e1\u0159i nedali zat\u00edm souhlas se z\u0159\u00edzen\u00edm \u017eelezni\u010dn\u00ed zast\u00e1vky pod Nouzovem, dosud nemaj\u00ed jasno v tom, jestli nebude nutn\u00e9 posunout kolej. Podobn\u00e9 je to se zast\u00e1vkou na Havra\u0148\u00e1ku pro novou z\u00e1stavbu v \u010cakovic\u00edch a Let\u0148anech. Podle aktu\u00e1ln\u00edch pl\u00e1n\u016f m\u00e1 b\u00fdt tra\u0165 p\u0159estav\u011bna v roce 2029, tak uvid\u00edme.<\/p>\n\n\n\n<p>Lid\u00e9 se hodn\u011b ptali na dv\u011b l\u00e1vky p\u0159es tra\u0165. Na Havra\u0148\u00e1ku vznik\u00e1 v r\u00e1mci krajinn\u00e9ho parku l\u00e1vka, kter\u00e1 propoj\u00ed \u010cakovice, Kbely a Let\u0148any. Samotn\u00e1 l\u00e1vka u\u017e je postaven\u00e1, ale chyb\u00ed dobudovat p\u0159\u00edstupov\u00e9 cesty z ji\u017en\u00ed strany. L\u00e1vka na Rajsk\u00e9 Zahrad\u011b propoj\u00ed z\u00e1stavbu Hut\u00ed s nov\u00fdm n\u00e1dra\u017e\u00edm a stanic\u00ed metra. Bez l\u00e1vky na nov\u011b postaven\u00e9m n\u00e1dra\u017e\u00ed ani nem\u016f\u017eou zastavovat vlaky, proto\u017ee z n\u00e1stupi\u0161\u0165 se nelze jinak dostat.<\/p>\n\n\n\n<p>Ob\u011b l\u00e1vky by m\u011bly b\u00fdt v provozu do konce roku.<\/p>\n\n\n\n<p>Dal\u0161\u00edm d\u016fle\u017eit\u00fdm t\u00e9matem bylo pokra\u010dov\u00e1n\u00ed p\u0159\u00edpravy d\u00e1lni\u010dn\u00edho okruhu. Letos byla zpracov\u00e1na krajin\u00e1\u0159sk\u00e1 studie s mo\u017en\u00fdmi \u00fapravami okol\u00ed okruhu. Na\u0161e m\u011bstsk\u00e1 \u010d\u00e1st p\u0159iv\u00edtala, \u017ee se ministr dopravy zab\u00fdv\u00e1 mo\u017enostmi, jak okruh citliv\u011bji napasovat do krajiny, je\u0161t\u011b ale uvid\u00edme, co z vodn\u00edch a lesn\u00edch ploch se skute\u010dn\u011b objev\u00ed v projektu okruhu.<\/p>\n\n\n<div class='pinhole-gallery pinhole-masonry pinhole-popup items-hidden  clearfix row'><div class='pinhole-item col-xs-12 col-lg-4 col-md-4 col-sm-6  '><a class=\"item-link\" href=\"https:\/\/foto.praha-19.ys-beta.cz\/app\/uploads\/2024\/02\/2023_09_19_Kbely_1.jpg\" data-caption=\"[]\" data-meta=\"[]\"  data-size=\"{&quot;width&quot;:1920,&quot;height&quot;:1078}\" data-download=\"[]\" data-filename=\"{&quot;name&quot;:&quot;&quot;}\"><img loading=\"lazy\" decoding=\"async\" width=\"378\" height=\"212\" src=\"https:\/\/foto.praha-19.ys-beta.cz\/app\/uploads\/2024\/02\/2023_09_19_Kbely_1-378x212.jpg\" class=\"attachment-pinhole-col-3 size-pinhole-col-3\" alt=\"\" srcset=\"https:\/\/foto.praha-19.ys-beta.cz\/app\/uploads\/2024\/02\/2023_09_19_Kbely_1-378x212.jpg 378w, https:\/\/foto.praha-19.ys-beta.cz\/app\/uploads\/2024\/02\/2023_09_19_Kbely_1-300x168.jpg 300w, https:\/\/foto.praha-19.ys-beta.cz\/app\/uploads\/2024\/02\/2023_09_19_Kbely_1-1024x575.jpg 1024w, https:\/\/foto.praha-19.ys-beta.cz\/app\/uploads\/2024\/02\/2023_09_19_Kbely_1-768x431.jpg 768w, https:\/\/foto.praha-19.ys-beta.cz\/app\/uploads\/2024\/02\/2023_09_19_Kbely_1-1536x862.jpg 1536w, https:\/\/foto.praha-19.ys-beta.cz\/app\/uploads\/2024\/02\/2023_09_19_Kbely_1-1194x670.jpg 1194w, https:\/\/foto.praha-19.ys-beta.cz\/app\/uploads\/2024\/02\/2023_09_19_Kbely_1-582x327.jpg 582w, https:\/\/foto.praha-19.ys-beta.cz\/app\/uploads\/2024\/02\/2023_09_19_Kbely_1-276x155.jpg 276w, https:\/\/foto.praha-19.ys-beta.cz\/app\/uploads\/2024\/02\/2023_09_19_Kbely_1-801x450.jpg 801w, https:\/\/foto.praha-19.ys-beta.cz\/app\/uploads\/2024\/02\/2023_09_19_Kbely_1.jpg 1920w\" sizes=\"auto, (max-width: 378px) 100vw, 378px\" \/><\/a><\/div><div class='pinhole-item col-xs-12 col-lg-4 col-md-4 col-sm-6  '><a class=\"item-link\" href=\"https:\/\/foto.praha-19.ys-beta.cz\/app\/uploads\/2024\/02\/2023_09_19_Kbely_64.jpg\" data-caption=\"[]\" data-meta=\"[]\"  data-size=\"{&quot;width&quot;:1920,&quot;height&quot;:1078}\" data-download=\"[]\" data-filename=\"{&quot;name&quot;:&quot;&quot;}\"><img loading=\"lazy\" decoding=\"async\" width=\"378\" height=\"212\" src=\"https:\/\/foto.praha-19.ys-beta.cz\/app\/uploads\/2024\/02\/2023_09_19_Kbely_64-378x212.jpg\" class=\"attachment-pinhole-col-3 size-pinhole-col-3\" alt=\"\" srcset=\"https:\/\/foto.praha-19.ys-beta.cz\/app\/uploads\/2024\/02\/2023_09_19_Kbely_64-378x212.jpg 378w, https:\/\/foto.praha-19.ys-beta.cz\/app\/uploads\/2024\/02\/2023_09_19_Kbely_64-300x168.jpg 300w, https:\/\/foto.praha-19.ys-beta.cz\/app\/uploads\/2024\/02\/2023_09_19_Kbely_64-1024x575.jpg 1024w, https:\/\/foto.praha-19.ys-beta.cz\/app\/uploads\/2024\/02\/2023_09_19_Kbely_64-768x431.jpg 768w, https:\/\/foto.praha-19.ys-beta.cz\/app\/uploads\/2024\/02\/2023_09_19_Kbely_64-1536x862.jpg 1536w, https:\/\/foto.praha-19.ys-beta.cz\/app\/uploads\/2024\/02\/2023_09_19_Kbely_64-1194x670.jpg 1194w, https:\/\/foto.praha-19.ys-beta.cz\/app\/uploads\/2024\/02\/2023_09_19_Kbely_64-582x327.jpg 582w, https:\/\/foto.praha-19.ys-beta.cz\/app\/uploads\/2024\/02\/2023_09_19_Kbely_64-276x155.jpg 276w, https:\/\/foto.praha-19.ys-beta.cz\/app\/uploads\/2024\/02\/2023_09_19_Kbely_64-801x450.jpg 801w, https:\/\/foto.praha-19.ys-beta.cz\/app\/uploads\/2024\/02\/2023_09_19_Kbely_64.jpg 1920w\" sizes=\"auto, (max-width: 378px) 100vw, 378px\" \/><\/a><\/div><div class='pinhole-item col-xs-12 col-lg-4 col-md-4 col-sm-6  '><a class=\"item-link\" href=\"https:\/\/foto.praha-19.ys-beta.cz\/app\/uploads\/2024\/02\/2023_09_19_Kbely_63.jpg\" data-caption=\"[]\" data-meta=\"[]\"  data-size=\"{&quot;width&quot;:1920,&quot;height&quot;:1078}\" data-download=\"[]\" data-filename=\"{&quot;name&quot;:&quot;&quot;}\"><img loading=\"lazy\" decoding=\"async\" width=\"378\" height=\"212\" src=\"https:\/\/foto.praha-19.ys-beta.cz\/app\/uploads\/2024\/02\/2023_09_19_Kbely_63-378x212.jpg\" class=\"attachment-pinhole-col-3 size-pinhole-col-3\" alt=\"\" srcset=\"https:\/\/foto.praha-19.ys-beta.cz\/app\/uploads\/2024\/02\/2023_09_19_Kbely_63-378x212.jpg 378w, https:\/\/foto.praha-19.ys-beta.cz\/app\/uploads\/2024\/02\/2023_09_19_Kbely_63-300x168.jpg 300w, https:\/\/foto.praha-19.ys-beta.cz\/app\/uploads\/2024\/02\/2023_09_19_Kbely_63-1024x575.jpg 1024w, https:\/\/foto.praha-19.ys-beta.cz\/app\/uploads\/2024\/02\/2023_09_19_Kbely_63-768x431.jpg 768w, https:\/\/foto.praha-19.ys-beta.cz\/app\/uploads\/2024\/02\/2023_09_19_Kbely_63-1536x862.jpg 1536w, https:\/\/foto.praha-19.ys-beta.cz\/app\/uploads\/2024\/02\/2023_09_19_Kbely_63-1194x670.jpg 1194w, https:\/\/foto.praha-19.ys-beta.cz\/app\/uploads\/2024\/02\/2023_09_19_Kbely_63-582x327.jpg 582w, https:\/\/foto.praha-19.ys-beta.cz\/app\/uploads\/2024\/02\/2023_09_19_Kbely_63-276x155.jpg 276w, https:\/\/foto.praha-19.ys-beta.cz\/app\/uploads\/2024\/02\/2023_09_19_Kbely_63-801x450.jpg 801w, https:\/\/foto.praha-19.ys-beta.cz\/app\/uploads\/2024\/02\/2023_09_19_Kbely_63.jpg 1920w\" sizes=\"auto, (max-width: 378px) 100vw, 378px\" \/><\/a><\/div><div class='pinhole-item col-xs-12 col-lg-4 col-md-4 col-sm-6  '><a class=\"item-link\" href=\"https:\/\/foto.praha-19.ys-beta.cz\/app\/uploads\/2024\/02\/2023_09_19_Kbely_53.jpg\" data-caption=\"[]\" data-meta=\"[]\"  data-size=\"{&quot;width&quot;:1920,&quot;height&quot;:1078}\" data-download=\"[]\" data-filename=\"{&quot;name&quot;:&quot;&quot;}\"><img loading=\"lazy\" decoding=\"async\" width=\"378\" height=\"212\" src=\"https:\/\/foto.praha-19.ys-beta.cz\/app\/uploads\/2024\/02\/2023_09_19_Kbely_53-378x212.jpg\" class=\"attachment-pinhole-col-3 size-pinhole-col-3\" alt=\"\" srcset=\"https:\/\/foto.praha-19.ys-beta.cz\/app\/uploads\/2024\/02\/2023_09_19_Kbely_53-378x212.jpg 378w, https:\/\/foto.praha-19.ys-beta.cz\/app\/uploads\/2024\/02\/2023_09_19_Kbely_53-300x168.jpg 300w, https:\/\/foto.praha-19.ys-beta.cz\/app\/uploads\/2024\/02\/2023_09_19_Kbely_53-1024x575.jpg 1024w, https:\/\/foto.praha-19.ys-beta.cz\/app\/uploads\/2024\/02\/2023_09_19_Kbely_53-768x431.jpg 768w, https:\/\/foto.praha-19.ys-beta.cz\/app\/uploads\/2024\/02\/2023_09_19_Kbely_53-1536x862.jpg 1536w, https:\/\/foto.praha-19.ys-beta.cz\/app\/uploads\/2024\/02\/2023_09_19_Kbely_53-1194x670.jpg 1194w, https:\/\/foto.praha-19.ys-beta.cz\/app\/uploads\/2024\/02\/2023_09_19_Kbely_53-582x327.jpg 582w, https:\/\/foto.praha-19.ys-beta.cz\/app\/uploads\/2024\/02\/2023_09_19_Kbely_53-276x155.jpg 276w, https:\/\/foto.praha-19.ys-beta.cz\/app\/uploads\/2024\/02\/2023_09_19_Kbely_53-801x450.jpg 801w, https:\/\/foto.praha-19.ys-beta.cz\/app\/uploads\/2024\/02\/2023_09_19_Kbely_53.jpg 1920w\" sizes=\"auto, (max-width: 378px) 100vw, 378px\" \/><\/a><\/div><div class='pinhole-item col-xs-12 col-lg-4 col-md-4 col-sm-6  '><a class=\"item-link\" href=\"https:\/\/foto.praha-19.ys-beta.cz\/app\/uploads\/2024\/02\/2023_09_19_Kbely_51.jpg\" data-caption=\"[]\" data-meta=\"[]\"  data-size=\"{&quot;width&quot;:1920,&quot;height&quot;:1078}\" data-download=\"[]\" data-filename=\"{&quot;name&quot;:&quot;&quot;}\"><img loading=\"lazy\" decoding=\"async\" width=\"378\" height=\"212\" src=\"https:\/\/foto.praha-19.ys-beta.cz\/app\/uploads\/2024\/02\/2023_09_19_Kbely_51-378x212.jpg\" class=\"attachment-pinhole-col-3 size-pinhole-col-3\" alt=\"\" srcset=\"https:\/\/foto.praha-19.ys-beta.cz\/app\/uploads\/2024\/02\/2023_09_19_Kbely_51-378x212.jpg 378w, https:\/\/foto.praha-19.ys-beta.cz\/app\/uploads\/2024\/02\/2023_09_19_Kbely_51-300x168.jpg 300w, https:\/\/foto.praha-19.ys-beta.cz\/app\/uploads\/2024\/02\/2023_09_19_Kbely_51-1024x575.jpg 1024w, https:\/\/foto.praha-19.ys-beta.cz\/app\/uploads\/2024\/02\/2023_09_19_Kbely_51-768x431.jpg 768w, https:\/\/foto.praha-19.ys-beta.cz\/app\/uploads\/2024\/02\/2023_09_19_Kbely_51-1536x862.jpg 1536w, https:\/\/foto.praha-19.ys-beta.cz\/app\/uploads\/2024\/02\/2023_09_19_Kbely_51-1194x670.jpg 1194w, https:\/\/foto.praha-19.ys-beta.cz\/app\/uploads\/2024\/02\/2023_09_19_Kbely_51-582x327.jpg 582w, https:\/\/foto.praha-19.ys-beta.cz\/app\/uploads\/2024\/02\/2023_09_19_Kbely_51-276x155.jpg 276w, https:\/\/foto.praha-19.ys-beta.cz\/app\/uploads\/2024\/02\/2023_09_19_Kbely_51-801x450.jpg 801w, https:\/\/foto.praha-19.ys-beta.cz\/app\/uploads\/2024\/02\/2023_09_19_Kbely_51.jpg 1920w\" sizes=\"auto, (max-width: 378px) 100vw, 378px\" \/><\/a><\/div><div class='pinhole-item col-xs-12 col-lg-4 col-md-4 col-sm-6  '><a class=\"item-link\" href=\"https:\/\/foto.praha-19.ys-beta.cz\/app\/uploads\/2024\/02\/2023_09_19_Kbely_45.jpg\" data-caption=\"[]\" data-meta=\"[]\"  data-size=\"{&quot;width&quot;:1920,&quot;height&quot;:1078}\" data-download=\"[]\" data-filename=\"{&quot;name&quot;:&quot;&quot;}\"><img loading=\"lazy\" decoding=\"async\" width=\"378\" height=\"212\" src=\"https:\/\/foto.praha-19.ys-beta.cz\/app\/uploads\/2024\/02\/2023_09_19_Kbely_45-378x212.jpg\" class=\"attachment-pinhole-col-3 size-pinhole-col-3\" alt=\"\" srcset=\"https:\/\/foto.praha-19.ys-beta.cz\/app\/uploads\/2024\/02\/2023_09_19_Kbely_45-378x212.jpg 378w, https:\/\/foto.praha-19.ys-beta.cz\/app\/uploads\/2024\/02\/2023_09_19_Kbely_45-300x168.jpg 300w, https:\/\/foto.praha-19.ys-beta.cz\/app\/uploads\/2024\/02\/2023_09_19_Kbely_45-1024x575.jpg 1024w, https:\/\/foto.praha-19.ys-beta.cz\/app\/uploads\/2024\/02\/2023_09_19_Kbely_45-768x431.jpg 768w, https:\/\/foto.praha-19.ys-beta.cz\/app\/uploads\/2024\/02\/2023_09_19_Kbely_45-1536x862.jpg 1536w, https:\/\/foto.praha-19.ys-beta.cz\/app\/uploads\/2024\/02\/2023_09_19_Kbely_45-1194x670.jpg 1194w, https:\/\/foto.praha-19.ys-beta.cz\/app\/uploads\/2024\/02\/2023_09_19_Kbely_45-582x327.jpg 582w, https:\/\/foto.praha-19.ys-beta.cz\/app\/uploads\/2024\/02\/2023_09_19_Kbely_45-276x155.jpg 276w, https:\/\/foto.praha-19.ys-beta.cz\/app\/uploads\/2024\/02\/2023_09_19_Kbely_45-801x450.jpg 801w, https:\/\/foto.praha-19.ys-beta.cz\/app\/uploads\/2024\/02\/2023_09_19_Kbely_45.jpg 1920w\" sizes=\"auto, (max-width: 378px) 100vw, 378px\" \/><\/a><\/div><div class='pinhole-item col-xs-12 col-lg-4 col-md-4 col-sm-6  '><a class=\"item-link\" href=\"https:\/\/foto.praha-19.ys-beta.cz\/app\/uploads\/2024\/02\/2023_09_19_Kbely_44.jpg\" data-caption=\"[]\" data-meta=\"[]\"  data-size=\"{&quot;width&quot;:1920,&quot;height&quot;:1078}\" data-download=\"[]\" data-filename=\"{&quot;name&quot;:&quot;&quot;}\"><img loading=\"lazy\" decoding=\"async\" width=\"378\" height=\"212\" src=\"https:\/\/foto.praha-19.ys-beta.cz\/app\/uploads\/2024\/02\/2023_09_19_Kbely_44-378x212.jpg\" class=\"attachment-pinhole-col-3 size-pinhole-col-3\" alt=\"\" srcset=\"https:\/\/foto.praha-19.ys-beta.cz\/app\/uploads\/2024\/02\/2023_09_19_Kbely_44-378x212.jpg 378w, https:\/\/foto.praha-19.ys-beta.cz\/app\/uploads\/2024\/02\/2023_09_19_Kbely_44-300x168.jpg 300w, https:\/\/foto.praha-19.ys-beta.cz\/app\/uploads\/2024\/02\/2023_09_19_Kbely_44-1024x575.jpg 1024w, https:\/\/foto.praha-19.ys-beta.cz\/app\/uploads\/2024\/02\/2023_09_19_Kbely_44-768x431.jpg 768w, https:\/\/foto.praha-19.ys-beta.cz\/app\/uploads\/2024\/02\/2023_09_19_Kbely_44-1536x862.jpg 1536w, https:\/\/foto.praha-19.ys-beta.cz\/app\/uploads\/2024\/02\/2023_09_19_Kbely_44-1194x670.jpg 1194w, https:\/\/foto.praha-19.ys-beta.cz\/app\/uploads\/2024\/02\/2023_09_19_Kbely_44-582x327.jpg 582w, https:\/\/foto.praha-19.ys-beta.cz\/app\/uploads\/2024\/02\/2023_09_19_Kbely_44-276x155.jpg 276w, https:\/\/foto.praha-19.ys-beta.cz\/app\/uploads\/2024\/02\/2023_09_19_Kbely_44-801x450.jpg 801w, https:\/\/foto.praha-19.ys-beta.cz\/app\/uploads\/2024\/02\/2023_09_19_Kbely_44.jpg 1920w\" sizes=\"auto, (max-width: 378px) 100vw, 378px\" \/><\/a><\/div><div class='pinhole-item col-xs-12 col-lg-4 col-md-4 col-sm-6  '><a class=\"item-link\" href=\"https:\/\/foto.praha-19.ys-beta.cz\/app\/uploads\/2024\/02\/2023_09_19_Kbely_40.jpg\" data-caption=\"[]\" data-meta=\"[]\"  data-size=\"{&quot;width&quot;:1920,&quot;height&quot;:1078}\" data-download=\"[]\" data-filename=\"{&quot;name&quot;:&quot;&quot;}\"><img loading=\"lazy\" decoding=\"async\" width=\"378\" height=\"212\" src=\"https:\/\/foto.praha-19.ys-beta.cz\/app\/uploads\/2024\/02\/2023_09_19_Kbely_40-378x212.jpg\" class=\"attachment-pinhole-col-3 size-pinhole-col-3\" alt=\"\" srcset=\"https:\/\/foto.praha-19.ys-beta.cz\/app\/uploads\/2024\/02\/2023_09_19_Kbely_40-378x212.jpg 378w, https:\/\/foto.praha-19.ys-beta.cz\/app\/uploads\/2024\/02\/2023_09_19_Kbely_40-300x168.jpg 300w, https:\/\/foto.praha-19.ys-beta.cz\/app\/uploads\/2024\/02\/2023_09_19_Kbely_40-1024x575.jpg 1024w, https:\/\/foto.praha-19.ys-beta.cz\/app\/uploads\/2024\/02\/2023_09_19_Kbely_40-768x431.jpg 768w, https:\/\/foto.praha-19.ys-beta.cz\/app\/uploads\/2024\/02\/2023_09_19_Kbely_40-1536x862.jpg 1536w, https:\/\/foto.praha-19.ys-beta.cz\/app\/uploads\/2024\/02\/2023_09_19_Kbely_40-1194x670.jpg 1194w, https:\/\/foto.praha-19.ys-beta.cz\/app\/uploads\/2024\/02\/2023_09_19_Kbely_40-582x327.jpg 582w, https:\/\/foto.praha-19.ys-beta.cz\/app\/uploads\/2024\/02\/2023_09_19_Kbely_40-276x155.jpg 276w, https:\/\/foto.praha-19.ys-beta.cz\/app\/uploads\/2024\/02\/2023_09_19_Kbely_40-801x450.jpg 801w, https:\/\/foto.praha-19.ys-beta.cz\/app\/uploads\/2024\/02\/2023_09_19_Kbely_40.jpg 1920w\" sizes=\"auto, (max-width: 378px) 100vw, 378px\" \/><\/a><\/div><div class='pinhole-item col-xs-12 col-lg-4 col-md-4 col-sm-6  '><a class=\"item-link\" href=\"https:\/\/foto.praha-19.ys-beta.cz\/app\/uploads\/2024\/02\/2023_09_19_Kbely_37.jpg\" data-caption=\"[]\" data-meta=\"[]\"  data-size=\"{&quot;width&quot;:1920,&quot;height&quot;:1078}\" data-download=\"[]\" data-filename=\"{&quot;name&quot;:&quot;&quot;}\"><img loading=\"lazy\" decoding=\"async\" width=\"378\" height=\"212\" src=\"https:\/\/foto.praha-19.ys-beta.cz\/app\/uploads\/2024\/02\/2023_09_19_Kbely_37-378x212.jpg\" class=\"attachment-pinhole-col-3 size-pinhole-col-3\" alt=\"\" srcset=\"https:\/\/foto.praha-19.ys-beta.cz\/app\/uploads\/2024\/02\/2023_09_19_Kbely_37-378x212.jpg 378w, https:\/\/foto.praha-19.ys-beta.cz\/app\/uploads\/2024\/02\/2023_09_19_Kbely_37-300x168.jpg 300w, https:\/\/foto.praha-19.ys-beta.cz\/app\/uploads\/2024\/02\/2023_09_19_Kbely_37-1024x575.jpg 1024w, https:\/\/foto.praha-19.ys-beta.cz\/app\/uploads\/2024\/02\/2023_09_19_Kbely_37-768x431.jpg 768w, https:\/\/foto.praha-19.ys-beta.cz\/app\/uploads\/2024\/02\/2023_09_19_Kbely_37-1536x862.jpg 1536w, https:\/\/foto.praha-19.ys-beta.cz\/app\/uploads\/2024\/02\/2023_09_19_Kbely_37-1194x670.jpg 1194w, https:\/\/foto.praha-19.ys-beta.cz\/app\/uploads\/2024\/02\/2023_09_19_Kbely_37-582x327.jpg 582w, https:\/\/foto.praha-19.ys-beta.cz\/app\/uploads\/2024\/02\/2023_09_19_Kbely_37-276x155.jpg 276w, https:\/\/foto.praha-19.ys-beta.cz\/app\/uploads\/2024\/02\/2023_09_19_Kbely_37-801x450.jpg 801w, https:\/\/foto.praha-19.ys-beta.cz\/app\/uploads\/2024\/02\/2023_09_19_Kbely_37.jpg 1920w\" sizes=\"auto, (max-width: 378px) 100vw, 378px\" \/><\/a><\/div><div class='pinhole-item col-xs-12 col-lg-4 col-md-4 col-sm-6  '><a class=\"item-link\" href=\"https:\/\/foto.praha-19.ys-beta.cz\/app\/uploads\/2024\/02\/2023_09_19_Kbely_36.jpg\" data-caption=\"[]\" data-meta=\"[]\"  data-size=\"{&quot;width&quot;:1920,&quot;height&quot;:1078}\" data-download=\"[]\" data-filename=\"{&quot;name&quot;:&quot;&quot;}\"><img loading=\"lazy\" decoding=\"async\" width=\"378\" height=\"212\" src=\"https:\/\/foto.praha-19.ys-beta.cz\/app\/uploads\/2024\/02\/2023_09_19_Kbely_36-378x212.jpg\" class=\"attachment-pinhole-col-3 size-pinhole-col-3\" alt=\"\" srcset=\"https:\/\/foto.praha-19.ys-beta.cz\/app\/uploads\/2024\/02\/2023_09_19_Kbely_36-378x212.jpg 378w, https:\/\/foto.praha-19.ys-beta.cz\/app\/uploads\/2024\/02\/2023_09_19_Kbely_36-300x168.jpg 300w, https:\/\/foto.praha-19.ys-beta.cz\/app\/uploads\/2024\/02\/2023_09_19_Kbely_36-1024x575.jpg 1024w, https:\/\/foto.praha-19.ys-beta.cz\/app\/uploads\/2024\/02\/2023_09_19_Kbely_36-768x431.jpg 768w, https:\/\/foto.praha-19.ys-beta.cz\/app\/uploads\/2024\/02\/2023_09_19_Kbely_36-1536x862.jpg 1536w, https:\/\/foto.praha-19.ys-beta.cz\/app\/uploads\/2024\/02\/2023_09_19_Kbely_36-1194x670.jpg 1194w, https:\/\/foto.praha-19.ys-beta.cz\/app\/uploads\/2024\/02\/2023_09_19_Kbely_36-582x327.jpg 582w, https:\/\/foto.praha-19.ys-beta.cz\/app\/uploads\/2024\/02\/2023_09_19_Kbely_36-276x155.jpg 276w, https:\/\/foto.praha-19.ys-beta.cz\/app\/uploads\/2024\/02\/2023_09_19_Kbely_36-801x450.jpg 801w, https:\/\/foto.praha-19.ys-beta.cz\/app\/uploads\/2024\/02\/2023_09_19_Kbely_36.jpg 1920w\" sizes=\"auto, (max-width: 378px) 100vw, 378px\" \/><\/a><\/div><div class='pinhole-item col-xs-12 col-lg-4 col-md-4 col-sm-6  '><a class=\"item-link\" href=\"https:\/\/foto.praha-19.ys-beta.cz\/app\/uploads\/2024\/02\/2023_09_19_Kbely_34.jpg\" data-caption=\"[]\" data-meta=\"[]\"  data-size=\"{&quot;width&quot;:1920,&quot;height&quot;:1078}\" data-download=\"[]\" data-filename=\"{&quot;name&quot;:&quot;&quot;}\"><img loading=\"lazy\" decoding=\"async\" width=\"378\" height=\"212\" src=\"https:\/\/foto.praha-19.ys-beta.cz\/app\/uploads\/2024\/02\/2023_09_19_Kbely_34-378x212.jpg\" class=\"attachment-pinhole-col-3 size-pinhole-col-3\" alt=\"\" srcset=\"https:\/\/foto.praha-19.ys-beta.cz\/app\/uploads\/2024\/02\/2023_09_19_Kbely_34-378x212.jpg 378w, https:\/\/foto.praha-19.ys-beta.cz\/app\/uploads\/2024\/02\/2023_09_19_Kbely_34-300x168.jpg 300w, https:\/\/foto.praha-19.ys-beta.cz\/app\/uploads\/2024\/02\/2023_09_19_Kbely_34-1024x575.jpg 1024w, https:\/\/foto.praha-19.ys-beta.cz\/app\/uploads\/2024\/02\/2023_09_19_Kbely_34-768x431.jpg 768w, https:\/\/foto.praha-19.ys-beta.cz\/app\/uploads\/2024\/02\/2023_09_19_Kbely_34-1536x862.jpg 1536w, https:\/\/foto.praha-19.ys-beta.cz\/app\/uploads\/2024\/02\/2023_09_19_Kbely_34-1194x670.jpg 1194w, https:\/\/foto.praha-19.ys-beta.cz\/app\/uploads\/2024\/02\/2023_09_19_Kbely_34-582x327.jpg 582w, https:\/\/foto.praha-19.ys-beta.cz\/app\/uploads\/2024\/02\/2023_09_19_Kbely_34-276x155.jpg 276w, https:\/\/foto.praha-19.ys-beta.cz\/app\/uploads\/2024\/02\/2023_09_19_Kbely_34-801x450.jpg 801w, https:\/\/foto.praha-19.ys-beta.cz\/app\/uploads\/2024\/02\/2023_09_19_Kbely_34.jpg 1920w\" sizes=\"auto, (max-width: 378px) 100vw, 378px\" \/><\/a><\/div><div class='pinhole-item col-xs-12 col-lg-4 col-md-4 col-sm-6  '><a class=\"item-link\" href=\"https:\/\/foto.praha-19.ys-beta.cz\/app\/uploads\/2024\/02\/2023_09_19_Kbely_32.jpg\" data-caption=\"[]\" data-meta=\"[]\"  data-size=\"{&quot;width&quot;:1920,&quot;height&quot;:1078}\" data-download=\"[]\" data-filename=\"{&quot;name&quot;:&quot;&quot;}\"><img loading=\"lazy\" decoding=\"async\" width=\"378\" height=\"212\" src=\"https:\/\/foto.praha-19.ys-beta.cz\/app\/uploads\/2024\/02\/2023_09_19_Kbely_32-378x212.jpg\" class=\"attachment-pinhole-col-3 size-pinhole-col-3\" alt=\"\" srcset=\"https:\/\/foto.praha-19.ys-beta.cz\/app\/uploads\/2024\/02\/2023_09_19_Kbely_32-378x212.jpg 378w, https:\/\/foto.praha-19.ys-beta.cz\/app\/uploads\/2024\/02\/2023_09_19_Kbely_32-300x168.jpg 300w, https:\/\/foto.praha-19.ys-beta.cz\/app\/uploads\/2024\/02\/2023_09_19_Kbely_32-1024x575.jpg 1024w, https:\/\/foto.praha-19.ys-beta.cz\/app\/uploads\/2024\/02\/2023_09_19_Kbely_32-768x431.jpg 768w, https:\/\/foto.praha-19.ys-beta.cz\/app\/uploads\/2024\/02\/2023_09_19_Kbely_32-1536x862.jpg 1536w, https:\/\/foto.praha-19.ys-beta.cz\/app\/uploads\/2024\/02\/2023_09_19_Kbely_32-1194x670.jpg 1194w, https:\/\/foto.praha-19.ys-beta.cz\/app\/uploads\/2024\/02\/2023_09_19_Kbely_32-582x327.jpg 582w, https:\/\/foto.praha-19.ys-beta.cz\/app\/uploads\/2024\/02\/2023_09_19_Kbely_32-276x155.jpg 276w, https:\/\/foto.praha-19.ys-beta.cz\/app\/uploads\/2024\/02\/2023_09_19_Kbely_32-801x450.jpg 801w, https:\/\/foto.praha-19.ys-beta.cz\/app\/uploads\/2024\/02\/2023_09_19_Kbely_32.jpg 1920w\" sizes=\"auto, (max-width: 378px) 100vw, 378px\" \/><\/a><\/div><div class='pinhole-item col-xs-12 col-lg-4 col-md-4 col-sm-6  '><a class=\"item-link\" href=\"https:\/\/foto.praha-19.ys-beta.cz\/app\/uploads\/2024\/02\/2023_09_19_Kbely_31.jpg\" data-caption=\"[]\" data-meta=\"[]\"  data-size=\"{&quot;width&quot;:1920,&quot;height&quot;:1078}\" data-download=\"[]\" data-filename=\"{&quot;name&quot;:&quot;&quot;}\"><img loading=\"lazy\" decoding=\"async\" width=\"378\" height=\"212\" src=\"https:\/\/foto.praha-19.ys-beta.cz\/app\/uploads\/2024\/02\/2023_09_19_Kbely_31-378x212.jpg\" class=\"attachment-pinhole-col-3 size-pinhole-col-3\" alt=\"\" srcset=\"https:\/\/foto.praha-19.ys-beta.cz\/app\/uploads\/2024\/02\/2023_09_19_Kbely_31-378x212.jpg 378w, https:\/\/foto.praha-19.ys-beta.cz\/app\/uploads\/2024\/02\/2023_09_19_Kbely_31-300x168.jpg 300w, https:\/\/foto.praha-19.ys-beta.cz\/app\/uploads\/2024\/02\/2023_09_19_Kbely_31-1024x575.jpg 1024w, https:\/\/foto.praha-19.ys-beta.cz\/app\/uploads\/2024\/02\/2023_09_19_Kbely_31-768x431.jpg 768w, https:\/\/foto.praha-19.ys-beta.cz\/app\/uploads\/2024\/02\/2023_09_19_Kbely_31-1536x862.jpg 1536w, https:\/\/foto.praha-19.ys-beta.cz\/app\/uploads\/2024\/02\/2023_09_19_Kbely_31-1194x670.jpg 1194w, https:\/\/foto.praha-19.ys-beta.cz\/app\/uploads\/2024\/02\/2023_09_19_Kbely_31-582x327.jpg 582w, https:\/\/foto.praha-19.ys-beta.cz\/app\/uploads\/2024\/02\/2023_09_19_Kbely_31-276x155.jpg 276w, https:\/\/foto.praha-19.ys-beta.cz\/app\/uploads\/2024\/02\/2023_09_19_Kbely_31-801x450.jpg 801w, https:\/\/foto.praha-19.ys-beta.cz\/app\/uploads\/2024\/02\/2023_09_19_Kbely_31.jpg 1920w\" sizes=\"auto, (max-width: 378px) 100vw, 378px\" \/><\/a><\/div><div class='pinhole-item col-xs-12 col-lg-4 col-md-4 col-sm-6  '><a class=\"item-link\" href=\"https:\/\/foto.praha-19.ys-beta.cz\/app\/uploads\/2024\/02\/2023_09_19_Kbely_22.jpg\" data-caption=\"[]\" data-meta=\"[]\"  data-size=\"{&quot;width&quot;:1920,&quot;height&quot;:1078}\" data-download=\"[]\" data-filename=\"{&quot;name&quot;:&quot;&quot;}\"><img loading=\"lazy\" decoding=\"async\" width=\"378\" height=\"212\" src=\"https:\/\/foto.praha-19.ys-beta.cz\/app\/uploads\/2024\/02\/2023_09_19_Kbely_22-378x212.jpg\" class=\"attachment-pinhole-col-3 size-pinhole-col-3\" alt=\"\" srcset=\"https:\/\/foto.praha-19.ys-beta.cz\/app\/uploads\/2024\/02\/2023_09_19_Kbely_22-378x212.jpg 378w, https:\/\/foto.praha-19.ys-beta.cz\/app\/uploads\/2024\/02\/2023_09_19_Kbely_22-300x168.jpg 300w, https:\/\/foto.praha-19.ys-beta.cz\/app\/uploads\/2024\/02\/2023_09_19_Kbely_22-1024x575.jpg 1024w, https:\/\/foto.praha-19.ys-beta.cz\/app\/uploads\/2024\/02\/2023_09_19_Kbely_22-768x431.jpg 768w, https:\/\/foto.praha-19.ys-beta.cz\/app\/uploads\/2024\/02\/2023_09_19_Kbely_22-1536x862.jpg 1536w, https:\/\/foto.praha-19.ys-beta.cz\/app\/uploads\/2024\/02\/2023_09_19_Kbely_22-1194x670.jpg 1194w, https:\/\/foto.praha-19.ys-beta.cz\/app\/uploads\/2024\/02\/2023_09_19_Kbely_22-582x327.jpg 582w, https:\/\/foto.praha-19.ys-beta.cz\/app\/uploads\/2024\/02\/2023_09_19_Kbely_22-276x155.jpg 276w, https:\/\/foto.praha-19.ys-beta.cz\/app\/uploads\/2024\/02\/2023_09_19_Kbely_22-801x450.jpg 801w, https:\/\/foto.praha-19.ys-beta.cz\/app\/uploads\/2024\/02\/2023_09_19_Kbely_22.jpg 1920w\" sizes=\"auto, (max-width: 378px) 100vw, 378px\" \/><\/a><\/div><div class='pinhole-item col-xs-12 col-lg-4 col-md-4 col-sm-6  '><a class=\"item-link\" href=\"https:\/\/foto.praha-19.ys-beta.cz\/app\/uploads\/2024\/02\/2023_09_19_Kbely_20.jpg\" data-caption=\"[]\" data-meta=\"[]\"  data-size=\"{&quot;width&quot;:1920,&quot;height&quot;:1078}\" data-download=\"[]\" data-filename=\"{&quot;name&quot;:&quot;&quot;}\"><img loading=\"lazy\" decoding=\"async\" width=\"378\" height=\"212\" src=\"https:\/\/foto.praha-19.ys-beta.cz\/app\/uploads\/2024\/02\/2023_09_19_Kbely_20-378x212.jpg\" class=\"attachment-pinhole-col-3 size-pinhole-col-3\" alt=\"\" srcset=\"https:\/\/foto.praha-19.ys-beta.cz\/app\/uploads\/2024\/02\/2023_09_19_Kbely_20-378x212.jpg 378w, https:\/\/foto.praha-19.ys-beta.cz\/app\/uploads\/2024\/02\/2023_09_19_Kbely_20-300x168.jpg 300w, https:\/\/foto.praha-19.ys-beta.cz\/app\/uploads\/2024\/02\/2023_09_19_Kbely_20-1024x575.jpg 1024w, https:\/\/foto.praha-19.ys-beta.cz\/app\/uploads\/2024\/02\/2023_09_19_Kbely_20-768x431.jpg 768w, https:\/\/foto.praha-19.ys-beta.cz\/app\/uploads\/2024\/02\/2023_09_19_Kbely_20-1536x862.jpg 1536w, https:\/\/foto.praha-19.ys-beta.cz\/app\/uploads\/2024\/02\/2023_09_19_Kbely_20-1194x670.jpg 1194w, https:\/\/foto.praha-19.ys-beta.cz\/app\/uploads\/2024\/02\/2023_09_19_Kbely_20-582x327.jpg 582w, https:\/\/foto.praha-19.ys-beta.cz\/app\/uploads\/2024\/02\/2023_09_19_Kbely_20-276x155.jpg 276w, https:\/\/foto.praha-19.ys-beta.cz\/app\/uploads\/2024\/02\/2023_09_19_Kbely_20-801x450.jpg 801w, https:\/\/foto.praha-19.ys-beta.cz\/app\/uploads\/2024\/02\/2023_09_19_Kbely_20.jpg 1920w\" sizes=\"auto, (max-width: 378px) 100vw, 378px\" \/><\/a><\/div><div class='pinhole-item col-xs-12 col-lg-4 col-md-4 col-sm-6  '><a class=\"item-link\" href=\"https:\/\/foto.praha-19.ys-beta.cz\/app\/uploads\/2024\/02\/2023_09_19_Kbely_17.jpg\" data-caption=\"[]\" data-meta=\"[]\"  data-size=\"{&quot;width&quot;:1920,&quot;height&quot;:1078}\" data-download=\"[]\" data-filename=\"{&quot;name&quot;:&quot;&quot;}\"><img loading=\"lazy\" decoding=\"async\" width=\"378\" height=\"212\" src=\"https:\/\/foto.praha-19.ys-beta.cz\/app\/uploads\/2024\/02\/2023_09_19_Kbely_17-378x212.jpg\" class=\"attachment-pinhole-col-3 size-pinhole-col-3\" alt=\"\" srcset=\"https:\/\/foto.praha-19.ys-beta.cz\/app\/uploads\/2024\/02\/2023_09_19_Kbely_17-378x212.jpg 378w, https:\/\/foto.praha-19.ys-beta.cz\/app\/uploads\/2024\/02\/2023_09_19_Kbely_17-300x168.jpg 300w, https:\/\/foto.praha-19.ys-beta.cz\/app\/uploads\/2024\/02\/2023_09_19_Kbely_17-1024x575.jpg 1024w, https:\/\/foto.praha-19.ys-beta.cz\/app\/uploads\/2024\/02\/2023_09_19_Kbely_17-768x431.jpg 768w, https:\/\/foto.praha-19.ys-beta.cz\/app\/uploads\/2024\/02\/2023_09_19_Kbely_17-1536x862.jpg 1536w, https:\/\/foto.praha-19.ys-beta.cz\/app\/uploads\/2024\/02\/2023_09_19_Kbely_17-1194x670.jpg 1194w, https:\/\/foto.praha-19.ys-beta.cz\/app\/uploads\/2024\/02\/2023_09_19_Kbely_17-582x327.jpg 582w, https:\/\/foto.praha-19.ys-beta.cz\/app\/uploads\/2024\/02\/2023_09_19_Kbely_17-276x155.jpg 276w, https:\/\/foto.praha-19.ys-beta.cz\/app\/uploads\/2024\/02\/2023_09_19_Kbely_17-801x450.jpg 801w, https:\/\/foto.praha-19.ys-beta.cz\/app\/uploads\/2024\/02\/2023_09_19_Kbely_17.jpg 1920w\" sizes=\"auto, (max-width: 378px) 100vw, 378px\" \/><\/a><\/div><div class='pinhole-item col-xs-12 col-lg-4 col-md-4 col-sm-6  '><a class=\"item-link\" href=\"https:\/\/foto.praha-19.ys-beta.cz\/app\/uploads\/2024\/02\/2023_09_19_Kbely_15.jpg\" data-caption=\"[]\" data-meta=\"[]\"  data-size=\"{&quot;width&quot;:1920,&quot;height&quot;:1078}\" data-download=\"[]\" data-filename=\"{&quot;name&quot;:&quot;&quot;}\"><img loading=\"lazy\" decoding=\"async\" width=\"378\" height=\"212\" src=\"https:\/\/foto.praha-19.ys-beta.cz\/app\/uploads\/2024\/02\/2023_09_19_Kbely_15-378x212.jpg\" class=\"attachment-pinhole-col-3 size-pinhole-col-3\" alt=\"\" srcset=\"https:\/\/foto.praha-19.ys-beta.cz\/app\/uploads\/2024\/02\/2023_09_19_Kbely_15-378x212.jpg 378w, https:\/\/foto.praha-19.ys-beta.cz\/app\/uploads\/2024\/02\/2023_09_19_Kbely_15-300x168.jpg 300w, https:\/\/foto.praha-19.ys-beta.cz\/app\/uploads\/2024\/02\/2023_09_19_Kbely_15-1024x575.jpg 1024w, https:\/\/foto.praha-19.ys-beta.cz\/app\/uploads\/2024\/02\/2023_09_19_Kbely_15-768x431.jpg 768w, https:\/\/foto.praha-19.ys-beta.cz\/app\/uploads\/2024\/02\/2023_09_19_Kbely_15-1536x862.jpg 1536w, https:\/\/foto.praha-19.ys-beta.cz\/app\/uploads\/2024\/02\/2023_09_19_Kbely_15-1194x670.jpg 1194w, https:\/\/foto.praha-19.ys-beta.cz\/app\/uploads\/2024\/02\/2023_09_19_Kbely_15-582x327.jpg 582w, https:\/\/foto.praha-19.ys-beta.cz\/app\/uploads\/2024\/02\/2023_09_19_Kbely_15-276x155.jpg 276w, https:\/\/foto.praha-19.ys-beta.cz\/app\/uploads\/2024\/02\/2023_09_19_Kbely_15-801x450.jpg 801w, https:\/\/foto.praha-19.ys-beta.cz\/app\/uploads\/2024\/02\/2023_09_19_Kbely_15.jpg 1920w\" sizes=\"auto, (max-width: 378px) 100vw, 378px\" \/><\/a><\/div><div class='pinhole-item col-xs-12 col-lg-4 col-md-4 col-sm-6  '><a class=\"item-link\" href=\"https:\/\/foto.praha-19.ys-beta.cz\/app\/uploads\/2024\/02\/2023_09_19_Kbely_14.jpg\" data-caption=\"[]\" data-meta=\"[]\"  data-size=\"{&quot;width&quot;:1920,&quot;height&quot;:1078}\" data-download=\"[]\" data-filename=\"{&quot;name&quot;:&quot;&quot;}\"><img loading=\"lazy\" decoding=\"async\" width=\"378\" height=\"212\" src=\"https:\/\/foto.praha-19.ys-beta.cz\/app\/uploads\/2024\/02\/2023_09_19_Kbely_14-378x212.jpg\" class=\"attachment-pinhole-col-3 size-pinhole-col-3\" alt=\"\" srcset=\"https:\/\/foto.praha-19.ys-beta.cz\/app\/uploads\/2024\/02\/2023_09_19_Kbely_14-378x212.jpg 378w, https:\/\/foto.praha-19.ys-beta.cz\/app\/uploads\/2024\/02\/2023_09_19_Kbely_14-300x168.jpg 300w, https:\/\/foto.praha-19.ys-beta.cz\/app\/uploads\/2024\/02\/2023_09_19_Kbely_14-1024x575.jpg 1024w, https:\/\/foto.praha-19.ys-beta.cz\/app\/uploads\/2024\/02\/2023_09_19_Kbely_14-768x431.jpg 768w, https:\/\/foto.praha-19.ys-beta.cz\/app\/uploads\/2024\/02\/2023_09_19_Kbely_14-1536x862.jpg 1536w, https:\/\/foto.praha-19.ys-beta.cz\/app\/uploads\/2024\/02\/2023_09_19_Kbely_14-1194x670.jpg 1194w, https:\/\/foto.praha-19.ys-beta.cz\/app\/uploads\/2024\/02\/2023_09_19_Kbely_14-582x327.jpg 582w, https:\/\/foto.praha-19.ys-beta.cz\/app\/uploads\/2024\/02\/2023_09_19_Kbely_14-276x155.jpg 276w, https:\/\/foto.praha-19.ys-beta.cz\/app\/uploads\/2024\/02\/2023_09_19_Kbely_14-801x450.jpg 801w, https:\/\/foto.praha-19.ys-beta.cz\/app\/uploads\/2024\/02\/2023_09_19_Kbely_14.jpg 1920w\" sizes=\"auto, (max-width: 378px) 100vw, 378px\" \/><\/a><\/div><div class='pinhole-item col-xs-12 col-lg-4 col-md-4 col-sm-6  '><a class=\"item-link\" href=\"https:\/\/foto.praha-19.ys-beta.cz\/app\/uploads\/2024\/02\/2023_09_19_Kbely_13.jpg\" data-caption=\"[]\" data-meta=\"[]\"  data-size=\"{&quot;width&quot;:1920,&quot;height&quot;:1078}\" data-download=\"[]\" data-filename=\"{&quot;name&quot;:&quot;&quot;}\"><img loading=\"lazy\" decoding=\"async\" width=\"378\" height=\"212\" src=\"https:\/\/foto.praha-19.ys-beta.cz\/app\/uploads\/2024\/02\/2023_09_19_Kbely_13-378x212.jpg\" class=\"attachment-pinhole-col-3 size-pinhole-col-3\" alt=\"\" srcset=\"https:\/\/foto.praha-19.ys-beta.cz\/app\/uploads\/2024\/02\/2023_09_19_Kbely_13-378x212.jpg 378w, https:\/\/foto.praha-19.ys-beta.cz\/app\/uploads\/2024\/02\/2023_09_19_Kbely_13-300x168.jpg 300w, https:\/\/foto.praha-19.ys-beta.cz\/app\/uploads\/2024\/02\/2023_09_19_Kbely_13-1024x575.jpg 1024w, https:\/\/foto.praha-19.ys-beta.cz\/app\/uploads\/2024\/02\/2023_09_19_Kbely_13-768x431.jpg 768w, https:\/\/foto.praha-19.ys-beta.cz\/app\/uploads\/2024\/02\/2023_09_19_Kbely_13-1536x862.jpg 1536w, https:\/\/foto.praha-19.ys-beta.cz\/app\/uploads\/2024\/02\/2023_09_19_Kbely_13-1194x670.jpg 1194w, https:\/\/foto.praha-19.ys-beta.cz\/app\/uploads\/2024\/02\/2023_09_19_Kbely_13-582x327.jpg 582w, https:\/\/foto.praha-19.ys-beta.cz\/app\/uploads\/2024\/02\/2023_09_19_Kbely_13-276x155.jpg 276w, https:\/\/foto.praha-19.ys-beta.cz\/app\/uploads\/2024\/02\/2023_09_19_Kbely_13-801x450.jpg 801w, https:\/\/foto.praha-19.ys-beta.cz\/app\/uploads\/2024\/02\/2023_09_19_Kbely_13.jpg 1920w\" sizes=\"auto, (max-width: 378px) 100vw, 378px\" \/><\/a><\/div><div class='pinhole-item col-xs-12 col-lg-4 col-md-4 col-sm-6  '><a class=\"item-link\" href=\"https:\/\/foto.praha-19.ys-beta.cz\/app\/uploads\/2024\/02\/2023_09_19_Kbely_12.jpg\" data-caption=\"[]\" data-meta=\"[]\"  data-size=\"{&quot;width&quot;:1920,&quot;height&quot;:1078}\" data-download=\"[]\" data-filename=\"{&quot;name&quot;:&quot;&quot;}\"><img loading=\"lazy\" decoding=\"async\" width=\"378\" height=\"212\" src=\"https:\/\/foto.praha-19.ys-beta.cz\/app\/uploads\/2024\/02\/2023_09_19_Kbely_12-378x212.jpg\" class=\"attachment-pinhole-col-3 size-pinhole-col-3\" alt=\"\" srcset=\"https:\/\/foto.praha-19.ys-beta.cz\/app\/uploads\/2024\/02\/2023_09_19_Kbely_12-378x212.jpg 378w, https:\/\/foto.praha-19.ys-beta.cz\/app\/uploads\/2024\/02\/2023_09_19_Kbely_12-300x168.jpg 300w, https:\/\/foto.praha-19.ys-beta.cz\/app\/uploads\/2024\/02\/2023_09_19_Kbely_12-1024x575.jpg 1024w, https:\/\/foto.praha-19.ys-beta.cz\/app\/uploads\/2024\/02\/2023_09_19_Kbely_12-768x431.jpg 768w, https:\/\/foto.praha-19.ys-beta.cz\/app\/uploads\/2024\/02\/2023_09_19_Kbely_12-1536x862.jpg 1536w, https:\/\/foto.praha-19.ys-beta.cz\/app\/uploads\/2024\/02\/2023_09_19_Kbely_12-1194x670.jpg 1194w, https:\/\/foto.praha-19.ys-beta.cz\/app\/uploads\/2024\/02\/2023_09_19_Kbely_12-582x327.jpg 582w, https:\/\/foto.praha-19.ys-beta.cz\/app\/uploads\/2024\/02\/2023_09_19_Kbely_12-276x155.jpg 276w, https:\/\/foto.praha-19.ys-beta.cz\/app\/uploads\/2024\/02\/2023_09_19_Kbely_12-801x450.jpg 801w, https:\/\/foto.praha-19.ys-beta.cz\/app\/uploads\/2024\/02\/2023_09_19_Kbely_12.jpg 1920w\" sizes=\"auto, (max-width: 378px) 100vw, 378px\" \/><\/a><\/div>\n\t\t<\/div>\n","protected":false},"excerpt":{"rendered":"<p>aneb sn\u00eddani na per\u00f3n\u011b Ji\u017e posedm\u00e9 se uskute\u010dnila sn\u00eddan\u011b pro cestuj\u00edc\u00ed, kte\u0159\u00ed krom\u011b k\u00e1vy nebo \u010daje a sladk\u00e9ho \u010di slan\u00e9ho pe\u010diva obdr\u017eeli informace o aktu\u00e1ln\u00edch projektech. Po dvou letech neust\u00e1le se m\u011bn\u00edc\u00edch v\u00fdluk se provoz na na\u0161\u00ed \u017eelezni\u010dn\u00ed trati dostal do b\u011b\u017en\u00fdch kolej\u00ed. Mezit\u00edm ale ode\u0161la t\u0159etina cestuj\u00edc\u00edch. C\u00edlem dne\u0161n\u00ed sn\u00eddan\u011b tedy bylo upozornit na [&hellip;]<\/p>\n","protected":false},"author":7,"featured_media":13703,"parent":7798,"menu_order":47,"comment_status":"closed","ping_status":"closed","template":"","meta":{"footnotes":""},"class_list":["post-14404","page","type-page","status-publish","has-post-thumbnail","hentry"],"yoast_head":"<!-- This site is optimized with the Yoast SEO plugin v27.2 - https:\/\/yoast.com\/product\/yoast-seo-wordpress\/ -->\n<title>Se\u0161li jsme se na n\u00e1dra\u017e\u00ed - Fotogalerie - Praha 19<\/title>\n<meta name=\"robots\" content=\"noindex, follow, max-snippet:-1, max-image-preview:large, max-video-preview:-1\" \/>\n<meta property=\"og:locale\" content=\"cs_CZ\" \/>\n<meta property=\"og:type\" content=\"article\" \/>\n<meta property=\"og:title\" content=\"Se\u0161li jsme se na n\u00e1dra\u017e\u00ed - Fotogalerie - Praha 19\" \/>\n<meta property=\"og:description\" content=\"aneb sn\u00eddani na per\u00f3n\u011b Ji\u017e posedm\u00e9 se uskute\u010dnila sn\u00eddan\u011b pro cestuj\u00edc\u00ed, kte\u0159\u00ed krom\u011b k\u00e1vy nebo \u010daje a sladk\u00e9ho \u010di slan\u00e9ho pe\u010diva obdr\u017eeli informace o aktu\u00e1ln\u00edch projektech. Po dvou letech neust\u00e1le se m\u011bn\u00edc\u00edch v\u00fdluk se provoz na na\u0161\u00ed \u017eelezni\u010dn\u00ed trati dostal do b\u011b\u017en\u00fdch kolej\u00ed. Mezit\u00edm ale ode\u0161la t\u0159etina cestuj\u00edc\u00edch. C\u00edlem dne\u0161n\u00ed sn\u00eddan\u011b tedy bylo upozornit na [&hellip;]\" \/>\n<meta property=\"og:url\" content=\"https:\/\/foto.praha-19.ys-beta.cz\/index.php\/rok-2023\/sesli-jsme-se-na-nadrazi\/\" \/>\n<meta property=\"og:site_name\" content=\"Fotogalerie - Praha 19\" \/>\n<meta property=\"article:modified_time\" content=\"2024-03-04T09:25:33+00:00\" \/>\n<meta property=\"og:image\" content=\"https:\/\/foto.praha-19.ys-beta.cz\/app\/uploads\/2024\/02\/2023_09_19_Kbely_20.jpg\" \/>\n\t<meta property=\"og:image:width\" content=\"1920\" \/>\n\t<meta property=\"og:image:height\" content=\"1078\" \/>\n\t<meta property=\"og:image:type\" content=\"image\/jpeg\" \/>\n<meta name=\"twitter:card\" content=\"summary_large_image\" \/>\n<meta name=\"twitter:label1\" content=\"Est. reading time\" \/>\n\t<meta name=\"twitter:data1\" content=\"6 minut\" \/>\n<script type=\"application\/ld+json\" class=\"yoast-schema-graph\">{\"@context\":\"https:\/\/schema.org\",\"@graph\":[{\"@type\":\"WebPage\",\"@id\":\"https:\/\/foto.praha-19.ys-beta.cz\/index.php\/rok-2023\/sesli-jsme-se-na-nadrazi\/\",\"url\":\"https:\/\/foto.praha-19.ys-beta.cz\/index.php\/rok-2023\/sesli-jsme-se-na-nadrazi\/\",\"name\":\"Se\u0161li jsme se na n\u00e1dra\u017e\u00ed - Fotogalerie - Praha 19\",\"isPartOf\":{\"@id\":\"https:\/\/foto.praha-19.ys-beta.cz\/#website\"},\"primaryImageOfPage\":{\"@id\":\"https:\/\/foto.praha-19.ys-beta.cz\/index.php\/rok-2023\/sesli-jsme-se-na-nadrazi\/#primaryimage\"},\"image\":{\"@id\":\"https:\/\/foto.praha-19.ys-beta.cz\/index.php\/rok-2023\/sesli-jsme-se-na-nadrazi\/#primaryimage\"},\"thumbnailUrl\":\"https:\/\/foto.praha-19.ys-beta.cz\/app\/uploads\/2024\/02\/2023_09_19_Kbely_20.jpg\",\"datePublished\":\"2023-09-19T16:17:00+00:00\",\"dateModified\":\"2024-03-04T09:25:33+00:00\",\"breadcrumb\":{\"@id\":\"https:\/\/foto.praha-19.ys-beta.cz\/index.php\/rok-2023\/sesli-jsme-se-na-nadrazi\/#breadcrumb\"},\"inLanguage\":\"cs\",\"potentialAction\":[{\"@type\":\"ReadAction\",\"target\":[\"https:\/\/foto.praha-19.ys-beta.cz\/index.php\/rok-2023\/sesli-jsme-se-na-nadrazi\/\"]}]},{\"@type\":\"ImageObject\",\"inLanguage\":\"cs\",\"@id\":\"https:\/\/foto.praha-19.ys-beta.cz\/index.php\/rok-2023\/sesli-jsme-se-na-nadrazi\/#primaryimage\",\"url\":\"https:\/\/foto.praha-19.ys-beta.cz\/app\/uploads\/2024\/02\/2023_09_19_Kbely_20.jpg\",\"contentUrl\":\"https:\/\/foto.praha-19.ys-beta.cz\/app\/uploads\/2024\/02\/2023_09_19_Kbely_20.jpg\",\"width\":1920,\"height\":1078},{\"@type\":\"BreadcrumbList\",\"@id\":\"https:\/\/foto.praha-19.ys-beta.cz\/index.php\/rok-2023\/sesli-jsme-se-na-nadrazi\/#breadcrumb\",\"itemListElement\":[{\"@type\":\"ListItem\",\"position\":1,\"name\":\"Home\",\"item\":\"https:\/\/foto.praha-19.ys-beta.cz\/\"},{\"@type\":\"ListItem\",\"position\":2,\"name\":\"Rok 2023\",\"item\":\"https:\/\/foto.praha-19.ys-beta.cz\/index.php\/rok-2023\/\"},{\"@type\":\"ListItem\",\"position\":3,\"name\":\"Se\u0161li jsme se na n\u00e1dra\u017e\u00ed\"}]},{\"@type\":\"WebSite\",\"@id\":\"https:\/\/foto.praha-19.ys-beta.cz\/#website\",\"url\":\"https:\/\/foto.praha-19.ys-beta.cz\/\",\"name\":\"Fotogalerie - Praha 19\",\"description\":\"Fotogalerie m\u011bstsk\u00e9 \u010d\u00e1sti Praha 19\",\"potentialAction\":[{\"@type\":\"SearchAction\",\"target\":{\"@type\":\"EntryPoint\",\"urlTemplate\":\"https:\/\/foto.praha-19.ys-beta.cz\/?s={search_term_string}\"},\"query-input\":{\"@type\":\"PropertyValueSpecification\",\"valueRequired\":true,\"valueName\":\"search_term_string\"}}],\"inLanguage\":\"cs\"}]}<\/script>\n<!-- \/ Yoast SEO plugin. -->","yoast_head_json":{"title":"Se\u0161li jsme se na n\u00e1dra\u017e\u00ed - Fotogalerie - Praha 19","robots":{"index":"noindex","follow":"follow","max-snippet":"max-snippet:-1","max-image-preview":"max-image-preview:large","max-video-preview":"max-video-preview:-1"},"og_locale":"cs_CZ","og_type":"article","og_title":"Se\u0161li jsme se na n\u00e1dra\u017e\u00ed - Fotogalerie - Praha 19","og_description":"aneb sn\u00eddani na per\u00f3n\u011b Ji\u017e posedm\u00e9 se uskute\u010dnila sn\u00eddan\u011b pro cestuj\u00edc\u00ed, kte\u0159\u00ed krom\u011b k\u00e1vy nebo \u010daje a sladk\u00e9ho \u010di slan\u00e9ho pe\u010diva obdr\u017eeli informace o aktu\u00e1ln\u00edch projektech. Po dvou letech neust\u00e1le se m\u011bn\u00edc\u00edch v\u00fdluk se provoz na na\u0161\u00ed \u017eelezni\u010dn\u00ed trati dostal do b\u011b\u017en\u00fdch kolej\u00ed. Mezit\u00edm ale ode\u0161la t\u0159etina cestuj\u00edc\u00edch. C\u00edlem dne\u0161n\u00ed sn\u00eddan\u011b tedy bylo upozornit na [&hellip;]","og_url":"https:\/\/foto.praha-19.ys-beta.cz\/index.php\/rok-2023\/sesli-jsme-se-na-nadrazi\/","og_site_name":"Fotogalerie - Praha 19","article_modified_time":"2024-03-04T09:25:33+00:00","og_image":[{"width":1920,"height":1078,"url":"https:\/\/foto.praha-19.ys-beta.cz\/app\/uploads\/2024\/02\/2023_09_19_Kbely_20.jpg","type":"image\/jpeg"}],"twitter_card":"summary_large_image","twitter_misc":{"Est. reading time":"6 minut"},"schema":{"@context":"https:\/\/schema.org","@graph":[{"@type":"WebPage","@id":"https:\/\/foto.praha-19.ys-beta.cz\/index.php\/rok-2023\/sesli-jsme-se-na-nadrazi\/","url":"https:\/\/foto.praha-19.ys-beta.cz\/index.php\/rok-2023\/sesli-jsme-se-na-nadrazi\/","name":"Se\u0161li jsme se na n\u00e1dra\u017e\u00ed - Fotogalerie - Praha 19","isPartOf":{"@id":"https:\/\/foto.praha-19.ys-beta.cz\/#website"},"primaryImageOfPage":{"@id":"https:\/\/foto.praha-19.ys-beta.cz\/index.php\/rok-2023\/sesli-jsme-se-na-nadrazi\/#primaryimage"},"image":{"@id":"https:\/\/foto.praha-19.ys-beta.cz\/index.php\/rok-2023\/sesli-jsme-se-na-nadrazi\/#primaryimage"},"thumbnailUrl":"https:\/\/foto.praha-19.ys-beta.cz\/app\/uploads\/2024\/02\/2023_09_19_Kbely_20.jpg","datePublished":"2023-09-19T16:17:00+00:00","dateModified":"2024-03-04T09:25:33+00:00","breadcrumb":{"@id":"https:\/\/foto.praha-19.ys-beta.cz\/index.php\/rok-2023\/sesli-jsme-se-na-nadrazi\/#breadcrumb"},"inLanguage":"cs","potentialAction":[{"@type":"ReadAction","target":["https:\/\/foto.praha-19.ys-beta.cz\/index.php\/rok-2023\/sesli-jsme-se-na-nadrazi\/"]}]},{"@type":"ImageObject","inLanguage":"cs","@id":"https:\/\/foto.praha-19.ys-beta.cz\/index.php\/rok-2023\/sesli-jsme-se-na-nadrazi\/#primaryimage","url":"https:\/\/foto.praha-19.ys-beta.cz\/app\/uploads\/2024\/02\/2023_09_19_Kbely_20.jpg","contentUrl":"https:\/\/foto.praha-19.ys-beta.cz\/app\/uploads\/2024\/02\/2023_09_19_Kbely_20.jpg","width":1920,"height":1078},{"@type":"BreadcrumbList","@id":"https:\/\/foto.praha-19.ys-beta.cz\/index.php\/rok-2023\/sesli-jsme-se-na-nadrazi\/#breadcrumb","itemListElement":[{"@type":"ListItem","position":1,"name":"Home","item":"https:\/\/foto.praha-19.ys-beta.cz\/"},{"@type":"ListItem","position":2,"name":"Rok 2023","item":"https:\/\/foto.praha-19.ys-beta.cz\/index.php\/rok-2023\/"},{"@type":"ListItem","position":3,"name":"Se\u0161li jsme se na n\u00e1dra\u017e\u00ed"}]},{"@type":"WebSite","@id":"https:\/\/foto.praha-19.ys-beta.cz\/#website","url":"https:\/\/foto.praha-19.ys-beta.cz\/","name":"Fotogalerie - Praha 19","description":"Fotogalerie m\u011bstsk\u00e9 \u010d\u00e1sti Praha 19","potentialAction":[{"@type":"SearchAction","target":{"@type":"EntryPoint","urlTemplate":"https:\/\/foto.praha-19.ys-beta.cz\/?s={search_term_string}"},"query-input":{"@type":"PropertyValueSpecification","valueRequired":true,"valueName":"search_term_string"}}],"inLanguage":"cs"}]}},"_links":{"self":[{"href":"https:\/\/foto.praha-19.ys-beta.cz\/index.php\/wp-json\/wp\/v2\/pages\/14404","targetHints":{"allow":["GET"]}}],"collection":[{"href":"https:\/\/foto.praha-19.ys-beta.cz\/index.php\/wp-json\/wp\/v2\/pages"}],"about":[{"href":"https:\/\/foto.praha-19.ys-beta.cz\/index.php\/wp-json\/wp\/v2\/types\/page"}],"author":[{"embeddable":true,"href":"https:\/\/foto.praha-19.ys-beta.cz\/index.php\/wp-json\/wp\/v2\/users\/7"}],"replies":[{"embeddable":true,"href":"https:\/\/foto.praha-19.ys-beta.cz\/index.php\/wp-json\/wp\/v2\/comments?post=14404"}],"version-history":[{"count":1,"href":"https:\/\/foto.praha-19.ys-beta.cz\/index.php\/wp-json\/wp\/v2\/pages\/14404\/revisions"}],"predecessor-version":[{"id":14405,"href":"https:\/\/foto.praha-19.ys-beta.cz\/index.php\/wp-json\/wp\/v2\/pages\/14404\/revisions\/14405"}],"up":[{"embeddable":true,"href":"https:\/\/foto.praha-19.ys-beta.cz\/index.php\/wp-json\/wp\/v2\/pages\/7798"}],"wp:featuredmedia":[{"embeddable":true,"href":"https:\/\/foto.praha-19.ys-beta.cz\/index.php\/wp-json\/wp\/v2\/media\/13703"}],"wp:attachment":[{"href":"https:\/\/foto.praha-19.ys-beta.cz\/index.php\/wp-json\/wp\/v2\/media?parent=14404"}],"curies":[{"name":"wp","href":"https:\/\/api.w.org\/{rel}","templated":true}]}}