{"id":14394,"date":"2023-09-04T17:52:00","date_gmt":"2023-09-04T15:52:00","guid":{"rendered":"https:\/\/foto.praha-19.ys-beta.cz\/?page_id=14394"},"modified":"2024-03-04T11:23:11","modified_gmt":"2024-03-04T09:23:11","slug":"zahajeni-skolniho-roku-2023-2024","status":"publish","type":"page","link":"https:\/\/foto.praha-19.ys-beta.cz\/index.php\/rok-2023\/zahajeni-skolniho-roku-2023-2024\/","title":{"rendered":"ZAH\u00c1JEN\u00cd \u0160KOLN\u00cdHO ROKU 2023\/2024"},"content":{"rendered":"\n<p>Dnes 4. z\u00e1\u0159\u00ed v <a href=\"https:\/\/www.facebook.com\/skola.kbely?__cft__[0]=AZU6SAf0d2cm8dCGBvQLL_mzZjOlKwBYArfDw9c-7xCGjX65orEC6WQ2HPdRn_D5QX8QTYQCwcQW2dkOVnBKsdqxs7iuyYGenpDq9PmVGbanHptNNR8V_8BL_GwRw5EGdBjeNkjgUzvmBoD-30kICkRfk6HUg_MMyr_V-AXOK-S01D2pSt7-frlWIAR2aBhmPrk&amp;__tn__=-]K-R\">Z\u0160 Kbely<\/a> m\u011bli prv\u0148\u00e1\u010dci prvn\u00ed vyu\u010dovac\u00ed hodinu, u kter\u00e9 byli ve t\u0159\u00edd\u00e1ch p\u0159\u00edtomni i jejich rodi\u010de. Do hodiny je p\u0159i\u0161la p\u0159iv\u00edtat pan\u00ed \u0159editelka \u0161koly Eva Kulichov\u00e1 a za radnici m\u00edstostarostov\u00e9 Ivana \u0160est\u00e1kov\u00e1 a Ing. Petr\u00e1\u0148 Radek. P\u0159ejeme \u00fasp\u011b\u0161n\u00fd \u0161koln\u00ed rok.<\/p>\n\n\n<div class='pinhole-gallery pinhole-masonry pinhole-popup items-hidden  clearfix row'><div class='pinhole-item col-xs-12 col-lg-4 col-md-4 col-sm-6  '><a class=\"item-link\" href=\"https:\/\/foto.praha-19.ys-beta.cz\/app\/uploads\/2024\/02\/544A9470.jpg\" data-caption=\"[]\" data-meta=\"[]\"  data-size=\"{&quot;width&quot;:1920,&quot;height&quot;:1280}\" data-download=\"[]\" data-filename=\"{&quot;name&quot;:&quot;&quot;}\"><img loading=\"lazy\" decoding=\"async\" width=\"378\" height=\"252\" src=\"https:\/\/foto.praha-19.ys-beta.cz\/app\/uploads\/2024\/02\/544A9470-378x252.jpg\" class=\"attachment-pinhole-col-3 size-pinhole-col-3\" alt=\"\" srcset=\"https:\/\/foto.praha-19.ys-beta.cz\/app\/uploads\/2024\/02\/544A9470-378x252.jpg 378w, https:\/\/foto.praha-19.ys-beta.cz\/app\/uploads\/2024\/02\/544A9470-300x200.jpg 300w, https:\/\/foto.praha-19.ys-beta.cz\/app\/uploads\/2024\/02\/544A9470-1024x683.jpg 1024w, https:\/\/foto.praha-19.ys-beta.cz\/app\/uploads\/2024\/02\/544A9470-768x512.jpg 768w, https:\/\/foto.praha-19.ys-beta.cz\/app\/uploads\/2024\/02\/544A9470-1536x1024.jpg 1536w, https:\/\/foto.praha-19.ys-beta.cz\/app\/uploads\/2024\/02\/544A9470-1194x796.jpg 1194w, https:\/\/foto.praha-19.ys-beta.cz\/app\/uploads\/2024\/02\/544A9470-582x388.jpg 582w, https:\/\/foto.praha-19.ys-beta.cz\/app\/uploads\/2024\/02\/544A9470-276x184.jpg 276w, https:\/\/foto.praha-19.ys-beta.cz\/app\/uploads\/2024\/02\/544A9470-675x450.jpg 675w, https:\/\/foto.praha-19.ys-beta.cz\/app\/uploads\/2024\/02\/544A9470.jpg 1920w\" sizes=\"auto, (max-width: 378px) 100vw, 378px\" \/><\/a><\/div><div class='pinhole-item col-xs-12 col-lg-4 col-md-4 col-sm-6  '><a class=\"item-link\" href=\"https:\/\/foto.praha-19.ys-beta.cz\/app\/uploads\/2024\/02\/544A9469.jpg\" data-caption=\"[]\" data-meta=\"[]\"  data-size=\"{&quot;width&quot;:1920,&quot;height&quot;:1280}\" data-download=\"[]\" data-filename=\"{&quot;name&quot;:&quot;&quot;}\"><img loading=\"lazy\" decoding=\"async\" width=\"378\" height=\"252\" src=\"https:\/\/foto.praha-19.ys-beta.cz\/app\/uploads\/2024\/02\/544A9469-378x252.jpg\" class=\"attachment-pinhole-col-3 size-pinhole-col-3\" alt=\"\" srcset=\"https:\/\/foto.praha-19.ys-beta.cz\/app\/uploads\/2024\/02\/544A9469-378x252.jpg 378w, https:\/\/foto.praha-19.ys-beta.cz\/app\/uploads\/2024\/02\/544A9469-300x200.jpg 300w, https:\/\/foto.praha-19.ys-beta.cz\/app\/uploads\/2024\/02\/544A9469-1024x683.jpg 1024w, https:\/\/foto.praha-19.ys-beta.cz\/app\/uploads\/2024\/02\/544A9469-768x512.jpg 768w, https:\/\/foto.praha-19.ys-beta.cz\/app\/uploads\/2024\/02\/544A9469-1536x1024.jpg 1536w, https:\/\/foto.praha-19.ys-beta.cz\/app\/uploads\/2024\/02\/544A9469-1194x796.jpg 1194w, https:\/\/foto.praha-19.ys-beta.cz\/app\/uploads\/2024\/02\/544A9469-582x388.jpg 582w, https:\/\/foto.praha-19.ys-beta.cz\/app\/uploads\/2024\/02\/544A9469-276x184.jpg 276w, https:\/\/foto.praha-19.ys-beta.cz\/app\/uploads\/2024\/02\/544A9469-675x450.jpg 675w, https:\/\/foto.praha-19.ys-beta.cz\/app\/uploads\/2024\/02\/544A9469.jpg 1920w\" sizes=\"auto, (max-width: 378px) 100vw, 378px\" \/><\/a><\/div><div class='pinhole-item col-xs-12 col-lg-4 col-md-4 col-sm-6  '><a class=\"item-link\" href=\"https:\/\/foto.praha-19.ys-beta.cz\/app\/uploads\/2024\/02\/544A9466.jpg\" data-caption=\"[]\" data-meta=\"[]\"  data-size=\"{&quot;width&quot;:1920,&quot;height&quot;:1280}\" data-download=\"[]\" data-filename=\"{&quot;name&quot;:&quot;&quot;}\"><img loading=\"lazy\" decoding=\"async\" width=\"378\" height=\"252\" src=\"https:\/\/foto.praha-19.ys-beta.cz\/app\/uploads\/2024\/02\/544A9466-378x252.jpg\" class=\"attachment-pinhole-col-3 size-pinhole-col-3\" alt=\"\" srcset=\"https:\/\/foto.praha-19.ys-beta.cz\/app\/uploads\/2024\/02\/544A9466-378x252.jpg 378w, https:\/\/foto.praha-19.ys-beta.cz\/app\/uploads\/2024\/02\/544A9466-300x200.jpg 300w, https:\/\/foto.praha-19.ys-beta.cz\/app\/uploads\/2024\/02\/544A9466-1024x683.jpg 1024w, https:\/\/foto.praha-19.ys-beta.cz\/app\/uploads\/2024\/02\/544A9466-768x512.jpg 768w, https:\/\/foto.praha-19.ys-beta.cz\/app\/uploads\/2024\/02\/544A9466-1536x1024.jpg 1536w, https:\/\/foto.praha-19.ys-beta.cz\/app\/uploads\/2024\/02\/544A9466-1194x796.jpg 1194w, https:\/\/foto.praha-19.ys-beta.cz\/app\/uploads\/2024\/02\/544A9466-582x388.jpg 582w, https:\/\/foto.praha-19.ys-beta.cz\/app\/uploads\/2024\/02\/544A9466-276x184.jpg 276w, https:\/\/foto.praha-19.ys-beta.cz\/app\/uploads\/2024\/02\/544A9466-675x450.jpg 675w, https:\/\/foto.praha-19.ys-beta.cz\/app\/uploads\/2024\/02\/544A9466.jpg 1920w\" sizes=\"auto, (max-width: 378px) 100vw, 378px\" \/><\/a><\/div><div class='pinhole-item col-xs-12 col-lg-4 col-md-4 col-sm-6  '><a class=\"item-link\" href=\"https:\/\/foto.praha-19.ys-beta.cz\/app\/uploads\/2024\/02\/544A9462.jpg\" data-caption=\"[]\" data-meta=\"[]\"  data-size=\"{&quot;width&quot;:1920,&quot;height&quot;:1280}\" data-download=\"[]\" data-filename=\"{&quot;name&quot;:&quot;&quot;}\"><img loading=\"lazy\" decoding=\"async\" width=\"378\" height=\"252\" src=\"https:\/\/foto.praha-19.ys-beta.cz\/app\/uploads\/2024\/02\/544A9462-378x252.jpg\" class=\"attachment-pinhole-col-3 size-pinhole-col-3\" alt=\"\" srcset=\"https:\/\/foto.praha-19.ys-beta.cz\/app\/uploads\/2024\/02\/544A9462-378x252.jpg 378w, https:\/\/foto.praha-19.ys-beta.cz\/app\/uploads\/2024\/02\/544A9462-300x200.jpg 300w, https:\/\/foto.praha-19.ys-beta.cz\/app\/uploads\/2024\/02\/544A9462-1024x683.jpg 1024w, https:\/\/foto.praha-19.ys-beta.cz\/app\/uploads\/2024\/02\/544A9462-768x512.jpg 768w, https:\/\/foto.praha-19.ys-beta.cz\/app\/uploads\/2024\/02\/544A9462-1536x1024.jpg 1536w, https:\/\/foto.praha-19.ys-beta.cz\/app\/uploads\/2024\/02\/544A9462-1194x796.jpg 1194w, https:\/\/foto.praha-19.ys-beta.cz\/app\/uploads\/2024\/02\/544A9462-582x388.jpg 582w, https:\/\/foto.praha-19.ys-beta.cz\/app\/uploads\/2024\/02\/544A9462-276x184.jpg 276w, https:\/\/foto.praha-19.ys-beta.cz\/app\/uploads\/2024\/02\/544A9462-675x450.jpg 675w, https:\/\/foto.praha-19.ys-beta.cz\/app\/uploads\/2024\/02\/544A9462.jpg 1920w\" sizes=\"auto, (max-width: 378px) 100vw, 378px\" \/><\/a><\/div><div class='pinhole-item col-xs-12 col-lg-4 col-md-4 col-sm-6  '><a class=\"item-link\" href=\"https:\/\/foto.praha-19.ys-beta.cz\/app\/uploads\/2024\/02\/544A9459.jpg\" data-caption=\"[]\" data-meta=\"[]\"  data-size=\"{&quot;width&quot;:1920,&quot;height&quot;:1280}\" data-download=\"[]\" data-filename=\"{&quot;name&quot;:&quot;&quot;}\"><img loading=\"lazy\" decoding=\"async\" width=\"378\" height=\"252\" src=\"https:\/\/foto.praha-19.ys-beta.cz\/app\/uploads\/2024\/02\/544A9459-378x252.jpg\" class=\"attachment-pinhole-col-3 size-pinhole-col-3\" alt=\"\" srcset=\"https:\/\/foto.praha-19.ys-beta.cz\/app\/uploads\/2024\/02\/544A9459-378x252.jpg 378w, https:\/\/foto.praha-19.ys-beta.cz\/app\/uploads\/2024\/02\/544A9459-300x200.jpg 300w, https:\/\/foto.praha-19.ys-beta.cz\/app\/uploads\/2024\/02\/544A9459-1024x683.jpg 1024w, https:\/\/foto.praha-19.ys-beta.cz\/app\/uploads\/2024\/02\/544A9459-768x512.jpg 768w, https:\/\/foto.praha-19.ys-beta.cz\/app\/uploads\/2024\/02\/544A9459-1536x1024.jpg 1536w, https:\/\/foto.praha-19.ys-beta.cz\/app\/uploads\/2024\/02\/544A9459-1194x796.jpg 1194w, https:\/\/foto.praha-19.ys-beta.cz\/app\/uploads\/2024\/02\/544A9459-582x388.jpg 582w, https:\/\/foto.praha-19.ys-beta.cz\/app\/uploads\/2024\/02\/544A9459-276x184.jpg 276w, https:\/\/foto.praha-19.ys-beta.cz\/app\/uploads\/2024\/02\/544A9459-675x450.jpg 675w, https:\/\/foto.praha-19.ys-beta.cz\/app\/uploads\/2024\/02\/544A9459.jpg 1920w\" sizes=\"auto, (max-width: 378px) 100vw, 378px\" \/><\/a><\/div><div class='pinhole-item col-xs-12 col-lg-4 col-md-4 col-sm-6  '><a class=\"item-link\" href=\"https:\/\/foto.praha-19.ys-beta.cz\/app\/uploads\/2024\/02\/544A9458.jpg\" data-caption=\"[]\" data-meta=\"[]\"  data-size=\"{&quot;width&quot;:1920,&quot;height&quot;:1280}\" data-download=\"[]\" data-filename=\"{&quot;name&quot;:&quot;&quot;}\"><img loading=\"lazy\" decoding=\"async\" width=\"378\" height=\"252\" src=\"https:\/\/foto.praha-19.ys-beta.cz\/app\/uploads\/2024\/02\/544A9458-378x252.jpg\" class=\"attachment-pinhole-col-3 size-pinhole-col-3\" alt=\"\" srcset=\"https:\/\/foto.praha-19.ys-beta.cz\/app\/uploads\/2024\/02\/544A9458-378x252.jpg 378w, https:\/\/foto.praha-19.ys-beta.cz\/app\/uploads\/2024\/02\/544A9458-300x200.jpg 300w, https:\/\/foto.praha-19.ys-beta.cz\/app\/uploads\/2024\/02\/544A9458-1024x683.jpg 1024w, https:\/\/foto.praha-19.ys-beta.cz\/app\/uploads\/2024\/02\/544A9458-768x512.jpg 768w, https:\/\/foto.praha-19.ys-beta.cz\/app\/uploads\/2024\/02\/544A9458-1536x1024.jpg 1536w, https:\/\/foto.praha-19.ys-beta.cz\/app\/uploads\/2024\/02\/544A9458-1194x796.jpg 1194w, https:\/\/foto.praha-19.ys-beta.cz\/app\/uploads\/2024\/02\/544A9458-582x388.jpg 582w, https:\/\/foto.praha-19.ys-beta.cz\/app\/uploads\/2024\/02\/544A9458-276x184.jpg 276w, https:\/\/foto.praha-19.ys-beta.cz\/app\/uploads\/2024\/02\/544A9458-675x450.jpg 675w, https:\/\/foto.praha-19.ys-beta.cz\/app\/uploads\/2024\/02\/544A9458.jpg 1920w\" sizes=\"auto, (max-width: 378px) 100vw, 378px\" \/><\/a><\/div><div class='pinhole-item col-xs-12 col-lg-4 col-md-4 col-sm-6  '><a class=\"item-link\" href=\"https:\/\/foto.praha-19.ys-beta.cz\/app\/uploads\/2024\/02\/544A9452.jpg\" data-caption=\"[]\" data-meta=\"[]\"  data-size=\"{&quot;width&quot;:1920,&quot;height&quot;:1280}\" data-download=\"[]\" data-filename=\"{&quot;name&quot;:&quot;&quot;}\"><img loading=\"lazy\" decoding=\"async\" width=\"378\" height=\"252\" src=\"https:\/\/foto.praha-19.ys-beta.cz\/app\/uploads\/2024\/02\/544A9452-378x252.jpg\" class=\"attachment-pinhole-col-3 size-pinhole-col-3\" alt=\"\" srcset=\"https:\/\/foto.praha-19.ys-beta.cz\/app\/uploads\/2024\/02\/544A9452-378x252.jpg 378w, https:\/\/foto.praha-19.ys-beta.cz\/app\/uploads\/2024\/02\/544A9452-300x200.jpg 300w, https:\/\/foto.praha-19.ys-beta.cz\/app\/uploads\/2024\/02\/544A9452-1024x683.jpg 1024w, https:\/\/foto.praha-19.ys-beta.cz\/app\/uploads\/2024\/02\/544A9452-768x512.jpg 768w, https:\/\/foto.praha-19.ys-beta.cz\/app\/uploads\/2024\/02\/544A9452-1536x1024.jpg 1536w, https:\/\/foto.praha-19.ys-beta.cz\/app\/uploads\/2024\/02\/544A9452-1194x796.jpg 1194w, https:\/\/foto.praha-19.ys-beta.cz\/app\/uploads\/2024\/02\/544A9452-582x388.jpg 582w, https:\/\/foto.praha-19.ys-beta.cz\/app\/uploads\/2024\/02\/544A9452-276x184.jpg 276w, https:\/\/foto.praha-19.ys-beta.cz\/app\/uploads\/2024\/02\/544A9452-675x450.jpg 675w, https:\/\/foto.praha-19.ys-beta.cz\/app\/uploads\/2024\/02\/544A9452.jpg 1920w\" sizes=\"auto, (max-width: 378px) 100vw, 378px\" \/><\/a><\/div><div class='pinhole-item col-xs-12 col-lg-4 col-md-4 col-sm-6  '><a class=\"item-link\" href=\"https:\/\/foto.praha-19.ys-beta.cz\/app\/uploads\/2024\/02\/544A9451.jpg\" data-caption=\"[]\" data-meta=\"[]\"  data-size=\"{&quot;width&quot;:1920,&quot;height&quot;:1280}\" data-download=\"[]\" data-filename=\"{&quot;name&quot;:&quot;&quot;}\"><img loading=\"lazy\" decoding=\"async\" width=\"378\" height=\"252\" src=\"https:\/\/foto.praha-19.ys-beta.cz\/app\/uploads\/2024\/02\/544A9451-378x252.jpg\" class=\"attachment-pinhole-col-3 size-pinhole-col-3\" alt=\"\" srcset=\"https:\/\/foto.praha-19.ys-beta.cz\/app\/uploads\/2024\/02\/544A9451-378x252.jpg 378w, https:\/\/foto.praha-19.ys-beta.cz\/app\/uploads\/2024\/02\/544A9451-300x200.jpg 300w, https:\/\/foto.praha-19.ys-beta.cz\/app\/uploads\/2024\/02\/544A9451-1024x683.jpg 1024w, https:\/\/foto.praha-19.ys-beta.cz\/app\/uploads\/2024\/02\/544A9451-768x512.jpg 768w, https:\/\/foto.praha-19.ys-beta.cz\/app\/uploads\/2024\/02\/544A9451-1536x1024.jpg 1536w, https:\/\/foto.praha-19.ys-beta.cz\/app\/uploads\/2024\/02\/544A9451-1194x796.jpg 1194w, https:\/\/foto.praha-19.ys-beta.cz\/app\/uploads\/2024\/02\/544A9451-582x388.jpg 582w, https:\/\/foto.praha-19.ys-beta.cz\/app\/uploads\/2024\/02\/544A9451-276x184.jpg 276w, https:\/\/foto.praha-19.ys-beta.cz\/app\/uploads\/2024\/02\/544A9451-675x450.jpg 675w, https:\/\/foto.praha-19.ys-beta.cz\/app\/uploads\/2024\/02\/544A9451.jpg 1920w\" sizes=\"auto, (max-width: 378px) 100vw, 378px\" \/><\/a><\/div><div class='pinhole-item col-xs-12 col-lg-4 col-md-4 col-sm-6  '><a class=\"item-link\" href=\"https:\/\/foto.praha-19.ys-beta.cz\/app\/uploads\/2024\/02\/544A9447.jpg\" data-caption=\"[]\" data-meta=\"[]\"  data-size=\"{&quot;width&quot;:1920,&quot;height&quot;:1280}\" data-download=\"[]\" data-filename=\"{&quot;name&quot;:&quot;&quot;}\"><img loading=\"lazy\" decoding=\"async\" width=\"378\" height=\"252\" src=\"https:\/\/foto.praha-19.ys-beta.cz\/app\/uploads\/2024\/02\/544A9447-378x252.jpg\" class=\"attachment-pinhole-col-3 size-pinhole-col-3\" alt=\"\" srcset=\"https:\/\/foto.praha-19.ys-beta.cz\/app\/uploads\/2024\/02\/544A9447-378x252.jpg 378w, https:\/\/foto.praha-19.ys-beta.cz\/app\/uploads\/2024\/02\/544A9447-300x200.jpg 300w, https:\/\/foto.praha-19.ys-beta.cz\/app\/uploads\/2024\/02\/544A9447-1024x683.jpg 1024w, https:\/\/foto.praha-19.ys-beta.cz\/app\/uploads\/2024\/02\/544A9447-768x512.jpg 768w, https:\/\/foto.praha-19.ys-beta.cz\/app\/uploads\/2024\/02\/544A9447-1536x1024.jpg 1536w, https:\/\/foto.praha-19.ys-beta.cz\/app\/uploads\/2024\/02\/544A9447-1194x796.jpg 1194w, https:\/\/foto.praha-19.ys-beta.cz\/app\/uploads\/2024\/02\/544A9447-582x388.jpg 582w, https:\/\/foto.praha-19.ys-beta.cz\/app\/uploads\/2024\/02\/544A9447-276x184.jpg 276w, https:\/\/foto.praha-19.ys-beta.cz\/app\/uploads\/2024\/02\/544A9447-675x450.jpg 675w, https:\/\/foto.praha-19.ys-beta.cz\/app\/uploads\/2024\/02\/544A9447.jpg 1920w\" sizes=\"auto, (max-width: 378px) 100vw, 378px\" \/><\/a><\/div><div class='pinhole-item col-xs-12 col-lg-4 col-md-4 col-sm-6  '><a class=\"item-link\" href=\"https:\/\/foto.praha-19.ys-beta.cz\/app\/uploads\/2024\/02\/544A9445.jpg\" data-caption=\"[]\" data-meta=\"[]\"  data-size=\"{&quot;width&quot;:1920,&quot;height&quot;:1280}\" data-download=\"[]\" data-filename=\"{&quot;name&quot;:&quot;&quot;}\"><img loading=\"lazy\" decoding=\"async\" width=\"378\" height=\"252\" src=\"https:\/\/foto.praha-19.ys-beta.cz\/app\/uploads\/2024\/02\/544A9445-378x252.jpg\" class=\"attachment-pinhole-col-3 size-pinhole-col-3\" alt=\"\" srcset=\"https:\/\/foto.praha-19.ys-beta.cz\/app\/uploads\/2024\/02\/544A9445-378x252.jpg 378w, https:\/\/foto.praha-19.ys-beta.cz\/app\/uploads\/2024\/02\/544A9445-300x200.jpg 300w, https:\/\/foto.praha-19.ys-beta.cz\/app\/uploads\/2024\/02\/544A9445-1024x683.jpg 1024w, https:\/\/foto.praha-19.ys-beta.cz\/app\/uploads\/2024\/02\/544A9445-768x512.jpg 768w, https:\/\/foto.praha-19.ys-beta.cz\/app\/uploads\/2024\/02\/544A9445-1536x1024.jpg 1536w, https:\/\/foto.praha-19.ys-beta.cz\/app\/uploads\/2024\/02\/544A9445-1194x796.jpg 1194w, https:\/\/foto.praha-19.ys-beta.cz\/app\/uploads\/2024\/02\/544A9445-582x388.jpg 582w, https:\/\/foto.praha-19.ys-beta.cz\/app\/uploads\/2024\/02\/544A9445-276x184.jpg 276w, https:\/\/foto.praha-19.ys-beta.cz\/app\/uploads\/2024\/02\/544A9445-675x450.jpg 675w, https:\/\/foto.praha-19.ys-beta.cz\/app\/uploads\/2024\/02\/544A9445.jpg 1920w\" sizes=\"auto, (max-width: 378px) 100vw, 378px\" \/><\/a><\/div><div class='pinhole-item col-xs-12 col-lg-4 col-md-4 col-sm-6  '><a class=\"item-link\" href=\"https:\/\/foto.praha-19.ys-beta.cz\/app\/uploads\/2024\/02\/544A9444.jpg\" data-caption=\"[]\" data-meta=\"[]\"  data-size=\"{&quot;width&quot;:1920,&quot;height&quot;:1280}\" data-download=\"[]\" data-filename=\"{&quot;name&quot;:&quot;&quot;}\"><img loading=\"lazy\" decoding=\"async\" width=\"378\" height=\"252\" src=\"https:\/\/foto.praha-19.ys-beta.cz\/app\/uploads\/2024\/02\/544A9444-378x252.jpg\" class=\"attachment-pinhole-col-3 size-pinhole-col-3\" alt=\"\" srcset=\"https:\/\/foto.praha-19.ys-beta.cz\/app\/uploads\/2024\/02\/544A9444-378x252.jpg 378w, https:\/\/foto.praha-19.ys-beta.cz\/app\/uploads\/2024\/02\/544A9444-300x200.jpg 300w, https:\/\/foto.praha-19.ys-beta.cz\/app\/uploads\/2024\/02\/544A9444-1024x683.jpg 1024w, https:\/\/foto.praha-19.ys-beta.cz\/app\/uploads\/2024\/02\/544A9444-768x512.jpg 768w, https:\/\/foto.praha-19.ys-beta.cz\/app\/uploads\/2024\/02\/544A9444-1536x1024.jpg 1536w, https:\/\/foto.praha-19.ys-beta.cz\/app\/uploads\/2024\/02\/544A9444-1194x796.jpg 1194w, https:\/\/foto.praha-19.ys-beta.cz\/app\/uploads\/2024\/02\/544A9444-582x388.jpg 582w, https:\/\/foto.praha-19.ys-beta.cz\/app\/uploads\/2024\/02\/544A9444-276x184.jpg 276w, https:\/\/foto.praha-19.ys-beta.cz\/app\/uploads\/2024\/02\/544A9444-675x450.jpg 675w, https:\/\/foto.praha-19.ys-beta.cz\/app\/uploads\/2024\/02\/544A9444.jpg 1920w\" sizes=\"auto, (max-width: 378px) 100vw, 378px\" \/><\/a><\/div><div class='pinhole-item col-xs-12 col-lg-4 col-md-4 col-sm-6  '><a class=\"item-link\" href=\"https:\/\/foto.praha-19.ys-beta.cz\/app\/uploads\/2024\/02\/544A9442.jpg\" data-caption=\"[]\" data-meta=\"[]\"  data-size=\"{&quot;width&quot;:1920,&quot;height&quot;:1280}\" data-download=\"[]\" data-filename=\"{&quot;name&quot;:&quot;&quot;}\"><img loading=\"lazy\" decoding=\"async\" width=\"378\" height=\"252\" src=\"https:\/\/foto.praha-19.ys-beta.cz\/app\/uploads\/2024\/02\/544A9442-378x252.jpg\" class=\"attachment-pinhole-col-3 size-pinhole-col-3\" alt=\"\" srcset=\"https:\/\/foto.praha-19.ys-beta.cz\/app\/uploads\/2024\/02\/544A9442-378x252.jpg 378w, https:\/\/foto.praha-19.ys-beta.cz\/app\/uploads\/2024\/02\/544A9442-300x200.jpg 300w, https:\/\/foto.praha-19.ys-beta.cz\/app\/uploads\/2024\/02\/544A9442-1024x683.jpg 1024w, https:\/\/foto.praha-19.ys-beta.cz\/app\/uploads\/2024\/02\/544A9442-768x512.jpg 768w, https:\/\/foto.praha-19.ys-beta.cz\/app\/uploads\/2024\/02\/544A9442-1536x1024.jpg 1536w, https:\/\/foto.praha-19.ys-beta.cz\/app\/uploads\/2024\/02\/544A9442-1194x796.jpg 1194w, https:\/\/foto.praha-19.ys-beta.cz\/app\/uploads\/2024\/02\/544A9442-582x388.jpg 582w, https:\/\/foto.praha-19.ys-beta.cz\/app\/uploads\/2024\/02\/544A9442-276x184.jpg 276w, https:\/\/foto.praha-19.ys-beta.cz\/app\/uploads\/2024\/02\/544A9442-675x450.jpg 675w, https:\/\/foto.praha-19.ys-beta.cz\/app\/uploads\/2024\/02\/544A9442.jpg 1920w\" sizes=\"auto, (max-width: 378px) 100vw, 378px\" \/><\/a><\/div><div class='pinhole-item col-xs-12 col-lg-4 col-md-4 col-sm-6  '><a class=\"item-link\" href=\"https:\/\/foto.praha-19.ys-beta.cz\/app\/uploads\/2024\/02\/544A9438.jpg\" data-caption=\"[]\" data-meta=\"[]\"  data-size=\"{&quot;width&quot;:1920,&quot;height&quot;:1280}\" data-download=\"[]\" data-filename=\"{&quot;name&quot;:&quot;&quot;}\"><img loading=\"lazy\" decoding=\"async\" width=\"378\" height=\"252\" src=\"https:\/\/foto.praha-19.ys-beta.cz\/app\/uploads\/2024\/02\/544A9438-378x252.jpg\" class=\"attachment-pinhole-col-3 size-pinhole-col-3\" alt=\"\" srcset=\"https:\/\/foto.praha-19.ys-beta.cz\/app\/uploads\/2024\/02\/544A9438-378x252.jpg 378w, https:\/\/foto.praha-19.ys-beta.cz\/app\/uploads\/2024\/02\/544A9438-300x200.jpg 300w, https:\/\/foto.praha-19.ys-beta.cz\/app\/uploads\/2024\/02\/544A9438-1024x683.jpg 1024w, https:\/\/foto.praha-19.ys-beta.cz\/app\/uploads\/2024\/02\/544A9438-768x512.jpg 768w, https:\/\/foto.praha-19.ys-beta.cz\/app\/uploads\/2024\/02\/544A9438-1536x1024.jpg 1536w, https:\/\/foto.praha-19.ys-beta.cz\/app\/uploads\/2024\/02\/544A9438-1194x796.jpg 1194w, https:\/\/foto.praha-19.ys-beta.cz\/app\/uploads\/2024\/02\/544A9438-582x388.jpg 582w, https:\/\/foto.praha-19.ys-beta.cz\/app\/uploads\/2024\/02\/544A9438-276x184.jpg 276w, https:\/\/foto.praha-19.ys-beta.cz\/app\/uploads\/2024\/02\/544A9438-675x450.jpg 675w, https:\/\/foto.praha-19.ys-beta.cz\/app\/uploads\/2024\/02\/544A9438.jpg 1920w\" sizes=\"auto, (max-width: 378px) 100vw, 378px\" \/><\/a><\/div><div class='pinhole-item col-xs-12 col-lg-4 col-md-4 col-sm-6  '><a class=\"item-link\" href=\"https:\/\/foto.praha-19.ys-beta.cz\/app\/uploads\/2024\/02\/544A9435.jpg\" data-caption=\"[]\" data-meta=\"[]\"  data-size=\"{&quot;width&quot;:1920,&quot;height&quot;:1280}\" data-download=\"[]\" data-filename=\"{&quot;name&quot;:&quot;&quot;}\"><img loading=\"lazy\" decoding=\"async\" width=\"378\" height=\"252\" src=\"https:\/\/foto.praha-19.ys-beta.cz\/app\/uploads\/2024\/02\/544A9435-378x252.jpg\" class=\"attachment-pinhole-col-3 size-pinhole-col-3\" alt=\"\" srcset=\"https:\/\/foto.praha-19.ys-beta.cz\/app\/uploads\/2024\/02\/544A9435-378x252.jpg 378w, https:\/\/foto.praha-19.ys-beta.cz\/app\/uploads\/2024\/02\/544A9435-300x200.jpg 300w, https:\/\/foto.praha-19.ys-beta.cz\/app\/uploads\/2024\/02\/544A9435-1024x683.jpg 1024w, https:\/\/foto.praha-19.ys-beta.cz\/app\/uploads\/2024\/02\/544A9435-768x512.jpg 768w, https:\/\/foto.praha-19.ys-beta.cz\/app\/uploads\/2024\/02\/544A9435-1536x1024.jpg 1536w, https:\/\/foto.praha-19.ys-beta.cz\/app\/uploads\/2024\/02\/544A9435-1194x796.jpg 1194w, https:\/\/foto.praha-19.ys-beta.cz\/app\/uploads\/2024\/02\/544A9435-582x388.jpg 582w, https:\/\/foto.praha-19.ys-beta.cz\/app\/uploads\/2024\/02\/544A9435-276x184.jpg 276w, https:\/\/foto.praha-19.ys-beta.cz\/app\/uploads\/2024\/02\/544A9435-675x450.jpg 675w, https:\/\/foto.praha-19.ys-beta.cz\/app\/uploads\/2024\/02\/544A9435.jpg 1920w\" sizes=\"auto, (max-width: 378px) 100vw, 378px\" \/><\/a><\/div><div class='pinhole-item col-xs-12 col-lg-4 col-md-4 col-sm-6  '><a class=\"item-link\" href=\"https:\/\/foto.praha-19.ys-beta.cz\/app\/uploads\/2024\/02\/544A9431.jpg\" data-caption=\"[]\" data-meta=\"[]\"  data-size=\"{&quot;width&quot;:1920,&quot;height&quot;:1280}\" data-download=\"[]\" data-filename=\"{&quot;name&quot;:&quot;&quot;}\"><img loading=\"lazy\" decoding=\"async\" width=\"378\" height=\"252\" src=\"https:\/\/foto.praha-19.ys-beta.cz\/app\/uploads\/2024\/02\/544A9431-378x252.jpg\" class=\"attachment-pinhole-col-3 size-pinhole-col-3\" alt=\"\" srcset=\"https:\/\/foto.praha-19.ys-beta.cz\/app\/uploads\/2024\/02\/544A9431-378x252.jpg 378w, https:\/\/foto.praha-19.ys-beta.cz\/app\/uploads\/2024\/02\/544A9431-300x200.jpg 300w, https:\/\/foto.praha-19.ys-beta.cz\/app\/uploads\/2024\/02\/544A9431-1024x683.jpg 1024w, https:\/\/foto.praha-19.ys-beta.cz\/app\/uploads\/2024\/02\/544A9431-768x512.jpg 768w, https:\/\/foto.praha-19.ys-beta.cz\/app\/uploads\/2024\/02\/544A9431-1536x1024.jpg 1536w, https:\/\/foto.praha-19.ys-beta.cz\/app\/uploads\/2024\/02\/544A9431-1194x796.jpg 1194w, https:\/\/foto.praha-19.ys-beta.cz\/app\/uploads\/2024\/02\/544A9431-582x388.jpg 582w, https:\/\/foto.praha-19.ys-beta.cz\/app\/uploads\/2024\/02\/544A9431-276x184.jpg 276w, https:\/\/foto.praha-19.ys-beta.cz\/app\/uploads\/2024\/02\/544A9431-675x450.jpg 675w, https:\/\/foto.praha-19.ys-beta.cz\/app\/uploads\/2024\/02\/544A9431.jpg 1920w\" sizes=\"auto, (max-width: 378px) 100vw, 378px\" \/><\/a><\/div><div class='pinhole-item col-xs-12 col-lg-4 col-md-4 col-sm-6  '><a class=\"item-link\" href=\"https:\/\/foto.praha-19.ys-beta.cz\/app\/uploads\/2024\/02\/544A9430.jpg\" data-caption=\"[]\" data-meta=\"[]\"  data-size=\"{&quot;width&quot;:1920,&quot;height&quot;:1280}\" data-download=\"[]\" data-filename=\"{&quot;name&quot;:&quot;&quot;}\"><img loading=\"lazy\" decoding=\"async\" width=\"378\" height=\"252\" src=\"https:\/\/foto.praha-19.ys-beta.cz\/app\/uploads\/2024\/02\/544A9430-378x252.jpg\" class=\"attachment-pinhole-col-3 size-pinhole-col-3\" alt=\"\" srcset=\"https:\/\/foto.praha-19.ys-beta.cz\/app\/uploads\/2024\/02\/544A9430-378x252.jpg 378w, https:\/\/foto.praha-19.ys-beta.cz\/app\/uploads\/2024\/02\/544A9430-300x200.jpg 300w, https:\/\/foto.praha-19.ys-beta.cz\/app\/uploads\/2024\/02\/544A9430-1024x683.jpg 1024w, https:\/\/foto.praha-19.ys-beta.cz\/app\/uploads\/2024\/02\/544A9430-768x512.jpg 768w, https:\/\/foto.praha-19.ys-beta.cz\/app\/uploads\/2024\/02\/544A9430-1536x1024.jpg 1536w, https:\/\/foto.praha-19.ys-beta.cz\/app\/uploads\/2024\/02\/544A9430-1194x796.jpg 1194w, https:\/\/foto.praha-19.ys-beta.cz\/app\/uploads\/2024\/02\/544A9430-582x388.jpg 582w, https:\/\/foto.praha-19.ys-beta.cz\/app\/uploads\/2024\/02\/544A9430-276x184.jpg 276w, https:\/\/foto.praha-19.ys-beta.cz\/app\/uploads\/2024\/02\/544A9430-675x450.jpg 675w, https:\/\/foto.praha-19.ys-beta.cz\/app\/uploads\/2024\/02\/544A9430.jpg 1920w\" sizes=\"auto, (max-width: 378px) 100vw, 378px\" \/><\/a><\/div><div class='pinhole-item col-xs-12 col-lg-4 col-md-4 col-sm-6  '><a class=\"item-link\" href=\"https:\/\/foto.praha-19.ys-beta.cz\/app\/uploads\/2024\/02\/544A9427.jpg\" data-caption=\"[]\" data-meta=\"[]\"  data-size=\"{&quot;width&quot;:1920,&quot;height&quot;:1280}\" data-download=\"[]\" data-filename=\"{&quot;name&quot;:&quot;&quot;}\"><img loading=\"lazy\" decoding=\"async\" width=\"378\" height=\"252\" src=\"https:\/\/foto.praha-19.ys-beta.cz\/app\/uploads\/2024\/02\/544A9427-378x252.jpg\" class=\"attachment-pinhole-col-3 size-pinhole-col-3\" alt=\"\" srcset=\"https:\/\/foto.praha-19.ys-beta.cz\/app\/uploads\/2024\/02\/544A9427-378x252.jpg 378w, https:\/\/foto.praha-19.ys-beta.cz\/app\/uploads\/2024\/02\/544A9427-300x200.jpg 300w, https:\/\/foto.praha-19.ys-beta.cz\/app\/uploads\/2024\/02\/544A9427-1024x683.jpg 1024w, https:\/\/foto.praha-19.ys-beta.cz\/app\/uploads\/2024\/02\/544A9427-768x512.jpg 768w, https:\/\/foto.praha-19.ys-beta.cz\/app\/uploads\/2024\/02\/544A9427-1536x1024.jpg 1536w, https:\/\/foto.praha-19.ys-beta.cz\/app\/uploads\/2024\/02\/544A9427-1194x796.jpg 1194w, https:\/\/foto.praha-19.ys-beta.cz\/app\/uploads\/2024\/02\/544A9427-582x388.jpg 582w, https:\/\/foto.praha-19.ys-beta.cz\/app\/uploads\/2024\/02\/544A9427-276x184.jpg 276w, https:\/\/foto.praha-19.ys-beta.cz\/app\/uploads\/2024\/02\/544A9427-675x450.jpg 675w, https:\/\/foto.praha-19.ys-beta.cz\/app\/uploads\/2024\/02\/544A9427.jpg 1920w\" sizes=\"auto, (max-width: 378px) 100vw, 378px\" \/><\/a><\/div><div class='pinhole-item col-xs-12 col-lg-4 col-md-4 col-sm-6  '><a class=\"item-link\" href=\"https:\/\/foto.praha-19.ys-beta.cz\/app\/uploads\/2024\/02\/544A9426.jpg\" data-caption=\"[]\" data-meta=\"[]\"  data-size=\"{&quot;width&quot;:1920,&quot;height&quot;:1280}\" data-download=\"[]\" data-filename=\"{&quot;name&quot;:&quot;&quot;}\"><img loading=\"lazy\" decoding=\"async\" width=\"378\" height=\"252\" src=\"https:\/\/foto.praha-19.ys-beta.cz\/app\/uploads\/2024\/02\/544A9426-378x252.jpg\" class=\"attachment-pinhole-col-3 size-pinhole-col-3\" alt=\"\" srcset=\"https:\/\/foto.praha-19.ys-beta.cz\/app\/uploads\/2024\/02\/544A9426-378x252.jpg 378w, https:\/\/foto.praha-19.ys-beta.cz\/app\/uploads\/2024\/02\/544A9426-300x200.jpg 300w, https:\/\/foto.praha-19.ys-beta.cz\/app\/uploads\/2024\/02\/544A9426-1024x683.jpg 1024w, https:\/\/foto.praha-19.ys-beta.cz\/app\/uploads\/2024\/02\/544A9426-768x512.jpg 768w, https:\/\/foto.praha-19.ys-beta.cz\/app\/uploads\/2024\/02\/544A9426-1536x1024.jpg 1536w, https:\/\/foto.praha-19.ys-beta.cz\/app\/uploads\/2024\/02\/544A9426-1194x796.jpg 1194w, https:\/\/foto.praha-19.ys-beta.cz\/app\/uploads\/2024\/02\/544A9426-582x388.jpg 582w, https:\/\/foto.praha-19.ys-beta.cz\/app\/uploads\/2024\/02\/544A9426-276x184.jpg 276w, https:\/\/foto.praha-19.ys-beta.cz\/app\/uploads\/2024\/02\/544A9426-675x450.jpg 675w, https:\/\/foto.praha-19.ys-beta.cz\/app\/uploads\/2024\/02\/544A9426.jpg 1920w\" sizes=\"auto, (max-width: 378px) 100vw, 378px\" \/><\/a><\/div><div class='pinhole-item col-xs-12 col-lg-4 col-md-4 col-sm-6  '><a class=\"item-link\" href=\"https:\/\/foto.praha-19.ys-beta.cz\/app\/uploads\/2024\/02\/544A9424.jpg\" data-caption=\"[]\" data-meta=\"[]\"  data-size=\"{&quot;width&quot;:1920,&quot;height&quot;:1280}\" data-download=\"[]\" data-filename=\"{&quot;name&quot;:&quot;&quot;}\"><img loading=\"lazy\" decoding=\"async\" width=\"378\" height=\"252\" src=\"https:\/\/foto.praha-19.ys-beta.cz\/app\/uploads\/2024\/02\/544A9424-378x252.jpg\" class=\"attachment-pinhole-col-3 size-pinhole-col-3\" alt=\"\" srcset=\"https:\/\/foto.praha-19.ys-beta.cz\/app\/uploads\/2024\/02\/544A9424-378x252.jpg 378w, https:\/\/foto.praha-19.ys-beta.cz\/app\/uploads\/2024\/02\/544A9424-300x200.jpg 300w, https:\/\/foto.praha-19.ys-beta.cz\/app\/uploads\/2024\/02\/544A9424-1024x683.jpg 1024w, https:\/\/foto.praha-19.ys-beta.cz\/app\/uploads\/2024\/02\/544A9424-768x512.jpg 768w, https:\/\/foto.praha-19.ys-beta.cz\/app\/uploads\/2024\/02\/544A9424-1536x1024.jpg 1536w, https:\/\/foto.praha-19.ys-beta.cz\/app\/uploads\/2024\/02\/544A9424-1194x796.jpg 1194w, https:\/\/foto.praha-19.ys-beta.cz\/app\/uploads\/2024\/02\/544A9424-582x388.jpg 582w, https:\/\/foto.praha-19.ys-beta.cz\/app\/uploads\/2024\/02\/544A9424-276x184.jpg 276w, https:\/\/foto.praha-19.ys-beta.cz\/app\/uploads\/2024\/02\/544A9424-675x450.jpg 675w, https:\/\/foto.praha-19.ys-beta.cz\/app\/uploads\/2024\/02\/544A9424.jpg 1920w\" sizes=\"auto, (max-width: 378px) 100vw, 378px\" \/><\/a><\/div><div class='pinhole-item col-xs-12 col-lg-4 col-md-4 col-sm-6  '><a class=\"item-link\" href=\"https:\/\/foto.praha-19.ys-beta.cz\/app\/uploads\/2024\/02\/544A9420.jpg\" data-caption=\"[]\" data-meta=\"[]\"  data-size=\"{&quot;width&quot;:1920,&quot;height&quot;:1280}\" data-download=\"[]\" data-filename=\"{&quot;name&quot;:&quot;&quot;}\"><img loading=\"lazy\" decoding=\"async\" width=\"378\" height=\"252\" src=\"https:\/\/foto.praha-19.ys-beta.cz\/app\/uploads\/2024\/02\/544A9420-378x252.jpg\" class=\"attachment-pinhole-col-3 size-pinhole-col-3\" alt=\"\" srcset=\"https:\/\/foto.praha-19.ys-beta.cz\/app\/uploads\/2024\/02\/544A9420-378x252.jpg 378w, https:\/\/foto.praha-19.ys-beta.cz\/app\/uploads\/2024\/02\/544A9420-300x200.jpg 300w, https:\/\/foto.praha-19.ys-beta.cz\/app\/uploads\/2024\/02\/544A9420-1024x683.jpg 1024w, https:\/\/foto.praha-19.ys-beta.cz\/app\/uploads\/2024\/02\/544A9420-768x512.jpg 768w, https:\/\/foto.praha-19.ys-beta.cz\/app\/uploads\/2024\/02\/544A9420-1536x1024.jpg 1536w, https:\/\/foto.praha-19.ys-beta.cz\/app\/uploads\/2024\/02\/544A9420-1194x796.jpg 1194w, https:\/\/foto.praha-19.ys-beta.cz\/app\/uploads\/2024\/02\/544A9420-582x388.jpg 582w, https:\/\/foto.praha-19.ys-beta.cz\/app\/uploads\/2024\/02\/544A9420-276x184.jpg 276w, https:\/\/foto.praha-19.ys-beta.cz\/app\/uploads\/2024\/02\/544A9420-675x450.jpg 675w, https:\/\/foto.praha-19.ys-beta.cz\/app\/uploads\/2024\/02\/544A9420.jpg 1920w\" sizes=\"auto, (max-width: 378px) 100vw, 378px\" \/><\/a><\/div><div class='pinhole-item col-xs-12 col-lg-4 col-md-4 col-sm-6  '><a class=\"item-link\" href=\"https:\/\/foto.praha-19.ys-beta.cz\/app\/uploads\/2024\/02\/544A9419.jpg\" data-caption=\"[]\" data-meta=\"[]\"  data-size=\"{&quot;width&quot;:1920,&quot;height&quot;:1280}\" data-download=\"[]\" data-filename=\"{&quot;name&quot;:&quot;&quot;}\"><img loading=\"lazy\" decoding=\"async\" width=\"378\" height=\"252\" src=\"https:\/\/foto.praha-19.ys-beta.cz\/app\/uploads\/2024\/02\/544A9419-378x252.jpg\" class=\"attachment-pinhole-col-3 size-pinhole-col-3\" alt=\"\" srcset=\"https:\/\/foto.praha-19.ys-beta.cz\/app\/uploads\/2024\/02\/544A9419-378x252.jpg 378w, https:\/\/foto.praha-19.ys-beta.cz\/app\/uploads\/2024\/02\/544A9419-300x200.jpg 300w, https:\/\/foto.praha-19.ys-beta.cz\/app\/uploads\/2024\/02\/544A9419-1024x683.jpg 1024w, https:\/\/foto.praha-19.ys-beta.cz\/app\/uploads\/2024\/02\/544A9419-768x512.jpg 768w, https:\/\/foto.praha-19.ys-beta.cz\/app\/uploads\/2024\/02\/544A9419-1536x1024.jpg 1536w, https:\/\/foto.praha-19.ys-beta.cz\/app\/uploads\/2024\/02\/544A9419-1194x796.jpg 1194w, https:\/\/foto.praha-19.ys-beta.cz\/app\/uploads\/2024\/02\/544A9419-582x388.jpg 582w, https:\/\/foto.praha-19.ys-beta.cz\/app\/uploads\/2024\/02\/544A9419-276x184.jpg 276w, https:\/\/foto.praha-19.ys-beta.cz\/app\/uploads\/2024\/02\/544A9419-675x450.jpg 675w, https:\/\/foto.praha-19.ys-beta.cz\/app\/uploads\/2024\/02\/544A9419.jpg 1920w\" sizes=\"auto, (max-width: 378px) 100vw, 378px\" \/><\/a><\/div><div class='pinhole-item col-xs-12 col-lg-4 col-md-4 col-sm-6  '><a class=\"item-link\" href=\"https:\/\/foto.praha-19.ys-beta.cz\/app\/uploads\/2024\/02\/544A9417.jpg\" data-caption=\"[]\" data-meta=\"[]\"  data-size=\"{&quot;width&quot;:1920,&quot;height&quot;:1280}\" data-download=\"[]\" data-filename=\"{&quot;name&quot;:&quot;&quot;}\"><img loading=\"lazy\" decoding=\"async\" width=\"378\" height=\"252\" src=\"https:\/\/foto.praha-19.ys-beta.cz\/app\/uploads\/2024\/02\/544A9417-378x252.jpg\" class=\"attachment-pinhole-col-3 size-pinhole-col-3\" alt=\"\" srcset=\"https:\/\/foto.praha-19.ys-beta.cz\/app\/uploads\/2024\/02\/544A9417-378x252.jpg 378w, https:\/\/foto.praha-19.ys-beta.cz\/app\/uploads\/2024\/02\/544A9417-300x200.jpg 300w, https:\/\/foto.praha-19.ys-beta.cz\/app\/uploads\/2024\/02\/544A9417-1024x683.jpg 1024w, https:\/\/foto.praha-19.ys-beta.cz\/app\/uploads\/2024\/02\/544A9417-768x512.jpg 768w, https:\/\/foto.praha-19.ys-beta.cz\/app\/uploads\/2024\/02\/544A9417-1536x1024.jpg 1536w, https:\/\/foto.praha-19.ys-beta.cz\/app\/uploads\/2024\/02\/544A9417-1194x796.jpg 1194w, https:\/\/foto.praha-19.ys-beta.cz\/app\/uploads\/2024\/02\/544A9417-582x388.jpg 582w, https:\/\/foto.praha-19.ys-beta.cz\/app\/uploads\/2024\/02\/544A9417-276x184.jpg 276w, https:\/\/foto.praha-19.ys-beta.cz\/app\/uploads\/2024\/02\/544A9417-675x450.jpg 675w, https:\/\/foto.praha-19.ys-beta.cz\/app\/uploads\/2024\/02\/544A9417.jpg 1920w\" sizes=\"auto, (max-width: 378px) 100vw, 378px\" \/><\/a><\/div><div class='pinhole-item col-xs-12 col-lg-4 col-md-4 col-sm-6  '><a class=\"item-link\" href=\"https:\/\/foto.praha-19.ys-beta.cz\/app\/uploads\/2024\/02\/544A9414-1.jpg\" data-caption=\"[]\" data-meta=\"[]\"  data-size=\"{&quot;width&quot;:1920,&quot;height&quot;:1280}\" data-download=\"[]\" data-filename=\"{&quot;name&quot;:&quot;&quot;}\"><img loading=\"lazy\" decoding=\"async\" width=\"378\" height=\"252\" src=\"https:\/\/foto.praha-19.ys-beta.cz\/app\/uploads\/2024\/02\/544A9414-1-378x252.jpg\" class=\"attachment-pinhole-col-3 size-pinhole-col-3\" alt=\"\" srcset=\"https:\/\/foto.praha-19.ys-beta.cz\/app\/uploads\/2024\/02\/544A9414-1-378x252.jpg 378w, https:\/\/foto.praha-19.ys-beta.cz\/app\/uploads\/2024\/02\/544A9414-1-300x200.jpg 300w, https:\/\/foto.praha-19.ys-beta.cz\/app\/uploads\/2024\/02\/544A9414-1-1024x683.jpg 1024w, https:\/\/foto.praha-19.ys-beta.cz\/app\/uploads\/2024\/02\/544A9414-1-768x512.jpg 768w, https:\/\/foto.praha-19.ys-beta.cz\/app\/uploads\/2024\/02\/544A9414-1-1536x1024.jpg 1536w, https:\/\/foto.praha-19.ys-beta.cz\/app\/uploads\/2024\/02\/544A9414-1-1194x796.jpg 1194w, https:\/\/foto.praha-19.ys-beta.cz\/app\/uploads\/2024\/02\/544A9414-1-582x388.jpg 582w, https:\/\/foto.praha-19.ys-beta.cz\/app\/uploads\/2024\/02\/544A9414-1-276x184.jpg 276w, https:\/\/foto.praha-19.ys-beta.cz\/app\/uploads\/2024\/02\/544A9414-1-675x450.jpg 675w, https:\/\/foto.praha-19.ys-beta.cz\/app\/uploads\/2024\/02\/544A9414-1.jpg 1920w\" sizes=\"auto, (max-width: 378px) 100vw, 378px\" \/><\/a><\/div><div class='pinhole-item col-xs-12 col-lg-4 col-md-4 col-sm-6  '><a class=\"item-link\" href=\"https:\/\/foto.praha-19.ys-beta.cz\/app\/uploads\/2024\/02\/544A9412.jpg\" data-caption=\"[]\" data-meta=\"[]\"  data-size=\"{&quot;width&quot;:1920,&quot;height&quot;:1280}\" data-download=\"[]\" data-filename=\"{&quot;name&quot;:&quot;&quot;}\"><img loading=\"lazy\" decoding=\"async\" width=\"378\" height=\"252\" src=\"https:\/\/foto.praha-19.ys-beta.cz\/app\/uploads\/2024\/02\/544A9412-378x252.jpg\" class=\"attachment-pinhole-col-3 size-pinhole-col-3\" alt=\"\" srcset=\"https:\/\/foto.praha-19.ys-beta.cz\/app\/uploads\/2024\/02\/544A9412-378x252.jpg 378w, https:\/\/foto.praha-19.ys-beta.cz\/app\/uploads\/2024\/02\/544A9412-300x200.jpg 300w, https:\/\/foto.praha-19.ys-beta.cz\/app\/uploads\/2024\/02\/544A9412-1024x683.jpg 1024w, https:\/\/foto.praha-19.ys-beta.cz\/app\/uploads\/2024\/02\/544A9412-768x512.jpg 768w, https:\/\/foto.praha-19.ys-beta.cz\/app\/uploads\/2024\/02\/544A9412-1536x1024.jpg 1536w, https:\/\/foto.praha-19.ys-beta.cz\/app\/uploads\/2024\/02\/544A9412-1194x796.jpg 1194w, https:\/\/foto.praha-19.ys-beta.cz\/app\/uploads\/2024\/02\/544A9412-582x388.jpg 582w, https:\/\/foto.praha-19.ys-beta.cz\/app\/uploads\/2024\/02\/544A9412-276x184.jpg 276w, https:\/\/foto.praha-19.ys-beta.cz\/app\/uploads\/2024\/02\/544A9412-675x450.jpg 675w, https:\/\/foto.praha-19.ys-beta.cz\/app\/uploads\/2024\/02\/544A9412.jpg 1920w\" sizes=\"auto, (max-width: 378px) 100vw, 378px\" \/><\/a><\/div><div class='pinhole-item col-xs-12 col-lg-4 col-md-4 col-sm-6  '><a class=\"item-link\" href=\"https:\/\/foto.praha-19.ys-beta.cz\/app\/uploads\/2024\/02\/544A9410.jpg\" data-caption=\"[]\" data-meta=\"[]\"  data-size=\"{&quot;width&quot;:1920,&quot;height&quot;:1280}\" data-download=\"[]\" data-filename=\"{&quot;name&quot;:&quot;&quot;}\"><img loading=\"lazy\" decoding=\"async\" width=\"378\" height=\"252\" src=\"https:\/\/foto.praha-19.ys-beta.cz\/app\/uploads\/2024\/02\/544A9410-378x252.jpg\" class=\"attachment-pinhole-col-3 size-pinhole-col-3\" alt=\"\" srcset=\"https:\/\/foto.praha-19.ys-beta.cz\/app\/uploads\/2024\/02\/544A9410-378x252.jpg 378w, https:\/\/foto.praha-19.ys-beta.cz\/app\/uploads\/2024\/02\/544A9410-300x200.jpg 300w, https:\/\/foto.praha-19.ys-beta.cz\/app\/uploads\/2024\/02\/544A9410-1024x683.jpg 1024w, https:\/\/foto.praha-19.ys-beta.cz\/app\/uploads\/2024\/02\/544A9410-768x512.jpg 768w, https:\/\/foto.praha-19.ys-beta.cz\/app\/uploads\/2024\/02\/544A9410-1536x1024.jpg 1536w, https:\/\/foto.praha-19.ys-beta.cz\/app\/uploads\/2024\/02\/544A9410-1194x796.jpg 1194w, https:\/\/foto.praha-19.ys-beta.cz\/app\/uploads\/2024\/02\/544A9410-582x388.jpg 582w, https:\/\/foto.praha-19.ys-beta.cz\/app\/uploads\/2024\/02\/544A9410-276x184.jpg 276w, https:\/\/foto.praha-19.ys-beta.cz\/app\/uploads\/2024\/02\/544A9410-675x450.jpg 675w, https:\/\/foto.praha-19.ys-beta.cz\/app\/uploads\/2024\/02\/544A9410.jpg 1920w\" sizes=\"auto, (max-width: 378px) 100vw, 378px\" \/><\/a><\/div><div class='pinhole-item col-xs-12 col-lg-4 col-md-4 col-sm-6  '><a class=\"item-link\" href=\"https:\/\/foto.praha-19.ys-beta.cz\/app\/uploads\/2024\/02\/544A9409.jpg\" data-caption=\"[]\" data-meta=\"[]\"  data-size=\"{&quot;width&quot;:1920,&quot;height&quot;:1280}\" data-download=\"[]\" data-filename=\"{&quot;name&quot;:&quot;&quot;}\"><img loading=\"lazy\" decoding=\"async\" width=\"378\" height=\"252\" src=\"https:\/\/foto.praha-19.ys-beta.cz\/app\/uploads\/2024\/02\/544A9409-378x252.jpg\" class=\"attachment-pinhole-col-3 size-pinhole-col-3\" alt=\"\" srcset=\"https:\/\/foto.praha-19.ys-beta.cz\/app\/uploads\/2024\/02\/544A9409-378x252.jpg 378w, https:\/\/foto.praha-19.ys-beta.cz\/app\/uploads\/2024\/02\/544A9409-300x200.jpg 300w, https:\/\/foto.praha-19.ys-beta.cz\/app\/uploads\/2024\/02\/544A9409-1024x683.jpg 1024w, https:\/\/foto.praha-19.ys-beta.cz\/app\/uploads\/2024\/02\/544A9409-768x512.jpg 768w, https:\/\/foto.praha-19.ys-beta.cz\/app\/uploads\/2024\/02\/544A9409-1536x1024.jpg 1536w, https:\/\/foto.praha-19.ys-beta.cz\/app\/uploads\/2024\/02\/544A9409-1194x796.jpg 1194w, https:\/\/foto.praha-19.ys-beta.cz\/app\/uploads\/2024\/02\/544A9409-582x388.jpg 582w, https:\/\/foto.praha-19.ys-beta.cz\/app\/uploads\/2024\/02\/544A9409-276x184.jpg 276w, https:\/\/foto.praha-19.ys-beta.cz\/app\/uploads\/2024\/02\/544A9409-675x450.jpg 675w, https:\/\/foto.praha-19.ys-beta.cz\/app\/uploads\/2024\/02\/544A9409.jpg 1920w\" sizes=\"auto, (max-width: 378px) 100vw, 378px\" \/><\/a><\/div>\n\t\t<\/div>\n","protected":false},"excerpt":{"rendered":"<p>Dnes 4. z\u00e1\u0159\u00ed v Z\u0160 Kbely m\u011bli prv\u0148\u00e1\u010dci prvn\u00ed vyu\u010dovac\u00ed hodinu, u kter\u00e9 byli ve t\u0159\u00edd\u00e1ch p\u0159\u00edtomni i jejich rodi\u010de. Do hodiny je p\u0159i\u0161la p\u0159iv\u00edtat pan\u00ed \u0159editelka \u0161koly Eva Kulichov\u00e1 a za radnici m\u00edstostarostov\u00e9 Ivana \u0160est\u00e1kov\u00e1 a Ing. Petr\u00e1\u0148 Radek. P\u0159ejeme \u00fasp\u011b\u0161n\u00fd \u0161koln\u00ed rok.<\/p>\n","protected":false},"author":7,"featured_media":13452,"parent":7798,"menu_order":52,"comment_status":"closed","ping_status":"closed","template":"","meta":{"footnotes":""},"class_list":["post-14394","page","type-page","status-publish","has-post-thumbnail","hentry"],"yoast_head":"<!-- This site is optimized with the Yoast SEO plugin v27.2 - https:\/\/yoast.com\/product\/yoast-seo-wordpress\/ -->\n<title>ZAH\u00c1JEN\u00cd \u0160KOLN\u00cdHO ROKU 2023\/2024 - Fotogalerie - Praha 19<\/title>\n<meta name=\"robots\" content=\"noindex, follow, max-snippet:-1, max-image-preview:large, max-video-preview:-1\" \/>\n<meta property=\"og:locale\" content=\"cs_CZ\" \/>\n<meta property=\"og:type\" content=\"article\" \/>\n<meta property=\"og:title\" content=\"ZAH\u00c1JEN\u00cd \u0160KOLN\u00cdHO ROKU 2023\/2024 - Fotogalerie - Praha 19\" \/>\n<meta property=\"og:description\" content=\"Dnes 4. z\u00e1\u0159\u00ed v Z\u0160 Kbely m\u011bli prv\u0148\u00e1\u010dci prvn\u00ed vyu\u010dovac\u00ed hodinu, u kter\u00e9 byli ve t\u0159\u00edd\u00e1ch p\u0159\u00edtomni i jejich rodi\u010de. Do hodiny je p\u0159i\u0161la p\u0159iv\u00edtat pan\u00ed \u0159editelka \u0161koly Eva Kulichov\u00e1 a za radnici m\u00edstostarostov\u00e9 Ivana \u0160est\u00e1kov\u00e1 a Ing. Petr\u00e1\u0148 Radek. P\u0159ejeme \u00fasp\u011b\u0161n\u00fd \u0161koln\u00ed rok.\" \/>\n<meta property=\"og:url\" content=\"https:\/\/foto.praha-19.ys-beta.cz\/index.php\/rok-2023\/zahajeni-skolniho-roku-2023-2024\/\" \/>\n<meta property=\"og:site_name\" content=\"Fotogalerie - Praha 19\" \/>\n<meta property=\"article:modified_time\" content=\"2024-03-04T09:23:11+00:00\" \/>\n<meta property=\"og:image\" content=\"https:\/\/foto.praha-19.ys-beta.cz\/app\/uploads\/2024\/02\/544A9459.jpg\" \/>\n\t<meta property=\"og:image:width\" content=\"1920\" \/>\n\t<meta property=\"og:image:height\" content=\"1280\" \/>\n\t<meta property=\"og:image:type\" content=\"image\/jpeg\" \/>\n<meta name=\"twitter:card\" content=\"summary_large_image\" \/>\n<meta name=\"twitter:label1\" content=\"Est. reading time\" \/>\n\t<meta name=\"twitter:data1\" content=\"6 minut\" \/>\n<script type=\"application\/ld+json\" class=\"yoast-schema-graph\">{\"@context\":\"https:\/\/schema.org\",\"@graph\":[{\"@type\":\"WebPage\",\"@id\":\"https:\/\/foto.praha-19.ys-beta.cz\/index.php\/rok-2023\/zahajeni-skolniho-roku-2023-2024\/\",\"url\":\"https:\/\/foto.praha-19.ys-beta.cz\/index.php\/rok-2023\/zahajeni-skolniho-roku-2023-2024\/\",\"name\":\"ZAH\u00c1JEN\u00cd \u0160KOLN\u00cdHO ROKU 2023\/2024 - Fotogalerie - Praha 19\",\"isPartOf\":{\"@id\":\"https:\/\/foto.praha-19.ys-beta.cz\/#website\"},\"primaryImageOfPage\":{\"@id\":\"https:\/\/foto.praha-19.ys-beta.cz\/index.php\/rok-2023\/zahajeni-skolniho-roku-2023-2024\/#primaryimage\"},\"image\":{\"@id\":\"https:\/\/foto.praha-19.ys-beta.cz\/index.php\/rok-2023\/zahajeni-skolniho-roku-2023-2024\/#primaryimage\"},\"thumbnailUrl\":\"https:\/\/foto.praha-19.ys-beta.cz\/app\/uploads\/2024\/02\/544A9459.jpg\",\"datePublished\":\"2023-09-04T15:52:00+00:00\",\"dateModified\":\"2024-03-04T09:23:11+00:00\",\"breadcrumb\":{\"@id\":\"https:\/\/foto.praha-19.ys-beta.cz\/index.php\/rok-2023\/zahajeni-skolniho-roku-2023-2024\/#breadcrumb\"},\"inLanguage\":\"cs\",\"potentialAction\":[{\"@type\":\"ReadAction\",\"target\":[\"https:\/\/foto.praha-19.ys-beta.cz\/index.php\/rok-2023\/zahajeni-skolniho-roku-2023-2024\/\"]}]},{\"@type\":\"ImageObject\",\"inLanguage\":\"cs\",\"@id\":\"https:\/\/foto.praha-19.ys-beta.cz\/index.php\/rok-2023\/zahajeni-skolniho-roku-2023-2024\/#primaryimage\",\"url\":\"https:\/\/foto.praha-19.ys-beta.cz\/app\/uploads\/2024\/02\/544A9459.jpg\",\"contentUrl\":\"https:\/\/foto.praha-19.ys-beta.cz\/app\/uploads\/2024\/02\/544A9459.jpg\",\"width\":1920,\"height\":1280},{\"@type\":\"BreadcrumbList\",\"@id\":\"https:\/\/foto.praha-19.ys-beta.cz\/index.php\/rok-2023\/zahajeni-skolniho-roku-2023-2024\/#breadcrumb\",\"itemListElement\":[{\"@type\":\"ListItem\",\"position\":1,\"name\":\"Home\",\"item\":\"https:\/\/foto.praha-19.ys-beta.cz\/\"},{\"@type\":\"ListItem\",\"position\":2,\"name\":\"Rok 2023\",\"item\":\"https:\/\/foto.praha-19.ys-beta.cz\/index.php\/rok-2023\/\"},{\"@type\":\"ListItem\",\"position\":3,\"name\":\"ZAH\u00c1JEN\u00cd \u0160KOLN\u00cdHO ROKU 2023\/2024\"}]},{\"@type\":\"WebSite\",\"@id\":\"https:\/\/foto.praha-19.ys-beta.cz\/#website\",\"url\":\"https:\/\/foto.praha-19.ys-beta.cz\/\",\"name\":\"Fotogalerie - Praha 19\",\"description\":\"Fotogalerie m\u011bstsk\u00e9 \u010d\u00e1sti Praha 19\",\"potentialAction\":[{\"@type\":\"SearchAction\",\"target\":{\"@type\":\"EntryPoint\",\"urlTemplate\":\"https:\/\/foto.praha-19.ys-beta.cz\/?s={search_term_string}\"},\"query-input\":{\"@type\":\"PropertyValueSpecification\",\"valueRequired\":true,\"valueName\":\"search_term_string\"}}],\"inLanguage\":\"cs\"}]}<\/script>\n<!-- \/ Yoast SEO plugin. -->","yoast_head_json":{"title":"ZAH\u00c1JEN\u00cd \u0160KOLN\u00cdHO ROKU 2023\/2024 - Fotogalerie - Praha 19","robots":{"index":"noindex","follow":"follow","max-snippet":"max-snippet:-1","max-image-preview":"max-image-preview:large","max-video-preview":"max-video-preview:-1"},"og_locale":"cs_CZ","og_type":"article","og_title":"ZAH\u00c1JEN\u00cd \u0160KOLN\u00cdHO ROKU 2023\/2024 - Fotogalerie - Praha 19","og_description":"Dnes 4. z\u00e1\u0159\u00ed v Z\u0160 Kbely m\u011bli prv\u0148\u00e1\u010dci prvn\u00ed vyu\u010dovac\u00ed hodinu, u kter\u00e9 byli ve t\u0159\u00edd\u00e1ch p\u0159\u00edtomni i jejich rodi\u010de. Do hodiny je p\u0159i\u0161la p\u0159iv\u00edtat pan\u00ed \u0159editelka \u0161koly Eva Kulichov\u00e1 a za radnici m\u00edstostarostov\u00e9 Ivana \u0160est\u00e1kov\u00e1 a Ing. Petr\u00e1\u0148 Radek. P\u0159ejeme \u00fasp\u011b\u0161n\u00fd \u0161koln\u00ed rok.","og_url":"https:\/\/foto.praha-19.ys-beta.cz\/index.php\/rok-2023\/zahajeni-skolniho-roku-2023-2024\/","og_site_name":"Fotogalerie - Praha 19","article_modified_time":"2024-03-04T09:23:11+00:00","og_image":[{"width":1920,"height":1280,"url":"https:\/\/foto.praha-19.ys-beta.cz\/app\/uploads\/2024\/02\/544A9459.jpg","type":"image\/jpeg"}],"twitter_card":"summary_large_image","twitter_misc":{"Est. reading time":"6 minut"},"schema":{"@context":"https:\/\/schema.org","@graph":[{"@type":"WebPage","@id":"https:\/\/foto.praha-19.ys-beta.cz\/index.php\/rok-2023\/zahajeni-skolniho-roku-2023-2024\/","url":"https:\/\/foto.praha-19.ys-beta.cz\/index.php\/rok-2023\/zahajeni-skolniho-roku-2023-2024\/","name":"ZAH\u00c1JEN\u00cd \u0160KOLN\u00cdHO ROKU 2023\/2024 - Fotogalerie - Praha 19","isPartOf":{"@id":"https:\/\/foto.praha-19.ys-beta.cz\/#website"},"primaryImageOfPage":{"@id":"https:\/\/foto.praha-19.ys-beta.cz\/index.php\/rok-2023\/zahajeni-skolniho-roku-2023-2024\/#primaryimage"},"image":{"@id":"https:\/\/foto.praha-19.ys-beta.cz\/index.php\/rok-2023\/zahajeni-skolniho-roku-2023-2024\/#primaryimage"},"thumbnailUrl":"https:\/\/foto.praha-19.ys-beta.cz\/app\/uploads\/2024\/02\/544A9459.jpg","datePublished":"2023-09-04T15:52:00+00:00","dateModified":"2024-03-04T09:23:11+00:00","breadcrumb":{"@id":"https:\/\/foto.praha-19.ys-beta.cz\/index.php\/rok-2023\/zahajeni-skolniho-roku-2023-2024\/#breadcrumb"},"inLanguage":"cs","potentialAction":[{"@type":"ReadAction","target":["https:\/\/foto.praha-19.ys-beta.cz\/index.php\/rok-2023\/zahajeni-skolniho-roku-2023-2024\/"]}]},{"@type":"ImageObject","inLanguage":"cs","@id":"https:\/\/foto.praha-19.ys-beta.cz\/index.php\/rok-2023\/zahajeni-skolniho-roku-2023-2024\/#primaryimage","url":"https:\/\/foto.praha-19.ys-beta.cz\/app\/uploads\/2024\/02\/544A9459.jpg","contentUrl":"https:\/\/foto.praha-19.ys-beta.cz\/app\/uploads\/2024\/02\/544A9459.jpg","width":1920,"height":1280},{"@type":"BreadcrumbList","@id":"https:\/\/foto.praha-19.ys-beta.cz\/index.php\/rok-2023\/zahajeni-skolniho-roku-2023-2024\/#breadcrumb","itemListElement":[{"@type":"ListItem","position":1,"name":"Home","item":"https:\/\/foto.praha-19.ys-beta.cz\/"},{"@type":"ListItem","position":2,"name":"Rok 2023","item":"https:\/\/foto.praha-19.ys-beta.cz\/index.php\/rok-2023\/"},{"@type":"ListItem","position":3,"name":"ZAH\u00c1JEN\u00cd \u0160KOLN\u00cdHO ROKU 2023\/2024"}]},{"@type":"WebSite","@id":"https:\/\/foto.praha-19.ys-beta.cz\/#website","url":"https:\/\/foto.praha-19.ys-beta.cz\/","name":"Fotogalerie - Praha 19","description":"Fotogalerie m\u011bstsk\u00e9 \u010d\u00e1sti Praha 19","potentialAction":[{"@type":"SearchAction","target":{"@type":"EntryPoint","urlTemplate":"https:\/\/foto.praha-19.ys-beta.cz\/?s={search_term_string}"},"query-input":{"@type":"PropertyValueSpecification","valueRequired":true,"valueName":"search_term_string"}}],"inLanguage":"cs"}]}},"_links":{"self":[{"href":"https:\/\/foto.praha-19.ys-beta.cz\/index.php\/wp-json\/wp\/v2\/pages\/14394","targetHints":{"allow":["GET"]}}],"collection":[{"href":"https:\/\/foto.praha-19.ys-beta.cz\/index.php\/wp-json\/wp\/v2\/pages"}],"about":[{"href":"https:\/\/foto.praha-19.ys-beta.cz\/index.php\/wp-json\/wp\/v2\/types\/page"}],"author":[{"embeddable":true,"href":"https:\/\/foto.praha-19.ys-beta.cz\/index.php\/wp-json\/wp\/v2\/users\/7"}],"replies":[{"embeddable":true,"href":"https:\/\/foto.praha-19.ys-beta.cz\/index.php\/wp-json\/wp\/v2\/comments?post=14394"}],"version-history":[{"count":1,"href":"https:\/\/foto.praha-19.ys-beta.cz\/index.php\/wp-json\/wp\/v2\/pages\/14394\/revisions"}],"predecessor-version":[{"id":14395,"href":"https:\/\/foto.praha-19.ys-beta.cz\/index.php\/wp-json\/wp\/v2\/pages\/14394\/revisions\/14395"}],"up":[{"embeddable":true,"href":"https:\/\/foto.praha-19.ys-beta.cz\/index.php\/wp-json\/wp\/v2\/pages\/7798"}],"wp:featuredmedia":[{"embeddable":true,"href":"https:\/\/foto.praha-19.ys-beta.cz\/index.php\/wp-json\/wp\/v2\/media\/13452"}],"wp:attachment":[{"href":"https:\/\/foto.praha-19.ys-beta.cz\/index.php\/wp-json\/wp\/v2\/media?parent=14394"}],"curies":[{"name":"wp","href":"https:\/\/api.w.org\/{rel}","templated":true}]}}