{"id":14388,"date":"2023-06-26T17:26:00","date_gmt":"2023-06-26T15:26:00","guid":{"rendered":"https:\/\/foto.praha-19.ys-beta.cz\/?page_id=14388"},"modified":"2024-03-04T11:21:18","modified_gmt":"2024-03-04T09:21:18","slug":"vytvarna-soutez-carodejky-kbelky-ii-rocnik","status":"publish","type":"page","link":"https:\/\/foto.praha-19.ys-beta.cz\/index.php\/rok-2023\/vytvarna-soutez-carodejky-kbelky-ii-rocnik\/","title":{"rendered":"V\u00fdtvarn\u00e1 sout\u011b\u017e \u010darod\u011bjky Kbelky II. ro\u010dn\u00edk"},"content":{"rendered":"\n<p>Sout\u011b\u017ee pod z\u00e1\u0161titou Prahy 19 se celkem z\u00fa\u010dastnilo sout\u011b\u017ee 596 sout\u011b\u017e\u00edc\u00edch.<\/p>\n\n\n\n<p>V I. t\u00e9matu: Rybn\u00edky, jezera, \u0159eky, mo\u0159e: 202 sout\u011b\u017e\u00edc\u00edch<\/p>\n\n\n\n<p>V II. t\u00e9matu Poh\u00e1dkov\u00fd les: 274 sout\u011b\u017e\u00edc\u00edch<\/p>\n\n\n\n<p>Ve III. t\u00e9matu Abstrakce na voln\u00e9 t\u00e9ma: 109 sout\u011b\u017e\u00edc\u00edch<\/p>\n\n\n\n<p>Ve <a><\/a>IV. t\u00e9matu Praha 19 &#8211; Kbely: 11 sout\u011b\u017e\u00edc\u00edch<\/p>\n\n\n\n<p>Na stupn\u00edch v\u00edt\u011bz\u016f bylo p\u0159ed\u00e1no celkem 74 cen.<\/p>\n\n\n\n<p>Rozd\u011bleny byly zvl\u00e1\u0161\u0165 speci\u00e1ln\u00ed \u0161koly od ZU\u0160 a dal\u0161\u00edch \u0161kol, kv\u016fli spravedliv\u00e9 mo\u017enosti odborn\u00e9ho srovn\u00e1n\u00ed. Krom\u011b 5 v\u011bkov\u00fdch kategori\u00ed v ka\u017ed\u00e9m t\u00e9matu (1.kat 0-5let, 2.kat 6-10let, 3.kat 11-15let, 4.kat 16-21let, 5.kat 22+) jsme vyhodnotili podkategorie kreativn\u00edch n\u00e1pad\u016f (2 kr\u00e1t), z\u00e1kladn\u00ed \u0161koly, speci\u00e1ln\u00ed \u0161koly a spole\u010dn\u00e9 obrazy.<\/p>\n\n\n\n<p>Ceny se p\u0159ed\u00e1valy na vernis\u00e1\u017ei v Galerii PragueLOPArt a Kbelsk\u00e9m ateli\u00e9ru, kter\u00e1 se konala 20. 6. 2023 a zbyl\u00e9 ceny jsme zaslali doporu\u010den\u011b po\u0161tou v\u0161em \u00fa\u010dastn\u00edk\u016fm. T\u0159i \u0161koly vyhr\u00e1ly edukativn\u011b praktick\u00fd v\u00fdtvarn\u00fd program u m\u011b v galerii, kter\u00fd si m\u016f\u017eou vyzvednout po cel\u00fd rok.<\/p>\n\n\n\n<p>Ceny obsahovaly diplomy a nejr\u016fzn\u011bj\u0161\u00ed v\u00fdtvarn\u00e9 pot\u0159eby rozd\u011blen\u00e9 dle v\u011bku a v\u00fdtvarn\u00e9 vhodnosti.<\/p>\n\n\n\n<p>V\u00fdstava se kon\u00e1 do 1. srpna 2023 a mo\u017enost nav\u0161t\u00edvit galerii je pro ve\u0159ejnost zdarma po celou dobu v\u00fdstavy.<\/p>\n\n\n\n<p>Leto\u0161n\u00ed zem\u011bpisn\u00e9 pokryt\u00ed v\u00fdtvarn\u00e9 sout\u011b\u017ee bylo: cel\u00e1 \u010cR a zapojilo se tak\u00e9 Slovensko.<\/p>\n\n\n\n<p>V\u00fdhern\u00ed listina:<\/p>\n\n\n\n<p>Celkem se z\u00fa\u010dastnilo sout\u011b\u017ee: 596 \u00fa\u010dastn\u00edk\u016f<\/p>\n\n\n\n<p>z toho v t\u00e9matu a v jednotliv\u00fdch kategori\u00edch:<\/p>\n\n\n\n<p>I. t\u00e9ma: Rybn\u00edky, jezera, \u0159eky, mo\u0159e (202. \u00da\u010dastn\u00edk\u016f)<\/p>\n\n\n\n<p>1. kategorie 0 \u2013 5 let<\/p>\n\n\n\n<p>I. um\u00edst\u011bn\u00ed: Zvezdelina Kallm\u00fcnzer (Na pl\u00e1\u017ei) ZU\u0160 Flow, \u010cestlice<\/p>\n\n\n\n<p>II. um\u00edst\u011bn\u00ed: Zora \u0160ebestov\u00e1 (Mo\u0159e) FM\u0160 na V\u00fd\u0161in\u00e1ch, Praha 7<\/p>\n\n\n\n<p>III. um\u00edst\u011bn\u00ed: Ad\u00e9la Pokorn\u00e1 (Mo\u0159sk\u00fd sv\u011bt)<\/p>\n\n\n\n<p>2. kategorie 6 \u2013 10 let<\/p>\n\n\n\n<p>I. um\u00edst\u011bn\u00ed: Vanessa \u010cern\u00e1 (\u017divot v mo\u0159i) ZU\u0160 Sn\u00edtila, Mimo\u0148<\/p>\n\n\n\n<p>II. um\u00edst\u011bn\u00ed: Sofie Aldorfov\u00e1 (Med\u00fazy) Z\u00da\u0160 Allegro<\/p>\n\n\n\n<p>III. um\u00edst\u011bn\u00ed: Eli\u0161ka Bal\u00edkova (My\u0161ka n\u00e1mo\u0159nice) Z\u00da\u0160 Allegro, Nov\u00e1 V\u010delnice<\/p>\n\n\n\n<p>Podkategorie speci\u00e1ln\u00ed \u0161koly<\/p>\n\n\n\n<p>I. um\u00edst\u011bn\u00ed: Sabina K\u00e1lalov\u00e1 (Vodn\u00ed kr\u00e1lovstv\u00ed) S\u0160 a Z\u0160 Vimperk<\/p>\n\n\n\n<p>II. um\u00edst\u011bn\u00ed: David Mal\u00edk (Opu\u0161t\u011bn\u00fd maj\u00e1k) Speci\u00e1ln\u00ed M\u0160, Z\u0160 a Pr\u0160, Pardubice<\/p>\n\n\n\n<p>III. um\u00edst\u011bn\u00ed: Anna K\u0159\u00ed\u017eov\u00e1 (Rybn\u00edky, jezera, \u0159eky, mo\u0159e) Domov PETRA Ma\u010dkov, Blatn\u00e1<\/p>\n\n\n\n<p>3. kategorie 11-15 let<\/p>\n\n\n\n<p>I. um\u00edst\u011bn\u00ed: Beata Zedn\u00ed\u010dkov\u00e1 Emma (Racci na mo\u0159i) ZU\u0160 Allegro, Nov\u00e1 V\u010delnice<\/p>\n\n\n\n<p>II. um\u00edst\u011bn\u00ed: Patrik Nev\u0161\u00edmal (\u017divot ve vod\u011b) ZU\u0160 Allegro, Nov\u00e1 V\u010delnice<\/p>\n\n\n\n<p>III. um\u00edst\u011bn\u00ed: Silvie Hrstkov\u00e1 (\u0158eka Bezstarostnosti)<\/p>\n\n\n\n<p>4. kategorie od 16\u201321 let<\/p>\n\n\n\n<p>I. um\u00edst\u011bn\u00ed: Nikol Kastlov\u00e1 (\u017delva) IUVENTAS &#8211; Soukrom\u00e9 gymn\u00e1zium a SO\u0160, Ostrava<\/p>\n\n\n\n<p>II. um\u00edst\u011bn\u00ed: Kate\u0159ina Hrabcov\u00e1 Martina (Pod vodou) IUVENTAS &#8211; Soukrom\u00e9 gymn\u00e1zium a SO\u0160, Ostrava<\/p>\n\n\n\n<p>III. um\u00edst\u011bn\u00ed: Valent\u00fdna Krupkov\u00e1 (Soumrak u rybn\u00edka) ZU\u0160 Allegro<\/p>\n\n\n\n<p>5. kategorie 22+<\/p>\n\n\n\n<p>I. um\u00edst\u011bn\u00ed: Eli\u0161ka Rejhonov\u00e1 (\u017divot na \u0161umavsk\u00fdch ra\u0161elini\u0161t\u00edch)<\/p>\n\n\n\n<p>II. um\u00edst\u011bn\u00ed: Jana M\u00edlov\u00e1 (Korfu)<\/p>\n\n\n\n<p>III. um\u00edst\u011bn\u00ed: Veronika Barborkov\u00e1 (Jezero Lhota)<\/p>\n\n\n\n<p>II. t\u00e9ma: Poh\u00e1dkov\u00fd les (274. \u00fa\u010dastn\u00edk\u016f)<\/p>\n\n\n\n<p>1. kategorie 0 \u2013 5 let<\/p>\n\n\n\n<p>I. um\u00edst\u011bn\u00ed: Vojt\u011bch Kazda (Poh\u00e1dkov\u00e1 pohoda), M\u0160 ul. Pr\u00e1ce, N\u00fdrsko<\/p>\n\n\n\n<p>II. um\u00edst\u011bn\u00ed: Luk\u00e1\u0161 Nekvinda (A po de\u0161ti bude mo\u017en\u00e1 duha), ZU\u0160 Flow, \u010cestlice<\/p>\n\n\n\n<p>III. um\u00edst\u011bn\u00ed: Daniela \u0160mausov\u00e1 (Karkulka nese babi\u010dce jahody v ko\u0161\u00edku)<\/p>\n\n\n\n<p>2. kategorie 6 \u2013 10 let<\/p>\n\n\n\n<p>I. um\u00edst\u011bn\u00ed: Nikola Macho\u0148ov\u00e1 (Poh\u00e1dkov\u00fd les), Z\u0160 Ko\u0161ice<\/p>\n\n\n\n<p>II. um\u00edst\u011bn\u00ed: Adina Kop\u00e1\u010dkov\u00e1 (Magick\u00e1 noc), Z\u0160 Ejpovice<\/p>\n\n\n\n<p>III. um\u00edst\u011bn\u00ed: Nela Kotrbat\u00e1 a Barbora Hronov\u00e1 (Za\u010darovan\u00fd les), ZU\u0160 B\u0159eznice<\/p>\n\n\n\n<p>Podkategorie kreativn\u00ed n\u00e1pady<\/p>\n\n\n\n<p>I. um\u00edst\u011bn\u00ed: Tommy Vorel (Kouzeln\u00e9 odpoledne v Poh\u00e1dkov\u00e9m lese), 1.K\u0160PA, Praha<\/p>\n\n\n\n<p>II. um\u00edst\u011bn\u00ed: Kate\u0159ina H\u00fdblov\u00e1 (Kouzeln\u00fd les), ZU\u0160 Hlu\u010d\u00edn<\/p>\n\n\n\n<p>III. um\u00edst\u011bn\u00ed: So\u0148a Kelemenov\u00e1 (Kdo \u017eije v lese), ZU\u0160 L. \u00c1rvaya, \u017dilina<\/p>\n\n\n\n<p>3. kategorie 11-15 let<\/p>\n\n\n\n<p>I. um\u00edst\u011bn\u00ed: Michaela Va\u0161kovi\u010dov\u00e1 (Sen o Manetov\u00e9 z\u00e1hrad\u011b) ZU\u0160 L. \u00c1rvaya, \u017dilina<\/p>\n\n\n\n<p>II. um\u00edst\u011bn\u00ed: Ad\u00e9la Jur\u010dkov\u00e1 (Poh\u00e1dkov\u00fd les) Z\u0160 a M\u0160 Kobe\u0159ice<\/p>\n\n\n\n<p>III. um\u00edst\u011bn\u00ed: Petra Hermanowiczov\u00e1 (Poh\u00e1dkov\u00fd les) Z\u0160 a M\u0160 Kobe\u0159ice<\/p>\n\n\n\n<p>4. kategorie od 16\u201321 let<\/p>\n\n\n\n<p>I. um\u00edst\u011bn\u00ed: Kate\u0159ina M.hrabcov\u00e1 (Poh\u00e1dkov\u00fd les), IUVENTAS &#8211; Soukrom\u00e9 gymn\u00e1zium a SO\u0160 s.r.o<\/p>\n\n\n\n<p>II. um\u00edst\u011bn\u00ed: Tereza Nikuborcov\u00e1 (Poh\u00e1dkov\u00fd les), IUVENTAS &#8211; Soukrom\u00e9 gymn\u00e1zium a SO\u0160 s.r.o<\/p>\n\n\n\n<p>III. um\u00edst\u011bn\u00ed: Kl\u00e1ra Wenglazyov\u00e1,(Kouzeln\u00fd les u vodop\u00e1du) Iuventas &#8211; soukrom\u00e9 gymn\u00e1zium a SO\u0160 s.r.o.<\/p>\n\n\n\n<p>5. kategorie 22+<\/p>\n\n\n\n<p>I. um\u00edst\u011bn\u00ed: Jana M\u00edlov\u00e1 (Obyvatel\u00e9 poh\u00e1dkov\u00e9ho lesa)<\/p>\n\n\n\n<p>II. um\u00edst\u011bn\u00ed: Kate\u0159ina Pt\u00e1\u010dkov\u00e1 (300 mil za sv\u011btem)<\/p>\n\n\n\n<p>III. um\u00edst\u011bn\u00ed: Eva Skalov\u00e1 (Poh\u00e1dkov\u00fd les), Charitativn\u00ed d\u016fm pro matky v t\u00edsni, \u010cesk\u00fd T\u011b\u0161\u00edn<\/p>\n\n\n\n<p>Podkategorie kreativn\u00ed n\u00e1pady:<\/p>\n\n\n\n<p>I. um\u00edst\u011bn\u00ed: Ane\u017eka Bayerov\u00e1 (Voda, zem\u011b, vzduch), Znojmo<\/p>\n\n\n\n<p>II. um\u00edst\u011bn\u00ed: Kamila \u010eura\u010dov\u00e1 (Klipka \u010dty\u0159ok\u00e1), \u010cesk\u00e1 L\u00edpa<\/p>\n\n\n\n<p>III. um\u00edst\u011bn\u00ed: V\u011bra Van\u00e1skov\u00e1, (Vy\u010dk\u00e1v\u00e1n\u00ed na ko\u0159ist), Pardubice<\/p>\n\n\n\n<p>III. t\u00e9ma: Abstrakce na voln\u00e9 t\u00e9ma (109 \u00fa\u010dastn\u00edk\u016f)<\/p>\n\n\n\n<p>1. kategorie 0 \u2013 5 let<\/p>\n\n\n\n<p>I. um\u00edst\u011bn\u00ed: Hir\u0161ov\u00e1 Tereza (Duhov\u00e9 vlny), M\u0160 Uher\u010dice<\/p>\n\n\n\n<p>II. um\u00edst\u011bn\u00ed: Julie Niklov\u00e1 (Voz\u00edk), Charitn\u00ed d\u016fm pro matky v t\u00edsni, \u010cesk\u00fd T\u011b\u0161\u00edn<\/p>\n\n\n\n<p>III. um\u00edst\u011bn\u00ed: Ond\u0159ej Petrul\u00e1k (Souboj superhrdin\u016f), M\u0160 Duchcov<\/p>\n\n\n\n<p>Podkategorie D\u011bti s ment\u00e1ln\u00edm posti\u017een\u00edm<\/p>\n\n\n\n<p>I. um\u00edst\u011bn\u00ed: Eva Krylov\u00e1, Domov PETRA Ma\u010dkov<\/p>\n\n\n\n<p>II. um\u00edst\u011bn\u00ed: Helena Pfefferov\u00e1, Domov PETRA Ma\u010dkov<\/p>\n\n\n\n<p>III. um\u00edst\u011bn\u00ed: Petra N\u011bmcov\u00e1, Domov PETRA Ma\u010dkov<\/p>\n\n\n\n<p>2. kategorie 6-10 let<\/p>\n\n\n\n<p>I. um\u00edst\u011bn\u00ed: Viktorie Hol\u00edkov\u00e1 (Srdce z mraku), Z\u0160 B\u0159e\u010d\u0165anov\u00e1<\/p>\n\n\n\n<p>II. um\u00edst\u011bn\u00ed: Ane\u017eka Jan\u00e1sov\u00e1 (Mo\u0159e bublin), Z\u0160 Molekula<\/p>\n\n\n\n<p>III. um\u00edst\u011bn\u00ed: Marie Jan\u00edkov\u00e1 (Mozaikov\u00e9 oko)<\/p>\n\n\n\n<p>3. kategorie 11-15 let<\/p>\n\n\n\n<p>Podkategorie ZU\u0160:<\/p>\n\n\n\n<p>I. um\u00edst\u011bn\u00ed: \u017d\u00e1\u010dkov\u00e1 Ema (Ostr\u00e9 \u00fahly), ZU\u0160 Gustava Mahlera, Humpolec<\/p>\n\n\n\n<p>II. um\u00edst\u011bn\u00ed: Jan Patera (Vnit\u0159n\u00ed krajina), ZU\u0160 M\u011bln\u00edk<\/p>\n\n\n\n<p>III. um\u00edst\u011bn\u00ed: Patricia Tarhajov\u00e1 (Krajina fant\u00e1zie), ZU\u0160 L.\u00c1rvaya, \u017dilina<\/p>\n\n\n\n<p>Podkategorie Abstrakce na pl\u00e1tn\u011b:<\/p>\n\n\n\n<p>I. um\u00edst\u011bn\u00ed: Vanda Srbov\u00e1 (Laguna), Praha<\/p>\n\n\n\n<p>II. um\u00edst\u011bn\u00ed: Kate\u0159ina Gregorov\u00e1 (Summer feeling), Praha<\/p>\n\n\n\n<p>III. um\u00edst\u011bn\u00ed: Lucie \u0160vehlov\u00e1 (\u0158eky pl\u00e1\u010de), Masarykova z\u00e1kladn\u00ed \u0161kola a M\u0160 Obecnice<\/p>\n\n\n\n<p>Podkategorie Z\u0160:<\/p>\n\n\n\n<p>I. um\u00edst\u011bn\u00ed: Eva Freyov\u00e1 (Zatoulan\u00e1 ko\u010dka sn\u00ed o sv\u00e9 samot\u011b), Z\u0160 Kravsko<\/p>\n\n\n\n<p>II. um\u00edst\u011bn\u00ed: Veronika Kone\u010dn\u00e1 (Pocity), Z\u0160 \u010ceskoslovensk\u00e9 arm\u00e1dy Fr\u00fddek-M\u00edstek<\/p>\n\n\n\n<p>III. um\u00edst\u011bn\u00ed: Erik Tulej (Pod zem\u00ed), Z\u0160 Vset\u00edn<\/p>\n\n\n\n<p>4. kategorie od 16\u201321 let<\/p>\n\n\n\n<p>I. um\u00edst\u011bn\u00ed: Anna Kotenov\u00e1 (Struktury) ZU\u0160 Gustava Mahlera, Humpolec<\/p>\n\n\n\n<p>II. um\u00edst\u011bn\u00ed: Adam Reniers (Ona), S\u0160 slu\u017eeb, Uhersk\u00e9 Hradi\u0161t\u011b<\/p>\n\n\n\n<p>III. um\u00edst\u011bn\u00ed: Lenka Helferov\u00e1 (Medov\u00e1), Vy\u0161kov<\/p>\n\n\n\n<p>5. kategorie 22+<\/p>\n\n\n\n<p>I. um\u00edst\u011bn\u00ed: Jana M\u00edlov\u00e1 (Jarn\u00ed ra\u0161en\u00ed), Praha<\/p>\n\n\n\n<p>II. um\u00edst\u011bn\u00ed: Michaela Griffond-Boitier (Pr\u016f\u0159ez podzimem), Praha<\/p>\n\n\n\n<p>IV.t\u00e9ma: Praha 19 \u2013 Kbely (11 sout\u011b\u017e\u00edc\u00edch)<\/p>\n\n\n\n<p>1. kategorie 0 \u2013 5 let<\/p>\n\n\n\n<p>I. um\u00edst\u011bn\u00ed: V\u00edt Jan\u00edk (Kbelsk\u00fd vodojem)<\/p>\n\n\n\n<p>2. kategorie 6 \u2013 10 let<\/p>\n\n\n\n<p>I. um\u00edst\u011bn\u00ed: Ver\u010da Hlav\u00e1\u010dkov\u00e1 (Kbely)<\/p>\n\n\n\n<p>II. um\u00edst\u011bn\u00ed: Nikol Klob (Praha &#8211; Kbely), Boskovice<\/p>\n\n\n\n<p>3. kategorie 11-15 let<\/p>\n\n\n\n<p>I. um\u00edst\u011bn\u00ed: Silvie Hrstkov\u00e1 (Vodojem), Praha<\/p>\n\n\n\n<p>II. um\u00edst\u011bn\u00ed: Nina Langerov\u00e1 (Kbelsk\u00fd maj\u00e1k), ZU\u0160 v Blatn\u00e9<\/p>\n\n\n\n<p>III. um\u00edst\u011bn\u00ed: Martin Du\u0161ek (Leti\u0161t\u011b \u2013 Praha \u2013 Kbely), Speci\u00e1ln\u00ed M\u0160, Z\u0160 a Pr\u0160 Pardubice<\/p>\n\n\n\n<p>5. kategorie 22 let a d\u00e1l<\/p>\n\n\n\n<p>I. um\u00edst\u011bn\u00ed: Jana M\u00edlov\u00e1 (Kbelsk\u00fd rybn\u00edk v l\u00e9t\u011b), Praha<\/p>\n\n\n\n<p>II. um\u00edst\u011bn\u00ed: Marta Je\u017ekov\u00e1 (Maj\u00e1k \u2013 Kbely), Kr\u00e1sn\u00e1 L\u00edpa<\/p>\n\n\n\n<p>III. um\u00edst\u011bn\u00ed: Zden\u011bk Hole\u010dek (Let\u00edm nad Kbely), Praha<\/p>\n\n\n\n<p>Podkategorie: Spole\u010dn\u00e9 obrazy:<\/p>\n\n\n\n<p>I. um\u00edst\u011bn\u00ed: Cesta poh\u00e1dkov\u00fdm lesem (Z\u0160 a M\u0160 Majerova 138, Str\u00e1\u017e nad Nisou)<\/p>\n\n\n\n<p>II. um\u00edst\u011bn\u00ed: Kruhy p\u0159\u00e1telstv\u00ed (M\u0160 a Z\u0160 Ivan\u010dice)<\/p>\n\n\n\n<p>III. um\u00edst\u011bn\u00ed: V poh\u00e1dce to v\u017edycky dob\u0159e dopadne (\u0160koln\u00ed dru\u017eina S\u0160O\u0158\u0160 a Z\u0160 Trmice)<\/p>\n\n\n<div class='pinhole-gallery pinhole-masonry pinhole-popup items-hidden  clearfix row'><div class='pinhole-item col-xs-12 col-lg-4 col-md-4 col-sm-6  '><a class=\"item-link\" href=\"https:\/\/foto.praha-19.ys-beta.cz\/app\/uploads\/2024\/02\/WhatsApp-Image-2023-06-21-at-11.17.051-1440x1920.jpeg\" data-caption=\"[]\" data-meta=\"[]\"  data-size=\"{&quot;width&quot;:1440,&quot;height&quot;:1920}\" data-download=\"[]\" data-filename=\"{&quot;name&quot;:&quot;&quot;}\"><img loading=\"lazy\" decoding=\"async\" width=\"378\" height=\"504\" src=\"https:\/\/foto.praha-19.ys-beta.cz\/app\/uploads\/2024\/02\/WhatsApp-Image-2023-06-21-at-11.17.051-378x504.jpeg\" class=\"attachment-pinhole-col-3 size-pinhole-col-3\" alt=\"\" srcset=\"https:\/\/foto.praha-19.ys-beta.cz\/app\/uploads\/2024\/02\/WhatsApp-Image-2023-06-21-at-11.17.051-378x504.jpeg 378w, https:\/\/foto.praha-19.ys-beta.cz\/app\/uploads\/2024\/02\/WhatsApp-Image-2023-06-21-at-11.17.051-225x300.jpeg 225w, https:\/\/foto.praha-19.ys-beta.cz\/app\/uploads\/2024\/02\/WhatsApp-Image-2023-06-21-at-11.17.051-768x1024.jpeg 768w, https:\/\/foto.praha-19.ys-beta.cz\/app\/uploads\/2024\/02\/WhatsApp-Image-2023-06-21-at-11.17.051-1152x1536.jpeg 1152w, https:\/\/foto.praha-19.ys-beta.cz\/app\/uploads\/2024\/02\/WhatsApp-Image-2023-06-21-at-11.17.051-1194x1592.jpeg 1194w, https:\/\/foto.praha-19.ys-beta.cz\/app\/uploads\/2024\/02\/WhatsApp-Image-2023-06-21-at-11.17.051-582x776.jpeg 582w, https:\/\/foto.praha-19.ys-beta.cz\/app\/uploads\/2024\/02\/WhatsApp-Image-2023-06-21-at-11.17.051-276x368.jpeg 276w, https:\/\/foto.praha-19.ys-beta.cz\/app\/uploads\/2024\/02\/WhatsApp-Image-2023-06-21-at-11.17.051-338x450.jpeg 338w, https:\/\/foto.praha-19.ys-beta.cz\/app\/uploads\/2024\/02\/WhatsApp-Image-2023-06-21-at-11.17.051-1440x1920.jpeg 1440w, https:\/\/foto.praha-19.ys-beta.cz\/app\/uploads\/2024\/02\/WhatsApp-Image-2023-06-21-at-11.17.051.jpeg 1536w\" sizes=\"auto, (max-width: 378px) 100vw, 378px\" \/><\/a><\/div><div class='pinhole-item col-xs-12 col-lg-4 col-md-4 col-sm-6  '><a class=\"item-link\" href=\"https:\/\/foto.praha-19.ys-beta.cz\/app\/uploads\/2024\/02\/WhatsApp-Image-2023-06-21-at-11.17.041-1440x1920.jpeg\" data-caption=\"[]\" data-meta=\"[]\"  data-size=\"{&quot;width&quot;:1440,&quot;height&quot;:1920}\" data-download=\"[]\" data-filename=\"{&quot;name&quot;:&quot;&quot;}\"><img loading=\"lazy\" decoding=\"async\" width=\"378\" height=\"504\" src=\"https:\/\/foto.praha-19.ys-beta.cz\/app\/uploads\/2024\/02\/WhatsApp-Image-2023-06-21-at-11.17.041-378x504.jpeg\" class=\"attachment-pinhole-col-3 size-pinhole-col-3\" alt=\"\" srcset=\"https:\/\/foto.praha-19.ys-beta.cz\/app\/uploads\/2024\/02\/WhatsApp-Image-2023-06-21-at-11.17.041-378x504.jpeg 378w, https:\/\/foto.praha-19.ys-beta.cz\/app\/uploads\/2024\/02\/WhatsApp-Image-2023-06-21-at-11.17.041-225x300.jpeg 225w, https:\/\/foto.praha-19.ys-beta.cz\/app\/uploads\/2024\/02\/WhatsApp-Image-2023-06-21-at-11.17.041-768x1024.jpeg 768w, https:\/\/foto.praha-19.ys-beta.cz\/app\/uploads\/2024\/02\/WhatsApp-Image-2023-06-21-at-11.17.041-1152x1536.jpeg 1152w, https:\/\/foto.praha-19.ys-beta.cz\/app\/uploads\/2024\/02\/WhatsApp-Image-2023-06-21-at-11.17.041-1194x1592.jpeg 1194w, https:\/\/foto.praha-19.ys-beta.cz\/app\/uploads\/2024\/02\/WhatsApp-Image-2023-06-21-at-11.17.041-582x776.jpeg 582w, https:\/\/foto.praha-19.ys-beta.cz\/app\/uploads\/2024\/02\/WhatsApp-Image-2023-06-21-at-11.17.041-276x368.jpeg 276w, https:\/\/foto.praha-19.ys-beta.cz\/app\/uploads\/2024\/02\/WhatsApp-Image-2023-06-21-at-11.17.041-338x450.jpeg 338w, https:\/\/foto.praha-19.ys-beta.cz\/app\/uploads\/2024\/02\/WhatsApp-Image-2023-06-21-at-11.17.041-1440x1920.jpeg 1440w, https:\/\/foto.praha-19.ys-beta.cz\/app\/uploads\/2024\/02\/WhatsApp-Image-2023-06-21-at-11.17.041.jpeg 1536w\" sizes=\"auto, (max-width: 378px) 100vw, 378px\" \/><\/a><\/div><div class='pinhole-item col-xs-12 col-lg-4 col-md-4 col-sm-6  '><a class=\"item-link\" href=\"https:\/\/foto.praha-19.ys-beta.cz\/app\/uploads\/2024\/02\/WhatsApp-Image-2023-06-21-at-11.17.03-1920x1440.jpeg\" data-caption=\"[]\" data-meta=\"[]\"  data-size=\"{&quot;width&quot;:1920,&quot;height&quot;:1440}\" data-download=\"[]\" data-filename=\"{&quot;name&quot;:&quot;&quot;}\"><img loading=\"lazy\" decoding=\"async\" width=\"378\" height=\"284\" src=\"https:\/\/foto.praha-19.ys-beta.cz\/app\/uploads\/2024\/02\/WhatsApp-Image-2023-06-21-at-11.17.03-378x284.jpeg\" class=\"attachment-pinhole-col-3 size-pinhole-col-3\" alt=\"\" srcset=\"https:\/\/foto.praha-19.ys-beta.cz\/app\/uploads\/2024\/02\/WhatsApp-Image-2023-06-21-at-11.17.03-378x284.jpeg 378w, https:\/\/foto.praha-19.ys-beta.cz\/app\/uploads\/2024\/02\/WhatsApp-Image-2023-06-21-at-11.17.03-300x225.jpeg 300w, https:\/\/foto.praha-19.ys-beta.cz\/app\/uploads\/2024\/02\/WhatsApp-Image-2023-06-21-at-11.17.03-1024x768.jpeg 1024w, https:\/\/foto.praha-19.ys-beta.cz\/app\/uploads\/2024\/02\/WhatsApp-Image-2023-06-21-at-11.17.03-768x576.jpeg 768w, https:\/\/foto.praha-19.ys-beta.cz\/app\/uploads\/2024\/02\/WhatsApp-Image-2023-06-21-at-11.17.03-1536x1152.jpeg 1536w, https:\/\/foto.praha-19.ys-beta.cz\/app\/uploads\/2024\/02\/WhatsApp-Image-2023-06-21-at-11.17.03-1194x896.jpeg 1194w, https:\/\/foto.praha-19.ys-beta.cz\/app\/uploads\/2024\/02\/WhatsApp-Image-2023-06-21-at-11.17.03-582x437.jpeg 582w, https:\/\/foto.praha-19.ys-beta.cz\/app\/uploads\/2024\/02\/WhatsApp-Image-2023-06-21-at-11.17.03-276x207.jpeg 276w, https:\/\/foto.praha-19.ys-beta.cz\/app\/uploads\/2024\/02\/WhatsApp-Image-2023-06-21-at-11.17.03-600x450.jpeg 600w, https:\/\/foto.praha-19.ys-beta.cz\/app\/uploads\/2024\/02\/WhatsApp-Image-2023-06-21-at-11.17.03-1920x1440.jpeg 1920w, https:\/\/foto.praha-19.ys-beta.cz\/app\/uploads\/2024\/02\/WhatsApp-Image-2023-06-21-at-11.17.03.jpeg 2000w\" sizes=\"auto, (max-width: 378px) 100vw, 378px\" \/><\/a><\/div><div class='pinhole-item col-xs-12 col-lg-4 col-md-4 col-sm-6  '><a class=\"item-link\" href=\"https:\/\/foto.praha-19.ys-beta.cz\/app\/uploads\/2024\/02\/WhatsApp-Image-2023-06-21-at-11.17.00-1920x1440.jpeg\" data-caption=\"[]\" data-meta=\"[]\"  data-size=\"{&quot;width&quot;:1920,&quot;height&quot;:1440}\" data-download=\"[]\" data-filename=\"{&quot;name&quot;:&quot;&quot;}\"><img loading=\"lazy\" decoding=\"async\" width=\"378\" height=\"284\" src=\"https:\/\/foto.praha-19.ys-beta.cz\/app\/uploads\/2024\/02\/WhatsApp-Image-2023-06-21-at-11.17.00-378x284.jpeg\" class=\"attachment-pinhole-col-3 size-pinhole-col-3\" alt=\"\" srcset=\"https:\/\/foto.praha-19.ys-beta.cz\/app\/uploads\/2024\/02\/WhatsApp-Image-2023-06-21-at-11.17.00-378x284.jpeg 378w, https:\/\/foto.praha-19.ys-beta.cz\/app\/uploads\/2024\/02\/WhatsApp-Image-2023-06-21-at-11.17.00-300x225.jpeg 300w, https:\/\/foto.praha-19.ys-beta.cz\/app\/uploads\/2024\/02\/WhatsApp-Image-2023-06-21-at-11.17.00-1024x768.jpeg 1024w, https:\/\/foto.praha-19.ys-beta.cz\/app\/uploads\/2024\/02\/WhatsApp-Image-2023-06-21-at-11.17.00-768x576.jpeg 768w, https:\/\/foto.praha-19.ys-beta.cz\/app\/uploads\/2024\/02\/WhatsApp-Image-2023-06-21-at-11.17.00-1536x1152.jpeg 1536w, https:\/\/foto.praha-19.ys-beta.cz\/app\/uploads\/2024\/02\/WhatsApp-Image-2023-06-21-at-11.17.00-1194x896.jpeg 1194w, https:\/\/foto.praha-19.ys-beta.cz\/app\/uploads\/2024\/02\/WhatsApp-Image-2023-06-21-at-11.17.00-582x437.jpeg 582w, https:\/\/foto.praha-19.ys-beta.cz\/app\/uploads\/2024\/02\/WhatsApp-Image-2023-06-21-at-11.17.00-276x207.jpeg 276w, https:\/\/foto.praha-19.ys-beta.cz\/app\/uploads\/2024\/02\/WhatsApp-Image-2023-06-21-at-11.17.00-600x450.jpeg 600w, https:\/\/foto.praha-19.ys-beta.cz\/app\/uploads\/2024\/02\/WhatsApp-Image-2023-06-21-at-11.17.00-1920x1440.jpeg 1920w, https:\/\/foto.praha-19.ys-beta.cz\/app\/uploads\/2024\/02\/WhatsApp-Image-2023-06-21-at-11.17.00.jpeg 2048w\" sizes=\"auto, (max-width: 378px) 100vw, 378px\" \/><\/a><\/div><div class='pinhole-item col-xs-12 col-lg-4 col-md-4 col-sm-6  '><a class=\"item-link\" href=\"https:\/\/foto.praha-19.ys-beta.cz\/app\/uploads\/2024\/02\/WhatsApp-Image-2023-06-21-at-11.16.595-1440x1920.jpeg\" data-caption=\"[]\" data-meta=\"[]\"  data-size=\"{&quot;width&quot;:1440,&quot;height&quot;:1920}\" data-download=\"[]\" data-filename=\"{&quot;name&quot;:&quot;&quot;}\"><img loading=\"lazy\" decoding=\"async\" width=\"378\" height=\"504\" src=\"https:\/\/foto.praha-19.ys-beta.cz\/app\/uploads\/2024\/02\/WhatsApp-Image-2023-06-21-at-11.16.595-378x504.jpeg\" class=\"attachment-pinhole-col-3 size-pinhole-col-3\" alt=\"\" srcset=\"https:\/\/foto.praha-19.ys-beta.cz\/app\/uploads\/2024\/02\/WhatsApp-Image-2023-06-21-at-11.16.595-378x504.jpeg 378w, https:\/\/foto.praha-19.ys-beta.cz\/app\/uploads\/2024\/02\/WhatsApp-Image-2023-06-21-at-11.16.595-225x300.jpeg 225w, https:\/\/foto.praha-19.ys-beta.cz\/app\/uploads\/2024\/02\/WhatsApp-Image-2023-06-21-at-11.16.595-768x1024.jpeg 768w, https:\/\/foto.praha-19.ys-beta.cz\/app\/uploads\/2024\/02\/WhatsApp-Image-2023-06-21-at-11.16.595-1152x1536.jpeg 1152w, https:\/\/foto.praha-19.ys-beta.cz\/app\/uploads\/2024\/02\/WhatsApp-Image-2023-06-21-at-11.16.595-1194x1592.jpeg 1194w, https:\/\/foto.praha-19.ys-beta.cz\/app\/uploads\/2024\/02\/WhatsApp-Image-2023-06-21-at-11.16.595-582x776.jpeg 582w, https:\/\/foto.praha-19.ys-beta.cz\/app\/uploads\/2024\/02\/WhatsApp-Image-2023-06-21-at-11.16.595-276x368.jpeg 276w, https:\/\/foto.praha-19.ys-beta.cz\/app\/uploads\/2024\/02\/WhatsApp-Image-2023-06-21-at-11.16.595-338x450.jpeg 338w, https:\/\/foto.praha-19.ys-beta.cz\/app\/uploads\/2024\/02\/WhatsApp-Image-2023-06-21-at-11.16.595-1440x1920.jpeg 1440w, https:\/\/foto.praha-19.ys-beta.cz\/app\/uploads\/2024\/02\/WhatsApp-Image-2023-06-21-at-11.16.595.jpeg 1536w\" sizes=\"auto, (max-width: 378px) 100vw, 378px\" \/><\/a><\/div><div class='pinhole-item col-xs-12 col-lg-4 col-md-4 col-sm-6  '><a class=\"item-link\" href=\"https:\/\/foto.praha-19.ys-beta.cz\/app\/uploads\/2024\/02\/WhatsApp-Image-2023-06-21-at-11.16.591-1920x1440.jpeg\" data-caption=\"[]\" data-meta=\"[]\"  data-size=\"{&quot;width&quot;:1920,&quot;height&quot;:1440}\" data-download=\"[]\" data-filename=\"{&quot;name&quot;:&quot;&quot;}\"><img loading=\"lazy\" decoding=\"async\" width=\"378\" height=\"284\" src=\"https:\/\/foto.praha-19.ys-beta.cz\/app\/uploads\/2024\/02\/WhatsApp-Image-2023-06-21-at-11.16.591-378x284.jpeg\" class=\"attachment-pinhole-col-3 size-pinhole-col-3\" alt=\"\" srcset=\"https:\/\/foto.praha-19.ys-beta.cz\/app\/uploads\/2024\/02\/WhatsApp-Image-2023-06-21-at-11.16.591-378x284.jpeg 378w, https:\/\/foto.praha-19.ys-beta.cz\/app\/uploads\/2024\/02\/WhatsApp-Image-2023-06-21-at-11.16.591-300x225.jpeg 300w, https:\/\/foto.praha-19.ys-beta.cz\/app\/uploads\/2024\/02\/WhatsApp-Image-2023-06-21-at-11.16.591-1024x768.jpeg 1024w, https:\/\/foto.praha-19.ys-beta.cz\/app\/uploads\/2024\/02\/WhatsApp-Image-2023-06-21-at-11.16.591-768x576.jpeg 768w, https:\/\/foto.praha-19.ys-beta.cz\/app\/uploads\/2024\/02\/WhatsApp-Image-2023-06-21-at-11.16.591-1536x1152.jpeg 1536w, https:\/\/foto.praha-19.ys-beta.cz\/app\/uploads\/2024\/02\/WhatsApp-Image-2023-06-21-at-11.16.591-1194x896.jpeg 1194w, https:\/\/foto.praha-19.ys-beta.cz\/app\/uploads\/2024\/02\/WhatsApp-Image-2023-06-21-at-11.16.591-582x437.jpeg 582w, https:\/\/foto.praha-19.ys-beta.cz\/app\/uploads\/2024\/02\/WhatsApp-Image-2023-06-21-at-11.16.591-276x207.jpeg 276w, https:\/\/foto.praha-19.ys-beta.cz\/app\/uploads\/2024\/02\/WhatsApp-Image-2023-06-21-at-11.16.591-600x450.jpeg 600w, https:\/\/foto.praha-19.ys-beta.cz\/app\/uploads\/2024\/02\/WhatsApp-Image-2023-06-21-at-11.16.591-1920x1440.jpeg 1920w, https:\/\/foto.praha-19.ys-beta.cz\/app\/uploads\/2024\/02\/WhatsApp-Image-2023-06-21-at-11.16.591.jpeg 2048w\" sizes=\"auto, (max-width: 378px) 100vw, 378px\" \/><\/a><\/div><div class='pinhole-item col-xs-12 col-lg-4 col-md-4 col-sm-6  '><a class=\"item-link\" href=\"https:\/\/foto.praha-19.ys-beta.cz\/app\/uploads\/2024\/02\/WhatsApp-Image-2023-06-21-at-11.16.584-1920x1440.jpeg\" data-caption=\"[]\" data-meta=\"[]\"  data-size=\"{&quot;width&quot;:1920,&quot;height&quot;:1440}\" data-download=\"[]\" data-filename=\"{&quot;name&quot;:&quot;&quot;}\"><img loading=\"lazy\" decoding=\"async\" width=\"378\" height=\"284\" src=\"https:\/\/foto.praha-19.ys-beta.cz\/app\/uploads\/2024\/02\/WhatsApp-Image-2023-06-21-at-11.16.584-378x284.jpeg\" class=\"attachment-pinhole-col-3 size-pinhole-col-3\" alt=\"\" srcset=\"https:\/\/foto.praha-19.ys-beta.cz\/app\/uploads\/2024\/02\/WhatsApp-Image-2023-06-21-at-11.16.584-378x284.jpeg 378w, https:\/\/foto.praha-19.ys-beta.cz\/app\/uploads\/2024\/02\/WhatsApp-Image-2023-06-21-at-11.16.584-300x225.jpeg 300w, https:\/\/foto.praha-19.ys-beta.cz\/app\/uploads\/2024\/02\/WhatsApp-Image-2023-06-21-at-11.16.584-1024x768.jpeg 1024w, https:\/\/foto.praha-19.ys-beta.cz\/app\/uploads\/2024\/02\/WhatsApp-Image-2023-06-21-at-11.16.584-768x576.jpeg 768w, https:\/\/foto.praha-19.ys-beta.cz\/app\/uploads\/2024\/02\/WhatsApp-Image-2023-06-21-at-11.16.584-1536x1152.jpeg 1536w, https:\/\/foto.praha-19.ys-beta.cz\/app\/uploads\/2024\/02\/WhatsApp-Image-2023-06-21-at-11.16.584-1194x896.jpeg 1194w, https:\/\/foto.praha-19.ys-beta.cz\/app\/uploads\/2024\/02\/WhatsApp-Image-2023-06-21-at-11.16.584-582x437.jpeg 582w, https:\/\/foto.praha-19.ys-beta.cz\/app\/uploads\/2024\/02\/WhatsApp-Image-2023-06-21-at-11.16.584-276x207.jpeg 276w, https:\/\/foto.praha-19.ys-beta.cz\/app\/uploads\/2024\/02\/WhatsApp-Image-2023-06-21-at-11.16.584-600x450.jpeg 600w, https:\/\/foto.praha-19.ys-beta.cz\/app\/uploads\/2024\/02\/WhatsApp-Image-2023-06-21-at-11.16.584-1920x1440.jpeg 1920w, https:\/\/foto.praha-19.ys-beta.cz\/app\/uploads\/2024\/02\/WhatsApp-Image-2023-06-21-at-11.16.584.jpeg 2048w\" sizes=\"auto, (max-width: 378px) 100vw, 378px\" \/><\/a><\/div><div class='pinhole-item col-xs-12 col-lg-4 col-md-4 col-sm-6  '><a class=\"item-link\" href=\"https:\/\/foto.praha-19.ys-beta.cz\/app\/uploads\/2024\/02\/WhatsApp-Image-2023-06-21-at-11.16.582-1440x1920.jpeg\" data-caption=\"[]\" data-meta=\"[]\"  data-size=\"{&quot;width&quot;:1440,&quot;height&quot;:1920}\" data-download=\"[]\" data-filename=\"{&quot;name&quot;:&quot;&quot;}\"><img loading=\"lazy\" decoding=\"async\" width=\"378\" height=\"504\" src=\"https:\/\/foto.praha-19.ys-beta.cz\/app\/uploads\/2024\/02\/WhatsApp-Image-2023-06-21-at-11.16.582-378x504.jpeg\" class=\"attachment-pinhole-col-3 size-pinhole-col-3\" alt=\"\" srcset=\"https:\/\/foto.praha-19.ys-beta.cz\/app\/uploads\/2024\/02\/WhatsApp-Image-2023-06-21-at-11.16.582-378x504.jpeg 378w, https:\/\/foto.praha-19.ys-beta.cz\/app\/uploads\/2024\/02\/WhatsApp-Image-2023-06-21-at-11.16.582-225x300.jpeg 225w, https:\/\/foto.praha-19.ys-beta.cz\/app\/uploads\/2024\/02\/WhatsApp-Image-2023-06-21-at-11.16.582-768x1024.jpeg 768w, https:\/\/foto.praha-19.ys-beta.cz\/app\/uploads\/2024\/02\/WhatsApp-Image-2023-06-21-at-11.16.582-1152x1536.jpeg 1152w, https:\/\/foto.praha-19.ys-beta.cz\/app\/uploads\/2024\/02\/WhatsApp-Image-2023-06-21-at-11.16.582-1194x1592.jpeg 1194w, https:\/\/foto.praha-19.ys-beta.cz\/app\/uploads\/2024\/02\/WhatsApp-Image-2023-06-21-at-11.16.582-582x776.jpeg 582w, https:\/\/foto.praha-19.ys-beta.cz\/app\/uploads\/2024\/02\/WhatsApp-Image-2023-06-21-at-11.16.582-276x368.jpeg 276w, https:\/\/foto.praha-19.ys-beta.cz\/app\/uploads\/2024\/02\/WhatsApp-Image-2023-06-21-at-11.16.582-338x450.jpeg 338w, https:\/\/foto.praha-19.ys-beta.cz\/app\/uploads\/2024\/02\/WhatsApp-Image-2023-06-21-at-11.16.582-1440x1920.jpeg 1440w, https:\/\/foto.praha-19.ys-beta.cz\/app\/uploads\/2024\/02\/WhatsApp-Image-2023-06-21-at-11.16.582.jpeg 1536w\" sizes=\"auto, (max-width: 378px) 100vw, 378px\" \/><\/a><\/div><div class='pinhole-item col-xs-12 col-lg-4 col-md-4 col-sm-6  '><a class=\"item-link\" href=\"https:\/\/foto.praha-19.ys-beta.cz\/app\/uploads\/2024\/02\/WhatsApp-Image-2023-06-21-at-11.16.57-1920x1440.jpeg\" data-caption=\"[]\" data-meta=\"[]\"  data-size=\"{&quot;width&quot;:1920,&quot;height&quot;:1440}\" data-download=\"[]\" data-filename=\"{&quot;name&quot;:&quot;&quot;}\"><img loading=\"lazy\" decoding=\"async\" width=\"378\" height=\"284\" src=\"https:\/\/foto.praha-19.ys-beta.cz\/app\/uploads\/2024\/02\/WhatsApp-Image-2023-06-21-at-11.16.57-378x284.jpeg\" class=\"attachment-pinhole-col-3 size-pinhole-col-3\" alt=\"\" srcset=\"https:\/\/foto.praha-19.ys-beta.cz\/app\/uploads\/2024\/02\/WhatsApp-Image-2023-06-21-at-11.16.57-378x284.jpeg 378w, https:\/\/foto.praha-19.ys-beta.cz\/app\/uploads\/2024\/02\/WhatsApp-Image-2023-06-21-at-11.16.57-300x225.jpeg 300w, https:\/\/foto.praha-19.ys-beta.cz\/app\/uploads\/2024\/02\/WhatsApp-Image-2023-06-21-at-11.16.57-1024x768.jpeg 1024w, https:\/\/foto.praha-19.ys-beta.cz\/app\/uploads\/2024\/02\/WhatsApp-Image-2023-06-21-at-11.16.57-768x576.jpeg 768w, https:\/\/foto.praha-19.ys-beta.cz\/app\/uploads\/2024\/02\/WhatsApp-Image-2023-06-21-at-11.16.57-1536x1152.jpeg 1536w, https:\/\/foto.praha-19.ys-beta.cz\/app\/uploads\/2024\/02\/WhatsApp-Image-2023-06-21-at-11.16.57-1194x896.jpeg 1194w, https:\/\/foto.praha-19.ys-beta.cz\/app\/uploads\/2024\/02\/WhatsApp-Image-2023-06-21-at-11.16.57-582x437.jpeg 582w, https:\/\/foto.praha-19.ys-beta.cz\/app\/uploads\/2024\/02\/WhatsApp-Image-2023-06-21-at-11.16.57-276x207.jpeg 276w, https:\/\/foto.praha-19.ys-beta.cz\/app\/uploads\/2024\/02\/WhatsApp-Image-2023-06-21-at-11.16.57-600x450.jpeg 600w, https:\/\/foto.praha-19.ys-beta.cz\/app\/uploads\/2024\/02\/WhatsApp-Image-2023-06-21-at-11.16.57-1920x1440.jpeg 1920w, https:\/\/foto.praha-19.ys-beta.cz\/app\/uploads\/2024\/02\/WhatsApp-Image-2023-06-21-at-11.16.57.jpeg 2048w\" sizes=\"auto, (max-width: 378px) 100vw, 378px\" \/><\/a><\/div><div class='pinhole-item col-xs-12 col-lg-4 col-md-4 col-sm-6  '><a class=\"item-link\" href=\"https:\/\/foto.praha-19.ys-beta.cz\/app\/uploads\/2024\/02\/WhatsApp-Image-2023-06-21-at-11.16.577-1920x1440.jpeg\" data-caption=\"[]\" data-meta=\"[]\"  data-size=\"{&quot;width&quot;:1920,&quot;height&quot;:1440}\" data-download=\"[]\" data-filename=\"{&quot;name&quot;:&quot;&quot;}\"><img loading=\"lazy\" decoding=\"async\" width=\"378\" height=\"284\" src=\"https:\/\/foto.praha-19.ys-beta.cz\/app\/uploads\/2024\/02\/WhatsApp-Image-2023-06-21-at-11.16.577-378x284.jpeg\" class=\"attachment-pinhole-col-3 size-pinhole-col-3\" alt=\"\" srcset=\"https:\/\/foto.praha-19.ys-beta.cz\/app\/uploads\/2024\/02\/WhatsApp-Image-2023-06-21-at-11.16.577-378x284.jpeg 378w, https:\/\/foto.praha-19.ys-beta.cz\/app\/uploads\/2024\/02\/WhatsApp-Image-2023-06-21-at-11.16.577-300x225.jpeg 300w, https:\/\/foto.praha-19.ys-beta.cz\/app\/uploads\/2024\/02\/WhatsApp-Image-2023-06-21-at-11.16.577-1024x768.jpeg 1024w, https:\/\/foto.praha-19.ys-beta.cz\/app\/uploads\/2024\/02\/WhatsApp-Image-2023-06-21-at-11.16.577-768x576.jpeg 768w, https:\/\/foto.praha-19.ys-beta.cz\/app\/uploads\/2024\/02\/WhatsApp-Image-2023-06-21-at-11.16.577-1536x1152.jpeg 1536w, https:\/\/foto.praha-19.ys-beta.cz\/app\/uploads\/2024\/02\/WhatsApp-Image-2023-06-21-at-11.16.577-1194x896.jpeg 1194w, https:\/\/foto.praha-19.ys-beta.cz\/app\/uploads\/2024\/02\/WhatsApp-Image-2023-06-21-at-11.16.577-582x437.jpeg 582w, https:\/\/foto.praha-19.ys-beta.cz\/app\/uploads\/2024\/02\/WhatsApp-Image-2023-06-21-at-11.16.577-276x207.jpeg 276w, https:\/\/foto.praha-19.ys-beta.cz\/app\/uploads\/2024\/02\/WhatsApp-Image-2023-06-21-at-11.16.577-600x450.jpeg 600w, https:\/\/foto.praha-19.ys-beta.cz\/app\/uploads\/2024\/02\/WhatsApp-Image-2023-06-21-at-11.16.577-1920x1440.jpeg 1920w, https:\/\/foto.praha-19.ys-beta.cz\/app\/uploads\/2024\/02\/WhatsApp-Image-2023-06-21-at-11.16.577.jpeg 2048w\" sizes=\"auto, (max-width: 378px) 100vw, 378px\" \/><\/a><\/div><div class='pinhole-item col-xs-12 col-lg-4 col-md-4 col-sm-6  '><a class=\"item-link\" href=\"https:\/\/foto.praha-19.ys-beta.cz\/app\/uploads\/2024\/02\/WhatsApp-Image-2023-06-21-at-11.16.561-1920x1440.jpeg\" data-caption=\"[]\" data-meta=\"[]\"  data-size=\"{&quot;width&quot;:1920,&quot;height&quot;:1440}\" data-download=\"[]\" data-filename=\"{&quot;name&quot;:&quot;&quot;}\"><img loading=\"lazy\" decoding=\"async\" width=\"378\" height=\"284\" src=\"https:\/\/foto.praha-19.ys-beta.cz\/app\/uploads\/2024\/02\/WhatsApp-Image-2023-06-21-at-11.16.561-378x284.jpeg\" class=\"attachment-pinhole-col-3 size-pinhole-col-3\" alt=\"\" srcset=\"https:\/\/foto.praha-19.ys-beta.cz\/app\/uploads\/2024\/02\/WhatsApp-Image-2023-06-21-at-11.16.561-378x284.jpeg 378w, https:\/\/foto.praha-19.ys-beta.cz\/app\/uploads\/2024\/02\/WhatsApp-Image-2023-06-21-at-11.16.561-300x225.jpeg 300w, https:\/\/foto.praha-19.ys-beta.cz\/app\/uploads\/2024\/02\/WhatsApp-Image-2023-06-21-at-11.16.561-1024x768.jpeg 1024w, https:\/\/foto.praha-19.ys-beta.cz\/app\/uploads\/2024\/02\/WhatsApp-Image-2023-06-21-at-11.16.561-768x576.jpeg 768w, https:\/\/foto.praha-19.ys-beta.cz\/app\/uploads\/2024\/02\/WhatsApp-Image-2023-06-21-at-11.16.561-1536x1152.jpeg 1536w, https:\/\/foto.praha-19.ys-beta.cz\/app\/uploads\/2024\/02\/WhatsApp-Image-2023-06-21-at-11.16.561-1194x896.jpeg 1194w, https:\/\/foto.praha-19.ys-beta.cz\/app\/uploads\/2024\/02\/WhatsApp-Image-2023-06-21-at-11.16.561-582x437.jpeg 582w, https:\/\/foto.praha-19.ys-beta.cz\/app\/uploads\/2024\/02\/WhatsApp-Image-2023-06-21-at-11.16.561-276x207.jpeg 276w, https:\/\/foto.praha-19.ys-beta.cz\/app\/uploads\/2024\/02\/WhatsApp-Image-2023-06-21-at-11.16.561-600x450.jpeg 600w, https:\/\/foto.praha-19.ys-beta.cz\/app\/uploads\/2024\/02\/WhatsApp-Image-2023-06-21-at-11.16.561-1920x1440.jpeg 1920w, https:\/\/foto.praha-19.ys-beta.cz\/app\/uploads\/2024\/02\/WhatsApp-Image-2023-06-21-at-11.16.561.jpeg 2000w\" sizes=\"auto, (max-width: 378px) 100vw, 378px\" \/><\/a><\/div><div class='pinhole-item col-xs-12 col-lg-4 col-md-4 col-sm-6  '><a class=\"item-link\" href=\"https:\/\/foto.praha-19.ys-beta.cz\/app\/uploads\/2024\/02\/WhatsApp-Image-2023-06-21-at-11.16.52-1440x1920.jpeg\" data-caption=\"[]\" data-meta=\"[]\"  data-size=\"{&quot;width&quot;:1440,&quot;height&quot;:1920}\" data-download=\"[]\" data-filename=\"{&quot;name&quot;:&quot;&quot;}\"><img loading=\"lazy\" decoding=\"async\" width=\"378\" height=\"504\" src=\"https:\/\/foto.praha-19.ys-beta.cz\/app\/uploads\/2024\/02\/WhatsApp-Image-2023-06-21-at-11.16.52-378x504.jpeg\" class=\"attachment-pinhole-col-3 size-pinhole-col-3\" alt=\"\" srcset=\"https:\/\/foto.praha-19.ys-beta.cz\/app\/uploads\/2024\/02\/WhatsApp-Image-2023-06-21-at-11.16.52-378x504.jpeg 378w, https:\/\/foto.praha-19.ys-beta.cz\/app\/uploads\/2024\/02\/WhatsApp-Image-2023-06-21-at-11.16.52-225x300.jpeg 225w, https:\/\/foto.praha-19.ys-beta.cz\/app\/uploads\/2024\/02\/WhatsApp-Image-2023-06-21-at-11.16.52-768x1024.jpeg 768w, https:\/\/foto.praha-19.ys-beta.cz\/app\/uploads\/2024\/02\/WhatsApp-Image-2023-06-21-at-11.16.52-1152x1536.jpeg 1152w, https:\/\/foto.praha-19.ys-beta.cz\/app\/uploads\/2024\/02\/WhatsApp-Image-2023-06-21-at-11.16.52-1194x1592.jpeg 1194w, https:\/\/foto.praha-19.ys-beta.cz\/app\/uploads\/2024\/02\/WhatsApp-Image-2023-06-21-at-11.16.52-582x776.jpeg 582w, https:\/\/foto.praha-19.ys-beta.cz\/app\/uploads\/2024\/02\/WhatsApp-Image-2023-06-21-at-11.16.52-276x368.jpeg 276w, https:\/\/foto.praha-19.ys-beta.cz\/app\/uploads\/2024\/02\/WhatsApp-Image-2023-06-21-at-11.16.52-338x450.jpeg 338w, https:\/\/foto.praha-19.ys-beta.cz\/app\/uploads\/2024\/02\/WhatsApp-Image-2023-06-21-at-11.16.52-1440x1920.jpeg 1440w, https:\/\/foto.praha-19.ys-beta.cz\/app\/uploads\/2024\/02\/WhatsApp-Image-2023-06-21-at-11.16.52.jpeg 1536w\" sizes=\"auto, (max-width: 378px) 100vw, 378px\" \/><\/a><\/div><div class='pinhole-item col-xs-12 col-lg-4 col-md-4 col-sm-6  '><a class=\"item-link\" href=\"https:\/\/foto.praha-19.ys-beta.cz\/app\/uploads\/2024\/02\/WhatsApp-Image-2023-06-21-at-11.16.48-1920x1440.jpeg\" data-caption=\"[]\" data-meta=\"[]\"  data-size=\"{&quot;width&quot;:1920,&quot;height&quot;:1440}\" data-download=\"[]\" data-filename=\"{&quot;name&quot;:&quot;&quot;}\"><img loading=\"lazy\" decoding=\"async\" width=\"378\" height=\"284\" src=\"https:\/\/foto.praha-19.ys-beta.cz\/app\/uploads\/2024\/02\/WhatsApp-Image-2023-06-21-at-11.16.48-378x284.jpeg\" class=\"attachment-pinhole-col-3 size-pinhole-col-3\" alt=\"\" srcset=\"https:\/\/foto.praha-19.ys-beta.cz\/app\/uploads\/2024\/02\/WhatsApp-Image-2023-06-21-at-11.16.48-378x284.jpeg 378w, https:\/\/foto.praha-19.ys-beta.cz\/app\/uploads\/2024\/02\/WhatsApp-Image-2023-06-21-at-11.16.48-300x225.jpeg 300w, https:\/\/foto.praha-19.ys-beta.cz\/app\/uploads\/2024\/02\/WhatsApp-Image-2023-06-21-at-11.16.48-1024x768.jpeg 1024w, https:\/\/foto.praha-19.ys-beta.cz\/app\/uploads\/2024\/02\/WhatsApp-Image-2023-06-21-at-11.16.48-768x576.jpeg 768w, https:\/\/foto.praha-19.ys-beta.cz\/app\/uploads\/2024\/02\/WhatsApp-Image-2023-06-21-at-11.16.48-1536x1152.jpeg 1536w, https:\/\/foto.praha-19.ys-beta.cz\/app\/uploads\/2024\/02\/WhatsApp-Image-2023-06-21-at-11.16.48-1194x896.jpeg 1194w, https:\/\/foto.praha-19.ys-beta.cz\/app\/uploads\/2024\/02\/WhatsApp-Image-2023-06-21-at-11.16.48-582x437.jpeg 582w, https:\/\/foto.praha-19.ys-beta.cz\/app\/uploads\/2024\/02\/WhatsApp-Image-2023-06-21-at-11.16.48-276x207.jpeg 276w, https:\/\/foto.praha-19.ys-beta.cz\/app\/uploads\/2024\/02\/WhatsApp-Image-2023-06-21-at-11.16.48-600x450.jpeg 600w, https:\/\/foto.praha-19.ys-beta.cz\/app\/uploads\/2024\/02\/WhatsApp-Image-2023-06-21-at-11.16.48-1920x1440.jpeg 1920w, https:\/\/foto.praha-19.ys-beta.cz\/app\/uploads\/2024\/02\/WhatsApp-Image-2023-06-21-at-11.16.48.jpeg 2000w\" sizes=\"auto, (max-width: 378px) 100vw, 378px\" \/><\/a><\/div>\n\t\t<\/div>\n","protected":false},"excerpt":{"rendered":"<p>Sout\u011b\u017ee pod z\u00e1\u0161titou Prahy 19 se celkem z\u00fa\u010dastnilo sout\u011b\u017ee 596 sout\u011b\u017e\u00edc\u00edch. V I. t\u00e9matu: Rybn\u00edky, jezera, \u0159eky, mo\u0159e: 202 sout\u011b\u017e\u00edc\u00edch V II. t\u00e9matu Poh\u00e1dkov\u00fd les: 274 sout\u011b\u017e\u00edc\u00edch Ve III. t\u00e9matu Abstrakce na voln\u00e9 t\u00e9ma: 109 sout\u011b\u017e\u00edc\u00edch Ve IV. t\u00e9matu Praha 19 &#8211; Kbely: 11 sout\u011b\u017e\u00edc\u00edch Na stupn\u00edch v\u00edt\u011bz\u016f bylo p\u0159ed\u00e1no celkem 74 cen. Rozd\u011bleny byly [&hellip;]<\/p>\n","protected":false},"author":7,"featured_media":13277,"parent":7798,"menu_order":55,"comment_status":"closed","ping_status":"closed","template":"","meta":{"footnotes":""},"class_list":["post-14388","page","type-page","status-publish","has-post-thumbnail","hentry"],"yoast_head":"<!-- This site is optimized with the Yoast SEO plugin v27.2 - https:\/\/yoast.com\/product\/yoast-seo-wordpress\/ -->\n<title>V\u00fdtvarn\u00e1 sout\u011b\u017e \u010darod\u011bjky Kbelky II. ro\u010dn\u00edk - Fotogalerie - Praha 19<\/title>\n<meta name=\"robots\" content=\"noindex, follow, max-snippet:-1, max-image-preview:large, max-video-preview:-1\" \/>\n<meta property=\"og:locale\" content=\"cs_CZ\" \/>\n<meta property=\"og:type\" content=\"article\" \/>\n<meta property=\"og:title\" content=\"V\u00fdtvarn\u00e1 sout\u011b\u017e \u010darod\u011bjky Kbelky II. ro\u010dn\u00edk - Fotogalerie - Praha 19\" \/>\n<meta property=\"og:description\" content=\"Sout\u011b\u017ee pod z\u00e1\u0161titou Prahy 19 se celkem z\u00fa\u010dastnilo sout\u011b\u017ee 596 sout\u011b\u017e\u00edc\u00edch. V I. t\u00e9matu: Rybn\u00edky, jezera, \u0159eky, mo\u0159e: 202 sout\u011b\u017e\u00edc\u00edch V II. t\u00e9matu Poh\u00e1dkov\u00fd les: 274 sout\u011b\u017e\u00edc\u00edch Ve III. t\u00e9matu Abstrakce na voln\u00e9 t\u00e9ma: 109 sout\u011b\u017e\u00edc\u00edch Ve IV. t\u00e9matu Praha 19 &#8211; Kbely: 11 sout\u011b\u017e\u00edc\u00edch Na stupn\u00edch v\u00edt\u011bz\u016f bylo p\u0159ed\u00e1no celkem 74 cen. Rozd\u011bleny byly [&hellip;]\" \/>\n<meta property=\"og:url\" content=\"https:\/\/foto.praha-19.ys-beta.cz\/index.php\/rok-2023\/vytvarna-soutez-carodejky-kbelky-ii-rocnik\/\" \/>\n<meta property=\"og:site_name\" content=\"Fotogalerie - Praha 19\" \/>\n<meta property=\"article:modified_time\" content=\"2024-03-04T09:21:18+00:00\" \/>\n<meta property=\"og:image\" content=\"https:\/\/foto.praha-19.ys-beta.cz\/app\/uploads\/2024\/02\/WhatsApp-Image-2023-06-21-at-11.16.595.jpeg\" \/>\n\t<meta property=\"og:image:width\" content=\"1536\" \/>\n\t<meta property=\"og:image:height\" content=\"2048\" \/>\n\t<meta property=\"og:image:type\" content=\"image\/jpeg\" \/>\n<meta name=\"twitter:card\" content=\"summary_large_image\" \/>\n<meta name=\"twitter:label1\" content=\"Est. reading time\" \/>\n\t<meta name=\"twitter:data1\" content=\"9 minut\" \/>\n<script type=\"application\/ld+json\" class=\"yoast-schema-graph\">{\"@context\":\"https:\/\/schema.org\",\"@graph\":[{\"@type\":\"WebPage\",\"@id\":\"https:\/\/foto.praha-19.ys-beta.cz\/index.php\/rok-2023\/vytvarna-soutez-carodejky-kbelky-ii-rocnik\/\",\"url\":\"https:\/\/foto.praha-19.ys-beta.cz\/index.php\/rok-2023\/vytvarna-soutez-carodejky-kbelky-ii-rocnik\/\",\"name\":\"V\u00fdtvarn\u00e1 sout\u011b\u017e \u010darod\u011bjky Kbelky II. ro\u010dn\u00edk - Fotogalerie - Praha 19\",\"isPartOf\":{\"@id\":\"https:\/\/foto.praha-19.ys-beta.cz\/#website\"},\"primaryImageOfPage\":{\"@id\":\"https:\/\/foto.praha-19.ys-beta.cz\/index.php\/rok-2023\/vytvarna-soutez-carodejky-kbelky-ii-rocnik\/#primaryimage\"},\"image\":{\"@id\":\"https:\/\/foto.praha-19.ys-beta.cz\/index.php\/rok-2023\/vytvarna-soutez-carodejky-kbelky-ii-rocnik\/#primaryimage\"},\"thumbnailUrl\":\"https:\/\/foto.praha-19.ys-beta.cz\/app\/uploads\/2024\/02\/WhatsApp-Image-2023-06-21-at-11.16.595.jpeg\",\"datePublished\":\"2023-06-26T15:26:00+00:00\",\"dateModified\":\"2024-03-04T09:21:18+00:00\",\"breadcrumb\":{\"@id\":\"https:\/\/foto.praha-19.ys-beta.cz\/index.php\/rok-2023\/vytvarna-soutez-carodejky-kbelky-ii-rocnik\/#breadcrumb\"},\"inLanguage\":\"cs\",\"potentialAction\":[{\"@type\":\"ReadAction\",\"target\":[\"https:\/\/foto.praha-19.ys-beta.cz\/index.php\/rok-2023\/vytvarna-soutez-carodejky-kbelky-ii-rocnik\/\"]}]},{\"@type\":\"ImageObject\",\"inLanguage\":\"cs\",\"@id\":\"https:\/\/foto.praha-19.ys-beta.cz\/index.php\/rok-2023\/vytvarna-soutez-carodejky-kbelky-ii-rocnik\/#primaryimage\",\"url\":\"https:\/\/foto.praha-19.ys-beta.cz\/app\/uploads\/2024\/02\/WhatsApp-Image-2023-06-21-at-11.16.595.jpeg\",\"contentUrl\":\"https:\/\/foto.praha-19.ys-beta.cz\/app\/uploads\/2024\/02\/WhatsApp-Image-2023-06-21-at-11.16.595.jpeg\",\"width\":1536,\"height\":2048},{\"@type\":\"BreadcrumbList\",\"@id\":\"https:\/\/foto.praha-19.ys-beta.cz\/index.php\/rok-2023\/vytvarna-soutez-carodejky-kbelky-ii-rocnik\/#breadcrumb\",\"itemListElement\":[{\"@type\":\"ListItem\",\"position\":1,\"name\":\"Home\",\"item\":\"https:\/\/foto.praha-19.ys-beta.cz\/\"},{\"@type\":\"ListItem\",\"position\":2,\"name\":\"Rok 2023\",\"item\":\"https:\/\/foto.praha-19.ys-beta.cz\/index.php\/rok-2023\/\"},{\"@type\":\"ListItem\",\"position\":3,\"name\":\"V\u00fdtvarn\u00e1 sout\u011b\u017e \u010darod\u011bjky Kbelky II. ro\u010dn\u00edk\"}]},{\"@type\":\"WebSite\",\"@id\":\"https:\/\/foto.praha-19.ys-beta.cz\/#website\",\"url\":\"https:\/\/foto.praha-19.ys-beta.cz\/\",\"name\":\"Fotogalerie - Praha 19\",\"description\":\"Fotogalerie m\u011bstsk\u00e9 \u010d\u00e1sti Praha 19\",\"potentialAction\":[{\"@type\":\"SearchAction\",\"target\":{\"@type\":\"EntryPoint\",\"urlTemplate\":\"https:\/\/foto.praha-19.ys-beta.cz\/?s={search_term_string}\"},\"query-input\":{\"@type\":\"PropertyValueSpecification\",\"valueRequired\":true,\"valueName\":\"search_term_string\"}}],\"inLanguage\":\"cs\"}]}<\/script>\n<!-- \/ Yoast SEO plugin. -->","yoast_head_json":{"title":"V\u00fdtvarn\u00e1 sout\u011b\u017e \u010darod\u011bjky Kbelky II. ro\u010dn\u00edk - Fotogalerie - Praha 19","robots":{"index":"noindex","follow":"follow","max-snippet":"max-snippet:-1","max-image-preview":"max-image-preview:large","max-video-preview":"max-video-preview:-1"},"og_locale":"cs_CZ","og_type":"article","og_title":"V\u00fdtvarn\u00e1 sout\u011b\u017e \u010darod\u011bjky Kbelky II. ro\u010dn\u00edk - Fotogalerie - Praha 19","og_description":"Sout\u011b\u017ee pod z\u00e1\u0161titou Prahy 19 se celkem z\u00fa\u010dastnilo sout\u011b\u017ee 596 sout\u011b\u017e\u00edc\u00edch. V I. t\u00e9matu: Rybn\u00edky, jezera, \u0159eky, mo\u0159e: 202 sout\u011b\u017e\u00edc\u00edch V II. t\u00e9matu Poh\u00e1dkov\u00fd les: 274 sout\u011b\u017e\u00edc\u00edch Ve III. t\u00e9matu Abstrakce na voln\u00e9 t\u00e9ma: 109 sout\u011b\u017e\u00edc\u00edch Ve IV. t\u00e9matu Praha 19 &#8211; Kbely: 11 sout\u011b\u017e\u00edc\u00edch Na stupn\u00edch v\u00edt\u011bz\u016f bylo p\u0159ed\u00e1no celkem 74 cen. Rozd\u011bleny byly [&hellip;]","og_url":"https:\/\/foto.praha-19.ys-beta.cz\/index.php\/rok-2023\/vytvarna-soutez-carodejky-kbelky-ii-rocnik\/","og_site_name":"Fotogalerie - Praha 19","article_modified_time":"2024-03-04T09:21:18+00:00","og_image":[{"width":1536,"height":2048,"url":"https:\/\/foto.praha-19.ys-beta.cz\/app\/uploads\/2024\/02\/WhatsApp-Image-2023-06-21-at-11.16.595.jpeg","type":"image\/jpeg"}],"twitter_card":"summary_large_image","twitter_misc":{"Est. reading time":"9 minut"},"schema":{"@context":"https:\/\/schema.org","@graph":[{"@type":"WebPage","@id":"https:\/\/foto.praha-19.ys-beta.cz\/index.php\/rok-2023\/vytvarna-soutez-carodejky-kbelky-ii-rocnik\/","url":"https:\/\/foto.praha-19.ys-beta.cz\/index.php\/rok-2023\/vytvarna-soutez-carodejky-kbelky-ii-rocnik\/","name":"V\u00fdtvarn\u00e1 sout\u011b\u017e \u010darod\u011bjky Kbelky II. ro\u010dn\u00edk - Fotogalerie - Praha 19","isPartOf":{"@id":"https:\/\/foto.praha-19.ys-beta.cz\/#website"},"primaryImageOfPage":{"@id":"https:\/\/foto.praha-19.ys-beta.cz\/index.php\/rok-2023\/vytvarna-soutez-carodejky-kbelky-ii-rocnik\/#primaryimage"},"image":{"@id":"https:\/\/foto.praha-19.ys-beta.cz\/index.php\/rok-2023\/vytvarna-soutez-carodejky-kbelky-ii-rocnik\/#primaryimage"},"thumbnailUrl":"https:\/\/foto.praha-19.ys-beta.cz\/app\/uploads\/2024\/02\/WhatsApp-Image-2023-06-21-at-11.16.595.jpeg","datePublished":"2023-06-26T15:26:00+00:00","dateModified":"2024-03-04T09:21:18+00:00","breadcrumb":{"@id":"https:\/\/foto.praha-19.ys-beta.cz\/index.php\/rok-2023\/vytvarna-soutez-carodejky-kbelky-ii-rocnik\/#breadcrumb"},"inLanguage":"cs","potentialAction":[{"@type":"ReadAction","target":["https:\/\/foto.praha-19.ys-beta.cz\/index.php\/rok-2023\/vytvarna-soutez-carodejky-kbelky-ii-rocnik\/"]}]},{"@type":"ImageObject","inLanguage":"cs","@id":"https:\/\/foto.praha-19.ys-beta.cz\/index.php\/rok-2023\/vytvarna-soutez-carodejky-kbelky-ii-rocnik\/#primaryimage","url":"https:\/\/foto.praha-19.ys-beta.cz\/app\/uploads\/2024\/02\/WhatsApp-Image-2023-06-21-at-11.16.595.jpeg","contentUrl":"https:\/\/foto.praha-19.ys-beta.cz\/app\/uploads\/2024\/02\/WhatsApp-Image-2023-06-21-at-11.16.595.jpeg","width":1536,"height":2048},{"@type":"BreadcrumbList","@id":"https:\/\/foto.praha-19.ys-beta.cz\/index.php\/rok-2023\/vytvarna-soutez-carodejky-kbelky-ii-rocnik\/#breadcrumb","itemListElement":[{"@type":"ListItem","position":1,"name":"Home","item":"https:\/\/foto.praha-19.ys-beta.cz\/"},{"@type":"ListItem","position":2,"name":"Rok 2023","item":"https:\/\/foto.praha-19.ys-beta.cz\/index.php\/rok-2023\/"},{"@type":"ListItem","position":3,"name":"V\u00fdtvarn\u00e1 sout\u011b\u017e \u010darod\u011bjky Kbelky II. ro\u010dn\u00edk"}]},{"@type":"WebSite","@id":"https:\/\/foto.praha-19.ys-beta.cz\/#website","url":"https:\/\/foto.praha-19.ys-beta.cz\/","name":"Fotogalerie - Praha 19","description":"Fotogalerie m\u011bstsk\u00e9 \u010d\u00e1sti Praha 19","potentialAction":[{"@type":"SearchAction","target":{"@type":"EntryPoint","urlTemplate":"https:\/\/foto.praha-19.ys-beta.cz\/?s={search_term_string}"},"query-input":{"@type":"PropertyValueSpecification","valueRequired":true,"valueName":"search_term_string"}}],"inLanguage":"cs"}]}},"_links":{"self":[{"href":"https:\/\/foto.praha-19.ys-beta.cz\/index.php\/wp-json\/wp\/v2\/pages\/14388","targetHints":{"allow":["GET"]}}],"collection":[{"href":"https:\/\/foto.praha-19.ys-beta.cz\/index.php\/wp-json\/wp\/v2\/pages"}],"about":[{"href":"https:\/\/foto.praha-19.ys-beta.cz\/index.php\/wp-json\/wp\/v2\/types\/page"}],"author":[{"embeddable":true,"href":"https:\/\/foto.praha-19.ys-beta.cz\/index.php\/wp-json\/wp\/v2\/users\/7"}],"replies":[{"embeddable":true,"href":"https:\/\/foto.praha-19.ys-beta.cz\/index.php\/wp-json\/wp\/v2\/comments?post=14388"}],"version-history":[{"count":1,"href":"https:\/\/foto.praha-19.ys-beta.cz\/index.php\/wp-json\/wp\/v2\/pages\/14388\/revisions"}],"predecessor-version":[{"id":14389,"href":"https:\/\/foto.praha-19.ys-beta.cz\/index.php\/wp-json\/wp\/v2\/pages\/14388\/revisions\/14389"}],"up":[{"embeddable":true,"href":"https:\/\/foto.praha-19.ys-beta.cz\/index.php\/wp-json\/wp\/v2\/pages\/7798"}],"wp:featuredmedia":[{"embeddable":true,"href":"https:\/\/foto.praha-19.ys-beta.cz\/index.php\/wp-json\/wp\/v2\/media\/13277"}],"wp:attachment":[{"href":"https:\/\/foto.praha-19.ys-beta.cz\/index.php\/wp-json\/wp\/v2\/media?parent=14388"}],"curies":[{"name":"wp","href":"https:\/\/api.w.org\/{rel}","templated":true}]}}