{"id":1069,"date":"2022-11-07T17:42:52","date_gmt":"2022-11-07T15:42:52","guid":{"rendered":"https:\/\/foto.praha-19.ys-beta.cz\/?page_id=1069"},"modified":"2024-02-27T09:28:11","modified_gmt":"2024-02-27T07:28:11","slug":"pamatnik-ceskoslovenske-republiky","status":"publish","type":"page","link":"https:\/\/foto.praha-19.ys-beta.cz\/index.php\/nase-projekty\/pamatnik-ceskoslovenske-republiky\/","title":{"rendered":"Pam\u00e1tn\u00edk \u010ceskoslovensk\u00e9 republiky"},"content":{"rendered":"\n<p>P\u0159i p\u0159\u00edle\u017eitosti 100. v\u00fdro\u010d\u00ed vyhl\u00e1\u0161en\u00ed samostatn\u00e9 \u010ceskoslovensk\u00e9 republiky byl dne 27. \u0159\u00edjna 2018 v parku u rybn\u00edka za velk\u00e9 \u00fa\u010dasti ob\u010dan\u016f slavnostn\u011b odhalen origin\u00e1ln\u00ed pam\u00e1tn\u00edk. Autorkou pam\u00e1tn\u00edku je mlad\u00e1 architektka Jana Ba\u010dov\u00e1 Kroftov\u00e1. \u00davodn\u00ed slovo\u00a0 p\u0159ednesl pan starosta Pavel \u017d\u010f\u00e1rsk\u00fd. \u010cestnou str\u00e1\u017e tvo\u0159ili z\u00e1stupci Sokol\u016f, Skaut\u016f S.S.V. a Sboru dobrovoln\u00fdch hasi\u010d\u016f Kbely.\u00a0 Pam\u00e1tn\u00edk vysv\u011btil i pan far\u00e1\u0159 P. Filip Jan Rathousk\u00fd OFM z kostela sv. Al\u017eb\u011bty ve Kbel\u00edch. Pomn\u00edk je ka\u017ed\u00fd den osv\u00edcen, ve dnech st\u00e1tn\u00edch sv\u00e1tk\u016f je osv\u00edcen reflektory v barv\u011b trikolory. Pobl\u00ed\u017e byla vysazena tak\u00e9 L\u00edpa svobody.<\/p>\n","protected":false},"excerpt":{"rendered":"<p>P\u0159i p\u0159\u00edle\u017eitosti 100. v\u00fdro\u010d\u00ed vyhl\u00e1\u0161en\u00ed samostatn\u00e9 \u010ceskoslovensk\u00e9 republiky byl dne 27. \u0159\u00edjna 2018 v parku u rybn\u00edka za velk\u00e9 \u00fa\u010dasti ob\u010dan\u016f slavnostn\u011b odhalen origin\u00e1ln\u00ed pam\u00e1tn\u00edk. Autorkou pam\u00e1tn\u00edku je mlad\u00e1 architektka Jana Ba\u010dov\u00e1 Kroftov\u00e1. \u00davodn\u00ed slovo\u00a0 p\u0159ednesl pan starosta Pavel \u017d\u010f\u00e1rsk\u00fd. \u010cestnou str\u00e1\u017e tvo\u0159ili z\u00e1stupci Sokol\u016f, Skaut\u016f S.S.V. a Sboru dobrovoln\u00fdch hasi\u010d\u016f Kbely.\u00a0 Pam\u00e1tn\u00edk vysv\u011btil i [&hellip;]<\/p>\n","protected":false},"author":6,"featured_media":14464,"parent":1024,"menu_order":0,"comment_status":"closed","ping_status":"closed","template":"","meta":{"footnotes":""},"class_list":["post-1069","page","type-page","status-publish","has-post-thumbnail","hentry"],"yoast_head":"<!-- This site is optimized with the Yoast SEO plugin v27.2 - https:\/\/yoast.com\/product\/yoast-seo-wordpress\/ -->\n<title>Pam\u00e1tn\u00edk \u010ceskoslovensk\u00e9 republiky - Fotogalerie - Praha 19<\/title>\n<meta name=\"robots\" content=\"noindex, follow, max-snippet:-1, max-image-preview:large, max-video-preview:-1\" \/>\n<meta property=\"og:locale\" content=\"cs_CZ\" \/>\n<meta property=\"og:type\" content=\"article\" \/>\n<meta property=\"og:title\" content=\"Pam\u00e1tn\u00edk \u010ceskoslovensk\u00e9 republiky - Fotogalerie - Praha 19\" \/>\n<meta property=\"og:description\" content=\"P\u0159i p\u0159\u00edle\u017eitosti 100. v\u00fdro\u010d\u00ed vyhl\u00e1\u0161en\u00ed samostatn\u00e9 \u010ceskoslovensk\u00e9 republiky byl dne 27. \u0159\u00edjna 2018 v parku u rybn\u00edka za velk\u00e9 \u00fa\u010dasti ob\u010dan\u016f slavnostn\u011b odhalen origin\u00e1ln\u00ed pam\u00e1tn\u00edk. Autorkou pam\u00e1tn\u00edku je mlad\u00e1 architektka Jana Ba\u010dov\u00e1 Kroftov\u00e1. \u00davodn\u00ed slovo\u00a0 p\u0159ednesl pan starosta Pavel \u017d\u010f\u00e1rsk\u00fd. \u010cestnou str\u00e1\u017e tvo\u0159ili z\u00e1stupci Sokol\u016f, Skaut\u016f S.S.V. a Sboru dobrovoln\u00fdch hasi\u010d\u016f Kbely.\u00a0 Pam\u00e1tn\u00edk vysv\u011btil i [&hellip;]\" \/>\n<meta property=\"og:url\" content=\"https:\/\/foto.praha-19.ys-beta.cz\/index.php\/nase-projekty\/pamatnik-ceskoslovenske-republiky\/\" \/>\n<meta property=\"og:site_name\" content=\"Fotogalerie - Praha 19\" \/>\n<meta property=\"article:modified_time\" content=\"2024-02-27T07:28:11+00:00\" \/>\n<meta property=\"og:image\" content=\"https:\/\/foto.praha-19.ys-beta.cz\/app\/uploads\/2024\/02\/Pamatnik-CR-01.jpg\" \/>\n\t<meta property=\"og:image:width\" content=\"314\" \/>\n\t<meta property=\"og:image:height\" content=\"209\" \/>\n\t<meta property=\"og:image:type\" content=\"image\/jpeg\" \/>\n<meta name=\"twitter:card\" content=\"summary_large_image\" \/>\n<meta name=\"twitter:label1\" content=\"Est. reading time\" \/>\n\t<meta name=\"twitter:data1\" content=\"1 minuta\" \/>\n<script type=\"application\/ld+json\" class=\"yoast-schema-graph\">{\"@context\":\"https:\/\/schema.org\",\"@graph\":[{\"@type\":\"WebPage\",\"@id\":\"https:\/\/foto.praha-19.ys-beta.cz\/index.php\/nase-projekty\/pamatnik-ceskoslovenske-republiky\/\",\"url\":\"https:\/\/foto.praha-19.ys-beta.cz\/index.php\/nase-projekty\/pamatnik-ceskoslovenske-republiky\/\",\"name\":\"Pam\u00e1tn\u00edk \u010ceskoslovensk\u00e9 republiky - Fotogalerie - Praha 19\",\"isPartOf\":{\"@id\":\"https:\/\/foto.praha-19.ys-beta.cz\/#website\"},\"primaryImageOfPage\":{\"@id\":\"https:\/\/foto.praha-19.ys-beta.cz\/index.php\/nase-projekty\/pamatnik-ceskoslovenske-republiky\/#primaryimage\"},\"image\":{\"@id\":\"https:\/\/foto.praha-19.ys-beta.cz\/index.php\/nase-projekty\/pamatnik-ceskoslovenske-republiky\/#primaryimage\"},\"thumbnailUrl\":\"https:\/\/foto.praha-19.ys-beta.cz\/app\/uploads\/2024\/02\/Pamatnik-CR-01.jpg\",\"datePublished\":\"2022-11-07T15:42:52+00:00\",\"dateModified\":\"2024-02-27T07:28:11+00:00\",\"breadcrumb\":{\"@id\":\"https:\/\/foto.praha-19.ys-beta.cz\/index.php\/nase-projekty\/pamatnik-ceskoslovenske-republiky\/#breadcrumb\"},\"inLanguage\":\"cs\",\"potentialAction\":[{\"@type\":\"ReadAction\",\"target\":[\"https:\/\/foto.praha-19.ys-beta.cz\/index.php\/nase-projekty\/pamatnik-ceskoslovenske-republiky\/\"]}]},{\"@type\":\"ImageObject\",\"inLanguage\":\"cs\",\"@id\":\"https:\/\/foto.praha-19.ys-beta.cz\/index.php\/nase-projekty\/pamatnik-ceskoslovenske-republiky\/#primaryimage\",\"url\":\"https:\/\/foto.praha-19.ys-beta.cz\/app\/uploads\/2024\/02\/Pamatnik-CR-01.jpg\",\"contentUrl\":\"https:\/\/foto.praha-19.ys-beta.cz\/app\/uploads\/2024\/02\/Pamatnik-CR-01.jpg\",\"width\":314,\"height\":209},{\"@type\":\"BreadcrumbList\",\"@id\":\"https:\/\/foto.praha-19.ys-beta.cz\/index.php\/nase-projekty\/pamatnik-ceskoslovenske-republiky\/#breadcrumb\",\"itemListElement\":[{\"@type\":\"ListItem\",\"position\":1,\"name\":\"Home\",\"item\":\"https:\/\/foto.praha-19.ys-beta.cz\/\"},{\"@type\":\"ListItem\",\"position\":2,\"name\":\"Na\u0161e projekty\",\"item\":\"https:\/\/foto.praha-19.ys-beta.cz\/index.php\/nase-projekty\/\"},{\"@type\":\"ListItem\",\"position\":3,\"name\":\"Pam\u00e1tn\u00edk \u010ceskoslovensk\u00e9 republiky\"}]},{\"@type\":\"WebSite\",\"@id\":\"https:\/\/foto.praha-19.ys-beta.cz\/#website\",\"url\":\"https:\/\/foto.praha-19.ys-beta.cz\/\",\"name\":\"Fotogalerie - Praha 19\",\"description\":\"Fotogalerie m\u011bstsk\u00e9 \u010d\u00e1sti Praha 19\",\"potentialAction\":[{\"@type\":\"SearchAction\",\"target\":{\"@type\":\"EntryPoint\",\"urlTemplate\":\"https:\/\/foto.praha-19.ys-beta.cz\/?s={search_term_string}\"},\"query-input\":{\"@type\":\"PropertyValueSpecification\",\"valueRequired\":true,\"valueName\":\"search_term_string\"}}],\"inLanguage\":\"cs\"}]}<\/script>\n<!-- \/ Yoast SEO plugin. -->","yoast_head_json":{"title":"Pam\u00e1tn\u00edk \u010ceskoslovensk\u00e9 republiky - Fotogalerie - Praha 19","robots":{"index":"noindex","follow":"follow","max-snippet":"max-snippet:-1","max-image-preview":"max-image-preview:large","max-video-preview":"max-video-preview:-1"},"og_locale":"cs_CZ","og_type":"article","og_title":"Pam\u00e1tn\u00edk \u010ceskoslovensk\u00e9 republiky - Fotogalerie - Praha 19","og_description":"P\u0159i p\u0159\u00edle\u017eitosti 100. v\u00fdro\u010d\u00ed vyhl\u00e1\u0161en\u00ed samostatn\u00e9 \u010ceskoslovensk\u00e9 republiky byl dne 27. \u0159\u00edjna 2018 v parku u rybn\u00edka za velk\u00e9 \u00fa\u010dasti ob\u010dan\u016f slavnostn\u011b odhalen origin\u00e1ln\u00ed pam\u00e1tn\u00edk. Autorkou pam\u00e1tn\u00edku je mlad\u00e1 architektka Jana Ba\u010dov\u00e1 Kroftov\u00e1. \u00davodn\u00ed slovo\u00a0 p\u0159ednesl pan starosta Pavel \u017d\u010f\u00e1rsk\u00fd. \u010cestnou str\u00e1\u017e tvo\u0159ili z\u00e1stupci Sokol\u016f, Skaut\u016f S.S.V. a Sboru dobrovoln\u00fdch hasi\u010d\u016f Kbely.\u00a0 Pam\u00e1tn\u00edk vysv\u011btil i [&hellip;]","og_url":"https:\/\/foto.praha-19.ys-beta.cz\/index.php\/nase-projekty\/pamatnik-ceskoslovenske-republiky\/","og_site_name":"Fotogalerie - Praha 19","article_modified_time":"2024-02-27T07:28:11+00:00","og_image":[{"width":314,"height":209,"url":"https:\/\/foto.praha-19.ys-beta.cz\/app\/uploads\/2024\/02\/Pamatnik-CR-01.jpg","type":"image\/jpeg"}],"twitter_card":"summary_large_image","twitter_misc":{"Est. reading time":"1 minuta"},"schema":{"@context":"https:\/\/schema.org","@graph":[{"@type":"WebPage","@id":"https:\/\/foto.praha-19.ys-beta.cz\/index.php\/nase-projekty\/pamatnik-ceskoslovenske-republiky\/","url":"https:\/\/foto.praha-19.ys-beta.cz\/index.php\/nase-projekty\/pamatnik-ceskoslovenske-republiky\/","name":"Pam\u00e1tn\u00edk \u010ceskoslovensk\u00e9 republiky - Fotogalerie - Praha 19","isPartOf":{"@id":"https:\/\/foto.praha-19.ys-beta.cz\/#website"},"primaryImageOfPage":{"@id":"https:\/\/foto.praha-19.ys-beta.cz\/index.php\/nase-projekty\/pamatnik-ceskoslovenske-republiky\/#primaryimage"},"image":{"@id":"https:\/\/foto.praha-19.ys-beta.cz\/index.php\/nase-projekty\/pamatnik-ceskoslovenske-republiky\/#primaryimage"},"thumbnailUrl":"https:\/\/foto.praha-19.ys-beta.cz\/app\/uploads\/2024\/02\/Pamatnik-CR-01.jpg","datePublished":"2022-11-07T15:42:52+00:00","dateModified":"2024-02-27T07:28:11+00:00","breadcrumb":{"@id":"https:\/\/foto.praha-19.ys-beta.cz\/index.php\/nase-projekty\/pamatnik-ceskoslovenske-republiky\/#breadcrumb"},"inLanguage":"cs","potentialAction":[{"@type":"ReadAction","target":["https:\/\/foto.praha-19.ys-beta.cz\/index.php\/nase-projekty\/pamatnik-ceskoslovenske-republiky\/"]}]},{"@type":"ImageObject","inLanguage":"cs","@id":"https:\/\/foto.praha-19.ys-beta.cz\/index.php\/nase-projekty\/pamatnik-ceskoslovenske-republiky\/#primaryimage","url":"https:\/\/foto.praha-19.ys-beta.cz\/app\/uploads\/2024\/02\/Pamatnik-CR-01.jpg","contentUrl":"https:\/\/foto.praha-19.ys-beta.cz\/app\/uploads\/2024\/02\/Pamatnik-CR-01.jpg","width":314,"height":209},{"@type":"BreadcrumbList","@id":"https:\/\/foto.praha-19.ys-beta.cz\/index.php\/nase-projekty\/pamatnik-ceskoslovenske-republiky\/#breadcrumb","itemListElement":[{"@type":"ListItem","position":1,"name":"Home","item":"https:\/\/foto.praha-19.ys-beta.cz\/"},{"@type":"ListItem","position":2,"name":"Na\u0161e projekty","item":"https:\/\/foto.praha-19.ys-beta.cz\/index.php\/nase-projekty\/"},{"@type":"ListItem","position":3,"name":"Pam\u00e1tn\u00edk \u010ceskoslovensk\u00e9 republiky"}]},{"@type":"WebSite","@id":"https:\/\/foto.praha-19.ys-beta.cz\/#website","url":"https:\/\/foto.praha-19.ys-beta.cz\/","name":"Fotogalerie - Praha 19","description":"Fotogalerie m\u011bstsk\u00e9 \u010d\u00e1sti Praha 19","potentialAction":[{"@type":"SearchAction","target":{"@type":"EntryPoint","urlTemplate":"https:\/\/foto.praha-19.ys-beta.cz\/?s={search_term_string}"},"query-input":{"@type":"PropertyValueSpecification","valueRequired":true,"valueName":"search_term_string"}}],"inLanguage":"cs"}]}},"_links":{"self":[{"href":"https:\/\/foto.praha-19.ys-beta.cz\/index.php\/wp-json\/wp\/v2\/pages\/1069","targetHints":{"allow":["GET"]}}],"collection":[{"href":"https:\/\/foto.praha-19.ys-beta.cz\/index.php\/wp-json\/wp\/v2\/pages"}],"about":[{"href":"https:\/\/foto.praha-19.ys-beta.cz\/index.php\/wp-json\/wp\/v2\/types\/page"}],"author":[{"embeddable":true,"href":"https:\/\/foto.praha-19.ys-beta.cz\/index.php\/wp-json\/wp\/v2\/users\/6"}],"replies":[{"embeddable":true,"href":"https:\/\/foto.praha-19.ys-beta.cz\/index.php\/wp-json\/wp\/v2\/comments?post=1069"}],"version-history":[{"count":2,"href":"https:\/\/foto.praha-19.ys-beta.cz\/index.php\/wp-json\/wp\/v2\/pages\/1069\/revisions"}],"predecessor-version":[{"id":14500,"href":"https:\/\/foto.praha-19.ys-beta.cz\/index.php\/wp-json\/wp\/v2\/pages\/1069\/revisions\/14500"}],"up":[{"embeddable":true,"href":"https:\/\/foto.praha-19.ys-beta.cz\/index.php\/wp-json\/wp\/v2\/pages\/1024"}],"wp:featuredmedia":[{"embeddable":true,"href":"https:\/\/foto.praha-19.ys-beta.cz\/index.php\/wp-json\/wp\/v2\/media\/14464"}],"wp:attachment":[{"href":"https:\/\/foto.praha-19.ys-beta.cz\/index.php\/wp-json\/wp\/v2\/media?parent=1069"}],"curies":[{"name":"wp","href":"https:\/\/api.w.org\/{rel}","templated":true}]}}