{"id":1063,"date":"2022-11-07T17:40:38","date_gmt":"2022-11-07T15:40:38","guid":{"rendered":"https:\/\/foto.praha-19.ys-beta.cz\/?page_id=1063"},"modified":"2024-02-27T09:24:33","modified_gmt":"2024-02-27T07:24:33","slug":"multifunkcni-srub-v-centralnim-parku-ve-kbelich","status":"publish","type":"page","link":"https:\/\/foto.praha-19.ys-beta.cz\/index.php\/nase-projekty\/multifunkcni-srub-v-centralnim-parku-ve-kbelich\/","title":{"rendered":"Multifunk\u010dn\u00ed srub v Centr\u00e1ln\u00edm parku ve Kbel\u00edch"},"content":{"rendered":"\n<p>V roce 2013 &#8211; 2014 zbudovala M\u010c Praha 19 v Centr\u00e1ln\u00edm parku Multifunk\u010dn\u00ed srub. Sv\u00fdm vzhledem p\u0159ipom\u00edn\u00e1 Go\u010d\u00e1rovy domy, kter\u00e9 kdysi st\u00e1valy na kbelsk\u00e9m leti\u0161ti. D\u0159evostavba je um\u00edst\u011bna na konci parku pod n\u00e1spem trati. Poprv\u00e9 si mohli ob\u010dan\u00e9 srub prohl\u00e9dnout 30. dubna 2014. Ve srubu je neku\u0159\u00e1ck\u00e1 restaurace Zast\u00e1vka u Srubu, vedle je i restaurace venkovn\u00ed, kde je p\u0159\u00edjemn\u00e9 posezen\u00ed. Cel\u00e9 prvn\u00ed patro srubu vyu\u017e\u00edv\u00e1 odd\u00edl Skaut\u016f S.S.V.<\/p>\n\n\n\n<figure class=\"wp-block-table\"><table><tbody><tr><td>Cena, za kterou se poda\u0159ilo M\u010c Praha 19 postavit (vysout\u011b\u017eit) stavbu srubu v Centr\u00e1ln\u00edm parku, je v\u00edce ne\u017e v\u00fdhodn\u00e1. Podle znaleck\u00e9ho posudku Ing. Petra H\u016fdy \u010d. 1095\/30\/2014 O cen\u011b d\u0159evostavby srubu na pozemku \u010d. parc. 1167\/1, k.\u00fa. Kbely je: &nbsp; 1. V\u00fdsledn\u00e1 cena po zaokrouhlen\u00ed dle \u00a750: 5 321 840,- K\u010d &nbsp; &nbsp;Slovy P\u011btmilion\u016ft\u0159istavacetjednatis\u00edciosmset\u010dty\u0159icet K\u010d 2. Ocen\u011bn\u00ed cenou obvyklou (obecnou tr\u017en\u00ed) je mo\u017eno pova\u017eovat \u010d\u00e1stku 4 845 000,- K\u010d <a href=\"http:\/\/www.kbelynasdomov.cz\/documents\/utils.php?action=download\">Pln\u00fd text znaleck\u00e9ho posudku.<\/a> &nbsp; <strong>N\u00e1klady vynalo\u017een\u00e9 M\u011bstskou \u010d\u00e1sti Praha 19 jsou n\u00e1sledovn\u00e9:<\/strong> 1. Zak\u00e1zka &nbsp;\u2026\u2026\u2026\u2026.1 792 000,- K\u010d &nbsp; DPH 21 % \u2026\u2026\u2026..376 320,- \u2026\u2026\u2026celkem v\u010d. DPH &nbsp; &nbsp;2 168 320,- K\u010d 2. zak\u00e1zka &nbsp;\u2026\u2026\u2026\u2026.1 188 735,- K\u010d &nbsp; DPH 21% \u2026\u2026.\u2026..249 634,-..\u2026\u2026.celkem v\u010d. DPH &nbsp; &nbsp; 1 438 369,- K\u010d _______________________________________________________________________________ CELKEM &nbsp; &nbsp; &nbsp;2 980 735,- &nbsp; &nbsp; &nbsp; &nbsp;625 954,- &nbsp; &nbsp; &nbsp; &nbsp; &nbsp; &nbsp; &nbsp; &nbsp; &nbsp; &nbsp; &nbsp; &nbsp; &nbsp; &nbsp; &nbsp; &nbsp; &nbsp; &nbsp; &nbsp; &nbsp; &nbsp; &nbsp;<strong>3 606 689,- K\u010d<\/strong><\/td><\/tr><tr><td><strong><em>V porovn\u00e1n\u00ed se znaleck\u00fdm posudkem tedy M\u010c Praha 19 vynalo\u017eila o 1 238 311 K\u010d &nbsp;ni\u017e\u0161\u00ed \u010d\u00e1stku.<\/em><\/strong><\/td><\/tr><\/tbody><\/table><\/figure>\n","protected":false},"excerpt":{"rendered":"<p>V roce 2013 &#8211; 2014 zbudovala M\u010c Praha 19 v Centr\u00e1ln\u00edm parku Multifunk\u010dn\u00ed srub. Sv\u00fdm vzhledem p\u0159ipom\u00edn\u00e1 Go\u010d\u00e1rovy domy, kter\u00e9 kdysi st\u00e1valy na kbelsk\u00e9m leti\u0161ti. D\u0159evostavba je um\u00edst\u011bna na konci parku pod n\u00e1spem trati. Poprv\u00e9 si mohli ob\u010dan\u00e9 srub prohl\u00e9dnout 30. dubna 2014. Ve srubu je neku\u0159\u00e1ck\u00e1 restaurace Zast\u00e1vka u Srubu, vedle je i restaurace [&hellip;]<\/p>\n","protected":false},"author":6,"featured_media":14467,"parent":1024,"menu_order":0,"comment_status":"closed","ping_status":"closed","template":"","meta":{"footnotes":""},"class_list":["post-1063","page","type-page","status-publish","has-post-thumbnail","hentry"],"yoast_head":"<!-- This site is optimized with the Yoast SEO plugin v27.2 - https:\/\/yoast.com\/product\/yoast-seo-wordpress\/ -->\n<title>Multifunk\u010dn\u00ed srub v Centr\u00e1ln\u00edm parku ve Kbel\u00edch - Fotogalerie - Praha 19<\/title>\n<meta name=\"robots\" content=\"noindex, follow, max-snippet:-1, max-image-preview:large, max-video-preview:-1\" \/>\n<meta property=\"og:locale\" content=\"cs_CZ\" \/>\n<meta property=\"og:type\" content=\"article\" \/>\n<meta property=\"og:title\" content=\"Multifunk\u010dn\u00ed srub v Centr\u00e1ln\u00edm parku ve Kbel\u00edch - Fotogalerie - Praha 19\" \/>\n<meta property=\"og:description\" content=\"V roce 2013 &#8211; 2014 zbudovala M\u010c Praha 19 v Centr\u00e1ln\u00edm parku Multifunk\u010dn\u00ed srub. Sv\u00fdm vzhledem p\u0159ipom\u00edn\u00e1 Go\u010d\u00e1rovy domy, kter\u00e9 kdysi st\u00e1valy na kbelsk\u00e9m leti\u0161ti. D\u0159evostavba je um\u00edst\u011bna na konci parku pod n\u00e1spem trati. Poprv\u00e9 si mohli ob\u010dan\u00e9 srub prohl\u00e9dnout 30. dubna 2014. Ve srubu je neku\u0159\u00e1ck\u00e1 restaurace Zast\u00e1vka u Srubu, vedle je i restaurace [&hellip;]\" \/>\n<meta property=\"og:url\" content=\"https:\/\/foto.praha-19.ys-beta.cz\/index.php\/nase-projekty\/multifunkcni-srub-v-centralnim-parku-ve-kbelich\/\" \/>\n<meta property=\"og:site_name\" content=\"Fotogalerie - Praha 19\" \/>\n<meta property=\"article:modified_time\" content=\"2024-02-27T07:24:33+00:00\" \/>\n<meta property=\"og:image\" content=\"https:\/\/foto.praha-19.ys-beta.cz\/app\/uploads\/2024\/02\/Srub_1.jpg\" \/>\n\t<meta property=\"og:image:width\" content=\"300\" \/>\n\t<meta property=\"og:image:height\" content=\"200\" \/>\n\t<meta property=\"og:image:type\" content=\"image\/jpeg\" \/>\n<meta name=\"twitter:card\" content=\"summary_large_image\" \/>\n<meta name=\"twitter:label1\" content=\"Est. reading time\" \/>\n\t<meta name=\"twitter:data1\" content=\"2 minuty\" \/>\n<script type=\"application\/ld+json\" class=\"yoast-schema-graph\">{\"@context\":\"https:\/\/schema.org\",\"@graph\":[{\"@type\":\"WebPage\",\"@id\":\"https:\/\/foto.praha-19.ys-beta.cz\/index.php\/nase-projekty\/multifunkcni-srub-v-centralnim-parku-ve-kbelich\/\",\"url\":\"https:\/\/foto.praha-19.ys-beta.cz\/index.php\/nase-projekty\/multifunkcni-srub-v-centralnim-parku-ve-kbelich\/\",\"name\":\"Multifunk\u010dn\u00ed srub v Centr\u00e1ln\u00edm parku ve Kbel\u00edch - Fotogalerie - Praha 19\",\"isPartOf\":{\"@id\":\"https:\/\/foto.praha-19.ys-beta.cz\/#website\"},\"primaryImageOfPage\":{\"@id\":\"https:\/\/foto.praha-19.ys-beta.cz\/index.php\/nase-projekty\/multifunkcni-srub-v-centralnim-parku-ve-kbelich\/#primaryimage\"},\"image\":{\"@id\":\"https:\/\/foto.praha-19.ys-beta.cz\/index.php\/nase-projekty\/multifunkcni-srub-v-centralnim-parku-ve-kbelich\/#primaryimage\"},\"thumbnailUrl\":\"https:\/\/foto.praha-19.ys-beta.cz\/app\/uploads\/2024\/02\/Srub_1.jpg\",\"datePublished\":\"2022-11-07T15:40:38+00:00\",\"dateModified\":\"2024-02-27T07:24:33+00:00\",\"breadcrumb\":{\"@id\":\"https:\/\/foto.praha-19.ys-beta.cz\/index.php\/nase-projekty\/multifunkcni-srub-v-centralnim-parku-ve-kbelich\/#breadcrumb\"},\"inLanguage\":\"cs\",\"potentialAction\":[{\"@type\":\"ReadAction\",\"target\":[\"https:\/\/foto.praha-19.ys-beta.cz\/index.php\/nase-projekty\/multifunkcni-srub-v-centralnim-parku-ve-kbelich\/\"]}]},{\"@type\":\"ImageObject\",\"inLanguage\":\"cs\",\"@id\":\"https:\/\/foto.praha-19.ys-beta.cz\/index.php\/nase-projekty\/multifunkcni-srub-v-centralnim-parku-ve-kbelich\/#primaryimage\",\"url\":\"https:\/\/foto.praha-19.ys-beta.cz\/app\/uploads\/2024\/02\/Srub_1.jpg\",\"contentUrl\":\"https:\/\/foto.praha-19.ys-beta.cz\/app\/uploads\/2024\/02\/Srub_1.jpg\",\"width\":300,\"height\":200},{\"@type\":\"BreadcrumbList\",\"@id\":\"https:\/\/foto.praha-19.ys-beta.cz\/index.php\/nase-projekty\/multifunkcni-srub-v-centralnim-parku-ve-kbelich\/#breadcrumb\",\"itemListElement\":[{\"@type\":\"ListItem\",\"position\":1,\"name\":\"Home\",\"item\":\"https:\/\/foto.praha-19.ys-beta.cz\/\"},{\"@type\":\"ListItem\",\"position\":2,\"name\":\"Na\u0161e projekty\",\"item\":\"https:\/\/foto.praha-19.ys-beta.cz\/index.php\/nase-projekty\/\"},{\"@type\":\"ListItem\",\"position\":3,\"name\":\"Multifunk\u010dn\u00ed srub v Centr\u00e1ln\u00edm parku ve Kbel\u00edch\"}]},{\"@type\":\"WebSite\",\"@id\":\"https:\/\/foto.praha-19.ys-beta.cz\/#website\",\"url\":\"https:\/\/foto.praha-19.ys-beta.cz\/\",\"name\":\"Fotogalerie - Praha 19\",\"description\":\"Fotogalerie m\u011bstsk\u00e9 \u010d\u00e1sti Praha 19\",\"potentialAction\":[{\"@type\":\"SearchAction\",\"target\":{\"@type\":\"EntryPoint\",\"urlTemplate\":\"https:\/\/foto.praha-19.ys-beta.cz\/?s={search_term_string}\"},\"query-input\":{\"@type\":\"PropertyValueSpecification\",\"valueRequired\":true,\"valueName\":\"search_term_string\"}}],\"inLanguage\":\"cs\"}]}<\/script>\n<!-- \/ Yoast SEO plugin. -->","yoast_head_json":{"title":"Multifunk\u010dn\u00ed srub v Centr\u00e1ln\u00edm parku ve Kbel\u00edch - Fotogalerie - Praha 19","robots":{"index":"noindex","follow":"follow","max-snippet":"max-snippet:-1","max-image-preview":"max-image-preview:large","max-video-preview":"max-video-preview:-1"},"og_locale":"cs_CZ","og_type":"article","og_title":"Multifunk\u010dn\u00ed srub v Centr\u00e1ln\u00edm parku ve Kbel\u00edch - Fotogalerie - Praha 19","og_description":"V roce 2013 &#8211; 2014 zbudovala M\u010c Praha 19 v Centr\u00e1ln\u00edm parku Multifunk\u010dn\u00ed srub. Sv\u00fdm vzhledem p\u0159ipom\u00edn\u00e1 Go\u010d\u00e1rovy domy, kter\u00e9 kdysi st\u00e1valy na kbelsk\u00e9m leti\u0161ti. D\u0159evostavba je um\u00edst\u011bna na konci parku pod n\u00e1spem trati. Poprv\u00e9 si mohli ob\u010dan\u00e9 srub prohl\u00e9dnout 30. dubna 2014. Ve srubu je neku\u0159\u00e1ck\u00e1 restaurace Zast\u00e1vka u Srubu, vedle je i restaurace [&hellip;]","og_url":"https:\/\/foto.praha-19.ys-beta.cz\/index.php\/nase-projekty\/multifunkcni-srub-v-centralnim-parku-ve-kbelich\/","og_site_name":"Fotogalerie - Praha 19","article_modified_time":"2024-02-27T07:24:33+00:00","og_image":[{"width":300,"height":200,"url":"https:\/\/foto.praha-19.ys-beta.cz\/app\/uploads\/2024\/02\/Srub_1.jpg","type":"image\/jpeg"}],"twitter_card":"summary_large_image","twitter_misc":{"Est. reading time":"2 minuty"},"schema":{"@context":"https:\/\/schema.org","@graph":[{"@type":"WebPage","@id":"https:\/\/foto.praha-19.ys-beta.cz\/index.php\/nase-projekty\/multifunkcni-srub-v-centralnim-parku-ve-kbelich\/","url":"https:\/\/foto.praha-19.ys-beta.cz\/index.php\/nase-projekty\/multifunkcni-srub-v-centralnim-parku-ve-kbelich\/","name":"Multifunk\u010dn\u00ed srub v Centr\u00e1ln\u00edm parku ve Kbel\u00edch - Fotogalerie - Praha 19","isPartOf":{"@id":"https:\/\/foto.praha-19.ys-beta.cz\/#website"},"primaryImageOfPage":{"@id":"https:\/\/foto.praha-19.ys-beta.cz\/index.php\/nase-projekty\/multifunkcni-srub-v-centralnim-parku-ve-kbelich\/#primaryimage"},"image":{"@id":"https:\/\/foto.praha-19.ys-beta.cz\/index.php\/nase-projekty\/multifunkcni-srub-v-centralnim-parku-ve-kbelich\/#primaryimage"},"thumbnailUrl":"https:\/\/foto.praha-19.ys-beta.cz\/app\/uploads\/2024\/02\/Srub_1.jpg","datePublished":"2022-11-07T15:40:38+00:00","dateModified":"2024-02-27T07:24:33+00:00","breadcrumb":{"@id":"https:\/\/foto.praha-19.ys-beta.cz\/index.php\/nase-projekty\/multifunkcni-srub-v-centralnim-parku-ve-kbelich\/#breadcrumb"},"inLanguage":"cs","potentialAction":[{"@type":"ReadAction","target":["https:\/\/foto.praha-19.ys-beta.cz\/index.php\/nase-projekty\/multifunkcni-srub-v-centralnim-parku-ve-kbelich\/"]}]},{"@type":"ImageObject","inLanguage":"cs","@id":"https:\/\/foto.praha-19.ys-beta.cz\/index.php\/nase-projekty\/multifunkcni-srub-v-centralnim-parku-ve-kbelich\/#primaryimage","url":"https:\/\/foto.praha-19.ys-beta.cz\/app\/uploads\/2024\/02\/Srub_1.jpg","contentUrl":"https:\/\/foto.praha-19.ys-beta.cz\/app\/uploads\/2024\/02\/Srub_1.jpg","width":300,"height":200},{"@type":"BreadcrumbList","@id":"https:\/\/foto.praha-19.ys-beta.cz\/index.php\/nase-projekty\/multifunkcni-srub-v-centralnim-parku-ve-kbelich\/#breadcrumb","itemListElement":[{"@type":"ListItem","position":1,"name":"Home","item":"https:\/\/foto.praha-19.ys-beta.cz\/"},{"@type":"ListItem","position":2,"name":"Na\u0161e projekty","item":"https:\/\/foto.praha-19.ys-beta.cz\/index.php\/nase-projekty\/"},{"@type":"ListItem","position":3,"name":"Multifunk\u010dn\u00ed srub v Centr\u00e1ln\u00edm parku ve Kbel\u00edch"}]},{"@type":"WebSite","@id":"https:\/\/foto.praha-19.ys-beta.cz\/#website","url":"https:\/\/foto.praha-19.ys-beta.cz\/","name":"Fotogalerie - Praha 19","description":"Fotogalerie m\u011bstsk\u00e9 \u010d\u00e1sti Praha 19","potentialAction":[{"@type":"SearchAction","target":{"@type":"EntryPoint","urlTemplate":"https:\/\/foto.praha-19.ys-beta.cz\/?s={search_term_string}"},"query-input":{"@type":"PropertyValueSpecification","valueRequired":true,"valueName":"search_term_string"}}],"inLanguage":"cs"}]}},"_links":{"self":[{"href":"https:\/\/foto.praha-19.ys-beta.cz\/index.php\/wp-json\/wp\/v2\/pages\/1063","targetHints":{"allow":["GET"]}}],"collection":[{"href":"https:\/\/foto.praha-19.ys-beta.cz\/index.php\/wp-json\/wp\/v2\/pages"}],"about":[{"href":"https:\/\/foto.praha-19.ys-beta.cz\/index.php\/wp-json\/wp\/v2\/types\/page"}],"author":[{"embeddable":true,"href":"https:\/\/foto.praha-19.ys-beta.cz\/index.php\/wp-json\/wp\/v2\/users\/6"}],"replies":[{"embeddable":true,"href":"https:\/\/foto.praha-19.ys-beta.cz\/index.php\/wp-json\/wp\/v2\/comments?post=1063"}],"version-history":[{"count":3,"href":"https:\/\/foto.praha-19.ys-beta.cz\/index.php\/wp-json\/wp\/v2\/pages\/1063\/revisions"}],"predecessor-version":[{"id":14497,"href":"https:\/\/foto.praha-19.ys-beta.cz\/index.php\/wp-json\/wp\/v2\/pages\/1063\/revisions\/14497"}],"up":[{"embeddable":true,"href":"https:\/\/foto.praha-19.ys-beta.cz\/index.php\/wp-json\/wp\/v2\/pages\/1024"}],"wp:featuredmedia":[{"embeddable":true,"href":"https:\/\/foto.praha-19.ys-beta.cz\/index.php\/wp-json\/wp\/v2\/media\/14467"}],"wp:attachment":[{"href":"https:\/\/foto.praha-19.ys-beta.cz\/index.php\/wp-json\/wp\/v2\/media?parent=1063"}],"curies":[{"name":"wp","href":"https:\/\/api.w.org\/{rel}","templated":true}]}}