{"id":1011,"date":"2022-11-07T16:00:05","date_gmt":"2022-11-07T14:00:05","guid":{"rendered":"https:\/\/foto.praha-19.ys-beta.cz\/?page_id=1011"},"modified":"2022-11-07T16:00:07","modified_gmt":"2022-11-07T14:00:07","slug":"minimuzikal-v-lidovem-dome-kbely","status":"publish","type":"page","link":"https:\/\/foto.praha-19.ys-beta.cz\/index.php\/rok-2009\/minimuzikal-v-lidovem-dome-kbely\/","title":{"rendered":"Minimuzik\u00e1l v Lidov\u00e9m dom\u011b Kbely"},"content":{"rendered":"\n<p>12. 12. 2009<\/p>\n\n\n<div class='pinhole-gallery pinhole-masonry pinhole-popup items-hidden  clearfix row'><div class='pinhole-item col-xs-12 col-lg-4 col-md-4 col-sm-6  '><a class=\"item-link\" href=\"https:\/\/foto.praha-19.ys-beta.cz\/app\/uploads\/2022\/11\/p_IMG_0165.jpg\" data-caption=\"[]\" data-meta=\"[]\"  data-size=\"{&quot;width&quot;:600,&quot;height&quot;:399}\" data-download=\"[]\" data-filename=\"{&quot;name&quot;:&quot;&quot;}\"><img loading=\"lazy\" decoding=\"async\" width=\"378\" height=\"251\" src=\"https:\/\/foto.praha-19.ys-beta.cz\/app\/uploads\/2022\/11\/p_IMG_0165-378x251.jpg\" class=\"attachment-pinhole-col-3 size-pinhole-col-3\" alt=\"\" srcset=\"https:\/\/foto.praha-19.ys-beta.cz\/app\/uploads\/2022\/11\/p_IMG_0165-378x251.jpg 378w, https:\/\/foto.praha-19.ys-beta.cz\/app\/uploads\/2022\/11\/p_IMG_0165-300x200.jpg 300w, https:\/\/foto.praha-19.ys-beta.cz\/app\/uploads\/2022\/11\/p_IMG_0165-582x387.jpg 582w, https:\/\/foto.praha-19.ys-beta.cz\/app\/uploads\/2022\/11\/p_IMG_0165-276x184.jpg 276w, https:\/\/foto.praha-19.ys-beta.cz\/app\/uploads\/2022\/11\/p_IMG_0165.jpg 600w\" sizes=\"auto, (max-width: 378px) 100vw, 378px\" \/><\/a><\/div><div class='pinhole-item col-xs-12 col-lg-4 col-md-4 col-sm-6  '><a class=\"item-link\" href=\"https:\/\/foto.praha-19.ys-beta.cz\/app\/uploads\/2022\/11\/p_IMG_0156.jpg\" data-caption=\"[]\" data-meta=\"[]\"  data-size=\"{&quot;width&quot;:600,&quot;height&quot;:399}\" data-download=\"[]\" data-filename=\"{&quot;name&quot;:&quot;&quot;}\"><img loading=\"lazy\" decoding=\"async\" width=\"378\" height=\"251\" src=\"https:\/\/foto.praha-19.ys-beta.cz\/app\/uploads\/2022\/11\/p_IMG_0156-378x251.jpg\" class=\"attachment-pinhole-col-3 size-pinhole-col-3\" alt=\"\" srcset=\"https:\/\/foto.praha-19.ys-beta.cz\/app\/uploads\/2022\/11\/p_IMG_0156-378x251.jpg 378w, https:\/\/foto.praha-19.ys-beta.cz\/app\/uploads\/2022\/11\/p_IMG_0156-300x200.jpg 300w, https:\/\/foto.praha-19.ys-beta.cz\/app\/uploads\/2022\/11\/p_IMG_0156-582x387.jpg 582w, https:\/\/foto.praha-19.ys-beta.cz\/app\/uploads\/2022\/11\/p_IMG_0156-276x184.jpg 276w, https:\/\/foto.praha-19.ys-beta.cz\/app\/uploads\/2022\/11\/p_IMG_0156.jpg 600w\" sizes=\"auto, (max-width: 378px) 100vw, 378px\" \/><\/a><\/div><div class='pinhole-item col-xs-12 col-lg-4 col-md-4 col-sm-6  '><a class=\"item-link\" href=\"https:\/\/foto.praha-19.ys-beta.cz\/app\/uploads\/2022\/11\/p_IMG_0133.jpg\" data-caption=\"[]\" data-meta=\"[]\"  data-size=\"{&quot;width&quot;:600,&quot;height&quot;:399}\" data-download=\"[]\" data-filename=\"{&quot;name&quot;:&quot;&quot;}\"><img loading=\"lazy\" decoding=\"async\" width=\"378\" height=\"251\" src=\"https:\/\/foto.praha-19.ys-beta.cz\/app\/uploads\/2022\/11\/p_IMG_0133-378x251.jpg\" class=\"attachment-pinhole-col-3 size-pinhole-col-3\" alt=\"\" srcset=\"https:\/\/foto.praha-19.ys-beta.cz\/app\/uploads\/2022\/11\/p_IMG_0133-378x251.jpg 378w, https:\/\/foto.praha-19.ys-beta.cz\/app\/uploads\/2022\/11\/p_IMG_0133-300x200.jpg 300w, https:\/\/foto.praha-19.ys-beta.cz\/app\/uploads\/2022\/11\/p_IMG_0133-582x387.jpg 582w, https:\/\/foto.praha-19.ys-beta.cz\/app\/uploads\/2022\/11\/p_IMG_0133-276x184.jpg 276w, https:\/\/foto.praha-19.ys-beta.cz\/app\/uploads\/2022\/11\/p_IMG_0133.jpg 600w\" sizes=\"auto, (max-width: 378px) 100vw, 378px\" \/><\/a><\/div><div class='pinhole-item col-xs-12 col-lg-4 col-md-4 col-sm-6  '><a class=\"item-link\" href=\"https:\/\/foto.praha-19.ys-beta.cz\/app\/uploads\/2022\/11\/p_IMG_0109.jpg\" data-caption=\"[]\" data-meta=\"[]\"  data-size=\"{&quot;width&quot;:600,&quot;height&quot;:399}\" data-download=\"[]\" data-filename=\"{&quot;name&quot;:&quot;&quot;}\"><img loading=\"lazy\" decoding=\"async\" width=\"378\" height=\"251\" src=\"https:\/\/foto.praha-19.ys-beta.cz\/app\/uploads\/2022\/11\/p_IMG_0109-378x251.jpg\" class=\"attachment-pinhole-col-3 size-pinhole-col-3\" alt=\"\" srcset=\"https:\/\/foto.praha-19.ys-beta.cz\/app\/uploads\/2022\/11\/p_IMG_0109-378x251.jpg 378w, https:\/\/foto.praha-19.ys-beta.cz\/app\/uploads\/2022\/11\/p_IMG_0109-300x200.jpg 300w, https:\/\/foto.praha-19.ys-beta.cz\/app\/uploads\/2022\/11\/p_IMG_0109-582x387.jpg 582w, https:\/\/foto.praha-19.ys-beta.cz\/app\/uploads\/2022\/11\/p_IMG_0109-276x184.jpg 276w, https:\/\/foto.praha-19.ys-beta.cz\/app\/uploads\/2022\/11\/p_IMG_0109.jpg 600w\" sizes=\"auto, (max-width: 378px) 100vw, 378px\" \/><\/a><\/div><div class='pinhole-item col-xs-12 col-lg-4 col-md-4 col-sm-6  '><a class=\"item-link\" href=\"https:\/\/foto.praha-19.ys-beta.cz\/app\/uploads\/2022\/11\/p_IMG_0179.jpg\" data-caption=\"[]\" data-meta=\"[]\"  data-size=\"{&quot;width&quot;:600,&quot;height&quot;:399}\" data-download=\"[]\" data-filename=\"{&quot;name&quot;:&quot;&quot;}\"><img loading=\"lazy\" decoding=\"async\" width=\"378\" height=\"251\" src=\"https:\/\/foto.praha-19.ys-beta.cz\/app\/uploads\/2022\/11\/p_IMG_0179-378x251.jpg\" class=\"attachment-pinhole-col-3 size-pinhole-col-3\" alt=\"\" srcset=\"https:\/\/foto.praha-19.ys-beta.cz\/app\/uploads\/2022\/11\/p_IMG_0179-378x251.jpg 378w, https:\/\/foto.praha-19.ys-beta.cz\/app\/uploads\/2022\/11\/p_IMG_0179-300x200.jpg 300w, https:\/\/foto.praha-19.ys-beta.cz\/app\/uploads\/2022\/11\/p_IMG_0179-582x387.jpg 582w, https:\/\/foto.praha-19.ys-beta.cz\/app\/uploads\/2022\/11\/p_IMG_0179-276x184.jpg 276w, https:\/\/foto.praha-19.ys-beta.cz\/app\/uploads\/2022\/11\/p_IMG_0179.jpg 600w\" sizes=\"auto, (max-width: 378px) 100vw, 378px\" \/><\/a><\/div>\n\t\t<\/div>\n","protected":false},"excerpt":{"rendered":"<p>12. 12. 2009<\/p>\n","protected":false},"author":6,"featured_media":1016,"parent":993,"menu_order":0,"comment_status":"closed","ping_status":"closed","template":"","meta":{"footnotes":""},"class_list":["post-1011","page","type-page","status-publish","has-post-thumbnail","hentry"],"yoast_head":"<!-- This site is optimized with the Yoast SEO plugin v27.2 - https:\/\/yoast.com\/product\/yoast-seo-wordpress\/ -->\n<title>Minimuzik\u00e1l v Lidov\u00e9m dom\u011b Kbely - Fotogalerie - Praha 19<\/title>\n<meta name=\"robots\" content=\"noindex, follow, max-snippet:-1, max-image-preview:large, max-video-preview:-1\" \/>\n<meta property=\"og:locale\" content=\"cs_CZ\" \/>\n<meta property=\"og:type\" content=\"article\" \/>\n<meta property=\"og:title\" content=\"Minimuzik\u00e1l v Lidov\u00e9m dom\u011b Kbely - Fotogalerie - Praha 19\" \/>\n<meta property=\"og:description\" content=\"12. 12. 2009\" \/>\n<meta property=\"og:url\" content=\"https:\/\/foto.praha-19.ys-beta.cz\/index.php\/rok-2009\/minimuzikal-v-lidovem-dome-kbely\/\" \/>\n<meta property=\"og:site_name\" content=\"Fotogalerie - Praha 19\" \/>\n<meta property=\"article:modified_time\" content=\"2022-11-07T14:00:07+00:00\" \/>\n<meta property=\"og:image\" content=\"https:\/\/foto.praha-19.ys-beta.cz\/app\/uploads\/2022\/11\/p_IMG_0165.jpg\" \/>\n\t<meta property=\"og:image:width\" content=\"600\" \/>\n\t<meta property=\"og:image:height\" content=\"399\" \/>\n\t<meta property=\"og:image:type\" content=\"image\/jpeg\" \/>\n<meta name=\"twitter:card\" content=\"summary_large_image\" \/>\n<meta name=\"twitter:label1\" content=\"Est. reading time\" \/>\n\t<meta name=\"twitter:data1\" content=\"2 minuty\" \/>\n<script type=\"application\/ld+json\" class=\"yoast-schema-graph\">{\"@context\":\"https:\/\/schema.org\",\"@graph\":[{\"@type\":\"WebPage\",\"@id\":\"https:\/\/foto.praha-19.ys-beta.cz\/index.php\/rok-2009\/minimuzikal-v-lidovem-dome-kbely\/\",\"url\":\"https:\/\/foto.praha-19.ys-beta.cz\/index.php\/rok-2009\/minimuzikal-v-lidovem-dome-kbely\/\",\"name\":\"Minimuzik\u00e1l v Lidov\u00e9m dom\u011b Kbely - Fotogalerie - Praha 19\",\"isPartOf\":{\"@id\":\"https:\/\/foto.praha-19.ys-beta.cz\/#website\"},\"primaryImageOfPage\":{\"@id\":\"https:\/\/foto.praha-19.ys-beta.cz\/index.php\/rok-2009\/minimuzikal-v-lidovem-dome-kbely\/#primaryimage\"},\"image\":{\"@id\":\"https:\/\/foto.praha-19.ys-beta.cz\/index.php\/rok-2009\/minimuzikal-v-lidovem-dome-kbely\/#primaryimage\"},\"thumbnailUrl\":\"https:\/\/foto.praha-19.ys-beta.cz\/app\/uploads\/2022\/11\/p_IMG_0165.jpg\",\"datePublished\":\"2022-11-07T14:00:05+00:00\",\"dateModified\":\"2022-11-07T14:00:07+00:00\",\"breadcrumb\":{\"@id\":\"https:\/\/foto.praha-19.ys-beta.cz\/index.php\/rok-2009\/minimuzikal-v-lidovem-dome-kbely\/#breadcrumb\"},\"inLanguage\":\"cs\",\"potentialAction\":[{\"@type\":\"ReadAction\",\"target\":[\"https:\/\/foto.praha-19.ys-beta.cz\/index.php\/rok-2009\/minimuzikal-v-lidovem-dome-kbely\/\"]}]},{\"@type\":\"ImageObject\",\"inLanguage\":\"cs\",\"@id\":\"https:\/\/foto.praha-19.ys-beta.cz\/index.php\/rok-2009\/minimuzikal-v-lidovem-dome-kbely\/#primaryimage\",\"url\":\"https:\/\/foto.praha-19.ys-beta.cz\/app\/uploads\/2022\/11\/p_IMG_0165.jpg\",\"contentUrl\":\"https:\/\/foto.praha-19.ys-beta.cz\/app\/uploads\/2022\/11\/p_IMG_0165.jpg\",\"width\":600,\"height\":399},{\"@type\":\"BreadcrumbList\",\"@id\":\"https:\/\/foto.praha-19.ys-beta.cz\/index.php\/rok-2009\/minimuzikal-v-lidovem-dome-kbely\/#breadcrumb\",\"itemListElement\":[{\"@type\":\"ListItem\",\"position\":1,\"name\":\"Home\",\"item\":\"https:\/\/foto.praha-19.ys-beta.cz\/\"},{\"@type\":\"ListItem\",\"position\":2,\"name\":\"Rok 2009\",\"item\":\"https:\/\/foto.praha-19.ys-beta.cz\/index.php\/rok-2009\/\"},{\"@type\":\"ListItem\",\"position\":3,\"name\":\"Minimuzik\u00e1l v Lidov\u00e9m dom\u011b Kbely\"}]},{\"@type\":\"WebSite\",\"@id\":\"https:\/\/foto.praha-19.ys-beta.cz\/#website\",\"url\":\"https:\/\/foto.praha-19.ys-beta.cz\/\",\"name\":\"Fotogalerie - Praha 19\",\"description\":\"Fotogalerie m\u011bstsk\u00e9 \u010d\u00e1sti Praha 19\",\"potentialAction\":[{\"@type\":\"SearchAction\",\"target\":{\"@type\":\"EntryPoint\",\"urlTemplate\":\"https:\/\/foto.praha-19.ys-beta.cz\/?s={search_term_string}\"},\"query-input\":{\"@type\":\"PropertyValueSpecification\",\"valueRequired\":true,\"valueName\":\"search_term_string\"}}],\"inLanguage\":\"cs\"}]}<\/script>\n<!-- \/ Yoast SEO plugin. -->","yoast_head_json":{"title":"Minimuzik\u00e1l v Lidov\u00e9m dom\u011b Kbely - Fotogalerie - Praha 19","robots":{"index":"noindex","follow":"follow","max-snippet":"max-snippet:-1","max-image-preview":"max-image-preview:large","max-video-preview":"max-video-preview:-1"},"og_locale":"cs_CZ","og_type":"article","og_title":"Minimuzik\u00e1l v Lidov\u00e9m dom\u011b Kbely - Fotogalerie - Praha 19","og_description":"12. 12. 2009","og_url":"https:\/\/foto.praha-19.ys-beta.cz\/index.php\/rok-2009\/minimuzikal-v-lidovem-dome-kbely\/","og_site_name":"Fotogalerie - Praha 19","article_modified_time":"2022-11-07T14:00:07+00:00","og_image":[{"width":600,"height":399,"url":"https:\/\/foto.praha-19.ys-beta.cz\/app\/uploads\/2022\/11\/p_IMG_0165.jpg","type":"image\/jpeg"}],"twitter_card":"summary_large_image","twitter_misc":{"Est. reading time":"2 minuty"},"schema":{"@context":"https:\/\/schema.org","@graph":[{"@type":"WebPage","@id":"https:\/\/foto.praha-19.ys-beta.cz\/index.php\/rok-2009\/minimuzikal-v-lidovem-dome-kbely\/","url":"https:\/\/foto.praha-19.ys-beta.cz\/index.php\/rok-2009\/minimuzikal-v-lidovem-dome-kbely\/","name":"Minimuzik\u00e1l v Lidov\u00e9m dom\u011b Kbely - Fotogalerie - Praha 19","isPartOf":{"@id":"https:\/\/foto.praha-19.ys-beta.cz\/#website"},"primaryImageOfPage":{"@id":"https:\/\/foto.praha-19.ys-beta.cz\/index.php\/rok-2009\/minimuzikal-v-lidovem-dome-kbely\/#primaryimage"},"image":{"@id":"https:\/\/foto.praha-19.ys-beta.cz\/index.php\/rok-2009\/minimuzikal-v-lidovem-dome-kbely\/#primaryimage"},"thumbnailUrl":"https:\/\/foto.praha-19.ys-beta.cz\/app\/uploads\/2022\/11\/p_IMG_0165.jpg","datePublished":"2022-11-07T14:00:05+00:00","dateModified":"2022-11-07T14:00:07+00:00","breadcrumb":{"@id":"https:\/\/foto.praha-19.ys-beta.cz\/index.php\/rok-2009\/minimuzikal-v-lidovem-dome-kbely\/#breadcrumb"},"inLanguage":"cs","potentialAction":[{"@type":"ReadAction","target":["https:\/\/foto.praha-19.ys-beta.cz\/index.php\/rok-2009\/minimuzikal-v-lidovem-dome-kbely\/"]}]},{"@type":"ImageObject","inLanguage":"cs","@id":"https:\/\/foto.praha-19.ys-beta.cz\/index.php\/rok-2009\/minimuzikal-v-lidovem-dome-kbely\/#primaryimage","url":"https:\/\/foto.praha-19.ys-beta.cz\/app\/uploads\/2022\/11\/p_IMG_0165.jpg","contentUrl":"https:\/\/foto.praha-19.ys-beta.cz\/app\/uploads\/2022\/11\/p_IMG_0165.jpg","width":600,"height":399},{"@type":"BreadcrumbList","@id":"https:\/\/foto.praha-19.ys-beta.cz\/index.php\/rok-2009\/minimuzikal-v-lidovem-dome-kbely\/#breadcrumb","itemListElement":[{"@type":"ListItem","position":1,"name":"Home","item":"https:\/\/foto.praha-19.ys-beta.cz\/"},{"@type":"ListItem","position":2,"name":"Rok 2009","item":"https:\/\/foto.praha-19.ys-beta.cz\/index.php\/rok-2009\/"},{"@type":"ListItem","position":3,"name":"Minimuzik\u00e1l v Lidov\u00e9m dom\u011b Kbely"}]},{"@type":"WebSite","@id":"https:\/\/foto.praha-19.ys-beta.cz\/#website","url":"https:\/\/foto.praha-19.ys-beta.cz\/","name":"Fotogalerie - Praha 19","description":"Fotogalerie m\u011bstsk\u00e9 \u010d\u00e1sti Praha 19","potentialAction":[{"@type":"SearchAction","target":{"@type":"EntryPoint","urlTemplate":"https:\/\/foto.praha-19.ys-beta.cz\/?s={search_term_string}"},"query-input":{"@type":"PropertyValueSpecification","valueRequired":true,"valueName":"search_term_string"}}],"inLanguage":"cs"}]}},"_links":{"self":[{"href":"https:\/\/foto.praha-19.ys-beta.cz\/index.php\/wp-json\/wp\/v2\/pages\/1011","targetHints":{"allow":["GET"]}}],"collection":[{"href":"https:\/\/foto.praha-19.ys-beta.cz\/index.php\/wp-json\/wp\/v2\/pages"}],"about":[{"href":"https:\/\/foto.praha-19.ys-beta.cz\/index.php\/wp-json\/wp\/v2\/types\/page"}],"author":[{"embeddable":true,"href":"https:\/\/foto.praha-19.ys-beta.cz\/index.php\/wp-json\/wp\/v2\/users\/6"}],"replies":[{"embeddable":true,"href":"https:\/\/foto.praha-19.ys-beta.cz\/index.php\/wp-json\/wp\/v2\/comments?post=1011"}],"version-history":[{"count":1,"href":"https:\/\/foto.praha-19.ys-beta.cz\/index.php\/wp-json\/wp\/v2\/pages\/1011\/revisions"}],"predecessor-version":[{"id":1017,"href":"https:\/\/foto.praha-19.ys-beta.cz\/index.php\/wp-json\/wp\/v2\/pages\/1011\/revisions\/1017"}],"up":[{"embeddable":true,"href":"https:\/\/foto.praha-19.ys-beta.cz\/index.php\/wp-json\/wp\/v2\/pages\/993"}],"wp:featuredmedia":[{"embeddable":true,"href":"https:\/\/foto.praha-19.ys-beta.cz\/index.php\/wp-json\/wp\/v2\/media\/1016"}],"wp:attachment":[{"href":"https:\/\/foto.praha-19.ys-beta.cz\/index.php\/wp-json\/wp\/v2\/media?parent=1011"}],"curies":[{"name":"wp","href":"https:\/\/api.w.org\/{rel}","templated":true}]}}