{"version":"1.0","provider_name":"Fotogalerie - Praha 19","provider_url":"https:\/\/foto.praha-19.ys-beta.cz","title":"Vzpom\u00ednka na vznik \u010ceskoslovensk\u00e9 republiky - Fotogalerie - Praha 19","type":"rich","width":600,"height":338,"html":"<blockquote class=\"wp-embedded-content\" data-secret=\"4hquWsKQU9\"><a href=\"https:\/\/foto.praha-19.ys-beta.cz\/index.php\/rok-2023\/vzpominka-na-vznik-ceskoslovenske-republiky\/\">Vzpom\u00ednka na vznik \u010ceskoslovensk\u00e9 republiky<\/a><\/blockquote><iframe sandbox=\"allow-scripts\" security=\"restricted\" src=\"https:\/\/foto.praha-19.ys-beta.cz\/index.php\/rok-2023\/vzpominka-na-vznik-ceskoslovenske-republiky\/embed\/#?secret=4hquWsKQU9\" width=\"600\" height=\"338\" title=\"&#8222;Vzpom\u00ednka na vznik \u010ceskoslovensk\u00e9 republiky&#8220; &#8212; Fotogalerie - Praha 19\" data-secret=\"4hquWsKQU9\" frameborder=\"0\" marginwidth=\"0\" marginheight=\"0\" scrolling=\"no\" class=\"wp-embedded-content\"><\/iframe><script type=\"text\/javascript\">\n\/* <![CDATA[ *\/\n\/*! This file is auto-generated *\/\n!function(d,l){\"use strict\";l.querySelector&&d.addEventListener&&\"undefined\"!=typeof URL&&(d.wp=d.wp||{},d.wp.receiveEmbedMessage||(d.wp.receiveEmbedMessage=function(e){var t=e.data;if((t||t.secret||t.message||t.value)&&!\/[^a-zA-Z0-9]\/.test(t.secret)){for(var s,r,n,a=l.querySelectorAll('iframe[data-secret=\"'+t.secret+'\"]'),o=l.querySelectorAll('blockquote[data-secret=\"'+t.secret+'\"]'),c=new RegExp(\"^https?:$\",\"i\"),i=0;i<o.length;i++)o[i].style.display=\"none\";for(i=0;i<a.length;i++)s=a[i],e.source===s.contentWindow&&(s.removeAttribute(\"style\"),\"height\"===t.message?(1e3<(r=parseInt(t.value,10))?r=1e3:~~r<200&&(r=200),s.height=r):\"link\"===t.message&&(r=new URL(s.getAttribute(\"src\")),n=new URL(t.value),c.test(n.protocol))&&n.host===r.host&&l.activeElement===s&&(d.top.location.href=t.value))}},d.addEventListener(\"message\",d.wp.receiveEmbedMessage,!1),l.addEventListener(\"DOMContentLoaded\",function(){for(var e,t,s=l.querySelectorAll(\"iframe.wp-embedded-content\"),r=0;r<s.length;r++)(t=(e=s[r]).getAttribute(\"data-secret\"))||(t=Math.random().toString(36).substring(2,12),e.src+=\"#?secret=\"+t,e.setAttribute(\"data-secret\",t)),e.contentWindow.postMessage({message:\"ready\",secret:t},\"*\")},!1)))}(window,document);\n\/\/# sourceURL=https:\/\/foto.praha-19.ys-beta.cz\/wp\/wp-includes\/js\/wp-embed.min.js\n\/* ]]> *\/\n<\/script>\n","thumbnail_url":"https:\/\/foto.praha-19.ys-beta.cz\/app\/uploads\/2024\/02\/208A3297-scaled.jpg","thumbnail_width":2560,"thumbnail_height":1706,"description":"Veden\u00ed radnice polo\u017eilo 27. \u0159\u00edjna v\u011bnec u p\u0159\u00edle\u017eitosti vzpom\u00ednky na vznik \u010ceskoslovensk\u00e9 republiky, kter\u00fd je datov\u00e1n na 28. \u0159\u00edjna roku 1918. Pomn\u00edk byl slavnostn\u011b odhalen 27. \u0159\u00edjna 2018 p\u0159i p\u0159\u00edle\u017eitosti 100. v\u00fdro\u010d\u00ed vyhl\u00e1\u0161en\u00ed samostatn\u00e9 \u010ceskoslovensk\u00e9 republiky. Autorkou pam\u00e1tn\u00edku je mlad\u00e1 architektka Jana Ba\u010dov\u00e1 Kroftov\u00e1 a je vysv\u011bcen panem far\u00e1\u0159em P. Filip Jan Rathousk\u00fd OFM z [&hellip;]"}