{"version":"1.0","provider_name":"Fotogalerie - Praha 19","provider_url":"https:\/\/foto.praha-19.ys-beta.cz","title":"Se\u0161li jsme se na n\u00e1dra\u017e\u00ed - Fotogalerie - Praha 19","type":"rich","width":600,"height":338,"html":"<blockquote class=\"wp-embedded-content\" data-secret=\"UNClvCJ7Hb\"><a href=\"https:\/\/foto.praha-19.ys-beta.cz\/index.php\/rok-2023\/sesli-jsme-se-na-nadrazi\/\">Se\u0161li jsme se na n\u00e1dra\u017e\u00ed<\/a><\/blockquote><iframe sandbox=\"allow-scripts\" security=\"restricted\" src=\"https:\/\/foto.praha-19.ys-beta.cz\/index.php\/rok-2023\/sesli-jsme-se-na-nadrazi\/embed\/#?secret=UNClvCJ7Hb\" width=\"600\" height=\"338\" title=\"&#8222;Se\u0161li jsme se na n\u00e1dra\u017e\u00ed&#8220; &#8212; Fotogalerie - Praha 19\" data-secret=\"UNClvCJ7Hb\" frameborder=\"0\" marginwidth=\"0\" marginheight=\"0\" scrolling=\"no\" class=\"wp-embedded-content\"><\/iframe><script type=\"text\/javascript\">\n\/* <![CDATA[ *\/\n\/*! This file is auto-generated *\/\n!function(d,l){\"use strict\";l.querySelector&&d.addEventListener&&\"undefined\"!=typeof URL&&(d.wp=d.wp||{},d.wp.receiveEmbedMessage||(d.wp.receiveEmbedMessage=function(e){var t=e.data;if((t||t.secret||t.message||t.value)&&!\/[^a-zA-Z0-9]\/.test(t.secret)){for(var s,r,n,a=l.querySelectorAll('iframe[data-secret=\"'+t.secret+'\"]'),o=l.querySelectorAll('blockquote[data-secret=\"'+t.secret+'\"]'),c=new RegExp(\"^https?:$\",\"i\"),i=0;i<o.length;i++)o[i].style.display=\"none\";for(i=0;i<a.length;i++)s=a[i],e.source===s.contentWindow&&(s.removeAttribute(\"style\"),\"height\"===t.message?(1e3<(r=parseInt(t.value,10))?r=1e3:~~r<200&&(r=200),s.height=r):\"link\"===t.message&&(r=new URL(s.getAttribute(\"src\")),n=new URL(t.value),c.test(n.protocol))&&n.host===r.host&&l.activeElement===s&&(d.top.location.href=t.value))}},d.addEventListener(\"message\",d.wp.receiveEmbedMessage,!1),l.addEventListener(\"DOMContentLoaded\",function(){for(var e,t,s=l.querySelectorAll(\"iframe.wp-embedded-content\"),r=0;r<s.length;r++)(t=(e=s[r]).getAttribute(\"data-secret\"))||(t=Math.random().toString(36).substring(2,12),e.src+=\"#?secret=\"+t,e.setAttribute(\"data-secret\",t)),e.contentWindow.postMessage({message:\"ready\",secret:t},\"*\")},!1)))}(window,document);\n\/\/# sourceURL=https:\/\/foto.praha-19.ys-beta.cz\/wp\/wp-includes\/js\/wp-embed.min.js\n\/* ]]> *\/\n<\/script>\n","thumbnail_url":"https:\/\/foto.praha-19.ys-beta.cz\/app\/uploads\/2024\/02\/2023_09_19_Kbely_20.jpg","thumbnail_width":1920,"thumbnail_height":1078,"description":"aneb sn\u00eddani na per\u00f3n\u011b Ji\u017e posedm\u00e9 se uskute\u010dnila sn\u00eddan\u011b pro cestuj\u00edc\u00ed, kte\u0159\u00ed krom\u011b k\u00e1vy nebo \u010daje a sladk\u00e9ho \u010di slan\u00e9ho pe\u010diva obdr\u017eeli informace o aktu\u00e1ln\u00edch projektech. Po dvou letech neust\u00e1le se m\u011bn\u00edc\u00edch v\u00fdluk se provoz na na\u0161\u00ed \u017eelezni\u010dn\u00ed trati dostal do b\u011b\u017en\u00fdch kolej\u00ed. Mezit\u00edm ale ode\u0161la t\u0159etina cestuj\u00edc\u00edch. C\u00edlem dne\u0161n\u00ed sn\u00eddan\u011b tedy bylo upozornit na [&hellip;]"}