{"version":"1.0","provider_name":"Fotogalerie - Praha 19","provider_url":"https:\/\/foto.praha-19.ys-beta.cz","title":"Pasov\u00e1n\u00ed na \u010dten\u00e1\u0159e - Fotogalerie - Praha 19","type":"rich","width":600,"height":338,"html":"<blockquote class=\"wp-embedded-content\" data-secret=\"cE5xab0V15\"><a href=\"https:\/\/foto.praha-19.ys-beta.cz\/index.php\/rok-2022\/pasovani-na-ctenare\/\">Pasov\u00e1n\u00ed na \u010dten\u00e1\u0159e<\/a><\/blockquote><iframe sandbox=\"allow-scripts\" security=\"restricted\" src=\"https:\/\/foto.praha-19.ys-beta.cz\/index.php\/rok-2022\/pasovani-na-ctenare\/embed\/#?secret=cE5xab0V15\" width=\"600\" height=\"338\" title=\"&#8222;Pasov\u00e1n\u00ed na \u010dten\u00e1\u0159e&#8220; &#8212; Fotogalerie - Praha 19\" data-secret=\"cE5xab0V15\" frameborder=\"0\" marginwidth=\"0\" marginheight=\"0\" scrolling=\"no\" class=\"wp-embedded-content\"><\/iframe><script type=\"text\/javascript\">\n\/* <![CDATA[ *\/\n\/*! This file is auto-generated *\/\n!function(d,l){\"use strict\";l.querySelector&&d.addEventListener&&\"undefined\"!=typeof URL&&(d.wp=d.wp||{},d.wp.receiveEmbedMessage||(d.wp.receiveEmbedMessage=function(e){var t=e.data;if((t||t.secret||t.message||t.value)&&!\/[^a-zA-Z0-9]\/.test(t.secret)){for(var s,r,n,a=l.querySelectorAll('iframe[data-secret=\"'+t.secret+'\"]'),o=l.querySelectorAll('blockquote[data-secret=\"'+t.secret+'\"]'),c=new RegExp(\"^https?:$\",\"i\"),i=0;i<o.length;i++)o[i].style.display=\"none\";for(i=0;i<a.length;i++)s=a[i],e.source===s.contentWindow&&(s.removeAttribute(\"style\"),\"height\"===t.message?(1e3<(r=parseInt(t.value,10))?r=1e3:~~r<200&&(r=200),s.height=r):\"link\"===t.message&&(r=new URL(s.getAttribute(\"src\")),n=new URL(t.value),c.test(n.protocol))&&n.host===r.host&&l.activeElement===s&&(d.top.location.href=t.value))}},d.addEventListener(\"message\",d.wp.receiveEmbedMessage,!1),l.addEventListener(\"DOMContentLoaded\",function(){for(var e,t,s=l.querySelectorAll(\"iframe.wp-embedded-content\"),r=0;r<s.length;r++)(t=(e=s[r]).getAttribute(\"data-secret\"))||(t=Math.random().toString(36).substring(2,12),e.src+=\"#?secret=\"+t,e.setAttribute(\"data-secret\",t)),e.contentWindow.postMessage({message:\"ready\",secret:t},\"*\")},!1)))}(window,document);\n\/\/# sourceURL=https:\/\/foto.praha-19.ys-beta.cz\/wp\/wp-includes\/js\/wp-embed.min.js\n\/* ]]> *\/\n<\/script>\n","thumbnail_url":"https:\/\/foto.praha-19.ys-beta.cz\/app\/uploads\/2022\/11\/2022_06_22_Kbely_4-scaled.jpg","thumbnail_width":2560,"thumbnail_height":1707,"description":"22. \u010dervna &#8211; Sportovn\u00ed hala Kbely Ve st\u0159edu 22. 6. 2022 prob\u011bhla prvn\u00ed \u010d\u00e1st, coby ji\u017e tradi\u010dn\u00ed akce, slavnostn\u00ed Pasov\u00e1n\u00ed prv\u0148\u00e1\u010dk\u016f na \u010dten\u00e1\u0159e. D\u011bti p\u0159i zdol\u00e1v\u00e1n\u00ed \u010dten\u00e1\u0159sk\u00e9 zkou\u0161ky podpo\u0159ilo svoj\u00ed \u00fa\u010dast\u00ed mnoho rodi\u010d\u016f, n\u00e1sledn\u011b byli v\u0161ichni mal\u00ed \u010dten\u00e1\u0159i ocen\u011bni \u0161erpou, diplomem, kni\u017en\u00edm d\u00e1rkem a mnoha jin\u00fdmi p\u011bkn\u00fdmi odm\u011bnami. Sou\u010d\u00e1st\u00ed programu bylo tak\u00e9 vesel\u00e9 divadeln\u00ed p\u00e1smo, [&hellip;]"}