{"version":"1.0","provider_name":"Fotogalerie - Praha 19","provider_url":"https:\/\/foto.praha-19.ys-beta.cz","title":"Krajinn\u00fd park Havra\u0148\u00e1k - Fotogalerie - Praha 19","type":"rich","width":600,"height":338,"html":"<blockquote class=\"wp-embedded-content\" data-secret=\"Cjmaod662W\"><a href=\"https:\/\/foto.praha-19.ys-beta.cz\/index.php\/nase-projekty\/krajinny-park-havranak\/\">Krajinn\u00fd park Havra\u0148\u00e1k<\/a><\/blockquote><iframe sandbox=\"allow-scripts\" security=\"restricted\" src=\"https:\/\/foto.praha-19.ys-beta.cz\/index.php\/nase-projekty\/krajinny-park-havranak\/embed\/#?secret=Cjmaod662W\" width=\"600\" height=\"338\" title=\"&#8222;Krajinn\u00fd park Havra\u0148\u00e1k&#8220; &#8212; Fotogalerie - Praha 19\" data-secret=\"Cjmaod662W\" frameborder=\"0\" marginwidth=\"0\" marginheight=\"0\" scrolling=\"no\" class=\"wp-embedded-content\"><\/iframe><script type=\"text\/javascript\">\n\/* <![CDATA[ *\/\n\/*! This file is auto-generated *\/\n!function(d,l){\"use strict\";l.querySelector&&d.addEventListener&&\"undefined\"!=typeof URL&&(d.wp=d.wp||{},d.wp.receiveEmbedMessage||(d.wp.receiveEmbedMessage=function(e){var t=e.data;if((t||t.secret||t.message||t.value)&&!\/[^a-zA-Z0-9]\/.test(t.secret)){for(var s,r,n,a=l.querySelectorAll('iframe[data-secret=\"'+t.secret+'\"]'),o=l.querySelectorAll('blockquote[data-secret=\"'+t.secret+'\"]'),c=new RegExp(\"^https?:$\",\"i\"),i=0;i<o.length;i++)o[i].style.display=\"none\";for(i=0;i<a.length;i++)s=a[i],e.source===s.contentWindow&&(s.removeAttribute(\"style\"),\"height\"===t.message?(1e3<(r=parseInt(t.value,10))?r=1e3:~~r<200&&(r=200),s.height=r):\"link\"===t.message&&(r=new URL(s.getAttribute(\"src\")),n=new URL(t.value),c.test(n.protocol))&&n.host===r.host&&l.activeElement===s&&(d.top.location.href=t.value))}},d.addEventListener(\"message\",d.wp.receiveEmbedMessage,!1),l.addEventListener(\"DOMContentLoaded\",function(){for(var e,t,s=l.querySelectorAll(\"iframe.wp-embedded-content\"),r=0;r<s.length;r++)(t=(e=s[r]).getAttribute(\"data-secret\"))||(t=Math.random().toString(36).substring(2,12),e.src+=\"#?secret=\"+t,e.setAttribute(\"data-secret\",t)),e.contentWindow.postMessage({message:\"ready\",secret:t},\"*\")},!1)))}(window,document);\n\/\/# sourceURL=https:\/\/foto.praha-19.ys-beta.cz\/wp\/wp-includes\/js\/wp-embed.min.js\n\/* ]]> *\/\n<\/script>\n","thumbnail_url":"https:\/\/foto.praha-19.ys-beta.cz\/app\/uploads\/2024\/02\/Havranak-1.jpg","thumbnail_width":180,"thumbnail_height":127,"description":"STROMY M\u00cdSTO BYTOV\u00ddCH DOM\u016e V\u010dera za\u010dala v\u00fdsadba rozs\u00e1hl\u00e9ho Krajinn\u00e9ho parku Havra\u0148\u00e1k. V ji\u017en\u00ed \u010d\u00e1sti parku u Tou\u017eimsk\u00e9 ulice u\u017e m\u016f\u017eete vid\u011bt prvn\u00ed stromky. Jsou to mal\u00e9 sazenice, ale velk\u00fd den pro Kbely. Za patn\u00e1ct let budou sazenice stejn\u011b velk\u00e9 jako stromy, kter\u00e9 byly s\u00e1zeny p\u0159ed patn\u00e1cti lety. Bude to trvat roky, ale v\u011b\u0159\u00edme, \u017ee park [&hellip;]"}